{"id":17044,"date":"2025-06-01T13:21:27","date_gmt":"2025-06-01T13:21:27","guid":{"rendered":"https:\/\/www.mundusmaris.org\/ce-que-nous-faisons\/journee-mondiale-de-locean\/journee-mondiale-de-locean-2025\/"},"modified":"2025-06-26T07:19:28","modified_gmt":"2025-06-26T07:19:28","slug":"journee-mondiale-de-locean-2025","status":"publish","type":"page","link":"https:\/\/www.mundusmaris.org\/fr\/ce-que-nous-faisons\/journee-mondiale-de-locean\/journee-mondiale-de-locean-2025\/","title":{"rendered":"Journ\u00e9e mondiale de l\u2019oc\u00e9an 2025"},"content":{"rendered":"<div class=\"fusion-fullwidth fullwidth-box fusion-builder-row-1 fusion-flex-container nonhundred-percent-fullwidth non-hundred-percent-height-scrolling\" style=\"--awb-border-radius-top-left:0px;--awb-border-radius-top-right:0px;--awb-border-radius-bottom-right:0px;--awb-border-radius-bottom-left:0px;--awb-flex-wrap:wrap;\" ><div class=\"fusion-builder-row fusion-row fusion-flex-align-items-flex-start fusion-flex-content-wrap\" style=\"max-width:1248px;margin-left: calc(-4% \/ 2 );margin-right: calc(-4% \/ 2 );\"><div class=\"fusion-layout-column fusion_builder_column fusion-builder-column-0 fusion_builder_column_1_1 1_1 fusion-flex-column\" style=\"--awb-bg-size:cover;--awb-width-large:100%;--awb-margin-top-large:0px;--awb-spacing-right-large:1.92%;--awb-margin-bottom-large:20px;--awb-spacing-left-large:1.92%;--awb-width-medium:100%;--awb-order-medium:0;--awb-spacing-right-medium:1.92%;--awb-spacing-left-medium:1.92%;--awb-width-small:100%;--awb-order-small:0;--awb-spacing-right-small:1.92%;--awb-spacing-left-small:1.92%;\"><div class=\"fusion-column-wrapper fusion-column-has-shadow fusion-flex-justify-content-flex-start fusion-content-layout-column\"><div class=\"fusion-text fusion-text-1\"><p>Cette ann\u00e9e est une ann\u00e9e particuli\u00e8re pour l\u2019Oc\u00e9an. Le slogan de l\u2019ONU pour la Journ\u00e9e mondiale de l\u2019oc\u00e9an 2025 est \u00ab S\u2019\u00e9merveiller : soutenir ce qui nous soutient \u00bb. La Conf\u00e9rence des Nations Unies sur les oc\u00e9ans (UNOC3) se tient du 9 au 13 juin \u00e0 Nice, co-organis\u00e9e par la France et le Costa Rica. <em>Mundus maris<\/em> et ses partenaires c\u00e9l\u00e8brent \u00e0 Nice et dans plusieurs autres lieux sur trois continents. Voici la premi\u00e8re activit\u00e9 de cette ann\u00e9e, d\u2019autres suivront bient\u00f4t.<\/p>\n<\/div><div class=\"fusion-post-cards fusion-post-cards-1 fusion-grid-archive fusion-grid-columns-3\" style=\"--awb-dots-align:center;--awb-columns:3;--awb-filters-color:var(--awb-color8);--awb-active-filter-border-size:3px;--awb-filters-height:36px;\" data-post-type-label=\"articles\"><ul class=\"fusion-grid fusion-grid-3 fusion-flex-align-items-flex-start fusion-grid-posts-cards\"><li class=\"fusion-layout-column fusion_builder_column fusion-builder-column-1 fusion-flex-column post-card fusion-grid-column fusion-post-cards-grid-column\" style=\"--awb-bg-color:var(--awb-color1);--awb-bg-color-hover:var(--awb-color1);--awb-bg-blend:overlay;--awb-bg-size:cover;--awb-flex-grow:0;--awb-flex-shrink:0;--awb-flex-grow-medium:;--awb-flex-shrink-medium:;--awb-flex-grow-small:;--awb-flex-shrink-small:;\" data-scroll-devices=\"small-visibility,medium-visibility,large-visibility\"><div class=\"fusion-column-wrapper fusion-column-has-shadow fusion-flex-justify-content-space-around fusion-content-layout-column\"><div class=\"fusion-classic-product-image-wrapper fusion-woo-product-image fusion-post-card-image fusion-post-card-image-1 has-aspect-ratio\" data-layout=\"static\" style=\"--awb-aspect-ratio:3 \/ 2;\"><div  class=\"fusion-image-wrapper\" aria-haspopup=\"true\">\n\t\t\t\t\t\t\t<a href=\"https:\/\/www.mundusmaris.org\/fr\/evenements\/mundus-maris-at-the-lighthouse-swim-in-kiel-for-ocean-protection\/\" aria-label=\"Mundus maris at the Lighthouse Swim in Kiel for ocean protection\">\n\t\t\t\t\t\t\t<img decoding=\"async\" width=\"500\" height=\"426\" src=\"https:\/\/www.mundusmaris.org\/wp-content\/uploads\/2026\/08\/Feature.jpg\" class=\"attachment-full size-full wp-post-image\" alt=\"\" srcset=\"https:\/\/www.mundusmaris.org\/wp-content\/uploads\/2026\/08\/Feature-200x170.jpg 200w, https:\/\/www.mundusmaris.org\/wp-content\/uploads\/2026\/08\/Feature-400x341.jpg 400w, https:\/\/www.mundusmaris.org\/wp-content\/uploads\/2026\/08\/Feature.jpg 500w\" sizes=\"(min-width: 2200px) 100vw, (min-width: 784px) 373px, (min-width: 712px) 560px, (min-width: 640px) 712px, \" \/>\t\t\t<\/a>\n\t\t\t\t\t\t\t<\/div>\n<\/div><div class=\"fusion-meta-tb fusion-meta-tb-1 floated\" style=\"--awb-border-top:0px;--awb-height:36px;--awb-alignment-medium:flex-start;--awb-alignment-small:flex-start;\"><span class=\"fusion-tb-published-date\">Published On: 24 ao\u00fbt 2026<\/span><span class=\"fusion-meta-tb-sep\"><\/span><\/div><div class=\"fusion-title title fusion-title-1 fusion-sep-none fusion-title-text fusion-title-size-four\" style=\"--awb-margin-top:20px;--awb-margin-right:20px;--awb-margin-bottom:20px;--awb-margin-left:20px;--awb-margin-top-small:10px;--awb-margin-right-small:0px;--awb-margin-bottom-small:10px;--awb-margin-left-small:0px;--awb-font-size:24px;\"><h4 class=\"fusion-title-heading title-heading-left\" style=\"font-family:&quot;IBM Plex Sans Condensed&quot;;font-style:normal;font-weight:500;margin:0;font-size:1em;line-height:1.2;\"><a href=\"https:\/\/www.mundusmaris.org\/fr\/evenements\/mundus-maris-at-the-lighthouse-swim-in-kiel-for-ocean-protection\/\" class=\"awb-custom-text-color awb-custom-text-hover-color\" target=\"_self\">Mundus maris at the Lighthouse Swim in Kiel for ocean protection<\/a><\/h4><\/div><\/div><\/li>\n<li class=\"fusion-layout-column fusion_builder_column fusion-builder-column-2 fusion-flex-column post-card fusion-grid-column fusion-post-cards-grid-column\" style=\"--awb-bg-color:var(--awb-color1);--awb-bg-color-hover:var(--awb-color1);--awb-bg-blend:overlay;--awb-bg-size:cover;--awb-flex-grow:0;--awb-flex-shrink:0;--awb-flex-grow-medium:;--awb-flex-shrink-medium:;--awb-flex-grow-small:;--awb-flex-shrink-small:;\" data-scroll-devices=\"small-visibility,medium-visibility,large-visibility\"><div class=\"fusion-column-wrapper fusion-column-has-shadow fusion-flex-justify-content-space-around fusion-content-layout-column\"><div class=\"fusion-classic-product-image-wrapper fusion-woo-product-image fusion-post-card-image fusion-post-card-image-1 has-aspect-ratio\" data-layout=\"static\" style=\"--awb-aspect-ratio:3 \/ 2;\"><div  class=\"fusion-image-wrapper\" aria-haspopup=\"true\">\n\t\t\t\t\t\t\t<a href=\"https:\/\/www.mundusmaris.org\/fr\/journee-mondiale-de-locean\/wod-2026-fr\/proteger-locean-aujourdhui-preserver-notre-avenir-demain\/\" aria-label=\"Prot\u00e9ger l\u2019oc\u00e9an aujourd\u2019hui, pr\u00e9server notre avenir demain\">\n\t\t\t\t\t\t\t<img decoding=\"async\" width=\"500\" height=\"366\" src=\"https:\/\/www.mundusmaris.org\/wp-content\/uploads\/2026\/08\/Featture.jpg\" class=\"attachment-full size-full wp-post-image\" alt=\"\" srcset=\"https:\/\/www.mundusmaris.org\/wp-content\/uploads\/2026\/08\/Featture-200x146.jpg 200w, https:\/\/www.mundusmaris.org\/wp-content\/uploads\/2026\/08\/Featture-400x293.jpg 400w, https:\/\/www.mundusmaris.org\/wp-content\/uploads\/2026\/08\/Featture.jpg 500w\" sizes=\"(min-width: 2200px) 100vw, (min-width: 784px) 373px, (min-width: 712px) 560px, (min-width: 640px) 712px, \" \/>\t\t\t<\/a>\n\t\t\t\t\t\t\t<\/div>\n<\/div><div class=\"fusion-meta-tb fusion-meta-tb-2 floated\" style=\"--awb-border-top:0px;--awb-height:36px;--awb-alignment-medium:flex-start;--awb-alignment-small:flex-start;\"><span class=\"fusion-tb-published-date\">Published On: 10 ao\u00fbt 2026<\/span><span class=\"fusion-meta-tb-sep\"><\/span><\/div><div class=\"fusion-title title fusion-title-2 fusion-sep-none fusion-title-text fusion-title-size-four\" style=\"--awb-margin-top:20px;--awb-margin-right:20px;--awb-margin-bottom:20px;--awb-margin-left:20px;--awb-margin-top-small:10px;--awb-margin-right-small:0px;--awb-margin-bottom-small:10px;--awb-margin-left-small:0px;--awb-font-size:24px;\"><h4 class=\"fusion-title-heading title-heading-left\" style=\"font-family:&quot;IBM Plex Sans Condensed&quot;;font-style:normal;font-weight:500;margin:0;font-size:1em;line-height:1.2;\"><a href=\"https:\/\/www.mundusmaris.org\/fr\/journee-mondiale-de-locean\/wod-2026-fr\/proteger-locean-aujourdhui-preserver-notre-avenir-demain\/\" class=\"awb-custom-text-color awb-custom-text-hover-color\" target=\"_self\">Prot\u00e9ger l\u2019oc\u00e9an aujourd\u2019hui, pr\u00e9server notre avenir demain<\/a><\/h4><\/div><\/div><\/li>\n<li class=\"fusion-layout-column fusion_builder_column fusion-builder-column-3 fusion-flex-column post-card fusion-grid-column fusion-post-cards-grid-column\" style=\"--awb-bg-color:var(--awb-color1);--awb-bg-color-hover:var(--awb-color1);--awb-bg-blend:overlay;--awb-bg-size:cover;--awb-flex-grow:0;--awb-flex-shrink:0;--awb-flex-grow-medium:;--awb-flex-shrink-medium:;--awb-flex-grow-small:;--awb-flex-shrink-small:;\" data-scroll-devices=\"small-visibility,medium-visibility,large-visibility\"><div class=\"fusion-column-wrapper fusion-column-has-shadow fusion-flex-justify-content-space-around fusion-content-layout-column\"><div class=\"fusion-classic-product-image-wrapper fusion-woo-product-image fusion-post-card-image fusion-post-card-image-1 has-aspect-ratio\" data-layout=\"static\" style=\"--awb-aspect-ratio:3 \/ 2;\"><div  class=\"fusion-image-wrapper\" aria-haspopup=\"true\">\n\t\t\t\t\t\t\t<a href=\"https:\/\/www.mundusmaris.org\/fr\/films\/lexil-interieur-dulysse\/\" aria-label=\"L&rsquo;Exil Int\u00e9rieur d&rsquo;Ulysse\">\n\t\t\t\t\t\t\t<img decoding=\"async\" width=\"500\" height=\"471\" src=\"https:\/\/www.mundusmaris.org\/wp-content\/uploads\/2026\/08\/EgistoSaniOdysseus_Syrenes500.jpg\" class=\"attachment-full size-full wp-post-image\" alt=\"\" srcset=\"https:\/\/www.mundusmaris.org\/wp-content\/uploads\/2026\/08\/EgistoSaniOdysseus_Syrenes500-200x188.jpg 200w, https:\/\/www.mundusmaris.org\/wp-content\/uploads\/2026\/08\/EgistoSaniOdysseus_Syrenes500-400x377.jpg 400w, https:\/\/www.mundusmaris.org\/wp-content\/uploads\/2026\/08\/EgistoSaniOdysseus_Syrenes500.jpg 500w\" sizes=\"(min-width: 2200px) 100vw, (min-width: 784px) 373px, (min-width: 712px) 560px, (min-width: 640px) 712px, \" \/>\t\t\t<\/a>\n\t\t\t\t\t\t\t<\/div>\n<\/div><div class=\"fusion-meta-tb fusion-meta-tb-3 floated\" style=\"--awb-border-top:0px;--awb-height:36px;--awb-alignment-medium:flex-start;--awb-alignment-small:flex-start;\"><span class=\"fusion-tb-published-date\">Published On: 1 ao\u00fbt 2026<\/span><span class=\"fusion-meta-tb-sep\"><\/span><\/div><div class=\"fusion-title title fusion-title-3 fusion-sep-none fusion-title-text fusion-title-size-four\" style=\"--awb-margin-top:20px;--awb-margin-right:20px;--awb-margin-bottom:20px;--awb-margin-left:20px;--awb-margin-top-small:10px;--awb-margin-right-small:0px;--awb-margin-bottom-small:10px;--awb-margin-left-small:0px;--awb-font-size:24px;\"><h4 class=\"fusion-title-heading title-heading-left\" style=\"font-family:&quot;IBM Plex Sans Condensed&quot;;font-style:normal;font-weight:500;margin:0;font-size:1em;line-height:1.2;\"><a href=\"https:\/\/www.mundusmaris.org\/fr\/films\/lexil-interieur-dulysse\/\" class=\"awb-custom-text-color awb-custom-text-hover-color\" target=\"_self\">L&rsquo;Exil Int\u00e9rieur d&rsquo;Ulysse<\/a><\/h4><\/div><\/div><\/li>\n<li class=\"fusion-layout-column fusion_builder_column fusion-builder-column-4 fusion-flex-column post-card fusion-grid-column fusion-post-cards-grid-column\" style=\"--awb-bg-color:var(--awb-color1);--awb-bg-color-hover:var(--awb-color1);--awb-bg-blend:overlay;--awb-bg-size:cover;--awb-flex-grow:0;--awb-flex-shrink:0;--awb-flex-grow-medium:;--awb-flex-shrink-medium:;--awb-flex-grow-small:;--awb-flex-shrink-small:;\" data-scroll-devices=\"small-visibility,medium-visibility,large-visibility\"><div class=\"fusion-column-wrapper fusion-column-has-shadow fusion-flex-justify-content-space-around fusion-content-layout-column\"><div class=\"fusion-classic-product-image-wrapper fusion-woo-product-image fusion-post-card-image fusion-post-card-image-1 has-aspect-ratio\" data-layout=\"static\" style=\"--awb-aspect-ratio:3 \/ 2;\"><div  class=\"fusion-image-wrapper\" aria-haspopup=\"true\">\n\t\t\t\t\t\t\t<a href=\"https:\/\/www.mundusmaris.org\/fr\/education-et-sensibilisation-a-ocean\/mundus-maris-prend-part-a-la-journee-des-metiers-de-la-sacsan\/\" aria-label=\"Mundus maris prend part \u00e0 la Journ\u00e9e des m\u00e9tiers de la SACSAN\">\n\t\t\t\t\t\t\t<img decoding=\"async\" width=\"500\" height=\"473\" src=\"https:\/\/www.mundusmaris.org\/wp-content\/uploads\/2026\/08\/RecognisingHeros500feature.jpg\" class=\"attachment-full size-full wp-post-image\" alt=\"\" srcset=\"https:\/\/www.mundusmaris.org\/wp-content\/uploads\/2026\/08\/RecognisingHeros500feature-200x189.jpg 200w, https:\/\/www.mundusmaris.org\/wp-content\/uploads\/2026\/08\/RecognisingHeros500feature-400x378.jpg 400w, https:\/\/www.mundusmaris.org\/wp-content\/uploads\/2026\/08\/RecognisingHeros500feature.jpg 500w\" sizes=\"(min-width: 2200px) 100vw, (min-width: 784px) 373px, (min-width: 712px) 560px, (min-width: 640px) 712px, \" \/>\t\t\t<\/a>\n\t\t\t\t\t\t\t<\/div>\n<\/div><div class=\"fusion-meta-tb fusion-meta-tb-4 floated\" style=\"--awb-border-top:0px;--awb-height:36px;--awb-alignment-medium:flex-start;--awb-alignment-small:flex-start;\"><span class=\"fusion-tb-published-date\">Published On: 20 juillet 2026<\/span><span class=\"fusion-meta-tb-sep\"><\/span><\/div><div class=\"fusion-title title fusion-title-4 fusion-sep-none fusion-title-text fusion-title-size-four\" style=\"--awb-margin-top:20px;--awb-margin-right:20px;--awb-margin-bottom:20px;--awb-margin-left:20px;--awb-margin-top-small:10px;--awb-margin-right-small:0px;--awb-margin-bottom-small:10px;--awb-margin-left-small:0px;--awb-font-size:24px;\"><h4 class=\"fusion-title-heading title-heading-left\" style=\"font-family:&quot;IBM Plex Sans Condensed&quot;;font-style:normal;font-weight:500;margin:0;font-size:1em;line-height:1.2;\"><a href=\"https:\/\/www.mundusmaris.org\/fr\/education-et-sensibilisation-a-ocean\/mundus-maris-prend-part-a-la-journee-des-metiers-de-la-sacsan\/\" class=\"awb-custom-text-color awb-custom-text-hover-color\" target=\"_self\">Mundus maris prend part \u00e0 la Journ\u00e9e des m\u00e9tiers de la SACSAN<\/a><\/h4><\/div><\/div><\/li>\n<li class=\"fusion-layout-column fusion_builder_column fusion-builder-column-5 fusion-flex-column post-card fusion-grid-column fusion-post-cards-grid-column\" style=\"--awb-bg-color:var(--awb-color1);--awb-bg-color-hover:var(--awb-color1);--awb-bg-blend:overlay;--awb-bg-size:cover;--awb-flex-grow:0;--awb-flex-shrink:0;--awb-flex-grow-medium:;--awb-flex-shrink-medium:;--awb-flex-grow-small:;--awb-flex-shrink-small:;\" data-scroll-devices=\"small-visibility,medium-visibility,large-visibility\"><div class=\"fusion-column-wrapper fusion-column-has-shadow fusion-flex-justify-content-space-around fusion-content-layout-column\"><div class=\"fusion-classic-product-image-wrapper fusion-woo-product-image fusion-post-card-image fusion-post-card-image-1 has-aspect-ratio\" data-layout=\"static\" style=\"--awb-aspect-ratio:3 \/ 2;\"><div  class=\"fusion-image-wrapper\" aria-haspopup=\"true\">\n\t\t\t\t\t\t\t<a href=\"https:\/\/www.mundusmaris.org\/fr\/activites\/la-revitalisation-du-secteur-de-la-peche-au-ghana-repose-sur-les-personnes-qui-en-dependent\/\" aria-label=\"La revitalisation du secteur de la p\u00eache au Ghana repose sur les personnes qui en d\u00e9pendent\">\n\t\t\t\t\t\t\t<img decoding=\"async\" width=\"500\" height=\"351\" src=\"https:\/\/www.mundusmaris.org\/wp-content\/uploads\/2026\/07\/ReadyToGo500.jpg\" class=\"attachment-full size-full wp-post-image\" alt=\"\" srcset=\"https:\/\/www.mundusmaris.org\/wp-content\/uploads\/2026\/07\/ReadyToGo500-200x140.jpg 200w, https:\/\/www.mundusmaris.org\/wp-content\/uploads\/2026\/07\/ReadyToGo500-400x281.jpg 400w, https:\/\/www.mundusmaris.org\/wp-content\/uploads\/2026\/07\/ReadyToGo500.jpg 500w\" sizes=\"(min-width: 2200px) 100vw, (min-width: 784px) 373px, (min-width: 712px) 560px, (min-width: 640px) 712px, \" \/>\t\t\t<\/a>\n\t\t\t\t\t\t\t<\/div>\n<\/div><div class=\"fusion-meta-tb fusion-meta-tb-5 floated\" style=\"--awb-border-top:0px;--awb-height:36px;--awb-alignment-medium:flex-start;--awb-alignment-small:flex-start;\"><span class=\"fusion-tb-published-date\">Published On: 8 juillet 2026<\/span><span class=\"fusion-meta-tb-sep\"><\/span><\/div><div class=\"fusion-title title fusion-title-5 fusion-sep-none fusion-title-text fusion-title-size-four\" style=\"--awb-margin-top:20px;--awb-margin-right:20px;--awb-margin-bottom:20px;--awb-margin-left:20px;--awb-margin-top-small:10px;--awb-margin-right-small:0px;--awb-margin-bottom-small:10px;--awb-margin-left-small:0px;--awb-font-size:24px;\"><h4 class=\"fusion-title-heading title-heading-left\" style=\"font-family:&quot;IBM Plex Sans Condensed&quot;;font-style:normal;font-weight:500;margin:0;font-size:1em;line-height:1.2;\"><a href=\"https:\/\/www.mundusmaris.org\/fr\/activites\/la-revitalisation-du-secteur-de-la-peche-au-ghana-repose-sur-les-personnes-qui-en-dependent\/\" class=\"awb-custom-text-color awb-custom-text-hover-color\" target=\"_self\">La revitalisation du secteur de la p\u00eache au Ghana repose sur les personnes qui en d\u00e9pendent<\/a><\/h4><\/div><\/div><\/li>\n<li class=\"fusion-layout-column fusion_builder_column fusion-builder-column-6 fusion-flex-column post-card fusion-grid-column fusion-post-cards-grid-column\" style=\"--awb-bg-color:var(--awb-color1);--awb-bg-color-hover:var(--awb-color1);--awb-bg-blend:overlay;--awb-bg-size:cover;--awb-flex-grow:0;--awb-flex-shrink:0;--awb-flex-grow-medium:;--awb-flex-shrink-medium:;--awb-flex-grow-small:;--awb-flex-shrink-small:;\" data-scroll-devices=\"small-visibility,medium-visibility,large-visibility\"><div class=\"fusion-column-wrapper fusion-column-has-shadow fusion-flex-justify-content-space-around fusion-content-layout-column\"><div class=\"fusion-classic-product-image-wrapper fusion-woo-product-image fusion-post-card-image fusion-post-card-image-1 has-aspect-ratio\" data-layout=\"static\" style=\"--awb-aspect-ratio:3 \/ 2;\"><div  class=\"fusion-image-wrapper\" aria-haspopup=\"true\">\n\t\t\t\t\t\t\t<a href=\"https:\/\/www.mundusmaris.org\/fr\/academie-de-la-peche-artisanale\/la-peche-artisanale-devrait-jouer-un-role-majeur-dans-lavenir-de-lafrique-de-louest\/\" aria-label=\"La p\u00eache artisanale devrait jouer un r\u00f4le majeur dans l&rsquo;avenir de l&rsquo;Afrique de l&rsquo;Ouest\">\n\t\t\t\t\t\t\t<img decoding=\"async\" width=\"500\" height=\"334\" src=\"https:\/\/www.mundusmaris.org\/wp-content\/uploads\/2026\/07\/PanelistsHP11-Feature.jpg\" class=\"attachment-full size-full wp-post-image\" alt=\"\" srcset=\"https:\/\/www.mundusmaris.org\/wp-content\/uploads\/2026\/07\/PanelistsHP11-Feature-200x134.jpg 200w, https:\/\/www.mundusmaris.org\/wp-content\/uploads\/2026\/07\/PanelistsHP11-Feature-400x267.jpg 400w, https:\/\/www.mundusmaris.org\/wp-content\/uploads\/2026\/07\/PanelistsHP11-Feature.jpg 500w\" sizes=\"(min-width: 2200px) 100vw, (min-width: 784px) 373px, (min-width: 712px) 560px, (min-width: 640px) 712px, \" \/>\t\t\t<\/a>\n\t\t\t\t\t\t\t<\/div>\n<\/div><div class=\"fusion-meta-tb fusion-meta-tb-6 floated\" style=\"--awb-border-top:0px;--awb-height:36px;--awb-alignment-medium:flex-start;--awb-alignment-small:flex-start;\"><span class=\"fusion-tb-published-date\">Published On: 4 juillet 2026<\/span><span class=\"fusion-meta-tb-sep\"><\/span><\/div><div class=\"fusion-title title fusion-title-6 fusion-sep-none fusion-title-text fusion-title-size-four\" style=\"--awb-margin-top:20px;--awb-margin-right:20px;--awb-margin-bottom:20px;--awb-margin-left:20px;--awb-margin-top-small:10px;--awb-margin-right-small:0px;--awb-margin-bottom-small:10px;--awb-margin-left-small:0px;--awb-font-size:24px;\"><h4 class=\"fusion-title-heading title-heading-left\" style=\"font-family:&quot;IBM Plex Sans Condensed&quot;;font-style:normal;font-weight:500;margin:0;font-size:1em;line-height:1.2;\"><a href=\"https:\/\/www.mundusmaris.org\/fr\/academie-de-la-peche-artisanale\/la-peche-artisanale-devrait-jouer-un-role-majeur-dans-lavenir-de-lafrique-de-louest\/\" class=\"awb-custom-text-color awb-custom-text-hover-color\" target=\"_self\">La p\u00eache artisanale devrait jouer un r\u00f4le majeur dans l&rsquo;avenir de l&rsquo;Afrique de l&rsquo;Ouest<\/a><\/h4><\/div><\/div><\/li>\n<li class=\"fusion-layout-column fusion_builder_column fusion-builder-column-7 fusion-flex-column post-card fusion-grid-column fusion-post-cards-grid-column\" style=\"--awb-bg-color:var(--awb-color1);--awb-bg-color-hover:var(--awb-color1);--awb-bg-blend:overlay;--awb-bg-size:cover;--awb-flex-grow:0;--awb-flex-shrink:0;--awb-flex-grow-medium:;--awb-flex-shrink-medium:;--awb-flex-grow-small:;--awb-flex-shrink-small:;\" data-scroll-devices=\"small-visibility,medium-visibility,large-visibility\"><div class=\"fusion-column-wrapper fusion-column-has-shadow fusion-flex-justify-content-space-around fusion-content-layout-column\"><div class=\"fusion-classic-product-image-wrapper fusion-woo-product-image fusion-post-card-image fusion-post-card-image-1 has-aspect-ratio\" data-layout=\"static\" style=\"--awb-aspect-ratio:3 \/ 2;\"><div  class=\"fusion-image-wrapper\" aria-haspopup=\"true\">\n\t\t\t\t\t\t\t<a href=\"https:\/\/www.mundusmaris.org\/fr\/locean-nous-nourrit\/scientifrika-2026-provides-insights-in-the-safety-of-artisanal-fish-food-production\/\" aria-label=\"ScientiFRIKA 2026 provides insights in the safety of artisanal fish food production\">\n\t\t\t\t\t\t\t<img decoding=\"async\" width=\"500\" height=\"500\" src=\"https:\/\/www.mundusmaris.org\/wp-content\/uploads\/2026\/08\/OIP-1652225232feature.jpg\" class=\"attachment-full size-full wp-post-image\" alt=\"\" srcset=\"https:\/\/www.mundusmaris.org\/wp-content\/uploads\/2026\/08\/OIP-1652225232feature-200x200.jpg 200w, https:\/\/www.mundusmaris.org\/wp-content\/uploads\/2026\/08\/OIP-1652225232feature-400x400.jpg 400w, https:\/\/www.mundusmaris.org\/wp-content\/uploads\/2026\/08\/OIP-1652225232feature.jpg 500w\" sizes=\"(min-width: 2200px) 100vw, (min-width: 784px) 373px, (min-width: 712px) 560px, (min-width: 640px) 712px, \" \/>\t\t\t<\/a>\n\t\t\t\t\t\t\t<\/div>\n<\/div><div class=\"fusion-meta-tb fusion-meta-tb-7 floated\" style=\"--awb-border-top:0px;--awb-height:36px;--awb-alignment-medium:flex-start;--awb-alignment-small:flex-start;\"><span class=\"fusion-tb-published-date\">Published On: 1 juillet 2026<\/span><span class=\"fusion-meta-tb-sep\"><\/span><\/div><div class=\"fusion-title title fusion-title-7 fusion-sep-none fusion-title-text fusion-title-size-four\" style=\"--awb-margin-top:20px;--awb-margin-right:20px;--awb-margin-bottom:20px;--awb-margin-left:20px;--awb-margin-top-small:10px;--awb-margin-right-small:0px;--awb-margin-bottom-small:10px;--awb-margin-left-small:0px;--awb-font-size:24px;\"><h4 class=\"fusion-title-heading title-heading-left\" style=\"font-family:&quot;IBM Plex Sans Condensed&quot;;font-style:normal;font-weight:500;margin:0;font-size:1em;line-height:1.2;\"><a href=\"https:\/\/www.mundusmaris.org\/fr\/locean-nous-nourrit\/scientifrika-2026-provides-insights-in-the-safety-of-artisanal-fish-food-production\/\" class=\"awb-custom-text-color awb-custom-text-hover-color\" target=\"_self\">ScientiFRIKA 2026 provides insights in the safety of artisanal fish food production<\/a><\/h4><\/div><\/div><\/li>\n<li class=\"fusion-layout-column fusion_builder_column fusion-builder-column-8 fusion-flex-column post-card fusion-grid-column fusion-post-cards-grid-column\" style=\"--awb-bg-color:var(--awb-color1);--awb-bg-color-hover:var(--awb-color1);--awb-bg-blend:overlay;--awb-bg-size:cover;--awb-flex-grow:0;--awb-flex-shrink:0;--awb-flex-grow-medium:;--awb-flex-shrink-medium:;--awb-flex-grow-small:;--awb-flex-shrink-small:;\" data-scroll-devices=\"small-visibility,medium-visibility,large-visibility\"><div class=\"fusion-column-wrapper fusion-column-has-shadow fusion-flex-justify-content-space-around fusion-content-layout-column\"><div class=\"fusion-classic-product-image-wrapper fusion-woo-product-image fusion-post-card-image fusion-post-card-image-1 has-aspect-ratio\" data-layout=\"static\" style=\"--awb-aspect-ratio:3 \/ 2;\"><div  class=\"fusion-image-wrapper\" aria-haspopup=\"true\">\n\t\t\t\t\t\t\t<a href=\"https:\/\/www.mundusmaris.org\/fr\/journee-mondiale-de-locean\/wod-2026-fr\/une-collaboration-a-akure-au-nigeria-donne-lieu-a-une-journee-mondiale-de-locean-2026-tres-reussie\/\" aria-label=\"Une collaboration \u00e0 Akure, au Nigeria, donne lieu \u00e0 une Journ\u00e9e mondiale de l&rsquo;oc\u00e9an 2026 tr\u00e8s r\u00e9ussie\">\n\t\t\t\t\t\t\t<img decoding=\"async\" width=\"500\" height=\"667\" src=\"https:\/\/www.mundusmaris.org\/wp-content\/uploads\/2026\/06\/Feature.jpg\" class=\"attachment-full size-full wp-post-image\" alt=\"\" srcset=\"https:\/\/www.mundusmaris.org\/wp-content\/uploads\/2026\/06\/Feature-200x267.jpg 200w, https:\/\/www.mundusmaris.org\/wp-content\/uploads\/2026\/06\/Feature-400x534.jpg 400w, https:\/\/www.mundusmaris.org\/wp-content\/uploads\/2026\/06\/Feature.jpg 500w\" sizes=\"(min-width: 2200px) 100vw, (min-width: 784px) 373px, (min-width: 712px) 560px, (min-width: 640px) 712px, \" \/>\t\t\t<\/a>\n\t\t\t\t\t\t\t<\/div>\n<\/div><div class=\"fusion-meta-tb fusion-meta-tb-8 floated\" style=\"--awb-border-top:0px;--awb-height:36px;--awb-alignment-medium:flex-start;--awb-alignment-small:flex-start;\"><span class=\"fusion-tb-published-date\">Published On: 13 juin 2026<\/span><span class=\"fusion-meta-tb-sep\"><\/span><\/div><div class=\"fusion-title title fusion-title-8 fusion-sep-none fusion-title-text fusion-title-size-four\" style=\"--awb-margin-top:20px;--awb-margin-right:20px;--awb-margin-bottom:20px;--awb-margin-left:20px;--awb-margin-top-small:10px;--awb-margin-right-small:0px;--awb-margin-bottom-small:10px;--awb-margin-left-small:0px;--awb-font-size:24px;\"><h4 class=\"fusion-title-heading title-heading-left\" style=\"font-family:&quot;IBM Plex Sans Condensed&quot;;font-style:normal;font-weight:500;margin:0;font-size:1em;line-height:1.2;\"><a href=\"https:\/\/www.mundusmaris.org\/fr\/journee-mondiale-de-locean\/wod-2026-fr\/une-collaboration-a-akure-au-nigeria-donne-lieu-a-une-journee-mondiale-de-locean-2026-tres-reussie\/\" class=\"awb-custom-text-color awb-custom-text-hover-color\" target=\"_self\">Une collaboration \u00e0 Akure, au Nigeria, donne lieu \u00e0 une Journ\u00e9e mondiale de l&rsquo;oc\u00e9an 2026 tr\u00e8s r\u00e9ussie<\/a><\/h4><\/div><\/div><\/li>\n<li class=\"fusion-layout-column fusion_builder_column fusion-builder-column-9 fusion-flex-column post-card fusion-grid-column fusion-post-cards-grid-column\" style=\"--awb-bg-color:var(--awb-color1);--awb-bg-color-hover:var(--awb-color1);--awb-bg-blend:overlay;--awb-bg-size:cover;--awb-flex-grow:0;--awb-flex-shrink:0;--awb-flex-grow-medium:;--awb-flex-shrink-medium:;--awb-flex-grow-small:;--awb-flex-shrink-small:;\" data-scroll-devices=\"small-visibility,medium-visibility,large-visibility\"><div class=\"fusion-column-wrapper fusion-column-has-shadow fusion-flex-justify-content-space-around fusion-content-layout-column\"><div class=\"fusion-classic-product-image-wrapper fusion-woo-product-image fusion-post-card-image fusion-post-card-image-1 has-aspect-ratio\" data-layout=\"static\" style=\"--awb-aspect-ratio:3 \/ 2;\"><div  class=\"fusion-image-wrapper\" aria-haspopup=\"true\">\n\t\t\t\t\t\t\t<a href=\"https:\/\/www.mundusmaris.org\/fr\/journee-mondiale-de-locean\/wod-2026-fr\/world-ocean-day-at-the-rio-de-la-plata-argentina\/\" aria-label=\"World Ocean Day at the Rio de la Plata, Argentina\">\n\t\t\t\t\t\t\t<img decoding=\"async\" width=\"499\" height=\"342\" src=\"https:\/\/www.mundusmaris.org\/wp-content\/uploads\/2026\/06\/boatsRiodelaPlataUruguay_Feature.jpg\" class=\"attachment-full size-full wp-post-image\" alt=\"\" srcset=\"https:\/\/www.mundusmaris.org\/wp-content\/uploads\/2026\/06\/boatsRiodelaPlataUruguay_Feature-200x137.jpg 200w, https:\/\/www.mundusmaris.org\/wp-content\/uploads\/2026\/06\/boatsRiodelaPlataUruguay_Feature-400x274.jpg 400w, https:\/\/www.mundusmaris.org\/wp-content\/uploads\/2026\/06\/boatsRiodelaPlataUruguay_Feature.jpg 499w\" sizes=\"(min-width: 2200px) 100vw, (min-width: 784px) 373px, (min-width: 712px) 560px, (min-width: 640px) 712px, \" \/>\t\t\t<\/a>\n\t\t\t\t\t\t\t<\/div>\n<\/div><div class=\"fusion-meta-tb fusion-meta-tb-9 floated\" style=\"--awb-border-top:0px;--awb-height:36px;--awb-alignment-medium:flex-start;--awb-alignment-small:flex-start;\"><span class=\"fusion-tb-published-date\">Published On: 12 juin 2026<\/span><span class=\"fusion-meta-tb-sep\"><\/span><\/div><div class=\"fusion-title title fusion-title-9 fusion-sep-none fusion-title-text fusion-title-size-four\" style=\"--awb-margin-top:20px;--awb-margin-right:20px;--awb-margin-bottom:20px;--awb-margin-left:20px;--awb-margin-top-small:10px;--awb-margin-right-small:0px;--awb-margin-bottom-small:10px;--awb-margin-left-small:0px;--awb-font-size:24px;\"><h4 class=\"fusion-title-heading title-heading-left\" style=\"font-family:&quot;IBM Plex Sans Condensed&quot;;font-style:normal;font-weight:500;margin:0;font-size:1em;line-height:1.2;\"><a href=\"https:\/\/www.mundusmaris.org\/fr\/journee-mondiale-de-locean\/wod-2026-fr\/world-ocean-day-at-the-rio-de-la-plata-argentina\/\" class=\"awb-custom-text-color awb-custom-text-hover-color\" target=\"_self\">World Ocean Day at the Rio de la Plata, Argentina<\/a><\/h4><\/div><\/div><\/li>\n<li class=\"fusion-layout-column fusion_builder_column fusion-builder-column-10 fusion-flex-column post-card fusion-grid-column fusion-post-cards-grid-column\" style=\"--awb-bg-color:var(--awb-color1);--awb-bg-color-hover:var(--awb-color1);--awb-bg-blend:overlay;--awb-bg-size:cover;--awb-flex-grow:0;--awb-flex-shrink:0;--awb-flex-grow-medium:;--awb-flex-shrink-medium:;--awb-flex-grow-small:;--awb-flex-shrink-small:;\" data-scroll-devices=\"small-visibility,medium-visibility,large-visibility\"><div class=\"fusion-column-wrapper fusion-column-has-shadow fusion-flex-justify-content-space-around fusion-content-layout-column\"><div class=\"fusion-classic-product-image-wrapper fusion-woo-product-image fusion-post-card-image fusion-post-card-image-1 has-aspect-ratio\" data-layout=\"static\" style=\"--awb-aspect-ratio:3 \/ 2;\"><div  class=\"fusion-image-wrapper\" aria-haspopup=\"true\">\n\t\t\t\t\t\t\t<a href=\"https:\/\/www.mundusmaris.org\/fr\/journee-mondiale-de-locean\/wod-2026-fr\/journee-mondiale-de-locean-2026-de-nouveau-a-hann-au-senegal-avec-les-clubs-de-football\/\" aria-label=\"Journ\u00e9e mondiale de l&rsquo;oc\u00e9an 2026 : de nouveau \u00e0 Hann, au S\u00e9n\u00e9gal, avec les clubs de football\">\n\t\t\t\t\t\t\t<img decoding=\"async\" width=\"500\" height=\"375\" src=\"https:\/\/www.mundusmaris.org\/wp-content\/uploads\/2026\/06\/Hann-WOD2026-Feature.jpg\" class=\"attachment-full size-full wp-post-image\" alt=\"\" srcset=\"https:\/\/www.mundusmaris.org\/wp-content\/uploads\/2026\/06\/Hann-WOD2026-Feature-200x150.jpg 200w, https:\/\/www.mundusmaris.org\/wp-content\/uploads\/2026\/06\/Hann-WOD2026-Feature-400x300.jpg 400w, https:\/\/www.mundusmaris.org\/wp-content\/uploads\/2026\/06\/Hann-WOD2026-Feature.jpg 500w\" sizes=\"(min-width: 2200px) 100vw, (min-width: 784px) 373px, (min-width: 712px) 560px, (min-width: 640px) 712px, \" \/>\t\t\t<\/a>\n\t\t\t\t\t\t\t<\/div>\n<\/div><div class=\"fusion-meta-tb fusion-meta-tb-10 floated\" style=\"--awb-border-top:0px;--awb-height:36px;--awb-alignment-medium:flex-start;--awb-alignment-small:flex-start;\"><span class=\"fusion-tb-published-date\">Published On: 12 juin 2026<\/span><span class=\"fusion-meta-tb-sep\"><\/span><\/div><div class=\"fusion-title title fusion-title-10 fusion-sep-none fusion-title-text fusion-title-size-four\" style=\"--awb-margin-top:20px;--awb-margin-right:20px;--awb-margin-bottom:20px;--awb-margin-left:20px;--awb-margin-top-small:10px;--awb-margin-right-small:0px;--awb-margin-bottom-small:10px;--awb-margin-left-small:0px;--awb-font-size:24px;\"><h4 class=\"fusion-title-heading title-heading-left\" style=\"font-family:&quot;IBM Plex Sans Condensed&quot;;font-style:normal;font-weight:500;margin:0;font-size:1em;line-height:1.2;\"><a href=\"https:\/\/www.mundusmaris.org\/fr\/journee-mondiale-de-locean\/wod-2026-fr\/journee-mondiale-de-locean-2026-de-nouveau-a-hann-au-senegal-avec-les-clubs-de-football\/\" class=\"awb-custom-text-color awb-custom-text-hover-color\" target=\"_self\">Journ\u00e9e mondiale de l&rsquo;oc\u00e9an 2026 : de nouveau \u00e0 Hann, au S\u00e9n\u00e9gal, avec les clubs de football<\/a><\/h4><\/div><\/div><\/li>\n<li class=\"fusion-layout-column fusion_builder_column fusion-builder-column-11 fusion-flex-column post-card fusion-grid-column fusion-post-cards-grid-column\" style=\"--awb-bg-color:var(--awb-color1);--awb-bg-color-hover:var(--awb-color1);--awb-bg-blend:overlay;--awb-bg-size:cover;--awb-flex-grow:0;--awb-flex-shrink:0;--awb-flex-grow-medium:;--awb-flex-shrink-medium:;--awb-flex-grow-small:;--awb-flex-shrink-small:;\" data-scroll-devices=\"small-visibility,medium-visibility,large-visibility\"><div class=\"fusion-column-wrapper fusion-column-has-shadow fusion-flex-justify-content-space-around fusion-content-layout-column\"><div class=\"fusion-classic-product-image-wrapper fusion-woo-product-image fusion-post-card-image fusion-post-card-image-1 has-aspect-ratio\" data-layout=\"static\" style=\"--awb-aspect-ratio:3 \/ 2;\"><div  class=\"fusion-image-wrapper\" aria-haspopup=\"true\">\n\t\t\t\t\t\t\t<a href=\"https:\/\/www.mundusmaris.org\/fr\/journee-mondiale-de-locean\/wod-2026-fr\/world-ocean-day-2026-in-lagos-with-mundus-maris-and-fish-party\/\" aria-label=\"World Ocean Day 2026 in Lagos with Mundus maris and Fish Party\">\n\t\t\t\t\t\t\t<img decoding=\"async\" width=\"500\" height=\"490\" src=\"https:\/\/www.mundusmaris.org\/wp-content\/uploads\/2026\/06\/Lagos_WODfeature.jpg\" class=\"attachment-full size-full wp-post-image\" alt=\"\" srcset=\"https:\/\/www.mundusmaris.org\/wp-content\/uploads\/2026\/06\/Lagos_WODfeature-200x196.jpg 200w, https:\/\/www.mundusmaris.org\/wp-content\/uploads\/2026\/06\/Lagos_WODfeature-400x392.jpg 400w, https:\/\/www.mundusmaris.org\/wp-content\/uploads\/2026\/06\/Lagos_WODfeature.jpg 500w\" sizes=\"(min-width: 2200px) 100vw, (min-width: 784px) 373px, (min-width: 712px) 560px, (min-width: 640px) 712px, \" \/>\t\t\t<\/a>\n\t\t\t\t\t\t\t<\/div>\n<\/div><div class=\"fusion-meta-tb fusion-meta-tb-11 floated\" style=\"--awb-border-top:0px;--awb-height:36px;--awb-alignment-medium:flex-start;--awb-alignment-small:flex-start;\"><span class=\"fusion-tb-published-date\">Published On: 10 juin 2026<\/span><span class=\"fusion-meta-tb-sep\"><\/span><\/div><div class=\"fusion-title title fusion-title-11 fusion-sep-none fusion-title-text fusion-title-size-four\" style=\"--awb-margin-top:20px;--awb-margin-right:20px;--awb-margin-bottom:20px;--awb-margin-left:20px;--awb-margin-top-small:10px;--awb-margin-right-small:0px;--awb-margin-bottom-small:10px;--awb-margin-left-small:0px;--awb-font-size:24px;\"><h4 class=\"fusion-title-heading title-heading-left\" style=\"font-family:&quot;IBM Plex Sans Condensed&quot;;font-style:normal;font-weight:500;margin:0;font-size:1em;line-height:1.2;\"><a href=\"https:\/\/www.mundusmaris.org\/fr\/journee-mondiale-de-locean\/wod-2026-fr\/world-ocean-day-2026-in-lagos-with-mundus-maris-and-fish-party\/\" class=\"awb-custom-text-color awb-custom-text-hover-color\" target=\"_self\">World Ocean Day 2026 in Lagos with Mundus maris and Fish Party<\/a><\/h4><\/div><\/div><\/li>\n<li class=\"fusion-layout-column fusion_builder_column fusion-builder-column-12 fusion-flex-column post-card fusion-grid-column fusion-post-cards-grid-column\" style=\"--awb-bg-color:var(--awb-color1);--awb-bg-color-hover:var(--awb-color1);--awb-bg-blend:overlay;--awb-bg-size:cover;--awb-flex-grow:0;--awb-flex-shrink:0;--awb-flex-grow-medium:;--awb-flex-shrink-medium:;--awb-flex-grow-small:;--awb-flex-shrink-small:;\" data-scroll-devices=\"small-visibility,medium-visibility,large-visibility\"><div class=\"fusion-column-wrapper fusion-column-has-shadow fusion-flex-justify-content-space-around fusion-content-layout-column\"><div class=\"fusion-classic-product-image-wrapper fusion-woo-product-image fusion-post-card-image fusion-post-card-image-1 has-aspect-ratio\" data-layout=\"static\" style=\"--awb-aspect-ratio:3 \/ 2;\"><div  class=\"fusion-image-wrapper\" aria-haspopup=\"true\">\n\t\t\t\t\t\t\t<a href=\"https:\/\/www.mundusmaris.org\/fr\/journee-mondiale-de-locean\/wod-2026-fr\/world-ocean-day-clean-up-attracts-several-seniors-in-hilden-germanyworld-ocean-day-clean-up-attracts-several-seniors-in-hilden-germany\/\" aria-label=\"World Ocean Day clean up attracts several seniors in Hilden, Germany\">\n\t\t\t\t\t\t\t<img decoding=\"async\" width=\"500\" height=\"522\" src=\"https:\/\/www.mundusmaris.org\/wp-content\/uploads\/2026\/06\/DSC02312.jpg\" class=\"attachment-full size-full wp-post-image\" alt=\"\" srcset=\"https:\/\/www.mundusmaris.org\/wp-content\/uploads\/2026\/06\/DSC02312-200x209.jpg 200w, https:\/\/www.mundusmaris.org\/wp-content\/uploads\/2026\/06\/DSC02312-400x418.jpg 400w, https:\/\/www.mundusmaris.org\/wp-content\/uploads\/2026\/06\/DSC02312.jpg 500w\" sizes=\"(min-width: 2200px) 100vw, (min-width: 784px) 373px, (min-width: 712px) 560px, (min-width: 640px) 712px, \" \/>\t\t\t<\/a>\n\t\t\t\t\t\t\t<\/div>\n<\/div><div class=\"fusion-meta-tb fusion-meta-tb-12 floated\" style=\"--awb-border-top:0px;--awb-height:36px;--awb-alignment-medium:flex-start;--awb-alignment-small:flex-start;\"><span class=\"fusion-tb-published-date\">Published On: 9 juin 2026<\/span><span class=\"fusion-meta-tb-sep\"><\/span><\/div><div class=\"fusion-title title fusion-title-12 fusion-sep-none fusion-title-text fusion-title-size-four\" style=\"--awb-margin-top:20px;--awb-margin-right:20px;--awb-margin-bottom:20px;--awb-margin-left:20px;--awb-margin-top-small:10px;--awb-margin-right-small:0px;--awb-margin-bottom-small:10px;--awb-margin-left-small:0px;--awb-font-size:24px;\"><h4 class=\"fusion-title-heading title-heading-left\" style=\"font-family:&quot;IBM Plex Sans Condensed&quot;;font-style:normal;font-weight:500;margin:0;font-size:1em;line-height:1.2;\"><a href=\"https:\/\/www.mundusmaris.org\/fr\/journee-mondiale-de-locean\/wod-2026-fr\/world-ocean-day-clean-up-attracts-several-seniors-in-hilden-germanyworld-ocean-day-clean-up-attracts-several-seniors-in-hilden-germany\/\" class=\"awb-custom-text-color awb-custom-text-hover-color\" target=\"_self\">World Ocean Day clean up attracts several seniors in Hilden, Germany<\/a><\/h4><\/div><\/div><\/li>\n<li class=\"fusion-layout-column fusion_builder_column fusion-builder-column-13 fusion-flex-column post-card fusion-grid-column fusion-post-cards-grid-column\" style=\"--awb-bg-color:var(--awb-color1);--awb-bg-color-hover:var(--awb-color1);--awb-bg-blend:overlay;--awb-bg-size:cover;--awb-flex-grow:0;--awb-flex-shrink:0;--awb-flex-grow-medium:;--awb-flex-shrink-medium:;--awb-flex-grow-small:;--awb-flex-shrink-small:;\" data-scroll-devices=\"small-visibility,medium-visibility,large-visibility\"><div class=\"fusion-column-wrapper fusion-column-has-shadow fusion-flex-justify-content-space-around fusion-content-layout-column\"><div class=\"fusion-classic-product-image-wrapper fusion-woo-product-image fusion-post-card-image fusion-post-card-image-1 has-aspect-ratio\" data-layout=\"static\" style=\"--awb-aspect-ratio:3 \/ 2;\"><div  class=\"fusion-image-wrapper\" aria-haspopup=\"true\">\n\t\t\t\t\t\t\t<a href=\"https:\/\/www.mundusmaris.org\/fr\/academie-de-la-peche-artisanale\/le-pillage-de-latlantique-quand-la-surpeche-menace-la-mer-et-les-communautes-cotieres\/\" aria-label=\"Le pillage de l&rsquo;Atlantique : quand la surp\u00eache menace la mer et les communaut\u00e9s c\u00f4ti\u00e8res\">\n\t\t\t\t\t\t\t<img decoding=\"async\" width=\"799\" height=\"442\" src=\"https:\/\/www.mundusmaris.org\/wp-content\/uploads\/2026\/06\/PirogueMigration800.jpg\" class=\"attachment-full size-full wp-post-image\" alt=\"\" srcset=\"https:\/\/www.mundusmaris.org\/wp-content\/uploads\/2026\/06\/PirogueMigration800-200x111.jpg 200w, https:\/\/www.mundusmaris.org\/wp-content\/uploads\/2026\/06\/PirogueMigration800-400x221.jpg 400w, https:\/\/www.mundusmaris.org\/wp-content\/uploads\/2026\/06\/PirogueMigration800-600x332.jpg 600w, https:\/\/www.mundusmaris.org\/wp-content\/uploads\/2026\/06\/PirogueMigration800.jpg 799w\" sizes=\"(min-width: 2200px) 100vw, (min-width: 784px) 373px, (min-width: 712px) 560px, (min-width: 640px) 712px, \" \/>\t\t\t<\/a>\n\t\t\t\t\t\t\t<\/div>\n<\/div><div class=\"fusion-meta-tb fusion-meta-tb-13 floated\" style=\"--awb-border-top:0px;--awb-height:36px;--awb-alignment-medium:flex-start;--awb-alignment-small:flex-start;\"><span class=\"fusion-tb-published-date\">Published On: 2 juin 2026<\/span><span class=\"fusion-meta-tb-sep\"><\/span><\/div><div class=\"fusion-title title fusion-title-13 fusion-sep-none fusion-title-text fusion-title-size-four\" style=\"--awb-margin-top:20px;--awb-margin-right:20px;--awb-margin-bottom:20px;--awb-margin-left:20px;--awb-margin-top-small:10px;--awb-margin-right-small:0px;--awb-margin-bottom-small:10px;--awb-margin-left-small:0px;--awb-font-size:24px;\"><h4 class=\"fusion-title-heading title-heading-left\" style=\"font-family:&quot;IBM Plex Sans Condensed&quot;;font-style:normal;font-weight:500;margin:0;font-size:1em;line-height:1.2;\"><a href=\"https:\/\/www.mundusmaris.org\/fr\/academie-de-la-peche-artisanale\/le-pillage-de-latlantique-quand-la-surpeche-menace-la-mer-et-les-communautes-cotieres\/\" class=\"awb-custom-text-color awb-custom-text-hover-color\" target=\"_self\">Le pillage de l&rsquo;Atlantique : quand la surp\u00eache menace la mer et les communaut\u00e9s c\u00f4ti\u00e8res<\/a><\/h4><\/div><\/div><\/li>\n<li class=\"fusion-layout-column fusion_builder_column fusion-builder-column-14 fusion-flex-column post-card fusion-grid-column fusion-post-cards-grid-column\" style=\"--awb-bg-color:var(--awb-color1);--awb-bg-color-hover:var(--awb-color1);--awb-bg-blend:overlay;--awb-bg-size:cover;--awb-flex-grow:0;--awb-flex-shrink:0;--awb-flex-grow-medium:;--awb-flex-shrink-medium:;--awb-flex-grow-small:;--awb-flex-shrink-small:;\" data-scroll-devices=\"small-visibility,medium-visibility,large-visibility\"><div class=\"fusion-column-wrapper fusion-column-has-shadow fusion-flex-justify-content-space-around fusion-content-layout-column\"><div class=\"fusion-classic-product-image-wrapper fusion-woo-product-image fusion-post-card-image fusion-post-card-image-1 has-aspect-ratio\" data-layout=\"static\" style=\"--awb-aspect-ratio:3 \/ 2;\"><div  class=\"fusion-image-wrapper\" aria-haspopup=\"true\">\n\t\t\t\t\t\t\t<a href=\"https:\/\/www.mundusmaris.org\/fr\/evenements\/mundus-maris-lors-du-3e-symposium-maritime-africain-2026\/\" aria-label=\"Mundus maris lors du 3e Symposium Maritime Africain 2026\">\n\t\t\t\t\t\t\t<img decoding=\"async\" width=\"500\" height=\"531\" src=\"https:\/\/www.mundusmaris.org\/wp-content\/uploads\/2026\/05\/Stella3rdAMS-feature.jpg\" class=\"attachment-full size-full wp-post-image\" alt=\"\" srcset=\"https:\/\/www.mundusmaris.org\/wp-content\/uploads\/2026\/05\/Stella3rdAMS-feature-200x212.jpg 200w, https:\/\/www.mundusmaris.org\/wp-content\/uploads\/2026\/05\/Stella3rdAMS-feature-400x425.jpg 400w, https:\/\/www.mundusmaris.org\/wp-content\/uploads\/2026\/05\/Stella3rdAMS-feature.jpg 500w\" sizes=\"(min-width: 2200px) 100vw, (min-width: 784px) 373px, (min-width: 712px) 560px, (min-width: 640px) 712px, \" \/>\t\t\t<\/a>\n\t\t\t\t\t\t\t<\/div>\n<\/div><div class=\"fusion-meta-tb fusion-meta-tb-14 floated\" style=\"--awb-border-top:0px;--awb-height:36px;--awb-alignment-medium:flex-start;--awb-alignment-small:flex-start;\"><span class=\"fusion-tb-published-date\">Published On: 15 mai 2026<\/span><span class=\"fusion-meta-tb-sep\"><\/span><\/div><div class=\"fusion-title title fusion-title-14 fusion-sep-none fusion-title-text fusion-title-size-four\" style=\"--awb-margin-top:20px;--awb-margin-right:20px;--awb-margin-bottom:20px;--awb-margin-left:20px;--awb-margin-top-small:10px;--awb-margin-right-small:0px;--awb-margin-bottom-small:10px;--awb-margin-left-small:0px;--awb-font-size:24px;\"><h4 class=\"fusion-title-heading title-heading-left\" style=\"font-family:&quot;IBM Plex Sans Condensed&quot;;font-style:normal;font-weight:500;margin:0;font-size:1em;line-height:1.2;\"><a href=\"https:\/\/www.mundusmaris.org\/fr\/evenements\/mundus-maris-lors-du-3e-symposium-maritime-africain-2026\/\" class=\"awb-custom-text-color awb-custom-text-hover-color\" target=\"_self\">Mundus maris lors du 3e Symposium Maritime Africain 2026<\/a><\/h4><\/div><\/div><\/li>\n<li class=\"fusion-layout-column fusion_builder_column fusion-builder-column-15 fusion-flex-column post-card fusion-grid-column fusion-post-cards-grid-column\" style=\"--awb-bg-color:var(--awb-color1);--awb-bg-color-hover:var(--awb-color1);--awb-bg-blend:overlay;--awb-bg-size:cover;--awb-flex-grow:0;--awb-flex-shrink:0;--awb-flex-grow-medium:;--awb-flex-shrink-medium:;--awb-flex-grow-small:;--awb-flex-shrink-small:;\" data-scroll-devices=\"small-visibility,medium-visibility,large-visibility\"><div class=\"fusion-column-wrapper fusion-column-has-shadow fusion-flex-justify-content-space-around fusion-content-layout-column\"><div class=\"fusion-classic-product-image-wrapper fusion-woo-product-image fusion-post-card-image fusion-post-card-image-1 has-aspect-ratio\" data-layout=\"static\" style=\"--awb-aspect-ratio:3 \/ 2;\"><div  class=\"fusion-image-wrapper\" aria-haspopup=\"true\">\n\t\t\t\t\t\t\t<a href=\"https:\/\/www.mundusmaris.org\/fr\/academie-de-la-peche-artisanale\/notre-pouvoir-notre-planete-un-webinaire-pour-celebrer-le-jour-de-la-terre\/\" aria-label=\"Notre Pouvoir, notre Plan\u00e8te \u2013 Un Webinaire pour c\u00e9l\u00e9brer le Jour de la Terre\">\n\t\t\t\t\t\t\t<img decoding=\"async\" width=\"499\" height=\"344\" src=\"https:\/\/www.mundusmaris.org\/wp-content\/uploads\/2026\/05\/InvitationToWebinar20260512Feature.jpg\" class=\"attachment-full size-full wp-post-image\" alt=\"\" srcset=\"https:\/\/www.mundusmaris.org\/wp-content\/uploads\/2026\/05\/InvitationToWebinar20260512Feature-200x138.jpg 200w, https:\/\/www.mundusmaris.org\/wp-content\/uploads\/2026\/05\/InvitationToWebinar20260512Feature-400x276.jpg 400w, https:\/\/www.mundusmaris.org\/wp-content\/uploads\/2026\/05\/InvitationToWebinar20260512Feature.jpg 499w\" sizes=\"(min-width: 2200px) 100vw, (min-width: 784px) 373px, (min-width: 712px) 560px, (min-width: 640px) 712px, \" \/>\t\t\t<\/a>\n\t\t\t\t\t\t\t<\/div>\n<\/div><div class=\"fusion-meta-tb fusion-meta-tb-15 floated\" style=\"--awb-border-top:0px;--awb-height:36px;--awb-alignment-medium:flex-start;--awb-alignment-small:flex-start;\"><span class=\"fusion-tb-published-date\">Published On: 14 mai 2026<\/span><span class=\"fusion-meta-tb-sep\"><\/span><\/div><div class=\"fusion-title title fusion-title-15 fusion-sep-none fusion-title-text fusion-title-size-four\" style=\"--awb-margin-top:20px;--awb-margin-right:20px;--awb-margin-bottom:20px;--awb-margin-left:20px;--awb-margin-top-small:10px;--awb-margin-right-small:0px;--awb-margin-bottom-small:10px;--awb-margin-left-small:0px;--awb-font-size:24px;\"><h4 class=\"fusion-title-heading title-heading-left\" style=\"font-family:&quot;IBM Plex Sans Condensed&quot;;font-style:normal;font-weight:500;margin:0;font-size:1em;line-height:1.2;\"><a href=\"https:\/\/www.mundusmaris.org\/fr\/academie-de-la-peche-artisanale\/notre-pouvoir-notre-planete-un-webinaire-pour-celebrer-le-jour-de-la-terre\/\" class=\"awb-custom-text-color awb-custom-text-hover-color\" target=\"_self\">Notre Pouvoir, notre Plan\u00e8te \u2013 Un Webinaire pour c\u00e9l\u00e9brer le Jour de la Terre<\/a><\/h4><\/div><\/div><\/li>\n<li class=\"fusion-layout-column fusion_builder_column fusion-builder-column-16 fusion-flex-column post-card fusion-grid-column fusion-post-cards-grid-column\" style=\"--awb-bg-color:var(--awb-color1);--awb-bg-color-hover:var(--awb-color1);--awb-bg-blend:overlay;--awb-bg-size:cover;--awb-flex-grow:0;--awb-flex-shrink:0;--awb-flex-grow-medium:;--awb-flex-shrink-medium:;--awb-flex-grow-small:;--awb-flex-shrink-small:;\" data-scroll-devices=\"small-visibility,medium-visibility,large-visibility\"><div class=\"fusion-column-wrapper fusion-column-has-shadow fusion-flex-justify-content-space-around fusion-content-layout-column\"><div class=\"fusion-classic-product-image-wrapper fusion-woo-product-image fusion-post-card-image fusion-post-card-image-1 has-aspect-ratio\" data-layout=\"static\" style=\"--awb-aspect-ratio:3 \/ 2;\"><div  class=\"fusion-image-wrapper\" aria-haspopup=\"true\">\n\t\t\t\t\t\t\t<a href=\"https:\/\/www.mundusmaris.org\/fr\/education-et-sensibilisation-a-ocean\/love-your-ocean-journee-daction-du-volontariat-a-hilden-allemagne-le-9-mai-2026\/\" aria-label=\"Love your ocean &#8211; Journ\u00e9e d&rsquo;action du volontariat \u00e0 Hilden, Allemagne, le 9 mai 2026\">\n\t\t\t\t\t\t\t<img decoding=\"async\" width=\"500\" height=\"394\" src=\"https:\/\/www.mundusmaris.org\/wp-content\/uploads\/2026\/05\/Feature2.jpg\" class=\"attachment-full size-full wp-post-image\" alt=\"\" srcset=\"https:\/\/www.mundusmaris.org\/wp-content\/uploads\/2026\/05\/Feature2-200x158.jpg 200w, https:\/\/www.mundusmaris.org\/wp-content\/uploads\/2026\/05\/Feature2-400x315.jpg 400w, https:\/\/www.mundusmaris.org\/wp-content\/uploads\/2026\/05\/Feature2.jpg 500w\" sizes=\"(min-width: 2200px) 100vw, (min-width: 784px) 373px, (min-width: 712px) 560px, (min-width: 640px) 712px, \" \/>\t\t\t<\/a>\n\t\t\t\t\t\t\t<\/div>\n<\/div><div class=\"fusion-meta-tb fusion-meta-tb-16 floated\" style=\"--awb-border-top:0px;--awb-height:36px;--awb-alignment-medium:flex-start;--awb-alignment-small:flex-start;\"><span class=\"fusion-tb-published-date\">Published On: 11 mai 2026<\/span><span class=\"fusion-meta-tb-sep\"><\/span><\/div><div class=\"fusion-title title fusion-title-16 fusion-sep-none fusion-title-text fusion-title-size-four\" style=\"--awb-margin-top:20px;--awb-margin-right:20px;--awb-margin-bottom:20px;--awb-margin-left:20px;--awb-margin-top-small:10px;--awb-margin-right-small:0px;--awb-margin-bottom-small:10px;--awb-margin-left-small:0px;--awb-font-size:24px;\"><h4 class=\"fusion-title-heading title-heading-left\" style=\"font-family:&quot;IBM Plex Sans Condensed&quot;;font-style:normal;font-weight:500;margin:0;font-size:1em;line-height:1.2;\"><a href=\"https:\/\/www.mundusmaris.org\/fr\/education-et-sensibilisation-a-ocean\/love-your-ocean-journee-daction-du-volontariat-a-hilden-allemagne-le-9-mai-2026\/\" class=\"awb-custom-text-color awb-custom-text-hover-color\" target=\"_self\">Love your ocean &#8211; Journ\u00e9e d&rsquo;action du volontariat \u00e0 Hilden, Allemagne, le 9 mai 2026<\/a><\/h4><\/div><\/div><\/li>\n<li class=\"fusion-layout-column fusion_builder_column fusion-builder-column-17 fusion-flex-column post-card fusion-grid-column fusion-post-cards-grid-column\" style=\"--awb-bg-color:var(--awb-color1);--awb-bg-color-hover:var(--awb-color1);--awb-bg-blend:overlay;--awb-bg-size:cover;--awb-flex-grow:0;--awb-flex-shrink:0;--awb-flex-grow-medium:;--awb-flex-shrink-medium:;--awb-flex-grow-small:;--awb-flex-shrink-small:;\" data-scroll-devices=\"small-visibility,medium-visibility,large-visibility\"><div class=\"fusion-column-wrapper fusion-column-has-shadow fusion-flex-justify-content-space-around fusion-content-layout-column\"><div class=\"fusion-classic-product-image-wrapper fusion-woo-product-image fusion-post-card-image fusion-post-card-image-1 has-aspect-ratio\" data-layout=\"static\" style=\"--awb-aspect-ratio:3 \/ 2;\"><div  class=\"fusion-image-wrapper\" aria-haspopup=\"true\">\n\t\t\t\t\t\t\t<a href=\"https:\/\/www.mundusmaris.org\/fr\/academie-de-la-peche-artisanale\/mundus-maris-lors-de-legu26-a-vienne-du-3-au-8-mai-2026\/\" aria-label=\"Mundus maris lors de l\u2019EGU26 \u00e0 Vienne, du 3 au 8 mai 2026\">\n\t\t\t\t\t\t\t<img decoding=\"async\" width=\"500\" height=\"309\" src=\"https:\/\/www.mundusmaris.org\/wp-content\/uploads\/2026\/05\/CENatEGU2026_500.jpg\" class=\"attachment-full size-full wp-post-image\" alt=\"\" srcset=\"https:\/\/www.mundusmaris.org\/wp-content\/uploads\/2026\/05\/CENatEGU2026_500-200x124.jpg 200w, https:\/\/www.mundusmaris.org\/wp-content\/uploads\/2026\/05\/CENatEGU2026_500-400x247.jpg 400w, https:\/\/www.mundusmaris.org\/wp-content\/uploads\/2026\/05\/CENatEGU2026_500.jpg 500w\" sizes=\"(min-width: 2200px) 100vw, (min-width: 784px) 373px, (min-width: 712px) 560px, (min-width: 640px) 712px, \" \/>\t\t\t<\/a>\n\t\t\t\t\t\t\t<\/div>\n<\/div><div class=\"fusion-meta-tb fusion-meta-tb-17 floated\" style=\"--awb-border-top:0px;--awb-height:36px;--awb-alignment-medium:flex-start;--awb-alignment-small:flex-start;\"><span class=\"fusion-tb-published-date\">Published On: 10 mai 2026<\/span><span class=\"fusion-meta-tb-sep\"><\/span><\/div><div class=\"fusion-title title fusion-title-17 fusion-sep-none fusion-title-text fusion-title-size-four\" style=\"--awb-margin-top:20px;--awb-margin-right:20px;--awb-margin-bottom:20px;--awb-margin-left:20px;--awb-margin-top-small:10px;--awb-margin-right-small:0px;--awb-margin-bottom-small:10px;--awb-margin-left-small:0px;--awb-font-size:24px;\"><h4 class=\"fusion-title-heading title-heading-left\" style=\"font-family:&quot;IBM Plex Sans Condensed&quot;;font-style:normal;font-weight:500;margin:0;font-size:1em;line-height:1.2;\"><a href=\"https:\/\/www.mundusmaris.org\/fr\/academie-de-la-peche-artisanale\/mundus-maris-lors-de-legu26-a-vienne-du-3-au-8-mai-2026\/\" class=\"awb-custom-text-color awb-custom-text-hover-color\" target=\"_self\">Mundus maris lors de l\u2019EGU26 \u00e0 Vienne, du 3 au 8 mai 2026<\/a><\/h4><\/div><\/div><\/li>\n<li class=\"fusion-layout-column fusion_builder_column fusion-builder-column-18 fusion-flex-column post-card fusion-grid-column fusion-post-cards-grid-column\" style=\"--awb-bg-color:var(--awb-color1);--awb-bg-color-hover:var(--awb-color1);--awb-bg-blend:overlay;--awb-bg-size:cover;--awb-flex-grow:0;--awb-flex-shrink:0;--awb-flex-grow-medium:;--awb-flex-shrink-medium:;--awb-flex-grow-small:;--awb-flex-shrink-small:;\" data-scroll-devices=\"small-visibility,medium-visibility,large-visibility\"><div class=\"fusion-column-wrapper fusion-column-has-shadow fusion-flex-justify-content-space-around fusion-content-layout-column\"><div class=\"fusion-classic-product-image-wrapper fusion-woo-product-image fusion-post-card-image fusion-post-card-image-1 has-aspect-ratio\" data-layout=\"static\" style=\"--awb-aspect-ratio:3 \/ 2;\"><div  class=\"fusion-image-wrapper\" aria-haspopup=\"true\">\n\t\t\t\t\t\t\t<a href=\"https:\/\/www.mundusmaris.org\/fr\/academie-de-la-peche-artisanale\/mundus-maris-at-the-aspirational-5th-world-ssf-summit-thailand\/\" aria-label=\"Mundus maris at the aspirational 5th World SSF Summit, Thailand\">\n\t\t\t\t\t\t\t<img decoding=\"async\" width=\"1980\" height=\"1486\" src=\"https:\/\/www.mundusmaris.org\/wp-content\/uploads\/2026\/05\/WhatsApp-Image-2026-05-06-at-19.03.48-scaled.jpeg\" class=\"attachment-full size-full wp-post-image\" alt=\"\" srcset=\"https:\/\/www.mundusmaris.org\/wp-content\/uploads\/2026\/05\/WhatsApp-Image-2026-05-06-at-19.03.48-200x150.jpeg 200w, https:\/\/www.mundusmaris.org\/wp-content\/uploads\/2026\/05\/WhatsApp-Image-2026-05-06-at-19.03.48-400x300.jpeg 400w, https:\/\/www.mundusmaris.org\/wp-content\/uploads\/2026\/05\/WhatsApp-Image-2026-05-06-at-19.03.48-600x450.jpeg 600w, https:\/\/www.mundusmaris.org\/wp-content\/uploads\/2026\/05\/WhatsApp-Image-2026-05-06-at-19.03.48-800x600.jpeg 800w, https:\/\/www.mundusmaris.org\/wp-content\/uploads\/2026\/05\/WhatsApp-Image-2026-05-06-at-19.03.48-1200x900.jpeg 1200w, https:\/\/www.mundusmaris.org\/wp-content\/uploads\/2026\/05\/WhatsApp-Image-2026-05-06-at-19.03.48-scaled.jpeg 1980w\" sizes=\"(min-width: 2200px) 100vw, (min-width: 784px) 373px, (min-width: 712px) 560px, (min-width: 640px) 712px, \" \/>\t\t\t<\/a>\n\t\t\t\t\t\t\t<\/div>\n<\/div><div class=\"fusion-meta-tb fusion-meta-tb-18 floated\" style=\"--awb-border-top:0px;--awb-height:36px;--awb-alignment-medium:flex-start;--awb-alignment-small:flex-start;\"><span class=\"fusion-tb-published-date\">Published On: 2 mai 2026<\/span><span class=\"fusion-meta-tb-sep\"><\/span><\/div><div class=\"fusion-title title fusion-title-18 fusion-sep-none fusion-title-text fusion-title-size-four\" style=\"--awb-margin-top:20px;--awb-margin-right:20px;--awb-margin-bottom:20px;--awb-margin-left:20px;--awb-margin-top-small:10px;--awb-margin-right-small:0px;--awb-margin-bottom-small:10px;--awb-margin-left-small:0px;--awb-font-size:24px;\"><h4 class=\"fusion-title-heading title-heading-left\" style=\"font-family:&quot;IBM Plex Sans Condensed&quot;;font-style:normal;font-weight:500;margin:0;font-size:1em;line-height:1.2;\"><a href=\"https:\/\/www.mundusmaris.org\/fr\/academie-de-la-peche-artisanale\/mundus-maris-at-the-aspirational-5th-world-ssf-summit-thailand\/\" class=\"awb-custom-text-color awb-custom-text-hover-color\" target=\"_self\">Mundus maris at the aspirational 5th World SSF Summit, Thailand<\/a><\/h4><\/div><\/div><\/li>\n<li class=\"fusion-layout-column fusion_builder_column fusion-builder-column-19 fusion-flex-column post-card fusion-grid-column fusion-post-cards-grid-column\" style=\"--awb-bg-color:var(--awb-color1);--awb-bg-color-hover:var(--awb-color1);--awb-bg-blend:overlay;--awb-bg-size:cover;--awb-flex-grow:0;--awb-flex-shrink:0;--awb-flex-grow-medium:;--awb-flex-shrink-medium:;--awb-flex-grow-small:;--awb-flex-shrink-small:;\" data-scroll-devices=\"small-visibility,medium-visibility,large-visibility\"><div class=\"fusion-column-wrapper fusion-column-has-shadow fusion-flex-justify-content-space-around fusion-content-layout-column\"><div class=\"fusion-classic-product-image-wrapper fusion-woo-product-image fusion-post-card-image fusion-post-card-image-1 has-aspect-ratio\" data-layout=\"static\" style=\"--awb-aspect-ratio:3 \/ 2;\"><div  class=\"fusion-image-wrapper\" aria-haspopup=\"true\">\n\t\t\t\t\t\t\t<a href=\"https:\/\/www.mundusmaris.org\/fr\/expositions\/expedition-ocean\/\" aria-label=\"Exp\u00e9dition Oc\u00e9an\">\n\t\t\t\t\t\t\t<img decoding=\"async\" width=\"500\" height=\"375\" src=\"https:\/\/www.mundusmaris.org\/wp-content\/uploads\/2026\/04\/ExpeditionWeltmeere.jpg\" class=\"attachment-full size-full wp-post-image\" alt=\"\" srcset=\"https:\/\/www.mundusmaris.org\/wp-content\/uploads\/2026\/04\/ExpeditionWeltmeere-200x150.jpg 200w, https:\/\/www.mundusmaris.org\/wp-content\/uploads\/2026\/04\/ExpeditionWeltmeere-400x300.jpg 400w, https:\/\/www.mundusmaris.org\/wp-content\/uploads\/2026\/04\/ExpeditionWeltmeere.jpg 500w\" sizes=\"(min-width: 2200px) 100vw, (min-width: 784px) 373px, (min-width: 712px) 560px, (min-width: 640px) 712px, \" \/>\t\t\t<\/a>\n\t\t\t\t\t\t\t<\/div>\n<\/div><div class=\"fusion-meta-tb fusion-meta-tb-19 floated\" style=\"--awb-border-top:0px;--awb-height:36px;--awb-alignment-medium:flex-start;--awb-alignment-small:flex-start;\"><span class=\"fusion-tb-published-date\">Published On: 29 mars 2026<\/span><span class=\"fusion-meta-tb-sep\"><\/span><\/div><div class=\"fusion-title title fusion-title-19 fusion-sep-none fusion-title-text fusion-title-size-four\" style=\"--awb-margin-top:20px;--awb-margin-right:20px;--awb-margin-bottom:20px;--awb-margin-left:20px;--awb-margin-top-small:10px;--awb-margin-right-small:0px;--awb-margin-bottom-small:10px;--awb-margin-left-small:0px;--awb-font-size:24px;\"><h4 class=\"fusion-title-heading title-heading-left\" style=\"font-family:&quot;IBM Plex Sans Condensed&quot;;font-style:normal;font-weight:500;margin:0;font-size:1em;line-height:1.2;\"><a href=\"https:\/\/www.mundusmaris.org\/fr\/expositions\/expedition-ocean\/\" class=\"awb-custom-text-color awb-custom-text-hover-color\" target=\"_self\">Exp\u00e9dition Oc\u00e9an<\/a><\/h4><\/div><\/div><\/li>\n<li class=\"fusion-layout-column fusion_builder_column fusion-builder-column-20 fusion-flex-column post-card fusion-grid-column fusion-post-cards-grid-column\" style=\"--awb-bg-color:var(--awb-color1);--awb-bg-color-hover:var(--awb-color1);--awb-bg-blend:overlay;--awb-bg-size:cover;--awb-flex-grow:0;--awb-flex-shrink:0;--awb-flex-grow-medium:;--awb-flex-shrink-medium:;--awb-flex-grow-small:;--awb-flex-shrink-small:;\" data-scroll-devices=\"small-visibility,medium-visibility,large-visibility\"><div class=\"fusion-column-wrapper fusion-column-has-shadow fusion-flex-justify-content-space-around fusion-content-layout-column\"><div class=\"fusion-classic-product-image-wrapper fusion-woo-product-image fusion-post-card-image fusion-post-card-image-1 has-aspect-ratio\" data-layout=\"static\" style=\"--awb-aspect-ratio:3 \/ 2;\"><div  class=\"fusion-image-wrapper\" aria-haspopup=\"true\">\n\t\t\t\t\t\t\t<a href=\"https:\/\/www.mundusmaris.org\/fr\/evenements\/impressions-tirees-des-journees-de-locean-2026-de-lue-tenues-a-bruxelles\/\" aria-label=\"Impressions tir\u00e9es des Journ\u00e9es de l\u2019Oc\u00e9an 2026 de l\u2019UE tenues \u00e0 Bruxelles\">\n\t\t\t\t\t\t\t<img decoding=\"async\" width=\"500\" height=\"500\" src=\"https:\/\/www.mundusmaris.org\/wp-content\/uploads\/2026\/03\/EUOceanDays2026.jpg\" class=\"attachment-full size-full wp-post-image\" alt=\"\" srcset=\"https:\/\/www.mundusmaris.org\/wp-content\/uploads\/2026\/03\/EUOceanDays2026-200x200.jpg 200w, https:\/\/www.mundusmaris.org\/wp-content\/uploads\/2026\/03\/EUOceanDays2026-400x400.jpg 400w, https:\/\/www.mundusmaris.org\/wp-content\/uploads\/2026\/03\/EUOceanDays2026.jpg 500w\" sizes=\"(min-width: 2200px) 100vw, (min-width: 784px) 373px, (min-width: 712px) 560px, (min-width: 640px) 712px, \" \/>\t\t\t<\/a>\n\t\t\t\t\t\t\t<\/div>\n<\/div><div class=\"fusion-meta-tb fusion-meta-tb-20 floated\" style=\"--awb-border-top:0px;--awb-height:36px;--awb-alignment-medium:flex-start;--awb-alignment-small:flex-start;\"><span class=\"fusion-tb-published-date\">Published On: 9 mars 2026<\/span><span class=\"fusion-meta-tb-sep\"><\/span><\/div><div class=\"fusion-title title fusion-title-20 fusion-sep-none fusion-title-text fusion-title-size-four\" style=\"--awb-margin-top:20px;--awb-margin-right:20px;--awb-margin-bottom:20px;--awb-margin-left:20px;--awb-margin-top-small:10px;--awb-margin-right-small:0px;--awb-margin-bottom-small:10px;--awb-margin-left-small:0px;--awb-font-size:24px;\"><h4 class=\"fusion-title-heading title-heading-left\" style=\"font-family:&quot;IBM Plex Sans Condensed&quot;;font-style:normal;font-weight:500;margin:0;font-size:1em;line-height:1.2;\"><a href=\"https:\/\/www.mundusmaris.org\/fr\/evenements\/impressions-tirees-des-journees-de-locean-2026-de-lue-tenues-a-bruxelles\/\" class=\"awb-custom-text-color awb-custom-text-hover-color\" target=\"_self\">Impressions tir\u00e9es des Journ\u00e9es de l\u2019Oc\u00e9an 2026 de l\u2019UE tenues \u00e0 Bruxelles<\/a><\/h4><\/div><\/div><\/li>\n<li class=\"fusion-layout-column fusion_builder_column fusion-builder-column-21 fusion-flex-column post-card fusion-grid-column fusion-post-cards-grid-column\" style=\"--awb-bg-color:var(--awb-color1);--awb-bg-color-hover:var(--awb-color1);--awb-bg-blend:overlay;--awb-bg-size:cover;--awb-flex-grow:0;--awb-flex-shrink:0;--awb-flex-grow-medium:;--awb-flex-shrink-medium:;--awb-flex-grow-small:;--awb-flex-shrink-small:;\" data-scroll-devices=\"small-visibility,medium-visibility,large-visibility\"><div class=\"fusion-column-wrapper fusion-column-has-shadow fusion-flex-justify-content-space-around fusion-content-layout-column\"><div class=\"fusion-classic-product-image-wrapper fusion-woo-product-image fusion-post-card-image fusion-post-card-image-1 has-aspect-ratio\" data-layout=\"static\" style=\"--awb-aspect-ratio:3 \/ 2;\"><div  class=\"fusion-image-wrapper\" aria-haspopup=\"true\">\n\t\t\t\t\t\t\t<a href=\"https:\/\/www.mundusmaris.org\/fr\/academie-de-la-peche-artisanale\/turning-a-water-pest-into-a-source-of-income\/\" aria-label=\"Turning a water pest into a source of income\">\n\t\t\t\t\t\t\t<img decoding=\"async\" width=\"500\" height=\"375\" src=\"https:\/\/www.mundusmaris.org\/wp-content\/uploads\/2026\/02\/Organisers-LASCAFAN_feature.jpg\" class=\"attachment-full size-full wp-post-image\" alt=\"\" srcset=\"https:\/\/www.mundusmaris.org\/wp-content\/uploads\/2026\/02\/Organisers-LASCAFAN_feature-200x150.jpg 200w, https:\/\/www.mundusmaris.org\/wp-content\/uploads\/2026\/02\/Organisers-LASCAFAN_feature-400x300.jpg 400w, https:\/\/www.mundusmaris.org\/wp-content\/uploads\/2026\/02\/Organisers-LASCAFAN_feature.jpg 500w\" sizes=\"(min-width: 2200px) 100vw, (min-width: 784px) 373px, (min-width: 712px) 560px, (min-width: 640px) 712px, \" \/>\t\t\t<\/a>\n\t\t\t\t\t\t\t<\/div>\n<\/div><div class=\"fusion-meta-tb fusion-meta-tb-21 floated\" style=\"--awb-border-top:0px;--awb-height:36px;--awb-alignment-medium:flex-start;--awb-alignment-small:flex-start;\"><span class=\"fusion-tb-published-date\">Published On: 28 f\u00e9vrier 2026<\/span><span class=\"fusion-meta-tb-sep\"><\/span><\/div><div class=\"fusion-title title fusion-title-21 fusion-sep-none fusion-title-text fusion-title-size-four\" style=\"--awb-margin-top:20px;--awb-margin-right:20px;--awb-margin-bottom:20px;--awb-margin-left:20px;--awb-margin-top-small:10px;--awb-margin-right-small:0px;--awb-margin-bottom-small:10px;--awb-margin-left-small:0px;--awb-font-size:24px;\"><h4 class=\"fusion-title-heading title-heading-left\" style=\"font-family:&quot;IBM Plex Sans Condensed&quot;;font-style:normal;font-weight:500;margin:0;font-size:1em;line-height:1.2;\"><a href=\"https:\/\/www.mundusmaris.org\/fr\/academie-de-la-peche-artisanale\/turning-a-water-pest-into-a-source-of-income\/\" class=\"awb-custom-text-color awb-custom-text-hover-color\" target=\"_self\">Turning a water pest into a source of income<\/a><\/h4><\/div><\/div><\/li>\n<li class=\"fusion-layout-column fusion_builder_column fusion-builder-column-22 fusion-flex-column post-card fusion-grid-column fusion-post-cards-grid-column\" style=\"--awb-bg-color:var(--awb-color1);--awb-bg-color-hover:var(--awb-color1);--awb-bg-blend:overlay;--awb-bg-size:cover;--awb-flex-grow:0;--awb-flex-shrink:0;--awb-flex-grow-medium:;--awb-flex-shrink-medium:;--awb-flex-grow-small:;--awb-flex-shrink-small:;\" data-scroll-devices=\"small-visibility,medium-visibility,large-visibility\"><div class=\"fusion-column-wrapper fusion-column-has-shadow fusion-flex-justify-content-space-around fusion-content-layout-column\"><div class=\"fusion-classic-product-image-wrapper fusion-woo-product-image fusion-post-card-image fusion-post-card-image-1 has-aspect-ratio\" data-layout=\"static\" style=\"--awb-aspect-ratio:3 \/ 2;\"><div  class=\"fusion-image-wrapper\" aria-haspopup=\"true\">\n\t\t\t\t\t\t\t<a href=\"https:\/\/www.mundusmaris.org\/fr\/education-et-sensibilisation-a-ocean\/renouer-avec-la-beaute-de-la-mer-entretien-avec-martina-gaglioti\/\" aria-label=\"Renouer avec la beaut\u00e9 de la mer\u00a0: entretien avec Martina Gaglioti\">\n\t\t\t\t\t\t\t<img decoding=\"async\" width=\"500\" height=\"375\" src=\"https:\/\/www.mundusmaris.org\/wp-content\/uploads\/2026\/02\/MartinaFeaturePic-rotated.jpg\" class=\"attachment-full size-full wp-post-image\" alt=\"\" srcset=\"https:\/\/www.mundusmaris.org\/wp-content\/uploads\/2026\/02\/MartinaFeaturePic-200x150.jpg 200w, https:\/\/www.mundusmaris.org\/wp-content\/uploads\/2026\/02\/MartinaFeaturePic-400x300.jpg 400w, https:\/\/www.mundusmaris.org\/wp-content\/uploads\/2026\/02\/MartinaFeaturePic-rotated.jpg 500w\" sizes=\"(min-width: 2200px) 100vw, (min-width: 784px) 373px, (min-width: 712px) 560px, (min-width: 640px) 712px, \" \/>\t\t\t<\/a>\n\t\t\t\t\t\t\t<\/div>\n<\/div><div class=\"fusion-meta-tb fusion-meta-tb-22 floated\" style=\"--awb-border-top:0px;--awb-height:36px;--awb-alignment-medium:flex-start;--awb-alignment-small:flex-start;\"><span class=\"fusion-tb-published-date\">Published On: 26 f\u00e9vrier 2026<\/span><span class=\"fusion-meta-tb-sep\"><\/span><\/div><div class=\"fusion-title title fusion-title-22 fusion-sep-none fusion-title-text fusion-title-size-four\" style=\"--awb-margin-top:20px;--awb-margin-right:20px;--awb-margin-bottom:20px;--awb-margin-left:20px;--awb-margin-top-small:10px;--awb-margin-right-small:0px;--awb-margin-bottom-small:10px;--awb-margin-left-small:0px;--awb-font-size:24px;\"><h4 class=\"fusion-title-heading title-heading-left\" style=\"font-family:&quot;IBM Plex Sans Condensed&quot;;font-style:normal;font-weight:500;margin:0;font-size:1em;line-height:1.2;\"><a href=\"https:\/\/www.mundusmaris.org\/fr\/education-et-sensibilisation-a-ocean\/renouer-avec-la-beaute-de-la-mer-entretien-avec-martina-gaglioti\/\" class=\"awb-custom-text-color awb-custom-text-hover-color\" target=\"_self\">Renouer avec la beaut\u00e9 de la mer\u00a0: entretien avec Martina Gaglioti<\/a><\/h4><\/div><\/div><\/li>\n<li class=\"fusion-layout-column fusion_builder_column fusion-builder-column-23 fusion-flex-column post-card fusion-grid-column fusion-post-cards-grid-column\" style=\"--awb-bg-color:var(--awb-color1);--awb-bg-color-hover:var(--awb-color1);--awb-bg-blend:overlay;--awb-bg-size:cover;--awb-flex-grow:0;--awb-flex-shrink:0;--awb-flex-grow-medium:;--awb-flex-shrink-medium:;--awb-flex-grow-small:;--awb-flex-shrink-small:;\" data-scroll-devices=\"small-visibility,medium-visibility,large-visibility\"><div class=\"fusion-column-wrapper fusion-column-has-shadow fusion-flex-justify-content-space-around fusion-content-layout-column\"><div class=\"fusion-classic-product-image-wrapper fusion-woo-product-image fusion-post-card-image fusion-post-card-image-1 has-aspect-ratio\" data-layout=\"static\" style=\"--awb-aspect-ratio:3 \/ 2;\"><div  class=\"fusion-image-wrapper\" aria-haspopup=\"true\">\n\t\t\t\t\t\t\t<a href=\"https:\/\/www.mundusmaris.org\/fr\/activites\/protection-de-locean-et-du-climat\/pour-une-loi-europeenne-contraignante-pour-locean\/\" aria-label=\"Pour une loi europ\u00e9enne contraignante pour l\u2019oc\u00e9an\">\n\t\t\t\t\t\t\t<img decoding=\"async\" width=\"500\" height=\"368\" src=\"https:\/\/www.mundusmaris.org\/wp-content\/uploads\/2026\/02\/BlueManifesto500.jpg\" class=\"attachment-full size-full wp-post-image\" alt=\"\" srcset=\"https:\/\/www.mundusmaris.org\/wp-content\/uploads\/2026\/02\/BlueManifesto500-200x147.jpg 200w, https:\/\/www.mundusmaris.org\/wp-content\/uploads\/2026\/02\/BlueManifesto500-400x294.jpg 400w, https:\/\/www.mundusmaris.org\/wp-content\/uploads\/2026\/02\/BlueManifesto500.jpg 500w\" sizes=\"(min-width: 2200px) 100vw, (min-width: 784px) 373px, (min-width: 712px) 560px, (min-width: 640px) 712px, \" \/>\t\t\t<\/a>\n\t\t\t\t\t\t\t<\/div>\n<\/div><div class=\"fusion-meta-tb fusion-meta-tb-23 floated\" style=\"--awb-border-top:0px;--awb-height:36px;--awb-alignment-medium:flex-start;--awb-alignment-small:flex-start;\"><span class=\"fusion-tb-published-date\">Published On: 10 f\u00e9vrier 2026<\/span><span class=\"fusion-meta-tb-sep\"><\/span><\/div><div class=\"fusion-title title fusion-title-23 fusion-sep-none fusion-title-text fusion-title-size-four\" style=\"--awb-margin-top:20px;--awb-margin-right:20px;--awb-margin-bottom:20px;--awb-margin-left:20px;--awb-margin-top-small:10px;--awb-margin-right-small:0px;--awb-margin-bottom-small:10px;--awb-margin-left-small:0px;--awb-font-size:24px;\"><h4 class=\"fusion-title-heading title-heading-left\" style=\"font-family:&quot;IBM Plex Sans Condensed&quot;;font-style:normal;font-weight:500;margin:0;font-size:1em;line-height:1.2;\"><a href=\"https:\/\/www.mundusmaris.org\/fr\/activites\/protection-de-locean-et-du-climat\/pour-une-loi-europeenne-contraignante-pour-locean\/\" class=\"awb-custom-text-color awb-custom-text-hover-color\" target=\"_self\">Pour une loi europ\u00e9enne contraignante pour l\u2019oc\u00e9an<\/a><\/h4><\/div><\/div><\/li>\n<li class=\"fusion-layout-column fusion_builder_column fusion-builder-column-24 fusion-flex-column post-card fusion-grid-column fusion-post-cards-grid-column\" style=\"--awb-bg-color:var(--awb-color1);--awb-bg-color-hover:var(--awb-color1);--awb-bg-blend:overlay;--awb-bg-size:cover;--awb-flex-grow:0;--awb-flex-shrink:0;--awb-flex-grow-medium:;--awb-flex-shrink-medium:;--awb-flex-grow-small:;--awb-flex-shrink-small:;\" data-scroll-devices=\"small-visibility,medium-visibility,large-visibility\"><div class=\"fusion-column-wrapper fusion-column-has-shadow fusion-flex-justify-content-space-around fusion-content-layout-column\"><div class=\"fusion-classic-product-image-wrapper fusion-woo-product-image fusion-post-card-image fusion-post-card-image-1 has-aspect-ratio\" data-layout=\"static\" style=\"--awb-aspect-ratio:3 \/ 2;\"><div  class=\"fusion-image-wrapper\" aria-haspopup=\"true\">\n\t\t\t\t\t\t\t<a href=\"https:\/\/www.mundusmaris.org\/fr\/activites\/protection-de-locean-et-du-climat\/mundus-maris-sur-la-platefuorme-love-your-ocean-au-salon-boot-2026\/\" aria-label=\"Mundus maris sur la plateforme \u00ab Love Your Ocean \u00bb au salon Boot 2026\">\n\t\t\t\t\t\t\t<img decoding=\"async\" width=\"499\" height=\"349\" src=\"https:\/\/www.mundusmaris.org\/wp-content\/uploads\/2026\/01\/20260120MMTeamBoot2026_500.jpg\" class=\"attachment-full size-full wp-post-image\" alt=\"\" srcset=\"https:\/\/www.mundusmaris.org\/wp-content\/uploads\/2026\/01\/20260120MMTeamBoot2026_500-200x140.jpg 200w, https:\/\/www.mundusmaris.org\/wp-content\/uploads\/2026\/01\/20260120MMTeamBoot2026_500-400x280.jpg 400w, https:\/\/www.mundusmaris.org\/wp-content\/uploads\/2026\/01\/20260120MMTeamBoot2026_500.jpg 499w\" sizes=\"(min-width: 2200px) 100vw, (min-width: 784px) 373px, (min-width: 712px) 560px, (min-width: 640px) 712px, \" \/>\t\t\t<\/a>\n\t\t\t\t\t\t\t<\/div>\n<\/div><div class=\"fusion-meta-tb fusion-meta-tb-24 floated\" style=\"--awb-border-top:0px;--awb-height:36px;--awb-alignment-medium:flex-start;--awb-alignment-small:flex-start;\"><span class=\"fusion-tb-published-date\">Published On: 29 janvier 2026<\/span><span class=\"fusion-meta-tb-sep\"><\/span><\/div><div class=\"fusion-title title fusion-title-24 fusion-sep-none fusion-title-text fusion-title-size-four\" style=\"--awb-margin-top:20px;--awb-margin-right:20px;--awb-margin-bottom:20px;--awb-margin-left:20px;--awb-margin-top-small:10px;--awb-margin-right-small:0px;--awb-margin-bottom-small:10px;--awb-margin-left-small:0px;--awb-font-size:24px;\"><h4 class=\"fusion-title-heading title-heading-left\" style=\"font-family:&quot;IBM Plex Sans Condensed&quot;;font-style:normal;font-weight:500;margin:0;font-size:1em;line-height:1.2;\"><a href=\"https:\/\/www.mundusmaris.org\/fr\/activites\/protection-de-locean-et-du-climat\/mundus-maris-sur-la-platefuorme-love-your-ocean-au-salon-boot-2026\/\" class=\"awb-custom-text-color awb-custom-text-hover-color\" target=\"_self\">Mundus maris sur la plateforme \u00ab Love Your Ocean \u00bb au salon Boot 2026<\/a><\/h4><\/div><\/div><\/li>\n<li class=\"fusion-layout-column fusion_builder_column fusion-builder-column-25 fusion-flex-column post-card fusion-grid-column fusion-post-cards-grid-column\" style=\"--awb-bg-color:var(--awb-color1);--awb-bg-color-hover:var(--awb-color1);--awb-bg-blend:overlay;--awb-bg-size:cover;--awb-flex-grow:0;--awb-flex-shrink:0;--awb-flex-grow-medium:;--awb-flex-shrink-medium:;--awb-flex-grow-small:;--awb-flex-shrink-small:;\" data-scroll-devices=\"small-visibility,medium-visibility,large-visibility\"><div class=\"fusion-column-wrapper fusion-column-has-shadow fusion-flex-justify-content-space-around fusion-content-layout-column\"><div class=\"fusion-classic-product-image-wrapper fusion-woo-product-image fusion-post-card-image fusion-post-card-image-1 has-aspect-ratio\" data-layout=\"static\" style=\"--awb-aspect-ratio:3 \/ 2;\"><div  class=\"fusion-image-wrapper\" aria-haspopup=\"true\">\n\t\t\t\t\t\t\t<a href=\"https:\/\/www.mundusmaris.org\/fr\/academie-de-la-peche-artisanale\/la-peche-artisanale_pad-et-les-defenseurs-de-lenvironnement-repensent-ensemble-la-peche\/\" aria-label=\"La p\u00eache artisanale PAD et les d\u00e9fenseurs de l&rsquo;environnement repensent ensemble la p\u00eache\">\n\t\t\t\t\t\t\t<img decoding=\"async\" width=\"500\" height=\"353\" src=\"https:\/\/www.mundusmaris.org\/wp-content\/uploads\/2025\/12\/RethinkFisheriesAnnouncement-Feature-1.jpg\" class=\"attachment-full size-full wp-post-image\" alt=\"\" srcset=\"https:\/\/www.mundusmaris.org\/wp-content\/uploads\/2025\/12\/RethinkFisheriesAnnouncement-Feature-1-200x141.jpg 200w, https:\/\/www.mundusmaris.org\/wp-content\/uploads\/2025\/12\/RethinkFisheriesAnnouncement-Feature-1-400x282.jpg 400w, https:\/\/www.mundusmaris.org\/wp-content\/uploads\/2025\/12\/RethinkFisheriesAnnouncement-Feature-1.jpg 500w\" sizes=\"(min-width: 2200px) 100vw, (min-width: 784px) 373px, (min-width: 712px) 560px, (min-width: 640px) 712px, \" \/>\t\t\t<\/a>\n\t\t\t\t\t\t\t<\/div>\n<\/div><div class=\"fusion-meta-tb fusion-meta-tb-25 floated\" style=\"--awb-border-top:0px;--awb-height:36px;--awb-alignment-medium:flex-start;--awb-alignment-small:flex-start;\"><span class=\"fusion-tb-published-date\">Published On: 15 d\u00e9cembre 2025<\/span><span class=\"fusion-meta-tb-sep\"><\/span><\/div><div class=\"fusion-title title fusion-title-25 fusion-sep-none fusion-title-text fusion-title-size-four\" style=\"--awb-margin-top:20px;--awb-margin-right:20px;--awb-margin-bottom:20px;--awb-margin-left:20px;--awb-margin-top-small:10px;--awb-margin-right-small:0px;--awb-margin-bottom-small:10px;--awb-margin-left-small:0px;--awb-font-size:24px;\"><h4 class=\"fusion-title-heading title-heading-left\" style=\"font-family:&quot;IBM Plex Sans Condensed&quot;;font-style:normal;font-weight:500;margin:0;font-size:1em;line-height:1.2;\"><a href=\"https:\/\/www.mundusmaris.org\/fr\/academie-de-la-peche-artisanale\/la-peche-artisanale_pad-et-les-defenseurs-de-lenvironnement-repensent-ensemble-la-peche\/\" class=\"awb-custom-text-color awb-custom-text-hover-color\" target=\"_self\">La p\u00eache artisanale PAD et les d\u00e9fenseurs de l&rsquo;environnement repensent ensemble la p\u00eache<\/a><\/h4><\/div><\/div><\/li>\n<li class=\"fusion-layout-column fusion_builder_column fusion-builder-column-26 fusion-flex-column post-card fusion-grid-column fusion-post-cards-grid-column\" style=\"--awb-bg-color:var(--awb-color1);--awb-bg-color-hover:var(--awb-color1);--awb-bg-blend:overlay;--awb-bg-size:cover;--awb-flex-grow:0;--awb-flex-shrink:0;--awb-flex-grow-medium:;--awb-flex-shrink-medium:;--awb-flex-grow-small:;--awb-flex-shrink-small:;\" data-scroll-devices=\"small-visibility,medium-visibility,large-visibility\"><div class=\"fusion-column-wrapper fusion-column-has-shadow fusion-flex-justify-content-space-around fusion-content-layout-column\"><div class=\"fusion-classic-product-image-wrapper fusion-woo-product-image fusion-post-card-image fusion-post-card-image-1 has-aspect-ratio\" data-layout=\"static\" style=\"--awb-aspect-ratio:3 \/ 2;\"><div  class=\"fusion-image-wrapper\" aria-haspopup=\"true\">\n\t\t\t\t\t\t\t<a href=\"https:\/\/www.mundusmaris.org\/fr\/activites\/protection-de-locean-et-du-climat\/conference-sur-la-securite-maritime-2-3-decembre-2025-a-accra\/\" aria-label=\"Conf\u00e9rence sur la s\u00e9curit\u00e9 maritime, 2-3 d\u00e9cembre 2025 \u00e0 Accra\">\n\t\t\t\t\t\t\t<img decoding=\"async\" width=\"500\" height=\"491\" src=\"https:\/\/www.mundusmaris.org\/wp-content\/uploads\/2025\/12\/ConferenceLogoFeature.jpg\" class=\"attachment-full size-full wp-post-image\" alt=\"\" srcset=\"https:\/\/www.mundusmaris.org\/wp-content\/uploads\/2025\/12\/ConferenceLogoFeature-200x196.jpg 200w, https:\/\/www.mundusmaris.org\/wp-content\/uploads\/2025\/12\/ConferenceLogoFeature-400x393.jpg 400w, https:\/\/www.mundusmaris.org\/wp-content\/uploads\/2025\/12\/ConferenceLogoFeature.jpg 500w\" sizes=\"(min-width: 2200px) 100vw, (min-width: 784px) 373px, (min-width: 712px) 560px, (min-width: 640px) 712px, \" \/>\t\t\t<\/a>\n\t\t\t\t\t\t\t<\/div>\n<\/div><div class=\"fusion-meta-tb fusion-meta-tb-26 floated\" style=\"--awb-border-top:0px;--awb-height:36px;--awb-alignment-medium:flex-start;--awb-alignment-small:flex-start;\"><span class=\"fusion-tb-published-date\">Published On: 5 d\u00e9cembre 2025<\/span><span class=\"fusion-meta-tb-sep\"><\/span><\/div><div class=\"fusion-title title fusion-title-26 fusion-sep-none fusion-title-text fusion-title-size-four\" style=\"--awb-margin-top:20px;--awb-margin-right:20px;--awb-margin-bottom:20px;--awb-margin-left:20px;--awb-margin-top-small:10px;--awb-margin-right-small:0px;--awb-margin-bottom-small:10px;--awb-margin-left-small:0px;--awb-font-size:24px;\"><h4 class=\"fusion-title-heading title-heading-left\" style=\"font-family:&quot;IBM Plex Sans Condensed&quot;;font-style:normal;font-weight:500;margin:0;font-size:1em;line-height:1.2;\"><a href=\"https:\/\/www.mundusmaris.org\/fr\/activites\/protection-de-locean-et-du-climat\/conference-sur-la-securite-maritime-2-3-decembre-2025-a-accra\/\" class=\"awb-custom-text-color awb-custom-text-hover-color\" target=\"_self\">Conf\u00e9rence sur la s\u00e9curit\u00e9 maritime, 2-3 d\u00e9cembre 2025 \u00e0 Accra<\/a><\/h4><\/div><\/div><\/li>\n<li class=\"fusion-layout-column fusion_builder_column fusion-builder-column-27 fusion-flex-column post-card fusion-grid-column fusion-post-cards-grid-column\" style=\"--awb-bg-color:var(--awb-color1);--awb-bg-color-hover:var(--awb-color1);--awb-bg-blend:overlay;--awb-bg-size:cover;--awb-flex-grow:0;--awb-flex-shrink:0;--awb-flex-grow-medium:;--awb-flex-shrink-medium:;--awb-flex-grow-small:;--awb-flex-shrink-small:;\" data-scroll-devices=\"small-visibility,medium-visibility,large-visibility\"><div class=\"fusion-column-wrapper fusion-column-has-shadow fusion-flex-justify-content-space-around fusion-content-layout-column\"><div class=\"fusion-classic-product-image-wrapper fusion-woo-product-image fusion-post-card-image fusion-post-card-image-1 has-aspect-ratio\" data-layout=\"static\" style=\"--awb-aspect-ratio:3 \/ 2;\"><div  class=\"fusion-image-wrapper\" aria-haspopup=\"true\">\n\t\t\t\t\t\t\t<a href=\"https:\/\/www.mundusmaris.org\/fr\/academie-de-la-peche-artisanale\/rendre-la-peche-equitable\/\" aria-label=\"Rendre la p\u00eache \u00e9quitable\">\n\t\t\t\t\t\t\t<img decoding=\"async\" width=\"500\" height=\"377\" src=\"https:\/\/www.mundusmaris.org\/wp-content\/uploads\/2025\/11\/MakeFishingFairForum500.jpg\" class=\"attachment-full size-full wp-post-image\" alt=\"\" srcset=\"https:\/\/www.mundusmaris.org\/wp-content\/uploads\/2025\/11\/MakeFishingFairForum500-200x151.jpg 200w, https:\/\/www.mundusmaris.org\/wp-content\/uploads\/2025\/11\/MakeFishingFairForum500-400x302.jpg 400w, https:\/\/www.mundusmaris.org\/wp-content\/uploads\/2025\/11\/MakeFishingFairForum500.jpg 500w\" sizes=\"(min-width: 2200px) 100vw, (min-width: 784px) 373px, (min-width: 712px) 560px, (min-width: 640px) 712px, \" \/>\t\t\t<\/a>\n\t\t\t\t\t\t\t<\/div>\n<\/div><div class=\"fusion-meta-tb fusion-meta-tb-27 floated\" style=\"--awb-border-top:0px;--awb-height:36px;--awb-alignment-medium:flex-start;--awb-alignment-small:flex-start;\"><span class=\"fusion-tb-published-date\">Published On: 19 novembre 2025<\/span><span class=\"fusion-meta-tb-sep\"><\/span><\/div><div class=\"fusion-title title fusion-title-27 fusion-sep-none fusion-title-text fusion-title-size-four\" style=\"--awb-margin-top:20px;--awb-margin-right:20px;--awb-margin-bottom:20px;--awb-margin-left:20px;--awb-margin-top-small:10px;--awb-margin-right-small:0px;--awb-margin-bottom-small:10px;--awb-margin-left-small:0px;--awb-font-size:24px;\"><h4 class=\"fusion-title-heading title-heading-left\" style=\"font-family:&quot;IBM Plex Sans Condensed&quot;;font-style:normal;font-weight:500;margin:0;font-size:1em;line-height:1.2;\"><a href=\"https:\/\/www.mundusmaris.org\/fr\/academie-de-la-peche-artisanale\/rendre-la-peche-equitable\/\" class=\"awb-custom-text-color awb-custom-text-hover-color\" target=\"_self\">Rendre la p\u00eache \u00e9quitable<\/a><\/h4><\/div><\/div><\/li>\n<li class=\"fusion-layout-column fusion_builder_column fusion-builder-column-28 fusion-flex-column post-card fusion-grid-column fusion-post-cards-grid-column\" style=\"--awb-bg-color:var(--awb-color1);--awb-bg-color-hover:var(--awb-color1);--awb-bg-blend:overlay;--awb-bg-size:cover;--awb-flex-grow:0;--awb-flex-shrink:0;--awb-flex-grow-medium:;--awb-flex-shrink-medium:;--awb-flex-grow-small:;--awb-flex-shrink-small:;\" data-scroll-devices=\"small-visibility,medium-visibility,large-visibility\"><div class=\"fusion-column-wrapper fusion-column-has-shadow fusion-flex-justify-content-space-around fusion-content-layout-column\"><div class=\"fusion-classic-product-image-wrapper fusion-woo-product-image fusion-post-card-image fusion-post-card-image-1 has-aspect-ratio\" data-layout=\"static\" style=\"--awb-aspect-ratio:3 \/ 2;\"><div  class=\"fusion-image-wrapper\" aria-haspopup=\"true\">\n\t\t\t\t\t\t\t<a href=\"https:\/\/www.mundusmaris.org\/fr\/locean-nous-nourrit\/win-big-gagnez-gros-evenement-baltique\/\" aria-label=\"\u00abWin Big (Gagnez gros)\u00bb \u2013 \u00c9v\u00e9nement Baltique\">\n\t\t\t\t\t\t\t<img decoding=\"async\" width=\"1712\" height=\"1310\" src=\"https:\/\/www.mundusmaris.org\/wp-content\/uploads\/2025\/11\/BannerAnnouncement.jpg\" class=\"attachment-full size-full wp-post-image\" alt=\"\" srcset=\"https:\/\/www.mundusmaris.org\/wp-content\/uploads\/2025\/11\/BannerAnnouncement-200x153.jpg 200w, https:\/\/www.mundusmaris.org\/wp-content\/uploads\/2025\/11\/BannerAnnouncement-400x306.jpg 400w, https:\/\/www.mundusmaris.org\/wp-content\/uploads\/2025\/11\/BannerAnnouncement-600x459.jpg 600w, https:\/\/www.mundusmaris.org\/wp-content\/uploads\/2025\/11\/BannerAnnouncement-800x612.jpg 800w, https:\/\/www.mundusmaris.org\/wp-content\/uploads\/2025\/11\/BannerAnnouncement-1200x918.jpg 1200w, https:\/\/www.mundusmaris.org\/wp-content\/uploads\/2025\/11\/BannerAnnouncement.jpg 1712w\" sizes=\"(min-width: 2200px) 100vw, (min-width: 784px) 373px, (min-width: 712px) 560px, (min-width: 640px) 712px, \" \/>\t\t\t<\/a>\n\t\t\t\t\t\t\t<\/div>\n<\/div><div class=\"fusion-meta-tb fusion-meta-tb-28 floated\" style=\"--awb-border-top:0px;--awb-height:36px;--awb-alignment-medium:flex-start;--awb-alignment-small:flex-start;\"><span class=\"fusion-tb-published-date\">Published On: 10 novembre 2025<\/span><span class=\"fusion-meta-tb-sep\"><\/span><\/div><div class=\"fusion-title title fusion-title-28 fusion-sep-none fusion-title-text fusion-title-size-four\" style=\"--awb-margin-top:20px;--awb-margin-right:20px;--awb-margin-bottom:20px;--awb-margin-left:20px;--awb-margin-top-small:10px;--awb-margin-right-small:0px;--awb-margin-bottom-small:10px;--awb-margin-left-small:0px;--awb-font-size:24px;\"><h4 class=\"fusion-title-heading title-heading-left\" style=\"font-family:&quot;IBM Plex Sans Condensed&quot;;font-style:normal;font-weight:500;margin:0;font-size:1em;line-height:1.2;\"><a href=\"https:\/\/www.mundusmaris.org\/fr\/locean-nous-nourrit\/win-big-gagnez-gros-evenement-baltique\/\" class=\"awb-custom-text-color awb-custom-text-hover-color\" target=\"_self\">\u00abWin Big (Gagnez gros)\u00bb \u2013 \u00c9v\u00e9nement Baltique<\/a><\/h4><\/div><\/div><\/li>\n<li class=\"fusion-layout-column fusion_builder_column fusion-builder-column-29 fusion-flex-column post-card fusion-grid-column fusion-post-cards-grid-column\" style=\"--awb-bg-color:var(--awb-color1);--awb-bg-color-hover:var(--awb-color1);--awb-bg-blend:overlay;--awb-bg-size:cover;--awb-flex-grow:0;--awb-flex-shrink:0;--awb-flex-grow-medium:;--awb-flex-shrink-medium:;--awb-flex-grow-small:;--awb-flex-shrink-small:;\" data-scroll-devices=\"small-visibility,medium-visibility,large-visibility\"><div class=\"fusion-column-wrapper fusion-column-has-shadow fusion-flex-justify-content-space-around fusion-content-layout-column\"><div class=\"fusion-classic-product-image-wrapper fusion-woo-product-image fusion-post-card-image fusion-post-card-image-1 has-aspect-ratio\" data-layout=\"static\" style=\"--awb-aspect-ratio:3 \/ 2;\"><div  class=\"fusion-image-wrapper\" aria-haspopup=\"true\">\n\t\t\t\t\t\t\t<a href=\"https:\/\/www.mundusmaris.org\/fr\/education-et-sensibilisation-a-ocean\/protecting-blue-horizons-in-argentinean-patagonia\/\" aria-label=\"Protecting Blue Horizons in Argentinean Patagonia\">\n\t\t\t\t\t\t\t<img decoding=\"async\" width=\"500\" height=\"500\" src=\"https:\/\/www.mundusmaris.org\/wp-content\/uploads\/2025\/11\/Feature500RolePlayRioNegro.jpg\" class=\"attachment-full size-full wp-post-image\" alt=\"\" srcset=\"https:\/\/www.mundusmaris.org\/wp-content\/uploads\/2025\/11\/Feature500RolePlayRioNegro-200x200.jpg 200w, https:\/\/www.mundusmaris.org\/wp-content\/uploads\/2025\/11\/Feature500RolePlayRioNegro-400x400.jpg 400w, https:\/\/www.mundusmaris.org\/wp-content\/uploads\/2025\/11\/Feature500RolePlayRioNegro.jpg 500w\" sizes=\"(min-width: 2200px) 100vw, (min-width: 784px) 373px, (min-width: 712px) 560px, (min-width: 640px) 712px, \" \/>\t\t\t<\/a>\n\t\t\t\t\t\t\t<\/div>\n<\/div><div class=\"fusion-meta-tb fusion-meta-tb-29 floated\" style=\"--awb-border-top:0px;--awb-height:36px;--awb-alignment-medium:flex-start;--awb-alignment-small:flex-start;\"><span class=\"fusion-tb-published-date\">Published On: 8 novembre 2025<\/span><span class=\"fusion-meta-tb-sep\"><\/span><\/div><div class=\"fusion-title title fusion-title-29 fusion-sep-none fusion-title-text fusion-title-size-four\" style=\"--awb-margin-top:20px;--awb-margin-right:20px;--awb-margin-bottom:20px;--awb-margin-left:20px;--awb-margin-top-small:10px;--awb-margin-right-small:0px;--awb-margin-bottom-small:10px;--awb-margin-left-small:0px;--awb-font-size:24px;\"><h4 class=\"fusion-title-heading title-heading-left\" style=\"font-family:&quot;IBM Plex Sans Condensed&quot;;font-style:normal;font-weight:500;margin:0;font-size:1em;line-height:1.2;\"><a href=\"https:\/\/www.mundusmaris.org\/fr\/education-et-sensibilisation-a-ocean\/protecting-blue-horizons-in-argentinean-patagonia\/\" class=\"awb-custom-text-color awb-custom-text-hover-color\" target=\"_self\">Protecting Blue Horizons in Argentinean Patagonia<\/a><\/h4><\/div><\/div><\/li>\n<li class=\"fusion-layout-column fusion_builder_column fusion-builder-column-30 fusion-flex-column post-card fusion-grid-column fusion-post-cards-grid-column\" style=\"--awb-bg-color:var(--awb-color1);--awb-bg-color-hover:var(--awb-color1);--awb-bg-blend:overlay;--awb-bg-size:cover;--awb-flex-grow:0;--awb-flex-shrink:0;--awb-flex-grow-medium:;--awb-flex-shrink-medium:;--awb-flex-grow-small:;--awb-flex-shrink-small:;\" data-scroll-devices=\"small-visibility,medium-visibility,large-visibility\"><div class=\"fusion-column-wrapper fusion-column-has-shadow fusion-flex-justify-content-space-around fusion-content-layout-column\"><div class=\"fusion-classic-product-image-wrapper fusion-woo-product-image fusion-post-card-image fusion-post-card-image-1 has-aspect-ratio\" data-layout=\"static\" style=\"--awb-aspect-ratio:3 \/ 2;\"><div  class=\"fusion-image-wrapper\" aria-haspopup=\"true\">\n\t\t\t\t\t\t\t<a href=\"https:\/\/www.mundusmaris.org\/fr\/activites\/arret-a-la-surpeche\/mettre-fin-aux-subventions-dommageables-a-a-peche-premiere-etape-reussie\/\" aria-label=\"Mettre fin aux subventions dommageables \u00e0 la p\u00eache \u2013 premi\u00e8re \u00e9tape r\u00e9ussie !\">\n\t\t\t\t\t\t\t<img decoding=\"async\" width=\"500\" height=\"375\" src=\"https:\/\/www.mundusmaris.org\/wp-content\/uploads\/2024\/12\/Changemakers-MC13-1.jpg\" class=\"attachment-full size-full wp-post-image\" alt=\"\" srcset=\"https:\/\/www.mundusmaris.org\/wp-content\/uploads\/2024\/12\/Changemakers-MC13-1-200x150.jpg 200w, https:\/\/www.mundusmaris.org\/wp-content\/uploads\/2024\/12\/Changemakers-MC13-1-400x300.jpg 400w, https:\/\/www.mundusmaris.org\/wp-content\/uploads\/2024\/12\/Changemakers-MC13-1.jpg 500w\" sizes=\"(min-width: 2200px) 100vw, (min-width: 784px) 373px, (min-width: 712px) 560px, (min-width: 640px) 712px, \" \/>\t\t\t<\/a>\n\t\t\t\t\t\t\t<\/div>\n<\/div><div class=\"fusion-meta-tb fusion-meta-tb-30 floated\" style=\"--awb-border-top:0px;--awb-height:36px;--awb-alignment-medium:flex-start;--awb-alignment-small:flex-start;\"><span class=\"fusion-tb-published-date\">Published On: 2 novembre 2025<\/span><span class=\"fusion-meta-tb-sep\"><\/span><\/div><div class=\"fusion-title title fusion-title-30 fusion-sep-none fusion-title-text fusion-title-size-four\" style=\"--awb-margin-top:20px;--awb-margin-right:20px;--awb-margin-bottom:20px;--awb-margin-left:20px;--awb-margin-top-small:10px;--awb-margin-right-small:0px;--awb-margin-bottom-small:10px;--awb-margin-left-small:0px;--awb-font-size:24px;\"><h4 class=\"fusion-title-heading title-heading-left\" style=\"font-family:&quot;IBM Plex Sans Condensed&quot;;font-style:normal;font-weight:500;margin:0;font-size:1em;line-height:1.2;\"><a href=\"https:\/\/www.mundusmaris.org\/fr\/activites\/arret-a-la-surpeche\/mettre-fin-aux-subventions-dommageables-a-a-peche-premiere-etape-reussie\/\" class=\"awb-custom-text-color awb-custom-text-hover-color\" target=\"_self\">Mettre fin aux subventions dommageables \u00e0 la p\u00eache \u2013 premi\u00e8re \u00e9tape r\u00e9ussie !<\/a><\/h4><\/div><\/div><\/li>\n<li class=\"fusion-layout-column fusion_builder_column fusion-builder-column-31 fusion-flex-column post-card fusion-grid-column fusion-post-cards-grid-column\" style=\"--awb-bg-color:var(--awb-color1);--awb-bg-color-hover:var(--awb-color1);--awb-bg-blend:overlay;--awb-bg-size:cover;--awb-flex-grow:0;--awb-flex-shrink:0;--awb-flex-grow-medium:;--awb-flex-shrink-medium:;--awb-flex-grow-small:;--awb-flex-shrink-small:;\" data-scroll-devices=\"small-visibility,medium-visibility,large-visibility\"><div class=\"fusion-column-wrapper fusion-column-has-shadow fusion-flex-justify-content-space-around fusion-content-layout-column\"><div class=\"fusion-classic-product-image-wrapper fusion-woo-product-image fusion-post-card-image fusion-post-card-image-1 has-aspect-ratio\" data-layout=\"static\" style=\"--awb-aspect-ratio:3 \/ 2;\"><div  class=\"fusion-image-wrapper\" aria-haspopup=\"true\">\n\t\t\t\t\t\t\t<a href=\"https:\/\/www.mundusmaris.org\/fr\/journee-mondiale-de-locean\/wod-2025-fr\/protection-de-locean-et-football-vont-de-pair-a-hann\/\" aria-label=\"Protection de l&rsquo;oc\u00e9an et football vont de pair \u00e0 Hann\">\n\t\t\t\t\t\t\t<img decoding=\"async\" width=\"500\" height=\"462\" src=\"https:\/\/www.mundusmaris.org\/wp-content\/uploads\/2026\/02\/EnvironmentFootballClass_feature.jpg\" class=\"attachment-full size-full wp-post-image\" alt=\"\" srcset=\"https:\/\/www.mundusmaris.org\/wp-content\/uploads\/2026\/02\/EnvironmentFootballClass_feature-200x185.jpg 200w, https:\/\/www.mundusmaris.org\/wp-content\/uploads\/2026\/02\/EnvironmentFootballClass_feature-400x370.jpg 400w, https:\/\/www.mundusmaris.org\/wp-content\/uploads\/2026\/02\/EnvironmentFootballClass_feature.jpg 500w\" sizes=\"(min-width: 2200px) 100vw, (min-width: 784px) 373px, (min-width: 712px) 560px, (min-width: 640px) 712px, \" \/>\t\t\t<\/a>\n\t\t\t\t\t\t\t<\/div>\n<\/div><div class=\"fusion-meta-tb fusion-meta-tb-31 floated\" style=\"--awb-border-top:0px;--awb-height:36px;--awb-alignment-medium:flex-start;--awb-alignment-small:flex-start;\"><span class=\"fusion-tb-published-date\">Published On: 23 octobre 2025<\/span><span class=\"fusion-meta-tb-sep\"><\/span><\/div><div class=\"fusion-title title fusion-title-31 fusion-sep-none fusion-title-text fusion-title-size-four\" style=\"--awb-margin-top:20px;--awb-margin-right:20px;--awb-margin-bottom:20px;--awb-margin-left:20px;--awb-margin-top-small:10px;--awb-margin-right-small:0px;--awb-margin-bottom-small:10px;--awb-margin-left-small:0px;--awb-font-size:24px;\"><h4 class=\"fusion-title-heading title-heading-left\" style=\"font-family:&quot;IBM Plex Sans Condensed&quot;;font-style:normal;font-weight:500;margin:0;font-size:1em;line-height:1.2;\"><a href=\"https:\/\/www.mundusmaris.org\/fr\/journee-mondiale-de-locean\/wod-2025-fr\/protection-de-locean-et-football-vont-de-pair-a-hann\/\" class=\"awb-custom-text-color awb-custom-text-hover-color\" target=\"_self\">Protection de l&rsquo;oc\u00e9an et football vont de pair \u00e0 Hann<\/a><\/h4><\/div><\/div><\/li>\n<li class=\"fusion-layout-column fusion_builder_column fusion-builder-column-32 fusion-flex-column post-card fusion-grid-column fusion-post-cards-grid-column\" style=\"--awb-bg-color:var(--awb-color1);--awb-bg-color-hover:var(--awb-color1);--awb-bg-blend:overlay;--awb-bg-size:cover;--awb-flex-grow:0;--awb-flex-shrink:0;--awb-flex-grow-medium:;--awb-flex-shrink-medium:;--awb-flex-grow-small:;--awb-flex-shrink-small:;\" data-scroll-devices=\"small-visibility,medium-visibility,large-visibility\"><div class=\"fusion-column-wrapper fusion-column-has-shadow fusion-flex-justify-content-space-around fusion-content-layout-column\"><div class=\"fusion-classic-product-image-wrapper fusion-woo-product-image fusion-post-card-image fusion-post-card-image-1 has-aspect-ratio\" data-layout=\"static\" style=\"--awb-aspect-ratio:3 \/ 2;\"><div  class=\"fusion-image-wrapper\" aria-haspopup=\"true\">\n\t\t\t\t\t\t\t<a href=\"https:\/\/www.mundusmaris.org\/fr\/activites\/arret-a-la-surpeche\/les-prises-accessoires-dans-les-pecheries-de-lue-de-la-prise-de-conscience-a-laction\/\" aria-label=\"Les prises accessoires dans les p\u00eacheries de l&rsquo;UE : de la prise de conscience \u00e0 l&rsquo;action\">\n\t\t\t\t\t\t\t<img decoding=\"async\" width=\"500\" height=\"249\" src=\"https:\/\/www.mundusmaris.org\/wp-content\/uploads\/2025\/10\/Poster-500.jpg\" class=\"attachment-full size-full wp-post-image\" alt=\"\" srcset=\"https:\/\/www.mundusmaris.org\/wp-content\/uploads\/2025\/10\/Poster-500-200x100.jpg 200w, https:\/\/www.mundusmaris.org\/wp-content\/uploads\/2025\/10\/Poster-500-400x199.jpg 400w, https:\/\/www.mundusmaris.org\/wp-content\/uploads\/2025\/10\/Poster-500.jpg 500w\" sizes=\"(min-width: 2200px) 100vw, (min-width: 784px) 373px, (min-width: 712px) 560px, (min-width: 640px) 712px, \" \/>\t\t\t<\/a>\n\t\t\t\t\t\t\t<\/div>\n<\/div><div class=\"fusion-meta-tb fusion-meta-tb-32 floated\" style=\"--awb-border-top:0px;--awb-height:36px;--awb-alignment-medium:flex-start;--awb-alignment-small:flex-start;\"><span class=\"fusion-tb-published-date\">Published On: 19 octobre 2025<\/span><span class=\"fusion-meta-tb-sep\"><\/span><\/div><div class=\"fusion-title title fusion-title-32 fusion-sep-none fusion-title-text fusion-title-size-four\" style=\"--awb-margin-top:20px;--awb-margin-right:20px;--awb-margin-bottom:20px;--awb-margin-left:20px;--awb-margin-top-small:10px;--awb-margin-right-small:0px;--awb-margin-bottom-small:10px;--awb-margin-left-small:0px;--awb-font-size:24px;\"><h4 class=\"fusion-title-heading title-heading-left\" style=\"font-family:&quot;IBM Plex Sans Condensed&quot;;font-style:normal;font-weight:500;margin:0;font-size:1em;line-height:1.2;\"><a href=\"https:\/\/www.mundusmaris.org\/fr\/activites\/arret-a-la-surpeche\/les-prises-accessoires-dans-les-pecheries-de-lue-de-la-prise-de-conscience-a-laction\/\" class=\"awb-custom-text-color awb-custom-text-hover-color\" target=\"_self\">Les prises accessoires dans les p\u00eacheries de l&rsquo;UE : de la prise de conscience \u00e0 l&rsquo;action<\/a><\/h4><\/div><\/div><\/li>\n<li class=\"fusion-layout-column fusion_builder_column fusion-builder-column-33 fusion-flex-column post-card fusion-grid-column fusion-post-cards-grid-column\" style=\"--awb-bg-color:var(--awb-color1);--awb-bg-color-hover:var(--awb-color1);--awb-bg-blend:overlay;--awb-bg-size:cover;--awb-flex-grow:0;--awb-flex-shrink:0;--awb-flex-grow-medium:;--awb-flex-shrink-medium:;--awb-flex-grow-small:;--awb-flex-shrink-small:;\" data-scroll-devices=\"small-visibility,medium-visibility,large-visibility\"><div class=\"fusion-column-wrapper fusion-column-has-shadow fusion-flex-justify-content-space-around fusion-content-layout-column\"><div class=\"fusion-classic-product-image-wrapper fusion-woo-product-image fusion-post-card-image fusion-post-card-image-1 has-aspect-ratio\" data-layout=\"static\" style=\"--awb-aspect-ratio:3 \/ 2;\"><div  class=\"fusion-image-wrapper\" aria-haspopup=\"true\">\n\t\t\t\t\t\t\t<a href=\"https:\/\/www.mundusmaris.org\/fr\/activites\/arret-a-la-surpeche\/projection-discussion-ocean-avec-david-attenborough\/\" aria-label=\"Projection &#038; Discussion: OCEAN avec David Attenborough\">\n\t\t\t\t\t\t\t<img decoding=\"async\" width=\"500\" height=\"500\" src=\"https:\/\/www.mundusmaris.org\/wp-content\/uploads\/2025\/10\/square-ocean-week-2025-event-tiles-500.jpg\" class=\"attachment-full size-full wp-post-image\" alt=\"\" srcset=\"https:\/\/www.mundusmaris.org\/wp-content\/uploads\/2025\/10\/square-ocean-week-2025-event-tiles-500-200x200.jpg 200w, https:\/\/www.mundusmaris.org\/wp-content\/uploads\/2025\/10\/square-ocean-week-2025-event-tiles-500-400x400.jpg 400w, https:\/\/www.mundusmaris.org\/wp-content\/uploads\/2025\/10\/square-ocean-week-2025-event-tiles-500.jpg 500w\" sizes=\"(min-width: 2200px) 100vw, (min-width: 784px) 373px, (min-width: 712px) 560px, (min-width: 640px) 712px, \" \/>\t\t\t<\/a>\n\t\t\t\t\t\t\t<\/div>\n<\/div><div class=\"fusion-meta-tb fusion-meta-tb-33 floated\" style=\"--awb-border-top:0px;--awb-height:36px;--awb-alignment-medium:flex-start;--awb-alignment-small:flex-start;\"><span class=\"fusion-tb-published-date\">Published On: 16 octobre 2025<\/span><span class=\"fusion-meta-tb-sep\"><\/span><\/div><div class=\"fusion-title title fusion-title-33 fusion-sep-none fusion-title-text fusion-title-size-four\" style=\"--awb-margin-top:20px;--awb-margin-right:20px;--awb-margin-bottom:20px;--awb-margin-left:20px;--awb-margin-top-small:10px;--awb-margin-right-small:0px;--awb-margin-bottom-small:10px;--awb-margin-left-small:0px;--awb-font-size:24px;\"><h4 class=\"fusion-title-heading title-heading-left\" style=\"font-family:&quot;IBM Plex Sans Condensed&quot;;font-style:normal;font-weight:500;margin:0;font-size:1em;line-height:1.2;\"><a href=\"https:\/\/www.mundusmaris.org\/fr\/activites\/arret-a-la-surpeche\/projection-discussion-ocean-avec-david-attenborough\/\" class=\"awb-custom-text-color awb-custom-text-hover-color\" target=\"_self\">Projection &#038; Discussion: OCEAN avec David Attenborough<\/a><\/h4><\/div><\/div><\/li>\n<li class=\"fusion-layout-column fusion_builder_column fusion-builder-column-34 fusion-flex-column post-card fusion-grid-column fusion-post-cards-grid-column\" style=\"--awb-bg-color:var(--awb-color1);--awb-bg-color-hover:var(--awb-color1);--awb-bg-blend:overlay;--awb-bg-size:cover;--awb-flex-grow:0;--awb-flex-shrink:0;--awb-flex-grow-medium:;--awb-flex-shrink-medium:;--awb-flex-grow-small:;--awb-flex-shrink-small:;\" data-scroll-devices=\"small-visibility,medium-visibility,large-visibility\"><div class=\"fusion-column-wrapper fusion-column-has-shadow fusion-flex-justify-content-space-around fusion-content-layout-column\"><div class=\"fusion-classic-product-image-wrapper fusion-woo-product-image fusion-post-card-image fusion-post-card-image-1 has-aspect-ratio\" data-layout=\"static\" style=\"--awb-aspect-ratio:3 \/ 2;\"><div  class=\"fusion-image-wrapper\" aria-haspopup=\"true\">\n\t\t\t\t\t\t\t<a href=\"https:\/\/www.mundusmaris.org\/fr\/activites\/arret-a-la-surpeche\/shark-lab-proteger-les-requins-pour-un-ocean-en-bonne-sante\/\" aria-label=\"Shark Lab: Prot\u00e9ger les requins pour un oc\u00e9an en bonne sant\u00e9\">\n\t\t\t\t\t\t\t<img decoding=\"async\" width=\"500\" height=\"333\" src=\"https:\/\/www.mundusmaris.org\/wp-content\/uploads\/2025\/10\/ConfiscatedFins.jpg\" class=\"attachment-full size-full wp-post-image\" alt=\"\" srcset=\"https:\/\/www.mundusmaris.org\/wp-content\/uploads\/2025\/10\/ConfiscatedFins-200x133.jpg 200w, https:\/\/www.mundusmaris.org\/wp-content\/uploads\/2025\/10\/ConfiscatedFins-400x266.jpg 400w, https:\/\/www.mundusmaris.org\/wp-content\/uploads\/2025\/10\/ConfiscatedFins.jpg 500w\" sizes=\"(min-width: 2200px) 100vw, (min-width: 784px) 373px, (min-width: 712px) 560px, (min-width: 640px) 712px, \" \/>\t\t\t<\/a>\n\t\t\t\t\t\t\t<\/div>\n<\/div><div class=\"fusion-meta-tb fusion-meta-tb-34 floated\" style=\"--awb-border-top:0px;--awb-height:36px;--awb-alignment-medium:flex-start;--awb-alignment-small:flex-start;\"><span class=\"fusion-tb-published-date\">Published On: 16 octobre 2025<\/span><span class=\"fusion-meta-tb-sep\"><\/span><\/div><div class=\"fusion-title title fusion-title-34 fusion-sep-none fusion-title-text fusion-title-size-four\" style=\"--awb-margin-top:20px;--awb-margin-right:20px;--awb-margin-bottom:20px;--awb-margin-left:20px;--awb-margin-top-small:10px;--awb-margin-right-small:0px;--awb-margin-bottom-small:10px;--awb-margin-left-small:0px;--awb-font-size:24px;\"><h4 class=\"fusion-title-heading title-heading-left\" style=\"font-family:&quot;IBM Plex Sans Condensed&quot;;font-style:normal;font-weight:500;margin:0;font-size:1em;line-height:1.2;\"><a href=\"https:\/\/www.mundusmaris.org\/fr\/activites\/arret-a-la-surpeche\/shark-lab-proteger-les-requins-pour-un-ocean-en-bonne-sante\/\" class=\"awb-custom-text-color awb-custom-text-hover-color\" target=\"_self\">Shark Lab: Prot\u00e9ger les requins pour un oc\u00e9an en bonne sant\u00e9<\/a><\/h4><\/div><\/div><\/li>\n<li class=\"fusion-layout-column fusion_builder_column fusion-builder-column-35 fusion-flex-column post-card fusion-grid-column fusion-post-cards-grid-column\" style=\"--awb-bg-color:var(--awb-color1);--awb-bg-color-hover:var(--awb-color1);--awb-bg-blend:overlay;--awb-bg-size:cover;--awb-flex-grow:0;--awb-flex-shrink:0;--awb-flex-grow-medium:;--awb-flex-shrink-medium:;--awb-flex-grow-small:;--awb-flex-shrink-small:;\" data-scroll-devices=\"small-visibility,medium-visibility,large-visibility\"><div class=\"fusion-column-wrapper fusion-column-has-shadow fusion-flex-justify-content-space-around fusion-content-layout-column\"><div class=\"fusion-classic-product-image-wrapper fusion-woo-product-image fusion-post-card-image fusion-post-card-image-1 has-aspect-ratio\" data-layout=\"static\" style=\"--awb-aspect-ratio:3 \/ 2;\"><div  class=\"fusion-image-wrapper\" aria-haspopup=\"true\">\n\t\t\t\t\t\t\t<a href=\"\" aria-label=\"Examples of participatory marine protection from across the EU\">\n\t\t\t\t\t\t\t\t\t\t<div class=\"fusion-placeholder-image\" data-origheight=\"150\" data-origwidth=\"100%\" style=\"width:100%;aspect-ratio:3 \/ 2;\"><\/div>\n\t\t\t\t\t<\/a>\n\t\t\t\t\t\t\t<\/div>\n<\/div><div class=\"fusion-meta-tb fusion-meta-tb-35 floated\" style=\"--awb-border-top:0px;--awb-height:36px;--awb-alignment-medium:flex-start;--awb-alignment-small:flex-start;\"><span class=\"fusion-tb-published-date\">Published On: 16 octobre 2025<\/span><span class=\"fusion-meta-tb-sep\"><\/span><\/div><div class=\"fusion-title title fusion-title-35 fusion-sep-none fusion-title-text fusion-title-size-four\" style=\"--awb-margin-top:20px;--awb-margin-right:20px;--awb-margin-bottom:20px;--awb-margin-left:20px;--awb-margin-top-small:10px;--awb-margin-right-small:0px;--awb-margin-bottom-small:10px;--awb-margin-left-small:0px;--awb-font-size:24px;\"><h4 class=\"fusion-title-heading title-heading-left\" style=\"font-family:&quot;IBM Plex Sans Condensed&quot;;font-style:normal;font-weight:500;margin:0;font-size:1em;line-height:1.2;\"><a href=\"https:\/\/www.mundusmaris.org\/fr\/activites\/arret-a-la-surpeche\/examples-of-participatory-marine-protection-from-across-the-eu\/\" class=\"awb-custom-text-color awb-custom-text-hover-color\" target=\"_self\">Examples of participatory marine protection from across the EU<\/a><\/h4><\/div><\/div><\/li>\n<li class=\"fusion-layout-column fusion_builder_column fusion-builder-column-36 fusion-flex-column post-card fusion-grid-column fusion-post-cards-grid-column\" style=\"--awb-bg-color:var(--awb-color1);--awb-bg-color-hover:var(--awb-color1);--awb-bg-blend:overlay;--awb-bg-size:cover;--awb-flex-grow:0;--awb-flex-shrink:0;--awb-flex-grow-medium:;--awb-flex-shrink-medium:;--awb-flex-grow-small:;--awb-flex-shrink-small:;\" data-scroll-devices=\"small-visibility,medium-visibility,large-visibility\"><div class=\"fusion-column-wrapper fusion-column-has-shadow fusion-flex-justify-content-space-around fusion-content-layout-column\"><div class=\"fusion-classic-product-image-wrapper fusion-woo-product-image fusion-post-card-image fusion-post-card-image-1 has-aspect-ratio\" data-layout=\"static\" style=\"--awb-aspect-ratio:3 \/ 2;\"><div  class=\"fusion-image-wrapper\" aria-haspopup=\"true\">\n\t\t\t\t\t\t\t<a href=\"https:\/\/www.mundusmaris.org\/fr\/activites\/protection-de-locean-et-du-climat\/the-next-mff-rethinking-eu-funding-for-a-healthy-ocean-future\/\" aria-label=\"The next MFF: Rethinking EU funding for a healthy ocean future\">\n\t\t\t\t\t\t\t<img decoding=\"async\" width=\"500\" height=\"320\" src=\"https:\/\/www.mundusmaris.org\/wp-content\/uploads\/2025\/10\/OpeningRemarksByMEPStephanieYon-Courtin500.jpg\" class=\"attachment-full size-full wp-post-image\" alt=\"\" srcset=\"https:\/\/www.mundusmaris.org\/wp-content\/uploads\/2025\/10\/OpeningRemarksByMEPStephanieYon-Courtin500-200x128.jpg 200w, https:\/\/www.mundusmaris.org\/wp-content\/uploads\/2025\/10\/OpeningRemarksByMEPStephanieYon-Courtin500-400x256.jpg 400w, https:\/\/www.mundusmaris.org\/wp-content\/uploads\/2025\/10\/OpeningRemarksByMEPStephanieYon-Courtin500.jpg 500w\" sizes=\"(min-width: 2200px) 100vw, (min-width: 784px) 373px, (min-width: 712px) 560px, (min-width: 640px) 712px, \" \/>\t\t\t<\/a>\n\t\t\t\t\t\t\t<\/div>\n<\/div><div class=\"fusion-meta-tb fusion-meta-tb-36 floated\" style=\"--awb-border-top:0px;--awb-height:36px;--awb-alignment-medium:flex-start;--awb-alignment-small:flex-start;\"><span class=\"fusion-tb-published-date\">Published On: 15 octobre 2025<\/span><span class=\"fusion-meta-tb-sep\"><\/span><\/div><div class=\"fusion-title title fusion-title-36 fusion-sep-none fusion-title-text fusion-title-size-four\" style=\"--awb-margin-top:20px;--awb-margin-right:20px;--awb-margin-bottom:20px;--awb-margin-left:20px;--awb-margin-top-small:10px;--awb-margin-right-small:0px;--awb-margin-bottom-small:10px;--awb-margin-left-small:0px;--awb-font-size:24px;\"><h4 class=\"fusion-title-heading title-heading-left\" style=\"font-family:&quot;IBM Plex Sans Condensed&quot;;font-style:normal;font-weight:500;margin:0;font-size:1em;line-height:1.2;\"><a href=\"https:\/\/www.mundusmaris.org\/fr\/activites\/protection-de-locean-et-du-climat\/the-next-mff-rethinking-eu-funding-for-a-healthy-ocean-future\/\" class=\"awb-custom-text-color awb-custom-text-hover-color\" target=\"_self\">The next MFF: Rethinking EU funding for a healthy ocean future<\/a><\/h4><\/div><\/div><\/li>\n<li class=\"fusion-layout-column fusion_builder_column fusion-builder-column-37 fusion-flex-column post-card fusion-grid-column fusion-post-cards-grid-column\" style=\"--awb-bg-color:var(--awb-color1);--awb-bg-color-hover:var(--awb-color1);--awb-bg-blend:overlay;--awb-bg-size:cover;--awb-flex-grow:0;--awb-flex-shrink:0;--awb-flex-grow-medium:;--awb-flex-shrink-medium:;--awb-flex-grow-small:;--awb-flex-shrink-small:;\" data-scroll-devices=\"small-visibility,medium-visibility,large-visibility\"><div class=\"fusion-column-wrapper fusion-column-has-shadow fusion-flex-justify-content-space-around fusion-content-layout-column\"><div class=\"fusion-classic-product-image-wrapper fusion-woo-product-image fusion-post-card-image fusion-post-card-image-1 has-aspect-ratio\" data-layout=\"static\" style=\"--awb-aspect-ratio:3 \/ 2;\"><div  class=\"fusion-image-wrapper\" aria-haspopup=\"true\">\n\t\t\t\t\t\t\t<a href=\"\" aria-label=\"The Sea and Peace: Humanist Lessons from Erasmus and Grotius for the 21st Century\">\n\t\t\t\t\t\t\t\t\t\t<div class=\"fusion-placeholder-image\" data-origheight=\"150\" data-origwidth=\"100%\" style=\"width:100%;aspect-ratio:3 \/ 2;\"><\/div>\n\t\t\t\t\t<\/a>\n\t\t\t\t\t\t\t<\/div>\n<\/div><div class=\"fusion-meta-tb fusion-meta-tb-37 floated\" style=\"--awb-border-top:0px;--awb-height:36px;--awb-alignment-medium:flex-start;--awb-alignment-small:flex-start;\"><span class=\"fusion-tb-published-date\">Published On: 30 septembre 2025<\/span><span class=\"fusion-meta-tb-sep\"><\/span><\/div><div class=\"fusion-title title fusion-title-37 fusion-sep-none fusion-title-text fusion-title-size-four\" style=\"--awb-margin-top:20px;--awb-margin-right:20px;--awb-margin-bottom:20px;--awb-margin-left:20px;--awb-margin-top-small:10px;--awb-margin-right-small:0px;--awb-margin-bottom-small:10px;--awb-margin-left-small:0px;--awb-font-size:24px;\"><h4 class=\"fusion-title-heading title-heading-left\" style=\"font-family:&quot;IBM Plex Sans Condensed&quot;;font-style:normal;font-weight:500;margin:0;font-size:1em;line-height:1.2;\"><a href=\"https:\/\/www.mundusmaris.org\/fr\/livres\/the-sea-and-peace-humanist-lessons-from-erasmus-and-grotius-for-the-21st-century\/\" class=\"awb-custom-text-color awb-custom-text-hover-color\" target=\"_self\">The Sea and Peace: Humanist Lessons from Erasmus and Grotius for the 21st Century<\/a><\/h4><\/div><\/div><\/li>\n<li class=\"fusion-layout-column fusion_builder_column fusion-builder-column-38 fusion-flex-column post-card fusion-grid-column fusion-post-cards-grid-column\" style=\"--awb-bg-color:var(--awb-color1);--awb-bg-color-hover:var(--awb-color1);--awb-bg-blend:overlay;--awb-bg-size:cover;--awb-flex-grow:0;--awb-flex-shrink:0;--awb-flex-grow-medium:;--awb-flex-shrink-medium:;--awb-flex-grow-small:;--awb-flex-shrink-small:;\" data-scroll-devices=\"small-visibility,medium-visibility,large-visibility\"><div class=\"fusion-column-wrapper fusion-column-has-shadow fusion-flex-justify-content-space-around fusion-content-layout-column\"><div class=\"fusion-classic-product-image-wrapper fusion-woo-product-image fusion-post-card-image fusion-post-card-image-1 has-aspect-ratio\" data-layout=\"static\" style=\"--awb-aspect-ratio:3 \/ 2;\"><div  class=\"fusion-image-wrapper\" aria-haspopup=\"true\">\n\t\t\t\t\t\t\t<a href=\"https:\/\/www.mundusmaris.org\/fr\/activites\/aproche-ecosystemique-a-la-peche\/donner-la-parole-aux-populations-cotieres\/\" aria-label=\"Donner la parole aux populations c\u00f4ti\u00e8res\">\n\t\t\t\t\t\t\t<img decoding=\"async\" width=\"499\" height=\"330\" src=\"https:\/\/www.mundusmaris.org\/wp-content\/uploads\/2025\/10\/Feature-EmpowerUsFinalEvent.jpg\" class=\"attachment-full size-full wp-post-image\" alt=\"\" srcset=\"https:\/\/www.mundusmaris.org\/wp-content\/uploads\/2025\/10\/Feature-EmpowerUsFinalEvent-200x132.jpg 200w, https:\/\/www.mundusmaris.org\/wp-content\/uploads\/2025\/10\/Feature-EmpowerUsFinalEvent-400x265.jpg 400w, https:\/\/www.mundusmaris.org\/wp-content\/uploads\/2025\/10\/Feature-EmpowerUsFinalEvent.jpg 499w\" sizes=\"(min-width: 2200px) 100vw, (min-width: 784px) 373px, (min-width: 712px) 560px, (min-width: 640px) 712px, \" \/>\t\t\t<\/a>\n\t\t\t\t\t\t\t<\/div>\n<\/div><div class=\"fusion-meta-tb fusion-meta-tb-38 floated\" style=\"--awb-border-top:0px;--awb-height:36px;--awb-alignment-medium:flex-start;--awb-alignment-small:flex-start;\"><span class=\"fusion-tb-published-date\">Published On: 13 septembre 2025<\/span><span class=\"fusion-meta-tb-sep\"><\/span><\/div><div class=\"fusion-title title fusion-title-38 fusion-sep-none fusion-title-text fusion-title-size-four\" style=\"--awb-margin-top:20px;--awb-margin-right:20px;--awb-margin-bottom:20px;--awb-margin-left:20px;--awb-margin-top-small:10px;--awb-margin-right-small:0px;--awb-margin-bottom-small:10px;--awb-margin-left-small:0px;--awb-font-size:24px;\"><h4 class=\"fusion-title-heading title-heading-left\" style=\"font-family:&quot;IBM Plex Sans Condensed&quot;;font-style:normal;font-weight:500;margin:0;font-size:1em;line-height:1.2;\"><a href=\"https:\/\/www.mundusmaris.org\/fr\/activites\/aproche-ecosystemique-a-la-peche\/donner-la-parole-aux-populations-cotieres\/\" class=\"awb-custom-text-color awb-custom-text-hover-color\" target=\"_self\">Donner la parole aux populations c\u00f4ti\u00e8res<\/a><\/h4><\/div><\/div><\/li>\n<li class=\"fusion-layout-column fusion_builder_column fusion-builder-column-39 fusion-flex-column post-card fusion-grid-column fusion-post-cards-grid-column\" style=\"--awb-bg-color:var(--awb-color1);--awb-bg-color-hover:var(--awb-color1);--awb-bg-blend:overlay;--awb-bg-size:cover;--awb-flex-grow:0;--awb-flex-shrink:0;--awb-flex-grow-medium:;--awb-flex-shrink-medium:;--awb-flex-grow-small:;--awb-flex-shrink-small:;\" data-scroll-devices=\"small-visibility,medium-visibility,large-visibility\"><div class=\"fusion-column-wrapper fusion-column-has-shadow fusion-flex-justify-content-space-around fusion-content-layout-column\"><div class=\"fusion-classic-product-image-wrapper fusion-woo-product-image fusion-post-card-image fusion-post-card-image-1 has-aspect-ratio\" data-layout=\"static\" style=\"--awb-aspect-ratio:3 \/ 2;\"><div  class=\"fusion-image-wrapper\" aria-haspopup=\"true\">\n\t\t\t\t\t\t\t<a href=\"https:\/\/www.mundusmaris.org\/fr\/activites\/protection-de-locean-et-du-climat\/lors-du-symposium-fishbase-sealifebase-a-bruxelles-les-2-et-3-septembre-2025\/\" aria-label=\"Lors du symposium FishBase-SeaLifeBase \u00e0 Bruxelles, les 2 et 3 septembre 20252025\">\n\t\t\t\t\t\t\t<img decoding=\"async\" width=\"500\" height=\"290\" src=\"https:\/\/www.mundusmaris.org\/wp-content\/uploads\/2025\/09\/SymposiumAnnouncement500.jpg\" class=\"attachment-full size-full wp-post-image\" alt=\"\" srcset=\"https:\/\/www.mundusmaris.org\/wp-content\/uploads\/2025\/09\/SymposiumAnnouncement500-200x116.jpg 200w, https:\/\/www.mundusmaris.org\/wp-content\/uploads\/2025\/09\/SymposiumAnnouncement500-400x232.jpg 400w, https:\/\/www.mundusmaris.org\/wp-content\/uploads\/2025\/09\/SymposiumAnnouncement500.jpg 500w\" sizes=\"(min-width: 2200px) 100vw, (min-width: 784px) 373px, (min-width: 712px) 560px, (min-width: 640px) 712px, \" \/>\t\t\t<\/a>\n\t\t\t\t\t\t\t<\/div>\n<\/div><div class=\"fusion-meta-tb fusion-meta-tb-39 floated\" style=\"--awb-border-top:0px;--awb-height:36px;--awb-alignment-medium:flex-start;--awb-alignment-small:flex-start;\"><span class=\"fusion-tb-published-date\">Published On: 6 septembre 2025<\/span><span class=\"fusion-meta-tb-sep\"><\/span><\/div><div class=\"fusion-title title fusion-title-39 fusion-sep-none fusion-title-text fusion-title-size-four\" style=\"--awb-margin-top:20px;--awb-margin-right:20px;--awb-margin-bottom:20px;--awb-margin-left:20px;--awb-margin-top-small:10px;--awb-margin-right-small:0px;--awb-margin-bottom-small:10px;--awb-margin-left-small:0px;--awb-font-size:24px;\"><h4 class=\"fusion-title-heading title-heading-left\" style=\"font-family:&quot;IBM Plex Sans Condensed&quot;;font-style:normal;font-weight:500;margin:0;font-size:1em;line-height:1.2;\"><a href=\"https:\/\/www.mundusmaris.org\/fr\/activites\/protection-de-locean-et-du-climat\/lors-du-symposium-fishbase-sealifebase-a-bruxelles-les-2-et-3-septembre-2025\/\" class=\"awb-custom-text-color awb-custom-text-hover-color\" target=\"_self\">Lors du symposium FishBase-SeaLifeBase \u00e0 Bruxelles, les 2 et 3 septembre 20252025<\/a><\/h4><\/div><\/div><\/li>\n<li class=\"fusion-layout-column fusion_builder_column fusion-builder-column-40 fusion-flex-column post-card fusion-grid-column fusion-post-cards-grid-column\" style=\"--awb-bg-color:var(--awb-color1);--awb-bg-color-hover:var(--awb-color1);--awb-bg-blend:overlay;--awb-bg-size:cover;--awb-flex-grow:0;--awb-flex-shrink:0;--awb-flex-grow-medium:;--awb-flex-shrink-medium:;--awb-flex-grow-small:;--awb-flex-shrink-small:;\" data-scroll-devices=\"small-visibility,medium-visibility,large-visibility\"><div class=\"fusion-column-wrapper fusion-column-has-shadow fusion-flex-justify-content-space-around fusion-content-layout-column\"><div class=\"fusion-classic-product-image-wrapper fusion-woo-product-image fusion-post-card-image fusion-post-card-image-1 has-aspect-ratio\" data-layout=\"static\" style=\"--awb-aspect-ratio:3 \/ 2;\"><div  class=\"fusion-image-wrapper\" aria-haspopup=\"true\">\n\t\t\t\t\t\t\t<a href=\"https:\/\/www.mundusmaris.org\/fr\/livres\/navigate-species-you-see-in-nature\/\" aria-label=\"Navigate species you see in nature\">\n\t\t\t\t\t\t\t<img decoding=\"async\" width=\"500\" height=\"590\" src=\"https:\/\/www.mundusmaris.org\/wp-content\/uploads\/2025\/09\/ParasitesOfAfricanFreshwaterFishes_feature.jpg\" class=\"attachment-full size-full wp-post-image\" alt=\"\" srcset=\"https:\/\/www.mundusmaris.org\/wp-content\/uploads\/2025\/09\/ParasitesOfAfricanFreshwaterFishes_feature-200x236.jpg 200w, https:\/\/www.mundusmaris.org\/wp-content\/uploads\/2025\/09\/ParasitesOfAfricanFreshwaterFishes_feature-400x472.jpg 400w, https:\/\/www.mundusmaris.org\/wp-content\/uploads\/2025\/09\/ParasitesOfAfricanFreshwaterFishes_feature.jpg 500w\" sizes=\"(min-width: 2200px) 100vw, (min-width: 784px) 373px, (min-width: 712px) 560px, (min-width: 640px) 712px, \" \/>\t\t\t<\/a>\n\t\t\t\t\t\t\t<\/div>\n<\/div><div class=\"fusion-meta-tb fusion-meta-tb-40 floated\" style=\"--awb-border-top:0px;--awb-height:36px;--awb-alignment-medium:flex-start;--awb-alignment-small:flex-start;\"><span class=\"fusion-tb-published-date\">Published On: 6 septembre 2025<\/span><span class=\"fusion-meta-tb-sep\"><\/span><\/div><div class=\"fusion-title title fusion-title-40 fusion-sep-none fusion-title-text fusion-title-size-four\" style=\"--awb-margin-top:20px;--awb-margin-right:20px;--awb-margin-bottom:20px;--awb-margin-left:20px;--awb-margin-top-small:10px;--awb-margin-right-small:0px;--awb-margin-bottom-small:10px;--awb-margin-left-small:0px;--awb-font-size:24px;\"><h4 class=\"fusion-title-heading title-heading-left\" style=\"font-family:&quot;IBM Plex Sans Condensed&quot;;font-style:normal;font-weight:500;margin:0;font-size:1em;line-height:1.2;\"><a href=\"https:\/\/www.mundusmaris.org\/fr\/livres\/navigate-species-you-see-in-nature\/\" class=\"awb-custom-text-color awb-custom-text-hover-color\" target=\"_self\">Navigate species you see in nature<\/a><\/h4><\/div><\/div><\/li>\n<li class=\"fusion-layout-column fusion_builder_column fusion-builder-column-41 fusion-flex-column post-card fusion-grid-column fusion-post-cards-grid-column\" style=\"--awb-bg-color:var(--awb-color1);--awb-bg-color-hover:var(--awb-color1);--awb-bg-blend:overlay;--awb-bg-size:cover;--awb-flex-grow:0;--awb-flex-shrink:0;--awb-flex-grow-medium:;--awb-flex-shrink-medium:;--awb-flex-grow-small:;--awb-flex-shrink-small:;\" data-scroll-devices=\"small-visibility,medium-visibility,large-visibility\"><div class=\"fusion-column-wrapper fusion-column-has-shadow fusion-flex-justify-content-space-around fusion-content-layout-column\"><div class=\"fusion-classic-product-image-wrapper fusion-woo-product-image fusion-post-card-image fusion-post-card-image-1 has-aspect-ratio\" data-layout=\"static\" style=\"--awb-aspect-ratio:3 \/ 2;\"><div  class=\"fusion-image-wrapper\" aria-haspopup=\"true\">\n\t\t\t\t\t\t\t<a href=\"https:\/\/www.mundusmaris.org\/fr\/activites\/aproche-ecosystemique-a-la-peche\/mundus-maris-with-youth-parliament-in-hilden-germany-23-august-2025\/\" aria-label=\"Mundus maris with Youth Parliament in Hilden, Germany, 23 August 2025\">\n\t\t\t\t\t\t\t<img decoding=\"async\" width=\"500\" height=\"465\" src=\"https:\/\/www.mundusmaris.org\/wp-content\/uploads\/2025\/08\/AnkuendigungFeature.jpg\" class=\"attachment-full size-full wp-post-image\" alt=\"\" srcset=\"https:\/\/www.mundusmaris.org\/wp-content\/uploads\/2025\/08\/AnkuendigungFeature-200x186.jpg 200w, https:\/\/www.mundusmaris.org\/wp-content\/uploads\/2025\/08\/AnkuendigungFeature-400x372.jpg 400w, https:\/\/www.mundusmaris.org\/wp-content\/uploads\/2025\/08\/AnkuendigungFeature.jpg 500w\" sizes=\"(min-width: 2200px) 100vw, (min-width: 784px) 373px, (min-width: 712px) 560px, (min-width: 640px) 712px, \" \/>\t\t\t<\/a>\n\t\t\t\t\t\t\t<\/div>\n<\/div><div class=\"fusion-meta-tb fusion-meta-tb-41 floated\" style=\"--awb-border-top:0px;--awb-height:36px;--awb-alignment-medium:flex-start;--awb-alignment-small:flex-start;\"><span class=\"fusion-tb-published-date\">Published On: 25 ao\u00fbt 2025<\/span><span class=\"fusion-meta-tb-sep\"><\/span><\/div><div class=\"fusion-title title fusion-title-41 fusion-sep-none fusion-title-text fusion-title-size-four\" style=\"--awb-margin-top:20px;--awb-margin-right:20px;--awb-margin-bottom:20px;--awb-margin-left:20px;--awb-margin-top-small:10px;--awb-margin-right-small:0px;--awb-margin-bottom-small:10px;--awb-margin-left-small:0px;--awb-font-size:24px;\"><h4 class=\"fusion-title-heading title-heading-left\" style=\"font-family:&quot;IBM Plex Sans Condensed&quot;;font-style:normal;font-weight:500;margin:0;font-size:1em;line-height:1.2;\"><a href=\"https:\/\/www.mundusmaris.org\/fr\/activites\/aproche-ecosystemique-a-la-peche\/mundus-maris-with-youth-parliament-in-hilden-germany-23-august-2025\/\" class=\"awb-custom-text-color awb-custom-text-hover-color\" target=\"_self\">Mundus maris with Youth Parliament in Hilden, Germany, 23 August 2025<\/a><\/h4><\/div><\/div><\/li>\n<li class=\"fusion-layout-column fusion_builder_column fusion-builder-column-42 fusion-flex-column post-card fusion-grid-column fusion-post-cards-grid-column\" style=\"--awb-bg-color:var(--awb-color1);--awb-bg-color-hover:var(--awb-color1);--awb-bg-blend:overlay;--awb-bg-size:cover;--awb-flex-grow:0;--awb-flex-shrink:0;--awb-flex-grow-medium:;--awb-flex-shrink-medium:;--awb-flex-grow-small:;--awb-flex-shrink-small:;\" data-scroll-devices=\"small-visibility,medium-visibility,large-visibility\"><div class=\"fusion-column-wrapper fusion-column-has-shadow fusion-flex-justify-content-space-around fusion-content-layout-column\"><div class=\"fusion-classic-product-image-wrapper fusion-woo-product-image fusion-post-card-image fusion-post-card-image-1 has-aspect-ratio\" data-layout=\"static\" style=\"--awb-aspect-ratio:3 \/ 2;\"><div  class=\"fusion-image-wrapper\" aria-haspopup=\"true\">\n\t\t\t\t\t\t\t<a href=\"https:\/\/www.mundusmaris.org\/fr\/activites\/protection-de-locean-et-du-climat\/mundus-maris-at-the-start-of-the-ocean-race-europe\/\" aria-label=\"Mundus maris at the start of the Ocean Race Europe\">\n\t\t\t\t\t\t\t<img decoding=\"async\" width=\"500\" height=\"472\" src=\"https:\/\/www.mundusmaris.org\/wp-content\/uploads\/2025\/08\/MundusmarisBooth500.jpg\" class=\"attachment-full size-full wp-post-image\" alt=\"\" srcset=\"https:\/\/www.mundusmaris.org\/wp-content\/uploads\/2025\/08\/MundusmarisBooth500-200x189.jpg 200w, https:\/\/www.mundusmaris.org\/wp-content\/uploads\/2025\/08\/MundusmarisBooth500-400x378.jpg 400w, https:\/\/www.mundusmaris.org\/wp-content\/uploads\/2025\/08\/MundusmarisBooth500.jpg 500w\" sizes=\"(min-width: 2200px) 100vw, (min-width: 784px) 373px, (min-width: 712px) 560px, (min-width: 640px) 712px, \" \/>\t\t\t<\/a>\n\t\t\t\t\t\t\t<\/div>\n<\/div><div class=\"fusion-meta-tb fusion-meta-tb-42 floated\" style=\"--awb-border-top:0px;--awb-height:36px;--awb-alignment-medium:flex-start;--awb-alignment-small:flex-start;\"><span class=\"fusion-tb-published-date\">Published On: 11 ao\u00fbt 2025<\/span><span class=\"fusion-meta-tb-sep\"><\/span><\/div><div class=\"fusion-title title fusion-title-42 fusion-sep-none fusion-title-text fusion-title-size-four\" style=\"--awb-margin-top:20px;--awb-margin-right:20px;--awb-margin-bottom:20px;--awb-margin-left:20px;--awb-margin-top-small:10px;--awb-margin-right-small:0px;--awb-margin-bottom-small:10px;--awb-margin-left-small:0px;--awb-font-size:24px;\"><h4 class=\"fusion-title-heading title-heading-left\" style=\"font-family:&quot;IBM Plex Sans Condensed&quot;;font-style:normal;font-weight:500;margin:0;font-size:1em;line-height:1.2;\"><a href=\"https:\/\/www.mundusmaris.org\/fr\/activites\/protection-de-locean-et-du-climat\/mundus-maris-at-the-start-of-the-ocean-race-europe\/\" class=\"awb-custom-text-color awb-custom-text-hover-color\" target=\"_self\">Mundus maris at the start of the Ocean Race Europe<\/a><\/h4><\/div><\/div><\/li>\n<li class=\"fusion-layout-column fusion_builder_column fusion-builder-column-43 fusion-flex-column post-card fusion-grid-column fusion-post-cards-grid-column\" style=\"--awb-bg-color:var(--awb-color1);--awb-bg-color-hover:var(--awb-color1);--awb-bg-blend:overlay;--awb-bg-size:cover;--awb-flex-grow:0;--awb-flex-shrink:0;--awb-flex-grow-medium:;--awb-flex-shrink-medium:;--awb-flex-grow-small:;--awb-flex-shrink-small:;\" data-scroll-devices=\"small-visibility,medium-visibility,large-visibility\"><div class=\"fusion-column-wrapper fusion-column-has-shadow fusion-flex-justify-content-space-around fusion-content-layout-column\"><div class=\"fusion-classic-product-image-wrapper fusion-woo-product-image fusion-post-card-image fusion-post-card-image-1 has-aspect-ratio\" data-layout=\"static\" style=\"--awb-aspect-ratio:3 \/ 2;\"><div  class=\"fusion-image-wrapper\" aria-haspopup=\"true\">\n\t\t\t\t\t\t\t<a href=\"https:\/\/www.mundusmaris.org\/fr\/entre-tradition-et-modernite\/the-fishing-cycle\/\" aria-label=\"The fishing cycle\">\n\t\t\t\t\t\t\t<img decoding=\"async\" width=\"500\" height=\"354\" src=\"https:\/\/www.mundusmaris.org\/wp-content\/uploads\/2025\/08\/IlCicloDellaPesca500px.jpg\" class=\"attachment-full size-full wp-post-image\" alt=\"\" srcset=\"https:\/\/www.mundusmaris.org\/wp-content\/uploads\/2025\/08\/IlCicloDellaPesca500px-200x142.jpg 200w, https:\/\/www.mundusmaris.org\/wp-content\/uploads\/2025\/08\/IlCicloDellaPesca500px-400x283.jpg 400w, https:\/\/www.mundusmaris.org\/wp-content\/uploads\/2025\/08\/IlCicloDellaPesca500px.jpg 500w\" sizes=\"(min-width: 2200px) 100vw, (min-width: 784px) 373px, (min-width: 712px) 560px, (min-width: 640px) 712px, \" \/>\t\t\t<\/a>\n\t\t\t\t\t\t\t<\/div>\n<\/div><div class=\"fusion-meta-tb fusion-meta-tb-43 floated\" style=\"--awb-border-top:0px;--awb-height:36px;--awb-alignment-medium:flex-start;--awb-alignment-small:flex-start;\"><span class=\"fusion-tb-published-date\">Published On: 6 ao\u00fbt 2025<\/span><span class=\"fusion-meta-tb-sep\"><\/span><\/div><div class=\"fusion-title title fusion-title-43 fusion-sep-none fusion-title-text fusion-title-size-four\" style=\"--awb-margin-top:20px;--awb-margin-right:20px;--awb-margin-bottom:20px;--awb-margin-left:20px;--awb-margin-top-small:10px;--awb-margin-right-small:0px;--awb-margin-bottom-small:10px;--awb-margin-left-small:0px;--awb-font-size:24px;\"><h4 class=\"fusion-title-heading title-heading-left\" style=\"font-family:&quot;IBM Plex Sans Condensed&quot;;font-style:normal;font-weight:500;margin:0;font-size:1em;line-height:1.2;\"><a href=\"https:\/\/www.mundusmaris.org\/fr\/entre-tradition-et-modernite\/the-fishing-cycle\/\" class=\"awb-custom-text-color awb-custom-text-hover-color\" target=\"_self\">The fishing cycle<\/a><\/h4><\/div><\/div><\/li>\n<li class=\"fusion-layout-column fusion_builder_column fusion-builder-column-44 fusion-flex-column post-card fusion-grid-column fusion-post-cards-grid-column\" style=\"--awb-bg-color:var(--awb-color1);--awb-bg-color-hover:var(--awb-color1);--awb-bg-blend:overlay;--awb-bg-size:cover;--awb-flex-grow:0;--awb-flex-shrink:0;--awb-flex-grow-medium:;--awb-flex-shrink-medium:;--awb-flex-grow-small:;--awb-flex-shrink-small:;\" data-scroll-devices=\"small-visibility,medium-visibility,large-visibility\"><div class=\"fusion-column-wrapper fusion-column-has-shadow fusion-flex-justify-content-space-around fusion-content-layout-column\"><div class=\"fusion-classic-product-image-wrapper fusion-woo-product-image fusion-post-card-image fusion-post-card-image-1 has-aspect-ratio\" data-layout=\"static\" style=\"--awb-aspect-ratio:3 \/ 2;\"><div  class=\"fusion-image-wrapper\" aria-haspopup=\"true\">\n\t\t\t\t\t\t\t<a href=\"https:\/\/www.mundusmaris.org\/fr\/activites\/protection-de-locean-et-du-climat\/science-droit-et-societe-se-penchent-sur-locean-lors-de-lunoc3\/\" aria-label=\"Science, droit et soci\u00e9t\u00e9 se penchent sur l&rsquo;Oc\u00e9an lors de l&rsquo;UNOC3\">\n\t\t\t\t\t\t\t<img decoding=\"async\" width=\"500\" height=\"428\" src=\"https:\/\/www.mundusmaris.org\/wp-content\/uploads\/2025\/08\/AnotherOceanIsPossible-rotated.jpg\" class=\"attachment-full size-full wp-post-image\" alt=\"\" srcset=\"https:\/\/www.mundusmaris.org\/wp-content\/uploads\/2025\/08\/AnotherOceanIsPossible-200x171.jpg 200w, https:\/\/www.mundusmaris.org\/wp-content\/uploads\/2025\/08\/AnotherOceanIsPossible-400x342.jpg 400w, https:\/\/www.mundusmaris.org\/wp-content\/uploads\/2025\/08\/AnotherOceanIsPossible-rotated.jpg 500w\" sizes=\"(min-width: 2200px) 100vw, (min-width: 784px) 373px, (min-width: 712px) 560px, (min-width: 640px) 712px, \" \/>\t\t\t<\/a>\n\t\t\t\t\t\t\t<\/div>\n<\/div><div class=\"fusion-meta-tb fusion-meta-tb-44 floated\" style=\"--awb-border-top:0px;--awb-height:36px;--awb-alignment-medium:flex-start;--awb-alignment-small:flex-start;\"><span class=\"fusion-tb-published-date\">Published On: 5 ao\u00fbt 2025<\/span><span class=\"fusion-meta-tb-sep\"><\/span><\/div><div class=\"fusion-title title fusion-title-44 fusion-sep-none fusion-title-text fusion-title-size-four\" style=\"--awb-margin-top:20px;--awb-margin-right:20px;--awb-margin-bottom:20px;--awb-margin-left:20px;--awb-margin-top-small:10px;--awb-margin-right-small:0px;--awb-margin-bottom-small:10px;--awb-margin-left-small:0px;--awb-font-size:24px;\"><h4 class=\"fusion-title-heading title-heading-left\" style=\"font-family:&quot;IBM Plex Sans Condensed&quot;;font-style:normal;font-weight:500;margin:0;font-size:1em;line-height:1.2;\"><a href=\"https:\/\/www.mundusmaris.org\/fr\/activites\/protection-de-locean-et-du-climat\/science-droit-et-societe-se-penchent-sur-locean-lors-de-lunoc3\/\" class=\"awb-custom-text-color awb-custom-text-hover-color\" target=\"_self\">Science, droit et soci\u00e9t\u00e9 se penchent sur l&rsquo;Oc\u00e9an lors de l&rsquo;UNOC3<\/a><\/h4><\/div><\/div><\/li>\n<li class=\"fusion-layout-column fusion_builder_column fusion-builder-column-45 fusion-flex-column post-card fusion-grid-column fusion-post-cards-grid-column\" style=\"--awb-bg-color:var(--awb-color1);--awb-bg-color-hover:var(--awb-color1);--awb-bg-blend:overlay;--awb-bg-size:cover;--awb-flex-grow:0;--awb-flex-shrink:0;--awb-flex-grow-medium:;--awb-flex-shrink-medium:;--awb-flex-grow-small:;--awb-flex-shrink-small:;\" data-scroll-devices=\"small-visibility,medium-visibility,large-visibility\"><div class=\"fusion-column-wrapper fusion-column-has-shadow fusion-flex-justify-content-space-around fusion-content-layout-column\"><div class=\"fusion-classic-product-image-wrapper fusion-woo-product-image fusion-post-card-image fusion-post-card-image-1 has-aspect-ratio\" data-layout=\"static\" style=\"--awb-aspect-ratio:3 \/ 2;\"><div  class=\"fusion-image-wrapper\" aria-haspopup=\"true\">\n\t\t\t\t\t\t\t<a href=\"https:\/\/www.mundusmaris.org\/fr\/academie-de-la-peche-artisanale\/la-surpeche-etrangere-alimente-la-crise-migratoire-meurtriere-du-senegal-vers-leurope\/\" aria-label=\"La surp\u00eache \u00e9trang\u00e8re alimente la crise migratoire meurtri\u00e8re du S\u00e9n\u00e9gal vers l&rsquo;Europe\">\n\t\t\t\t\t\t\t<img decoding=\"async\" width=\"500\" height=\"375\" src=\"https:\/\/www.mundusmaris.org\/wp-content\/uploads\/2025\/07\/senegal-1852316_MarieVicatPixabay500.jpg\" class=\"attachment-full size-full wp-post-image\" alt=\"\" srcset=\"https:\/\/www.mundusmaris.org\/wp-content\/uploads\/2025\/07\/senegal-1852316_MarieVicatPixabay500-200x150.jpg 200w, https:\/\/www.mundusmaris.org\/wp-content\/uploads\/2025\/07\/senegal-1852316_MarieVicatPixabay500-400x300.jpg 400w, https:\/\/www.mundusmaris.org\/wp-content\/uploads\/2025\/07\/senegal-1852316_MarieVicatPixabay500.jpg 500w\" sizes=\"(min-width: 2200px) 100vw, (min-width: 784px) 373px, (min-width: 712px) 560px, (min-width: 640px) 712px, \" \/>\t\t\t<\/a>\n\t\t\t\t\t\t\t<\/div>\n<\/div><div class=\"fusion-meta-tb fusion-meta-tb-45 floated\" style=\"--awb-border-top:0px;--awb-height:36px;--awb-alignment-medium:flex-start;--awb-alignment-small:flex-start;\"><span class=\"fusion-tb-published-date\">Published On: 20 juillet 2025<\/span><span class=\"fusion-meta-tb-sep\"><\/span><\/div><div class=\"fusion-title title fusion-title-45 fusion-sep-none fusion-title-text fusion-title-size-four\" style=\"--awb-margin-top:20px;--awb-margin-right:20px;--awb-margin-bottom:20px;--awb-margin-left:20px;--awb-margin-top-small:10px;--awb-margin-right-small:0px;--awb-margin-bottom-small:10px;--awb-margin-left-small:0px;--awb-font-size:24px;\"><h4 class=\"fusion-title-heading title-heading-left\" style=\"font-family:&quot;IBM Plex Sans Condensed&quot;;font-style:normal;font-weight:500;margin:0;font-size:1em;line-height:1.2;\"><a href=\"https:\/\/www.mundusmaris.org\/fr\/academie-de-la-peche-artisanale\/la-surpeche-etrangere-alimente-la-crise-migratoire-meurtriere-du-senegal-vers-leurope\/\" class=\"awb-custom-text-color awb-custom-text-hover-color\" target=\"_self\">La surp\u00eache \u00e9trang\u00e8re alimente la crise migratoire meurtri\u00e8re du S\u00e9n\u00e9gal vers l&rsquo;Europe<\/a><\/h4><\/div><\/div><\/li>\n<li class=\"fusion-layout-column fusion_builder_column fusion-builder-column-46 fusion-flex-column post-card fusion-grid-column fusion-post-cards-grid-column\" style=\"--awb-bg-color:var(--awb-color1);--awb-bg-color-hover:var(--awb-color1);--awb-bg-blend:overlay;--awb-bg-size:cover;--awb-flex-grow:0;--awb-flex-shrink:0;--awb-flex-grow-medium:;--awb-flex-shrink-medium:;--awb-flex-grow-small:;--awb-flex-shrink-small:;\" data-scroll-devices=\"small-visibility,medium-visibility,large-visibility\"><div class=\"fusion-column-wrapper fusion-column-has-shadow fusion-flex-justify-content-space-around fusion-content-layout-column\"><div class=\"fusion-classic-product-image-wrapper fusion-woo-product-image fusion-post-card-image fusion-post-card-image-1 has-aspect-ratio\" data-layout=\"static\" style=\"--awb-aspect-ratio:3 \/ 2;\"><div  class=\"fusion-image-wrapper\" aria-haspopup=\"true\">\n\t\t\t\t\t\t\t<a href=\"https:\/\/www.mundusmaris.org\/fr\/academie-de-la-peche-artisanale\/mundus-maris-at-mare-2025\/\" aria-label=\"Mundus maris at MARE 2025\">\n\t\t\t\t\t\t\t<img decoding=\"async\" width=\"500\" height=\"298\" src=\"https:\/\/www.mundusmaris.org\/wp-content\/uploads\/2025\/08\/banner-rkxecww3wx4s-3257804687.jpg\" class=\"attachment-full size-full wp-post-image\" alt=\"\" srcset=\"https:\/\/www.mundusmaris.org\/wp-content\/uploads\/2025\/08\/banner-rkxecww3wx4s-3257804687-200x119.jpg 200w, https:\/\/www.mundusmaris.org\/wp-content\/uploads\/2025\/08\/banner-rkxecww3wx4s-3257804687-400x238.jpg 400w, https:\/\/www.mundusmaris.org\/wp-content\/uploads\/2025\/08\/banner-rkxecww3wx4s-3257804687.jpg 500w\" sizes=\"(min-width: 2200px) 100vw, (min-width: 784px) 373px, (min-width: 712px) 560px, (min-width: 640px) 712px, \" \/>\t\t\t<\/a>\n\t\t\t\t\t\t\t<\/div>\n<\/div><div class=\"fusion-meta-tb fusion-meta-tb-46 floated\" style=\"--awb-border-top:0px;--awb-height:36px;--awb-alignment-medium:flex-start;--awb-alignment-small:flex-start;\"><span class=\"fusion-tb-published-date\">Published On: 30 juin 2025<\/span><span class=\"fusion-meta-tb-sep\"><\/span><\/div><div class=\"fusion-title title fusion-title-46 fusion-sep-none fusion-title-text fusion-title-size-four\" style=\"--awb-margin-top:20px;--awb-margin-right:20px;--awb-margin-bottom:20px;--awb-margin-left:20px;--awb-margin-top-small:10px;--awb-margin-right-small:0px;--awb-margin-bottom-small:10px;--awb-margin-left-small:0px;--awb-font-size:24px;\"><h4 class=\"fusion-title-heading title-heading-left\" style=\"font-family:&quot;IBM Plex Sans Condensed&quot;;font-style:normal;font-weight:500;margin:0;font-size:1em;line-height:1.2;\"><a href=\"https:\/\/www.mundusmaris.org\/fr\/academie-de-la-peche-artisanale\/mundus-maris-at-mare-2025\/\" class=\"awb-custom-text-color awb-custom-text-hover-color\" target=\"_self\">Mundus maris at MARE 2025<\/a><\/h4><\/div><\/div><\/li>\n<li class=\"fusion-layout-column fusion_builder_column fusion-builder-column-47 fusion-flex-column post-card fusion-grid-column fusion-post-cards-grid-column\" style=\"--awb-bg-color:var(--awb-color1);--awb-bg-color-hover:var(--awb-color1);--awb-bg-blend:overlay;--awb-bg-size:cover;--awb-flex-grow:0;--awb-flex-shrink:0;--awb-flex-grow-medium:;--awb-flex-shrink-medium:;--awb-flex-grow-small:;--awb-flex-shrink-small:;\" data-scroll-devices=\"small-visibility,medium-visibility,large-visibility\"><div class=\"fusion-column-wrapper fusion-column-has-shadow fusion-flex-justify-content-space-around fusion-content-layout-column\"><div class=\"fusion-classic-product-image-wrapper fusion-woo-product-image fusion-post-card-image fusion-post-card-image-1 has-aspect-ratio\" data-layout=\"static\" style=\"--awb-aspect-ratio:3 \/ 2;\"><div  class=\"fusion-image-wrapper\" aria-haspopup=\"true\">\n\t\t\t\t\t\t\t<a href=\"https:\/\/www.mundusmaris.org\/fr\/journee-mondiale-de-locean\/wod-2025-fr\/world-ocean-day-2025-sustaining-what-sustains-us-fisheries-journalism-and-role-playing-workshop\/\" aria-label=\"World Ocean Day 2025: \u00ab\u00a0Sustaining What Sustains Us\u00a0\u00bb &#8211; Fisheries Journalism and Role-Playing Workshop\">\n\t\t\t\t\t\t\t<img decoding=\"async\" width=\"500\" height=\"333\" src=\"https:\/\/www.mundusmaris.org\/wp-content\/uploads\/2025\/06\/ParticipantRepresentingIndustrialTrawlers500.jpg\" class=\"attachment-full size-full wp-post-image\" alt=\"\" srcset=\"https:\/\/www.mundusmaris.org\/wp-content\/uploads\/2025\/06\/ParticipantRepresentingIndustrialTrawlers500-200x133.jpg 200w, https:\/\/www.mundusmaris.org\/wp-content\/uploads\/2025\/06\/ParticipantRepresentingIndustrialTrawlers500-400x266.jpg 400w, https:\/\/www.mundusmaris.org\/wp-content\/uploads\/2025\/06\/ParticipantRepresentingIndustrialTrawlers500.jpg 500w\" sizes=\"(min-width: 2200px) 100vw, (min-width: 784px) 373px, (min-width: 712px) 560px, (min-width: 640px) 712px, \" \/>\t\t\t<\/a>\n\t\t\t\t\t\t\t<\/div>\n<\/div><div class=\"fusion-meta-tb fusion-meta-tb-47 floated\" style=\"--awb-border-top:0px;--awb-height:36px;--awb-alignment-medium:flex-start;--awb-alignment-small:flex-start;\"><span class=\"fusion-tb-published-date\">Published On: 27 juin 2025<\/span><span class=\"fusion-meta-tb-sep\"><\/span><\/div><div class=\"fusion-title title fusion-title-47 fusion-sep-none fusion-title-text fusion-title-size-four\" style=\"--awb-margin-top:20px;--awb-margin-right:20px;--awb-margin-bottom:20px;--awb-margin-left:20px;--awb-margin-top-small:10px;--awb-margin-right-small:0px;--awb-margin-bottom-small:10px;--awb-margin-left-small:0px;--awb-font-size:24px;\"><h4 class=\"fusion-title-heading title-heading-left\" style=\"font-family:&quot;IBM Plex Sans Condensed&quot;;font-style:normal;font-weight:500;margin:0;font-size:1em;line-height:1.2;\"><a href=\"https:\/\/www.mundusmaris.org\/fr\/journee-mondiale-de-locean\/wod-2025-fr\/world-ocean-day-2025-sustaining-what-sustains-us-fisheries-journalism-and-role-playing-workshop\/\" class=\"awb-custom-text-color awb-custom-text-hover-color\" target=\"_self\">World Ocean Day 2025: \u00ab\u00a0Sustaining What Sustains Us\u00a0\u00bb &#8211; Fisheries Journalism and Role-Playing Workshop<\/a><\/h4><\/div><\/div><\/li>\n<li class=\"fusion-layout-column fusion_builder_column fusion-builder-column-48 fusion-flex-column post-card fusion-grid-column fusion-post-cards-grid-column\" style=\"--awb-bg-color:var(--awb-color1);--awb-bg-color-hover:var(--awb-color1);--awb-bg-blend:overlay;--awb-bg-size:cover;--awb-flex-grow:0;--awb-flex-shrink:0;--awb-flex-grow-medium:;--awb-flex-shrink-medium:;--awb-flex-grow-small:;--awb-flex-shrink-small:;\" data-scroll-devices=\"small-visibility,medium-visibility,large-visibility\"><div class=\"fusion-column-wrapper fusion-column-has-shadow fusion-flex-justify-content-space-around fusion-content-layout-column\"><div class=\"fusion-classic-product-image-wrapper fusion-woo-product-image fusion-post-card-image fusion-post-card-image-1 has-aspect-ratio\" data-layout=\"static\" style=\"--awb-aspect-ratio:3 \/ 2;\"><div  class=\"fusion-image-wrapper\" aria-haspopup=\"true\">\n\t\t\t\t\t\t\t<a href=\"https:\/\/www.mundusmaris.org\/fr\/films\/plastic-odyssey-bien-plus-quun-film-contre-les-dechets-plastiques-en-mer\/\" aria-label=\"Plastic Odyssey &#8211; bien plus qu&rsquo;un film contre les d\u00e9chets plastiques en mer\">\n\t\t\t\t\t\t\t<img decoding=\"async\" width=\"500\" height=\"356\" src=\"https:\/\/www.mundusmaris.org\/wp-content\/uploads\/2025\/06\/PlasticOdysseyFeature.jpg\" class=\"attachment-full size-full wp-post-image\" alt=\"\" srcset=\"https:\/\/www.mundusmaris.org\/wp-content\/uploads\/2025\/06\/PlasticOdysseyFeature-200x142.jpg 200w, https:\/\/www.mundusmaris.org\/wp-content\/uploads\/2025\/06\/PlasticOdysseyFeature-400x285.jpg 400w, https:\/\/www.mundusmaris.org\/wp-content\/uploads\/2025\/06\/PlasticOdysseyFeature.jpg 500w\" sizes=\"(min-width: 2200px) 100vw, (min-width: 784px) 373px, (min-width: 712px) 560px, (min-width: 640px) 712px, \" \/>\t\t\t<\/a>\n\t\t\t\t\t\t\t<\/div>\n<\/div><div class=\"fusion-meta-tb fusion-meta-tb-48 floated\" style=\"--awb-border-top:0px;--awb-height:36px;--awb-alignment-medium:flex-start;--awb-alignment-small:flex-start;\"><span class=\"fusion-tb-published-date\">Published On: 18 juin 2025<\/span><span class=\"fusion-meta-tb-sep\"><\/span><\/div><div class=\"fusion-title title fusion-title-48 fusion-sep-none fusion-title-text fusion-title-size-four\" style=\"--awb-margin-top:20px;--awb-margin-right:20px;--awb-margin-bottom:20px;--awb-margin-left:20px;--awb-margin-top-small:10px;--awb-margin-right-small:0px;--awb-margin-bottom-small:10px;--awb-margin-left-small:0px;--awb-font-size:24px;\"><h4 class=\"fusion-title-heading title-heading-left\" style=\"font-family:&quot;IBM Plex Sans Condensed&quot;;font-style:normal;font-weight:500;margin:0;font-size:1em;line-height:1.2;\"><a href=\"https:\/\/www.mundusmaris.org\/fr\/films\/plastic-odyssey-bien-plus-quun-film-contre-les-dechets-plastiques-en-mer\/\" class=\"awb-custom-text-color awb-custom-text-hover-color\" target=\"_self\">Plastic Odyssey &#8211; bien plus qu&rsquo;un film contre les d\u00e9chets plastiques en mer<\/a><\/h4><\/div><\/div><\/li>\n<li class=\"fusion-layout-column fusion_builder_column fusion-builder-column-49 fusion-flex-column post-card fusion-grid-column fusion-post-cards-grid-column\" style=\"--awb-bg-color:var(--awb-color1);--awb-bg-color-hover:var(--awb-color1);--awb-bg-blend:overlay;--awb-bg-size:cover;--awb-flex-grow:0;--awb-flex-shrink:0;--awb-flex-grow-medium:;--awb-flex-shrink-medium:;--awb-flex-grow-small:;--awb-flex-shrink-small:;\" data-scroll-devices=\"small-visibility,medium-visibility,large-visibility\"><div class=\"fusion-column-wrapper fusion-column-has-shadow fusion-flex-justify-content-space-around fusion-content-layout-column\"><div class=\"fusion-classic-product-image-wrapper fusion-woo-product-image fusion-post-card-image fusion-post-card-image-1 has-aspect-ratio\" data-layout=\"static\" style=\"--awb-aspect-ratio:3 \/ 2;\"><div  class=\"fusion-image-wrapper\" aria-haspopup=\"true\">\n\t\t\t\t\t\t\t<a href=\"https:\/\/www.mundusmaris.org\/fr\/journee-mondiale-de-locean\/wod-2025-fr\/the-makoko-clean-up-for-world-ocean-day-in-nigeria\/\" aria-label=\"The Makoko clean-up for World Ocean Day in Nigeria\">\n\t\t\t\t\t\t\t<img decoding=\"async\" width=\"500\" height=\"390\" src=\"https:\/\/www.mundusmaris.org\/wp-content\/uploads\/2025\/07\/MakokoCleanFeature.jpg\" class=\"attachment-full size-full wp-post-image\" alt=\"\" srcset=\"https:\/\/www.mundusmaris.org\/wp-content\/uploads\/2025\/07\/MakokoCleanFeature-200x156.jpg 200w, https:\/\/www.mundusmaris.org\/wp-content\/uploads\/2025\/07\/MakokoCleanFeature-400x312.jpg 400w, https:\/\/www.mundusmaris.org\/wp-content\/uploads\/2025\/07\/MakokoCleanFeature.jpg 500w\" sizes=\"(min-width: 2200px) 100vw, (min-width: 784px) 373px, (min-width: 712px) 560px, (min-width: 640px) 712px, \" \/>\t\t\t<\/a>\n\t\t\t\t\t\t\t<\/div>\n<\/div><div class=\"fusion-meta-tb fusion-meta-tb-49 floated\" style=\"--awb-border-top:0px;--awb-height:36px;--awb-alignment-medium:flex-start;--awb-alignment-small:flex-start;\"><span class=\"fusion-tb-published-date\">Published On: 15 juin 2025<\/span><span class=\"fusion-meta-tb-sep\"><\/span><\/div><div class=\"fusion-title title fusion-title-49 fusion-sep-none fusion-title-text fusion-title-size-four\" style=\"--awb-margin-top:20px;--awb-margin-right:20px;--awb-margin-bottom:20px;--awb-margin-left:20px;--awb-margin-top-small:10px;--awb-margin-right-small:0px;--awb-margin-bottom-small:10px;--awb-margin-left-small:0px;--awb-font-size:24px;\"><h4 class=\"fusion-title-heading title-heading-left\" style=\"font-family:&quot;IBM Plex Sans Condensed&quot;;font-style:normal;font-weight:500;margin:0;font-size:1em;line-height:1.2;\"><a href=\"https:\/\/www.mundusmaris.org\/fr\/journee-mondiale-de-locean\/wod-2025-fr\/the-makoko-clean-up-for-world-ocean-day-in-nigeria\/\" class=\"awb-custom-text-color awb-custom-text-hover-color\" target=\"_self\">The Makoko clean-up for World Ocean Day in Nigeria<\/a><\/h4><\/div><\/div><\/li>\n<li class=\"fusion-layout-column fusion_builder_column fusion-builder-column-50 fusion-flex-column post-card fusion-grid-column fusion-post-cards-grid-column\" style=\"--awb-bg-color:var(--awb-color1);--awb-bg-color-hover:var(--awb-color1);--awb-bg-blend:overlay;--awb-bg-size:cover;--awb-flex-grow:0;--awb-flex-shrink:0;--awb-flex-grow-medium:;--awb-flex-shrink-medium:;--awb-flex-grow-small:;--awb-flex-shrink-small:;\" data-scroll-devices=\"small-visibility,medium-visibility,large-visibility\"><div class=\"fusion-column-wrapper fusion-column-has-shadow fusion-flex-justify-content-space-around fusion-content-layout-column\"><div class=\"fusion-classic-product-image-wrapper fusion-woo-product-image fusion-post-card-image fusion-post-card-image-1 has-aspect-ratio\" data-layout=\"static\" style=\"--awb-aspect-ratio:3 \/ 2;\"><div  class=\"fusion-image-wrapper\" aria-haspopup=\"true\">\n\t\t\t\t\t\t\t<a href=\"https:\/\/www.mundusmaris.org\/fr\/journee-mondiale-de-locean\/wod-2025-fr\/2025-mundus-maris-world-ocean-day-in-akure-nigeria\/\" aria-label=\"2025 Mundus maris World Ocean Day in Akure, Nigeria\">\n\t\t\t\t\t\t\t<img decoding=\"async\" width=\"500\" height=\"503\" src=\"https:\/\/www.mundusmaris.org\/wp-content\/uploads\/2025\/06\/WOD2025-AnnouncementPoster-500.jpg\" class=\"attachment-full size-full wp-post-image\" alt=\"\" srcset=\"https:\/\/www.mundusmaris.org\/wp-content\/uploads\/2025\/06\/WOD2025-AnnouncementPoster-500-200x201.jpg 200w, https:\/\/www.mundusmaris.org\/wp-content\/uploads\/2025\/06\/WOD2025-AnnouncementPoster-500-400x402.jpg 400w, https:\/\/www.mundusmaris.org\/wp-content\/uploads\/2025\/06\/WOD2025-AnnouncementPoster-500.jpg 500w\" sizes=\"(min-width: 2200px) 100vw, (min-width: 784px) 373px, (min-width: 712px) 560px, (min-width: 640px) 712px, \" \/>\t\t\t<\/a>\n\t\t\t\t\t\t\t<\/div>\n<\/div><div class=\"fusion-meta-tb fusion-meta-tb-50 floated\" style=\"--awb-border-top:0px;--awb-height:36px;--awb-alignment-medium:flex-start;--awb-alignment-small:flex-start;\"><span class=\"fusion-tb-published-date\">Published On: 14 juin 2025<\/span><span class=\"fusion-meta-tb-sep\"><\/span><\/div><div class=\"fusion-title title fusion-title-50 fusion-sep-none fusion-title-text fusion-title-size-four\" style=\"--awb-margin-top:20px;--awb-margin-right:20px;--awb-margin-bottom:20px;--awb-margin-left:20px;--awb-margin-top-small:10px;--awb-margin-right-small:0px;--awb-margin-bottom-small:10px;--awb-margin-left-small:0px;--awb-font-size:24px;\"><h4 class=\"fusion-title-heading title-heading-left\" style=\"font-family:&quot;IBM Plex Sans Condensed&quot;;font-style:normal;font-weight:500;margin:0;font-size:1em;line-height:1.2;\"><a href=\"https:\/\/www.mundusmaris.org\/fr\/journee-mondiale-de-locean\/wod-2025-fr\/2025-mundus-maris-world-ocean-day-in-akure-nigeria\/\" class=\"awb-custom-text-color awb-custom-text-hover-color\" target=\"_self\">2025 Mundus maris World Ocean Day in Akure, Nigeria<\/a><\/h4><\/div><\/div><\/li>\n<li class=\"fusion-layout-column fusion_builder_column fusion-builder-column-51 fusion-flex-column post-card fusion-grid-column fusion-post-cards-grid-column\" style=\"--awb-bg-color:var(--awb-color1);--awb-bg-color-hover:var(--awb-color1);--awb-bg-blend:overlay;--awb-bg-size:cover;--awb-flex-grow:0;--awb-flex-shrink:0;--awb-flex-grow-medium:;--awb-flex-shrink-medium:;--awb-flex-grow-small:;--awb-flex-shrink-small:;\" data-scroll-devices=\"small-visibility,medium-visibility,large-visibility\"><div class=\"fusion-column-wrapper fusion-column-has-shadow fusion-flex-justify-content-space-around fusion-content-layout-column\"><div class=\"fusion-classic-product-image-wrapper fusion-woo-product-image fusion-post-card-image fusion-post-card-image-1 has-aspect-ratio\" data-layout=\"static\" style=\"--awb-aspect-ratio:3 \/ 2;\"><div  class=\"fusion-image-wrapper\" aria-haspopup=\"true\">\n\t\t\t\t\t\t\t<a href=\"https:\/\/www.mundusmaris.org\/fr\/activites\/arret-a-la-surpeche\/a-few-more-highlights-from-unoc3\/\" aria-label=\"A few more highlights from UNOC3\">\n\t\t\t\t\t\t\t<img decoding=\"async\" width=\"500\" height=\"313\" src=\"https:\/\/www.mundusmaris.org\/wp-content\/uploads\/2025\/07\/BaseCampRiseUp.jpg\" class=\"attachment-full size-full wp-post-image\" alt=\"\" srcset=\"https:\/\/www.mundusmaris.org\/wp-content\/uploads\/2025\/07\/BaseCampRiseUp-200x125.jpg 200w, https:\/\/www.mundusmaris.org\/wp-content\/uploads\/2025\/07\/BaseCampRiseUp-400x250.jpg 400w, https:\/\/www.mundusmaris.org\/wp-content\/uploads\/2025\/07\/BaseCampRiseUp.jpg 500w\" sizes=\"(min-width: 2200px) 100vw, (min-width: 784px) 373px, (min-width: 712px) 560px, (min-width: 640px) 712px, \" \/>\t\t\t<\/a>\n\t\t\t\t\t\t\t<\/div>\n<\/div><div class=\"fusion-meta-tb fusion-meta-tb-51 floated\" style=\"--awb-border-top:0px;--awb-height:36px;--awb-alignment-medium:flex-start;--awb-alignment-small:flex-start;\"><span class=\"fusion-tb-published-date\">Published On: 13 juin 2025<\/span><span class=\"fusion-meta-tb-sep\"><\/span><\/div><div class=\"fusion-title title fusion-title-51 fusion-sep-none fusion-title-text fusion-title-size-four\" style=\"--awb-margin-top:20px;--awb-margin-right:20px;--awb-margin-bottom:20px;--awb-margin-left:20px;--awb-margin-top-small:10px;--awb-margin-right-small:0px;--awb-margin-bottom-small:10px;--awb-margin-left-small:0px;--awb-font-size:24px;\"><h4 class=\"fusion-title-heading title-heading-left\" style=\"font-family:&quot;IBM Plex Sans Condensed&quot;;font-style:normal;font-weight:500;margin:0;font-size:1em;line-height:1.2;\"><a href=\"https:\/\/www.mundusmaris.org\/fr\/activites\/arret-a-la-surpeche\/a-few-more-highlights-from-unoc3\/\" class=\"awb-custom-text-color awb-custom-text-hover-color\" target=\"_self\">A few more highlights from UNOC3<\/a><\/h4><\/div><\/div><\/li>\n<li class=\"fusion-layout-column fusion_builder_column fusion-builder-column-52 fusion-flex-column post-card fusion-grid-column fusion-post-cards-grid-column\" style=\"--awb-bg-color:var(--awb-color1);--awb-bg-color-hover:var(--awb-color1);--awb-bg-blend:overlay;--awb-bg-size:cover;--awb-flex-grow:0;--awb-flex-shrink:0;--awb-flex-grow-medium:;--awb-flex-shrink-medium:;--awb-flex-grow-small:;--awb-flex-shrink-small:;\" data-scroll-devices=\"small-visibility,medium-visibility,large-visibility\"><div class=\"fusion-column-wrapper fusion-column-has-shadow fusion-flex-justify-content-space-around fusion-content-layout-column\"><div class=\"fusion-classic-product-image-wrapper fusion-woo-product-image fusion-post-card-image fusion-post-card-image-1 has-aspect-ratio\" data-layout=\"static\" style=\"--awb-aspect-ratio:3 \/ 2;\"><div  class=\"fusion-image-wrapper\" aria-haspopup=\"true\">\n\t\t\t\t\t\t\t<a href=\"https:\/\/www.mundusmaris.org\/fr\/academie-de-la-peche-artisanale\/les-pecheurs-artisanaux-au-coeur-de-la-gouvernance-de-locean-et-de-la-securite-alimentaire\/\" aria-label=\"Les p\u00eacheurs artisanaux au c\u0153ur de la gouvernance de l&rsquo;oc\u00e9an et de la s\u00e9curit\u00e9 alimentaire\">\n\t\t\t\t\t\t\t<img decoding=\"async\" width=\"500\" height=\"331\" src=\"https:\/\/www.mundusmaris.org\/wp-content\/uploads\/2025\/06\/ZoilaBustamanteConapachChile-1.jpg\" class=\"attachment-full size-full wp-post-image\" alt=\"\" srcset=\"https:\/\/www.mundusmaris.org\/wp-content\/uploads\/2025\/06\/ZoilaBustamanteConapachChile-1-200x132.jpg 200w, https:\/\/www.mundusmaris.org\/wp-content\/uploads\/2025\/06\/ZoilaBustamanteConapachChile-1-400x265.jpg 400w, https:\/\/www.mundusmaris.org\/wp-content\/uploads\/2025\/06\/ZoilaBustamanteConapachChile-1.jpg 500w\" sizes=\"(min-width: 2200px) 100vw, (min-width: 784px) 373px, (min-width: 712px) 560px, (min-width: 640px) 712px, \" \/>\t\t\t<\/a>\n\t\t\t\t\t\t\t<\/div>\n<\/div><div class=\"fusion-meta-tb fusion-meta-tb-52 floated\" style=\"--awb-border-top:0px;--awb-height:36px;--awb-alignment-medium:flex-start;--awb-alignment-small:flex-start;\"><span class=\"fusion-tb-published-date\">Published On: 13 juin 2025<\/span><span class=\"fusion-meta-tb-sep\"><\/span><\/div><div class=\"fusion-title title fusion-title-52 fusion-sep-none fusion-title-text fusion-title-size-four\" style=\"--awb-margin-top:20px;--awb-margin-right:20px;--awb-margin-bottom:20px;--awb-margin-left:20px;--awb-margin-top-small:10px;--awb-margin-right-small:0px;--awb-margin-bottom-small:10px;--awb-margin-left-small:0px;--awb-font-size:24px;\"><h4 class=\"fusion-title-heading title-heading-left\" style=\"font-family:&quot;IBM Plex Sans Condensed&quot;;font-style:normal;font-weight:500;margin:0;font-size:1em;line-height:1.2;\"><a href=\"https:\/\/www.mundusmaris.org\/fr\/academie-de-la-peche-artisanale\/les-pecheurs-artisanaux-au-coeur-de-la-gouvernance-de-locean-et-de-la-securite-alimentaire\/\" class=\"awb-custom-text-color awb-custom-text-hover-color\" target=\"_self\">Les p\u00eacheurs artisanaux au c\u0153ur de la gouvernance de l&rsquo;oc\u00e9an et de la s\u00e9curit\u00e9 alimentaire<\/a><\/h4><\/div><\/div><\/li>\n<li class=\"fusion-layout-column fusion_builder_column fusion-builder-column-53 fusion-flex-column post-card fusion-grid-column fusion-post-cards-grid-column\" style=\"--awb-bg-color:var(--awb-color1);--awb-bg-color-hover:var(--awb-color1);--awb-bg-blend:overlay;--awb-bg-size:cover;--awb-flex-grow:0;--awb-flex-shrink:0;--awb-flex-grow-medium:;--awb-flex-shrink-medium:;--awb-flex-grow-small:;--awb-flex-shrink-small:;\" data-scroll-devices=\"small-visibility,medium-visibility,large-visibility\"><div class=\"fusion-column-wrapper fusion-column-has-shadow fusion-flex-justify-content-space-around fusion-content-layout-column\"><div class=\"fusion-classic-product-image-wrapper fusion-woo-product-image fusion-post-card-image fusion-post-card-image-1 has-aspect-ratio\" data-layout=\"static\" style=\"--awb-aspect-ratio:3 \/ 2;\"><div  class=\"fusion-image-wrapper\" aria-haspopup=\"true\">\n\t\t\t\t\t\t\t<a href=\"https:\/\/www.mundusmaris.org\/fr\/activites\/protection-de-locean-et-du-climat\/un-succes-retentissant-pour-les-quatre-carnets-bleus-a-lunoc3\/\" aria-label=\"Un succ\u00e8s retentissant pour les quatre carnets bleus \u00e0 l&rsquo;UNOC3\">\n\t\t\t\t\t\t\t<img decoding=\"async\" width=\"500\" height=\"375\" src=\"https:\/\/www.mundusmaris.org\/wp-content\/uploads\/2025\/06\/NoteBookFeature.jpg\" class=\"attachment-full size-full wp-post-image\" alt=\"\" srcset=\"https:\/\/www.mundusmaris.org\/wp-content\/uploads\/2025\/06\/NoteBookFeature-200x150.jpg 200w, https:\/\/www.mundusmaris.org\/wp-content\/uploads\/2025\/06\/NoteBookFeature-400x300.jpg 400w, https:\/\/www.mundusmaris.org\/wp-content\/uploads\/2025\/06\/NoteBookFeature.jpg 500w\" sizes=\"(min-width: 2200px) 100vw, (min-width: 784px) 373px, (min-width: 712px) 560px, (min-width: 640px) 712px, \" \/>\t\t\t<\/a>\n\t\t\t\t\t\t\t<\/div>\n<\/div><div class=\"fusion-meta-tb fusion-meta-tb-53 floated\" style=\"--awb-border-top:0px;--awb-height:36px;--awb-alignment-medium:flex-start;--awb-alignment-small:flex-start;\"><span class=\"fusion-tb-published-date\">Published On: 11 juin 2025<\/span><span class=\"fusion-meta-tb-sep\"><\/span><\/div><div class=\"fusion-title title fusion-title-53 fusion-sep-none fusion-title-text fusion-title-size-four\" style=\"--awb-margin-top:20px;--awb-margin-right:20px;--awb-margin-bottom:20px;--awb-margin-left:20px;--awb-margin-top-small:10px;--awb-margin-right-small:0px;--awb-margin-bottom-small:10px;--awb-margin-left-small:0px;--awb-font-size:24px;\"><h4 class=\"fusion-title-heading title-heading-left\" style=\"font-family:&quot;IBM Plex Sans Condensed&quot;;font-style:normal;font-weight:500;margin:0;font-size:1em;line-height:1.2;\"><a href=\"https:\/\/www.mundusmaris.org\/fr\/activites\/protection-de-locean-et-du-climat\/un-succes-retentissant-pour-les-quatre-carnets-bleus-a-lunoc3\/\" class=\"awb-custom-text-color awb-custom-text-hover-color\" target=\"_self\">Un succ\u00e8s retentissant pour les quatre carnets bleus \u00e0 l&rsquo;UNOC3<\/a><\/h4><\/div><\/div><\/li>\n<li class=\"fusion-layout-column fusion_builder_column fusion-builder-column-54 fusion-flex-column post-card fusion-grid-column fusion-post-cards-grid-column\" style=\"--awb-bg-color:var(--awb-color1);--awb-bg-color-hover:var(--awb-color1);--awb-bg-blend:overlay;--awb-bg-size:cover;--awb-flex-grow:0;--awb-flex-shrink:0;--awb-flex-grow-medium:;--awb-flex-shrink-medium:;--awb-flex-grow-small:;--awb-flex-shrink-small:;\" data-scroll-devices=\"small-visibility,medium-visibility,large-visibility\"><div class=\"fusion-column-wrapper fusion-column-has-shadow fusion-flex-justify-content-space-around fusion-content-layout-column\"><div class=\"fusion-classic-product-image-wrapper fusion-woo-product-image fusion-post-card-image fusion-post-card-image-1 has-aspect-ratio\" data-layout=\"static\" style=\"--awb-aspect-ratio:3 \/ 2;\"><div  class=\"fusion-image-wrapper\" aria-haspopup=\"true\">\n\t\t\t\t\t\t\t<a href=\"https:\/\/www.mundusmaris.org\/fr\/activites\/protection-de-locean-et-du-climat\/du-rivage-au-sommet-l-un-des-temps-forts-de-lunoc3\/\" aria-label=\"Du rivage au sommet &#8211; l&rsquo;un des temps forts de l&rsquo;UNOC3\">\n\t\t\t\t\t\t\t<img decoding=\"async\" width=\"500\" height=\"333\" src=\"https:\/\/www.mundusmaris.org\/wp-content\/uploads\/2025\/07\/PackedAudience.jpg\" class=\"attachment-full size-full wp-post-image\" alt=\"\" srcset=\"https:\/\/www.mundusmaris.org\/wp-content\/uploads\/2025\/07\/PackedAudience-200x133.jpg 200w, https:\/\/www.mundusmaris.org\/wp-content\/uploads\/2025\/07\/PackedAudience-400x266.jpg 400w, https:\/\/www.mundusmaris.org\/wp-content\/uploads\/2025\/07\/PackedAudience.jpg 500w\" sizes=\"(min-width: 2200px) 100vw, (min-width: 784px) 373px, (min-width: 712px) 560px, (min-width: 640px) 712px, \" \/>\t\t\t<\/a>\n\t\t\t\t\t\t\t<\/div>\n<\/div><div class=\"fusion-meta-tb fusion-meta-tb-54 floated\" style=\"--awb-border-top:0px;--awb-height:36px;--awb-alignment-medium:flex-start;--awb-alignment-small:flex-start;\"><span class=\"fusion-tb-published-date\">Published On: 11 juin 2025<\/span><span class=\"fusion-meta-tb-sep\"><\/span><\/div><div class=\"fusion-title title fusion-title-54 fusion-sep-none fusion-title-text fusion-title-size-four\" style=\"--awb-margin-top:20px;--awb-margin-right:20px;--awb-margin-bottom:20px;--awb-margin-left:20px;--awb-margin-top-small:10px;--awb-margin-right-small:0px;--awb-margin-bottom-small:10px;--awb-margin-left-small:0px;--awb-font-size:24px;\"><h4 class=\"fusion-title-heading title-heading-left\" style=\"font-family:&quot;IBM Plex Sans Condensed&quot;;font-style:normal;font-weight:500;margin:0;font-size:1em;line-height:1.2;\"><a href=\"https:\/\/www.mundusmaris.org\/fr\/activites\/protection-de-locean-et-du-climat\/du-rivage-au-sommet-l-un-des-temps-forts-de-lunoc3\/\" class=\"awb-custom-text-color awb-custom-text-hover-color\" target=\"_self\">Du rivage au sommet &#8211; l&rsquo;un des temps forts de l&rsquo;UNOC3<\/a><\/h4><\/div><\/div><\/li>\n<li class=\"fusion-layout-column fusion_builder_column fusion-builder-column-55 fusion-flex-column post-card fusion-grid-column fusion-post-cards-grid-column\" style=\"--awb-bg-color:var(--awb-color1);--awb-bg-color-hover:var(--awb-color1);--awb-bg-blend:overlay;--awb-bg-size:cover;--awb-flex-grow:0;--awb-flex-shrink:0;--awb-flex-grow-medium:;--awb-flex-shrink-medium:;--awb-flex-grow-small:;--awb-flex-shrink-small:;\" data-scroll-devices=\"small-visibility,medium-visibility,large-visibility\"><div class=\"fusion-column-wrapper fusion-column-has-shadow fusion-flex-justify-content-space-around fusion-content-layout-column\"><div class=\"fusion-classic-product-image-wrapper fusion-woo-product-image fusion-post-card-image fusion-post-card-image-1 has-aspect-ratio\" data-layout=\"static\" style=\"--awb-aspect-ratio:3 \/ 2;\"><div  class=\"fusion-image-wrapper\" aria-haspopup=\"true\">\n\t\t\t\t\t\t\t<a href=\"https:\/\/www.mundusmaris.org\/fr\/journee-mondiale-de-locean\/wod-2025-fr\/celebration-de-la-journee-mondiale-de-locean-par-lamicale-des-ecoles-de-foot-de-hann-bel-air-senegal\/\" aria-label=\"C\u00e9l\u00e9bration de la Journ\u00e9e mondiale de l&rsquo;oc\u00e9an par l\u2019Amicale des Ecoles de Foot de Hann Bel Air, S\u00e9n\u00e9gal\">\n\t\t\t\t\t\t\t<img decoding=\"async\" width=\"499\" height=\"413\" src=\"https:\/\/www.mundusmaris.org\/wp-content\/uploads\/2025\/06\/FeaturePhoto.jpg\" class=\"attachment-full size-full wp-post-image\" alt=\"\" srcset=\"https:\/\/www.mundusmaris.org\/wp-content\/uploads\/2025\/06\/FeaturePhoto-200x166.jpg 200w, https:\/\/www.mundusmaris.org\/wp-content\/uploads\/2025\/06\/FeaturePhoto-400x331.jpg 400w, https:\/\/www.mundusmaris.org\/wp-content\/uploads\/2025\/06\/FeaturePhoto.jpg 499w\" sizes=\"(min-width: 2200px) 100vw, (min-width: 784px) 373px, (min-width: 712px) 560px, (min-width: 640px) 712px, \" \/>\t\t\t<\/a>\n\t\t\t\t\t\t\t<\/div>\n<\/div><div class=\"fusion-meta-tb fusion-meta-tb-55 floated\" style=\"--awb-border-top:0px;--awb-height:36px;--awb-alignment-medium:flex-start;--awb-alignment-small:flex-start;\"><span class=\"fusion-tb-published-date\">Published On: 10 juin 2025<\/span><span class=\"fusion-meta-tb-sep\"><\/span><\/div><div class=\"fusion-title title fusion-title-55 fusion-sep-none fusion-title-text fusion-title-size-four\" style=\"--awb-margin-top:20px;--awb-margin-right:20px;--awb-margin-bottom:20px;--awb-margin-left:20px;--awb-margin-top-small:10px;--awb-margin-right-small:0px;--awb-margin-bottom-small:10px;--awb-margin-left-small:0px;--awb-font-size:24px;\"><h4 class=\"fusion-title-heading title-heading-left\" style=\"font-family:&quot;IBM Plex Sans Condensed&quot;;font-style:normal;font-weight:500;margin:0;font-size:1em;line-height:1.2;\"><a href=\"https:\/\/www.mundusmaris.org\/fr\/journee-mondiale-de-locean\/wod-2025-fr\/celebration-de-la-journee-mondiale-de-locean-par-lamicale-des-ecoles-de-foot-de-hann-bel-air-senegal\/\" class=\"awb-custom-text-color awb-custom-text-hover-color\" target=\"_self\">C\u00e9l\u00e9bration de la Journ\u00e9e mondiale de l&rsquo;oc\u00e9an par l\u2019Amicale des Ecoles de Foot de Hann Bel Air, S\u00e9n\u00e9gal<\/a><\/h4><\/div><\/div><\/li>\n<li class=\"fusion-layout-column fusion_builder_column fusion-builder-column-56 fusion-flex-column post-card fusion-grid-column fusion-post-cards-grid-column\" style=\"--awb-bg-color:var(--awb-color1);--awb-bg-color-hover:var(--awb-color1);--awb-bg-blend:overlay;--awb-bg-size:cover;--awb-flex-grow:0;--awb-flex-shrink:0;--awb-flex-grow-medium:;--awb-flex-shrink-medium:;--awb-flex-grow-small:;--awb-flex-shrink-small:;\" data-scroll-devices=\"small-visibility,medium-visibility,large-visibility\"><div class=\"fusion-column-wrapper fusion-column-has-shadow fusion-flex-justify-content-space-around fusion-content-layout-column\"><div class=\"fusion-classic-product-image-wrapper fusion-woo-product-image fusion-post-card-image fusion-post-card-image-1 has-aspect-ratio\" data-layout=\"static\" style=\"--awb-aspect-ratio:3 \/ 2;\"><div  class=\"fusion-image-wrapper\" aria-haspopup=\"true\">\n\t\t\t\t\t\t\t<a href=\"https:\/\/www.mundusmaris.org\/fr\/journee-mondiale-de-locean\/wod-2025-fr\/protect-the-ocean-protect-life-ocean-advocates-in-nice-france\/\" aria-label=\"\u2018Protect the ocean, protect life!\u2019 &#8211; Ocean advocates in Nice, France\">\n\t\t\t\t\t\t\t<img decoding=\"async\" width=\"500\" height=\"514\" src=\"https:\/\/www.mundusmaris.org\/wp-content\/uploads\/2025\/06\/ProtectedMeansProtectedFeature.jpg\" class=\"attachment-full size-full wp-post-image\" alt=\"\" srcset=\"https:\/\/www.mundusmaris.org\/wp-content\/uploads\/2025\/06\/ProtectedMeansProtectedFeature-200x206.jpg 200w, https:\/\/www.mundusmaris.org\/wp-content\/uploads\/2025\/06\/ProtectedMeansProtectedFeature-400x411.jpg 400w, https:\/\/www.mundusmaris.org\/wp-content\/uploads\/2025\/06\/ProtectedMeansProtectedFeature.jpg 500w\" sizes=\"(min-width: 2200px) 100vw, (min-width: 784px) 373px, (min-width: 712px) 560px, (min-width: 640px) 712px, \" \/>\t\t\t<\/a>\n\t\t\t\t\t\t\t<\/div>\n<\/div><div class=\"fusion-meta-tb fusion-meta-tb-56 floated\" style=\"--awb-border-top:0px;--awb-height:36px;--awb-alignment-medium:flex-start;--awb-alignment-small:flex-start;\"><span class=\"fusion-tb-published-date\">Published On: 8 juin 2025<\/span><span class=\"fusion-meta-tb-sep\"><\/span><\/div><div class=\"fusion-title title fusion-title-56 fusion-sep-none fusion-title-text fusion-title-size-four\" style=\"--awb-margin-top:20px;--awb-margin-right:20px;--awb-margin-bottom:20px;--awb-margin-left:20px;--awb-margin-top-small:10px;--awb-margin-right-small:0px;--awb-margin-bottom-small:10px;--awb-margin-left-small:0px;--awb-font-size:24px;\"><h4 class=\"fusion-title-heading title-heading-left\" style=\"font-family:&quot;IBM Plex Sans Condensed&quot;;font-style:normal;font-weight:500;margin:0;font-size:1em;line-height:1.2;\"><a href=\"https:\/\/www.mundusmaris.org\/fr\/journee-mondiale-de-locean\/wod-2025-fr\/protect-the-ocean-protect-life-ocean-advocates-in-nice-france\/\" class=\"awb-custom-text-color awb-custom-text-hover-color\" target=\"_self\">\u2018Protect the ocean, protect life!\u2019 &#8211; Ocean advocates in Nice, France<\/a><\/h4><\/div><\/div><\/li>\n<li class=\"fusion-layout-column fusion_builder_column fusion-builder-column-57 fusion-flex-column post-card fusion-grid-column fusion-post-cards-grid-column\" style=\"--awb-bg-color:var(--awb-color1);--awb-bg-color-hover:var(--awb-color1);--awb-bg-blend:overlay;--awb-bg-size:cover;--awb-flex-grow:0;--awb-flex-shrink:0;--awb-flex-grow-medium:;--awb-flex-shrink-medium:;--awb-flex-grow-small:;--awb-flex-shrink-small:;\" data-scroll-devices=\"small-visibility,medium-visibility,large-visibility\"><div class=\"fusion-column-wrapper fusion-column-has-shadow fusion-flex-justify-content-space-around fusion-content-layout-column\"><div class=\"fusion-classic-product-image-wrapper fusion-woo-product-image fusion-post-card-image fusion-post-card-image-1 has-aspect-ratio\" data-layout=\"static\" style=\"--awb-aspect-ratio:3 \/ 2;\"><div  class=\"fusion-image-wrapper\" aria-haspopup=\"true\">\n\t\t\t\t\t\t\t<a href=\"https:\/\/www.mundusmaris.org\/fr\/journee-mondiale-de-locean\/wod-2025-fr\/celebration-of-world-ocean-day-and-world-environment-day-in-buenos-aires\/\" aria-label=\"Celebration of World Ocean Day and World Environment Day in Buenos Aires\">\n\t\t\t\t\t\t\t<img decoding=\"async\" width=\"500\" height=\"625\" src=\"https:\/\/www.mundusmaris.org\/wp-content\/uploads\/2025\/06\/dia-oceanos-2025-feature.jpg\" class=\"attachment-full size-full wp-post-image\" alt=\"\" srcset=\"https:\/\/www.mundusmaris.org\/wp-content\/uploads\/2025\/06\/dia-oceanos-2025-feature-200x250.jpg 200w, https:\/\/www.mundusmaris.org\/wp-content\/uploads\/2025\/06\/dia-oceanos-2025-feature-400x500.jpg 400w, https:\/\/www.mundusmaris.org\/wp-content\/uploads\/2025\/06\/dia-oceanos-2025-feature.jpg 500w\" sizes=\"(min-width: 2200px) 100vw, (min-width: 784px) 373px, (min-width: 712px) 560px, (min-width: 640px) 712px, \" \/>\t\t\t<\/a>\n\t\t\t\t\t\t\t<\/div>\n<\/div><div class=\"fusion-meta-tb fusion-meta-tb-57 floated\" style=\"--awb-border-top:0px;--awb-height:36px;--awb-alignment-medium:flex-start;--awb-alignment-small:flex-start;\"><span class=\"fusion-tb-published-date\">Published On: 6 juin 2025<\/span><span class=\"fusion-meta-tb-sep\"><\/span><\/div><div class=\"fusion-title title fusion-title-57 fusion-sep-none fusion-title-text fusion-title-size-four\" style=\"--awb-margin-top:20px;--awb-margin-right:20px;--awb-margin-bottom:20px;--awb-margin-left:20px;--awb-margin-top-small:10px;--awb-margin-right-small:0px;--awb-margin-bottom-small:10px;--awb-margin-left-small:0px;--awb-font-size:24px;\"><h4 class=\"fusion-title-heading title-heading-left\" style=\"font-family:&quot;IBM Plex Sans Condensed&quot;;font-style:normal;font-weight:500;margin:0;font-size:1em;line-height:1.2;\"><a href=\"https:\/\/www.mundusmaris.org\/fr\/journee-mondiale-de-locean\/wod-2025-fr\/celebration-of-world-ocean-day-and-world-environment-day-in-buenos-aires\/\" class=\"awb-custom-text-color awb-custom-text-hover-color\" target=\"_self\">Celebration of World Ocean Day and World Environment Day in Buenos Aires<\/a><\/h4><\/div><\/div><\/li>\n<li class=\"fusion-layout-column fusion_builder_column fusion-builder-column-58 fusion-flex-column post-card fusion-grid-column fusion-post-cards-grid-column\" style=\"--awb-bg-color:var(--awb-color1);--awb-bg-color-hover:var(--awb-color1);--awb-bg-blend:overlay;--awb-bg-size:cover;--awb-flex-grow:0;--awb-flex-shrink:0;--awb-flex-grow-medium:;--awb-flex-shrink-medium:;--awb-flex-grow-small:;--awb-flex-shrink-small:;\" data-scroll-devices=\"small-visibility,medium-visibility,large-visibility\"><div class=\"fusion-column-wrapper fusion-column-has-shadow fusion-flex-justify-content-space-around fusion-content-layout-column\"><div class=\"fusion-classic-product-image-wrapper fusion-woo-product-image fusion-post-card-image fusion-post-card-image-1 has-aspect-ratio\" data-layout=\"static\" style=\"--awb-aspect-ratio:3 \/ 2;\"><div  class=\"fusion-image-wrapper\" aria-haspopup=\"true\">\n\t\t\t\t\t\t\t<a href=\"https:\/\/www.mundusmaris.org\/fr\/journee-mondiale-de-locean\/wod-2025-fr\/coup-denvoi-des-activites-de-la-journee-mondiale-de-locean-par-mundus-maris\/\" aria-label=\"Coup d\u2019envoi des activit\u00e9s de la Journ\u00e9e mondiale de l\u2019oc\u00e9an par Mundus maris\">\n\t\t\t\t\t\t\t<img decoding=\"async\" width=\"500\" height=\"521\" src=\"https:\/\/www.mundusmaris.org\/wp-content\/uploads\/2025\/06\/InviteDreckWeg2025-rotated.jpg\" class=\"attachment-full size-full wp-post-image\" alt=\"\" srcset=\"https:\/\/www.mundusmaris.org\/wp-content\/uploads\/2025\/06\/InviteDreckWeg2025-200x208.jpg 200w, https:\/\/www.mundusmaris.org\/wp-content\/uploads\/2025\/06\/InviteDreckWeg2025-400x417.jpg 400w, https:\/\/www.mundusmaris.org\/wp-content\/uploads\/2025\/06\/InviteDreckWeg2025-rotated.jpg 500w\" sizes=\"(min-width: 2200px) 100vw, (min-width: 784px) 373px, (min-width: 712px) 560px, (min-width: 640px) 712px, \" \/>\t\t\t<\/a>\n\t\t\t\t\t\t\t<\/div>\n<\/div><div class=\"fusion-meta-tb fusion-meta-tb-58 floated\" style=\"--awb-border-top:0px;--awb-height:36px;--awb-alignment-medium:flex-start;--awb-alignment-small:flex-start;\"><span class=\"fusion-tb-published-date\">Published On: 31 mai 2025<\/span><span class=\"fusion-meta-tb-sep\"><\/span><\/div><div class=\"fusion-title title fusion-title-58 fusion-sep-none fusion-title-text fusion-title-size-four\" style=\"--awb-margin-top:20px;--awb-margin-right:20px;--awb-margin-bottom:20px;--awb-margin-left:20px;--awb-margin-top-small:10px;--awb-margin-right-small:0px;--awb-margin-bottom-small:10px;--awb-margin-left-small:0px;--awb-font-size:24px;\"><h4 class=\"fusion-title-heading title-heading-left\" style=\"font-family:&quot;IBM Plex Sans Condensed&quot;;font-style:normal;font-weight:500;margin:0;font-size:1em;line-height:1.2;\"><a href=\"https:\/\/www.mundusmaris.org\/fr\/journee-mondiale-de-locean\/wod-2025-fr\/coup-denvoi-des-activites-de-la-journee-mondiale-de-locean-par-mundus-maris\/\" class=\"awb-custom-text-color awb-custom-text-hover-color\" target=\"_self\">Coup d\u2019envoi des activit\u00e9s de la Journ\u00e9e mondiale de l\u2019oc\u00e9an par Mundus maris<\/a><\/h4><\/div><\/div><\/li>\n<li class=\"fusion-layout-column fusion_builder_column fusion-builder-column-59 fusion-flex-column post-card fusion-grid-column fusion-post-cards-grid-column\" style=\"--awb-bg-color:var(--awb-color1);--awb-bg-color-hover:var(--awb-color1);--awb-bg-blend:overlay;--awb-bg-size:cover;--awb-flex-grow:0;--awb-flex-shrink:0;--awb-flex-grow-medium:;--awb-flex-shrink-medium:;--awb-flex-grow-small:;--awb-flex-shrink-small:;\" data-scroll-devices=\"small-visibility,medium-visibility,large-visibility\"><div class=\"fusion-column-wrapper fusion-column-has-shadow fusion-flex-justify-content-space-around fusion-content-layout-column\"><div class=\"fusion-classic-product-image-wrapper fusion-woo-product-image fusion-post-card-image fusion-post-card-image-1 has-aspect-ratio\" data-layout=\"static\" style=\"--awb-aspect-ratio:3 \/ 2;\"><div  class=\"fusion-image-wrapper\" aria-haspopup=\"true\">\n\t\t\t\t\t\t\t<a href=\"https:\/\/www.mundusmaris.org\/fr\/evenements\/premiere-conference-nationale-allemande-sur-l-ocean-berlin-6-7-mai-2025\/\" aria-label=\"Premi\u00e8re conf\u00e9rence nationale allemande sur l\u2019 oc\u00e9an, Berlin, 6-7 mai 2025\">\n\t\t\t\t\t\t\t<img decoding=\"async\" width=\"500\" height=\"360\" src=\"https:\/\/www.mundusmaris.org\/wp-content\/uploads\/2025\/05\/KonferenzLogo500-1.jpg\" class=\"attachment-full size-full wp-post-image\" alt=\"\" srcset=\"https:\/\/www.mundusmaris.org\/wp-content\/uploads\/2025\/05\/KonferenzLogo500-1-200x144.jpg 200w, https:\/\/www.mundusmaris.org\/wp-content\/uploads\/2025\/05\/KonferenzLogo500-1-400x288.jpg 400w, https:\/\/www.mundusmaris.org\/wp-content\/uploads\/2025\/05\/KonferenzLogo500-1.jpg 500w\" sizes=\"(min-width: 2200px) 100vw, (min-width: 784px) 373px, (min-width: 712px) 560px, (min-width: 640px) 712px, \" \/>\t\t\t<\/a>\n\t\t\t\t\t\t\t<\/div>\n<\/div><div class=\"fusion-meta-tb fusion-meta-tb-59 floated\" style=\"--awb-border-top:0px;--awb-height:36px;--awb-alignment-medium:flex-start;--awb-alignment-small:flex-start;\"><span class=\"fusion-tb-published-date\">Published On: 12 mai 2025<\/span><span class=\"fusion-meta-tb-sep\"><\/span><\/div><div class=\"fusion-title title fusion-title-59 fusion-sep-none fusion-title-text fusion-title-size-four\" style=\"--awb-margin-top:20px;--awb-margin-right:20px;--awb-margin-bottom:20px;--awb-margin-left:20px;--awb-margin-top-small:10px;--awb-margin-right-small:0px;--awb-margin-bottom-small:10px;--awb-margin-left-small:0px;--awb-font-size:24px;\"><h4 class=\"fusion-title-heading title-heading-left\" style=\"font-family:&quot;IBM Plex Sans Condensed&quot;;font-style:normal;font-weight:500;margin:0;font-size:1em;line-height:1.2;\"><a href=\"https:\/\/www.mundusmaris.org\/fr\/evenements\/premiere-conference-nationale-allemande-sur-l-ocean-berlin-6-7-mai-2025\/\" class=\"awb-custom-text-color awb-custom-text-hover-color\" target=\"_self\">Premi\u00e8re conf\u00e9rence nationale allemande sur l\u2019 oc\u00e9an, Berlin, 6-7 mai 2025<\/a><\/h4><\/div><\/div><\/li>\n<li class=\"fusion-layout-column fusion_builder_column fusion-builder-column-60 fusion-flex-column post-card fusion-grid-column fusion-post-cards-grid-column\" style=\"--awb-bg-color:var(--awb-color1);--awb-bg-color-hover:var(--awb-color1);--awb-bg-blend:overlay;--awb-bg-size:cover;--awb-flex-grow:0;--awb-flex-shrink:0;--awb-flex-grow-medium:;--awb-flex-shrink-medium:;--awb-flex-grow-small:;--awb-flex-shrink-small:;\" data-scroll-devices=\"small-visibility,medium-visibility,large-visibility\"><div class=\"fusion-column-wrapper fusion-column-has-shadow fusion-flex-justify-content-space-around fusion-content-layout-column\"><div class=\"fusion-classic-product-image-wrapper fusion-woo-product-image fusion-post-card-image fusion-post-card-image-1 has-aspect-ratio\" data-layout=\"static\" style=\"--awb-aspect-ratio:3 \/ 2;\"><div  class=\"fusion-image-wrapper\" aria-haspopup=\"true\">\n\t\t\t\t\t\t\t<a href=\"https:\/\/www.mundusmaris.org\/fr\/activites\/protection-de-locean-et-du-climat\/la-geoethique-au-coeur-dune-journee-a-legu-2025\/\" aria-label=\"La g\u00e9o\u00e9thique au c\u0153ur d&rsquo;une journ\u00e9e \u00e0 l&rsquo;EGU 2025\">\n\t\t\t\t\t\t\t<img decoding=\"async\" width=\"500\" height=\"348\" src=\"https:\/\/www.mundusmaris.org\/wp-content\/uploads\/2025\/05\/CorneliaAtEGU25_Feature.jpg\" class=\"attachment-full size-full wp-post-image\" alt=\"\" srcset=\"https:\/\/www.mundusmaris.org\/wp-content\/uploads\/2025\/05\/CorneliaAtEGU25_Feature-200x139.jpg 200w, https:\/\/www.mundusmaris.org\/wp-content\/uploads\/2025\/05\/CorneliaAtEGU25_Feature-400x278.jpg 400w, https:\/\/www.mundusmaris.org\/wp-content\/uploads\/2025\/05\/CorneliaAtEGU25_Feature.jpg 500w\" sizes=\"(min-width: 2200px) 100vw, (min-width: 784px) 373px, (min-width: 712px) 560px, (min-width: 640px) 712px, \" \/>\t\t\t<\/a>\n\t\t\t\t\t\t\t<\/div>\n<\/div><div class=\"fusion-meta-tb fusion-meta-tb-60 floated\" style=\"--awb-border-top:0px;--awb-height:36px;--awb-alignment-medium:flex-start;--awb-alignment-small:flex-start;\"><span class=\"fusion-tb-published-date\">Published On: 11 mai 2025<\/span><span class=\"fusion-meta-tb-sep\"><\/span><\/div><div class=\"fusion-title title fusion-title-60 fusion-sep-none fusion-title-text fusion-title-size-four\" style=\"--awb-margin-top:20px;--awb-margin-right:20px;--awb-margin-bottom:20px;--awb-margin-left:20px;--awb-margin-top-small:10px;--awb-margin-right-small:0px;--awb-margin-bottom-small:10px;--awb-margin-left-small:0px;--awb-font-size:24px;\"><h4 class=\"fusion-title-heading title-heading-left\" style=\"font-family:&quot;IBM Plex Sans Condensed&quot;;font-style:normal;font-weight:500;margin:0;font-size:1em;line-height:1.2;\"><a href=\"https:\/\/www.mundusmaris.org\/fr\/activites\/protection-de-locean-et-du-climat\/la-geoethique-au-coeur-dune-journee-a-legu-2025\/\" class=\"awb-custom-text-color awb-custom-text-hover-color\" target=\"_self\">La g\u00e9o\u00e9thique au c\u0153ur d&rsquo;une journ\u00e9e \u00e0 l&rsquo;EGU 2025<\/a><\/h4><\/div><\/div><\/li>\n<li class=\"fusion-layout-column fusion_builder_column fusion-builder-column-61 fusion-flex-column post-card fusion-grid-column fusion-post-cards-grid-column\" style=\"--awb-bg-color:var(--awb-color1);--awb-bg-color-hover:var(--awb-color1);--awb-bg-blend:overlay;--awb-bg-size:cover;--awb-flex-grow:0;--awb-flex-shrink:0;--awb-flex-grow-medium:;--awb-flex-shrink-medium:;--awb-flex-grow-small:;--awb-flex-shrink-small:;\" data-scroll-devices=\"small-visibility,medium-visibility,large-visibility\"><div class=\"fusion-column-wrapper fusion-column-has-shadow fusion-flex-justify-content-space-around fusion-content-layout-column\"><div class=\"fusion-classic-product-image-wrapper fusion-woo-product-image fusion-post-card-image fusion-post-card-image-1 has-aspect-ratio\" data-layout=\"static\" style=\"--awb-aspect-ratio:3 \/ 2;\"><div  class=\"fusion-image-wrapper\" aria-haspopup=\"true\">\n\t\t\t\t\t\t\t<a href=\"https:\/\/www.mundusmaris.org\/fr\/evenements\/le-groupe-mundus-maris-se-renforce-au-nigeria\/\" aria-label=\"Le groupe Mundus maris se renforce au Nigeria\">\n\t\t\t\t\t\t\t<img decoding=\"async\" width=\"499\" height=\"333\" src=\"https:\/\/www.mundusmaris.org\/wp-content\/uploads\/2025\/05\/LabNigeriaByAyoJesutomi500.jpg\" class=\"attachment-full size-full wp-post-image\" alt=\"\" srcset=\"https:\/\/www.mundusmaris.org\/wp-content\/uploads\/2025\/05\/LabNigeriaByAyoJesutomi500-200x133.jpg 200w, https:\/\/www.mundusmaris.org\/wp-content\/uploads\/2025\/05\/LabNigeriaByAyoJesutomi500-400x267.jpg 400w, https:\/\/www.mundusmaris.org\/wp-content\/uploads\/2025\/05\/LabNigeriaByAyoJesutomi500.jpg 499w\" sizes=\"(min-width: 2200px) 100vw, (min-width: 784px) 373px, (min-width: 712px) 560px, (min-width: 640px) 712px, \" \/>\t\t\t<\/a>\n\t\t\t\t\t\t\t<\/div>\n<\/div><div class=\"fusion-meta-tb fusion-meta-tb-61 floated\" style=\"--awb-border-top:0px;--awb-height:36px;--awb-alignment-medium:flex-start;--awb-alignment-small:flex-start;\"><span class=\"fusion-tb-published-date\">Published On: 10 mai 2025<\/span><span class=\"fusion-meta-tb-sep\"><\/span><\/div><div class=\"fusion-title title fusion-title-61 fusion-sep-none fusion-title-text fusion-title-size-four\" style=\"--awb-margin-top:20px;--awb-margin-right:20px;--awb-margin-bottom:20px;--awb-margin-left:20px;--awb-margin-top-small:10px;--awb-margin-right-small:0px;--awb-margin-bottom-small:10px;--awb-margin-left-small:0px;--awb-font-size:24px;\"><h4 class=\"fusion-title-heading title-heading-left\" style=\"font-family:&quot;IBM Plex Sans Condensed&quot;;font-style:normal;font-weight:500;margin:0;font-size:1em;line-height:1.2;\"><a href=\"https:\/\/www.mundusmaris.org\/fr\/evenements\/le-groupe-mundus-maris-se-renforce-au-nigeria\/\" class=\"awb-custom-text-color awb-custom-text-hover-color\" target=\"_self\">Le groupe Mundus maris se renforce au Nigeria<\/a><\/h4><\/div><\/div><\/li>\n<li class=\"fusion-layout-column fusion_builder_column fusion-builder-column-62 fusion-flex-column post-card fusion-grid-column fusion-post-cards-grid-column\" style=\"--awb-bg-color:var(--awb-color1);--awb-bg-color-hover:var(--awb-color1);--awb-bg-blend:overlay;--awb-bg-size:cover;--awb-flex-grow:0;--awb-flex-shrink:0;--awb-flex-grow-medium:;--awb-flex-shrink-medium:;--awb-flex-grow-small:;--awb-flex-shrink-small:;\" data-scroll-devices=\"small-visibility,medium-visibility,large-visibility\"><div class=\"fusion-column-wrapper fusion-column-has-shadow fusion-flex-justify-content-space-around fusion-content-layout-column\"><div class=\"fusion-classic-product-image-wrapper fusion-woo-product-image fusion-post-card-image fusion-post-card-image-1 has-aspect-ratio\" data-layout=\"static\" style=\"--awb-aspect-ratio:3 \/ 2;\"><div  class=\"fusion-image-wrapper\" aria-haspopup=\"true\">\n\t\t\t\t\t\t\t<a href=\"https:\/\/www.mundusmaris.org\/fr\/activites\/protection-de-locean-et-du-climat\/negociations-environnementales-et-role-de-la-science-et-des-organisations-non-gouvernementales\/\" aria-label=\"N\u00e9gociations environnementales et r\u00f4le de la science et des organisations non gouvernementales\">\n\t\t\t\t\t\t\t<img decoding=\"async\" width=\"500\" height=\"352\" src=\"https:\/\/www.mundusmaris.org\/wp-content\/uploads\/2025\/04\/CENauenStartLecture500.jpg\" class=\"attachment-full size-full wp-post-image\" alt=\"\" srcset=\"https:\/\/www.mundusmaris.org\/wp-content\/uploads\/2025\/04\/CENauenStartLecture500-200x141.jpg 200w, https:\/\/www.mundusmaris.org\/wp-content\/uploads\/2025\/04\/CENauenStartLecture500-400x282.jpg 400w, https:\/\/www.mundusmaris.org\/wp-content\/uploads\/2025\/04\/CENauenStartLecture500.jpg 500w\" sizes=\"(min-width: 2200px) 100vw, (min-width: 784px) 373px, (min-width: 712px) 560px, (min-width: 640px) 712px, \" \/>\t\t\t<\/a>\n\t\t\t\t\t\t\t<\/div>\n<\/div><div class=\"fusion-meta-tb fusion-meta-tb-62 floated\" style=\"--awb-border-top:0px;--awb-height:36px;--awb-alignment-medium:flex-start;--awb-alignment-small:flex-start;\"><span class=\"fusion-tb-published-date\">Published On: 13 avril 2025<\/span><span class=\"fusion-meta-tb-sep\"><\/span><\/div><div class=\"fusion-title title fusion-title-62 fusion-sep-none fusion-title-text fusion-title-size-four\" style=\"--awb-margin-top:20px;--awb-margin-right:20px;--awb-margin-bottom:20px;--awb-margin-left:20px;--awb-margin-top-small:10px;--awb-margin-right-small:0px;--awb-margin-bottom-small:10px;--awb-margin-left-small:0px;--awb-font-size:24px;\"><h4 class=\"fusion-title-heading title-heading-left\" style=\"font-family:&quot;IBM Plex Sans Condensed&quot;;font-style:normal;font-weight:500;margin:0;font-size:1em;line-height:1.2;\"><a href=\"https:\/\/www.mundusmaris.org\/fr\/activites\/protection-de-locean-et-du-climat\/negociations-environnementales-et-role-de-la-science-et-des-organisations-non-gouvernementales\/\" class=\"awb-custom-text-color awb-custom-text-hover-color\" target=\"_self\">N\u00e9gociations environnementales et r\u00f4le de la science et des organisations non gouvernementales<\/a><\/h4><\/div><\/div><\/li>\n<li class=\"fusion-layout-column fusion_builder_column fusion-builder-column-63 fusion-flex-column post-card fusion-grid-column fusion-post-cards-grid-column\" style=\"--awb-bg-color:var(--awb-color1);--awb-bg-color-hover:var(--awb-color1);--awb-bg-blend:overlay;--awb-bg-size:cover;--awb-flex-grow:0;--awb-flex-shrink:0;--awb-flex-grow-medium:;--awb-flex-shrink-medium:;--awb-flex-grow-small:;--awb-flex-shrink-small:;\" data-scroll-devices=\"small-visibility,medium-visibility,large-visibility\"><div class=\"fusion-column-wrapper fusion-column-has-shadow fusion-flex-justify-content-space-around fusion-content-layout-column\"><div class=\"fusion-classic-product-image-wrapper fusion-woo-product-image fusion-post-card-image fusion-post-card-image-1 has-aspect-ratio\" data-layout=\"static\" style=\"--awb-aspect-ratio:3 \/ 2;\"><div  class=\"fusion-image-wrapper\" aria-haspopup=\"true\">\n\t\t\t\t\t\t\t<a href=\"https:\/\/www.mundusmaris.org\/fr\/academie-de-la-peche-artisanale\/rendre-la-peche-equitable-dans-lue-5-mars-2025make-fishing-fair-in-the-eu-25-march-2025\/\" aria-label=\"Rendre la p\u00eache \u00e9quitable dans l&rsquo;UE : 25 mars 2025\">\n\t\t\t\t\t\t\t<img decoding=\"async\" width=\"500\" height=\"333\" src=\"https:\/\/www.mundusmaris.org\/wp-content\/uploads\/2025\/03\/LIFEatEP.jpg\" class=\"attachment-full size-full wp-post-image\" alt=\"\" srcset=\"https:\/\/www.mundusmaris.org\/wp-content\/uploads\/2025\/03\/LIFEatEP-200x133.jpg 200w, https:\/\/www.mundusmaris.org\/wp-content\/uploads\/2025\/03\/LIFEatEP-400x266.jpg 400w, https:\/\/www.mundusmaris.org\/wp-content\/uploads\/2025\/03\/LIFEatEP.jpg 500w\" sizes=\"(min-width: 2200px) 100vw, (min-width: 784px) 373px, (min-width: 712px) 560px, (min-width: 640px) 712px, \" \/>\t\t\t<\/a>\n\t\t\t\t\t\t\t<\/div>\n<\/div><div class=\"fusion-meta-tb fusion-meta-tb-63 floated\" style=\"--awb-border-top:0px;--awb-height:36px;--awb-alignment-medium:flex-start;--awb-alignment-small:flex-start;\"><span class=\"fusion-tb-published-date\">Published On: 27 mars 2025<\/span><span class=\"fusion-meta-tb-sep\"><\/span><\/div><div class=\"fusion-title title fusion-title-63 fusion-sep-none fusion-title-text fusion-title-size-four\" style=\"--awb-margin-top:20px;--awb-margin-right:20px;--awb-margin-bottom:20px;--awb-margin-left:20px;--awb-margin-top-small:10px;--awb-margin-right-small:0px;--awb-margin-bottom-small:10px;--awb-margin-left-small:0px;--awb-font-size:24px;\"><h4 class=\"fusion-title-heading title-heading-left\" style=\"font-family:&quot;IBM Plex Sans Condensed&quot;;font-style:normal;font-weight:500;margin:0;font-size:1em;line-height:1.2;\"><a href=\"https:\/\/www.mundusmaris.org\/fr\/academie-de-la-peche-artisanale\/rendre-la-peche-equitable-dans-lue-5-mars-2025make-fishing-fair-in-the-eu-25-march-2025\/\" class=\"awb-custom-text-color awb-custom-text-hover-color\" target=\"_self\">Rendre la p\u00eache \u00e9quitable dans l&rsquo;UE : 25 mars 2025<\/a><\/h4><\/div><\/div><\/li>\n<li class=\"fusion-layout-column fusion_builder_column fusion-builder-column-64 fusion-flex-column post-card fusion-grid-column fusion-post-cards-grid-column\" style=\"--awb-bg-color:var(--awb-color1);--awb-bg-color-hover:var(--awb-color1);--awb-bg-blend:overlay;--awb-bg-size:cover;--awb-flex-grow:0;--awb-flex-shrink:0;--awb-flex-grow-medium:;--awb-flex-shrink-medium:;--awb-flex-grow-small:;--awb-flex-shrink-small:;\" data-scroll-devices=\"small-visibility,medium-visibility,large-visibility\"><div class=\"fusion-column-wrapper fusion-column-has-shadow fusion-flex-justify-content-space-around fusion-content-layout-column\"><div class=\"fusion-classic-product-image-wrapper fusion-woo-product-image fusion-post-card-image fusion-post-card-image-1 has-aspect-ratio\" data-layout=\"static\" style=\"--awb-aspect-ratio:3 \/ 2;\"><div  class=\"fusion-image-wrapper\" aria-haspopup=\"true\">\n\t\t\t\t\t\t\t<a href=\"https:\/\/www.mundusmaris.org\/fr\/evenements\/the-4-blue-notebooks-les-4-cahiers-bleus-los-4-cuadernos-azules\/\" aria-label=\"The 4 Blue Notebooks | Les 4 Cahiers Bleus | Los 4 Cuadernos Azules\">\n\t\t\t\t\t\t\t<img decoding=\"async\" width=\"500\" height=\"375\" src=\"https:\/\/www.mundusmaris.org\/wp-content\/uploads\/2025\/06\/NoteBookFeature.jpg\" class=\"attachment-full size-full wp-post-image\" alt=\"\" srcset=\"https:\/\/www.mundusmaris.org\/wp-content\/uploads\/2025\/06\/NoteBookFeature-200x150.jpg 200w, https:\/\/www.mundusmaris.org\/wp-content\/uploads\/2025\/06\/NoteBookFeature-400x300.jpg 400w, https:\/\/www.mundusmaris.org\/wp-content\/uploads\/2025\/06\/NoteBookFeature.jpg 500w\" sizes=\"(min-width: 2200px) 100vw, (min-width: 784px) 373px, (min-width: 712px) 560px, (min-width: 640px) 712px, \" \/>\t\t\t<\/a>\n\t\t\t\t\t\t\t<\/div>\n<\/div><div class=\"fusion-meta-tb fusion-meta-tb-64 floated\" style=\"--awb-border-top:0px;--awb-height:36px;--awb-alignment-medium:flex-start;--awb-alignment-small:flex-start;\"><span class=\"fusion-tb-published-date\">Published On: 14 mars 2025<\/span><span class=\"fusion-meta-tb-sep\"><\/span><\/div><div class=\"fusion-title title fusion-title-64 fusion-sep-none fusion-title-text fusion-title-size-four\" style=\"--awb-margin-top:20px;--awb-margin-right:20px;--awb-margin-bottom:20px;--awb-margin-left:20px;--awb-margin-top-small:10px;--awb-margin-right-small:0px;--awb-margin-bottom-small:10px;--awb-margin-left-small:0px;--awb-font-size:24px;\"><h4 class=\"fusion-title-heading title-heading-left\" style=\"font-family:&quot;IBM Plex Sans Condensed&quot;;font-style:normal;font-weight:500;margin:0;font-size:1em;line-height:1.2;\"><a href=\"https:\/\/www.mundusmaris.org\/fr\/evenements\/the-4-blue-notebooks-les-4-cahiers-bleus-los-4-cuadernos-azules\/\" class=\"awb-custom-text-color awb-custom-text-hover-color\" target=\"_self\">The 4 Blue Notebooks | Les 4 Cahiers Bleus | Los 4 Cuadernos Azules<\/a><\/h4><\/div><\/div><\/li>\n<li class=\"fusion-layout-column fusion_builder_column fusion-builder-column-65 fusion-flex-column post-card fusion-grid-column fusion-post-cards-grid-column\" style=\"--awb-bg-color:var(--awb-color1);--awb-bg-color-hover:var(--awb-color1);--awb-bg-blend:overlay;--awb-bg-size:cover;--awb-flex-grow:0;--awb-flex-shrink:0;--awb-flex-grow-medium:;--awb-flex-shrink-medium:;--awb-flex-grow-small:;--awb-flex-shrink-small:;\" data-scroll-devices=\"small-visibility,medium-visibility,large-visibility\"><div class=\"fusion-column-wrapper fusion-column-has-shadow fusion-flex-justify-content-space-around fusion-content-layout-column\"><div class=\"fusion-classic-product-image-wrapper fusion-woo-product-image fusion-post-card-image fusion-post-card-image-1 has-aspect-ratio\" data-layout=\"static\" style=\"--awb-aspect-ratio:3 \/ 2;\"><div  class=\"fusion-image-wrapper\" aria-haspopup=\"true\">\n\t\t\t\t\t\t\t<a href=\"https:\/\/www.mundusmaris.org\/fr\/activites\/protection-de-locean-et-du-climat\/protection-renforcee-dans-les-mers-europeennes-comment-aider-lhomme-et-la-nature\/\" aria-label=\"Protection renforc\u00e9e dans les mers europ\u00e9ennes : comment aider l&rsquo;Homme et la nature\">\n\t\t\t\t\t\t\t<img decoding=\"async\" width=\"499\" height=\"333\" src=\"https:\/\/www.mundusmaris.org\/wp-content\/uploads\/2025\/04\/LucEeckhaut19_2015.jpg\" class=\"attachment-full size-full wp-post-image\" alt=\"\" srcset=\"https:\/\/www.mundusmaris.org\/wp-content\/uploads\/2025\/04\/LucEeckhaut19_2015-200x133.jpg 200w, https:\/\/www.mundusmaris.org\/wp-content\/uploads\/2025\/04\/LucEeckhaut19_2015-400x267.jpg 400w, https:\/\/www.mundusmaris.org\/wp-content\/uploads\/2025\/04\/LucEeckhaut19_2015.jpg 499w\" sizes=\"(min-width: 2200px) 100vw, (min-width: 784px) 373px, (min-width: 712px) 560px, (min-width: 640px) 712px, \" \/>\t\t\t<\/a>\n\t\t\t\t\t\t\t<\/div>\n<\/div><div class=\"fusion-meta-tb fusion-meta-tb-65 floated\" style=\"--awb-border-top:0px;--awb-height:36px;--awb-alignment-medium:flex-start;--awb-alignment-small:flex-start;\"><span class=\"fusion-tb-published-date\">Published On: 12 mars 2025<\/span><span class=\"fusion-meta-tb-sep\"><\/span><\/div><div class=\"fusion-title title fusion-title-65 fusion-sep-none fusion-title-text fusion-title-size-four\" style=\"--awb-margin-top:20px;--awb-margin-right:20px;--awb-margin-bottom:20px;--awb-margin-left:20px;--awb-margin-top-small:10px;--awb-margin-right-small:0px;--awb-margin-bottom-small:10px;--awb-margin-left-small:0px;--awb-font-size:24px;\"><h4 class=\"fusion-title-heading title-heading-left\" style=\"font-family:&quot;IBM Plex Sans Condensed&quot;;font-style:normal;font-weight:500;margin:0;font-size:1em;line-height:1.2;\"><a href=\"https:\/\/www.mundusmaris.org\/fr\/activites\/protection-de-locean-et-du-climat\/protection-renforcee-dans-les-mers-europeennes-comment-aider-lhomme-et-la-nature\/\" class=\"awb-custom-text-color awb-custom-text-hover-color\" target=\"_self\">Protection renforc\u00e9e dans les mers europ\u00e9ennes : comment aider l&rsquo;Homme et la nature<\/a><\/h4><\/div><\/div><\/li>\n<li class=\"fusion-layout-column fusion_builder_column fusion-builder-column-66 fusion-flex-column post-card fusion-grid-column fusion-post-cards-grid-column\" style=\"--awb-bg-color:var(--awb-color1);--awb-bg-color-hover:var(--awb-color1);--awb-bg-blend:overlay;--awb-bg-size:cover;--awb-flex-grow:0;--awb-flex-shrink:0;--awb-flex-grow-medium:;--awb-flex-shrink-medium:;--awb-flex-grow-small:;--awb-flex-shrink-small:;\" data-scroll-devices=\"small-visibility,medium-visibility,large-visibility\"><div class=\"fusion-column-wrapper fusion-column-has-shadow fusion-flex-justify-content-space-around fusion-content-layout-column\"><div class=\"fusion-classic-product-image-wrapper fusion-woo-product-image fusion-post-card-image fusion-post-card-image-1 has-aspect-ratio\" data-layout=\"static\" style=\"--awb-aspect-ratio:3 \/ 2;\"><div  class=\"fusion-image-wrapper\" aria-haspopup=\"true\">\n\t\t\t\t\t\t\t<a href=\"https:\/\/www.mundusmaris.org\/fr\/activites\/protection-de-locean-et-du-climat\/contribuer-a-lelaboration-du-pacte-europeen-pour-locean-bruxelles-5-mars-2025\/\" aria-label=\"Contribuer \u00e0 l&rsquo;\u00e9laboration du Pacte europ\u00e9en pour l&rsquo;Oc\u00e9an, Bruxelles, 5 mars 2025\">\n\t\t\t\t\t\t\t<img decoding=\"async\" width=\"500\" height=\"333\" src=\"https:\/\/www.mundusmaris.org\/wp-content\/uploads\/2025\/03\/CharlinaVitcheva_CENauen500.jpg\" class=\"attachment-full size-full wp-post-image\" alt=\"\" srcset=\"https:\/\/www.mundusmaris.org\/wp-content\/uploads\/2025\/03\/CharlinaVitcheva_CENauen500-200x133.jpg 200w, https:\/\/www.mundusmaris.org\/wp-content\/uploads\/2025\/03\/CharlinaVitcheva_CENauen500-400x266.jpg 400w, https:\/\/www.mundusmaris.org\/wp-content\/uploads\/2025\/03\/CharlinaVitcheva_CENauen500.jpg 500w\" sizes=\"(min-width: 2200px) 100vw, (min-width: 784px) 373px, (min-width: 712px) 560px, (min-width: 640px) 712px, \" \/>\t\t\t<\/a>\n\t\t\t\t\t\t\t<\/div>\n<\/div><div class=\"fusion-meta-tb fusion-meta-tb-66 floated\" style=\"--awb-border-top:0px;--awb-height:36px;--awb-alignment-medium:flex-start;--awb-alignment-small:flex-start;\"><span class=\"fusion-tb-published-date\">Published On: 10 mars 2025<\/span><span class=\"fusion-meta-tb-sep\"><\/span><\/div><div class=\"fusion-title title fusion-title-66 fusion-sep-none fusion-title-text fusion-title-size-four\" style=\"--awb-margin-top:20px;--awb-margin-right:20px;--awb-margin-bottom:20px;--awb-margin-left:20px;--awb-margin-top-small:10px;--awb-margin-right-small:0px;--awb-margin-bottom-small:10px;--awb-margin-left-small:0px;--awb-font-size:24px;\"><h4 class=\"fusion-title-heading title-heading-left\" style=\"font-family:&quot;IBM Plex Sans Condensed&quot;;font-style:normal;font-weight:500;margin:0;font-size:1em;line-height:1.2;\"><a href=\"https:\/\/www.mundusmaris.org\/fr\/activites\/protection-de-locean-et-du-climat\/contribuer-a-lelaboration-du-pacte-europeen-pour-locean-bruxelles-5-mars-2025\/\" class=\"awb-custom-text-color awb-custom-text-hover-color\" target=\"_self\">Contribuer \u00e0 l&rsquo;\u00e9laboration du Pacte europ\u00e9en pour l&rsquo;Oc\u00e9an, Bruxelles, 5 mars 2025<\/a><\/h4><\/div><\/div><\/li>\n<li class=\"fusion-layout-column fusion_builder_column fusion-builder-column-67 fusion-flex-column post-card fusion-grid-column fusion-post-cards-grid-column\" style=\"--awb-bg-color:var(--awb-color1);--awb-bg-color-hover:var(--awb-color1);--awb-bg-blend:overlay;--awb-bg-size:cover;--awb-flex-grow:0;--awb-flex-shrink:0;--awb-flex-grow-medium:;--awb-flex-shrink-medium:;--awb-flex-grow-small:;--awb-flex-shrink-small:;\" data-scroll-devices=\"small-visibility,medium-visibility,large-visibility\"><div class=\"fusion-column-wrapper fusion-column-has-shadow fusion-flex-justify-content-space-around fusion-content-layout-column\"><div class=\"fusion-classic-product-image-wrapper fusion-woo-product-image fusion-post-card-image fusion-post-card-image-1 has-aspect-ratio\" data-layout=\"static\" style=\"--awb-aspect-ratio:3 \/ 2;\"><div  class=\"fusion-image-wrapper\" aria-haspopup=\"true\">\n\t\t\t\t\t\t\t<a href=\"https:\/\/www.mundusmaris.org\/fr\/activites\/protection-de-locean-et-du-climat\/3eme-forum-de-la-mission-starfish-bruxelles-4-mars-2025\/\" aria-label=\"3\u00e8me Forum de la mission Starfish, Bruxelles, 4 mars 2025\">\n\t\t\t\t\t\t\t<img decoding=\"async\" width=\"500\" height=\"333\" src=\"https:\/\/www.mundusmaris.org\/wp-content\/uploads\/2025\/03\/MissionOceanForum2025.jpg\" class=\"attachment-full size-full wp-post-image\" alt=\"\" srcset=\"https:\/\/www.mundusmaris.org\/wp-content\/uploads\/2025\/03\/MissionOceanForum2025-200x133.jpg 200w, https:\/\/www.mundusmaris.org\/wp-content\/uploads\/2025\/03\/MissionOceanForum2025-400x266.jpg 400w, https:\/\/www.mundusmaris.org\/wp-content\/uploads\/2025\/03\/MissionOceanForum2025.jpg 500w\" sizes=\"(min-width: 2200px) 100vw, (min-width: 784px) 373px, (min-width: 712px) 560px, (min-width: 640px) 712px, \" \/>\t\t\t<\/a>\n\t\t\t\t\t\t\t<\/div>\n<\/div><div class=\"fusion-meta-tb fusion-meta-tb-67 floated\" style=\"--awb-border-top:0px;--awb-height:36px;--awb-alignment-medium:flex-start;--awb-alignment-small:flex-start;\"><span class=\"fusion-tb-published-date\">Published On: 9 mars 2025<\/span><span class=\"fusion-meta-tb-sep\"><\/span><\/div><div class=\"fusion-title title fusion-title-67 fusion-sep-none fusion-title-text fusion-title-size-four\" style=\"--awb-margin-top:20px;--awb-margin-right:20px;--awb-margin-bottom:20px;--awb-margin-left:20px;--awb-margin-top-small:10px;--awb-margin-right-small:0px;--awb-margin-bottom-small:10px;--awb-margin-left-small:0px;--awb-font-size:24px;\"><h4 class=\"fusion-title-heading title-heading-left\" style=\"font-family:&quot;IBM Plex Sans Condensed&quot;;font-style:normal;font-weight:500;margin:0;font-size:1em;line-height:1.2;\"><a href=\"https:\/\/www.mundusmaris.org\/fr\/activites\/protection-de-locean-et-du-climat\/3eme-forum-de-la-mission-starfish-bruxelles-4-mars-2025\/\" class=\"awb-custom-text-color awb-custom-text-hover-color\" target=\"_self\">3\u00e8me Forum de la mission Starfish, Bruxelles, 4 mars 2025<\/a><\/h4><\/div><\/div><\/li>\n<li class=\"fusion-layout-column fusion_builder_column fusion-builder-column-68 fusion-flex-column post-card fusion-grid-column fusion-post-cards-grid-column\" style=\"--awb-bg-color:var(--awb-color1);--awb-bg-color-hover:var(--awb-color1);--awb-bg-blend:overlay;--awb-bg-size:cover;--awb-flex-grow:0;--awb-flex-shrink:0;--awb-flex-grow-medium:;--awb-flex-shrink-medium:;--awb-flex-grow-small:;--awb-flex-shrink-small:;\" data-scroll-devices=\"small-visibility,medium-visibility,large-visibility\"><div class=\"fusion-column-wrapper fusion-column-has-shadow fusion-flex-justify-content-space-around fusion-content-layout-column\"><div class=\"fusion-classic-product-image-wrapper fusion-woo-product-image fusion-post-card-image fusion-post-card-image-1 has-aspect-ratio\" data-layout=\"static\" style=\"--awb-aspect-ratio:3 \/ 2;\"><div  class=\"fusion-image-wrapper\" aria-haspopup=\"true\">\n\t\t\t\t\t\t\t<a href=\"https:\/\/www.mundusmaris.org\/fr\/education-et-sensibilisation-a-ocean\/protecting-blue-horizons-through-a-role-playing-game\/\" aria-label=\"Protecting Blue Horizons through a Role-Playing Game\">\n\t\t\t\t\t\t\t<img decoding=\"async\" width=\"500\" height=\"375\" src=\"https:\/\/www.mundusmaris.org\/wp-content\/uploads\/2025\/02\/hake-1106698_500.jpg\" class=\"attachment-full size-full wp-post-image\" alt=\"\" srcset=\"https:\/\/www.mundusmaris.org\/wp-content\/uploads\/2025\/02\/hake-1106698_500-200x150.jpg 200w, https:\/\/www.mundusmaris.org\/wp-content\/uploads\/2025\/02\/hake-1106698_500-400x300.jpg 400w, https:\/\/www.mundusmaris.org\/wp-content\/uploads\/2025\/02\/hake-1106698_500.jpg 500w\" sizes=\"(min-width: 2200px) 100vw, (min-width: 784px) 373px, (min-width: 712px) 560px, (min-width: 640px) 712px, \" \/>\t\t\t<\/a>\n\t\t\t\t\t\t\t<\/div>\n<\/div><div class=\"fusion-meta-tb fusion-meta-tb-68 floated\" style=\"--awb-border-top:0px;--awb-height:36px;--awb-alignment-medium:flex-start;--awb-alignment-small:flex-start;\"><span class=\"fusion-tb-published-date\">Published On: 27 f\u00e9vrier 2025<\/span><span class=\"fusion-meta-tb-sep\"><\/span><\/div><div class=\"fusion-title title fusion-title-68 fusion-sep-none fusion-title-text fusion-title-size-four\" style=\"--awb-margin-top:20px;--awb-margin-right:20px;--awb-margin-bottom:20px;--awb-margin-left:20px;--awb-margin-top-small:10px;--awb-margin-right-small:0px;--awb-margin-bottom-small:10px;--awb-margin-left-small:0px;--awb-font-size:24px;\"><h4 class=\"fusion-title-heading title-heading-left\" style=\"font-family:&quot;IBM Plex Sans Condensed&quot;;font-style:normal;font-weight:500;margin:0;font-size:1em;line-height:1.2;\"><a href=\"https:\/\/www.mundusmaris.org\/fr\/education-et-sensibilisation-a-ocean\/protecting-blue-horizons-through-a-role-playing-game\/\" class=\"awb-custom-text-color awb-custom-text-hover-color\" target=\"_self\">Protecting Blue Horizons through a Role-Playing Game<\/a><\/h4><\/div><\/div><\/li>\n<li class=\"fusion-layout-column fusion_builder_column fusion-builder-column-69 fusion-flex-column post-card fusion-grid-column fusion-post-cards-grid-column\" style=\"--awb-bg-color:var(--awb-color1);--awb-bg-color-hover:var(--awb-color1);--awb-bg-blend:overlay;--awb-bg-size:cover;--awb-flex-grow:0;--awb-flex-shrink:0;--awb-flex-grow-medium:;--awb-flex-shrink-medium:;--awb-flex-grow-small:;--awb-flex-shrink-small:;\" data-scroll-devices=\"small-visibility,medium-visibility,large-visibility\"><div class=\"fusion-column-wrapper fusion-column-has-shadow fusion-flex-justify-content-space-around fusion-content-layout-column\"><div class=\"fusion-classic-product-image-wrapper fusion-woo-product-image fusion-post-card-image fusion-post-card-image-1 has-aspect-ratio\" data-layout=\"static\" style=\"--awb-aspect-ratio:3 \/ 2;\"><div  class=\"fusion-image-wrapper\" aria-haspopup=\"true\">\n\t\t\t\t\t\t\t<a href=\"https:\/\/www.mundusmaris.org\/fr\/activites\/protection-de-locean-et-du-climat\/la-7e-conference-halieutis-recherche-et-innovation-pour-un-secteur-de-peche-durable\/\" aria-label=\"La 7e conf\u00e9rence Halieutis : \u00ab Recherche et innovation pour un secteur de la p\u00eache durable \u00bb\">\n\t\t\t\t\t\t\t<img decoding=\"async\" width=\"500\" height=\"333\" src=\"https:\/\/www.mundusmaris.org\/wp-content\/uploads\/2025\/02\/MoroccoPreview.jpg\" class=\"attachment-full size-full wp-post-image\" alt=\"\" srcset=\"https:\/\/www.mundusmaris.org\/wp-content\/uploads\/2025\/02\/MoroccoPreview-200x133.jpg 200w, https:\/\/www.mundusmaris.org\/wp-content\/uploads\/2025\/02\/MoroccoPreview-400x266.jpg 400w, https:\/\/www.mundusmaris.org\/wp-content\/uploads\/2025\/02\/MoroccoPreview.jpg 500w\" sizes=\"(min-width: 2200px) 100vw, (min-width: 784px) 373px, (min-width: 712px) 560px, (min-width: 640px) 712px, \" \/>\t\t\t<\/a>\n\t\t\t\t\t\t\t<\/div>\n<\/div><div class=\"fusion-meta-tb fusion-meta-tb-69 floated\" style=\"--awb-border-top:0px;--awb-height:36px;--awb-alignment-medium:flex-start;--awb-alignment-small:flex-start;\"><span class=\"fusion-tb-published-date\">Published On: 13 f\u00e9vrier 2025<\/span><span class=\"fusion-meta-tb-sep\"><\/span><\/div><div class=\"fusion-title title fusion-title-69 fusion-sep-none fusion-title-text fusion-title-size-four\" style=\"--awb-margin-top:20px;--awb-margin-right:20px;--awb-margin-bottom:20px;--awb-margin-left:20px;--awb-margin-top-small:10px;--awb-margin-right-small:0px;--awb-margin-bottom-small:10px;--awb-margin-left-small:0px;--awb-font-size:24px;\"><h4 class=\"fusion-title-heading title-heading-left\" style=\"font-family:&quot;IBM Plex Sans Condensed&quot;;font-style:normal;font-weight:500;margin:0;font-size:1em;line-height:1.2;\"><a href=\"https:\/\/www.mundusmaris.org\/fr\/activites\/protection-de-locean-et-du-climat\/la-7e-conference-halieutis-recherche-et-innovation-pour-un-secteur-de-peche-durable\/\" class=\"awb-custom-text-color awb-custom-text-hover-color\" target=\"_self\">La 7e conf\u00e9rence Halieutis : \u00ab Recherche et innovation pour un secteur de la p\u00eache durable \u00bb<\/a><\/h4><\/div><\/div><\/li>\n<li class=\"fusion-layout-column fusion_builder_column fusion-builder-column-70 fusion-flex-column post-card fusion-grid-column fusion-post-cards-grid-column\" style=\"--awb-bg-color:var(--awb-color1);--awb-bg-color-hover:var(--awb-color1);--awb-bg-blend:overlay;--awb-bg-size:cover;--awb-flex-grow:0;--awb-flex-shrink:0;--awb-flex-grow-medium:;--awb-flex-shrink-medium:;--awb-flex-grow-small:;--awb-flex-shrink-small:;\" data-scroll-devices=\"small-visibility,medium-visibility,large-visibility\"><div class=\"fusion-column-wrapper fusion-column-has-shadow fusion-flex-justify-content-space-around fusion-content-layout-column\"><div class=\"fusion-classic-product-image-wrapper fusion-woo-product-image fusion-post-card-image fusion-post-card-image-1 has-aspect-ratio\" data-layout=\"static\" style=\"--awb-aspect-ratio:3 \/ 2;\"><div  class=\"fusion-image-wrapper\" aria-haspopup=\"true\">\n\t\t\t\t\t\t\t<a href=\"https:\/\/www.mundusmaris.org\/fr\/academie-de-la-peche-artisanale\/relations-entre-lhomme-et-la-biodiversite-au-travers-de-differentes-echelles\/\" aria-label=\"Relations entre l&rsquo;Homme et la biodiversit\u00e9 au travers de diff\u00e9rentes \u00e9chelles\">\n\t\t\t\t\t\t\t<img decoding=\"async\" width=\"400\" height=\"275\" src=\"https:\/\/www.mundusmaris.org\/wp-content\/uploads\/2025\/02\/2025WorkShopHolland001.jpg\" class=\"attachment-full size-full wp-post-image\" alt=\"\" srcset=\"https:\/\/www.mundusmaris.org\/wp-content\/uploads\/2025\/02\/2025WorkShopHolland001-200x138.jpg 200w, https:\/\/www.mundusmaris.org\/wp-content\/uploads\/2025\/02\/2025WorkShopHolland001.jpg 400w\" sizes=\"(min-width: 2200px) 100vw, (min-width: 784px) 373px, (min-width: 712px) 560px, (min-width: 640px) 712px, \" \/>\t\t\t<\/a>\n\t\t\t\t\t\t\t<\/div>\n<\/div><div class=\"fusion-meta-tb fusion-meta-tb-70 floated\" style=\"--awb-border-top:0px;--awb-height:36px;--awb-alignment-medium:flex-start;--awb-alignment-small:flex-start;\"><span class=\"fusion-tb-published-date\">Published On: 10 f\u00e9vrier 2025<\/span><span class=\"fusion-meta-tb-sep\"><\/span><\/div><div class=\"fusion-title title fusion-title-70 fusion-sep-none fusion-title-text fusion-title-size-four\" style=\"--awb-margin-top:20px;--awb-margin-right:20px;--awb-margin-bottom:20px;--awb-margin-left:20px;--awb-margin-top-small:10px;--awb-margin-right-small:0px;--awb-margin-bottom-small:10px;--awb-margin-left-small:0px;--awb-font-size:24px;\"><h4 class=\"fusion-title-heading title-heading-left\" style=\"font-family:&quot;IBM Plex Sans Condensed&quot;;font-style:normal;font-weight:500;margin:0;font-size:1em;line-height:1.2;\"><a href=\"https:\/\/www.mundusmaris.org\/fr\/academie-de-la-peche-artisanale\/relations-entre-lhomme-et-la-biodiversite-au-travers-de-differentes-echelles\/\" class=\"awb-custom-text-color awb-custom-text-hover-color\" target=\"_self\">Relations entre l&rsquo;Homme et la biodiversit\u00e9 au travers de diff\u00e9rentes \u00e9chelles<\/a><\/h4><\/div><\/div><\/li>\n<li class=\"fusion-layout-column fusion_builder_column fusion-builder-column-71 fusion-flex-column post-card fusion-grid-column fusion-post-cards-grid-column\" style=\"--awb-bg-color:var(--awb-color1);--awb-bg-color-hover:var(--awb-color1);--awb-bg-blend:overlay;--awb-bg-size:cover;--awb-flex-grow:0;--awb-flex-shrink:0;--awb-flex-grow-medium:;--awb-flex-shrink-medium:;--awb-flex-grow-small:;--awb-flex-shrink-small:;\" data-scroll-devices=\"small-visibility,medium-visibility,large-visibility\"><div class=\"fusion-column-wrapper fusion-column-has-shadow fusion-flex-justify-content-space-around fusion-content-layout-column\"><div class=\"fusion-classic-product-image-wrapper fusion-woo-product-image fusion-post-card-image fusion-post-card-image-1 has-aspect-ratio\" data-layout=\"static\" style=\"--awb-aspect-ratio:3 \/ 2;\"><div  class=\"fusion-image-wrapper\" aria-haspopup=\"true\">\n\t\t\t\t\t\t\t<a href=\"https:\/\/www.mundusmaris.org\/fr\/activites\/protection-de-locean-et-du-climat\/mundus-maris-au-salon-boot-2025-sur-la-plateforme-love-your-ocean\/\" aria-label=\"Mundus maris au salon Boot 2025 sur la plateforme \u00ab love your ocean \u00bb (aimez votre oc\u00e9an)\">\n\t\t\t\t\t\t\t<img decoding=\"async\" width=\"500\" height=\"330\" src=\"https:\/\/www.mundusmaris.org\/wp-content\/uploads\/2025\/01\/Boot25-00.jpg\" class=\"attachment-full size-full wp-post-image\" alt=\"\" srcset=\"https:\/\/www.mundusmaris.org\/wp-content\/uploads\/2025\/01\/Boot25-00-200x132.jpg 200w, https:\/\/www.mundusmaris.org\/wp-content\/uploads\/2025\/01\/Boot25-00-400x264.jpg 400w, https:\/\/www.mundusmaris.org\/wp-content\/uploads\/2025\/01\/Boot25-00.jpg 500w\" sizes=\"(min-width: 2200px) 100vw, (min-width: 784px) 373px, (min-width: 712px) 560px, (min-width: 640px) 712px, \" \/>\t\t\t<\/a>\n\t\t\t\t\t\t\t<\/div>\n<\/div><div class=\"fusion-meta-tb fusion-meta-tb-71 floated\" style=\"--awb-border-top:0px;--awb-height:36px;--awb-alignment-medium:flex-start;--awb-alignment-small:flex-start;\"><span class=\"fusion-tb-published-date\">Published On: 28 janvier 2025<\/span><span class=\"fusion-meta-tb-sep\"><\/span><\/div><div class=\"fusion-title title fusion-title-71 fusion-sep-none fusion-title-text fusion-title-size-four\" style=\"--awb-margin-top:20px;--awb-margin-right:20px;--awb-margin-bottom:20px;--awb-margin-left:20px;--awb-margin-top-small:10px;--awb-margin-right-small:0px;--awb-margin-bottom-small:10px;--awb-margin-left-small:0px;--awb-font-size:24px;\"><h4 class=\"fusion-title-heading title-heading-left\" style=\"font-family:&quot;IBM Plex Sans Condensed&quot;;font-style:normal;font-weight:500;margin:0;font-size:1em;line-height:1.2;\"><a href=\"https:\/\/www.mundusmaris.org\/fr\/activites\/protection-de-locean-et-du-climat\/mundus-maris-au-salon-boot-2025-sur-la-plateforme-love-your-ocean\/\" class=\"awb-custom-text-color awb-custom-text-hover-color\" target=\"_self\">Mundus maris au salon Boot 2025 sur la plateforme \u00ab love your ocean \u00bb (aimez votre oc\u00e9an)<\/a><\/h4><\/div><\/div><\/li>\n<li class=\"fusion-layout-column fusion_builder_column fusion-builder-column-72 fusion-flex-column post-card fusion-grid-column fusion-post-cards-grid-column\" style=\"--awb-bg-color:var(--awb-color1);--awb-bg-color-hover:var(--awb-color1);--awb-bg-blend:overlay;--awb-bg-size:cover;--awb-flex-grow:0;--awb-flex-shrink:0;--awb-flex-grow-medium:;--awb-flex-shrink-medium:;--awb-flex-grow-small:;--awb-flex-shrink-small:;\" data-scroll-devices=\"small-visibility,medium-visibility,large-visibility\"><div class=\"fusion-column-wrapper fusion-column-has-shadow fusion-flex-justify-content-space-around fusion-content-layout-column\"><div class=\"fusion-classic-product-image-wrapper fusion-woo-product-image fusion-post-card-image fusion-post-card-image-1 has-aspect-ratio\" data-layout=\"static\" style=\"--awb-aspect-ratio:3 \/ 2;\"><div  class=\"fusion-image-wrapper\" aria-haspopup=\"true\">\n\t\t\t\t\t\t\t<a href=\"https:\/\/www.mundusmaris.org\/fr\/activites\/protection-de-locean-et-du-climat\/quel-avenir-pour-les-pecheurs-europeens\/\" aria-label=\"Quel avenir pour les p\u00eacheurs europ\u00e9ens?\">\n\t\t\t\t\t\t\t<img decoding=\"async\" width=\"640\" height=\"480\" src=\"https:\/\/www.mundusmaris.org\/wp-content\/uploads\/2025\/02\/fishing-589560_640.jpg\" class=\"attachment-full size-full wp-post-image\" alt=\"\" srcset=\"https:\/\/www.mundusmaris.org\/wp-content\/uploads\/2025\/02\/fishing-589560_640-200x150.jpg 200w, https:\/\/www.mundusmaris.org\/wp-content\/uploads\/2025\/02\/fishing-589560_640-400x300.jpg 400w, https:\/\/www.mundusmaris.org\/wp-content\/uploads\/2025\/02\/fishing-589560_640-600x450.jpg 600w, https:\/\/www.mundusmaris.org\/wp-content\/uploads\/2025\/02\/fishing-589560_640.jpg 640w\" sizes=\"(min-width: 2200px) 100vw, (min-width: 784px) 373px, (min-width: 712px) 560px, (min-width: 640px) 712px, \" \/>\t\t\t<\/a>\n\t\t\t\t\t\t\t<\/div>\n<\/div><div class=\"fusion-meta-tb fusion-meta-tb-72 floated\" style=\"--awb-border-top:0px;--awb-height:36px;--awb-alignment-medium:flex-start;--awb-alignment-small:flex-start;\"><span class=\"fusion-tb-published-date\">Published On: 15 janvier 2025<\/span><span class=\"fusion-meta-tb-sep\"><\/span><\/div><div class=\"fusion-title title fusion-title-72 fusion-sep-none fusion-title-text fusion-title-size-four\" style=\"--awb-margin-top:20px;--awb-margin-right:20px;--awb-margin-bottom:20px;--awb-margin-left:20px;--awb-margin-top-small:10px;--awb-margin-right-small:0px;--awb-margin-bottom-small:10px;--awb-margin-left-small:0px;--awb-font-size:24px;\"><h4 class=\"fusion-title-heading title-heading-left\" style=\"font-family:&quot;IBM Plex Sans Condensed&quot;;font-style:normal;font-weight:500;margin:0;font-size:1em;line-height:1.2;\"><a href=\"https:\/\/www.mundusmaris.org\/fr\/activites\/protection-de-locean-et-du-climat\/quel-avenir-pour-les-pecheurs-europeens\/\" class=\"awb-custom-text-color awb-custom-text-hover-color\" target=\"_self\">Quel avenir pour les p\u00eacheurs europ\u00e9ens?<\/a><\/h4><\/div><\/div><\/li>\n<li class=\"fusion-layout-column fusion_builder_column fusion-builder-column-73 fusion-flex-column post-card fusion-grid-column fusion-post-cards-grid-column\" style=\"--awb-bg-color:var(--awb-color1);--awb-bg-color-hover:var(--awb-color1);--awb-bg-blend:overlay;--awb-bg-size:cover;--awb-flex-grow:0;--awb-flex-shrink:0;--awb-flex-grow-medium:;--awb-flex-shrink-medium:;--awb-flex-grow-small:;--awb-flex-shrink-small:;\" data-scroll-devices=\"small-visibility,medium-visibility,large-visibility\"><div class=\"fusion-column-wrapper fusion-column-has-shadow fusion-flex-justify-content-space-around fusion-content-layout-column\"><div class=\"fusion-classic-product-image-wrapper fusion-woo-product-image fusion-post-card-image fusion-post-card-image-1 has-aspect-ratio\" data-layout=\"static\" style=\"--awb-aspect-ratio:3 \/ 2;\"><div  class=\"fusion-image-wrapper\" aria-haspopup=\"true\">\n\t\t\t\t\t\t\t<a href=\"https:\/\/www.mundusmaris.org\/fr\/activites\/arret-a-la-surpeche\/lomc-na-toujours-pas-conclu-daccord-sur-les-subventions-a-la-peche\/\" aria-label=\"L\u2019OMC n\u2019a toujours pas conclu d\u2019accord sur les subventions \u00e0 la p\u00eache\">\n\t\t\t\t\t\t\t<img decoding=\"async\" width=\"500\" height=\"336\" src=\"https:\/\/www.mundusmaris.org\/wp-content\/uploads\/2024\/12\/BarbadosGoldenFishPin.jpg\" class=\"attachment-full size-full wp-post-image\" alt=\"\" srcset=\"https:\/\/www.mundusmaris.org\/wp-content\/uploads\/2024\/12\/BarbadosGoldenFishPin-200x134.jpg 200w, https:\/\/www.mundusmaris.org\/wp-content\/uploads\/2024\/12\/BarbadosGoldenFishPin-400x269.jpg 400w, https:\/\/www.mundusmaris.org\/wp-content\/uploads\/2024\/12\/BarbadosGoldenFishPin.jpg 500w\" sizes=\"(min-width: 2200px) 100vw, (min-width: 784px) 373px, (min-width: 712px) 560px, (min-width: 640px) 712px, \" \/>\t\t\t<\/a>\n\t\t\t\t\t\t\t<\/div>\n<\/div><div class=\"fusion-meta-tb fusion-meta-tb-73 floated\" style=\"--awb-border-top:0px;--awb-height:36px;--awb-alignment-medium:flex-start;--awb-alignment-small:flex-start;\"><span class=\"fusion-tb-published-date\">Published On: 15 d\u00e9cembre 2024<\/span><span class=\"fusion-meta-tb-sep\"><\/span><\/div><div class=\"fusion-title title fusion-title-73 fusion-sep-none fusion-title-text fusion-title-size-four\" style=\"--awb-margin-top:20px;--awb-margin-right:20px;--awb-margin-bottom:20px;--awb-margin-left:20px;--awb-margin-top-small:10px;--awb-margin-right-small:0px;--awb-margin-bottom-small:10px;--awb-margin-left-small:0px;--awb-font-size:24px;\"><h4 class=\"fusion-title-heading title-heading-left\" style=\"font-family:&quot;IBM Plex Sans Condensed&quot;;font-style:normal;font-weight:500;margin:0;font-size:1em;line-height:1.2;\"><a href=\"https:\/\/www.mundusmaris.org\/fr\/activites\/arret-a-la-surpeche\/lomc-na-toujours-pas-conclu-daccord-sur-les-subventions-a-la-peche\/\" class=\"awb-custom-text-color awb-custom-text-hover-color\" target=\"_self\">L\u2019OMC n\u2019a toujours pas conclu d\u2019accord sur les subventions \u00e0 la p\u00eache<\/a><\/h4><\/div><\/div><\/li>\n<li class=\"fusion-layout-column fusion_builder_column fusion-builder-column-74 fusion-flex-column post-card fusion-grid-column fusion-post-cards-grid-column\" style=\"--awb-bg-color:var(--awb-color1);--awb-bg-color-hover:var(--awb-color1);--awb-bg-blend:overlay;--awb-bg-size:cover;--awb-flex-grow:0;--awb-flex-shrink:0;--awb-flex-grow-medium:;--awb-flex-shrink-medium:;--awb-flex-grow-small:;--awb-flex-shrink-small:;\" data-scroll-devices=\"small-visibility,medium-visibility,large-visibility\"><div class=\"fusion-column-wrapper fusion-column-has-shadow fusion-flex-justify-content-space-around fusion-content-layout-column\"><div class=\"fusion-classic-product-image-wrapper fusion-woo-product-image fusion-post-card-image fusion-post-card-image-1 has-aspect-ratio\" data-layout=\"static\" style=\"--awb-aspect-ratio:3 \/ 2;\"><div  class=\"fusion-image-wrapper\" aria-haspopup=\"true\">\n\t\t\t\t\t\t\t<a href=\"https:\/\/www.mundusmaris.org\/fr\/evenements\/belgian-national-ocean-decade-committee-meets-in-oostende\/\" aria-label=\"Le comit\u00e9 national belge de la D\u00e9cennie de l&rsquo;oc\u00e9an se r\u00e9unit \u00e0 Ostende\">\n\t\t\t\t\t\t\t<img decoding=\"async\" width=\"500\" height=\"330\" src=\"https:\/\/www.mundusmaris.org\/wp-content\/uploads\/2024\/12\/FisherwomenOstende500px.jpg\" class=\"attachment-full size-full wp-post-image\" alt=\"\" srcset=\"https:\/\/www.mundusmaris.org\/wp-content\/uploads\/2024\/12\/FisherwomenOstende500px-200x132.jpg 200w, https:\/\/www.mundusmaris.org\/wp-content\/uploads\/2024\/12\/FisherwomenOstende500px-400x264.jpg 400w, https:\/\/www.mundusmaris.org\/wp-content\/uploads\/2024\/12\/FisherwomenOstende500px.jpg 500w\" sizes=\"(min-width: 2200px) 100vw, (min-width: 784px) 373px, (min-width: 712px) 560px, (min-width: 640px) 712px, \" \/>\t\t\t<\/a>\n\t\t\t\t\t\t\t<\/div>\n<\/div><div class=\"fusion-meta-tb fusion-meta-tb-74 floated\" style=\"--awb-border-top:0px;--awb-height:36px;--awb-alignment-medium:flex-start;--awb-alignment-small:flex-start;\"><span class=\"fusion-tb-published-date\">Published On: 15 d\u00e9cembre 2024<\/span><span class=\"fusion-meta-tb-sep\"><\/span><\/div><div class=\"fusion-title title fusion-title-74 fusion-sep-none fusion-title-text fusion-title-size-four\" style=\"--awb-margin-top:20px;--awb-margin-right:20px;--awb-margin-bottom:20px;--awb-margin-left:20px;--awb-margin-top-small:10px;--awb-margin-right-small:0px;--awb-margin-bottom-small:10px;--awb-margin-left-small:0px;--awb-font-size:24px;\"><h4 class=\"fusion-title-heading title-heading-left\" style=\"font-family:&quot;IBM Plex Sans Condensed&quot;;font-style:normal;font-weight:500;margin:0;font-size:1em;line-height:1.2;\"><a href=\"https:\/\/www.mundusmaris.org\/fr\/evenements\/belgian-national-ocean-decade-committee-meets-in-oostende\/\" class=\"awb-custom-text-color awb-custom-text-hover-color\" target=\"_self\">Le comit\u00e9 national belge de la D\u00e9cennie de l&rsquo;oc\u00e9an se r\u00e9unit \u00e0 Ostende<\/a><\/h4><\/div><\/div><\/li>\n<li class=\"fusion-layout-column fusion_builder_column fusion-builder-column-75 fusion-flex-column post-card fusion-grid-column fusion-post-cards-grid-column\" style=\"--awb-bg-color:var(--awb-color1);--awb-bg-color-hover:var(--awb-color1);--awb-bg-blend:overlay;--awb-bg-size:cover;--awb-flex-grow:0;--awb-flex-shrink:0;--awb-flex-grow-medium:;--awb-flex-shrink-medium:;--awb-flex-grow-small:;--awb-flex-shrink-small:;\" data-scroll-devices=\"small-visibility,medium-visibility,large-visibility\"><div class=\"fusion-column-wrapper fusion-column-has-shadow fusion-flex-justify-content-space-around fusion-content-layout-column\"><div class=\"fusion-classic-product-image-wrapper fusion-woo-product-image fusion-post-card-image fusion-post-card-image-1 has-aspect-ratio\" data-layout=\"static\" style=\"--awb-aspect-ratio:3 \/ 2;\"><div  class=\"fusion-image-wrapper\" aria-haspopup=\"true\">\n\t\t\t\t\t\t\t<a href=\"https:\/\/www.mundusmaris.org\/fr\/academie-de-la-peche-artisanale\/world-fisheries-day-21-november-2024-celebrated-in-nigeria\/\" aria-label=\"C\u00e9l\u00e9bration de la Journ\u00e9e mondiale de la p\u00eache au Nigeria, 21 novembre 2024\">\n\t\t\t\t\t\t\t<img decoding=\"async\" width=\"500\" height=\"330\" src=\"https:\/\/www.mundusmaris.org\/wp-content\/uploads\/2024\/12\/SSF-GuidelinesVideo.jpg\" class=\"attachment-full size-full wp-post-image\" alt=\"\" srcset=\"https:\/\/www.mundusmaris.org\/wp-content\/uploads\/2024\/12\/SSF-GuidelinesVideo-200x132.jpg 200w, https:\/\/www.mundusmaris.org\/wp-content\/uploads\/2024\/12\/SSF-GuidelinesVideo-400x264.jpg 400w, https:\/\/www.mundusmaris.org\/wp-content\/uploads\/2024\/12\/SSF-GuidelinesVideo.jpg 500w\" sizes=\"(min-width: 2200px) 100vw, (min-width: 784px) 373px, (min-width: 712px) 560px, (min-width: 640px) 712px, \" \/>\t\t\t<\/a>\n\t\t\t\t\t\t\t<\/div>\n<\/div><div class=\"fusion-meta-tb fusion-meta-tb-75 floated\" style=\"--awb-border-top:0px;--awb-height:36px;--awb-alignment-medium:flex-start;--awb-alignment-small:flex-start;\"><span class=\"fusion-tb-published-date\">Published On: 25 novembre 2024<\/span><span class=\"fusion-meta-tb-sep\"><\/span><\/div><div class=\"fusion-title title fusion-title-75 fusion-sep-none fusion-title-text fusion-title-size-four\" style=\"--awb-margin-top:20px;--awb-margin-right:20px;--awb-margin-bottom:20px;--awb-margin-left:20px;--awb-margin-top-small:10px;--awb-margin-right-small:0px;--awb-margin-bottom-small:10px;--awb-margin-left-small:0px;--awb-font-size:24px;\"><h4 class=\"fusion-title-heading title-heading-left\" style=\"font-family:&quot;IBM Plex Sans Condensed&quot;;font-style:normal;font-weight:500;margin:0;font-size:1em;line-height:1.2;\"><a href=\"https:\/\/www.mundusmaris.org\/fr\/academie-de-la-peche-artisanale\/world-fisheries-day-21-november-2024-celebrated-in-nigeria\/\" class=\"awb-custom-text-color awb-custom-text-hover-color\" target=\"_self\">C\u00e9l\u00e9bration de la Journ\u00e9e mondiale de la p\u00eache au Nigeria, 21 novembre 2024<\/a><\/h4><\/div><\/div><\/li>\n<li class=\"fusion-layout-column fusion_builder_column fusion-builder-column-76 fusion-flex-column post-card fusion-grid-column fusion-post-cards-grid-column\" style=\"--awb-bg-color:var(--awb-color1);--awb-bg-color-hover:var(--awb-color1);--awb-bg-blend:overlay;--awb-bg-size:cover;--awb-flex-grow:0;--awb-flex-shrink:0;--awb-flex-grow-medium:;--awb-flex-shrink-medium:;--awb-flex-grow-small:;--awb-flex-shrink-small:;\" data-scroll-devices=\"small-visibility,medium-visibility,large-visibility\"><div class=\"fusion-column-wrapper fusion-column-has-shadow fusion-flex-justify-content-space-around fusion-content-layout-column\"><div class=\"fusion-classic-product-image-wrapper fusion-woo-product-image fusion-post-card-image fusion-post-card-image-1 has-aspect-ratio\" data-layout=\"static\" style=\"--awb-aspect-ratio:3 \/ 2;\"><div  class=\"fusion-image-wrapper\" aria-haspopup=\"true\">\n\t\t\t\t\t\t\t<a href=\"https:\/\/www.mundusmaris.org\/fr\/entre-tradition-et-modernite\/mundus-maris-participated-in-the-2024-world-fisheries-day-organized-by-canoe-and-fishery-gear-association-of-ghana-cafgoag\/\" aria-label=\"Mundus maris a particip\u00e9 \u00e0 la Journ\u00e9e mondiale de la p\u00eache 2024 organis\u00e9e par la Canoe and Fishing Gear Association of Ghana (CaFGOAG).\">\n\t\t\t\t\t\t\t<img decoding=\"async\" width=\"750\" height=\"550\" src=\"https:\/\/www.mundusmaris.org\/wp-content\/uploads\/2024\/11\/ShamaCouncil.jpg\" class=\"attachment-full size-full wp-post-image\" alt=\"\" srcset=\"https:\/\/www.mundusmaris.org\/wp-content\/uploads\/2024\/11\/ShamaCouncil-200x147.jpg 200w, https:\/\/www.mundusmaris.org\/wp-content\/uploads\/2024\/11\/ShamaCouncil-400x293.jpg 400w, https:\/\/www.mundusmaris.org\/wp-content\/uploads\/2024\/11\/ShamaCouncil-600x440.jpg 600w, https:\/\/www.mundusmaris.org\/wp-content\/uploads\/2024\/11\/ShamaCouncil.jpg 750w\" sizes=\"(min-width: 2200px) 100vw, (min-width: 784px) 373px, (min-width: 712px) 560px, (min-width: 640px) 712px, \" \/>\t\t\t<\/a>\n\t\t\t\t\t\t\t<\/div>\n<\/div><div class=\"fusion-meta-tb fusion-meta-tb-76 floated\" style=\"--awb-border-top:0px;--awb-height:36px;--awb-alignment-medium:flex-start;--awb-alignment-small:flex-start;\"><span class=\"fusion-tb-published-date\">Published On: 24 novembre 2024<\/span><span class=\"fusion-meta-tb-sep\"><\/span><\/div><div class=\"fusion-title title fusion-title-76 fusion-sep-none fusion-title-text fusion-title-size-four\" style=\"--awb-margin-top:20px;--awb-margin-right:20px;--awb-margin-bottom:20px;--awb-margin-left:20px;--awb-margin-top-small:10px;--awb-margin-right-small:0px;--awb-margin-bottom-small:10px;--awb-margin-left-small:0px;--awb-font-size:24px;\"><h4 class=\"fusion-title-heading title-heading-left\" style=\"font-family:&quot;IBM Plex Sans Condensed&quot;;font-style:normal;font-weight:500;margin:0;font-size:1em;line-height:1.2;\"><a href=\"https:\/\/www.mundusmaris.org\/fr\/entre-tradition-et-modernite\/mundus-maris-participated-in-the-2024-world-fisheries-day-organized-by-canoe-and-fishery-gear-association-of-ghana-cafgoag\/\" class=\"awb-custom-text-color awb-custom-text-hover-color\" target=\"_self\">Mundus maris a particip\u00e9 \u00e0 la Journ\u00e9e mondiale de la p\u00eache 2024 organis\u00e9e par la Canoe and Fishing Gear Association of Ghana (CaFGOAG).<\/a><\/h4><\/div><\/div><\/li>\n<li class=\"fusion-layout-column fusion_builder_column fusion-builder-column-77 fusion-flex-column post-card fusion-grid-column fusion-post-cards-grid-column\" style=\"--awb-bg-color:var(--awb-color1);--awb-bg-color-hover:var(--awb-color1);--awb-bg-blend:overlay;--awb-bg-size:cover;--awb-flex-grow:0;--awb-flex-shrink:0;--awb-flex-grow-medium:;--awb-flex-shrink-medium:;--awb-flex-grow-small:;--awb-flex-shrink-small:;\" data-scroll-devices=\"small-visibility,medium-visibility,large-visibility\"><div class=\"fusion-column-wrapper fusion-column-has-shadow fusion-flex-justify-content-space-around fusion-content-layout-column\"><div class=\"fusion-classic-product-image-wrapper fusion-woo-product-image fusion-post-card-image fusion-post-card-image-1 has-aspect-ratio\" data-layout=\"static\" style=\"--awb-aspect-ratio:3 \/ 2;\"><div  class=\"fusion-image-wrapper\" aria-haspopup=\"true\">\n\t\t\t\t\t\t\t<a href=\"https:\/\/www.mundusmaris.org\/fr\/evenements\/environmental-history-in-the-medieval-and-early-modern-low-countries-25-26-october-2024\/\" aria-label=\"Environmental history in the Medieval and early modern Low Countries, 25-26 October 2024\">\n\t\t\t\t\t\t\t<img decoding=\"async\" width=\"506\" height=\"310\" src=\"https:\/\/www.mundusmaris.org\/wp-content\/uploads\/2024\/11\/HerringFishing.jpg\" class=\"attachment-full size-full wp-post-image\" alt=\"\" srcset=\"https:\/\/www.mundusmaris.org\/wp-content\/uploads\/2024\/11\/HerringFishing-200x123.jpg 200w, https:\/\/www.mundusmaris.org\/wp-content\/uploads\/2024\/11\/HerringFishing-400x245.jpg 400w, https:\/\/www.mundusmaris.org\/wp-content\/uploads\/2024\/11\/HerringFishing.jpg 506w\" sizes=\"(min-width: 2200px) 100vw, (min-width: 784px) 373px, (min-width: 712px) 560px, (min-width: 640px) 712px, \" \/>\t\t\t<\/a>\n\t\t\t\t\t\t\t<\/div>\n<\/div><div class=\"fusion-meta-tb fusion-meta-tb-77 floated\" style=\"--awb-border-top:0px;--awb-height:36px;--awb-alignment-medium:flex-start;--awb-alignment-small:flex-start;\"><span class=\"fusion-tb-published-date\">Published On: 28 octobre 2024<\/span><span class=\"fusion-meta-tb-sep\"><\/span><\/div><div class=\"fusion-title title fusion-title-77 fusion-sep-none fusion-title-text fusion-title-size-four\" style=\"--awb-margin-top:20px;--awb-margin-right:20px;--awb-margin-bottom:20px;--awb-margin-left:20px;--awb-margin-top-small:10px;--awb-margin-right-small:0px;--awb-margin-bottom-small:10px;--awb-margin-left-small:0px;--awb-font-size:24px;\"><h4 class=\"fusion-title-heading title-heading-left\" style=\"font-family:&quot;IBM Plex Sans Condensed&quot;;font-style:normal;font-weight:500;margin:0;font-size:1em;line-height:1.2;\"><a href=\"https:\/\/www.mundusmaris.org\/fr\/evenements\/environmental-history-in-the-medieval-and-early-modern-low-countries-25-26-october-2024\/\" class=\"awb-custom-text-color awb-custom-text-hover-color\" target=\"_self\">Environmental history in the Medieval and early modern Low Countries, 25-26 October 2024<\/a><\/h4><\/div><\/div><\/li>\n<li class=\"fusion-layout-column fusion_builder_column fusion-builder-column-78 fusion-flex-column post-card fusion-grid-column fusion-post-cards-grid-column\" style=\"--awb-bg-color:var(--awb-color1);--awb-bg-color-hover:var(--awb-color1);--awb-bg-blend:overlay;--awb-bg-size:cover;--awb-flex-grow:0;--awb-flex-shrink:0;--awb-flex-grow-medium:;--awb-flex-shrink-medium:;--awb-flex-grow-small:;--awb-flex-shrink-small:;\" data-scroll-devices=\"small-visibility,medium-visibility,large-visibility\"><div class=\"fusion-column-wrapper fusion-column-has-shadow fusion-flex-justify-content-space-around fusion-content-layout-column\"><div class=\"fusion-classic-product-image-wrapper fusion-woo-product-image fusion-post-card-image fusion-post-card-image-1 has-aspect-ratio\" data-layout=\"static\" style=\"--awb-aspect-ratio:3 \/ 2;\"><div  class=\"fusion-image-wrapper\" aria-haspopup=\"true\">\n\t\t\t\t\t\t\t<a href=\"https:\/\/www.mundusmaris.org\/fr\/activites\/arret-a-la-surpeche\/improving-fisheries-governance-ifg-au-ghana-et-dans-la-sous-region-au-sens-large-accra-22-24-octobre-2024\/\" aria-label=\"Improving Fisheries Governance (IFG) au Ghana et dans la sous-r\u00e9gion au sens large, Accra, 22-24 octobre 2024\">\n\t\t\t\t\t\t\t<img decoding=\"async\" width=\"500\" height=\"345\" src=\"https:\/\/www.mundusmaris.org\/wp-content\/uploads\/2024\/11\/Ghana.jpg\" class=\"attachment-full size-full wp-post-image\" alt=\"\" srcset=\"https:\/\/www.mundusmaris.org\/wp-content\/uploads\/2024\/11\/Ghana-200x138.jpg 200w, https:\/\/www.mundusmaris.org\/wp-content\/uploads\/2024\/11\/Ghana-400x276.jpg 400w, https:\/\/www.mundusmaris.org\/wp-content\/uploads\/2024\/11\/Ghana.jpg 500w\" sizes=\"(min-width: 2200px) 100vw, (min-width: 784px) 373px, (min-width: 712px) 560px, (min-width: 640px) 712px, \" \/>\t\t\t<\/a>\n\t\t\t\t\t\t\t<\/div>\n<\/div><div class=\"fusion-meta-tb fusion-meta-tb-78 floated\" style=\"--awb-border-top:0px;--awb-height:36px;--awb-alignment-medium:flex-start;--awb-alignment-small:flex-start;\"><span class=\"fusion-tb-published-date\">Published On: 26 octobre 2024<\/span><span class=\"fusion-meta-tb-sep\"><\/span><\/div><div class=\"fusion-title title fusion-title-78 fusion-sep-none fusion-title-text fusion-title-size-four\" style=\"--awb-margin-top:20px;--awb-margin-right:20px;--awb-margin-bottom:20px;--awb-margin-left:20px;--awb-margin-top-small:10px;--awb-margin-right-small:0px;--awb-margin-bottom-small:10px;--awb-margin-left-small:0px;--awb-font-size:24px;\"><h4 class=\"fusion-title-heading title-heading-left\" style=\"font-family:&quot;IBM Plex Sans Condensed&quot;;font-style:normal;font-weight:500;margin:0;font-size:1em;line-height:1.2;\"><a href=\"https:\/\/www.mundusmaris.org\/fr\/activites\/arret-a-la-surpeche\/improving-fisheries-governance-ifg-au-ghana-et-dans-la-sous-region-au-sens-large-accra-22-24-octobre-2024\/\" class=\"awb-custom-text-color awb-custom-text-hover-color\" target=\"_self\">Improving Fisheries Governance (IFG) au Ghana et dans la sous-r\u00e9gion au sens large, Accra, 22-24 octobre 2024<\/a><\/h4><\/div><\/div><\/li>\n<li class=\"fusion-layout-column fusion_builder_column fusion-builder-column-79 fusion-flex-column post-card fusion-grid-column fusion-post-cards-grid-column\" style=\"--awb-bg-color:var(--awb-color1);--awb-bg-color-hover:var(--awb-color1);--awb-bg-blend:overlay;--awb-bg-size:cover;--awb-flex-grow:0;--awb-flex-shrink:0;--awb-flex-grow-medium:;--awb-flex-shrink-medium:;--awb-flex-grow-small:;--awb-flex-shrink-small:;\" data-scroll-devices=\"small-visibility,medium-visibility,large-visibility\"><div class=\"fusion-column-wrapper fusion-column-has-shadow fusion-flex-justify-content-space-around fusion-content-layout-column\"><div class=\"fusion-classic-product-image-wrapper fusion-woo-product-image fusion-post-card-image fusion-post-card-image-1 has-aspect-ratio\" data-layout=\"static\" style=\"--awb-aspect-ratio:3 \/ 2;\"><div  class=\"fusion-image-wrapper\" aria-haspopup=\"true\">\n\t\t\t\t\t\t\t<a href=\"https:\/\/www.mundusmaris.org\/fr\/locean-nous-nourrit\/world-food-day-2024-joint-webinar-with-fish-party\/\" aria-label=\"World Food Day 2024, Joint Webinar with Fish Party\">\n\t\t\t\t\t\t\t<img decoding=\"async\" width=\"500\" height=\"330\" src=\"https:\/\/www.mundusmaris.org\/wp-content\/uploads\/2024\/11\/PosterFoodDay24.jpg\" class=\"attachment-full size-full wp-post-image\" alt=\"\" srcset=\"https:\/\/www.mundusmaris.org\/wp-content\/uploads\/2024\/11\/PosterFoodDay24-200x132.jpg 200w, https:\/\/www.mundusmaris.org\/wp-content\/uploads\/2024\/11\/PosterFoodDay24-400x264.jpg 400w, https:\/\/www.mundusmaris.org\/wp-content\/uploads\/2024\/11\/PosterFoodDay24.jpg 500w\" sizes=\"(min-width: 2200px) 100vw, (min-width: 784px) 373px, (min-width: 712px) 560px, (min-width: 640px) 712px, \" \/>\t\t\t<\/a>\n\t\t\t\t\t\t\t<\/div>\n<\/div><div class=\"fusion-meta-tb fusion-meta-tb-79 floated\" style=\"--awb-border-top:0px;--awb-height:36px;--awb-alignment-medium:flex-start;--awb-alignment-small:flex-start;\"><span class=\"fusion-tb-published-date\">Published On: 18 octobre 2024<\/span><span class=\"fusion-meta-tb-sep\"><\/span><\/div><div class=\"fusion-title title fusion-title-79 fusion-sep-none fusion-title-text fusion-title-size-four\" style=\"--awb-margin-top:20px;--awb-margin-right:20px;--awb-margin-bottom:20px;--awb-margin-left:20px;--awb-margin-top-small:10px;--awb-margin-right-small:0px;--awb-margin-bottom-small:10px;--awb-margin-left-small:0px;--awb-font-size:24px;\"><h4 class=\"fusion-title-heading title-heading-left\" style=\"font-family:&quot;IBM Plex Sans Condensed&quot;;font-style:normal;font-weight:500;margin:0;font-size:1em;line-height:1.2;\"><a href=\"https:\/\/www.mundusmaris.org\/fr\/locean-nous-nourrit\/world-food-day-2024-joint-webinar-with-fish-party\/\" class=\"awb-custom-text-color awb-custom-text-hover-color\" target=\"_self\">World Food Day 2024, Joint Webinar with Fish Party<\/a><\/h4><\/div><\/div><\/li>\n<li class=\"fusion-layout-column fusion_builder_column fusion-builder-column-80 fusion-flex-column post-card fusion-grid-column fusion-post-cards-grid-column\" style=\"--awb-bg-color:var(--awb-color1);--awb-bg-color-hover:var(--awb-color1);--awb-bg-blend:overlay;--awb-bg-size:cover;--awb-flex-grow:0;--awb-flex-shrink:0;--awb-flex-grow-medium:;--awb-flex-shrink-medium:;--awb-flex-grow-small:;--awb-flex-shrink-small:;\" data-scroll-devices=\"small-visibility,medium-visibility,large-visibility\"><div class=\"fusion-column-wrapper fusion-column-has-shadow fusion-flex-justify-content-space-around fusion-content-layout-column\"><div class=\"fusion-classic-product-image-wrapper fusion-woo-product-image fusion-post-card-image fusion-post-card-image-1 has-aspect-ratio\" data-layout=\"static\" style=\"--awb-aspect-ratio:3 \/ 2;\"><div  class=\"fusion-image-wrapper\" aria-haspopup=\"true\">\n\t\t\t\t\t\t\t<a href=\"https:\/\/www.mundusmaris.org\/fr\/activites\/protection-de-locean-et-du-climat\/maritime-security-2024-innovations-and-partnerships-for-the-future-praia\/\" aria-label=\"S\u00e9curit\u00e9 maritime 2024 : Innovations et partenariats pour l&rsquo;avenir, Praia, 8-9 octobre\">\n\t\t\t\t\t\t\t<img decoding=\"async\" width=\"720\" height=\"450\" src=\"https:\/\/www.mundusmaris.org\/wp-content\/uploads\/2024\/10\/stern-of-cargo-ship-carrying-container-and-running-2023-05-16-05-24-21-utc.jpg\" class=\"attachment-full size-full wp-post-image\" alt=\"\" srcset=\"https:\/\/www.mundusmaris.org\/wp-content\/uploads\/2024\/10\/stern-of-cargo-ship-carrying-container-and-running-2023-05-16-05-24-21-utc-200x125.jpg 200w, https:\/\/www.mundusmaris.org\/wp-content\/uploads\/2024\/10\/stern-of-cargo-ship-carrying-container-and-running-2023-05-16-05-24-21-utc-400x250.jpg 400w, https:\/\/www.mundusmaris.org\/wp-content\/uploads\/2024\/10\/stern-of-cargo-ship-carrying-container-and-running-2023-05-16-05-24-21-utc-600x375.jpg 600w, https:\/\/www.mundusmaris.org\/wp-content\/uploads\/2024\/10\/stern-of-cargo-ship-carrying-container-and-running-2023-05-16-05-24-21-utc.jpg 720w\" sizes=\"(min-width: 2200px) 100vw, (min-width: 784px) 373px, (min-width: 712px) 560px, (min-width: 640px) 712px, \" \/>\t\t\t<\/a>\n\t\t\t\t\t\t\t<\/div>\n<\/div><div class=\"fusion-meta-tb fusion-meta-tb-80 floated\" style=\"--awb-border-top:0px;--awb-height:36px;--awb-alignment-medium:flex-start;--awb-alignment-small:flex-start;\"><span class=\"fusion-tb-published-date\">Published On: 10 octobre 2024<\/span><span class=\"fusion-meta-tb-sep\"><\/span><\/div><div class=\"fusion-title title fusion-title-80 fusion-sep-none fusion-title-text fusion-title-size-four\" style=\"--awb-margin-top:20px;--awb-margin-right:20px;--awb-margin-bottom:20px;--awb-margin-left:20px;--awb-margin-top-small:10px;--awb-margin-right-small:0px;--awb-margin-bottom-small:10px;--awb-margin-left-small:0px;--awb-font-size:24px;\"><h4 class=\"fusion-title-heading title-heading-left\" style=\"font-family:&quot;IBM Plex Sans Condensed&quot;;font-style:normal;font-weight:500;margin:0;font-size:1em;line-height:1.2;\"><a href=\"https:\/\/www.mundusmaris.org\/fr\/activites\/protection-de-locean-et-du-climat\/maritime-security-2024-innovations-and-partnerships-for-the-future-praia\/\" class=\"awb-custom-text-color awb-custom-text-hover-color\" target=\"_self\">S\u00e9curit\u00e9 maritime 2024 : Innovations et partenariats pour l&rsquo;avenir, Praia, 8-9 octobre<\/a><\/h4><\/div><\/div><\/li>\n<li class=\"fusion-layout-column fusion_builder_column fusion-builder-column-81 fusion-flex-column post-card fusion-grid-column fusion-post-cards-grid-column\" style=\"--awb-bg-color:var(--awb-color1);--awb-bg-color-hover:var(--awb-color1);--awb-bg-blend:overlay;--awb-bg-size:cover;--awb-flex-grow:0;--awb-flex-shrink:0;--awb-flex-grow-medium:;--awb-flex-shrink-medium:;--awb-flex-grow-small:;--awb-flex-shrink-small:;\" data-scroll-devices=\"small-visibility,medium-visibility,large-visibility\"><div class=\"fusion-column-wrapper fusion-column-has-shadow fusion-flex-justify-content-space-around fusion-content-layout-column\"><div class=\"fusion-classic-product-image-wrapper fusion-woo-product-image fusion-post-card-image fusion-post-card-image-1 has-aspect-ratio\" data-layout=\"static\" style=\"--awb-aspect-ratio:3 \/ 2;\"><div  class=\"fusion-image-wrapper\" aria-haspopup=\"true\">\n\t\t\t\t\t\t\t<a href=\"https:\/\/www.mundusmaris.org\/fr\/activites\/protection-de-locean-et-du-climat\/favoriser-transition-energetique-et-resilience-climatique-dans-le-secteu-de-la-peche-de-lue\/\" aria-label=\"Favoriser la transition \u00e9nerg\u00e9tique et la r\u00e9silience climatique dans le secteur de la p\u00eache de l&rsquo;UE\">\n\t\t\t\t\t\t\t<img decoding=\"async\" width=\"500\" height=\"332\" src=\"https:\/\/www.mundusmaris.org\/wp-content\/uploads\/2024\/10\/DecarboniseNow.jpg\" class=\"attachment-full size-full wp-post-image\" alt=\"\" srcset=\"https:\/\/www.mundusmaris.org\/wp-content\/uploads\/2024\/10\/DecarboniseNow-200x133.jpg 200w, https:\/\/www.mundusmaris.org\/wp-content\/uploads\/2024\/10\/DecarboniseNow-400x266.jpg 400w, https:\/\/www.mundusmaris.org\/wp-content\/uploads\/2024\/10\/DecarboniseNow.jpg 500w\" sizes=\"(min-width: 2200px) 100vw, (min-width: 784px) 373px, (min-width: 712px) 560px, (min-width: 640px) 712px, \" \/>\t\t\t<\/a>\n\t\t\t\t\t\t\t<\/div>\n<\/div><div class=\"fusion-meta-tb fusion-meta-tb-81 floated\" style=\"--awb-border-top:0px;--awb-height:36px;--awb-alignment-medium:flex-start;--awb-alignment-small:flex-start;\"><span class=\"fusion-tb-published-date\">Published On: 6 octobre 2024<\/span><span class=\"fusion-meta-tb-sep\"><\/span><\/div><div class=\"fusion-title title fusion-title-81 fusion-sep-none fusion-title-text fusion-title-size-four\" style=\"--awb-margin-top:20px;--awb-margin-right:20px;--awb-margin-bottom:20px;--awb-margin-left:20px;--awb-margin-top-small:10px;--awb-margin-right-small:0px;--awb-margin-bottom-small:10px;--awb-margin-left-small:0px;--awb-font-size:24px;\"><h4 class=\"fusion-title-heading title-heading-left\" style=\"font-family:&quot;IBM Plex Sans Condensed&quot;;font-style:normal;font-weight:500;margin:0;font-size:1em;line-height:1.2;\"><a href=\"https:\/\/www.mundusmaris.org\/fr\/activites\/protection-de-locean-et-du-climat\/favoriser-transition-energetique-et-resilience-climatique-dans-le-secteu-de-la-peche-de-lue\/\" class=\"awb-custom-text-color awb-custom-text-hover-color\" target=\"_self\">Favoriser la transition \u00e9nerg\u00e9tique et la r\u00e9silience climatique dans le secteur de la p\u00eache de l&rsquo;UE<\/a><\/h4><\/div><\/div><\/li>\n<li class=\"fusion-layout-column fusion_builder_column fusion-builder-column-82 fusion-flex-column post-card fusion-grid-column fusion-post-cards-grid-column\" style=\"--awb-bg-color:var(--awb-color1);--awb-bg-color-hover:var(--awb-color1);--awb-bg-blend:overlay;--awb-bg-size:cover;--awb-flex-grow:0;--awb-flex-shrink:0;--awb-flex-grow-medium:;--awb-flex-shrink-medium:;--awb-flex-grow-small:;--awb-flex-shrink-small:;\" data-scroll-devices=\"small-visibility,medium-visibility,large-visibility\"><div class=\"fusion-column-wrapper fusion-column-has-shadow fusion-flex-justify-content-space-around fusion-content-layout-column\"><div class=\"fusion-classic-product-image-wrapper fusion-woo-product-image fusion-post-card-image fusion-post-card-image-1 has-aspect-ratio\" data-layout=\"static\" style=\"--awb-aspect-ratio:3 \/ 2;\"><div  class=\"fusion-image-wrapper\" aria-haspopup=\"true\">\n\t\t\t\t\t\t\t<a href=\"https:\/\/www.mundusmaris.org\/fr\/films\/x-trillion-voyage-travers-ocean-de-plastique\/\" aria-label=\"X-Trillion \u2013 Voyage \u00e0 travers un oc\u00e9an de plastique\">\n\t\t\t\t\t\t\t<img decoding=\"async\" width=\"500\" height=\"332\" src=\"https:\/\/www.mundusmaris.org\/wp-content\/uploads\/2024\/10\/X-Trillion-FilmBxl.jpg\" class=\"attachment-full size-full wp-post-image\" alt=\"\" srcset=\"https:\/\/www.mundusmaris.org\/wp-content\/uploads\/2024\/10\/X-Trillion-FilmBxl-200x133.jpg 200w, https:\/\/www.mundusmaris.org\/wp-content\/uploads\/2024\/10\/X-Trillion-FilmBxl-400x266.jpg 400w, https:\/\/www.mundusmaris.org\/wp-content\/uploads\/2024\/10\/X-Trillion-FilmBxl.jpg 500w\" sizes=\"(min-width: 2200px) 100vw, (min-width: 784px) 373px, (min-width: 712px) 560px, (min-width: 640px) 712px, \" \/>\t\t\t<\/a>\n\t\t\t\t\t\t\t<\/div>\n<\/div><div class=\"fusion-meta-tb fusion-meta-tb-82 floated\" style=\"--awb-border-top:0px;--awb-height:36px;--awb-alignment-medium:flex-start;--awb-alignment-small:flex-start;\"><span class=\"fusion-tb-published-date\">Published On: 6 octobre 2024<\/span><span class=\"fusion-meta-tb-sep\"><\/span><\/div><div class=\"fusion-title title fusion-title-82 fusion-sep-none fusion-title-text fusion-title-size-four\" style=\"--awb-margin-top:20px;--awb-margin-right:20px;--awb-margin-bottom:20px;--awb-margin-left:20px;--awb-margin-top-small:10px;--awb-margin-right-small:0px;--awb-margin-bottom-small:10px;--awb-margin-left-small:0px;--awb-font-size:24px;\"><h4 class=\"fusion-title-heading title-heading-left\" style=\"font-family:&quot;IBM Plex Sans Condensed&quot;;font-style:normal;font-weight:500;margin:0;font-size:1em;line-height:1.2;\"><a href=\"https:\/\/www.mundusmaris.org\/fr\/films\/x-trillion-voyage-travers-ocean-de-plastique\/\" class=\"awb-custom-text-color awb-custom-text-hover-color\" target=\"_self\">X-Trillion \u2013 Voyage \u00e0 travers un oc\u00e9an de plastique<\/a><\/h4><\/div><\/div><\/li>\n<li class=\"fusion-layout-column fusion_builder_column fusion-builder-column-83 fusion-flex-column post-card fusion-grid-column fusion-post-cards-grid-column\" style=\"--awb-bg-color:var(--awb-color1);--awb-bg-color-hover:var(--awb-color1);--awb-bg-blend:overlay;--awb-bg-size:cover;--awb-flex-grow:0;--awb-flex-shrink:0;--awb-flex-grow-medium:;--awb-flex-shrink-medium:;--awb-flex-grow-small:;--awb-flex-shrink-small:;\" data-scroll-devices=\"small-visibility,medium-visibility,large-visibility\"><div class=\"fusion-column-wrapper fusion-column-has-shadow fusion-flex-justify-content-space-around fusion-content-layout-column\"><div class=\"fusion-classic-product-image-wrapper fusion-woo-product-image fusion-post-card-image fusion-post-card-image-1 has-aspect-ratio\" data-layout=\"static\" style=\"--awb-aspect-ratio:3 \/ 2;\"><div  class=\"fusion-image-wrapper\" aria-haspopup=\"true\">\n\t\t\t\t\t\t\t<a href=\"https:\/\/www.mundusmaris.org\/fr\/activites\/aproche-ecosystemique-a-la-peche\/repenser-la-peche-dialogue-avec-de-nouveaux-deputes-europeens-et-un-public-plus-large-a-loccasion-de-la-semaine-de-locean\/\" aria-label=\"Repenser la p\u00eache : dialogue avec de nouveaux d\u00e9put\u00e9s europ\u00e9ens et un public plus large \u00e0 l\u2019occasion de la Semaine de l&rsquo;Oc\u00e9an\">\n\t\t\t\t\t\t\t<img decoding=\"async\" width=\"500\" height=\"330\" src=\"https:\/\/www.mundusmaris.org\/wp-content\/uploads\/2024\/10\/RethinkFisheriesPreview.jpg\" class=\"attachment-full size-full wp-post-image\" alt=\"\" srcset=\"https:\/\/www.mundusmaris.org\/wp-content\/uploads\/2024\/10\/RethinkFisheriesPreview-200x132.jpg 200w, https:\/\/www.mundusmaris.org\/wp-content\/uploads\/2024\/10\/RethinkFisheriesPreview-400x264.jpg 400w, https:\/\/www.mundusmaris.org\/wp-content\/uploads\/2024\/10\/RethinkFisheriesPreview.jpg 500w\" sizes=\"(min-width: 2200px) 100vw, (min-width: 784px) 373px, (min-width: 712px) 560px, (min-width: 640px) 712px, \" \/>\t\t\t<\/a>\n\t\t\t\t\t\t\t<\/div>\n<\/div><div class=\"fusion-meta-tb fusion-meta-tb-83 floated\" style=\"--awb-border-top:0px;--awb-height:36px;--awb-alignment-medium:flex-start;--awb-alignment-small:flex-start;\"><span class=\"fusion-tb-published-date\">Published On: 5 octobre 2024<\/span><span class=\"fusion-meta-tb-sep\"><\/span><\/div><div class=\"fusion-title title fusion-title-83 fusion-sep-none fusion-title-text fusion-title-size-four\" style=\"--awb-margin-top:20px;--awb-margin-right:20px;--awb-margin-bottom:20px;--awb-margin-left:20px;--awb-margin-top-small:10px;--awb-margin-right-small:0px;--awb-margin-bottom-small:10px;--awb-margin-left-small:0px;--awb-font-size:24px;\"><h4 class=\"fusion-title-heading title-heading-left\" style=\"font-family:&quot;IBM Plex Sans Condensed&quot;;font-style:normal;font-weight:500;margin:0;font-size:1em;line-height:1.2;\"><a href=\"https:\/\/www.mundusmaris.org\/fr\/activites\/aproche-ecosystemique-a-la-peche\/repenser-la-peche-dialogue-avec-de-nouveaux-deputes-europeens-et-un-public-plus-large-a-loccasion-de-la-semaine-de-locean\/\" class=\"awb-custom-text-color awb-custom-text-hover-color\" target=\"_self\">Repenser la p\u00eache : dialogue avec de nouveaux d\u00e9put\u00e9s europ\u00e9ens et un public plus large \u00e0 l\u2019occasion de la Semaine de l&rsquo;Oc\u00e9an<\/a><\/h4><\/div><\/div><\/li>\n<li class=\"fusion-layout-column fusion_builder_column fusion-builder-column-84 fusion-flex-column post-card fusion-grid-column fusion-post-cards-grid-column\" style=\"--awb-bg-color:var(--awb-color1);--awb-bg-color-hover:var(--awb-color1);--awb-bg-blend:overlay;--awb-bg-size:cover;--awb-flex-grow:0;--awb-flex-shrink:0;--awb-flex-grow-medium:;--awb-flex-shrink-medium:;--awb-flex-grow-small:;--awb-flex-shrink-small:;\" data-scroll-devices=\"small-visibility,medium-visibility,large-visibility\"><div class=\"fusion-column-wrapper fusion-column-has-shadow fusion-flex-justify-content-space-around fusion-content-layout-column\"><div class=\"fusion-classic-product-image-wrapper fusion-woo-product-image fusion-post-card-image fusion-post-card-image-1 has-aspect-ratio\" data-layout=\"static\" style=\"--awb-aspect-ratio:3 \/ 2;\"><div  class=\"fusion-image-wrapper\" aria-haspopup=\"true\">\n\t\t\t\t\t\t\t<a href=\"https:\/\/www.mundusmaris.org\/fr\/activites\/protection-de-locean-et-du-climat\/les-jeunes-senegalais-ont-besoin-dun-avenir-meilleur-chez-eux\/\" aria-label=\"Les jeunes s\u00e9n\u00e9galais ont besoin d\u2019un avenir meilleur chez eux !\">\n\t\t\t\t\t\t\t<img decoding=\"async\" width=\"500\" height=\"500\" src=\"https:\/\/www.mundusmaris.org\/wp-content\/uploads\/2024\/10\/boat-people-7487350_500_TrullerPixabay.jpg\" class=\"attachment-full size-full wp-post-image\" alt=\"\" srcset=\"https:\/\/www.mundusmaris.org\/wp-content\/uploads\/2024\/10\/boat-people-7487350_500_TrullerPixabay-200x200.jpg 200w, https:\/\/www.mundusmaris.org\/wp-content\/uploads\/2024\/10\/boat-people-7487350_500_TrullerPixabay-400x400.jpg 400w, https:\/\/www.mundusmaris.org\/wp-content\/uploads\/2024\/10\/boat-people-7487350_500_TrullerPixabay.jpg 500w\" sizes=\"(min-width: 2200px) 100vw, (min-width: 784px) 373px, (min-width: 712px) 560px, (min-width: 640px) 712px, \" \/>\t\t\t<\/a>\n\t\t\t\t\t\t\t<\/div>\n<\/div><div class=\"fusion-meta-tb fusion-meta-tb-84 floated\" style=\"--awb-border-top:0px;--awb-height:36px;--awb-alignment-medium:flex-start;--awb-alignment-small:flex-start;\"><span class=\"fusion-tb-published-date\">Published On: 29 septembre 2024<\/span><span class=\"fusion-meta-tb-sep\"><\/span><\/div><div class=\"fusion-title title fusion-title-84 fusion-sep-none fusion-title-text fusion-title-size-four\" style=\"--awb-margin-top:20px;--awb-margin-right:20px;--awb-margin-bottom:20px;--awb-margin-left:20px;--awb-margin-top-small:10px;--awb-margin-right-small:0px;--awb-margin-bottom-small:10px;--awb-margin-left-small:0px;--awb-font-size:24px;\"><h4 class=\"fusion-title-heading title-heading-left\" style=\"font-family:&quot;IBM Plex Sans Condensed&quot;;font-style:normal;font-weight:500;margin:0;font-size:1em;line-height:1.2;\"><a href=\"https:\/\/www.mundusmaris.org\/fr\/activites\/protection-de-locean-et-du-climat\/les-jeunes-senegalais-ont-besoin-dun-avenir-meilleur-chez-eux\/\" class=\"awb-custom-text-color awb-custom-text-hover-color\" target=\"_self\">Les jeunes s\u00e9n\u00e9galais ont besoin d\u2019un avenir meilleur chez eux !<\/a><\/h4><\/div><\/div><\/li>\n<li class=\"fusion-layout-column fusion_builder_column fusion-builder-column-85 fusion-flex-column post-card fusion-grid-column fusion-post-cards-grid-column\" style=\"--awb-bg-color:var(--awb-color1);--awb-bg-color-hover:var(--awb-color1);--awb-bg-blend:overlay;--awb-bg-size:cover;--awb-flex-grow:0;--awb-flex-shrink:0;--awb-flex-grow-medium:;--awb-flex-shrink-medium:;--awb-flex-grow-small:;--awb-flex-shrink-small:;\" data-scroll-devices=\"small-visibility,medium-visibility,large-visibility\"><div class=\"fusion-column-wrapper fusion-column-has-shadow fusion-flex-justify-content-space-around fusion-content-layout-column\"><div class=\"fusion-classic-product-image-wrapper fusion-woo-product-image fusion-post-card-image fusion-post-card-image-1 has-aspect-ratio\" data-layout=\"static\" style=\"--awb-aspect-ratio:3 \/ 2;\"><div  class=\"fusion-image-wrapper\" aria-haspopup=\"true\">\n\t\t\t\t\t\t\t<a href=\"https:\/\/www.mundusmaris.org\/fr\/activites\/protection-de-locean-et-du-climat\/mundus-maris-at-the-fishbase-sealifebase-symposium\/\" aria-label=\"Mundus maris au Symposium de FishBase et de SeaLifeBase\">\n\t\t\t\t\t\t\t<img decoding=\"async\" width=\"500\" height=\"330\" src=\"https:\/\/www.mundusmaris.org\/wp-content\/uploads\/2024\/09\/FB-SLB-1.jpg\" class=\"attachment-full size-full wp-post-image\" alt=\"\" srcset=\"https:\/\/www.mundusmaris.org\/wp-content\/uploads\/2024\/09\/FB-SLB-1-200x132.jpg 200w, https:\/\/www.mundusmaris.org\/wp-content\/uploads\/2024\/09\/FB-SLB-1-400x264.jpg 400w, https:\/\/www.mundusmaris.org\/wp-content\/uploads\/2024\/09\/FB-SLB-1.jpg 500w\" sizes=\"(min-width: 2200px) 100vw, (min-width: 784px) 373px, (min-width: 712px) 560px, (min-width: 640px) 712px, \" \/>\t\t\t<\/a>\n\t\t\t\t\t\t\t<\/div>\n<\/div><div class=\"fusion-meta-tb fusion-meta-tb-85 floated\" style=\"--awb-border-top:0px;--awb-height:36px;--awb-alignment-medium:flex-start;--awb-alignment-small:flex-start;\"><span class=\"fusion-tb-published-date\">Published On: 24 septembre 2024<\/span><span class=\"fusion-meta-tb-sep\"><\/span><\/div><div class=\"fusion-title title fusion-title-85 fusion-sep-none fusion-title-text fusion-title-size-four\" style=\"--awb-margin-top:20px;--awb-margin-right:20px;--awb-margin-bottom:20px;--awb-margin-left:20px;--awb-margin-top-small:10px;--awb-margin-right-small:0px;--awb-margin-bottom-small:10px;--awb-margin-left-small:0px;--awb-font-size:24px;\"><h4 class=\"fusion-title-heading title-heading-left\" style=\"font-family:&quot;IBM Plex Sans Condensed&quot;;font-style:normal;font-weight:500;margin:0;font-size:1em;line-height:1.2;\"><a href=\"https:\/\/www.mundusmaris.org\/fr\/activites\/protection-de-locean-et-du-climat\/mundus-maris-at-the-fishbase-sealifebase-symposium\/\" class=\"awb-custom-text-color awb-custom-text-hover-color\" target=\"_self\">Mundus maris au Symposium de FishBase et de SeaLifeBase<\/a><\/h4><\/div><\/div><\/li>\n<li class=\"fusion-layout-column fusion_builder_column fusion-builder-column-86 fusion-flex-column post-card fusion-grid-column fusion-post-cards-grid-column\" style=\"--awb-bg-color:var(--awb-color1);--awb-bg-color-hover:var(--awb-color1);--awb-bg-blend:overlay;--awb-bg-size:cover;--awb-flex-grow:0;--awb-flex-shrink:0;--awb-flex-grow-medium:;--awb-flex-shrink-medium:;--awb-flex-grow-small:;--awb-flex-shrink-small:;\" data-scroll-devices=\"small-visibility,medium-visibility,large-visibility\"><div class=\"fusion-column-wrapper fusion-column-has-shadow fusion-flex-justify-content-space-around fusion-content-layout-column\"><div class=\"fusion-classic-product-image-wrapper fusion-woo-product-image fusion-post-card-image fusion-post-card-image-1 has-aspect-ratio\" data-layout=\"static\" style=\"--awb-aspect-ratio:3 \/ 2;\"><div  class=\"fusion-image-wrapper\" aria-haspopup=\"true\">\n\t\t\t\t\t\t\t<a href=\"https:\/\/www.mundusmaris.org\/fr\/activites\/ocean-en-bonne-sante-vs-pollution\/the-path-to-a-global-treaty-on-plastics-efforts-from-argentinas-coastal-research\/\" aria-label=\"The Path to a Global Treaty on Plastics: Efforts from Argentina\u2019s Coastal Research\">\n\t\t\t\t\t\t\t<img decoding=\"async\" width=\"500\" height=\"333\" src=\"https:\/\/www.mundusmaris.org\/wp-content\/uploads\/2024\/09\/BeachPollution-4914403_SergeiTokmakov_Pixabay.jpg\" class=\"attachment-full size-full wp-post-image\" alt=\"\" srcset=\"https:\/\/www.mundusmaris.org\/wp-content\/uploads\/2024\/09\/BeachPollution-4914403_SergeiTokmakov_Pixabay-200x133.jpg 200w, https:\/\/www.mundusmaris.org\/wp-content\/uploads\/2024\/09\/BeachPollution-4914403_SergeiTokmakov_Pixabay-400x266.jpg 400w, https:\/\/www.mundusmaris.org\/wp-content\/uploads\/2024\/09\/BeachPollution-4914403_SergeiTokmakov_Pixabay.jpg 500w\" sizes=\"(min-width: 2200px) 100vw, (min-width: 784px) 373px, (min-width: 712px) 560px, (min-width: 640px) 712px, \" \/>\t\t\t<\/a>\n\t\t\t\t\t\t\t<\/div>\n<\/div><div class=\"fusion-meta-tb fusion-meta-tb-86 floated\" style=\"--awb-border-top:0px;--awb-height:36px;--awb-alignment-medium:flex-start;--awb-alignment-small:flex-start;\"><span class=\"fusion-tb-published-date\">Published On: 24 septembre 2024<\/span><span class=\"fusion-meta-tb-sep\"><\/span><\/div><div class=\"fusion-title title fusion-title-86 fusion-sep-none fusion-title-text fusion-title-size-four\" style=\"--awb-margin-top:20px;--awb-margin-right:20px;--awb-margin-bottom:20px;--awb-margin-left:20px;--awb-margin-top-small:10px;--awb-margin-right-small:0px;--awb-margin-bottom-small:10px;--awb-margin-left-small:0px;--awb-font-size:24px;\"><h4 class=\"fusion-title-heading title-heading-left\" style=\"font-family:&quot;IBM Plex Sans Condensed&quot;;font-style:normal;font-weight:500;margin:0;font-size:1em;line-height:1.2;\"><a href=\"https:\/\/www.mundusmaris.org\/fr\/activites\/ocean-en-bonne-sante-vs-pollution\/the-path-to-a-global-treaty-on-plastics-efforts-from-argentinas-coastal-research\/\" class=\"awb-custom-text-color awb-custom-text-hover-color\" target=\"_self\">The Path to a Global Treaty on Plastics: Efforts from Argentina\u2019s Coastal Research<\/a><\/h4><\/div><\/div><\/li>\n<li class=\"fusion-layout-column fusion_builder_column fusion-builder-column-87 fusion-flex-column post-card fusion-grid-column fusion-post-cards-grid-column\" style=\"--awb-bg-color:var(--awb-color1);--awb-bg-color-hover:var(--awb-color1);--awb-bg-blend:overlay;--awb-bg-size:cover;--awb-flex-grow:0;--awb-flex-shrink:0;--awb-flex-grow-medium:;--awb-flex-shrink-medium:;--awb-flex-grow-small:;--awb-flex-shrink-small:;\" data-scroll-devices=\"small-visibility,medium-visibility,large-visibility\"><div class=\"fusion-column-wrapper fusion-column-has-shadow fusion-flex-justify-content-space-around fusion-content-layout-column\"><div class=\"fusion-classic-product-image-wrapper fusion-woo-product-image fusion-post-card-image fusion-post-card-image-1 has-aspect-ratio\" data-layout=\"static\" style=\"--awb-aspect-ratio:3 \/ 2;\"><div  class=\"fusion-image-wrapper\" aria-haspopup=\"true\">\n\t\t\t\t\t\t\t<a href=\"https:\/\/www.mundusmaris.org\/fr\/education-et-sensibilisation-a-ocean\/jeu-de-l-ocean-a-l-evenement-home-a-bruxelles\/\" aria-label=\"Le Jeu de l\u2019Oc\u00e9an \u00e0 l&rsquo;\u00e9v\u00e9nement HOME \u00e0 Bruxelles\">\n\t\t\t\t\t\t\t<img decoding=\"async\" width=\"500\" height=\"333\" src=\"https:\/\/www.mundusmaris.org\/wp-content\/uploads\/2024\/09\/ThiernoNdiayeOceanGame-HOME1.jpg\" class=\"attachment-full size-full wp-post-image\" alt=\"\" srcset=\"https:\/\/www.mundusmaris.org\/wp-content\/uploads\/2024\/09\/ThiernoNdiayeOceanGame-HOME1-200x133.jpg 200w, https:\/\/www.mundusmaris.org\/wp-content\/uploads\/2024\/09\/ThiernoNdiayeOceanGame-HOME1-400x266.jpg 400w, https:\/\/www.mundusmaris.org\/wp-content\/uploads\/2024\/09\/ThiernoNdiayeOceanGame-HOME1.jpg 500w\" sizes=\"(min-width: 2200px) 100vw, (min-width: 784px) 373px, (min-width: 712px) 560px, (min-width: 640px) 712px, \" \/>\t\t\t<\/a>\n\t\t\t\t\t\t\t<\/div>\n<\/div><div class=\"fusion-meta-tb fusion-meta-tb-87 floated\" style=\"--awb-border-top:0px;--awb-height:36px;--awb-alignment-medium:flex-start;--awb-alignment-small:flex-start;\"><span class=\"fusion-tb-published-date\">Published On: 20 septembre 2024<\/span><span class=\"fusion-meta-tb-sep\"><\/span><\/div><div class=\"fusion-title title fusion-title-87 fusion-sep-none fusion-title-text fusion-title-size-four\" style=\"--awb-margin-top:20px;--awb-margin-right:20px;--awb-margin-bottom:20px;--awb-margin-left:20px;--awb-margin-top-small:10px;--awb-margin-right-small:0px;--awb-margin-bottom-small:10px;--awb-margin-left-small:0px;--awb-font-size:24px;\"><h4 class=\"fusion-title-heading title-heading-left\" style=\"font-family:&quot;IBM Plex Sans Condensed&quot;;font-style:normal;font-weight:500;margin:0;font-size:1em;line-height:1.2;\"><a href=\"https:\/\/www.mundusmaris.org\/fr\/education-et-sensibilisation-a-ocean\/jeu-de-l-ocean-a-l-evenement-home-a-bruxelles\/\" class=\"awb-custom-text-color awb-custom-text-hover-color\" target=\"_self\">Le Jeu de l\u2019Oc\u00e9an \u00e0 l&rsquo;\u00e9v\u00e9nement HOME \u00e0 Bruxelles<\/a><\/h4><\/div><\/div><\/li>\n<li class=\"fusion-layout-column fusion_builder_column fusion-builder-column-88 fusion-flex-column post-card fusion-grid-column fusion-post-cards-grid-column\" style=\"--awb-bg-color:var(--awb-color1);--awb-bg-color-hover:var(--awb-color1);--awb-bg-blend:overlay;--awb-bg-size:cover;--awb-flex-grow:0;--awb-flex-shrink:0;--awb-flex-grow-medium:;--awb-flex-shrink-medium:;--awb-flex-grow-small:;--awb-flex-shrink-small:;\" data-scroll-devices=\"small-visibility,medium-visibility,large-visibility\"><div class=\"fusion-column-wrapper fusion-column-has-shadow fusion-flex-justify-content-space-around fusion-content-layout-column\"><div class=\"fusion-classic-product-image-wrapper fusion-woo-product-image fusion-post-card-image fusion-post-card-image-1 has-aspect-ratio\" data-layout=\"static\" style=\"--awb-aspect-ratio:3 \/ 2;\"><div  class=\"fusion-image-wrapper\" aria-haspopup=\"true\">\n\t\t\t\t\t\t\t<a href=\"https:\/\/www.mundusmaris.org\/fr\/education-et-sensibilisation-a-ocean\/role-play-test-at-the-youmares-conference\/\" aria-label=\"Role play test at the YOUMARES Conference\">\n\t\t\t\t\t\t\t<img decoding=\"async\" width=\"500\" height=\"333\" src=\"https:\/\/www.mundusmaris.org\/wp-content\/uploads\/2024\/09\/DenizVuralOpening.jpg\" class=\"attachment-full size-full wp-post-image\" alt=\"\" srcset=\"https:\/\/www.mundusmaris.org\/wp-content\/uploads\/2024\/09\/DenizVuralOpening-200x133.jpg 200w, https:\/\/www.mundusmaris.org\/wp-content\/uploads\/2024\/09\/DenizVuralOpening-400x266.jpg 400w, https:\/\/www.mundusmaris.org\/wp-content\/uploads\/2024\/09\/DenizVuralOpening.jpg 500w\" sizes=\"(min-width: 2200px) 100vw, (min-width: 784px) 373px, (min-width: 712px) 560px, (min-width: 640px) 712px, \" \/>\t\t\t<\/a>\n\t\t\t\t\t\t\t<\/div>\n<\/div><div class=\"fusion-meta-tb fusion-meta-tb-88 floated\" style=\"--awb-border-top:0px;--awb-height:36px;--awb-alignment-medium:flex-start;--awb-alignment-small:flex-start;\"><span class=\"fusion-tb-published-date\">Published On: 19 septembre 2024<\/span><span class=\"fusion-meta-tb-sep\"><\/span><\/div><div class=\"fusion-title title fusion-title-88 fusion-sep-none fusion-title-text fusion-title-size-four\" style=\"--awb-margin-top:20px;--awb-margin-right:20px;--awb-margin-bottom:20px;--awb-margin-left:20px;--awb-margin-top-small:10px;--awb-margin-right-small:0px;--awb-margin-bottom-small:10px;--awb-margin-left-small:0px;--awb-font-size:24px;\"><h4 class=\"fusion-title-heading title-heading-left\" style=\"font-family:&quot;IBM Plex Sans Condensed&quot;;font-style:normal;font-weight:500;margin:0;font-size:1em;line-height:1.2;\"><a href=\"https:\/\/www.mundusmaris.org\/fr\/education-et-sensibilisation-a-ocean\/role-play-test-at-the-youmares-conference\/\" class=\"awb-custom-text-color awb-custom-text-hover-color\" target=\"_self\">Role play test at the YOUMARES Conference<\/a><\/h4><\/div><\/div><\/li>\n<li class=\"fusion-layout-column fusion_builder_column fusion-builder-column-89 fusion-flex-column post-card fusion-grid-column fusion-post-cards-grid-column\" style=\"--awb-bg-color:var(--awb-color1);--awb-bg-color-hover:var(--awb-color1);--awb-bg-blend:overlay;--awb-bg-size:cover;--awb-flex-grow:0;--awb-flex-shrink:0;--awb-flex-grow-medium:;--awb-flex-shrink-medium:;--awb-flex-grow-small:;--awb-flex-shrink-small:;\" data-scroll-devices=\"small-visibility,medium-visibility,large-visibility\"><div class=\"fusion-column-wrapper fusion-column-has-shadow fusion-flex-justify-content-space-around fusion-content-layout-column\"><div class=\"fusion-classic-product-image-wrapper fusion-woo-product-image fusion-post-card-image fusion-post-card-image-1 has-aspect-ratio\" data-layout=\"static\" style=\"--awb-aspect-ratio:3 \/ 2;\"><div  class=\"fusion-image-wrapper\" aria-haspopup=\"true\">\n\t\t\t\t\t\t\t<a href=\"https:\/\/www.mundusmaris.org\/fr\/education-et-sensibilisation-a-ocean\/eco-teens-day-in-brussels\/\" aria-label=\"Eco-Teens Day in Brussels\">\n\t\t\t\t\t\t\t<img decoding=\"async\" width=\"500\" height=\"333\" src=\"https:\/\/www.mundusmaris.org\/wp-content\/uploads\/2024\/09\/Expo.jpg\" class=\"attachment-full size-full wp-post-image\" alt=\"\" srcset=\"https:\/\/www.mundusmaris.org\/wp-content\/uploads\/2024\/09\/Expo-200x133.jpg 200w, https:\/\/www.mundusmaris.org\/wp-content\/uploads\/2024\/09\/Expo-400x266.jpg 400w, https:\/\/www.mundusmaris.org\/wp-content\/uploads\/2024\/09\/Expo.jpg 500w\" sizes=\"(min-width: 2200px) 100vw, (min-width: 784px) 373px, (min-width: 712px) 560px, (min-width: 640px) 712px, \" \/>\t\t\t<\/a>\n\t\t\t\t\t\t\t<\/div>\n<\/div><div class=\"fusion-meta-tb fusion-meta-tb-89 floated\" style=\"--awb-border-top:0px;--awb-height:36px;--awb-alignment-medium:flex-start;--awb-alignment-small:flex-start;\"><span class=\"fusion-tb-published-date\">Published On: 19 septembre 2024<\/span><span class=\"fusion-meta-tb-sep\"><\/span><\/div><div class=\"fusion-title title fusion-title-89 fusion-sep-none fusion-title-text fusion-title-size-four\" style=\"--awb-margin-top:20px;--awb-margin-right:20px;--awb-margin-bottom:20px;--awb-margin-left:20px;--awb-margin-top-small:10px;--awb-margin-right-small:0px;--awb-margin-bottom-small:10px;--awb-margin-left-small:0px;--awb-font-size:24px;\"><h4 class=\"fusion-title-heading title-heading-left\" style=\"font-family:&quot;IBM Plex Sans Condensed&quot;;font-style:normal;font-weight:500;margin:0;font-size:1em;line-height:1.2;\"><a href=\"https:\/\/www.mundusmaris.org\/fr\/education-et-sensibilisation-a-ocean\/eco-teens-day-in-brussels\/\" class=\"awb-custom-text-color awb-custom-text-hover-color\" target=\"_self\">Eco-Teens Day in Brussels<\/a><\/h4><\/div><\/div><\/li>\n<li class=\"fusion-layout-column fusion_builder_column fusion-builder-column-90 fusion-flex-column post-card fusion-grid-column fusion-post-cards-grid-column\" style=\"--awb-bg-color:var(--awb-color1);--awb-bg-color-hover:var(--awb-color1);--awb-bg-blend:overlay;--awb-bg-size:cover;--awb-flex-grow:0;--awb-flex-shrink:0;--awb-flex-grow-medium:;--awb-flex-shrink-medium:;--awb-flex-grow-small:;--awb-flex-shrink-small:;\" data-scroll-devices=\"small-visibility,medium-visibility,large-visibility\"><div class=\"fusion-column-wrapper fusion-column-has-shadow fusion-flex-justify-content-space-around fusion-content-layout-column\"><div class=\"fusion-classic-product-image-wrapper fusion-woo-product-image fusion-post-card-image fusion-post-card-image-1 has-aspect-ratio\" data-layout=\"static\" style=\"--awb-aspect-ratio:3 \/ 2;\"><div  class=\"fusion-image-wrapper\" aria-haspopup=\"true\">\n\t\t\t\t\t\t\t<a href=\"https:\/\/www.mundusmaris.org\/fr\/journee-mondiale-de-locean\/wod-2022-fr\/world-ocean-day-2022-in-veracruz-mexico\/\" aria-label=\"World Ocean Day 2022 in Veracruz, Mexico\">\n\t\t\t\t\t\t\t<img decoding=\"async\" width=\"399\" height=\"317\" src=\"https:\/\/www.mundusmaris.org\/wp-content\/uploads\/2024\/09\/VeracruzPrep01.jpg\" class=\"attachment-full size-full wp-post-image\" alt=\"\" srcset=\"https:\/\/www.mundusmaris.org\/wp-content\/uploads\/2024\/09\/VeracruzPrep01-200x159.jpg 200w, https:\/\/www.mundusmaris.org\/wp-content\/uploads\/2024\/09\/VeracruzPrep01.jpg 399w\" sizes=\"(min-width: 2200px) 100vw, (min-width: 784px) 373px, (min-width: 712px) 560px, (min-width: 640px) 712px, \" \/>\t\t\t<\/a>\n\t\t\t\t\t\t\t<\/div>\n<\/div><div class=\"fusion-meta-tb fusion-meta-tb-90 floated\" style=\"--awb-border-top:0px;--awb-height:36px;--awb-alignment-medium:flex-start;--awb-alignment-small:flex-start;\"><span class=\"fusion-tb-published-date\">Published On: 17 septembre 2024<\/span><span class=\"fusion-meta-tb-sep\"><\/span><\/div><div class=\"fusion-title title fusion-title-90 fusion-sep-none fusion-title-text fusion-title-size-four\" style=\"--awb-margin-top:20px;--awb-margin-right:20px;--awb-margin-bottom:20px;--awb-margin-left:20px;--awb-margin-top-small:10px;--awb-margin-right-small:0px;--awb-margin-bottom-small:10px;--awb-margin-left-small:0px;--awb-font-size:24px;\"><h4 class=\"fusion-title-heading title-heading-left\" style=\"font-family:&quot;IBM Plex Sans Condensed&quot;;font-style:normal;font-weight:500;margin:0;font-size:1em;line-height:1.2;\"><a href=\"https:\/\/www.mundusmaris.org\/fr\/journee-mondiale-de-locean\/wod-2022-fr\/world-ocean-day-2022-in-veracruz-mexico\/\" class=\"awb-custom-text-color awb-custom-text-hover-color\" target=\"_self\">World Ocean Day 2022 in Veracruz, Mexico<\/a><\/h4><\/div><\/div><\/li>\n<li class=\"fusion-layout-column fusion_builder_column fusion-builder-column-91 fusion-flex-column post-card fusion-grid-column fusion-post-cards-grid-column\" style=\"--awb-bg-color:var(--awb-color1);--awb-bg-color-hover:var(--awb-color1);--awb-bg-blend:overlay;--awb-bg-size:cover;--awb-flex-grow:0;--awb-flex-shrink:0;--awb-flex-grow-medium:;--awb-flex-shrink-medium:;--awb-flex-grow-small:;--awb-flex-shrink-small:;\" data-scroll-devices=\"small-visibility,medium-visibility,large-visibility\"><div class=\"fusion-column-wrapper fusion-column-has-shadow fusion-flex-justify-content-space-around fusion-content-layout-column\"><div class=\"fusion-classic-product-image-wrapper fusion-woo-product-image fusion-post-card-image fusion-post-card-image-1 has-aspect-ratio\" data-layout=\"static\" style=\"--awb-aspect-ratio:3 \/ 2;\"><div  class=\"fusion-image-wrapper\" aria-haspopup=\"true\">\n\t\t\t\t\t\t\t<a href=\"https:\/\/www.mundusmaris.org\/fr\/journee-mondiale-de-locean\/wod-2022-fr\/all-eyes-on-wto-in-hilden-germany-2\/\" aria-label=\"All eyes on WTO in Hilden, Germany\">\n\t\t\t\t\t\t\t<img decoding=\"async\" width=\"400\" height=\"267\" src=\"https:\/\/www.mundusmaris.org\/wp-content\/uploads\/2024\/09\/FinlayInHilden02.jpg\" class=\"attachment-full size-full wp-post-image\" alt=\"\" srcset=\"https:\/\/www.mundusmaris.org\/wp-content\/uploads\/2024\/09\/FinlayInHilden02-200x134.jpg 200w, https:\/\/www.mundusmaris.org\/wp-content\/uploads\/2024\/09\/FinlayInHilden02.jpg 400w\" sizes=\"(min-width: 2200px) 100vw, (min-width: 784px) 373px, (min-width: 712px) 560px, (min-width: 640px) 712px, \" \/>\t\t\t<\/a>\n\t\t\t\t\t\t\t<\/div>\n<\/div><div class=\"fusion-meta-tb fusion-meta-tb-91 floated\" style=\"--awb-border-top:0px;--awb-height:36px;--awb-alignment-medium:flex-start;--awb-alignment-small:flex-start;\"><span class=\"fusion-tb-published-date\">Published On: 17 septembre 2024<\/span><span class=\"fusion-meta-tb-sep\"><\/span><\/div><div class=\"fusion-title title fusion-title-91 fusion-sep-none fusion-title-text fusion-title-size-four\" style=\"--awb-margin-top:20px;--awb-margin-right:20px;--awb-margin-bottom:20px;--awb-margin-left:20px;--awb-margin-top-small:10px;--awb-margin-right-small:0px;--awb-margin-bottom-small:10px;--awb-margin-left-small:0px;--awb-font-size:24px;\"><h4 class=\"fusion-title-heading title-heading-left\" style=\"font-family:&quot;IBM Plex Sans Condensed&quot;;font-style:normal;font-weight:500;margin:0;font-size:1em;line-height:1.2;\"><a href=\"https:\/\/www.mundusmaris.org\/fr\/journee-mondiale-de-locean\/wod-2022-fr\/all-eyes-on-wto-in-hilden-germany-2\/\" class=\"awb-custom-text-color awb-custom-text-hover-color\" target=\"_self\">All eyes on WTO in Hilden, Germany<\/a><\/h4><\/div><\/div><\/li>\n<li class=\"fusion-layout-column fusion_builder_column fusion-builder-column-92 fusion-flex-column post-card fusion-grid-column fusion-post-cards-grid-column\" style=\"--awb-bg-color:var(--awb-color1);--awb-bg-color-hover:var(--awb-color1);--awb-bg-blend:overlay;--awb-bg-size:cover;--awb-flex-grow:0;--awb-flex-shrink:0;--awb-flex-grow-medium:;--awb-flex-shrink-medium:;--awb-flex-grow-small:;--awb-flex-shrink-small:;\" data-scroll-devices=\"small-visibility,medium-visibility,large-visibility\"><div class=\"fusion-column-wrapper fusion-column-has-shadow fusion-flex-justify-content-space-around fusion-content-layout-column\"><div class=\"fusion-classic-product-image-wrapper fusion-woo-product-image fusion-post-card-image fusion-post-card-image-1 has-aspect-ratio\" data-layout=\"static\" style=\"--awb-aspect-ratio:3 \/ 2;\"><div  class=\"fusion-image-wrapper\" aria-haspopup=\"true\">\n\t\t\t\t\t\t\t<a href=\"https:\/\/www.mundusmaris.org\/fr\/journee-mondiale-de-locean\/wod-2022-fr\/clean-up-along-creek-in-hilden-germany\/\" aria-label=\"Clean-up along creek in Hilden, Germany\">\n\t\t\t\t\t\t\t<img decoding=\"async\" width=\"800\" height=\"500\" src=\"https:\/\/www.mundusmaris.org\/wp-content\/uploads\/2024\/01\/garbagecoll_800x500.png\" class=\"attachment-full size-full wp-post-image\" alt=\"\" srcset=\"https:\/\/www.mundusmaris.org\/wp-content\/uploads\/2024\/01\/garbagecoll_800x500-200x125.png 200w, https:\/\/www.mundusmaris.org\/wp-content\/uploads\/2024\/01\/garbagecoll_800x500-400x250.png 400w, https:\/\/www.mundusmaris.org\/wp-content\/uploads\/2024\/01\/garbagecoll_800x500-600x375.png 600w, https:\/\/www.mundusmaris.org\/wp-content\/uploads\/2024\/01\/garbagecoll_800x500.png 800w\" sizes=\"(min-width: 2200px) 100vw, (min-width: 784px) 373px, (min-width: 712px) 560px, (min-width: 640px) 712px, \" \/>\t\t\t<\/a>\n\t\t\t\t\t\t\t<\/div>\n<\/div><div class=\"fusion-meta-tb fusion-meta-tb-92 floated\" style=\"--awb-border-top:0px;--awb-height:36px;--awb-alignment-medium:flex-start;--awb-alignment-small:flex-start;\"><span class=\"fusion-tb-published-date\">Published On: 17 septembre 2024<\/span><span class=\"fusion-meta-tb-sep\"><\/span><\/div><div class=\"fusion-title title fusion-title-92 fusion-sep-none fusion-title-text fusion-title-size-four\" style=\"--awb-margin-top:20px;--awb-margin-right:20px;--awb-margin-bottom:20px;--awb-margin-left:20px;--awb-margin-top-small:10px;--awb-margin-right-small:0px;--awb-margin-bottom-small:10px;--awb-margin-left-small:0px;--awb-font-size:24px;\"><h4 class=\"fusion-title-heading title-heading-left\" style=\"font-family:&quot;IBM Plex Sans Condensed&quot;;font-style:normal;font-weight:500;margin:0;font-size:1em;line-height:1.2;\"><a href=\"https:\/\/www.mundusmaris.org\/fr\/journee-mondiale-de-locean\/wod-2022-fr\/clean-up-along-creek-in-hilden-germany\/\" class=\"awb-custom-text-color awb-custom-text-hover-color\" target=\"_self\">Clean-up along creek in Hilden, Germany<\/a><\/h4><\/div><\/div><\/li>\n<li class=\"fusion-layout-column fusion_builder_column fusion-builder-column-93 fusion-flex-column post-card fusion-grid-column fusion-post-cards-grid-column\" style=\"--awb-bg-color:var(--awb-color1);--awb-bg-color-hover:var(--awb-color1);--awb-bg-blend:overlay;--awb-bg-size:cover;--awb-flex-grow:0;--awb-flex-shrink:0;--awb-flex-grow-medium:;--awb-flex-shrink-medium:;--awb-flex-grow-small:;--awb-flex-shrink-small:;\" data-scroll-devices=\"small-visibility,medium-visibility,large-visibility\"><div class=\"fusion-column-wrapper fusion-column-has-shadow fusion-flex-justify-content-space-around fusion-content-layout-column\"><div class=\"fusion-classic-product-image-wrapper fusion-woo-product-image fusion-post-card-image fusion-post-card-image-1 has-aspect-ratio\" data-layout=\"static\" style=\"--awb-aspect-ratio:3 \/ 2;\"><div  class=\"fusion-image-wrapper\" aria-haspopup=\"true\">\n\t\t\t\t\t\t\t<a href=\"https:\/\/www.mundusmaris.org\/fr\/journee-mondiale-de-locean\/wod-2022-fr\/world-ocean-week-in-akure-ondo-state-nigeria-2\/\" aria-label=\"World Ocean Week in Akure, Ondo State, Nigeria\">\n\t\t\t\t\t\t\t<img decoding=\"async\" width=\"400\" height=\"299\" src=\"https:\/\/www.mundusmaris.org\/wp-content\/uploads\/2024\/09\/PlasticCreativityCeremony.jpg\" class=\"attachment-full size-full wp-post-image\" alt=\"\" srcset=\"https:\/\/www.mundusmaris.org\/wp-content\/uploads\/2024\/09\/PlasticCreativityCeremony-200x150.jpg 200w, https:\/\/www.mundusmaris.org\/wp-content\/uploads\/2024\/09\/PlasticCreativityCeremony.jpg 400w\" sizes=\"(min-width: 2200px) 100vw, (min-width: 784px) 373px, (min-width: 712px) 560px, (min-width: 640px) 712px, \" \/>\t\t\t<\/a>\n\t\t\t\t\t\t\t<\/div>\n<\/div><div class=\"fusion-meta-tb fusion-meta-tb-93 floated\" style=\"--awb-border-top:0px;--awb-height:36px;--awb-alignment-medium:flex-start;--awb-alignment-small:flex-start;\"><span class=\"fusion-tb-published-date\">Published On: 17 septembre 2024<\/span><span class=\"fusion-meta-tb-sep\"><\/span><\/div><div class=\"fusion-title title fusion-title-93 fusion-sep-none fusion-title-text fusion-title-size-four\" style=\"--awb-margin-top:20px;--awb-margin-right:20px;--awb-margin-bottom:20px;--awb-margin-left:20px;--awb-margin-top-small:10px;--awb-margin-right-small:0px;--awb-margin-bottom-small:10px;--awb-margin-left-small:0px;--awb-font-size:24px;\"><h4 class=\"fusion-title-heading title-heading-left\" style=\"font-family:&quot;IBM Plex Sans Condensed&quot;;font-style:normal;font-weight:500;margin:0;font-size:1em;line-height:1.2;\"><a href=\"https:\/\/www.mundusmaris.org\/fr\/journee-mondiale-de-locean\/wod-2022-fr\/world-ocean-week-in-akure-ondo-state-nigeria-2\/\" class=\"awb-custom-text-color awb-custom-text-hover-color\" target=\"_self\">World Ocean Week in Akure, Ondo State, Nigeria<\/a><\/h4><\/div><\/div><\/li>\n<li class=\"fusion-layout-column fusion_builder_column fusion-builder-column-94 fusion-flex-column post-card fusion-grid-column fusion-post-cards-grid-column\" style=\"--awb-bg-color:var(--awb-color1);--awb-bg-color-hover:var(--awb-color1);--awb-bg-blend:overlay;--awb-bg-size:cover;--awb-flex-grow:0;--awb-flex-shrink:0;--awb-flex-grow-medium:;--awb-flex-shrink-medium:;--awb-flex-grow-small:;--awb-flex-shrink-small:;\" data-scroll-devices=\"small-visibility,medium-visibility,large-visibility\"><div class=\"fusion-column-wrapper fusion-column-has-shadow fusion-flex-justify-content-space-around fusion-content-layout-column\"><div class=\"fusion-classic-product-image-wrapper fusion-woo-product-image fusion-post-card-image fusion-post-card-image-1 has-aspect-ratio\" data-layout=\"static\" style=\"--awb-aspect-ratio:3 \/ 2;\"><div  class=\"fusion-image-wrapper\" aria-haspopup=\"true\">\n\t\t\t\t\t\t\t<a href=\"https:\/\/www.mundusmaris.org\/fr\/journee-mondiale-de-locean\/wod-2022-fr\/webinar-in-lagos-for-world-ocean-day-2022\/\" aria-label=\"Webinar in Lagos for World Ocean Day 2022\">\n\t\t\t\t\t\t\t<img decoding=\"async\" width=\"1080\" height=\"1080\" src=\"https:\/\/www.mundusmaris.org\/wp-content\/uploads\/2024\/09\/IMG-20220608-WA0026.jpg\" class=\"attachment-full size-full wp-post-image\" alt=\"\" srcset=\"https:\/\/www.mundusmaris.org\/wp-content\/uploads\/2024\/09\/IMG-20220608-WA0026-200x200.jpg 200w, https:\/\/www.mundusmaris.org\/wp-content\/uploads\/2024\/09\/IMG-20220608-WA0026-400x400.jpg 400w, https:\/\/www.mundusmaris.org\/wp-content\/uploads\/2024\/09\/IMG-20220608-WA0026-600x600.jpg 600w, https:\/\/www.mundusmaris.org\/wp-content\/uploads\/2024\/09\/IMG-20220608-WA0026-800x800.jpg 800w, https:\/\/www.mundusmaris.org\/wp-content\/uploads\/2024\/09\/IMG-20220608-WA0026.jpg 1080w\" sizes=\"(min-width: 2200px) 100vw, (min-width: 784px) 373px, (min-width: 712px) 560px, (min-width: 640px) 712px, \" \/>\t\t\t<\/a>\n\t\t\t\t\t\t\t<\/div>\n<\/div><div class=\"fusion-meta-tb fusion-meta-tb-94 floated\" style=\"--awb-border-top:0px;--awb-height:36px;--awb-alignment-medium:flex-start;--awb-alignment-small:flex-start;\"><span class=\"fusion-tb-published-date\">Published On: 17 septembre 2024<\/span><span class=\"fusion-meta-tb-sep\"><\/span><\/div><div class=\"fusion-title title fusion-title-94 fusion-sep-none fusion-title-text fusion-title-size-four\" style=\"--awb-margin-top:20px;--awb-margin-right:20px;--awb-margin-bottom:20px;--awb-margin-left:20px;--awb-margin-top-small:10px;--awb-margin-right-small:0px;--awb-margin-bottom-small:10px;--awb-margin-left-small:0px;--awb-font-size:24px;\"><h4 class=\"fusion-title-heading title-heading-left\" style=\"font-family:&quot;IBM Plex Sans Condensed&quot;;font-style:normal;font-weight:500;margin:0;font-size:1em;line-height:1.2;\"><a href=\"https:\/\/www.mundusmaris.org\/fr\/journee-mondiale-de-locean\/wod-2022-fr\/webinar-in-lagos-for-world-ocean-day-2022\/\" class=\"awb-custom-text-color awb-custom-text-hover-color\" target=\"_self\">Webinar in Lagos for World Ocean Day 2022<\/a><\/h4><\/div><\/div><\/li>\n<li class=\"fusion-layout-column fusion_builder_column fusion-builder-column-95 fusion-flex-column post-card fusion-grid-column fusion-post-cards-grid-column\" style=\"--awb-bg-color:var(--awb-color1);--awb-bg-color-hover:var(--awb-color1);--awb-bg-blend:overlay;--awb-bg-size:cover;--awb-flex-grow:0;--awb-flex-shrink:0;--awb-flex-grow-medium:;--awb-flex-shrink-medium:;--awb-flex-grow-small:;--awb-flex-shrink-small:;\" data-scroll-devices=\"small-visibility,medium-visibility,large-visibility\"><div class=\"fusion-column-wrapper fusion-column-has-shadow fusion-flex-justify-content-space-around fusion-content-layout-column\"><div class=\"fusion-classic-product-image-wrapper fusion-woo-product-image fusion-post-card-image fusion-post-card-image-1 has-aspect-ratio\" data-layout=\"static\" style=\"--awb-aspect-ratio:3 \/ 2;\"><div  class=\"fusion-image-wrapper\" aria-haspopup=\"true\">\n\t\t\t\t\t\t\t<a href=\"https:\/\/www.mundusmaris.org\/fr\/journee-mondiale-de-locean\/wod-2022-fr\/world-ocean-day-in-kribi-cameroon\/\" aria-label=\"World Ocean Day in Kribi, Cameroon\">\n\t\t\t\t\t\t\t<img decoding=\"async\" width=\"735\" height=\"339\" src=\"https:\/\/www.mundusmaris.org\/wp-content\/uploads\/2024\/09\/KidsWithMM-Bags.jpg\" class=\"attachment-full size-full wp-post-image\" alt=\"\" srcset=\"https:\/\/www.mundusmaris.org\/wp-content\/uploads\/2024\/09\/KidsWithMM-Bags-200x92.jpg 200w, https:\/\/www.mundusmaris.org\/wp-content\/uploads\/2024\/09\/KidsWithMM-Bags-400x184.jpg 400w, https:\/\/www.mundusmaris.org\/wp-content\/uploads\/2024\/09\/KidsWithMM-Bags-600x277.jpg 600w, https:\/\/www.mundusmaris.org\/wp-content\/uploads\/2024\/09\/KidsWithMM-Bags.jpg 735w\" sizes=\"(min-width: 2200px) 100vw, (min-width: 784px) 373px, (min-width: 712px) 560px, (min-width: 640px) 712px, \" \/>\t\t\t<\/a>\n\t\t\t\t\t\t\t<\/div>\n<\/div><div class=\"fusion-meta-tb fusion-meta-tb-95 floated\" style=\"--awb-border-top:0px;--awb-height:36px;--awb-alignment-medium:flex-start;--awb-alignment-small:flex-start;\"><span class=\"fusion-tb-published-date\">Published On: 17 septembre 2024<\/span><span class=\"fusion-meta-tb-sep\"><\/span><\/div><div class=\"fusion-title title fusion-title-95 fusion-sep-none fusion-title-text fusion-title-size-four\" style=\"--awb-margin-top:20px;--awb-margin-right:20px;--awb-margin-bottom:20px;--awb-margin-left:20px;--awb-margin-top-small:10px;--awb-margin-right-small:0px;--awb-margin-bottom-small:10px;--awb-margin-left-small:0px;--awb-font-size:24px;\"><h4 class=\"fusion-title-heading title-heading-left\" style=\"font-family:&quot;IBM Plex Sans Condensed&quot;;font-style:normal;font-weight:500;margin:0;font-size:1em;line-height:1.2;\"><a href=\"https:\/\/www.mundusmaris.org\/fr\/journee-mondiale-de-locean\/wod-2022-fr\/world-ocean-day-in-kribi-cameroon\/\" class=\"awb-custom-text-color awb-custom-text-hover-color\" target=\"_self\">World Ocean Day in Kribi, Cameroon<\/a><\/h4><\/div><\/div><\/li>\n<li class=\"fusion-layout-column fusion_builder_column fusion-builder-column-96 fusion-flex-column post-card fusion-grid-column fusion-post-cards-grid-column\" style=\"--awb-bg-color:var(--awb-color1);--awb-bg-color-hover:var(--awb-color1);--awb-bg-blend:overlay;--awb-bg-size:cover;--awb-flex-grow:0;--awb-flex-shrink:0;--awb-flex-grow-medium:;--awb-flex-shrink-medium:;--awb-flex-grow-small:;--awb-flex-shrink-small:;\" data-scroll-devices=\"small-visibility,medium-visibility,large-visibility\"><div class=\"fusion-column-wrapper fusion-column-has-shadow fusion-flex-justify-content-space-around fusion-content-layout-column\"><div class=\"fusion-classic-product-image-wrapper fusion-woo-product-image fusion-post-card-image fusion-post-card-image-1 has-aspect-ratio\" data-layout=\"static\" style=\"--awb-aspect-ratio:3 \/ 2;\"><div  class=\"fusion-image-wrapper\" aria-haspopup=\"true\">\n\t\t\t\t\t\t\t<a href=\"https:\/\/www.mundusmaris.org\/fr\/journee-mondiale-de-locean\/wod-2022-fr\/from-puerto-piramides-argentina-to-the-world\/\" aria-label=\"From Puerto Piramides, Argentina, to the World\">\n\t\t\t\t\t\t\t<img decoding=\"async\" width=\"735\" height=\"415\" src=\"https:\/\/www.mundusmaris.org\/wp-content\/uploads\/2024\/09\/PiramideJMO2022.jpg\" class=\"attachment-full size-full wp-post-image\" alt=\"\" srcset=\"https:\/\/www.mundusmaris.org\/wp-content\/uploads\/2024\/09\/PiramideJMO2022-200x113.jpg 200w, https:\/\/www.mundusmaris.org\/wp-content\/uploads\/2024\/09\/PiramideJMO2022-400x226.jpg 400w, https:\/\/www.mundusmaris.org\/wp-content\/uploads\/2024\/09\/PiramideJMO2022-600x339.jpg 600w, https:\/\/www.mundusmaris.org\/wp-content\/uploads\/2024\/09\/PiramideJMO2022.jpg 735w\" sizes=\"(min-width: 2200px) 100vw, (min-width: 784px) 373px, (min-width: 712px) 560px, (min-width: 640px) 712px, \" \/>\t\t\t<\/a>\n\t\t\t\t\t\t\t<\/div>\n<\/div><div class=\"fusion-meta-tb fusion-meta-tb-96 floated\" style=\"--awb-border-top:0px;--awb-height:36px;--awb-alignment-medium:flex-start;--awb-alignment-small:flex-start;\"><span class=\"fusion-tb-published-date\">Published On: 17 septembre 2024<\/span><span class=\"fusion-meta-tb-sep\"><\/span><\/div><div class=\"fusion-title title fusion-title-96 fusion-sep-none fusion-title-text fusion-title-size-four\" style=\"--awb-margin-top:20px;--awb-margin-right:20px;--awb-margin-bottom:20px;--awb-margin-left:20px;--awb-margin-top-small:10px;--awb-margin-right-small:0px;--awb-margin-bottom-small:10px;--awb-margin-left-small:0px;--awb-font-size:24px;\"><h4 class=\"fusion-title-heading title-heading-left\" style=\"font-family:&quot;IBM Plex Sans Condensed&quot;;font-style:normal;font-weight:500;margin:0;font-size:1em;line-height:1.2;\"><a href=\"https:\/\/www.mundusmaris.org\/fr\/journee-mondiale-de-locean\/wod-2022-fr\/from-puerto-piramides-argentina-to-the-world\/\" class=\"awb-custom-text-color awb-custom-text-hover-color\" target=\"_self\">From Puerto Piramides, Argentina, to the World<\/a><\/h4><\/div><\/div><\/li>\n<li class=\"fusion-layout-column fusion_builder_column fusion-builder-column-97 fusion-flex-column post-card fusion-grid-column fusion-post-cards-grid-column\" style=\"--awb-bg-color:var(--awb-color1);--awb-bg-color-hover:var(--awb-color1);--awb-bg-blend:overlay;--awb-bg-size:cover;--awb-flex-grow:0;--awb-flex-shrink:0;--awb-flex-grow-medium:;--awb-flex-shrink-medium:;--awb-flex-grow-small:;--awb-flex-shrink-small:;\" data-scroll-devices=\"small-visibility,medium-visibility,large-visibility\"><div class=\"fusion-column-wrapper fusion-column-has-shadow fusion-flex-justify-content-space-around fusion-content-layout-column\"><div class=\"fusion-classic-product-image-wrapper fusion-woo-product-image fusion-post-card-image fusion-post-card-image-1 has-aspect-ratio\" data-layout=\"static\" style=\"--awb-aspect-ratio:3 \/ 2;\"><div  class=\"fusion-image-wrapper\" aria-haspopup=\"true\">\n\t\t\t\t\t\t\t<a href=\"https:\/\/www.mundusmaris.org\/fr\/journee-mondiale-de-locean\/wod-2022-fr\/beach-clean-up-by-the-soccer-schools-in-hann-senegal\/\" aria-label=\"Beach clean-up by the soccer schools in Hann, Senegal\">\n\t\t\t\t\t\t\t<img decoding=\"async\" width=\"400\" height=\"300\" src=\"https:\/\/www.mundusmaris.org\/wp-content\/uploads\/2024\/09\/BeachCleaningHannSoccerSchools01.jpg\" class=\"attachment-full size-full wp-post-image\" alt=\"\" srcset=\"https:\/\/www.mundusmaris.org\/wp-content\/uploads\/2024\/09\/BeachCleaningHannSoccerSchools01-200x150.jpg 200w, https:\/\/www.mundusmaris.org\/wp-content\/uploads\/2024\/09\/BeachCleaningHannSoccerSchools01.jpg 400w\" sizes=\"(min-width: 2200px) 100vw, (min-width: 784px) 373px, (min-width: 712px) 560px, (min-width: 640px) 712px, \" \/>\t\t\t<\/a>\n\t\t\t\t\t\t\t<\/div>\n<\/div><div class=\"fusion-meta-tb fusion-meta-tb-97 floated\" style=\"--awb-border-top:0px;--awb-height:36px;--awb-alignment-medium:flex-start;--awb-alignment-small:flex-start;\"><span class=\"fusion-tb-published-date\">Published On: 17 septembre 2024<\/span><span class=\"fusion-meta-tb-sep\"><\/span><\/div><div class=\"fusion-title title fusion-title-97 fusion-sep-none fusion-title-text fusion-title-size-four\" style=\"--awb-margin-top:20px;--awb-margin-right:20px;--awb-margin-bottom:20px;--awb-margin-left:20px;--awb-margin-top-small:10px;--awb-margin-right-small:0px;--awb-margin-bottom-small:10px;--awb-margin-left-small:0px;--awb-font-size:24px;\"><h4 class=\"fusion-title-heading title-heading-left\" style=\"font-family:&quot;IBM Plex Sans Condensed&quot;;font-style:normal;font-weight:500;margin:0;font-size:1em;line-height:1.2;\"><a href=\"https:\/\/www.mundusmaris.org\/fr\/journee-mondiale-de-locean\/wod-2022-fr\/beach-clean-up-by-the-soccer-schools-in-hann-senegal\/\" class=\"awb-custom-text-color awb-custom-text-hover-color\" target=\"_self\">Beach clean-up by the soccer schools in Hann, Senegal<\/a><\/h4><\/div><\/div><\/li>\n<li class=\"fusion-layout-column fusion_builder_column fusion-builder-column-98 fusion-flex-column post-card fusion-grid-column fusion-post-cards-grid-column\" style=\"--awb-bg-color:var(--awb-color1);--awb-bg-color-hover:var(--awb-color1);--awb-bg-blend:overlay;--awb-bg-size:cover;--awb-flex-grow:0;--awb-flex-shrink:0;--awb-flex-grow-medium:;--awb-flex-shrink-medium:;--awb-flex-grow-small:;--awb-flex-shrink-small:;\" data-scroll-devices=\"small-visibility,medium-visibility,large-visibility\"><div class=\"fusion-column-wrapper fusion-column-has-shadow fusion-flex-justify-content-space-around fusion-content-layout-column\"><div class=\"fusion-classic-product-image-wrapper fusion-woo-product-image fusion-post-card-image fusion-post-card-image-1 has-aspect-ratio\" data-layout=\"static\" style=\"--awb-aspect-ratio:3 \/ 2;\"><div  class=\"fusion-image-wrapper\" aria-haspopup=\"true\">\n\t\t\t\t\t\t\t<a href=\"https:\/\/www.mundusmaris.org\/fr\/journee-mondiale-de-locean\/wod-2022-fr\/vi-webinar-world-ocean-day-mundus-maris-university-of-belgrano-2022\/\" aria-label=\"VI Webinar World Ocean Day &#8211; Mundus maris\/University of Belgrano &#8211; 2022\">\n\t\t\t\t\t\t\t<img decoding=\"async\" width=\"400\" height=\"219\" src=\"https:\/\/www.mundusmaris.org\/wp-content\/uploads\/2024\/09\/WebinarParticipantsOnSite.jpg\" class=\"attachment-full size-full wp-post-image\" alt=\"\" srcset=\"https:\/\/www.mundusmaris.org\/wp-content\/uploads\/2024\/09\/WebinarParticipantsOnSite-200x110.jpg 200w, https:\/\/www.mundusmaris.org\/wp-content\/uploads\/2024\/09\/WebinarParticipantsOnSite.jpg 400w\" sizes=\"(min-width: 2200px) 100vw, (min-width: 784px) 373px, (min-width: 712px) 560px, (min-width: 640px) 712px, \" \/>\t\t\t<\/a>\n\t\t\t\t\t\t\t<\/div>\n<\/div><div class=\"fusion-meta-tb fusion-meta-tb-98 floated\" style=\"--awb-border-top:0px;--awb-height:36px;--awb-alignment-medium:flex-start;--awb-alignment-small:flex-start;\"><span class=\"fusion-tb-published-date\">Published On: 17 septembre 2024<\/span><span class=\"fusion-meta-tb-sep\"><\/span><\/div><div class=\"fusion-title title fusion-title-98 fusion-sep-none fusion-title-text fusion-title-size-four\" style=\"--awb-margin-top:20px;--awb-margin-right:20px;--awb-margin-bottom:20px;--awb-margin-left:20px;--awb-margin-top-small:10px;--awb-margin-right-small:0px;--awb-margin-bottom-small:10px;--awb-margin-left-small:0px;--awb-font-size:24px;\"><h4 class=\"fusion-title-heading title-heading-left\" style=\"font-family:&quot;IBM Plex Sans Condensed&quot;;font-style:normal;font-weight:500;margin:0;font-size:1em;line-height:1.2;\"><a href=\"https:\/\/www.mundusmaris.org\/fr\/journee-mondiale-de-locean\/wod-2022-fr\/vi-webinar-world-ocean-day-mundus-maris-university-of-belgrano-2022\/\" class=\"awb-custom-text-color awb-custom-text-hover-color\" target=\"_self\">VI Webinar World Ocean Day &#8211; Mundus maris\/University of Belgrano &#8211; 2022<\/a><\/h4><\/div><\/div><\/li>\n<li class=\"fusion-layout-column fusion_builder_column fusion-builder-column-99 fusion-flex-column post-card fusion-grid-column fusion-post-cards-grid-column\" style=\"--awb-bg-color:var(--awb-color1);--awb-bg-color-hover:var(--awb-color1);--awb-bg-blend:overlay;--awb-bg-size:cover;--awb-flex-grow:0;--awb-flex-shrink:0;--awb-flex-grow-medium:;--awb-flex-shrink-medium:;--awb-flex-grow-small:;--awb-flex-shrink-small:;\" data-scroll-devices=\"small-visibility,medium-visibility,large-visibility\"><div class=\"fusion-column-wrapper fusion-column-has-shadow fusion-flex-justify-content-space-around fusion-content-layout-column\"><div class=\"fusion-classic-product-image-wrapper fusion-woo-product-image fusion-post-card-image fusion-post-card-image-1 has-aspect-ratio\" data-layout=\"static\" style=\"--awb-aspect-ratio:3 \/ 2;\"><div  class=\"fusion-image-wrapper\" aria-haspopup=\"true\">\n\t\t\t\t\t\t\t<a href=\"https:\/\/www.mundusmaris.org\/fr\/journee-mondiale-de-locean\/wod-2022-fr\/world-ocean-day-at-the-kawabata-yasunari-primary-school-in-hann-senegal\/\" aria-label=\"World Ocean Day at the Kawabata Yasunari Primary School in Hann, Senegal\">\n\t\t\t\t\t\t\t<img decoding=\"async\" width=\"400\" height=\"400\" src=\"https:\/\/www.mundusmaris.org\/wp-content\/uploads\/2024\/09\/Kawabata_NettoyageCour.jpg\" class=\"attachment-full size-full wp-post-image\" alt=\"\" srcset=\"https:\/\/www.mundusmaris.org\/wp-content\/uploads\/2024\/09\/Kawabata_NettoyageCour-200x200.jpg 200w, https:\/\/www.mundusmaris.org\/wp-content\/uploads\/2024\/09\/Kawabata_NettoyageCour.jpg 400w\" sizes=\"(min-width: 2200px) 100vw, (min-width: 784px) 373px, (min-width: 712px) 560px, (min-width: 640px) 712px, \" \/>\t\t\t<\/a>\n\t\t\t\t\t\t\t<\/div>\n<\/div><div class=\"fusion-meta-tb fusion-meta-tb-99 floated\" style=\"--awb-border-top:0px;--awb-height:36px;--awb-alignment-medium:flex-start;--awb-alignment-small:flex-start;\"><span class=\"fusion-tb-published-date\">Published On: 17 septembre 2024<\/span><span class=\"fusion-meta-tb-sep\"><\/span><\/div><div class=\"fusion-title title fusion-title-99 fusion-sep-none fusion-title-text fusion-title-size-four\" style=\"--awb-margin-top:20px;--awb-margin-right:20px;--awb-margin-bottom:20px;--awb-margin-left:20px;--awb-margin-top-small:10px;--awb-margin-right-small:0px;--awb-margin-bottom-small:10px;--awb-margin-left-small:0px;--awb-font-size:24px;\"><h4 class=\"fusion-title-heading title-heading-left\" style=\"font-family:&quot;IBM Plex Sans Condensed&quot;;font-style:normal;font-weight:500;margin:0;font-size:1em;line-height:1.2;\"><a href=\"https:\/\/www.mundusmaris.org\/fr\/journee-mondiale-de-locean\/wod-2022-fr\/world-ocean-day-at-the-kawabata-yasunari-primary-school-in-hann-senegal\/\" class=\"awb-custom-text-color awb-custom-text-hover-color\" target=\"_self\">World Ocean Day at the Kawabata Yasunari Primary School in Hann, Senegal<\/a><\/h4><\/div><\/div><\/li>\n<li class=\"fusion-layout-column fusion_builder_column fusion-builder-column-100 fusion-flex-column post-card fusion-grid-column fusion-post-cards-grid-column\" style=\"--awb-bg-color:var(--awb-color1);--awb-bg-color-hover:var(--awb-color1);--awb-bg-blend:overlay;--awb-bg-size:cover;--awb-flex-grow:0;--awb-flex-shrink:0;--awb-flex-grow-medium:;--awb-flex-shrink-medium:;--awb-flex-grow-small:;--awb-flex-shrink-small:;\" data-scroll-devices=\"small-visibility,medium-visibility,large-visibility\"><div class=\"fusion-column-wrapper fusion-column-has-shadow fusion-flex-justify-content-space-around fusion-content-layout-column\"><div class=\"fusion-classic-product-image-wrapper fusion-woo-product-image fusion-post-card-image fusion-post-card-image-1 has-aspect-ratio\" data-layout=\"static\" style=\"--awb-aspect-ratio:3 \/ 2;\"><div  class=\"fusion-image-wrapper\" aria-haspopup=\"true\">\n\t\t\t\t\t\t\t<a href=\"https:\/\/www.mundusmaris.org\/fr\/journee-mondiale-de-locean\/wod-2022-fr\/soccer-tournament-in-hann-for-world-ocean-day-2022\/\" aria-label=\"Soccer tournament in Hann for World Ocean Day 2022\">\n\t\t\t\t\t\t\t<img decoding=\"async\" width=\"400\" height=\"300\" src=\"https:\/\/www.mundusmaris.org\/wp-content\/uploads\/2024\/09\/Prizes.jpg\" class=\"attachment-full size-full wp-post-image\" alt=\"\" srcset=\"https:\/\/www.mundusmaris.org\/wp-content\/uploads\/2024\/09\/Prizes-200x150.jpg 200w, https:\/\/www.mundusmaris.org\/wp-content\/uploads\/2024\/09\/Prizes.jpg 400w\" sizes=\"(min-width: 2200px) 100vw, (min-width: 784px) 373px, (min-width: 712px) 560px, (min-width: 640px) 712px, \" \/>\t\t\t<\/a>\n\t\t\t\t\t\t\t<\/div>\n<\/div><div class=\"fusion-meta-tb fusion-meta-tb-100 floated\" style=\"--awb-border-top:0px;--awb-height:36px;--awb-alignment-medium:flex-start;--awb-alignment-small:flex-start;\"><span class=\"fusion-tb-published-date\">Published On: 17 septembre 2024<\/span><span class=\"fusion-meta-tb-sep\"><\/span><\/div><div class=\"fusion-title title fusion-title-100 fusion-sep-none fusion-title-text fusion-title-size-four\" style=\"--awb-margin-top:20px;--awb-margin-right:20px;--awb-margin-bottom:20px;--awb-margin-left:20px;--awb-margin-top-small:10px;--awb-margin-right-small:0px;--awb-margin-bottom-small:10px;--awb-margin-left-small:0px;--awb-font-size:24px;\"><h4 class=\"fusion-title-heading title-heading-left\" style=\"font-family:&quot;IBM Plex Sans Condensed&quot;;font-style:normal;font-weight:500;margin:0;font-size:1em;line-height:1.2;\"><a href=\"https:\/\/www.mundusmaris.org\/fr\/journee-mondiale-de-locean\/wod-2022-fr\/soccer-tournament-in-hann-for-world-ocean-day-2022\/\" class=\"awb-custom-text-color awb-custom-text-hover-color\" target=\"_self\">Soccer tournament in Hann for World Ocean Day 2022<\/a><\/h4><\/div><\/div><\/li>\n<li class=\"fusion-layout-column fusion_builder_column fusion-builder-column-101 fusion-flex-column post-card fusion-grid-column fusion-post-cards-grid-column\" style=\"--awb-bg-color:var(--awb-color1);--awb-bg-color-hover:var(--awb-color1);--awb-bg-blend:overlay;--awb-bg-size:cover;--awb-flex-grow:0;--awb-flex-shrink:0;--awb-flex-grow-medium:;--awb-flex-shrink-medium:;--awb-flex-grow-small:;--awb-flex-shrink-small:;\" data-scroll-devices=\"small-visibility,medium-visibility,large-visibility\"><div class=\"fusion-column-wrapper fusion-column-has-shadow fusion-flex-justify-content-space-around fusion-content-layout-column\"><div class=\"fusion-classic-product-image-wrapper fusion-woo-product-image fusion-post-card-image fusion-post-card-image-1 has-aspect-ratio\" data-layout=\"static\" style=\"--awb-aspect-ratio:3 \/ 2;\"><div  class=\"fusion-image-wrapper\" aria-haspopup=\"true\">\n\t\t\t\t\t\t\t<a href=\"https:\/\/www.mundusmaris.org\/fr\/journee-mondiale-de-locean\/wod-2022-fr\/a-concert-for-peace-and-the-ocean-louvain-belgium\/\" aria-label=\"A concert for peace and the ocean, Louvain, Belgium\">\n\t\t\t\t\t\t\t<img decoding=\"async\" width=\"735\" height=\"551\" src=\"https:\/\/www.mundusmaris.org\/wp-content\/uploads\/2024\/09\/ConcertOceanKruidtuin20220622.jpg\" class=\"attachment-full size-full wp-post-image\" alt=\"\" srcset=\"https:\/\/www.mundusmaris.org\/wp-content\/uploads\/2024\/09\/ConcertOceanKruidtuin20220622-200x150.jpg 200w, https:\/\/www.mundusmaris.org\/wp-content\/uploads\/2024\/09\/ConcertOceanKruidtuin20220622-400x300.jpg 400w, https:\/\/www.mundusmaris.org\/wp-content\/uploads\/2024\/09\/ConcertOceanKruidtuin20220622-600x450.jpg 600w, https:\/\/www.mundusmaris.org\/wp-content\/uploads\/2024\/09\/ConcertOceanKruidtuin20220622.jpg 735w\" sizes=\"(min-width: 2200px) 100vw, (min-width: 784px) 373px, (min-width: 712px) 560px, (min-width: 640px) 712px, \" \/>\t\t\t<\/a>\n\t\t\t\t\t\t\t<\/div>\n<\/div><div class=\"fusion-meta-tb fusion-meta-tb-101 floated\" style=\"--awb-border-top:0px;--awb-height:36px;--awb-alignment-medium:flex-start;--awb-alignment-small:flex-start;\"><span class=\"fusion-tb-published-date\">Published On: 17 septembre 2024<\/span><span class=\"fusion-meta-tb-sep\"><\/span><\/div><div class=\"fusion-title title fusion-title-101 fusion-sep-none fusion-title-text fusion-title-size-four\" style=\"--awb-margin-top:20px;--awb-margin-right:20px;--awb-margin-bottom:20px;--awb-margin-left:20px;--awb-margin-top-small:10px;--awb-margin-right-small:0px;--awb-margin-bottom-small:10px;--awb-margin-left-small:0px;--awb-font-size:24px;\"><h4 class=\"fusion-title-heading title-heading-left\" style=\"font-family:&quot;IBM Plex Sans Condensed&quot;;font-style:normal;font-weight:500;margin:0;font-size:1em;line-height:1.2;\"><a href=\"https:\/\/www.mundusmaris.org\/fr\/journee-mondiale-de-locean\/wod-2022-fr\/a-concert-for-peace-and-the-ocean-louvain-belgium\/\" class=\"awb-custom-text-color awb-custom-text-hover-color\" target=\"_self\">A concert for peace and the ocean, Louvain, Belgium<\/a><\/h4><\/div><\/div><\/li>\n<li class=\"fusion-layout-column fusion_builder_column fusion-builder-column-102 fusion-flex-column post-card fusion-grid-column fusion-post-cards-grid-column\" style=\"--awb-bg-color:var(--awb-color1);--awb-bg-color-hover:var(--awb-color1);--awb-bg-blend:overlay;--awb-bg-size:cover;--awb-flex-grow:0;--awb-flex-shrink:0;--awb-flex-grow-medium:;--awb-flex-shrink-medium:;--awb-flex-grow-small:;--awb-flex-shrink-small:;\" data-scroll-devices=\"small-visibility,medium-visibility,large-visibility\"><div class=\"fusion-column-wrapper fusion-column-has-shadow fusion-flex-justify-content-space-around fusion-content-layout-column\"><div class=\"fusion-classic-product-image-wrapper fusion-woo-product-image fusion-post-card-image fusion-post-card-image-1 has-aspect-ratio\" data-layout=\"static\" style=\"--awb-aspect-ratio:3 \/ 2;\"><div  class=\"fusion-image-wrapper\" aria-haspopup=\"true\">\n\t\t\t\t\t\t\t<a href=\"https:\/\/www.mundusmaris.org\/fr\/academie-de-la-peche-artisanale\/contribution-de-mundus-maris-a-la-consultation-publique-de-lunoc3\/\" aria-label=\"Contribution de Mundus maris \u00e0 la consultation publique de l&rsquo;UNOC3\">\n\t\t\t\t\t\t\t<img decoding=\"async\" width=\"400\" height=\"263\" src=\"https:\/\/www.mundusmaris.org\/wp-content\/uploads\/2024\/09\/JellyFish.jpg\" class=\"attachment-full size-full wp-post-image\" alt=\"\" srcset=\"https:\/\/www.mundusmaris.org\/wp-content\/uploads\/2024\/09\/JellyFish-200x132.jpg 200w, https:\/\/www.mundusmaris.org\/wp-content\/uploads\/2024\/09\/JellyFish.jpg 400w\" sizes=\"(min-width: 2200px) 100vw, (min-width: 784px) 373px, (min-width: 712px) 560px, (min-width: 640px) 712px, \" \/>\t\t\t<\/a>\n\t\t\t\t\t\t\t<\/div>\n<\/div><div class=\"fusion-meta-tb fusion-meta-tb-102 floated\" style=\"--awb-border-top:0px;--awb-height:36px;--awb-alignment-medium:flex-start;--awb-alignment-small:flex-start;\"><span class=\"fusion-tb-published-date\">Published On: 29 ao\u00fbt 2024<\/span><span class=\"fusion-meta-tb-sep\"><\/span><\/div><div class=\"fusion-title title fusion-title-102 fusion-sep-none fusion-title-text fusion-title-size-four\" style=\"--awb-margin-top:20px;--awb-margin-right:20px;--awb-margin-bottom:20px;--awb-margin-left:20px;--awb-margin-top-small:10px;--awb-margin-right-small:0px;--awb-margin-bottom-small:10px;--awb-margin-left-small:0px;--awb-font-size:24px;\"><h4 class=\"fusion-title-heading title-heading-left\" style=\"font-family:&quot;IBM Plex Sans Condensed&quot;;font-style:normal;font-weight:500;margin:0;font-size:1em;line-height:1.2;\"><a href=\"https:\/\/www.mundusmaris.org\/fr\/academie-de-la-peche-artisanale\/contribution-de-mundus-maris-a-la-consultation-publique-de-lunoc3\/\" class=\"awb-custom-text-color awb-custom-text-hover-color\" target=\"_self\">Contribution de Mundus maris \u00e0 la consultation publique de l&rsquo;UNOC3<\/a><\/h4><\/div><\/div><\/li>\n<li class=\"fusion-layout-column fusion_builder_column fusion-builder-column-103 fusion-flex-column post-card fusion-grid-column fusion-post-cards-grid-column\" style=\"--awb-bg-color:var(--awb-color1);--awb-bg-color-hover:var(--awb-color1);--awb-bg-blend:overlay;--awb-bg-size:cover;--awb-flex-grow:0;--awb-flex-shrink:0;--awb-flex-grow-medium:;--awb-flex-shrink-medium:;--awb-flex-grow-small:;--awb-flex-shrink-small:;\" data-scroll-devices=\"small-visibility,medium-visibility,large-visibility\"><div class=\"fusion-column-wrapper fusion-column-has-shadow fusion-flex-justify-content-space-around fusion-content-layout-column\"><div class=\"fusion-classic-product-image-wrapper fusion-woo-product-image fusion-post-card-image fusion-post-card-image-1 has-aspect-ratio\" data-layout=\"static\" style=\"--awb-aspect-ratio:3 \/ 2;\"><div  class=\"fusion-image-wrapper\" aria-haspopup=\"true\">\n\t\t\t\t\t\t\t<a href=\"https:\/\/www.mundusmaris.org\/fr\/activites\/protection-de-locean-et-du-climat\/sustainable-management-of-marine-resources-challenges-and-possible-solutions\/\" aria-label=\"Sustainable Management of Marine Resources &#8211; Challenges and Possible Solutions\">\n\t\t\t\t\t\t\t<img decoding=\"async\" width=\"500\" height=\"330\" src=\"https:\/\/www.mundusmaris.org\/wp-content\/uploads\/2024\/07\/SupportedBy1.jpg\" class=\"attachment-full size-full wp-post-image\" alt=\"\" srcset=\"https:\/\/www.mundusmaris.org\/wp-content\/uploads\/2024\/07\/SupportedBy1-200x132.jpg 200w, https:\/\/www.mundusmaris.org\/wp-content\/uploads\/2024\/07\/SupportedBy1-400x264.jpg 400w, https:\/\/www.mundusmaris.org\/wp-content\/uploads\/2024\/07\/SupportedBy1.jpg 500w\" sizes=\"(min-width: 2200px) 100vw, (min-width: 784px) 373px, (min-width: 712px) 560px, (min-width: 640px) 712px, \" \/>\t\t\t<\/a>\n\t\t\t\t\t\t\t<\/div>\n<\/div><div class=\"fusion-meta-tb fusion-meta-tb-103 floated\" style=\"--awb-border-top:0px;--awb-height:36px;--awb-alignment-medium:flex-start;--awb-alignment-small:flex-start;\"><span class=\"fusion-tb-published-date\">Published On: 19 juillet 2024<\/span><span class=\"fusion-meta-tb-sep\"><\/span><\/div><div class=\"fusion-title title fusion-title-103 fusion-sep-none fusion-title-text fusion-title-size-four\" style=\"--awb-margin-top:20px;--awb-margin-right:20px;--awb-margin-bottom:20px;--awb-margin-left:20px;--awb-margin-top-small:10px;--awb-margin-right-small:0px;--awb-margin-bottom-small:10px;--awb-margin-left-small:0px;--awb-font-size:24px;\"><h4 class=\"fusion-title-heading title-heading-left\" style=\"font-family:&quot;IBM Plex Sans Condensed&quot;;font-style:normal;font-weight:500;margin:0;font-size:1em;line-height:1.2;\"><a href=\"https:\/\/www.mundusmaris.org\/fr\/activites\/protection-de-locean-et-du-climat\/sustainable-management-of-marine-resources-challenges-and-possible-solutions\/\" class=\"awb-custom-text-color awb-custom-text-hover-color\" target=\"_self\">Sustainable Management of Marine Resources &#8211; Challenges and Possible Solutions<\/a><\/h4><\/div><\/div><\/li>\n<li class=\"fusion-layout-column fusion_builder_column fusion-builder-column-104 fusion-flex-column post-card fusion-grid-column fusion-post-cards-grid-column\" style=\"--awb-bg-color:var(--awb-color1);--awb-bg-color-hover:var(--awb-color1);--awb-bg-blend:overlay;--awb-bg-size:cover;--awb-flex-grow:0;--awb-flex-shrink:0;--awb-flex-grow-medium:;--awb-flex-shrink-medium:;--awb-flex-grow-small:;--awb-flex-shrink-small:;\" data-scroll-devices=\"small-visibility,medium-visibility,large-visibility\"><div class=\"fusion-column-wrapper fusion-column-has-shadow fusion-flex-justify-content-space-around fusion-content-layout-column\"><div class=\"fusion-classic-product-image-wrapper fusion-woo-product-image fusion-post-card-image fusion-post-card-image-1 has-aspect-ratio\" data-layout=\"static\" style=\"--awb-aspect-ratio:3 \/ 2;\"><div  class=\"fusion-image-wrapper\" aria-haspopup=\"true\">\n\t\t\t\t\t\t\t<a href=\"https:\/\/www.mundusmaris.org\/fr\/academie-de-la-peche-artisanale\/sommet-sur-peche-artisanale-rome-5-7-juillet-2024\/\" aria-label=\"Sommet sur la p\u00eache artisanale \u00e0 Rome, 5-7 juillet 2024\">\n\t\t\t\t\t\t\t<img decoding=\"async\" width=\"500\" height=\"230\" src=\"https:\/\/www.mundusmaris.org\/wp-content\/uploads\/2024\/10\/FlagsOfCOFImembersAtFAO.jpg\" class=\"attachment-full size-full wp-post-image\" alt=\"\" srcset=\"https:\/\/www.mundusmaris.org\/wp-content\/uploads\/2024\/10\/FlagsOfCOFImembersAtFAO-200x92.jpg 200w, https:\/\/www.mundusmaris.org\/wp-content\/uploads\/2024\/10\/FlagsOfCOFImembersAtFAO-400x184.jpg 400w, https:\/\/www.mundusmaris.org\/wp-content\/uploads\/2024\/10\/FlagsOfCOFImembersAtFAO.jpg 500w\" sizes=\"(min-width: 2200px) 100vw, (min-width: 784px) 373px, (min-width: 712px) 560px, (min-width: 640px) 712px, \" \/>\t\t\t<\/a>\n\t\t\t\t\t\t\t<\/div>\n<\/div><div class=\"fusion-meta-tb fusion-meta-tb-104 floated\" style=\"--awb-border-top:0px;--awb-height:36px;--awb-alignment-medium:flex-start;--awb-alignment-small:flex-start;\"><span class=\"fusion-tb-published-date\">Published On: 11 juillet 2024<\/span><span class=\"fusion-meta-tb-sep\"><\/span><\/div><div class=\"fusion-title title fusion-title-104 fusion-sep-none fusion-title-text fusion-title-size-four\" style=\"--awb-margin-top:20px;--awb-margin-right:20px;--awb-margin-bottom:20px;--awb-margin-left:20px;--awb-margin-top-small:10px;--awb-margin-right-small:0px;--awb-margin-bottom-small:10px;--awb-margin-left-small:0px;--awb-font-size:24px;\"><h4 class=\"fusion-title-heading title-heading-left\" style=\"font-family:&quot;IBM Plex Sans Condensed&quot;;font-style:normal;font-weight:500;margin:0;font-size:1em;line-height:1.2;\"><a href=\"https:\/\/www.mundusmaris.org\/fr\/academie-de-la-peche-artisanale\/sommet-sur-peche-artisanale-rome-5-7-juillet-2024\/\" class=\"awb-custom-text-color awb-custom-text-hover-color\" target=\"_self\">Sommet sur la p\u00eache artisanale \u00e0 Rome, 5-7 juillet 2024<\/a><\/h4><\/div><\/div><\/li>\n<li class=\"fusion-layout-column fusion_builder_column fusion-builder-column-105 fusion-flex-column post-card fusion-grid-column fusion-post-cards-grid-column\" style=\"--awb-bg-color:var(--awb-color1);--awb-bg-color-hover:var(--awb-color1);--awb-bg-blend:overlay;--awb-bg-size:cover;--awb-flex-grow:0;--awb-flex-shrink:0;--awb-flex-grow-medium:;--awb-flex-shrink-medium:;--awb-flex-grow-small:;--awb-flex-shrink-small:;\" data-scroll-devices=\"small-visibility,medium-visibility,large-visibility\"><div class=\"fusion-column-wrapper fusion-column-has-shadow fusion-flex-justify-content-space-around fusion-content-layout-column\"><div class=\"fusion-classic-product-image-wrapper fusion-woo-product-image fusion-post-card-image fusion-post-card-image-1 has-aspect-ratio\" data-layout=\"static\" style=\"--awb-aspect-ratio:3 \/ 2;\"><div  class=\"fusion-image-wrapper\" aria-haspopup=\"true\">\n\t\t\t\t\t\t\t<a href=\"https:\/\/www.mundusmaris.org\/fr\/academie-de-la-peche-artisanale\/symposium-regional-sur-la-peche-artisanale-europeenne-larnaca-chypre-1-3-juillet-2024\/\" aria-label=\"Symposium r\u00e9gional sur la p\u00eache artisanale europ\u00e9enne, Larnaca, Chypre, 1-3 juillet 2024\">\n\t\t\t\t\t\t\t<img decoding=\"async\" width=\"500\" height=\"344\" src=\"https:\/\/www.mundusmaris.org\/wp-content\/uploads\/2024\/07\/KatiaFrangoudesOrganiser.jpg\" class=\"attachment-full size-full wp-post-image\" alt=\"\" srcset=\"https:\/\/www.mundusmaris.org\/wp-content\/uploads\/2024\/07\/KatiaFrangoudesOrganiser-200x138.jpg 200w, https:\/\/www.mundusmaris.org\/wp-content\/uploads\/2024\/07\/KatiaFrangoudesOrganiser-400x275.jpg 400w, https:\/\/www.mundusmaris.org\/wp-content\/uploads\/2024\/07\/KatiaFrangoudesOrganiser.jpg 500w\" sizes=\"(min-width: 2200px) 100vw, (min-width: 784px) 373px, (min-width: 712px) 560px, (min-width: 640px) 712px, \" \/>\t\t\t<\/a>\n\t\t\t\t\t\t\t<\/div>\n<\/div><div class=\"fusion-meta-tb fusion-meta-tb-105 floated\" style=\"--awb-border-top:0px;--awb-height:36px;--awb-alignment-medium:flex-start;--awb-alignment-small:flex-start;\"><span class=\"fusion-tb-published-date\">Published On: 10 juillet 2024<\/span><span class=\"fusion-meta-tb-sep\"><\/span><\/div><div class=\"fusion-title title fusion-title-105 fusion-sep-none fusion-title-text fusion-title-size-four\" style=\"--awb-margin-top:20px;--awb-margin-right:20px;--awb-margin-bottom:20px;--awb-margin-left:20px;--awb-margin-top-small:10px;--awb-margin-right-small:0px;--awb-margin-bottom-small:10px;--awb-margin-left-small:0px;--awb-font-size:24px;\"><h4 class=\"fusion-title-heading title-heading-left\" style=\"font-family:&quot;IBM Plex Sans Condensed&quot;;font-style:normal;font-weight:500;margin:0;font-size:1em;line-height:1.2;\"><a href=\"https:\/\/www.mundusmaris.org\/fr\/academie-de-la-peche-artisanale\/symposium-regional-sur-la-peche-artisanale-europeenne-larnaca-chypre-1-3-juillet-2024\/\" class=\"awb-custom-text-color awb-custom-text-hover-color\" target=\"_self\">Symposium r\u00e9gional sur la p\u00eache artisanale europ\u00e9enne, Larnaca, Chypre, 1-3 juillet 2024<\/a><\/h4><\/div><\/div><\/li>\n<li class=\"fusion-layout-column fusion_builder_column fusion-builder-column-106 fusion-flex-column post-card fusion-grid-column fusion-post-cards-grid-column\" style=\"--awb-bg-color:var(--awb-color1);--awb-bg-color-hover:var(--awb-color1);--awb-bg-blend:overlay;--awb-bg-size:cover;--awb-flex-grow:0;--awb-flex-shrink:0;--awb-flex-grow-medium:;--awb-flex-shrink-medium:;--awb-flex-grow-small:;--awb-flex-shrink-small:;\" data-scroll-devices=\"small-visibility,medium-visibility,large-visibility\"><div class=\"fusion-column-wrapper fusion-column-has-shadow fusion-flex-justify-content-space-around fusion-content-layout-column\"><div class=\"fusion-classic-product-image-wrapper fusion-woo-product-image fusion-post-card-image fusion-post-card-image-1 has-aspect-ratio\" data-layout=\"static\" style=\"--awb-aspect-ratio:3 \/ 2;\"><div  class=\"fusion-image-wrapper\" aria-haspopup=\"true\">\n\t\t\t\t\t\t\t<a href=\"https:\/\/www.mundusmaris.org\/fr\/journee-mondiale-de-locean\/wod-2023-fr\/mundus-maris-fete-la-journee-mondiale-de-locean-2023-dans-3-continents\/\" aria-label=\"Plan de d\u00e9part de la Journ\u00e9e mondiale de l&rsquo;oc\u00e9an \u00e0 Hilden, en Allemagne, le 3 juin 2023\">\n\t\t\t\t\t\t\t<img decoding=\"async\" width=\"800\" height=\"500\" src=\"https:\/\/www.mundusmaris.org\/wp-content\/uploads\/2024\/03\/WOD2015_MMAwardLog_800x500.jpg\" class=\"attachment-full size-full wp-post-image\" alt=\"\" srcset=\"https:\/\/www.mundusmaris.org\/wp-content\/uploads\/2024\/03\/WOD2015_MMAwardLog_800x500-200x125.jpg 200w, https:\/\/www.mundusmaris.org\/wp-content\/uploads\/2024\/03\/WOD2015_MMAwardLog_800x500-400x250.jpg 400w, https:\/\/www.mundusmaris.org\/wp-content\/uploads\/2024\/03\/WOD2015_MMAwardLog_800x500-600x375.jpg 600w, https:\/\/www.mundusmaris.org\/wp-content\/uploads\/2024\/03\/WOD2015_MMAwardLog_800x500.jpg 800w\" sizes=\"(min-width: 2200px) 100vw, (min-width: 784px) 373px, (min-width: 712px) 560px, (min-width: 640px) 712px, \" \/>\t\t\t<\/a>\n\t\t\t\t\t\t\t<\/div>\n<\/div><div class=\"fusion-meta-tb fusion-meta-tb-106 floated\" style=\"--awb-border-top:0px;--awb-height:36px;--awb-alignment-medium:flex-start;--awb-alignment-small:flex-start;\"><span class=\"fusion-tb-published-date\">Published On: 5 juillet 2024<\/span><span class=\"fusion-meta-tb-sep\"><\/span><\/div><div class=\"fusion-title title fusion-title-106 fusion-sep-none fusion-title-text fusion-title-size-four\" style=\"--awb-margin-top:20px;--awb-margin-right:20px;--awb-margin-bottom:20px;--awb-margin-left:20px;--awb-margin-top-small:10px;--awb-margin-right-small:0px;--awb-margin-bottom-small:10px;--awb-margin-left-small:0px;--awb-font-size:24px;\"><h4 class=\"fusion-title-heading title-heading-left\" style=\"font-family:&quot;IBM Plex Sans Condensed&quot;;font-style:normal;font-weight:500;margin:0;font-size:1em;line-height:1.2;\"><a href=\"https:\/\/www.mundusmaris.org\/fr\/journee-mondiale-de-locean\/wod-2023-fr\/mundus-maris-fete-la-journee-mondiale-de-locean-2023-dans-3-continents\/\" class=\"awb-custom-text-color awb-custom-text-hover-color\" target=\"_self\">Plan de d\u00e9part de la Journ\u00e9e mondiale de l&rsquo;oc\u00e9an \u00e0 Hilden, en Allemagne, le 3 juin 2023<\/a><\/h4><\/div><\/div><\/li>\n<li class=\"fusion-layout-column fusion_builder_column fusion-builder-column-107 fusion-flex-column post-card fusion-grid-column fusion-post-cards-grid-column\" style=\"--awb-bg-color:var(--awb-color1);--awb-bg-color-hover:var(--awb-color1);--awb-bg-blend:overlay;--awb-bg-size:cover;--awb-flex-grow:0;--awb-flex-shrink:0;--awb-flex-grow-medium:;--awb-flex-shrink-medium:;--awb-flex-grow-small:;--awb-flex-shrink-small:;\" data-scroll-devices=\"small-visibility,medium-visibility,large-visibility\"><div class=\"fusion-column-wrapper fusion-column-has-shadow fusion-flex-justify-content-space-around fusion-content-layout-column\"><div class=\"fusion-classic-product-image-wrapper fusion-woo-product-image fusion-post-card-image fusion-post-card-image-1 has-aspect-ratio\" data-layout=\"static\" style=\"--awb-aspect-ratio:3 \/ 2;\"><div  class=\"fusion-image-wrapper\" aria-haspopup=\"true\">\n\t\t\t\t\t\t\t<a href=\"https:\/\/www.mundusmaris.org\/fr\/journee-mondiale-de-locean\/wod-2023-fr\/de-buenos-aires-avec-amour\/\" aria-label=\"De Buenos Aires avec amour\">\n\t\t\t\t\t\t\t<img decoding=\"async\" width=\"800\" height=\"500\" src=\"https:\/\/www.mundusmaris.org\/wp-content\/uploads\/2024\/01\/Paisaj_800x500.png\" class=\"attachment-full size-full wp-post-image\" alt=\"\" srcset=\"https:\/\/www.mundusmaris.org\/wp-content\/uploads\/2024\/01\/Paisaj_800x500-200x125.png 200w, https:\/\/www.mundusmaris.org\/wp-content\/uploads\/2024\/01\/Paisaj_800x500-400x250.png 400w, https:\/\/www.mundusmaris.org\/wp-content\/uploads\/2024\/01\/Paisaj_800x500-600x375.png 600w, https:\/\/www.mundusmaris.org\/wp-content\/uploads\/2024\/01\/Paisaj_800x500.png 800w\" sizes=\"(min-width: 2200px) 100vw, (min-width: 784px) 373px, (min-width: 712px) 560px, (min-width: 640px) 712px, \" \/>\t\t\t<\/a>\n\t\t\t\t\t\t\t<\/div>\n<\/div><div class=\"fusion-meta-tb fusion-meta-tb-107 floated\" style=\"--awb-border-top:0px;--awb-height:36px;--awb-alignment-medium:flex-start;--awb-alignment-small:flex-start;\"><span class=\"fusion-tb-published-date\">Published On: 5 juillet 2024<\/span><span class=\"fusion-meta-tb-sep\"><\/span><\/div><div class=\"fusion-title title fusion-title-107 fusion-sep-none fusion-title-text fusion-title-size-four\" style=\"--awb-margin-top:20px;--awb-margin-right:20px;--awb-margin-bottom:20px;--awb-margin-left:20px;--awb-margin-top-small:10px;--awb-margin-right-small:0px;--awb-margin-bottom-small:10px;--awb-margin-left-small:0px;--awb-font-size:24px;\"><h4 class=\"fusion-title-heading title-heading-left\" style=\"font-family:&quot;IBM Plex Sans Condensed&quot;;font-style:normal;font-weight:500;margin:0;font-size:1em;line-height:1.2;\"><a href=\"https:\/\/www.mundusmaris.org\/fr\/journee-mondiale-de-locean\/wod-2023-fr\/de-buenos-aires-avec-amour\/\" class=\"awb-custom-text-color awb-custom-text-hover-color\" target=\"_self\">De Buenos Aires avec amour<\/a><\/h4><\/div><\/div><\/li>\n<li class=\"fusion-layout-column fusion_builder_column fusion-builder-column-108 fusion-flex-column post-card fusion-grid-column fusion-post-cards-grid-column\" style=\"--awb-bg-color:var(--awb-color1);--awb-bg-color-hover:var(--awb-color1);--awb-bg-blend:overlay;--awb-bg-size:cover;--awb-flex-grow:0;--awb-flex-shrink:0;--awb-flex-grow-medium:;--awb-flex-shrink-medium:;--awb-flex-grow-small:;--awb-flex-shrink-small:;\" data-scroll-devices=\"small-visibility,medium-visibility,large-visibility\"><div class=\"fusion-column-wrapper fusion-column-has-shadow fusion-flex-justify-content-space-around fusion-content-layout-column\"><div class=\"fusion-classic-product-image-wrapper fusion-woo-product-image fusion-post-card-image fusion-post-card-image-1 has-aspect-ratio\" data-layout=\"static\" style=\"--awb-aspect-ratio:3 \/ 2;\"><div  class=\"fusion-image-wrapper\" aria-haspopup=\"true\">\n\t\t\t\t\t\t\t<a href=\"https:\/\/www.mundusmaris.org\/fr\/journee-mondiale-de-locean\/wod-2023-fr\/celebration-de-la-journee-de-locean-2023-a-lagos-nigeria\/\" aria-label=\"C\u00e9l\u00e9bration de la Journ\u00e9e de l\u2019Oc\u00e9an 2023 \u00e0 Lagos, Nigeria\">\n\t\t\t\t\t\t\t<img decoding=\"async\" width=\"800\" height=\"500\" src=\"https:\/\/www.mundusmaris.org\/wp-content\/uploads\/2024\/01\/copertina_2_800x500.png\" class=\"attachment-full size-full wp-post-image\" alt=\"\" srcset=\"https:\/\/www.mundusmaris.org\/wp-content\/uploads\/2024\/01\/copertina_2_800x500-200x125.png 200w, https:\/\/www.mundusmaris.org\/wp-content\/uploads\/2024\/01\/copertina_2_800x500-400x250.png 400w, https:\/\/www.mundusmaris.org\/wp-content\/uploads\/2024\/01\/copertina_2_800x500-600x375.png 600w, https:\/\/www.mundusmaris.org\/wp-content\/uploads\/2024\/01\/copertina_2_800x500.png 800w\" sizes=\"(min-width: 2200px) 100vw, (min-width: 784px) 373px, (min-width: 712px) 560px, (min-width: 640px) 712px, \" \/>\t\t\t<\/a>\n\t\t\t\t\t\t\t<\/div>\n<\/div><div class=\"fusion-meta-tb fusion-meta-tb-108 floated\" style=\"--awb-border-top:0px;--awb-height:36px;--awb-alignment-medium:flex-start;--awb-alignment-small:flex-start;\"><span class=\"fusion-tb-published-date\">Published On: 5 juillet 2024<\/span><span class=\"fusion-meta-tb-sep\"><\/span><\/div><div class=\"fusion-title title fusion-title-108 fusion-sep-none fusion-title-text fusion-title-size-four\" style=\"--awb-margin-top:20px;--awb-margin-right:20px;--awb-margin-bottom:20px;--awb-margin-left:20px;--awb-margin-top-small:10px;--awb-margin-right-small:0px;--awb-margin-bottom-small:10px;--awb-margin-left-small:0px;--awb-font-size:24px;\"><h4 class=\"fusion-title-heading title-heading-left\" style=\"font-family:&quot;IBM Plex Sans Condensed&quot;;font-style:normal;font-weight:500;margin:0;font-size:1em;line-height:1.2;\"><a href=\"https:\/\/www.mundusmaris.org\/fr\/journee-mondiale-de-locean\/wod-2023-fr\/celebration-de-la-journee-de-locean-2023-a-lagos-nigeria\/\" class=\"awb-custom-text-color awb-custom-text-hover-color\" target=\"_self\">C\u00e9l\u00e9bration de la Journ\u00e9e de l\u2019Oc\u00e9an 2023 \u00e0 Lagos, Nigeria<\/a><\/h4><\/div><\/div><\/li>\n<li class=\"fusion-layout-column fusion_builder_column fusion-builder-column-109 fusion-flex-column post-card fusion-grid-column fusion-post-cards-grid-column\" style=\"--awb-bg-color:var(--awb-color1);--awb-bg-color-hover:var(--awb-color1);--awb-bg-blend:overlay;--awb-bg-size:cover;--awb-flex-grow:0;--awb-flex-shrink:0;--awb-flex-grow-medium:;--awb-flex-shrink-medium:;--awb-flex-grow-small:;--awb-flex-shrink-small:;\" data-scroll-devices=\"small-visibility,medium-visibility,large-visibility\"><div class=\"fusion-column-wrapper fusion-column-has-shadow fusion-flex-justify-content-space-around fusion-content-layout-column\"><div class=\"fusion-classic-product-image-wrapper fusion-woo-product-image fusion-post-card-image fusion-post-card-image-1 has-aspect-ratio\" data-layout=\"static\" style=\"--awb-aspect-ratio:3 \/ 2;\"><div  class=\"fusion-image-wrapper\" aria-haspopup=\"true\">\n\t\t\t\t\t\t\t<a href=\"https:\/\/www.mundusmaris.org\/fr\/journee-mondiale-de-locean\/wod-2023-fr\/journee-mondiale-de-locean-a-kiel-en-allemagne-axee-sur-la-protection-de-locean\/\" aria-label=\"World Ocean Day in Kiel Germany with focus on ocean protection\">\n\t\t\t\t\t\t\t<img decoding=\"async\" width=\"800\" height=\"500\" src=\"https:\/\/www.mundusmaris.org\/wp-content\/uploads\/2024\/01\/kidsocean_800x500.png\" class=\"attachment-full size-full wp-post-image\" alt=\"\" srcset=\"https:\/\/www.mundusmaris.org\/wp-content\/uploads\/2024\/01\/kidsocean_800x500-200x125.png 200w, https:\/\/www.mundusmaris.org\/wp-content\/uploads\/2024\/01\/kidsocean_800x500-400x250.png 400w, https:\/\/www.mundusmaris.org\/wp-content\/uploads\/2024\/01\/kidsocean_800x500-600x375.png 600w, https:\/\/www.mundusmaris.org\/wp-content\/uploads\/2024\/01\/kidsocean_800x500.png 800w\" sizes=\"(min-width: 2200px) 100vw, (min-width: 784px) 373px, (min-width: 712px) 560px, (min-width: 640px) 712px, \" \/>\t\t\t<\/a>\n\t\t\t\t\t\t\t<\/div>\n<\/div><div class=\"fusion-meta-tb fusion-meta-tb-109 floated\" style=\"--awb-border-top:0px;--awb-height:36px;--awb-alignment-medium:flex-start;--awb-alignment-small:flex-start;\"><span class=\"fusion-tb-published-date\">Published On: 5 juillet 2024<\/span><span class=\"fusion-meta-tb-sep\"><\/span><\/div><div class=\"fusion-title title fusion-title-109 fusion-sep-none fusion-title-text fusion-title-size-four\" style=\"--awb-margin-top:20px;--awb-margin-right:20px;--awb-margin-bottom:20px;--awb-margin-left:20px;--awb-margin-top-small:10px;--awb-margin-right-small:0px;--awb-margin-bottom-small:10px;--awb-margin-left-small:0px;--awb-font-size:24px;\"><h4 class=\"fusion-title-heading title-heading-left\" style=\"font-family:&quot;IBM Plex Sans Condensed&quot;;font-style:normal;font-weight:500;margin:0;font-size:1em;line-height:1.2;\"><a href=\"https:\/\/www.mundusmaris.org\/fr\/journee-mondiale-de-locean\/wod-2023-fr\/journee-mondiale-de-locean-a-kiel-en-allemagne-axee-sur-la-protection-de-locean\/\" class=\"awb-custom-text-color awb-custom-text-hover-color\" target=\"_self\">World Ocean Day in Kiel Germany with focus on ocean protection<\/a><\/h4><\/div><\/div><\/li>\n<li class=\"fusion-layout-column fusion_builder_column fusion-builder-column-110 fusion-flex-column post-card fusion-grid-column fusion-post-cards-grid-column\" style=\"--awb-bg-color:var(--awb-color1);--awb-bg-color-hover:var(--awb-color1);--awb-bg-blend:overlay;--awb-bg-size:cover;--awb-flex-grow:0;--awb-flex-shrink:0;--awb-flex-grow-medium:;--awb-flex-shrink-medium:;--awb-flex-grow-small:;--awb-flex-shrink-small:;\" data-scroll-devices=\"small-visibility,medium-visibility,large-visibility\"><div class=\"fusion-column-wrapper fusion-column-has-shadow fusion-flex-justify-content-space-around fusion-content-layout-column\"><div class=\"fusion-classic-product-image-wrapper fusion-woo-product-image fusion-post-card-image fusion-post-card-image-1 has-aspect-ratio\" data-layout=\"static\" style=\"--awb-aspect-ratio:3 \/ 2;\"><div  class=\"fusion-image-wrapper\" aria-haspopup=\"true\">\n\t\t\t\t\t\t\t<a href=\"https:\/\/www.mundusmaris.org\/fr\/journee-mondiale-de-locean\/wod-2023-fr\/pecheurs-artisanaux-a-hann-senegal-celebration-conjointe-de-la-journee-mondiale-de-locean\/\" aria-label=\"P\u00eacheurs artisanaux \u00e0 Hann, S\u00e9n\u00e9gal, c\u00e9l\u00e9bration conjointe de la Journ\u00e9e mondiale de l&rsquo;oc\u00e9an\">\n\t\t\t\t\t\t\t<img decoding=\"async\" width=\"800\" height=\"500\" src=\"https:\/\/www.mundusmaris.org\/wp-content\/uploads\/2024\/07\/copertina_posts-15.jpg\" class=\"attachment-full size-full wp-post-image\" alt=\"\" srcset=\"https:\/\/www.mundusmaris.org\/wp-content\/uploads\/2024\/07\/copertina_posts-15-200x125.jpg 200w, https:\/\/www.mundusmaris.org\/wp-content\/uploads\/2024\/07\/copertina_posts-15-400x250.jpg 400w, https:\/\/www.mundusmaris.org\/wp-content\/uploads\/2024\/07\/copertina_posts-15-600x375.jpg 600w, https:\/\/www.mundusmaris.org\/wp-content\/uploads\/2024\/07\/copertina_posts-15.jpg 800w\" sizes=\"(min-width: 2200px) 100vw, (min-width: 784px) 373px, (min-width: 712px) 560px, (min-width: 640px) 712px, \" \/>\t\t\t<\/a>\n\t\t\t\t\t\t\t<\/div>\n<\/div><div class=\"fusion-meta-tb fusion-meta-tb-110 floated\" style=\"--awb-border-top:0px;--awb-height:36px;--awb-alignment-medium:flex-start;--awb-alignment-small:flex-start;\"><span class=\"fusion-tb-published-date\">Published On: 5 juillet 2024<\/span><span class=\"fusion-meta-tb-sep\"><\/span><\/div><div class=\"fusion-title title fusion-title-110 fusion-sep-none fusion-title-text fusion-title-size-four\" style=\"--awb-margin-top:20px;--awb-margin-right:20px;--awb-margin-bottom:20px;--awb-margin-left:20px;--awb-margin-top-small:10px;--awb-margin-right-small:0px;--awb-margin-bottom-small:10px;--awb-margin-left-small:0px;--awb-font-size:24px;\"><h4 class=\"fusion-title-heading title-heading-left\" style=\"font-family:&quot;IBM Plex Sans Condensed&quot;;font-style:normal;font-weight:500;margin:0;font-size:1em;line-height:1.2;\"><a href=\"https:\/\/www.mundusmaris.org\/fr\/journee-mondiale-de-locean\/wod-2023-fr\/pecheurs-artisanaux-a-hann-senegal-celebration-conjointe-de-la-journee-mondiale-de-locean\/\" class=\"awb-custom-text-color awb-custom-text-hover-color\" target=\"_self\">P\u00eacheurs artisanaux \u00e0 Hann, S\u00e9n\u00e9gal, c\u00e9l\u00e9bration conjointe de la Journ\u00e9e mondiale de l&rsquo;oc\u00e9an<\/a><\/h4><\/div><\/div><\/li>\n<li class=\"fusion-layout-column fusion_builder_column fusion-builder-column-111 fusion-flex-column post-card fusion-grid-column fusion-post-cards-grid-column\" style=\"--awb-bg-color:var(--awb-color1);--awb-bg-color-hover:var(--awb-color1);--awb-bg-blend:overlay;--awb-bg-size:cover;--awb-flex-grow:0;--awb-flex-shrink:0;--awb-flex-grow-medium:;--awb-flex-shrink-medium:;--awb-flex-grow-small:;--awb-flex-shrink-small:;\" data-scroll-devices=\"small-visibility,medium-visibility,large-visibility\"><div class=\"fusion-column-wrapper fusion-column-has-shadow fusion-flex-justify-content-space-around fusion-content-layout-column\"><div class=\"fusion-classic-product-image-wrapper fusion-woo-product-image fusion-post-card-image fusion-post-card-image-1 has-aspect-ratio\" data-layout=\"static\" style=\"--awb-aspect-ratio:3 \/ 2;\"><div  class=\"fusion-image-wrapper\" aria-haspopup=\"true\">\n\t\t\t\t\t\t\t<a href=\"https:\/\/www.mundusmaris.org\/fr\/journee-mondiale-de-locean\/wod-2023-fr\/accra-ghana-celebre-egalement\/\" aria-label=\"Accra, Ghana, c\u00e9l\u00e8bre \u00e9galement\">\n\t\t\t\t\t\t\t<img decoding=\"async\" width=\"800\" height=\"500\" src=\"https:\/\/www.mundusmaris.org\/wp-content\/uploads\/2024\/07\/copertina_posts-14.jpg\" class=\"attachment-full size-full wp-post-image\" alt=\"\" srcset=\"https:\/\/www.mundusmaris.org\/wp-content\/uploads\/2024\/07\/copertina_posts-14-200x125.jpg 200w, https:\/\/www.mundusmaris.org\/wp-content\/uploads\/2024\/07\/copertina_posts-14-400x250.jpg 400w, https:\/\/www.mundusmaris.org\/wp-content\/uploads\/2024\/07\/copertina_posts-14-600x375.jpg 600w, https:\/\/www.mundusmaris.org\/wp-content\/uploads\/2024\/07\/copertina_posts-14.jpg 800w\" sizes=\"(min-width: 2200px) 100vw, (min-width: 784px) 373px, (min-width: 712px) 560px, (min-width: 640px) 712px, \" \/>\t\t\t<\/a>\n\t\t\t\t\t\t\t<\/div>\n<\/div><div class=\"fusion-meta-tb fusion-meta-tb-111 floated\" style=\"--awb-border-top:0px;--awb-height:36px;--awb-alignment-medium:flex-start;--awb-alignment-small:flex-start;\"><span class=\"fusion-tb-published-date\">Published On: 5 juillet 2024<\/span><span class=\"fusion-meta-tb-sep\"><\/span><\/div><div class=\"fusion-title title fusion-title-111 fusion-sep-none fusion-title-text fusion-title-size-four\" style=\"--awb-margin-top:20px;--awb-margin-right:20px;--awb-margin-bottom:20px;--awb-margin-left:20px;--awb-margin-top-small:10px;--awb-margin-right-small:0px;--awb-margin-bottom-small:10px;--awb-margin-left-small:0px;--awb-font-size:24px;\"><h4 class=\"fusion-title-heading title-heading-left\" style=\"font-family:&quot;IBM Plex Sans Condensed&quot;;font-style:normal;font-weight:500;margin:0;font-size:1em;line-height:1.2;\"><a href=\"https:\/\/www.mundusmaris.org\/fr\/journee-mondiale-de-locean\/wod-2023-fr\/accra-ghana-celebre-egalement\/\" class=\"awb-custom-text-color awb-custom-text-hover-color\" target=\"_self\">Accra, Ghana, c\u00e9l\u00e8bre \u00e9galement<\/a><\/h4><\/div><\/div><\/li>\n<li class=\"fusion-layout-column fusion_builder_column fusion-builder-column-112 fusion-flex-column post-card fusion-grid-column fusion-post-cards-grid-column\" style=\"--awb-bg-color:var(--awb-color1);--awb-bg-color-hover:var(--awb-color1);--awb-bg-blend:overlay;--awb-bg-size:cover;--awb-flex-grow:0;--awb-flex-shrink:0;--awb-flex-grow-medium:;--awb-flex-shrink-medium:;--awb-flex-grow-small:;--awb-flex-shrink-small:;\" data-scroll-devices=\"small-visibility,medium-visibility,large-visibility\"><div class=\"fusion-column-wrapper fusion-column-has-shadow fusion-flex-justify-content-space-around fusion-content-layout-column\"><div class=\"fusion-classic-product-image-wrapper fusion-woo-product-image fusion-post-card-image fusion-post-card-image-1 has-aspect-ratio\" data-layout=\"static\" style=\"--awb-aspect-ratio:3 \/ 2;\"><div  class=\"fusion-image-wrapper\" aria-haspopup=\"true\">\n\t\t\t\t\t\t\t<a href=\"https:\/\/www.mundusmaris.org\/fr\/journee-mondiale-de-locean\/wod-2023-fr\/les-activites-liees-a-locean-a-braga-au-portugal-ont-culmine-lors-de-la-journee-mondiale-de-locean\/\" aria-label=\"Les activit\u00e9s li\u00e9es \u00e0 l&rsquo;oc\u00e9an \u00e0 Braga, au Portugal, ont culmin\u00e9 lors de la Journ\u00e9e mondiale de l&rsquo;oc\u00e9an\">\n\t\t\t\t\t\t\t<img decoding=\"async\" width=\"800\" height=\"500\" src=\"https:\/\/www.mundusmaris.org\/wp-content\/uploads\/2024\/07\/copertina_posts-13.jpg\" class=\"attachment-full size-full wp-post-image\" alt=\"\" srcset=\"https:\/\/www.mundusmaris.org\/wp-content\/uploads\/2024\/07\/copertina_posts-13-200x125.jpg 200w, https:\/\/www.mundusmaris.org\/wp-content\/uploads\/2024\/07\/copertina_posts-13-400x250.jpg 400w, https:\/\/www.mundusmaris.org\/wp-content\/uploads\/2024\/07\/copertina_posts-13-600x375.jpg 600w, https:\/\/www.mundusmaris.org\/wp-content\/uploads\/2024\/07\/copertina_posts-13.jpg 800w\" sizes=\"(min-width: 2200px) 100vw, (min-width: 784px) 373px, (min-width: 712px) 560px, (min-width: 640px) 712px, \" \/>\t\t\t<\/a>\n\t\t\t\t\t\t\t<\/div>\n<\/div><div class=\"fusion-meta-tb fusion-meta-tb-112 floated\" style=\"--awb-border-top:0px;--awb-height:36px;--awb-alignment-medium:flex-start;--awb-alignment-small:flex-start;\"><span class=\"fusion-tb-published-date\">Published On: 5 juillet 2024<\/span><span class=\"fusion-meta-tb-sep\"><\/span><\/div><div class=\"fusion-title title fusion-title-112 fusion-sep-none fusion-title-text fusion-title-size-four\" style=\"--awb-margin-top:20px;--awb-margin-right:20px;--awb-margin-bottom:20px;--awb-margin-left:20px;--awb-margin-top-small:10px;--awb-margin-right-small:0px;--awb-margin-bottom-small:10px;--awb-margin-left-small:0px;--awb-font-size:24px;\"><h4 class=\"fusion-title-heading title-heading-left\" style=\"font-family:&quot;IBM Plex Sans Condensed&quot;;font-style:normal;font-weight:500;margin:0;font-size:1em;line-height:1.2;\"><a href=\"https:\/\/www.mundusmaris.org\/fr\/journee-mondiale-de-locean\/wod-2023-fr\/les-activites-liees-a-locean-a-braga-au-portugal-ont-culmine-lors-de-la-journee-mondiale-de-locean\/\" class=\"awb-custom-text-color awb-custom-text-hover-color\" target=\"_self\">Les activit\u00e9s li\u00e9es \u00e0 l&rsquo;oc\u00e9an \u00e0 Braga, au Portugal, ont culmin\u00e9 lors de la Journ\u00e9e mondiale de l&rsquo;oc\u00e9an<\/a><\/h4><\/div><\/div><\/li>\n<li class=\"fusion-layout-column fusion_builder_column fusion-builder-column-113 fusion-flex-column post-card fusion-grid-column fusion-post-cards-grid-column\" style=\"--awb-bg-color:var(--awb-color1);--awb-bg-color-hover:var(--awb-color1);--awb-bg-blend:overlay;--awb-bg-size:cover;--awb-flex-grow:0;--awb-flex-shrink:0;--awb-flex-grow-medium:;--awb-flex-shrink-medium:;--awb-flex-grow-small:;--awb-flex-shrink-small:;\" data-scroll-devices=\"small-visibility,medium-visibility,large-visibility\"><div class=\"fusion-column-wrapper fusion-column-has-shadow fusion-flex-justify-content-space-around fusion-content-layout-column\"><div class=\"fusion-classic-product-image-wrapper fusion-woo-product-image fusion-post-card-image fusion-post-card-image-1 has-aspect-ratio\" data-layout=\"static\" style=\"--awb-aspect-ratio:3 \/ 2;\"><div  class=\"fusion-image-wrapper\" aria-haspopup=\"true\">\n\t\t\t\t\t\t\t<a href=\"https:\/\/www.mundusmaris.org\/fr\/journee-mondiale-de-locean\/wod-2023-fr\/lecole-grand-batanga-au-cameroun-fait-la-fete-a-kribi\/\" aria-label=\"L&rsquo;\u00e9cole Grand Batanga, au Cameroun, fait la f\u00eate \u00e0 Kribi\">\n\t\t\t\t\t\t\t<img decoding=\"async\" width=\"800\" height=\"500\" src=\"https:\/\/www.mundusmaris.org\/wp-content\/uploads\/2024\/07\/copertina_posts-12.jpg\" class=\"attachment-full size-full wp-post-image\" alt=\"\" srcset=\"https:\/\/www.mundusmaris.org\/wp-content\/uploads\/2024\/07\/copertina_posts-12-200x125.jpg 200w, https:\/\/www.mundusmaris.org\/wp-content\/uploads\/2024\/07\/copertina_posts-12-400x250.jpg 400w, https:\/\/www.mundusmaris.org\/wp-content\/uploads\/2024\/07\/copertina_posts-12-600x375.jpg 600w, https:\/\/www.mundusmaris.org\/wp-content\/uploads\/2024\/07\/copertina_posts-12.jpg 800w\" sizes=\"(min-width: 2200px) 100vw, (min-width: 784px) 373px, (min-width: 712px) 560px, (min-width: 640px) 712px, \" \/>\t\t\t<\/a>\n\t\t\t\t\t\t\t<\/div>\n<\/div><div class=\"fusion-meta-tb fusion-meta-tb-113 floated\" style=\"--awb-border-top:0px;--awb-height:36px;--awb-alignment-medium:flex-start;--awb-alignment-small:flex-start;\"><span class=\"fusion-tb-published-date\">Published On: 5 juillet 2024<\/span><span class=\"fusion-meta-tb-sep\"><\/span><\/div><div class=\"fusion-title title fusion-title-113 fusion-sep-none fusion-title-text fusion-title-size-four\" style=\"--awb-margin-top:20px;--awb-margin-right:20px;--awb-margin-bottom:20px;--awb-margin-left:20px;--awb-margin-top-small:10px;--awb-margin-right-small:0px;--awb-margin-bottom-small:10px;--awb-margin-left-small:0px;--awb-font-size:24px;\"><h4 class=\"fusion-title-heading title-heading-left\" style=\"font-family:&quot;IBM Plex Sans Condensed&quot;;font-style:normal;font-weight:500;margin:0;font-size:1em;line-height:1.2;\"><a href=\"https:\/\/www.mundusmaris.org\/fr\/journee-mondiale-de-locean\/wod-2023-fr\/lecole-grand-batanga-au-cameroun-fait-la-fete-a-kribi\/\" class=\"awb-custom-text-color awb-custom-text-hover-color\" target=\"_self\">L&rsquo;\u00e9cole Grand Batanga, au Cameroun, fait la f\u00eate \u00e0 Kribi<\/a><\/h4><\/div><\/div><\/li>\n<li class=\"fusion-layout-column fusion_builder_column fusion-builder-column-114 fusion-flex-column post-card fusion-grid-column fusion-post-cards-grid-column\" style=\"--awb-bg-color:var(--awb-color1);--awb-bg-color-hover:var(--awb-color1);--awb-bg-blend:overlay;--awb-bg-size:cover;--awb-flex-grow:0;--awb-flex-shrink:0;--awb-flex-grow-medium:;--awb-flex-shrink-medium:;--awb-flex-grow-small:;--awb-flex-shrink-small:;\" data-scroll-devices=\"small-visibility,medium-visibility,large-visibility\"><div class=\"fusion-column-wrapper fusion-column-has-shadow fusion-flex-justify-content-space-around fusion-content-layout-column\"><div class=\"fusion-classic-product-image-wrapper fusion-woo-product-image fusion-post-card-image fusion-post-card-image-1 has-aspect-ratio\" data-layout=\"static\" style=\"--awb-aspect-ratio:3 \/ 2;\"><div  class=\"fusion-image-wrapper\" aria-haspopup=\"true\">\n\t\t\t\t\t\t\t<a href=\"https:\/\/www.mundusmaris.org\/fr\/journee-mondiale-de-locean\/wod-2023-fr\/la-jeunesse-dakure-au-nigeria-fait-a-nouveau-la-fete-avec-mundus-maris\/\" aria-label=\"La jeunesse d&rsquo;Akure au Nigeria fait \u00e0 nouveau la f\u00eate avec Mundus maris\">\n\t\t\t\t\t\t\t<img decoding=\"async\" width=\"800\" height=\"500\" src=\"https:\/\/www.mundusmaris.org\/wp-content\/uploads\/2024\/07\/copertina_posts-11.jpg\" class=\"attachment-full size-full wp-post-image\" alt=\"\" srcset=\"https:\/\/www.mundusmaris.org\/wp-content\/uploads\/2024\/07\/copertina_posts-11-200x125.jpg 200w, https:\/\/www.mundusmaris.org\/wp-content\/uploads\/2024\/07\/copertina_posts-11-400x250.jpg 400w, https:\/\/www.mundusmaris.org\/wp-content\/uploads\/2024\/07\/copertina_posts-11-600x375.jpg 600w, https:\/\/www.mundusmaris.org\/wp-content\/uploads\/2024\/07\/copertina_posts-11.jpg 800w\" sizes=\"(min-width: 2200px) 100vw, (min-width: 784px) 373px, (min-width: 712px) 560px, (min-width: 640px) 712px, \" \/>\t\t\t<\/a>\n\t\t\t\t\t\t\t<\/div>\n<\/div><div class=\"fusion-meta-tb fusion-meta-tb-114 floated\" style=\"--awb-border-top:0px;--awb-height:36px;--awb-alignment-medium:flex-start;--awb-alignment-small:flex-start;\"><span class=\"fusion-tb-published-date\">Published On: 5 juillet 2024<\/span><span class=\"fusion-meta-tb-sep\"><\/span><\/div><div class=\"fusion-title title fusion-title-114 fusion-sep-none fusion-title-text fusion-title-size-four\" style=\"--awb-margin-top:20px;--awb-margin-right:20px;--awb-margin-bottom:20px;--awb-margin-left:20px;--awb-margin-top-small:10px;--awb-margin-right-small:0px;--awb-margin-bottom-small:10px;--awb-margin-left-small:0px;--awb-font-size:24px;\"><h4 class=\"fusion-title-heading title-heading-left\" style=\"font-family:&quot;IBM Plex Sans Condensed&quot;;font-style:normal;font-weight:500;margin:0;font-size:1em;line-height:1.2;\"><a href=\"https:\/\/www.mundusmaris.org\/fr\/journee-mondiale-de-locean\/wod-2023-fr\/la-jeunesse-dakure-au-nigeria-fait-a-nouveau-la-fete-avec-mundus-maris\/\" class=\"awb-custom-text-color awb-custom-text-hover-color\" target=\"_self\">La jeunesse d&rsquo;Akure au Nigeria fait \u00e0 nouveau la f\u00eate avec Mundus maris<\/a><\/h4><\/div><\/div><\/li>\n<li class=\"fusion-layout-column fusion_builder_column fusion-builder-column-115 fusion-flex-column post-card fusion-grid-column fusion-post-cards-grid-column\" style=\"--awb-bg-color:var(--awb-color1);--awb-bg-color-hover:var(--awb-color1);--awb-bg-blend:overlay;--awb-bg-size:cover;--awb-flex-grow:0;--awb-flex-shrink:0;--awb-flex-grow-medium:;--awb-flex-shrink-medium:;--awb-flex-grow-small:;--awb-flex-shrink-small:;\" data-scroll-devices=\"small-visibility,medium-visibility,large-visibility\"><div class=\"fusion-column-wrapper fusion-column-has-shadow fusion-flex-justify-content-space-around fusion-content-layout-column\"><div class=\"fusion-classic-product-image-wrapper fusion-woo-product-image fusion-post-card-image fusion-post-card-image-1 has-aspect-ratio\" data-layout=\"static\" style=\"--awb-aspect-ratio:3 \/ 2;\"><div  class=\"fusion-image-wrapper\" aria-haspopup=\"true\">\n\t\t\t\t\t\t\t<a href=\"https:\/\/www.mundusmaris.org\/fr\/journee-mondiale-de-locean\/wod-2023-fr\/football-pour-la-journee-mondiale-de-locean-au-senegal\/\" aria-label=\"Football pour la Journ\u00e9e mondiale de l&rsquo;oc\u00e9an au S\u00e9n\u00e9gal\">\n\t\t\t\t\t\t\t<img decoding=\"async\" width=\"800\" height=\"500\" src=\"https:\/\/www.mundusmaris.org\/wp-content\/uploads\/2024\/07\/copertina_posts-10.jpg\" class=\"attachment-full size-full wp-post-image\" alt=\"\" srcset=\"https:\/\/www.mundusmaris.org\/wp-content\/uploads\/2024\/07\/copertina_posts-10-200x125.jpg 200w, https:\/\/www.mundusmaris.org\/wp-content\/uploads\/2024\/07\/copertina_posts-10-400x250.jpg 400w, https:\/\/www.mundusmaris.org\/wp-content\/uploads\/2024\/07\/copertina_posts-10-600x375.jpg 600w, https:\/\/www.mundusmaris.org\/wp-content\/uploads\/2024\/07\/copertina_posts-10.jpg 800w\" sizes=\"(min-width: 2200px) 100vw, (min-width: 784px) 373px, (min-width: 712px) 560px, (min-width: 640px) 712px, \" \/>\t\t\t<\/a>\n\t\t\t\t\t\t\t<\/div>\n<\/div><div class=\"fusion-meta-tb fusion-meta-tb-115 floated\" style=\"--awb-border-top:0px;--awb-height:36px;--awb-alignment-medium:flex-start;--awb-alignment-small:flex-start;\"><span class=\"fusion-tb-published-date\">Published On: 5 juillet 2024<\/span><span class=\"fusion-meta-tb-sep\"><\/span><\/div><div class=\"fusion-title title fusion-title-115 fusion-sep-none fusion-title-text fusion-title-size-four\" style=\"--awb-margin-top:20px;--awb-margin-right:20px;--awb-margin-bottom:20px;--awb-margin-left:20px;--awb-margin-top-small:10px;--awb-margin-right-small:0px;--awb-margin-bottom-small:10px;--awb-margin-left-small:0px;--awb-font-size:24px;\"><h4 class=\"fusion-title-heading title-heading-left\" style=\"font-family:&quot;IBM Plex Sans Condensed&quot;;font-style:normal;font-weight:500;margin:0;font-size:1em;line-height:1.2;\"><a href=\"https:\/\/www.mundusmaris.org\/fr\/journee-mondiale-de-locean\/wod-2023-fr\/football-pour-la-journee-mondiale-de-locean-au-senegal\/\" class=\"awb-custom-text-color awb-custom-text-hover-color\" target=\"_self\">Football pour la Journ\u00e9e mondiale de l&rsquo;oc\u00e9an au S\u00e9n\u00e9gal<\/a><\/h4><\/div><\/div><\/li>\n<li class=\"fusion-layout-column fusion_builder_column fusion-builder-column-116 fusion-flex-column post-card fusion-grid-column fusion-post-cards-grid-column\" style=\"--awb-bg-color:var(--awb-color1);--awb-bg-color-hover:var(--awb-color1);--awb-bg-blend:overlay;--awb-bg-size:cover;--awb-flex-grow:0;--awb-flex-shrink:0;--awb-flex-grow-medium:;--awb-flex-shrink-medium:;--awb-flex-grow-small:;--awb-flex-shrink-small:;\" data-scroll-devices=\"small-visibility,medium-visibility,large-visibility\"><div class=\"fusion-column-wrapper fusion-column-has-shadow fusion-flex-justify-content-space-around fusion-content-layout-column\"><div class=\"fusion-classic-product-image-wrapper fusion-woo-product-image fusion-post-card-image fusion-post-card-image-1 has-aspect-ratio\" data-layout=\"static\" style=\"--awb-aspect-ratio:3 \/ 2;\"><div  class=\"fusion-image-wrapper\" aria-haspopup=\"true\">\n\t\t\t\t\t\t\t<a href=\"https:\/\/www.mundusmaris.org\/fr\/journee-mondiale-de-locean\/wod-2023-fr\/concert-pour-locean-a-ostende-belgique-11-juin\/\" aria-label=\"Concert pour l&rsquo;oc\u00e9an \u00e0 Ostende, Belgique, 11 juin\">\n\t\t\t\t\t\t\t<img decoding=\"async\" width=\"800\" height=\"500\" src=\"https:\/\/www.mundusmaris.org\/wp-content\/uploads\/2024\/07\/copertina_posts-9.jpg\" class=\"attachment-full size-full wp-post-image\" alt=\"\" srcset=\"https:\/\/www.mundusmaris.org\/wp-content\/uploads\/2024\/07\/copertina_posts-9-200x125.jpg 200w, https:\/\/www.mundusmaris.org\/wp-content\/uploads\/2024\/07\/copertina_posts-9-400x250.jpg 400w, https:\/\/www.mundusmaris.org\/wp-content\/uploads\/2024\/07\/copertina_posts-9-600x375.jpg 600w, https:\/\/www.mundusmaris.org\/wp-content\/uploads\/2024\/07\/copertina_posts-9.jpg 800w\" sizes=\"(min-width: 2200px) 100vw, (min-width: 784px) 373px, (min-width: 712px) 560px, (min-width: 640px) 712px, \" \/>\t\t\t<\/a>\n\t\t\t\t\t\t\t<\/div>\n<\/div><div class=\"fusion-meta-tb fusion-meta-tb-116 floated\" style=\"--awb-border-top:0px;--awb-height:36px;--awb-alignment-medium:flex-start;--awb-alignment-small:flex-start;\"><span class=\"fusion-tb-published-date\">Published On: 4 juillet 2024<\/span><span class=\"fusion-meta-tb-sep\"><\/span><\/div><div class=\"fusion-title title fusion-title-116 fusion-sep-none fusion-title-text fusion-title-size-four\" style=\"--awb-margin-top:20px;--awb-margin-right:20px;--awb-margin-bottom:20px;--awb-margin-left:20px;--awb-margin-top-small:10px;--awb-margin-right-small:0px;--awb-margin-bottom-small:10px;--awb-margin-left-small:0px;--awb-font-size:24px;\"><h4 class=\"fusion-title-heading title-heading-left\" style=\"font-family:&quot;IBM Plex Sans Condensed&quot;;font-style:normal;font-weight:500;margin:0;font-size:1em;line-height:1.2;\"><a href=\"https:\/\/www.mundusmaris.org\/fr\/journee-mondiale-de-locean\/wod-2023-fr\/concert-pour-locean-a-ostende-belgique-11-juin\/\" class=\"awb-custom-text-color awb-custom-text-hover-color\" target=\"_self\">Concert pour l&rsquo;oc\u00e9an \u00e0 Ostende, Belgique, 11 juin<\/a><\/h4><\/div><\/div><\/li>\n<li class=\"fusion-layout-column fusion_builder_column fusion-builder-column-117 fusion-flex-column post-card fusion-grid-column fusion-post-cards-grid-column\" style=\"--awb-bg-color:var(--awb-color1);--awb-bg-color-hover:var(--awb-color1);--awb-bg-blend:overlay;--awb-bg-size:cover;--awb-flex-grow:0;--awb-flex-shrink:0;--awb-flex-grow-medium:;--awb-flex-shrink-medium:;--awb-flex-grow-small:;--awb-flex-shrink-small:;\" data-scroll-devices=\"small-visibility,medium-visibility,large-visibility\"><div class=\"fusion-column-wrapper fusion-column-has-shadow fusion-flex-justify-content-space-around fusion-content-layout-column\"><div class=\"fusion-classic-product-image-wrapper fusion-woo-product-image fusion-post-card-image fusion-post-card-image-1 has-aspect-ratio\" data-layout=\"static\" style=\"--awb-aspect-ratio:3 \/ 2;\"><div  class=\"fusion-image-wrapper\" aria-haspopup=\"true\">\n\t\t\t\t\t\t\t<a href=\"https:\/\/www.mundusmaris.org\/fr\/journee-mondiale-de-locean\/wod-2023-fr\/lasbl-mundus-maris-soutient-la-journee-mondiale-de-locean-2023-aux-iles-canaries-en-espagne\/\" aria-label=\"L&rsquo;asbl Mundus maris soutient la Journ\u00e9e mondiale de l&rsquo;oc\u00e9an 2023 aux \u00eeles Canaries, en Espagne\">\n\t\t\t\t\t\t\t<img decoding=\"async\" width=\"800\" height=\"500\" src=\"https:\/\/www.mundusmaris.org\/wp-content\/uploads\/2024\/07\/copertina_posts-8.jpg\" class=\"attachment-full size-full wp-post-image\" alt=\"\" srcset=\"https:\/\/www.mundusmaris.org\/wp-content\/uploads\/2024\/07\/copertina_posts-8-200x125.jpg 200w, https:\/\/www.mundusmaris.org\/wp-content\/uploads\/2024\/07\/copertina_posts-8-400x250.jpg 400w, https:\/\/www.mundusmaris.org\/wp-content\/uploads\/2024\/07\/copertina_posts-8-600x375.jpg 600w, https:\/\/www.mundusmaris.org\/wp-content\/uploads\/2024\/07\/copertina_posts-8.jpg 800w\" sizes=\"(min-width: 2200px) 100vw, (min-width: 784px) 373px, (min-width: 712px) 560px, (min-width: 640px) 712px, \" \/>\t\t\t<\/a>\n\t\t\t\t\t\t\t<\/div>\n<\/div><div class=\"fusion-meta-tb fusion-meta-tb-117 floated\" style=\"--awb-border-top:0px;--awb-height:36px;--awb-alignment-medium:flex-start;--awb-alignment-small:flex-start;\"><span class=\"fusion-tb-published-date\">Published On: 4 juillet 2024<\/span><span class=\"fusion-meta-tb-sep\"><\/span><\/div><div class=\"fusion-title title fusion-title-117 fusion-sep-none fusion-title-text fusion-title-size-four\" style=\"--awb-margin-top:20px;--awb-margin-right:20px;--awb-margin-bottom:20px;--awb-margin-left:20px;--awb-margin-top-small:10px;--awb-margin-right-small:0px;--awb-margin-bottom-small:10px;--awb-margin-left-small:0px;--awb-font-size:24px;\"><h4 class=\"fusion-title-heading title-heading-left\" style=\"font-family:&quot;IBM Plex Sans Condensed&quot;;font-style:normal;font-weight:500;margin:0;font-size:1em;line-height:1.2;\"><a href=\"https:\/\/www.mundusmaris.org\/fr\/journee-mondiale-de-locean\/wod-2023-fr\/lasbl-mundus-maris-soutient-la-journee-mondiale-de-locean-2023-aux-iles-canaries-en-espagne\/\" class=\"awb-custom-text-color awb-custom-text-hover-color\" target=\"_self\">L&rsquo;asbl Mundus maris soutient la Journ\u00e9e mondiale de l&rsquo;oc\u00e9an 2023 aux \u00eeles Canaries, en Espagne<\/a><\/h4><\/div><\/div><\/li>\n<li class=\"fusion-layout-column fusion_builder_column fusion-builder-column-118 fusion-flex-column post-card fusion-grid-column fusion-post-cards-grid-column\" style=\"--awb-bg-color:var(--awb-color1);--awb-bg-color-hover:var(--awb-color1);--awb-bg-blend:overlay;--awb-bg-size:cover;--awb-flex-grow:0;--awb-flex-shrink:0;--awb-flex-grow-medium:;--awb-flex-shrink-medium:;--awb-flex-grow-small:;--awb-flex-shrink-small:;\" data-scroll-devices=\"small-visibility,medium-visibility,large-visibility\"><div class=\"fusion-column-wrapper fusion-column-has-shadow fusion-flex-justify-content-space-around fusion-content-layout-column\"><div class=\"fusion-classic-product-image-wrapper fusion-woo-product-image fusion-post-card-image fusion-post-card-image-1 has-aspect-ratio\" data-layout=\"static\" style=\"--awb-aspect-ratio:3 \/ 2;\"><div  class=\"fusion-image-wrapper\" aria-haspopup=\"true\">\n\t\t\t\t\t\t\t<a href=\"https:\/\/www.mundusmaris.org\/fr\/journee-mondiale-de-locean\/wod-2024-fr\/la-journee-mondiale-de-locean-demarre-au-brussels-environment-festival-2-juin-2024\/\" aria-label=\"La Journ\u00e9e mondiale de l&rsquo;oc\u00e9an demarre au Brussels Environment Festival, 2 Juin 2024\">\n\t\t\t\t\t\t\t<img decoding=\"async\" width=\"800\" height=\"500\" src=\"https:\/\/www.mundusmaris.org\/wp-content\/uploads\/2024\/07\/copertina_posts.jpg\" class=\"attachment-full size-full wp-post-image\" alt=\"\" srcset=\"https:\/\/www.mundusmaris.org\/wp-content\/uploads\/2024\/07\/copertina_posts-200x125.jpg 200w, https:\/\/www.mundusmaris.org\/wp-content\/uploads\/2024\/07\/copertina_posts-400x250.jpg 400w, https:\/\/www.mundusmaris.org\/wp-content\/uploads\/2024\/07\/copertina_posts-600x375.jpg 600w, https:\/\/www.mundusmaris.org\/wp-content\/uploads\/2024\/07\/copertina_posts.jpg 800w\" sizes=\"(min-width: 2200px) 100vw, (min-width: 784px) 373px, (min-width: 712px) 560px, (min-width: 640px) 712px, \" \/>\t\t\t<\/a>\n\t\t\t\t\t\t\t<\/div>\n<\/div><div class=\"fusion-meta-tb fusion-meta-tb-118 floated\" style=\"--awb-border-top:0px;--awb-height:36px;--awb-alignment-medium:flex-start;--awb-alignment-small:flex-start;\"><span class=\"fusion-tb-published-date\">Published On: 4 juillet 2024<\/span><span class=\"fusion-meta-tb-sep\"><\/span><\/div><div class=\"fusion-title title fusion-title-118 fusion-sep-none fusion-title-text fusion-title-size-four\" style=\"--awb-margin-top:20px;--awb-margin-right:20px;--awb-margin-bottom:20px;--awb-margin-left:20px;--awb-margin-top-small:10px;--awb-margin-right-small:0px;--awb-margin-bottom-small:10px;--awb-margin-left-small:0px;--awb-font-size:24px;\"><h4 class=\"fusion-title-heading title-heading-left\" style=\"font-family:&quot;IBM Plex Sans Condensed&quot;;font-style:normal;font-weight:500;margin:0;font-size:1em;line-height:1.2;\"><a href=\"https:\/\/www.mundusmaris.org\/fr\/journee-mondiale-de-locean\/wod-2024-fr\/la-journee-mondiale-de-locean-demarre-au-brussels-environment-festival-2-juin-2024\/\" class=\"awb-custom-text-color awb-custom-text-hover-color\" target=\"_self\">La Journ\u00e9e mondiale de l&rsquo;oc\u00e9an demarre au Brussels Environment Festival, 2 Juin 2024<\/a><\/h4><\/div><\/div><\/li>\n<li class=\"fusion-layout-column fusion_builder_column fusion-builder-column-119 fusion-flex-column post-card fusion-grid-column fusion-post-cards-grid-column\" style=\"--awb-bg-color:var(--awb-color1);--awb-bg-color-hover:var(--awb-color1);--awb-bg-blend:overlay;--awb-bg-size:cover;--awb-flex-grow:0;--awb-flex-shrink:0;--awb-flex-grow-medium:;--awb-flex-shrink-medium:;--awb-flex-grow-small:;--awb-flex-shrink-small:;\" data-scroll-devices=\"small-visibility,medium-visibility,large-visibility\"><div class=\"fusion-column-wrapper fusion-column-has-shadow fusion-flex-justify-content-space-around fusion-content-layout-column\"><div class=\"fusion-classic-product-image-wrapper fusion-woo-product-image fusion-post-card-image fusion-post-card-image-1 has-aspect-ratio\" data-layout=\"static\" style=\"--awb-aspect-ratio:3 \/ 2;\"><div  class=\"fusion-image-wrapper\" aria-haspopup=\"true\">\n\t\t\t\t\t\t\t<a href=\"https:\/\/www.mundusmaris.org\/fr\/journee-mondiale-de-locean\/wod-2024-fr\/awaken-new-depths-celebre-a-akure-ondo-state-nigeria\/\" aria-label=\"Awaken New Depths, c\u00e9l\u00e9br\u00e9 \u00e0 Akure, Ondo State, Nigeria\">\n\t\t\t\t\t\t\t<img decoding=\"async\" width=\"800\" height=\"500\" src=\"https:\/\/www.mundusmaris.org\/wp-content\/uploads\/2024\/07\/copertina_posts-1.jpg\" class=\"attachment-full size-full wp-post-image\" alt=\"\" srcset=\"https:\/\/www.mundusmaris.org\/wp-content\/uploads\/2024\/07\/copertina_posts-1-200x125.jpg 200w, https:\/\/www.mundusmaris.org\/wp-content\/uploads\/2024\/07\/copertina_posts-1-400x250.jpg 400w, https:\/\/www.mundusmaris.org\/wp-content\/uploads\/2024\/07\/copertina_posts-1-600x375.jpg 600w, https:\/\/www.mundusmaris.org\/wp-content\/uploads\/2024\/07\/copertina_posts-1.jpg 800w\" sizes=\"(min-width: 2200px) 100vw, (min-width: 784px) 373px, (min-width: 712px) 560px, (min-width: 640px) 712px, \" \/>\t\t\t<\/a>\n\t\t\t\t\t\t\t<\/div>\n<\/div><div class=\"fusion-meta-tb fusion-meta-tb-119 floated\" style=\"--awb-border-top:0px;--awb-height:36px;--awb-alignment-medium:flex-start;--awb-alignment-small:flex-start;\"><span class=\"fusion-tb-published-date\">Published On: 4 juillet 2024<\/span><span class=\"fusion-meta-tb-sep\"><\/span><\/div><div class=\"fusion-title title fusion-title-119 fusion-sep-none fusion-title-text fusion-title-size-four\" style=\"--awb-margin-top:20px;--awb-margin-right:20px;--awb-margin-bottom:20px;--awb-margin-left:20px;--awb-margin-top-small:10px;--awb-margin-right-small:0px;--awb-margin-bottom-small:10px;--awb-margin-left-small:0px;--awb-font-size:24px;\"><h4 class=\"fusion-title-heading title-heading-left\" style=\"font-family:&quot;IBM Plex Sans Condensed&quot;;font-style:normal;font-weight:500;margin:0;font-size:1em;line-height:1.2;\"><a href=\"https:\/\/www.mundusmaris.org\/fr\/journee-mondiale-de-locean\/wod-2024-fr\/awaken-new-depths-celebre-a-akure-ondo-state-nigeria\/\" class=\"awb-custom-text-color awb-custom-text-hover-color\" target=\"_self\">Awaken New Depths, c\u00e9l\u00e9br\u00e9 \u00e0 Akure, Ondo State, Nigeria<\/a><\/h4><\/div><\/div><\/li>\n<li class=\"fusion-layout-column fusion_builder_column fusion-builder-column-120 fusion-flex-column post-card fusion-grid-column fusion-post-cards-grid-column\" style=\"--awb-bg-color:var(--awb-color1);--awb-bg-color-hover:var(--awb-color1);--awb-bg-blend:overlay;--awb-bg-size:cover;--awb-flex-grow:0;--awb-flex-shrink:0;--awb-flex-grow-medium:;--awb-flex-shrink-medium:;--awb-flex-grow-small:;--awb-flex-shrink-small:;\" data-scroll-devices=\"small-visibility,medium-visibility,large-visibility\"><div class=\"fusion-column-wrapper fusion-column-has-shadow fusion-flex-justify-content-space-around fusion-content-layout-column\"><div class=\"fusion-classic-product-image-wrapper fusion-woo-product-image fusion-post-card-image fusion-post-card-image-1 has-aspect-ratio\" data-layout=\"static\" style=\"--awb-aspect-ratio:3 \/ 2;\"><div  class=\"fusion-image-wrapper\" aria-haspopup=\"true\">\n\t\t\t\t\t\t\t<a href=\"https:\/\/www.mundusmaris.org\/fr\/journee-mondiale-de-locean\/wod-2024-fr\/celebration-de-la-journee-mondiale-de-locean-a-buenos-aires-argentine\/\" aria-label=\"C\u00e9l\u00e9bration de la Journ\u00e9e mondiale de l&rsquo;oc\u00e9an \u00e0 Buenos Aires, Argentine\">\n\t\t\t\t\t\t\t<img decoding=\"async\" width=\"800\" height=\"500\" src=\"https:\/\/www.mundusmaris.org\/wp-content\/uploads\/2024\/07\/copertina_posts-7.jpg\" class=\"attachment-full size-full wp-post-image\" alt=\"\" srcset=\"https:\/\/www.mundusmaris.org\/wp-content\/uploads\/2024\/07\/copertina_posts-7-200x125.jpg 200w, https:\/\/www.mundusmaris.org\/wp-content\/uploads\/2024\/07\/copertina_posts-7-400x250.jpg 400w, https:\/\/www.mundusmaris.org\/wp-content\/uploads\/2024\/07\/copertina_posts-7-600x375.jpg 600w, https:\/\/www.mundusmaris.org\/wp-content\/uploads\/2024\/07\/copertina_posts-7.jpg 800w\" sizes=\"(min-width: 2200px) 100vw, (min-width: 784px) 373px, (min-width: 712px) 560px, (min-width: 640px) 712px, \" \/>\t\t\t<\/a>\n\t\t\t\t\t\t\t<\/div>\n<\/div><div class=\"fusion-meta-tb fusion-meta-tb-120 floated\" style=\"--awb-border-top:0px;--awb-height:36px;--awb-alignment-medium:flex-start;--awb-alignment-small:flex-start;\"><span class=\"fusion-tb-published-date\">Published On: 4 juillet 2024<\/span><span class=\"fusion-meta-tb-sep\"><\/span><\/div><div class=\"fusion-title title fusion-title-120 fusion-sep-none fusion-title-text fusion-title-size-four\" style=\"--awb-margin-top:20px;--awb-margin-right:20px;--awb-margin-bottom:20px;--awb-margin-left:20px;--awb-margin-top-small:10px;--awb-margin-right-small:0px;--awb-margin-bottom-small:10px;--awb-margin-left-small:0px;--awb-font-size:24px;\"><h4 class=\"fusion-title-heading title-heading-left\" style=\"font-family:&quot;IBM Plex Sans Condensed&quot;;font-style:normal;font-weight:500;margin:0;font-size:1em;line-height:1.2;\"><a href=\"https:\/\/www.mundusmaris.org\/fr\/journee-mondiale-de-locean\/wod-2024-fr\/celebration-de-la-journee-mondiale-de-locean-a-buenos-aires-argentine\/\" class=\"awb-custom-text-color awb-custom-text-hover-color\" target=\"_self\">C\u00e9l\u00e9bration de la Journ\u00e9e mondiale de l&rsquo;oc\u00e9an \u00e0 Buenos Aires, Argentine<\/a><\/h4><\/div><\/div><\/li>\n<li class=\"fusion-layout-column fusion_builder_column fusion-builder-column-121 fusion-flex-column post-card fusion-grid-column fusion-post-cards-grid-column\" style=\"--awb-bg-color:var(--awb-color1);--awb-bg-color-hover:var(--awb-color1);--awb-bg-blend:overlay;--awb-bg-size:cover;--awb-flex-grow:0;--awb-flex-shrink:0;--awb-flex-grow-medium:;--awb-flex-shrink-medium:;--awb-flex-grow-small:;--awb-flex-shrink-small:;\" data-scroll-devices=\"small-visibility,medium-visibility,large-visibility\"><div class=\"fusion-column-wrapper fusion-column-has-shadow fusion-flex-justify-content-space-around fusion-content-layout-column\"><div class=\"fusion-classic-product-image-wrapper fusion-woo-product-image fusion-post-card-image fusion-post-card-image-1 has-aspect-ratio\" data-layout=\"static\" style=\"--awb-aspect-ratio:3 \/ 2;\"><div  class=\"fusion-image-wrapper\" aria-haspopup=\"true\">\n\t\t\t\t\t\t\t<a href=\"https:\/\/www.mundusmaris.org\/fr\/journee-mondiale-de-locean\/wod-2024-fr\/world-ocean-day-concert-in-alcala-de-henares-spain\/\" aria-label=\"World Ocean Day concert in Alcal\u00e1 de Henares, Spain\">\n\t\t\t\t\t\t\t<img decoding=\"async\" width=\"800\" height=\"500\" src=\"https:\/\/www.mundusmaris.org\/wp-content\/uploads\/2024\/07\/copertina_posts-6.jpg\" class=\"attachment-full size-full wp-post-image\" alt=\"\" srcset=\"https:\/\/www.mundusmaris.org\/wp-content\/uploads\/2024\/07\/copertina_posts-6-200x125.jpg 200w, https:\/\/www.mundusmaris.org\/wp-content\/uploads\/2024\/07\/copertina_posts-6-400x250.jpg 400w, https:\/\/www.mundusmaris.org\/wp-content\/uploads\/2024\/07\/copertina_posts-6-600x375.jpg 600w, https:\/\/www.mundusmaris.org\/wp-content\/uploads\/2024\/07\/copertina_posts-6.jpg 800w\" sizes=\"(min-width: 2200px) 100vw, (min-width: 784px) 373px, (min-width: 712px) 560px, (min-width: 640px) 712px, \" \/>\t\t\t<\/a>\n\t\t\t\t\t\t\t<\/div>\n<\/div><div class=\"fusion-meta-tb fusion-meta-tb-121 floated\" style=\"--awb-border-top:0px;--awb-height:36px;--awb-alignment-medium:flex-start;--awb-alignment-small:flex-start;\"><span class=\"fusion-tb-published-date\">Published On: 4 juillet 2024<\/span><span class=\"fusion-meta-tb-sep\"><\/span><\/div><div class=\"fusion-title title fusion-title-121 fusion-sep-none fusion-title-text fusion-title-size-four\" style=\"--awb-margin-top:20px;--awb-margin-right:20px;--awb-margin-bottom:20px;--awb-margin-left:20px;--awb-margin-top-small:10px;--awb-margin-right-small:0px;--awb-margin-bottom-small:10px;--awb-margin-left-small:0px;--awb-font-size:24px;\"><h4 class=\"fusion-title-heading title-heading-left\" style=\"font-family:&quot;IBM Plex Sans Condensed&quot;;font-style:normal;font-weight:500;margin:0;font-size:1em;line-height:1.2;\"><a href=\"https:\/\/www.mundusmaris.org\/fr\/journee-mondiale-de-locean\/wod-2024-fr\/world-ocean-day-concert-in-alcala-de-henares-spain\/\" class=\"awb-custom-text-color awb-custom-text-hover-color\" target=\"_self\">World Ocean Day concert in Alcal\u00e1 de Henares, Spain<\/a><\/h4><\/div><\/div><\/li>\n<li class=\"fusion-layout-column fusion_builder_column fusion-builder-column-122 fusion-flex-column post-card fusion-grid-column fusion-post-cards-grid-column\" style=\"--awb-bg-color:var(--awb-color1);--awb-bg-color-hover:var(--awb-color1);--awb-bg-blend:overlay;--awb-bg-size:cover;--awb-flex-grow:0;--awb-flex-shrink:0;--awb-flex-grow-medium:;--awb-flex-shrink-medium:;--awb-flex-grow-small:;--awb-flex-shrink-small:;\" data-scroll-devices=\"small-visibility,medium-visibility,large-visibility\"><div class=\"fusion-column-wrapper fusion-column-has-shadow fusion-flex-justify-content-space-around fusion-content-layout-column\"><div class=\"fusion-classic-product-image-wrapper fusion-woo-product-image fusion-post-card-image fusion-post-card-image-1 has-aspect-ratio\" data-layout=\"static\" style=\"--awb-aspect-ratio:3 \/ 2;\"><div  class=\"fusion-image-wrapper\" aria-haspopup=\"true\">\n\t\t\t\t\t\t\t<a href=\"https:\/\/www.mundusmaris.org\/fr\/journee-mondiale-de-locean\/wod-2024-fr\/mundus-maris-celebrates-world-ocean-day-2024-with-ocean-summit-in-kiel-germany\/\" aria-label=\"Mundus maris celebrates World Ocean Day 2024 with Ocean Summit in Kiel, Germany\">\n\t\t\t\t\t\t\t<img decoding=\"async\" width=\"800\" height=\"500\" src=\"https:\/\/www.mundusmaris.org\/wp-content\/uploads\/2024\/07\/copertina_posts-5.jpg\" class=\"attachment-full size-full wp-post-image\" alt=\"\" srcset=\"https:\/\/www.mundusmaris.org\/wp-content\/uploads\/2024\/07\/copertina_posts-5-200x125.jpg 200w, https:\/\/www.mundusmaris.org\/wp-content\/uploads\/2024\/07\/copertina_posts-5-400x250.jpg 400w, https:\/\/www.mundusmaris.org\/wp-content\/uploads\/2024\/07\/copertina_posts-5-600x375.jpg 600w, https:\/\/www.mundusmaris.org\/wp-content\/uploads\/2024\/07\/copertina_posts-5.jpg 800w\" sizes=\"(min-width: 2200px) 100vw, (min-width: 784px) 373px, (min-width: 712px) 560px, (min-width: 640px) 712px, \" \/>\t\t\t<\/a>\n\t\t\t\t\t\t\t<\/div>\n<\/div><div class=\"fusion-meta-tb fusion-meta-tb-122 floated\" style=\"--awb-border-top:0px;--awb-height:36px;--awb-alignment-medium:flex-start;--awb-alignment-small:flex-start;\"><span class=\"fusion-tb-published-date\">Published On: 4 juillet 2024<\/span><span class=\"fusion-meta-tb-sep\"><\/span><\/div><div class=\"fusion-title title fusion-title-122 fusion-sep-none fusion-title-text fusion-title-size-four\" style=\"--awb-margin-top:20px;--awb-margin-right:20px;--awb-margin-bottom:20px;--awb-margin-left:20px;--awb-margin-top-small:10px;--awb-margin-right-small:0px;--awb-margin-bottom-small:10px;--awb-margin-left-small:0px;--awb-font-size:24px;\"><h4 class=\"fusion-title-heading title-heading-left\" style=\"font-family:&quot;IBM Plex Sans Condensed&quot;;font-style:normal;font-weight:500;margin:0;font-size:1em;line-height:1.2;\"><a href=\"https:\/\/www.mundusmaris.org\/fr\/journee-mondiale-de-locean\/wod-2024-fr\/mundus-maris-celebrates-world-ocean-day-2024-with-ocean-summit-in-kiel-germany\/\" class=\"awb-custom-text-color awb-custom-text-hover-color\" target=\"_self\">Mundus maris celebrates World Ocean Day 2024 with Ocean Summit in Kiel, Germany<\/a><\/h4><\/div><\/div><\/li>\n<li class=\"fusion-layout-column fusion_builder_column fusion-builder-column-123 fusion-flex-column post-card fusion-grid-column fusion-post-cards-grid-column\" style=\"--awb-bg-color:var(--awb-color1);--awb-bg-color-hover:var(--awb-color1);--awb-bg-blend:overlay;--awb-bg-size:cover;--awb-flex-grow:0;--awb-flex-shrink:0;--awb-flex-grow-medium:;--awb-flex-shrink-medium:;--awb-flex-grow-small:;--awb-flex-shrink-small:;\" data-scroll-devices=\"small-visibility,medium-visibility,large-visibility\"><div class=\"fusion-column-wrapper fusion-column-has-shadow fusion-flex-justify-content-space-around fusion-content-layout-column\"><div class=\"fusion-classic-product-image-wrapper fusion-woo-product-image fusion-post-card-image fusion-post-card-image-1 has-aspect-ratio\" data-layout=\"static\" style=\"--awb-aspect-ratio:3 \/ 2;\"><div  class=\"fusion-image-wrapper\" aria-haspopup=\"true\">\n\t\t\t\t\t\t\t<a href=\"https:\/\/www.mundusmaris.org\/fr\/journee-mondiale-de-locean\/wod-2024-fr\/jeux-de-role-au-cameroun\/\" aria-label=\"Jeux de r\u00f4le au Cameroun\">\n\t\t\t\t\t\t\t<img decoding=\"async\" width=\"800\" height=\"500\" src=\"https:\/\/www.mundusmaris.org\/wp-content\/uploads\/2024\/07\/copertina_posts-4.jpg\" class=\"attachment-full size-full wp-post-image\" alt=\"\" srcset=\"https:\/\/www.mundusmaris.org\/wp-content\/uploads\/2024\/07\/copertina_posts-4-200x125.jpg 200w, https:\/\/www.mundusmaris.org\/wp-content\/uploads\/2024\/07\/copertina_posts-4-400x250.jpg 400w, https:\/\/www.mundusmaris.org\/wp-content\/uploads\/2024\/07\/copertina_posts-4-600x375.jpg 600w, https:\/\/www.mundusmaris.org\/wp-content\/uploads\/2024\/07\/copertina_posts-4.jpg 800w\" sizes=\"(min-width: 2200px) 100vw, (min-width: 784px) 373px, (min-width: 712px) 560px, (min-width: 640px) 712px, \" \/>\t\t\t<\/a>\n\t\t\t\t\t\t\t<\/div>\n<\/div><div class=\"fusion-meta-tb fusion-meta-tb-123 floated\" style=\"--awb-border-top:0px;--awb-height:36px;--awb-alignment-medium:flex-start;--awb-alignment-small:flex-start;\"><span class=\"fusion-tb-published-date\">Published On: 4 juillet 2024<\/span><span class=\"fusion-meta-tb-sep\"><\/span><\/div><div class=\"fusion-title title fusion-title-123 fusion-sep-none fusion-title-text fusion-title-size-four\" style=\"--awb-margin-top:20px;--awb-margin-right:20px;--awb-margin-bottom:20px;--awb-margin-left:20px;--awb-margin-top-small:10px;--awb-margin-right-small:0px;--awb-margin-bottom-small:10px;--awb-margin-left-small:0px;--awb-font-size:24px;\"><h4 class=\"fusion-title-heading title-heading-left\" style=\"font-family:&quot;IBM Plex Sans Condensed&quot;;font-style:normal;font-weight:500;margin:0;font-size:1em;line-height:1.2;\"><a href=\"https:\/\/www.mundusmaris.org\/fr\/journee-mondiale-de-locean\/wod-2024-fr\/jeux-de-role-au-cameroun\/\" class=\"awb-custom-text-color awb-custom-text-hover-color\" target=\"_self\">Jeux de r\u00f4le au Cameroun<\/a><\/h4><\/div><\/div><\/li>\n<li class=\"fusion-layout-column fusion_builder_column fusion-builder-column-124 fusion-flex-column post-card fusion-grid-column fusion-post-cards-grid-column\" style=\"--awb-bg-color:var(--awb-color1);--awb-bg-color-hover:var(--awb-color1);--awb-bg-blend:overlay;--awb-bg-size:cover;--awb-flex-grow:0;--awb-flex-shrink:0;--awb-flex-grow-medium:;--awb-flex-shrink-medium:;--awb-flex-grow-small:;--awb-flex-shrink-small:;\" data-scroll-devices=\"small-visibility,medium-visibility,large-visibility\"><div class=\"fusion-column-wrapper fusion-column-has-shadow fusion-flex-justify-content-space-around fusion-content-layout-column\"><div class=\"fusion-classic-product-image-wrapper fusion-woo-product-image fusion-post-card-image fusion-post-card-image-1 has-aspect-ratio\" data-layout=\"static\" style=\"--awb-aspect-ratio:3 \/ 2;\"><div  class=\"fusion-image-wrapper\" aria-haspopup=\"true\">\n\t\t\t\t\t\t\t<a href=\"https:\/\/www.mundusmaris.org\/fr\/journee-mondiale-de-locean\/wod-2024-fr\/world-ocean-day-virtual-seminar-catalyzing-action-for-our-ocean-and-climate-lagos-calling\/\" aria-label=\"World Ocean Day Virtual Seminar: Catalyzing Action for Our Ocean and Climate &#8211; Lagos calling\">\n\t\t\t\t\t\t\t<img decoding=\"async\" width=\"750\" height=\"750\" src=\"https:\/\/www.mundusmaris.org\/wp-content\/uploads\/2024\/07\/PosterAnnouncement20240608-750px.jpg\" class=\"attachment-full size-full wp-post-image\" alt=\"\" srcset=\"https:\/\/www.mundusmaris.org\/wp-content\/uploads\/2024\/07\/PosterAnnouncement20240608-750px-200x200.jpg 200w, https:\/\/www.mundusmaris.org\/wp-content\/uploads\/2024\/07\/PosterAnnouncement20240608-750px-400x400.jpg 400w, https:\/\/www.mundusmaris.org\/wp-content\/uploads\/2024\/07\/PosterAnnouncement20240608-750px-600x600.jpg 600w, https:\/\/www.mundusmaris.org\/wp-content\/uploads\/2024\/07\/PosterAnnouncement20240608-750px.jpg 750w\" sizes=\"(min-width: 2200px) 100vw, (min-width: 784px) 373px, (min-width: 712px) 560px, (min-width: 640px) 712px, \" \/>\t\t\t<\/a>\n\t\t\t\t\t\t\t<\/div>\n<\/div><div class=\"fusion-meta-tb fusion-meta-tb-124 floated\" style=\"--awb-border-top:0px;--awb-height:36px;--awb-alignment-medium:flex-start;--awb-alignment-small:flex-start;\"><span class=\"fusion-tb-published-date\">Published On: 4 juillet 2024<\/span><span class=\"fusion-meta-tb-sep\"><\/span><\/div><div class=\"fusion-title title fusion-title-124 fusion-sep-none fusion-title-text fusion-title-size-four\" style=\"--awb-margin-top:20px;--awb-margin-right:20px;--awb-margin-bottom:20px;--awb-margin-left:20px;--awb-margin-top-small:10px;--awb-margin-right-small:0px;--awb-margin-bottom-small:10px;--awb-margin-left-small:0px;--awb-font-size:24px;\"><h4 class=\"fusion-title-heading title-heading-left\" style=\"font-family:&quot;IBM Plex Sans Condensed&quot;;font-style:normal;font-weight:500;margin:0;font-size:1em;line-height:1.2;\"><a href=\"https:\/\/www.mundusmaris.org\/fr\/journee-mondiale-de-locean\/wod-2024-fr\/world-ocean-day-virtual-seminar-catalyzing-action-for-our-ocean-and-climate-lagos-calling\/\" class=\"awb-custom-text-color awb-custom-text-hover-color\" target=\"_self\">World Ocean Day Virtual Seminar: Catalyzing Action for Our Ocean and Climate &#8211; Lagos calling<\/a><\/h4><\/div><\/div><\/li>\n<li class=\"fusion-layout-column fusion_builder_column fusion-builder-column-125 fusion-flex-column post-card fusion-grid-column fusion-post-cards-grid-column\" style=\"--awb-bg-color:var(--awb-color1);--awb-bg-color-hover:var(--awb-color1);--awb-bg-blend:overlay;--awb-bg-size:cover;--awb-flex-grow:0;--awb-flex-shrink:0;--awb-flex-grow-medium:;--awb-flex-shrink-medium:;--awb-flex-grow-small:;--awb-flex-shrink-small:;\" data-scroll-devices=\"small-visibility,medium-visibility,large-visibility\"><div class=\"fusion-column-wrapper fusion-column-has-shadow fusion-flex-justify-content-space-around fusion-content-layout-column\"><div class=\"fusion-classic-product-image-wrapper fusion-woo-product-image fusion-post-card-image fusion-post-card-image-1 has-aspect-ratio\" data-layout=\"static\" style=\"--awb-aspect-ratio:3 \/ 2;\"><div  class=\"fusion-image-wrapper\" aria-haspopup=\"true\">\n\t\t\t\t\t\t\t<a href=\"https:\/\/www.mundusmaris.org\/fr\/journee-mondiale-de-locean\/wod-2024-fr\/le-football-comme-outil-de-communication-pour-la-protection-de-locean\/\" aria-label=\"Le football comme outil de communication pour la protection de l&rsquo;oc\u00e9an\">\n\t\t\t\t\t\t\t<img decoding=\"async\" width=\"800\" height=\"600\" src=\"https:\/\/www.mundusmaris.org\/wp-content\/uploads\/2024\/07\/JMO_BannerAll11ys.jpg\" class=\"attachment-full size-full wp-post-image\" alt=\"\" srcset=\"https:\/\/www.mundusmaris.org\/wp-content\/uploads\/2024\/07\/JMO_BannerAll11ys-200x150.jpg 200w, https:\/\/www.mundusmaris.org\/wp-content\/uploads\/2024\/07\/JMO_BannerAll11ys-400x300.jpg 400w, https:\/\/www.mundusmaris.org\/wp-content\/uploads\/2024\/07\/JMO_BannerAll11ys-600x450.jpg 600w, https:\/\/www.mundusmaris.org\/wp-content\/uploads\/2024\/07\/JMO_BannerAll11ys.jpg 800w\" sizes=\"(min-width: 2200px) 100vw, (min-width: 784px) 373px, (min-width: 712px) 560px, (min-width: 640px) 712px, \" \/>\t\t\t<\/a>\n\t\t\t\t\t\t\t<\/div>\n<\/div><div class=\"fusion-meta-tb fusion-meta-tb-125 floated\" style=\"--awb-border-top:0px;--awb-height:36px;--awb-alignment-medium:flex-start;--awb-alignment-small:flex-start;\"><span class=\"fusion-tb-published-date\">Published On: 4 juillet 2024<\/span><span class=\"fusion-meta-tb-sep\"><\/span><\/div><div class=\"fusion-title title fusion-title-125 fusion-sep-none fusion-title-text fusion-title-size-four\" style=\"--awb-margin-top:20px;--awb-margin-right:20px;--awb-margin-bottom:20px;--awb-margin-left:20px;--awb-margin-top-small:10px;--awb-margin-right-small:0px;--awb-margin-bottom-small:10px;--awb-margin-left-small:0px;--awb-font-size:24px;\"><h4 class=\"fusion-title-heading title-heading-left\" style=\"font-family:&quot;IBM Plex Sans Condensed&quot;;font-style:normal;font-weight:500;margin:0;font-size:1em;line-height:1.2;\"><a href=\"https:\/\/www.mundusmaris.org\/fr\/journee-mondiale-de-locean\/wod-2024-fr\/le-football-comme-outil-de-communication-pour-la-protection-de-locean\/\" class=\"awb-custom-text-color awb-custom-text-hover-color\" target=\"_self\">Le football comme outil de communication pour la protection de l&rsquo;oc\u00e9an<\/a><\/h4><\/div><\/div><\/li>\n<li class=\"fusion-layout-column fusion_builder_column fusion-builder-column-126 fusion-flex-column post-card fusion-grid-column fusion-post-cards-grid-column\" style=\"--awb-bg-color:var(--awb-color1);--awb-bg-color-hover:var(--awb-color1);--awb-bg-blend:overlay;--awb-bg-size:cover;--awb-flex-grow:0;--awb-flex-shrink:0;--awb-flex-grow-medium:;--awb-flex-shrink-medium:;--awb-flex-grow-small:;--awb-flex-shrink-small:;\" data-scroll-devices=\"small-visibility,medium-visibility,large-visibility\"><div class=\"fusion-column-wrapper fusion-column-has-shadow fusion-flex-justify-content-space-around fusion-content-layout-column\"><div class=\"fusion-classic-product-image-wrapper fusion-woo-product-image fusion-post-card-image fusion-post-card-image-1 has-aspect-ratio\" data-layout=\"static\" style=\"--awb-aspect-ratio:3 \/ 2;\"><div  class=\"fusion-image-wrapper\" aria-haspopup=\"true\">\n\t\t\t\t\t\t\t<a href=\"https:\/\/www.mundusmaris.org\/fr\/journee-mondiale-de-locean\/wod-2024-fr\/journee-mondiale-de-l-ocean-avec-l-ecole-kawabata-yasunari-a-hann-senegal\/\" aria-label=\"Journ\u00e9e mondiale de l&rsquo;oc\u00e9an avec l&rsquo;\u00e9cole Kawabata Yasunari \u00e0 Hann, S\u00e9n\u00e9gal\">\n\t\t\t\t\t\t\t<img decoding=\"async\" width=\"736\" height=\"552\" src=\"https:\/\/www.mundusmaris.org\/wp-content\/uploads\/2024\/08\/GroupFotoWOD-Excursion.jpg\" class=\"attachment-full size-full wp-post-image\" alt=\"\" srcset=\"https:\/\/www.mundusmaris.org\/wp-content\/uploads\/2024\/08\/GroupFotoWOD-Excursion-200x150.jpg 200w, https:\/\/www.mundusmaris.org\/wp-content\/uploads\/2024\/08\/GroupFotoWOD-Excursion-400x300.jpg 400w, https:\/\/www.mundusmaris.org\/wp-content\/uploads\/2024\/08\/GroupFotoWOD-Excursion-600x450.jpg 600w, https:\/\/www.mundusmaris.org\/wp-content\/uploads\/2024\/08\/GroupFotoWOD-Excursion.jpg 736w\" sizes=\"(min-width: 2200px) 100vw, (min-width: 784px) 373px, (min-width: 712px) 560px, (min-width: 640px) 712px, \" \/>\t\t\t<\/a>\n\t\t\t\t\t\t\t<\/div>\n<\/div><div class=\"fusion-meta-tb fusion-meta-tb-126 floated\" style=\"--awb-border-top:0px;--awb-height:36px;--awb-alignment-medium:flex-start;--awb-alignment-small:flex-start;\"><span class=\"fusion-tb-published-date\">Published On: 4 juillet 2024<\/span><span class=\"fusion-meta-tb-sep\"><\/span><\/div><div class=\"fusion-title title fusion-title-126 fusion-sep-none fusion-title-text fusion-title-size-four\" style=\"--awb-margin-top:20px;--awb-margin-right:20px;--awb-margin-bottom:20px;--awb-margin-left:20px;--awb-margin-top-small:10px;--awb-margin-right-small:0px;--awb-margin-bottom-small:10px;--awb-margin-left-small:0px;--awb-font-size:24px;\"><h4 class=\"fusion-title-heading title-heading-left\" style=\"font-family:&quot;IBM Plex Sans Condensed&quot;;font-style:normal;font-weight:500;margin:0;font-size:1em;line-height:1.2;\"><a href=\"https:\/\/www.mundusmaris.org\/fr\/journee-mondiale-de-locean\/wod-2024-fr\/journee-mondiale-de-l-ocean-avec-l-ecole-kawabata-yasunari-a-hann-senegal\/\" class=\"awb-custom-text-color awb-custom-text-hover-color\" target=\"_self\">Journ\u00e9e mondiale de l&rsquo;oc\u00e9an avec l&rsquo;\u00e9cole Kawabata Yasunari \u00e0 Hann, S\u00e9n\u00e9gal<\/a><\/h4><\/div><\/div><\/li>\n<li class=\"fusion-layout-column fusion_builder_column fusion-builder-column-127 fusion-flex-column post-card fusion-grid-column fusion-post-cards-grid-column\" style=\"--awb-bg-color:var(--awb-color1);--awb-bg-color-hover:var(--awb-color1);--awb-bg-blend:overlay;--awb-bg-size:cover;--awb-flex-grow:0;--awb-flex-shrink:0;--awb-flex-grow-medium:;--awb-flex-shrink-medium:;--awb-flex-grow-small:;--awb-flex-shrink-small:;\" data-scroll-devices=\"small-visibility,medium-visibility,large-visibility\"><div class=\"fusion-column-wrapper fusion-column-has-shadow fusion-flex-justify-content-space-around fusion-content-layout-column\"><div class=\"fusion-classic-product-image-wrapper fusion-woo-product-image fusion-post-card-image fusion-post-card-image-1 has-aspect-ratio\" data-layout=\"static\" style=\"--awb-aspect-ratio:3 \/ 2;\"><div  class=\"fusion-image-wrapper\" aria-haspopup=\"true\">\n\t\t\t\t\t\t\t<a href=\"https:\/\/www.mundusmaris.org\/fr\/journee-mondiale-de-locean\/wod-2024-fr\/exhibition-rhythms-of-nature-in-buenos-aires-adds-artistic-flavour-to-world-ocean-week\/\" aria-label=\"Exhibition \u00ab\u00a0Rhythms of Nature\u00a0\u00bb in Buenos Aires adds artistic flavour to World Ocean week\">\n\t\t\t\t\t\t\t<img decoding=\"async\" width=\"800\" height=\"500\" src=\"https:\/\/www.mundusmaris.org\/wp-content\/uploads\/2024\/07\/copertina_posts-3.jpg\" class=\"attachment-full size-full wp-post-image\" alt=\"\" srcset=\"https:\/\/www.mundusmaris.org\/wp-content\/uploads\/2024\/07\/copertina_posts-3-200x125.jpg 200w, https:\/\/www.mundusmaris.org\/wp-content\/uploads\/2024\/07\/copertina_posts-3-400x250.jpg 400w, https:\/\/www.mundusmaris.org\/wp-content\/uploads\/2024\/07\/copertina_posts-3-600x375.jpg 600w, https:\/\/www.mundusmaris.org\/wp-content\/uploads\/2024\/07\/copertina_posts-3.jpg 800w\" sizes=\"(min-width: 2200px) 100vw, (min-width: 784px) 373px, (min-width: 712px) 560px, (min-width: 640px) 712px, \" \/>\t\t\t<\/a>\n\t\t\t\t\t\t\t<\/div>\n<\/div><div class=\"fusion-meta-tb fusion-meta-tb-127 floated\" style=\"--awb-border-top:0px;--awb-height:36px;--awb-alignment-medium:flex-start;--awb-alignment-small:flex-start;\"><span class=\"fusion-tb-published-date\">Published On: 4 juillet 2024<\/span><span class=\"fusion-meta-tb-sep\"><\/span><\/div><div class=\"fusion-title title fusion-title-127 fusion-sep-none fusion-title-text fusion-title-size-four\" style=\"--awb-margin-top:20px;--awb-margin-right:20px;--awb-margin-bottom:20px;--awb-margin-left:20px;--awb-margin-top-small:10px;--awb-margin-right-small:0px;--awb-margin-bottom-small:10px;--awb-margin-left-small:0px;--awb-font-size:24px;\"><h4 class=\"fusion-title-heading title-heading-left\" style=\"font-family:&quot;IBM Plex Sans Condensed&quot;;font-style:normal;font-weight:500;margin:0;font-size:1em;line-height:1.2;\"><a href=\"https:\/\/www.mundusmaris.org\/fr\/journee-mondiale-de-locean\/wod-2024-fr\/exhibition-rhythms-of-nature-in-buenos-aires-adds-artistic-flavour-to-world-ocean-week\/\" class=\"awb-custom-text-color awb-custom-text-hover-color\" target=\"_self\">Exhibition \u00ab\u00a0Rhythms of Nature\u00a0\u00bb in Buenos Aires adds artistic flavour to World Ocean week<\/a><\/h4><\/div><\/div><\/li>\n<li class=\"fusion-layout-column fusion_builder_column fusion-builder-column-128 fusion-flex-column post-card fusion-grid-column fusion-post-cards-grid-column\" style=\"--awb-bg-color:var(--awb-color1);--awb-bg-color-hover:var(--awb-color1);--awb-bg-blend:overlay;--awb-bg-size:cover;--awb-flex-grow:0;--awb-flex-shrink:0;--awb-flex-grow-medium:;--awb-flex-shrink-medium:;--awb-flex-grow-small:;--awb-flex-shrink-small:;\" data-scroll-devices=\"small-visibility,medium-visibility,large-visibility\"><div class=\"fusion-column-wrapper fusion-column-has-shadow fusion-flex-justify-content-space-around fusion-content-layout-column\"><div class=\"fusion-classic-product-image-wrapper fusion-woo-product-image fusion-post-card-image fusion-post-card-image-1 has-aspect-ratio\" data-layout=\"static\" style=\"--awb-aspect-ratio:3 \/ 2;\"><div  class=\"fusion-image-wrapper\" aria-haspopup=\"true\">\n\t\t\t\t\t\t\t<a href=\"https:\/\/www.mundusmaris.org\/fr\/journee-mondiale-de-locean\/wod-2024-fr\/cleaning-up-around-a-creek-in-hilden-germany-again\/\" aria-label=\"Cleaning up around a creek in Hilden, Germany, again\">\n\t\t\t\t\t\t\t<img decoding=\"async\" width=\"800\" height=\"500\" src=\"https:\/\/www.mundusmaris.org\/wp-content\/uploads\/2024\/07\/copertina_posts-2.jpg\" class=\"attachment-full size-full wp-post-image\" alt=\"\" srcset=\"https:\/\/www.mundusmaris.org\/wp-content\/uploads\/2024\/07\/copertina_posts-2-200x125.jpg 200w, https:\/\/www.mundusmaris.org\/wp-content\/uploads\/2024\/07\/copertina_posts-2-400x250.jpg 400w, https:\/\/www.mundusmaris.org\/wp-content\/uploads\/2024\/07\/copertina_posts-2-600x375.jpg 600w, https:\/\/www.mundusmaris.org\/wp-content\/uploads\/2024\/07\/copertina_posts-2.jpg 800w\" sizes=\"(min-width: 2200px) 100vw, (min-width: 784px) 373px, (min-width: 712px) 560px, (min-width: 640px) 712px, \" \/>\t\t\t<\/a>\n\t\t\t\t\t\t\t<\/div>\n<\/div><div class=\"fusion-meta-tb fusion-meta-tb-128 floated\" style=\"--awb-border-top:0px;--awb-height:36px;--awb-alignment-medium:flex-start;--awb-alignment-small:flex-start;\"><span class=\"fusion-tb-published-date\">Published On: 4 juillet 2024<\/span><span class=\"fusion-meta-tb-sep\"><\/span><\/div><div class=\"fusion-title title fusion-title-128 fusion-sep-none fusion-title-text fusion-title-size-four\" style=\"--awb-margin-top:20px;--awb-margin-right:20px;--awb-margin-bottom:20px;--awb-margin-left:20px;--awb-margin-top-small:10px;--awb-margin-right-small:0px;--awb-margin-bottom-small:10px;--awb-margin-left-small:0px;--awb-font-size:24px;\"><h4 class=\"fusion-title-heading title-heading-left\" style=\"font-family:&quot;IBM Plex Sans Condensed&quot;;font-style:normal;font-weight:500;margin:0;font-size:1em;line-height:1.2;\"><a href=\"https:\/\/www.mundusmaris.org\/fr\/journee-mondiale-de-locean\/wod-2024-fr\/cleaning-up-around-a-creek-in-hilden-germany-again\/\" class=\"awb-custom-text-color awb-custom-text-hover-color\" target=\"_self\">Cleaning up around a creek in Hilden, Germany, again<\/a><\/h4><\/div><\/div><\/li>\n<li class=\"fusion-layout-column fusion_builder_column fusion-builder-column-129 fusion-flex-column post-card fusion-grid-column fusion-post-cards-grid-column\" style=\"--awb-bg-color:var(--awb-color1);--awb-bg-color-hover:var(--awb-color1);--awb-bg-blend:overlay;--awb-bg-size:cover;--awb-flex-grow:0;--awb-flex-shrink:0;--awb-flex-grow-medium:;--awb-flex-shrink-medium:;--awb-flex-grow-small:;--awb-flex-shrink-small:;\" data-scroll-devices=\"small-visibility,medium-visibility,large-visibility\"><div class=\"fusion-column-wrapper fusion-column-has-shadow fusion-flex-justify-content-space-around fusion-content-layout-column\"><div class=\"fusion-classic-product-image-wrapper fusion-woo-product-image fusion-post-card-image fusion-post-card-image-1 has-aspect-ratio\" data-layout=\"static\" style=\"--awb-aspect-ratio:3 \/ 2;\"><div  class=\"fusion-image-wrapper\" aria-haspopup=\"true\">\n\t\t\t\t\t\t\t<a href=\"https:\/\/www.mundusmaris.org\/fr\/academie-de-la-peche-artisanale\/reunion-urgence-sur-peche-dans-baltique-bruxelles-juin-2024\/\" aria-label=\"R\u00e9union d&rsquo;urgence sur la p\u00eache dans la Baltique, Bruxelles, 26 juin 2024\">\n\t\t\t\t\t\t\t<img decoding=\"async\" width=\"500\" height=\"333\" src=\"https:\/\/www.mundusmaris.org\/wp-content\/uploads\/2024\/08\/MartaCavalle_BrianORiordan.jpg\" class=\"attachment-full size-full wp-post-image\" alt=\"\" srcset=\"https:\/\/www.mundusmaris.org\/wp-content\/uploads\/2024\/08\/MartaCavalle_BrianORiordan-200x133.jpg 200w, https:\/\/www.mundusmaris.org\/wp-content\/uploads\/2024\/08\/MartaCavalle_BrianORiordan-400x266.jpg 400w, https:\/\/www.mundusmaris.org\/wp-content\/uploads\/2024\/08\/MartaCavalle_BrianORiordan.jpg 500w\" sizes=\"(min-width: 2200px) 100vw, (min-width: 784px) 373px, (min-width: 712px) 560px, (min-width: 640px) 712px, \" \/>\t\t\t<\/a>\n\t\t\t\t\t\t\t<\/div>\n<\/div><div class=\"fusion-meta-tb fusion-meta-tb-129 floated\" style=\"--awb-border-top:0px;--awb-height:36px;--awb-alignment-medium:flex-start;--awb-alignment-small:flex-start;\"><span class=\"fusion-tb-published-date\">Published On: 28 juin 2024<\/span><span class=\"fusion-meta-tb-sep\"><\/span><\/div><div class=\"fusion-title title fusion-title-129 fusion-sep-none fusion-title-text fusion-title-size-four\" style=\"--awb-margin-top:20px;--awb-margin-right:20px;--awb-margin-bottom:20px;--awb-margin-left:20px;--awb-margin-top-small:10px;--awb-margin-right-small:0px;--awb-margin-bottom-small:10px;--awb-margin-left-small:0px;--awb-font-size:24px;\"><h4 class=\"fusion-title-heading title-heading-left\" style=\"font-family:&quot;IBM Plex Sans Condensed&quot;;font-style:normal;font-weight:500;margin:0;font-size:1em;line-height:1.2;\"><a href=\"https:\/\/www.mundusmaris.org\/fr\/academie-de-la-peche-artisanale\/reunion-urgence-sur-peche-dans-baltique-bruxelles-juin-2024\/\" class=\"awb-custom-text-color awb-custom-text-hover-color\" target=\"_self\">R\u00e9union d&rsquo;urgence sur la p\u00eache dans la Baltique, Bruxelles, 26 juin 2024<\/a><\/h4><\/div><\/div><\/li>\n<li class=\"fusion-layout-column fusion_builder_column fusion-builder-column-130 fusion-flex-column post-card fusion-grid-column fusion-post-cards-grid-column\" style=\"--awb-bg-color:var(--awb-color1);--awb-bg-color-hover:var(--awb-color1);--awb-bg-blend:overlay;--awb-bg-size:cover;--awb-flex-grow:0;--awb-flex-shrink:0;--awb-flex-grow-medium:;--awb-flex-shrink-medium:;--awb-flex-grow-small:;--awb-flex-shrink-small:;\" data-scroll-devices=\"small-visibility,medium-visibility,large-visibility\"><div class=\"fusion-column-wrapper fusion-column-has-shadow fusion-flex-justify-content-space-around fusion-content-layout-column\"><div class=\"fusion-classic-product-image-wrapper fusion-woo-product-image fusion-post-card-image fusion-post-card-image-1 has-aspect-ratio\" data-layout=\"static\" style=\"--awb-aspect-ratio:3 \/ 2;\"><div  class=\"fusion-image-wrapper\" aria-haspopup=\"true\">\n\t\t\t\t\t\t\t<a href=\"https:\/\/www.mundusmaris.org\/fr\/activites\/protection-de-locean-et-du-climat\/concert-mundus-maris-2024-en-belgique-echos-oceaniques\/\" aria-label=\"Concert Mundus maris 2024 en Belgique : Echos oc\u00e9aniques\">\n\t\t\t\t\t\t\t<img decoding=\"async\" width=\"500\" height=\"282\" src=\"https:\/\/www.mundusmaris.org\/wp-content\/uploads\/2024\/09\/DuskStringQuartet.jpg\" class=\"attachment-full size-full wp-post-image\" alt=\"\" srcset=\"https:\/\/www.mundusmaris.org\/wp-content\/uploads\/2024\/09\/DuskStringQuartet-200x113.jpg 200w, https:\/\/www.mundusmaris.org\/wp-content\/uploads\/2024\/09\/DuskStringQuartet-400x226.jpg 400w, https:\/\/www.mundusmaris.org\/wp-content\/uploads\/2024\/09\/DuskStringQuartet.jpg 500w\" sizes=\"(min-width: 2200px) 100vw, (min-width: 784px) 373px, (min-width: 712px) 560px, (min-width: 640px) 712px, \" \/>\t\t\t<\/a>\n\t\t\t\t\t\t\t<\/div>\n<\/div><div class=\"fusion-meta-tb fusion-meta-tb-130 floated\" style=\"--awb-border-top:0px;--awb-height:36px;--awb-alignment-medium:flex-start;--awb-alignment-small:flex-start;\"><span class=\"fusion-tb-published-date\">Published On: 21 mai 2024<\/span><span class=\"fusion-meta-tb-sep\"><\/span><\/div><div class=\"fusion-title title fusion-title-130 fusion-sep-none fusion-title-text fusion-title-size-four\" style=\"--awb-margin-top:20px;--awb-margin-right:20px;--awb-margin-bottom:20px;--awb-margin-left:20px;--awb-margin-top-small:10px;--awb-margin-right-small:0px;--awb-margin-bottom-small:10px;--awb-margin-left-small:0px;--awb-font-size:24px;\"><h4 class=\"fusion-title-heading title-heading-left\" style=\"font-family:&quot;IBM Plex Sans Condensed&quot;;font-style:normal;font-weight:500;margin:0;font-size:1em;line-height:1.2;\"><a href=\"https:\/\/www.mundusmaris.org\/fr\/activites\/protection-de-locean-et-du-climat\/concert-mundus-maris-2024-en-belgique-echos-oceaniques\/\" class=\"awb-custom-text-color awb-custom-text-hover-color\" target=\"_self\">Concert Mundus maris 2024 en Belgique : Echos oc\u00e9aniques<\/a><\/h4><\/div><\/div><\/li>\n<li class=\"fusion-layout-column fusion_builder_column fusion-builder-column-131 fusion-flex-column post-card fusion-grid-column fusion-post-cards-grid-column\" style=\"--awb-bg-color:var(--awb-color1);--awb-bg-color-hover:var(--awb-color1);--awb-bg-blend:overlay;--awb-bg-size:cover;--awb-flex-grow:0;--awb-flex-shrink:0;--awb-flex-grow-medium:;--awb-flex-shrink-medium:;--awb-flex-grow-small:;--awb-flex-shrink-small:;\" data-scroll-devices=\"small-visibility,medium-visibility,large-visibility\"><div class=\"fusion-column-wrapper fusion-column-has-shadow fusion-flex-justify-content-space-around fusion-content-layout-column\"><div class=\"fusion-classic-product-image-wrapper fusion-woo-product-image fusion-post-card-image fusion-post-card-image-1 has-aspect-ratio\" data-layout=\"static\" style=\"--awb-aspect-ratio:3 \/ 2;\"><div  class=\"fusion-image-wrapper\" aria-haspopup=\"true\">\n\t\t\t\t\t\t\t<a href=\"https:\/\/www.mundusmaris.org\/fr\/activites\/protection-de-locean-et-du-climat\/visiting-the-international-tribunal-for-the-law-of-the-sea\/\" aria-label=\"Visiting the International Tribunal for the Law of the Sea\">\n\t\t\t\t\t\t\t<img decoding=\"async\" width=\"474\" height=\"246\" src=\"https:\/\/www.mundusmaris.org\/wp-content\/uploads\/2024\/09\/th-1944749416_ITLOS-buildings.jpeg\" class=\"attachment-full size-full wp-post-image\" alt=\"\" srcset=\"https:\/\/www.mundusmaris.org\/wp-content\/uploads\/2024\/09\/th-1944749416_ITLOS-buildings-200x104.jpeg 200w, https:\/\/www.mundusmaris.org\/wp-content\/uploads\/2024\/09\/th-1944749416_ITLOS-buildings-400x208.jpeg 400w, https:\/\/www.mundusmaris.org\/wp-content\/uploads\/2024\/09\/th-1944749416_ITLOS-buildings.jpeg 474w\" sizes=\"(min-width: 2200px) 100vw, (min-width: 784px) 373px, (min-width: 712px) 560px, (min-width: 640px) 712px, \" \/>\t\t\t<\/a>\n\t\t\t\t\t\t\t<\/div>\n<\/div><div class=\"fusion-meta-tb fusion-meta-tb-131 floated\" style=\"--awb-border-top:0px;--awb-height:36px;--awb-alignment-medium:flex-start;--awb-alignment-small:flex-start;\"><span class=\"fusion-tb-published-date\">Published On: 15 mai 2024<\/span><span class=\"fusion-meta-tb-sep\"><\/span><\/div><div class=\"fusion-title title fusion-title-131 fusion-sep-none fusion-title-text fusion-title-size-four\" style=\"--awb-margin-top:20px;--awb-margin-right:20px;--awb-margin-bottom:20px;--awb-margin-left:20px;--awb-margin-top-small:10px;--awb-margin-right-small:0px;--awb-margin-bottom-small:10px;--awb-margin-left-small:0px;--awb-font-size:24px;\"><h4 class=\"fusion-title-heading title-heading-left\" style=\"font-family:&quot;IBM Plex Sans Condensed&quot;;font-style:normal;font-weight:500;margin:0;font-size:1em;line-height:1.2;\"><a href=\"https:\/\/www.mundusmaris.org\/fr\/activites\/protection-de-locean-et-du-climat\/visiting-the-international-tribunal-for-the-law-of-the-sea\/\" class=\"awb-custom-text-color awb-custom-text-hover-color\" target=\"_self\">Visiting the International Tribunal for the Law of the Sea<\/a><\/h4><\/div><\/div><\/li>\n<li class=\"fusion-layout-column fusion_builder_column fusion-builder-column-132 fusion-flex-column post-card fusion-grid-column fusion-post-cards-grid-column\" style=\"--awb-bg-color:var(--awb-color1);--awb-bg-color-hover:var(--awb-color1);--awb-bg-blend:overlay;--awb-bg-size:cover;--awb-flex-grow:0;--awb-flex-shrink:0;--awb-flex-grow-medium:;--awb-flex-shrink-medium:;--awb-flex-grow-small:;--awb-flex-shrink-small:;\" data-scroll-devices=\"small-visibility,medium-visibility,large-visibility\"><div class=\"fusion-column-wrapper fusion-column-has-shadow fusion-flex-justify-content-space-around fusion-content-layout-column\"><div class=\"fusion-classic-product-image-wrapper fusion-woo-product-image fusion-post-card-image fusion-post-card-image-1 has-aspect-ratio\" data-layout=\"static\" style=\"--awb-aspect-ratio:3 \/ 2;\"><div  class=\"fusion-image-wrapper\" aria-haspopup=\"true\">\n\t\t\t\t\t\t\t<a href=\"https:\/\/www.mundusmaris.org\/fr\/academie-de-la-peche-artisanale\/ambivalent-role-of-market-and-technology-in-the-transitions-from-vulnerability-to-viability-nexus-in-senegal-ssf\/\" aria-label=\"Ambivalent role of Market and Technology in the Transitions from Vulnerability to Viability: Nexus in Senegal SSF\">\n\t\t\t\t\t\t\t<img decoding=\"async\" width=\"400\" height=\"226\" src=\"https:\/\/www.mundusmaris.org\/wp-content\/uploads\/2024\/04\/AliouSall2024.jpg\" class=\"attachment-full size-full wp-post-image\" alt=\"\" srcset=\"https:\/\/www.mundusmaris.org\/wp-content\/uploads\/2024\/04\/AliouSall2024-200x113.jpg 200w, https:\/\/www.mundusmaris.org\/wp-content\/uploads\/2024\/04\/AliouSall2024.jpg 400w\" sizes=\"(min-width: 2200px) 100vw, (min-width: 784px) 373px, (min-width: 712px) 560px, (min-width: 640px) 712px, \" \/>\t\t\t<\/a>\n\t\t\t\t\t\t\t<\/div>\n<\/div><div class=\"fusion-meta-tb fusion-meta-tb-132 floated\" style=\"--awb-border-top:0px;--awb-height:36px;--awb-alignment-medium:flex-start;--awb-alignment-small:flex-start;\"><span class=\"fusion-tb-published-date\">Published On: 26 avril 2024<\/span><span class=\"fusion-meta-tb-sep\"><\/span><\/div><div class=\"fusion-title title fusion-title-132 fusion-sep-none fusion-title-text fusion-title-size-four\" style=\"--awb-margin-top:20px;--awb-margin-right:20px;--awb-margin-bottom:20px;--awb-margin-left:20px;--awb-margin-top-small:10px;--awb-margin-right-small:0px;--awb-margin-bottom-small:10px;--awb-margin-left-small:0px;--awb-font-size:24px;\"><h4 class=\"fusion-title-heading title-heading-left\" style=\"font-family:&quot;IBM Plex Sans Condensed&quot;;font-style:normal;font-weight:500;margin:0;font-size:1em;line-height:1.2;\"><a href=\"https:\/\/www.mundusmaris.org\/fr\/academie-de-la-peche-artisanale\/ambivalent-role-of-market-and-technology-in-the-transitions-from-vulnerability-to-viability-nexus-in-senegal-ssf\/\" class=\"awb-custom-text-color awb-custom-text-hover-color\" target=\"_self\">Ambivalent role of Market and Technology in the Transitions from Vulnerability to Viability: Nexus in Senegal SSF<\/a><\/h4><\/div><\/div><\/li>\n<li class=\"fusion-layout-column fusion_builder_column fusion-builder-column-133 fusion-flex-column post-card fusion-grid-column fusion-post-cards-grid-column\" style=\"--awb-bg-color:var(--awb-color1);--awb-bg-color-hover:var(--awb-color1);--awb-bg-blend:overlay;--awb-bg-size:cover;--awb-flex-grow:0;--awb-flex-shrink:0;--awb-flex-grow-medium:;--awb-flex-shrink-medium:;--awb-flex-grow-small:;--awb-flex-shrink-small:;\" data-scroll-devices=\"small-visibility,medium-visibility,large-visibility\"><div class=\"fusion-column-wrapper fusion-column-has-shadow fusion-flex-justify-content-space-around fusion-content-layout-column\"><div class=\"fusion-classic-product-image-wrapper fusion-woo-product-image fusion-post-card-image fusion-post-card-image-1 has-aspect-ratio\" data-layout=\"static\" style=\"--awb-aspect-ratio:3 \/ 2;\"><div  class=\"fusion-image-wrapper\" aria-haspopup=\"true\">\n\t\t\t\t\t\t\t<a href=\"https:\/\/www.mundusmaris.org\/fr\/activites\/microplastic-a-public-health-issue\/\" aria-label=\"Microplastic, a public health issue\">\n\t\t\t\t\t\t\t<img decoding=\"async\" width=\"800\" height=\"500\" src=\"https:\/\/www.mundusmaris.org\/wp-content\/uploads\/2024\/04\/copertina_posts_microplastic.jpg\" class=\"attachment-full size-full wp-post-image\" alt=\"\" srcset=\"https:\/\/www.mundusmaris.org\/wp-content\/uploads\/2024\/04\/copertina_posts_microplastic-200x125.jpg 200w, https:\/\/www.mundusmaris.org\/wp-content\/uploads\/2024\/04\/copertina_posts_microplastic-400x250.jpg 400w, https:\/\/www.mundusmaris.org\/wp-content\/uploads\/2024\/04\/copertina_posts_microplastic-600x375.jpg 600w, https:\/\/www.mundusmaris.org\/wp-content\/uploads\/2024\/04\/copertina_posts_microplastic.jpg 800w\" sizes=\"(min-width: 2200px) 100vw, (min-width: 784px) 373px, (min-width: 712px) 560px, (min-width: 640px) 712px, \" \/>\t\t\t<\/a>\n\t\t\t\t\t\t\t<\/div>\n<\/div><div class=\"fusion-meta-tb fusion-meta-tb-133 floated\" style=\"--awb-border-top:0px;--awb-height:36px;--awb-alignment-medium:flex-start;--awb-alignment-small:flex-start;\"><span class=\"fusion-tb-published-date\">Published On: 5 avril 2024<\/span><span class=\"fusion-meta-tb-sep\"><\/span><\/div><div class=\"fusion-title title fusion-title-133 fusion-sep-none fusion-title-text fusion-title-size-four\" style=\"--awb-margin-top:20px;--awb-margin-right:20px;--awb-margin-bottom:20px;--awb-margin-left:20px;--awb-margin-top-small:10px;--awb-margin-right-small:0px;--awb-margin-bottom-small:10px;--awb-margin-left-small:0px;--awb-font-size:24px;\"><h4 class=\"fusion-title-heading title-heading-left\" style=\"font-family:&quot;IBM Plex Sans Condensed&quot;;font-style:normal;font-weight:500;margin:0;font-size:1em;line-height:1.2;\"><a href=\"https:\/\/www.mundusmaris.org\/fr\/activites\/microplastic-a-public-health-issue\/\" class=\"awb-custom-text-color awb-custom-text-hover-color\" target=\"_self\">Microplastic, a public health issue<\/a><\/h4><\/div><\/div><\/li>\n<li class=\"fusion-layout-column fusion_builder_column fusion-builder-column-134 fusion-flex-column post-card fusion-grid-column fusion-post-cards-grid-column\" style=\"--awb-bg-color:var(--awb-color1);--awb-bg-color-hover:var(--awb-color1);--awb-bg-blend:overlay;--awb-bg-size:cover;--awb-flex-grow:0;--awb-flex-shrink:0;--awb-flex-grow-medium:;--awb-flex-shrink-medium:;--awb-flex-grow-small:;--awb-flex-shrink-small:;\" data-scroll-devices=\"small-visibility,medium-visibility,large-visibility\"><div class=\"fusion-column-wrapper fusion-column-has-shadow fusion-flex-justify-content-space-around fusion-content-layout-column\"><div class=\"fusion-classic-product-image-wrapper fusion-woo-product-image fusion-post-card-image fusion-post-card-image-1 has-aspect-ratio\" data-layout=\"static\" style=\"--awb-aspect-ratio:3 \/ 2;\"><div  class=\"fusion-image-wrapper\" aria-haspopup=\"true\">\n\t\t\t\t\t\t\t<a href=\"https:\/\/www.mundusmaris.org\/fr\/academie-de-la-peche-artisanale\/shell-fisheries-as-stewardship-for-mangroves\/\" aria-label=\"Shell fisheries as stewardship for mangroves\">\n\t\t\t\t\t\t\t<img decoding=\"async\" width=\"500\" height=\"333\" src=\"https:\/\/www.mundusmaris.org\/wp-content\/uploads\/2024\/09\/mangrove-798578_1280SilvieDelogeOnPixabay.jpg\" class=\"attachment-full size-full wp-post-image\" alt=\"\" srcset=\"https:\/\/www.mundusmaris.org\/wp-content\/uploads\/2024\/09\/mangrove-798578_1280SilvieDelogeOnPixabay-200x133.jpg 200w, https:\/\/www.mundusmaris.org\/wp-content\/uploads\/2024\/09\/mangrove-798578_1280SilvieDelogeOnPixabay-400x266.jpg 400w, https:\/\/www.mundusmaris.org\/wp-content\/uploads\/2024\/09\/mangrove-798578_1280SilvieDelogeOnPixabay.jpg 500w\" sizes=\"(min-width: 2200px) 100vw, (min-width: 784px) 373px, (min-width: 712px) 560px, (min-width: 640px) 712px, \" \/>\t\t\t<\/a>\n\t\t\t\t\t\t\t<\/div>\n<\/div><div class=\"fusion-meta-tb fusion-meta-tb-134 floated\" style=\"--awb-border-top:0px;--awb-height:36px;--awb-alignment-medium:flex-start;--awb-alignment-small:flex-start;\"><span class=\"fusion-tb-published-date\">Published On: 31 mars 2024<\/span><span class=\"fusion-meta-tb-sep\"><\/span><\/div><div class=\"fusion-title title fusion-title-134 fusion-sep-none fusion-title-text fusion-title-size-four\" style=\"--awb-margin-top:20px;--awb-margin-right:20px;--awb-margin-bottom:20px;--awb-margin-left:20px;--awb-margin-top-small:10px;--awb-margin-right-small:0px;--awb-margin-bottom-small:10px;--awb-margin-left-small:0px;--awb-font-size:24px;\"><h4 class=\"fusion-title-heading title-heading-left\" style=\"font-family:&quot;IBM Plex Sans Condensed&quot;;font-style:normal;font-weight:500;margin:0;font-size:1em;line-height:1.2;\"><a href=\"https:\/\/www.mundusmaris.org\/fr\/academie-de-la-peche-artisanale\/shell-fisheries-as-stewardship-for-mangroves\/\" class=\"awb-custom-text-color awb-custom-text-hover-color\" target=\"_self\">Shell fisheries as stewardship for mangroves<\/a><\/h4><\/div><\/div><\/li>\n<li class=\"fusion-layout-column fusion_builder_column fusion-builder-column-135 fusion-flex-column post-card fusion-grid-column fusion-post-cards-grid-column\" style=\"--awb-bg-color:var(--awb-color1);--awb-bg-color-hover:var(--awb-color1);--awb-bg-blend:overlay;--awb-bg-size:cover;--awb-flex-grow:0;--awb-flex-shrink:0;--awb-flex-grow-medium:;--awb-flex-shrink-medium:;--awb-flex-grow-small:;--awb-flex-shrink-small:;\" data-scroll-devices=\"small-visibility,medium-visibility,large-visibility\"><div class=\"fusion-column-wrapper fusion-column-has-shadow fusion-flex-justify-content-space-around fusion-content-layout-column\"><div class=\"fusion-classic-product-image-wrapper fusion-woo-product-image fusion-post-card-image fusion-post-card-image-1 has-aspect-ratio\" data-layout=\"static\" style=\"--awb-aspect-ratio:3 \/ 2;\"><div  class=\"fusion-image-wrapper\" aria-haspopup=\"true\">\n\t\t\t\t\t\t\t<a href=\"https:\/\/www.mundusmaris.org\/fr\/expositions\/prevent-marine-pollution-respect-the-sea\/\" aria-label=\"Prevent marine pollution, respect the sea\">\n\t\t\t\t\t\t\t<img decoding=\"async\" width=\"800\" height=\"500\" src=\"https:\/\/www.mundusmaris.org\/wp-content\/uploads\/2024\/03\/PartialViewVianaDoCastelo_800x500.jpg\" class=\"attachment-full size-full wp-post-image\" alt=\"\" srcset=\"https:\/\/www.mundusmaris.org\/wp-content\/uploads\/2024\/03\/PartialViewVianaDoCastelo_800x500-200x125.jpg 200w, https:\/\/www.mundusmaris.org\/wp-content\/uploads\/2024\/03\/PartialViewVianaDoCastelo_800x500-400x250.jpg 400w, https:\/\/www.mundusmaris.org\/wp-content\/uploads\/2024\/03\/PartialViewVianaDoCastelo_800x500-600x375.jpg 600w, https:\/\/www.mundusmaris.org\/wp-content\/uploads\/2024\/03\/PartialViewVianaDoCastelo_800x500.jpg 800w\" sizes=\"(min-width: 2200px) 100vw, (min-width: 784px) 373px, (min-width: 712px) 560px, (min-width: 640px) 712px, \" \/>\t\t\t<\/a>\n\t\t\t\t\t\t\t<\/div>\n<\/div><div class=\"fusion-meta-tb fusion-meta-tb-135 floated\" style=\"--awb-border-top:0px;--awb-height:36px;--awb-alignment-medium:flex-start;--awb-alignment-small:flex-start;\"><span class=\"fusion-tb-published-date\">Published On: 28 mars 2024<\/span><span class=\"fusion-meta-tb-sep\"><\/span><\/div><div class=\"fusion-title title fusion-title-135 fusion-sep-none fusion-title-text fusion-title-size-four\" style=\"--awb-margin-top:20px;--awb-margin-right:20px;--awb-margin-bottom:20px;--awb-margin-left:20px;--awb-margin-top-small:10px;--awb-margin-right-small:0px;--awb-margin-bottom-small:10px;--awb-margin-left-small:0px;--awb-font-size:24px;\"><h4 class=\"fusion-title-heading title-heading-left\" style=\"font-family:&quot;IBM Plex Sans Condensed&quot;;font-style:normal;font-weight:500;margin:0;font-size:1em;line-height:1.2;\"><a href=\"https:\/\/www.mundusmaris.org\/fr\/expositions\/prevent-marine-pollution-respect-the-sea\/\" class=\"awb-custom-text-color awb-custom-text-hover-color\" target=\"_self\">Prevent marine pollution, respect the sea<\/a><\/h4><\/div><\/div><\/li>\n<li class=\"fusion-layout-column fusion_builder_column fusion-builder-column-136 fusion-flex-column post-card fusion-grid-column fusion-post-cards-grid-column\" style=\"--awb-bg-color:var(--awb-color1);--awb-bg-color-hover:var(--awb-color1);--awb-bg-blend:overlay;--awb-bg-size:cover;--awb-flex-grow:0;--awb-flex-shrink:0;--awb-flex-grow-medium:;--awb-flex-shrink-medium:;--awb-flex-grow-small:;--awb-flex-shrink-small:;\" data-scroll-devices=\"small-visibility,medium-visibility,large-visibility\"><div class=\"fusion-column-wrapper fusion-column-has-shadow fusion-flex-justify-content-space-around fusion-content-layout-column\"><div class=\"fusion-classic-product-image-wrapper fusion-woo-product-image fusion-post-card-image fusion-post-card-image-1 has-aspect-ratio\" data-layout=\"static\" style=\"--awb-aspect-ratio:3 \/ 2;\"><div  class=\"fusion-image-wrapper\" aria-haspopup=\"true\">\n\t\t\t\t\t\t\t<a href=\"https:\/\/www.mundusmaris.org\/fr\/evenements\/ou-le-ciel-et-la-mer-se-rencontrent-interdependance-du-climat-et-oceans-dans-elaboration-des-politiques\/\" aria-label=\"L\u00e0 o\u00f9 le ciel et la mer se rencontrent : l\u2019interd\u00e9pendance du climat et des oc\u00e9ans dans l\u2019\u00e9laboration des politiques\">\n\t\t\t\t\t\t\t<img decoding=\"async\" width=\"499\" height=\"328\" src=\"https:\/\/www.mundusmaris.org\/wp-content\/uploads\/2024\/09\/th-2762075910_logo.jpg\" class=\"attachment-full size-full wp-post-image\" alt=\"\" srcset=\"https:\/\/www.mundusmaris.org\/wp-content\/uploads\/2024\/09\/th-2762075910_logo-200x131.jpg 200w, https:\/\/www.mundusmaris.org\/wp-content\/uploads\/2024\/09\/th-2762075910_logo-400x263.jpg 400w, https:\/\/www.mundusmaris.org\/wp-content\/uploads\/2024\/09\/th-2762075910_logo.jpg 499w\" sizes=\"(min-width: 2200px) 100vw, (min-width: 784px) 373px, (min-width: 712px) 560px, (min-width: 640px) 712px, \" \/>\t\t\t<\/a>\n\t\t\t\t\t\t\t<\/div>\n<\/div><div class=\"fusion-meta-tb fusion-meta-tb-136 floated\" style=\"--awb-border-top:0px;--awb-height:36px;--awb-alignment-medium:flex-start;--awb-alignment-small:flex-start;\"><span class=\"fusion-tb-published-date\">Published On: 29 f\u00e9vrier 2024<\/span><span class=\"fusion-meta-tb-sep\"><\/span><\/div><div class=\"fusion-title title fusion-title-136 fusion-sep-none fusion-title-text fusion-title-size-four\" style=\"--awb-margin-top:20px;--awb-margin-right:20px;--awb-margin-bottom:20px;--awb-margin-left:20px;--awb-margin-top-small:10px;--awb-margin-right-small:0px;--awb-margin-bottom-small:10px;--awb-margin-left-small:0px;--awb-font-size:24px;\"><h4 class=\"fusion-title-heading title-heading-left\" style=\"font-family:&quot;IBM Plex Sans Condensed&quot;;font-style:normal;font-weight:500;margin:0;font-size:1em;line-height:1.2;\"><a href=\"https:\/\/www.mundusmaris.org\/fr\/evenements\/ou-le-ciel-et-la-mer-se-rencontrent-interdependance-du-climat-et-oceans-dans-elaboration-des-politiques\/\" class=\"awb-custom-text-color awb-custom-text-hover-color\" target=\"_self\">L\u00e0 o\u00f9 le ciel et la mer se rencontrent : l\u2019interd\u00e9pendance du climat et des oc\u00e9ans dans l\u2019\u00e9laboration des politiques<\/a><\/h4><\/div><\/div><\/li>\n<li class=\"fusion-layout-column fusion_builder_column fusion-builder-column-137 fusion-flex-column post-card fusion-grid-column fusion-post-cards-grid-column\" style=\"--awb-bg-color:var(--awb-color1);--awb-bg-color-hover:var(--awb-color1);--awb-bg-blend:overlay;--awb-bg-size:cover;--awb-flex-grow:0;--awb-flex-shrink:0;--awb-flex-grow-medium:;--awb-flex-shrink-medium:;--awb-flex-grow-small:;--awb-flex-shrink-small:;\" data-scroll-devices=\"small-visibility,medium-visibility,large-visibility\"><div class=\"fusion-column-wrapper fusion-column-has-shadow fusion-flex-justify-content-space-around fusion-content-layout-column\"><div class=\"fusion-classic-product-image-wrapper fusion-woo-product-image fusion-post-card-image fusion-post-card-image-1 has-aspect-ratio\" data-layout=\"static\" style=\"--awb-aspect-ratio:3 \/ 2;\"><div  class=\"fusion-image-wrapper\" aria-haspopup=\"true\">\n\t\t\t\t\t\t\t<a href=\"https:\/\/www.mundusmaris.org\/fr\/activites\/omc-nous-avons-besoin-dun-accord-ambitieux-pour-mettre-fin-aux-subventions-nefastes-a-la-peche\/\" aria-label=\"OMC: Nous avons besoin d\u2019un accord ambitieux pour mettre fin aux subventions n\u00e9fastes \u00e0 la p\u00eache\">\n\t\t\t\t\t\t\t<img decoding=\"async\" width=\"800\" height=\"500\" src=\"https:\/\/www.mundusmaris.org\/wp-content\/uploads\/2024\/04\/wto_copertina_800x500.jpg\" class=\"attachment-full size-full wp-post-image\" alt=\"\" srcset=\"https:\/\/www.mundusmaris.org\/wp-content\/uploads\/2024\/04\/wto_copertina_800x500-200x125.jpg 200w, https:\/\/www.mundusmaris.org\/wp-content\/uploads\/2024\/04\/wto_copertina_800x500-400x250.jpg 400w, https:\/\/www.mundusmaris.org\/wp-content\/uploads\/2024\/04\/wto_copertina_800x500-600x375.jpg 600w, https:\/\/www.mundusmaris.org\/wp-content\/uploads\/2024\/04\/wto_copertina_800x500.jpg 800w\" sizes=\"(min-width: 2200px) 100vw, (min-width: 784px) 373px, (min-width: 712px) 560px, (min-width: 640px) 712px, \" \/>\t\t\t<\/a>\n\t\t\t\t\t\t\t<\/div>\n<\/div><div class=\"fusion-meta-tb fusion-meta-tb-137 floated\" style=\"--awb-border-top:0px;--awb-height:36px;--awb-alignment-medium:flex-start;--awb-alignment-small:flex-start;\"><span class=\"fusion-tb-published-date\">Published On: 18 f\u00e9vrier 2024<\/span><span class=\"fusion-meta-tb-sep\"><\/span><\/div><div class=\"fusion-title title fusion-title-137 fusion-sep-none fusion-title-text fusion-title-size-four\" style=\"--awb-margin-top:20px;--awb-margin-right:20px;--awb-margin-bottom:20px;--awb-margin-left:20px;--awb-margin-top-small:10px;--awb-margin-right-small:0px;--awb-margin-bottom-small:10px;--awb-margin-left-small:0px;--awb-font-size:24px;\"><h4 class=\"fusion-title-heading title-heading-left\" style=\"font-family:&quot;IBM Plex Sans Condensed&quot;;font-style:normal;font-weight:500;margin:0;font-size:1em;line-height:1.2;\"><a href=\"https:\/\/www.mundusmaris.org\/fr\/activites\/omc-nous-avons-besoin-dun-accord-ambitieux-pour-mettre-fin-aux-subventions-nefastes-a-la-peche\/\" class=\"awb-custom-text-color awb-custom-text-hover-color\" target=\"_self\">OMC: Nous avons besoin d\u2019un accord ambitieux pour mettre fin aux subventions n\u00e9fastes \u00e0 la p\u00eache<\/a><\/h4><\/div><\/div><\/li>\n<li class=\"fusion-layout-column fusion_builder_column fusion-builder-column-138 fusion-flex-column post-card fusion-grid-column fusion-post-cards-grid-column\" style=\"--awb-bg-color:var(--awb-color1);--awb-bg-color-hover:var(--awb-color1);--awb-bg-blend:overlay;--awb-bg-size:cover;--awb-flex-grow:0;--awb-flex-shrink:0;--awb-flex-grow-medium:;--awb-flex-shrink-medium:;--awb-flex-grow-small:;--awb-flex-shrink-small:;\" data-scroll-devices=\"small-visibility,medium-visibility,large-visibility\"><div class=\"fusion-column-wrapper fusion-column-has-shadow fusion-flex-justify-content-space-around fusion-content-layout-column\"><div class=\"fusion-classic-product-image-wrapper fusion-woo-product-image fusion-post-card-image fusion-post-card-image-1 has-aspect-ratio\" data-layout=\"static\" style=\"--awb-aspect-ratio:3 \/ 2;\"><div  class=\"fusion-image-wrapper\" aria-haspopup=\"true\">\n\t\t\t\t\t\t\t<a href=\"https:\/\/www.mundusmaris.org\/fr\/activites\/mundus-maris-au-salon-boot-2024-un-grand-succes\/\" aria-label=\"Mundus maris at Boot 2024 &#8211; Great success!\">\n\t\t\t\t\t\t\t<img decoding=\"async\" width=\"800\" height=\"500\" src=\"https:\/\/www.mundusmaris.org\/wp-content\/uploads\/2024\/04\/copertina_posts_boot.jpg\" class=\"attachment-full size-full wp-post-image\" alt=\"\" srcset=\"https:\/\/www.mundusmaris.org\/wp-content\/uploads\/2024\/04\/copertina_posts_boot-200x125.jpg 200w, https:\/\/www.mundusmaris.org\/wp-content\/uploads\/2024\/04\/copertina_posts_boot-400x250.jpg 400w, https:\/\/www.mundusmaris.org\/wp-content\/uploads\/2024\/04\/copertina_posts_boot-600x375.jpg 600w, https:\/\/www.mundusmaris.org\/wp-content\/uploads\/2024\/04\/copertina_posts_boot.jpg 800w\" sizes=\"(min-width: 2200px) 100vw, (min-width: 784px) 373px, (min-width: 712px) 560px, (min-width: 640px) 712px, \" \/>\t\t\t<\/a>\n\t\t\t\t\t\t\t<\/div>\n<\/div><div class=\"fusion-meta-tb fusion-meta-tb-138 floated\" style=\"--awb-border-top:0px;--awb-height:36px;--awb-alignment-medium:flex-start;--awb-alignment-small:flex-start;\"><span class=\"fusion-tb-published-date\">Published On: 28 janvier 2024<\/span><span class=\"fusion-meta-tb-sep\"><\/span><\/div><div class=\"fusion-title title fusion-title-138 fusion-sep-none fusion-title-text fusion-title-size-four\" style=\"--awb-margin-top:20px;--awb-margin-right:20px;--awb-margin-bottom:20px;--awb-margin-left:20px;--awb-margin-top-small:10px;--awb-margin-right-small:0px;--awb-margin-bottom-small:10px;--awb-margin-left-small:0px;--awb-font-size:24px;\"><h4 class=\"fusion-title-heading title-heading-left\" style=\"font-family:&quot;IBM Plex Sans Condensed&quot;;font-style:normal;font-weight:500;margin:0;font-size:1em;line-height:1.2;\"><a href=\"https:\/\/www.mundusmaris.org\/fr\/activites\/mundus-maris-au-salon-boot-2024-un-grand-succes\/\" class=\"awb-custom-text-color awb-custom-text-hover-color\" target=\"_self\">Mundus maris at Boot 2024 &#8211; Great success!<\/a><\/h4><\/div><\/div><\/li>\n<li class=\"fusion-layout-column fusion_builder_column fusion-builder-column-139 fusion-flex-column post-card fusion-grid-column fusion-post-cards-grid-column\" style=\"--awb-bg-color:var(--awb-color1);--awb-bg-color-hover:var(--awb-color1);--awb-bg-blend:overlay;--awb-bg-size:cover;--awb-flex-grow:0;--awb-flex-shrink:0;--awb-flex-grow-medium:;--awb-flex-shrink-medium:;--awb-flex-grow-small:;--awb-flex-shrink-small:;\" data-scroll-devices=\"small-visibility,medium-visibility,large-visibility\"><div class=\"fusion-column-wrapper fusion-column-has-shadow fusion-flex-justify-content-space-around fusion-content-layout-column\"><div class=\"fusion-classic-product-image-wrapper fusion-woo-product-image fusion-post-card-image fusion-post-card-image-1 has-aspect-ratio\" data-layout=\"static\" style=\"--awb-aspect-ratio:3 \/ 2;\"><div  class=\"fusion-image-wrapper\" aria-haspopup=\"true\">\n\t\t\t\t\t\t\t<a href=\"https:\/\/www.mundusmaris.org\/fr\/locean-nous-nourrit\/rapporteur-special-des-nations-unies-sur-le-droit-a-lalimentation\/\" aria-label=\"UN Special Rapporteur on the right to food\">\n\t\t\t\t\t\t\t<img decoding=\"async\" width=\"800\" height=\"500\" src=\"https:\/\/www.mundusmaris.org\/wp-content\/uploads\/2023\/12\/800x500.jpg\" class=\"attachment-full size-full wp-post-image\" alt=\"\" srcset=\"https:\/\/www.mundusmaris.org\/wp-content\/uploads\/2023\/12\/800x500-200x125.jpg 200w, https:\/\/www.mundusmaris.org\/wp-content\/uploads\/2023\/12\/800x500-400x250.jpg 400w, https:\/\/www.mundusmaris.org\/wp-content\/uploads\/2023\/12\/800x500-600x375.jpg 600w, https:\/\/www.mundusmaris.org\/wp-content\/uploads\/2023\/12\/800x500.jpg 800w\" sizes=\"(min-width: 2200px) 100vw, (min-width: 784px) 373px, (min-width: 712px) 560px, (min-width: 640px) 712px, \" \/>\t\t\t<\/a>\n\t\t\t\t\t\t\t<\/div>\n<\/div><div class=\"fusion-meta-tb fusion-meta-tb-139 floated\" style=\"--awb-border-top:0px;--awb-height:36px;--awb-alignment-medium:flex-start;--awb-alignment-small:flex-start;\"><span class=\"fusion-tb-published-date\">Published On: 30 d\u00e9cembre 2023<\/span><span class=\"fusion-meta-tb-sep\"><\/span><\/div><div class=\"fusion-title title fusion-title-139 fusion-sep-none fusion-title-text fusion-title-size-four\" style=\"--awb-margin-top:20px;--awb-margin-right:20px;--awb-margin-bottom:20px;--awb-margin-left:20px;--awb-margin-top-small:10px;--awb-margin-right-small:0px;--awb-margin-bottom-small:10px;--awb-margin-left-small:0px;--awb-font-size:24px;\"><h4 class=\"fusion-title-heading title-heading-left\" style=\"font-family:&quot;IBM Plex Sans Condensed&quot;;font-style:normal;font-weight:500;margin:0;font-size:1em;line-height:1.2;\"><a href=\"https:\/\/www.mundusmaris.org\/fr\/locean-nous-nourrit\/rapporteur-special-des-nations-unies-sur-le-droit-a-lalimentation\/\" class=\"awb-custom-text-color awb-custom-text-hover-color\" target=\"_self\">UN Special Rapporteur on the right to food<\/a><\/h4><\/div><\/div><\/li>\n<li class=\"fusion-layout-column fusion_builder_column fusion-builder-column-140 fusion-flex-column post-card fusion-grid-column fusion-post-cards-grid-column\" style=\"--awb-bg-color:var(--awb-color1);--awb-bg-color-hover:var(--awb-color1);--awb-bg-blend:overlay;--awb-bg-size:cover;--awb-flex-grow:0;--awb-flex-shrink:0;--awb-flex-grow-medium:;--awb-flex-shrink-medium:;--awb-flex-grow-small:;--awb-flex-shrink-small:;\" data-scroll-devices=\"small-visibility,medium-visibility,large-visibility\"><div class=\"fusion-column-wrapper fusion-column-has-shadow fusion-flex-justify-content-space-around fusion-content-layout-column\"><div class=\"fusion-classic-product-image-wrapper fusion-woo-product-image fusion-post-card-image fusion-post-card-image-1 has-aspect-ratio\" data-layout=\"static\" style=\"--awb-aspect-ratio:3 \/ 2;\"><div  class=\"fusion-image-wrapper\" aria-haspopup=\"true\">\n\t\t\t\t\t\t\t<a href=\"https:\/\/www.mundusmaris.org\/fr\/activites\/la-science-et-son-utilisation-dans-un-monde-en-mutation\/\" aria-label=\"La science et son utilisation dans un monde en mutation\">\n\t\t\t\t\t\t\t<img decoding=\"async\" width=\"800\" height=\"500\" src=\"https:\/\/www.mundusmaris.org\/wp-content\/uploads\/2023\/12\/immagine-05-800x500-1.jpg\" class=\"attachment-full size-full wp-post-image\" alt=\"\" srcset=\"https:\/\/www.mundusmaris.org\/wp-content\/uploads\/2023\/12\/immagine-05-800x500-1-200x125.jpg 200w, https:\/\/www.mundusmaris.org\/wp-content\/uploads\/2023\/12\/immagine-05-800x500-1-400x250.jpg 400w, https:\/\/www.mundusmaris.org\/wp-content\/uploads\/2023\/12\/immagine-05-800x500-1-600x375.jpg 600w, https:\/\/www.mundusmaris.org\/wp-content\/uploads\/2023\/12\/immagine-05-800x500-1.jpg 800w\" sizes=\"(min-width: 2200px) 100vw, (min-width: 784px) 373px, (min-width: 712px) 560px, (min-width: 640px) 712px, \" \/>\t\t\t<\/a>\n\t\t\t\t\t\t\t<\/div>\n<\/div><div class=\"fusion-meta-tb fusion-meta-tb-140 floated\" style=\"--awb-border-top:0px;--awb-height:36px;--awb-alignment-medium:flex-start;--awb-alignment-small:flex-start;\"><span class=\"fusion-tb-published-date\">Published On: 30 d\u00e9cembre 2023<\/span><span class=\"fusion-meta-tb-sep\"><\/span><\/div><div class=\"fusion-title title fusion-title-140 fusion-sep-none fusion-title-text fusion-title-size-four\" style=\"--awb-margin-top:20px;--awb-margin-right:20px;--awb-margin-bottom:20px;--awb-margin-left:20px;--awb-margin-top-small:10px;--awb-margin-right-small:0px;--awb-margin-bottom-small:10px;--awb-margin-left-small:0px;--awb-font-size:24px;\"><h4 class=\"fusion-title-heading title-heading-left\" style=\"font-family:&quot;IBM Plex Sans Condensed&quot;;font-style:normal;font-weight:500;margin:0;font-size:1em;line-height:1.2;\"><a href=\"https:\/\/www.mundusmaris.org\/fr\/activites\/la-science-et-son-utilisation-dans-un-monde-en-mutation\/\" class=\"awb-custom-text-color awb-custom-text-hover-color\" target=\"_self\">La science et son utilisation dans un monde en mutation<\/a><\/h4><\/div><\/div><\/li>\n<li class=\"fusion-layout-column fusion_builder_column fusion-builder-column-141 fusion-flex-column post-card fusion-grid-column fusion-post-cards-grid-column\" style=\"--awb-bg-color:var(--awb-color1);--awb-bg-color-hover:var(--awb-color1);--awb-bg-blend:overlay;--awb-bg-size:cover;--awb-flex-grow:0;--awb-flex-shrink:0;--awb-flex-grow-medium:;--awb-flex-shrink-medium:;--awb-flex-grow-small:;--awb-flex-shrink-small:;\" data-scroll-devices=\"small-visibility,medium-visibility,large-visibility\"><div class=\"fusion-column-wrapper fusion-column-has-shadow fusion-flex-justify-content-space-around fusion-content-layout-column\"><div class=\"fusion-classic-product-image-wrapper fusion-woo-product-image fusion-post-card-image fusion-post-card-image-1 has-aspect-ratio\" data-layout=\"static\" style=\"--awb-aspect-ratio:3 \/ 2;\"><div  class=\"fusion-image-wrapper\" aria-haspopup=\"true\">\n\t\t\t\t\t\t\t<a href=\"https:\/\/www.mundusmaris.org\/fr\/journee-mondiale-de-locean\/wod-2023-fr\/the-book-of-the-marine-world-celebrating-world-ocean-day\/\" aria-label=\"The Book of the Marine World &#8211; celebrating World Ocean Day\">\n\t\t\t\t\t\t\t<img decoding=\"async\" width=\"1753\" height=\"1095\" src=\"https:\/\/www.mundusmaris.org\/wp-content\/uploads\/2023\/12\/Book_MarineWorld_A4_Cover-1.jpg\" class=\"attachment-full size-full wp-post-image\" alt=\"\" srcset=\"https:\/\/www.mundusmaris.org\/wp-content\/uploads\/2023\/12\/Book_MarineWorld_A4_Cover-1-200x125.jpg 200w, https:\/\/www.mundusmaris.org\/wp-content\/uploads\/2023\/12\/Book_MarineWorld_A4_Cover-1-400x250.jpg 400w, https:\/\/www.mundusmaris.org\/wp-content\/uploads\/2023\/12\/Book_MarineWorld_A4_Cover-1-600x375.jpg 600w, https:\/\/www.mundusmaris.org\/wp-content\/uploads\/2023\/12\/Book_MarineWorld_A4_Cover-1-800x500.jpg 800w, https:\/\/www.mundusmaris.org\/wp-content\/uploads\/2023\/12\/Book_MarineWorld_A4_Cover-1-1200x750.jpg 1200w, https:\/\/www.mundusmaris.org\/wp-content\/uploads\/2023\/12\/Book_MarineWorld_A4_Cover-1.jpg 1753w\" sizes=\"(min-width: 2200px) 100vw, (min-width: 784px) 373px, (min-width: 712px) 560px, (min-width: 640px) 712px, \" \/>\t\t\t<\/a>\n\t\t\t\t\t\t\t<\/div>\n<\/div><div class=\"fusion-meta-tb fusion-meta-tb-141 floated\" style=\"--awb-border-top:0px;--awb-height:36px;--awb-alignment-medium:flex-start;--awb-alignment-small:flex-start;\"><span class=\"fusion-tb-published-date\">Published On: 20 d\u00e9cembre 2023<\/span><span class=\"fusion-meta-tb-sep\"><\/span><\/div><div class=\"fusion-title title fusion-title-141 fusion-sep-none fusion-title-text fusion-title-size-four\" style=\"--awb-margin-top:20px;--awb-margin-right:20px;--awb-margin-bottom:20px;--awb-margin-left:20px;--awb-margin-top-small:10px;--awb-margin-right-small:0px;--awb-margin-bottom-small:10px;--awb-margin-left-small:0px;--awb-font-size:24px;\"><h4 class=\"fusion-title-heading title-heading-left\" style=\"font-family:&quot;IBM Plex Sans Condensed&quot;;font-style:normal;font-weight:500;margin:0;font-size:1em;line-height:1.2;\"><a href=\"https:\/\/www.mundusmaris.org\/fr\/journee-mondiale-de-locean\/wod-2023-fr\/the-book-of-the-marine-world-celebrating-world-ocean-day\/\" class=\"awb-custom-text-color awb-custom-text-hover-color\" target=\"_self\">The Book of the Marine World &#8211; celebrating World Ocean Day<\/a><\/h4><\/div><\/div><\/li>\n<li class=\"fusion-layout-column fusion_builder_column fusion-builder-column-142 fusion-flex-column post-card fusion-grid-column fusion-post-cards-grid-column\" style=\"--awb-bg-color:var(--awb-color1);--awb-bg-color-hover:var(--awb-color1);--awb-bg-blend:overlay;--awb-bg-size:cover;--awb-flex-grow:0;--awb-flex-shrink:0;--awb-flex-grow-medium:;--awb-flex-shrink-medium:;--awb-flex-grow-small:;--awb-flex-shrink-small:;\" data-scroll-devices=\"small-visibility,medium-visibility,large-visibility\"><div class=\"fusion-column-wrapper fusion-column-has-shadow fusion-flex-justify-content-space-around fusion-content-layout-column\"><div class=\"fusion-classic-product-image-wrapper fusion-woo-product-image fusion-post-card-image fusion-post-card-image-1 has-aspect-ratio\" data-layout=\"static\" style=\"--awb-aspect-ratio:3 \/ 2;\"><div  class=\"fusion-image-wrapper\" aria-haspopup=\"true\">\n\t\t\t\t\t\t\t<a href=\"https:\/\/www.mundusmaris.org\/fr\/non-classifiee\/partager-des-experiences-de-vie-avec-des-etudiants\/\" aria-label=\"Partager des exp\u00e9riences de vie avec des \u00e9tudiants\">\n\t\t\t\t\t\t\t<img decoding=\"async\" width=\"1120\" height=\"641\" src=\"https:\/\/www.mundusmaris.org\/wp-content\/uploads\/2023\/12\/W-NEW_S_TXSTATE_RGB_Secondary_3color_V.jpg\" class=\"attachment-full size-full wp-post-image\" alt=\"\" srcset=\"https:\/\/www.mundusmaris.org\/wp-content\/uploads\/2023\/12\/W-NEW_S_TXSTATE_RGB_Secondary_3color_V-200x114.jpg 200w, https:\/\/www.mundusmaris.org\/wp-content\/uploads\/2023\/12\/W-NEW_S_TXSTATE_RGB_Secondary_3color_V-400x229.jpg 400w, https:\/\/www.mundusmaris.org\/wp-content\/uploads\/2023\/12\/W-NEW_S_TXSTATE_RGB_Secondary_3color_V-600x343.jpg 600w, https:\/\/www.mundusmaris.org\/wp-content\/uploads\/2023\/12\/W-NEW_S_TXSTATE_RGB_Secondary_3color_V-800x458.jpg 800w, https:\/\/www.mundusmaris.org\/wp-content\/uploads\/2023\/12\/W-NEW_S_TXSTATE_RGB_Secondary_3color_V.jpg 1120w\" sizes=\"(min-width: 2200px) 100vw, (min-width: 784px) 373px, (min-width: 712px) 560px, (min-width: 640px) 712px, \" \/>\t\t\t<\/a>\n\t\t\t\t\t\t\t<\/div>\n<\/div><div class=\"fusion-meta-tb fusion-meta-tb-142 floated\" style=\"--awb-border-top:0px;--awb-height:36px;--awb-alignment-medium:flex-start;--awb-alignment-small:flex-start;\"><span class=\"fusion-tb-published-date\">Published On: 20 d\u00e9cembre 2023<\/span><span class=\"fusion-meta-tb-sep\"><\/span><\/div><div class=\"fusion-title title fusion-title-142 fusion-sep-none fusion-title-text fusion-title-size-four\" style=\"--awb-margin-top:20px;--awb-margin-right:20px;--awb-margin-bottom:20px;--awb-margin-left:20px;--awb-margin-top-small:10px;--awb-margin-right-small:0px;--awb-margin-bottom-small:10px;--awb-margin-left-small:0px;--awb-font-size:24px;\"><h4 class=\"fusion-title-heading title-heading-left\" style=\"font-family:&quot;IBM Plex Sans Condensed&quot;;font-style:normal;font-weight:500;margin:0;font-size:1em;line-height:1.2;\"><a href=\"https:\/\/www.mundusmaris.org\/fr\/non-classifiee\/partager-des-experiences-de-vie-avec-des-etudiants\/\" class=\"awb-custom-text-color awb-custom-text-hover-color\" target=\"_self\">Partager des exp\u00e9riences de vie avec des \u00e9tudiants<\/a><\/h4><\/div><\/div><\/li>\n<li class=\"fusion-layout-column fusion_builder_column fusion-builder-column-143 fusion-flex-column post-card fusion-grid-column fusion-post-cards-grid-column\" style=\"--awb-bg-color:var(--awb-color1);--awb-bg-color-hover:var(--awb-color1);--awb-bg-blend:overlay;--awb-bg-size:cover;--awb-flex-grow:0;--awb-flex-shrink:0;--awb-flex-grow-medium:;--awb-flex-shrink-medium:;--awb-flex-grow-small:;--awb-flex-shrink-small:;\" data-scroll-devices=\"small-visibility,medium-visibility,large-visibility\"><div class=\"fusion-column-wrapper fusion-column-has-shadow fusion-flex-justify-content-space-around fusion-content-layout-column\"><div class=\"fusion-classic-product-image-wrapper fusion-woo-product-image fusion-post-card-image fusion-post-card-image-1 has-aspect-ratio\" data-layout=\"static\" style=\"--awb-aspect-ratio:3 \/ 2;\"><div  class=\"fusion-image-wrapper\" aria-haspopup=\"true\">\n\t\t\t\t\t\t\t<a href=\"https:\/\/www.mundusmaris.org\/fr\/activites\/le-comite-belge-de-la-decennie-de-locean-revoit-son-programme\/\" aria-label=\"Le Comit\u00e9 belge de la D\u00e9cennie de l&rsquo;Oc\u00e9an revoit son programme\">\n\t\t\t\t\t\t\t<img decoding=\"async\" width=\"800\" height=\"500\" src=\"https:\/\/www.mundusmaris.org\/wp-content\/uploads\/2023\/12\/belgian.jpg\" class=\"attachment-full size-full wp-post-image\" alt=\"\" srcset=\"https:\/\/www.mundusmaris.org\/wp-content\/uploads\/2023\/12\/belgian-200x125.jpg 200w, https:\/\/www.mundusmaris.org\/wp-content\/uploads\/2023\/12\/belgian-400x250.jpg 400w, https:\/\/www.mundusmaris.org\/wp-content\/uploads\/2023\/12\/belgian-600x375.jpg 600w, https:\/\/www.mundusmaris.org\/wp-content\/uploads\/2023\/12\/belgian.jpg 800w\" sizes=\"(min-width: 2200px) 100vw, (min-width: 784px) 373px, (min-width: 712px) 560px, (min-width: 640px) 712px, \" \/>\t\t\t<\/a>\n\t\t\t\t\t\t\t<\/div>\n<\/div><div class=\"fusion-meta-tb fusion-meta-tb-143 floated\" style=\"--awb-border-top:0px;--awb-height:36px;--awb-alignment-medium:flex-start;--awb-alignment-small:flex-start;\"><span class=\"fusion-tb-published-date\">Published On: 1 d\u00e9cembre 2023<\/span><span class=\"fusion-meta-tb-sep\"><\/span><\/div><div class=\"fusion-title title fusion-title-143 fusion-sep-none fusion-title-text fusion-title-size-four\" style=\"--awb-margin-top:20px;--awb-margin-right:20px;--awb-margin-bottom:20px;--awb-margin-left:20px;--awb-margin-top-small:10px;--awb-margin-right-small:0px;--awb-margin-bottom-small:10px;--awb-margin-left-small:0px;--awb-font-size:24px;\"><h4 class=\"fusion-title-heading title-heading-left\" style=\"font-family:&quot;IBM Plex Sans Condensed&quot;;font-style:normal;font-weight:500;margin:0;font-size:1em;line-height:1.2;\"><a href=\"https:\/\/www.mundusmaris.org\/fr\/activites\/le-comite-belge-de-la-decennie-de-locean-revoit-son-programme\/\" class=\"awb-custom-text-color awb-custom-text-hover-color\" target=\"_self\">Le Comit\u00e9 belge de la D\u00e9cennie de l&rsquo;Oc\u00e9an revoit son programme<\/a><\/h4><\/div><\/div><\/li>\n<li class=\"fusion-layout-column fusion_builder_column fusion-builder-column-144 fusion-flex-column post-card fusion-grid-column fusion-post-cards-grid-column\" style=\"--awb-bg-color:var(--awb-color1);--awb-bg-color-hover:var(--awb-color1);--awb-bg-blend:overlay;--awb-bg-size:cover;--awb-flex-grow:0;--awb-flex-shrink:0;--awb-flex-grow-medium:;--awb-flex-shrink-medium:;--awb-flex-grow-small:;--awb-flex-shrink-small:;\" data-scroll-devices=\"small-visibility,medium-visibility,large-visibility\"><div class=\"fusion-column-wrapper fusion-column-has-shadow fusion-flex-justify-content-space-around fusion-content-layout-column\"><div class=\"fusion-classic-product-image-wrapper fusion-woo-product-image fusion-post-card-image fusion-post-card-image-1 has-aspect-ratio\" data-layout=\"static\" style=\"--awb-aspect-ratio:3 \/ 2;\"><div  class=\"fusion-image-wrapper\" aria-haspopup=\"true\">\n\t\t\t\t\t\t\t<a href=\"https:\/\/www.mundusmaris.org\/fr\/academie-de-la-peche-artisanale\/journee-mondiale-de-la-peche-21-novembre-2023\/\" aria-label=\"Journ\u00e9e mondiale de la p\u00eache, 21 novembre 2023\">\n\t\t\t\t\t\t\t<img decoding=\"async\" width=\"901\" height=\"600\" src=\"https:\/\/www.mundusmaris.org\/wp-content\/uploads\/2023\/12\/WorldFisheries2021-1.jpg\" class=\"attachment-full size-full wp-post-image\" alt=\"\" srcset=\"https:\/\/www.mundusmaris.org\/wp-content\/uploads\/2023\/12\/WorldFisheries2021-1-200x133.jpg 200w, https:\/\/www.mundusmaris.org\/wp-content\/uploads\/2023\/12\/WorldFisheries2021-1-400x266.jpg 400w, https:\/\/www.mundusmaris.org\/wp-content\/uploads\/2023\/12\/WorldFisheries2021-1-600x400.jpg 600w, https:\/\/www.mundusmaris.org\/wp-content\/uploads\/2023\/12\/WorldFisheries2021-1-800x533.jpg 800w, https:\/\/www.mundusmaris.org\/wp-content\/uploads\/2023\/12\/WorldFisheries2021-1.jpg 901w\" sizes=\"(min-width: 2200px) 100vw, (min-width: 784px) 373px, (min-width: 712px) 560px, (min-width: 640px) 712px, \" \/>\t\t\t<\/a>\n\t\t\t\t\t\t\t<\/div>\n<\/div><div class=\"fusion-meta-tb fusion-meta-tb-144 floated\" style=\"--awb-border-top:0px;--awb-height:36px;--awb-alignment-medium:flex-start;--awb-alignment-small:flex-start;\"><span class=\"fusion-tb-published-date\">Published On: 25 novembre 2023<\/span><span class=\"fusion-meta-tb-sep\"><\/span><\/div><div class=\"fusion-title title fusion-title-144 fusion-sep-none fusion-title-text fusion-title-size-four\" style=\"--awb-margin-top:20px;--awb-margin-right:20px;--awb-margin-bottom:20px;--awb-margin-left:20px;--awb-margin-top-small:10px;--awb-margin-right-small:0px;--awb-margin-bottom-small:10px;--awb-margin-left-small:0px;--awb-font-size:24px;\"><h4 class=\"fusion-title-heading title-heading-left\" style=\"font-family:&quot;IBM Plex Sans Condensed&quot;;font-style:normal;font-weight:500;margin:0;font-size:1em;line-height:1.2;\"><a href=\"https:\/\/www.mundusmaris.org\/fr\/academie-de-la-peche-artisanale\/journee-mondiale-de-la-peche-21-novembre-2023\/\" class=\"awb-custom-text-color awb-custom-text-hover-color\" target=\"_self\">Journ\u00e9e mondiale de la p\u00eache, 21 novembre 2023<\/a><\/h4><\/div><\/div><\/li>\n<li class=\"fusion-layout-column fusion_builder_column fusion-builder-column-145 fusion-flex-column post-card fusion-grid-column fusion-post-cards-grid-column\" style=\"--awb-bg-color:var(--awb-color1);--awb-bg-color-hover:var(--awb-color1);--awb-bg-blend:overlay;--awb-bg-size:cover;--awb-flex-grow:0;--awb-flex-shrink:0;--awb-flex-grow-medium:;--awb-flex-shrink-medium:;--awb-flex-grow-small:;--awb-flex-shrink-small:;\" data-scroll-devices=\"small-visibility,medium-visibility,large-visibility\"><div class=\"fusion-column-wrapper fusion-column-has-shadow fusion-flex-justify-content-space-around fusion-content-layout-column\"><div class=\"fusion-classic-product-image-wrapper fusion-woo-product-image fusion-post-card-image fusion-post-card-image-1 has-aspect-ratio\" data-layout=\"static\" style=\"--awb-aspect-ratio:3 \/ 2;\"><div  class=\"fusion-image-wrapper\" aria-haspopup=\"true\">\n\t\t\t\t\t\t\t<a href=\"https:\/\/www.mundusmaris.org\/fr\/activites\/aproche-ecosystemique-a-la-peche\/pampa-azul-argentina-looking-to-the-sea\/\" aria-label=\"Pampa Azul, Argentina looking to the sea\">\n\t\t\t\t\t\t\t<img decoding=\"async\" width=\"500\" height=\"335\" src=\"https:\/\/www.mundusmaris.org\/wp-content\/uploads\/2024\/09\/whale-1181395_FernandoSirniPixabay.jpg\" class=\"attachment-full size-full wp-post-image\" alt=\"\" srcset=\"https:\/\/www.mundusmaris.org\/wp-content\/uploads\/2024\/09\/whale-1181395_FernandoSirniPixabay-200x134.jpg 200w, https:\/\/www.mundusmaris.org\/wp-content\/uploads\/2024\/09\/whale-1181395_FernandoSirniPixabay-400x268.jpg 400w, https:\/\/www.mundusmaris.org\/wp-content\/uploads\/2024\/09\/whale-1181395_FernandoSirniPixabay.jpg 500w\" sizes=\"(min-width: 2200px) 100vw, (min-width: 784px) 373px, (min-width: 712px) 560px, (min-width: 640px) 712px, \" \/>\t\t\t<\/a>\n\t\t\t\t\t\t\t<\/div>\n<\/div><div class=\"fusion-meta-tb fusion-meta-tb-145 floated\" style=\"--awb-border-top:0px;--awb-height:36px;--awb-alignment-medium:flex-start;--awb-alignment-small:flex-start;\"><span class=\"fusion-tb-published-date\">Published On: 19 novembre 2023<\/span><span class=\"fusion-meta-tb-sep\"><\/span><\/div><div class=\"fusion-title title fusion-title-145 fusion-sep-none fusion-title-text fusion-title-size-four\" style=\"--awb-margin-top:20px;--awb-margin-right:20px;--awb-margin-bottom:20px;--awb-margin-left:20px;--awb-margin-top-small:10px;--awb-margin-right-small:0px;--awb-margin-bottom-small:10px;--awb-margin-left-small:0px;--awb-font-size:24px;\"><h4 class=\"fusion-title-heading title-heading-left\" style=\"font-family:&quot;IBM Plex Sans Condensed&quot;;font-style:normal;font-weight:500;margin:0;font-size:1em;line-height:1.2;\"><a href=\"https:\/\/www.mundusmaris.org\/fr\/activites\/aproche-ecosystemique-a-la-peche\/pampa-azul-argentina-looking-to-the-sea\/\" class=\"awb-custom-text-color awb-custom-text-hover-color\" target=\"_self\">Pampa Azul, Argentina looking to the sea<\/a><\/h4><\/div><\/div><\/li>\n<li class=\"fusion-layout-column fusion_builder_column fusion-builder-column-146 fusion-flex-column post-card fusion-grid-column fusion-post-cards-grid-column\" style=\"--awb-bg-color:var(--awb-color1);--awb-bg-color-hover:var(--awb-color1);--awb-bg-blend:overlay;--awb-bg-size:cover;--awb-flex-grow:0;--awb-flex-shrink:0;--awb-flex-grow-medium:;--awb-flex-shrink-medium:;--awb-flex-grow-small:;--awb-flex-shrink-small:;\" data-scroll-devices=\"small-visibility,medium-visibility,large-visibility\"><div class=\"fusion-column-wrapper fusion-column-has-shadow fusion-flex-justify-content-space-around fusion-content-layout-column\"><div class=\"fusion-classic-product-image-wrapper fusion-woo-product-image fusion-post-card-image fusion-post-card-image-1 has-aspect-ratio\" data-layout=\"static\" style=\"--awb-aspect-ratio:3 \/ 2;\"><div  class=\"fusion-image-wrapper\" aria-haspopup=\"true\">\n\t\t\t\t\t\t\t<a href=\"https:\/\/www.mundusmaris.org\/fr\/evenements\/groupe-international-pour-la-durabilite-de-locean-ipos\/\" aria-label=\"Groupe international pour la durabilit\u00e9 de l\u2019oc\u00e9an (IPOS)\">\n\t\t\t\t\t\t\t<img decoding=\"async\" width=\"500\" height=\"285\" src=\"https:\/\/www.mundusmaris.org\/wp-content\/uploads\/2024\/09\/PaulTreguerNeptuneInTrouble.jpg\" class=\"attachment-full size-full wp-post-image\" alt=\"\" srcset=\"https:\/\/www.mundusmaris.org\/wp-content\/uploads\/2024\/09\/PaulTreguerNeptuneInTrouble-200x114.jpg 200w, https:\/\/www.mundusmaris.org\/wp-content\/uploads\/2024\/09\/PaulTreguerNeptuneInTrouble-400x228.jpg 400w, https:\/\/www.mundusmaris.org\/wp-content\/uploads\/2024\/09\/PaulTreguerNeptuneInTrouble.jpg 500w\" sizes=\"(min-width: 2200px) 100vw, (min-width: 784px) 373px, (min-width: 712px) 560px, (min-width: 640px) 712px, \" \/>\t\t\t<\/a>\n\t\t\t\t\t\t\t<\/div>\n<\/div><div class=\"fusion-meta-tb fusion-meta-tb-146 floated\" style=\"--awb-border-top:0px;--awb-height:36px;--awb-alignment-medium:flex-start;--awb-alignment-small:flex-start;\"><span class=\"fusion-tb-published-date\">Published On: 15 novembre 2023<\/span><span class=\"fusion-meta-tb-sep\"><\/span><\/div><div class=\"fusion-title title fusion-title-146 fusion-sep-none fusion-title-text fusion-title-size-four\" style=\"--awb-margin-top:20px;--awb-margin-right:20px;--awb-margin-bottom:20px;--awb-margin-left:20px;--awb-margin-top-small:10px;--awb-margin-right-small:0px;--awb-margin-bottom-small:10px;--awb-margin-left-small:0px;--awb-font-size:24px;\"><h4 class=\"fusion-title-heading title-heading-left\" style=\"font-family:&quot;IBM Plex Sans Condensed&quot;;font-style:normal;font-weight:500;margin:0;font-size:1em;line-height:1.2;\"><a href=\"https:\/\/www.mundusmaris.org\/fr\/evenements\/groupe-international-pour-la-durabilite-de-locean-ipos\/\" class=\"awb-custom-text-color awb-custom-text-hover-color\" target=\"_self\">Groupe international pour la durabilit\u00e9 de l\u2019oc\u00e9an (IPOS)<\/a><\/h4><\/div><\/div><\/li>\n<li class=\"fusion-layout-column fusion_builder_column fusion-builder-column-147 fusion-flex-column post-card fusion-grid-column fusion-post-cards-grid-column\" style=\"--awb-bg-color:var(--awb-color1);--awb-bg-color-hover:var(--awb-color1);--awb-bg-blend:overlay;--awb-bg-size:cover;--awb-flex-grow:0;--awb-flex-shrink:0;--awb-flex-grow-medium:;--awb-flex-shrink-medium:;--awb-flex-grow-small:;--awb-flex-shrink-small:;\" data-scroll-devices=\"small-visibility,medium-visibility,large-visibility\"><div class=\"fusion-column-wrapper fusion-column-has-shadow fusion-flex-justify-content-space-around fusion-content-layout-column\"><div class=\"fusion-classic-product-image-wrapper fusion-woo-product-image fusion-post-card-image fusion-post-card-image-1 has-aspect-ratio\" data-layout=\"static\" style=\"--awb-aspect-ratio:3 \/ 2;\"><div  class=\"fusion-image-wrapper\" aria-haspopup=\"true\">\n\t\t\t\t\t\t\t<a href=\"https:\/\/www.mundusmaris.org\/fr\/evenements\/vers-un-reseau-global-de-amp-pour-governance-de-locean\/\" aria-label=\"Vers un r\u00e9seau mondial d&rsquo;AMP pour la gouvernance de l&rsquo;oc\u00e9an\">\n\t\t\t\t\t\t\t<img decoding=\"async\" width=\"500\" height=\"330\" src=\"https:\/\/www.mundusmaris.org\/wp-content\/uploads\/2023\/11\/OceanGovernanceLogo.jpg\" class=\"attachment-full size-full wp-post-image\" alt=\"\" srcset=\"https:\/\/www.mundusmaris.org\/wp-content\/uploads\/2023\/11\/OceanGovernanceLogo-200x132.jpg 200w, https:\/\/www.mundusmaris.org\/wp-content\/uploads\/2023\/11\/OceanGovernanceLogo-400x264.jpg 400w, https:\/\/www.mundusmaris.org\/wp-content\/uploads\/2023\/11\/OceanGovernanceLogo.jpg 500w\" sizes=\"(min-width: 2200px) 100vw, (min-width: 784px) 373px, (min-width: 712px) 560px, (min-width: 640px) 712px, \" \/>\t\t\t<\/a>\n\t\t\t\t\t\t\t<\/div>\n<\/div><div class=\"fusion-meta-tb fusion-meta-tb-147 floated\" style=\"--awb-border-top:0px;--awb-height:36px;--awb-alignment-medium:flex-start;--awb-alignment-small:flex-start;\"><span class=\"fusion-tb-published-date\">Published On: 8 novembre 2023<\/span><span class=\"fusion-meta-tb-sep\"><\/span><\/div><div class=\"fusion-title title fusion-title-147 fusion-sep-none fusion-title-text fusion-title-size-four\" style=\"--awb-margin-top:20px;--awb-margin-right:20px;--awb-margin-bottom:20px;--awb-margin-left:20px;--awb-margin-top-small:10px;--awb-margin-right-small:0px;--awb-margin-bottom-small:10px;--awb-margin-left-small:0px;--awb-font-size:24px;\"><h4 class=\"fusion-title-heading title-heading-left\" style=\"font-family:&quot;IBM Plex Sans Condensed&quot;;font-style:normal;font-weight:500;margin:0;font-size:1em;line-height:1.2;\"><a href=\"https:\/\/www.mundusmaris.org\/fr\/evenements\/vers-un-reseau-global-de-amp-pour-governance-de-locean\/\" class=\"awb-custom-text-color awb-custom-text-hover-color\" target=\"_self\">Vers un r\u00e9seau mondial d&rsquo;AMP pour la gouvernance de l&rsquo;oc\u00e9an<\/a><\/h4><\/div><\/div><\/li>\n<li class=\"fusion-layout-column fusion_builder_column fusion-builder-column-148 fusion-flex-column post-card fusion-grid-column fusion-post-cards-grid-column\" style=\"--awb-bg-color:var(--awb-color1);--awb-bg-color-hover:var(--awb-color1);--awb-bg-blend:overlay;--awb-bg-size:cover;--awb-flex-grow:0;--awb-flex-shrink:0;--awb-flex-grow-medium:;--awb-flex-shrink-medium:;--awb-flex-grow-small:;--awb-flex-shrink-small:;\" data-scroll-devices=\"small-visibility,medium-visibility,large-visibility\"><div class=\"fusion-column-wrapper fusion-column-has-shadow fusion-flex-justify-content-space-around fusion-content-layout-column\"><div class=\"fusion-classic-product-image-wrapper fusion-woo-product-image fusion-post-card-image fusion-post-card-image-1 has-aspect-ratio\" data-layout=\"static\" style=\"--awb-aspect-ratio:3 \/ 2;\"><div  class=\"fusion-image-wrapper\" aria-haspopup=\"true\">\n\t\t\t\t\t\t\t<a href=\"https:\/\/www.mundusmaris.org\/fr\/entre-tradition-et-modernite\/challenges-and-opportunities-in-the-sustainability-of-inland-open-water-fisheries-in-india\/\" aria-label=\"Challenges and Opportunities in the sustainability of Inland open water fisheries in India\">\n\t\t\t\t\t\t\t<img decoding=\"async\" width=\"800\" height=\"500\" src=\"https:\/\/www.mundusmaris.org\/wp-content\/uploads\/2023\/12\/immagine-02-800x500-1.jpg\" class=\"attachment-full size-full wp-post-image\" alt=\"\" srcset=\"https:\/\/www.mundusmaris.org\/wp-content\/uploads\/2023\/12\/immagine-02-800x500-1-200x125.jpg 200w, https:\/\/www.mundusmaris.org\/wp-content\/uploads\/2023\/12\/immagine-02-800x500-1-400x250.jpg 400w, https:\/\/www.mundusmaris.org\/wp-content\/uploads\/2023\/12\/immagine-02-800x500-1-600x375.jpg 600w, https:\/\/www.mundusmaris.org\/wp-content\/uploads\/2023\/12\/immagine-02-800x500-1.jpg 800w\" sizes=\"(min-width: 2200px) 100vw, (min-width: 784px) 373px, (min-width: 712px) 560px, (min-width: 640px) 712px, \" \/>\t\t\t<\/a>\n\t\t\t\t\t\t\t<\/div>\n<\/div><div class=\"fusion-meta-tb fusion-meta-tb-148 floated\" style=\"--awb-border-top:0px;--awb-height:36px;--awb-alignment-medium:flex-start;--awb-alignment-small:flex-start;\"><span class=\"fusion-tb-published-date\">Published On: 6 octobre 2023<\/span><span class=\"fusion-meta-tb-sep\"><\/span><\/div><div class=\"fusion-title title fusion-title-148 fusion-sep-none fusion-title-text fusion-title-size-four\" style=\"--awb-margin-top:20px;--awb-margin-right:20px;--awb-margin-bottom:20px;--awb-margin-left:20px;--awb-margin-top-small:10px;--awb-margin-right-small:0px;--awb-margin-bottom-small:10px;--awb-margin-left-small:0px;--awb-font-size:24px;\"><h4 class=\"fusion-title-heading title-heading-left\" style=\"font-family:&quot;IBM Plex Sans Condensed&quot;;font-style:normal;font-weight:500;margin:0;font-size:1em;line-height:1.2;\"><a href=\"https:\/\/www.mundusmaris.org\/fr\/entre-tradition-et-modernite\/challenges-and-opportunities-in-the-sustainability-of-inland-open-water-fisheries-in-india\/\" class=\"awb-custom-text-color awb-custom-text-hover-color\" target=\"_self\">Challenges and Opportunities in the sustainability of Inland open water fisheries in India<\/a><\/h4><\/div><\/div><\/li>\n<li class=\"fusion-layout-column fusion_builder_column fusion-builder-column-149 fusion-flex-column post-card fusion-grid-column fusion-post-cards-grid-column\" style=\"--awb-bg-color:var(--awb-color1);--awb-bg-color-hover:var(--awb-color1);--awb-bg-blend:overlay;--awb-bg-size:cover;--awb-flex-grow:0;--awb-flex-shrink:0;--awb-flex-grow-medium:;--awb-flex-shrink-medium:;--awb-flex-grow-small:;--awb-flex-shrink-small:;\" data-scroll-devices=\"small-visibility,medium-visibility,large-visibility\"><div class=\"fusion-column-wrapper fusion-column-has-shadow fusion-flex-justify-content-space-around fusion-content-layout-column\"><div class=\"fusion-classic-product-image-wrapper fusion-woo-product-image fusion-post-card-image fusion-post-card-image-1 has-aspect-ratio\" data-layout=\"static\" style=\"--awb-aspect-ratio:3 \/ 2;\"><div  class=\"fusion-image-wrapper\" aria-haspopup=\"true\">\n\t\t\t\t\t\t\t<a href=\"https:\/\/www.mundusmaris.org\/fr\/academie-de-la-peche-artisanale\/seminaire-en-ligne-defis-et-opportunites-de-la-peche-au-nigeria\/\" aria-label=\"S\u00e9minaire en ligne : D\u00e9fis et opportunit\u00e9s de la p\u00eache au Nigeria\">\n\t\t\t\t\t\t\t<img decoding=\"async\" width=\"500\" height=\"330\" src=\"https:\/\/www.mundusmaris.org\/wp-content\/uploads\/2023\/09\/YoungNigerian.jpg\" class=\"attachment-full size-full wp-post-image\" alt=\"\" srcset=\"https:\/\/www.mundusmaris.org\/wp-content\/uploads\/2023\/09\/YoungNigerian-200x132.jpg 200w, https:\/\/www.mundusmaris.org\/wp-content\/uploads\/2023\/09\/YoungNigerian-400x264.jpg 400w, https:\/\/www.mundusmaris.org\/wp-content\/uploads\/2023\/09\/YoungNigerian.jpg 500w\" sizes=\"(min-width: 2200px) 100vw, (min-width: 784px) 373px, (min-width: 712px) 560px, (min-width: 640px) 712px, \" \/>\t\t\t<\/a>\n\t\t\t\t\t\t\t<\/div>\n<\/div><div class=\"fusion-meta-tb fusion-meta-tb-149 floated\" style=\"--awb-border-top:0px;--awb-height:36px;--awb-alignment-medium:flex-start;--awb-alignment-small:flex-start;\"><span class=\"fusion-tb-published-date\">Published On: 30 septembre 2023<\/span><span class=\"fusion-meta-tb-sep\"><\/span><\/div><div class=\"fusion-title title fusion-title-149 fusion-sep-none fusion-title-text fusion-title-size-four\" style=\"--awb-margin-top:20px;--awb-margin-right:20px;--awb-margin-bottom:20px;--awb-margin-left:20px;--awb-margin-top-small:10px;--awb-margin-right-small:0px;--awb-margin-bottom-small:10px;--awb-margin-left-small:0px;--awb-font-size:24px;\"><h4 class=\"fusion-title-heading title-heading-left\" style=\"font-family:&quot;IBM Plex Sans Condensed&quot;;font-style:normal;font-weight:500;margin:0;font-size:1em;line-height:1.2;\"><a href=\"https:\/\/www.mundusmaris.org\/fr\/academie-de-la-peche-artisanale\/seminaire-en-ligne-defis-et-opportunites-de-la-peche-au-nigeria\/\" class=\"awb-custom-text-color awb-custom-text-hover-color\" target=\"_self\">S\u00e9minaire en ligne : D\u00e9fis et opportunit\u00e9s de la p\u00eache au Nigeria<\/a><\/h4><\/div><\/div><\/li>\n<li class=\"fusion-layout-column fusion_builder_column fusion-builder-column-150 fusion-flex-column post-card fusion-grid-column fusion-post-cards-grid-column\" style=\"--awb-bg-color:var(--awb-color1);--awb-bg-color-hover:var(--awb-color1);--awb-bg-blend:overlay;--awb-bg-size:cover;--awb-flex-grow:0;--awb-flex-shrink:0;--awb-flex-grow-medium:;--awb-flex-shrink-medium:;--awb-flex-grow-small:;--awb-flex-shrink-small:;\" data-scroll-devices=\"small-visibility,medium-visibility,large-visibility\"><div class=\"fusion-column-wrapper fusion-column-has-shadow fusion-flex-justify-content-space-around fusion-content-layout-column\"><div class=\"fusion-classic-product-image-wrapper fusion-woo-product-image fusion-post-card-image fusion-post-card-image-1 has-aspect-ratio\" data-layout=\"static\" style=\"--awb-aspect-ratio:3 \/ 2;\"><div  class=\"fusion-image-wrapper\" aria-haspopup=\"true\">\n\t\t\t\t\t\t\t<a href=\"https:\/\/www.mundusmaris.org\/fr\/activites\/mundus-maris-supports-climate-marches-15-and-17-september-2023\/\" aria-label=\"Mundus maris supports Climate marches, 15 and 17 September 2023\">\n\t\t\t\t\t\t\t<img decoding=\"async\" width=\"735\" height=\"490\" src=\"https:\/\/www.mundusmaris.org\/wp-content\/uploads\/2023\/12\/CEN-MMclimatemarch.jpg\" class=\"attachment-full size-full wp-post-image\" alt=\"\" srcset=\"https:\/\/www.mundusmaris.org\/wp-content\/uploads\/2023\/12\/CEN-MMclimatemarch-200x133.jpg 200w, https:\/\/www.mundusmaris.org\/wp-content\/uploads\/2023\/12\/CEN-MMclimatemarch-400x267.jpg 400w, https:\/\/www.mundusmaris.org\/wp-content\/uploads\/2023\/12\/CEN-MMclimatemarch-600x400.jpg 600w, https:\/\/www.mundusmaris.org\/wp-content\/uploads\/2023\/12\/CEN-MMclimatemarch.jpg 735w\" sizes=\"(min-width: 2200px) 100vw, (min-width: 784px) 373px, (min-width: 712px) 560px, (min-width: 640px) 712px, \" \/>\t\t\t<\/a>\n\t\t\t\t\t\t\t<\/div>\n<\/div><div class=\"fusion-meta-tb fusion-meta-tb-150 floated\" style=\"--awb-border-top:0px;--awb-height:36px;--awb-alignment-medium:flex-start;--awb-alignment-small:flex-start;\"><span class=\"fusion-tb-published-date\">Published On: 15 septembre 2023<\/span><span class=\"fusion-meta-tb-sep\"><\/span><\/div><div class=\"fusion-title title fusion-title-150 fusion-sep-none fusion-title-text fusion-title-size-four\" style=\"--awb-margin-top:20px;--awb-margin-right:20px;--awb-margin-bottom:20px;--awb-margin-left:20px;--awb-margin-top-small:10px;--awb-margin-right-small:0px;--awb-margin-bottom-small:10px;--awb-margin-left-small:0px;--awb-font-size:24px;\"><h4 class=\"fusion-title-heading title-heading-left\" style=\"font-family:&quot;IBM Plex Sans Condensed&quot;;font-style:normal;font-weight:500;margin:0;font-size:1em;line-height:1.2;\"><a href=\"https:\/\/www.mundusmaris.org\/fr\/activites\/mundus-maris-supports-climate-marches-15-and-17-september-2023\/\" class=\"awb-custom-text-color awb-custom-text-hover-color\" target=\"_self\">Mundus maris supports Climate marches, 15 and 17 September 2023<\/a><\/h4><\/div><\/div><\/li>\n<li class=\"fusion-layout-column fusion_builder_column fusion-builder-column-151 fusion-flex-column post-card fusion-grid-column fusion-post-cards-grid-column\" style=\"--awb-bg-color:var(--awb-color1);--awb-bg-color-hover:var(--awb-color1);--awb-bg-blend:overlay;--awb-bg-size:cover;--awb-flex-grow:0;--awb-flex-shrink:0;--awb-flex-grow-medium:;--awb-flex-shrink-medium:;--awb-flex-grow-small:;--awb-flex-shrink-small:;\" data-scroll-devices=\"small-visibility,medium-visibility,large-visibility\"><div class=\"fusion-column-wrapper fusion-column-has-shadow fusion-flex-justify-content-space-around fusion-content-layout-column\"><div class=\"fusion-classic-product-image-wrapper fusion-woo-product-image fusion-post-card-image fusion-post-card-image-1 has-aspect-ratio\" data-layout=\"static\" style=\"--awb-aspect-ratio:3 \/ 2;\"><div  class=\"fusion-image-wrapper\" aria-haspopup=\"true\">\n\t\t\t\t\t\t\t<a href=\"https:\/\/www.mundusmaris.org\/fr\/activites\/presentation-de-lapplication-fishbase-au-symposium-de-tervuren\/\" aria-label=\"Pr\u00e9sentation de l&rsquo;application FishBase au Symposium de Tervuren\">\n\t\t\t\t\t\t\t<img decoding=\"async\" width=\"300\" height=\"234\" src=\"https:\/\/www.mundusmaris.org\/wp-content\/uploads\/2023\/12\/JosSnoeksOpening.jpg\" class=\"attachment-full size-full wp-post-image\" alt=\"\" srcset=\"https:\/\/www.mundusmaris.org\/wp-content\/uploads\/2023\/12\/JosSnoeksOpening-200x156.jpg 200w, https:\/\/www.mundusmaris.org\/wp-content\/uploads\/2023\/12\/JosSnoeksOpening.jpg 300w\" sizes=\"(min-width: 2200px) 100vw, (min-width: 784px) 373px, (min-width: 712px) 560px, (min-width: 640px) 712px, \" \/>\t\t\t<\/a>\n\t\t\t\t\t\t\t<\/div>\n<\/div><div class=\"fusion-meta-tb fusion-meta-tb-151 floated\" style=\"--awb-border-top:0px;--awb-height:36px;--awb-alignment-medium:flex-start;--awb-alignment-small:flex-start;\"><span class=\"fusion-tb-published-date\">Published On: 15 septembre 2023<\/span><span class=\"fusion-meta-tb-sep\"><\/span><\/div><div class=\"fusion-title title fusion-title-151 fusion-sep-none fusion-title-text fusion-title-size-four\" style=\"--awb-margin-top:20px;--awb-margin-right:20px;--awb-margin-bottom:20px;--awb-margin-left:20px;--awb-margin-top-small:10px;--awb-margin-right-small:0px;--awb-margin-bottom-small:10px;--awb-margin-left-small:0px;--awb-font-size:24px;\"><h4 class=\"fusion-title-heading title-heading-left\" style=\"font-family:&quot;IBM Plex Sans Condensed&quot;;font-style:normal;font-weight:500;margin:0;font-size:1em;line-height:1.2;\"><a href=\"https:\/\/www.mundusmaris.org\/fr\/activites\/presentation-de-lapplication-fishbase-au-symposium-de-tervuren\/\" class=\"awb-custom-text-color awb-custom-text-hover-color\" target=\"_self\">Pr\u00e9sentation de l&rsquo;application FishBase au Symposium de Tervuren<\/a><\/h4><\/div><\/div><\/li>\n<li class=\"fusion-layout-column fusion_builder_column fusion-builder-column-152 fusion-flex-column post-card fusion-grid-column fusion-post-cards-grid-column\" style=\"--awb-bg-color:var(--awb-color1);--awb-bg-color-hover:var(--awb-color1);--awb-bg-blend:overlay;--awb-bg-size:cover;--awb-flex-grow:0;--awb-flex-shrink:0;--awb-flex-grow-medium:;--awb-flex-shrink-medium:;--awb-flex-grow-small:;--awb-flex-shrink-small:;\" data-scroll-devices=\"small-visibility,medium-visibility,large-visibility\"><div class=\"fusion-column-wrapper fusion-column-has-shadow fusion-flex-justify-content-space-around fusion-content-layout-column\"><div class=\"fusion-classic-product-image-wrapper fusion-woo-product-image fusion-post-card-image fusion-post-card-image-1 has-aspect-ratio\" data-layout=\"static\" style=\"--awb-aspect-ratio:3 \/ 2;\"><div  class=\"fusion-image-wrapper\" aria-haspopup=\"true\">\n\t\t\t\t\t\t\t<a href=\"https:\/\/www.mundusmaris.org\/fr\/activites\/rejoignez-la-greve-mondiale-pour-le-climat-le-15-septembre-2023\/\" aria-label=\"Rejoignez la gr\u00e8ve mondiale pour le climat, le 15 septembre 2023\">\n\t\t\t\t\t\t\t<img decoding=\"async\" width=\"1280\" height=\"519\" src=\"https:\/\/www.mundusmaris.org\/wp-content\/uploads\/2023\/12\/climate-4600289_1280.jpg\" class=\"attachment-full size-full wp-post-image\" alt=\"\" srcset=\"https:\/\/www.mundusmaris.org\/wp-content\/uploads\/2023\/12\/climate-4600289_1280-200x81.jpg 200w, https:\/\/www.mundusmaris.org\/wp-content\/uploads\/2023\/12\/climate-4600289_1280-400x162.jpg 400w, https:\/\/www.mundusmaris.org\/wp-content\/uploads\/2023\/12\/climate-4600289_1280-600x243.jpg 600w, https:\/\/www.mundusmaris.org\/wp-content\/uploads\/2023\/12\/climate-4600289_1280-800x324.jpg 800w, https:\/\/www.mundusmaris.org\/wp-content\/uploads\/2023\/12\/climate-4600289_1280-1200x487.jpg 1200w, https:\/\/www.mundusmaris.org\/wp-content\/uploads\/2023\/12\/climate-4600289_1280.jpg 1280w\" sizes=\"(min-width: 2200px) 100vw, (min-width: 784px) 373px, (min-width: 712px) 560px, (min-width: 640px) 712px, \" \/>\t\t\t<\/a>\n\t\t\t\t\t\t\t<\/div>\n<\/div><div class=\"fusion-meta-tb fusion-meta-tb-152 floated\" style=\"--awb-border-top:0px;--awb-height:36px;--awb-alignment-medium:flex-start;--awb-alignment-small:flex-start;\"><span class=\"fusion-tb-published-date\">Published On: 15 septembre 2023<\/span><span class=\"fusion-meta-tb-sep\"><\/span><\/div><div class=\"fusion-title title fusion-title-152 fusion-sep-none fusion-title-text fusion-title-size-four\" style=\"--awb-margin-top:20px;--awb-margin-right:20px;--awb-margin-bottom:20px;--awb-margin-left:20px;--awb-margin-top-small:10px;--awb-margin-right-small:0px;--awb-margin-bottom-small:10px;--awb-margin-left-small:0px;--awb-font-size:24px;\"><h4 class=\"fusion-title-heading title-heading-left\" style=\"font-family:&quot;IBM Plex Sans Condensed&quot;;font-style:normal;font-weight:500;margin:0;font-size:1em;line-height:1.2;\"><a href=\"https:\/\/www.mundusmaris.org\/fr\/activites\/rejoignez-la-greve-mondiale-pour-le-climat-le-15-septembre-2023\/\" class=\"awb-custom-text-color awb-custom-text-hover-color\" target=\"_self\">Rejoignez la gr\u00e8ve mondiale pour le climat, le 15 septembre 2023<\/a><\/h4><\/div><\/div><\/li>\n<li class=\"fusion-layout-column fusion_builder_column fusion-builder-column-153 fusion-flex-column post-card fusion-grid-column fusion-post-cards-grid-column\" style=\"--awb-bg-color:var(--awb-color1);--awb-bg-color-hover:var(--awb-color1);--awb-bg-blend:overlay;--awb-bg-size:cover;--awb-flex-grow:0;--awb-flex-shrink:0;--awb-flex-grow-medium:;--awb-flex-shrink-medium:;--awb-flex-grow-small:;--awb-flex-shrink-small:;\" data-scroll-devices=\"small-visibility,medium-visibility,large-visibility\"><div class=\"fusion-column-wrapper fusion-column-has-shadow fusion-flex-justify-content-space-around fusion-content-layout-column\"><div class=\"fusion-classic-product-image-wrapper fusion-woo-product-image fusion-post-card-image fusion-post-card-image-1 has-aspect-ratio\" data-layout=\"static\" style=\"--awb-aspect-ratio:3 \/ 2;\"><div  class=\"fusion-image-wrapper\" aria-haspopup=\"true\">\n\t\t\t\t\t\t\t<a href=\"https:\/\/www.mundusmaris.org\/fr\/evenements\/appropriation-par-lhomme-moderne-de-la-terre-et-des-oceans\/\" aria-label=\"L&rsquo;appropriation par l&rsquo;homme moderne de la Terre et des oc\u00e9ans\">\n\t\t\t\t\t\t\t<img decoding=\"async\" width=\"551\" height=\"346\" src=\"https:\/\/www.mundusmaris.org\/wp-content\/uploads\/2023\/09\/DanielPauly.jpg\" class=\"attachment-full size-full wp-post-image\" alt=\"\" srcset=\"https:\/\/www.mundusmaris.org\/wp-content\/uploads\/2023\/09\/DanielPauly-200x126.jpg 200w, https:\/\/www.mundusmaris.org\/wp-content\/uploads\/2023\/09\/DanielPauly-400x251.jpg 400w, https:\/\/www.mundusmaris.org\/wp-content\/uploads\/2023\/09\/DanielPauly.jpg 551w\" sizes=\"(min-width: 2200px) 100vw, (min-width: 784px) 373px, (min-width: 712px) 560px, (min-width: 640px) 712px, \" \/>\t\t\t<\/a>\n\t\t\t\t\t\t\t<\/div>\n<\/div><div class=\"fusion-meta-tb fusion-meta-tb-153 floated\" style=\"--awb-border-top:0px;--awb-height:36px;--awb-alignment-medium:flex-start;--awb-alignment-small:flex-start;\"><span class=\"fusion-tb-published-date\">Published On: 13 septembre 2023<\/span><span class=\"fusion-meta-tb-sep\"><\/span><\/div><div class=\"fusion-title title fusion-title-153 fusion-sep-none fusion-title-text fusion-title-size-four\" style=\"--awb-margin-top:20px;--awb-margin-right:20px;--awb-margin-bottom:20px;--awb-margin-left:20px;--awb-margin-top-small:10px;--awb-margin-right-small:0px;--awb-margin-bottom-small:10px;--awb-margin-left-small:0px;--awb-font-size:24px;\"><h4 class=\"fusion-title-heading title-heading-left\" style=\"font-family:&quot;IBM Plex Sans Condensed&quot;;font-style:normal;font-weight:500;margin:0;font-size:1em;line-height:1.2;\"><a href=\"https:\/\/www.mundusmaris.org\/fr\/evenements\/appropriation-par-lhomme-moderne-de-la-terre-et-des-oceans\/\" class=\"awb-custom-text-color awb-custom-text-hover-color\" target=\"_self\">L&rsquo;appropriation par l&rsquo;homme moderne de la Terre et des oc\u00e9ans<\/a><\/h4><\/div><\/div><\/li>\n<li class=\"fusion-layout-column fusion_builder_column fusion-builder-column-154 fusion-flex-column post-card fusion-grid-column fusion-post-cards-grid-column\" style=\"--awb-bg-color:var(--awb-color1);--awb-bg-color-hover:var(--awb-color1);--awb-bg-blend:overlay;--awb-bg-size:cover;--awb-flex-grow:0;--awb-flex-shrink:0;--awb-flex-grow-medium:;--awb-flex-shrink-medium:;--awb-flex-grow-small:;--awb-flex-shrink-small:;\" data-scroll-devices=\"small-visibility,medium-visibility,large-visibility\"><div class=\"fusion-column-wrapper fusion-column-has-shadow fusion-flex-justify-content-space-around fusion-content-layout-column\"><div class=\"fusion-classic-product-image-wrapper fusion-woo-product-image fusion-post-card-image fusion-post-card-image-1 has-aspect-ratio\" data-layout=\"static\" style=\"--awb-aspect-ratio:3 \/ 2;\"><div  class=\"fusion-image-wrapper\" aria-haspopup=\"true\">\n\t\t\t\t\t\t\t<a href=\"https:\/\/www.mundusmaris.org\/fr\/activites\/protection-de-locean-et-du-climat\/maritime-security-awareness-in-africa-elevating-youth-voices\/\" aria-label=\"Maritime Security Awareness in Africa: Elevating Youth Voices\">\n\t\t\t\t\t\t\t<img decoding=\"async\" width=\"960\" height=\"559\" src=\"https:\/\/www.mundusmaris.org\/wp-content\/uploads\/2023\/09\/children-3319460_960_720.jpg\" class=\"attachment-full size-full wp-post-image\" alt=\"\" srcset=\"https:\/\/www.mundusmaris.org\/wp-content\/uploads\/2023\/09\/children-3319460_960_720-200x116.jpg 200w, https:\/\/www.mundusmaris.org\/wp-content\/uploads\/2023\/09\/children-3319460_960_720-400x233.jpg 400w, https:\/\/www.mundusmaris.org\/wp-content\/uploads\/2023\/09\/children-3319460_960_720-600x349.jpg 600w, https:\/\/www.mundusmaris.org\/wp-content\/uploads\/2023\/09\/children-3319460_960_720-800x466.jpg 800w, https:\/\/www.mundusmaris.org\/wp-content\/uploads\/2023\/09\/children-3319460_960_720.jpg 960w\" sizes=\"(min-width: 2200px) 100vw, (min-width: 784px) 373px, (min-width: 712px) 560px, (min-width: 640px) 712px, \" \/>\t\t\t<\/a>\n\t\t\t\t\t\t\t<\/div>\n<\/div><div class=\"fusion-meta-tb fusion-meta-tb-154 floated\" style=\"--awb-border-top:0px;--awb-height:36px;--awb-alignment-medium:flex-start;--awb-alignment-small:flex-start;\"><span class=\"fusion-tb-published-date\">Published On: 12 ao\u00fbt 2023<\/span><span class=\"fusion-meta-tb-sep\"><\/span><\/div><div class=\"fusion-title title fusion-title-154 fusion-sep-none fusion-title-text fusion-title-size-four\" style=\"--awb-margin-top:20px;--awb-margin-right:20px;--awb-margin-bottom:20px;--awb-margin-left:20px;--awb-margin-top-small:10px;--awb-margin-right-small:0px;--awb-margin-bottom-small:10px;--awb-margin-left-small:0px;--awb-font-size:24px;\"><h4 class=\"fusion-title-heading title-heading-left\" style=\"font-family:&quot;IBM Plex Sans Condensed&quot;;font-style:normal;font-weight:500;margin:0;font-size:1em;line-height:1.2;\"><a href=\"https:\/\/www.mundusmaris.org\/fr\/activites\/protection-de-locean-et-du-climat\/maritime-security-awareness-in-africa-elevating-youth-voices\/\" class=\"awb-custom-text-color awb-custom-text-hover-color\" target=\"_self\">Maritime Security Awareness in Africa: Elevating Youth Voices<\/a><\/h4><\/div><\/div><\/li>\n<li class=\"fusion-layout-column fusion_builder_column fusion-builder-column-155 fusion-flex-column post-card fusion-grid-column fusion-post-cards-grid-column\" style=\"--awb-bg-color:var(--awb-color1);--awb-bg-color-hover:var(--awb-color1);--awb-bg-blend:overlay;--awb-bg-size:cover;--awb-flex-grow:0;--awb-flex-shrink:0;--awb-flex-grow-medium:;--awb-flex-shrink-medium:;--awb-flex-grow-small:;--awb-flex-shrink-small:;\" data-scroll-devices=\"small-visibility,medium-visibility,large-visibility\"><div class=\"fusion-column-wrapper fusion-column-has-shadow fusion-flex-justify-content-space-around fusion-content-layout-column\"><div class=\"fusion-classic-product-image-wrapper fusion-woo-product-image fusion-post-card-image fusion-post-card-image-1 has-aspect-ratio\" data-layout=\"static\" style=\"--awb-aspect-ratio:3 \/ 2;\"><div  class=\"fusion-image-wrapper\" aria-haspopup=\"true\">\n\t\t\t\t\t\t\t<a href=\"https:\/\/www.mundusmaris.org\/fr\/academie-de-la-peche-artisanale\/conference-mare-sur-la-peur-bleue-mundus-maris-reflechit\/\" aria-label=\"Conf\u00e9rence MARE sur la Peur bleue &#8211; Mundus maris r\u00e9fl\u00e9chit\">\n\t\t\t\t\t\t\t<img decoding=\"async\" width=\"679\" height=\"508\" src=\"https:\/\/www.mundusmaris.org\/wp-content\/uploads\/2023\/12\/MARE-poster.jpg\" class=\"attachment-full size-full wp-post-image\" alt=\"\" srcset=\"https:\/\/www.mundusmaris.org\/wp-content\/uploads\/2023\/12\/MARE-poster-200x150.jpg 200w, https:\/\/www.mundusmaris.org\/wp-content\/uploads\/2023\/12\/MARE-poster-400x299.jpg 400w, https:\/\/www.mundusmaris.org\/wp-content\/uploads\/2023\/12\/MARE-poster-600x449.jpg 600w, https:\/\/www.mundusmaris.org\/wp-content\/uploads\/2023\/12\/MARE-poster.jpg 679w\" sizes=\"(min-width: 2200px) 100vw, (min-width: 784px) 373px, (min-width: 712px) 560px, (min-width: 640px) 712px, \" \/>\t\t\t<\/a>\n\t\t\t\t\t\t\t<\/div>\n<\/div><div class=\"fusion-meta-tb fusion-meta-tb-155 floated\" style=\"--awb-border-top:0px;--awb-height:36px;--awb-alignment-medium:flex-start;--awb-alignment-small:flex-start;\"><span class=\"fusion-tb-published-date\">Published On: 5 juillet 2023<\/span><span class=\"fusion-meta-tb-sep\"><\/span><\/div><div class=\"fusion-title title fusion-title-155 fusion-sep-none fusion-title-text fusion-title-size-four\" style=\"--awb-margin-top:20px;--awb-margin-right:20px;--awb-margin-bottom:20px;--awb-margin-left:20px;--awb-margin-top-small:10px;--awb-margin-right-small:0px;--awb-margin-bottom-small:10px;--awb-margin-left-small:0px;--awb-font-size:24px;\"><h4 class=\"fusion-title-heading title-heading-left\" style=\"font-family:&quot;IBM Plex Sans Condensed&quot;;font-style:normal;font-weight:500;margin:0;font-size:1em;line-height:1.2;\"><a href=\"https:\/\/www.mundusmaris.org\/fr\/academie-de-la-peche-artisanale\/conference-mare-sur-la-peur-bleue-mundus-maris-reflechit\/\" class=\"awb-custom-text-color awb-custom-text-hover-color\" target=\"_self\">Conf\u00e9rence MARE sur la Peur bleue &#8211; Mundus maris r\u00e9fl\u00e9chit<\/a><\/h4><\/div><\/div><\/li>\n<li class=\"fusion-layout-column fusion_builder_column fusion-builder-column-156 fusion-flex-column post-card fusion-grid-column fusion-post-cards-grid-column\" style=\"--awb-bg-color:var(--awb-color1);--awb-bg-color-hover:var(--awb-color1);--awb-bg-blend:overlay;--awb-bg-size:cover;--awb-flex-grow:0;--awb-flex-shrink:0;--awb-flex-grow-medium:;--awb-flex-shrink-medium:;--awb-flex-grow-small:;--awb-flex-shrink-small:;\" data-scroll-devices=\"small-visibility,medium-visibility,large-visibility\"><div class=\"fusion-column-wrapper fusion-column-has-shadow fusion-flex-justify-content-space-around fusion-content-layout-column\"><div class=\"fusion-classic-product-image-wrapper fusion-woo-product-image fusion-post-card-image fusion-post-card-image-1 has-aspect-ratio\" data-layout=\"static\" style=\"--awb-aspect-ratio:3 \/ 2;\"><div  class=\"fusion-image-wrapper\" aria-haspopup=\"true\">\n\t\t\t\t\t\t\t<a href=\"https:\/\/www.mundusmaris.org\/fr\/evenements\/eu-ocean-and-rivers-recovery-mission-mediterranean-lighthouse\/\" aria-label=\"EU Ocean and Rivers Recovery Mission &#8211; Mediterranean Lighthouse\">\n\t\t\t\t\t\t\t<img decoding=\"async\" width=\"1280\" height=\"853\" src=\"https:\/\/www.mundusmaris.org\/wp-content\/uploads\/2023\/06\/SalaDErcole_wiki.jpg\" class=\"attachment-full size-full wp-post-image\" alt=\"\" srcset=\"https:\/\/www.mundusmaris.org\/wp-content\/uploads\/2023\/06\/SalaDErcole_wiki-200x133.jpg 200w, https:\/\/www.mundusmaris.org\/wp-content\/uploads\/2023\/06\/SalaDErcole_wiki-400x267.jpg 400w, https:\/\/www.mundusmaris.org\/wp-content\/uploads\/2023\/06\/SalaDErcole_wiki-600x400.jpg 600w, https:\/\/www.mundusmaris.org\/wp-content\/uploads\/2023\/06\/SalaDErcole_wiki-800x533.jpg 800w, https:\/\/www.mundusmaris.org\/wp-content\/uploads\/2023\/06\/SalaDErcole_wiki-1200x800.jpg 1200w, https:\/\/www.mundusmaris.org\/wp-content\/uploads\/2023\/06\/SalaDErcole_wiki.jpg 1280w\" sizes=\"(min-width: 2200px) 100vw, (min-width: 784px) 373px, (min-width: 712px) 560px, (min-width: 640px) 712px, \" \/>\t\t\t<\/a>\n\t\t\t\t\t\t\t<\/div>\n<\/div><div class=\"fusion-meta-tb fusion-meta-tb-156 floated\" style=\"--awb-border-top:0px;--awb-height:36px;--awb-alignment-medium:flex-start;--awb-alignment-small:flex-start;\"><span class=\"fusion-tb-published-date\">Published On: 1 juin 2023<\/span><span class=\"fusion-meta-tb-sep\"><\/span><\/div><div class=\"fusion-title title fusion-title-156 fusion-sep-none fusion-title-text fusion-title-size-four\" style=\"--awb-margin-top:20px;--awb-margin-right:20px;--awb-margin-bottom:20px;--awb-margin-left:20px;--awb-margin-top-small:10px;--awb-margin-right-small:0px;--awb-margin-bottom-small:10px;--awb-margin-left-small:0px;--awb-font-size:24px;\"><h4 class=\"fusion-title-heading title-heading-left\" style=\"font-family:&quot;IBM Plex Sans Condensed&quot;;font-style:normal;font-weight:500;margin:0;font-size:1em;line-height:1.2;\"><a href=\"https:\/\/www.mundusmaris.org\/fr\/evenements\/eu-ocean-and-rivers-recovery-mission-mediterranean-lighthouse\/\" class=\"awb-custom-text-color awb-custom-text-hover-color\" target=\"_self\">EU Ocean and Rivers Recovery Mission &#8211; Mediterranean Lighthouse<\/a><\/h4><\/div><\/div><\/li>\n<li class=\"fusion-layout-column fusion_builder_column fusion-builder-column-157 fusion-flex-column post-card fusion-grid-column fusion-post-cards-grid-column\" style=\"--awb-bg-color:var(--awb-color1);--awb-bg-color-hover:var(--awb-color1);--awb-bg-blend:overlay;--awb-bg-size:cover;--awb-flex-grow:0;--awb-flex-shrink:0;--awb-flex-grow-medium:;--awb-flex-shrink-medium:;--awb-flex-grow-small:;--awb-flex-shrink-small:;\" data-scroll-devices=\"small-visibility,medium-visibility,large-visibility\"><div class=\"fusion-column-wrapper fusion-column-has-shadow fusion-flex-justify-content-space-around fusion-content-layout-column\"><div class=\"fusion-classic-product-image-wrapper fusion-woo-product-image fusion-post-card-image fusion-post-card-image-1 has-aspect-ratio\" data-layout=\"static\" style=\"--awb-aspect-ratio:3 \/ 2;\"><div  class=\"fusion-image-wrapper\" aria-haspopup=\"true\">\n\t\t\t\t\t\t\t<a href=\"https:\/\/www.mundusmaris.org\/fr\/academie-de-la-peche-artisanale\/the-transition-from-vulnerability-to-viability-through-illuminating-hidden-harvests\/\" aria-label=\"The Transition From Vulnerability to Viability Through Illuminating Hidden Harvests, 26 May 2023\">\n\t\t\t\t\t\t\t<img decoding=\"async\" width=\"680\" height=\"425\" src=\"https:\/\/www.mundusmaris.org\/wp-content\/uploads\/2023\/12\/NicoleFranzFAO-2740601980.jpg\" class=\"attachment-full size-full wp-post-image\" alt=\"\" srcset=\"https:\/\/www.mundusmaris.org\/wp-content\/uploads\/2023\/12\/NicoleFranzFAO-2740601980-200x125.jpg 200w, https:\/\/www.mundusmaris.org\/wp-content\/uploads\/2023\/12\/NicoleFranzFAO-2740601980-400x250.jpg 400w, https:\/\/www.mundusmaris.org\/wp-content\/uploads\/2023\/12\/NicoleFranzFAO-2740601980-600x375.jpg 600w, https:\/\/www.mundusmaris.org\/wp-content\/uploads\/2023\/12\/NicoleFranzFAO-2740601980.jpg 680w\" sizes=\"(min-width: 2200px) 100vw, (min-width: 784px) 373px, (min-width: 712px) 560px, (min-width: 640px) 712px, \" \/>\t\t\t<\/a>\n\t\t\t\t\t\t\t<\/div>\n<\/div><div class=\"fusion-meta-tb fusion-meta-tb-157 floated\" style=\"--awb-border-top:0px;--awb-height:36px;--awb-alignment-medium:flex-start;--awb-alignment-small:flex-start;\"><span class=\"fusion-tb-published-date\">Published On: 28 mai 2023<\/span><span class=\"fusion-meta-tb-sep\"><\/span><\/div><div class=\"fusion-title title fusion-title-157 fusion-sep-none fusion-title-text fusion-title-size-four\" style=\"--awb-margin-top:20px;--awb-margin-right:20px;--awb-margin-bottom:20px;--awb-margin-left:20px;--awb-margin-top-small:10px;--awb-margin-right-small:0px;--awb-margin-bottom-small:10px;--awb-margin-left-small:0px;--awb-font-size:24px;\"><h4 class=\"fusion-title-heading title-heading-left\" style=\"font-family:&quot;IBM Plex Sans Condensed&quot;;font-style:normal;font-weight:500;margin:0;font-size:1em;line-height:1.2;\"><a href=\"https:\/\/www.mundusmaris.org\/fr\/academie-de-la-peche-artisanale\/the-transition-from-vulnerability-to-viability-through-illuminating-hidden-harvests\/\" class=\"awb-custom-text-color awb-custom-text-hover-color\" target=\"_self\">The Transition From Vulnerability to Viability Through Illuminating Hidden Harvests, 26 May 2023<\/a><\/h4><\/div><\/div><\/li>\n<li class=\"fusion-layout-column fusion_builder_column fusion-builder-column-158 fusion-flex-column post-card fusion-grid-column fusion-post-cards-grid-column\" style=\"--awb-bg-color:var(--awb-color1);--awb-bg-color-hover:var(--awb-color1);--awb-bg-blend:overlay;--awb-bg-size:cover;--awb-flex-grow:0;--awb-flex-shrink:0;--awb-flex-grow-medium:;--awb-flex-shrink-medium:;--awb-flex-grow-small:;--awb-flex-shrink-small:;\" data-scroll-devices=\"small-visibility,medium-visibility,large-visibility\"><div class=\"fusion-column-wrapper fusion-column-has-shadow fusion-flex-justify-content-space-around fusion-content-layout-column\"><div class=\"fusion-classic-product-image-wrapper fusion-woo-product-image fusion-post-card-image fusion-post-card-image-1 has-aspect-ratio\" data-layout=\"static\" style=\"--awb-aspect-ratio:3 \/ 2;\"><div  class=\"fusion-image-wrapper\" aria-haspopup=\"true\">\n\t\t\t\t\t\t\t<a href=\"https:\/\/www.mundusmaris.org\/fr\/activites\/protection-de-locean-et-du-climat\/beyond-growth-ep-conference-15-to-17-may-2023-moving-forward-towards-sufficiency-and-wellbeing\/\" aria-label=\"Au-del\u00e0 de la croissance &#8211; Conf\u00e9rence du Parlement Europ\u00e9en, du 15 au 17 mai 2023\">\n\t\t\t\t\t\t\t<img decoding=\"async\" width=\"500\" height=\"330\" src=\"https:\/\/www.mundusmaris.org\/wp-content\/uploads\/2024\/12\/YaminaSaheb_IPCC-PanelLeadAuthorAR6Plenary3.jpg\" class=\"attachment-full size-full wp-post-image\" alt=\"\" srcset=\"https:\/\/www.mundusmaris.org\/wp-content\/uploads\/2024\/12\/YaminaSaheb_IPCC-PanelLeadAuthorAR6Plenary3-200x132.jpg 200w, https:\/\/www.mundusmaris.org\/wp-content\/uploads\/2024\/12\/YaminaSaheb_IPCC-PanelLeadAuthorAR6Plenary3-400x264.jpg 400w, https:\/\/www.mundusmaris.org\/wp-content\/uploads\/2024\/12\/YaminaSaheb_IPCC-PanelLeadAuthorAR6Plenary3.jpg 500w\" sizes=\"(min-width: 2200px) 100vw, (min-width: 784px) 373px, (min-width: 712px) 560px, (min-width: 640px) 712px, \" \/>\t\t\t<\/a>\n\t\t\t\t\t\t\t<\/div>\n<\/div><div class=\"fusion-meta-tb fusion-meta-tb-158 floated\" style=\"--awb-border-top:0px;--awb-height:36px;--awb-alignment-medium:flex-start;--awb-alignment-small:flex-start;\"><span class=\"fusion-tb-published-date\">Published On: 20 mai 2023<\/span><span class=\"fusion-meta-tb-sep\"><\/span><\/div><div class=\"fusion-title title fusion-title-158 fusion-sep-none fusion-title-text fusion-title-size-four\" style=\"--awb-margin-top:20px;--awb-margin-right:20px;--awb-margin-bottom:20px;--awb-margin-left:20px;--awb-margin-top-small:10px;--awb-margin-right-small:0px;--awb-margin-bottom-small:10px;--awb-margin-left-small:0px;--awb-font-size:24px;\"><h4 class=\"fusion-title-heading title-heading-left\" style=\"font-family:&quot;IBM Plex Sans Condensed&quot;;font-style:normal;font-weight:500;margin:0;font-size:1em;line-height:1.2;\"><a href=\"https:\/\/www.mundusmaris.org\/fr\/activites\/protection-de-locean-et-du-climat\/beyond-growth-ep-conference-15-to-17-may-2023-moving-forward-towards-sufficiency-and-wellbeing\/\" class=\"awb-custom-text-color awb-custom-text-hover-color\" target=\"_self\">Au-del\u00e0 de la croissance &#8211; Conf\u00e9rence du Parlement Europ\u00e9en, du 15 au 17 mai 2023<\/a><\/h4><\/div><\/div><\/li>\n<li class=\"fusion-layout-column fusion_builder_column fusion-builder-column-159 fusion-flex-column post-card fusion-grid-column fusion-post-cards-grid-column\" style=\"--awb-bg-color:var(--awb-color1);--awb-bg-color-hover:var(--awb-color1);--awb-bg-blend:overlay;--awb-bg-size:cover;--awb-flex-grow:0;--awb-flex-shrink:0;--awb-flex-grow-medium:;--awb-flex-shrink-medium:;--awb-flex-grow-small:;--awb-flex-shrink-small:;\" data-scroll-devices=\"small-visibility,medium-visibility,large-visibility\"><div class=\"fusion-column-wrapper fusion-column-has-shadow fusion-flex-justify-content-space-around fusion-content-layout-column\"><div class=\"fusion-classic-product-image-wrapper fusion-woo-product-image fusion-post-card-image fusion-post-card-image-1 has-aspect-ratio\" data-layout=\"static\" style=\"--awb-aspect-ratio:3 \/ 2;\"><div  class=\"fusion-image-wrapper\" aria-haspopup=\"true\">\n\t\t\t\t\t\t\t<a href=\"https:\/\/www.mundusmaris.org\/fr\/academie-de-la-peche-artisanale\/les-sessions-de-legu-se-concentrent-sur-la-geoethique-et-lapprentissage-collaboratif\/\" aria-label=\"Les sessions de l&rsquo;EGU se concentrent sur la g\u00e9o\u00e9thique et l&rsquo;apprentissage collaboratif\">\n\t\t\t\t\t\t\t<img decoding=\"async\" width=\"500\" height=\"388\" src=\"https:\/\/www.mundusmaris.org\/wp-content\/uploads\/2023\/12\/SilviaPeppoloni.jpg\" class=\"attachment-full size-full wp-post-image\" alt=\"\" srcset=\"https:\/\/www.mundusmaris.org\/wp-content\/uploads\/2023\/12\/SilviaPeppoloni-200x155.jpg 200w, https:\/\/www.mundusmaris.org\/wp-content\/uploads\/2023\/12\/SilviaPeppoloni-400x310.jpg 400w, https:\/\/www.mundusmaris.org\/wp-content\/uploads\/2023\/12\/SilviaPeppoloni.jpg 500w\" sizes=\"(min-width: 2200px) 100vw, (min-width: 784px) 373px, (min-width: 712px) 560px, (min-width: 640px) 712px, \" \/>\t\t\t<\/a>\n\t\t\t\t\t\t\t<\/div>\n<\/div><div class=\"fusion-meta-tb fusion-meta-tb-159 floated\" style=\"--awb-border-top:0px;--awb-height:36px;--awb-alignment-medium:flex-start;--awb-alignment-small:flex-start;\"><span class=\"fusion-tb-published-date\">Published On: 30 avril 2023<\/span><span class=\"fusion-meta-tb-sep\"><\/span><\/div><div class=\"fusion-title title fusion-title-159 fusion-sep-none fusion-title-text fusion-title-size-four\" style=\"--awb-margin-top:20px;--awb-margin-right:20px;--awb-margin-bottom:20px;--awb-margin-left:20px;--awb-margin-top-small:10px;--awb-margin-right-small:0px;--awb-margin-bottom-small:10px;--awb-margin-left-small:0px;--awb-font-size:24px;\"><h4 class=\"fusion-title-heading title-heading-left\" style=\"font-family:&quot;IBM Plex Sans Condensed&quot;;font-style:normal;font-weight:500;margin:0;font-size:1em;line-height:1.2;\"><a href=\"https:\/\/www.mundusmaris.org\/fr\/academie-de-la-peche-artisanale\/les-sessions-de-legu-se-concentrent-sur-la-geoethique-et-lapprentissage-collaboratif\/\" class=\"awb-custom-text-color awb-custom-text-hover-color\" target=\"_self\">Les sessions de l&rsquo;EGU se concentrent sur la g\u00e9o\u00e9thique et l&rsquo;apprentissage collaboratif<\/a><\/h4><\/div><\/div><\/li>\n<li class=\"fusion-layout-column fusion_builder_column fusion-builder-column-160 fusion-flex-column post-card fusion-grid-column fusion-post-cards-grid-column\" style=\"--awb-bg-color:var(--awb-color1);--awb-bg-color-hover:var(--awb-color1);--awb-bg-blend:overlay;--awb-bg-size:cover;--awb-flex-grow:0;--awb-flex-shrink:0;--awb-flex-grow-medium:;--awb-flex-shrink-medium:;--awb-flex-grow-small:;--awb-flex-shrink-small:;\" data-scroll-devices=\"small-visibility,medium-visibility,large-visibility\"><div class=\"fusion-column-wrapper fusion-column-has-shadow fusion-flex-justify-content-space-around fusion-content-layout-column\"><div class=\"fusion-classic-product-image-wrapper fusion-woo-product-image fusion-post-card-image fusion-post-card-image-1 has-aspect-ratio\" data-layout=\"static\" style=\"--awb-aspect-ratio:3 \/ 2;\"><div  class=\"fusion-image-wrapper\" aria-haspopup=\"true\">\n\t\t\t\t\t\t\t<a href=\"https:\/\/www.mundusmaris.org\/fr\/entre-tradition-et-modernite\/april-v2v-lecture-vulnerability-to-viability-mind-matters\/\" aria-label=\"April V2V lecture &#8211; Vulnerability to Viability: Mind Matters\">\n\t\t\t\t\t\t\t<img decoding=\"async\" width=\"573\" height=\"295\" src=\"https:\/\/www.mundusmaris.org\/wp-content\/uploads\/2023\/12\/AnuradhaChoudry.jpg\" class=\"attachment-full size-full wp-post-image\" alt=\"\" srcset=\"https:\/\/www.mundusmaris.org\/wp-content\/uploads\/2023\/12\/AnuradhaChoudry-200x103.jpg 200w, https:\/\/www.mundusmaris.org\/wp-content\/uploads\/2023\/12\/AnuradhaChoudry-400x206.jpg 400w, https:\/\/www.mundusmaris.org\/wp-content\/uploads\/2023\/12\/AnuradhaChoudry.jpg 573w\" sizes=\"(min-width: 2200px) 100vw, (min-width: 784px) 373px, (min-width: 712px) 560px, (min-width: 640px) 712px, \" \/>\t\t\t<\/a>\n\t\t\t\t\t\t\t<\/div>\n<\/div><div class=\"fusion-meta-tb fusion-meta-tb-160 floated\" style=\"--awb-border-top:0px;--awb-height:36px;--awb-alignment-medium:flex-start;--awb-alignment-small:flex-start;\"><span class=\"fusion-tb-published-date\">Published On: 28 avril 2023<\/span><span class=\"fusion-meta-tb-sep\"><\/span><\/div><div class=\"fusion-title title fusion-title-160 fusion-sep-none fusion-title-text fusion-title-size-four\" style=\"--awb-margin-top:20px;--awb-margin-right:20px;--awb-margin-bottom:20px;--awb-margin-left:20px;--awb-margin-top-small:10px;--awb-margin-right-small:0px;--awb-margin-bottom-small:10px;--awb-margin-left-small:0px;--awb-font-size:24px;\"><h4 class=\"fusion-title-heading title-heading-left\" style=\"font-family:&quot;IBM Plex Sans Condensed&quot;;font-style:normal;font-weight:500;margin:0;font-size:1em;line-height:1.2;\"><a href=\"https:\/\/www.mundusmaris.org\/fr\/entre-tradition-et-modernite\/april-v2v-lecture-vulnerability-to-viability-mind-matters\/\" class=\"awb-custom-text-color awb-custom-text-hover-color\" target=\"_self\">April V2V lecture &#8211; Vulnerability to Viability: Mind Matters<\/a><\/h4><\/div><\/div><\/li>\n<li class=\"fusion-layout-column fusion_builder_column fusion-builder-column-161 fusion-flex-column post-card fusion-grid-column fusion-post-cards-grid-column\" style=\"--awb-bg-color:var(--awb-color1);--awb-bg-color-hover:var(--awb-color1);--awb-bg-blend:overlay;--awb-bg-size:cover;--awb-flex-grow:0;--awb-flex-shrink:0;--awb-flex-grow-medium:;--awb-flex-shrink-medium:;--awb-flex-grow-small:;--awb-flex-shrink-small:;\" data-scroll-devices=\"small-visibility,medium-visibility,large-visibility\"><div class=\"fusion-column-wrapper fusion-column-has-shadow fusion-flex-justify-content-space-around fusion-content-layout-column\"><div class=\"fusion-classic-product-image-wrapper fusion-woo-product-image fusion-post-card-image fusion-post-card-image-1 has-aspect-ratio\" data-layout=\"static\" style=\"--awb-aspect-ratio:3 \/ 2;\"><div  class=\"fusion-image-wrapper\" aria-haspopup=\"true\">\n\t\t\t\t\t\t\t<a href=\"https:\/\/www.mundusmaris.org\/fr\/academie-de-la-peche-artisanale\/solidarite-avec-les-artisans-pecheurs-du-senegal-et-de-la-mauritanie\/\" aria-label=\"Solidarit\u00e9 avec les artisans p\u00eacheurs du S\u00e9n\u00e9gal et de la Mauritanie\">\n\t\t\t\t\t\t\t<img decoding=\"async\" width=\"225\" height=\"150\" src=\"https:\/\/www.mundusmaris.org\/wp-content\/uploads\/2023\/12\/OilRig-2191719.jpg\" class=\"attachment-full size-full wp-post-image\" alt=\"\" srcset=\"https:\/\/www.mundusmaris.org\/wp-content\/uploads\/2023\/12\/OilRig-2191719-200x133.jpg 200w, https:\/\/www.mundusmaris.org\/wp-content\/uploads\/2023\/12\/OilRig-2191719.jpg 225w\" sizes=\"(min-width: 2200px) 100vw, (min-width: 784px) 373px, (min-width: 712px) 560px, (min-width: 640px) 712px, \" \/>\t\t\t<\/a>\n\t\t\t\t\t\t\t<\/div>\n<\/div><div class=\"fusion-meta-tb fusion-meta-tb-161 floated\" style=\"--awb-border-top:0px;--awb-height:36px;--awb-alignment-medium:flex-start;--awb-alignment-small:flex-start;\"><span class=\"fusion-tb-published-date\">Published On: 18 avril 2023<\/span><span class=\"fusion-meta-tb-sep\"><\/span><\/div><div class=\"fusion-title title fusion-title-161 fusion-sep-none fusion-title-text fusion-title-size-four\" style=\"--awb-margin-top:20px;--awb-margin-right:20px;--awb-margin-bottom:20px;--awb-margin-left:20px;--awb-margin-top-small:10px;--awb-margin-right-small:0px;--awb-margin-bottom-small:10px;--awb-margin-left-small:0px;--awb-font-size:24px;\"><h4 class=\"fusion-title-heading title-heading-left\" style=\"font-family:&quot;IBM Plex Sans Condensed&quot;;font-style:normal;font-weight:500;margin:0;font-size:1em;line-height:1.2;\"><a href=\"https:\/\/www.mundusmaris.org\/fr\/academie-de-la-peche-artisanale\/solidarite-avec-les-artisans-pecheurs-du-senegal-et-de-la-mauritanie\/\" class=\"awb-custom-text-color awb-custom-text-hover-color\" target=\"_self\">Solidarit\u00e9 avec les artisans p\u00eacheurs du S\u00e9n\u00e9gal et de la Mauritanie<\/a><\/h4><\/div><\/div><\/li>\n<li class=\"fusion-layout-column fusion_builder_column fusion-builder-column-162 fusion-flex-column post-card fusion-grid-column fusion-post-cards-grid-column\" style=\"--awb-bg-color:var(--awb-color1);--awb-bg-color-hover:var(--awb-color1);--awb-bg-blend:overlay;--awb-bg-size:cover;--awb-flex-grow:0;--awb-flex-shrink:0;--awb-flex-grow-medium:;--awb-flex-shrink-medium:;--awb-flex-grow-small:;--awb-flex-shrink-small:;\" data-scroll-devices=\"small-visibility,medium-visibility,large-visibility\"><div class=\"fusion-column-wrapper fusion-column-has-shadow fusion-flex-justify-content-space-around fusion-content-layout-column\"><div class=\"fusion-classic-product-image-wrapper fusion-woo-product-image fusion-post-card-image fusion-post-card-image-1 has-aspect-ratio\" data-layout=\"static\" style=\"--awb-aspect-ratio:3 \/ 2;\"><div  class=\"fusion-image-wrapper\" aria-haspopup=\"true\">\n\t\t\t\t\t\t\t<a href=\"https:\/\/www.mundusmaris.org\/fr\/activites\/salon-de-lemploi-maritime-du-4-avril-2023-a-accra-au-ghana\/\" aria-label=\"Salon de l&#8217;emploi maritime du 4 avril 2023 \u00e0 Accra au Ghana\">\n\t\t\t\t\t\t\t<img decoding=\"async\" width=\"500\" height=\"330\" src=\"https:\/\/www.mundusmaris.org\/wp-content\/uploads\/2023\/12\/LogoGogmi.jpg\" class=\"attachment-full size-full wp-post-image\" alt=\"\" srcset=\"https:\/\/www.mundusmaris.org\/wp-content\/uploads\/2023\/12\/LogoGogmi-200x132.jpg 200w, https:\/\/www.mundusmaris.org\/wp-content\/uploads\/2023\/12\/LogoGogmi-400x264.jpg 400w, https:\/\/www.mundusmaris.org\/wp-content\/uploads\/2023\/12\/LogoGogmi.jpg 500w\" sizes=\"(min-width: 2200px) 100vw, (min-width: 784px) 373px, (min-width: 712px) 560px, (min-width: 640px) 712px, \" \/>\t\t\t<\/a>\n\t\t\t\t\t\t\t<\/div>\n<\/div><div class=\"fusion-meta-tb fusion-meta-tb-162 floated\" style=\"--awb-border-top:0px;--awb-height:36px;--awb-alignment-medium:flex-start;--awb-alignment-small:flex-start;\"><span class=\"fusion-tb-published-date\">Published On: 10 avril 2023<\/span><span class=\"fusion-meta-tb-sep\"><\/span><\/div><div class=\"fusion-title title fusion-title-162 fusion-sep-none fusion-title-text fusion-title-size-four\" style=\"--awb-margin-top:20px;--awb-margin-right:20px;--awb-margin-bottom:20px;--awb-margin-left:20px;--awb-margin-top-small:10px;--awb-margin-right-small:0px;--awb-margin-bottom-small:10px;--awb-margin-left-small:0px;--awb-font-size:24px;\"><h4 class=\"fusion-title-heading title-heading-left\" style=\"font-family:&quot;IBM Plex Sans Condensed&quot;;font-style:normal;font-weight:500;margin:0;font-size:1em;line-height:1.2;\"><a href=\"https:\/\/www.mundusmaris.org\/fr\/activites\/salon-de-lemploi-maritime-du-4-avril-2023-a-accra-au-ghana\/\" class=\"awb-custom-text-color awb-custom-text-hover-color\" target=\"_self\">Salon de l&#8217;emploi maritime du 4 avril 2023 \u00e0 Accra au Ghana<\/a><\/h4><\/div><\/div><\/li>\n<li class=\"fusion-layout-column fusion_builder_column fusion-builder-column-163 fusion-flex-column post-card fusion-grid-column fusion-post-cards-grid-column\" style=\"--awb-bg-color:var(--awb-color1);--awb-bg-color-hover:var(--awb-color1);--awb-bg-blend:overlay;--awb-bg-size:cover;--awb-flex-grow:0;--awb-flex-shrink:0;--awb-flex-grow-medium:;--awb-flex-shrink-medium:;--awb-flex-grow-small:;--awb-flex-shrink-small:;\" data-scroll-devices=\"small-visibility,medium-visibility,large-visibility\"><div class=\"fusion-column-wrapper fusion-column-has-shadow fusion-flex-justify-content-space-around fusion-content-layout-column\"><div class=\"fusion-classic-product-image-wrapper fusion-woo-product-image fusion-post-card-image fusion-post-card-image-1 has-aspect-ratio\" data-layout=\"static\" style=\"--awb-aspect-ratio:3 \/ 2;\"><div  class=\"fusion-image-wrapper\" aria-haspopup=\"true\">\n\t\t\t\t\t\t\t<a href=\"https:\/\/www.mundusmaris.org\/fr\/academie-de-la-peche-artisanale\/the-legal-instruments-for-the-development-of-sustainable-small-scale-fisheries-governance-in-nigeria\/\" aria-label=\"The legal instruments for the development of sustainable small-scale fisheries governance in Nigeria, 31 March 2023\">\n\t\t\t\t\t\t\t<img decoding=\"async\" width=\"300\" height=\"229\" src=\"https:\/\/www.mundusmaris.org\/wp-content\/uploads\/2023\/12\/FolukeAreola1.jpg\" class=\"attachment-full size-full wp-post-image\" alt=\"\" srcset=\"https:\/\/www.mundusmaris.org\/wp-content\/uploads\/2023\/12\/FolukeAreola1-200x153.jpg 200w, https:\/\/www.mundusmaris.org\/wp-content\/uploads\/2023\/12\/FolukeAreola1.jpg 300w\" sizes=\"(min-width: 2200px) 100vw, (min-width: 784px) 373px, (min-width: 712px) 560px, (min-width: 640px) 712px, \" \/>\t\t\t<\/a>\n\t\t\t\t\t\t\t<\/div>\n<\/div><div class=\"fusion-meta-tb fusion-meta-tb-163 floated\" style=\"--awb-border-top:0px;--awb-height:36px;--awb-alignment-medium:flex-start;--awb-alignment-small:flex-start;\"><span class=\"fusion-tb-published-date\">Published On: 3 avril 2023<\/span><span class=\"fusion-meta-tb-sep\"><\/span><\/div><div class=\"fusion-title title fusion-title-163 fusion-sep-none fusion-title-text fusion-title-size-four\" style=\"--awb-margin-top:20px;--awb-margin-right:20px;--awb-margin-bottom:20px;--awb-margin-left:20px;--awb-margin-top-small:10px;--awb-margin-right-small:0px;--awb-margin-bottom-small:10px;--awb-margin-left-small:0px;--awb-font-size:24px;\"><h4 class=\"fusion-title-heading title-heading-left\" style=\"font-family:&quot;IBM Plex Sans Condensed&quot;;font-style:normal;font-weight:500;margin:0;font-size:1em;line-height:1.2;\"><a href=\"https:\/\/www.mundusmaris.org\/fr\/academie-de-la-peche-artisanale\/the-legal-instruments-for-the-development-of-sustainable-small-scale-fisheries-governance-in-nigeria\/\" class=\"awb-custom-text-color awb-custom-text-hover-color\" target=\"_self\">The legal instruments for the development of sustainable small-scale fisheries governance in Nigeria, 31 March 2023<\/a><\/h4><\/div><\/div><\/li>\n<li class=\"fusion-layout-column fusion_builder_column fusion-builder-column-164 fusion-flex-column post-card fusion-grid-column fusion-post-cards-grid-column\" style=\"--awb-bg-color:var(--awb-color1);--awb-bg-color-hover:var(--awb-color1);--awb-bg-blend:overlay;--awb-bg-size:cover;--awb-flex-grow:0;--awb-flex-shrink:0;--awb-flex-grow-medium:;--awb-flex-shrink-medium:;--awb-flex-grow-small:;--awb-flex-shrink-small:;\" data-scroll-devices=\"small-visibility,medium-visibility,large-visibility\"><div class=\"fusion-column-wrapper fusion-column-has-shadow fusion-flex-justify-content-space-around fusion-content-layout-column\"><div class=\"fusion-classic-product-image-wrapper fusion-woo-product-image fusion-post-card-image fusion-post-card-image-1 has-aspect-ratio\" data-layout=\"static\" style=\"--awb-aspect-ratio:3 \/ 2;\"><div  class=\"fusion-image-wrapper\" aria-haspopup=\"true\">\n\t\t\t\t\t\t\t<a href=\"https:\/\/www.mundusmaris.org\/fr\/locean-nous-nourrit\/ep-hearing-on-eu-citizen-initiative-to-stop-shark-finning\/\" aria-label=\"EP Hearing on EU Citizen Initiative to stop shark finning\">\n\t\t\t\t\t\t\t<img decoding=\"async\" width=\"500\" height=\"362\" src=\"https:\/\/www.mundusmaris.org\/wp-content\/uploads\/2023\/04\/shark-finning.jpg\" class=\"attachment-full size-full wp-post-image\" alt=\"\" srcset=\"https:\/\/www.mundusmaris.org\/wp-content\/uploads\/2023\/04\/shark-finning-200x145.jpg 200w, https:\/\/www.mundusmaris.org\/wp-content\/uploads\/2023\/04\/shark-finning-400x290.jpg 400w, https:\/\/www.mundusmaris.org\/wp-content\/uploads\/2023\/04\/shark-finning.jpg 500w\" sizes=\"(min-width: 2200px) 100vw, (min-width: 784px) 373px, (min-width: 712px) 560px, (min-width: 640px) 712px, \" \/>\t\t\t<\/a>\n\t\t\t\t\t\t\t<\/div>\n<\/div><div class=\"fusion-meta-tb fusion-meta-tb-164 floated\" style=\"--awb-border-top:0px;--awb-height:36px;--awb-alignment-medium:flex-start;--awb-alignment-small:flex-start;\"><span class=\"fusion-tb-published-date\">Published On: 1 avril 2023<\/span><span class=\"fusion-meta-tb-sep\"><\/span><\/div><div class=\"fusion-title title fusion-title-164 fusion-sep-none fusion-title-text fusion-title-size-four\" style=\"--awb-margin-top:20px;--awb-margin-right:20px;--awb-margin-bottom:20px;--awb-margin-left:20px;--awb-margin-top-small:10px;--awb-margin-right-small:0px;--awb-margin-bottom-small:10px;--awb-margin-left-small:0px;--awb-font-size:24px;\"><h4 class=\"fusion-title-heading title-heading-left\" style=\"font-family:&quot;IBM Plex Sans Condensed&quot;;font-style:normal;font-weight:500;margin:0;font-size:1em;line-height:1.2;\"><a href=\"https:\/\/www.mundusmaris.org\/fr\/locean-nous-nourrit\/ep-hearing-on-eu-citizen-initiative-to-stop-shark-finning\/\" class=\"awb-custom-text-color awb-custom-text-hover-color\" target=\"_self\">EP Hearing on EU Citizen Initiative to stop shark finning<\/a><\/h4><\/div><\/div><\/li>\n<li class=\"fusion-layout-column fusion_builder_column fusion-builder-column-165 fusion-flex-column post-card fusion-grid-column fusion-post-cards-grid-column\" style=\"--awb-bg-color:var(--awb-color1);--awb-bg-color-hover:var(--awb-color1);--awb-bg-blend:overlay;--awb-bg-size:cover;--awb-flex-grow:0;--awb-flex-shrink:0;--awb-flex-grow-medium:;--awb-flex-shrink-medium:;--awb-flex-grow-small:;--awb-flex-shrink-small:;\" data-scroll-devices=\"small-visibility,medium-visibility,large-visibility\"><div class=\"fusion-column-wrapper fusion-column-has-shadow fusion-flex-justify-content-space-around fusion-content-layout-column\"><div class=\"fusion-classic-product-image-wrapper fusion-woo-product-image fusion-post-card-image fusion-post-card-image-1 has-aspect-ratio\" data-layout=\"static\" style=\"--awb-aspect-ratio:3 \/ 2;\"><div  class=\"fusion-image-wrapper\" aria-haspopup=\"true\">\n\t\t\t\t\t\t\t<a href=\"\" aria-label=\"Accord pour prot\u00e9ger la haute mer\">\n\t\t\t\t\t\t\t\t\t\t<div class=\"fusion-placeholder-image\" data-origheight=\"150\" data-origwidth=\"100%\" style=\"width:100%;aspect-ratio:3 \/ 2;\"><\/div>\n\t\t\t\t\t<\/a>\n\t\t\t\t\t\t\t<\/div>\n<\/div><div class=\"fusion-meta-tb fusion-meta-tb-165 floated\" style=\"--awb-border-top:0px;--awb-height:36px;--awb-alignment-medium:flex-start;--awb-alignment-small:flex-start;\"><span class=\"fusion-tb-published-date\">Published On: 29 mars 2023<\/span><span class=\"fusion-meta-tb-sep\"><\/span><\/div><div class=\"fusion-title title fusion-title-165 fusion-sep-none fusion-title-text fusion-title-size-four\" style=\"--awb-margin-top:20px;--awb-margin-right:20px;--awb-margin-bottom:20px;--awb-margin-left:20px;--awb-margin-top-small:10px;--awb-margin-right-small:0px;--awb-margin-bottom-small:10px;--awb-margin-left-small:0px;--awb-font-size:24px;\"><h4 class=\"fusion-title-heading title-heading-left\" style=\"font-family:&quot;IBM Plex Sans Condensed&quot;;font-style:normal;font-weight:500;margin:0;font-size:1em;line-height:1.2;\"><a href=\"https:\/\/www.mundusmaris.org\/fr\/evenements\/accord-pour-proteger-la-haute-mer\/\" class=\"awb-custom-text-color awb-custom-text-hover-color\" target=\"_self\">Accord pour prot\u00e9ger la haute mer<\/a><\/h4><\/div><\/div><\/li>\n<li class=\"fusion-layout-column fusion_builder_column fusion-builder-column-166 fusion-flex-column post-card fusion-grid-column fusion-post-cards-grid-column\" style=\"--awb-bg-color:var(--awb-color1);--awb-bg-color-hover:var(--awb-color1);--awb-bg-blend:overlay;--awb-bg-size:cover;--awb-flex-grow:0;--awb-flex-shrink:0;--awb-flex-grow-medium:;--awb-flex-shrink-medium:;--awb-flex-grow-small:;--awb-flex-shrink-small:;\" data-scroll-devices=\"small-visibility,medium-visibility,large-visibility\"><div class=\"fusion-column-wrapper fusion-column-has-shadow fusion-flex-justify-content-space-around fusion-content-layout-column\"><div class=\"fusion-classic-product-image-wrapper fusion-woo-product-image fusion-post-card-image fusion-post-card-image-1 has-aspect-ratio\" data-layout=\"static\" style=\"--awb-aspect-ratio:3 \/ 2;\"><div  class=\"fusion-image-wrapper\" aria-haspopup=\"true\">\n\t\t\t\t\t\t\t<a href=\"https:\/\/www.mundusmaris.org\/fr\/evenements\/cadre-mondial-biodiversite-kunming-montreal-conference-en-ligne\/\" aria-label=\"Cadre mondial de la biodiversit\u00e9 de Kunming-Montr\u00e9al: conf\u00e9rence en ligne\">\n\t\t\t\t\t\t\t<img decoding=\"async\" width=\"300\" height=\"171\" src=\"https:\/\/www.mundusmaris.org\/wp-content\/uploads\/2024\/09\/BasileVanHavre01.jpg\" class=\"attachment-full size-full wp-post-image\" alt=\"\" srcset=\"https:\/\/www.mundusmaris.org\/wp-content\/uploads\/2024\/09\/BasileVanHavre01-200x114.jpg 200w, https:\/\/www.mundusmaris.org\/wp-content\/uploads\/2024\/09\/BasileVanHavre01.jpg 300w\" sizes=\"(min-width: 2200px) 100vw, (min-width: 784px) 373px, (min-width: 712px) 560px, (min-width: 640px) 712px, \" \/>\t\t\t<\/a>\n\t\t\t\t\t\t\t<\/div>\n<\/div><div class=\"fusion-meta-tb fusion-meta-tb-166 floated\" style=\"--awb-border-top:0px;--awb-height:36px;--awb-alignment-medium:flex-start;--awb-alignment-small:flex-start;\"><span class=\"fusion-tb-published-date\">Published On: 20 mars 2023<\/span><span class=\"fusion-meta-tb-sep\"><\/span><\/div><div class=\"fusion-title title fusion-title-166 fusion-sep-none fusion-title-text fusion-title-size-four\" style=\"--awb-margin-top:20px;--awb-margin-right:20px;--awb-margin-bottom:20px;--awb-margin-left:20px;--awb-margin-top-small:10px;--awb-margin-right-small:0px;--awb-margin-bottom-small:10px;--awb-margin-left-small:0px;--awb-font-size:24px;\"><h4 class=\"fusion-title-heading title-heading-left\" style=\"font-family:&quot;IBM Plex Sans Condensed&quot;;font-style:normal;font-weight:500;margin:0;font-size:1em;line-height:1.2;\"><a href=\"https:\/\/www.mundusmaris.org\/fr\/evenements\/cadre-mondial-biodiversite-kunming-montreal-conference-en-ligne\/\" class=\"awb-custom-text-color awb-custom-text-hover-color\" target=\"_self\">Cadre mondial de la biodiversit\u00e9 de Kunming-Montr\u00e9al: conf\u00e9rence en ligne<\/a><\/h4><\/div><\/div><\/li>\n<li class=\"fusion-layout-column fusion_builder_column fusion-builder-column-167 fusion-flex-column post-card fusion-grid-column fusion-post-cards-grid-column\" style=\"--awb-bg-color:var(--awb-color1);--awb-bg-color-hover:var(--awb-color1);--awb-bg-blend:overlay;--awb-bg-size:cover;--awb-flex-grow:0;--awb-flex-shrink:0;--awb-flex-grow-medium:;--awb-flex-shrink-medium:;--awb-flex-grow-small:;--awb-flex-shrink-small:;\" data-scroll-devices=\"small-visibility,medium-visibility,large-visibility\"><div class=\"fusion-column-wrapper fusion-column-has-shadow fusion-flex-justify-content-space-around fusion-content-layout-column\"><div class=\"fusion-classic-product-image-wrapper fusion-woo-product-image fusion-post-card-image fusion-post-card-image-1 has-aspect-ratio\" data-layout=\"static\" style=\"--awb-aspect-ratio:3 \/ 2;\"><div  class=\"fusion-image-wrapper\" aria-haspopup=\"true\">\n\t\t\t\t\t\t\t<a href=\"https:\/\/www.mundusmaris.org\/fr\/locean-nous-nourrit\/keynote-at-the-feed-the-future-innovation-lab-for-fish\/\" aria-label=\"Keynote at the &lsquo;Feed the Future &#8211; Innovation Lab for Fish&rsquo;\">\n\t\t\t\t\t\t\t<img decoding=\"async\" width=\"500\" height=\"435\" src=\"https:\/\/www.mundusmaris.org\/wp-content\/uploads\/2024\/09\/StellaWilliams2023NewOrleans.jpg\" class=\"attachment-full size-full wp-post-image\" alt=\"\" srcset=\"https:\/\/www.mundusmaris.org\/wp-content\/uploads\/2024\/09\/StellaWilliams2023NewOrleans-200x174.jpg 200w, https:\/\/www.mundusmaris.org\/wp-content\/uploads\/2024\/09\/StellaWilliams2023NewOrleans-400x348.jpg 400w, https:\/\/www.mundusmaris.org\/wp-content\/uploads\/2024\/09\/StellaWilliams2023NewOrleans.jpg 500w\" sizes=\"(min-width: 2200px) 100vw, (min-width: 784px) 373px, (min-width: 712px) 560px, (min-width: 640px) 712px, \" \/>\t\t\t<\/a>\n\t\t\t\t\t\t\t<\/div>\n<\/div><div class=\"fusion-meta-tb fusion-meta-tb-167 floated\" style=\"--awb-border-top:0px;--awb-height:36px;--awb-alignment-medium:flex-start;--awb-alignment-small:flex-start;\"><span class=\"fusion-tb-published-date\">Published On: 1 mars 2023<\/span><span class=\"fusion-meta-tb-sep\"><\/span><\/div><div class=\"fusion-title title fusion-title-167 fusion-sep-none fusion-title-text fusion-title-size-four\" style=\"--awb-margin-top:20px;--awb-margin-right:20px;--awb-margin-bottom:20px;--awb-margin-left:20px;--awb-margin-top-small:10px;--awb-margin-right-small:0px;--awb-margin-bottom-small:10px;--awb-margin-left-small:0px;--awb-font-size:24px;\"><h4 class=\"fusion-title-heading title-heading-left\" style=\"font-family:&quot;IBM Plex Sans Condensed&quot;;font-style:normal;font-weight:500;margin:0;font-size:1em;line-height:1.2;\"><a href=\"https:\/\/www.mundusmaris.org\/fr\/locean-nous-nourrit\/keynote-at-the-feed-the-future-innovation-lab-for-fish\/\" class=\"awb-custom-text-color awb-custom-text-hover-color\" target=\"_self\">Keynote at the &lsquo;Feed the Future &#8211; Innovation Lab for Fish&rsquo;<\/a><\/h4><\/div><\/div><\/li>\n<li class=\"fusion-layout-column fusion_builder_column fusion-builder-column-168 fusion-flex-column post-card fusion-grid-column fusion-post-cards-grid-column\" style=\"--awb-bg-color:var(--awb-color1);--awb-bg-color-hover:var(--awb-color1);--awb-bg-blend:overlay;--awb-bg-size:cover;--awb-flex-grow:0;--awb-flex-shrink:0;--awb-flex-grow-medium:;--awb-flex-shrink-medium:;--awb-flex-grow-small:;--awb-flex-shrink-small:;\" data-scroll-devices=\"small-visibility,medium-visibility,large-visibility\"><div class=\"fusion-column-wrapper fusion-column-has-shadow fusion-flex-justify-content-space-around fusion-content-layout-column\"><div class=\"fusion-classic-product-image-wrapper fusion-woo-product-image fusion-post-card-image fusion-post-card-image-1 has-aspect-ratio\" data-layout=\"static\" style=\"--awb-aspect-ratio:3 \/ 2;\"><div  class=\"fusion-image-wrapper\" aria-haspopup=\"true\">\n\t\t\t\t\t\t\t<a href=\"https:\/\/www.mundusmaris.org\/fr\/academie-de-la-peche-artisanale\/tools-for-gender-analysis-understanding-vulnerability-and-empowerment-2023\/\" aria-label=\"Tools for Gender Analysis: Understanding Vulnerability and Empowerment, 17 February 2023\">\n\t\t\t\t\t\t\t<img decoding=\"async\" width=\"400\" height=\"400\" src=\"https:\/\/www.mundusmaris.org\/wp-content\/uploads\/2023\/12\/AndreaMCollins.jpg\" class=\"attachment-full size-full wp-post-image\" alt=\"\" srcset=\"https:\/\/www.mundusmaris.org\/wp-content\/uploads\/2023\/12\/AndreaMCollins-200x200.jpg 200w, https:\/\/www.mundusmaris.org\/wp-content\/uploads\/2023\/12\/AndreaMCollins.jpg 400w\" sizes=\"(min-width: 2200px) 100vw, (min-width: 784px) 373px, (min-width: 712px) 560px, (min-width: 640px) 712px, \" \/>\t\t\t<\/a>\n\t\t\t\t\t\t\t<\/div>\n<\/div><div class=\"fusion-meta-tb fusion-meta-tb-168 floated\" style=\"--awb-border-top:0px;--awb-height:36px;--awb-alignment-medium:flex-start;--awb-alignment-small:flex-start;\"><span class=\"fusion-tb-published-date\">Published On: 20 f\u00e9vrier 2023<\/span><span class=\"fusion-meta-tb-sep\"><\/span><\/div><div class=\"fusion-title title fusion-title-168 fusion-sep-none fusion-title-text fusion-title-size-four\" style=\"--awb-margin-top:20px;--awb-margin-right:20px;--awb-margin-bottom:20px;--awb-margin-left:20px;--awb-margin-top-small:10px;--awb-margin-right-small:0px;--awb-margin-bottom-small:10px;--awb-margin-left-small:0px;--awb-font-size:24px;\"><h4 class=\"fusion-title-heading title-heading-left\" style=\"font-family:&quot;IBM Plex Sans Condensed&quot;;font-style:normal;font-weight:500;margin:0;font-size:1em;line-height:1.2;\"><a href=\"https:\/\/www.mundusmaris.org\/fr\/academie-de-la-peche-artisanale\/tools-for-gender-analysis-understanding-vulnerability-and-empowerment-2023\/\" class=\"awb-custom-text-color awb-custom-text-hover-color\" target=\"_self\">Tools for Gender Analysis: Understanding Vulnerability and Empowerment, 17 February 2023<\/a><\/h4><\/div><\/div><\/li>\n<li class=\"fusion-layout-column fusion_builder_column fusion-builder-column-169 fusion-flex-column post-card fusion-grid-column fusion-post-cards-grid-column\" style=\"--awb-bg-color:var(--awb-color1);--awb-bg-color-hover:var(--awb-color1);--awb-bg-blend:overlay;--awb-bg-size:cover;--awb-flex-grow:0;--awb-flex-shrink:0;--awb-flex-grow-medium:;--awb-flex-shrink-medium:;--awb-flex-grow-small:;--awb-flex-shrink-small:;\" data-scroll-devices=\"small-visibility,medium-visibility,large-visibility\"><div class=\"fusion-column-wrapper fusion-column-has-shadow fusion-flex-justify-content-space-around fusion-content-layout-column\"><div class=\"fusion-classic-product-image-wrapper fusion-woo-product-image fusion-post-card-image fusion-post-card-image-1 has-aspect-ratio\" data-layout=\"static\" style=\"--awb-aspect-ratio:3 \/ 2;\"><div  class=\"fusion-image-wrapper\" aria-haspopup=\"true\">\n\t\t\t\t\t\t\t<a href=\"https:\/\/www.mundusmaris.org\/fr\/activites\/arret-a-la-surpeche\/ep-committee-of-fisheries-discusses-the-role-of-china-in-fisheries\/\" aria-label=\"EP Committee of Fisheries discusses the role of China in fisheries\">\n\t\t\t\t\t\t\t<img decoding=\"async\" width=\"500\" height=\"345\" src=\"https:\/\/www.mundusmaris.org\/wp-content\/uploads\/2024\/09\/European_Parliament_logo.jpg\" class=\"attachment-full size-full wp-post-image\" alt=\"\" srcset=\"https:\/\/www.mundusmaris.org\/wp-content\/uploads\/2024\/09\/European_Parliament_logo-200x138.jpg 200w, https:\/\/www.mundusmaris.org\/wp-content\/uploads\/2024\/09\/European_Parliament_logo-400x276.jpg 400w, https:\/\/www.mundusmaris.org\/wp-content\/uploads\/2024\/09\/European_Parliament_logo.jpg 500w\" sizes=\"(min-width: 2200px) 100vw, (min-width: 784px) 373px, (min-width: 712px) 560px, (min-width: 640px) 712px, \" \/>\t\t\t<\/a>\n\t\t\t\t\t\t\t<\/div>\n<\/div><div class=\"fusion-meta-tb fusion-meta-tb-169 floated\" style=\"--awb-border-top:0px;--awb-height:36px;--awb-alignment-medium:flex-start;--awb-alignment-small:flex-start;\"><span class=\"fusion-tb-published-date\">Published On: 30 janvier 2023<\/span><span class=\"fusion-meta-tb-sep\"><\/span><\/div><div class=\"fusion-title title fusion-title-169 fusion-sep-none fusion-title-text fusion-title-size-four\" style=\"--awb-margin-top:20px;--awb-margin-right:20px;--awb-margin-bottom:20px;--awb-margin-left:20px;--awb-margin-top-small:10px;--awb-margin-right-small:0px;--awb-margin-bottom-small:10px;--awb-margin-left-small:0px;--awb-font-size:24px;\"><h4 class=\"fusion-title-heading title-heading-left\" style=\"font-family:&quot;IBM Plex Sans Condensed&quot;;font-style:normal;font-weight:500;margin:0;font-size:1em;line-height:1.2;\"><a href=\"https:\/\/www.mundusmaris.org\/fr\/activites\/arret-a-la-surpeche\/ep-committee-of-fisheries-discusses-the-role-of-china-in-fisheries\/\" class=\"awb-custom-text-color awb-custom-text-hover-color\" target=\"_self\">EP Committee of Fisheries discusses the role of China in fisheries<\/a><\/h4><\/div><\/div><\/li>\n<li class=\"fusion-layout-column fusion_builder_column fusion-builder-column-170 fusion-flex-column post-card fusion-grid-column fusion-post-cards-grid-column\" style=\"--awb-bg-color:var(--awb-color1);--awb-bg-color-hover:var(--awb-color1);--awb-bg-blend:overlay;--awb-bg-size:cover;--awb-flex-grow:0;--awb-flex-shrink:0;--awb-flex-grow-medium:;--awb-flex-shrink-medium:;--awb-flex-grow-small:;--awb-flex-shrink-small:;\" data-scroll-devices=\"small-visibility,medium-visibility,large-visibility\"><div class=\"fusion-column-wrapper fusion-column-has-shadow fusion-flex-justify-content-space-around fusion-content-layout-column\"><div class=\"fusion-classic-product-image-wrapper fusion-woo-product-image fusion-post-card-image fusion-post-card-image-1 has-aspect-ratio\" data-layout=\"static\" style=\"--awb-aspect-ratio:3 \/ 2;\"><div  class=\"fusion-image-wrapper\" aria-haspopup=\"true\">\n\t\t\t\t\t\t\t<a href=\"https:\/\/www.mundusmaris.org\/fr\/academie-de-la-peche-artisanale\/community-resilience-a-framework-for-non-traditional-field-research\/\" aria-label=\"Community resilience: A framework for non-traditional field research, 27 January 2023\">\n\t\t\t\t\t\t\t<img decoding=\"async\" width=\"260\" height=\"228\" src=\"https:\/\/www.mundusmaris.org\/wp-content\/uploads\/2023\/12\/ManasKumarMandal.jpg\" class=\"attachment-full size-full wp-post-image\" alt=\"\" srcset=\"https:\/\/www.mundusmaris.org\/wp-content\/uploads\/2023\/12\/ManasKumarMandal-200x175.jpg 200w, https:\/\/www.mundusmaris.org\/wp-content\/uploads\/2023\/12\/ManasKumarMandal.jpg 260w\" sizes=\"(min-width: 2200px) 100vw, (min-width: 784px) 373px, (min-width: 712px) 560px, (min-width: 640px) 712px, \" \/>\t\t\t<\/a>\n\t\t\t\t\t\t\t<\/div>\n<\/div><div class=\"fusion-meta-tb fusion-meta-tb-170 floated\" style=\"--awb-border-top:0px;--awb-height:36px;--awb-alignment-medium:flex-start;--awb-alignment-small:flex-start;\"><span class=\"fusion-tb-published-date\">Published On: 30 janvier 2023<\/span><span class=\"fusion-meta-tb-sep\"><\/span><\/div><div class=\"fusion-title title fusion-title-170 fusion-sep-none fusion-title-text fusion-title-size-four\" style=\"--awb-margin-top:20px;--awb-margin-right:20px;--awb-margin-bottom:20px;--awb-margin-left:20px;--awb-margin-top-small:10px;--awb-margin-right-small:0px;--awb-margin-bottom-small:10px;--awb-margin-left-small:0px;--awb-font-size:24px;\"><h4 class=\"fusion-title-heading title-heading-left\" style=\"font-family:&quot;IBM Plex Sans Condensed&quot;;font-style:normal;font-weight:500;margin:0;font-size:1em;line-height:1.2;\"><a href=\"https:\/\/www.mundusmaris.org\/fr\/academie-de-la-peche-artisanale\/community-resilience-a-framework-for-non-traditional-field-research\/\" class=\"awb-custom-text-color awb-custom-text-hover-color\" target=\"_self\">Community resilience: A framework for non-traditional field research, 27 January 2023<\/a><\/h4><\/div><\/div><\/li>\n<li class=\"fusion-layout-column fusion_builder_column fusion-builder-column-171 fusion-flex-column post-card fusion-grid-column fusion-post-cards-grid-column\" style=\"--awb-bg-color:var(--awb-color1);--awb-bg-color-hover:var(--awb-color1);--awb-bg-blend:overlay;--awb-bg-size:cover;--awb-flex-grow:0;--awb-flex-shrink:0;--awb-flex-grow-medium:;--awb-flex-shrink-medium:;--awb-flex-grow-small:;--awb-flex-shrink-small:;\" data-scroll-devices=\"small-visibility,medium-visibility,large-visibility\"><div class=\"fusion-column-wrapper fusion-column-has-shadow fusion-flex-justify-content-space-around fusion-content-layout-column\"><div class=\"fusion-classic-product-image-wrapper fusion-woo-product-image fusion-post-card-image fusion-post-card-image-1 has-aspect-ratio\" data-layout=\"static\" style=\"--awb-aspect-ratio:3 \/ 2;\"><div  class=\"fusion-image-wrapper\" aria-haspopup=\"true\">\n\t\t\t\t\t\t\t<a href=\"https:\/\/www.mundusmaris.org\/fr\/activites\/protection-de-locean-et-du-climat\/mundus-maris-au-salon-boot-2023-du-21-au-29-janvier\/\" aria-label=\"Mundus maris au salon Boot 2023, du 21 au 29 janvier\">\n\t\t\t\t\t\t\t<img decoding=\"async\" width=\"234\" height=\"167\" src=\"https:\/\/www.mundusmaris.org\/wp-content\/uploads\/2023\/12\/logo_decade_ocean_science_en.jpg\" class=\"attachment-full size-full wp-post-image\" alt=\"\" srcset=\"https:\/\/www.mundusmaris.org\/wp-content\/uploads\/2023\/12\/logo_decade_ocean_science_en-200x143.jpg 200w, https:\/\/www.mundusmaris.org\/wp-content\/uploads\/2023\/12\/logo_decade_ocean_science_en.jpg 234w\" sizes=\"(min-width: 2200px) 100vw, (min-width: 784px) 373px, (min-width: 712px) 560px, (min-width: 640px) 712px, \" \/>\t\t\t<\/a>\n\t\t\t\t\t\t\t<\/div>\n<\/div><div class=\"fusion-meta-tb fusion-meta-tb-171 floated\" style=\"--awb-border-top:0px;--awb-height:36px;--awb-alignment-medium:flex-start;--awb-alignment-small:flex-start;\"><span class=\"fusion-tb-published-date\">Published On: 20 janvier 2023<\/span><span class=\"fusion-meta-tb-sep\"><\/span><\/div><div class=\"fusion-title title fusion-title-171 fusion-sep-none fusion-title-text fusion-title-size-four\" style=\"--awb-margin-top:20px;--awb-margin-right:20px;--awb-margin-bottom:20px;--awb-margin-left:20px;--awb-margin-top-small:10px;--awb-margin-right-small:0px;--awb-margin-bottom-small:10px;--awb-margin-left-small:0px;--awb-font-size:24px;\"><h4 class=\"fusion-title-heading title-heading-left\" style=\"font-family:&quot;IBM Plex Sans Condensed&quot;;font-style:normal;font-weight:500;margin:0;font-size:1em;line-height:1.2;\"><a href=\"https:\/\/www.mundusmaris.org\/fr\/activites\/protection-de-locean-et-du-climat\/mundus-maris-au-salon-boot-2023-du-21-au-29-janvier\/\" class=\"awb-custom-text-color awb-custom-text-hover-color\" target=\"_self\">Mundus maris au salon Boot 2023, du 21 au 29 janvier<\/a><\/h4><\/div><\/div><\/li>\n<li class=\"fusion-layout-column fusion_builder_column fusion-builder-column-172 fusion-flex-column post-card fusion-grid-column fusion-post-cards-grid-column\" style=\"--awb-bg-color:var(--awb-color1);--awb-bg-color-hover:var(--awb-color1);--awb-bg-blend:overlay;--awb-bg-size:cover;--awb-flex-grow:0;--awb-flex-shrink:0;--awb-flex-grow-medium:;--awb-flex-shrink-medium:;--awb-flex-grow-small:;--awb-flex-shrink-small:;\" data-scroll-devices=\"small-visibility,medium-visibility,large-visibility\"><div class=\"fusion-column-wrapper fusion-column-has-shadow fusion-flex-justify-content-space-around fusion-content-layout-column\"><div class=\"fusion-classic-product-image-wrapper fusion-woo-product-image fusion-post-card-image fusion-post-card-image-1 has-aspect-ratio\" data-layout=\"static\" style=\"--awb-aspect-ratio:3 \/ 2;\"><div  class=\"fusion-image-wrapper\" aria-haspopup=\"true\">\n\t\t\t\t\t\t\t<a href=\"https:\/\/www.mundusmaris.org\/fr\/activites\/g7-plenary-in-abidjan-1-2-december-2022\/\" aria-label=\"G7++ Plenary in Abidjan, 1-2 December 2022\">\n\t\t\t\t\t\t\t<img decoding=\"async\" width=\"400\" height=\"273\" src=\"https:\/\/www.mundusmaris.org\/wp-content\/uploads\/2023\/12\/StellaInConversation2.jpg\" class=\"attachment-full size-full wp-post-image\" alt=\"\" srcset=\"https:\/\/www.mundusmaris.org\/wp-content\/uploads\/2023\/12\/StellaInConversation2-200x137.jpg 200w, https:\/\/www.mundusmaris.org\/wp-content\/uploads\/2023\/12\/StellaInConversation2.jpg 400w\" sizes=\"(min-width: 2200px) 100vw, (min-width: 784px) 373px, (min-width: 712px) 560px, (min-width: 640px) 712px, \" \/>\t\t\t<\/a>\n\t\t\t\t\t\t\t<\/div>\n<\/div><div class=\"fusion-meta-tb fusion-meta-tb-172 floated\" style=\"--awb-border-top:0px;--awb-height:36px;--awb-alignment-medium:flex-start;--awb-alignment-small:flex-start;\"><span class=\"fusion-tb-published-date\">Published On: 20 d\u00e9cembre 2022<\/span><span class=\"fusion-meta-tb-sep\"><\/span><\/div><div class=\"fusion-title title fusion-title-172 fusion-sep-none fusion-title-text fusion-title-size-four\" style=\"--awb-margin-top:20px;--awb-margin-right:20px;--awb-margin-bottom:20px;--awb-margin-left:20px;--awb-margin-top-small:10px;--awb-margin-right-small:0px;--awb-margin-bottom-small:10px;--awb-margin-left-small:0px;--awb-font-size:24px;\"><h4 class=\"fusion-title-heading title-heading-left\" style=\"font-family:&quot;IBM Plex Sans Condensed&quot;;font-style:normal;font-weight:500;margin:0;font-size:1em;line-height:1.2;\"><a href=\"https:\/\/www.mundusmaris.org\/fr\/activites\/g7-plenary-in-abidjan-1-2-december-2022\/\" class=\"awb-custom-text-color awb-custom-text-hover-color\" target=\"_self\">G7++ Plenary in Abidjan, 1-2 December 2022<\/a><\/h4><\/div><\/div><\/li>\n<li class=\"fusion-layout-column fusion_builder_column fusion-builder-column-173 fusion-flex-column post-card fusion-grid-column fusion-post-cards-grid-column\" style=\"--awb-bg-color:var(--awb-color1);--awb-bg-color-hover:var(--awb-color1);--awb-bg-blend:overlay;--awb-bg-size:cover;--awb-flex-grow:0;--awb-flex-shrink:0;--awb-flex-grow-medium:;--awb-flex-shrink-medium:;--awb-flex-grow-small:;--awb-flex-shrink-small:;\" data-scroll-devices=\"small-visibility,medium-visibility,large-visibility\"><div class=\"fusion-column-wrapper fusion-column-has-shadow fusion-flex-justify-content-space-around fusion-content-layout-column\"><div class=\"fusion-classic-product-image-wrapper fusion-woo-product-image fusion-post-card-image fusion-post-card-image-1 has-aspect-ratio\" data-layout=\"static\" style=\"--awb-aspect-ratio:3 \/ 2;\"><div  class=\"fusion-image-wrapper\" aria-haspopup=\"true\">\n\t\t\t\t\t\t\t<a href=\"https:\/\/www.mundusmaris.org\/fr\/activites\/justice-climatique-madrid-12-novembre-2022\/\" aria-label=\"Justice climatique, Madrid, 12 novembre 2022\">\n\t\t\t\t\t\t\t<img decoding=\"async\" width=\"225\" height=\"169\" src=\"https:\/\/www.mundusmaris.org\/wp-content\/uploads\/2023\/12\/MadridJustice02.jpg\" class=\"attachment-full size-full wp-post-image\" alt=\"\" srcset=\"https:\/\/www.mundusmaris.org\/wp-content\/uploads\/2023\/12\/MadridJustice02-200x150.jpg 200w, https:\/\/www.mundusmaris.org\/wp-content\/uploads\/2023\/12\/MadridJustice02.jpg 225w\" sizes=\"(min-width: 2200px) 100vw, (min-width: 784px) 373px, (min-width: 712px) 560px, (min-width: 640px) 712px, \" \/>\t\t\t<\/a>\n\t\t\t\t\t\t\t<\/div>\n<\/div><div class=\"fusion-meta-tb fusion-meta-tb-173 floated\" style=\"--awb-border-top:0px;--awb-height:36px;--awb-alignment-medium:flex-start;--awb-alignment-small:flex-start;\"><span class=\"fusion-tb-published-date\">Published On: 20 d\u00e9cembre 2022<\/span><span class=\"fusion-meta-tb-sep\"><\/span><\/div><div class=\"fusion-title title fusion-title-173 fusion-sep-none fusion-title-text fusion-title-size-four\" style=\"--awb-margin-top:20px;--awb-margin-right:20px;--awb-margin-bottom:20px;--awb-margin-left:20px;--awb-margin-top-small:10px;--awb-margin-right-small:0px;--awb-margin-bottom-small:10px;--awb-margin-left-small:0px;--awb-font-size:24px;\"><h4 class=\"fusion-title-heading title-heading-left\" style=\"font-family:&quot;IBM Plex Sans Condensed&quot;;font-style:normal;font-weight:500;margin:0;font-size:1em;line-height:1.2;\"><a href=\"https:\/\/www.mundusmaris.org\/fr\/activites\/justice-climatique-madrid-12-novembre-2022\/\" class=\"awb-custom-text-color awb-custom-text-hover-color\" target=\"_self\">Justice climatique, Madrid, 12 novembre 2022<\/a><\/h4><\/div><\/div><\/li>\n<li class=\"fusion-layout-column fusion_builder_column fusion-builder-column-174 fusion-flex-column post-card fusion-grid-column fusion-post-cards-grid-column\" style=\"--awb-bg-color:var(--awb-color1);--awb-bg-color-hover:var(--awb-color1);--awb-bg-blend:overlay;--awb-bg-size:cover;--awb-flex-grow:0;--awb-flex-shrink:0;--awb-flex-grow-medium:;--awb-flex-shrink-medium:;--awb-flex-grow-small:;--awb-flex-shrink-small:;\" data-scroll-devices=\"small-visibility,medium-visibility,large-visibility\"><div class=\"fusion-column-wrapper fusion-column-has-shadow fusion-flex-justify-content-space-around fusion-content-layout-column\"><div class=\"fusion-classic-product-image-wrapper fusion-woo-product-image fusion-post-card-image fusion-post-card-image-1 has-aspect-ratio\" data-layout=\"static\" style=\"--awb-aspect-ratio:3 \/ 2;\"><div  class=\"fusion-image-wrapper\" aria-haspopup=\"true\">\n\t\t\t\t\t\t\t<a href=\"https:\/\/www.mundusmaris.org\/fr\/academie-de-la-peche-artisanale\/sustainability-at-scale-v2v-november-webinar\/\" aria-label=\"Sustainability at scale &#8211; V2V November webinar\">\n\t\t\t\t\t\t\t<img decoding=\"async\" width=\"399\" height=\"239\" src=\"https:\/\/www.mundusmaris.org\/wp-content\/uploads\/2023\/12\/MariaJoseEspinosaRomero.jpg\" class=\"attachment-full size-full wp-post-image\" alt=\"\" srcset=\"https:\/\/www.mundusmaris.org\/wp-content\/uploads\/2023\/12\/MariaJoseEspinosaRomero-200x120.jpg 200w, https:\/\/www.mundusmaris.org\/wp-content\/uploads\/2023\/12\/MariaJoseEspinosaRomero.jpg 399w\" sizes=\"(min-width: 2200px) 100vw, (min-width: 784px) 373px, (min-width: 712px) 560px, (min-width: 640px) 712px, \" \/>\t\t\t<\/a>\n\t\t\t\t\t\t\t<\/div>\n<\/div><div class=\"fusion-meta-tb fusion-meta-tb-174 floated\" style=\"--awb-border-top:0px;--awb-height:36px;--awb-alignment-medium:flex-start;--awb-alignment-small:flex-start;\"><span class=\"fusion-tb-published-date\">Published On: 30 novembre 2022<\/span><span class=\"fusion-meta-tb-sep\"><\/span><\/div><div class=\"fusion-title title fusion-title-174 fusion-sep-none fusion-title-text fusion-title-size-four\" style=\"--awb-margin-top:20px;--awb-margin-right:20px;--awb-margin-bottom:20px;--awb-margin-left:20px;--awb-margin-top-small:10px;--awb-margin-right-small:0px;--awb-margin-bottom-small:10px;--awb-margin-left-small:0px;--awb-font-size:24px;\"><h4 class=\"fusion-title-heading title-heading-left\" style=\"font-family:&quot;IBM Plex Sans Condensed&quot;;font-style:normal;font-weight:500;margin:0;font-size:1em;line-height:1.2;\"><a href=\"https:\/\/www.mundusmaris.org\/fr\/academie-de-la-peche-artisanale\/sustainability-at-scale-v2v-november-webinar\/\" class=\"awb-custom-text-color awb-custom-text-hover-color\" target=\"_self\">Sustainability at scale &#8211; V2V November webinar<\/a><\/h4><\/div><\/div><\/li>\n<li class=\"fusion-layout-column fusion_builder_column fusion-builder-column-175 fusion-flex-column post-card fusion-grid-column fusion-post-cards-grid-column\" style=\"--awb-bg-color:var(--awb-color1);--awb-bg-color-hover:var(--awb-color1);--awb-bg-blend:overlay;--awb-bg-size:cover;--awb-flex-grow:0;--awb-flex-shrink:0;--awb-flex-grow-medium:;--awb-flex-shrink-medium:;--awb-flex-grow-small:;--awb-flex-shrink-small:;\" data-scroll-devices=\"small-visibility,medium-visibility,large-visibility\"><div class=\"fusion-column-wrapper fusion-column-has-shadow fusion-flex-justify-content-space-around fusion-content-layout-column\"><div class=\"fusion-classic-product-image-wrapper fusion-woo-product-image fusion-post-card-image fusion-post-card-image-1 has-aspect-ratio\" data-layout=\"static\" style=\"--awb-aspect-ratio:3 \/ 2;\"><div  class=\"fusion-image-wrapper\" aria-haspopup=\"true\">\n\t\t\t\t\t\t\t<a href=\"https:\/\/www.mundusmaris.org\/fr\/academie-de-la-peche-artisanale\/edition-africaine-du-4eme-congres-mondial-de-la-peche-artisanale-4wsfc-a-cape-town-du-21-au-23-novembre-2022\/\" aria-label=\"Edition Africaine du 4\u00e8me Congr\u00e8s Mondial de la P\u00eache Artisanale (4WSFC) \u00e0 Cape Town, du 21 au 23 novembre 2022\">\n\t\t\t\t\t\t\t<img decoding=\"async\" width=\"800\" height=\"500\" src=\"https:\/\/www.mundusmaris.org\/wp-content\/uploads\/2024\/03\/MoeniebaIsaacs_800x500.jpg\" class=\"attachment-full size-full wp-post-image\" alt=\"\" srcset=\"https:\/\/www.mundusmaris.org\/wp-content\/uploads\/2024\/03\/MoeniebaIsaacs_800x500-200x125.jpg 200w, https:\/\/www.mundusmaris.org\/wp-content\/uploads\/2024\/03\/MoeniebaIsaacs_800x500-400x250.jpg 400w, https:\/\/www.mundusmaris.org\/wp-content\/uploads\/2024\/03\/MoeniebaIsaacs_800x500-600x375.jpg 600w, https:\/\/www.mundusmaris.org\/wp-content\/uploads\/2024\/03\/MoeniebaIsaacs_800x500.jpg 800w\" sizes=\"(min-width: 2200px) 100vw, (min-width: 784px) 373px, (min-width: 712px) 560px, (min-width: 640px) 712px, \" \/>\t\t\t<\/a>\n\t\t\t\t\t\t\t<\/div>\n<\/div><div class=\"fusion-meta-tb fusion-meta-tb-175 floated\" style=\"--awb-border-top:0px;--awb-height:36px;--awb-alignment-medium:flex-start;--awb-alignment-small:flex-start;\"><span class=\"fusion-tb-published-date\">Published On: 30 novembre 2022<\/span><span class=\"fusion-meta-tb-sep\"><\/span><\/div><div class=\"fusion-title title fusion-title-175 fusion-sep-none fusion-title-text fusion-title-size-four\" style=\"--awb-margin-top:20px;--awb-margin-right:20px;--awb-margin-bottom:20px;--awb-margin-left:20px;--awb-margin-top-small:10px;--awb-margin-right-small:0px;--awb-margin-bottom-small:10px;--awb-margin-left-small:0px;--awb-font-size:24px;\"><h4 class=\"fusion-title-heading title-heading-left\" style=\"font-family:&quot;IBM Plex Sans Condensed&quot;;font-style:normal;font-weight:500;margin:0;font-size:1em;line-height:1.2;\"><a href=\"https:\/\/www.mundusmaris.org\/fr\/academie-de-la-peche-artisanale\/edition-africaine-du-4eme-congres-mondial-de-la-peche-artisanale-4wsfc-a-cape-town-du-21-au-23-novembre-2022\/\" class=\"awb-custom-text-color awb-custom-text-hover-color\" target=\"_self\">Edition Africaine du 4\u00e8me Congr\u00e8s Mondial de la P\u00eache Artisanale (4WSFC) \u00e0 Cape Town, du 21 au 23 novembre 2022<\/a><\/h4><\/div><\/div><\/li>\n<li class=\"fusion-layout-column fusion_builder_column fusion-builder-column-176 fusion-flex-column post-card fusion-grid-column fusion-post-cards-grid-column\" style=\"--awb-bg-color:var(--awb-color1);--awb-bg-color-hover:var(--awb-color1);--awb-bg-blend:overlay;--awb-bg-size:cover;--awb-flex-grow:0;--awb-flex-shrink:0;--awb-flex-grow-medium:;--awb-flex-shrink-medium:;--awb-flex-grow-small:;--awb-flex-shrink-small:;\" data-scroll-devices=\"small-visibility,medium-visibility,large-visibility\"><div class=\"fusion-column-wrapper fusion-column-has-shadow fusion-flex-justify-content-space-around fusion-content-layout-column\"><div class=\"fusion-classic-product-image-wrapper fusion-woo-product-image fusion-post-card-image fusion-post-card-image-1 has-aspect-ratio\" data-layout=\"static\" style=\"--awb-aspect-ratio:3 \/ 2;\"><div  class=\"fusion-image-wrapper\" aria-haspopup=\"true\">\n\t\t\t\t\t\t\t<a href=\"https:\/\/www.mundusmaris.org\/fr\/livres\/atlas-des-peches-et-pecheurs-dafrique-de-louest\/\" aria-label=\"R\u00e9cension: Atlas des p\u00eaches et p\u00eacheurs d\u2019Afrique de l\u2019Ouest\">\n\t\t\t\t\t\t\t<img decoding=\"async\" width=\"972\" height=\"700\" src=\"https:\/\/www.mundusmaris.org\/wp-content\/uploads\/2024\/09\/CoverFacsimile.jpg\" class=\"attachment-full size-full wp-post-image\" alt=\"\" srcset=\"https:\/\/www.mundusmaris.org\/wp-content\/uploads\/2024\/09\/CoverFacsimile-200x144.jpg 200w, https:\/\/www.mundusmaris.org\/wp-content\/uploads\/2024\/09\/CoverFacsimile-400x288.jpg 400w, https:\/\/www.mundusmaris.org\/wp-content\/uploads\/2024\/09\/CoverFacsimile-600x432.jpg 600w, https:\/\/www.mundusmaris.org\/wp-content\/uploads\/2024\/09\/CoverFacsimile-800x576.jpg 800w, https:\/\/www.mundusmaris.org\/wp-content\/uploads\/2024\/09\/CoverFacsimile.jpg 972w\" sizes=\"(min-width: 2200px) 100vw, (min-width: 784px) 373px, (min-width: 712px) 560px, (min-width: 640px) 712px, \" \/>\t\t\t<\/a>\n\t\t\t\t\t\t\t<\/div>\n<\/div><div class=\"fusion-meta-tb fusion-meta-tb-176 floated\" style=\"--awb-border-top:0px;--awb-height:36px;--awb-alignment-medium:flex-start;--awb-alignment-small:flex-start;\"><span class=\"fusion-tb-published-date\">Published On: 21 octobre 2022<\/span><span class=\"fusion-meta-tb-sep\"><\/span><\/div><div class=\"fusion-title title fusion-title-176 fusion-sep-none fusion-title-text fusion-title-size-four\" style=\"--awb-margin-top:20px;--awb-margin-right:20px;--awb-margin-bottom:20px;--awb-margin-left:20px;--awb-margin-top-small:10px;--awb-margin-right-small:0px;--awb-margin-bottom-small:10px;--awb-margin-left-small:0px;--awb-font-size:24px;\"><h4 class=\"fusion-title-heading title-heading-left\" style=\"font-family:&quot;IBM Plex Sans Condensed&quot;;font-style:normal;font-weight:500;margin:0;font-size:1em;line-height:1.2;\"><a href=\"https:\/\/www.mundusmaris.org\/fr\/livres\/atlas-des-peches-et-pecheurs-dafrique-de-louest\/\" class=\"awb-custom-text-color awb-custom-text-hover-color\" target=\"_self\">R\u00e9cension: Atlas des p\u00eaches et p\u00eacheurs d\u2019Afrique de l\u2019Ouest<\/a><\/h4><\/div><\/div><\/li>\n<li class=\"fusion-layout-column fusion_builder_column fusion-builder-column-177 fusion-flex-column post-card fusion-grid-column fusion-post-cards-grid-column\" style=\"--awb-bg-color:var(--awb-color1);--awb-bg-color-hover:var(--awb-color1);--awb-bg-blend:overlay;--awb-bg-size:cover;--awb-flex-grow:0;--awb-flex-shrink:0;--awb-flex-grow-medium:;--awb-flex-shrink-medium:;--awb-flex-grow-small:;--awb-flex-shrink-small:;\" data-scroll-devices=\"small-visibility,medium-visibility,large-visibility\"><div class=\"fusion-column-wrapper fusion-column-has-shadow fusion-flex-justify-content-space-around fusion-content-layout-column\"><div class=\"fusion-classic-product-image-wrapper fusion-woo-product-image fusion-post-card-image fusion-post-card-image-1 has-aspect-ratio\" data-layout=\"static\" style=\"--awb-aspect-ratio:3 \/ 2;\"><div  class=\"fusion-image-wrapper\" aria-haspopup=\"true\">\n\t\t\t\t\t\t\t<a href=\"https:\/\/www.mundusmaris.org\/fr\/academie-de-la-peche-artisanale\/4wsfc-europe-a-malte-12-14-septembre-2022\/\" aria-label=\"4WSFC Europe \u00e0 Malte, 12-14 septembre 2022\">\n\t\t\t\t\t\t\t<img decoding=\"async\" width=\"800\" height=\"500\" src=\"https:\/\/www.mundusmaris.org\/wp-content\/uploads\/2024\/03\/GenderPanelDay_800x500.jpg\" class=\"attachment-full size-full wp-post-image\" alt=\"\" srcset=\"https:\/\/www.mundusmaris.org\/wp-content\/uploads\/2024\/03\/GenderPanelDay_800x500-200x125.jpg 200w, https:\/\/www.mundusmaris.org\/wp-content\/uploads\/2024\/03\/GenderPanelDay_800x500-400x250.jpg 400w, https:\/\/www.mundusmaris.org\/wp-content\/uploads\/2024\/03\/GenderPanelDay_800x500-600x375.jpg 600w, https:\/\/www.mundusmaris.org\/wp-content\/uploads\/2024\/03\/GenderPanelDay_800x500.jpg 800w\" sizes=\"(min-width: 2200px) 100vw, (min-width: 784px) 373px, (min-width: 712px) 560px, (min-width: 640px) 712px, \" \/>\t\t\t<\/a>\n\t\t\t\t\t\t\t<\/div>\n<\/div><div class=\"fusion-meta-tb fusion-meta-tb-177 floated\" style=\"--awb-border-top:0px;--awb-height:36px;--awb-alignment-medium:flex-start;--awb-alignment-small:flex-start;\"><span class=\"fusion-tb-published-date\">Published On: 22 septembre 2022<\/span><span class=\"fusion-meta-tb-sep\"><\/span><\/div><div class=\"fusion-title title fusion-title-177 fusion-sep-none fusion-title-text fusion-title-size-four\" style=\"--awb-margin-top:20px;--awb-margin-right:20px;--awb-margin-bottom:20px;--awb-margin-left:20px;--awb-margin-top-small:10px;--awb-margin-right-small:0px;--awb-margin-bottom-small:10px;--awb-margin-left-small:0px;--awb-font-size:24px;\"><h4 class=\"fusion-title-heading title-heading-left\" style=\"font-family:&quot;IBM Plex Sans Condensed&quot;;font-style:normal;font-weight:500;margin:0;font-size:1em;line-height:1.2;\"><a href=\"https:\/\/www.mundusmaris.org\/fr\/academie-de-la-peche-artisanale\/4wsfc-europe-a-malte-12-14-septembre-2022\/\" class=\"awb-custom-text-color awb-custom-text-hover-color\" target=\"_self\">4WSFC Europe \u00e0 Malte, 12-14 septembre 2022<\/a><\/h4><\/div><\/div><\/li>\n<li class=\"fusion-layout-column fusion_builder_column fusion-builder-column-178 fusion-flex-column post-card fusion-grid-column fusion-post-cards-grid-column\" style=\"--awb-bg-color:var(--awb-color1);--awb-bg-color-hover:var(--awb-color1);--awb-bg-blend:overlay;--awb-bg-size:cover;--awb-flex-grow:0;--awb-flex-shrink:0;--awb-flex-grow-medium:;--awb-flex-shrink-medium:;--awb-flex-grow-small:;--awb-flex-shrink-small:;\" data-scroll-devices=\"small-visibility,medium-visibility,large-visibility\"><div class=\"fusion-column-wrapper fusion-column-has-shadow fusion-flex-justify-content-space-around fusion-content-layout-column\"><div class=\"fusion-classic-product-image-wrapper fusion-woo-product-image fusion-post-card-image fusion-post-card-image-1 has-aspect-ratio\" data-layout=\"static\" style=\"--awb-aspect-ratio:3 \/ 2;\"><div  class=\"fusion-image-wrapper\" aria-haspopup=\"true\">\n\t\t\t\t\t\t\t<a href=\"https:\/\/www.mundusmaris.org\/fr\/entre-tradition-et-modernite\/un-coup-doeil-a-marsaxlokk-le-port-de-peche-artisanale-a-malte\/\" aria-label=\"Un coup d\u2019oeil \u00e0 Marsaxlokk, le port de p\u00eache artisanale \u00e0 Malte\">\n\t\t\t\t\t\t\t<img decoding=\"async\" width=\"800\" height=\"500\" src=\"https:\/\/www.mundusmaris.org\/wp-content\/uploads\/2024\/04\/copertina_posts_marsaxlokk.jpg\" class=\"attachment-full size-full wp-post-image\" alt=\"\" srcset=\"https:\/\/www.mundusmaris.org\/wp-content\/uploads\/2024\/04\/copertina_posts_marsaxlokk-200x125.jpg 200w, https:\/\/www.mundusmaris.org\/wp-content\/uploads\/2024\/04\/copertina_posts_marsaxlokk-400x250.jpg 400w, https:\/\/www.mundusmaris.org\/wp-content\/uploads\/2024\/04\/copertina_posts_marsaxlokk-600x375.jpg 600w, https:\/\/www.mundusmaris.org\/wp-content\/uploads\/2024\/04\/copertina_posts_marsaxlokk.jpg 800w\" sizes=\"(min-width: 2200px) 100vw, (min-width: 784px) 373px, (min-width: 712px) 560px, (min-width: 640px) 712px, \" \/>\t\t\t<\/a>\n\t\t\t\t\t\t\t<\/div>\n<\/div><div class=\"fusion-meta-tb fusion-meta-tb-178 floated\" style=\"--awb-border-top:0px;--awb-height:36px;--awb-alignment-medium:flex-start;--awb-alignment-small:flex-start;\"><span class=\"fusion-tb-published-date\">Published On: 11 septembre 2022<\/span><span class=\"fusion-meta-tb-sep\"><\/span><\/div><div class=\"fusion-title title fusion-title-178 fusion-sep-none fusion-title-text fusion-title-size-four\" style=\"--awb-margin-top:20px;--awb-margin-right:20px;--awb-margin-bottom:20px;--awb-margin-left:20px;--awb-margin-top-small:10px;--awb-margin-right-small:0px;--awb-margin-bottom-small:10px;--awb-margin-left-small:0px;--awb-font-size:24px;\"><h4 class=\"fusion-title-heading title-heading-left\" style=\"font-family:&quot;IBM Plex Sans Condensed&quot;;font-style:normal;font-weight:500;margin:0;font-size:1em;line-height:1.2;\"><a href=\"https:\/\/www.mundusmaris.org\/fr\/entre-tradition-et-modernite\/un-coup-doeil-a-marsaxlokk-le-port-de-peche-artisanale-a-malte\/\" class=\"awb-custom-text-color awb-custom-text-hover-color\" target=\"_self\">Un coup d\u2019oeil \u00e0 Marsaxlokk, le port de p\u00eache artisanale \u00e0 Malte<\/a><\/h4><\/div><\/div><\/li>\n<li class=\"fusion-layout-column fusion_builder_column fusion-builder-column-179 fusion-flex-column post-card fusion-grid-column fusion-post-cards-grid-column\" style=\"--awb-bg-color:var(--awb-color1);--awb-bg-color-hover:var(--awb-color1);--awb-bg-blend:overlay;--awb-bg-size:cover;--awb-flex-grow:0;--awb-flex-shrink:0;--awb-flex-grow-medium:;--awb-flex-shrink-medium:;--awb-flex-grow-small:;--awb-flex-shrink-small:;\" data-scroll-devices=\"small-visibility,medium-visibility,large-visibility\"><div class=\"fusion-column-wrapper fusion-column-has-shadow fusion-flex-justify-content-space-around fusion-content-layout-column\"><div class=\"fusion-classic-product-image-wrapper fusion-woo-product-image fusion-post-card-image fusion-post-card-image-1 has-aspect-ratio\" data-layout=\"static\" style=\"--awb-aspect-ratio:3 \/ 2;\"><div  class=\"fusion-image-wrapper\" aria-haspopup=\"true\">\n\t\t\t\t\t\t\t<a href=\"https:\/\/www.mundusmaris.org\/fr\/academie-de-la-peche-artisanale\/mundus-maris-prend-part-au-sommet-de-rome-consacre-a-la-peche-artisanale\/\" aria-label=\"Mundus maris prend part au Sommet de Rome consacr\u00e9 \u00e0 la p\u00eache artisanale\">\n\t\t\t\t\t\t\t<img decoding=\"async\" width=\"800\" height=\"500\" src=\"https:\/\/www.mundusmaris.org\/wp-content\/uploads\/2024\/03\/GroupPhotoSSF-SummitChristianMantuano_800x500.jpg\" class=\"attachment-full size-full wp-post-image\" alt=\"\" srcset=\"https:\/\/www.mundusmaris.org\/wp-content\/uploads\/2024\/03\/GroupPhotoSSF-SummitChristianMantuano_800x500-200x125.jpg 200w, https:\/\/www.mundusmaris.org\/wp-content\/uploads\/2024\/03\/GroupPhotoSSF-SummitChristianMantuano_800x500-400x250.jpg 400w, https:\/\/www.mundusmaris.org\/wp-content\/uploads\/2024\/03\/GroupPhotoSSF-SummitChristianMantuano_800x500-600x375.jpg 600w, https:\/\/www.mundusmaris.org\/wp-content\/uploads\/2024\/03\/GroupPhotoSSF-SummitChristianMantuano_800x500.jpg 800w\" sizes=\"(min-width: 2200px) 100vw, (min-width: 784px) 373px, (min-width: 712px) 560px, (min-width: 640px) 712px, \" \/>\t\t\t<\/a>\n\t\t\t\t\t\t\t<\/div>\n<\/div><div class=\"fusion-meta-tb fusion-meta-tb-179 floated\" style=\"--awb-border-top:0px;--awb-height:36px;--awb-alignment-medium:flex-start;--awb-alignment-small:flex-start;\"><span class=\"fusion-tb-published-date\">Published On: 9 septembre 2022<\/span><span class=\"fusion-meta-tb-sep\"><\/span><\/div><div class=\"fusion-title title fusion-title-179 fusion-sep-none fusion-title-text fusion-title-size-four\" style=\"--awb-margin-top:20px;--awb-margin-right:20px;--awb-margin-bottom:20px;--awb-margin-left:20px;--awb-margin-top-small:10px;--awb-margin-right-small:0px;--awb-margin-bottom-small:10px;--awb-margin-left-small:0px;--awb-font-size:24px;\"><h4 class=\"fusion-title-heading title-heading-left\" style=\"font-family:&quot;IBM Plex Sans Condensed&quot;;font-style:normal;font-weight:500;margin:0;font-size:1em;line-height:1.2;\"><a href=\"https:\/\/www.mundusmaris.org\/fr\/academie-de-la-peche-artisanale\/mundus-maris-prend-part-au-sommet-de-rome-consacre-a-la-peche-artisanale\/\" class=\"awb-custom-text-color awb-custom-text-hover-color\" target=\"_self\">Mundus maris prend part au Sommet de Rome consacr\u00e9 \u00e0 la p\u00eache artisanale<\/a><\/h4><\/div><\/div><\/li>\n<li class=\"fusion-layout-column fusion_builder_column fusion-builder-column-180 fusion-flex-column post-card fusion-grid-column fusion-post-cards-grid-column\" style=\"--awb-bg-color:var(--awb-color1);--awb-bg-color-hover:var(--awb-color1);--awb-bg-blend:overlay;--awb-bg-size:cover;--awb-flex-grow:0;--awb-flex-shrink:0;--awb-flex-grow-medium:;--awb-flex-shrink-medium:;--awb-flex-grow-small:;--awb-flex-shrink-small:;\" data-scroll-devices=\"small-visibility,medium-visibility,large-visibility\"><div class=\"fusion-column-wrapper fusion-column-has-shadow fusion-flex-justify-content-space-around fusion-content-layout-column\"><div class=\"fusion-classic-product-image-wrapper fusion-woo-product-image fusion-post-card-image fusion-post-card-image-1 has-aspect-ratio\" data-layout=\"static\" style=\"--awb-aspect-ratio:3 \/ 2;\"><div  class=\"fusion-image-wrapper\" aria-haspopup=\"true\">\n\t\t\t\t\t\t\t<a href=\"https:\/\/www.mundusmaris.org\/fr\/academie-de-la-peche-artisanale\/les-mareyeuses-de-yoff-et-hann-au-senegal-victimes-ou-forgeuses-de-leur-destin\/\" aria-label=\"Women fish traders in Yoff and Hann, Senegal, victims or shapers of their destiny?\">\n\t\t\t\t\t\t\t<img decoding=\"async\" width=\"800\" height=\"500\" src=\"https:\/\/www.mundusmaris.org\/wp-content\/uploads\/2024\/03\/Yoff-BambaInterviewingDuringWaitingTime_800x500.jpg\" class=\"attachment-full size-full wp-post-image\" alt=\"\" srcset=\"https:\/\/www.mundusmaris.org\/wp-content\/uploads\/2024\/03\/Yoff-BambaInterviewingDuringWaitingTime_800x500-200x125.jpg 200w, https:\/\/www.mundusmaris.org\/wp-content\/uploads\/2024\/03\/Yoff-BambaInterviewingDuringWaitingTime_800x500-400x250.jpg 400w, https:\/\/www.mundusmaris.org\/wp-content\/uploads\/2024\/03\/Yoff-BambaInterviewingDuringWaitingTime_800x500-600x375.jpg 600w, https:\/\/www.mundusmaris.org\/wp-content\/uploads\/2024\/03\/Yoff-BambaInterviewingDuringWaitingTime_800x500.jpg 800w\" sizes=\"(min-width: 2200px) 100vw, (min-width: 784px) 373px, (min-width: 712px) 560px, (min-width: 640px) 712px, \" \/>\t\t\t<\/a>\n\t\t\t\t\t\t\t<\/div>\n<\/div><div class=\"fusion-meta-tb fusion-meta-tb-180 floated\" style=\"--awb-border-top:0px;--awb-height:36px;--awb-alignment-medium:flex-start;--awb-alignment-small:flex-start;\"><span class=\"fusion-tb-published-date\">Published On: 4 septembre 2022<\/span><span class=\"fusion-meta-tb-sep\"><\/span><\/div><div class=\"fusion-title title fusion-title-180 fusion-sep-none fusion-title-text fusion-title-size-four\" style=\"--awb-margin-top:20px;--awb-margin-right:20px;--awb-margin-bottom:20px;--awb-margin-left:20px;--awb-margin-top-small:10px;--awb-margin-right-small:0px;--awb-margin-bottom-small:10px;--awb-margin-left-small:0px;--awb-font-size:24px;\"><h4 class=\"fusion-title-heading title-heading-left\" style=\"font-family:&quot;IBM Plex Sans Condensed&quot;;font-style:normal;font-weight:500;margin:0;font-size:1em;line-height:1.2;\"><a href=\"https:\/\/www.mundusmaris.org\/fr\/academie-de-la-peche-artisanale\/les-mareyeuses-de-yoff-et-hann-au-senegal-victimes-ou-forgeuses-de-leur-destin\/\" class=\"awb-custom-text-color awb-custom-text-hover-color\" target=\"_self\">Women fish traders in Yoff and Hann, Senegal, victims or shapers of their destiny?<\/a><\/h4><\/div><\/div><\/li>\n<li class=\"fusion-layout-column fusion_builder_column fusion-builder-column-181 fusion-flex-column post-card fusion-grid-column fusion-post-cards-grid-column\" style=\"--awb-bg-color:var(--awb-color1);--awb-bg-color-hover:var(--awb-color1);--awb-bg-blend:overlay;--awb-bg-size:cover;--awb-flex-grow:0;--awb-flex-shrink:0;--awb-flex-grow-medium:;--awb-flex-shrink-medium:;--awb-flex-grow-small:;--awb-flex-shrink-small:;\" data-scroll-devices=\"small-visibility,medium-visibility,large-visibility\"><div class=\"fusion-column-wrapper fusion-column-has-shadow fusion-flex-justify-content-space-around fusion-content-layout-column\"><div class=\"fusion-classic-product-image-wrapper fusion-woo-product-image fusion-post-card-image fusion-post-card-image-1 has-aspect-ratio\" data-layout=\"static\" style=\"--awb-aspect-ratio:3 \/ 2;\"><div  class=\"fusion-image-wrapper\" aria-haspopup=\"true\">\n\t\t\t\t\t\t\t<a href=\"https:\/\/www.mundusmaris.org\/fr\/activites\/arret-a-la-surpeche\/les-yeux-rives-sur-lomc-a-hilden-allemagney\/\" aria-label=\"Tous les yeux riv\u00e9s sur l\u2019OMC \u00e0 Hilden en Allemagne\">\n\t\t\t\t\t\t\t<img decoding=\"async\" width=\"400\" height=\"267\" src=\"https:\/\/www.mundusmaris.org\/wp-content\/uploads\/2024\/09\/FinlayInHilden02.jpg\" class=\"attachment-full size-full wp-post-image\" alt=\"\" srcset=\"https:\/\/www.mundusmaris.org\/wp-content\/uploads\/2024\/09\/FinlayInHilden02-200x134.jpg 200w, https:\/\/www.mundusmaris.org\/wp-content\/uploads\/2024\/09\/FinlayInHilden02.jpg 400w\" sizes=\"(min-width: 2200px) 100vw, (min-width: 784px) 373px, (min-width: 712px) 560px, (min-width: 640px) 712px, \" \/>\t\t\t<\/a>\n\t\t\t\t\t\t\t<\/div>\n<\/div><div class=\"fusion-meta-tb fusion-meta-tb-181 floated\" style=\"--awb-border-top:0px;--awb-height:36px;--awb-alignment-medium:flex-start;--awb-alignment-small:flex-start;\"><span class=\"fusion-tb-published-date\">Published On: 7 juin 2022<\/span><span class=\"fusion-meta-tb-sep\"><\/span><\/div><div class=\"fusion-title title fusion-title-181 fusion-sep-none fusion-title-text fusion-title-size-four\" style=\"--awb-margin-top:20px;--awb-margin-right:20px;--awb-margin-bottom:20px;--awb-margin-left:20px;--awb-margin-top-small:10px;--awb-margin-right-small:0px;--awb-margin-bottom-small:10px;--awb-margin-left-small:0px;--awb-font-size:24px;\"><h4 class=\"fusion-title-heading title-heading-left\" style=\"font-family:&quot;IBM Plex Sans Condensed&quot;;font-style:normal;font-weight:500;margin:0;font-size:1em;line-height:1.2;\"><a href=\"https:\/\/www.mundusmaris.org\/fr\/activites\/arret-a-la-surpeche\/les-yeux-rives-sur-lomc-a-hilden-allemagney\/\" class=\"awb-custom-text-color awb-custom-text-hover-color\" target=\"_self\">Tous les yeux riv\u00e9s sur l\u2019OMC \u00e0 Hilden en Allemagne<\/a><\/h4><\/div><\/div><\/li>\n<li class=\"fusion-layout-column fusion_builder_column fusion-builder-column-182 fusion-flex-column post-card fusion-grid-column fusion-post-cards-grid-column\" style=\"--awb-bg-color:var(--awb-color1);--awb-bg-color-hover:var(--awb-color1);--awb-bg-blend:overlay;--awb-bg-size:cover;--awb-flex-grow:0;--awb-flex-shrink:0;--awb-flex-grow-medium:;--awb-flex-shrink-medium:;--awb-flex-grow-small:;--awb-flex-shrink-small:;\" data-scroll-devices=\"small-visibility,medium-visibility,large-visibility\"><div class=\"fusion-column-wrapper fusion-column-has-shadow fusion-flex-justify-content-space-around fusion-content-layout-column\"><div class=\"fusion-classic-product-image-wrapper fusion-woo-product-image fusion-post-card-image fusion-post-card-image-1 has-aspect-ratio\" data-layout=\"static\" style=\"--awb-aspect-ratio:3 \/ 2;\"><div  class=\"fusion-image-wrapper\" aria-haspopup=\"true\">\n\t\t\t\t\t\t\t<a href=\"https:\/\/www.mundusmaris.org\/fr\/livres\/a-life-by-the-sea-book-review\/\" aria-label=\"Daniel Pauly: a Life by the Sea\">\n\t\t\t\t\t\t\t<img decoding=\"async\" width=\"500\" height=\"357\" src=\"https:\/\/www.mundusmaris.org\/wp-content\/uploads\/2024\/09\/DP_partialCover.jpg\" class=\"attachment-full size-full wp-post-image\" alt=\"\" srcset=\"https:\/\/www.mundusmaris.org\/wp-content\/uploads\/2024\/09\/DP_partialCover-200x143.jpg 200w, https:\/\/www.mundusmaris.org\/wp-content\/uploads\/2024\/09\/DP_partialCover-400x286.jpg 400w, https:\/\/www.mundusmaris.org\/wp-content\/uploads\/2024\/09\/DP_partialCover.jpg 500w\" sizes=\"(min-width: 2200px) 100vw, (min-width: 784px) 373px, (min-width: 712px) 560px, (min-width: 640px) 712px, \" \/>\t\t\t<\/a>\n\t\t\t\t\t\t\t<\/div>\n<\/div><div class=\"fusion-meta-tb fusion-meta-tb-182 floated\" style=\"--awb-border-top:0px;--awb-height:36px;--awb-alignment-medium:flex-start;--awb-alignment-small:flex-start;\"><span class=\"fusion-tb-published-date\">Published On: 30 mars 2022<\/span><span class=\"fusion-meta-tb-sep\"><\/span><\/div><div class=\"fusion-title title fusion-title-182 fusion-sep-none fusion-title-text fusion-title-size-four\" style=\"--awb-margin-top:20px;--awb-margin-right:20px;--awb-margin-bottom:20px;--awb-margin-left:20px;--awb-margin-top-small:10px;--awb-margin-right-small:0px;--awb-margin-bottom-small:10px;--awb-margin-left-small:0px;--awb-font-size:24px;\"><h4 class=\"fusion-title-heading title-heading-left\" style=\"font-family:&quot;IBM Plex Sans Condensed&quot;;font-style:normal;font-weight:500;margin:0;font-size:1em;line-height:1.2;\"><a href=\"https:\/\/www.mundusmaris.org\/fr\/livres\/a-life-by-the-sea-book-review\/\" class=\"awb-custom-text-color awb-custom-text-hover-color\" target=\"_self\">Daniel Pauly: a Life by the Sea<\/a><\/h4><\/div><\/div><\/li>\n<li class=\"fusion-layout-column fusion_builder_column fusion-builder-column-183 fusion-flex-column post-card fusion-grid-column fusion-post-cards-grid-column\" style=\"--awb-bg-color:var(--awb-color1);--awb-bg-color-hover:var(--awb-color1);--awb-bg-blend:overlay;--awb-bg-size:cover;--awb-flex-grow:0;--awb-flex-shrink:0;--awb-flex-grow-medium:;--awb-flex-shrink-medium:;--awb-flex-grow-small:;--awb-flex-shrink-small:;\" data-scroll-devices=\"small-visibility,medium-visibility,large-visibility\"><div class=\"fusion-column-wrapper fusion-column-has-shadow fusion-flex-justify-content-space-around fusion-content-layout-column\"><div class=\"fusion-classic-product-image-wrapper fusion-woo-product-image fusion-post-card-image fusion-post-card-image-1 has-aspect-ratio\" data-layout=\"static\" style=\"--awb-aspect-ratio:3 \/ 2;\"><div  class=\"fusion-image-wrapper\" aria-haspopup=\"true\">\n\t\t\t\t\t\t\t<a href=\"https:\/\/www.mundusmaris.org\/fr\/activites\/aproche-ecosystemique-a-la-peche\/wellbeing-small-scale-fishers-derive-from-ecosystem-services\/\" aria-label=\"Wellbeing small-scale fishers derive from ecosystem services\">\n\t\t\t\t\t\t\t<img decoding=\"async\" width=\"500\" height=\"330\" src=\"https:\/\/www.mundusmaris.org\/wp-content\/uploads\/2024\/10\/AnaCarolinaEstevesDias_UbatubaPullingUpNet.jpg\" class=\"attachment-full size-full wp-post-image\" alt=\"\" srcset=\"https:\/\/www.mundusmaris.org\/wp-content\/uploads\/2024\/10\/AnaCarolinaEstevesDias_UbatubaPullingUpNet-200x132.jpg 200w, https:\/\/www.mundusmaris.org\/wp-content\/uploads\/2024\/10\/AnaCarolinaEstevesDias_UbatubaPullingUpNet-400x264.jpg 400w, https:\/\/www.mundusmaris.org\/wp-content\/uploads\/2024\/10\/AnaCarolinaEstevesDias_UbatubaPullingUpNet.jpg 500w\" sizes=\"(min-width: 2200px) 100vw, (min-width: 784px) 373px, (min-width: 712px) 560px, (min-width: 640px) 712px, \" \/>\t\t\t<\/a>\n\t\t\t\t\t\t\t<\/div>\n<\/div><div class=\"fusion-meta-tb fusion-meta-tb-183 floated\" style=\"--awb-border-top:0px;--awb-height:36px;--awb-alignment-medium:flex-start;--awb-alignment-small:flex-start;\"><span class=\"fusion-tb-published-date\">Published On: 25 d\u00e9cembre 2021<\/span><span class=\"fusion-meta-tb-sep\"><\/span><\/div><div class=\"fusion-title title fusion-title-183 fusion-sep-none fusion-title-text fusion-title-size-four\" style=\"--awb-margin-top:20px;--awb-margin-right:20px;--awb-margin-bottom:20px;--awb-margin-left:20px;--awb-margin-top-small:10px;--awb-margin-right-small:0px;--awb-margin-bottom-small:10px;--awb-margin-left-small:0px;--awb-font-size:24px;\"><h4 class=\"fusion-title-heading title-heading-left\" style=\"font-family:&quot;IBM Plex Sans Condensed&quot;;font-style:normal;font-weight:500;margin:0;font-size:1em;line-height:1.2;\"><a href=\"https:\/\/www.mundusmaris.org\/fr\/activites\/aproche-ecosystemique-a-la-peche\/wellbeing-small-scale-fishers-derive-from-ecosystem-services\/\" class=\"awb-custom-text-color awb-custom-text-hover-color\" target=\"_self\">Wellbeing small-scale fishers derive from ecosystem services<\/a><\/h4><\/div><\/div><\/li>\n<li class=\"fusion-layout-column fusion_builder_column fusion-builder-column-184 fusion-flex-column post-card fusion-grid-column fusion-post-cards-grid-column\" style=\"--awb-bg-color:var(--awb-color1);--awb-bg-color-hover:var(--awb-color1);--awb-bg-blend:overlay;--awb-bg-size:cover;--awb-flex-grow:0;--awb-flex-shrink:0;--awb-flex-grow-medium:;--awb-flex-shrink-medium:;--awb-flex-grow-small:;--awb-flex-shrink-small:;\" data-scroll-devices=\"small-visibility,medium-visibility,large-visibility\"><div class=\"fusion-column-wrapper fusion-column-has-shadow fusion-flex-justify-content-space-around fusion-content-layout-column\"><div class=\"fusion-classic-product-image-wrapper fusion-woo-product-image fusion-post-card-image fusion-post-card-image-1 has-aspect-ratio\" data-layout=\"static\" style=\"--awb-aspect-ratio:3 \/ 2;\"><div  class=\"fusion-image-wrapper\" aria-haspopup=\"true\">\n\t\t\t\t\t\t\t<a href=\"https:\/\/www.mundusmaris.org\/fr\/academie-de-la-peche-artisanale\/lacademie-continue-son-travail-a-yoff\/\" aria-label=\"L&rsquo;Acad\u00e9mie continue son travail \u00e0 Yoff\">\n\t\t\t\t\t\t\t<img decoding=\"async\" width=\"800\" height=\"500\" src=\"https:\/\/www.mundusmaris.org\/wp-content\/uploads\/2024\/03\/ParticipantesAvecDiplome_800x500.jpg\" class=\"attachment-full size-full wp-post-image\" alt=\"\" srcset=\"https:\/\/www.mundusmaris.org\/wp-content\/uploads\/2024\/03\/ParticipantesAvecDiplome_800x500-200x125.jpg 200w, https:\/\/www.mundusmaris.org\/wp-content\/uploads\/2024\/03\/ParticipantesAvecDiplome_800x500-400x250.jpg 400w, https:\/\/www.mundusmaris.org\/wp-content\/uploads\/2024\/03\/ParticipantesAvecDiplome_800x500-600x375.jpg 600w, https:\/\/www.mundusmaris.org\/wp-content\/uploads\/2024\/03\/ParticipantesAvecDiplome_800x500.jpg 800w\" sizes=\"(min-width: 2200px) 100vw, (min-width: 784px) 373px, (min-width: 712px) 560px, (min-width: 640px) 712px, \" \/>\t\t\t<\/a>\n\t\t\t\t\t\t\t<\/div>\n<\/div><div class=\"fusion-meta-tb fusion-meta-tb-184 floated\" style=\"--awb-border-top:0px;--awb-height:36px;--awb-alignment-medium:flex-start;--awb-alignment-small:flex-start;\"><span class=\"fusion-tb-published-date\">Published On: 30 novembre 2021<\/span><span class=\"fusion-meta-tb-sep\"><\/span><\/div><div class=\"fusion-title title fusion-title-184 fusion-sep-none fusion-title-text fusion-title-size-four\" style=\"--awb-margin-top:20px;--awb-margin-right:20px;--awb-margin-bottom:20px;--awb-margin-left:20px;--awb-margin-top-small:10px;--awb-margin-right-small:0px;--awb-margin-bottom-small:10px;--awb-margin-left-small:0px;--awb-font-size:24px;\"><h4 class=\"fusion-title-heading title-heading-left\" style=\"font-family:&quot;IBM Plex Sans Condensed&quot;;font-style:normal;font-weight:500;margin:0;font-size:1em;line-height:1.2;\"><a href=\"https:\/\/www.mundusmaris.org\/fr\/academie-de-la-peche-artisanale\/lacademie-continue-son-travail-a-yoff\/\" class=\"awb-custom-text-color awb-custom-text-hover-color\" target=\"_self\">L&rsquo;Acad\u00e9mie continue son travail \u00e0 Yoff<\/a><\/h4><\/div><\/div><\/li>\n<li class=\"fusion-layout-column fusion_builder_column fusion-builder-column-185 fusion-flex-column post-card fusion-grid-column fusion-post-cards-grid-column\" style=\"--awb-bg-color:var(--awb-color1);--awb-bg-color-hover:var(--awb-color1);--awb-bg-blend:overlay;--awb-bg-size:cover;--awb-flex-grow:0;--awb-flex-shrink:0;--awb-flex-grow-medium:;--awb-flex-shrink-medium:;--awb-flex-grow-small:;--awb-flex-shrink-small:;\" data-scroll-devices=\"small-visibility,medium-visibility,large-visibility\"><div class=\"fusion-column-wrapper fusion-column-has-shadow fusion-flex-justify-content-space-around fusion-content-layout-column\"><div class=\"fusion-classic-product-image-wrapper fusion-woo-product-image fusion-post-card-image fusion-post-card-image-1 has-aspect-ratio\" data-layout=\"static\" style=\"--awb-aspect-ratio:3 \/ 2;\"><div  class=\"fusion-image-wrapper\" aria-haspopup=\"true\">\n\t\t\t\t\t\t\t<a href=\"https:\/\/www.mundusmaris.org\/fr\/academie-de-la-peche-artisanale\/illuminating-the-hidden-harvest-a-snapshot\/\" aria-label=\"Illuminating the Hidden Harvest \u2013 a snapshot\">\n\t\t\t\t\t\t\t<img decoding=\"async\" width=\"500\" height=\"330\" src=\"https:\/\/www.mundusmaris.org\/wp-content\/uploads\/2024\/10\/PerspectivesIHHoverview.jpg\" class=\"attachment-full size-full wp-post-image\" alt=\"\" srcset=\"https:\/\/www.mundusmaris.org\/wp-content\/uploads\/2024\/10\/PerspectivesIHHoverview-200x132.jpg 200w, https:\/\/www.mundusmaris.org\/wp-content\/uploads\/2024\/10\/PerspectivesIHHoverview-400x264.jpg 400w, https:\/\/www.mundusmaris.org\/wp-content\/uploads\/2024\/10\/PerspectivesIHHoverview.jpg 500w\" sizes=\"(min-width: 2200px) 100vw, (min-width: 784px) 373px, (min-width: 712px) 560px, (min-width: 640px) 712px, \" \/>\t\t\t<\/a>\n\t\t\t\t\t\t\t<\/div>\n<\/div><div class=\"fusion-meta-tb fusion-meta-tb-185 floated\" style=\"--awb-border-top:0px;--awb-height:36px;--awb-alignment-medium:flex-start;--awb-alignment-small:flex-start;\"><span class=\"fusion-tb-published-date\">Published On: 30 novembre 2021<\/span><span class=\"fusion-meta-tb-sep\"><\/span><\/div><div class=\"fusion-title title fusion-title-185 fusion-sep-none fusion-title-text fusion-title-size-four\" style=\"--awb-margin-top:20px;--awb-margin-right:20px;--awb-margin-bottom:20px;--awb-margin-left:20px;--awb-margin-top-small:10px;--awb-margin-right-small:0px;--awb-margin-bottom-small:10px;--awb-margin-left-small:0px;--awb-font-size:24px;\"><h4 class=\"fusion-title-heading title-heading-left\" style=\"font-family:&quot;IBM Plex Sans Condensed&quot;;font-style:normal;font-weight:500;margin:0;font-size:1em;line-height:1.2;\"><a href=\"https:\/\/www.mundusmaris.org\/fr\/academie-de-la-peche-artisanale\/illuminating-the-hidden-harvest-a-snapshot\/\" class=\"awb-custom-text-color awb-custom-text-hover-color\" target=\"_self\">Illuminating the Hidden Harvest \u2013 a snapshot<\/a><\/h4><\/div><\/div><\/li>\n<li class=\"fusion-layout-column fusion_builder_column fusion-builder-column-186 fusion-flex-column post-card fusion-grid-column fusion-post-cards-grid-column\" style=\"--awb-bg-color:var(--awb-color1);--awb-bg-color-hover:var(--awb-color1);--awb-bg-blend:overlay;--awb-bg-size:cover;--awb-flex-grow:0;--awb-flex-shrink:0;--awb-flex-grow-medium:;--awb-flex-shrink-medium:;--awb-flex-grow-small:;--awb-flex-shrink-small:;\" data-scroll-devices=\"small-visibility,medium-visibility,large-visibility\"><div class=\"fusion-column-wrapper fusion-column-has-shadow fusion-flex-justify-content-space-around fusion-content-layout-column\"><div class=\"fusion-classic-product-image-wrapper fusion-woo-product-image fusion-post-card-image fusion-post-card-image-1 has-aspect-ratio\" data-layout=\"static\" style=\"--awb-aspect-ratio:3 \/ 2;\"><div  class=\"fusion-image-wrapper\" aria-haspopup=\"true\">\n\t\t\t\t\t\t\t<a href=\"https:\/\/www.mundusmaris.org\/fr\/academie-de-la-peche-artisanale\/virtual-launch-event-fao-international-year-of-artisanal-fisheries-and-aquaculture\/\" aria-label=\"Virtual launch event FAO: International Year of Artisanal Fisheries and Aquaculture\">\n\t\t\t\t\t\t\t<img decoding=\"async\" width=\"500\" height=\"282\" src=\"https:\/\/www.mundusmaris.org\/wp-content\/uploads\/2024\/10\/QU-DongyuFAO-DG06a.jpg\" class=\"attachment-full size-full wp-post-image\" alt=\"\" srcset=\"https:\/\/www.mundusmaris.org\/wp-content\/uploads\/2024\/10\/QU-DongyuFAO-DG06a-200x113.jpg 200w, https:\/\/www.mundusmaris.org\/wp-content\/uploads\/2024\/10\/QU-DongyuFAO-DG06a-400x226.jpg 400w, https:\/\/www.mundusmaris.org\/wp-content\/uploads\/2024\/10\/QU-DongyuFAO-DG06a.jpg 500w\" sizes=\"(min-width: 2200px) 100vw, (min-width: 784px) 373px, (min-width: 712px) 560px, (min-width: 640px) 712px, \" \/>\t\t\t<\/a>\n\t\t\t\t\t\t\t<\/div>\n<\/div><div class=\"fusion-meta-tb fusion-meta-tb-186 floated\" style=\"--awb-border-top:0px;--awb-height:36px;--awb-alignment-medium:flex-start;--awb-alignment-small:flex-start;\"><span class=\"fusion-tb-published-date\">Published On: 20 novembre 2021<\/span><span class=\"fusion-meta-tb-sep\"><\/span><\/div><div class=\"fusion-title title fusion-title-186 fusion-sep-none fusion-title-text fusion-title-size-four\" style=\"--awb-margin-top:20px;--awb-margin-right:20px;--awb-margin-bottom:20px;--awb-margin-left:20px;--awb-margin-top-small:10px;--awb-margin-right-small:0px;--awb-margin-bottom-small:10px;--awb-margin-left-small:0px;--awb-font-size:24px;\"><h4 class=\"fusion-title-heading title-heading-left\" style=\"font-family:&quot;IBM Plex Sans Condensed&quot;;font-style:normal;font-weight:500;margin:0;font-size:1em;line-height:1.2;\"><a href=\"https:\/\/www.mundusmaris.org\/fr\/academie-de-la-peche-artisanale\/virtual-launch-event-fao-international-year-of-artisanal-fisheries-and-aquaculture\/\" class=\"awb-custom-text-color awb-custom-text-hover-color\" target=\"_self\">Virtual launch event FAO: International Year of Artisanal Fisheries and Aquaculture<\/a><\/h4><\/div><\/div><\/li>\n<li class=\"fusion-layout-column fusion_builder_column fusion-builder-column-187 fusion-flex-column post-card fusion-grid-column fusion-post-cards-grid-column\" style=\"--awb-bg-color:var(--awb-color1);--awb-bg-color-hover:var(--awb-color1);--awb-bg-blend:overlay;--awb-bg-size:cover;--awb-flex-grow:0;--awb-flex-shrink:0;--awb-flex-grow-medium:;--awb-flex-shrink-medium:;--awb-flex-grow-small:;--awb-flex-shrink-small:;\" data-scroll-devices=\"small-visibility,medium-visibility,large-visibility\"><div class=\"fusion-column-wrapper fusion-column-has-shadow fusion-flex-justify-content-space-around fusion-content-layout-column\"><div class=\"fusion-classic-product-image-wrapper fusion-woo-product-image fusion-post-card-image fusion-post-card-image-1 has-aspect-ratio\" data-layout=\"static\" style=\"--awb-aspect-ratio:3 \/ 2;\"><div  class=\"fusion-image-wrapper\" aria-haspopup=\"true\">\n\t\t\t\t\t\t\t<a href=\"https:\/\/www.mundusmaris.org\/fr\/academie-de-la-peche-artisanale\/the-small-scale-fisheries-academy-as-a-source-of-operational-support-to-pa-guidelines\/\" aria-label=\"The Small-Scale Fisheries Academy as a source of operational support to PA Guidelines\">\n\t\t\t\t\t\t\t<img decoding=\"async\" width=\"800\" height=\"500\" src=\"https:\/\/www.mundusmaris.org\/wp-content\/uploads\/2024\/03\/CorneliaNauen05_800x500.jpg\" class=\"attachment-full size-full wp-post-image\" alt=\"\" srcset=\"https:\/\/www.mundusmaris.org\/wp-content\/uploads\/2024\/03\/CorneliaNauen05_800x500-200x125.jpg 200w, https:\/\/www.mundusmaris.org\/wp-content\/uploads\/2024\/03\/CorneliaNauen05_800x500-400x250.jpg 400w, https:\/\/www.mundusmaris.org\/wp-content\/uploads\/2024\/03\/CorneliaNauen05_800x500-600x375.jpg 600w, https:\/\/www.mundusmaris.org\/wp-content\/uploads\/2024\/03\/CorneliaNauen05_800x500.jpg 800w\" sizes=\"(min-width: 2200px) 100vw, (min-width: 784px) 373px, (min-width: 712px) 560px, (min-width: 640px) 712px, \" \/>\t\t\t<\/a>\n\t\t\t\t\t\t\t<\/div>\n<\/div><div class=\"fusion-meta-tb fusion-meta-tb-187 floated\" style=\"--awb-border-top:0px;--awb-height:36px;--awb-alignment-medium:flex-start;--awb-alignment-small:flex-start;\"><span class=\"fusion-tb-published-date\">Published On: 31 octobre 2021<\/span><span class=\"fusion-meta-tb-sep\"><\/span><\/div><div class=\"fusion-title title fusion-title-187 fusion-sep-none fusion-title-text fusion-title-size-four\" style=\"--awb-margin-top:20px;--awb-margin-right:20px;--awb-margin-bottom:20px;--awb-margin-left:20px;--awb-margin-top-small:10px;--awb-margin-right-small:0px;--awb-margin-bottom-small:10px;--awb-margin-left-small:0px;--awb-font-size:24px;\"><h4 class=\"fusion-title-heading title-heading-left\" style=\"font-family:&quot;IBM Plex Sans Condensed&quot;;font-style:normal;font-weight:500;margin:0;font-size:1em;line-height:1.2;\"><a href=\"https:\/\/www.mundusmaris.org\/fr\/academie-de-la-peche-artisanale\/the-small-scale-fisheries-academy-as-a-source-of-operational-support-to-pa-guidelines\/\" class=\"awb-custom-text-color awb-custom-text-hover-color\" target=\"_self\">The Small-Scale Fisheries Academy as a source of operational support to PA Guidelines<\/a><\/h4><\/div><\/div><\/li>\n<li class=\"fusion-layout-column fusion_builder_column fusion-builder-column-188 fusion-flex-column post-card fusion-grid-column fusion-post-cards-grid-column\" style=\"--awb-bg-color:var(--awb-color1);--awb-bg-color-hover:var(--awb-color1);--awb-bg-blend:overlay;--awb-bg-size:cover;--awb-flex-grow:0;--awb-flex-shrink:0;--awb-flex-grow-medium:;--awb-flex-shrink-medium:;--awb-flex-grow-small:;--awb-flex-shrink-small:;\" data-scroll-devices=\"small-visibility,medium-visibility,large-visibility\"><div class=\"fusion-column-wrapper fusion-column-has-shadow fusion-flex-justify-content-space-around fusion-content-layout-column\"><div class=\"fusion-classic-product-image-wrapper fusion-woo-product-image fusion-post-card-image fusion-post-card-image-1 has-aspect-ratio\" data-layout=\"static\" style=\"--awb-aspect-ratio:3 \/ 2;\"><div  class=\"fusion-image-wrapper\" aria-haspopup=\"true\">\n\t\t\t\t\t\t\t<a href=\"https:\/\/www.mundusmaris.org\/fr\/academie-de-la-peche-artisanale\/world-fisheries-congress-adelaide-20-24-september\/\" aria-label=\"World Fisheries Congress, Adelaide, 20-24 September\">\n\t\t\t\t\t\t\t<img decoding=\"async\" width=\"800\" height=\"500\" src=\"https:\/\/www.mundusmaris.org\/wp-content\/uploads\/2024\/03\/Logo_800x500.jpg\" class=\"attachment-full size-full wp-post-image\" alt=\"\" srcset=\"https:\/\/www.mundusmaris.org\/wp-content\/uploads\/2024\/03\/Logo_800x500-200x125.jpg 200w, https:\/\/www.mundusmaris.org\/wp-content\/uploads\/2024\/03\/Logo_800x500-400x250.jpg 400w, https:\/\/www.mundusmaris.org\/wp-content\/uploads\/2024\/03\/Logo_800x500-600x375.jpg 600w, https:\/\/www.mundusmaris.org\/wp-content\/uploads\/2024\/03\/Logo_800x500.jpg 800w\" sizes=\"(min-width: 2200px) 100vw, (min-width: 784px) 373px, (min-width: 712px) 560px, (min-width: 640px) 712px, \" \/>\t\t\t<\/a>\n\t\t\t\t\t\t\t<\/div>\n<\/div><div class=\"fusion-meta-tb fusion-meta-tb-188 floated\" style=\"--awb-border-top:0px;--awb-height:36px;--awb-alignment-medium:flex-start;--awb-alignment-small:flex-start;\"><span class=\"fusion-tb-published-date\">Published On: 30 septembre 2021<\/span><span class=\"fusion-meta-tb-sep\"><\/span><\/div><div class=\"fusion-title title fusion-title-188 fusion-sep-none fusion-title-text fusion-title-size-four\" style=\"--awb-margin-top:20px;--awb-margin-right:20px;--awb-margin-bottom:20px;--awb-margin-left:20px;--awb-margin-top-small:10px;--awb-margin-right-small:0px;--awb-margin-bottom-small:10px;--awb-margin-left-small:0px;--awb-font-size:24px;\"><h4 class=\"fusion-title-heading title-heading-left\" style=\"font-family:&quot;IBM Plex Sans Condensed&quot;;font-style:normal;font-weight:500;margin:0;font-size:1em;line-height:1.2;\"><a href=\"https:\/\/www.mundusmaris.org\/fr\/academie-de-la-peche-artisanale\/world-fisheries-congress-adelaide-20-24-september\/\" class=\"awb-custom-text-color awb-custom-text-hover-color\" target=\"_self\">World Fisheries Congress, Adelaide, 20-24 September<\/a><\/h4><\/div><\/div><\/li>\n<li class=\"fusion-layout-column fusion_builder_column fusion-builder-column-189 fusion-flex-column post-card fusion-grid-column fusion-post-cards-grid-column\" style=\"--awb-bg-color:var(--awb-color1);--awb-bg-color-hover:var(--awb-color1);--awb-bg-blend:overlay;--awb-bg-size:cover;--awb-flex-grow:0;--awb-flex-shrink:0;--awb-flex-grow-medium:;--awb-flex-shrink-medium:;--awb-flex-grow-small:;--awb-flex-shrink-small:;\" data-scroll-devices=\"small-visibility,medium-visibility,large-visibility\"><div class=\"fusion-column-wrapper fusion-column-has-shadow fusion-flex-justify-content-space-around fusion-content-layout-column\"><div class=\"fusion-classic-product-image-wrapper fusion-woo-product-image fusion-post-card-image fusion-post-card-image-1 has-aspect-ratio\" data-layout=\"static\" style=\"--awb-aspect-ratio:3 \/ 2;\"><div  class=\"fusion-image-wrapper\" aria-haspopup=\"true\">\n\t\t\t\t\t\t\t<a href=\"https:\/\/www.mundusmaris.org\/fr\/academie-de-la-peche-artisanale\/mundus-maris-supports-the-fight-of-paolo-the-fisher-in-tuscany-italy\/\" aria-label=\"Mundus maris supports the fight of Paolo, the fisher, in Tuscany, Italy\">\n\t\t\t\t\t\t\t<img decoding=\"async\" width=\"800\" height=\"500\" src=\"https:\/\/www.mundusmaris.org\/wp-content\/uploads\/2024\/03\/PaoloFanciulli_800x500.jpg\" class=\"attachment-full size-full wp-post-image\" alt=\"\" srcset=\"https:\/\/www.mundusmaris.org\/wp-content\/uploads\/2024\/03\/PaoloFanciulli_800x500-200x125.jpg 200w, https:\/\/www.mundusmaris.org\/wp-content\/uploads\/2024\/03\/PaoloFanciulli_800x500-400x250.jpg 400w, https:\/\/www.mundusmaris.org\/wp-content\/uploads\/2024\/03\/PaoloFanciulli_800x500-600x375.jpg 600w, https:\/\/www.mundusmaris.org\/wp-content\/uploads\/2024\/03\/PaoloFanciulli_800x500.jpg 800w\" sizes=\"(min-width: 2200px) 100vw, (min-width: 784px) 373px, (min-width: 712px) 560px, (min-width: 640px) 712px, \" \/>\t\t\t<\/a>\n\t\t\t\t\t\t\t<\/div>\n<\/div><div class=\"fusion-meta-tb fusion-meta-tb-189 floated\" style=\"--awb-border-top:0px;--awb-height:36px;--awb-alignment-medium:flex-start;--awb-alignment-small:flex-start;\"><span class=\"fusion-tb-published-date\">Published On: 15 ao\u00fbt 2021<\/span><span class=\"fusion-meta-tb-sep\"><\/span><\/div><div class=\"fusion-title title fusion-title-189 fusion-sep-none fusion-title-text fusion-title-size-four\" style=\"--awb-margin-top:20px;--awb-margin-right:20px;--awb-margin-bottom:20px;--awb-margin-left:20px;--awb-margin-top-small:10px;--awb-margin-right-small:0px;--awb-margin-bottom-small:10px;--awb-margin-left-small:0px;--awb-font-size:24px;\"><h4 class=\"fusion-title-heading title-heading-left\" style=\"font-family:&quot;IBM Plex Sans Condensed&quot;;font-style:normal;font-weight:500;margin:0;font-size:1em;line-height:1.2;\"><a href=\"https:\/\/www.mundusmaris.org\/fr\/academie-de-la-peche-artisanale\/mundus-maris-supports-the-fight-of-paolo-the-fisher-in-tuscany-italy\/\" class=\"awb-custom-text-color awb-custom-text-hover-color\" target=\"_self\">Mundus maris supports the fight of Paolo, the fisher, in Tuscany, Italy<\/a><\/h4><\/div><\/div><\/li>\n<li class=\"fusion-layout-column fusion_builder_column fusion-builder-column-190 fusion-flex-column post-card fusion-grid-column fusion-post-cards-grid-column\" style=\"--awb-bg-color:var(--awb-color1);--awb-bg-color-hover:var(--awb-color1);--awb-bg-blend:overlay;--awb-bg-size:cover;--awb-flex-grow:0;--awb-flex-shrink:0;--awb-flex-grow-medium:;--awb-flex-shrink-medium:;--awb-flex-grow-small:;--awb-flex-shrink-small:;\" data-scroll-devices=\"small-visibility,medium-visibility,large-visibility\"><div class=\"fusion-column-wrapper fusion-column-has-shadow fusion-flex-justify-content-space-around fusion-content-layout-column\"><div class=\"fusion-classic-product-image-wrapper fusion-woo-product-image fusion-post-card-image fusion-post-card-image-1 has-aspect-ratio\" data-layout=\"static\" style=\"--awb-aspect-ratio:3 \/ 2;\"><div  class=\"fusion-image-wrapper\" aria-haspopup=\"true\">\n\t\t\t\t\t\t\t<a href=\"https:\/\/www.mundusmaris.org\/fr\/academie-de-la-peche-artisanale\/rattrapage-academy-pad-a-yoff-27-fevr-2021\/\" aria-label=\"Rattrapage &#8211; Academy PAD \u00e0 Yoff, 27 f\u00e9vr. 2021\">\n\t\t\t\t\t\t\t<img decoding=\"async\" width=\"500\" height=\"375\" src=\"https:\/\/www.mundusmaris.org\/wp-content\/uploads\/2025\/02\/20210227Academie500.jpg\" class=\"attachment-full size-full wp-post-image\" alt=\"\" srcset=\"https:\/\/www.mundusmaris.org\/wp-content\/uploads\/2025\/02\/20210227Academie500-200x150.jpg 200w, https:\/\/www.mundusmaris.org\/wp-content\/uploads\/2025\/02\/20210227Academie500-400x300.jpg 400w, https:\/\/www.mundusmaris.org\/wp-content\/uploads\/2025\/02\/20210227Academie500.jpg 500w\" sizes=\"(min-width: 2200px) 100vw, (min-width: 784px) 373px, (min-width: 712px) 560px, (min-width: 640px) 712px, \" \/>\t\t\t<\/a>\n\t\t\t\t\t\t\t<\/div>\n<\/div><div class=\"fusion-meta-tb fusion-meta-tb-190 floated\" style=\"--awb-border-top:0px;--awb-height:36px;--awb-alignment-medium:flex-start;--awb-alignment-small:flex-start;\"><span class=\"fusion-tb-published-date\">Published On: 3 mars 2021<\/span><span class=\"fusion-meta-tb-sep\"><\/span><\/div><div class=\"fusion-title title fusion-title-190 fusion-sep-none fusion-title-text fusion-title-size-four\" style=\"--awb-margin-top:20px;--awb-margin-right:20px;--awb-margin-bottom:20px;--awb-margin-left:20px;--awb-margin-top-small:10px;--awb-margin-right-small:0px;--awb-margin-bottom-small:10px;--awb-margin-left-small:0px;--awb-font-size:24px;\"><h4 class=\"fusion-title-heading title-heading-left\" style=\"font-family:&quot;IBM Plex Sans Condensed&quot;;font-style:normal;font-weight:500;margin:0;font-size:1em;line-height:1.2;\"><a href=\"https:\/\/www.mundusmaris.org\/fr\/academie-de-la-peche-artisanale\/rattrapage-academy-pad-a-yoff-27-fevr-2021\/\" class=\"awb-custom-text-color awb-custom-text-hover-color\" target=\"_self\">Rattrapage &#8211; Academy PAD \u00e0 Yoff, 27 f\u00e9vr. 2021<\/a><\/h4><\/div><\/div><\/li>\n<li class=\"fusion-layout-column fusion_builder_column fusion-builder-column-191 fusion-flex-column post-card fusion-grid-column fusion-post-cards-grid-column\" style=\"--awb-bg-color:var(--awb-color1);--awb-bg-color-hover:var(--awb-color1);--awb-bg-blend:overlay;--awb-bg-size:cover;--awb-flex-grow:0;--awb-flex-shrink:0;--awb-flex-grow-medium:;--awb-flex-shrink-medium:;--awb-flex-grow-small:;--awb-flex-shrink-small:;\" data-scroll-devices=\"small-visibility,medium-visibility,large-visibility\"><div class=\"fusion-column-wrapper fusion-column-has-shadow fusion-flex-justify-content-space-around fusion-content-layout-column\"><div class=\"fusion-classic-product-image-wrapper fusion-woo-product-image fusion-post-card-image fusion-post-card-image-1 has-aspect-ratio\" data-layout=\"static\" style=\"--awb-aspect-ratio:3 \/ 2;\"><div  class=\"fusion-image-wrapper\" aria-haspopup=\"true\">\n\t\t\t\t\t\t\t<a href=\"https:\/\/www.mundusmaris.org\/fr\/locean-nous-nourrit\/webinaire-de-la-fao-petits-poissons-a-bas-prix-de-lappat-a-lassiette-15-16-02-2021inar-small-low-cost-fish-from-bait-to-plate-15-16-02-2021\/\" aria-label=\"Webinaire de la FAO \u00abPetits poissons \u00e0 bas prix: de l&rsquo;app\u00e2t \u00e0 l&rsquo;assiette\u00bb, 15-16\/02\/2021\">\n\t\t\t\t\t\t\t<img decoding=\"async\" width=\"500\" height=\"404\" src=\"https:\/\/www.mundusmaris.org\/wp-content\/uploads\/2025\/02\/WebBen03BangladeshMarine500.jpg\" class=\"attachment-full size-full wp-post-image\" alt=\"\" srcset=\"https:\/\/www.mundusmaris.org\/wp-content\/uploads\/2025\/02\/WebBen03BangladeshMarine500-200x162.jpg 200w, https:\/\/www.mundusmaris.org\/wp-content\/uploads\/2025\/02\/WebBen03BangladeshMarine500-400x323.jpg 400w, https:\/\/www.mundusmaris.org\/wp-content\/uploads\/2025\/02\/WebBen03BangladeshMarine500.jpg 500w\" sizes=\"(min-width: 2200px) 100vw, (min-width: 784px) 373px, (min-width: 712px) 560px, (min-width: 640px) 712px, \" \/>\t\t\t<\/a>\n\t\t\t\t\t\t\t<\/div>\n<\/div><div class=\"fusion-meta-tb fusion-meta-tb-191 floated\" style=\"--awb-border-top:0px;--awb-height:36px;--awb-alignment-medium:flex-start;--awb-alignment-small:flex-start;\"><span class=\"fusion-tb-published-date\">Published On: 18 f\u00e9vrier 2021<\/span><span class=\"fusion-meta-tb-sep\"><\/span><\/div><div class=\"fusion-title title fusion-title-191 fusion-sep-none fusion-title-text fusion-title-size-four\" style=\"--awb-margin-top:20px;--awb-margin-right:20px;--awb-margin-bottom:20px;--awb-margin-left:20px;--awb-margin-top-small:10px;--awb-margin-right-small:0px;--awb-margin-bottom-small:10px;--awb-margin-left-small:0px;--awb-font-size:24px;\"><h4 class=\"fusion-title-heading title-heading-left\" style=\"font-family:&quot;IBM Plex Sans Condensed&quot;;font-style:normal;font-weight:500;margin:0;font-size:1em;line-height:1.2;\"><a href=\"https:\/\/www.mundusmaris.org\/fr\/locean-nous-nourrit\/webinaire-de-la-fao-petits-poissons-a-bas-prix-de-lappat-a-lassiette-15-16-02-2021inar-small-low-cost-fish-from-bait-to-plate-15-16-02-2021\/\" class=\"awb-custom-text-color awb-custom-text-hover-color\" target=\"_self\">Webinaire de la FAO \u00abPetits poissons \u00e0 bas prix: de l&rsquo;app\u00e2t \u00e0 l&rsquo;assiette\u00bb, 15-16\/02\/2021<\/a><\/h4><\/div><\/div><\/li>\n<li class=\"fusion-layout-column fusion_builder_column fusion-builder-column-192 fusion-flex-column post-card fusion-grid-column fusion-post-cards-grid-column\" style=\"--awb-bg-color:var(--awb-color1);--awb-bg-color-hover:var(--awb-color1);--awb-bg-blend:overlay;--awb-bg-size:cover;--awb-flex-grow:0;--awb-flex-shrink:0;--awb-flex-grow-medium:;--awb-flex-shrink-medium:;--awb-flex-grow-small:;--awb-flex-shrink-small:;\" data-scroll-devices=\"small-visibility,medium-visibility,large-visibility\"><div class=\"fusion-column-wrapper fusion-column-has-shadow fusion-flex-justify-content-space-around fusion-content-layout-column\"><div class=\"fusion-classic-product-image-wrapper fusion-woo-product-image fusion-post-card-image fusion-post-card-image-1 has-aspect-ratio\" data-layout=\"static\" style=\"--awb-aspect-ratio:3 \/ 2;\"><div  class=\"fusion-image-wrapper\" aria-haspopup=\"true\">\n\t\t\t\t\t\t\t<a href=\"https:\/\/www.mundusmaris.org\/fr\/entre-tradition-et-modernite\/2000-years-ago-the-vivaria\/\" aria-label=\"2000 years ago: the &lsquo;vivaria&rsquo;\">\n\t\t\t\t\t\t\t<img decoding=\"async\" width=\"500\" height=\"312\" src=\"https:\/\/www.mundusmaris.org\/wp-content\/uploads\/2025\/01\/Portus00.jpg\" class=\"attachment-full size-full wp-post-image\" alt=\"\" srcset=\"https:\/\/www.mundusmaris.org\/wp-content\/uploads\/2025\/01\/Portus00-200x125.jpg 200w, https:\/\/www.mundusmaris.org\/wp-content\/uploads\/2025\/01\/Portus00-400x250.jpg 400w, https:\/\/www.mundusmaris.org\/wp-content\/uploads\/2025\/01\/Portus00.jpg 500w\" sizes=\"(min-width: 2200px) 100vw, (min-width: 784px) 373px, (min-width: 712px) 560px, (min-width: 640px) 712px, \" \/>\t\t\t<\/a>\n\t\t\t\t\t\t\t<\/div>\n<\/div><div class=\"fusion-meta-tb fusion-meta-tb-192 floated\" style=\"--awb-border-top:0px;--awb-height:36px;--awb-alignment-medium:flex-start;--awb-alignment-small:flex-start;\"><span class=\"fusion-tb-published-date\">Published On: 28 mai 2020<\/span><span class=\"fusion-meta-tb-sep\"><\/span><\/div><div class=\"fusion-title title fusion-title-192 fusion-sep-none fusion-title-text fusion-title-size-four\" style=\"--awb-margin-top:20px;--awb-margin-right:20px;--awb-margin-bottom:20px;--awb-margin-left:20px;--awb-margin-top-small:10px;--awb-margin-right-small:0px;--awb-margin-bottom-small:10px;--awb-margin-left-small:0px;--awb-font-size:24px;\"><h4 class=\"fusion-title-heading title-heading-left\" style=\"font-family:&quot;IBM Plex Sans Condensed&quot;;font-style:normal;font-weight:500;margin:0;font-size:1em;line-height:1.2;\"><a href=\"https:\/\/www.mundusmaris.org\/fr\/entre-tradition-et-modernite\/2000-years-ago-the-vivaria\/\" class=\"awb-custom-text-color awb-custom-text-hover-color\" target=\"_self\">2000 years ago: the &lsquo;vivaria&rsquo;<\/a><\/h4><\/div><\/div><\/li>\n<li class=\"fusion-layout-column fusion_builder_column fusion-builder-column-193 fusion-flex-column post-card fusion-grid-column fusion-post-cards-grid-column\" style=\"--awb-bg-color:var(--awb-color1);--awb-bg-color-hover:var(--awb-color1);--awb-bg-blend:overlay;--awb-bg-size:cover;--awb-flex-grow:0;--awb-flex-shrink:0;--awb-flex-grow-medium:;--awb-flex-shrink-medium:;--awb-flex-grow-small:;--awb-flex-shrink-small:;\" data-scroll-devices=\"small-visibility,medium-visibility,large-visibility\"><div class=\"fusion-column-wrapper fusion-column-has-shadow fusion-flex-justify-content-space-around fusion-content-layout-column\"><div class=\"fusion-classic-product-image-wrapper fusion-woo-product-image fusion-post-card-image fusion-post-card-image-1 has-aspect-ratio\" data-layout=\"static\" style=\"--awb-aspect-ratio:3 \/ 2;\"><div  class=\"fusion-image-wrapper\" aria-haspopup=\"true\">\n\t\t\t\t\t\t\t<a href=\"https:\/\/www.mundusmaris.org\/fr\/entre-tradition-et-modernite\/la-storia-dello-storione\/\" aria-label=\"L&rsquo;histoire de l&rsquo;esturgeon\">\n\t\t\t\t\t\t\t<img decoding=\"async\" width=\"500\" height=\"330\" src=\"https:\/\/www.mundusmaris.org\/wp-content\/uploads\/2025\/01\/Storione01.jpg\" class=\"attachment-full size-full wp-post-image\" alt=\"\" srcset=\"https:\/\/www.mundusmaris.org\/wp-content\/uploads\/2025\/01\/Storione01-200x132.jpg 200w, https:\/\/www.mundusmaris.org\/wp-content\/uploads\/2025\/01\/Storione01-400x264.jpg 400w, https:\/\/www.mundusmaris.org\/wp-content\/uploads\/2025\/01\/Storione01.jpg 500w\" sizes=\"(min-width: 2200px) 100vw, (min-width: 784px) 373px, (min-width: 712px) 560px, (min-width: 640px) 712px, \" \/>\t\t\t<\/a>\n\t\t\t\t\t\t\t<\/div>\n<\/div><div class=\"fusion-meta-tb fusion-meta-tb-193 floated\" style=\"--awb-border-top:0px;--awb-height:36px;--awb-alignment-medium:flex-start;--awb-alignment-small:flex-start;\"><span class=\"fusion-tb-published-date\">Published On: 27 avril 2020<\/span><span class=\"fusion-meta-tb-sep\"><\/span><\/div><div class=\"fusion-title title fusion-title-193 fusion-sep-none fusion-title-text fusion-title-size-four\" style=\"--awb-margin-top:20px;--awb-margin-right:20px;--awb-margin-bottom:20px;--awb-margin-left:20px;--awb-margin-top-small:10px;--awb-margin-right-small:0px;--awb-margin-bottom-small:10px;--awb-margin-left-small:0px;--awb-font-size:24px;\"><h4 class=\"fusion-title-heading title-heading-left\" style=\"font-family:&quot;IBM Plex Sans Condensed&quot;;font-style:normal;font-weight:500;margin:0;font-size:1em;line-height:1.2;\"><a href=\"https:\/\/www.mundusmaris.org\/fr\/entre-tradition-et-modernite\/la-storia-dello-storione\/\" class=\"awb-custom-text-color awb-custom-text-hover-color\" target=\"_self\">L&rsquo;histoire de l&rsquo;esturgeon<\/a><\/h4><\/div><\/div><\/li>\n<li class=\"fusion-layout-column fusion_builder_column fusion-builder-column-194 fusion-flex-column post-card fusion-grid-column fusion-post-cards-grid-column\" style=\"--awb-bg-color:var(--awb-color1);--awb-bg-color-hover:var(--awb-color1);--awb-bg-blend:overlay;--awb-bg-size:cover;--awb-flex-grow:0;--awb-flex-shrink:0;--awb-flex-grow-medium:;--awb-flex-shrink-medium:;--awb-flex-grow-small:;--awb-flex-shrink-small:;\" data-scroll-devices=\"small-visibility,medium-visibility,large-visibility\"><div class=\"fusion-column-wrapper fusion-column-has-shadow fusion-flex-justify-content-space-around fusion-content-layout-column\"><div class=\"fusion-classic-product-image-wrapper fusion-woo-product-image fusion-post-card-image fusion-post-card-image-1 has-aspect-ratio\" data-layout=\"static\" style=\"--awb-aspect-ratio:3 \/ 2;\"><div  class=\"fusion-image-wrapper\" aria-haspopup=\"true\">\n\t\t\t\t\t\t\t<a href=\"https:\/\/www.mundusmaris.org\/fr\/academie-de-la-peche-artisanale\/renforcement-des-capacites-des-acteurs-de-la-peche-artisanale\/\" aria-label=\"Renforcement des capacit\u00e9s des acteurs de la p\u00eache artisanale\">\n\t\t\t\t\t\t\t<img decoding=\"async\" width=\"800\" height=\"500\" src=\"https:\/\/www.mundusmaris.org\/wp-content\/uploads\/2024\/03\/VieHeureuse_02_800x500.jpg\" class=\"attachment-full size-full wp-post-image\" alt=\"\" srcset=\"https:\/\/www.mundusmaris.org\/wp-content\/uploads\/2024\/03\/VieHeureuse_02_800x500-200x125.jpg 200w, https:\/\/www.mundusmaris.org\/wp-content\/uploads\/2024\/03\/VieHeureuse_02_800x500-400x250.jpg 400w, https:\/\/www.mundusmaris.org\/wp-content\/uploads\/2024\/03\/VieHeureuse_02_800x500-600x375.jpg 600w, https:\/\/www.mundusmaris.org\/wp-content\/uploads\/2024\/03\/VieHeureuse_02_800x500.jpg 800w\" sizes=\"(min-width: 2200px) 100vw, (min-width: 784px) 373px, (min-width: 712px) 560px, (min-width: 640px) 712px, \" \/>\t\t\t<\/a>\n\t\t\t\t\t\t\t<\/div>\n<\/div><div class=\"fusion-meta-tb fusion-meta-tb-194 floated\" style=\"--awb-border-top:0px;--awb-height:36px;--awb-alignment-medium:flex-start;--awb-alignment-small:flex-start;\"><span class=\"fusion-tb-published-date\">Published On: 1 novembre 2019<\/span><span class=\"fusion-meta-tb-sep\"><\/span><\/div><div class=\"fusion-title title fusion-title-194 fusion-sep-none fusion-title-text fusion-title-size-four\" style=\"--awb-margin-top:20px;--awb-margin-right:20px;--awb-margin-bottom:20px;--awb-margin-left:20px;--awb-margin-top-small:10px;--awb-margin-right-small:0px;--awb-margin-bottom-small:10px;--awb-margin-left-small:0px;--awb-font-size:24px;\"><h4 class=\"fusion-title-heading title-heading-left\" style=\"font-family:&quot;IBM Plex Sans Condensed&quot;;font-style:normal;font-weight:500;margin:0;font-size:1em;line-height:1.2;\"><a href=\"https:\/\/www.mundusmaris.org\/fr\/academie-de-la-peche-artisanale\/renforcement-des-capacites-des-acteurs-de-la-peche-artisanale\/\" class=\"awb-custom-text-color awb-custom-text-hover-color\" target=\"_self\">Renforcement des capacit\u00e9s des acteurs de la p\u00eache artisanale<\/a><\/h4><\/div><\/div><\/li>\n<li class=\"fusion-layout-column fusion_builder_column fusion-builder-column-195 fusion-flex-column post-card fusion-grid-column fusion-post-cards-grid-column\" style=\"--awb-bg-color:var(--awb-color1);--awb-bg-color-hover:var(--awb-color1);--awb-bg-blend:overlay;--awb-bg-size:cover;--awb-flex-grow:0;--awb-flex-shrink:0;--awb-flex-grow-medium:;--awb-flex-shrink-medium:;--awb-flex-grow-small:;--awb-flex-shrink-small:;\" data-scroll-devices=\"small-visibility,medium-visibility,large-visibility\"><div class=\"fusion-column-wrapper fusion-column-has-shadow fusion-flex-justify-content-space-around fusion-content-layout-column\"><div class=\"fusion-classic-product-image-wrapper fusion-woo-product-image fusion-post-card-image fusion-post-card-image-1 has-aspect-ratio\" data-layout=\"static\" style=\"--awb-aspect-ratio:3 \/ 2;\"><div  class=\"fusion-image-wrapper\" aria-haspopup=\"true\">\n\t\t\t\t\t\t\t<a href=\"https:\/\/www.mundusmaris.org\/fr\/activites\/aproche-ecosystemique-a-la-peche\/mundus-maris-supports-wiomsas-push-for-greater-gender-awareness\/\" aria-label=\"Mundus maris supports WIOMSA&rsquo;s push for greater gender awareness\">\n\t\t\t\t\t\t\t<img decoding=\"async\" width=\"500\" height=\"419\" src=\"https:\/\/www.mundusmaris.org\/wp-content\/uploads\/2019\/07\/SymposiumAnnouncement500.jpg\" class=\"attachment-full size-full wp-post-image\" alt=\"\" srcset=\"https:\/\/www.mundusmaris.org\/wp-content\/uploads\/2019\/07\/SymposiumAnnouncement500-200x168.jpg 200w, https:\/\/www.mundusmaris.org\/wp-content\/uploads\/2019\/07\/SymposiumAnnouncement500-400x335.jpg 400w, https:\/\/www.mundusmaris.org\/wp-content\/uploads\/2019\/07\/SymposiumAnnouncement500.jpg 500w\" sizes=\"(min-width: 2200px) 100vw, (min-width: 784px) 373px, (min-width: 712px) 560px, (min-width: 640px) 712px, \" \/>\t\t\t<\/a>\n\t\t\t\t\t\t\t<\/div>\n<\/div><div class=\"fusion-meta-tb fusion-meta-tb-195 floated\" style=\"--awb-border-top:0px;--awb-height:36px;--awb-alignment-medium:flex-start;--awb-alignment-small:flex-start;\"><span class=\"fusion-tb-published-date\">Published On: 13 juillet 2019<\/span><span class=\"fusion-meta-tb-sep\"><\/span><\/div><div class=\"fusion-title title fusion-title-195 fusion-sep-none fusion-title-text fusion-title-size-four\" style=\"--awb-margin-top:20px;--awb-margin-right:20px;--awb-margin-bottom:20px;--awb-margin-left:20px;--awb-margin-top-small:10px;--awb-margin-right-small:0px;--awb-margin-bottom-small:10px;--awb-margin-left-small:0px;--awb-font-size:24px;\"><h4 class=\"fusion-title-heading title-heading-left\" style=\"font-family:&quot;IBM Plex Sans Condensed&quot;;font-style:normal;font-weight:500;margin:0;font-size:1em;line-height:1.2;\"><a href=\"https:\/\/www.mundusmaris.org\/fr\/activites\/aproche-ecosystemique-a-la-peche\/mundus-maris-supports-wiomsas-push-for-greater-gender-awareness\/\" class=\"awb-custom-text-color awb-custom-text-hover-color\" target=\"_self\">Mundus maris supports WIOMSA&rsquo;s push for greater gender awareness<\/a><\/h4><\/div><\/div><\/li>\n<li class=\"fusion-layout-column fusion_builder_column fusion-builder-column-196 fusion-flex-column post-card fusion-grid-column fusion-post-cards-grid-column\" style=\"--awb-bg-color:var(--awb-color1);--awb-bg-color-hover:var(--awb-color1);--awb-bg-blend:overlay;--awb-bg-size:cover;--awb-flex-grow:0;--awb-flex-shrink:0;--awb-flex-grow-medium:;--awb-flex-shrink-medium:;--awb-flex-grow-small:;--awb-flex-shrink-small:;\" data-scroll-devices=\"small-visibility,medium-visibility,large-visibility\"><div class=\"fusion-column-wrapper fusion-column-has-shadow fusion-flex-justify-content-space-around fusion-content-layout-column\"><div class=\"fusion-classic-product-image-wrapper fusion-woo-product-image fusion-post-card-image fusion-post-card-image-1 has-aspect-ratio\" data-layout=\"static\" style=\"--awb-aspect-ratio:3 \/ 2;\"><div  class=\"fusion-image-wrapper\" aria-haspopup=\"true\">\n\t\t\t\t\t\t\t<a href=\"https:\/\/www.mundusmaris.org\/fr\/activites\/aproche-ecosystemique-a-la-peche\/pre-symposium-workshop-on-gender\/\" aria-label=\"Pre-Symposium Workshop on gender\">\n\t\t\t\t\t\t\t<img decoding=\"async\" width=\"500\" height=\"333\" src=\"https:\/\/www.mundusmaris.org\/wp-content\/uploads\/2025\/11\/WorkshopFeature500.jpg\" class=\"attachment-full size-full wp-post-image\" alt=\"\" srcset=\"https:\/\/www.mundusmaris.org\/wp-content\/uploads\/2025\/11\/WorkshopFeature500-200x133.jpg 200w, https:\/\/www.mundusmaris.org\/wp-content\/uploads\/2025\/11\/WorkshopFeature500-400x266.jpg 400w, https:\/\/www.mundusmaris.org\/wp-content\/uploads\/2025\/11\/WorkshopFeature500.jpg 500w\" sizes=\"(min-width: 2200px) 100vw, (min-width: 784px) 373px, (min-width: 712px) 560px, (min-width: 640px) 712px, \" \/>\t\t\t<\/a>\n\t\t\t\t\t\t\t<\/div>\n<\/div><div class=\"fusion-meta-tb fusion-meta-tb-196 floated\" style=\"--awb-border-top:0px;--awb-height:36px;--awb-alignment-medium:flex-start;--awb-alignment-small:flex-start;\"><span class=\"fusion-tb-published-date\">Published On: 5 juillet 2019<\/span><span class=\"fusion-meta-tb-sep\"><\/span><\/div><div class=\"fusion-title title fusion-title-196 fusion-sep-none fusion-title-text fusion-title-size-four\" style=\"--awb-margin-top:20px;--awb-margin-right:20px;--awb-margin-bottom:20px;--awb-margin-left:20px;--awb-margin-top-small:10px;--awb-margin-right-small:0px;--awb-margin-bottom-small:10px;--awb-margin-left-small:0px;--awb-font-size:24px;\"><h4 class=\"fusion-title-heading title-heading-left\" style=\"font-family:&quot;IBM Plex Sans Condensed&quot;;font-style:normal;font-weight:500;margin:0;font-size:1em;line-height:1.2;\"><a href=\"https:\/\/www.mundusmaris.org\/fr\/activites\/aproche-ecosystemique-a-la-peche\/pre-symposium-workshop-on-gender\/\" class=\"awb-custom-text-color awb-custom-text-hover-color\" target=\"_self\">Pre-Symposium Workshop on gender<\/a><\/h4><\/div><\/div><\/li>\n<li class=\"fusion-layout-column fusion_builder_column fusion-builder-column-197 fusion-flex-column post-card fusion-grid-column fusion-post-cards-grid-column\" style=\"--awb-bg-color:var(--awb-color1);--awb-bg-color-hover:var(--awb-color1);--awb-bg-blend:overlay;--awb-bg-size:cover;--awb-flex-grow:0;--awb-flex-shrink:0;--awb-flex-grow-medium:;--awb-flex-shrink-medium:;--awb-flex-grow-small:;--awb-flex-shrink-small:;\" data-scroll-devices=\"small-visibility,medium-visibility,large-visibility\"><div class=\"fusion-column-wrapper fusion-column-has-shadow fusion-flex-justify-content-space-around fusion-content-layout-column\"><div class=\"fusion-classic-product-image-wrapper fusion-woo-product-image fusion-post-card-image fusion-post-card-image-1 has-aspect-ratio\" data-layout=\"static\" style=\"--awb-aspect-ratio:3 \/ 2;\"><div  class=\"fusion-image-wrapper\" aria-haspopup=\"true\">\n\t\t\t\t\t\t\t<a href=\"https:\/\/www.mundusmaris.org\/fr\/academie-de-la-peche-artisanale\/essai-des-methodes-de-formation-lors-de-la-phase-pilote-de-lacademie-pad-au-senegal\/\" aria-label=\"Essai des m\u00e9thodes de formation lors de la phase pilote de l&rsquo;Acad\u00e9mie PAD au S\u00e9n\u00e9gal\">\n\t\t\t\t\t\t\t<img decoding=\"async\" width=\"800\" height=\"500\" src=\"https:\/\/www.mundusmaris.org\/wp-content\/uploads\/2024\/03\/CafeMonde_3eTour_800x500.jpg\" class=\"attachment-full size-full wp-post-image\" alt=\"\" srcset=\"https:\/\/www.mundusmaris.org\/wp-content\/uploads\/2024\/03\/CafeMonde_3eTour_800x500-200x125.jpg 200w, https:\/\/www.mundusmaris.org\/wp-content\/uploads\/2024\/03\/CafeMonde_3eTour_800x500-400x250.jpg 400w, https:\/\/www.mundusmaris.org\/wp-content\/uploads\/2024\/03\/CafeMonde_3eTour_800x500-600x375.jpg 600w, https:\/\/www.mundusmaris.org\/wp-content\/uploads\/2024\/03\/CafeMonde_3eTour_800x500.jpg 800w\" sizes=\"(min-width: 2200px) 100vw, (min-width: 784px) 373px, (min-width: 712px) 560px, (min-width: 640px) 712px, \" \/>\t\t\t<\/a>\n\t\t\t\t\t\t\t<\/div>\n<\/div><div class=\"fusion-meta-tb fusion-meta-tb-197 floated\" style=\"--awb-border-top:0px;--awb-height:36px;--awb-alignment-medium:flex-start;--awb-alignment-small:flex-start;\"><span class=\"fusion-tb-published-date\">Published On: 20 juin 2019<\/span><span class=\"fusion-meta-tb-sep\"><\/span><\/div><div class=\"fusion-title title fusion-title-197 fusion-sep-none fusion-title-text fusion-title-size-four\" style=\"--awb-margin-top:20px;--awb-margin-right:20px;--awb-margin-bottom:20px;--awb-margin-left:20px;--awb-margin-top-small:10px;--awb-margin-right-small:0px;--awb-margin-bottom-small:10px;--awb-margin-left-small:0px;--awb-font-size:24px;\"><h4 class=\"fusion-title-heading title-heading-left\" style=\"font-family:&quot;IBM Plex Sans Condensed&quot;;font-style:normal;font-weight:500;margin:0;font-size:1em;line-height:1.2;\"><a href=\"https:\/\/www.mundusmaris.org\/fr\/academie-de-la-peche-artisanale\/essai-des-methodes-de-formation-lors-de-la-phase-pilote-de-lacademie-pad-au-senegal\/\" class=\"awb-custom-text-color awb-custom-text-hover-color\" target=\"_self\">Essai des m\u00e9thodes de formation lors de la phase pilote de l&rsquo;Acad\u00e9mie PAD au S\u00e9n\u00e9gal<\/a><\/h4><\/div><\/div><\/li>\n<li class=\"fusion-layout-column fusion_builder_column fusion-builder-column-198 fusion-flex-column post-card fusion-grid-column fusion-post-cards-grid-column\" style=\"--awb-bg-color:var(--awb-color1);--awb-bg-color-hover:var(--awb-color1);--awb-bg-blend:overlay;--awb-bg-size:cover;--awb-flex-grow:0;--awb-flex-shrink:0;--awb-flex-grow-medium:;--awb-flex-shrink-medium:;--awb-flex-grow-small:;--awb-flex-shrink-small:;\" data-scroll-devices=\"small-visibility,medium-visibility,large-visibility\"><div class=\"fusion-column-wrapper fusion-column-has-shadow fusion-flex-justify-content-space-around fusion-content-layout-column\"><div class=\"fusion-classic-product-image-wrapper fusion-woo-product-image fusion-post-card-image fusion-post-card-image-1 has-aspect-ratio\" data-layout=\"static\" style=\"--awb-aspect-ratio:3 \/ 2;\"><div  class=\"fusion-image-wrapper\" aria-haspopup=\"true\">\n\t\t\t\t\t\t\t<a href=\"https:\/\/www.mundusmaris.org\/fr\/academie-de-la-peche-artisanale\/une-premiere-inauguration-dune-academie-de-la-peche-artisanale-au-senegal\/\" aria-label=\"Une premi\u00e8re &#8211; Inauguration d&rsquo;une Acad\u00e9mie de la p\u00eache artisanale au S\u00e9n\u00e9gal\">\n\t\t\t\t\t\t\t<img decoding=\"async\" width=\"800\" height=\"500\" src=\"https:\/\/www.mundusmaris.org\/wp-content\/uploads\/2024\/03\/PhotoGroupeAcad_800x500.jpg\" class=\"attachment-full size-full wp-post-image\" alt=\"\" srcset=\"https:\/\/www.mundusmaris.org\/wp-content\/uploads\/2024\/03\/PhotoGroupeAcad_800x500-200x125.jpg 200w, https:\/\/www.mundusmaris.org\/wp-content\/uploads\/2024\/03\/PhotoGroupeAcad_800x500-400x250.jpg 400w, https:\/\/www.mundusmaris.org\/wp-content\/uploads\/2024\/03\/PhotoGroupeAcad_800x500-600x375.jpg 600w, https:\/\/www.mundusmaris.org\/wp-content\/uploads\/2024\/03\/PhotoGroupeAcad_800x500.jpg 800w\" sizes=\"(min-width: 2200px) 100vw, (min-width: 784px) 373px, (min-width: 712px) 560px, (min-width: 640px) 712px, \" \/>\t\t\t<\/a>\n\t\t\t\t\t\t\t<\/div>\n<\/div><div class=\"fusion-meta-tb fusion-meta-tb-198 floated\" style=\"--awb-border-top:0px;--awb-height:36px;--awb-alignment-medium:flex-start;--awb-alignment-small:flex-start;\"><span class=\"fusion-tb-published-date\">Published On: 20 novembre 2018<\/span><span class=\"fusion-meta-tb-sep\"><\/span><\/div><div class=\"fusion-title title fusion-title-198 fusion-sep-none fusion-title-text fusion-title-size-four\" style=\"--awb-margin-top:20px;--awb-margin-right:20px;--awb-margin-bottom:20px;--awb-margin-left:20px;--awb-margin-top-small:10px;--awb-margin-right-small:0px;--awb-margin-bottom-small:10px;--awb-margin-left-small:0px;--awb-font-size:24px;\"><h4 class=\"fusion-title-heading title-heading-left\" style=\"font-family:&quot;IBM Plex Sans Condensed&quot;;font-style:normal;font-weight:500;margin:0;font-size:1em;line-height:1.2;\"><a href=\"https:\/\/www.mundusmaris.org\/fr\/academie-de-la-peche-artisanale\/une-premiere-inauguration-dune-academie-de-la-peche-artisanale-au-senegal\/\" class=\"awb-custom-text-color awb-custom-text-hover-color\" target=\"_self\">Une premi\u00e8re &#8211; Inauguration d&rsquo;une Acad\u00e9mie de la p\u00eache artisanale au S\u00e9n\u00e9gal<\/a><\/h4><\/div><\/div><\/li>\n<li class=\"fusion-layout-column fusion_builder_column fusion-builder-column-199 fusion-flex-column post-card fusion-grid-column fusion-post-cards-grid-column\" style=\"--awb-bg-color:var(--awb-color1);--awb-bg-color-hover:var(--awb-color1);--awb-bg-blend:overlay;--awb-bg-size:cover;--awb-flex-grow:0;--awb-flex-shrink:0;--awb-flex-grow-medium:;--awb-flex-shrink-medium:;--awb-flex-grow-small:;--awb-flex-shrink-small:;\" data-scroll-devices=\"small-visibility,medium-visibility,large-visibility\"><div class=\"fusion-column-wrapper fusion-column-has-shadow fusion-flex-justify-content-space-around fusion-content-layout-column\"><div class=\"fusion-classic-product-image-wrapper fusion-woo-product-image fusion-post-card-image fusion-post-card-image-1 has-aspect-ratio\" data-layout=\"static\" style=\"--awb-aspect-ratio:3 \/ 2;\"><div  class=\"fusion-image-wrapper\" aria-haspopup=\"true\">\n\t\t\t\t\t\t\t<a href=\"https:\/\/www.mundusmaris.org\/fr\/locean-nous-nourrit\/degustez-des-fruits-de-mer-delicieux-et-durables-lors-les-ateliers-mundus-maris\/\" aria-label=\"D\u00e9gustez des fruits de mer d\u00e9licieux et durables lors les ateliers Mundus maris\">\n\t\t\t\t\t\t\t<img decoding=\"async\" width=\"800\" height=\"500\" src=\"https:\/\/www.mundusmaris.org\/wp-content\/uploads\/2024\/04\/copertina_posts_scale.jpg\" class=\"attachment-full size-full wp-post-image\" alt=\"\" srcset=\"https:\/\/www.mundusmaris.org\/wp-content\/uploads\/2024\/04\/copertina_posts_scale-200x125.jpg 200w, https:\/\/www.mundusmaris.org\/wp-content\/uploads\/2024\/04\/copertina_posts_scale-400x250.jpg 400w, https:\/\/www.mundusmaris.org\/wp-content\/uploads\/2024\/04\/copertina_posts_scale-600x375.jpg 600w, https:\/\/www.mundusmaris.org\/wp-content\/uploads\/2024\/04\/copertina_posts_scale.jpg 800w\" sizes=\"(min-width: 2200px) 100vw, (min-width: 784px) 373px, (min-width: 712px) 560px, (min-width: 640px) 712px, \" \/>\t\t\t<\/a>\n\t\t\t\t\t\t\t<\/div>\n<\/div><div class=\"fusion-meta-tb fusion-meta-tb-199 floated\" style=\"--awb-border-top:0px;--awb-height:36px;--awb-alignment-medium:flex-start;--awb-alignment-small:flex-start;\"><span class=\"fusion-tb-published-date\">Published On: 25 octobre 2018<\/span><span class=\"fusion-meta-tb-sep\"><\/span><\/div><div class=\"fusion-title title fusion-title-199 fusion-sep-none fusion-title-text fusion-title-size-four\" style=\"--awb-margin-top:20px;--awb-margin-right:20px;--awb-margin-bottom:20px;--awb-margin-left:20px;--awb-margin-top-small:10px;--awb-margin-right-small:0px;--awb-margin-bottom-small:10px;--awb-margin-left-small:0px;--awb-font-size:24px;\"><h4 class=\"fusion-title-heading title-heading-left\" style=\"font-family:&quot;IBM Plex Sans Condensed&quot;;font-style:normal;font-weight:500;margin:0;font-size:1em;line-height:1.2;\"><a href=\"https:\/\/www.mundusmaris.org\/fr\/locean-nous-nourrit\/degustez-des-fruits-de-mer-delicieux-et-durables-lors-les-ateliers-mundus-maris\/\" class=\"awb-custom-text-color awb-custom-text-hover-color\" target=\"_self\">D\u00e9gustez des fruits de mer d\u00e9licieux et durables lors les ateliers Mundus maris<\/a><\/h4><\/div><\/div><\/li>\n<li class=\"fusion-layout-column fusion_builder_column fusion-builder-column-200 fusion-flex-column post-card fusion-grid-column fusion-post-cards-grid-column\" style=\"--awb-bg-color:var(--awb-color1);--awb-bg-color-hover:var(--awb-color1);--awb-bg-blend:overlay;--awb-bg-size:cover;--awb-flex-grow:0;--awb-flex-shrink:0;--awb-flex-grow-medium:;--awb-flex-shrink-medium:;--awb-flex-grow-small:;--awb-flex-shrink-small:;\" data-scroll-devices=\"small-visibility,medium-visibility,large-visibility\"><div class=\"fusion-column-wrapper fusion-column-has-shadow fusion-flex-justify-content-space-around fusion-content-layout-column\"><div class=\"fusion-classic-product-image-wrapper fusion-woo-product-image fusion-post-card-image fusion-post-card-image-1 has-aspect-ratio\" data-layout=\"static\" style=\"--awb-aspect-ratio:3 \/ 2;\"><div  class=\"fusion-image-wrapper\" aria-haspopup=\"true\">\n\t\t\t\t\t\t\t<a href=\"https:\/\/www.mundusmaris.org\/fr\/entre-tradition-et-modernite\/entretien-avec-madame-khady-sarr-au-port-de-peche-artisanale-de-hann\/\" aria-label=\"Entretien avec Madame Khady SARR au port de p\u00eache artisanale de Hann\">\n\t\t\t\t\t\t\t<img decoding=\"async\" width=\"800\" height=\"500\" src=\"https:\/\/www.mundusmaris.org\/wp-content\/uploads\/2024\/04\/KhadySARR_03_800x500.jpg\" class=\"attachment-full size-full wp-post-image\" alt=\"\" srcset=\"https:\/\/www.mundusmaris.org\/wp-content\/uploads\/2024\/04\/KhadySARR_03_800x500-200x125.jpg 200w, https:\/\/www.mundusmaris.org\/wp-content\/uploads\/2024\/04\/KhadySARR_03_800x500-400x250.jpg 400w, https:\/\/www.mundusmaris.org\/wp-content\/uploads\/2024\/04\/KhadySARR_03_800x500-600x375.jpg 600w, https:\/\/www.mundusmaris.org\/wp-content\/uploads\/2024\/04\/KhadySARR_03_800x500.jpg 800w\" sizes=\"(min-width: 2200px) 100vw, (min-width: 784px) 373px, (min-width: 712px) 560px, (min-width: 640px) 712px, \" \/>\t\t\t<\/a>\n\t\t\t\t\t\t\t<\/div>\n<\/div><div class=\"fusion-meta-tb fusion-meta-tb-200 floated\" style=\"--awb-border-top:0px;--awb-height:36px;--awb-alignment-medium:flex-start;--awb-alignment-small:flex-start;\"><span class=\"fusion-tb-published-date\">Published On: 1 avril 2018<\/span><span class=\"fusion-meta-tb-sep\"><\/span><\/div><div class=\"fusion-title title fusion-title-200 fusion-sep-none fusion-title-text fusion-title-size-four\" style=\"--awb-margin-top:20px;--awb-margin-right:20px;--awb-margin-bottom:20px;--awb-margin-left:20px;--awb-margin-top-small:10px;--awb-margin-right-small:0px;--awb-margin-bottom-small:10px;--awb-margin-left-small:0px;--awb-font-size:24px;\"><h4 class=\"fusion-title-heading title-heading-left\" style=\"font-family:&quot;IBM Plex Sans Condensed&quot;;font-style:normal;font-weight:500;margin:0;font-size:1em;line-height:1.2;\"><a href=\"https:\/\/www.mundusmaris.org\/fr\/entre-tradition-et-modernite\/entretien-avec-madame-khady-sarr-au-port-de-peche-artisanale-de-hann\/\" class=\"awb-custom-text-color awb-custom-text-hover-color\" target=\"_self\">Entretien avec Madame Khady SARR au port de p\u00eache artisanale de Hann<\/a><\/h4><\/div><\/div><\/li>\n<li class=\"fusion-layout-column fusion_builder_column fusion-builder-column-201 fusion-flex-column post-card fusion-grid-column fusion-post-cards-grid-column\" style=\"--awb-bg-color:var(--awb-color1);--awb-bg-color-hover:var(--awb-color1);--awb-bg-blend:overlay;--awb-bg-size:cover;--awb-flex-grow:0;--awb-flex-shrink:0;--awb-flex-grow-medium:;--awb-flex-shrink-medium:;--awb-flex-grow-small:;--awb-flex-shrink-small:;\" data-scroll-devices=\"small-visibility,medium-visibility,large-visibility\"><div class=\"fusion-column-wrapper fusion-column-has-shadow fusion-flex-justify-content-space-around fusion-content-layout-column\"><div class=\"fusion-classic-product-image-wrapper fusion-woo-product-image fusion-post-card-image fusion-post-card-image-1 has-aspect-ratio\" data-layout=\"static\" style=\"--awb-aspect-ratio:3 \/ 2;\"><div  class=\"fusion-image-wrapper\" aria-haspopup=\"true\">\n\t\t\t\t\t\t\t<a href=\"https:\/\/www.mundusmaris.org\/fr\/entre-tradition-et-modernite\/ce-que-disent-les-femmes-dans-la-peche-a-hann\/\" aria-label=\"Ce que disent les femmes dans la p\u00eache \u00e0 Hann\">\n\t\t\t\t\t\t\t<img decoding=\"async\" width=\"800\" height=\"500\" src=\"https:\/\/www.mundusmaris.org\/wp-content\/uploads\/2024\/04\/GIE_PARASE01_800x500.jpg\" class=\"attachment-full size-full wp-post-image\" alt=\"\" srcset=\"https:\/\/www.mundusmaris.org\/wp-content\/uploads\/2024\/04\/GIE_PARASE01_800x500-200x125.jpg 200w, https:\/\/www.mundusmaris.org\/wp-content\/uploads\/2024\/04\/GIE_PARASE01_800x500-400x250.jpg 400w, https:\/\/www.mundusmaris.org\/wp-content\/uploads\/2024\/04\/GIE_PARASE01_800x500-600x375.jpg 600w, https:\/\/www.mundusmaris.org\/wp-content\/uploads\/2024\/04\/GIE_PARASE01_800x500.jpg 800w\" sizes=\"(min-width: 2200px) 100vw, (min-width: 784px) 373px, (min-width: 712px) 560px, (min-width: 640px) 712px, \" \/>\t\t\t<\/a>\n\t\t\t\t\t\t\t<\/div>\n<\/div><div class=\"fusion-meta-tb fusion-meta-tb-201 floated\" style=\"--awb-border-top:0px;--awb-height:36px;--awb-alignment-medium:flex-start;--awb-alignment-small:flex-start;\"><span class=\"fusion-tb-published-date\">Published On: 1 avril 2018<\/span><span class=\"fusion-meta-tb-sep\"><\/span><\/div><div class=\"fusion-title title fusion-title-201 fusion-sep-none fusion-title-text fusion-title-size-four\" style=\"--awb-margin-top:20px;--awb-margin-right:20px;--awb-margin-bottom:20px;--awb-margin-left:20px;--awb-margin-top-small:10px;--awb-margin-right-small:0px;--awb-margin-bottom-small:10px;--awb-margin-left-small:0px;--awb-font-size:24px;\"><h4 class=\"fusion-title-heading title-heading-left\" style=\"font-family:&quot;IBM Plex Sans Condensed&quot;;font-style:normal;font-weight:500;margin:0;font-size:1em;line-height:1.2;\"><a href=\"https:\/\/www.mundusmaris.org\/fr\/entre-tradition-et-modernite\/ce-que-disent-les-femmes-dans-la-peche-a-hann\/\" class=\"awb-custom-text-color awb-custom-text-hover-color\" target=\"_self\">Ce que disent les femmes dans la p\u00eache \u00e0 Hann<\/a><\/h4><\/div><\/div><\/li>\n<li class=\"fusion-layout-column fusion_builder_column fusion-builder-column-202 fusion-flex-column post-card fusion-grid-column fusion-post-cards-grid-column\" style=\"--awb-bg-color:var(--awb-color1);--awb-bg-color-hover:var(--awb-color1);--awb-bg-blend:overlay;--awb-bg-size:cover;--awb-flex-grow:0;--awb-flex-shrink:0;--awb-flex-grow-medium:;--awb-flex-shrink-medium:;--awb-flex-grow-small:;--awb-flex-shrink-small:;\" data-scroll-devices=\"small-visibility,medium-visibility,large-visibility\"><div class=\"fusion-column-wrapper fusion-column-has-shadow fusion-flex-justify-content-space-around fusion-content-layout-column\"><div class=\"fusion-classic-product-image-wrapper fusion-woo-product-image fusion-post-card-image fusion-post-card-image-1 has-aspect-ratio\" data-layout=\"static\" style=\"--awb-aspect-ratio:3 \/ 2;\"><div  class=\"fusion-image-wrapper\" aria-haspopup=\"true\">\n\t\t\t\t\t\t\t<a href=\"https:\/\/www.mundusmaris.org\/fr\/films\/projection-du-film-poisson-dor-poisson-africain-de-thomas-grand-et-moussa-diop\/\" aria-label=\"Projection du film \u00ab Poisson d\u2019or \u2013 Poisson africain \u00bb de Thomas Grand et Moussa Diop\">\n\t\t\t\t\t\t\t<img decoding=\"async\" width=\"400\" height=\"300\" src=\"https:\/\/www.mundusmaris.org\/wp-content\/uploads\/2024\/09\/Debarquement01-1.jpg\" class=\"attachment-full size-full wp-post-image\" alt=\"\" srcset=\"https:\/\/www.mundusmaris.org\/wp-content\/uploads\/2024\/09\/Debarquement01-1-200x150.jpg 200w, https:\/\/www.mundusmaris.org\/wp-content\/uploads\/2024\/09\/Debarquement01-1.jpg 400w\" sizes=\"(min-width: 2200px) 100vw, (min-width: 784px) 373px, (min-width: 712px) 560px, (min-width: 640px) 712px, \" \/>\t\t\t<\/a>\n\t\t\t\t\t\t\t<\/div>\n<\/div><div class=\"fusion-meta-tb fusion-meta-tb-202 floated\" style=\"--awb-border-top:0px;--awb-height:36px;--awb-alignment-medium:flex-start;--awb-alignment-small:flex-start;\"><span class=\"fusion-tb-published-date\">Published On: 20 mars 2018<\/span><span class=\"fusion-meta-tb-sep\"><\/span><\/div><div class=\"fusion-title title fusion-title-202 fusion-sep-none fusion-title-text fusion-title-size-four\" style=\"--awb-margin-top:20px;--awb-margin-right:20px;--awb-margin-bottom:20px;--awb-margin-left:20px;--awb-margin-top-small:10px;--awb-margin-right-small:0px;--awb-margin-bottom-small:10px;--awb-margin-left-small:0px;--awb-font-size:24px;\"><h4 class=\"fusion-title-heading title-heading-left\" style=\"font-family:&quot;IBM Plex Sans Condensed&quot;;font-style:normal;font-weight:500;margin:0;font-size:1em;line-height:1.2;\"><a href=\"https:\/\/www.mundusmaris.org\/fr\/films\/projection-du-film-poisson-dor-poisson-africain-de-thomas-grand-et-moussa-diop\/\" class=\"awb-custom-text-color awb-custom-text-hover-color\" target=\"_self\">Projection du film \u00ab Poisson d\u2019or \u2013 Poisson africain \u00bb de Thomas Grand et Moussa Diop<\/a><\/h4><\/div><\/div><\/li>\n<li class=\"fusion-layout-column fusion_builder_column fusion-builder-column-203 fusion-flex-column post-card fusion-grid-column fusion-post-cards-grid-column\" style=\"--awb-bg-color:var(--awb-color1);--awb-bg-color-hover:var(--awb-color1);--awb-bg-blend:overlay;--awb-bg-size:cover;--awb-flex-grow:0;--awb-flex-shrink:0;--awb-flex-grow-medium:;--awb-flex-shrink-medium:;--awb-flex-grow-small:;--awb-flex-shrink-small:;\" data-scroll-devices=\"small-visibility,medium-visibility,large-visibility\"><div class=\"fusion-column-wrapper fusion-column-has-shadow fusion-flex-justify-content-space-around fusion-content-layout-column\"><div class=\"fusion-classic-product-image-wrapper fusion-woo-product-image fusion-post-card-image fusion-post-card-image-1 has-aspect-ratio\" data-layout=\"static\" style=\"--awb-aspect-ratio:3 \/ 2;\"><div  class=\"fusion-image-wrapper\" aria-haspopup=\"true\">\n\t\t\t\t\t\t\t<a href=\"https:\/\/www.mundusmaris.org\/fr\/activites\/aproche-ecosystemique-a-la-peche\/the-role-of-marine-ecosystems-in-the-lives-of-fishing-communities\/\" aria-label=\"The role of marine ecosystems in the lives of fishing communities\">\n\t\t\t\t\t\t\t<img decoding=\"async\" width=\"400\" height=\"300\" src=\"https:\/\/www.mundusmaris.org\/wp-content\/uploads\/2024\/10\/AliouOuverture.jpg\" class=\"attachment-full size-full wp-post-image\" alt=\"\" srcset=\"https:\/\/www.mundusmaris.org\/wp-content\/uploads\/2024\/10\/AliouOuverture-200x150.jpg 200w, https:\/\/www.mundusmaris.org\/wp-content\/uploads\/2024\/10\/AliouOuverture.jpg 400w\" sizes=\"(min-width: 2200px) 100vw, (min-width: 784px) 373px, (min-width: 712px) 560px, (min-width: 640px) 712px, \" \/>\t\t\t<\/a>\n\t\t\t\t\t\t\t<\/div>\n<\/div><div class=\"fusion-meta-tb fusion-meta-tb-203 floated\" style=\"--awb-border-top:0px;--awb-height:36px;--awb-alignment-medium:flex-start;--awb-alignment-small:flex-start;\"><span class=\"fusion-tb-published-date\">Published On: 18 mars 2018<\/span><span class=\"fusion-meta-tb-sep\"><\/span><\/div><div class=\"fusion-title title fusion-title-203 fusion-sep-none fusion-title-text fusion-title-size-four\" style=\"--awb-margin-top:20px;--awb-margin-right:20px;--awb-margin-bottom:20px;--awb-margin-left:20px;--awb-margin-top-small:10px;--awb-margin-right-small:0px;--awb-margin-bottom-small:10px;--awb-margin-left-small:0px;--awb-font-size:24px;\"><h4 class=\"fusion-title-heading title-heading-left\" style=\"font-family:&quot;IBM Plex Sans Condensed&quot;;font-style:normal;font-weight:500;margin:0;font-size:1em;line-height:1.2;\"><a href=\"https:\/\/www.mundusmaris.org\/fr\/activites\/aproche-ecosystemique-a-la-peche\/the-role-of-marine-ecosystems-in-the-lives-of-fishing-communities\/\" class=\"awb-custom-text-color awb-custom-text-hover-color\" target=\"_self\">The role of marine ecosystems in the lives of fishing communities<\/a><\/h4><\/div><\/div><\/li>\n<li class=\"fusion-layout-column fusion_builder_column fusion-builder-column-204 fusion-flex-column post-card fusion-grid-column fusion-post-cards-grid-column\" style=\"--awb-bg-color:var(--awb-color1);--awb-bg-color-hover:var(--awb-color1);--awb-bg-blend:overlay;--awb-bg-size:cover;--awb-flex-grow:0;--awb-flex-shrink:0;--awb-flex-grow-medium:;--awb-flex-shrink-medium:;--awb-flex-grow-small:;--awb-flex-shrink-small:;\" data-scroll-devices=\"small-visibility,medium-visibility,large-visibility\"><div class=\"fusion-column-wrapper fusion-column-has-shadow fusion-flex-justify-content-space-around fusion-content-layout-column\"><div class=\"fusion-classic-product-image-wrapper fusion-woo-product-image fusion-post-card-image fusion-post-card-image-1 has-aspect-ratio\" data-layout=\"static\" style=\"--awb-aspect-ratio:3 \/ 2;\"><div  class=\"fusion-image-wrapper\" aria-haspopup=\"true\">\n\t\t\t\t\t\t\t<a href=\"https:\/\/www.mundusmaris.org\/fr\/entre-tradition-et-modernite\/les-femmes-dans-la-peche-interview-de-mme-ramatoulaye-barry-femme-leader-mareyeuse-a-conakry\/\" aria-label=\"Les femmes dans la p\u00eache: Interview de Mme Ramatoulaye Barry, femme leader mareyeuse \u00e0 Conakry\">\n\t\t\t\t\t\t\t<img decoding=\"async\" width=\"800\" height=\"500\" src=\"https:\/\/www.mundusmaris.org\/wp-content\/uploads\/2024\/04\/Ramatoulaye_BarryCKY_800x500.jpg\" class=\"attachment-full size-full wp-post-image\" alt=\"\" srcset=\"https:\/\/www.mundusmaris.org\/wp-content\/uploads\/2024\/04\/Ramatoulaye_BarryCKY_800x500-200x125.jpg 200w, https:\/\/www.mundusmaris.org\/wp-content\/uploads\/2024\/04\/Ramatoulaye_BarryCKY_800x500-400x250.jpg 400w, https:\/\/www.mundusmaris.org\/wp-content\/uploads\/2024\/04\/Ramatoulaye_BarryCKY_800x500-600x375.jpg 600w, https:\/\/www.mundusmaris.org\/wp-content\/uploads\/2024\/04\/Ramatoulaye_BarryCKY_800x500.jpg 800w\" sizes=\"(min-width: 2200px) 100vw, (min-width: 784px) 373px, (min-width: 712px) 560px, (min-width: 640px) 712px, \" \/>\t\t\t<\/a>\n\t\t\t\t\t\t\t<\/div>\n<\/div><div class=\"fusion-meta-tb fusion-meta-tb-204 floated\" style=\"--awb-border-top:0px;--awb-height:36px;--awb-alignment-medium:flex-start;--awb-alignment-small:flex-start;\"><span class=\"fusion-tb-published-date\">Published On: 15 f\u00e9vrier 2018<\/span><span class=\"fusion-meta-tb-sep\"><\/span><\/div><div class=\"fusion-title title fusion-title-204 fusion-sep-none fusion-title-text fusion-title-size-four\" style=\"--awb-margin-top:20px;--awb-margin-right:20px;--awb-margin-bottom:20px;--awb-margin-left:20px;--awb-margin-top-small:10px;--awb-margin-right-small:0px;--awb-margin-bottom-small:10px;--awb-margin-left-small:0px;--awb-font-size:24px;\"><h4 class=\"fusion-title-heading title-heading-left\" style=\"font-family:&quot;IBM Plex Sans Condensed&quot;;font-style:normal;font-weight:500;margin:0;font-size:1em;line-height:1.2;\"><a href=\"https:\/\/www.mundusmaris.org\/fr\/entre-tradition-et-modernite\/les-femmes-dans-la-peche-interview-de-mme-ramatoulaye-barry-femme-leader-mareyeuse-a-conakry\/\" class=\"awb-custom-text-color awb-custom-text-hover-color\" target=\"_self\">Les femmes dans la p\u00eache: Interview de Mme Ramatoulaye Barry, femme leader mareyeuse \u00e0 Conakry<\/a><\/h4><\/div><\/div><\/li>\n<li class=\"fusion-layout-column fusion_builder_column fusion-builder-column-205 fusion-flex-column post-card fusion-grid-column fusion-post-cards-grid-column\" style=\"--awb-bg-color:var(--awb-color1);--awb-bg-color-hover:var(--awb-color1);--awb-bg-blend:overlay;--awb-bg-size:cover;--awb-flex-grow:0;--awb-flex-shrink:0;--awb-flex-grow-medium:;--awb-flex-shrink-medium:;--awb-flex-grow-small:;--awb-flex-shrink-small:;\" data-scroll-devices=\"small-visibility,medium-visibility,large-visibility\"><div class=\"fusion-column-wrapper fusion-column-has-shadow fusion-flex-justify-content-space-around fusion-content-layout-column\"><div class=\"fusion-classic-product-image-wrapper fusion-woo-product-image fusion-post-card-image fusion-post-card-image-1 has-aspect-ratio\" data-layout=\"static\" style=\"--awb-aspect-ratio:3 \/ 2;\"><div  class=\"fusion-image-wrapper\" aria-haspopup=\"true\">\n\t\t\t\t\t\t\t<a href=\"https:\/\/www.mundusmaris.org\/fr\/entre-tradition-et-modernite\/interview-de-f-soumah-leader-dans-la-peche\/\" aria-label=\"Interview de F. Soumah, leader dans la p\u00eache\">\n\t\t\t\t\t\t\t<img decoding=\"async\" width=\"800\" height=\"500\" src=\"https:\/\/www.mundusmaris.org\/wp-content\/uploads\/2024\/04\/FaneyawaSoumah_800x500.jpg\" class=\"attachment-full size-full wp-post-image\" alt=\"\" srcset=\"https:\/\/www.mundusmaris.org\/wp-content\/uploads\/2024\/04\/FaneyawaSoumah_800x500-200x125.jpg 200w, https:\/\/www.mundusmaris.org\/wp-content\/uploads\/2024\/04\/FaneyawaSoumah_800x500-400x250.jpg 400w, https:\/\/www.mundusmaris.org\/wp-content\/uploads\/2024\/04\/FaneyawaSoumah_800x500-600x375.jpg 600w, https:\/\/www.mundusmaris.org\/wp-content\/uploads\/2024\/04\/FaneyawaSoumah_800x500.jpg 800w\" sizes=\"(min-width: 2200px) 100vw, (min-width: 784px) 373px, (min-width: 712px) 560px, (min-width: 640px) 712px, \" \/>\t\t\t<\/a>\n\t\t\t\t\t\t\t<\/div>\n<\/div><div class=\"fusion-meta-tb fusion-meta-tb-205 floated\" style=\"--awb-border-top:0px;--awb-height:36px;--awb-alignment-medium:flex-start;--awb-alignment-small:flex-start;\"><span class=\"fusion-tb-published-date\">Published On: 14 f\u00e9vrier 2018<\/span><span class=\"fusion-meta-tb-sep\"><\/span><\/div><div class=\"fusion-title title fusion-title-205 fusion-sep-none fusion-title-text fusion-title-size-four\" style=\"--awb-margin-top:20px;--awb-margin-right:20px;--awb-margin-bottom:20px;--awb-margin-left:20px;--awb-margin-top-small:10px;--awb-margin-right-small:0px;--awb-margin-bottom-small:10px;--awb-margin-left-small:0px;--awb-font-size:24px;\"><h4 class=\"fusion-title-heading title-heading-left\" style=\"font-family:&quot;IBM Plex Sans Condensed&quot;;font-style:normal;font-weight:500;margin:0;font-size:1em;line-height:1.2;\"><a href=\"https:\/\/www.mundusmaris.org\/fr\/entre-tradition-et-modernite\/interview-de-f-soumah-leader-dans-la-peche\/\" class=\"awb-custom-text-color awb-custom-text-hover-color\" target=\"_self\">Interview de F. Soumah, leader dans la p\u00eache<\/a><\/h4><\/div><\/div><\/li>\n<li class=\"fusion-layout-column fusion_builder_column fusion-builder-column-206 fusion-flex-column post-card fusion-grid-column fusion-post-cards-grid-column\" style=\"--awb-bg-color:var(--awb-color1);--awb-bg-color-hover:var(--awb-color1);--awb-bg-blend:overlay;--awb-bg-size:cover;--awb-flex-grow:0;--awb-flex-shrink:0;--awb-flex-grow-medium:;--awb-flex-shrink-medium:;--awb-flex-grow-small:;--awb-flex-shrink-small:;\" data-scroll-devices=\"small-visibility,medium-visibility,large-visibility\"><div class=\"fusion-column-wrapper fusion-column-has-shadow fusion-flex-justify-content-space-around fusion-content-layout-column\"><div class=\"fusion-classic-product-image-wrapper fusion-woo-product-image fusion-post-card-image fusion-post-card-image-1 has-aspect-ratio\" data-layout=\"static\" style=\"--awb-aspect-ratio:3 \/ 2;\"><div  class=\"fusion-image-wrapper\" aria-haspopup=\"true\">\n\t\t\t\t\t\t\t<a href=\"https:\/\/www.mundusmaris.org\/fr\/entre-tradition-et-modernite\/un-detour-dans-le-port-de-peche-artisanale-de-boulbinet-a-conakry-guinee\/\" aria-label=\"Un d\u00e9tour dans le port de p\u00eache artisanale de Boulbinet \u00e0 Conakry, Guin\u00e9e\">\n\t\t\t\t\t\t\t<img decoding=\"async\" width=\"800\" height=\"500\" src=\"https:\/\/www.mundusmaris.org\/wp-content\/uploads\/2024\/04\/copertina_posts_boulbinet_800x500.jpg\" class=\"attachment-full size-full wp-post-image\" alt=\"\" srcset=\"https:\/\/www.mundusmaris.org\/wp-content\/uploads\/2024\/04\/copertina_posts_boulbinet_800x500-200x125.jpg 200w, https:\/\/www.mundusmaris.org\/wp-content\/uploads\/2024\/04\/copertina_posts_boulbinet_800x500-400x250.jpg 400w, https:\/\/www.mundusmaris.org\/wp-content\/uploads\/2024\/04\/copertina_posts_boulbinet_800x500-600x375.jpg 600w, https:\/\/www.mundusmaris.org\/wp-content\/uploads\/2024\/04\/copertina_posts_boulbinet_800x500.jpg 800w\" sizes=\"(min-width: 2200px) 100vw, (min-width: 784px) 373px, (min-width: 712px) 560px, (min-width: 640px) 712px, \" \/>\t\t\t<\/a>\n\t\t\t\t\t\t\t<\/div>\n<\/div><div class=\"fusion-meta-tb fusion-meta-tb-206 floated\" style=\"--awb-border-top:0px;--awb-height:36px;--awb-alignment-medium:flex-start;--awb-alignment-small:flex-start;\"><span class=\"fusion-tb-published-date\">Published On: 14 f\u00e9vrier 2018<\/span><span class=\"fusion-meta-tb-sep\"><\/span><\/div><div class=\"fusion-title title fusion-title-206 fusion-sep-none fusion-title-text fusion-title-size-four\" style=\"--awb-margin-top:20px;--awb-margin-right:20px;--awb-margin-bottom:20px;--awb-margin-left:20px;--awb-margin-top-small:10px;--awb-margin-right-small:0px;--awb-margin-bottom-small:10px;--awb-margin-left-small:0px;--awb-font-size:24px;\"><h4 class=\"fusion-title-heading title-heading-left\" style=\"font-family:&quot;IBM Plex Sans Condensed&quot;;font-style:normal;font-weight:500;margin:0;font-size:1em;line-height:1.2;\"><a href=\"https:\/\/www.mundusmaris.org\/fr\/entre-tradition-et-modernite\/un-detour-dans-le-port-de-peche-artisanale-de-boulbinet-a-conakry-guinee\/\" class=\"awb-custom-text-color awb-custom-text-hover-color\" target=\"_self\">Un d\u00e9tour dans le port de p\u00eache artisanale de Boulbinet \u00e0 Conakry, Guin\u00e9e<\/a><\/h4><\/div><\/div><\/li>\n<li class=\"fusion-layout-column fusion_builder_column fusion-builder-column-207 fusion-flex-column post-card fusion-grid-column fusion-post-cards-grid-column\" style=\"--awb-bg-color:var(--awb-color1);--awb-bg-color-hover:var(--awb-color1);--awb-bg-blend:overlay;--awb-bg-size:cover;--awb-flex-grow:0;--awb-flex-shrink:0;--awb-flex-grow-medium:;--awb-flex-shrink-medium:;--awb-flex-grow-small:;--awb-flex-shrink-small:;\" data-scroll-devices=\"small-visibility,medium-visibility,large-visibility\"><div class=\"fusion-column-wrapper fusion-column-has-shadow fusion-flex-justify-content-space-around fusion-content-layout-column\"><div class=\"fusion-classic-product-image-wrapper fusion-woo-product-image fusion-post-card-image fusion-post-card-image-1 has-aspect-ratio\" data-layout=\"static\" style=\"--awb-aspect-ratio:3 \/ 2;\"><div  class=\"fusion-image-wrapper\" aria-haspopup=\"true\">\n\t\t\t\t\t\t\t<a href=\"https:\/\/www.mundusmaris.org\/fr\/expositions\/art-objects-done-by-prisoners-of-war-during-the-napoleonic-wars\/\" aria-label=\"Art objects done by Prisoners of War during the Napoleonic Wars\">\n\t\t\t\t\t\t\t<img decoding=\"async\" width=\"800\" height=\"500\" src=\"https:\/\/www.mundusmaris.org\/wp-content\/uploads\/2024\/03\/05_BritWarship_800x500.jpg\" class=\"attachment-full size-full wp-post-image\" alt=\"\" srcset=\"https:\/\/www.mundusmaris.org\/wp-content\/uploads\/2024\/03\/05_BritWarship_800x500-200x125.jpg 200w, https:\/\/www.mundusmaris.org\/wp-content\/uploads\/2024\/03\/05_BritWarship_800x500-400x250.jpg 400w, https:\/\/www.mundusmaris.org\/wp-content\/uploads\/2024\/03\/05_BritWarship_800x500-600x375.jpg 600w, https:\/\/www.mundusmaris.org\/wp-content\/uploads\/2024\/03\/05_BritWarship_800x500.jpg 800w\" sizes=\"(min-width: 2200px) 100vw, (min-width: 784px) 373px, (min-width: 712px) 560px, (min-width: 640px) 712px, \" \/>\t\t\t<\/a>\n\t\t\t\t\t\t\t<\/div>\n<\/div><div class=\"fusion-meta-tb fusion-meta-tb-207 floated\" style=\"--awb-border-top:0px;--awb-height:36px;--awb-alignment-medium:flex-start;--awb-alignment-small:flex-start;\"><span class=\"fusion-tb-published-date\">Published On: 25 octobre 2017<\/span><span class=\"fusion-meta-tb-sep\"><\/span><\/div><div class=\"fusion-title title fusion-title-207 fusion-sep-none fusion-title-text fusion-title-size-four\" style=\"--awb-margin-top:20px;--awb-margin-right:20px;--awb-margin-bottom:20px;--awb-margin-left:20px;--awb-margin-top-small:10px;--awb-margin-right-small:0px;--awb-margin-bottom-small:10px;--awb-margin-left-small:0px;--awb-font-size:24px;\"><h4 class=\"fusion-title-heading title-heading-left\" style=\"font-family:&quot;IBM Plex Sans Condensed&quot;;font-style:normal;font-weight:500;margin:0;font-size:1em;line-height:1.2;\"><a href=\"https:\/\/www.mundusmaris.org\/fr\/expositions\/art-objects-done-by-prisoners-of-war-during-the-napoleonic-wars\/\" class=\"awb-custom-text-color awb-custom-text-hover-color\" target=\"_self\">Art objects done by Prisoners of War during the Napoleonic Wars<\/a><\/h4><\/div><\/div><\/li>\n<li class=\"fusion-layout-column fusion_builder_column fusion-builder-column-208 fusion-flex-column post-card fusion-grid-column fusion-post-cards-grid-column\" style=\"--awb-bg-color:var(--awb-color1);--awb-bg-color-hover:var(--awb-color1);--awb-bg-blend:overlay;--awb-bg-size:cover;--awb-flex-grow:0;--awb-flex-shrink:0;--awb-flex-grow-medium:;--awb-flex-shrink-medium:;--awb-flex-grow-small:;--awb-flex-shrink-small:;\" data-scroll-devices=\"small-visibility,medium-visibility,large-visibility\"><div class=\"fusion-column-wrapper fusion-column-has-shadow fusion-flex-justify-content-space-around fusion-content-layout-column\"><div class=\"fusion-classic-product-image-wrapper fusion-woo-product-image fusion-post-card-image fusion-post-card-image-1 has-aspect-ratio\" data-layout=\"static\" style=\"--awb-aspect-ratio:3 \/ 2;\"><div  class=\"fusion-image-wrapper\" aria-haspopup=\"true\">\n\t\t\t\t\t\t\t<a href=\"https:\/\/www.mundusmaris.org\/fr\/expositions\/bryggens-wharf-and-warehouses-a-unesco-world-heritage-centre\/\" aria-label=\"Bryggen&rsquo;s wharf and warehouses, a UNESCO World Heritage Centre\">\n\t\t\t\t\t\t\t<img decoding=\"async\" width=\"800\" height=\"500\" src=\"https:\/\/www.mundusmaris.org\/wp-content\/uploads\/2024\/03\/Bryggen_World-HeritageSite_800x500.jpg\" class=\"attachment-full size-full wp-post-image\" alt=\"\" srcset=\"https:\/\/www.mundusmaris.org\/wp-content\/uploads\/2024\/03\/Bryggen_World-HeritageSite_800x500-200x125.jpg 200w, https:\/\/www.mundusmaris.org\/wp-content\/uploads\/2024\/03\/Bryggen_World-HeritageSite_800x500-400x250.jpg 400w, https:\/\/www.mundusmaris.org\/wp-content\/uploads\/2024\/03\/Bryggen_World-HeritageSite_800x500-600x375.jpg 600w, https:\/\/www.mundusmaris.org\/wp-content\/uploads\/2024\/03\/Bryggen_World-HeritageSite_800x500.jpg 800w\" sizes=\"(min-width: 2200px) 100vw, (min-width: 784px) 373px, (min-width: 712px) 560px, (min-width: 640px) 712px, \" \/>\t\t\t<\/a>\n\t\t\t\t\t\t\t<\/div>\n<\/div><div class=\"fusion-meta-tb fusion-meta-tb-208 floated\" style=\"--awb-border-top:0px;--awb-height:36px;--awb-alignment-medium:flex-start;--awb-alignment-small:flex-start;\"><span class=\"fusion-tb-published-date\">Published On: 27 ao\u00fbt 2017<\/span><span class=\"fusion-meta-tb-sep\"><\/span><\/div><div class=\"fusion-title title fusion-title-208 fusion-sep-none fusion-title-text fusion-title-size-four\" style=\"--awb-margin-top:20px;--awb-margin-right:20px;--awb-margin-bottom:20px;--awb-margin-left:20px;--awb-margin-top-small:10px;--awb-margin-right-small:0px;--awb-margin-bottom-small:10px;--awb-margin-left-small:0px;--awb-font-size:24px;\"><h4 class=\"fusion-title-heading title-heading-left\" style=\"font-family:&quot;IBM Plex Sans Condensed&quot;;font-style:normal;font-weight:500;margin:0;font-size:1em;line-height:1.2;\"><a href=\"https:\/\/www.mundusmaris.org\/fr\/expositions\/bryggens-wharf-and-warehouses-a-unesco-world-heritage-centre\/\" class=\"awb-custom-text-color awb-custom-text-hover-color\" target=\"_self\">Bryggen&rsquo;s wharf and warehouses, a UNESCO World Heritage Centre<\/a><\/h4><\/div><\/div><\/li>\n<li class=\"fusion-layout-column fusion_builder_column fusion-builder-column-209 fusion-flex-column post-card fusion-grid-column fusion-post-cards-grid-column\" style=\"--awb-bg-color:var(--awb-color1);--awb-bg-color-hover:var(--awb-color1);--awb-bg-blend:overlay;--awb-bg-size:cover;--awb-flex-grow:0;--awb-flex-shrink:0;--awb-flex-grow-medium:;--awb-flex-shrink-medium:;--awb-flex-grow-small:;--awb-flex-shrink-small:;\" data-scroll-devices=\"small-visibility,medium-visibility,large-visibility\"><div class=\"fusion-column-wrapper fusion-column-has-shadow fusion-flex-justify-content-space-around fusion-content-layout-column\"><div class=\"fusion-classic-product-image-wrapper fusion-woo-product-image fusion-post-card-image fusion-post-card-image-1 has-aspect-ratio\" data-layout=\"static\" style=\"--awb-aspect-ratio:3 \/ 2;\"><div  class=\"fusion-image-wrapper\" aria-haspopup=\"true\">\n\t\t\t\t\t\t\t<a href=\"\" aria-label=\"documenta 14 \u2013 la dimension plan\u00e9taire de l\u2019art contemporain\">\n\t\t\t\t\t\t\t\t\t\t<div class=\"fusion-placeholder-image\" data-origheight=\"150\" data-origwidth=\"100%\" style=\"width:100%;aspect-ratio:3 \/ 2;\"><\/div>\n\t\t\t\t\t<\/a>\n\t\t\t\t\t\t\t<\/div>\n<\/div><div class=\"fusion-meta-tb fusion-meta-tb-209 floated\" style=\"--awb-border-top:0px;--awb-height:36px;--awb-alignment-medium:flex-start;--awb-alignment-small:flex-start;\"><span class=\"fusion-tb-published-date\">Published On: 27 juillet 2017<\/span><span class=\"fusion-meta-tb-sep\"><\/span><\/div><div class=\"fusion-title title fusion-title-209 fusion-sep-none fusion-title-text fusion-title-size-four\" style=\"--awb-margin-top:20px;--awb-margin-right:20px;--awb-margin-bottom:20px;--awb-margin-left:20px;--awb-margin-top-small:10px;--awb-margin-right-small:0px;--awb-margin-bottom-small:10px;--awb-margin-left-small:0px;--awb-font-size:24px;\"><h4 class=\"fusion-title-heading title-heading-left\" style=\"font-family:&quot;IBM Plex Sans Condensed&quot;;font-style:normal;font-weight:500;margin:0;font-size:1em;line-height:1.2;\"><a href=\"https:\/\/www.mundusmaris.org\/fr\/expositions\/documenta-14-la-dimension-planetaire-de-lart-contemporain\/\" class=\"awb-custom-text-color awb-custom-text-hover-color\" target=\"_self\">documenta 14 \u2013 la dimension plan\u00e9taire de l\u2019art contemporain<\/a><\/h4><\/div><\/div><\/li>\n<li class=\"fusion-layout-column fusion_builder_column fusion-builder-column-210 fusion-flex-column post-card fusion-grid-column fusion-post-cards-grid-column\" style=\"--awb-bg-color:var(--awb-color1);--awb-bg-color-hover:var(--awb-color1);--awb-bg-blend:overlay;--awb-bg-size:cover;--awb-flex-grow:0;--awb-flex-shrink:0;--awb-flex-grow-medium:;--awb-flex-shrink-medium:;--awb-flex-grow-small:;--awb-flex-shrink-small:;\" data-scroll-devices=\"small-visibility,medium-visibility,large-visibility\"><div class=\"fusion-column-wrapper fusion-column-has-shadow fusion-flex-justify-content-space-around fusion-content-layout-column\"><div class=\"fusion-classic-product-image-wrapper fusion-woo-product-image fusion-post-card-image fusion-post-card-image-1 has-aspect-ratio\" data-layout=\"static\" style=\"--awb-aspect-ratio:3 \/ 2;\"><div  class=\"fusion-image-wrapper\" aria-haspopup=\"true\">\n\t\t\t\t\t\t\t<a href=\"https:\/\/www.mundusmaris.org\/fr\/films\/cry-sea-the-way-senegalese-fishermen-are-loosing-their-livelihoods\/\" aria-label=\"Cry Sea: The way Senegalese fishermen are loosing their livelihoods\">\n\t\t\t\t\t\t\t<img decoding=\"async\" width=\"500\" height=\"284\" src=\"https:\/\/www.mundusmaris.org\/wp-content\/uploads\/2017\/02\/crysea_pic1.jpg\" class=\"attachment-full size-full wp-post-image\" alt=\"\" srcset=\"https:\/\/www.mundusmaris.org\/wp-content\/uploads\/2017\/02\/crysea_pic1-200x114.jpg 200w, https:\/\/www.mundusmaris.org\/wp-content\/uploads\/2017\/02\/crysea_pic1-400x227.jpg 400w, https:\/\/www.mundusmaris.org\/wp-content\/uploads\/2017\/02\/crysea_pic1.jpg 500w\" sizes=\"(min-width: 2200px) 100vw, (min-width: 784px) 373px, (min-width: 712px) 560px, (min-width: 640px) 712px, \" \/>\t\t\t<\/a>\n\t\t\t\t\t\t\t<\/div>\n<\/div><div class=\"fusion-meta-tb fusion-meta-tb-210 floated\" style=\"--awb-border-top:0px;--awb-height:36px;--awb-alignment-medium:flex-start;--awb-alignment-small:flex-start;\"><span class=\"fusion-tb-published-date\">Published On: 28 f\u00e9vrier 2017<\/span><span class=\"fusion-meta-tb-sep\"><\/span><\/div><div class=\"fusion-title title fusion-title-210 fusion-sep-none fusion-title-text fusion-title-size-four\" style=\"--awb-margin-top:20px;--awb-margin-right:20px;--awb-margin-bottom:20px;--awb-margin-left:20px;--awb-margin-top-small:10px;--awb-margin-right-small:0px;--awb-margin-bottom-small:10px;--awb-margin-left-small:0px;--awb-font-size:24px;\"><h4 class=\"fusion-title-heading title-heading-left\" style=\"font-family:&quot;IBM Plex Sans Condensed&quot;;font-style:normal;font-weight:500;margin:0;font-size:1em;line-height:1.2;\"><a href=\"https:\/\/www.mundusmaris.org\/fr\/films\/cry-sea-the-way-senegalese-fishermen-are-loosing-their-livelihoods\/\" class=\"awb-custom-text-color awb-custom-text-hover-color\" target=\"_self\">Cry Sea: The way Senegalese fishermen are loosing their livelihoods<\/a><\/h4><\/div><\/div><\/li>\n<li class=\"fusion-layout-column fusion_builder_column fusion-builder-column-211 fusion-flex-column post-card fusion-grid-column fusion-post-cards-grid-column\" style=\"--awb-bg-color:var(--awb-color1);--awb-bg-color-hover:var(--awb-color1);--awb-bg-blend:overlay;--awb-bg-size:cover;--awb-flex-grow:0;--awb-flex-shrink:0;--awb-flex-grow-medium:;--awb-flex-shrink-medium:;--awb-flex-grow-small:;--awb-flex-shrink-small:;\" data-scroll-devices=\"small-visibility,medium-visibility,large-visibility\"><div class=\"fusion-column-wrapper fusion-column-has-shadow fusion-flex-justify-content-space-around fusion-content-layout-column\"><div class=\"fusion-classic-product-image-wrapper fusion-woo-product-image fusion-post-card-image fusion-post-card-image-1 has-aspect-ratio\" data-layout=\"static\" style=\"--awb-aspect-ratio:3 \/ 2;\"><div  class=\"fusion-image-wrapper\" aria-haspopup=\"true\">\n\t\t\t\t\t\t\t<a href=\"https:\/\/www.mundusmaris.org\/fr\/expositions\/blown-glass-models-of-marine-organisms-blaschka-father-and-son\/\" aria-label=\"Blown glass models of marine organisms &#8211; Blaschka father and son\">\n\t\t\t\t\t\t\t<img decoding=\"async\" width=\"800\" height=\"500\" src=\"https:\/\/www.mundusmaris.org\/wp-content\/uploads\/2024\/03\/blaschka-octopus_copertina.jpg\" class=\"attachment-full size-full wp-post-image\" alt=\"\" srcset=\"https:\/\/www.mundusmaris.org\/wp-content\/uploads\/2024\/03\/blaschka-octopus_copertina-200x125.jpg 200w, https:\/\/www.mundusmaris.org\/wp-content\/uploads\/2024\/03\/blaschka-octopus_copertina-400x250.jpg 400w, https:\/\/www.mundusmaris.org\/wp-content\/uploads\/2024\/03\/blaschka-octopus_copertina-600x375.jpg 600w, https:\/\/www.mundusmaris.org\/wp-content\/uploads\/2024\/03\/blaschka-octopus_copertina.jpg 800w\" sizes=\"(min-width: 2200px) 100vw, (min-width: 784px) 373px, (min-width: 712px) 560px, (min-width: 640px) 712px, \" \/>\t\t\t<\/a>\n\t\t\t\t\t\t\t<\/div>\n<\/div><div class=\"fusion-meta-tb fusion-meta-tb-211 floated\" style=\"--awb-border-top:0px;--awb-height:36px;--awb-alignment-medium:flex-start;--awb-alignment-small:flex-start;\"><span class=\"fusion-tb-published-date\">Published On: 25 f\u00e9vrier 2017<\/span><span class=\"fusion-meta-tb-sep\"><\/span><\/div><div class=\"fusion-title title fusion-title-211 fusion-sep-none fusion-title-text fusion-title-size-four\" style=\"--awb-margin-top:20px;--awb-margin-right:20px;--awb-margin-bottom:20px;--awb-margin-left:20px;--awb-margin-top-small:10px;--awb-margin-right-small:0px;--awb-margin-bottom-small:10px;--awb-margin-left-small:0px;--awb-font-size:24px;\"><h4 class=\"fusion-title-heading title-heading-left\" style=\"font-family:&quot;IBM Plex Sans Condensed&quot;;font-style:normal;font-weight:500;margin:0;font-size:1em;line-height:1.2;\"><a href=\"https:\/\/www.mundusmaris.org\/fr\/expositions\/blown-glass-models-of-marine-organisms-blaschka-father-and-son\/\" class=\"awb-custom-text-color awb-custom-text-hover-color\" target=\"_self\">Blown glass models of marine organisms &#8211; Blaschka father and son<\/a><\/h4><\/div><\/div><\/li>\n<li class=\"fusion-layout-column fusion_builder_column fusion-builder-column-212 fusion-flex-column post-card fusion-grid-column fusion-post-cards-grid-column\" style=\"--awb-bg-color:var(--awb-color1);--awb-bg-color-hover:var(--awb-color1);--awb-bg-blend:overlay;--awb-bg-size:cover;--awb-flex-grow:0;--awb-flex-shrink:0;--awb-flex-grow-medium:;--awb-flex-shrink-medium:;--awb-flex-grow-small:;--awb-flex-shrink-small:;\" data-scroll-devices=\"small-visibility,medium-visibility,large-visibility\"><div class=\"fusion-column-wrapper fusion-column-has-shadow fusion-flex-justify-content-space-around fusion-content-layout-column\"><div class=\"fusion-classic-product-image-wrapper fusion-woo-product-image fusion-post-card-image fusion-post-card-image-1 has-aspect-ratio\" data-layout=\"static\" style=\"--awb-aspect-ratio:3 \/ 2;\"><div  class=\"fusion-image-wrapper\" aria-haspopup=\"true\">\n\t\t\t\t\t\t\t<a href=\"https:\/\/www.mundusmaris.org\/fr\/expositions\/jason-decaires-taylor-underwater-sculptures-to-draw-attention-to-the-relationship-with-nature-through-art\/\" aria-label=\"Jason deCaires Taylor: underwater sculptures to draw attention to the relationship with nature through art.\">\n\t\t\t\t\t\t\t<img decoding=\"async\" width=\"800\" height=\"500\" src=\"https:\/\/www.mundusmaris.org\/wp-content\/uploads\/2024\/03\/environment-1jdecaires_blog.jpg\" class=\"attachment-full size-full wp-post-image\" alt=\"\" srcset=\"https:\/\/www.mundusmaris.org\/wp-content\/uploads\/2024\/03\/environment-1jdecaires_blog-200x125.jpg 200w, https:\/\/www.mundusmaris.org\/wp-content\/uploads\/2024\/03\/environment-1jdecaires_blog-400x250.jpg 400w, https:\/\/www.mundusmaris.org\/wp-content\/uploads\/2024\/03\/environment-1jdecaires_blog-600x375.jpg 600w, https:\/\/www.mundusmaris.org\/wp-content\/uploads\/2024\/03\/environment-1jdecaires_blog.jpg 800w\" sizes=\"(min-width: 2200px) 100vw, (min-width: 784px) 373px, (min-width: 712px) 560px, (min-width: 640px) 712px, \" \/>\t\t\t<\/a>\n\t\t\t\t\t\t\t<\/div>\n<\/div><div class=\"fusion-meta-tb fusion-meta-tb-212 floated\" style=\"--awb-border-top:0px;--awb-height:36px;--awb-alignment-medium:flex-start;--awb-alignment-small:flex-start;\"><span class=\"fusion-tb-published-date\">Published On: 20 f\u00e9vrier 2017<\/span><span class=\"fusion-meta-tb-sep\"><\/span><\/div><div class=\"fusion-title title fusion-title-212 fusion-sep-none fusion-title-text fusion-title-size-four\" style=\"--awb-margin-top:20px;--awb-margin-right:20px;--awb-margin-bottom:20px;--awb-margin-left:20px;--awb-margin-top-small:10px;--awb-margin-right-small:0px;--awb-margin-bottom-small:10px;--awb-margin-left-small:0px;--awb-font-size:24px;\"><h4 class=\"fusion-title-heading title-heading-left\" style=\"font-family:&quot;IBM Plex Sans Condensed&quot;;font-style:normal;font-weight:500;margin:0;font-size:1em;line-height:1.2;\"><a href=\"https:\/\/www.mundusmaris.org\/fr\/expositions\/jason-decaires-taylor-underwater-sculptures-to-draw-attention-to-the-relationship-with-nature-through-art\/\" class=\"awb-custom-text-color awb-custom-text-hover-color\" target=\"_self\">Jason deCaires Taylor: underwater sculptures to draw attention to the relationship with nature through art.<\/a><\/h4><\/div><\/div><\/li>\n<li class=\"fusion-layout-column fusion_builder_column fusion-builder-column-213 fusion-flex-column post-card fusion-grid-column fusion-post-cards-grid-column\" style=\"--awb-bg-color:var(--awb-color1);--awb-bg-color-hover:var(--awb-color1);--awb-bg-blend:overlay;--awb-bg-size:cover;--awb-flex-grow:0;--awb-flex-shrink:0;--awb-flex-grow-medium:;--awb-flex-shrink-medium:;--awb-flex-grow-small:;--awb-flex-shrink-small:;\" data-scroll-devices=\"small-visibility,medium-visibility,large-visibility\"><div class=\"fusion-column-wrapper fusion-column-has-shadow fusion-flex-justify-content-space-around fusion-content-layout-column\"><div class=\"fusion-classic-product-image-wrapper fusion-woo-product-image fusion-post-card-image fusion-post-card-image-1 has-aspect-ratio\" data-layout=\"static\" style=\"--awb-aspect-ratio:3 \/ 2;\"><div  class=\"fusion-image-wrapper\" aria-haspopup=\"true\">\n\t\t\t\t\t\t\t<a href=\"https:\/\/www.mundusmaris.org\/fr\/expositions\/examples-to-follow\/\" aria-label=\"Examples to Follow!\">\n\t\t\t\t\t\t\t<img decoding=\"async\" width=\"800\" height=\"500\" src=\"https:\/\/www.mundusmaris.org\/wp-content\/uploads\/2022\/03\/examplescover1.jpg\" class=\"attachment-full size-full wp-post-image\" alt=\"\" srcset=\"https:\/\/www.mundusmaris.org\/wp-content\/uploads\/2022\/03\/examplescover1-200x125.jpg 200w, https:\/\/www.mundusmaris.org\/wp-content\/uploads\/2022\/03\/examplescover1-400x250.jpg 400w, https:\/\/www.mundusmaris.org\/wp-content\/uploads\/2022\/03\/examplescover1-600x375.jpg 600w, https:\/\/www.mundusmaris.org\/wp-content\/uploads\/2022\/03\/examplescover1.jpg 800w\" sizes=\"(min-width: 2200px) 100vw, (min-width: 784px) 373px, (min-width: 712px) 560px, (min-width: 640px) 712px, \" \/>\t\t\t<\/a>\n\t\t\t\t\t\t\t<\/div>\n<\/div><div class=\"fusion-meta-tb fusion-meta-tb-213 floated\" style=\"--awb-border-top:0px;--awb-height:36px;--awb-alignment-medium:flex-start;--awb-alignment-small:flex-start;\"><span class=\"fusion-tb-published-date\">Published On: 19 f\u00e9vrier 2017<\/span><span class=\"fusion-meta-tb-sep\"><\/span><\/div><div class=\"fusion-title title fusion-title-213 fusion-sep-none fusion-title-text fusion-title-size-four\" style=\"--awb-margin-top:20px;--awb-margin-right:20px;--awb-margin-bottom:20px;--awb-margin-left:20px;--awb-margin-top-small:10px;--awb-margin-right-small:0px;--awb-margin-bottom-small:10px;--awb-margin-left-small:0px;--awb-font-size:24px;\"><h4 class=\"fusion-title-heading title-heading-left\" style=\"font-family:&quot;IBM Plex Sans Condensed&quot;;font-style:normal;font-weight:500;margin:0;font-size:1em;line-height:1.2;\"><a href=\"https:\/\/www.mundusmaris.org\/fr\/expositions\/examples-to-follow\/\" class=\"awb-custom-text-color awb-custom-text-hover-color\" target=\"_self\">Examples to Follow!<\/a><\/h4><\/div><\/div><\/li>\n<li class=\"fusion-layout-column fusion_builder_column fusion-builder-column-214 fusion-flex-column post-card fusion-grid-column fusion-post-cards-grid-column\" style=\"--awb-bg-color:var(--awb-color1);--awb-bg-color-hover:var(--awb-color1);--awb-bg-blend:overlay;--awb-bg-size:cover;--awb-flex-grow:0;--awb-flex-shrink:0;--awb-flex-grow-medium:;--awb-flex-shrink-medium:;--awb-flex-grow-small:;--awb-flex-shrink-small:;\" data-scroll-devices=\"small-visibility,medium-visibility,large-visibility\"><div class=\"fusion-column-wrapper fusion-column-has-shadow fusion-flex-justify-content-space-around fusion-content-layout-column\"><div class=\"fusion-classic-product-image-wrapper fusion-woo-product-image fusion-post-card-image fusion-post-card-image-1 has-aspect-ratio\" data-layout=\"static\" style=\"--awb-aspect-ratio:3 \/ 2;\"><div  class=\"fusion-image-wrapper\" aria-haspopup=\"true\">\n\t\t\t\t\t\t\t<a href=\"https:\/\/www.mundusmaris.org\/fr\/films\/festival-films-pecheurs-du-monde-2016-lorient\/\" aria-label=\"Festival de films \u00ab PECHEURS DU MONDE \u00bb 2016 \u00e0 Lorient\">\n\t\t\t\t\t\t\t<img decoding=\"async\" width=\"500\" height=\"324\" src=\"https:\/\/www.mundusmaris.org\/wp-content\/uploads\/2016\/03\/PecheursMondePreview.jpg\" class=\"attachment-full size-full wp-post-image\" alt=\"\" srcset=\"https:\/\/www.mundusmaris.org\/wp-content\/uploads\/2016\/03\/PecheursMondePreview-200x130.jpg 200w, https:\/\/www.mundusmaris.org\/wp-content\/uploads\/2016\/03\/PecheursMondePreview-400x259.jpg 400w, https:\/\/www.mundusmaris.org\/wp-content\/uploads\/2016\/03\/PecheursMondePreview.jpg 500w\" sizes=\"(min-width: 2200px) 100vw, (min-width: 784px) 373px, (min-width: 712px) 560px, (min-width: 640px) 712px, \" \/>\t\t\t<\/a>\n\t\t\t\t\t\t\t<\/div>\n<\/div><div class=\"fusion-meta-tb fusion-meta-tb-214 floated\" style=\"--awb-border-top:0px;--awb-height:36px;--awb-alignment-medium:flex-start;--awb-alignment-small:flex-start;\"><span class=\"fusion-tb-published-date\">Published On: 22 mars 2016<\/span><span class=\"fusion-meta-tb-sep\"><\/span><\/div><div class=\"fusion-title title fusion-title-214 fusion-sep-none fusion-title-text fusion-title-size-four\" style=\"--awb-margin-top:20px;--awb-margin-right:20px;--awb-margin-bottom:20px;--awb-margin-left:20px;--awb-margin-top-small:10px;--awb-margin-right-small:0px;--awb-margin-bottom-small:10px;--awb-margin-left-small:0px;--awb-font-size:24px;\"><h4 class=\"fusion-title-heading title-heading-left\" style=\"font-family:&quot;IBM Plex Sans Condensed&quot;;font-style:normal;font-weight:500;margin:0;font-size:1em;line-height:1.2;\"><a href=\"https:\/\/www.mundusmaris.org\/fr\/films\/festival-films-pecheurs-du-monde-2016-lorient\/\" class=\"awb-custom-text-color awb-custom-text-hover-color\" target=\"_self\">Festival de films \u00ab PECHEURS DU MONDE \u00bb 2016 \u00e0 Lorient<\/a><\/h4><\/div><\/div><\/li>\n<li class=\"fusion-layout-column fusion_builder_column fusion-builder-column-215 fusion-flex-column post-card fusion-grid-column fusion-post-cards-grid-column\" style=\"--awb-bg-color:var(--awb-color1);--awb-bg-color-hover:var(--awb-color1);--awb-bg-blend:overlay;--awb-bg-size:cover;--awb-flex-grow:0;--awb-flex-shrink:0;--awb-flex-grow-medium:;--awb-flex-shrink-medium:;--awb-flex-grow-small:;--awb-flex-shrink-small:;\" data-scroll-devices=\"small-visibility,medium-visibility,large-visibility\"><div class=\"fusion-column-wrapper fusion-column-has-shadow fusion-flex-justify-content-space-around fusion-content-layout-column\"><div class=\"fusion-classic-product-image-wrapper fusion-woo-product-image fusion-post-card-image fusion-post-card-image-1 has-aspect-ratio\" data-layout=\"static\" style=\"--awb-aspect-ratio:3 \/ 2;\"><div  class=\"fusion-image-wrapper\" aria-haspopup=\"true\">\n\t\t\t\t\t\t\t<a href=\"https:\/\/www.mundusmaris.org\/fr\/locean-nous-nourrit\/chiloe-ou-les-desastres-de-salmonopoly\/\" aria-label=\"Chilo\u00e9, ou: Les d\u00e9sastres de Salmonopoly\">\n\t\t\t\t\t\t\t<img decoding=\"async\" width=\"800\" height=\"500\" src=\"https:\/\/www.mundusmaris.org\/wp-content\/uploads\/2024\/04\/copertina_posts_chiloe.jpg\" class=\"attachment-full size-full wp-post-image\" alt=\"\" srcset=\"https:\/\/www.mundusmaris.org\/wp-content\/uploads\/2024\/04\/copertina_posts_chiloe-200x125.jpg 200w, https:\/\/www.mundusmaris.org\/wp-content\/uploads\/2024\/04\/copertina_posts_chiloe-400x250.jpg 400w, https:\/\/www.mundusmaris.org\/wp-content\/uploads\/2024\/04\/copertina_posts_chiloe-600x375.jpg 600w, https:\/\/www.mundusmaris.org\/wp-content\/uploads\/2024\/04\/copertina_posts_chiloe.jpg 800w\" sizes=\"(min-width: 2200px) 100vw, (min-width: 784px) 373px, (min-width: 712px) 560px, (min-width: 640px) 712px, \" \/>\t\t\t<\/a>\n\t\t\t\t\t\t\t<\/div>\n<\/div><div class=\"fusion-meta-tb fusion-meta-tb-215 floated\" style=\"--awb-border-top:0px;--awb-height:36px;--awb-alignment-medium:flex-start;--awb-alignment-small:flex-start;\"><span class=\"fusion-tb-published-date\">Published On: 5 novembre 2015<\/span><span class=\"fusion-meta-tb-sep\"><\/span><\/div><div class=\"fusion-title title fusion-title-215 fusion-sep-none fusion-title-text fusion-title-size-four\" style=\"--awb-margin-top:20px;--awb-margin-right:20px;--awb-margin-bottom:20px;--awb-margin-left:20px;--awb-margin-top-small:10px;--awb-margin-right-small:0px;--awb-margin-bottom-small:10px;--awb-margin-left-small:0px;--awb-font-size:24px;\"><h4 class=\"fusion-title-heading title-heading-left\" style=\"font-family:&quot;IBM Plex Sans Condensed&quot;;font-style:normal;font-weight:500;margin:0;font-size:1em;line-height:1.2;\"><a href=\"https:\/\/www.mundusmaris.org\/fr\/locean-nous-nourrit\/chiloe-ou-les-desastres-de-salmonopoly\/\" class=\"awb-custom-text-color awb-custom-text-hover-color\" target=\"_self\">Chilo\u00e9, ou: Les d\u00e9sastres de Salmonopoly<\/a><\/h4><\/div><\/div><\/li>\n<li class=\"fusion-layout-column fusion_builder_column fusion-builder-column-216 fusion-flex-column post-card fusion-grid-column fusion-post-cards-grid-column\" style=\"--awb-bg-color:var(--awb-color1);--awb-bg-color-hover:var(--awb-color1);--awb-bg-blend:overlay;--awb-bg-size:cover;--awb-flex-grow:0;--awb-flex-shrink:0;--awb-flex-grow-medium:;--awb-flex-shrink-medium:;--awb-flex-grow-small:;--awb-flex-shrink-small:;\" data-scroll-devices=\"small-visibility,medium-visibility,large-visibility\"><div class=\"fusion-column-wrapper fusion-column-has-shadow fusion-flex-justify-content-space-around fusion-content-layout-column\"><div class=\"fusion-classic-product-image-wrapper fusion-woo-product-image fusion-post-card-image fusion-post-card-image-1 has-aspect-ratio\" data-layout=\"static\" style=\"--awb-aspect-ratio:3 \/ 2;\"><div  class=\"fusion-image-wrapper\" aria-haspopup=\"true\">\n\t\t\t\t\t\t\t<a href=\"https:\/\/www.mundusmaris.org\/fr\/expositions\/ubc-morris-and-helen-belkin-art-gallery-offers-topical-new-exhibition\/\" aria-label=\"UBC Morris and Helen Belkin Art Gallery offers topical new exhibition\">\n\t\t\t\t\t\t\t<img decoding=\"async\" width=\"800\" height=\"500\" src=\"https:\/\/www.mundusmaris.org\/wp-content\/uploads\/2024\/03\/BG1270_IreneHoffard_Reid_800x500.jpg\" class=\"attachment-full size-full wp-post-image\" alt=\"\" srcset=\"https:\/\/www.mundusmaris.org\/wp-content\/uploads\/2024\/03\/BG1270_IreneHoffard_Reid_800x500-200x125.jpg 200w, https:\/\/www.mundusmaris.org\/wp-content\/uploads\/2024\/03\/BG1270_IreneHoffard_Reid_800x500-400x250.jpg 400w, https:\/\/www.mundusmaris.org\/wp-content\/uploads\/2024\/03\/BG1270_IreneHoffard_Reid_800x500-600x375.jpg 600w, https:\/\/www.mundusmaris.org\/wp-content\/uploads\/2024\/03\/BG1270_IreneHoffard_Reid_800x500.jpg 800w\" sizes=\"(min-width: 2200px) 100vw, (min-width: 784px) 373px, (min-width: 712px) 560px, (min-width: 640px) 712px, \" \/>\t\t\t<\/a>\n\t\t\t\t\t\t\t<\/div>\n<\/div><div class=\"fusion-meta-tb fusion-meta-tb-216 floated\" style=\"--awb-border-top:0px;--awb-height:36px;--awb-alignment-medium:flex-start;--awb-alignment-small:flex-start;\"><span class=\"fusion-tb-published-date\">Published On: 27 ao\u00fbt 2015<\/span><span class=\"fusion-meta-tb-sep\"><\/span><\/div><div class=\"fusion-title title fusion-title-216 fusion-sep-none fusion-title-text fusion-title-size-four\" style=\"--awb-margin-top:20px;--awb-margin-right:20px;--awb-margin-bottom:20px;--awb-margin-left:20px;--awb-margin-top-small:10px;--awb-margin-right-small:0px;--awb-margin-bottom-small:10px;--awb-margin-left-small:0px;--awb-font-size:24px;\"><h4 class=\"fusion-title-heading title-heading-left\" style=\"font-family:&quot;IBM Plex Sans Condensed&quot;;font-style:normal;font-weight:500;margin:0;font-size:1em;line-height:1.2;\"><a href=\"https:\/\/www.mundusmaris.org\/fr\/expositions\/ubc-morris-and-helen-belkin-art-gallery-offers-topical-new-exhibition\/\" class=\"awb-custom-text-color awb-custom-text-hover-color\" target=\"_self\">UBC Morris and Helen Belkin Art Gallery offers topical new exhibition<\/a><\/h4><\/div><\/div><\/li>\n<li class=\"fusion-layout-column fusion_builder_column fusion-builder-column-217 fusion-flex-column post-card fusion-grid-column fusion-post-cards-grid-column\" style=\"--awb-bg-color:var(--awb-color1);--awb-bg-color-hover:var(--awb-color1);--awb-bg-blend:overlay;--awb-bg-size:cover;--awb-flex-grow:0;--awb-flex-shrink:0;--awb-flex-grow-medium:;--awb-flex-shrink-medium:;--awb-flex-grow-small:;--awb-flex-shrink-small:;\" data-scroll-devices=\"small-visibility,medium-visibility,large-visibility\"><div class=\"fusion-column-wrapper fusion-column-has-shadow fusion-flex-justify-content-space-around fusion-content-layout-column\"><div class=\"fusion-classic-product-image-wrapper fusion-woo-product-image fusion-post-card-image fusion-post-card-image-1 has-aspect-ratio\" data-layout=\"static\" style=\"--awb-aspect-ratio:3 \/ 2;\"><div  class=\"fusion-image-wrapper\" aria-haspopup=\"true\">\n\t\t\t\t\t\t\t<a href=\"https:\/\/www.mundusmaris.org\/fr\/locean-nous-nourrit\/seafood-symposium-from-fisheries-to-foodies-27-april-2015\/\" aria-label=\"Seafood Symposium &#8211; From Fisheries to Foodies, 27 April 2015\">\n\t\t\t\t\t\t\t<img decoding=\"async\" width=\"800\" height=\"500\" src=\"https:\/\/www.mundusmaris.org\/wp-content\/uploads\/2024\/04\/copertina_posts_seafoodsymposium.jpg\" class=\"attachment-full size-full wp-post-image\" alt=\"\" srcset=\"https:\/\/www.mundusmaris.org\/wp-content\/uploads\/2024\/04\/copertina_posts_seafoodsymposium-200x125.jpg 200w, https:\/\/www.mundusmaris.org\/wp-content\/uploads\/2024\/04\/copertina_posts_seafoodsymposium-400x250.jpg 400w, https:\/\/www.mundusmaris.org\/wp-content\/uploads\/2024\/04\/copertina_posts_seafoodsymposium-600x375.jpg 600w, https:\/\/www.mundusmaris.org\/wp-content\/uploads\/2024\/04\/copertina_posts_seafoodsymposium.jpg 800w\" sizes=\"(min-width: 2200px) 100vw, (min-width: 784px) 373px, (min-width: 712px) 560px, (min-width: 640px) 712px, \" \/>\t\t\t<\/a>\n\t\t\t\t\t\t\t<\/div>\n<\/div><div class=\"fusion-meta-tb fusion-meta-tb-217 floated\" style=\"--awb-border-top:0px;--awb-height:36px;--awb-alignment-medium:flex-start;--awb-alignment-small:flex-start;\"><span class=\"fusion-tb-published-date\">Published On: 30 avril 2015<\/span><span class=\"fusion-meta-tb-sep\"><\/span><\/div><div class=\"fusion-title title fusion-title-217 fusion-sep-none fusion-title-text fusion-title-size-four\" style=\"--awb-margin-top:20px;--awb-margin-right:20px;--awb-margin-bottom:20px;--awb-margin-left:20px;--awb-margin-top-small:10px;--awb-margin-right-small:0px;--awb-margin-bottom-small:10px;--awb-margin-left-small:0px;--awb-font-size:24px;\"><h4 class=\"fusion-title-heading title-heading-left\" style=\"font-family:&quot;IBM Plex Sans Condensed&quot;;font-style:normal;font-weight:500;margin:0;font-size:1em;line-height:1.2;\"><a href=\"https:\/\/www.mundusmaris.org\/fr\/locean-nous-nourrit\/seafood-symposium-from-fisheries-to-foodies-27-april-2015\/\" class=\"awb-custom-text-color awb-custom-text-hover-color\" target=\"_self\">Seafood Symposium &#8211; From Fisheries to Foodies, 27 April 2015<\/a><\/h4><\/div><\/div><\/li>\n<li class=\"fusion-layout-column fusion_builder_column fusion-builder-column-218 fusion-flex-column post-card fusion-grid-column fusion-post-cards-grid-column\" style=\"--awb-bg-color:var(--awb-color1);--awb-bg-color-hover:var(--awb-color1);--awb-bg-blend:overlay;--awb-bg-size:cover;--awb-flex-grow:0;--awb-flex-shrink:0;--awb-flex-grow-medium:;--awb-flex-shrink-medium:;--awb-flex-grow-small:;--awb-flex-shrink-small:;\" data-scroll-devices=\"small-visibility,medium-visibility,large-visibility\"><div class=\"fusion-column-wrapper fusion-column-has-shadow fusion-flex-justify-content-space-around fusion-content-layout-column\"><div class=\"fusion-classic-product-image-wrapper fusion-woo-product-image fusion-post-card-image fusion-post-card-image-1 has-aspect-ratio\" data-layout=\"static\" style=\"--awb-aspect-ratio:3 \/ 2;\"><div  class=\"fusion-image-wrapper\" aria-haspopup=\"true\">\n\t\t\t\t\t\t\t<a href=\"https:\/\/www.mundusmaris.org\/fr\/locean-nous-nourrit\/les-etudiants-baltes-preoccupes-pour-les-aliments-durables-rogow-pologne-15-19-avril-2015\/\" aria-label=\"Les \u00e9tudiants baltes pr\u00e9occup\u00e9s pour les aliments durables, Rogow, Pologne, 15-19 avril 2015\">\n\t\t\t\t\t\t\t<img decoding=\"async\" width=\"800\" height=\"500\" src=\"https:\/\/www.mundusmaris.org\/wp-content\/uploads\/2024\/04\/copertina_posts_balticfisheries.jpg\" class=\"attachment-full size-full wp-post-image\" alt=\"\" srcset=\"https:\/\/www.mundusmaris.org\/wp-content\/uploads\/2024\/04\/copertina_posts_balticfisheries-200x125.jpg 200w, https:\/\/www.mundusmaris.org\/wp-content\/uploads\/2024\/04\/copertina_posts_balticfisheries-400x250.jpg 400w, https:\/\/www.mundusmaris.org\/wp-content\/uploads\/2024\/04\/copertina_posts_balticfisheries-600x375.jpg 600w, https:\/\/www.mundusmaris.org\/wp-content\/uploads\/2024\/04\/copertina_posts_balticfisheries.jpg 800w\" sizes=\"(min-width: 2200px) 100vw, (min-width: 784px) 373px, (min-width: 712px) 560px, (min-width: 640px) 712px, \" \/>\t\t\t<\/a>\n\t\t\t\t\t\t\t<\/div>\n<\/div><div class=\"fusion-meta-tb fusion-meta-tb-218 floated\" style=\"--awb-border-top:0px;--awb-height:36px;--awb-alignment-medium:flex-start;--awb-alignment-small:flex-start;\"><span class=\"fusion-tb-published-date\">Published On: 23 avril 2015<\/span><span class=\"fusion-meta-tb-sep\"><\/span><\/div><div class=\"fusion-title title fusion-title-218 fusion-sep-none fusion-title-text fusion-title-size-four\" style=\"--awb-margin-top:20px;--awb-margin-right:20px;--awb-margin-bottom:20px;--awb-margin-left:20px;--awb-margin-top-small:10px;--awb-margin-right-small:0px;--awb-margin-bottom-small:10px;--awb-margin-left-small:0px;--awb-font-size:24px;\"><h4 class=\"fusion-title-heading title-heading-left\" style=\"font-family:&quot;IBM Plex Sans Condensed&quot;;font-style:normal;font-weight:500;margin:0;font-size:1em;line-height:1.2;\"><a href=\"https:\/\/www.mundusmaris.org\/fr\/locean-nous-nourrit\/les-etudiants-baltes-preoccupes-pour-les-aliments-durables-rogow-pologne-15-19-avril-2015\/\" class=\"awb-custom-text-color awb-custom-text-hover-color\" target=\"_self\">Les \u00e9tudiants baltes pr\u00e9occup\u00e9s pour les aliments durables, Rogow, Pologne, 15-19 avril 2015<\/a><\/h4><\/div><\/div><\/li>\n<li class=\"fusion-layout-column fusion_builder_column fusion-builder-column-219 fusion-flex-column post-card fusion-grid-column fusion-post-cards-grid-column\" style=\"--awb-bg-color:var(--awb-color1);--awb-bg-color-hover:var(--awb-color1);--awb-bg-blend:overlay;--awb-bg-size:cover;--awb-flex-grow:0;--awb-flex-shrink:0;--awb-flex-grow-medium:;--awb-flex-shrink-medium:;--awb-flex-grow-small:;--awb-flex-shrink-small:;\" data-scroll-devices=\"small-visibility,medium-visibility,large-visibility\"><div class=\"fusion-column-wrapper fusion-column-has-shadow fusion-flex-justify-content-space-around fusion-content-layout-column\"><div class=\"fusion-classic-product-image-wrapper fusion-woo-product-image fusion-post-card-image fusion-post-card-image-1 has-aspect-ratio\" data-layout=\"static\" style=\"--awb-aspect-ratio:3 \/ 2;\"><div  class=\"fusion-image-wrapper\" aria-haspopup=\"true\">\n\t\t\t\t\t\t\t<a href=\"https:\/\/www.mundusmaris.org\/fr\/locean-nous-nourrit\/from-plates-to-fuel-the-controversial-seaweed-boom-in-chile\/\" aria-label=\"From plates to fuel &#8211; the controversial seaweed boom in Chile\">\n\t\t\t\t\t\t\t<img decoding=\"async\" width=\"800\" height=\"500\" src=\"https:\/\/www.mundusmaris.org\/wp-content\/uploads\/2024\/04\/copertina_posts_plates-fuel.jpg\" class=\"attachment-full size-full wp-post-image\" alt=\"\" srcset=\"https:\/\/www.mundusmaris.org\/wp-content\/uploads\/2024\/04\/copertina_posts_plates-fuel-200x125.jpg 200w, https:\/\/www.mundusmaris.org\/wp-content\/uploads\/2024\/04\/copertina_posts_plates-fuel-400x250.jpg 400w, https:\/\/www.mundusmaris.org\/wp-content\/uploads\/2024\/04\/copertina_posts_plates-fuel-600x375.jpg 600w, https:\/\/www.mundusmaris.org\/wp-content\/uploads\/2024\/04\/copertina_posts_plates-fuel.jpg 800w\" sizes=\"(min-width: 2200px) 100vw, (min-width: 784px) 373px, (min-width: 712px) 560px, (min-width: 640px) 712px, \" \/>\t\t\t<\/a>\n\t\t\t\t\t\t\t<\/div>\n<\/div><div class=\"fusion-meta-tb fusion-meta-tb-219 floated\" style=\"--awb-border-top:0px;--awb-height:36px;--awb-alignment-medium:flex-start;--awb-alignment-small:flex-start;\"><span class=\"fusion-tb-published-date\">Published On: 2 avril 2015<\/span><span class=\"fusion-meta-tb-sep\"><\/span><\/div><div class=\"fusion-title title fusion-title-219 fusion-sep-none fusion-title-text fusion-title-size-four\" style=\"--awb-margin-top:20px;--awb-margin-right:20px;--awb-margin-bottom:20px;--awb-margin-left:20px;--awb-margin-top-small:10px;--awb-margin-right-small:0px;--awb-margin-bottom-small:10px;--awb-margin-left-small:0px;--awb-font-size:24px;\"><h4 class=\"fusion-title-heading title-heading-left\" style=\"font-family:&quot;IBM Plex Sans Condensed&quot;;font-style:normal;font-weight:500;margin:0;font-size:1em;line-height:1.2;\"><a href=\"https:\/\/www.mundusmaris.org\/fr\/locean-nous-nourrit\/from-plates-to-fuel-the-controversial-seaweed-boom-in-chile\/\" class=\"awb-custom-text-color awb-custom-text-hover-color\" target=\"_self\">From plates to fuel &#8211; the controversial seaweed boom in Chile<\/a><\/h4><\/div><\/div><\/li>\n<li class=\"fusion-layout-column fusion_builder_column fusion-builder-column-220 fusion-flex-column post-card fusion-grid-column fusion-post-cards-grid-column\" style=\"--awb-bg-color:var(--awb-color1);--awb-bg-color-hover:var(--awb-color1);--awb-bg-blend:overlay;--awb-bg-size:cover;--awb-flex-grow:0;--awb-flex-shrink:0;--awb-flex-grow-medium:;--awb-flex-shrink-medium:;--awb-flex-grow-small:;--awb-flex-shrink-small:;\" data-scroll-devices=\"small-visibility,medium-visibility,large-visibility\"><div class=\"fusion-column-wrapper fusion-column-has-shadow fusion-flex-justify-content-space-around fusion-content-layout-column\"><div class=\"fusion-classic-product-image-wrapper fusion-woo-product-image fusion-post-card-image fusion-post-card-image-1 has-aspect-ratio\" data-layout=\"static\" style=\"--awb-aspect-ratio:3 \/ 2;\"><div  class=\"fusion-image-wrapper\" aria-haspopup=\"true\">\n\t\t\t\t\t\t\t<a href=\"https:\/\/www.mundusmaris.org\/fr\/locean-nous-nourrit\/khazan-la-gestion-traditionnelle-des-zones-cotieres-a-goa-en-inde\/\" aria-label=\"Khazan &#8211; La gestion traditionnelle des zones c\u00f4ti\u00e8res \u00e0 Goa, en Inde\">\n\t\t\t\t\t\t\t<img decoding=\"async\" width=\"800\" height=\"500\" src=\"https:\/\/www.mundusmaris.org\/wp-content\/uploads\/2024\/04\/copertina_posts_khazans.jpg\" class=\"attachment-full size-full wp-post-image\" alt=\"\" srcset=\"https:\/\/www.mundusmaris.org\/wp-content\/uploads\/2024\/04\/copertina_posts_khazans-200x125.jpg 200w, https:\/\/www.mundusmaris.org\/wp-content\/uploads\/2024\/04\/copertina_posts_khazans-400x250.jpg 400w, https:\/\/www.mundusmaris.org\/wp-content\/uploads\/2024\/04\/copertina_posts_khazans-600x375.jpg 600w, https:\/\/www.mundusmaris.org\/wp-content\/uploads\/2024\/04\/copertina_posts_khazans.jpg 800w\" sizes=\"(min-width: 2200px) 100vw, (min-width: 784px) 373px, (min-width: 712px) 560px, (min-width: 640px) 712px, \" \/>\t\t\t<\/a>\n\t\t\t\t\t\t\t<\/div>\n<\/div><div class=\"fusion-meta-tb fusion-meta-tb-220 floated\" style=\"--awb-border-top:0px;--awb-height:36px;--awb-alignment-medium:flex-start;--awb-alignment-small:flex-start;\"><span class=\"fusion-tb-published-date\">Published On: 2 avril 2015<\/span><span class=\"fusion-meta-tb-sep\"><\/span><\/div><div class=\"fusion-title title fusion-title-220 fusion-sep-none fusion-title-text fusion-title-size-four\" style=\"--awb-margin-top:20px;--awb-margin-right:20px;--awb-margin-bottom:20px;--awb-margin-left:20px;--awb-margin-top-small:10px;--awb-margin-right-small:0px;--awb-margin-bottom-small:10px;--awb-margin-left-small:0px;--awb-font-size:24px;\"><h4 class=\"fusion-title-heading title-heading-left\" style=\"font-family:&quot;IBM Plex Sans Condensed&quot;;font-style:normal;font-weight:500;margin:0;font-size:1em;line-height:1.2;\"><a href=\"https:\/\/www.mundusmaris.org\/fr\/locean-nous-nourrit\/khazan-la-gestion-traditionnelle-des-zones-cotieres-a-goa-en-inde\/\" class=\"awb-custom-text-color awb-custom-text-hover-color\" target=\"_self\">Khazan &#8211; La gestion traditionnelle des zones c\u00f4ti\u00e8res \u00e0 Goa, en Inde<\/a><\/h4><\/div><\/div><\/li>\n<li class=\"fusion-layout-column fusion_builder_column fusion-builder-column-221 fusion-flex-column post-card fusion-grid-column fusion-post-cards-grid-column\" style=\"--awb-bg-color:var(--awb-color1);--awb-bg-color-hover:var(--awb-color1);--awb-bg-blend:overlay;--awb-bg-size:cover;--awb-flex-grow:0;--awb-flex-shrink:0;--awb-flex-grow-medium:;--awb-flex-shrink-medium:;--awb-flex-grow-small:;--awb-flex-shrink-small:;\" data-scroll-devices=\"small-visibility,medium-visibility,large-visibility\"><div class=\"fusion-column-wrapper fusion-column-has-shadow fusion-flex-justify-content-space-around fusion-content-layout-column\"><div class=\"fusion-classic-product-image-wrapper fusion-woo-product-image fusion-post-card-image fusion-post-card-image-1 has-aspect-ratio\" data-layout=\"static\" style=\"--awb-aspect-ratio:3 \/ 2;\"><div  class=\"fusion-image-wrapper\" aria-haspopup=\"true\">\n\t\t\t\t\t\t\t<a href=\"https:\/\/www.mundusmaris.org\/fr\/locean-nous-nourrit\/environmentally-conscious-consumer-behaviour-in-food-what-can-i-do\/\" aria-label=\"Environmentally conscious consumer behaviour in food &#8211; what can I do?\">\n\t\t\t\t\t\t\t<img decoding=\"async\" width=\"800\" height=\"500\" src=\"https:\/\/www.mundusmaris.org\/wp-content\/uploads\/2024\/04\/copertina_posts_cornelia.jpg\" class=\"attachment-full size-full wp-post-image\" alt=\"\" srcset=\"https:\/\/www.mundusmaris.org\/wp-content\/uploads\/2024\/04\/copertina_posts_cornelia-200x125.jpg 200w, https:\/\/www.mundusmaris.org\/wp-content\/uploads\/2024\/04\/copertina_posts_cornelia-400x250.jpg 400w, https:\/\/www.mundusmaris.org\/wp-content\/uploads\/2024\/04\/copertina_posts_cornelia-600x375.jpg 600w, https:\/\/www.mundusmaris.org\/wp-content\/uploads\/2024\/04\/copertina_posts_cornelia.jpg 800w\" sizes=\"(min-width: 2200px) 100vw, (min-width: 784px) 373px, (min-width: 712px) 560px, (min-width: 640px) 712px, \" \/>\t\t\t<\/a>\n\t\t\t\t\t\t\t<\/div>\n<\/div><div class=\"fusion-meta-tb fusion-meta-tb-221 floated\" style=\"--awb-border-top:0px;--awb-height:36px;--awb-alignment-medium:flex-start;--awb-alignment-small:flex-start;\"><span class=\"fusion-tb-published-date\">Published On: 26 septembre 2014<\/span><span class=\"fusion-meta-tb-sep\"><\/span><\/div><div class=\"fusion-title title fusion-title-221 fusion-sep-none fusion-title-text fusion-title-size-four\" style=\"--awb-margin-top:20px;--awb-margin-right:20px;--awb-margin-bottom:20px;--awb-margin-left:20px;--awb-margin-top-small:10px;--awb-margin-right-small:0px;--awb-margin-bottom-small:10px;--awb-margin-left-small:0px;--awb-font-size:24px;\"><h4 class=\"fusion-title-heading title-heading-left\" style=\"font-family:&quot;IBM Plex Sans Condensed&quot;;font-style:normal;font-weight:500;margin:0;font-size:1em;line-height:1.2;\"><a href=\"https:\/\/www.mundusmaris.org\/fr\/locean-nous-nourrit\/environmentally-conscious-consumer-behaviour-in-food-what-can-i-do\/\" class=\"awb-custom-text-color awb-custom-text-hover-color\" target=\"_self\">Environmentally conscious consumer behaviour in food &#8211; what can I do?<\/a><\/h4><\/div><\/div><\/li>\n<li class=\"fusion-layout-column fusion_builder_column fusion-builder-column-222 fusion-flex-column post-card fusion-grid-column fusion-post-cards-grid-column\" style=\"--awb-bg-color:var(--awb-color1);--awb-bg-color-hover:var(--awb-color1);--awb-bg-blend:overlay;--awb-bg-size:cover;--awb-flex-grow:0;--awb-flex-shrink:0;--awb-flex-grow-medium:;--awb-flex-shrink-medium:;--awb-flex-grow-small:;--awb-flex-shrink-small:;\" data-scroll-devices=\"small-visibility,medium-visibility,large-visibility\"><div class=\"fusion-column-wrapper fusion-column-has-shadow fusion-flex-justify-content-space-around fusion-content-layout-column\"><div class=\"fusion-classic-product-image-wrapper fusion-woo-product-image fusion-post-card-image fusion-post-card-image-1 has-aspect-ratio\" data-layout=\"static\" style=\"--awb-aspect-ratio:3 \/ 2;\"><div  class=\"fusion-image-wrapper\" aria-haspopup=\"true\">\n\t\t\t\t\t\t\t<a href=\"https:\/\/www.mundusmaris.org\/fr\/expositions\/a-visit-in-the-musee-oceanographique-in-monaco\/\" aria-label=\"A Visit in the Mus\u00e9e Oc\u00e9anographique in Monaco\">\n\t\t\t\t\t\t\t<img decoding=\"async\" width=\"800\" height=\"500\" src=\"https:\/\/www.mundusmaris.org\/wp-content\/uploads\/2024\/03\/MonacoAquarium_800x500.jpg\" class=\"attachment-full size-full wp-post-image\" alt=\"\" srcset=\"https:\/\/www.mundusmaris.org\/wp-content\/uploads\/2024\/03\/MonacoAquarium_800x500-200x125.jpg 200w, https:\/\/www.mundusmaris.org\/wp-content\/uploads\/2024\/03\/MonacoAquarium_800x500-400x250.jpg 400w, https:\/\/www.mundusmaris.org\/wp-content\/uploads\/2024\/03\/MonacoAquarium_800x500-600x375.jpg 600w, https:\/\/www.mundusmaris.org\/wp-content\/uploads\/2024\/03\/MonacoAquarium_800x500.jpg 800w\" sizes=\"(min-width: 2200px) 100vw, (min-width: 784px) 373px, (min-width: 712px) 560px, (min-width: 640px) 712px, \" \/>\t\t\t<\/a>\n\t\t\t\t\t\t\t<\/div>\n<\/div><div class=\"fusion-meta-tb fusion-meta-tb-222 floated\" style=\"--awb-border-top:0px;--awb-height:36px;--awb-alignment-medium:flex-start;--awb-alignment-small:flex-start;\"><span class=\"fusion-tb-published-date\">Published On: 18 avril 2014<\/span><span class=\"fusion-meta-tb-sep\"><\/span><\/div><div class=\"fusion-title title fusion-title-222 fusion-sep-none fusion-title-text fusion-title-size-four\" style=\"--awb-margin-top:20px;--awb-margin-right:20px;--awb-margin-bottom:20px;--awb-margin-left:20px;--awb-margin-top-small:10px;--awb-margin-right-small:0px;--awb-margin-bottom-small:10px;--awb-margin-left-small:0px;--awb-font-size:24px;\"><h4 class=\"fusion-title-heading title-heading-left\" style=\"font-family:&quot;IBM Plex Sans Condensed&quot;;font-style:normal;font-weight:500;margin:0;font-size:1em;line-height:1.2;\"><a href=\"https:\/\/www.mundusmaris.org\/fr\/expositions\/a-visit-in-the-musee-oceanographique-in-monaco\/\" class=\"awb-custom-text-color awb-custom-text-hover-color\" target=\"_self\">A Visit in the Mus\u00e9e Oc\u00e9anographique in Monaco<\/a><\/h4><\/div><\/div><\/li>\n<li class=\"fusion-layout-column fusion_builder_column fusion-builder-column-223 fusion-flex-column post-card fusion-grid-column fusion-post-cards-grid-column\" style=\"--awb-bg-color:var(--awb-color1);--awb-bg-color-hover:var(--awb-color1);--awb-bg-blend:overlay;--awb-bg-size:cover;--awb-flex-grow:0;--awb-flex-shrink:0;--awb-flex-grow-medium:;--awb-flex-shrink-medium:;--awb-flex-grow-small:;--awb-flex-shrink-small:;\" data-scroll-devices=\"small-visibility,medium-visibility,large-visibility\"><div class=\"fusion-column-wrapper fusion-column-has-shadow fusion-flex-justify-content-space-around fusion-content-layout-column\"><div class=\"fusion-classic-product-image-wrapper fusion-woo-product-image fusion-post-card-image fusion-post-card-image-1 has-aspect-ratio\" data-layout=\"static\" style=\"--awb-aspect-ratio:3 \/ 2;\"><div  class=\"fusion-image-wrapper\" aria-haspopup=\"true\">\n\t\t\t\t\t\t\t<a href=\"https:\/\/www.mundusmaris.org\/fr\/locean-nous-nourrit\/la-sauvegarde-des-bebes-poissons-ou-le-point-n-kill\/\" aria-label=\"La sauvegarde des b\u00e9b\u00e9s poissons ou le point &lsquo;n&rsquo; kill\u00bb ?\">\n\t\t\t\t\t\t\t<img decoding=\"async\" width=\"800\" height=\"500\" src=\"https:\/\/www.mundusmaris.org\/wp-content\/uploads\/2024\/04\/copertina_posts_fishmarket.jpg\" class=\"attachment-full size-full wp-post-image\" alt=\"\" srcset=\"https:\/\/www.mundusmaris.org\/wp-content\/uploads\/2024\/04\/copertina_posts_fishmarket-200x125.jpg 200w, https:\/\/www.mundusmaris.org\/wp-content\/uploads\/2024\/04\/copertina_posts_fishmarket-400x250.jpg 400w, https:\/\/www.mundusmaris.org\/wp-content\/uploads\/2024\/04\/copertina_posts_fishmarket-600x375.jpg 600w, https:\/\/www.mundusmaris.org\/wp-content\/uploads\/2024\/04\/copertina_posts_fishmarket.jpg 800w\" sizes=\"(min-width: 2200px) 100vw, (min-width: 784px) 373px, (min-width: 712px) 560px, (min-width: 640px) 712px, \" \/>\t\t\t<\/a>\n\t\t\t\t\t\t\t<\/div>\n<\/div><div class=\"fusion-meta-tb fusion-meta-tb-223 floated\" style=\"--awb-border-top:0px;--awb-height:36px;--awb-alignment-medium:flex-start;--awb-alignment-small:flex-start;\"><span class=\"fusion-tb-published-date\">Published On: 2 avril 2014<\/span><span class=\"fusion-meta-tb-sep\"><\/span><\/div><div class=\"fusion-title title fusion-title-223 fusion-sep-none fusion-title-text fusion-title-size-four\" style=\"--awb-margin-top:20px;--awb-margin-right:20px;--awb-margin-bottom:20px;--awb-margin-left:20px;--awb-margin-top-small:10px;--awb-margin-right-small:0px;--awb-margin-bottom-small:10px;--awb-margin-left-small:0px;--awb-font-size:24px;\"><h4 class=\"fusion-title-heading title-heading-left\" style=\"font-family:&quot;IBM Plex Sans Condensed&quot;;font-style:normal;font-weight:500;margin:0;font-size:1em;line-height:1.2;\"><a href=\"https:\/\/www.mundusmaris.org\/fr\/locean-nous-nourrit\/la-sauvegarde-des-bebes-poissons-ou-le-point-n-kill\/\" class=\"awb-custom-text-color awb-custom-text-hover-color\" target=\"_self\">La sauvegarde des b\u00e9b\u00e9s poissons ou le point &lsquo;n&rsquo; kill\u00bb ?<\/a><\/h4><\/div><\/div><\/li>\n<li class=\"fusion-layout-column fusion_builder_column fusion-builder-column-224 fusion-flex-column post-card fusion-grid-column fusion-post-cards-grid-column\" style=\"--awb-bg-color:var(--awb-color1);--awb-bg-color-hover:var(--awb-color1);--awb-bg-blend:overlay;--awb-bg-size:cover;--awb-flex-grow:0;--awb-flex-shrink:0;--awb-flex-grow-medium:;--awb-flex-shrink-medium:;--awb-flex-grow-small:;--awb-flex-shrink-small:;\" data-scroll-devices=\"small-visibility,medium-visibility,large-visibility\"><div class=\"fusion-column-wrapper fusion-column-has-shadow fusion-flex-justify-content-space-around fusion-content-layout-column\"><div class=\"fusion-classic-product-image-wrapper fusion-woo-product-image fusion-post-card-image fusion-post-card-image-1 has-aspect-ratio\" data-layout=\"static\" style=\"--awb-aspect-ratio:3 \/ 2;\"><div  class=\"fusion-image-wrapper\" aria-haspopup=\"true\">\n\t\t\t\t\t\t\t<a href=\"https:\/\/www.mundusmaris.org\/fr\/livres\/isabella-lovin-silent-seas\/\" aria-label=\"Isabella L\u00f6vin: \u00ab\u00a0Silent Seas\u00a0\u00bb\">\n\t\t\t\t\t\t\t<img decoding=\"async\" width=\"500\" height=\"357\" src=\"https:\/\/www.mundusmaris.org\/wp-content\/uploads\/2017\/02\/SilentSeas.jpg\" class=\"attachment-full size-full wp-post-image\" alt=\"\" srcset=\"https:\/\/www.mundusmaris.org\/wp-content\/uploads\/2017\/02\/SilentSeas-200x143.jpg 200w, https:\/\/www.mundusmaris.org\/wp-content\/uploads\/2017\/02\/SilentSeas-400x286.jpg 400w, https:\/\/www.mundusmaris.org\/wp-content\/uploads\/2017\/02\/SilentSeas.jpg 500w\" sizes=\"(min-width: 2200px) 100vw, (min-width: 784px) 373px, (min-width: 712px) 560px, (min-width: 640px) 712px, \" \/>\t\t\t<\/a>\n\t\t\t\t\t\t\t<\/div>\n<\/div><div class=\"fusion-meta-tb fusion-meta-tb-224 floated\" style=\"--awb-border-top:0px;--awb-height:36px;--awb-alignment-medium:flex-start;--awb-alignment-small:flex-start;\"><span class=\"fusion-tb-published-date\">Published On: 24 mars 2014<\/span><span class=\"fusion-meta-tb-sep\"><\/span><\/div><div class=\"fusion-title title fusion-title-224 fusion-sep-none fusion-title-text fusion-title-size-four\" style=\"--awb-margin-top:20px;--awb-margin-right:20px;--awb-margin-bottom:20px;--awb-margin-left:20px;--awb-margin-top-small:10px;--awb-margin-right-small:0px;--awb-margin-bottom-small:10px;--awb-margin-left-small:0px;--awb-font-size:24px;\"><h4 class=\"fusion-title-heading title-heading-left\" style=\"font-family:&quot;IBM Plex Sans Condensed&quot;;font-style:normal;font-weight:500;margin:0;font-size:1em;line-height:1.2;\"><a href=\"https:\/\/www.mundusmaris.org\/fr\/livres\/isabella-lovin-silent-seas\/\" class=\"awb-custom-text-color awb-custom-text-hover-color\" target=\"_self\">Isabella L\u00f6vin: \u00ab\u00a0Silent Seas\u00a0\u00bb<\/a><\/h4><\/div><\/div><\/li>\n<li class=\"fusion-layout-column fusion_builder_column fusion-builder-column-225 fusion-flex-column post-card fusion-grid-column fusion-post-cards-grid-column\" style=\"--awb-bg-color:var(--awb-color1);--awb-bg-color-hover:var(--awb-color1);--awb-bg-blend:overlay;--awb-bg-size:cover;--awb-flex-grow:0;--awb-flex-shrink:0;--awb-flex-grow-medium:;--awb-flex-shrink-medium:;--awb-flex-grow-small:;--awb-flex-shrink-small:;\" data-scroll-devices=\"small-visibility,medium-visibility,large-visibility\"><div class=\"fusion-column-wrapper fusion-column-has-shadow fusion-flex-justify-content-space-around fusion-content-layout-column\"><div class=\"fusion-classic-product-image-wrapper fusion-woo-product-image fusion-post-card-image fusion-post-card-image-1 has-aspect-ratio\" data-layout=\"static\" style=\"--awb-aspect-ratio:3 \/ 2;\"><div  class=\"fusion-image-wrapper\" aria-haspopup=\"true\">\n\t\t\t\t\t\t\t<a href=\"https:\/\/www.mundusmaris.org\/fr\/locean-nous-nourrit\/inseparables-la-campagne-pour-le-poisson-durable-celebre-une-grande-manifestation-a-athene\/\" aria-label=\"\u201cIns\u00e9parables\u201d \u2013 La campagne pour le poisson durable c\u00e9l\u00e8bre une grande manifestation \u00e0 Ath\u00e8ne\">\n\t\t\t\t\t\t\t<img decoding=\"async\" width=\"800\" height=\"500\" src=\"https:\/\/www.mundusmaris.org\/wp-content\/uploads\/2024\/04\/copertina_posts_fish_sustainability.jpg\" class=\"attachment-full size-full wp-post-image\" alt=\"\" srcset=\"https:\/\/www.mundusmaris.org\/wp-content\/uploads\/2024\/04\/copertina_posts_fish_sustainability-200x125.jpg 200w, https:\/\/www.mundusmaris.org\/wp-content\/uploads\/2024\/04\/copertina_posts_fish_sustainability-400x250.jpg 400w, https:\/\/www.mundusmaris.org\/wp-content\/uploads\/2024\/04\/copertina_posts_fish_sustainability-600x375.jpg 600w, https:\/\/www.mundusmaris.org\/wp-content\/uploads\/2024\/04\/copertina_posts_fish_sustainability.jpg 800w\" sizes=\"(min-width: 2200px) 100vw, (min-width: 784px) 373px, (min-width: 712px) 560px, (min-width: 640px) 712px, \" \/>\t\t\t<\/a>\n\t\t\t\t\t\t\t<\/div>\n<\/div><div class=\"fusion-meta-tb fusion-meta-tb-225 floated\" style=\"--awb-border-top:0px;--awb-height:36px;--awb-alignment-medium:flex-start;--awb-alignment-small:flex-start;\"><span class=\"fusion-tb-published-date\">Published On: 20 mars 2014<\/span><span class=\"fusion-meta-tb-sep\"><\/span><\/div><div class=\"fusion-title title fusion-title-225 fusion-sep-none fusion-title-text fusion-title-size-four\" style=\"--awb-margin-top:20px;--awb-margin-right:20px;--awb-margin-bottom:20px;--awb-margin-left:20px;--awb-margin-top-small:10px;--awb-margin-right-small:0px;--awb-margin-bottom-small:10px;--awb-margin-left-small:0px;--awb-font-size:24px;\"><h4 class=\"fusion-title-heading title-heading-left\" style=\"font-family:&quot;IBM Plex Sans Condensed&quot;;font-style:normal;font-weight:500;margin:0;font-size:1em;line-height:1.2;\"><a href=\"https:\/\/www.mundusmaris.org\/fr\/locean-nous-nourrit\/inseparables-la-campagne-pour-le-poisson-durable-celebre-une-grande-manifestation-a-athene\/\" class=\"awb-custom-text-color awb-custom-text-hover-color\" target=\"_self\">\u201cIns\u00e9parables\u201d \u2013 La campagne pour le poisson durable c\u00e9l\u00e8bre une grande manifestation \u00e0 Ath\u00e8ne<\/a><\/h4><\/div><\/div><\/li>\n<li class=\"fusion-layout-column fusion_builder_column fusion-builder-column-226 fusion-flex-column post-card fusion-grid-column fusion-post-cards-grid-column\" style=\"--awb-bg-color:var(--awb-color1);--awb-bg-color-hover:var(--awb-color1);--awb-bg-blend:overlay;--awb-bg-size:cover;--awb-flex-grow:0;--awb-flex-shrink:0;--awb-flex-grow-medium:;--awb-flex-shrink-medium:;--awb-flex-grow-small:;--awb-flex-shrink-small:;\" data-scroll-devices=\"small-visibility,medium-visibility,large-visibility\"><div class=\"fusion-column-wrapper fusion-column-has-shadow fusion-flex-justify-content-space-around fusion-content-layout-column\"><div class=\"fusion-classic-product-image-wrapper fusion-woo-product-image fusion-post-card-image fusion-post-card-image-1 has-aspect-ratio\" data-layout=\"static\" style=\"--awb-aspect-ratio:3 \/ 2;\"><div  class=\"fusion-image-wrapper\" aria-haspopup=\"true\">\n\t\t\t\t\t\t\t<a href=\"https:\/\/www.mundusmaris.org\/fr\/expositions\/mediterraneum-de-la-mer-aux-etoiles\/\" aria-label=\"Mediterraneum : De la mer aux \u00e9toiles\">\n\t\t\t\t\t\t\t<img decoding=\"async\" width=\"800\" height=\"500\" src=\"https:\/\/www.mundusmaris.org\/wp-content\/uploads\/2024\/03\/Mediterraneum01_800x500.jpg\" class=\"attachment-full size-full wp-post-image\" alt=\"\" srcset=\"https:\/\/www.mundusmaris.org\/wp-content\/uploads\/2024\/03\/Mediterraneum01_800x500-200x125.jpg 200w, https:\/\/www.mundusmaris.org\/wp-content\/uploads\/2024\/03\/Mediterraneum01_800x500-400x250.jpg 400w, https:\/\/www.mundusmaris.org\/wp-content\/uploads\/2024\/03\/Mediterraneum01_800x500-600x375.jpg 600w, https:\/\/www.mundusmaris.org\/wp-content\/uploads\/2024\/03\/Mediterraneum01_800x500.jpg 800w\" sizes=\"(min-width: 2200px) 100vw, (min-width: 784px) 373px, (min-width: 712px) 560px, (min-width: 640px) 712px, \" \/>\t\t\t<\/a>\n\t\t\t\t\t\t\t<\/div>\n<\/div><div class=\"fusion-meta-tb fusion-meta-tb-226 floated\" style=\"--awb-border-top:0px;--awb-height:36px;--awb-alignment-medium:flex-start;--awb-alignment-small:flex-start;\"><span class=\"fusion-tb-published-date\">Published On: 15 d\u00e9cembre 2013<\/span><span class=\"fusion-meta-tb-sep\"><\/span><\/div><div class=\"fusion-title title fusion-title-226 fusion-sep-none fusion-title-text fusion-title-size-four\" style=\"--awb-margin-top:20px;--awb-margin-right:20px;--awb-margin-bottom:20px;--awb-margin-left:20px;--awb-margin-top-small:10px;--awb-margin-right-small:0px;--awb-margin-bottom-small:10px;--awb-margin-left-small:0px;--awb-font-size:24px;\"><h4 class=\"fusion-title-heading title-heading-left\" style=\"font-family:&quot;IBM Plex Sans Condensed&quot;;font-style:normal;font-weight:500;margin:0;font-size:1em;line-height:1.2;\"><a href=\"https:\/\/www.mundusmaris.org\/fr\/expositions\/mediterraneum-de-la-mer-aux-etoiles\/\" class=\"awb-custom-text-color awb-custom-text-hover-color\" target=\"_self\">Mediterraneum : De la mer aux \u00e9toiles<\/a><\/h4><\/div><\/div><\/li>\n<li class=\"fusion-layout-column fusion_builder_column fusion-builder-column-227 fusion-flex-column post-card fusion-grid-column fusion-post-cards-grid-column\" style=\"--awb-bg-color:var(--awb-color1);--awb-bg-color-hover:var(--awb-color1);--awb-bg-blend:overlay;--awb-bg-size:cover;--awb-flex-grow:0;--awb-flex-shrink:0;--awb-flex-grow-medium:;--awb-flex-shrink-medium:;--awb-flex-grow-small:;--awb-flex-shrink-small:;\" data-scroll-devices=\"small-visibility,medium-visibility,large-visibility\"><div class=\"fusion-column-wrapper fusion-column-has-shadow fusion-flex-justify-content-space-around fusion-content-layout-column\"><div class=\"fusion-classic-product-image-wrapper fusion-woo-product-image fusion-post-card-image fusion-post-card-image-1 has-aspect-ratio\" data-layout=\"static\" style=\"--awb-aspect-ratio:3 \/ 2;\"><div  class=\"fusion-image-wrapper\" aria-haspopup=\"true\">\n\t\t\t\t\t\t\t<a href=\"https:\/\/www.mundusmaris.org\/fr\/locean-nous-nourrit\/respect-pour-les-tailles-minimales-des-poissons-que-disent-les-mareyeurs-au-senegal\/\" aria-label=\"Respect for minimum fish size. What do Senegalese fish mongers have to say?\">\n\t\t\t\t\t\t\t<img decoding=\"async\" width=\"800\" height=\"500\" src=\"https:\/\/www.mundusmaris.org\/wp-content\/uploads\/2024\/04\/copertina_posts_senegalesefish.jpg\" class=\"attachment-full size-full wp-post-image\" alt=\"\" srcset=\"https:\/\/www.mundusmaris.org\/wp-content\/uploads\/2024\/04\/copertina_posts_senegalesefish-200x125.jpg 200w, https:\/\/www.mundusmaris.org\/wp-content\/uploads\/2024\/04\/copertina_posts_senegalesefish-400x250.jpg 400w, https:\/\/www.mundusmaris.org\/wp-content\/uploads\/2024\/04\/copertina_posts_senegalesefish-600x375.jpg 600w, https:\/\/www.mundusmaris.org\/wp-content\/uploads\/2024\/04\/copertina_posts_senegalesefish.jpg 800w\" sizes=\"(min-width: 2200px) 100vw, (min-width: 784px) 373px, (min-width: 712px) 560px, (min-width: 640px) 712px, \" \/>\t\t\t<\/a>\n\t\t\t\t\t\t\t<\/div>\n<\/div><div class=\"fusion-meta-tb fusion-meta-tb-227 floated\" style=\"--awb-border-top:0px;--awb-height:36px;--awb-alignment-medium:flex-start;--awb-alignment-small:flex-start;\"><span class=\"fusion-tb-published-date\">Published On: 30 octobre 2013<\/span><span class=\"fusion-meta-tb-sep\"><\/span><\/div><div class=\"fusion-title title fusion-title-227 fusion-sep-none fusion-title-text fusion-title-size-four\" style=\"--awb-margin-top:20px;--awb-margin-right:20px;--awb-margin-bottom:20px;--awb-margin-left:20px;--awb-margin-top-small:10px;--awb-margin-right-small:0px;--awb-margin-bottom-small:10px;--awb-margin-left-small:0px;--awb-font-size:24px;\"><h4 class=\"fusion-title-heading title-heading-left\" style=\"font-family:&quot;IBM Plex Sans Condensed&quot;;font-style:normal;font-weight:500;margin:0;font-size:1em;line-height:1.2;\"><a href=\"https:\/\/www.mundusmaris.org\/fr\/locean-nous-nourrit\/respect-pour-les-tailles-minimales-des-poissons-que-disent-les-mareyeurs-au-senegal\/\" class=\"awb-custom-text-color awb-custom-text-hover-color\" target=\"_self\">Respect for minimum fish size. What do Senegalese fish mongers have to say?<\/a><\/h4><\/div><\/div><\/li>\n<li class=\"fusion-layout-column fusion_builder_column fusion-builder-column-228 fusion-flex-column post-card fusion-grid-column fusion-post-cards-grid-column\" style=\"--awb-bg-color:var(--awb-color1);--awb-bg-color-hover:var(--awb-color1);--awb-bg-blend:overlay;--awb-bg-size:cover;--awb-flex-grow:0;--awb-flex-shrink:0;--awb-flex-grow-medium:;--awb-flex-shrink-medium:;--awb-flex-grow-small:;--awb-flex-shrink-small:;\" data-scroll-devices=\"small-visibility,medium-visibility,large-visibility\"><div class=\"fusion-column-wrapper fusion-column-has-shadow fusion-flex-justify-content-space-around fusion-content-layout-column\"><div class=\"fusion-classic-product-image-wrapper fusion-woo-product-image fusion-post-card-image fusion-post-card-image-1 has-aspect-ratio\" data-layout=\"static\" style=\"--awb-aspect-ratio:3 \/ 2;\"><div  class=\"fusion-image-wrapper\" aria-haspopup=\"true\">\n\t\t\t\t\t\t\t<a href=\"https:\/\/www.mundusmaris.org\/fr\/expositions\/exposition-fishlove-bruxelles\/\" aria-label=\"Exposition \u00ab Fishlove \u00bb, Bruxelles\">\n\t\t\t\t\t\t\t<img decoding=\"async\" width=\"800\" height=\"500\" src=\"https:\/\/www.mundusmaris.org\/wp-content\/uploads\/2024\/03\/brusselsmain-800x500-1.jpg\" class=\"attachment-full size-full wp-post-image\" alt=\"\" srcset=\"https:\/\/www.mundusmaris.org\/wp-content\/uploads\/2024\/03\/brusselsmain-800x500-1-200x125.jpg 200w, https:\/\/www.mundusmaris.org\/wp-content\/uploads\/2024\/03\/brusselsmain-800x500-1-400x250.jpg 400w, https:\/\/www.mundusmaris.org\/wp-content\/uploads\/2024\/03\/brusselsmain-800x500-1-600x375.jpg 600w, https:\/\/www.mundusmaris.org\/wp-content\/uploads\/2024\/03\/brusselsmain-800x500-1.jpg 800w\" sizes=\"(min-width: 2200px) 100vw, (min-width: 784px) 373px, (min-width: 712px) 560px, (min-width: 640px) 712px, \" \/>\t\t\t<\/a>\n\t\t\t\t\t\t\t<\/div>\n<\/div><div class=\"fusion-meta-tb fusion-meta-tb-228 floated\" style=\"--awb-border-top:0px;--awb-height:36px;--awb-alignment-medium:flex-start;--awb-alignment-small:flex-start;\"><span class=\"fusion-tb-published-date\">Published On: 14 octobre 2013<\/span><span class=\"fusion-meta-tb-sep\"><\/span><\/div><div class=\"fusion-title title fusion-title-228 fusion-sep-none fusion-title-text fusion-title-size-four\" style=\"--awb-margin-top:20px;--awb-margin-right:20px;--awb-margin-bottom:20px;--awb-margin-left:20px;--awb-margin-top-small:10px;--awb-margin-right-small:0px;--awb-margin-bottom-small:10px;--awb-margin-left-small:0px;--awb-font-size:24px;\"><h4 class=\"fusion-title-heading title-heading-left\" style=\"font-family:&quot;IBM Plex Sans Condensed&quot;;font-style:normal;font-weight:500;margin:0;font-size:1em;line-height:1.2;\"><a href=\"https:\/\/www.mundusmaris.org\/fr\/expositions\/exposition-fishlove-bruxelles\/\" class=\"awb-custom-text-color awb-custom-text-hover-color\" target=\"_self\">Exposition \u00ab Fishlove \u00bb, Bruxelles<\/a><\/h4><\/div><\/div><\/li>\n<li class=\"fusion-layout-column fusion_builder_column fusion-builder-column-229 fusion-flex-column post-card fusion-grid-column fusion-post-cards-grid-column\" style=\"--awb-bg-color:var(--awb-color1);--awb-bg-color-hover:var(--awb-color1);--awb-bg-blend:overlay;--awb-bg-size:cover;--awb-flex-grow:0;--awb-flex-shrink:0;--awb-flex-grow-medium:;--awb-flex-shrink-medium:;--awb-flex-grow-small:;--awb-flex-shrink-small:;\" data-scroll-devices=\"small-visibility,medium-visibility,large-visibility\"><div class=\"fusion-column-wrapper fusion-column-has-shadow fusion-flex-justify-content-space-around fusion-content-layout-column\"><div class=\"fusion-classic-product-image-wrapper fusion-woo-product-image fusion-post-card-image fusion-post-card-image-1 has-aspect-ratio\" data-layout=\"static\" style=\"--awb-aspect-ratio:3 \/ 2;\"><div  class=\"fusion-image-wrapper\" aria-haspopup=\"true\">\n\t\t\t\t\t\t\t<a href=\"https:\/\/www.mundusmaris.org\/fr\/livres\/sarah-keene-meltzoff-2013-listening-to-sea-lions\/\" aria-label=\"Sarah Keene Meltzoff, 2013. Listening to Sea Lions\">\n\t\t\t\t\t\t\t<img decoding=\"async\" width=\"500\" height=\"322\" src=\"https:\/\/www.mundusmaris.org\/wp-content\/uploads\/2024\/09\/Meltzoff00.jpg\" class=\"attachment-full size-full wp-post-image\" alt=\"\" srcset=\"https:\/\/www.mundusmaris.org\/wp-content\/uploads\/2024\/09\/Meltzoff00-200x129.jpg 200w, https:\/\/www.mundusmaris.org\/wp-content\/uploads\/2024\/09\/Meltzoff00-400x258.jpg 400w, https:\/\/www.mundusmaris.org\/wp-content\/uploads\/2024\/09\/Meltzoff00.jpg 500w\" sizes=\"(min-width: 2200px) 100vw, (min-width: 784px) 373px, (min-width: 712px) 560px, (min-width: 640px) 712px, \" \/>\t\t\t<\/a>\n\t\t\t\t\t\t\t<\/div>\n<\/div><div class=\"fusion-meta-tb fusion-meta-tb-229 floated\" style=\"--awb-border-top:0px;--awb-height:36px;--awb-alignment-medium:flex-start;--awb-alignment-small:flex-start;\"><span class=\"fusion-tb-published-date\">Published On: 1 septembre 2013<\/span><span class=\"fusion-meta-tb-sep\"><\/span><\/div><div class=\"fusion-title title fusion-title-229 fusion-sep-none fusion-title-text fusion-title-size-four\" style=\"--awb-margin-top:20px;--awb-margin-right:20px;--awb-margin-bottom:20px;--awb-margin-left:20px;--awb-margin-top-small:10px;--awb-margin-right-small:0px;--awb-margin-bottom-small:10px;--awb-margin-left-small:0px;--awb-font-size:24px;\"><h4 class=\"fusion-title-heading title-heading-left\" style=\"font-family:&quot;IBM Plex Sans Condensed&quot;;font-style:normal;font-weight:500;margin:0;font-size:1em;line-height:1.2;\"><a href=\"https:\/\/www.mundusmaris.org\/fr\/livres\/sarah-keene-meltzoff-2013-listening-to-sea-lions\/\" class=\"awb-custom-text-color awb-custom-text-hover-color\" target=\"_self\">Sarah Keene Meltzoff, 2013. Listening to Sea Lions<\/a><\/h4><\/div><\/div><\/li>\n<li class=\"fusion-layout-column fusion_builder_column fusion-builder-column-230 fusion-flex-column post-card fusion-grid-column fusion-post-cards-grid-column\" style=\"--awb-bg-color:var(--awb-color1);--awb-bg-color-hover:var(--awb-color1);--awb-bg-blend:overlay;--awb-bg-size:cover;--awb-flex-grow:0;--awb-flex-shrink:0;--awb-flex-grow-medium:;--awb-flex-shrink-medium:;--awb-flex-grow-small:;--awb-flex-shrink-small:;\" data-scroll-devices=\"small-visibility,medium-visibility,large-visibility\"><div class=\"fusion-column-wrapper fusion-column-has-shadow fusion-flex-justify-content-space-around fusion-content-layout-column\"><div class=\"fusion-classic-product-image-wrapper fusion-woo-product-image fusion-post-card-image fusion-post-card-image-1 has-aspect-ratio\" data-layout=\"static\" style=\"--awb-aspect-ratio:3 \/ 2;\"><div  class=\"fusion-image-wrapper\" aria-haspopup=\"true\">\n\t\t\t\t\t\t\t<a href=\"https:\/\/www.mundusmaris.org\/fr\/expositions\/la-journee-mondiale-de-la-diversite-culturelle-2013-celebree-a-louvain\/\" aria-label=\"La journ\u00e9e mondiale de la diversit\u00e9 culturelle 2013 c\u00e9l\u00e9br\u00e9e \u00e0 Louvain\">\n\t\t\t\t\t\t\t<img decoding=\"async\" width=\"800\" height=\"500\" src=\"https:\/\/www.mundusmaris.org\/wp-content\/uploads\/2024\/03\/GretaPintelon_copertina.jpg\" class=\"attachment-full size-full wp-post-image\" alt=\"\" srcset=\"https:\/\/www.mundusmaris.org\/wp-content\/uploads\/2024\/03\/GretaPintelon_copertina-200x125.jpg 200w, https:\/\/www.mundusmaris.org\/wp-content\/uploads\/2024\/03\/GretaPintelon_copertina-400x250.jpg 400w, https:\/\/www.mundusmaris.org\/wp-content\/uploads\/2024\/03\/GretaPintelon_copertina-600x375.jpg 600w, https:\/\/www.mundusmaris.org\/wp-content\/uploads\/2024\/03\/GretaPintelon_copertina.jpg 800w\" sizes=\"(min-width: 2200px) 100vw, (min-width: 784px) 373px, (min-width: 712px) 560px, (min-width: 640px) 712px, \" \/>\t\t\t<\/a>\n\t\t\t\t\t\t\t<\/div>\n<\/div><div class=\"fusion-meta-tb fusion-meta-tb-230 floated\" style=\"--awb-border-top:0px;--awb-height:36px;--awb-alignment-medium:flex-start;--awb-alignment-small:flex-start;\"><span class=\"fusion-tb-published-date\">Published On: 20 mai 2013<\/span><span class=\"fusion-meta-tb-sep\"><\/span><\/div><div class=\"fusion-title title fusion-title-230 fusion-sep-none fusion-title-text fusion-title-size-four\" style=\"--awb-margin-top:20px;--awb-margin-right:20px;--awb-margin-bottom:20px;--awb-margin-left:20px;--awb-margin-top-small:10px;--awb-margin-right-small:0px;--awb-margin-bottom-small:10px;--awb-margin-left-small:0px;--awb-font-size:24px;\"><h4 class=\"fusion-title-heading title-heading-left\" style=\"font-family:&quot;IBM Plex Sans Condensed&quot;;font-style:normal;font-weight:500;margin:0;font-size:1em;line-height:1.2;\"><a href=\"https:\/\/www.mundusmaris.org\/fr\/expositions\/la-journee-mondiale-de-la-diversite-culturelle-2013-celebree-a-louvain\/\" class=\"awb-custom-text-color awb-custom-text-hover-color\" target=\"_self\">La journ\u00e9e mondiale de la diversit\u00e9 culturelle 2013 c\u00e9l\u00e9br\u00e9e \u00e0 Louvain<\/a><\/h4><\/div><\/div><\/li>\n<li class=\"fusion-layout-column fusion_builder_column fusion-builder-column-231 fusion-flex-column post-card fusion-grid-column fusion-post-cards-grid-column\" style=\"--awb-bg-color:var(--awb-color1);--awb-bg-color-hover:var(--awb-color1);--awb-bg-blend:overlay;--awb-bg-size:cover;--awb-flex-grow:0;--awb-flex-shrink:0;--awb-flex-grow-medium:;--awb-flex-shrink-medium:;--awb-flex-grow-small:;--awb-flex-shrink-small:;\" data-scroll-devices=\"small-visibility,medium-visibility,large-visibility\"><div class=\"fusion-column-wrapper fusion-column-has-shadow fusion-flex-justify-content-space-around fusion-content-layout-column\"><div class=\"fusion-classic-product-image-wrapper fusion-woo-product-image fusion-post-card-image fusion-post-card-image-1 has-aspect-ratio\" data-layout=\"static\" style=\"--awb-aspect-ratio:3 \/ 2;\"><div  class=\"fusion-image-wrapper\" aria-haspopup=\"true\">\n\t\t\t\t\t\t\t<a href=\"https:\/\/www.mundusmaris.org\/fr\/locean-nous-nourrit\/campagne-de-mundus-maris-sur-les-marches-urbains-de-dakar-pour-promouvoir-le-respect-des-tailles-minimales-des-poissons\/\" aria-label=\"The Mundus maris campaign in the urban markets in Dakar\">\n\t\t\t\t\t\t\t<img decoding=\"async\" width=\"800\" height=\"500\" src=\"https:\/\/www.mundusmaris.org\/wp-content\/uploads\/2024\/04\/copertina_posts_campaign.jpg\" class=\"attachment-full size-full wp-post-image\" alt=\"\" srcset=\"https:\/\/www.mundusmaris.org\/wp-content\/uploads\/2024\/04\/copertina_posts_campaign-200x125.jpg 200w, https:\/\/www.mundusmaris.org\/wp-content\/uploads\/2024\/04\/copertina_posts_campaign-400x250.jpg 400w, https:\/\/www.mundusmaris.org\/wp-content\/uploads\/2024\/04\/copertina_posts_campaign-600x375.jpg 600w, https:\/\/www.mundusmaris.org\/wp-content\/uploads\/2024\/04\/copertina_posts_campaign.jpg 800w\" sizes=\"(min-width: 2200px) 100vw, (min-width: 784px) 373px, (min-width: 712px) 560px, (min-width: 640px) 712px, \" \/>\t\t\t<\/a>\n\t\t\t\t\t\t\t<\/div>\n<\/div><div class=\"fusion-meta-tb fusion-meta-tb-231 floated\" style=\"--awb-border-top:0px;--awb-height:36px;--awb-alignment-medium:flex-start;--awb-alignment-small:flex-start;\"><span class=\"fusion-tb-published-date\">Published On: 28 f\u00e9vrier 2013<\/span><span class=\"fusion-meta-tb-sep\"><\/span><\/div><div class=\"fusion-title title fusion-title-231 fusion-sep-none fusion-title-text fusion-title-size-four\" style=\"--awb-margin-top:20px;--awb-margin-right:20px;--awb-margin-bottom:20px;--awb-margin-left:20px;--awb-margin-top-small:10px;--awb-margin-right-small:0px;--awb-margin-bottom-small:10px;--awb-margin-left-small:0px;--awb-font-size:24px;\"><h4 class=\"fusion-title-heading title-heading-left\" style=\"font-family:&quot;IBM Plex Sans Condensed&quot;;font-style:normal;font-weight:500;margin:0;font-size:1em;line-height:1.2;\"><a href=\"https:\/\/www.mundusmaris.org\/fr\/locean-nous-nourrit\/campagne-de-mundus-maris-sur-les-marches-urbains-de-dakar-pour-promouvoir-le-respect-des-tailles-minimales-des-poissons\/\" class=\"awb-custom-text-color awb-custom-text-hover-color\" target=\"_self\">The Mundus maris campaign in the urban markets in Dakar<\/a><\/h4><\/div><\/div><\/li>\n<li class=\"fusion-layout-column fusion_builder_column fusion-builder-column-232 fusion-flex-column post-card fusion-grid-column fusion-post-cards-grid-column\" style=\"--awb-bg-color:var(--awb-color1);--awb-bg-color-hover:var(--awb-color1);--awb-bg-blend:overlay;--awb-bg-size:cover;--awb-flex-grow:0;--awb-flex-shrink:0;--awb-flex-grow-medium:;--awb-flex-shrink-medium:;--awb-flex-grow-small:;--awb-flex-shrink-small:;\" data-scroll-devices=\"small-visibility,medium-visibility,large-visibility\"><div class=\"fusion-column-wrapper fusion-column-has-shadow fusion-flex-justify-content-space-around fusion-content-layout-column\"><div class=\"fusion-classic-product-image-wrapper fusion-woo-product-image fusion-post-card-image fusion-post-card-image-1 has-aspect-ratio\" data-layout=\"static\" style=\"--awb-aspect-ratio:3 \/ 2;\"><div  class=\"fusion-image-wrapper\" aria-haspopup=\"true\">\n\t\t\t\t\t\t\t<a href=\"https:\/\/www.mundusmaris.org\/fr\/locean-nous-nourrit\/sauvons-les-oceans-le-cercle-europa-invite\/\" aria-label=\"Sauvons les oc\u00e9ans &#8211; le Cercle Europa invite\">\n\t\t\t\t\t\t\t<img decoding=\"async\" width=\"800\" height=\"500\" src=\"https:\/\/www.mundusmaris.org\/wp-content\/uploads\/2024\/04\/copertina_posts_cercle.jpg\" class=\"attachment-full size-full wp-post-image\" alt=\"\" srcset=\"https:\/\/www.mundusmaris.org\/wp-content\/uploads\/2024\/04\/copertina_posts_cercle-200x125.jpg 200w, https:\/\/www.mundusmaris.org\/wp-content\/uploads\/2024\/04\/copertina_posts_cercle-400x250.jpg 400w, https:\/\/www.mundusmaris.org\/wp-content\/uploads\/2024\/04\/copertina_posts_cercle-600x375.jpg 600w, https:\/\/www.mundusmaris.org\/wp-content\/uploads\/2024\/04\/copertina_posts_cercle.jpg 800w\" sizes=\"(min-width: 2200px) 100vw, (min-width: 784px) 373px, (min-width: 712px) 560px, (min-width: 640px) 712px, \" \/>\t\t\t<\/a>\n\t\t\t\t\t\t\t<\/div>\n<\/div><div class=\"fusion-meta-tb fusion-meta-tb-232 floated\" style=\"--awb-border-top:0px;--awb-height:36px;--awb-alignment-medium:flex-start;--awb-alignment-small:flex-start;\"><span class=\"fusion-tb-published-date\">Published On: 25 janvier 2013<\/span><span class=\"fusion-meta-tb-sep\"><\/span><\/div><div class=\"fusion-title title fusion-title-232 fusion-sep-none fusion-title-text fusion-title-size-four\" style=\"--awb-margin-top:20px;--awb-margin-right:20px;--awb-margin-bottom:20px;--awb-margin-left:20px;--awb-margin-top-small:10px;--awb-margin-right-small:0px;--awb-margin-bottom-small:10px;--awb-margin-left-small:0px;--awb-font-size:24px;\"><h4 class=\"fusion-title-heading title-heading-left\" style=\"font-family:&quot;IBM Plex Sans Condensed&quot;;font-style:normal;font-weight:500;margin:0;font-size:1em;line-height:1.2;\"><a href=\"https:\/\/www.mundusmaris.org\/fr\/locean-nous-nourrit\/sauvons-les-oceans-le-cercle-europa-invite\/\" class=\"awb-custom-text-color awb-custom-text-hover-color\" target=\"_self\">Sauvons les oc\u00e9ans &#8211; le Cercle Europa invite<\/a><\/h4><\/div><\/div><\/li>\n<li class=\"fusion-layout-column fusion_builder_column fusion-builder-column-233 fusion-flex-column post-card fusion-grid-column fusion-post-cards-grid-column\" style=\"--awb-bg-color:var(--awb-color1);--awb-bg-color-hover:var(--awb-color1);--awb-bg-blend:overlay;--awb-bg-size:cover;--awb-flex-grow:0;--awb-flex-shrink:0;--awb-flex-grow-medium:;--awb-flex-shrink-medium:;--awb-flex-grow-small:;--awb-flex-shrink-small:;\" data-scroll-devices=\"small-visibility,medium-visibility,large-visibility\"><div class=\"fusion-column-wrapper fusion-column-has-shadow fusion-flex-justify-content-space-around fusion-content-layout-column\"><div class=\"fusion-classic-product-image-wrapper fusion-woo-product-image fusion-post-card-image fusion-post-card-image-1 has-aspect-ratio\" data-layout=\"static\" style=\"--awb-aspect-ratio:3 \/ 2;\"><div  class=\"fusion-image-wrapper\" aria-haspopup=\"true\">\n\t\t\t\t\t\t\t<a href=\"https:\/\/www.mundusmaris.org\/fr\/locean-nous-nourrit\/sauver-les-mers-du-monde-groupe-detude-international-bruxelles\/\" aria-label=\"Sauver les mers du monde! &#8211; Groupe d\u2019\u00e9tude international Bruxelles\">\n\t\t\t\t\t\t\t<img decoding=\"async\" width=\"800\" height=\"500\" src=\"https:\/\/www.mundusmaris.org\/wp-content\/uploads\/2024\/04\/copertina_posts_international.jpg\" class=\"attachment-full size-full wp-post-image\" alt=\"\" srcset=\"https:\/\/www.mundusmaris.org\/wp-content\/uploads\/2024\/04\/copertina_posts_international-200x125.jpg 200w, https:\/\/www.mundusmaris.org\/wp-content\/uploads\/2024\/04\/copertina_posts_international-400x250.jpg 400w, https:\/\/www.mundusmaris.org\/wp-content\/uploads\/2024\/04\/copertina_posts_international-600x375.jpg 600w, https:\/\/www.mundusmaris.org\/wp-content\/uploads\/2024\/04\/copertina_posts_international.jpg 800w\" sizes=\"(min-width: 2200px) 100vw, (min-width: 784px) 373px, (min-width: 712px) 560px, (min-width: 640px) 712px, \" \/>\t\t\t<\/a>\n\t\t\t\t\t\t\t<\/div>\n<\/div><div class=\"fusion-meta-tb fusion-meta-tb-233 floated\" style=\"--awb-border-top:0px;--awb-height:36px;--awb-alignment-medium:flex-start;--awb-alignment-small:flex-start;\"><span class=\"fusion-tb-published-date\">Published On: 15 novembre 2012<\/span><span class=\"fusion-meta-tb-sep\"><\/span><\/div><div class=\"fusion-title title fusion-title-233 fusion-sep-none fusion-title-text fusion-title-size-four\" style=\"--awb-margin-top:20px;--awb-margin-right:20px;--awb-margin-bottom:20px;--awb-margin-left:20px;--awb-margin-top-small:10px;--awb-margin-right-small:0px;--awb-margin-bottom-small:10px;--awb-margin-left-small:0px;--awb-font-size:24px;\"><h4 class=\"fusion-title-heading title-heading-left\" style=\"font-family:&quot;IBM Plex Sans Condensed&quot;;font-style:normal;font-weight:500;margin:0;font-size:1em;line-height:1.2;\"><a href=\"https:\/\/www.mundusmaris.org\/fr\/locean-nous-nourrit\/sauver-les-mers-du-monde-groupe-detude-international-bruxelles\/\" class=\"awb-custom-text-color awb-custom-text-hover-color\" target=\"_self\">Sauver les mers du monde! &#8211; Groupe d\u2019\u00e9tude international Bruxelles<\/a><\/h4><\/div><\/div><\/li>\n<li class=\"fusion-layout-column fusion_builder_column fusion-builder-column-234 fusion-flex-column post-card fusion-grid-column fusion-post-cards-grid-column\" style=\"--awb-bg-color:var(--awb-color1);--awb-bg-color-hover:var(--awb-color1);--awb-bg-blend:overlay;--awb-bg-size:cover;--awb-flex-grow:0;--awb-flex-shrink:0;--awb-flex-grow-medium:;--awb-flex-shrink-medium:;--awb-flex-grow-small:;--awb-flex-shrink-small:;\" data-scroll-devices=\"small-visibility,medium-visibility,large-visibility\"><div class=\"fusion-column-wrapper fusion-column-has-shadow fusion-flex-justify-content-space-around fusion-content-layout-column\"><div class=\"fusion-classic-product-image-wrapper fusion-woo-product-image fusion-post-card-image fusion-post-card-image-1 has-aspect-ratio\" data-layout=\"static\" style=\"--awb-aspect-ratio:3 \/ 2;\"><div  class=\"fusion-image-wrapper\" aria-haspopup=\"true\">\n\t\t\t\t\t\t\t<a href=\"https:\/\/www.mundusmaris.org\/fr\/livres\/tonnare-indietro-nel-tempo-italian\/\" aria-label=\"Tonnare indietro nel tempo (italian)\">\n\t\t\t\t\t\t\t<img decoding=\"async\" width=\"300\" height=\"469\" src=\"https:\/\/www.mundusmaris.org\/wp-content\/uploads\/2012\/09\/tonnare-1.jpg\" class=\"attachment-full size-full wp-post-image\" alt=\"\" srcset=\"https:\/\/www.mundusmaris.org\/wp-content\/uploads\/2012\/09\/tonnare-1-200x313.jpg 200w, https:\/\/www.mundusmaris.org\/wp-content\/uploads\/2012\/09\/tonnare-1.jpg 300w\" sizes=\"(min-width: 2200px) 100vw, (min-width: 784px) 373px, (min-width: 712px) 560px, (min-width: 640px) 712px, \" \/>\t\t\t<\/a>\n\t\t\t\t\t\t\t<\/div>\n<\/div><div class=\"fusion-meta-tb fusion-meta-tb-234 floated\" style=\"--awb-border-top:0px;--awb-height:36px;--awb-alignment-medium:flex-start;--awb-alignment-small:flex-start;\"><span class=\"fusion-tb-published-date\">Published On: 26 septembre 2012<\/span><span class=\"fusion-meta-tb-sep\"><\/span><\/div><div class=\"fusion-title title fusion-title-234 fusion-sep-none fusion-title-text fusion-title-size-four\" style=\"--awb-margin-top:20px;--awb-margin-right:20px;--awb-margin-bottom:20px;--awb-margin-left:20px;--awb-margin-top-small:10px;--awb-margin-right-small:0px;--awb-margin-bottom-small:10px;--awb-margin-left-small:0px;--awb-font-size:24px;\"><h4 class=\"fusion-title-heading title-heading-left\" style=\"font-family:&quot;IBM Plex Sans Condensed&quot;;font-style:normal;font-weight:500;margin:0;font-size:1em;line-height:1.2;\"><a href=\"https:\/\/www.mundusmaris.org\/fr\/livres\/tonnare-indietro-nel-tempo-italian\/\" class=\"awb-custom-text-color awb-custom-text-hover-color\" target=\"_self\">Tonnare indietro nel tempo (italian)<\/a><\/h4><\/div><\/div><\/li>\n<li class=\"fusion-layout-column fusion_builder_column fusion-builder-column-235 fusion-flex-column post-card fusion-grid-column fusion-post-cards-grid-column\" style=\"--awb-bg-color:var(--awb-color1);--awb-bg-color-hover:var(--awb-color1);--awb-bg-blend:overlay;--awb-bg-size:cover;--awb-flex-grow:0;--awb-flex-shrink:0;--awb-flex-grow-medium:;--awb-flex-shrink-medium:;--awb-flex-grow-small:;--awb-flex-shrink-small:;\" data-scroll-devices=\"small-visibility,medium-visibility,large-visibility\"><div class=\"fusion-column-wrapper fusion-column-has-shadow fusion-flex-justify-content-space-around fusion-content-layout-column\"><div class=\"fusion-classic-product-image-wrapper fusion-woo-product-image fusion-post-card-image fusion-post-card-image-1 has-aspect-ratio\" data-layout=\"static\" style=\"--awb-aspect-ratio:3 \/ 2;\"><div  class=\"fusion-image-wrapper\" aria-haspopup=\"true\">\n\t\t\t\t\t\t\t<a href=\"https:\/\/www.mundusmaris.org\/fr\/expositions\/festival-memoire-des-penc-et-villages-de-dakar\/\" aria-label=\"Festival \u00ab M\u00e9moire des Penc et villages de Dakar \u00bb\">\n\t\t\t\t\t\t\t<img decoding=\"async\" width=\"800\" height=\"500\" src=\"https:\/\/www.mundusmaris.org\/wp-content\/uploads\/2024\/03\/Thia_Consensus_copertina.jpg\" class=\"attachment-full size-full wp-post-image\" alt=\"\" srcset=\"https:\/\/www.mundusmaris.org\/wp-content\/uploads\/2024\/03\/Thia_Consensus_copertina-200x125.jpg 200w, https:\/\/www.mundusmaris.org\/wp-content\/uploads\/2024\/03\/Thia_Consensus_copertina-400x250.jpg 400w, https:\/\/www.mundusmaris.org\/wp-content\/uploads\/2024\/03\/Thia_Consensus_copertina-600x375.jpg 600w, https:\/\/www.mundusmaris.org\/wp-content\/uploads\/2024\/03\/Thia_Consensus_copertina.jpg 800w\" sizes=\"(min-width: 2200px) 100vw, (min-width: 784px) 373px, (min-width: 712px) 560px, (min-width: 640px) 712px, \" \/>\t\t\t<\/a>\n\t\t\t\t\t\t\t<\/div>\n<\/div><div class=\"fusion-meta-tb fusion-meta-tb-235 floated\" style=\"--awb-border-top:0px;--awb-height:36px;--awb-alignment-medium:flex-start;--awb-alignment-small:flex-start;\"><span class=\"fusion-tb-published-date\">Published On: 20 juillet 2012<\/span><span class=\"fusion-meta-tb-sep\"><\/span><\/div><div class=\"fusion-title title fusion-title-235 fusion-sep-none fusion-title-text fusion-title-size-four\" style=\"--awb-margin-top:20px;--awb-margin-right:20px;--awb-margin-bottom:20px;--awb-margin-left:20px;--awb-margin-top-small:10px;--awb-margin-right-small:0px;--awb-margin-bottom-small:10px;--awb-margin-left-small:0px;--awb-font-size:24px;\"><h4 class=\"fusion-title-heading title-heading-left\" style=\"font-family:&quot;IBM Plex Sans Condensed&quot;;font-style:normal;font-weight:500;margin:0;font-size:1em;line-height:1.2;\"><a href=\"https:\/\/www.mundusmaris.org\/fr\/expositions\/festival-memoire-des-penc-et-villages-de-dakar\/\" class=\"awb-custom-text-color awb-custom-text-hover-color\" target=\"_self\">Festival \u00ab M\u00e9moire des Penc et villages de Dakar \u00bb<\/a><\/h4><\/div><\/div><\/li>\n<li class=\"fusion-layout-column fusion_builder_column fusion-builder-column-236 fusion-flex-column post-card fusion-grid-column fusion-post-cards-grid-column\" style=\"--awb-bg-color:var(--awb-color1);--awb-bg-color-hover:var(--awb-color1);--awb-bg-blend:overlay;--awb-bg-size:cover;--awb-flex-grow:0;--awb-flex-shrink:0;--awb-flex-grow-medium:;--awb-flex-shrink-medium:;--awb-flex-grow-small:;--awb-flex-shrink-small:;\" data-scroll-devices=\"small-visibility,medium-visibility,large-visibility\"><div class=\"fusion-column-wrapper fusion-column-has-shadow fusion-flex-justify-content-space-around fusion-content-layout-column\"><div class=\"fusion-classic-product-image-wrapper fusion-woo-product-image fusion-post-card-image fusion-post-card-image-1 has-aspect-ratio\" data-layout=\"static\" style=\"--awb-aspect-ratio:3 \/ 2;\"><div  class=\"fusion-image-wrapper\" aria-haspopup=\"true\">\n\t\t\t\t\t\t\t<a href=\"https:\/\/www.mundusmaris.org\/fr\/livres\/5-easy-pieces-by-daniel-pauly\/\" aria-label=\"5 Easy Pieces by Daniel Pauly\">\n\t\t\t\t\t\t\t<img decoding=\"async\" width=\"300\" height=\"300\" src=\"https:\/\/www.mundusmaris.org\/wp-content\/uploads\/2011\/08\/5easypieces.jpg\" class=\"attachment-full size-full wp-post-image\" alt=\"\" srcset=\"https:\/\/www.mundusmaris.org\/wp-content\/uploads\/2011\/08\/5easypieces-200x200.jpg 200w, https:\/\/www.mundusmaris.org\/wp-content\/uploads\/2011\/08\/5easypieces.jpg 300w\" sizes=\"(min-width: 2200px) 100vw, (min-width: 784px) 373px, (min-width: 712px) 560px, (min-width: 640px) 712px, \" \/>\t\t\t<\/a>\n\t\t\t\t\t\t\t<\/div>\n<\/div><div class=\"fusion-meta-tb fusion-meta-tb-236 floated\" style=\"--awb-border-top:0px;--awb-height:36px;--awb-alignment-medium:flex-start;--awb-alignment-small:flex-start;\"><span class=\"fusion-tb-published-date\">Published On: 18 ao\u00fbt 2011<\/span><span class=\"fusion-meta-tb-sep\"><\/span><\/div><div class=\"fusion-title title fusion-title-236 fusion-sep-none fusion-title-text fusion-title-size-four\" style=\"--awb-margin-top:20px;--awb-margin-right:20px;--awb-margin-bottom:20px;--awb-margin-left:20px;--awb-margin-top-small:10px;--awb-margin-right-small:0px;--awb-margin-bottom-small:10px;--awb-margin-left-small:0px;--awb-font-size:24px;\"><h4 class=\"fusion-title-heading title-heading-left\" style=\"font-family:&quot;IBM Plex Sans Condensed&quot;;font-style:normal;font-weight:500;margin:0;font-size:1em;line-height:1.2;\"><a href=\"https:\/\/www.mundusmaris.org\/fr\/livres\/5-easy-pieces-by-daniel-pauly\/\" class=\"awb-custom-text-color awb-custom-text-hover-color\" target=\"_self\">5 Easy Pieces by Daniel Pauly<\/a><\/h4><\/div><\/div><\/li>\n<li class=\"fusion-layout-column fusion_builder_column fusion-builder-column-237 fusion-flex-column post-card fusion-grid-column fusion-post-cards-grid-column\" style=\"--awb-bg-color:var(--awb-color1);--awb-bg-color-hover:var(--awb-color1);--awb-bg-blend:overlay;--awb-bg-size:cover;--awb-flex-grow:0;--awb-flex-shrink:0;--awb-flex-grow-medium:;--awb-flex-shrink-medium:;--awb-flex-grow-small:;--awb-flex-shrink-small:;\" data-scroll-devices=\"small-visibility,medium-visibility,large-visibility\"><div class=\"fusion-column-wrapper fusion-column-has-shadow fusion-flex-justify-content-space-around fusion-content-layout-column\"><div class=\"fusion-classic-product-image-wrapper fusion-woo-product-image fusion-post-card-image fusion-post-card-image-1 has-aspect-ratio\" data-layout=\"static\" style=\"--awb-aspect-ratio:3 \/ 2;\"><div  class=\"fusion-image-wrapper\" aria-haspopup=\"true\">\n\t\t\t\t\t\t\t<a href=\"https:\/\/www.mundusmaris.org\/fr\/locean-nous-nourrit\/le-marche-de-san-miguel-au-centre-de-madrid\/\" aria-label=\"Le March\u00e9 de San Miguel au centre de Madrid\">\n\t\t\t\t\t\t\t<img decoding=\"async\" width=\"800\" height=\"500\" src=\"https:\/\/www.mundusmaris.org\/wp-content\/uploads\/2024\/04\/copertina_posts_miguelmercado.jpg\" class=\"attachment-full size-full wp-post-image\" alt=\"\" srcset=\"https:\/\/www.mundusmaris.org\/wp-content\/uploads\/2024\/04\/copertina_posts_miguelmercado-200x125.jpg 200w, https:\/\/www.mundusmaris.org\/wp-content\/uploads\/2024\/04\/copertina_posts_miguelmercado-400x250.jpg 400w, https:\/\/www.mundusmaris.org\/wp-content\/uploads\/2024\/04\/copertina_posts_miguelmercado-600x375.jpg 600w, https:\/\/www.mundusmaris.org\/wp-content\/uploads\/2024\/04\/copertina_posts_miguelmercado.jpg 800w\" sizes=\"(min-width: 2200px) 100vw, (min-width: 784px) 373px, (min-width: 712px) 560px, (min-width: 640px) 712px, \" \/>\t\t\t<\/a>\n\t\t\t\t\t\t\t<\/div>\n<\/div><div class=\"fusion-meta-tb fusion-meta-tb-237 floated\" style=\"--awb-border-top:0px;--awb-height:36px;--awb-alignment-medium:flex-start;--awb-alignment-small:flex-start;\"><span class=\"fusion-tb-published-date\">Published On: 30 mai 2010<\/span><span class=\"fusion-meta-tb-sep\"><\/span><\/div><div class=\"fusion-title title fusion-title-237 fusion-sep-none fusion-title-text fusion-title-size-four\" style=\"--awb-margin-top:20px;--awb-margin-right:20px;--awb-margin-bottom:20px;--awb-margin-left:20px;--awb-margin-top-small:10px;--awb-margin-right-small:0px;--awb-margin-bottom-small:10px;--awb-margin-left-small:0px;--awb-font-size:24px;\"><h4 class=\"fusion-title-heading title-heading-left\" style=\"font-family:&quot;IBM Plex Sans Condensed&quot;;font-style:normal;font-weight:500;margin:0;font-size:1em;line-height:1.2;\"><a href=\"https:\/\/www.mundusmaris.org\/fr\/locean-nous-nourrit\/le-marche-de-san-miguel-au-centre-de-madrid\/\" class=\"awb-custom-text-color awb-custom-text-hover-color\" target=\"_self\">Le March\u00e9 de San Miguel au centre de Madrid<\/a><\/h4><\/div><\/div><\/li>\n<li class=\"fusion-layout-column fusion_builder_column fusion-builder-column-238 fusion-flex-column post-card fusion-grid-column fusion-post-cards-grid-column\" style=\"--awb-bg-color:var(--awb-color1);--awb-bg-color-hover:var(--awb-color1);--awb-bg-blend:overlay;--awb-bg-size:cover;--awb-flex-grow:0;--awb-flex-shrink:0;--awb-flex-grow-medium:;--awb-flex-shrink-medium:;--awb-flex-grow-small:;--awb-flex-shrink-small:;\" data-scroll-devices=\"small-visibility,medium-visibility,large-visibility\"><div class=\"fusion-column-wrapper fusion-column-has-shadow fusion-flex-justify-content-space-around fusion-content-layout-column\"><div class=\"fusion-classic-product-image-wrapper fusion-woo-product-image fusion-post-card-image fusion-post-card-image-1 has-aspect-ratio\" data-layout=\"static\" style=\"--awb-aspect-ratio:3 \/ 2;\"><div  class=\"fusion-image-wrapper\" aria-haspopup=\"true\">\n\t\t\t\t\t\t\t<a href=\"https:\/\/www.mundusmaris.org\/fr\/expositions\/darwins-200th-anniversary\/\" aria-label=\"Darwin&rsquo;s 200th Anniversary\">\n\t\t\t\t\t\t\t<img decoding=\"async\" width=\"800\" height=\"500\" src=\"https:\/\/www.mundusmaris.org\/wp-content\/uploads\/2024\/03\/darwon_copertina.jpg\" class=\"attachment-full size-full wp-post-image\" alt=\"\" srcset=\"https:\/\/www.mundusmaris.org\/wp-content\/uploads\/2024\/03\/darwon_copertina-200x125.jpg 200w, https:\/\/www.mundusmaris.org\/wp-content\/uploads\/2024\/03\/darwon_copertina-400x250.jpg 400w, https:\/\/www.mundusmaris.org\/wp-content\/uploads\/2024\/03\/darwon_copertina-600x375.jpg 600w, https:\/\/www.mundusmaris.org\/wp-content\/uploads\/2024\/03\/darwon_copertina.jpg 800w\" sizes=\"(min-width: 2200px) 100vw, (min-width: 784px) 373px, (min-width: 712px) 560px, (min-width: 640px) 712px, \" \/>\t\t\t<\/a>\n\t\t\t\t\t\t\t<\/div>\n<\/div><div class=\"fusion-meta-tb fusion-meta-tb-238 floated\" style=\"--awb-border-top:0px;--awb-height:36px;--awb-alignment-medium:flex-start;--awb-alignment-small:flex-start;\"><span class=\"fusion-tb-published-date\">Published On: 20 mai 2009<\/span><span class=\"fusion-meta-tb-sep\"><\/span><\/div><div class=\"fusion-title title fusion-title-238 fusion-sep-none fusion-title-text fusion-title-size-four\" style=\"--awb-margin-top:20px;--awb-margin-right:20px;--awb-margin-bottom:20px;--awb-margin-left:20px;--awb-margin-top-small:10px;--awb-margin-right-small:0px;--awb-margin-bottom-small:10px;--awb-margin-left-small:0px;--awb-font-size:24px;\"><h4 class=\"fusion-title-heading title-heading-left\" style=\"font-family:&quot;IBM Plex Sans Condensed&quot;;font-style:normal;font-weight:500;margin:0;font-size:1em;line-height:1.2;\"><a href=\"https:\/\/www.mundusmaris.org\/fr\/expositions\/darwins-200th-anniversary\/\" class=\"awb-custom-text-color awb-custom-text-hover-color\" target=\"_self\">Darwin&rsquo;s 200th Anniversary<\/a><\/h4><\/div><\/div><\/li>\n<li class=\"fusion-layout-column fusion_builder_column fusion-builder-column-239 fusion-flex-column post-card fusion-grid-column fusion-post-cards-grid-column\" style=\"--awb-bg-color:var(--awb-color1);--awb-bg-color-hover:var(--awb-color1);--awb-bg-blend:overlay;--awb-bg-size:cover;--awb-flex-grow:0;--awb-flex-shrink:0;--awb-flex-grow-medium:;--awb-flex-shrink-medium:;--awb-flex-grow-small:;--awb-flex-shrink-small:;\" data-scroll-devices=\"small-visibility,medium-visibility,large-visibility\"><div class=\"fusion-column-wrapper fusion-column-has-shadow fusion-flex-justify-content-space-around fusion-content-layout-column\"><div class=\"fusion-classic-product-image-wrapper fusion-woo-product-image fusion-post-card-image fusion-post-card-image-1 has-aspect-ratio\" data-layout=\"static\" style=\"--awb-aspect-ratio:3 \/ 2;\"><div  class=\"fusion-image-wrapper\" aria-haspopup=\"true\">\n\t\t\t\t\t\t\t<a href=\"https:\/\/www.mundusmaris.org\/fr\/livres\/common-wealth-economics-for-a-crowded-planet-by-jeffrey-sachs\/\" aria-label=\"Common Wealth. Economics for a crowded planet by Jeffrey Sachs.\">\n\t\t\t\t\t\t\t<img decoding=\"async\" width=\"327\" height=\"327\" src=\"https:\/\/www.mundusmaris.org\/wp-content\/uploads\/2024\/09\/FacsimileCommonWealthSachsPenguin.jpg\" class=\"attachment-full size-full wp-post-image\" alt=\"\" srcset=\"https:\/\/www.mundusmaris.org\/wp-content\/uploads\/2024\/09\/FacsimileCommonWealthSachsPenguin-200x200.jpg 200w, https:\/\/www.mundusmaris.org\/wp-content\/uploads\/2024\/09\/FacsimileCommonWealthSachsPenguin.jpg 327w\" sizes=\"(min-width: 2200px) 100vw, (min-width: 784px) 373px, (min-width: 712px) 560px, (min-width: 640px) 712px, \" \/>\t\t\t<\/a>\n\t\t\t\t\t\t\t<\/div>\n<\/div><div class=\"fusion-meta-tb fusion-meta-tb-239 floated\" style=\"--awb-border-top:0px;--awb-height:36px;--awb-alignment-medium:flex-start;--awb-alignment-small:flex-start;\"><span class=\"fusion-tb-published-date\">Published On: 28 mai 2008<\/span><span class=\"fusion-meta-tb-sep\"><\/span><\/div><div class=\"fusion-title title fusion-title-239 fusion-sep-none fusion-title-text fusion-title-size-four\" style=\"--awb-margin-top:20px;--awb-margin-right:20px;--awb-margin-bottom:20px;--awb-margin-left:20px;--awb-margin-top-small:10px;--awb-margin-right-small:0px;--awb-margin-bottom-small:10px;--awb-margin-left-small:0px;--awb-font-size:24px;\"><h4 class=\"fusion-title-heading title-heading-left\" style=\"font-family:&quot;IBM Plex Sans Condensed&quot;;font-style:normal;font-weight:500;margin:0;font-size:1em;line-height:1.2;\"><a href=\"https:\/\/www.mundusmaris.org\/fr\/livres\/common-wealth-economics-for-a-crowded-planet-by-jeffrey-sachs\/\" class=\"awb-custom-text-color awb-custom-text-hover-color\" target=\"_self\">Common Wealth. Economics for a crowded planet by Jeffrey Sachs.<\/a><\/h4><\/div><\/div><\/li>\n<\/ul><\/div><\/div><\/div><\/div><\/div>\n","protected":false},"excerpt":{"rendered":"","protected":false},"author":4,"featured_media":0,"parent":7124,"menu_order":0,"comment_status":"closed","ping_status":"closed","template":"","meta":{"_acf_changed":false,"footnotes":""},"categoria-pagina":[],"class_list":["post-17044","page","type-page","status-publish","hentry"],"acf":[],"_links":{"self":[{"href":"https:\/\/www.mundusmaris.org\/fr\/wp-json\/wp\/v2\/pages\/17044","targetHints":{"allow":["GET"]}}],"collection":[{"href":"https:\/\/www.mundusmaris.org\/fr\/wp-json\/wp\/v2\/pages"}],"about":[{"href":"https:\/\/www.mundusmaris.org\/fr\/wp-json\/wp\/v2\/types\/page"}],"author":[{"embeddable":true,"href":"https:\/\/www.mundusmaris.org\/fr\/wp-json\/wp\/v2\/users\/4"}],"replies":[{"embeddable":true,"href":"https:\/\/www.mundusmaris.org\/fr\/wp-json\/wp\/v2\/comments?post=17044"}],"version-history":[{"count":6,"href":"https:\/\/www.mundusmaris.org\/fr\/wp-json\/wp\/v2\/pages\/17044\/revisions"}],"predecessor-version":[{"id":17120,"href":"https:\/\/www.mundusmaris.org\/fr\/wp-json\/wp\/v2\/pages\/17044\/revisions\/17120"}],"up":[{"embeddable":true,"href":"https:\/\/www.mundusmaris.org\/fr\/wp-json\/wp\/v2\/pages\/7124"}],"wp:attachment":[{"href":"https:\/\/www.mundusmaris.org\/fr\/wp-json\/wp\/v2\/media?parent=17044"}],"wp:term":[{"taxonomy":"categoria-pagina","embeddable":true,"href":"https:\/\/www.mundusmaris.org\/fr\/wp-json\/wp\/v2\/categoria-pagina?post=17044"}],"curies":[{"name":"wp","href":"https:\/\/api.w.org\/{rel}","templated":true}]}}