{"id":7686,"date":"2023-12-27T07:45:16","date_gmt":"2023-12-27T07:45:16","guid":{"rendered":"http:\/\/www.mundusmaris.org\/recursos\/resenas-de-reuniones\/"},"modified":"2024-12-18T08:02:02","modified_gmt":"2024-12-18T08:02:02","slug":"eventos","status":"publish","type":"page","link":"https:\/\/www.mundusmaris.org\/es\/eventos\/","title":{"rendered":"Eventos"},"content":{"rendered":"<p><div class=\"fusion-fullwidth fullwidth-box fusion-builder-row-1 fusion-flex-container has-pattern-background has-mask-background nonhundred-percent-fullwidth non-hundred-percent-height-scrolling\" style=\"--awb-border-radius-top-left:0px;--awb-border-radius-top-right:0px;--awb-border-radius-bottom-right:0px;--awb-border-radius-bottom-left:0px;--awb-flex-wrap:wrap;\" ><div class=\"fusion-builder-row fusion-row fusion-flex-align-items-flex-start fusion-flex-content-wrap\" style=\"max-width:1248px;margin-left: calc(-4% \/ 2 );margin-right: calc(-4% \/ 2 );\"><div class=\"fusion-layout-column fusion_builder_column fusion-builder-column-0 fusion_builder_column_1_1 1_1 fusion-flex-column\" style=\"--awb-bg-size:cover;--awb-width-large:100%;--awb-margin-top-large:0px;--awb-spacing-right-large:1.92%;--awb-margin-bottom-large:20px;--awb-spacing-left-large:1.92%;--awb-width-medium:100%;--awb-order-medium:0;--awb-spacing-right-medium:1.92%;--awb-spacing-left-medium:1.92%;--awb-width-small:100%;--awb-order-small:0;--awb-spacing-right-small:1.92%;--awb-spacing-left-small:1.92%;\"><div class=\"fusion-column-wrapper fusion-column-has-shadow fusion-flex-justify-content-flex-start fusion-content-layout-column\"><div class=\"fusion-title title fusion-title-1 fusion-sep-none fusion-title-text fusion-title-size-three\" style=\"--awb-margin-top-small:10px;--awb-margin-right-small:0px;--awb-margin-bottom-small:10px;--awb-margin-left-small:0px;\"><h3 class=\"fusion-title-heading title-heading-left\" style=\"margin:0;\">En esta secci\u00f3n se proponen rese\u00f1as y descripciones de actividades relacionadas con los objetivos de <em>Mundus maris<\/em> en lo que respecta a la protecci\u00f3n del medio marino y de las personas del mar. Realizadas por otras organizaciones, son iniciativas que queremos dar a conocer para servir como recursos de inter\u00e9s com\u00fan, as\u00ed como para compartir las experiencias. Abarcamos temas culturales, cient\u00edficos, art\u00edsticos, etc.<\/h3><\/div><\/div><\/div><\/div><\/div><div class=\"fusion-fullwidth fullwidth-box fusion-builder-row-2 fusion-flex-container has-pattern-background has-mask-background nonhundred-percent-fullwidth non-hundred-percent-height-scrolling\" style=\"--awb-border-radius-top-left:0px;--awb-border-radius-top-right:0px;--awb-border-radius-bottom-right:0px;--awb-border-radius-bottom-left:0px;--awb-flex-wrap:wrap;\" ><div class=\"fusion-builder-row fusion-row fusion-flex-align-items-flex-start fusion-flex-content-wrap\" style=\"max-width:1248px;margin-left: calc(-4% \/ 2 );margin-right: calc(-4% \/ 2 );\"><div class=\"fusion-layout-column fusion_builder_column fusion-builder-column-1 fusion_builder_column_1_1 1_1 fusion-flex-column fusion-flex-align-self-stretch\" style=\"--awb-bg-size:cover;--awb-width-large:100%;--awb-margin-top-large:0px;--awb-spacing-right-large:1.92%;--awb-margin-bottom-large:20px;--awb-spacing-left-large:1.92%;--awb-width-medium:100%;--awb-order-medium:0;--awb-spacing-right-medium:1.92%;--awb-spacing-left-medium:1.92%;--awb-width-small:100%;--awb-order-small:0;--awb-spacing-right-small:1.92%;--awb-spacing-left-small:1.92%;\" data-scroll-devices=\"small-visibility,medium-visibility,large-visibility\"><div class=\"fusion-column-wrapper fusion-column-has-shadow fusion-flex-justify-content-space-around fusion-content-layout-block\"><div class=\"fusion-post-cards fusion-post-cards-1 fusion-grid-archive fusion-grid-columns-3\" style=\"--awb-dots-align:center;--awb-columns:3;--awb-filters-color:var(--awb-color8);--awb-active-filter-border-size:3px;--awb-filters-height:36px;\" data-post-type-label=\"entradas\"><ul class=\"fusion-grid fusion-grid-3 fusion-flex-align-items-flex-start fusion-grid-posts-cards\"><li class=\"fusion-layout-column fusion_builder_column fusion-builder-column-2 fusion-flex-column post-card fusion-grid-column fusion-post-cards-grid-column\" style=\"--awb-bg-color:var(--awb-color1);--awb-bg-color-hover:var(--awb-color1);--awb-bg-blend:overlay;--awb-bg-size:cover;--awb-flex-grow:0;--awb-flex-shrink:0;--awb-flex-grow-medium:;--awb-flex-shrink-medium:;--awb-flex-grow-small:;--awb-flex-shrink-small:;\" data-scroll-devices=\"small-visibility,medium-visibility,large-visibility\"><div class=\"fusion-column-wrapper fusion-column-has-shadow fusion-flex-justify-content-space-around fusion-content-layout-column\"><div class=\"fusion-classic-product-image-wrapper fusion-woo-product-image fusion-post-card-image fusion-post-card-image-1 has-aspect-ratio\" data-layout=\"static\" style=\"--awb-aspect-ratio:3 \/ 2;\"><div  class=\"fusion-image-wrapper\" aria-haspopup=\"true\">\n\t\t\t\t\t\t\t<a href=\"https:\/\/www.mundusmaris.org\/es\/eventos\/mundus-maris-en-el-evento-lighthouse-swim-en-kiel-por-la-proteccion-del-oceano\/\" aria-label=\"Mundus maris en el evento Lighthouse Swim en Kiel por la protecci\u00f3n del oc\u00e9ano.\">\n\t\t\t\t\t\t\t<img decoding=\"async\" width=\"500\" height=\"426\" src=\"https:\/\/www.mundusmaris.org\/wp-content\/uploads\/2026\/08\/Feature.jpg\" class=\"attachment-full size-full wp-post-image\" alt=\"\" srcset=\"https:\/\/www.mundusmaris.org\/wp-content\/uploads\/2026\/08\/Feature-200x170.jpg 200w, https:\/\/www.mundusmaris.org\/wp-content\/uploads\/2026\/08\/Feature-400x341.jpg 400w, https:\/\/www.mundusmaris.org\/wp-content\/uploads\/2026\/08\/Feature.jpg 500w\" sizes=\"(min-width: 2200px) 100vw, (min-width: 784px) 373px, (min-width: 712px) 560px, (min-width: 640px) 712px, \" \/>\t\t\t<\/a>\n\t\t\t\t\t\t\t<\/div>\n<\/div><div class=\"fusion-meta-tb fusion-meta-tb-1 floated\" style=\"--awb-border-top:0px;--awb-height:36px;--awb-alignment-medium:flex-start;--awb-alignment-small:flex-start;\"><span class=\"fusion-tb-published-date\">Published On: 24 de agosto de 2026<\/span><span class=\"fusion-meta-tb-sep\"><\/span><\/div><div class=\"fusion-title title fusion-title-2 fusion-sep-none fusion-title-text fusion-title-size-four\" style=\"--awb-margin-top:20px;--awb-margin-right:20px;--awb-margin-bottom:20px;--awb-margin-left:20px;--awb-margin-top-small:10px;--awb-margin-right-small:0px;--awb-margin-bottom-small:10px;--awb-margin-left-small:0px;--awb-font-size:24px;\"><h4 class=\"fusion-title-heading title-heading-left\" style=\"font-family:&quot;IBM Plex Sans Condensed&quot;;font-style:normal;font-weight:500;margin:0;font-size:1em;line-height:1.2;\"><a href=\"https:\/\/www.mundusmaris.org\/es\/eventos\/mundus-maris-en-el-evento-lighthouse-swim-en-kiel-por-la-proteccion-del-oceano\/\" class=\"awb-custom-text-color awb-custom-text-hover-color\" target=\"_self\">Mundus maris en el evento Lighthouse Swim en Kiel por la protecci\u00f3n del oc\u00e9ano.<\/a><\/h4><\/div><\/div><\/li>\n<li class=\"fusion-layout-column fusion_builder_column fusion-builder-column-3 fusion-flex-column post-card fusion-grid-column fusion-post-cards-grid-column\" style=\"--awb-bg-color:var(--awb-color1);--awb-bg-color-hover:var(--awb-color1);--awb-bg-blend:overlay;--awb-bg-size:cover;--awb-flex-grow:0;--awb-flex-shrink:0;--awb-flex-grow-medium:;--awb-flex-shrink-medium:;--awb-flex-grow-small:;--awb-flex-shrink-small:;\" data-scroll-devices=\"small-visibility,medium-visibility,large-visibility\"><div class=\"fusion-column-wrapper fusion-column-has-shadow fusion-flex-justify-content-space-around fusion-content-layout-column\"><div class=\"fusion-classic-product-image-wrapper fusion-woo-product-image fusion-post-card-image fusion-post-card-image-1 has-aspect-ratio\" data-layout=\"static\" style=\"--awb-aspect-ratio:3 \/ 2;\"><div  class=\"fusion-image-wrapper\" aria-haspopup=\"true\">\n\t\t\t\t\t\t\t<a href=\"https:\/\/www.mundusmaris.org\/es\/dia-mundial-del-oceano\/wod-2026-es\/protecting-the-ocean-today-preserving-our-future\/\" aria-label=\"Protecting the ocean today &#8211; preserving our future\">\n\t\t\t\t\t\t\t<img decoding=\"async\" width=\"500\" height=\"366\" src=\"https:\/\/www.mundusmaris.org\/wp-content\/uploads\/2026\/08\/Featture.jpg\" class=\"attachment-full size-full wp-post-image\" alt=\"\" srcset=\"https:\/\/www.mundusmaris.org\/wp-content\/uploads\/2026\/08\/Featture-200x146.jpg 200w, https:\/\/www.mundusmaris.org\/wp-content\/uploads\/2026\/08\/Featture-400x293.jpg 400w, https:\/\/www.mundusmaris.org\/wp-content\/uploads\/2026\/08\/Featture.jpg 500w\" sizes=\"(min-width: 2200px) 100vw, (min-width: 784px) 373px, (min-width: 712px) 560px, (min-width: 640px) 712px, \" \/>\t\t\t<\/a>\n\t\t\t\t\t\t\t<\/div>\n<\/div><div class=\"fusion-meta-tb fusion-meta-tb-2 floated\" style=\"--awb-border-top:0px;--awb-height:36px;--awb-alignment-medium:flex-start;--awb-alignment-small:flex-start;\"><span class=\"fusion-tb-published-date\">Published On: 10 de agosto de 2026<\/span><span class=\"fusion-meta-tb-sep\"><\/span><\/div><div class=\"fusion-title title fusion-title-3 fusion-sep-none fusion-title-text fusion-title-size-four\" style=\"--awb-margin-top:20px;--awb-margin-right:20px;--awb-margin-bottom:20px;--awb-margin-left:20px;--awb-margin-top-small:10px;--awb-margin-right-small:0px;--awb-margin-bottom-small:10px;--awb-margin-left-small:0px;--awb-font-size:24px;\"><h4 class=\"fusion-title-heading title-heading-left\" style=\"font-family:&quot;IBM Plex Sans Condensed&quot;;font-style:normal;font-weight:500;margin:0;font-size:1em;line-height:1.2;\"><a href=\"https:\/\/www.mundusmaris.org\/es\/dia-mundial-del-oceano\/wod-2026-es\/protecting-the-ocean-today-preserving-our-future\/\" class=\"awb-custom-text-color awb-custom-text-hover-color\" target=\"_self\">Protecting the ocean today &#8211; preserving our future<\/a><\/h4><\/div><\/div><\/li>\n<li class=\"fusion-layout-column fusion_builder_column fusion-builder-column-4 fusion-flex-column post-card fusion-grid-column fusion-post-cards-grid-column\" style=\"--awb-bg-color:var(--awb-color1);--awb-bg-color-hover:var(--awb-color1);--awb-bg-blend:overlay;--awb-bg-size:cover;--awb-flex-grow:0;--awb-flex-shrink:0;--awb-flex-grow-medium:;--awb-flex-shrink-medium:;--awb-flex-grow-small:;--awb-flex-shrink-small:;\" data-scroll-devices=\"small-visibility,medium-visibility,large-visibility\"><div class=\"fusion-column-wrapper fusion-column-has-shadow fusion-flex-justify-content-space-around fusion-content-layout-column\"><div class=\"fusion-classic-product-image-wrapper fusion-woo-product-image fusion-post-card-image fusion-post-card-image-1 has-aspect-ratio\" data-layout=\"static\" style=\"--awb-aspect-ratio:3 \/ 2;\"><div  class=\"fusion-image-wrapper\" aria-haspopup=\"true\">\n\t\t\t\t\t\t\t<a href=\"https:\/\/www.mundusmaris.org\/es\/peliculas\/el-exilio-moral-de-odiseo\/\" aria-label=\"El exilio moral de Odiseo\">\n\t\t\t\t\t\t\t<img decoding=\"async\" width=\"500\" height=\"471\" src=\"https:\/\/www.mundusmaris.org\/wp-content\/uploads\/2026\/08\/EgistoSaniOdysseus_Syrenes500.jpg\" class=\"attachment-full size-full wp-post-image\" alt=\"\" srcset=\"https:\/\/www.mundusmaris.org\/wp-content\/uploads\/2026\/08\/EgistoSaniOdysseus_Syrenes500-200x188.jpg 200w, https:\/\/www.mundusmaris.org\/wp-content\/uploads\/2026\/08\/EgistoSaniOdysseus_Syrenes500-400x377.jpg 400w, https:\/\/www.mundusmaris.org\/wp-content\/uploads\/2026\/08\/EgistoSaniOdysseus_Syrenes500.jpg 500w\" sizes=\"(min-width: 2200px) 100vw, (min-width: 784px) 373px, (min-width: 712px) 560px, (min-width: 640px) 712px, \" \/>\t\t\t<\/a>\n\t\t\t\t\t\t\t<\/div>\n<\/div><div class=\"fusion-meta-tb fusion-meta-tb-3 floated\" style=\"--awb-border-top:0px;--awb-height:36px;--awb-alignment-medium:flex-start;--awb-alignment-small:flex-start;\"><span class=\"fusion-tb-published-date\">Published On: 1 de agosto de 2026<\/span><span class=\"fusion-meta-tb-sep\"><\/span><\/div><div class=\"fusion-title title fusion-title-4 fusion-sep-none fusion-title-text fusion-title-size-four\" style=\"--awb-margin-top:20px;--awb-margin-right:20px;--awb-margin-bottom:20px;--awb-margin-left:20px;--awb-margin-top-small:10px;--awb-margin-right-small:0px;--awb-margin-bottom-small:10px;--awb-margin-left-small:0px;--awb-font-size:24px;\"><h4 class=\"fusion-title-heading title-heading-left\" style=\"font-family:&quot;IBM Plex Sans Condensed&quot;;font-style:normal;font-weight:500;margin:0;font-size:1em;line-height:1.2;\"><a href=\"https:\/\/www.mundusmaris.org\/es\/peliculas\/el-exilio-moral-de-odiseo\/\" class=\"awb-custom-text-color awb-custom-text-hover-color\" target=\"_self\">El exilio moral de Odiseo<\/a><\/h4><\/div><\/div><\/li>\n<li class=\"fusion-layout-column fusion_builder_column fusion-builder-column-5 fusion-flex-column post-card fusion-grid-column fusion-post-cards-grid-column\" style=\"--awb-bg-color:var(--awb-color1);--awb-bg-color-hover:var(--awb-color1);--awb-bg-blend:overlay;--awb-bg-size:cover;--awb-flex-grow:0;--awb-flex-shrink:0;--awb-flex-grow-medium:;--awb-flex-shrink-medium:;--awb-flex-grow-small:;--awb-flex-shrink-small:;\" data-scroll-devices=\"small-visibility,medium-visibility,large-visibility\"><div class=\"fusion-column-wrapper fusion-column-has-shadow fusion-flex-justify-content-space-around fusion-content-layout-column\"><div class=\"fusion-classic-product-image-wrapper fusion-woo-product-image fusion-post-card-image fusion-post-card-image-1 has-aspect-ratio\" data-layout=\"static\" style=\"--awb-aspect-ratio:3 \/ 2;\"><div  class=\"fusion-image-wrapper\" aria-haspopup=\"true\">\n\t\t\t\t\t\t\t<a href=\"https:\/\/www.mundusmaris.org\/es\/alfabetizacion-oceanica-y-divulgacion\/mundus-maris-participates-at-the-sacsan-career-day\/\" aria-label=\"Mundus maris participates at the SACSAN Career Day\">\n\t\t\t\t\t\t\t<img decoding=\"async\" width=\"500\" height=\"473\" src=\"https:\/\/www.mundusmaris.org\/wp-content\/uploads\/2026\/08\/RecognisingHeros500feature.jpg\" class=\"attachment-full size-full wp-post-image\" alt=\"\" srcset=\"https:\/\/www.mundusmaris.org\/wp-content\/uploads\/2026\/08\/RecognisingHeros500feature-200x189.jpg 200w, https:\/\/www.mundusmaris.org\/wp-content\/uploads\/2026\/08\/RecognisingHeros500feature-400x378.jpg 400w, https:\/\/www.mundusmaris.org\/wp-content\/uploads\/2026\/08\/RecognisingHeros500feature.jpg 500w\" sizes=\"(min-width: 2200px) 100vw, (min-width: 784px) 373px, (min-width: 712px) 560px, (min-width: 640px) 712px, \" \/>\t\t\t<\/a>\n\t\t\t\t\t\t\t<\/div>\n<\/div><div class=\"fusion-meta-tb fusion-meta-tb-4 floated\" style=\"--awb-border-top:0px;--awb-height:36px;--awb-alignment-medium:flex-start;--awb-alignment-small:flex-start;\"><span class=\"fusion-tb-published-date\">Published On: 20 de julio de 2026<\/span><span class=\"fusion-meta-tb-sep\"><\/span><\/div><div class=\"fusion-title title fusion-title-5 fusion-sep-none fusion-title-text fusion-title-size-four\" style=\"--awb-margin-top:20px;--awb-margin-right:20px;--awb-margin-bottom:20px;--awb-margin-left:20px;--awb-margin-top-small:10px;--awb-margin-right-small:0px;--awb-margin-bottom-small:10px;--awb-margin-left-small:0px;--awb-font-size:24px;\"><h4 class=\"fusion-title-heading title-heading-left\" style=\"font-family:&quot;IBM Plex Sans Condensed&quot;;font-style:normal;font-weight:500;margin:0;font-size:1em;line-height:1.2;\"><a href=\"https:\/\/www.mundusmaris.org\/es\/alfabetizacion-oceanica-y-divulgacion\/mundus-maris-participates-at-the-sacsan-career-day\/\" class=\"awb-custom-text-color awb-custom-text-hover-color\" target=\"_self\">Mundus maris participates at the SACSAN Career Day<\/a><\/h4><\/div><\/div><\/li>\n<li class=\"fusion-layout-column fusion_builder_column fusion-builder-column-6 fusion-flex-column post-card fusion-grid-column fusion-post-cards-grid-column\" style=\"--awb-bg-color:var(--awb-color1);--awb-bg-color-hover:var(--awb-color1);--awb-bg-blend:overlay;--awb-bg-size:cover;--awb-flex-grow:0;--awb-flex-shrink:0;--awb-flex-grow-medium:;--awb-flex-shrink-medium:;--awb-flex-grow-small:;--awb-flex-shrink-small:;\" data-scroll-devices=\"small-visibility,medium-visibility,large-visibility\"><div class=\"fusion-column-wrapper fusion-column-has-shadow fusion-flex-justify-content-space-around fusion-content-layout-column\"><div class=\"fusion-classic-product-image-wrapper fusion-woo-product-image fusion-post-card-image fusion-post-card-image-1 has-aspect-ratio\" data-layout=\"static\" style=\"--awb-aspect-ratio:3 \/ 2;\"><div  class=\"fusion-image-wrapper\" aria-haspopup=\"true\">\n\t\t\t\t\t\t\t<a href=\"https:\/\/www.mundusmaris.org\/es\/actividades\/restoring-ghanas-fisheries-starts-with-the-people-who-depend-on-them\/\" aria-label=\"Restoring Ghana&#8217;s fisheries starts with the people who depend on them\">\n\t\t\t\t\t\t\t<img decoding=\"async\" width=\"500\" height=\"351\" src=\"https:\/\/www.mundusmaris.org\/wp-content\/uploads\/2026\/07\/ReadyToGo500.jpg\" class=\"attachment-full size-full wp-post-image\" alt=\"\" srcset=\"https:\/\/www.mundusmaris.org\/wp-content\/uploads\/2026\/07\/ReadyToGo500-200x140.jpg 200w, https:\/\/www.mundusmaris.org\/wp-content\/uploads\/2026\/07\/ReadyToGo500-400x281.jpg 400w, https:\/\/www.mundusmaris.org\/wp-content\/uploads\/2026\/07\/ReadyToGo500.jpg 500w\" sizes=\"(min-width: 2200px) 100vw, (min-width: 784px) 373px, (min-width: 712px) 560px, (min-width: 640px) 712px, \" \/>\t\t\t<\/a>\n\t\t\t\t\t\t\t<\/div>\n<\/div><div class=\"fusion-meta-tb fusion-meta-tb-5 floated\" style=\"--awb-border-top:0px;--awb-height:36px;--awb-alignment-medium:flex-start;--awb-alignment-small:flex-start;\"><span class=\"fusion-tb-published-date\">Published On: 8 de julio de 2026<\/span><span class=\"fusion-meta-tb-sep\"><\/span><\/div><div class=\"fusion-title title fusion-title-6 fusion-sep-none fusion-title-text fusion-title-size-four\" style=\"--awb-margin-top:20px;--awb-margin-right:20px;--awb-margin-bottom:20px;--awb-margin-left:20px;--awb-margin-top-small:10px;--awb-margin-right-small:0px;--awb-margin-bottom-small:10px;--awb-margin-left-small:0px;--awb-font-size:24px;\"><h4 class=\"fusion-title-heading title-heading-left\" style=\"font-family:&quot;IBM Plex Sans Condensed&quot;;font-style:normal;font-weight:500;margin:0;font-size:1em;line-height:1.2;\"><a href=\"https:\/\/www.mundusmaris.org\/es\/actividades\/restoring-ghanas-fisheries-starts-with-the-people-who-depend-on-them\/\" class=\"awb-custom-text-color awb-custom-text-hover-color\" target=\"_self\">Restoring Ghana&#8217;s fisheries starts with the people who depend on them<\/a><\/h4><\/div><\/div><\/li>\n<li class=\"fusion-layout-column fusion_builder_column fusion-builder-column-7 fusion-flex-column post-card fusion-grid-column fusion-post-cards-grid-column\" style=\"--awb-bg-color:var(--awb-color1);--awb-bg-color-hover:var(--awb-color1);--awb-bg-blend:overlay;--awb-bg-size:cover;--awb-flex-grow:0;--awb-flex-shrink:0;--awb-flex-grow-medium:;--awb-flex-shrink-medium:;--awb-flex-grow-small:;--awb-flex-shrink-small:;\" data-scroll-devices=\"small-visibility,medium-visibility,large-visibility\"><div class=\"fusion-column-wrapper fusion-column-has-shadow fusion-flex-justify-content-space-around fusion-content-layout-column\"><div class=\"fusion-classic-product-image-wrapper fusion-woo-product-image fusion-post-card-image fusion-post-card-image-1 has-aspect-ratio\" data-layout=\"static\" style=\"--awb-aspect-ratio:3 \/ 2;\"><div  class=\"fusion-image-wrapper\" aria-haspopup=\"true\">\n\t\t\t\t\t\t\t<a href=\"https:\/\/www.mundusmaris.org\/es\/academia-de-pesca-en-pequena-escala\/small-scale-fisheries-should-be-a-big-part-of-the-future-in-west-africa\/\" aria-label=\"Small-Scale fisheries should be a big part of the future in West Africa\">\n\t\t\t\t\t\t\t<img decoding=\"async\" width=\"500\" height=\"334\" src=\"https:\/\/www.mundusmaris.org\/wp-content\/uploads\/2026\/07\/PanelistsHP11-Feature.jpg\" class=\"attachment-full size-full wp-post-image\" alt=\"\" srcset=\"https:\/\/www.mundusmaris.org\/wp-content\/uploads\/2026\/07\/PanelistsHP11-Feature-200x134.jpg 200w, https:\/\/www.mundusmaris.org\/wp-content\/uploads\/2026\/07\/PanelistsHP11-Feature-400x267.jpg 400w, https:\/\/www.mundusmaris.org\/wp-content\/uploads\/2026\/07\/PanelistsHP11-Feature.jpg 500w\" sizes=\"(min-width: 2200px) 100vw, (min-width: 784px) 373px, (min-width: 712px) 560px, (min-width: 640px) 712px, \" \/>\t\t\t<\/a>\n\t\t\t\t\t\t\t<\/div>\n<\/div><div class=\"fusion-meta-tb fusion-meta-tb-6 floated\" style=\"--awb-border-top:0px;--awb-height:36px;--awb-alignment-medium:flex-start;--awb-alignment-small:flex-start;\"><span class=\"fusion-tb-published-date\">Published On: 4 de julio de 2026<\/span><span class=\"fusion-meta-tb-sep\"><\/span><\/div><div class=\"fusion-title title fusion-title-7 fusion-sep-none fusion-title-text fusion-title-size-four\" style=\"--awb-margin-top:20px;--awb-margin-right:20px;--awb-margin-bottom:20px;--awb-margin-left:20px;--awb-margin-top-small:10px;--awb-margin-right-small:0px;--awb-margin-bottom-small:10px;--awb-margin-left-small:0px;--awb-font-size:24px;\"><h4 class=\"fusion-title-heading title-heading-left\" style=\"font-family:&quot;IBM Plex Sans Condensed&quot;;font-style:normal;font-weight:500;margin:0;font-size:1em;line-height:1.2;\"><a href=\"https:\/\/www.mundusmaris.org\/es\/academia-de-pesca-en-pequena-escala\/small-scale-fisheries-should-be-a-big-part-of-the-future-in-west-africa\/\" class=\"awb-custom-text-color awb-custom-text-hover-color\" target=\"_self\">Small-Scale fisheries should be a big part of the future in West Africa<\/a><\/h4><\/div><\/div><\/li>\n<li class=\"fusion-layout-column fusion_builder_column fusion-builder-column-8 fusion-flex-column post-card fusion-grid-column fusion-post-cards-grid-column\" style=\"--awb-bg-color:var(--awb-color1);--awb-bg-color-hover:var(--awb-color1);--awb-bg-blend:overlay;--awb-bg-size:cover;--awb-flex-grow:0;--awb-flex-shrink:0;--awb-flex-grow-medium:;--awb-flex-shrink-medium:;--awb-flex-grow-small:;--awb-flex-shrink-small:;\" data-scroll-devices=\"small-visibility,medium-visibility,large-visibility\"><div class=\"fusion-column-wrapper fusion-column-has-shadow fusion-flex-justify-content-space-around fusion-content-layout-column\"><div class=\"fusion-classic-product-image-wrapper fusion-woo-product-image fusion-post-card-image fusion-post-card-image-1 has-aspect-ratio\" data-layout=\"static\" style=\"--awb-aspect-ratio:3 \/ 2;\"><div  class=\"fusion-image-wrapper\" aria-haspopup=\"true\">\n\t\t\t\t\t\t\t<a href=\"https:\/\/www.mundusmaris.org\/es\/los-mariscos-que-comemos\/scientifrika-2026-provides-insights-in-the-safety-of-artisanal-fish-food-production\/\" aria-label=\"ScientiFRIKA 2026 provides insights in the safety of artisanal fish food production\">\n\t\t\t\t\t\t\t<img decoding=\"async\" width=\"500\" height=\"500\" src=\"https:\/\/www.mundusmaris.org\/wp-content\/uploads\/2026\/08\/OIP-1652225232feature.jpg\" class=\"attachment-full size-full wp-post-image\" alt=\"\" srcset=\"https:\/\/www.mundusmaris.org\/wp-content\/uploads\/2026\/08\/OIP-1652225232feature-200x200.jpg 200w, https:\/\/www.mundusmaris.org\/wp-content\/uploads\/2026\/08\/OIP-1652225232feature-400x400.jpg 400w, https:\/\/www.mundusmaris.org\/wp-content\/uploads\/2026\/08\/OIP-1652225232feature.jpg 500w\" sizes=\"(min-width: 2200px) 100vw, (min-width: 784px) 373px, (min-width: 712px) 560px, (min-width: 640px) 712px, \" \/>\t\t\t<\/a>\n\t\t\t\t\t\t\t<\/div>\n<\/div><div class=\"fusion-meta-tb fusion-meta-tb-7 floated\" style=\"--awb-border-top:0px;--awb-height:36px;--awb-alignment-medium:flex-start;--awb-alignment-small:flex-start;\"><span class=\"fusion-tb-published-date\">Published On: 1 de julio de 2026<\/span><span class=\"fusion-meta-tb-sep\"><\/span><\/div><div class=\"fusion-title title fusion-title-8 fusion-sep-none fusion-title-text fusion-title-size-four\" style=\"--awb-margin-top:20px;--awb-margin-right:20px;--awb-margin-bottom:20px;--awb-margin-left:20px;--awb-margin-top-small:10px;--awb-margin-right-small:0px;--awb-margin-bottom-small:10px;--awb-margin-left-small:0px;--awb-font-size:24px;\"><h4 class=\"fusion-title-heading title-heading-left\" style=\"font-family:&quot;IBM Plex Sans Condensed&quot;;font-style:normal;font-weight:500;margin:0;font-size:1em;line-height:1.2;\"><a href=\"https:\/\/www.mundusmaris.org\/es\/los-mariscos-que-comemos\/scientifrika-2026-provides-insights-in-the-safety-of-artisanal-fish-food-production\/\" class=\"awb-custom-text-color awb-custom-text-hover-color\" target=\"_self\">ScientiFRIKA 2026 provides insights in the safety of artisanal fish food production<\/a><\/h4><\/div><\/div><\/li>\n<li class=\"fusion-layout-column fusion_builder_column fusion-builder-column-9 fusion-flex-column post-card fusion-grid-column fusion-post-cards-grid-column\" style=\"--awb-bg-color:var(--awb-color1);--awb-bg-color-hover:var(--awb-color1);--awb-bg-blend:overlay;--awb-bg-size:cover;--awb-flex-grow:0;--awb-flex-shrink:0;--awb-flex-grow-medium:;--awb-flex-shrink-medium:;--awb-flex-grow-small:;--awb-flex-shrink-small:;\" data-scroll-devices=\"small-visibility,medium-visibility,large-visibility\"><div class=\"fusion-column-wrapper fusion-column-has-shadow fusion-flex-justify-content-space-around fusion-content-layout-column\"><div class=\"fusion-classic-product-image-wrapper fusion-woo-product-image fusion-post-card-image fusion-post-card-image-1 has-aspect-ratio\" data-layout=\"static\" style=\"--awb-aspect-ratio:3 \/ 2;\"><div  class=\"fusion-image-wrapper\" aria-haspopup=\"true\">\n\t\t\t\t\t\t\t<a href=\"https:\/\/www.mundusmaris.org\/es\/dia-mundial-del-oceano\/wod-2026-es\/collaboration-in-akure-nigeria-pulls-off-strong-world-ocean-day-2026\/\" aria-label=\"Collaboration in Akure, Nigeria, pulls off strong World Ocean Day 2026\">\n\t\t\t\t\t\t\t<img decoding=\"async\" width=\"500\" height=\"667\" src=\"https:\/\/www.mundusmaris.org\/wp-content\/uploads\/2026\/06\/Feature.jpg\" class=\"attachment-full size-full wp-post-image\" alt=\"\" srcset=\"https:\/\/www.mundusmaris.org\/wp-content\/uploads\/2026\/06\/Feature-200x267.jpg 200w, https:\/\/www.mundusmaris.org\/wp-content\/uploads\/2026\/06\/Feature-400x534.jpg 400w, https:\/\/www.mundusmaris.org\/wp-content\/uploads\/2026\/06\/Feature.jpg 500w\" sizes=\"(min-width: 2200px) 100vw, (min-width: 784px) 373px, (min-width: 712px) 560px, (min-width: 640px) 712px, \" \/>\t\t\t<\/a>\n\t\t\t\t\t\t\t<\/div>\n<\/div><div class=\"fusion-meta-tb fusion-meta-tb-8 floated\" style=\"--awb-border-top:0px;--awb-height:36px;--awb-alignment-medium:flex-start;--awb-alignment-small:flex-start;\"><span class=\"fusion-tb-published-date\">Published On: 13 de junio de 2026<\/span><span class=\"fusion-meta-tb-sep\"><\/span><\/div><div class=\"fusion-title title fusion-title-9 fusion-sep-none fusion-title-text fusion-title-size-four\" style=\"--awb-margin-top:20px;--awb-margin-right:20px;--awb-margin-bottom:20px;--awb-margin-left:20px;--awb-margin-top-small:10px;--awb-margin-right-small:0px;--awb-margin-bottom-small:10px;--awb-margin-left-small:0px;--awb-font-size:24px;\"><h4 class=\"fusion-title-heading title-heading-left\" style=\"font-family:&quot;IBM Plex Sans Condensed&quot;;font-style:normal;font-weight:500;margin:0;font-size:1em;line-height:1.2;\"><a href=\"https:\/\/www.mundusmaris.org\/es\/dia-mundial-del-oceano\/wod-2026-es\/collaboration-in-akure-nigeria-pulls-off-strong-world-ocean-day-2026\/\" class=\"awb-custom-text-color awb-custom-text-hover-color\" target=\"_self\">Collaboration in Akure, Nigeria, pulls off strong World Ocean Day 2026<\/a><\/h4><\/div><\/div><\/li>\n<li class=\"fusion-layout-column fusion_builder_column fusion-builder-column-10 fusion-flex-column post-card fusion-grid-column fusion-post-cards-grid-column\" style=\"--awb-bg-color:var(--awb-color1);--awb-bg-color-hover:var(--awb-color1);--awb-bg-blend:overlay;--awb-bg-size:cover;--awb-flex-grow:0;--awb-flex-shrink:0;--awb-flex-grow-medium:;--awb-flex-shrink-medium:;--awb-flex-grow-small:;--awb-flex-shrink-small:;\" data-scroll-devices=\"small-visibility,medium-visibility,large-visibility\"><div class=\"fusion-column-wrapper fusion-column-has-shadow fusion-flex-justify-content-space-around fusion-content-layout-column\"><div class=\"fusion-classic-product-image-wrapper fusion-woo-product-image fusion-post-card-image fusion-post-card-image-1 has-aspect-ratio\" data-layout=\"static\" style=\"--awb-aspect-ratio:3 \/ 2;\"><div  class=\"fusion-image-wrapper\" aria-haspopup=\"true\">\n\t\t\t\t\t\t\t<a href=\"https:\/\/www.mundusmaris.org\/es\/dia-mundial-del-oceano\/wod-2026-es\/world-ocean-day-at-the-rio-de-la-plata-argentina\/\" aria-label=\"World Ocean Day at the Rio de la Plata, Argentina\">\n\t\t\t\t\t\t\t<img decoding=\"async\" width=\"499\" height=\"342\" src=\"https:\/\/www.mundusmaris.org\/wp-content\/uploads\/2026\/06\/boatsRiodelaPlataUruguay_Feature.jpg\" class=\"attachment-full size-full wp-post-image\" alt=\"\" srcset=\"https:\/\/www.mundusmaris.org\/wp-content\/uploads\/2026\/06\/boatsRiodelaPlataUruguay_Feature-200x137.jpg 200w, https:\/\/www.mundusmaris.org\/wp-content\/uploads\/2026\/06\/boatsRiodelaPlataUruguay_Feature-400x274.jpg 400w, https:\/\/www.mundusmaris.org\/wp-content\/uploads\/2026\/06\/boatsRiodelaPlataUruguay_Feature.jpg 499w\" sizes=\"(min-width: 2200px) 100vw, (min-width: 784px) 373px, (min-width: 712px) 560px, (min-width: 640px) 712px, \" \/>\t\t\t<\/a>\n\t\t\t\t\t\t\t<\/div>\n<\/div><div class=\"fusion-meta-tb fusion-meta-tb-9 floated\" style=\"--awb-border-top:0px;--awb-height:36px;--awb-alignment-medium:flex-start;--awb-alignment-small:flex-start;\"><span class=\"fusion-tb-published-date\">Published On: 12 de junio de 2026<\/span><span class=\"fusion-meta-tb-sep\"><\/span><\/div><div class=\"fusion-title title fusion-title-10 fusion-sep-none fusion-title-text fusion-title-size-four\" style=\"--awb-margin-top:20px;--awb-margin-right:20px;--awb-margin-bottom:20px;--awb-margin-left:20px;--awb-margin-top-small:10px;--awb-margin-right-small:0px;--awb-margin-bottom-small:10px;--awb-margin-left-small:0px;--awb-font-size:24px;\"><h4 class=\"fusion-title-heading title-heading-left\" style=\"font-family:&quot;IBM Plex Sans Condensed&quot;;font-style:normal;font-weight:500;margin:0;font-size:1em;line-height:1.2;\"><a href=\"https:\/\/www.mundusmaris.org\/es\/dia-mundial-del-oceano\/wod-2026-es\/world-ocean-day-at-the-rio-de-la-plata-argentina\/\" class=\"awb-custom-text-color awb-custom-text-hover-color\" target=\"_self\">World Ocean Day at the Rio de la Plata, Argentina<\/a><\/h4><\/div><\/div><\/li>\n<li class=\"fusion-layout-column fusion_builder_column fusion-builder-column-11 fusion-flex-column post-card fusion-grid-column fusion-post-cards-grid-column\" style=\"--awb-bg-color:var(--awb-color1);--awb-bg-color-hover:var(--awb-color1);--awb-bg-blend:overlay;--awb-bg-size:cover;--awb-flex-grow:0;--awb-flex-shrink:0;--awb-flex-grow-medium:;--awb-flex-shrink-medium:;--awb-flex-grow-small:;--awb-flex-shrink-small:;\" data-scroll-devices=\"small-visibility,medium-visibility,large-visibility\"><div class=\"fusion-column-wrapper fusion-column-has-shadow fusion-flex-justify-content-space-around fusion-content-layout-column\"><div class=\"fusion-classic-product-image-wrapper fusion-woo-product-image fusion-post-card-image fusion-post-card-image-1 has-aspect-ratio\" data-layout=\"static\" style=\"--awb-aspect-ratio:3 \/ 2;\"><div  class=\"fusion-image-wrapper\" aria-haspopup=\"true\">\n\t\t\t\t\t\t\t<a href=\"https:\/\/www.mundusmaris.org\/es\/dia-mundial-del-oceano\/wod-2026-es\/world-ocean-day-2026-again-in-hann-senegal-with-the-football-clubs\/\" aria-label=\"World Ocean Day 2026 again in Hann, Senegal with the Football Clubs\">\n\t\t\t\t\t\t\t<img decoding=\"async\" width=\"500\" height=\"375\" src=\"https:\/\/www.mundusmaris.org\/wp-content\/uploads\/2026\/06\/Hann-WOD2026-Feature.jpg\" class=\"attachment-full size-full wp-post-image\" alt=\"\" srcset=\"https:\/\/www.mundusmaris.org\/wp-content\/uploads\/2026\/06\/Hann-WOD2026-Feature-200x150.jpg 200w, https:\/\/www.mundusmaris.org\/wp-content\/uploads\/2026\/06\/Hann-WOD2026-Feature-400x300.jpg 400w, https:\/\/www.mundusmaris.org\/wp-content\/uploads\/2026\/06\/Hann-WOD2026-Feature.jpg 500w\" sizes=\"(min-width: 2200px) 100vw, (min-width: 784px) 373px, (min-width: 712px) 560px, (min-width: 640px) 712px, \" \/>\t\t\t<\/a>\n\t\t\t\t\t\t\t<\/div>\n<\/div><div class=\"fusion-meta-tb fusion-meta-tb-10 floated\" style=\"--awb-border-top:0px;--awb-height:36px;--awb-alignment-medium:flex-start;--awb-alignment-small:flex-start;\"><span class=\"fusion-tb-published-date\">Published On: 12 de junio de 2026<\/span><span class=\"fusion-meta-tb-sep\"><\/span><\/div><div class=\"fusion-title title fusion-title-11 fusion-sep-none fusion-title-text fusion-title-size-four\" style=\"--awb-margin-top:20px;--awb-margin-right:20px;--awb-margin-bottom:20px;--awb-margin-left:20px;--awb-margin-top-small:10px;--awb-margin-right-small:0px;--awb-margin-bottom-small:10px;--awb-margin-left-small:0px;--awb-font-size:24px;\"><h4 class=\"fusion-title-heading title-heading-left\" style=\"font-family:&quot;IBM Plex Sans Condensed&quot;;font-style:normal;font-weight:500;margin:0;font-size:1em;line-height:1.2;\"><a href=\"https:\/\/www.mundusmaris.org\/es\/dia-mundial-del-oceano\/wod-2026-es\/world-ocean-day-2026-again-in-hann-senegal-with-the-football-clubs\/\" class=\"awb-custom-text-color awb-custom-text-hover-color\" target=\"_self\">World Ocean Day 2026 again in Hann, Senegal with the Football Clubs<\/a><\/h4><\/div><\/div><\/li>\n<li class=\"fusion-layout-column fusion_builder_column fusion-builder-column-12 fusion-flex-column post-card fusion-grid-column fusion-post-cards-grid-column\" style=\"--awb-bg-color:var(--awb-color1);--awb-bg-color-hover:var(--awb-color1);--awb-bg-blend:overlay;--awb-bg-size:cover;--awb-flex-grow:0;--awb-flex-shrink:0;--awb-flex-grow-medium:;--awb-flex-shrink-medium:;--awb-flex-grow-small:;--awb-flex-shrink-small:;\" data-scroll-devices=\"small-visibility,medium-visibility,large-visibility\"><div class=\"fusion-column-wrapper fusion-column-has-shadow fusion-flex-justify-content-space-around fusion-content-layout-column\"><div class=\"fusion-classic-product-image-wrapper fusion-woo-product-image fusion-post-card-image fusion-post-card-image-1 has-aspect-ratio\" data-layout=\"static\" style=\"--awb-aspect-ratio:3 \/ 2;\"><div  class=\"fusion-image-wrapper\" aria-haspopup=\"true\">\n\t\t\t\t\t\t\t<a href=\"https:\/\/www.mundusmaris.org\/es\/dia-mundial-del-oceano\/wod-2026-es\/world-ocean-day-2026-in-lagos-with-mundus-maris-and-fish-party\/\" aria-label=\"World Ocean Day 2026 in Lagos with Mundus maris and Fish Party\">\n\t\t\t\t\t\t\t<img decoding=\"async\" width=\"500\" height=\"490\" src=\"https:\/\/www.mundusmaris.org\/wp-content\/uploads\/2026\/06\/Lagos_WODfeature.jpg\" class=\"attachment-full size-full wp-post-image\" alt=\"\" srcset=\"https:\/\/www.mundusmaris.org\/wp-content\/uploads\/2026\/06\/Lagos_WODfeature-200x196.jpg 200w, https:\/\/www.mundusmaris.org\/wp-content\/uploads\/2026\/06\/Lagos_WODfeature-400x392.jpg 400w, https:\/\/www.mundusmaris.org\/wp-content\/uploads\/2026\/06\/Lagos_WODfeature.jpg 500w\" sizes=\"(min-width: 2200px) 100vw, (min-width: 784px) 373px, (min-width: 712px) 560px, (min-width: 640px) 712px, \" \/>\t\t\t<\/a>\n\t\t\t\t\t\t\t<\/div>\n<\/div><div class=\"fusion-meta-tb fusion-meta-tb-11 floated\" style=\"--awb-border-top:0px;--awb-height:36px;--awb-alignment-medium:flex-start;--awb-alignment-small:flex-start;\"><span class=\"fusion-tb-published-date\">Published On: 10 de junio de 2026<\/span><span class=\"fusion-meta-tb-sep\"><\/span><\/div><div class=\"fusion-title title fusion-title-12 fusion-sep-none fusion-title-text fusion-title-size-four\" style=\"--awb-margin-top:20px;--awb-margin-right:20px;--awb-margin-bottom:20px;--awb-margin-left:20px;--awb-margin-top-small:10px;--awb-margin-right-small:0px;--awb-margin-bottom-small:10px;--awb-margin-left-small:0px;--awb-font-size:24px;\"><h4 class=\"fusion-title-heading title-heading-left\" style=\"font-family:&quot;IBM Plex Sans Condensed&quot;;font-style:normal;font-weight:500;margin:0;font-size:1em;line-height:1.2;\"><a href=\"https:\/\/www.mundusmaris.org\/es\/dia-mundial-del-oceano\/wod-2026-es\/world-ocean-day-2026-in-lagos-with-mundus-maris-and-fish-party\/\" class=\"awb-custom-text-color awb-custom-text-hover-color\" target=\"_self\">World Ocean Day 2026 in Lagos with Mundus maris and Fish Party<\/a><\/h4><\/div><\/div><\/li>\n<li class=\"fusion-layout-column fusion_builder_column fusion-builder-column-13 fusion-flex-column post-card fusion-grid-column fusion-post-cards-grid-column\" style=\"--awb-bg-color:var(--awb-color1);--awb-bg-color-hover:var(--awb-color1);--awb-bg-blend:overlay;--awb-bg-size:cover;--awb-flex-grow:0;--awb-flex-shrink:0;--awb-flex-grow-medium:;--awb-flex-shrink-medium:;--awb-flex-grow-small:;--awb-flex-shrink-small:;\" data-scroll-devices=\"small-visibility,medium-visibility,large-visibility\"><div class=\"fusion-column-wrapper fusion-column-has-shadow fusion-flex-justify-content-space-around fusion-content-layout-column\"><div class=\"fusion-classic-product-image-wrapper fusion-woo-product-image fusion-post-card-image fusion-post-card-image-1 has-aspect-ratio\" data-layout=\"static\" style=\"--awb-aspect-ratio:3 \/ 2;\"><div  class=\"fusion-image-wrapper\" aria-haspopup=\"true\">\n\t\t\t\t\t\t\t<a href=\"https:\/\/www.mundusmaris.org\/es\/dia-mundial-del-oceano\/wod-2026-es\/world-ocean-day-clean-up-attracts-several-seniors-in-hilden-germanyworld-ocean-day-clean-up-attracts-several-seniors-in-hilden-germany\/\" aria-label=\"World Ocean Day clean up attracts several seniors in Hilden, Germany\">\n\t\t\t\t\t\t\t<img decoding=\"async\" width=\"500\" height=\"522\" src=\"https:\/\/www.mundusmaris.org\/wp-content\/uploads\/2026\/06\/DSC02312.jpg\" class=\"attachment-full size-full wp-post-image\" alt=\"\" srcset=\"https:\/\/www.mundusmaris.org\/wp-content\/uploads\/2026\/06\/DSC02312-200x209.jpg 200w, https:\/\/www.mundusmaris.org\/wp-content\/uploads\/2026\/06\/DSC02312-400x418.jpg 400w, https:\/\/www.mundusmaris.org\/wp-content\/uploads\/2026\/06\/DSC02312.jpg 500w\" sizes=\"(min-width: 2200px) 100vw, (min-width: 784px) 373px, (min-width: 712px) 560px, (min-width: 640px) 712px, \" \/>\t\t\t<\/a>\n\t\t\t\t\t\t\t<\/div>\n<\/div><div class=\"fusion-meta-tb fusion-meta-tb-12 floated\" style=\"--awb-border-top:0px;--awb-height:36px;--awb-alignment-medium:flex-start;--awb-alignment-small:flex-start;\"><span class=\"fusion-tb-published-date\">Published On: 9 de junio de 2026<\/span><span class=\"fusion-meta-tb-sep\"><\/span><\/div><div class=\"fusion-title title fusion-title-13 fusion-sep-none fusion-title-text fusion-title-size-four\" style=\"--awb-margin-top:20px;--awb-margin-right:20px;--awb-margin-bottom:20px;--awb-margin-left:20px;--awb-margin-top-small:10px;--awb-margin-right-small:0px;--awb-margin-bottom-small:10px;--awb-margin-left-small:0px;--awb-font-size:24px;\"><h4 class=\"fusion-title-heading title-heading-left\" style=\"font-family:&quot;IBM Plex Sans Condensed&quot;;font-style:normal;font-weight:500;margin:0;font-size:1em;line-height:1.2;\"><a href=\"https:\/\/www.mundusmaris.org\/es\/dia-mundial-del-oceano\/wod-2026-es\/world-ocean-day-clean-up-attracts-several-seniors-in-hilden-germanyworld-ocean-day-clean-up-attracts-several-seniors-in-hilden-germany\/\" class=\"awb-custom-text-color awb-custom-text-hover-color\" target=\"_self\">World Ocean Day clean up attracts several seniors in Hilden, Germany<\/a><\/h4><\/div><\/div><\/li>\n<li class=\"fusion-layout-column fusion_builder_column fusion-builder-column-14 fusion-flex-column post-card fusion-grid-column fusion-post-cards-grid-column\" style=\"--awb-bg-color:var(--awb-color1);--awb-bg-color-hover:var(--awb-color1);--awb-bg-blend:overlay;--awb-bg-size:cover;--awb-flex-grow:0;--awb-flex-shrink:0;--awb-flex-grow-medium:;--awb-flex-shrink-medium:;--awb-flex-grow-small:;--awb-flex-shrink-small:;\" data-scroll-devices=\"small-visibility,medium-visibility,large-visibility\"><div class=\"fusion-column-wrapper fusion-column-has-shadow fusion-flex-justify-content-space-around fusion-content-layout-column\"><div class=\"fusion-classic-product-image-wrapper fusion-woo-product-image fusion-post-card-image fusion-post-card-image-1 has-aspect-ratio\" data-layout=\"static\" style=\"--awb-aspect-ratio:3 \/ 2;\"><div  class=\"fusion-image-wrapper\" aria-haspopup=\"true\">\n\t\t\t\t\t\t\t<a href=\"https:\/\/www.mundusmaris.org\/es\/academia-de-pesca-en-pequena-escala\/plunder-in-the-atlantic-when-overfishing-threatens-the-sea-and-coastal-communities\/\" aria-label=\"Plunder in the Atlantic: When Overfishing Threatens the Sea and Coastal Communities\">\n\t\t\t\t\t\t\t<img decoding=\"async\" width=\"799\" height=\"442\" src=\"https:\/\/www.mundusmaris.org\/wp-content\/uploads\/2026\/06\/PirogueMigration800.jpg\" class=\"attachment-full size-full wp-post-image\" alt=\"\" srcset=\"https:\/\/www.mundusmaris.org\/wp-content\/uploads\/2026\/06\/PirogueMigration800-200x111.jpg 200w, https:\/\/www.mundusmaris.org\/wp-content\/uploads\/2026\/06\/PirogueMigration800-400x221.jpg 400w, https:\/\/www.mundusmaris.org\/wp-content\/uploads\/2026\/06\/PirogueMigration800-600x332.jpg 600w, https:\/\/www.mundusmaris.org\/wp-content\/uploads\/2026\/06\/PirogueMigration800.jpg 799w\" sizes=\"(min-width: 2200px) 100vw, (min-width: 784px) 373px, (min-width: 712px) 560px, (min-width: 640px) 712px, \" \/>\t\t\t<\/a>\n\t\t\t\t\t\t\t<\/div>\n<\/div><div class=\"fusion-meta-tb fusion-meta-tb-13 floated\" style=\"--awb-border-top:0px;--awb-height:36px;--awb-alignment-medium:flex-start;--awb-alignment-small:flex-start;\"><span class=\"fusion-tb-published-date\">Published On: 2 de junio de 2026<\/span><span class=\"fusion-meta-tb-sep\"><\/span><\/div><div class=\"fusion-title title fusion-title-14 fusion-sep-none fusion-title-text fusion-title-size-four\" style=\"--awb-margin-top:20px;--awb-margin-right:20px;--awb-margin-bottom:20px;--awb-margin-left:20px;--awb-margin-top-small:10px;--awb-margin-right-small:0px;--awb-margin-bottom-small:10px;--awb-margin-left-small:0px;--awb-font-size:24px;\"><h4 class=\"fusion-title-heading title-heading-left\" style=\"font-family:&quot;IBM Plex Sans Condensed&quot;;font-style:normal;font-weight:500;margin:0;font-size:1em;line-height:1.2;\"><a href=\"https:\/\/www.mundusmaris.org\/es\/academia-de-pesca-en-pequena-escala\/plunder-in-the-atlantic-when-overfishing-threatens-the-sea-and-coastal-communities\/\" class=\"awb-custom-text-color awb-custom-text-hover-color\" target=\"_self\">Plunder in the Atlantic: When Overfishing Threatens the Sea and Coastal Communities<\/a><\/h4><\/div><\/div><\/li>\n<li class=\"fusion-layout-column fusion_builder_column fusion-builder-column-15 fusion-flex-column post-card fusion-grid-column fusion-post-cards-grid-column\" style=\"--awb-bg-color:var(--awb-color1);--awb-bg-color-hover:var(--awb-color1);--awb-bg-blend:overlay;--awb-bg-size:cover;--awb-flex-grow:0;--awb-flex-shrink:0;--awb-flex-grow-medium:;--awb-flex-shrink-medium:;--awb-flex-grow-small:;--awb-flex-shrink-small:;\" data-scroll-devices=\"small-visibility,medium-visibility,large-visibility\"><div class=\"fusion-column-wrapper fusion-column-has-shadow fusion-flex-justify-content-space-around fusion-content-layout-column\"><div class=\"fusion-classic-product-image-wrapper fusion-woo-product-image fusion-post-card-image fusion-post-card-image-1 has-aspect-ratio\" data-layout=\"static\" style=\"--awb-aspect-ratio:3 \/ 2;\"><div  class=\"fusion-image-wrapper\" aria-haspopup=\"true\">\n\t\t\t\t\t\t\t<a href=\"https:\/\/www.mundusmaris.org\/es\/eventos\/mundus-maris-at-the-3rd-african-maritime-symposium-2026\/\" aria-label=\"Mundus maris at the 3rd African Maritime Symposium 2026\">\n\t\t\t\t\t\t\t<img decoding=\"async\" width=\"500\" height=\"531\" src=\"https:\/\/www.mundusmaris.org\/wp-content\/uploads\/2026\/05\/Stella3rdAMS-feature.jpg\" class=\"attachment-full size-full wp-post-image\" alt=\"\" srcset=\"https:\/\/www.mundusmaris.org\/wp-content\/uploads\/2026\/05\/Stella3rdAMS-feature-200x212.jpg 200w, https:\/\/www.mundusmaris.org\/wp-content\/uploads\/2026\/05\/Stella3rdAMS-feature-400x425.jpg 400w, https:\/\/www.mundusmaris.org\/wp-content\/uploads\/2026\/05\/Stella3rdAMS-feature.jpg 500w\" sizes=\"(min-width: 2200px) 100vw, (min-width: 784px) 373px, (min-width: 712px) 560px, (min-width: 640px) 712px, \" \/>\t\t\t<\/a>\n\t\t\t\t\t\t\t<\/div>\n<\/div><div class=\"fusion-meta-tb fusion-meta-tb-14 floated\" style=\"--awb-border-top:0px;--awb-height:36px;--awb-alignment-medium:flex-start;--awb-alignment-small:flex-start;\"><span class=\"fusion-tb-published-date\">Published On: 15 de mayo de 2026<\/span><span class=\"fusion-meta-tb-sep\"><\/span><\/div><div class=\"fusion-title title fusion-title-15 fusion-sep-none fusion-title-text fusion-title-size-four\" style=\"--awb-margin-top:20px;--awb-margin-right:20px;--awb-margin-bottom:20px;--awb-margin-left:20px;--awb-margin-top-small:10px;--awb-margin-right-small:0px;--awb-margin-bottom-small:10px;--awb-margin-left-small:0px;--awb-font-size:24px;\"><h4 class=\"fusion-title-heading title-heading-left\" style=\"font-family:&quot;IBM Plex Sans Condensed&quot;;font-style:normal;font-weight:500;margin:0;font-size:1em;line-height:1.2;\"><a href=\"https:\/\/www.mundusmaris.org\/es\/eventos\/mundus-maris-at-the-3rd-african-maritime-symposium-2026\/\" class=\"awb-custom-text-color awb-custom-text-hover-color\" target=\"_self\">Mundus maris at the 3rd African Maritime Symposium 2026<\/a><\/h4><\/div><\/div><\/li>\n<li class=\"fusion-layout-column fusion_builder_column fusion-builder-column-16 fusion-flex-column post-card fusion-grid-column fusion-post-cards-grid-column\" style=\"--awb-bg-color:var(--awb-color1);--awb-bg-color-hover:var(--awb-color1);--awb-bg-blend:overlay;--awb-bg-size:cover;--awb-flex-grow:0;--awb-flex-shrink:0;--awb-flex-grow-medium:;--awb-flex-shrink-medium:;--awb-flex-grow-small:;--awb-flex-shrink-small:;\" data-scroll-devices=\"small-visibility,medium-visibility,large-visibility\"><div class=\"fusion-column-wrapper fusion-column-has-shadow fusion-flex-justify-content-space-around fusion-content-layout-column\"><div class=\"fusion-classic-product-image-wrapper fusion-woo-product-image fusion-post-card-image fusion-post-card-image-1 has-aspect-ratio\" data-layout=\"static\" style=\"--awb-aspect-ratio:3 \/ 2;\"><div  class=\"fusion-image-wrapper\" aria-haspopup=\"true\">\n\t\t\t\t\t\t\t<a href=\"https:\/\/www.mundusmaris.org\/es\/academia-de-pesca-en-pequena-escala\/our-power-our-planet-celebrating-earth-day-webinar\/\" aria-label=\"Our Power, Our Planet &#8211; Celebrating Earth Day Webinar\">\n\t\t\t\t\t\t\t<img decoding=\"async\" width=\"499\" height=\"344\" src=\"https:\/\/www.mundusmaris.org\/wp-content\/uploads\/2026\/05\/InvitationToWebinar20260512Feature.jpg\" class=\"attachment-full size-full wp-post-image\" alt=\"\" srcset=\"https:\/\/www.mundusmaris.org\/wp-content\/uploads\/2026\/05\/InvitationToWebinar20260512Feature-200x138.jpg 200w, https:\/\/www.mundusmaris.org\/wp-content\/uploads\/2026\/05\/InvitationToWebinar20260512Feature-400x276.jpg 400w, https:\/\/www.mundusmaris.org\/wp-content\/uploads\/2026\/05\/InvitationToWebinar20260512Feature.jpg 499w\" sizes=\"(min-width: 2200px) 100vw, (min-width: 784px) 373px, (min-width: 712px) 560px, (min-width: 640px) 712px, \" \/>\t\t\t<\/a>\n\t\t\t\t\t\t\t<\/div>\n<\/div><div class=\"fusion-meta-tb fusion-meta-tb-15 floated\" style=\"--awb-border-top:0px;--awb-height:36px;--awb-alignment-medium:flex-start;--awb-alignment-small:flex-start;\"><span class=\"fusion-tb-published-date\">Published On: 14 de mayo de 2026<\/span><span class=\"fusion-meta-tb-sep\"><\/span><\/div><div class=\"fusion-title title fusion-title-16 fusion-sep-none fusion-title-text fusion-title-size-four\" style=\"--awb-margin-top:20px;--awb-margin-right:20px;--awb-margin-bottom:20px;--awb-margin-left:20px;--awb-margin-top-small:10px;--awb-margin-right-small:0px;--awb-margin-bottom-small:10px;--awb-margin-left-small:0px;--awb-font-size:24px;\"><h4 class=\"fusion-title-heading title-heading-left\" style=\"font-family:&quot;IBM Plex Sans Condensed&quot;;font-style:normal;font-weight:500;margin:0;font-size:1em;line-height:1.2;\"><a href=\"https:\/\/www.mundusmaris.org\/es\/academia-de-pesca-en-pequena-escala\/our-power-our-planet-celebrating-earth-day-webinar\/\" class=\"awb-custom-text-color awb-custom-text-hover-color\" target=\"_self\">Our Power, Our Planet &#8211; Celebrating Earth Day Webinar<\/a><\/h4><\/div><\/div><\/li>\n<li class=\"fusion-layout-column fusion_builder_column fusion-builder-column-17 fusion-flex-column post-card fusion-grid-column fusion-post-cards-grid-column\" style=\"--awb-bg-color:var(--awb-color1);--awb-bg-color-hover:var(--awb-color1);--awb-bg-blend:overlay;--awb-bg-size:cover;--awb-flex-grow:0;--awb-flex-shrink:0;--awb-flex-grow-medium:;--awb-flex-shrink-medium:;--awb-flex-grow-small:;--awb-flex-shrink-small:;\" data-scroll-devices=\"small-visibility,medium-visibility,large-visibility\"><div class=\"fusion-column-wrapper fusion-column-has-shadow fusion-flex-justify-content-space-around fusion-content-layout-column\"><div class=\"fusion-classic-product-image-wrapper fusion-woo-product-image fusion-post-card-image fusion-post-card-image-1 has-aspect-ratio\" data-layout=\"static\" style=\"--awb-aspect-ratio:3 \/ 2;\"><div  class=\"fusion-image-wrapper\" aria-haspopup=\"true\">\n\t\t\t\t\t\t\t<a href=\"https:\/\/www.mundusmaris.org\/es\/alfabetizacion-oceanica-y-divulgacion\/love-your-ocean-volunteering-action-day-in-hilden-germany-9-may-2026\/\" aria-label=\"Love your ocean &#8211; volunteering action day in Hilden, Germany, 9 May 2026\">\n\t\t\t\t\t\t\t<img decoding=\"async\" width=\"500\" height=\"394\" src=\"https:\/\/www.mundusmaris.org\/wp-content\/uploads\/2026\/05\/Feature2.jpg\" class=\"attachment-full size-full wp-post-image\" alt=\"\" srcset=\"https:\/\/www.mundusmaris.org\/wp-content\/uploads\/2026\/05\/Feature2-200x158.jpg 200w, https:\/\/www.mundusmaris.org\/wp-content\/uploads\/2026\/05\/Feature2-400x315.jpg 400w, https:\/\/www.mundusmaris.org\/wp-content\/uploads\/2026\/05\/Feature2.jpg 500w\" sizes=\"(min-width: 2200px) 100vw, (min-width: 784px) 373px, (min-width: 712px) 560px, (min-width: 640px) 712px, \" \/>\t\t\t<\/a>\n\t\t\t\t\t\t\t<\/div>\n<\/div><div class=\"fusion-meta-tb fusion-meta-tb-16 floated\" style=\"--awb-border-top:0px;--awb-height:36px;--awb-alignment-medium:flex-start;--awb-alignment-small:flex-start;\"><span class=\"fusion-tb-published-date\">Published On: 11 de mayo de 2026<\/span><span class=\"fusion-meta-tb-sep\"><\/span><\/div><div class=\"fusion-title title fusion-title-17 fusion-sep-none fusion-title-text fusion-title-size-four\" style=\"--awb-margin-top:20px;--awb-margin-right:20px;--awb-margin-bottom:20px;--awb-margin-left:20px;--awb-margin-top-small:10px;--awb-margin-right-small:0px;--awb-margin-bottom-small:10px;--awb-margin-left-small:0px;--awb-font-size:24px;\"><h4 class=\"fusion-title-heading title-heading-left\" style=\"font-family:&quot;IBM Plex Sans Condensed&quot;;font-style:normal;font-weight:500;margin:0;font-size:1em;line-height:1.2;\"><a href=\"https:\/\/www.mundusmaris.org\/es\/alfabetizacion-oceanica-y-divulgacion\/love-your-ocean-volunteering-action-day-in-hilden-germany-9-may-2026\/\" class=\"awb-custom-text-color awb-custom-text-hover-color\" target=\"_self\">Love your ocean &#8211; volunteering action day in Hilden, Germany, 9 May 2026<\/a><\/h4><\/div><\/div><\/li>\n<li class=\"fusion-layout-column fusion_builder_column fusion-builder-column-18 fusion-flex-column post-card fusion-grid-column fusion-post-cards-grid-column\" style=\"--awb-bg-color:var(--awb-color1);--awb-bg-color-hover:var(--awb-color1);--awb-bg-blend:overlay;--awb-bg-size:cover;--awb-flex-grow:0;--awb-flex-shrink:0;--awb-flex-grow-medium:;--awb-flex-shrink-medium:;--awb-flex-grow-small:;--awb-flex-shrink-small:;\" data-scroll-devices=\"small-visibility,medium-visibility,large-visibility\"><div class=\"fusion-column-wrapper fusion-column-has-shadow fusion-flex-justify-content-space-around fusion-content-layout-column\"><div class=\"fusion-classic-product-image-wrapper fusion-woo-product-image fusion-post-card-image fusion-post-card-image-1 has-aspect-ratio\" data-layout=\"static\" style=\"--awb-aspect-ratio:3 \/ 2;\"><div  class=\"fusion-image-wrapper\" aria-haspopup=\"true\">\n\t\t\t\t\t\t\t<a href=\"https:\/\/www.mundusmaris.org\/es\/academia-de-pesca-en-pequena-escala\/mundus-maris-en-egu26-del-3-al-8-de-mayo-de-2026\/\" aria-label=\"Mundus maris en EGU26, del 3 al 8 de mayo de 2026\">\n\t\t\t\t\t\t\t<img decoding=\"async\" width=\"500\" height=\"309\" src=\"https:\/\/www.mundusmaris.org\/wp-content\/uploads\/2026\/05\/CENatEGU2026_500.jpg\" class=\"attachment-full size-full wp-post-image\" alt=\"\" srcset=\"https:\/\/www.mundusmaris.org\/wp-content\/uploads\/2026\/05\/CENatEGU2026_500-200x124.jpg 200w, https:\/\/www.mundusmaris.org\/wp-content\/uploads\/2026\/05\/CENatEGU2026_500-400x247.jpg 400w, https:\/\/www.mundusmaris.org\/wp-content\/uploads\/2026\/05\/CENatEGU2026_500.jpg 500w\" sizes=\"(min-width: 2200px) 100vw, (min-width: 784px) 373px, (min-width: 712px) 560px, (min-width: 640px) 712px, \" \/>\t\t\t<\/a>\n\t\t\t\t\t\t\t<\/div>\n<\/div><div class=\"fusion-meta-tb fusion-meta-tb-17 floated\" style=\"--awb-border-top:0px;--awb-height:36px;--awb-alignment-medium:flex-start;--awb-alignment-small:flex-start;\"><span class=\"fusion-tb-published-date\">Published On: 10 de mayo de 2026<\/span><span class=\"fusion-meta-tb-sep\"><\/span><\/div><div class=\"fusion-title title fusion-title-18 fusion-sep-none fusion-title-text fusion-title-size-four\" style=\"--awb-margin-top:20px;--awb-margin-right:20px;--awb-margin-bottom:20px;--awb-margin-left:20px;--awb-margin-top-small:10px;--awb-margin-right-small:0px;--awb-margin-bottom-small:10px;--awb-margin-left-small:0px;--awb-font-size:24px;\"><h4 class=\"fusion-title-heading title-heading-left\" style=\"font-family:&quot;IBM Plex Sans Condensed&quot;;font-style:normal;font-weight:500;margin:0;font-size:1em;line-height:1.2;\"><a href=\"https:\/\/www.mundusmaris.org\/es\/academia-de-pesca-en-pequena-escala\/mundus-maris-en-egu26-del-3-al-8-de-mayo-de-2026\/\" class=\"awb-custom-text-color awb-custom-text-hover-color\" target=\"_self\">Mundus maris en EGU26, del 3 al 8 de mayo de 2026<\/a><\/h4><\/div><\/div><\/li>\n<li class=\"fusion-layout-column fusion_builder_column fusion-builder-column-19 fusion-flex-column post-card fusion-grid-column fusion-post-cards-grid-column\" style=\"--awb-bg-color:var(--awb-color1);--awb-bg-color-hover:var(--awb-color1);--awb-bg-blend:overlay;--awb-bg-size:cover;--awb-flex-grow:0;--awb-flex-shrink:0;--awb-flex-grow-medium:;--awb-flex-shrink-medium:;--awb-flex-grow-small:;--awb-flex-shrink-small:;\" data-scroll-devices=\"small-visibility,medium-visibility,large-visibility\"><div class=\"fusion-column-wrapper fusion-column-has-shadow fusion-flex-justify-content-space-around fusion-content-layout-column\"><div class=\"fusion-classic-product-image-wrapper fusion-woo-product-image fusion-post-card-image fusion-post-card-image-1 has-aspect-ratio\" data-layout=\"static\" style=\"--awb-aspect-ratio:3 \/ 2;\"><div  class=\"fusion-image-wrapper\" aria-haspopup=\"true\">\n\t\t\t\t\t\t\t<a href=\"https:\/\/www.mundusmaris.org\/es\/academia-de-pesca-en-pequena-escala\/mundus-maris-at-the-aspirational-5th-world-ssf-summit-thailand\/\" aria-label=\"Mundus maris at the aspirational 5th World SSF Summit, Thailand\">\n\t\t\t\t\t\t\t<img decoding=\"async\" width=\"1980\" height=\"1486\" src=\"https:\/\/www.mundusmaris.org\/wp-content\/uploads\/2026\/05\/WhatsApp-Image-2026-05-06-at-19.03.48-scaled.jpeg\" class=\"attachment-full size-full wp-post-image\" alt=\"\" srcset=\"https:\/\/www.mundusmaris.org\/wp-content\/uploads\/2026\/05\/WhatsApp-Image-2026-05-06-at-19.03.48-200x150.jpeg 200w, https:\/\/www.mundusmaris.org\/wp-content\/uploads\/2026\/05\/WhatsApp-Image-2026-05-06-at-19.03.48-400x300.jpeg 400w, https:\/\/www.mundusmaris.org\/wp-content\/uploads\/2026\/05\/WhatsApp-Image-2026-05-06-at-19.03.48-600x450.jpeg 600w, https:\/\/www.mundusmaris.org\/wp-content\/uploads\/2026\/05\/WhatsApp-Image-2026-05-06-at-19.03.48-800x600.jpeg 800w, https:\/\/www.mundusmaris.org\/wp-content\/uploads\/2026\/05\/WhatsApp-Image-2026-05-06-at-19.03.48-1200x900.jpeg 1200w, https:\/\/www.mundusmaris.org\/wp-content\/uploads\/2026\/05\/WhatsApp-Image-2026-05-06-at-19.03.48-scaled.jpeg 1980w\" sizes=\"(min-width: 2200px) 100vw, (min-width: 784px) 373px, (min-width: 712px) 560px, (min-width: 640px) 712px, \" \/>\t\t\t<\/a>\n\t\t\t\t\t\t\t<\/div>\n<\/div><div class=\"fusion-meta-tb fusion-meta-tb-18 floated\" style=\"--awb-border-top:0px;--awb-height:36px;--awb-alignment-medium:flex-start;--awb-alignment-small:flex-start;\"><span class=\"fusion-tb-published-date\">Published On: 2 de mayo de 2026<\/span><span class=\"fusion-meta-tb-sep\"><\/span><\/div><div class=\"fusion-title title fusion-title-19 fusion-sep-none fusion-title-text fusion-title-size-four\" style=\"--awb-margin-top:20px;--awb-margin-right:20px;--awb-margin-bottom:20px;--awb-margin-left:20px;--awb-margin-top-small:10px;--awb-margin-right-small:0px;--awb-margin-bottom-small:10px;--awb-margin-left-small:0px;--awb-font-size:24px;\"><h4 class=\"fusion-title-heading title-heading-left\" style=\"font-family:&quot;IBM Plex Sans Condensed&quot;;font-style:normal;font-weight:500;margin:0;font-size:1em;line-height:1.2;\"><a href=\"https:\/\/www.mundusmaris.org\/es\/academia-de-pesca-en-pequena-escala\/mundus-maris-at-the-aspirational-5th-world-ssf-summit-thailand\/\" class=\"awb-custom-text-color awb-custom-text-hover-color\" target=\"_self\">Mundus maris at the aspirational 5th World SSF Summit, Thailand<\/a><\/h4><\/div><\/div><\/li>\n<li class=\"fusion-layout-column fusion_builder_column fusion-builder-column-20 fusion-flex-column post-card fusion-grid-column fusion-post-cards-grid-column\" style=\"--awb-bg-color:var(--awb-color1);--awb-bg-color-hover:var(--awb-color1);--awb-bg-blend:overlay;--awb-bg-size:cover;--awb-flex-grow:0;--awb-flex-shrink:0;--awb-flex-grow-medium:;--awb-flex-shrink-medium:;--awb-flex-grow-small:;--awb-flex-shrink-small:;\" data-scroll-devices=\"small-visibility,medium-visibility,large-visibility\"><div class=\"fusion-column-wrapper fusion-column-has-shadow fusion-flex-justify-content-space-around fusion-content-layout-column\"><div class=\"fusion-classic-product-image-wrapper fusion-woo-product-image fusion-post-card-image fusion-post-card-image-1 has-aspect-ratio\" data-layout=\"static\" style=\"--awb-aspect-ratio:3 \/ 2;\"><div  class=\"fusion-image-wrapper\" aria-haspopup=\"true\">\n\t\t\t\t\t\t\t<a href=\"https:\/\/www.mundusmaris.org\/es\/muestras\/expedition-ocean\/\" aria-label=\"Expedition Ocean\">\n\t\t\t\t\t\t\t<img decoding=\"async\" width=\"500\" height=\"375\" src=\"https:\/\/www.mundusmaris.org\/wp-content\/uploads\/2026\/04\/ExpeditionWeltmeere.jpg\" class=\"attachment-full size-full wp-post-image\" alt=\"\" srcset=\"https:\/\/www.mundusmaris.org\/wp-content\/uploads\/2026\/04\/ExpeditionWeltmeere-200x150.jpg 200w, https:\/\/www.mundusmaris.org\/wp-content\/uploads\/2026\/04\/ExpeditionWeltmeere-400x300.jpg 400w, https:\/\/www.mundusmaris.org\/wp-content\/uploads\/2026\/04\/ExpeditionWeltmeere.jpg 500w\" sizes=\"(min-width: 2200px) 100vw, (min-width: 784px) 373px, (min-width: 712px) 560px, (min-width: 640px) 712px, \" \/>\t\t\t<\/a>\n\t\t\t\t\t\t\t<\/div>\n<\/div><div class=\"fusion-meta-tb fusion-meta-tb-19 floated\" style=\"--awb-border-top:0px;--awb-height:36px;--awb-alignment-medium:flex-start;--awb-alignment-small:flex-start;\"><span class=\"fusion-tb-published-date\">Published On: 29 de marzo de 2026<\/span><span class=\"fusion-meta-tb-sep\"><\/span><\/div><div class=\"fusion-title title fusion-title-20 fusion-sep-none fusion-title-text fusion-title-size-four\" style=\"--awb-margin-top:20px;--awb-margin-right:20px;--awb-margin-bottom:20px;--awb-margin-left:20px;--awb-margin-top-small:10px;--awb-margin-right-small:0px;--awb-margin-bottom-small:10px;--awb-margin-left-small:0px;--awb-font-size:24px;\"><h4 class=\"fusion-title-heading title-heading-left\" style=\"font-family:&quot;IBM Plex Sans Condensed&quot;;font-style:normal;font-weight:500;margin:0;font-size:1em;line-height:1.2;\"><a href=\"https:\/\/www.mundusmaris.org\/es\/muestras\/expedition-ocean\/\" class=\"awb-custom-text-color awb-custom-text-hover-color\" target=\"_self\">Expedition Ocean<\/a><\/h4><\/div><\/div><\/li>\n<li class=\"fusion-layout-column fusion_builder_column fusion-builder-column-21 fusion-flex-column post-card fusion-grid-column fusion-post-cards-grid-column\" style=\"--awb-bg-color:var(--awb-color1);--awb-bg-color-hover:var(--awb-color1);--awb-bg-blend:overlay;--awb-bg-size:cover;--awb-flex-grow:0;--awb-flex-shrink:0;--awb-flex-grow-medium:;--awb-flex-shrink-medium:;--awb-flex-grow-small:;--awb-flex-shrink-small:;\" data-scroll-devices=\"small-visibility,medium-visibility,large-visibility\"><div class=\"fusion-column-wrapper fusion-column-has-shadow fusion-flex-justify-content-space-around fusion-content-layout-column\"><div class=\"fusion-classic-product-image-wrapper fusion-woo-product-image fusion-post-card-image fusion-post-card-image-1 has-aspect-ratio\" data-layout=\"static\" style=\"--awb-aspect-ratio:3 \/ 2;\"><div  class=\"fusion-image-wrapper\" aria-haspopup=\"true\">\n\t\t\t\t\t\t\t<a href=\"https:\/\/www.mundusmaris.org\/es\/eventos\/impressions-from-the-eu-ocean-days-2026-in-brussels\/\" aria-label=\"Impressions from the EU Ocean Days 2026 in Brussels\">\n\t\t\t\t\t\t\t<img decoding=\"async\" width=\"500\" height=\"500\" src=\"https:\/\/www.mundusmaris.org\/wp-content\/uploads\/2026\/03\/EUOceanDays2026.jpg\" class=\"attachment-full size-full wp-post-image\" alt=\"\" srcset=\"https:\/\/www.mundusmaris.org\/wp-content\/uploads\/2026\/03\/EUOceanDays2026-200x200.jpg 200w, https:\/\/www.mundusmaris.org\/wp-content\/uploads\/2026\/03\/EUOceanDays2026-400x400.jpg 400w, https:\/\/www.mundusmaris.org\/wp-content\/uploads\/2026\/03\/EUOceanDays2026.jpg 500w\" sizes=\"(min-width: 2200px) 100vw, (min-width: 784px) 373px, (min-width: 712px) 560px, (min-width: 640px) 712px, \" \/>\t\t\t<\/a>\n\t\t\t\t\t\t\t<\/div>\n<\/div><div class=\"fusion-meta-tb fusion-meta-tb-20 floated\" style=\"--awb-border-top:0px;--awb-height:36px;--awb-alignment-medium:flex-start;--awb-alignment-small:flex-start;\"><span class=\"fusion-tb-published-date\">Published On: 9 de marzo de 2026<\/span><span class=\"fusion-meta-tb-sep\"><\/span><\/div><div class=\"fusion-title title fusion-title-21 fusion-sep-none fusion-title-text fusion-title-size-four\" style=\"--awb-margin-top:20px;--awb-margin-right:20px;--awb-margin-bottom:20px;--awb-margin-left:20px;--awb-margin-top-small:10px;--awb-margin-right-small:0px;--awb-margin-bottom-small:10px;--awb-margin-left-small:0px;--awb-font-size:24px;\"><h4 class=\"fusion-title-heading title-heading-left\" style=\"font-family:&quot;IBM Plex Sans Condensed&quot;;font-style:normal;font-weight:500;margin:0;font-size:1em;line-height:1.2;\"><a href=\"https:\/\/www.mundusmaris.org\/es\/eventos\/impressions-from-the-eu-ocean-days-2026-in-brussels\/\" class=\"awb-custom-text-color awb-custom-text-hover-color\" target=\"_self\">Impressions from the EU Ocean Days 2026 in Brussels<\/a><\/h4><\/div><\/div><\/li>\n<li class=\"fusion-layout-column fusion_builder_column fusion-builder-column-22 fusion-flex-column post-card fusion-grid-column fusion-post-cards-grid-column\" style=\"--awb-bg-color:var(--awb-color1);--awb-bg-color-hover:var(--awb-color1);--awb-bg-blend:overlay;--awb-bg-size:cover;--awb-flex-grow:0;--awb-flex-shrink:0;--awb-flex-grow-medium:;--awb-flex-shrink-medium:;--awb-flex-grow-small:;--awb-flex-shrink-small:;\" data-scroll-devices=\"small-visibility,medium-visibility,large-visibility\"><div class=\"fusion-column-wrapper fusion-column-has-shadow fusion-flex-justify-content-space-around fusion-content-layout-column\"><div class=\"fusion-classic-product-image-wrapper fusion-woo-product-image fusion-post-card-image fusion-post-card-image-1 has-aspect-ratio\" data-layout=\"static\" style=\"--awb-aspect-ratio:3 \/ 2;\"><div  class=\"fusion-image-wrapper\" aria-haspopup=\"true\">\n\t\t\t\t\t\t\t<a href=\"https:\/\/www.mundusmaris.org\/es\/academia-de-pesca-en-pequena-escala\/convertir-una-plaga-acuatica-en-una-fuente-de-ingresos\/\" aria-label=\"Convertir una plaga acu\u00e1tica en una fuente de ingresos\">\n\t\t\t\t\t\t\t<img decoding=\"async\" width=\"500\" height=\"375\" src=\"https:\/\/www.mundusmaris.org\/wp-content\/uploads\/2026\/02\/Organisers-LASCAFAN_feature.jpg\" class=\"attachment-full size-full wp-post-image\" alt=\"\" srcset=\"https:\/\/www.mundusmaris.org\/wp-content\/uploads\/2026\/02\/Organisers-LASCAFAN_feature-200x150.jpg 200w, https:\/\/www.mundusmaris.org\/wp-content\/uploads\/2026\/02\/Organisers-LASCAFAN_feature-400x300.jpg 400w, https:\/\/www.mundusmaris.org\/wp-content\/uploads\/2026\/02\/Organisers-LASCAFAN_feature.jpg 500w\" sizes=\"(min-width: 2200px) 100vw, (min-width: 784px) 373px, (min-width: 712px) 560px, (min-width: 640px) 712px, \" \/>\t\t\t<\/a>\n\t\t\t\t\t\t\t<\/div>\n<\/div><div class=\"fusion-meta-tb fusion-meta-tb-21 floated\" style=\"--awb-border-top:0px;--awb-height:36px;--awb-alignment-medium:flex-start;--awb-alignment-small:flex-start;\"><span class=\"fusion-tb-published-date\">Published On: 28 de febrero de 2026<\/span><span class=\"fusion-meta-tb-sep\"><\/span><\/div><div class=\"fusion-title title fusion-title-22 fusion-sep-none fusion-title-text fusion-title-size-four\" style=\"--awb-margin-top:20px;--awb-margin-right:20px;--awb-margin-bottom:20px;--awb-margin-left:20px;--awb-margin-top-small:10px;--awb-margin-right-small:0px;--awb-margin-bottom-small:10px;--awb-margin-left-small:0px;--awb-font-size:24px;\"><h4 class=\"fusion-title-heading title-heading-left\" style=\"font-family:&quot;IBM Plex Sans Condensed&quot;;font-style:normal;font-weight:500;margin:0;font-size:1em;line-height:1.2;\"><a href=\"https:\/\/www.mundusmaris.org\/es\/academia-de-pesca-en-pequena-escala\/convertir-una-plaga-acuatica-en-una-fuente-de-ingresos\/\" class=\"awb-custom-text-color awb-custom-text-hover-color\" target=\"_self\">Convertir una plaga acu\u00e1tica en una fuente de ingresos<\/a><\/h4><\/div><\/div><\/li>\n<li class=\"fusion-layout-column fusion_builder_column fusion-builder-column-23 fusion-flex-column post-card fusion-grid-column fusion-post-cards-grid-column\" style=\"--awb-bg-color:var(--awb-color1);--awb-bg-color-hover:var(--awb-color1);--awb-bg-blend:overlay;--awb-bg-size:cover;--awb-flex-grow:0;--awb-flex-shrink:0;--awb-flex-grow-medium:;--awb-flex-shrink-medium:;--awb-flex-grow-small:;--awb-flex-shrink-small:;\" data-scroll-devices=\"small-visibility,medium-visibility,large-visibility\"><div class=\"fusion-column-wrapper fusion-column-has-shadow fusion-flex-justify-content-space-around fusion-content-layout-column\"><div class=\"fusion-classic-product-image-wrapper fusion-woo-product-image fusion-post-card-image fusion-post-card-image-1 has-aspect-ratio\" data-layout=\"static\" style=\"--awb-aspect-ratio:3 \/ 2;\"><div  class=\"fusion-image-wrapper\" aria-haspopup=\"true\">\n\t\t\t\t\t\t\t<a href=\"https:\/\/www.mundusmaris.org\/es\/alfabetizacion-oceanica-y-divulgacion\/reconnecting-to-the-beauty-of-the-sea-an-interview-with-martina-gaglioti\/\" aria-label=\"Reconnecting to the beauty of the sea &#8211; an interview with Martina Gaglioti\">\n\t\t\t\t\t\t\t<img decoding=\"async\" width=\"500\" height=\"375\" src=\"https:\/\/www.mundusmaris.org\/wp-content\/uploads\/2026\/02\/MartinaFeaturePic-rotated.jpg\" class=\"attachment-full size-full wp-post-image\" alt=\"\" srcset=\"https:\/\/www.mundusmaris.org\/wp-content\/uploads\/2026\/02\/MartinaFeaturePic-200x150.jpg 200w, https:\/\/www.mundusmaris.org\/wp-content\/uploads\/2026\/02\/MartinaFeaturePic-400x300.jpg 400w, https:\/\/www.mundusmaris.org\/wp-content\/uploads\/2026\/02\/MartinaFeaturePic-rotated.jpg 500w\" sizes=\"(min-width: 2200px) 100vw, (min-width: 784px) 373px, (min-width: 712px) 560px, (min-width: 640px) 712px, \" \/>\t\t\t<\/a>\n\t\t\t\t\t\t\t<\/div>\n<\/div><div class=\"fusion-meta-tb fusion-meta-tb-22 floated\" style=\"--awb-border-top:0px;--awb-height:36px;--awb-alignment-medium:flex-start;--awb-alignment-small:flex-start;\"><span class=\"fusion-tb-published-date\">Published On: 26 de febrero de 2026<\/span><span class=\"fusion-meta-tb-sep\"><\/span><\/div><div class=\"fusion-title title fusion-title-23 fusion-sep-none fusion-title-text fusion-title-size-four\" style=\"--awb-margin-top:20px;--awb-margin-right:20px;--awb-margin-bottom:20px;--awb-margin-left:20px;--awb-margin-top-small:10px;--awb-margin-right-small:0px;--awb-margin-bottom-small:10px;--awb-margin-left-small:0px;--awb-font-size:24px;\"><h4 class=\"fusion-title-heading title-heading-left\" style=\"font-family:&quot;IBM Plex Sans Condensed&quot;;font-style:normal;font-weight:500;margin:0;font-size:1em;line-height:1.2;\"><a href=\"https:\/\/www.mundusmaris.org\/es\/alfabetizacion-oceanica-y-divulgacion\/reconnecting-to-the-beauty-of-the-sea-an-interview-with-martina-gaglioti\/\" class=\"awb-custom-text-color awb-custom-text-hover-color\" target=\"_self\">Reconnecting to the beauty of the sea &#8211; an interview with Martina Gaglioti<\/a><\/h4><\/div><\/div><\/li>\n<li class=\"fusion-layout-column fusion_builder_column fusion-builder-column-24 fusion-flex-column post-card fusion-grid-column fusion-post-cards-grid-column\" style=\"--awb-bg-color:var(--awb-color1);--awb-bg-color-hover:var(--awb-color1);--awb-bg-blend:overlay;--awb-bg-size:cover;--awb-flex-grow:0;--awb-flex-shrink:0;--awb-flex-grow-medium:;--awb-flex-shrink-medium:;--awb-flex-grow-small:;--awb-flex-shrink-small:;\" data-scroll-devices=\"small-visibility,medium-visibility,large-visibility\"><div class=\"fusion-column-wrapper fusion-column-has-shadow fusion-flex-justify-content-space-around fusion-content-layout-column\"><div class=\"fusion-classic-product-image-wrapper fusion-woo-product-image fusion-post-card-image fusion-post-card-image-1 has-aspect-ratio\" data-layout=\"static\" style=\"--awb-aspect-ratio:3 \/ 2;\"><div  class=\"fusion-image-wrapper\" aria-haspopup=\"true\">\n\t\t\t\t\t\t\t<a href=\"https:\/\/www.mundusmaris.org\/es\/actividades\/seguridad-climatica-y-oceanica\/for-a-strong-european-ocean-act\/\" aria-label=\"For a strong European Ocean Act\">\n\t\t\t\t\t\t\t<img decoding=\"async\" width=\"500\" height=\"368\" src=\"https:\/\/www.mundusmaris.org\/wp-content\/uploads\/2026\/02\/BlueManifesto500.jpg\" class=\"attachment-full size-full wp-post-image\" alt=\"\" srcset=\"https:\/\/www.mundusmaris.org\/wp-content\/uploads\/2026\/02\/BlueManifesto500-200x147.jpg 200w, https:\/\/www.mundusmaris.org\/wp-content\/uploads\/2026\/02\/BlueManifesto500-400x294.jpg 400w, https:\/\/www.mundusmaris.org\/wp-content\/uploads\/2026\/02\/BlueManifesto500.jpg 500w\" sizes=\"(min-width: 2200px) 100vw, (min-width: 784px) 373px, (min-width: 712px) 560px, (min-width: 640px) 712px, \" \/>\t\t\t<\/a>\n\t\t\t\t\t\t\t<\/div>\n<\/div><div class=\"fusion-meta-tb fusion-meta-tb-23 floated\" style=\"--awb-border-top:0px;--awb-height:36px;--awb-alignment-medium:flex-start;--awb-alignment-small:flex-start;\"><span class=\"fusion-tb-published-date\">Published On: 10 de febrero de 2026<\/span><span class=\"fusion-meta-tb-sep\"><\/span><\/div><div class=\"fusion-title title fusion-title-24 fusion-sep-none fusion-title-text fusion-title-size-four\" style=\"--awb-margin-top:20px;--awb-margin-right:20px;--awb-margin-bottom:20px;--awb-margin-left:20px;--awb-margin-top-small:10px;--awb-margin-right-small:0px;--awb-margin-bottom-small:10px;--awb-margin-left-small:0px;--awb-font-size:24px;\"><h4 class=\"fusion-title-heading title-heading-left\" style=\"font-family:&quot;IBM Plex Sans Condensed&quot;;font-style:normal;font-weight:500;margin:0;font-size:1em;line-height:1.2;\"><a href=\"https:\/\/www.mundusmaris.org\/es\/actividades\/seguridad-climatica-y-oceanica\/for-a-strong-european-ocean-act\/\" class=\"awb-custom-text-color awb-custom-text-hover-color\" target=\"_self\">For a strong European Ocean Act<\/a><\/h4><\/div><\/div><\/li>\n<li class=\"fusion-layout-column fusion_builder_column fusion-builder-column-25 fusion-flex-column post-card fusion-grid-column fusion-post-cards-grid-column\" style=\"--awb-bg-color:var(--awb-color1);--awb-bg-color-hover:var(--awb-color1);--awb-bg-blend:overlay;--awb-bg-size:cover;--awb-flex-grow:0;--awb-flex-shrink:0;--awb-flex-grow-medium:;--awb-flex-shrink-medium:;--awb-flex-grow-small:;--awb-flex-shrink-small:;\" data-scroll-devices=\"small-visibility,medium-visibility,large-visibility\"><div class=\"fusion-column-wrapper fusion-column-has-shadow fusion-flex-justify-content-space-around fusion-content-layout-column\"><div class=\"fusion-classic-product-image-wrapper fusion-woo-product-image fusion-post-card-image fusion-post-card-image-1 has-aspect-ratio\" data-layout=\"static\" style=\"--awb-aspect-ratio:3 \/ 2;\"><div  class=\"fusion-image-wrapper\" aria-haspopup=\"true\">\n\t\t\t\t\t\t\t<a href=\"\" aria-label=\"Mundus maris en la plataforma &#8216;Love Your Ocean&#8217; en Boot 2026\">\n\t\t\t\t\t\t\t\t\t\t<div class=\"fusion-placeholder-image\" data-origheight=\"150\" data-origwidth=\"100%\" style=\"width:100%;aspect-ratio:3 \/ 2;\"><\/div>\n\t\t\t\t\t<\/a>\n\t\t\t\t\t\t\t<\/div>\n<\/div><div class=\"fusion-meta-tb fusion-meta-tb-24 floated\" style=\"--awb-border-top:0px;--awb-height:36px;--awb-alignment-medium:flex-start;--awb-alignment-small:flex-start;\"><span class=\"fusion-tb-published-date\">Published On: 29 de enero de 2026<\/span><span class=\"fusion-meta-tb-sep\"><\/span><\/div><div class=\"fusion-title title fusion-title-25 fusion-sep-none fusion-title-text fusion-title-size-four\" style=\"--awb-margin-top:20px;--awb-margin-right:20px;--awb-margin-bottom:20px;--awb-margin-left:20px;--awb-margin-top-small:10px;--awb-margin-right-small:0px;--awb-margin-bottom-small:10px;--awb-margin-left-small:0px;--awb-font-size:24px;\"><h4 class=\"fusion-title-heading title-heading-left\" style=\"font-family:&quot;IBM Plex Sans Condensed&quot;;font-style:normal;font-weight:500;margin:0;font-size:1em;line-height:1.2;\"><a href=\"https:\/\/www.mundusmaris.org\/es\/actividades\/seguridad-climatica-y-oceanica\/mundus-maris-en-la-plataforma-love-your-ocean-en-boot-2026\/\" class=\"awb-custom-text-color awb-custom-text-hover-color\" target=\"_self\">Mundus maris en la plataforma &#8216;Love Your Ocean&#8217; en Boot 2026<\/a><\/h4><\/div><\/div><\/li>\n<li class=\"fusion-layout-column fusion_builder_column fusion-builder-column-26 fusion-flex-column post-card fusion-grid-column fusion-post-cards-grid-column\" style=\"--awb-bg-color:var(--awb-color1);--awb-bg-color-hover:var(--awb-color1);--awb-bg-blend:overlay;--awb-bg-size:cover;--awb-flex-grow:0;--awb-flex-shrink:0;--awb-flex-grow-medium:;--awb-flex-shrink-medium:;--awb-flex-grow-small:;--awb-flex-shrink-small:;\" data-scroll-devices=\"small-visibility,medium-visibility,large-visibility\"><div class=\"fusion-column-wrapper fusion-column-has-shadow fusion-flex-justify-content-space-around fusion-content-layout-column\"><div class=\"fusion-classic-product-image-wrapper fusion-woo-product-image fusion-post-card-image fusion-post-card-image-1 has-aspect-ratio\" data-layout=\"static\" style=\"--awb-aspect-ratio:3 \/ 2;\"><div  class=\"fusion-image-wrapper\" aria-haspopup=\"true\">\n\t\t\t\t\t\t\t<a href=\"https:\/\/www.mundusmaris.org\/es\/academia-de-pesca-en-pequena-escala\/ssf-and-environmentalists-rethink-fisheries-together\/\" aria-label=\"SSF and Environmentalists rethink fisheries together\">\n\t\t\t\t\t\t\t<img decoding=\"async\" width=\"500\" height=\"353\" src=\"https:\/\/www.mundusmaris.org\/wp-content\/uploads\/2025\/12\/RethinkFisheriesAnnouncement-Feature-1.jpg\" class=\"attachment-full size-full wp-post-image\" alt=\"\" srcset=\"https:\/\/www.mundusmaris.org\/wp-content\/uploads\/2025\/12\/RethinkFisheriesAnnouncement-Feature-1-200x141.jpg 200w, https:\/\/www.mundusmaris.org\/wp-content\/uploads\/2025\/12\/RethinkFisheriesAnnouncement-Feature-1-400x282.jpg 400w, https:\/\/www.mundusmaris.org\/wp-content\/uploads\/2025\/12\/RethinkFisheriesAnnouncement-Feature-1.jpg 500w\" sizes=\"(min-width: 2200px) 100vw, (min-width: 784px) 373px, (min-width: 712px) 560px, (min-width: 640px) 712px, \" \/>\t\t\t<\/a>\n\t\t\t\t\t\t\t<\/div>\n<\/div><div class=\"fusion-meta-tb fusion-meta-tb-25 floated\" style=\"--awb-border-top:0px;--awb-height:36px;--awb-alignment-medium:flex-start;--awb-alignment-small:flex-start;\"><span class=\"fusion-tb-published-date\">Published On: 15 de diciembre de 2025<\/span><span class=\"fusion-meta-tb-sep\"><\/span><\/div><div class=\"fusion-title title fusion-title-26 fusion-sep-none fusion-title-text fusion-title-size-four\" style=\"--awb-margin-top:20px;--awb-margin-right:20px;--awb-margin-bottom:20px;--awb-margin-left:20px;--awb-margin-top-small:10px;--awb-margin-right-small:0px;--awb-margin-bottom-small:10px;--awb-margin-left-small:0px;--awb-font-size:24px;\"><h4 class=\"fusion-title-heading title-heading-left\" style=\"font-family:&quot;IBM Plex Sans Condensed&quot;;font-style:normal;font-weight:500;margin:0;font-size:1em;line-height:1.2;\"><a href=\"https:\/\/www.mundusmaris.org\/es\/academia-de-pesca-en-pequena-escala\/ssf-and-environmentalists-rethink-fisheries-together\/\" class=\"awb-custom-text-color awb-custom-text-hover-color\" target=\"_self\">SSF and Environmentalists rethink fisheries together<\/a><\/h4><\/div><\/div><\/li>\n<li class=\"fusion-layout-column fusion_builder_column fusion-builder-column-27 fusion-flex-column post-card fusion-grid-column fusion-post-cards-grid-column\" style=\"--awb-bg-color:var(--awb-color1);--awb-bg-color-hover:var(--awb-color1);--awb-bg-blend:overlay;--awb-bg-size:cover;--awb-flex-grow:0;--awb-flex-shrink:0;--awb-flex-grow-medium:;--awb-flex-shrink-medium:;--awb-flex-grow-small:;--awb-flex-shrink-small:;\" data-scroll-devices=\"small-visibility,medium-visibility,large-visibility\"><div class=\"fusion-column-wrapper fusion-column-has-shadow fusion-flex-justify-content-space-around fusion-content-layout-column\"><div class=\"fusion-classic-product-image-wrapper fusion-woo-product-image fusion-post-card-image fusion-post-card-image-1 has-aspect-ratio\" data-layout=\"static\" style=\"--awb-aspect-ratio:3 \/ 2;\"><div  class=\"fusion-image-wrapper\" aria-haspopup=\"true\">\n\t\t\t\t\t\t\t<a href=\"https:\/\/www.mundusmaris.org\/es\/actividades\/seguridad-climatica-y-oceanica\/maritime-security-conference-2-3-december-2025-in-accra\/\" aria-label=\"Maritime Security Conference, 2-3 December 2025 in Accra\">\n\t\t\t\t\t\t\t<img decoding=\"async\" width=\"500\" height=\"491\" src=\"https:\/\/www.mundusmaris.org\/wp-content\/uploads\/2025\/12\/ConferenceLogoFeature.jpg\" class=\"attachment-full size-full wp-post-image\" alt=\"\" srcset=\"https:\/\/www.mundusmaris.org\/wp-content\/uploads\/2025\/12\/ConferenceLogoFeature-200x196.jpg 200w, https:\/\/www.mundusmaris.org\/wp-content\/uploads\/2025\/12\/ConferenceLogoFeature-400x393.jpg 400w, https:\/\/www.mundusmaris.org\/wp-content\/uploads\/2025\/12\/ConferenceLogoFeature.jpg 500w\" sizes=\"(min-width: 2200px) 100vw, (min-width: 784px) 373px, (min-width: 712px) 560px, (min-width: 640px) 712px, \" \/>\t\t\t<\/a>\n\t\t\t\t\t\t\t<\/div>\n<\/div><div class=\"fusion-meta-tb fusion-meta-tb-26 floated\" style=\"--awb-border-top:0px;--awb-height:36px;--awb-alignment-medium:flex-start;--awb-alignment-small:flex-start;\"><span class=\"fusion-tb-published-date\">Published On: 5 de diciembre de 2025<\/span><span class=\"fusion-meta-tb-sep\"><\/span><\/div><div class=\"fusion-title title fusion-title-27 fusion-sep-none fusion-title-text fusion-title-size-four\" style=\"--awb-margin-top:20px;--awb-margin-right:20px;--awb-margin-bottom:20px;--awb-margin-left:20px;--awb-margin-top-small:10px;--awb-margin-right-small:0px;--awb-margin-bottom-small:10px;--awb-margin-left-small:0px;--awb-font-size:24px;\"><h4 class=\"fusion-title-heading title-heading-left\" style=\"font-family:&quot;IBM Plex Sans Condensed&quot;;font-style:normal;font-weight:500;margin:0;font-size:1em;line-height:1.2;\"><a href=\"https:\/\/www.mundusmaris.org\/es\/actividades\/seguridad-climatica-y-oceanica\/maritime-security-conference-2-3-december-2025-in-accra\/\" class=\"awb-custom-text-color awb-custom-text-hover-color\" target=\"_self\">Maritime Security Conference, 2-3 December 2025 in Accra<\/a><\/h4><\/div><\/div><\/li>\n<li class=\"fusion-layout-column fusion_builder_column fusion-builder-column-28 fusion-flex-column post-card fusion-grid-column fusion-post-cards-grid-column\" style=\"--awb-bg-color:var(--awb-color1);--awb-bg-color-hover:var(--awb-color1);--awb-bg-blend:overlay;--awb-bg-size:cover;--awb-flex-grow:0;--awb-flex-shrink:0;--awb-flex-grow-medium:;--awb-flex-shrink-medium:;--awb-flex-grow-small:;--awb-flex-shrink-small:;\" data-scroll-devices=\"small-visibility,medium-visibility,large-visibility\"><div class=\"fusion-column-wrapper fusion-column-has-shadow fusion-flex-justify-content-space-around fusion-content-layout-column\"><div class=\"fusion-classic-product-image-wrapper fusion-woo-product-image fusion-post-card-image fusion-post-card-image-1 has-aspect-ratio\" data-layout=\"static\" style=\"--awb-aspect-ratio:3 \/ 2;\"><div  class=\"fusion-image-wrapper\" aria-haspopup=\"true\">\n\t\t\t\t\t\t\t<a href=\"https:\/\/www.mundusmaris.org\/es\/academia-de-pesca-en-pequena-escala\/make-fishing-fair\/\" aria-label=\"Make Fishing Fair\">\n\t\t\t\t\t\t\t<img decoding=\"async\" width=\"500\" height=\"377\" src=\"https:\/\/www.mundusmaris.org\/wp-content\/uploads\/2025\/11\/MakeFishingFairForum500.jpg\" class=\"attachment-full size-full wp-post-image\" alt=\"\" srcset=\"https:\/\/www.mundusmaris.org\/wp-content\/uploads\/2025\/11\/MakeFishingFairForum500-200x151.jpg 200w, https:\/\/www.mundusmaris.org\/wp-content\/uploads\/2025\/11\/MakeFishingFairForum500-400x302.jpg 400w, https:\/\/www.mundusmaris.org\/wp-content\/uploads\/2025\/11\/MakeFishingFairForum500.jpg 500w\" sizes=\"(min-width: 2200px) 100vw, (min-width: 784px) 373px, (min-width: 712px) 560px, (min-width: 640px) 712px, \" \/>\t\t\t<\/a>\n\t\t\t\t\t\t\t<\/div>\n<\/div><div class=\"fusion-meta-tb fusion-meta-tb-27 floated\" style=\"--awb-border-top:0px;--awb-height:36px;--awb-alignment-medium:flex-start;--awb-alignment-small:flex-start;\"><span class=\"fusion-tb-published-date\">Published On: 19 de noviembre de 2025<\/span><span class=\"fusion-meta-tb-sep\"><\/span><\/div><div class=\"fusion-title title fusion-title-28 fusion-sep-none fusion-title-text fusion-title-size-four\" style=\"--awb-margin-top:20px;--awb-margin-right:20px;--awb-margin-bottom:20px;--awb-margin-left:20px;--awb-margin-top-small:10px;--awb-margin-right-small:0px;--awb-margin-bottom-small:10px;--awb-margin-left-small:0px;--awb-font-size:24px;\"><h4 class=\"fusion-title-heading title-heading-left\" style=\"font-family:&quot;IBM Plex Sans Condensed&quot;;font-style:normal;font-weight:500;margin:0;font-size:1em;line-height:1.2;\"><a href=\"https:\/\/www.mundusmaris.org\/es\/academia-de-pesca-en-pequena-escala\/make-fishing-fair\/\" class=\"awb-custom-text-color awb-custom-text-hover-color\" target=\"_self\">Make Fishing Fair<\/a><\/h4><\/div><\/div><\/li>\n<li class=\"fusion-layout-column fusion_builder_column fusion-builder-column-29 fusion-flex-column post-card fusion-grid-column fusion-post-cards-grid-column\" style=\"--awb-bg-color:var(--awb-color1);--awb-bg-color-hover:var(--awb-color1);--awb-bg-blend:overlay;--awb-bg-size:cover;--awb-flex-grow:0;--awb-flex-shrink:0;--awb-flex-grow-medium:;--awb-flex-shrink-medium:;--awb-flex-grow-small:;--awb-flex-shrink-small:;\" data-scroll-devices=\"small-visibility,medium-visibility,large-visibility\"><div class=\"fusion-column-wrapper fusion-column-has-shadow fusion-flex-justify-content-space-around fusion-content-layout-column\"><div class=\"fusion-classic-product-image-wrapper fusion-woo-product-image fusion-post-card-image fusion-post-card-image-1 has-aspect-ratio\" data-layout=\"static\" style=\"--awb-aspect-ratio:3 \/ 2;\"><div  class=\"fusion-image-wrapper\" aria-haspopup=\"true\">\n\t\t\t\t\t\t\t<a href=\"https:\/\/www.mundusmaris.org\/es\/los-mariscos-que-comemos\/win-big-baltic-event\/\" aria-label=\"Win Big &#8211; Baltic Event\">\n\t\t\t\t\t\t\t<img decoding=\"async\" width=\"1712\" height=\"1310\" src=\"https:\/\/www.mundusmaris.org\/wp-content\/uploads\/2025\/11\/BannerAnnouncement.jpg\" class=\"attachment-full size-full wp-post-image\" alt=\"\" srcset=\"https:\/\/www.mundusmaris.org\/wp-content\/uploads\/2025\/11\/BannerAnnouncement-200x153.jpg 200w, https:\/\/www.mundusmaris.org\/wp-content\/uploads\/2025\/11\/BannerAnnouncement-400x306.jpg 400w, https:\/\/www.mundusmaris.org\/wp-content\/uploads\/2025\/11\/BannerAnnouncement-600x459.jpg 600w, https:\/\/www.mundusmaris.org\/wp-content\/uploads\/2025\/11\/BannerAnnouncement-800x612.jpg 800w, https:\/\/www.mundusmaris.org\/wp-content\/uploads\/2025\/11\/BannerAnnouncement-1200x918.jpg 1200w, https:\/\/www.mundusmaris.org\/wp-content\/uploads\/2025\/11\/BannerAnnouncement.jpg 1712w\" sizes=\"(min-width: 2200px) 100vw, (min-width: 784px) 373px, (min-width: 712px) 560px, (min-width: 640px) 712px, \" \/>\t\t\t<\/a>\n\t\t\t\t\t\t\t<\/div>\n<\/div><div class=\"fusion-meta-tb fusion-meta-tb-28 floated\" style=\"--awb-border-top:0px;--awb-height:36px;--awb-alignment-medium:flex-start;--awb-alignment-small:flex-start;\"><span class=\"fusion-tb-published-date\">Published On: 10 de noviembre de 2025<\/span><span class=\"fusion-meta-tb-sep\"><\/span><\/div><div class=\"fusion-title title fusion-title-29 fusion-sep-none fusion-title-text fusion-title-size-four\" style=\"--awb-margin-top:20px;--awb-margin-right:20px;--awb-margin-bottom:20px;--awb-margin-left:20px;--awb-margin-top-small:10px;--awb-margin-right-small:0px;--awb-margin-bottom-small:10px;--awb-margin-left-small:0px;--awb-font-size:24px;\"><h4 class=\"fusion-title-heading title-heading-left\" style=\"font-family:&quot;IBM Plex Sans Condensed&quot;;font-style:normal;font-weight:500;margin:0;font-size:1em;line-height:1.2;\"><a href=\"https:\/\/www.mundusmaris.org\/es\/los-mariscos-que-comemos\/win-big-baltic-event\/\" class=\"awb-custom-text-color awb-custom-text-hover-color\" target=\"_self\">Win Big &#8211; Baltic Event<\/a><\/h4><\/div><\/div><\/li>\n<li class=\"fusion-layout-column fusion_builder_column fusion-builder-column-30 fusion-flex-column post-card fusion-grid-column fusion-post-cards-grid-column\" style=\"--awb-bg-color:var(--awb-color1);--awb-bg-color-hover:var(--awb-color1);--awb-bg-blend:overlay;--awb-bg-size:cover;--awb-flex-grow:0;--awb-flex-shrink:0;--awb-flex-grow-medium:;--awb-flex-shrink-medium:;--awb-flex-grow-small:;--awb-flex-shrink-small:;\" data-scroll-devices=\"small-visibility,medium-visibility,large-visibility\"><div class=\"fusion-column-wrapper fusion-column-has-shadow fusion-flex-justify-content-space-around fusion-content-layout-column\"><div class=\"fusion-classic-product-image-wrapper fusion-woo-product-image fusion-post-card-image fusion-post-card-image-1 has-aspect-ratio\" data-layout=\"static\" style=\"--awb-aspect-ratio:3 \/ 2;\"><div  class=\"fusion-image-wrapper\" aria-haspopup=\"true\">\n\t\t\t\t\t\t\t<a href=\"https:\/\/www.mundusmaris.org\/es\/alfabetizacion-oceanica-y-divulgacion\/protegiendo-los-horizontes-azules-en-la-patagonia-argentina\/\" aria-label=\"Protegiendo los horizontes azules en la Patagonia argentina\">\n\t\t\t\t\t\t\t<img decoding=\"async\" width=\"500\" height=\"500\" src=\"https:\/\/www.mundusmaris.org\/wp-content\/uploads\/2025\/11\/Feature500RolePlayRioNegro.jpg\" class=\"attachment-full size-full wp-post-image\" alt=\"\" srcset=\"https:\/\/www.mundusmaris.org\/wp-content\/uploads\/2025\/11\/Feature500RolePlayRioNegro-200x200.jpg 200w, https:\/\/www.mundusmaris.org\/wp-content\/uploads\/2025\/11\/Feature500RolePlayRioNegro-400x400.jpg 400w, https:\/\/www.mundusmaris.org\/wp-content\/uploads\/2025\/11\/Feature500RolePlayRioNegro.jpg 500w\" sizes=\"(min-width: 2200px) 100vw, (min-width: 784px) 373px, (min-width: 712px) 560px, (min-width: 640px) 712px, \" \/>\t\t\t<\/a>\n\t\t\t\t\t\t\t<\/div>\n<\/div><div class=\"fusion-meta-tb fusion-meta-tb-29 floated\" style=\"--awb-border-top:0px;--awb-height:36px;--awb-alignment-medium:flex-start;--awb-alignment-small:flex-start;\"><span class=\"fusion-tb-published-date\">Published On: 8 de noviembre de 2025<\/span><span class=\"fusion-meta-tb-sep\"><\/span><\/div><div class=\"fusion-title title fusion-title-30 fusion-sep-none fusion-title-text fusion-title-size-four\" style=\"--awb-margin-top:20px;--awb-margin-right:20px;--awb-margin-bottom:20px;--awb-margin-left:20px;--awb-margin-top-small:10px;--awb-margin-right-small:0px;--awb-margin-bottom-small:10px;--awb-margin-left-small:0px;--awb-font-size:24px;\"><h4 class=\"fusion-title-heading title-heading-left\" style=\"font-family:&quot;IBM Plex Sans Condensed&quot;;font-style:normal;font-weight:500;margin:0;font-size:1em;line-height:1.2;\"><a href=\"https:\/\/www.mundusmaris.org\/es\/alfabetizacion-oceanica-y-divulgacion\/protegiendo-los-horizontes-azules-en-la-patagonia-argentina\/\" class=\"awb-custom-text-color awb-custom-text-hover-color\" target=\"_self\">Protegiendo los horizontes azules en la Patagonia argentina<\/a><\/h4><\/div><\/div><\/li>\n<li class=\"fusion-layout-column fusion_builder_column fusion-builder-column-31 fusion-flex-column post-card fusion-grid-column fusion-post-cards-grid-column\" style=\"--awb-bg-color:var(--awb-color1);--awb-bg-color-hover:var(--awb-color1);--awb-bg-blend:overlay;--awb-bg-size:cover;--awb-flex-grow:0;--awb-flex-shrink:0;--awb-flex-grow-medium:;--awb-flex-shrink-medium:;--awb-flex-grow-small:;--awb-flex-shrink-small:;\" data-scroll-devices=\"small-visibility,medium-visibility,large-visibility\"><div class=\"fusion-column-wrapper fusion-column-has-shadow fusion-flex-justify-content-space-around fusion-content-layout-column\"><div class=\"fusion-classic-product-image-wrapper fusion-woo-product-image fusion-post-card-image fusion-post-card-image-1 has-aspect-ratio\" data-layout=\"static\" style=\"--awb-aspect-ratio:3 \/ 2;\"><div  class=\"fusion-image-wrapper\" aria-haspopup=\"true\">\n\t\t\t\t\t\t\t<a href=\"https:\/\/www.mundusmaris.org\/es\/actividades\/frenar-la-sobrepesca\/stop-harmful-fisheries-subsidies-successful-step-one\/\" aria-label=\"Stop harmful fisheries subsidies &#8211; successful Step One!\">\n\t\t\t\t\t\t\t<img decoding=\"async\" width=\"500\" height=\"375\" src=\"https:\/\/www.mundusmaris.org\/wp-content\/uploads\/2024\/12\/Changemakers-MC13-1.jpg\" class=\"attachment-full size-full wp-post-image\" alt=\"\" srcset=\"https:\/\/www.mundusmaris.org\/wp-content\/uploads\/2024\/12\/Changemakers-MC13-1-200x150.jpg 200w, https:\/\/www.mundusmaris.org\/wp-content\/uploads\/2024\/12\/Changemakers-MC13-1-400x300.jpg 400w, https:\/\/www.mundusmaris.org\/wp-content\/uploads\/2024\/12\/Changemakers-MC13-1.jpg 500w\" sizes=\"(min-width: 2200px) 100vw, (min-width: 784px) 373px, (min-width: 712px) 560px, (min-width: 640px) 712px, \" \/>\t\t\t<\/a>\n\t\t\t\t\t\t\t<\/div>\n<\/div><div class=\"fusion-meta-tb fusion-meta-tb-30 floated\" style=\"--awb-border-top:0px;--awb-height:36px;--awb-alignment-medium:flex-start;--awb-alignment-small:flex-start;\"><span class=\"fusion-tb-published-date\">Published On: 2 de noviembre de 2025<\/span><span class=\"fusion-meta-tb-sep\"><\/span><\/div><div class=\"fusion-title title fusion-title-31 fusion-sep-none fusion-title-text fusion-title-size-four\" style=\"--awb-margin-top:20px;--awb-margin-right:20px;--awb-margin-bottom:20px;--awb-margin-left:20px;--awb-margin-top-small:10px;--awb-margin-right-small:0px;--awb-margin-bottom-small:10px;--awb-margin-left-small:0px;--awb-font-size:24px;\"><h4 class=\"fusion-title-heading title-heading-left\" style=\"font-family:&quot;IBM Plex Sans Condensed&quot;;font-style:normal;font-weight:500;margin:0;font-size:1em;line-height:1.2;\"><a href=\"https:\/\/www.mundusmaris.org\/es\/actividades\/frenar-la-sobrepesca\/stop-harmful-fisheries-subsidies-successful-step-one\/\" class=\"awb-custom-text-color awb-custom-text-hover-color\" target=\"_self\">Stop harmful fisheries subsidies &#8211; successful Step One!<\/a><\/h4><\/div><\/div><\/li>\n<li class=\"fusion-layout-column fusion_builder_column fusion-builder-column-32 fusion-flex-column post-card fusion-grid-column fusion-post-cards-grid-column\" style=\"--awb-bg-color:var(--awb-color1);--awb-bg-color-hover:var(--awb-color1);--awb-bg-blend:overlay;--awb-bg-size:cover;--awb-flex-grow:0;--awb-flex-shrink:0;--awb-flex-grow-medium:;--awb-flex-shrink-medium:;--awb-flex-grow-small:;--awb-flex-shrink-small:;\" data-scroll-devices=\"small-visibility,medium-visibility,large-visibility\"><div class=\"fusion-column-wrapper fusion-column-has-shadow fusion-flex-justify-content-space-around fusion-content-layout-column\"><div class=\"fusion-classic-product-image-wrapper fusion-woo-product-image fusion-post-card-image fusion-post-card-image-1 has-aspect-ratio\" data-layout=\"static\" style=\"--awb-aspect-ratio:3 \/ 2;\"><div  class=\"fusion-image-wrapper\" aria-haspopup=\"true\">\n\t\t\t\t\t\t\t<a href=\"https:\/\/www.mundusmaris.org\/es\/dia-mundial-del-oceano\/wod-2025-es\/ocean-protection-and-football-go-together-in-hann\/\" aria-label=\"Ocean Protection and Football go together in Hann\">\n\t\t\t\t\t\t\t<img decoding=\"async\" width=\"500\" height=\"462\" src=\"https:\/\/www.mundusmaris.org\/wp-content\/uploads\/2026\/02\/EnvironmentFootballClass_feature.jpg\" class=\"attachment-full size-full wp-post-image\" alt=\"\" srcset=\"https:\/\/www.mundusmaris.org\/wp-content\/uploads\/2026\/02\/EnvironmentFootballClass_feature-200x185.jpg 200w, https:\/\/www.mundusmaris.org\/wp-content\/uploads\/2026\/02\/EnvironmentFootballClass_feature-400x370.jpg 400w, https:\/\/www.mundusmaris.org\/wp-content\/uploads\/2026\/02\/EnvironmentFootballClass_feature.jpg 500w\" sizes=\"(min-width: 2200px) 100vw, (min-width: 784px) 373px, (min-width: 712px) 560px, (min-width: 640px) 712px, \" \/>\t\t\t<\/a>\n\t\t\t\t\t\t\t<\/div>\n<\/div><div class=\"fusion-meta-tb fusion-meta-tb-31 floated\" style=\"--awb-border-top:0px;--awb-height:36px;--awb-alignment-medium:flex-start;--awb-alignment-small:flex-start;\"><span class=\"fusion-tb-published-date\">Published On: 23 de octubre de 2025<\/span><span class=\"fusion-meta-tb-sep\"><\/span><\/div><div class=\"fusion-title title fusion-title-32 fusion-sep-none fusion-title-text fusion-title-size-four\" style=\"--awb-margin-top:20px;--awb-margin-right:20px;--awb-margin-bottom:20px;--awb-margin-left:20px;--awb-margin-top-small:10px;--awb-margin-right-small:0px;--awb-margin-bottom-small:10px;--awb-margin-left-small:0px;--awb-font-size:24px;\"><h4 class=\"fusion-title-heading title-heading-left\" style=\"font-family:&quot;IBM Plex Sans Condensed&quot;;font-style:normal;font-weight:500;margin:0;font-size:1em;line-height:1.2;\"><a href=\"https:\/\/www.mundusmaris.org\/es\/dia-mundial-del-oceano\/wod-2025-es\/ocean-protection-and-football-go-together-in-hann\/\" class=\"awb-custom-text-color awb-custom-text-hover-color\" target=\"_self\">Ocean Protection and Football go together in Hann<\/a><\/h4><\/div><\/div><\/li>\n<li class=\"fusion-layout-column fusion_builder_column fusion-builder-column-33 fusion-flex-column post-card fusion-grid-column fusion-post-cards-grid-column\" style=\"--awb-bg-color:var(--awb-color1);--awb-bg-color-hover:var(--awb-color1);--awb-bg-blend:overlay;--awb-bg-size:cover;--awb-flex-grow:0;--awb-flex-shrink:0;--awb-flex-grow-medium:;--awb-flex-shrink-medium:;--awb-flex-grow-small:;--awb-flex-shrink-small:;\" data-scroll-devices=\"small-visibility,medium-visibility,large-visibility\"><div class=\"fusion-column-wrapper fusion-column-has-shadow fusion-flex-justify-content-space-around fusion-content-layout-column\"><div class=\"fusion-classic-product-image-wrapper fusion-woo-product-image fusion-post-card-image fusion-post-card-image-1 has-aspect-ratio\" data-layout=\"static\" style=\"--awb-aspect-ratio:3 \/ 2;\"><div  class=\"fusion-image-wrapper\" aria-haspopup=\"true\">\n\t\t\t\t\t\t\t<a href=\"https:\/\/www.mundusmaris.org\/es\/actividades\/frenar-la-sobrepesca\/bycatch-in-eu-fisheries-from-awareness-to-action\/\" aria-label=\"Bycatch in EU Fisheries: From Awareness to Action\">\n\t\t\t\t\t\t\t<img decoding=\"async\" width=\"500\" height=\"249\" src=\"https:\/\/www.mundusmaris.org\/wp-content\/uploads\/2025\/10\/Poster-500.jpg\" class=\"attachment-full size-full wp-post-image\" alt=\"\" srcset=\"https:\/\/www.mundusmaris.org\/wp-content\/uploads\/2025\/10\/Poster-500-200x100.jpg 200w, https:\/\/www.mundusmaris.org\/wp-content\/uploads\/2025\/10\/Poster-500-400x199.jpg 400w, https:\/\/www.mundusmaris.org\/wp-content\/uploads\/2025\/10\/Poster-500.jpg 500w\" sizes=\"(min-width: 2200px) 100vw, (min-width: 784px) 373px, (min-width: 712px) 560px, (min-width: 640px) 712px, \" \/>\t\t\t<\/a>\n\t\t\t\t\t\t\t<\/div>\n<\/div><div class=\"fusion-meta-tb fusion-meta-tb-32 floated\" style=\"--awb-border-top:0px;--awb-height:36px;--awb-alignment-medium:flex-start;--awb-alignment-small:flex-start;\"><span class=\"fusion-tb-published-date\">Published On: 19 de octubre de 2025<\/span><span class=\"fusion-meta-tb-sep\"><\/span><\/div><div class=\"fusion-title title fusion-title-33 fusion-sep-none fusion-title-text fusion-title-size-four\" style=\"--awb-margin-top:20px;--awb-margin-right:20px;--awb-margin-bottom:20px;--awb-margin-left:20px;--awb-margin-top-small:10px;--awb-margin-right-small:0px;--awb-margin-bottom-small:10px;--awb-margin-left-small:0px;--awb-font-size:24px;\"><h4 class=\"fusion-title-heading title-heading-left\" style=\"font-family:&quot;IBM Plex Sans Condensed&quot;;font-style:normal;font-weight:500;margin:0;font-size:1em;line-height:1.2;\"><a href=\"https:\/\/www.mundusmaris.org\/es\/actividades\/frenar-la-sobrepesca\/bycatch-in-eu-fisheries-from-awareness-to-action\/\" class=\"awb-custom-text-color awb-custom-text-hover-color\" target=\"_self\">Bycatch in EU Fisheries: From Awareness to Action<\/a><\/h4><\/div><\/div><\/li>\n<li class=\"fusion-layout-column fusion_builder_column fusion-builder-column-34 fusion-flex-column post-card fusion-grid-column fusion-post-cards-grid-column\" style=\"--awb-bg-color:var(--awb-color1);--awb-bg-color-hover:var(--awb-color1);--awb-bg-blend:overlay;--awb-bg-size:cover;--awb-flex-grow:0;--awb-flex-shrink:0;--awb-flex-grow-medium:;--awb-flex-shrink-medium:;--awb-flex-grow-small:;--awb-flex-shrink-small:;\" data-scroll-devices=\"small-visibility,medium-visibility,large-visibility\"><div class=\"fusion-column-wrapper fusion-column-has-shadow fusion-flex-justify-content-space-around fusion-content-layout-column\"><div class=\"fusion-classic-product-image-wrapper fusion-woo-product-image fusion-post-card-image fusion-post-card-image-1 has-aspect-ratio\" data-layout=\"static\" style=\"--awb-aspect-ratio:3 \/ 2;\"><div  class=\"fusion-image-wrapper\" aria-haspopup=\"true\">\n\t\t\t\t\t\t\t<a href=\"https:\/\/www.mundusmaris.org\/es\/actividades\/frenar-la-sobrepesca\/screening-discussion-ocean-with-david-attenborough\/\" aria-label=\"Screening &#038; Discussion: OCEAN with David Attenborough\">\n\t\t\t\t\t\t\t<img decoding=\"async\" width=\"500\" height=\"500\" src=\"https:\/\/www.mundusmaris.org\/wp-content\/uploads\/2025\/10\/square-ocean-week-2025-event-tiles-500.jpg\" class=\"attachment-full size-full wp-post-image\" alt=\"\" srcset=\"https:\/\/www.mundusmaris.org\/wp-content\/uploads\/2025\/10\/square-ocean-week-2025-event-tiles-500-200x200.jpg 200w, https:\/\/www.mundusmaris.org\/wp-content\/uploads\/2025\/10\/square-ocean-week-2025-event-tiles-500-400x400.jpg 400w, https:\/\/www.mundusmaris.org\/wp-content\/uploads\/2025\/10\/square-ocean-week-2025-event-tiles-500.jpg 500w\" sizes=\"(min-width: 2200px) 100vw, (min-width: 784px) 373px, (min-width: 712px) 560px, (min-width: 640px) 712px, \" \/>\t\t\t<\/a>\n\t\t\t\t\t\t\t<\/div>\n<\/div><div class=\"fusion-meta-tb fusion-meta-tb-33 floated\" style=\"--awb-border-top:0px;--awb-height:36px;--awb-alignment-medium:flex-start;--awb-alignment-small:flex-start;\"><span class=\"fusion-tb-published-date\">Published On: 16 de octubre de 2025<\/span><span class=\"fusion-meta-tb-sep\"><\/span><\/div><div class=\"fusion-title title fusion-title-34 fusion-sep-none fusion-title-text fusion-title-size-four\" style=\"--awb-margin-top:20px;--awb-margin-right:20px;--awb-margin-bottom:20px;--awb-margin-left:20px;--awb-margin-top-small:10px;--awb-margin-right-small:0px;--awb-margin-bottom-small:10px;--awb-margin-left-small:0px;--awb-font-size:24px;\"><h4 class=\"fusion-title-heading title-heading-left\" style=\"font-family:&quot;IBM Plex Sans Condensed&quot;;font-style:normal;font-weight:500;margin:0;font-size:1em;line-height:1.2;\"><a href=\"https:\/\/www.mundusmaris.org\/es\/actividades\/frenar-la-sobrepesca\/screening-discussion-ocean-with-david-attenborough\/\" class=\"awb-custom-text-color awb-custom-text-hover-color\" target=\"_self\">Screening &#038; Discussion: OCEAN with David Attenborough<\/a><\/h4><\/div><\/div><\/li>\n<li class=\"fusion-layout-column fusion_builder_column fusion-builder-column-35 fusion-flex-column post-card fusion-grid-column fusion-post-cards-grid-column\" style=\"--awb-bg-color:var(--awb-color1);--awb-bg-color-hover:var(--awb-color1);--awb-bg-blend:overlay;--awb-bg-size:cover;--awb-flex-grow:0;--awb-flex-shrink:0;--awb-flex-grow-medium:;--awb-flex-shrink-medium:;--awb-flex-grow-small:;--awb-flex-shrink-small:;\" data-scroll-devices=\"small-visibility,medium-visibility,large-visibility\"><div class=\"fusion-column-wrapper fusion-column-has-shadow fusion-flex-justify-content-space-around fusion-content-layout-column\"><div class=\"fusion-classic-product-image-wrapper fusion-woo-product-image fusion-post-card-image fusion-post-card-image-1 has-aspect-ratio\" data-layout=\"static\" style=\"--awb-aspect-ratio:3 \/ 2;\"><div  class=\"fusion-image-wrapper\" aria-haspopup=\"true\">\n\t\t\t\t\t\t\t<a href=\"https:\/\/www.mundusmaris.org\/es\/actividades\/frenar-la-sobrepesca\/shark-lab-protecting-sharks-for-a-healthy-ocean\/\" aria-label=\"Shark Lab: Protecting Sharks for a Healthy Ocean\">\n\t\t\t\t\t\t\t<img decoding=\"async\" width=\"500\" height=\"333\" src=\"https:\/\/www.mundusmaris.org\/wp-content\/uploads\/2025\/10\/ConfiscatedFins.jpg\" class=\"attachment-full size-full wp-post-image\" alt=\"\" srcset=\"https:\/\/www.mundusmaris.org\/wp-content\/uploads\/2025\/10\/ConfiscatedFins-200x133.jpg 200w, https:\/\/www.mundusmaris.org\/wp-content\/uploads\/2025\/10\/ConfiscatedFins-400x266.jpg 400w, https:\/\/www.mundusmaris.org\/wp-content\/uploads\/2025\/10\/ConfiscatedFins.jpg 500w\" sizes=\"(min-width: 2200px) 100vw, (min-width: 784px) 373px, (min-width: 712px) 560px, (min-width: 640px) 712px, \" \/>\t\t\t<\/a>\n\t\t\t\t\t\t\t<\/div>\n<\/div><div class=\"fusion-meta-tb fusion-meta-tb-34 floated\" style=\"--awb-border-top:0px;--awb-height:36px;--awb-alignment-medium:flex-start;--awb-alignment-small:flex-start;\"><span class=\"fusion-tb-published-date\">Published On: 16 de octubre de 2025<\/span><span class=\"fusion-meta-tb-sep\"><\/span><\/div><div class=\"fusion-title title fusion-title-35 fusion-sep-none fusion-title-text fusion-title-size-four\" style=\"--awb-margin-top:20px;--awb-margin-right:20px;--awb-margin-bottom:20px;--awb-margin-left:20px;--awb-margin-top-small:10px;--awb-margin-right-small:0px;--awb-margin-bottom-small:10px;--awb-margin-left-small:0px;--awb-font-size:24px;\"><h4 class=\"fusion-title-heading title-heading-left\" style=\"font-family:&quot;IBM Plex Sans Condensed&quot;;font-style:normal;font-weight:500;margin:0;font-size:1em;line-height:1.2;\"><a href=\"https:\/\/www.mundusmaris.org\/es\/actividades\/frenar-la-sobrepesca\/shark-lab-protecting-sharks-for-a-healthy-ocean\/\" class=\"awb-custom-text-color awb-custom-text-hover-color\" target=\"_self\">Shark Lab: Protecting Sharks for a Healthy Ocean<\/a><\/h4><\/div><\/div><\/li>\n<li class=\"fusion-layout-column fusion_builder_column fusion-builder-column-36 fusion-flex-column post-card fusion-grid-column fusion-post-cards-grid-column\" style=\"--awb-bg-color:var(--awb-color1);--awb-bg-color-hover:var(--awb-color1);--awb-bg-blend:overlay;--awb-bg-size:cover;--awb-flex-grow:0;--awb-flex-shrink:0;--awb-flex-grow-medium:;--awb-flex-shrink-medium:;--awb-flex-grow-small:;--awb-flex-shrink-small:;\" data-scroll-devices=\"small-visibility,medium-visibility,large-visibility\"><div class=\"fusion-column-wrapper fusion-column-has-shadow fusion-flex-justify-content-space-around fusion-content-layout-column\"><div class=\"fusion-classic-product-image-wrapper fusion-woo-product-image fusion-post-card-image fusion-post-card-image-1 has-aspect-ratio\" data-layout=\"static\" style=\"--awb-aspect-ratio:3 \/ 2;\"><div  class=\"fusion-image-wrapper\" aria-haspopup=\"true\">\n\t\t\t\t\t\t\t<a href=\"\" aria-label=\"Examples of participatory marine protection from across the EU\">\n\t\t\t\t\t\t\t\t\t\t<div class=\"fusion-placeholder-image\" data-origheight=\"150\" data-origwidth=\"100%\" style=\"width:100%;aspect-ratio:3 \/ 2;\"><\/div>\n\t\t\t\t\t<\/a>\n\t\t\t\t\t\t\t<\/div>\n<\/div><div class=\"fusion-meta-tb fusion-meta-tb-35 floated\" style=\"--awb-border-top:0px;--awb-height:36px;--awb-alignment-medium:flex-start;--awb-alignment-small:flex-start;\"><span class=\"fusion-tb-published-date\">Published On: 16 de octubre de 2025<\/span><span class=\"fusion-meta-tb-sep\"><\/span><\/div><div class=\"fusion-title title fusion-title-36 fusion-sep-none fusion-title-text fusion-title-size-four\" style=\"--awb-margin-top:20px;--awb-margin-right:20px;--awb-margin-bottom:20px;--awb-margin-left:20px;--awb-margin-top-small:10px;--awb-margin-right-small:0px;--awb-margin-bottom-small:10px;--awb-margin-left-small:0px;--awb-font-size:24px;\"><h4 class=\"fusion-title-heading title-heading-left\" style=\"font-family:&quot;IBM Plex Sans Condensed&quot;;font-style:normal;font-weight:500;margin:0;font-size:1em;line-height:1.2;\"><a href=\"https:\/\/www.mundusmaris.org\/es\/actividades\/frenar-la-sobrepesca\/examples-of-participatory-marine-protection-from-across-the-eu\/\" class=\"awb-custom-text-color awb-custom-text-hover-color\" target=\"_self\">Examples of participatory marine protection from across the EU<\/a><\/h4><\/div><\/div><\/li>\n<li class=\"fusion-layout-column fusion_builder_column fusion-builder-column-37 fusion-flex-column post-card fusion-grid-column fusion-post-cards-grid-column\" style=\"--awb-bg-color:var(--awb-color1);--awb-bg-color-hover:var(--awb-color1);--awb-bg-blend:overlay;--awb-bg-size:cover;--awb-flex-grow:0;--awb-flex-shrink:0;--awb-flex-grow-medium:;--awb-flex-shrink-medium:;--awb-flex-grow-small:;--awb-flex-shrink-small:;\" data-scroll-devices=\"small-visibility,medium-visibility,large-visibility\"><div class=\"fusion-column-wrapper fusion-column-has-shadow fusion-flex-justify-content-space-around fusion-content-layout-column\"><div class=\"fusion-classic-product-image-wrapper fusion-woo-product-image fusion-post-card-image fusion-post-card-image-1 has-aspect-ratio\" data-layout=\"static\" style=\"--awb-aspect-ratio:3 \/ 2;\"><div  class=\"fusion-image-wrapper\" aria-haspopup=\"true\">\n\t\t\t\t\t\t\t<a href=\"https:\/\/www.mundusmaris.org\/es\/actividades\/seguridad-climatica-y-oceanica\/the-next-mff-rethinking-eu-funding-for-a-healthy-ocean-future\/\" aria-label=\"The next MFF: Rethinking EU funding for a healthy ocean future\">\n\t\t\t\t\t\t\t<img decoding=\"async\" width=\"500\" height=\"320\" src=\"https:\/\/www.mundusmaris.org\/wp-content\/uploads\/2025\/10\/OpeningRemarksByMEPStephanieYon-Courtin500.jpg\" class=\"attachment-full size-full wp-post-image\" alt=\"\" srcset=\"https:\/\/www.mundusmaris.org\/wp-content\/uploads\/2025\/10\/OpeningRemarksByMEPStephanieYon-Courtin500-200x128.jpg 200w, https:\/\/www.mundusmaris.org\/wp-content\/uploads\/2025\/10\/OpeningRemarksByMEPStephanieYon-Courtin500-400x256.jpg 400w, https:\/\/www.mundusmaris.org\/wp-content\/uploads\/2025\/10\/OpeningRemarksByMEPStephanieYon-Courtin500.jpg 500w\" sizes=\"(min-width: 2200px) 100vw, (min-width: 784px) 373px, (min-width: 712px) 560px, (min-width: 640px) 712px, \" \/>\t\t\t<\/a>\n\t\t\t\t\t\t\t<\/div>\n<\/div><div class=\"fusion-meta-tb fusion-meta-tb-36 floated\" style=\"--awb-border-top:0px;--awb-height:36px;--awb-alignment-medium:flex-start;--awb-alignment-small:flex-start;\"><span class=\"fusion-tb-published-date\">Published On: 15 de octubre de 2025<\/span><span class=\"fusion-meta-tb-sep\"><\/span><\/div><div class=\"fusion-title title fusion-title-37 fusion-sep-none fusion-title-text fusion-title-size-four\" style=\"--awb-margin-top:20px;--awb-margin-right:20px;--awb-margin-bottom:20px;--awb-margin-left:20px;--awb-margin-top-small:10px;--awb-margin-right-small:0px;--awb-margin-bottom-small:10px;--awb-margin-left-small:0px;--awb-font-size:24px;\"><h4 class=\"fusion-title-heading title-heading-left\" style=\"font-family:&quot;IBM Plex Sans Condensed&quot;;font-style:normal;font-weight:500;margin:0;font-size:1em;line-height:1.2;\"><a href=\"https:\/\/www.mundusmaris.org\/es\/actividades\/seguridad-climatica-y-oceanica\/the-next-mff-rethinking-eu-funding-for-a-healthy-ocean-future\/\" class=\"awb-custom-text-color awb-custom-text-hover-color\" target=\"_self\">The next MFF: Rethinking EU funding for a healthy ocean future<\/a><\/h4><\/div><\/div><\/li>\n<li class=\"fusion-layout-column fusion_builder_column fusion-builder-column-38 fusion-flex-column post-card fusion-grid-column fusion-post-cards-grid-column\" style=\"--awb-bg-color:var(--awb-color1);--awb-bg-color-hover:var(--awb-color1);--awb-bg-blend:overlay;--awb-bg-size:cover;--awb-flex-grow:0;--awb-flex-shrink:0;--awb-flex-grow-medium:;--awb-flex-shrink-medium:;--awb-flex-grow-small:;--awb-flex-shrink-small:;\" data-scroll-devices=\"small-visibility,medium-visibility,large-visibility\"><div class=\"fusion-column-wrapper fusion-column-has-shadow fusion-flex-justify-content-space-around fusion-content-layout-column\"><div class=\"fusion-classic-product-image-wrapper fusion-woo-product-image fusion-post-card-image fusion-post-card-image-1 has-aspect-ratio\" data-layout=\"static\" style=\"--awb-aspect-ratio:3 \/ 2;\"><div  class=\"fusion-image-wrapper\" aria-haspopup=\"true\">\n\t\t\t\t\t\t\t<a href=\"\" aria-label=\"El mar y la paz: lecciones humanistas de Erasmo y Grocio para el siglo XXI\">\n\t\t\t\t\t\t\t\t\t\t<div class=\"fusion-placeholder-image\" data-origheight=\"150\" data-origwidth=\"100%\" style=\"width:100%;aspect-ratio:3 \/ 2;\"><\/div>\n\t\t\t\t\t<\/a>\n\t\t\t\t\t\t\t<\/div>\n<\/div><div class=\"fusion-meta-tb fusion-meta-tb-37 floated\" style=\"--awb-border-top:0px;--awb-height:36px;--awb-alignment-medium:flex-start;--awb-alignment-small:flex-start;\"><span class=\"fusion-tb-published-date\">Published On: 30 de septiembre de 2025<\/span><span class=\"fusion-meta-tb-sep\"><\/span><\/div><div class=\"fusion-title title fusion-title-38 fusion-sep-none fusion-title-text fusion-title-size-four\" style=\"--awb-margin-top:20px;--awb-margin-right:20px;--awb-margin-bottom:20px;--awb-margin-left:20px;--awb-margin-top-small:10px;--awb-margin-right-small:0px;--awb-margin-bottom-small:10px;--awb-margin-left-small:0px;--awb-font-size:24px;\"><h4 class=\"fusion-title-heading title-heading-left\" style=\"font-family:&quot;IBM Plex Sans Condensed&quot;;font-style:normal;font-weight:500;margin:0;font-size:1em;line-height:1.2;\"><a href=\"https:\/\/www.mundusmaris.org\/es\/libros\/el-mar-y-la-paz-lecciones-humanistas-de-erasmo-y-grocio-para-el-siglo-xxi\/\" class=\"awb-custom-text-color awb-custom-text-hover-color\" target=\"_self\">El mar y la paz: lecciones humanistas de Erasmo y Grocio para el siglo XXI<\/a><\/h4><\/div><\/div><\/li>\n<li class=\"fusion-layout-column fusion_builder_column fusion-builder-column-39 fusion-flex-column post-card fusion-grid-column fusion-post-cards-grid-column\" style=\"--awb-bg-color:var(--awb-color1);--awb-bg-color-hover:var(--awb-color1);--awb-bg-blend:overlay;--awb-bg-size:cover;--awb-flex-grow:0;--awb-flex-shrink:0;--awb-flex-grow-medium:;--awb-flex-shrink-medium:;--awb-flex-grow-small:;--awb-flex-shrink-small:;\" data-scroll-devices=\"small-visibility,medium-visibility,large-visibility\"><div class=\"fusion-column-wrapper fusion-column-has-shadow fusion-flex-justify-content-space-around fusion-content-layout-column\"><div class=\"fusion-classic-product-image-wrapper fusion-woo-product-image fusion-post-card-image fusion-post-card-image-1 has-aspect-ratio\" data-layout=\"static\" style=\"--awb-aspect-ratio:3 \/ 2;\"><div  class=\"fusion-image-wrapper\" aria-haspopup=\"true\">\n\t\t\t\t\t\t\t<a href=\"https:\/\/www.mundusmaris.org\/es\/actividades\/enfoque-ecosistemico-de-la-pesca\/empowering-coastal-voices\/\" aria-label=\"Empowering Coastal Voices\">\n\t\t\t\t\t\t\t<img decoding=\"async\" width=\"499\" height=\"330\" src=\"https:\/\/www.mundusmaris.org\/wp-content\/uploads\/2025\/10\/Feature-EmpowerUsFinalEvent.jpg\" class=\"attachment-full size-full wp-post-image\" alt=\"\" srcset=\"https:\/\/www.mundusmaris.org\/wp-content\/uploads\/2025\/10\/Feature-EmpowerUsFinalEvent-200x132.jpg 200w, https:\/\/www.mundusmaris.org\/wp-content\/uploads\/2025\/10\/Feature-EmpowerUsFinalEvent-400x265.jpg 400w, https:\/\/www.mundusmaris.org\/wp-content\/uploads\/2025\/10\/Feature-EmpowerUsFinalEvent.jpg 499w\" sizes=\"(min-width: 2200px) 100vw, (min-width: 784px) 373px, (min-width: 712px) 560px, (min-width: 640px) 712px, \" \/>\t\t\t<\/a>\n\t\t\t\t\t\t\t<\/div>\n<\/div><div class=\"fusion-meta-tb fusion-meta-tb-38 floated\" style=\"--awb-border-top:0px;--awb-height:36px;--awb-alignment-medium:flex-start;--awb-alignment-small:flex-start;\"><span class=\"fusion-tb-published-date\">Published On: 13 de septiembre de 2025<\/span><span class=\"fusion-meta-tb-sep\"><\/span><\/div><div class=\"fusion-title title fusion-title-39 fusion-sep-none fusion-title-text fusion-title-size-four\" style=\"--awb-margin-top:20px;--awb-margin-right:20px;--awb-margin-bottom:20px;--awb-margin-left:20px;--awb-margin-top-small:10px;--awb-margin-right-small:0px;--awb-margin-bottom-small:10px;--awb-margin-left-small:0px;--awb-font-size:24px;\"><h4 class=\"fusion-title-heading title-heading-left\" style=\"font-family:&quot;IBM Plex Sans Condensed&quot;;font-style:normal;font-weight:500;margin:0;font-size:1em;line-height:1.2;\"><a href=\"https:\/\/www.mundusmaris.org\/es\/actividades\/enfoque-ecosistemico-de-la-pesca\/empowering-coastal-voices\/\" class=\"awb-custom-text-color awb-custom-text-hover-color\" target=\"_self\">Empowering Coastal Voices<\/a><\/h4><\/div><\/div><\/li>\n<li class=\"fusion-layout-column fusion_builder_column fusion-builder-column-40 fusion-flex-column post-card fusion-grid-column fusion-post-cards-grid-column\" style=\"--awb-bg-color:var(--awb-color1);--awb-bg-color-hover:var(--awb-color1);--awb-bg-blend:overlay;--awb-bg-size:cover;--awb-flex-grow:0;--awb-flex-shrink:0;--awb-flex-grow-medium:;--awb-flex-shrink-medium:;--awb-flex-grow-small:;--awb-flex-shrink-small:;\" data-scroll-devices=\"small-visibility,medium-visibility,large-visibility\"><div class=\"fusion-column-wrapper fusion-column-has-shadow fusion-flex-justify-content-space-around fusion-content-layout-column\"><div class=\"fusion-classic-product-image-wrapper fusion-woo-product-image fusion-post-card-image fusion-post-card-image-1 has-aspect-ratio\" data-layout=\"static\" style=\"--awb-aspect-ratio:3 \/ 2;\"><div  class=\"fusion-image-wrapper\" aria-haspopup=\"true\">\n\t\t\t\t\t\t\t<a href=\"https:\/\/www.mundusmaris.org\/es\/actividades\/seguridad-climatica-y-oceanica\/en-el-simposio-fishbase-sealifebase-symposio-en-bruselas-2-3-septiembre-de-2025\/\" aria-label=\"En el Simposio FishBase-SeaLifeBase en Bruselas, del 2 al 3 de septiembre de 2025\">\n\t\t\t\t\t\t\t<img decoding=\"async\" width=\"500\" height=\"290\" src=\"https:\/\/www.mundusmaris.org\/wp-content\/uploads\/2025\/09\/SymposiumAnnouncement500.jpg\" class=\"attachment-full size-full wp-post-image\" alt=\"\" srcset=\"https:\/\/www.mundusmaris.org\/wp-content\/uploads\/2025\/09\/SymposiumAnnouncement500-200x116.jpg 200w, https:\/\/www.mundusmaris.org\/wp-content\/uploads\/2025\/09\/SymposiumAnnouncement500-400x232.jpg 400w, https:\/\/www.mundusmaris.org\/wp-content\/uploads\/2025\/09\/SymposiumAnnouncement500.jpg 500w\" sizes=\"(min-width: 2200px) 100vw, (min-width: 784px) 373px, (min-width: 712px) 560px, (min-width: 640px) 712px, \" \/>\t\t\t<\/a>\n\t\t\t\t\t\t\t<\/div>\n<\/div><div class=\"fusion-meta-tb fusion-meta-tb-39 floated\" style=\"--awb-border-top:0px;--awb-height:36px;--awb-alignment-medium:flex-start;--awb-alignment-small:flex-start;\"><span class=\"fusion-tb-published-date\">Published On: 6 de septiembre de 2025<\/span><span class=\"fusion-meta-tb-sep\"><\/span><\/div><div class=\"fusion-title title fusion-title-40 fusion-sep-none fusion-title-text fusion-title-size-four\" style=\"--awb-margin-top:20px;--awb-margin-right:20px;--awb-margin-bottom:20px;--awb-margin-left:20px;--awb-margin-top-small:10px;--awb-margin-right-small:0px;--awb-margin-bottom-small:10px;--awb-margin-left-small:0px;--awb-font-size:24px;\"><h4 class=\"fusion-title-heading title-heading-left\" style=\"font-family:&quot;IBM Plex Sans Condensed&quot;;font-style:normal;font-weight:500;margin:0;font-size:1em;line-height:1.2;\"><a href=\"https:\/\/www.mundusmaris.org\/es\/actividades\/seguridad-climatica-y-oceanica\/en-el-simposio-fishbase-sealifebase-symposio-en-bruselas-2-3-septiembre-de-2025\/\" class=\"awb-custom-text-color awb-custom-text-hover-color\" target=\"_self\">En el Simposio FishBase-SeaLifeBase en Bruselas, del 2 al 3 de septiembre de 2025<\/a><\/h4><\/div><\/div><\/li>\n<li class=\"fusion-layout-column fusion_builder_column fusion-builder-column-41 fusion-flex-column post-card fusion-grid-column fusion-post-cards-grid-column\" style=\"--awb-bg-color:var(--awb-color1);--awb-bg-color-hover:var(--awb-color1);--awb-bg-blend:overlay;--awb-bg-size:cover;--awb-flex-grow:0;--awb-flex-shrink:0;--awb-flex-grow-medium:;--awb-flex-shrink-medium:;--awb-flex-grow-small:;--awb-flex-shrink-small:;\" data-scroll-devices=\"small-visibility,medium-visibility,large-visibility\"><div class=\"fusion-column-wrapper fusion-column-has-shadow fusion-flex-justify-content-space-around fusion-content-layout-column\"><div class=\"fusion-classic-product-image-wrapper fusion-woo-product-image fusion-post-card-image fusion-post-card-image-1 has-aspect-ratio\" data-layout=\"static\" style=\"--awb-aspect-ratio:3 \/ 2;\"><div  class=\"fusion-image-wrapper\" aria-haspopup=\"true\">\n\t\t\t\t\t\t\t<a href=\"https:\/\/www.mundusmaris.org\/es\/libros\/navigate-species-you-see-in-nature\/\" aria-label=\"Navigate species you see in nature\">\n\t\t\t\t\t\t\t<img decoding=\"async\" width=\"500\" height=\"590\" src=\"https:\/\/www.mundusmaris.org\/wp-content\/uploads\/2025\/09\/ParasitesOfAfricanFreshwaterFishes_feature.jpg\" class=\"attachment-full size-full wp-post-image\" alt=\"\" srcset=\"https:\/\/www.mundusmaris.org\/wp-content\/uploads\/2025\/09\/ParasitesOfAfricanFreshwaterFishes_feature-200x236.jpg 200w, https:\/\/www.mundusmaris.org\/wp-content\/uploads\/2025\/09\/ParasitesOfAfricanFreshwaterFishes_feature-400x472.jpg 400w, https:\/\/www.mundusmaris.org\/wp-content\/uploads\/2025\/09\/ParasitesOfAfricanFreshwaterFishes_feature.jpg 500w\" sizes=\"(min-width: 2200px) 100vw, (min-width: 784px) 373px, (min-width: 712px) 560px, (min-width: 640px) 712px, \" \/>\t\t\t<\/a>\n\t\t\t\t\t\t\t<\/div>\n<\/div><div class=\"fusion-meta-tb fusion-meta-tb-40 floated\" style=\"--awb-border-top:0px;--awb-height:36px;--awb-alignment-medium:flex-start;--awb-alignment-small:flex-start;\"><span class=\"fusion-tb-published-date\">Published On: 6 de septiembre de 2025<\/span><span class=\"fusion-meta-tb-sep\"><\/span><\/div><div class=\"fusion-title title fusion-title-41 fusion-sep-none fusion-title-text fusion-title-size-four\" style=\"--awb-margin-top:20px;--awb-margin-right:20px;--awb-margin-bottom:20px;--awb-margin-left:20px;--awb-margin-top-small:10px;--awb-margin-right-small:0px;--awb-margin-bottom-small:10px;--awb-margin-left-small:0px;--awb-font-size:24px;\"><h4 class=\"fusion-title-heading title-heading-left\" style=\"font-family:&quot;IBM Plex Sans Condensed&quot;;font-style:normal;font-weight:500;margin:0;font-size:1em;line-height:1.2;\"><a href=\"https:\/\/www.mundusmaris.org\/es\/libros\/navigate-species-you-see-in-nature\/\" class=\"awb-custom-text-color awb-custom-text-hover-color\" target=\"_self\">Navigate species you see in nature<\/a><\/h4><\/div><\/div><\/li>\n<li class=\"fusion-layout-column fusion_builder_column fusion-builder-column-42 fusion-flex-column post-card fusion-grid-column fusion-post-cards-grid-column\" style=\"--awb-bg-color:var(--awb-color1);--awb-bg-color-hover:var(--awb-color1);--awb-bg-blend:overlay;--awb-bg-size:cover;--awb-flex-grow:0;--awb-flex-shrink:0;--awb-flex-grow-medium:;--awb-flex-shrink-medium:;--awb-flex-grow-small:;--awb-flex-shrink-small:;\" data-scroll-devices=\"small-visibility,medium-visibility,large-visibility\"><div class=\"fusion-column-wrapper fusion-column-has-shadow fusion-flex-justify-content-space-around fusion-content-layout-column\"><div class=\"fusion-classic-product-image-wrapper fusion-woo-product-image fusion-post-card-image fusion-post-card-image-1 has-aspect-ratio\" data-layout=\"static\" style=\"--awb-aspect-ratio:3 \/ 2;\"><div  class=\"fusion-image-wrapper\" aria-haspopup=\"true\">\n\t\t\t\t\t\t\t<a href=\"https:\/\/www.mundusmaris.org\/es\/actividades\/enfoque-ecosistemico-de-la-pesca\/mundus-maris-with-youth-parliament-in-hilden-germany-23-august-2025\/\" aria-label=\"Mundus maris with Youth Parliament in Hilden, Germany, 23 August 2025\">\n\t\t\t\t\t\t\t<img decoding=\"async\" width=\"500\" height=\"465\" src=\"https:\/\/www.mundusmaris.org\/wp-content\/uploads\/2025\/08\/AnkuendigungFeature.jpg\" class=\"attachment-full size-full wp-post-image\" alt=\"\" srcset=\"https:\/\/www.mundusmaris.org\/wp-content\/uploads\/2025\/08\/AnkuendigungFeature-200x186.jpg 200w, https:\/\/www.mundusmaris.org\/wp-content\/uploads\/2025\/08\/AnkuendigungFeature-400x372.jpg 400w, https:\/\/www.mundusmaris.org\/wp-content\/uploads\/2025\/08\/AnkuendigungFeature.jpg 500w\" sizes=\"(min-width: 2200px) 100vw, (min-width: 784px) 373px, (min-width: 712px) 560px, (min-width: 640px) 712px, \" \/>\t\t\t<\/a>\n\t\t\t\t\t\t\t<\/div>\n<\/div><div class=\"fusion-meta-tb fusion-meta-tb-41 floated\" style=\"--awb-border-top:0px;--awb-height:36px;--awb-alignment-medium:flex-start;--awb-alignment-small:flex-start;\"><span class=\"fusion-tb-published-date\">Published On: 25 de agosto de 2025<\/span><span class=\"fusion-meta-tb-sep\"><\/span><\/div><div class=\"fusion-title title fusion-title-42 fusion-sep-none fusion-title-text fusion-title-size-four\" style=\"--awb-margin-top:20px;--awb-margin-right:20px;--awb-margin-bottom:20px;--awb-margin-left:20px;--awb-margin-top-small:10px;--awb-margin-right-small:0px;--awb-margin-bottom-small:10px;--awb-margin-left-small:0px;--awb-font-size:24px;\"><h4 class=\"fusion-title-heading title-heading-left\" style=\"font-family:&quot;IBM Plex Sans Condensed&quot;;font-style:normal;font-weight:500;margin:0;font-size:1em;line-height:1.2;\"><a href=\"https:\/\/www.mundusmaris.org\/es\/actividades\/enfoque-ecosistemico-de-la-pesca\/mundus-maris-with-youth-parliament-in-hilden-germany-23-august-2025\/\" class=\"awb-custom-text-color awb-custom-text-hover-color\" target=\"_self\">Mundus maris with Youth Parliament in Hilden, Germany, 23 August 2025<\/a><\/h4><\/div><\/div><\/li>\n<li class=\"fusion-layout-column fusion_builder_column fusion-builder-column-43 fusion-flex-column post-card fusion-grid-column fusion-post-cards-grid-column\" style=\"--awb-bg-color:var(--awb-color1);--awb-bg-color-hover:var(--awb-color1);--awb-bg-blend:overlay;--awb-bg-size:cover;--awb-flex-grow:0;--awb-flex-shrink:0;--awb-flex-grow-medium:;--awb-flex-shrink-medium:;--awb-flex-grow-small:;--awb-flex-shrink-small:;\" data-scroll-devices=\"small-visibility,medium-visibility,large-visibility\"><div class=\"fusion-column-wrapper fusion-column-has-shadow fusion-flex-justify-content-space-around fusion-content-layout-column\"><div class=\"fusion-classic-product-image-wrapper fusion-woo-product-image fusion-post-card-image fusion-post-card-image-1 has-aspect-ratio\" data-layout=\"static\" style=\"--awb-aspect-ratio:3 \/ 2;\"><div  class=\"fusion-image-wrapper\" aria-haspopup=\"true\">\n\t\t\t\t\t\t\t<a href=\"https:\/\/www.mundusmaris.org\/es\/actividades\/seguridad-climatica-y-oceanica\/mundus-maris-at-the-start-of-the-ocean-race-europe\/\" aria-label=\"Mundus maris at the start of the Ocean Race Europe\">\n\t\t\t\t\t\t\t<img decoding=\"async\" width=\"500\" height=\"472\" src=\"https:\/\/www.mundusmaris.org\/wp-content\/uploads\/2025\/08\/MundusmarisBooth500.jpg\" class=\"attachment-full size-full wp-post-image\" alt=\"\" srcset=\"https:\/\/www.mundusmaris.org\/wp-content\/uploads\/2025\/08\/MundusmarisBooth500-200x189.jpg 200w, https:\/\/www.mundusmaris.org\/wp-content\/uploads\/2025\/08\/MundusmarisBooth500-400x378.jpg 400w, https:\/\/www.mundusmaris.org\/wp-content\/uploads\/2025\/08\/MundusmarisBooth500.jpg 500w\" sizes=\"(min-width: 2200px) 100vw, (min-width: 784px) 373px, (min-width: 712px) 560px, (min-width: 640px) 712px, \" \/>\t\t\t<\/a>\n\t\t\t\t\t\t\t<\/div>\n<\/div><div class=\"fusion-meta-tb fusion-meta-tb-42 floated\" style=\"--awb-border-top:0px;--awb-height:36px;--awb-alignment-medium:flex-start;--awb-alignment-small:flex-start;\"><span class=\"fusion-tb-published-date\">Published On: 11 de agosto de 2025<\/span><span class=\"fusion-meta-tb-sep\"><\/span><\/div><div class=\"fusion-title title fusion-title-43 fusion-sep-none fusion-title-text fusion-title-size-four\" style=\"--awb-margin-top:20px;--awb-margin-right:20px;--awb-margin-bottom:20px;--awb-margin-left:20px;--awb-margin-top-small:10px;--awb-margin-right-small:0px;--awb-margin-bottom-small:10px;--awb-margin-left-small:0px;--awb-font-size:24px;\"><h4 class=\"fusion-title-heading title-heading-left\" style=\"font-family:&quot;IBM Plex Sans Condensed&quot;;font-style:normal;font-weight:500;margin:0;font-size:1em;line-height:1.2;\"><a href=\"https:\/\/www.mundusmaris.org\/es\/actividades\/seguridad-climatica-y-oceanica\/mundus-maris-at-the-start-of-the-ocean-race-europe\/\" class=\"awb-custom-text-color awb-custom-text-hover-color\" target=\"_self\">Mundus maris at the start of the Ocean Race Europe<\/a><\/h4><\/div><\/div><\/li>\n<li class=\"fusion-layout-column fusion_builder_column fusion-builder-column-44 fusion-flex-column post-card fusion-grid-column fusion-post-cards-grid-column\" style=\"--awb-bg-color:var(--awb-color1);--awb-bg-color-hover:var(--awb-color1);--awb-bg-blend:overlay;--awb-bg-size:cover;--awb-flex-grow:0;--awb-flex-shrink:0;--awb-flex-grow-medium:;--awb-flex-shrink-medium:;--awb-flex-grow-small:;--awb-flex-shrink-small:;\" data-scroll-devices=\"small-visibility,medium-visibility,large-visibility\"><div class=\"fusion-column-wrapper fusion-column-has-shadow fusion-flex-justify-content-space-around fusion-content-layout-column\"><div class=\"fusion-classic-product-image-wrapper fusion-woo-product-image fusion-post-card-image fusion-post-card-image-1 has-aspect-ratio\" data-layout=\"static\" style=\"--awb-aspect-ratio:3 \/ 2;\"><div  class=\"fusion-image-wrapper\" aria-haspopup=\"true\">\n\t\t\t\t\t\t\t<a href=\"https:\/\/www.mundusmaris.org\/es\/entre-tradicion-y-modernidad\/the-fishing-cycle\/\" aria-label=\"The fishing cycle\">\n\t\t\t\t\t\t\t<img decoding=\"async\" width=\"500\" height=\"354\" src=\"https:\/\/www.mundusmaris.org\/wp-content\/uploads\/2025\/08\/IlCicloDellaPesca500px.jpg\" class=\"attachment-full size-full wp-post-image\" alt=\"\" srcset=\"https:\/\/www.mundusmaris.org\/wp-content\/uploads\/2025\/08\/IlCicloDellaPesca500px-200x142.jpg 200w, https:\/\/www.mundusmaris.org\/wp-content\/uploads\/2025\/08\/IlCicloDellaPesca500px-400x283.jpg 400w, https:\/\/www.mundusmaris.org\/wp-content\/uploads\/2025\/08\/IlCicloDellaPesca500px.jpg 500w\" sizes=\"(min-width: 2200px) 100vw, (min-width: 784px) 373px, (min-width: 712px) 560px, (min-width: 640px) 712px, \" \/>\t\t\t<\/a>\n\t\t\t\t\t\t\t<\/div>\n<\/div><div class=\"fusion-meta-tb fusion-meta-tb-43 floated\" style=\"--awb-border-top:0px;--awb-height:36px;--awb-alignment-medium:flex-start;--awb-alignment-small:flex-start;\"><span class=\"fusion-tb-published-date\">Published On: 6 de agosto de 2025<\/span><span class=\"fusion-meta-tb-sep\"><\/span><\/div><div class=\"fusion-title title fusion-title-44 fusion-sep-none fusion-title-text fusion-title-size-four\" style=\"--awb-margin-top:20px;--awb-margin-right:20px;--awb-margin-bottom:20px;--awb-margin-left:20px;--awb-margin-top-small:10px;--awb-margin-right-small:0px;--awb-margin-bottom-small:10px;--awb-margin-left-small:0px;--awb-font-size:24px;\"><h4 class=\"fusion-title-heading title-heading-left\" style=\"font-family:&quot;IBM Plex Sans Condensed&quot;;font-style:normal;font-weight:500;margin:0;font-size:1em;line-height:1.2;\"><a href=\"https:\/\/www.mundusmaris.org\/es\/entre-tradicion-y-modernidad\/the-fishing-cycle\/\" class=\"awb-custom-text-color awb-custom-text-hover-color\" target=\"_self\">The fishing cycle<\/a><\/h4><\/div><\/div><\/li>\n<li class=\"fusion-layout-column fusion_builder_column fusion-builder-column-45 fusion-flex-column post-card fusion-grid-column fusion-post-cards-grid-column\" style=\"--awb-bg-color:var(--awb-color1);--awb-bg-color-hover:var(--awb-color1);--awb-bg-blend:overlay;--awb-bg-size:cover;--awb-flex-grow:0;--awb-flex-shrink:0;--awb-flex-grow-medium:;--awb-flex-shrink-medium:;--awb-flex-grow-small:;--awb-flex-shrink-small:;\" data-scroll-devices=\"small-visibility,medium-visibility,large-visibility\"><div class=\"fusion-column-wrapper fusion-column-has-shadow fusion-flex-justify-content-space-around fusion-content-layout-column\"><div class=\"fusion-classic-product-image-wrapper fusion-woo-product-image fusion-post-card-image fusion-post-card-image-1 has-aspect-ratio\" data-layout=\"static\" style=\"--awb-aspect-ratio:3 \/ 2;\"><div  class=\"fusion-image-wrapper\" aria-haspopup=\"true\">\n\t\t\t\t\t\t\t<a href=\"https:\/\/www.mundusmaris.org\/es\/actividades\/seguridad-climatica-y-oceanica\/ciencia-derecho-y-sociedad-convergen-sobre-el-oceano-en-unoc3\/\" aria-label=\"Ciencia, derecho y sociedad convergen sobre el oc\u00e9ano en UNOC3\">\n\t\t\t\t\t\t\t<img decoding=\"async\" width=\"500\" height=\"428\" src=\"https:\/\/www.mundusmaris.org\/wp-content\/uploads\/2025\/08\/AnotherOceanIsPossible-rotated.jpg\" class=\"attachment-full size-full wp-post-image\" alt=\"\" srcset=\"https:\/\/www.mundusmaris.org\/wp-content\/uploads\/2025\/08\/AnotherOceanIsPossible-200x171.jpg 200w, https:\/\/www.mundusmaris.org\/wp-content\/uploads\/2025\/08\/AnotherOceanIsPossible-400x342.jpg 400w, https:\/\/www.mundusmaris.org\/wp-content\/uploads\/2025\/08\/AnotherOceanIsPossible-rotated.jpg 500w\" sizes=\"(min-width: 2200px) 100vw, (min-width: 784px) 373px, (min-width: 712px) 560px, (min-width: 640px) 712px, \" \/>\t\t\t<\/a>\n\t\t\t\t\t\t\t<\/div>\n<\/div><div class=\"fusion-meta-tb fusion-meta-tb-44 floated\" style=\"--awb-border-top:0px;--awb-height:36px;--awb-alignment-medium:flex-start;--awb-alignment-small:flex-start;\"><span class=\"fusion-tb-published-date\">Published On: 5 de agosto de 2025<\/span><span class=\"fusion-meta-tb-sep\"><\/span><\/div><div class=\"fusion-title title fusion-title-45 fusion-sep-none fusion-title-text fusion-title-size-four\" style=\"--awb-margin-top:20px;--awb-margin-right:20px;--awb-margin-bottom:20px;--awb-margin-left:20px;--awb-margin-top-small:10px;--awb-margin-right-small:0px;--awb-margin-bottom-small:10px;--awb-margin-left-small:0px;--awb-font-size:24px;\"><h4 class=\"fusion-title-heading title-heading-left\" style=\"font-family:&quot;IBM Plex Sans Condensed&quot;;font-style:normal;font-weight:500;margin:0;font-size:1em;line-height:1.2;\"><a href=\"https:\/\/www.mundusmaris.org\/es\/actividades\/seguridad-climatica-y-oceanica\/ciencia-derecho-y-sociedad-convergen-sobre-el-oceano-en-unoc3\/\" class=\"awb-custom-text-color awb-custom-text-hover-color\" target=\"_self\">Ciencia, derecho y sociedad convergen sobre el oc\u00e9ano en UNOC3<\/a><\/h4><\/div><\/div><\/li>\n<li class=\"fusion-layout-column fusion_builder_column fusion-builder-column-46 fusion-flex-column post-card fusion-grid-column fusion-post-cards-grid-column\" style=\"--awb-bg-color:var(--awb-color1);--awb-bg-color-hover:var(--awb-color1);--awb-bg-blend:overlay;--awb-bg-size:cover;--awb-flex-grow:0;--awb-flex-shrink:0;--awb-flex-grow-medium:;--awb-flex-shrink-medium:;--awb-flex-grow-small:;--awb-flex-shrink-small:;\" data-scroll-devices=\"small-visibility,medium-visibility,large-visibility\"><div class=\"fusion-column-wrapper fusion-column-has-shadow fusion-flex-justify-content-space-around fusion-content-layout-column\"><div class=\"fusion-classic-product-image-wrapper fusion-woo-product-image fusion-post-card-image fusion-post-card-image-1 has-aspect-ratio\" data-layout=\"static\" style=\"--awb-aspect-ratio:3 \/ 2;\"><div  class=\"fusion-image-wrapper\" aria-haspopup=\"true\">\n\t\t\t\t\t\t\t<a href=\"https:\/\/www.mundusmaris.org\/es\/academia-de-pesca-en-pequena-escala\/foreign-overfishing-fuels-senegals-deadly-migration-crisis-to-europe\/\" aria-label=\"Foreign overfishing fuels Senegal\u2019s deadly migration crisis to Europe\">\n\t\t\t\t\t\t\t<img decoding=\"async\" width=\"500\" height=\"375\" src=\"https:\/\/www.mundusmaris.org\/wp-content\/uploads\/2025\/07\/senegal-1852316_MarieVicatPixabay500.jpg\" class=\"attachment-full size-full wp-post-image\" alt=\"\" srcset=\"https:\/\/www.mundusmaris.org\/wp-content\/uploads\/2025\/07\/senegal-1852316_MarieVicatPixabay500-200x150.jpg 200w, https:\/\/www.mundusmaris.org\/wp-content\/uploads\/2025\/07\/senegal-1852316_MarieVicatPixabay500-400x300.jpg 400w, https:\/\/www.mundusmaris.org\/wp-content\/uploads\/2025\/07\/senegal-1852316_MarieVicatPixabay500.jpg 500w\" sizes=\"(min-width: 2200px) 100vw, (min-width: 784px) 373px, (min-width: 712px) 560px, (min-width: 640px) 712px, \" \/>\t\t\t<\/a>\n\t\t\t\t\t\t\t<\/div>\n<\/div><div class=\"fusion-meta-tb fusion-meta-tb-45 floated\" style=\"--awb-border-top:0px;--awb-height:36px;--awb-alignment-medium:flex-start;--awb-alignment-small:flex-start;\"><span class=\"fusion-tb-published-date\">Published On: 20 de julio de 2025<\/span><span class=\"fusion-meta-tb-sep\"><\/span><\/div><div class=\"fusion-title title fusion-title-46 fusion-sep-none fusion-title-text fusion-title-size-four\" style=\"--awb-margin-top:20px;--awb-margin-right:20px;--awb-margin-bottom:20px;--awb-margin-left:20px;--awb-margin-top-small:10px;--awb-margin-right-small:0px;--awb-margin-bottom-small:10px;--awb-margin-left-small:0px;--awb-font-size:24px;\"><h4 class=\"fusion-title-heading title-heading-left\" style=\"font-family:&quot;IBM Plex Sans Condensed&quot;;font-style:normal;font-weight:500;margin:0;font-size:1em;line-height:1.2;\"><a href=\"https:\/\/www.mundusmaris.org\/es\/academia-de-pesca-en-pequena-escala\/foreign-overfishing-fuels-senegals-deadly-migration-crisis-to-europe\/\" class=\"awb-custom-text-color awb-custom-text-hover-color\" target=\"_self\">Foreign overfishing fuels Senegal\u2019s deadly migration crisis to Europe<\/a><\/h4><\/div><\/div><\/li>\n<li class=\"fusion-layout-column fusion_builder_column fusion-builder-column-47 fusion-flex-column post-card fusion-grid-column fusion-post-cards-grid-column\" style=\"--awb-bg-color:var(--awb-color1);--awb-bg-color-hover:var(--awb-color1);--awb-bg-blend:overlay;--awb-bg-size:cover;--awb-flex-grow:0;--awb-flex-shrink:0;--awb-flex-grow-medium:;--awb-flex-shrink-medium:;--awb-flex-grow-small:;--awb-flex-shrink-small:;\" data-scroll-devices=\"small-visibility,medium-visibility,large-visibility\"><div class=\"fusion-column-wrapper fusion-column-has-shadow fusion-flex-justify-content-space-around fusion-content-layout-column\"><div class=\"fusion-classic-product-image-wrapper fusion-woo-product-image fusion-post-card-image fusion-post-card-image-1 has-aspect-ratio\" data-layout=\"static\" style=\"--awb-aspect-ratio:3 \/ 2;\"><div  class=\"fusion-image-wrapper\" aria-haspopup=\"true\">\n\t\t\t\t\t\t\t<a href=\"https:\/\/www.mundusmaris.org\/es\/academia-de-pesca-en-pequena-escala\/mundus-maris-at-mare-2025\/\" aria-label=\"Mundus maris at MARE 2025\">\n\t\t\t\t\t\t\t<img decoding=\"async\" width=\"500\" height=\"298\" src=\"https:\/\/www.mundusmaris.org\/wp-content\/uploads\/2025\/08\/banner-rkxecww3wx4s-3257804687.jpg\" class=\"attachment-full size-full wp-post-image\" alt=\"\" srcset=\"https:\/\/www.mundusmaris.org\/wp-content\/uploads\/2025\/08\/banner-rkxecww3wx4s-3257804687-200x119.jpg 200w, https:\/\/www.mundusmaris.org\/wp-content\/uploads\/2025\/08\/banner-rkxecww3wx4s-3257804687-400x238.jpg 400w, https:\/\/www.mundusmaris.org\/wp-content\/uploads\/2025\/08\/banner-rkxecww3wx4s-3257804687.jpg 500w\" sizes=\"(min-width: 2200px) 100vw, (min-width: 784px) 373px, (min-width: 712px) 560px, (min-width: 640px) 712px, \" \/>\t\t\t<\/a>\n\t\t\t\t\t\t\t<\/div>\n<\/div><div class=\"fusion-meta-tb fusion-meta-tb-46 floated\" style=\"--awb-border-top:0px;--awb-height:36px;--awb-alignment-medium:flex-start;--awb-alignment-small:flex-start;\"><span class=\"fusion-tb-published-date\">Published On: 30 de junio de 2025<\/span><span class=\"fusion-meta-tb-sep\"><\/span><\/div><div class=\"fusion-title title fusion-title-47 fusion-sep-none fusion-title-text fusion-title-size-four\" style=\"--awb-margin-top:20px;--awb-margin-right:20px;--awb-margin-bottom:20px;--awb-margin-left:20px;--awb-margin-top-small:10px;--awb-margin-right-small:0px;--awb-margin-bottom-small:10px;--awb-margin-left-small:0px;--awb-font-size:24px;\"><h4 class=\"fusion-title-heading title-heading-left\" style=\"font-family:&quot;IBM Plex Sans Condensed&quot;;font-style:normal;font-weight:500;margin:0;font-size:1em;line-height:1.2;\"><a href=\"https:\/\/www.mundusmaris.org\/es\/academia-de-pesca-en-pequena-escala\/mundus-maris-at-mare-2025\/\" class=\"awb-custom-text-color awb-custom-text-hover-color\" target=\"_self\">Mundus maris at MARE 2025<\/a><\/h4><\/div><\/div><\/li>\n<li class=\"fusion-layout-column fusion_builder_column fusion-builder-column-48 fusion-flex-column post-card fusion-grid-column fusion-post-cards-grid-column\" style=\"--awb-bg-color:var(--awb-color1);--awb-bg-color-hover:var(--awb-color1);--awb-bg-blend:overlay;--awb-bg-size:cover;--awb-flex-grow:0;--awb-flex-shrink:0;--awb-flex-grow-medium:;--awb-flex-shrink-medium:;--awb-flex-grow-small:;--awb-flex-shrink-small:;\" data-scroll-devices=\"small-visibility,medium-visibility,large-visibility\"><div class=\"fusion-column-wrapper fusion-column-has-shadow fusion-flex-justify-content-space-around fusion-content-layout-column\"><div class=\"fusion-classic-product-image-wrapper fusion-woo-product-image fusion-post-card-image fusion-post-card-image-1 has-aspect-ratio\" data-layout=\"static\" style=\"--awb-aspect-ratio:3 \/ 2;\"><div  class=\"fusion-image-wrapper\" aria-haspopup=\"true\">\n\t\t\t\t\t\t\t<a href=\"https:\/\/www.mundusmaris.org\/es\/dia-mundial-del-oceano\/wod-2025-es\/world-ocean-day-2025-sustaining-what-sustains-us-fisheries-journalism-and-role-playing-workshop\/\" aria-label=\"World Ocean Day 2025: \u00abSustaining What Sustains Us\u00bb &#8211; Fisheries Journalism and Role-Playing Workshop\">\n\t\t\t\t\t\t\t<img decoding=\"async\" width=\"500\" height=\"333\" src=\"https:\/\/www.mundusmaris.org\/wp-content\/uploads\/2025\/06\/ParticipantRepresentingIndustrialTrawlers500.jpg\" class=\"attachment-full size-full wp-post-image\" alt=\"\" srcset=\"https:\/\/www.mundusmaris.org\/wp-content\/uploads\/2025\/06\/ParticipantRepresentingIndustrialTrawlers500-200x133.jpg 200w, https:\/\/www.mundusmaris.org\/wp-content\/uploads\/2025\/06\/ParticipantRepresentingIndustrialTrawlers500-400x266.jpg 400w, https:\/\/www.mundusmaris.org\/wp-content\/uploads\/2025\/06\/ParticipantRepresentingIndustrialTrawlers500.jpg 500w\" sizes=\"(min-width: 2200px) 100vw, (min-width: 784px) 373px, (min-width: 712px) 560px, (min-width: 640px) 712px, \" \/>\t\t\t<\/a>\n\t\t\t\t\t\t\t<\/div>\n<\/div><div class=\"fusion-meta-tb fusion-meta-tb-47 floated\" style=\"--awb-border-top:0px;--awb-height:36px;--awb-alignment-medium:flex-start;--awb-alignment-small:flex-start;\"><span class=\"fusion-tb-published-date\">Published On: 27 de junio de 2025<\/span><span class=\"fusion-meta-tb-sep\"><\/span><\/div><div class=\"fusion-title title fusion-title-48 fusion-sep-none fusion-title-text fusion-title-size-four\" style=\"--awb-margin-top:20px;--awb-margin-right:20px;--awb-margin-bottom:20px;--awb-margin-left:20px;--awb-margin-top-small:10px;--awb-margin-right-small:0px;--awb-margin-bottom-small:10px;--awb-margin-left-small:0px;--awb-font-size:24px;\"><h4 class=\"fusion-title-heading title-heading-left\" style=\"font-family:&quot;IBM Plex Sans Condensed&quot;;font-style:normal;font-weight:500;margin:0;font-size:1em;line-height:1.2;\"><a href=\"https:\/\/www.mundusmaris.org\/es\/dia-mundial-del-oceano\/wod-2025-es\/world-ocean-day-2025-sustaining-what-sustains-us-fisheries-journalism-and-role-playing-workshop\/\" class=\"awb-custom-text-color awb-custom-text-hover-color\" target=\"_self\">World Ocean Day 2025: \u00abSustaining What Sustains Us\u00bb &#8211; Fisheries Journalism and Role-Playing Workshop<\/a><\/h4><\/div><\/div><\/li>\n<li class=\"fusion-layout-column fusion_builder_column fusion-builder-column-49 fusion-flex-column post-card fusion-grid-column fusion-post-cards-grid-column\" style=\"--awb-bg-color:var(--awb-color1);--awb-bg-color-hover:var(--awb-color1);--awb-bg-blend:overlay;--awb-bg-size:cover;--awb-flex-grow:0;--awb-flex-shrink:0;--awb-flex-grow-medium:;--awb-flex-shrink-medium:;--awb-flex-grow-small:;--awb-flex-shrink-small:;\" data-scroll-devices=\"small-visibility,medium-visibility,large-visibility\"><div class=\"fusion-column-wrapper fusion-column-has-shadow fusion-flex-justify-content-space-around fusion-content-layout-column\"><div class=\"fusion-classic-product-image-wrapper fusion-woo-product-image fusion-post-card-image fusion-post-card-image-1 has-aspect-ratio\" data-layout=\"static\" style=\"--awb-aspect-ratio:3 \/ 2;\"><div  class=\"fusion-image-wrapper\" aria-haspopup=\"true\">\n\t\t\t\t\t\t\t<a href=\"https:\/\/www.mundusmaris.org\/es\/peliculas\/odisea-de-plastica-mas-que-una-pelicula-contra-la-basura-plastica-en-el-mar\/\" aria-label=\"Odisea de pl\u00e1stica \u2013m\u00e1s que una pel\u00edcula contra la basura pl\u00e1stica en el mar\">\n\t\t\t\t\t\t\t<img decoding=\"async\" width=\"500\" height=\"356\" src=\"https:\/\/www.mundusmaris.org\/wp-content\/uploads\/2025\/06\/PlasticOdysseyFeature.jpg\" class=\"attachment-full size-full wp-post-image\" alt=\"\" srcset=\"https:\/\/www.mundusmaris.org\/wp-content\/uploads\/2025\/06\/PlasticOdysseyFeature-200x142.jpg 200w, https:\/\/www.mundusmaris.org\/wp-content\/uploads\/2025\/06\/PlasticOdysseyFeature-400x285.jpg 400w, https:\/\/www.mundusmaris.org\/wp-content\/uploads\/2025\/06\/PlasticOdysseyFeature.jpg 500w\" sizes=\"(min-width: 2200px) 100vw, (min-width: 784px) 373px, (min-width: 712px) 560px, (min-width: 640px) 712px, \" \/>\t\t\t<\/a>\n\t\t\t\t\t\t\t<\/div>\n<\/div><div class=\"fusion-meta-tb fusion-meta-tb-48 floated\" style=\"--awb-border-top:0px;--awb-height:36px;--awb-alignment-medium:flex-start;--awb-alignment-small:flex-start;\"><span class=\"fusion-tb-published-date\">Published On: 18 de junio de 2025<\/span><span class=\"fusion-meta-tb-sep\"><\/span><\/div><div class=\"fusion-title title fusion-title-49 fusion-sep-none fusion-title-text fusion-title-size-four\" style=\"--awb-margin-top:20px;--awb-margin-right:20px;--awb-margin-bottom:20px;--awb-margin-left:20px;--awb-margin-top-small:10px;--awb-margin-right-small:0px;--awb-margin-bottom-small:10px;--awb-margin-left-small:0px;--awb-font-size:24px;\"><h4 class=\"fusion-title-heading title-heading-left\" style=\"font-family:&quot;IBM Plex Sans Condensed&quot;;font-style:normal;font-weight:500;margin:0;font-size:1em;line-height:1.2;\"><a href=\"https:\/\/www.mundusmaris.org\/es\/peliculas\/odisea-de-plastica-mas-que-una-pelicula-contra-la-basura-plastica-en-el-mar\/\" class=\"awb-custom-text-color awb-custom-text-hover-color\" target=\"_self\">Odisea de pl\u00e1stica \u2013m\u00e1s que una pel\u00edcula contra la basura pl\u00e1stica en el mar<\/a><\/h4><\/div><\/div><\/li>\n<li class=\"fusion-layout-column fusion_builder_column fusion-builder-column-50 fusion-flex-column post-card fusion-grid-column fusion-post-cards-grid-column\" style=\"--awb-bg-color:var(--awb-color1);--awb-bg-color-hover:var(--awb-color1);--awb-bg-blend:overlay;--awb-bg-size:cover;--awb-flex-grow:0;--awb-flex-shrink:0;--awb-flex-grow-medium:;--awb-flex-shrink-medium:;--awb-flex-grow-small:;--awb-flex-shrink-small:;\" data-scroll-devices=\"small-visibility,medium-visibility,large-visibility\"><div class=\"fusion-column-wrapper fusion-column-has-shadow fusion-flex-justify-content-space-around fusion-content-layout-column\"><div class=\"fusion-classic-product-image-wrapper fusion-woo-product-image fusion-post-card-image fusion-post-card-image-1 has-aspect-ratio\" data-layout=\"static\" style=\"--awb-aspect-ratio:3 \/ 2;\"><div  class=\"fusion-image-wrapper\" aria-haspopup=\"true\">\n\t\t\t\t\t\t\t<a href=\"https:\/\/www.mundusmaris.org\/es\/dia-mundial-del-oceano\/wod-2025-es\/the-makoko-clean-up-for-world-ocean-day-in-nigeria\/\" aria-label=\"The Makoko clean-up for World Ocean Day in Nigeria\">\n\t\t\t\t\t\t\t<img decoding=\"async\" width=\"500\" height=\"390\" src=\"https:\/\/www.mundusmaris.org\/wp-content\/uploads\/2025\/07\/MakokoCleanFeature.jpg\" class=\"attachment-full size-full wp-post-image\" alt=\"\" srcset=\"https:\/\/www.mundusmaris.org\/wp-content\/uploads\/2025\/07\/MakokoCleanFeature-200x156.jpg 200w, https:\/\/www.mundusmaris.org\/wp-content\/uploads\/2025\/07\/MakokoCleanFeature-400x312.jpg 400w, https:\/\/www.mundusmaris.org\/wp-content\/uploads\/2025\/07\/MakokoCleanFeature.jpg 500w\" sizes=\"(min-width: 2200px) 100vw, (min-width: 784px) 373px, (min-width: 712px) 560px, (min-width: 640px) 712px, \" \/>\t\t\t<\/a>\n\t\t\t\t\t\t\t<\/div>\n<\/div><div class=\"fusion-meta-tb fusion-meta-tb-49 floated\" style=\"--awb-border-top:0px;--awb-height:36px;--awb-alignment-medium:flex-start;--awb-alignment-small:flex-start;\"><span class=\"fusion-tb-published-date\">Published On: 15 de junio de 2025<\/span><span class=\"fusion-meta-tb-sep\"><\/span><\/div><div class=\"fusion-title title fusion-title-50 fusion-sep-none fusion-title-text fusion-title-size-four\" style=\"--awb-margin-top:20px;--awb-margin-right:20px;--awb-margin-bottom:20px;--awb-margin-left:20px;--awb-margin-top-small:10px;--awb-margin-right-small:0px;--awb-margin-bottom-small:10px;--awb-margin-left-small:0px;--awb-font-size:24px;\"><h4 class=\"fusion-title-heading title-heading-left\" style=\"font-family:&quot;IBM Plex Sans Condensed&quot;;font-style:normal;font-weight:500;margin:0;font-size:1em;line-height:1.2;\"><a href=\"https:\/\/www.mundusmaris.org\/es\/dia-mundial-del-oceano\/wod-2025-es\/the-makoko-clean-up-for-world-ocean-day-in-nigeria\/\" class=\"awb-custom-text-color awb-custom-text-hover-color\" target=\"_self\">The Makoko clean-up for World Ocean Day in Nigeria<\/a><\/h4><\/div><\/div><\/li>\n<li class=\"fusion-layout-column fusion_builder_column fusion-builder-column-51 fusion-flex-column post-card fusion-grid-column fusion-post-cards-grid-column\" style=\"--awb-bg-color:var(--awb-color1);--awb-bg-color-hover:var(--awb-color1);--awb-bg-blend:overlay;--awb-bg-size:cover;--awb-flex-grow:0;--awb-flex-shrink:0;--awb-flex-grow-medium:;--awb-flex-shrink-medium:;--awb-flex-grow-small:;--awb-flex-shrink-small:;\" data-scroll-devices=\"small-visibility,medium-visibility,large-visibility\"><div class=\"fusion-column-wrapper fusion-column-has-shadow fusion-flex-justify-content-space-around fusion-content-layout-column\"><div class=\"fusion-classic-product-image-wrapper fusion-woo-product-image fusion-post-card-image fusion-post-card-image-1 has-aspect-ratio\" data-layout=\"static\" style=\"--awb-aspect-ratio:3 \/ 2;\"><div  class=\"fusion-image-wrapper\" aria-haspopup=\"true\">\n\t\t\t\t\t\t\t<a href=\"https:\/\/www.mundusmaris.org\/es\/dia-mundial-del-oceano\/wod-2025-es\/2025-mundus-maris-world-ocean-day-in-akure-nigeria\/\" aria-label=\"2025 Mundus maris World Ocean Day in Akure, Nigeria\">\n\t\t\t\t\t\t\t<img decoding=\"async\" width=\"500\" height=\"503\" src=\"https:\/\/www.mundusmaris.org\/wp-content\/uploads\/2025\/06\/WOD2025-AnnouncementPoster-500.jpg\" class=\"attachment-full size-full wp-post-image\" alt=\"\" srcset=\"https:\/\/www.mundusmaris.org\/wp-content\/uploads\/2025\/06\/WOD2025-AnnouncementPoster-500-200x201.jpg 200w, https:\/\/www.mundusmaris.org\/wp-content\/uploads\/2025\/06\/WOD2025-AnnouncementPoster-500-400x402.jpg 400w, https:\/\/www.mundusmaris.org\/wp-content\/uploads\/2025\/06\/WOD2025-AnnouncementPoster-500.jpg 500w\" sizes=\"(min-width: 2200px) 100vw, (min-width: 784px) 373px, (min-width: 712px) 560px, (min-width: 640px) 712px, \" \/>\t\t\t<\/a>\n\t\t\t\t\t\t\t<\/div>\n<\/div><div class=\"fusion-meta-tb fusion-meta-tb-50 floated\" style=\"--awb-border-top:0px;--awb-height:36px;--awb-alignment-medium:flex-start;--awb-alignment-small:flex-start;\"><span class=\"fusion-tb-published-date\">Published On: 14 de junio de 2025<\/span><span class=\"fusion-meta-tb-sep\"><\/span><\/div><div class=\"fusion-title title fusion-title-51 fusion-sep-none fusion-title-text fusion-title-size-four\" style=\"--awb-margin-top:20px;--awb-margin-right:20px;--awb-margin-bottom:20px;--awb-margin-left:20px;--awb-margin-top-small:10px;--awb-margin-right-small:0px;--awb-margin-bottom-small:10px;--awb-margin-left-small:0px;--awb-font-size:24px;\"><h4 class=\"fusion-title-heading title-heading-left\" style=\"font-family:&quot;IBM Plex Sans Condensed&quot;;font-style:normal;font-weight:500;margin:0;font-size:1em;line-height:1.2;\"><a href=\"https:\/\/www.mundusmaris.org\/es\/dia-mundial-del-oceano\/wod-2025-es\/2025-mundus-maris-world-ocean-day-in-akure-nigeria\/\" class=\"awb-custom-text-color awb-custom-text-hover-color\" target=\"_self\">2025 Mundus maris World Ocean Day in Akure, Nigeria<\/a><\/h4><\/div><\/div><\/li>\n<li class=\"fusion-layout-column fusion_builder_column fusion-builder-column-52 fusion-flex-column post-card fusion-grid-column fusion-post-cards-grid-column\" style=\"--awb-bg-color:var(--awb-color1);--awb-bg-color-hover:var(--awb-color1);--awb-bg-blend:overlay;--awb-bg-size:cover;--awb-flex-grow:0;--awb-flex-shrink:0;--awb-flex-grow-medium:;--awb-flex-shrink-medium:;--awb-flex-grow-small:;--awb-flex-shrink-small:;\" data-scroll-devices=\"small-visibility,medium-visibility,large-visibility\"><div class=\"fusion-column-wrapper fusion-column-has-shadow fusion-flex-justify-content-space-around fusion-content-layout-column\"><div class=\"fusion-classic-product-image-wrapper fusion-woo-product-image fusion-post-card-image fusion-post-card-image-1 has-aspect-ratio\" data-layout=\"static\" style=\"--awb-aspect-ratio:3 \/ 2;\"><div  class=\"fusion-image-wrapper\" aria-haspopup=\"true\">\n\t\t\t\t\t\t\t<a href=\"https:\/\/www.mundusmaris.org\/es\/actividades\/frenar-la-sobrepesca\/a-few-more-highlights-from-unoc3\/\" aria-label=\"A few more highlights from UNOC3\">\n\t\t\t\t\t\t\t<img decoding=\"async\" width=\"500\" height=\"313\" src=\"https:\/\/www.mundusmaris.org\/wp-content\/uploads\/2025\/07\/BaseCampRiseUp.jpg\" class=\"attachment-full size-full wp-post-image\" alt=\"\" srcset=\"https:\/\/www.mundusmaris.org\/wp-content\/uploads\/2025\/07\/BaseCampRiseUp-200x125.jpg 200w, https:\/\/www.mundusmaris.org\/wp-content\/uploads\/2025\/07\/BaseCampRiseUp-400x250.jpg 400w, https:\/\/www.mundusmaris.org\/wp-content\/uploads\/2025\/07\/BaseCampRiseUp.jpg 500w\" sizes=\"(min-width: 2200px) 100vw, (min-width: 784px) 373px, (min-width: 712px) 560px, (min-width: 640px) 712px, \" \/>\t\t\t<\/a>\n\t\t\t\t\t\t\t<\/div>\n<\/div><div class=\"fusion-meta-tb fusion-meta-tb-51 floated\" style=\"--awb-border-top:0px;--awb-height:36px;--awb-alignment-medium:flex-start;--awb-alignment-small:flex-start;\"><span class=\"fusion-tb-published-date\">Published On: 13 de junio de 2025<\/span><span class=\"fusion-meta-tb-sep\"><\/span><\/div><div class=\"fusion-title title fusion-title-52 fusion-sep-none fusion-title-text fusion-title-size-four\" style=\"--awb-margin-top:20px;--awb-margin-right:20px;--awb-margin-bottom:20px;--awb-margin-left:20px;--awb-margin-top-small:10px;--awb-margin-right-small:0px;--awb-margin-bottom-small:10px;--awb-margin-left-small:0px;--awb-font-size:24px;\"><h4 class=\"fusion-title-heading title-heading-left\" style=\"font-family:&quot;IBM Plex Sans Condensed&quot;;font-style:normal;font-weight:500;margin:0;font-size:1em;line-height:1.2;\"><a href=\"https:\/\/www.mundusmaris.org\/es\/actividades\/frenar-la-sobrepesca\/a-few-more-highlights-from-unoc3\/\" class=\"awb-custom-text-color awb-custom-text-hover-color\" target=\"_self\">A few more highlights from UNOC3<\/a><\/h4><\/div><\/div><\/li>\n<li class=\"fusion-layout-column fusion_builder_column fusion-builder-column-53 fusion-flex-column post-card fusion-grid-column fusion-post-cards-grid-column\" style=\"--awb-bg-color:var(--awb-color1);--awb-bg-color-hover:var(--awb-color1);--awb-bg-blend:overlay;--awb-bg-size:cover;--awb-flex-grow:0;--awb-flex-shrink:0;--awb-flex-grow-medium:;--awb-flex-shrink-medium:;--awb-flex-grow-small:;--awb-flex-shrink-small:;\" data-scroll-devices=\"small-visibility,medium-visibility,large-visibility\"><div class=\"fusion-column-wrapper fusion-column-has-shadow fusion-flex-justify-content-space-around fusion-content-layout-column\"><div class=\"fusion-classic-product-image-wrapper fusion-woo-product-image fusion-post-card-image fusion-post-card-image-1 has-aspect-ratio\" data-layout=\"static\" style=\"--awb-aspect-ratio:3 \/ 2;\"><div  class=\"fusion-image-wrapper\" aria-haspopup=\"true\">\n\t\t\t\t\t\t\t<a href=\"https:\/\/www.mundusmaris.org\/es\/academia-de-pesca-en-pequena-escala\/los-pescadores-artesanales-en-el-centro-de-la-gobernanza-oceanica-y-la-seguridad-alimentaria\/\" aria-label=\"Los pescadores artesanales en el centro de la gobernanza oce\u00e1nica y la seguridad alimentaria\">\n\t\t\t\t\t\t\t<img decoding=\"async\" width=\"500\" height=\"331\" src=\"https:\/\/www.mundusmaris.org\/wp-content\/uploads\/2025\/06\/ZoilaBustamanteConapachChile-1.jpg\" class=\"attachment-full size-full wp-post-image\" alt=\"\" srcset=\"https:\/\/www.mundusmaris.org\/wp-content\/uploads\/2025\/06\/ZoilaBustamanteConapachChile-1-200x132.jpg 200w, https:\/\/www.mundusmaris.org\/wp-content\/uploads\/2025\/06\/ZoilaBustamanteConapachChile-1-400x265.jpg 400w, https:\/\/www.mundusmaris.org\/wp-content\/uploads\/2025\/06\/ZoilaBustamanteConapachChile-1.jpg 500w\" sizes=\"(min-width: 2200px) 100vw, (min-width: 784px) 373px, (min-width: 712px) 560px, (min-width: 640px) 712px, \" \/>\t\t\t<\/a>\n\t\t\t\t\t\t\t<\/div>\n<\/div><div class=\"fusion-meta-tb fusion-meta-tb-52 floated\" style=\"--awb-border-top:0px;--awb-height:36px;--awb-alignment-medium:flex-start;--awb-alignment-small:flex-start;\"><span class=\"fusion-tb-published-date\">Published On: 13 de junio de 2025<\/span><span class=\"fusion-meta-tb-sep\"><\/span><\/div><div class=\"fusion-title title fusion-title-53 fusion-sep-none fusion-title-text fusion-title-size-four\" style=\"--awb-margin-top:20px;--awb-margin-right:20px;--awb-margin-bottom:20px;--awb-margin-left:20px;--awb-margin-top-small:10px;--awb-margin-right-small:0px;--awb-margin-bottom-small:10px;--awb-margin-left-small:0px;--awb-font-size:24px;\"><h4 class=\"fusion-title-heading title-heading-left\" style=\"font-family:&quot;IBM Plex Sans Condensed&quot;;font-style:normal;font-weight:500;margin:0;font-size:1em;line-height:1.2;\"><a href=\"https:\/\/www.mundusmaris.org\/es\/academia-de-pesca-en-pequena-escala\/los-pescadores-artesanales-en-el-centro-de-la-gobernanza-oceanica-y-la-seguridad-alimentaria\/\" class=\"awb-custom-text-color awb-custom-text-hover-color\" target=\"_self\">Los pescadores artesanales en el centro de la gobernanza oce\u00e1nica y la seguridad alimentaria<\/a><\/h4><\/div><\/div><\/li>\n<li class=\"fusion-layout-column fusion_builder_column fusion-builder-column-54 fusion-flex-column post-card fusion-grid-column fusion-post-cards-grid-column\" style=\"--awb-bg-color:var(--awb-color1);--awb-bg-color-hover:var(--awb-color1);--awb-bg-blend:overlay;--awb-bg-size:cover;--awb-flex-grow:0;--awb-flex-shrink:0;--awb-flex-grow-medium:;--awb-flex-shrink-medium:;--awb-flex-grow-small:;--awb-flex-shrink-small:;\" data-scroll-devices=\"small-visibility,medium-visibility,large-visibility\"><div class=\"fusion-column-wrapper fusion-column-has-shadow fusion-flex-justify-content-space-around fusion-content-layout-column\"><div class=\"fusion-classic-product-image-wrapper fusion-woo-product-image fusion-post-card-image fusion-post-card-image-1 has-aspect-ratio\" data-layout=\"static\" style=\"--awb-aspect-ratio:3 \/ 2;\"><div  class=\"fusion-image-wrapper\" aria-haspopup=\"true\">\n\t\t\t\t\t\t\t<a href=\"https:\/\/www.mundusmaris.org\/es\/actividades\/seguridad-climatica-y-oceanica\/the-four-blue-notebooks-were-a-resounding-success-at-unoc3\/\" aria-label=\"The four blue notebooks were a resounding success at UNOC3\">\n\t\t\t\t\t\t\t<img decoding=\"async\" width=\"500\" height=\"375\" src=\"https:\/\/www.mundusmaris.org\/wp-content\/uploads\/2025\/06\/NoteBookFeature.jpg\" class=\"attachment-full size-full wp-post-image\" alt=\"\" srcset=\"https:\/\/www.mundusmaris.org\/wp-content\/uploads\/2025\/06\/NoteBookFeature-200x150.jpg 200w, https:\/\/www.mundusmaris.org\/wp-content\/uploads\/2025\/06\/NoteBookFeature-400x300.jpg 400w, https:\/\/www.mundusmaris.org\/wp-content\/uploads\/2025\/06\/NoteBookFeature.jpg 500w\" sizes=\"(min-width: 2200px) 100vw, (min-width: 784px) 373px, (min-width: 712px) 560px, (min-width: 640px) 712px, \" \/>\t\t\t<\/a>\n\t\t\t\t\t\t\t<\/div>\n<\/div><div class=\"fusion-meta-tb fusion-meta-tb-53 floated\" style=\"--awb-border-top:0px;--awb-height:36px;--awb-alignment-medium:flex-start;--awb-alignment-small:flex-start;\"><span class=\"fusion-tb-published-date\">Published On: 11 de junio de 2025<\/span><span class=\"fusion-meta-tb-sep\"><\/span><\/div><div class=\"fusion-title title fusion-title-54 fusion-sep-none fusion-title-text fusion-title-size-four\" style=\"--awb-margin-top:20px;--awb-margin-right:20px;--awb-margin-bottom:20px;--awb-margin-left:20px;--awb-margin-top-small:10px;--awb-margin-right-small:0px;--awb-margin-bottom-small:10px;--awb-margin-left-small:0px;--awb-font-size:24px;\"><h4 class=\"fusion-title-heading title-heading-left\" style=\"font-family:&quot;IBM Plex Sans Condensed&quot;;font-style:normal;font-weight:500;margin:0;font-size:1em;line-height:1.2;\"><a href=\"https:\/\/www.mundusmaris.org\/es\/actividades\/seguridad-climatica-y-oceanica\/the-four-blue-notebooks-were-a-resounding-success-at-unoc3\/\" class=\"awb-custom-text-color awb-custom-text-hover-color\" target=\"_self\">The four blue notebooks were a resounding success at UNOC3<\/a><\/h4><\/div><\/div><\/li>\n<li class=\"fusion-layout-column fusion_builder_column fusion-builder-column-55 fusion-flex-column post-card fusion-grid-column fusion-post-cards-grid-column\" style=\"--awb-bg-color:var(--awb-color1);--awb-bg-color-hover:var(--awb-color1);--awb-bg-blend:overlay;--awb-bg-size:cover;--awb-flex-grow:0;--awb-flex-shrink:0;--awb-flex-grow-medium:;--awb-flex-shrink-medium:;--awb-flex-grow-small:;--awb-flex-shrink-small:;\" data-scroll-devices=\"small-visibility,medium-visibility,large-visibility\"><div class=\"fusion-column-wrapper fusion-column-has-shadow fusion-flex-justify-content-space-around fusion-content-layout-column\"><div class=\"fusion-classic-product-image-wrapper fusion-woo-product-image fusion-post-card-image fusion-post-card-image-1 has-aspect-ratio\" data-layout=\"static\" style=\"--awb-aspect-ratio:3 \/ 2;\"><div  class=\"fusion-image-wrapper\" aria-haspopup=\"true\">\n\t\t\t\t\t\t\t<a href=\"https:\/\/www.mundusmaris.org\/es\/actividades\/seguridad-climatica-y-oceanica\/from-shore-to-summit-one-of-the-unoc3-highlights\/\" aria-label=\"From shore to summit &#8211; one of the UNOC3 highlights\">\n\t\t\t\t\t\t\t<img decoding=\"async\" width=\"500\" height=\"333\" src=\"https:\/\/www.mundusmaris.org\/wp-content\/uploads\/2025\/07\/PackedAudience.jpg\" class=\"attachment-full size-full wp-post-image\" alt=\"\" srcset=\"https:\/\/www.mundusmaris.org\/wp-content\/uploads\/2025\/07\/PackedAudience-200x133.jpg 200w, https:\/\/www.mundusmaris.org\/wp-content\/uploads\/2025\/07\/PackedAudience-400x266.jpg 400w, https:\/\/www.mundusmaris.org\/wp-content\/uploads\/2025\/07\/PackedAudience.jpg 500w\" sizes=\"(min-width: 2200px) 100vw, (min-width: 784px) 373px, (min-width: 712px) 560px, (min-width: 640px) 712px, \" \/>\t\t\t<\/a>\n\t\t\t\t\t\t\t<\/div>\n<\/div><div class=\"fusion-meta-tb fusion-meta-tb-54 floated\" style=\"--awb-border-top:0px;--awb-height:36px;--awb-alignment-medium:flex-start;--awb-alignment-small:flex-start;\"><span class=\"fusion-tb-published-date\">Published On: 11 de junio de 2025<\/span><span class=\"fusion-meta-tb-sep\"><\/span><\/div><div class=\"fusion-title title fusion-title-55 fusion-sep-none fusion-title-text fusion-title-size-four\" style=\"--awb-margin-top:20px;--awb-margin-right:20px;--awb-margin-bottom:20px;--awb-margin-left:20px;--awb-margin-top-small:10px;--awb-margin-right-small:0px;--awb-margin-bottom-small:10px;--awb-margin-left-small:0px;--awb-font-size:24px;\"><h4 class=\"fusion-title-heading title-heading-left\" style=\"font-family:&quot;IBM Plex Sans Condensed&quot;;font-style:normal;font-weight:500;margin:0;font-size:1em;line-height:1.2;\"><a href=\"https:\/\/www.mundusmaris.org\/es\/actividades\/seguridad-climatica-y-oceanica\/from-shore-to-summit-one-of-the-unoc3-highlights\/\" class=\"awb-custom-text-color awb-custom-text-hover-color\" target=\"_self\">From shore to summit &#8211; one of the UNOC3 highlights<\/a><\/h4><\/div><\/div><\/li>\n<li class=\"fusion-layout-column fusion_builder_column fusion-builder-column-56 fusion-flex-column post-card fusion-grid-column fusion-post-cards-grid-column\" style=\"--awb-bg-color:var(--awb-color1);--awb-bg-color-hover:var(--awb-color1);--awb-bg-blend:overlay;--awb-bg-size:cover;--awb-flex-grow:0;--awb-flex-shrink:0;--awb-flex-grow-medium:;--awb-flex-shrink-medium:;--awb-flex-grow-small:;--awb-flex-shrink-small:;\" data-scroll-devices=\"small-visibility,medium-visibility,large-visibility\"><div class=\"fusion-column-wrapper fusion-column-has-shadow fusion-flex-justify-content-space-around fusion-content-layout-column\"><div class=\"fusion-classic-product-image-wrapper fusion-woo-product-image fusion-post-card-image fusion-post-card-image-1 has-aspect-ratio\" data-layout=\"static\" style=\"--awb-aspect-ratio:3 \/ 2;\"><div  class=\"fusion-image-wrapper\" aria-haspopup=\"true\">\n\t\t\t\t\t\t\t<a href=\"https:\/\/www.mundusmaris.org\/es\/dia-mundial-del-oceano\/wod-2025-es\/celebration-de-la-journee-mondiale-de-locean-par-lamicale-des-ecoles-de-foot-de-hann-bel-air-senegal\/\" aria-label=\"C\u00e9l\u00e9bration de la Journ\u00e9e mondiale de l&#8217;oc\u00e9an par l\u2019Amicale des Ecoles de Foot de Hann Bel Air, S\u00e9n\u00e9gal\">\n\t\t\t\t\t\t\t<img decoding=\"async\" width=\"499\" height=\"413\" src=\"https:\/\/www.mundusmaris.org\/wp-content\/uploads\/2025\/06\/FeaturePhoto.jpg\" class=\"attachment-full size-full wp-post-image\" alt=\"\" srcset=\"https:\/\/www.mundusmaris.org\/wp-content\/uploads\/2025\/06\/FeaturePhoto-200x166.jpg 200w, https:\/\/www.mundusmaris.org\/wp-content\/uploads\/2025\/06\/FeaturePhoto-400x331.jpg 400w, https:\/\/www.mundusmaris.org\/wp-content\/uploads\/2025\/06\/FeaturePhoto.jpg 499w\" sizes=\"(min-width: 2200px) 100vw, (min-width: 784px) 373px, (min-width: 712px) 560px, (min-width: 640px) 712px, \" \/>\t\t\t<\/a>\n\t\t\t\t\t\t\t<\/div>\n<\/div><div class=\"fusion-meta-tb fusion-meta-tb-55 floated\" style=\"--awb-border-top:0px;--awb-height:36px;--awb-alignment-medium:flex-start;--awb-alignment-small:flex-start;\"><span class=\"fusion-tb-published-date\">Published On: 10 de junio de 2025<\/span><span class=\"fusion-meta-tb-sep\"><\/span><\/div><div class=\"fusion-title title fusion-title-56 fusion-sep-none fusion-title-text fusion-title-size-four\" style=\"--awb-margin-top:20px;--awb-margin-right:20px;--awb-margin-bottom:20px;--awb-margin-left:20px;--awb-margin-top-small:10px;--awb-margin-right-small:0px;--awb-margin-bottom-small:10px;--awb-margin-left-small:0px;--awb-font-size:24px;\"><h4 class=\"fusion-title-heading title-heading-left\" style=\"font-family:&quot;IBM Plex Sans Condensed&quot;;font-style:normal;font-weight:500;margin:0;font-size:1em;line-height:1.2;\"><a href=\"https:\/\/www.mundusmaris.org\/es\/dia-mundial-del-oceano\/wod-2025-es\/celebration-de-la-journee-mondiale-de-locean-par-lamicale-des-ecoles-de-foot-de-hann-bel-air-senegal\/\" class=\"awb-custom-text-color awb-custom-text-hover-color\" target=\"_self\">C\u00e9l\u00e9bration de la Journ\u00e9e mondiale de l&#8217;oc\u00e9an par l\u2019Amicale des Ecoles de Foot de Hann Bel Air, S\u00e9n\u00e9gal<\/a><\/h4><\/div><\/div><\/li>\n<li class=\"fusion-layout-column fusion_builder_column fusion-builder-column-57 fusion-flex-column post-card fusion-grid-column fusion-post-cards-grid-column\" style=\"--awb-bg-color:var(--awb-color1);--awb-bg-color-hover:var(--awb-color1);--awb-bg-blend:overlay;--awb-bg-size:cover;--awb-flex-grow:0;--awb-flex-shrink:0;--awb-flex-grow-medium:;--awb-flex-shrink-medium:;--awb-flex-grow-small:;--awb-flex-shrink-small:;\" data-scroll-devices=\"small-visibility,medium-visibility,large-visibility\"><div class=\"fusion-column-wrapper fusion-column-has-shadow fusion-flex-justify-content-space-around fusion-content-layout-column\"><div class=\"fusion-classic-product-image-wrapper fusion-woo-product-image fusion-post-card-image fusion-post-card-image-1 has-aspect-ratio\" data-layout=\"static\" style=\"--awb-aspect-ratio:3 \/ 2;\"><div  class=\"fusion-image-wrapper\" aria-haspopup=\"true\">\n\t\t\t\t\t\t\t<a href=\"https:\/\/www.mundusmaris.org\/es\/dia-mundial-del-oceano\/wod-2025-es\/protect-the-ocean-protect-life-ocean-advocates-in-nice-france\/\" aria-label=\"\u2018Protect the ocean, protect life!\u2019 &#8211; Ocean advocates in Nice, France\">\n\t\t\t\t\t\t\t<img decoding=\"async\" width=\"500\" height=\"514\" src=\"https:\/\/www.mundusmaris.org\/wp-content\/uploads\/2025\/06\/ProtectedMeansProtectedFeature.jpg\" class=\"attachment-full size-full wp-post-image\" alt=\"\" srcset=\"https:\/\/www.mundusmaris.org\/wp-content\/uploads\/2025\/06\/ProtectedMeansProtectedFeature-200x206.jpg 200w, https:\/\/www.mundusmaris.org\/wp-content\/uploads\/2025\/06\/ProtectedMeansProtectedFeature-400x411.jpg 400w, https:\/\/www.mundusmaris.org\/wp-content\/uploads\/2025\/06\/ProtectedMeansProtectedFeature.jpg 500w\" sizes=\"(min-width: 2200px) 100vw, (min-width: 784px) 373px, (min-width: 712px) 560px, (min-width: 640px) 712px, \" \/>\t\t\t<\/a>\n\t\t\t\t\t\t\t<\/div>\n<\/div><div class=\"fusion-meta-tb fusion-meta-tb-56 floated\" style=\"--awb-border-top:0px;--awb-height:36px;--awb-alignment-medium:flex-start;--awb-alignment-small:flex-start;\"><span class=\"fusion-tb-published-date\">Published On: 8 de junio de 2025<\/span><span class=\"fusion-meta-tb-sep\"><\/span><\/div><div class=\"fusion-title title fusion-title-57 fusion-sep-none fusion-title-text fusion-title-size-four\" style=\"--awb-margin-top:20px;--awb-margin-right:20px;--awb-margin-bottom:20px;--awb-margin-left:20px;--awb-margin-top-small:10px;--awb-margin-right-small:0px;--awb-margin-bottom-small:10px;--awb-margin-left-small:0px;--awb-font-size:24px;\"><h4 class=\"fusion-title-heading title-heading-left\" style=\"font-family:&quot;IBM Plex Sans Condensed&quot;;font-style:normal;font-weight:500;margin:0;font-size:1em;line-height:1.2;\"><a href=\"https:\/\/www.mundusmaris.org\/es\/dia-mundial-del-oceano\/wod-2025-es\/protect-the-ocean-protect-life-ocean-advocates-in-nice-france\/\" class=\"awb-custom-text-color awb-custom-text-hover-color\" target=\"_self\">\u2018Protect the ocean, protect life!\u2019 &#8211; Ocean advocates in Nice, France<\/a><\/h4><\/div><\/div><\/li>\n<li class=\"fusion-layout-column fusion_builder_column fusion-builder-column-58 fusion-flex-column post-card fusion-grid-column fusion-post-cards-grid-column\" style=\"--awb-bg-color:var(--awb-color1);--awb-bg-color-hover:var(--awb-color1);--awb-bg-blend:overlay;--awb-bg-size:cover;--awb-flex-grow:0;--awb-flex-shrink:0;--awb-flex-grow-medium:;--awb-flex-shrink-medium:;--awb-flex-grow-small:;--awb-flex-shrink-small:;\" data-scroll-devices=\"small-visibility,medium-visibility,large-visibility\"><div class=\"fusion-column-wrapper fusion-column-has-shadow fusion-flex-justify-content-space-around fusion-content-layout-column\"><div class=\"fusion-classic-product-image-wrapper fusion-woo-product-image fusion-post-card-image fusion-post-card-image-1 has-aspect-ratio\" data-layout=\"static\" style=\"--awb-aspect-ratio:3 \/ 2;\"><div  class=\"fusion-image-wrapper\" aria-haspopup=\"true\">\n\t\t\t\t\t\t\t<a href=\"https:\/\/www.mundusmaris.org\/es\/dia-mundial-del-oceano\/wod-2025-es\/celebracion-del-dia-mundial-del-oceano-y-del-dia-mundial-del-ambiente-en-buenos-aires\/\" aria-label=\"Celebraci\u00f3n del D\u00eda Mundial del Oc\u00e9ano y del D\u00eda Mundial del Ambiente en Buenos Aires\">\n\t\t\t\t\t\t\t<img decoding=\"async\" width=\"500\" height=\"625\" src=\"https:\/\/www.mundusmaris.org\/wp-content\/uploads\/2025\/06\/dia-oceanos-2025-feature.jpg\" class=\"attachment-full size-full wp-post-image\" alt=\"\" srcset=\"https:\/\/www.mundusmaris.org\/wp-content\/uploads\/2025\/06\/dia-oceanos-2025-feature-200x250.jpg 200w, https:\/\/www.mundusmaris.org\/wp-content\/uploads\/2025\/06\/dia-oceanos-2025-feature-400x500.jpg 400w, https:\/\/www.mundusmaris.org\/wp-content\/uploads\/2025\/06\/dia-oceanos-2025-feature.jpg 500w\" sizes=\"(min-width: 2200px) 100vw, (min-width: 784px) 373px, (min-width: 712px) 560px, (min-width: 640px) 712px, \" \/>\t\t\t<\/a>\n\t\t\t\t\t\t\t<\/div>\n<\/div><div class=\"fusion-meta-tb fusion-meta-tb-57 floated\" style=\"--awb-border-top:0px;--awb-height:36px;--awb-alignment-medium:flex-start;--awb-alignment-small:flex-start;\"><span class=\"fusion-tb-published-date\">Published On: 6 de junio de 2025<\/span><span class=\"fusion-meta-tb-sep\"><\/span><\/div><div class=\"fusion-title title fusion-title-58 fusion-sep-none fusion-title-text fusion-title-size-four\" style=\"--awb-margin-top:20px;--awb-margin-right:20px;--awb-margin-bottom:20px;--awb-margin-left:20px;--awb-margin-top-small:10px;--awb-margin-right-small:0px;--awb-margin-bottom-small:10px;--awb-margin-left-small:0px;--awb-font-size:24px;\"><h4 class=\"fusion-title-heading title-heading-left\" style=\"font-family:&quot;IBM Plex Sans Condensed&quot;;font-style:normal;font-weight:500;margin:0;font-size:1em;line-height:1.2;\"><a href=\"https:\/\/www.mundusmaris.org\/es\/dia-mundial-del-oceano\/wod-2025-es\/celebracion-del-dia-mundial-del-oceano-y-del-dia-mundial-del-ambiente-en-buenos-aires\/\" class=\"awb-custom-text-color awb-custom-text-hover-color\" target=\"_self\">Celebraci\u00f3n del D\u00eda Mundial del Oc\u00e9ano y del D\u00eda Mundial del Ambiente en Buenos Aires<\/a><\/h4><\/div><\/div><\/li>\n<li class=\"fusion-layout-column fusion_builder_column fusion-builder-column-59 fusion-flex-column post-card fusion-grid-column fusion-post-cards-grid-column\" style=\"--awb-bg-color:var(--awb-color1);--awb-bg-color-hover:var(--awb-color1);--awb-bg-blend:overlay;--awb-bg-size:cover;--awb-flex-grow:0;--awb-flex-shrink:0;--awb-flex-grow-medium:;--awb-flex-shrink-medium:;--awb-flex-grow-small:;--awb-flex-shrink-small:;\" data-scroll-devices=\"small-visibility,medium-visibility,large-visibility\"><div class=\"fusion-column-wrapper fusion-column-has-shadow fusion-flex-justify-content-space-around fusion-content-layout-column\"><div class=\"fusion-classic-product-image-wrapper fusion-woo-product-image fusion-post-card-image fusion-post-card-image-1 has-aspect-ratio\" data-layout=\"static\" style=\"--awb-aspect-ratio:3 \/ 2;\"><div  class=\"fusion-image-wrapper\" aria-haspopup=\"true\">\n\t\t\t\t\t\t\t<a href=\"https:\/\/www.mundusmaris.org\/es\/dia-mundial-del-oceano\/wod-2025-es\/inicio-de-las-actividades-del-dia-mundial-del-oceano-a-cargo-de-mundus-maris\/\" aria-label=\"Inicio de las actividades del D\u00eda Mundial de los Oc\u00e9anos a cargo de Mundus maris\">\n\t\t\t\t\t\t\t<img decoding=\"async\" width=\"500\" height=\"521\" src=\"https:\/\/www.mundusmaris.org\/wp-content\/uploads\/2025\/06\/InviteDreckWeg2025-rotated.jpg\" class=\"attachment-full size-full wp-post-image\" alt=\"\" srcset=\"https:\/\/www.mundusmaris.org\/wp-content\/uploads\/2025\/06\/InviteDreckWeg2025-200x208.jpg 200w, https:\/\/www.mundusmaris.org\/wp-content\/uploads\/2025\/06\/InviteDreckWeg2025-400x417.jpg 400w, https:\/\/www.mundusmaris.org\/wp-content\/uploads\/2025\/06\/InviteDreckWeg2025-rotated.jpg 500w\" sizes=\"(min-width: 2200px) 100vw, (min-width: 784px) 373px, (min-width: 712px) 560px, (min-width: 640px) 712px, \" \/>\t\t\t<\/a>\n\t\t\t\t\t\t\t<\/div>\n<\/div><div class=\"fusion-meta-tb fusion-meta-tb-58 floated\" style=\"--awb-border-top:0px;--awb-height:36px;--awb-alignment-medium:flex-start;--awb-alignment-small:flex-start;\"><span class=\"fusion-tb-published-date\">Published On: 31 de mayo de 2025<\/span><span class=\"fusion-meta-tb-sep\"><\/span><\/div><div class=\"fusion-title title fusion-title-59 fusion-sep-none fusion-title-text fusion-title-size-four\" style=\"--awb-margin-top:20px;--awb-margin-right:20px;--awb-margin-bottom:20px;--awb-margin-left:20px;--awb-margin-top-small:10px;--awb-margin-right-small:0px;--awb-margin-bottom-small:10px;--awb-margin-left-small:0px;--awb-font-size:24px;\"><h4 class=\"fusion-title-heading title-heading-left\" style=\"font-family:&quot;IBM Plex Sans Condensed&quot;;font-style:normal;font-weight:500;margin:0;font-size:1em;line-height:1.2;\"><a href=\"https:\/\/www.mundusmaris.org\/es\/dia-mundial-del-oceano\/wod-2025-es\/inicio-de-las-actividades-del-dia-mundial-del-oceano-a-cargo-de-mundus-maris\/\" class=\"awb-custom-text-color awb-custom-text-hover-color\" target=\"_self\">Inicio de las actividades del D\u00eda Mundial de los Oc\u00e9anos a cargo de Mundus maris<\/a><\/h4><\/div><\/div><\/li>\n<li class=\"fusion-layout-column fusion_builder_column fusion-builder-column-60 fusion-flex-column post-card fusion-grid-column fusion-post-cards-grid-column\" style=\"--awb-bg-color:var(--awb-color1);--awb-bg-color-hover:var(--awb-color1);--awb-bg-blend:overlay;--awb-bg-size:cover;--awb-flex-grow:0;--awb-flex-shrink:0;--awb-flex-grow-medium:;--awb-flex-shrink-medium:;--awb-flex-grow-small:;--awb-flex-shrink-small:;\" data-scroll-devices=\"small-visibility,medium-visibility,large-visibility\"><div class=\"fusion-column-wrapper fusion-column-has-shadow fusion-flex-justify-content-space-around fusion-content-layout-column\"><div class=\"fusion-classic-product-image-wrapper fusion-woo-product-image fusion-post-card-image fusion-post-card-image-1 has-aspect-ratio\" data-layout=\"static\" style=\"--awb-aspect-ratio:3 \/ 2;\"><div  class=\"fusion-image-wrapper\" aria-haspopup=\"true\">\n\t\t\t\t\t\t\t<a href=\"https:\/\/www.mundusmaris.org\/es\/eventos\/first-german-national-ocean-conference-berlin-6-7-may-2025\/\" aria-label=\"First German National Ocean Conference, Berlin, 6-7 May 2025\">\n\t\t\t\t\t\t\t<img decoding=\"async\" width=\"500\" height=\"360\" src=\"https:\/\/www.mundusmaris.org\/wp-content\/uploads\/2025\/05\/KonferenzLogo500-1.jpg\" class=\"attachment-full size-full wp-post-image\" alt=\"\" srcset=\"https:\/\/www.mundusmaris.org\/wp-content\/uploads\/2025\/05\/KonferenzLogo500-1-200x144.jpg 200w, https:\/\/www.mundusmaris.org\/wp-content\/uploads\/2025\/05\/KonferenzLogo500-1-400x288.jpg 400w, https:\/\/www.mundusmaris.org\/wp-content\/uploads\/2025\/05\/KonferenzLogo500-1.jpg 500w\" sizes=\"(min-width: 2200px) 100vw, (min-width: 784px) 373px, (min-width: 712px) 560px, (min-width: 640px) 712px, \" \/>\t\t\t<\/a>\n\t\t\t\t\t\t\t<\/div>\n<\/div><div class=\"fusion-meta-tb fusion-meta-tb-59 floated\" style=\"--awb-border-top:0px;--awb-height:36px;--awb-alignment-medium:flex-start;--awb-alignment-small:flex-start;\"><span class=\"fusion-tb-published-date\">Published On: 12 de mayo de 2025<\/span><span class=\"fusion-meta-tb-sep\"><\/span><\/div><div class=\"fusion-title title fusion-title-60 fusion-sep-none fusion-title-text fusion-title-size-four\" style=\"--awb-margin-top:20px;--awb-margin-right:20px;--awb-margin-bottom:20px;--awb-margin-left:20px;--awb-margin-top-small:10px;--awb-margin-right-small:0px;--awb-margin-bottom-small:10px;--awb-margin-left-small:0px;--awb-font-size:24px;\"><h4 class=\"fusion-title-heading title-heading-left\" style=\"font-family:&quot;IBM Plex Sans Condensed&quot;;font-style:normal;font-weight:500;margin:0;font-size:1em;line-height:1.2;\"><a href=\"https:\/\/www.mundusmaris.org\/es\/eventos\/first-german-national-ocean-conference-berlin-6-7-may-2025\/\" class=\"awb-custom-text-color awb-custom-text-hover-color\" target=\"_self\">First German National Ocean Conference, Berlin, 6-7 May 2025<\/a><\/h4><\/div><\/div><\/li>\n<li class=\"fusion-layout-column fusion_builder_column fusion-builder-column-61 fusion-flex-column post-card fusion-grid-column fusion-post-cards-grid-column\" style=\"--awb-bg-color:var(--awb-color1);--awb-bg-color-hover:var(--awb-color1);--awb-bg-blend:overlay;--awb-bg-size:cover;--awb-flex-grow:0;--awb-flex-shrink:0;--awb-flex-grow-medium:;--awb-flex-shrink-medium:;--awb-flex-grow-small:;--awb-flex-shrink-small:;\" data-scroll-devices=\"small-visibility,medium-visibility,large-visibility\"><div class=\"fusion-column-wrapper fusion-column-has-shadow fusion-flex-justify-content-space-around fusion-content-layout-column\"><div class=\"fusion-classic-product-image-wrapper fusion-woo-product-image fusion-post-card-image fusion-post-card-image-1 has-aspect-ratio\" data-layout=\"static\" style=\"--awb-aspect-ratio:3 \/ 2;\"><div  class=\"fusion-image-wrapper\" aria-haspopup=\"true\">\n\t\t\t\t\t\t\t<a href=\"https:\/\/www.mundusmaris.org\/es\/actividades\/seguridad-climatica-y-oceanica\/geoethics-at-the-centre-of-a-full-day-at-egu-2025\/\" aria-label=\"Geoethics at the centre of a full day at EGU 2025\">\n\t\t\t\t\t\t\t<img decoding=\"async\" width=\"500\" height=\"348\" src=\"https:\/\/www.mundusmaris.org\/wp-content\/uploads\/2025\/05\/CorneliaAtEGU25_Feature.jpg\" class=\"attachment-full size-full wp-post-image\" alt=\"\" srcset=\"https:\/\/www.mundusmaris.org\/wp-content\/uploads\/2025\/05\/CorneliaAtEGU25_Feature-200x139.jpg 200w, https:\/\/www.mundusmaris.org\/wp-content\/uploads\/2025\/05\/CorneliaAtEGU25_Feature-400x278.jpg 400w, https:\/\/www.mundusmaris.org\/wp-content\/uploads\/2025\/05\/CorneliaAtEGU25_Feature.jpg 500w\" sizes=\"(min-width: 2200px) 100vw, (min-width: 784px) 373px, (min-width: 712px) 560px, (min-width: 640px) 712px, \" \/>\t\t\t<\/a>\n\t\t\t\t\t\t\t<\/div>\n<\/div><div class=\"fusion-meta-tb fusion-meta-tb-60 floated\" style=\"--awb-border-top:0px;--awb-height:36px;--awb-alignment-medium:flex-start;--awb-alignment-small:flex-start;\"><span class=\"fusion-tb-published-date\">Published On: 11 de mayo de 2025<\/span><span class=\"fusion-meta-tb-sep\"><\/span><\/div><div class=\"fusion-title title fusion-title-61 fusion-sep-none fusion-title-text fusion-title-size-four\" style=\"--awb-margin-top:20px;--awb-margin-right:20px;--awb-margin-bottom:20px;--awb-margin-left:20px;--awb-margin-top-small:10px;--awb-margin-right-small:0px;--awb-margin-bottom-small:10px;--awb-margin-left-small:0px;--awb-font-size:24px;\"><h4 class=\"fusion-title-heading title-heading-left\" style=\"font-family:&quot;IBM Plex Sans Condensed&quot;;font-style:normal;font-weight:500;margin:0;font-size:1em;line-height:1.2;\"><a href=\"https:\/\/www.mundusmaris.org\/es\/actividades\/seguridad-climatica-y-oceanica\/geoethics-at-the-centre-of-a-full-day-at-egu-2025\/\" class=\"awb-custom-text-color awb-custom-text-hover-color\" target=\"_self\">Geoethics at the centre of a full day at EGU 2025<\/a><\/h4><\/div><\/div><\/li>\n<li class=\"fusion-layout-column fusion_builder_column fusion-builder-column-62 fusion-flex-column post-card fusion-grid-column fusion-post-cards-grid-column\" style=\"--awb-bg-color:var(--awb-color1);--awb-bg-color-hover:var(--awb-color1);--awb-bg-blend:overlay;--awb-bg-size:cover;--awb-flex-grow:0;--awb-flex-shrink:0;--awb-flex-grow-medium:;--awb-flex-shrink-medium:;--awb-flex-grow-small:;--awb-flex-shrink-small:;\" data-scroll-devices=\"small-visibility,medium-visibility,large-visibility\"><div class=\"fusion-column-wrapper fusion-column-has-shadow fusion-flex-justify-content-space-around fusion-content-layout-column\"><div class=\"fusion-classic-product-image-wrapper fusion-woo-product-image fusion-post-card-image fusion-post-card-image-1 has-aspect-ratio\" data-layout=\"static\" style=\"--awb-aspect-ratio:3 \/ 2;\"><div  class=\"fusion-image-wrapper\" aria-haspopup=\"true\">\n\t\t\t\t\t\t\t<a href=\"https:\/\/www.mundusmaris.org\/es\/eventos\/el-grupo-mundus-maris-en-nigeria-se-reune-con-mayor-fuerza\/\" aria-label=\"El grupo Mundus maris en Nigeria se re\u00fane con mayor fuerza\">\n\t\t\t\t\t\t\t<img decoding=\"async\" width=\"499\" height=\"333\" src=\"https:\/\/www.mundusmaris.org\/wp-content\/uploads\/2025\/05\/LabNigeriaByAyoJesutomi500.jpg\" class=\"attachment-full size-full wp-post-image\" alt=\"\" srcset=\"https:\/\/www.mundusmaris.org\/wp-content\/uploads\/2025\/05\/LabNigeriaByAyoJesutomi500-200x133.jpg 200w, https:\/\/www.mundusmaris.org\/wp-content\/uploads\/2025\/05\/LabNigeriaByAyoJesutomi500-400x267.jpg 400w, https:\/\/www.mundusmaris.org\/wp-content\/uploads\/2025\/05\/LabNigeriaByAyoJesutomi500.jpg 499w\" sizes=\"(min-width: 2200px) 100vw, (min-width: 784px) 373px, (min-width: 712px) 560px, (min-width: 640px) 712px, \" \/>\t\t\t<\/a>\n\t\t\t\t\t\t\t<\/div>\n<\/div><div class=\"fusion-meta-tb fusion-meta-tb-61 floated\" style=\"--awb-border-top:0px;--awb-height:36px;--awb-alignment-medium:flex-start;--awb-alignment-small:flex-start;\"><span class=\"fusion-tb-published-date\">Published On: 10 de mayo de 2025<\/span><span class=\"fusion-meta-tb-sep\"><\/span><\/div><div class=\"fusion-title title fusion-title-62 fusion-sep-none fusion-title-text fusion-title-size-four\" style=\"--awb-margin-top:20px;--awb-margin-right:20px;--awb-margin-bottom:20px;--awb-margin-left:20px;--awb-margin-top-small:10px;--awb-margin-right-small:0px;--awb-margin-bottom-small:10px;--awb-margin-left-small:0px;--awb-font-size:24px;\"><h4 class=\"fusion-title-heading title-heading-left\" style=\"font-family:&quot;IBM Plex Sans Condensed&quot;;font-style:normal;font-weight:500;margin:0;font-size:1em;line-height:1.2;\"><a href=\"https:\/\/www.mundusmaris.org\/es\/eventos\/el-grupo-mundus-maris-en-nigeria-se-reune-con-mayor-fuerza\/\" class=\"awb-custom-text-color awb-custom-text-hover-color\" target=\"_self\">El grupo Mundus maris en Nigeria se re\u00fane con mayor fuerza<\/a><\/h4><\/div><\/div><\/li>\n<li class=\"fusion-layout-column fusion_builder_column fusion-builder-column-63 fusion-flex-column post-card fusion-grid-column fusion-post-cards-grid-column\" style=\"--awb-bg-color:var(--awb-color1);--awb-bg-color-hover:var(--awb-color1);--awb-bg-blend:overlay;--awb-bg-size:cover;--awb-flex-grow:0;--awb-flex-shrink:0;--awb-flex-grow-medium:;--awb-flex-shrink-medium:;--awb-flex-grow-small:;--awb-flex-shrink-small:;\" data-scroll-devices=\"small-visibility,medium-visibility,large-visibility\"><div class=\"fusion-column-wrapper fusion-column-has-shadow fusion-flex-justify-content-space-around fusion-content-layout-column\"><div class=\"fusion-classic-product-image-wrapper fusion-woo-product-image fusion-post-card-image fusion-post-card-image-1 has-aspect-ratio\" data-layout=\"static\" style=\"--awb-aspect-ratio:3 \/ 2;\"><div  class=\"fusion-image-wrapper\" aria-haspopup=\"true\">\n\t\t\t\t\t\t\t<a href=\"https:\/\/www.mundusmaris.org\/es\/actividades\/seguridad-climatica-y-oceanica\/environmental-negotiations-and-the-role-of-science-and-non-governmental-organisations\/\" aria-label=\"Environmental Negotiations and the Role of Science and Non-Governmental Organisations\">\n\t\t\t\t\t\t\t<img decoding=\"async\" width=\"500\" height=\"352\" src=\"https:\/\/www.mundusmaris.org\/wp-content\/uploads\/2025\/04\/CENauenStartLecture500.jpg\" class=\"attachment-full size-full wp-post-image\" alt=\"\" srcset=\"https:\/\/www.mundusmaris.org\/wp-content\/uploads\/2025\/04\/CENauenStartLecture500-200x141.jpg 200w, https:\/\/www.mundusmaris.org\/wp-content\/uploads\/2025\/04\/CENauenStartLecture500-400x282.jpg 400w, https:\/\/www.mundusmaris.org\/wp-content\/uploads\/2025\/04\/CENauenStartLecture500.jpg 500w\" sizes=\"(min-width: 2200px) 100vw, (min-width: 784px) 373px, (min-width: 712px) 560px, (min-width: 640px) 712px, \" \/>\t\t\t<\/a>\n\t\t\t\t\t\t\t<\/div>\n<\/div><div class=\"fusion-meta-tb fusion-meta-tb-62 floated\" style=\"--awb-border-top:0px;--awb-height:36px;--awb-alignment-medium:flex-start;--awb-alignment-small:flex-start;\"><span class=\"fusion-tb-published-date\">Published On: 13 de abril de 2025<\/span><span class=\"fusion-meta-tb-sep\"><\/span><\/div><div class=\"fusion-title title fusion-title-63 fusion-sep-none fusion-title-text fusion-title-size-four\" style=\"--awb-margin-top:20px;--awb-margin-right:20px;--awb-margin-bottom:20px;--awb-margin-left:20px;--awb-margin-top-small:10px;--awb-margin-right-small:0px;--awb-margin-bottom-small:10px;--awb-margin-left-small:0px;--awb-font-size:24px;\"><h4 class=\"fusion-title-heading title-heading-left\" style=\"font-family:&quot;IBM Plex Sans Condensed&quot;;font-style:normal;font-weight:500;margin:0;font-size:1em;line-height:1.2;\"><a href=\"https:\/\/www.mundusmaris.org\/es\/actividades\/seguridad-climatica-y-oceanica\/environmental-negotiations-and-the-role-of-science-and-non-governmental-organisations\/\" class=\"awb-custom-text-color awb-custom-text-hover-color\" target=\"_self\">Environmental Negotiations and the Role of Science and Non-Governmental Organisations<\/a><\/h4><\/div><\/div><\/li>\n<li class=\"fusion-layout-column fusion_builder_column fusion-builder-column-64 fusion-flex-column post-card fusion-grid-column fusion-post-cards-grid-column\" style=\"--awb-bg-color:var(--awb-color1);--awb-bg-color-hover:var(--awb-color1);--awb-bg-blend:overlay;--awb-bg-size:cover;--awb-flex-grow:0;--awb-flex-shrink:0;--awb-flex-grow-medium:;--awb-flex-shrink-medium:;--awb-flex-grow-small:;--awb-flex-shrink-small:;\" data-scroll-devices=\"small-visibility,medium-visibility,large-visibility\"><div class=\"fusion-column-wrapper fusion-column-has-shadow fusion-flex-justify-content-space-around fusion-content-layout-column\"><div class=\"fusion-classic-product-image-wrapper fusion-woo-product-image fusion-post-card-image fusion-post-card-image-1 has-aspect-ratio\" data-layout=\"static\" style=\"--awb-aspect-ratio:3 \/ 2;\"><div  class=\"fusion-image-wrapper\" aria-haspopup=\"true\">\n\t\t\t\t\t\t\t<a href=\"https:\/\/www.mundusmaris.org\/es\/academia-de-pesca-en-pequena-escala\/make-fishing-fair-in-the-eu-25-march-2025\/\" aria-label=\"Make Fishing Fair in the EU, 25 March 2025\">\n\t\t\t\t\t\t\t<img decoding=\"async\" width=\"500\" height=\"333\" src=\"https:\/\/www.mundusmaris.org\/wp-content\/uploads\/2025\/03\/LIFEatEP.jpg\" class=\"attachment-full size-full wp-post-image\" alt=\"\" srcset=\"https:\/\/www.mundusmaris.org\/wp-content\/uploads\/2025\/03\/LIFEatEP-200x133.jpg 200w, https:\/\/www.mundusmaris.org\/wp-content\/uploads\/2025\/03\/LIFEatEP-400x266.jpg 400w, https:\/\/www.mundusmaris.org\/wp-content\/uploads\/2025\/03\/LIFEatEP.jpg 500w\" sizes=\"(min-width: 2200px) 100vw, (min-width: 784px) 373px, (min-width: 712px) 560px, (min-width: 640px) 712px, \" \/>\t\t\t<\/a>\n\t\t\t\t\t\t\t<\/div>\n<\/div><div class=\"fusion-meta-tb fusion-meta-tb-63 floated\" style=\"--awb-border-top:0px;--awb-height:36px;--awb-alignment-medium:flex-start;--awb-alignment-small:flex-start;\"><span class=\"fusion-tb-published-date\">Published On: 27 de marzo de 2025<\/span><span class=\"fusion-meta-tb-sep\"><\/span><\/div><div class=\"fusion-title title fusion-title-64 fusion-sep-none fusion-title-text fusion-title-size-four\" style=\"--awb-margin-top:20px;--awb-margin-right:20px;--awb-margin-bottom:20px;--awb-margin-left:20px;--awb-margin-top-small:10px;--awb-margin-right-small:0px;--awb-margin-bottom-small:10px;--awb-margin-left-small:0px;--awb-font-size:24px;\"><h4 class=\"fusion-title-heading title-heading-left\" style=\"font-family:&quot;IBM Plex Sans Condensed&quot;;font-style:normal;font-weight:500;margin:0;font-size:1em;line-height:1.2;\"><a href=\"https:\/\/www.mundusmaris.org\/es\/academia-de-pesca-en-pequena-escala\/make-fishing-fair-in-the-eu-25-march-2025\/\" class=\"awb-custom-text-color awb-custom-text-hover-color\" target=\"_self\">Make Fishing Fair in the EU, 25 March 2025<\/a><\/h4><\/div><\/div><\/li>\n<li class=\"fusion-layout-column fusion_builder_column fusion-builder-column-65 fusion-flex-column post-card fusion-grid-column fusion-post-cards-grid-column\" style=\"--awb-bg-color:var(--awb-color1);--awb-bg-color-hover:var(--awb-color1);--awb-bg-blend:overlay;--awb-bg-size:cover;--awb-flex-grow:0;--awb-flex-shrink:0;--awb-flex-grow-medium:;--awb-flex-shrink-medium:;--awb-flex-grow-small:;--awb-flex-shrink-small:;\" data-scroll-devices=\"small-visibility,medium-visibility,large-visibility\"><div class=\"fusion-column-wrapper fusion-column-has-shadow fusion-flex-justify-content-space-around fusion-content-layout-column\"><div class=\"fusion-classic-product-image-wrapper fusion-woo-product-image fusion-post-card-image fusion-post-card-image-1 has-aspect-ratio\" data-layout=\"static\" style=\"--awb-aspect-ratio:3 \/ 2;\"><div  class=\"fusion-image-wrapper\" aria-haspopup=\"true\">\n\t\t\t\t\t\t\t<a href=\"https:\/\/www.mundusmaris.org\/es\/eventos\/the-4-blue-notebooks-les-4-cahiers-bleus-los-4-cuadernos-azules\/\" aria-label=\"The 4 Blue Notebooks | Les 4 Cahiers Bleus | Los 4 Cuadernos Azules\">\n\t\t\t\t\t\t\t<img decoding=\"async\" width=\"500\" height=\"499\" src=\"https:\/\/www.mundusmaris.org\/wp-content\/uploads\/2025\/03\/ocean_conference_wheel500.jpg\" class=\"attachment-full size-full wp-post-image\" alt=\"\" srcset=\"https:\/\/www.mundusmaris.org\/wp-content\/uploads\/2025\/03\/ocean_conference_wheel500-200x200.jpg 200w, https:\/\/www.mundusmaris.org\/wp-content\/uploads\/2025\/03\/ocean_conference_wheel500-400x399.jpg 400w, https:\/\/www.mundusmaris.org\/wp-content\/uploads\/2025\/03\/ocean_conference_wheel500.jpg 500w\" sizes=\"(min-width: 2200px) 100vw, (min-width: 784px) 373px, (min-width: 712px) 560px, (min-width: 640px) 712px, \" \/>\t\t\t<\/a>\n\t\t\t\t\t\t\t<\/div>\n<\/div><div class=\"fusion-meta-tb fusion-meta-tb-64 floated\" style=\"--awb-border-top:0px;--awb-height:36px;--awb-alignment-medium:flex-start;--awb-alignment-small:flex-start;\"><span class=\"fusion-tb-published-date\">Published On: 14 de marzo de 2025<\/span><span class=\"fusion-meta-tb-sep\"><\/span><\/div><div class=\"fusion-title title fusion-title-65 fusion-sep-none fusion-title-text fusion-title-size-four\" style=\"--awb-margin-top:20px;--awb-margin-right:20px;--awb-margin-bottom:20px;--awb-margin-left:20px;--awb-margin-top-small:10px;--awb-margin-right-small:0px;--awb-margin-bottom-small:10px;--awb-margin-left-small:0px;--awb-font-size:24px;\"><h4 class=\"fusion-title-heading title-heading-left\" style=\"font-family:&quot;IBM Plex Sans Condensed&quot;;font-style:normal;font-weight:500;margin:0;font-size:1em;line-height:1.2;\"><a href=\"https:\/\/www.mundusmaris.org\/es\/eventos\/the-4-blue-notebooks-les-4-cahiers-bleus-los-4-cuadernos-azules\/\" class=\"awb-custom-text-color awb-custom-text-hover-color\" target=\"_self\">The 4 Blue Notebooks | Les 4 Cahiers Bleus | Los 4 Cuadernos Azules<\/a><\/h4><\/div><\/div><\/li>\n<li class=\"fusion-layout-column fusion_builder_column fusion-builder-column-66 fusion-flex-column post-card fusion-grid-column fusion-post-cards-grid-column\" style=\"--awb-bg-color:var(--awb-color1);--awb-bg-color-hover:var(--awb-color1);--awb-bg-blend:overlay;--awb-bg-size:cover;--awb-flex-grow:0;--awb-flex-shrink:0;--awb-flex-grow-medium:;--awb-flex-shrink-medium:;--awb-flex-grow-small:;--awb-flex-shrink-small:;\" data-scroll-devices=\"small-visibility,medium-visibility,large-visibility\"><div class=\"fusion-column-wrapper fusion-column-has-shadow fusion-flex-justify-content-space-around fusion-content-layout-column\"><div class=\"fusion-classic-product-image-wrapper fusion-woo-product-image fusion-post-card-image fusion-post-card-image-1 has-aspect-ratio\" data-layout=\"static\" style=\"--awb-aspect-ratio:3 \/ 2;\"><div  class=\"fusion-image-wrapper\" aria-haspopup=\"true\">\n\t\t\t\t\t\t\t<a href=\"https:\/\/www.mundusmaris.org\/es\/actividades\/seguridad-climatica-y-oceanica\/strict-protection-in-european-seas-how-it-helps-people-and-nature\/\" aria-label=\"Strict protection in European seas: how it helps people and nature\">\n\t\t\t\t\t\t\t<img decoding=\"async\" width=\"499\" height=\"333\" src=\"https:\/\/www.mundusmaris.org\/wp-content\/uploads\/2025\/04\/LucEeckhaut19_2015.jpg\" class=\"attachment-full size-full wp-post-image\" alt=\"\" srcset=\"https:\/\/www.mundusmaris.org\/wp-content\/uploads\/2025\/04\/LucEeckhaut19_2015-200x133.jpg 200w, https:\/\/www.mundusmaris.org\/wp-content\/uploads\/2025\/04\/LucEeckhaut19_2015-400x267.jpg 400w, https:\/\/www.mundusmaris.org\/wp-content\/uploads\/2025\/04\/LucEeckhaut19_2015.jpg 499w\" sizes=\"(min-width: 2200px) 100vw, (min-width: 784px) 373px, (min-width: 712px) 560px, (min-width: 640px) 712px, \" \/>\t\t\t<\/a>\n\t\t\t\t\t\t\t<\/div>\n<\/div><div class=\"fusion-meta-tb fusion-meta-tb-65 floated\" style=\"--awb-border-top:0px;--awb-height:36px;--awb-alignment-medium:flex-start;--awb-alignment-small:flex-start;\"><span class=\"fusion-tb-published-date\">Published On: 12 de marzo de 2025<\/span><span class=\"fusion-meta-tb-sep\"><\/span><\/div><div class=\"fusion-title title fusion-title-66 fusion-sep-none fusion-title-text fusion-title-size-four\" style=\"--awb-margin-top:20px;--awb-margin-right:20px;--awb-margin-bottom:20px;--awb-margin-left:20px;--awb-margin-top-small:10px;--awb-margin-right-small:0px;--awb-margin-bottom-small:10px;--awb-margin-left-small:0px;--awb-font-size:24px;\"><h4 class=\"fusion-title-heading title-heading-left\" style=\"font-family:&quot;IBM Plex Sans Condensed&quot;;font-style:normal;font-weight:500;margin:0;font-size:1em;line-height:1.2;\"><a href=\"https:\/\/www.mundusmaris.org\/es\/actividades\/seguridad-climatica-y-oceanica\/strict-protection-in-european-seas-how-it-helps-people-and-nature\/\" class=\"awb-custom-text-color awb-custom-text-hover-color\" target=\"_self\">Strict protection in European seas: how it helps people and nature<\/a><\/h4><\/div><\/div><\/li>\n<li class=\"fusion-layout-column fusion_builder_column fusion-builder-column-67 fusion-flex-column post-card fusion-grid-column fusion-post-cards-grid-column\" style=\"--awb-bg-color:var(--awb-color1);--awb-bg-color-hover:var(--awb-color1);--awb-bg-blend:overlay;--awb-bg-size:cover;--awb-flex-grow:0;--awb-flex-shrink:0;--awb-flex-grow-medium:;--awb-flex-shrink-medium:;--awb-flex-grow-small:;--awb-flex-shrink-small:;\" data-scroll-devices=\"small-visibility,medium-visibility,large-visibility\"><div class=\"fusion-column-wrapper fusion-column-has-shadow fusion-flex-justify-content-space-around fusion-content-layout-column\"><div class=\"fusion-classic-product-image-wrapper fusion-woo-product-image fusion-post-card-image fusion-post-card-image-1 has-aspect-ratio\" data-layout=\"static\" style=\"--awb-aspect-ratio:3 \/ 2;\"><div  class=\"fusion-image-wrapper\" aria-haspopup=\"true\">\n\t\t\t\t\t\t\t<a href=\"https:\/\/www.mundusmaris.org\/es\/actividades\/seguridad-climatica-y-oceanica\/help-design-the-european-ocean-pact-brussels-5-march-2025\/\" aria-label=\"Help Design the European Ocean Pact, Brussels, 5 March 2025\">\n\t\t\t\t\t\t\t<img decoding=\"async\" width=\"500\" height=\"333\" src=\"https:\/\/www.mundusmaris.org\/wp-content\/uploads\/2025\/03\/CharlinaVitcheva_CENauen500.jpg\" class=\"attachment-full size-full wp-post-image\" alt=\"\" srcset=\"https:\/\/www.mundusmaris.org\/wp-content\/uploads\/2025\/03\/CharlinaVitcheva_CENauen500-200x133.jpg 200w, https:\/\/www.mundusmaris.org\/wp-content\/uploads\/2025\/03\/CharlinaVitcheva_CENauen500-400x266.jpg 400w, https:\/\/www.mundusmaris.org\/wp-content\/uploads\/2025\/03\/CharlinaVitcheva_CENauen500.jpg 500w\" sizes=\"(min-width: 2200px) 100vw, (min-width: 784px) 373px, (min-width: 712px) 560px, (min-width: 640px) 712px, \" \/>\t\t\t<\/a>\n\t\t\t\t\t\t\t<\/div>\n<\/div><div class=\"fusion-meta-tb fusion-meta-tb-66 floated\" style=\"--awb-border-top:0px;--awb-height:36px;--awb-alignment-medium:flex-start;--awb-alignment-small:flex-start;\"><span class=\"fusion-tb-published-date\">Published On: 10 de marzo de 2025<\/span><span class=\"fusion-meta-tb-sep\"><\/span><\/div><div class=\"fusion-title title fusion-title-67 fusion-sep-none fusion-title-text fusion-title-size-four\" style=\"--awb-margin-top:20px;--awb-margin-right:20px;--awb-margin-bottom:20px;--awb-margin-left:20px;--awb-margin-top-small:10px;--awb-margin-right-small:0px;--awb-margin-bottom-small:10px;--awb-margin-left-small:0px;--awb-font-size:24px;\"><h4 class=\"fusion-title-heading title-heading-left\" style=\"font-family:&quot;IBM Plex Sans Condensed&quot;;font-style:normal;font-weight:500;margin:0;font-size:1em;line-height:1.2;\"><a href=\"https:\/\/www.mundusmaris.org\/es\/actividades\/seguridad-climatica-y-oceanica\/help-design-the-european-ocean-pact-brussels-5-march-2025\/\" class=\"awb-custom-text-color awb-custom-text-hover-color\" target=\"_self\">Help Design the European Ocean Pact, Brussels, 5 March 2025<\/a><\/h4><\/div><\/div><\/li>\n<li class=\"fusion-layout-column fusion_builder_column fusion-builder-column-68 fusion-flex-column post-card fusion-grid-column fusion-post-cards-grid-column\" style=\"--awb-bg-color:var(--awb-color1);--awb-bg-color-hover:var(--awb-color1);--awb-bg-blend:overlay;--awb-bg-size:cover;--awb-flex-grow:0;--awb-flex-shrink:0;--awb-flex-grow-medium:;--awb-flex-shrink-medium:;--awb-flex-grow-small:;--awb-flex-shrink-small:;\" data-scroll-devices=\"small-visibility,medium-visibility,large-visibility\"><div class=\"fusion-column-wrapper fusion-column-has-shadow fusion-flex-justify-content-space-around fusion-content-layout-column\"><div class=\"fusion-classic-product-image-wrapper fusion-woo-product-image fusion-post-card-image fusion-post-card-image-1 has-aspect-ratio\" data-layout=\"static\" style=\"--awb-aspect-ratio:3 \/ 2;\"><div  class=\"fusion-image-wrapper\" aria-haspopup=\"true\">\n\t\t\t\t\t\t\t<a href=\"https:\/\/www.mundusmaris.org\/es\/actividades\/seguridad-climatica-y-oceanica\/3er-foro-de-la-mision-starfish-bruselas-4-de-marzo-de-2025\/\" aria-label=\"3er Foro de la Misi\u00f3n Starfish, Bruselas, 4 de marzo de 2025\">\n\t\t\t\t\t\t\t<img decoding=\"async\" width=\"500\" height=\"333\" src=\"https:\/\/www.mundusmaris.org\/wp-content\/uploads\/2025\/03\/MissionOceanForum2025.jpg\" class=\"attachment-full size-full wp-post-image\" alt=\"\" srcset=\"https:\/\/www.mundusmaris.org\/wp-content\/uploads\/2025\/03\/MissionOceanForum2025-200x133.jpg 200w, https:\/\/www.mundusmaris.org\/wp-content\/uploads\/2025\/03\/MissionOceanForum2025-400x266.jpg 400w, https:\/\/www.mundusmaris.org\/wp-content\/uploads\/2025\/03\/MissionOceanForum2025.jpg 500w\" sizes=\"(min-width: 2200px) 100vw, (min-width: 784px) 373px, (min-width: 712px) 560px, (min-width: 640px) 712px, \" \/>\t\t\t<\/a>\n\t\t\t\t\t\t\t<\/div>\n<\/div><div class=\"fusion-meta-tb fusion-meta-tb-67 floated\" style=\"--awb-border-top:0px;--awb-height:36px;--awb-alignment-medium:flex-start;--awb-alignment-small:flex-start;\"><span class=\"fusion-tb-published-date\">Published On: 9 de marzo de 2025<\/span><span class=\"fusion-meta-tb-sep\"><\/span><\/div><div class=\"fusion-title title fusion-title-68 fusion-sep-none fusion-title-text fusion-title-size-four\" style=\"--awb-margin-top:20px;--awb-margin-right:20px;--awb-margin-bottom:20px;--awb-margin-left:20px;--awb-margin-top-small:10px;--awb-margin-right-small:0px;--awb-margin-bottom-small:10px;--awb-margin-left-small:0px;--awb-font-size:24px;\"><h4 class=\"fusion-title-heading title-heading-left\" style=\"font-family:&quot;IBM Plex Sans Condensed&quot;;font-style:normal;font-weight:500;margin:0;font-size:1em;line-height:1.2;\"><a href=\"https:\/\/www.mundusmaris.org\/es\/actividades\/seguridad-climatica-y-oceanica\/3er-foro-de-la-mision-starfish-bruselas-4-de-marzo-de-2025\/\" class=\"awb-custom-text-color awb-custom-text-hover-color\" target=\"_self\">3er Foro de la Misi\u00f3n Starfish, Bruselas, 4 de marzo de 2025<\/a><\/h4><\/div><\/div><\/li>\n<li class=\"fusion-layout-column fusion_builder_column fusion-builder-column-69 fusion-flex-column post-card fusion-grid-column fusion-post-cards-grid-column\" style=\"--awb-bg-color:var(--awb-color1);--awb-bg-color-hover:var(--awb-color1);--awb-bg-blend:overlay;--awb-bg-size:cover;--awb-flex-grow:0;--awb-flex-shrink:0;--awb-flex-grow-medium:;--awb-flex-shrink-medium:;--awb-flex-grow-small:;--awb-flex-shrink-small:;\" data-scroll-devices=\"small-visibility,medium-visibility,large-visibility\"><div class=\"fusion-column-wrapper fusion-column-has-shadow fusion-flex-justify-content-space-around fusion-content-layout-column\"><div class=\"fusion-classic-product-image-wrapper fusion-woo-product-image fusion-post-card-image fusion-post-card-image-1 has-aspect-ratio\" data-layout=\"static\" style=\"--awb-aspect-ratio:3 \/ 2;\"><div  class=\"fusion-image-wrapper\" aria-haspopup=\"true\">\n\t\t\t\t\t\t\t<a href=\"https:\/\/www.mundusmaris.org\/es\/alfabetizacion-oceanica-y-divulgacion\/protegiendo-los-horizontes-azules-a-traves-de-un-juego-de-roles\/\" aria-label=\"Protegiendo los horizontes azules a trav\u00e9s de un juego de roles\">\n\t\t\t\t\t\t\t<img decoding=\"async\" width=\"500\" height=\"375\" src=\"https:\/\/www.mundusmaris.org\/wp-content\/uploads\/2025\/02\/hake-1106698_500.jpg\" class=\"attachment-full size-full wp-post-image\" alt=\"\" srcset=\"https:\/\/www.mundusmaris.org\/wp-content\/uploads\/2025\/02\/hake-1106698_500-200x150.jpg 200w, https:\/\/www.mundusmaris.org\/wp-content\/uploads\/2025\/02\/hake-1106698_500-400x300.jpg 400w, https:\/\/www.mundusmaris.org\/wp-content\/uploads\/2025\/02\/hake-1106698_500.jpg 500w\" sizes=\"(min-width: 2200px) 100vw, (min-width: 784px) 373px, (min-width: 712px) 560px, (min-width: 640px) 712px, \" \/>\t\t\t<\/a>\n\t\t\t\t\t\t\t<\/div>\n<\/div><div class=\"fusion-meta-tb fusion-meta-tb-68 floated\" style=\"--awb-border-top:0px;--awb-height:36px;--awb-alignment-medium:flex-start;--awb-alignment-small:flex-start;\"><span class=\"fusion-tb-published-date\">Published On: 27 de febrero de 2025<\/span><span class=\"fusion-meta-tb-sep\"><\/span><\/div><div class=\"fusion-title title fusion-title-69 fusion-sep-none fusion-title-text fusion-title-size-four\" style=\"--awb-margin-top:20px;--awb-margin-right:20px;--awb-margin-bottom:20px;--awb-margin-left:20px;--awb-margin-top-small:10px;--awb-margin-right-small:0px;--awb-margin-bottom-small:10px;--awb-margin-left-small:0px;--awb-font-size:24px;\"><h4 class=\"fusion-title-heading title-heading-left\" style=\"font-family:&quot;IBM Plex Sans Condensed&quot;;font-style:normal;font-weight:500;margin:0;font-size:1em;line-height:1.2;\"><a href=\"https:\/\/www.mundusmaris.org\/es\/alfabetizacion-oceanica-y-divulgacion\/protegiendo-los-horizontes-azules-a-traves-de-un-juego-de-roles\/\" class=\"awb-custom-text-color awb-custom-text-hover-color\" target=\"_self\">Protegiendo los horizontes azules a trav\u00e9s de un juego de roles<\/a><\/h4><\/div><\/div><\/li>\n<li class=\"fusion-layout-column fusion_builder_column fusion-builder-column-70 fusion-flex-column post-card fusion-grid-column fusion-post-cards-grid-column\" style=\"--awb-bg-color:var(--awb-color1);--awb-bg-color-hover:var(--awb-color1);--awb-bg-blend:overlay;--awb-bg-size:cover;--awb-flex-grow:0;--awb-flex-shrink:0;--awb-flex-grow-medium:;--awb-flex-shrink-medium:;--awb-flex-grow-small:;--awb-flex-shrink-small:;\" data-scroll-devices=\"small-visibility,medium-visibility,large-visibility\"><div class=\"fusion-column-wrapper fusion-column-has-shadow fusion-flex-justify-content-space-around fusion-content-layout-column\"><div class=\"fusion-classic-product-image-wrapper fusion-woo-product-image fusion-post-card-image fusion-post-card-image-1 has-aspect-ratio\" data-layout=\"static\" style=\"--awb-aspect-ratio:3 \/ 2;\"><div  class=\"fusion-image-wrapper\" aria-haspopup=\"true\">\n\t\t\t\t\t\t\t<a href=\"https:\/\/www.mundusmaris.org\/es\/actividades\/seguridad-climatica-y-oceanica\/the-7th-halieutis-conference-was-titled-research-and-innovation-for-a-sustainable-fisheries-sector\/\" aria-label=\"The 7th Halieutis Conference was titled \u201cResearch and Innovation for a Sustainable Fisheries Sector\u201d\">\n\t\t\t\t\t\t\t<img decoding=\"async\" width=\"500\" height=\"333\" src=\"https:\/\/www.mundusmaris.org\/wp-content\/uploads\/2025\/02\/MoroccoPreview.jpg\" class=\"attachment-full size-full wp-post-image\" alt=\"\" srcset=\"https:\/\/www.mundusmaris.org\/wp-content\/uploads\/2025\/02\/MoroccoPreview-200x133.jpg 200w, https:\/\/www.mundusmaris.org\/wp-content\/uploads\/2025\/02\/MoroccoPreview-400x266.jpg 400w, https:\/\/www.mundusmaris.org\/wp-content\/uploads\/2025\/02\/MoroccoPreview.jpg 500w\" sizes=\"(min-width: 2200px) 100vw, (min-width: 784px) 373px, (min-width: 712px) 560px, (min-width: 640px) 712px, \" \/>\t\t\t<\/a>\n\t\t\t\t\t\t\t<\/div>\n<\/div><div class=\"fusion-meta-tb fusion-meta-tb-69 floated\" style=\"--awb-border-top:0px;--awb-height:36px;--awb-alignment-medium:flex-start;--awb-alignment-small:flex-start;\"><span class=\"fusion-tb-published-date\">Published On: 13 de febrero de 2025<\/span><span class=\"fusion-meta-tb-sep\"><\/span><\/div><div class=\"fusion-title title fusion-title-70 fusion-sep-none fusion-title-text fusion-title-size-four\" style=\"--awb-margin-top:20px;--awb-margin-right:20px;--awb-margin-bottom:20px;--awb-margin-left:20px;--awb-margin-top-small:10px;--awb-margin-right-small:0px;--awb-margin-bottom-small:10px;--awb-margin-left-small:0px;--awb-font-size:24px;\"><h4 class=\"fusion-title-heading title-heading-left\" style=\"font-family:&quot;IBM Plex Sans Condensed&quot;;font-style:normal;font-weight:500;margin:0;font-size:1em;line-height:1.2;\"><a href=\"https:\/\/www.mundusmaris.org\/es\/actividades\/seguridad-climatica-y-oceanica\/the-7th-halieutis-conference-was-titled-research-and-innovation-for-a-sustainable-fisheries-sector\/\" class=\"awb-custom-text-color awb-custom-text-hover-color\" target=\"_self\">The 7th Halieutis Conference was titled \u201cResearch and Innovation for a Sustainable Fisheries Sector\u201d<\/a><\/h4><\/div><\/div><\/li>\n<li class=\"fusion-layout-column fusion_builder_column fusion-builder-column-71 fusion-flex-column post-card fusion-grid-column fusion-post-cards-grid-column\" style=\"--awb-bg-color:var(--awb-color1);--awb-bg-color-hover:var(--awb-color1);--awb-bg-blend:overlay;--awb-bg-size:cover;--awb-flex-grow:0;--awb-flex-shrink:0;--awb-flex-grow-medium:;--awb-flex-shrink-medium:;--awb-flex-grow-small:;--awb-flex-shrink-small:;\" data-scroll-devices=\"small-visibility,medium-visibility,large-visibility\"><div class=\"fusion-column-wrapper fusion-column-has-shadow fusion-flex-justify-content-space-around fusion-content-layout-column\"><div class=\"fusion-classic-product-image-wrapper fusion-woo-product-image fusion-post-card-image fusion-post-card-image-1 has-aspect-ratio\" data-layout=\"static\" style=\"--awb-aspect-ratio:3 \/ 2;\"><div  class=\"fusion-image-wrapper\" aria-haspopup=\"true\">\n\t\t\t\t\t\t\t<a href=\"https:\/\/www.mundusmaris.org\/es\/academia-de-pesca-en-pequena-escala\/human-biodiversity-relationships-across-scales\/\" aria-label=\"Human \u2013 Biodiversity Relationships Across Scales\">\n\t\t\t\t\t\t\t<img decoding=\"async\" width=\"400\" height=\"275\" src=\"https:\/\/www.mundusmaris.org\/wp-content\/uploads\/2025\/02\/2025WorkShopHolland001.jpg\" class=\"attachment-full size-full wp-post-image\" alt=\"\" srcset=\"https:\/\/www.mundusmaris.org\/wp-content\/uploads\/2025\/02\/2025WorkShopHolland001-200x138.jpg 200w, https:\/\/www.mundusmaris.org\/wp-content\/uploads\/2025\/02\/2025WorkShopHolland001.jpg 400w\" sizes=\"(min-width: 2200px) 100vw, (min-width: 784px) 373px, (min-width: 712px) 560px, (min-width: 640px) 712px, \" \/>\t\t\t<\/a>\n\t\t\t\t\t\t\t<\/div>\n<\/div><div class=\"fusion-meta-tb fusion-meta-tb-70 floated\" style=\"--awb-border-top:0px;--awb-height:36px;--awb-alignment-medium:flex-start;--awb-alignment-small:flex-start;\"><span class=\"fusion-tb-published-date\">Published On: 10 de febrero de 2025<\/span><span class=\"fusion-meta-tb-sep\"><\/span><\/div><div class=\"fusion-title title fusion-title-71 fusion-sep-none fusion-title-text fusion-title-size-four\" style=\"--awb-margin-top:20px;--awb-margin-right:20px;--awb-margin-bottom:20px;--awb-margin-left:20px;--awb-margin-top-small:10px;--awb-margin-right-small:0px;--awb-margin-bottom-small:10px;--awb-margin-left-small:0px;--awb-font-size:24px;\"><h4 class=\"fusion-title-heading title-heading-left\" style=\"font-family:&quot;IBM Plex Sans Condensed&quot;;font-style:normal;font-weight:500;margin:0;font-size:1em;line-height:1.2;\"><a href=\"https:\/\/www.mundusmaris.org\/es\/academia-de-pesca-en-pequena-escala\/human-biodiversity-relationships-across-scales\/\" class=\"awb-custom-text-color awb-custom-text-hover-color\" target=\"_self\">Human \u2013 Biodiversity Relationships Across Scales<\/a><\/h4><\/div><\/div><\/li>\n<li class=\"fusion-layout-column fusion_builder_column fusion-builder-column-72 fusion-flex-column post-card fusion-grid-column fusion-post-cards-grid-column\" style=\"--awb-bg-color:var(--awb-color1);--awb-bg-color-hover:var(--awb-color1);--awb-bg-blend:overlay;--awb-bg-size:cover;--awb-flex-grow:0;--awb-flex-shrink:0;--awb-flex-grow-medium:;--awb-flex-shrink-medium:;--awb-flex-grow-small:;--awb-flex-shrink-small:;\" data-scroll-devices=\"small-visibility,medium-visibility,large-visibility\"><div class=\"fusion-column-wrapper fusion-column-has-shadow fusion-flex-justify-content-space-around fusion-content-layout-column\"><div class=\"fusion-classic-product-image-wrapper fusion-woo-product-image fusion-post-card-image fusion-post-card-image-1 has-aspect-ratio\" data-layout=\"static\" style=\"--awb-aspect-ratio:3 \/ 2;\"><div  class=\"fusion-image-wrapper\" aria-haspopup=\"true\">\n\t\t\t\t\t\t\t<a href=\"https:\/\/www.mundusmaris.org\/es\/actividades\/seguridad-climatica-y-oceanica\/mundus-maris-at-boot-2025-on-the-love-your-ocean-platform\/\" aria-label=\"Mundus maris at Boot 2025 on the \u2018love your ocean\u2019 platform\">\n\t\t\t\t\t\t\t<img decoding=\"async\" width=\"500\" height=\"330\" src=\"https:\/\/www.mundusmaris.org\/wp-content\/uploads\/2025\/01\/Boot25-00.jpg\" class=\"attachment-full size-full wp-post-image\" alt=\"\" srcset=\"https:\/\/www.mundusmaris.org\/wp-content\/uploads\/2025\/01\/Boot25-00-200x132.jpg 200w, https:\/\/www.mundusmaris.org\/wp-content\/uploads\/2025\/01\/Boot25-00-400x264.jpg 400w, https:\/\/www.mundusmaris.org\/wp-content\/uploads\/2025\/01\/Boot25-00.jpg 500w\" sizes=\"(min-width: 2200px) 100vw, (min-width: 784px) 373px, (min-width: 712px) 560px, (min-width: 640px) 712px, \" \/>\t\t\t<\/a>\n\t\t\t\t\t\t\t<\/div>\n<\/div><div class=\"fusion-meta-tb fusion-meta-tb-71 floated\" style=\"--awb-border-top:0px;--awb-height:36px;--awb-alignment-medium:flex-start;--awb-alignment-small:flex-start;\"><span class=\"fusion-tb-published-date\">Published On: 28 de enero de 2025<\/span><span class=\"fusion-meta-tb-sep\"><\/span><\/div><div class=\"fusion-title title fusion-title-72 fusion-sep-none fusion-title-text fusion-title-size-four\" style=\"--awb-margin-top:20px;--awb-margin-right:20px;--awb-margin-bottom:20px;--awb-margin-left:20px;--awb-margin-top-small:10px;--awb-margin-right-small:0px;--awb-margin-bottom-small:10px;--awb-margin-left-small:0px;--awb-font-size:24px;\"><h4 class=\"fusion-title-heading title-heading-left\" style=\"font-family:&quot;IBM Plex Sans Condensed&quot;;font-style:normal;font-weight:500;margin:0;font-size:1em;line-height:1.2;\"><a href=\"https:\/\/www.mundusmaris.org\/es\/actividades\/seguridad-climatica-y-oceanica\/mundus-maris-at-boot-2025-on-the-love-your-ocean-platform\/\" class=\"awb-custom-text-color awb-custom-text-hover-color\" target=\"_self\">Mundus maris at Boot 2025 on the \u2018love your ocean\u2019 platform<\/a><\/h4><\/div><\/div><\/li>\n<li class=\"fusion-layout-column fusion_builder_column fusion-builder-column-73 fusion-flex-column post-card fusion-grid-column fusion-post-cards-grid-column\" style=\"--awb-bg-color:var(--awb-color1);--awb-bg-color-hover:var(--awb-color1);--awb-bg-blend:overlay;--awb-bg-size:cover;--awb-flex-grow:0;--awb-flex-shrink:0;--awb-flex-grow-medium:;--awb-flex-shrink-medium:;--awb-flex-grow-small:;--awb-flex-shrink-small:;\" data-scroll-devices=\"small-visibility,medium-visibility,large-visibility\"><div class=\"fusion-column-wrapper fusion-column-has-shadow fusion-flex-justify-content-space-around fusion-content-layout-column\"><div class=\"fusion-classic-product-image-wrapper fusion-woo-product-image fusion-post-card-image fusion-post-card-image-1 has-aspect-ratio\" data-layout=\"static\" style=\"--awb-aspect-ratio:3 \/ 2;\"><div  class=\"fusion-image-wrapper\" aria-haspopup=\"true\">\n\t\t\t\t\t\t\t<a href=\"https:\/\/www.mundusmaris.org\/es\/actividades\/seguridad-climatica-y-oceanica\/what-future-for-european-fishers\/\" aria-label=\"What future for European fishers?\">\n\t\t\t\t\t\t\t<img decoding=\"async\" width=\"640\" height=\"480\" src=\"https:\/\/www.mundusmaris.org\/wp-content\/uploads\/2025\/02\/fishing-589560_640.jpg\" class=\"attachment-full size-full wp-post-image\" alt=\"\" srcset=\"https:\/\/www.mundusmaris.org\/wp-content\/uploads\/2025\/02\/fishing-589560_640-200x150.jpg 200w, https:\/\/www.mundusmaris.org\/wp-content\/uploads\/2025\/02\/fishing-589560_640-400x300.jpg 400w, https:\/\/www.mundusmaris.org\/wp-content\/uploads\/2025\/02\/fishing-589560_640-600x450.jpg 600w, https:\/\/www.mundusmaris.org\/wp-content\/uploads\/2025\/02\/fishing-589560_640.jpg 640w\" sizes=\"(min-width: 2200px) 100vw, (min-width: 784px) 373px, (min-width: 712px) 560px, (min-width: 640px) 712px, \" \/>\t\t\t<\/a>\n\t\t\t\t\t\t\t<\/div>\n<\/div><div class=\"fusion-meta-tb fusion-meta-tb-72 floated\" style=\"--awb-border-top:0px;--awb-height:36px;--awb-alignment-medium:flex-start;--awb-alignment-small:flex-start;\"><span class=\"fusion-tb-published-date\">Published On: 15 de enero de 2025<\/span><span class=\"fusion-meta-tb-sep\"><\/span><\/div><div class=\"fusion-title title fusion-title-73 fusion-sep-none fusion-title-text fusion-title-size-four\" style=\"--awb-margin-top:20px;--awb-margin-right:20px;--awb-margin-bottom:20px;--awb-margin-left:20px;--awb-margin-top-small:10px;--awb-margin-right-small:0px;--awb-margin-bottom-small:10px;--awb-margin-left-small:0px;--awb-font-size:24px;\"><h4 class=\"fusion-title-heading title-heading-left\" style=\"font-family:&quot;IBM Plex Sans Condensed&quot;;font-style:normal;font-weight:500;margin:0;font-size:1em;line-height:1.2;\"><a href=\"https:\/\/www.mundusmaris.org\/es\/actividades\/seguridad-climatica-y-oceanica\/what-future-for-european-fishers\/\" class=\"awb-custom-text-color awb-custom-text-hover-color\" target=\"_self\">What future for European fishers?<\/a><\/h4><\/div><\/div><\/li>\n<li class=\"fusion-layout-column fusion_builder_column fusion-builder-column-74 fusion-flex-column post-card fusion-grid-column fusion-post-cards-grid-column\" style=\"--awb-bg-color:var(--awb-color1);--awb-bg-color-hover:var(--awb-color1);--awb-bg-blend:overlay;--awb-bg-size:cover;--awb-flex-grow:0;--awb-flex-shrink:0;--awb-flex-grow-medium:;--awb-flex-shrink-medium:;--awb-flex-grow-small:;--awb-flex-shrink-small:;\" data-scroll-devices=\"small-visibility,medium-visibility,large-visibility\"><div class=\"fusion-column-wrapper fusion-column-has-shadow fusion-flex-justify-content-space-around fusion-content-layout-column\"><div class=\"fusion-classic-product-image-wrapper fusion-woo-product-image fusion-post-card-image fusion-post-card-image-1 has-aspect-ratio\" data-layout=\"static\" style=\"--awb-aspect-ratio:3 \/ 2;\"><div  class=\"fusion-image-wrapper\" aria-haspopup=\"true\">\n\t\t\t\t\t\t\t<a href=\"https:\/\/www.mundusmaris.org\/es\/actividades\/frenar-la-sobrepesca\/wto-still-without-a-deal-on-harmful-fisheries-subsidies\/\" aria-label=\"WTO still without a deal on harmful fisheries subsidies\">\n\t\t\t\t\t\t\t<img decoding=\"async\" width=\"500\" height=\"336\" src=\"https:\/\/www.mundusmaris.org\/wp-content\/uploads\/2024\/12\/BarbadosGoldenFishPin.jpg\" class=\"attachment-full size-full wp-post-image\" alt=\"\" srcset=\"https:\/\/www.mundusmaris.org\/wp-content\/uploads\/2024\/12\/BarbadosGoldenFishPin-200x134.jpg 200w, https:\/\/www.mundusmaris.org\/wp-content\/uploads\/2024\/12\/BarbadosGoldenFishPin-400x269.jpg 400w, https:\/\/www.mundusmaris.org\/wp-content\/uploads\/2024\/12\/BarbadosGoldenFishPin.jpg 500w\" sizes=\"(min-width: 2200px) 100vw, (min-width: 784px) 373px, (min-width: 712px) 560px, (min-width: 640px) 712px, \" \/>\t\t\t<\/a>\n\t\t\t\t\t\t\t<\/div>\n<\/div><div class=\"fusion-meta-tb fusion-meta-tb-73 floated\" style=\"--awb-border-top:0px;--awb-height:36px;--awb-alignment-medium:flex-start;--awb-alignment-small:flex-start;\"><span class=\"fusion-tb-published-date\">Published On: 15 de diciembre de 2024<\/span><span class=\"fusion-meta-tb-sep\"><\/span><\/div><div class=\"fusion-title title fusion-title-74 fusion-sep-none fusion-title-text fusion-title-size-four\" style=\"--awb-margin-top:20px;--awb-margin-right:20px;--awb-margin-bottom:20px;--awb-margin-left:20px;--awb-margin-top-small:10px;--awb-margin-right-small:0px;--awb-margin-bottom-small:10px;--awb-margin-left-small:0px;--awb-font-size:24px;\"><h4 class=\"fusion-title-heading title-heading-left\" style=\"font-family:&quot;IBM Plex Sans Condensed&quot;;font-style:normal;font-weight:500;margin:0;font-size:1em;line-height:1.2;\"><a href=\"https:\/\/www.mundusmaris.org\/es\/actividades\/frenar-la-sobrepesca\/wto-still-without-a-deal-on-harmful-fisheries-subsidies\/\" class=\"awb-custom-text-color awb-custom-text-hover-color\" target=\"_self\">WTO still without a deal on harmful fisheries subsidies<\/a><\/h4><\/div><\/div><\/li>\n<li class=\"fusion-layout-column fusion_builder_column fusion-builder-column-75 fusion-flex-column post-card fusion-grid-column fusion-post-cards-grid-column\" style=\"--awb-bg-color:var(--awb-color1);--awb-bg-color-hover:var(--awb-color1);--awb-bg-blend:overlay;--awb-bg-size:cover;--awb-flex-grow:0;--awb-flex-shrink:0;--awb-flex-grow-medium:;--awb-flex-shrink-medium:;--awb-flex-grow-small:;--awb-flex-shrink-small:;\" data-scroll-devices=\"small-visibility,medium-visibility,large-visibility\"><div class=\"fusion-column-wrapper fusion-column-has-shadow fusion-flex-justify-content-space-around fusion-content-layout-column\"><div class=\"fusion-classic-product-image-wrapper fusion-woo-product-image fusion-post-card-image fusion-post-card-image-1 has-aspect-ratio\" data-layout=\"static\" style=\"--awb-aspect-ratio:3 \/ 2;\"><div  class=\"fusion-image-wrapper\" aria-haspopup=\"true\">\n\t\t\t\t\t\t\t<a href=\"https:\/\/www.mundusmaris.org\/es\/eventos\/belgian-national-ocean-decade-committee-meets-in-oostende\/\" aria-label=\"Belgian National Ocean Decade Committee meets in Oostende\">\n\t\t\t\t\t\t\t<img decoding=\"async\" width=\"500\" height=\"330\" src=\"https:\/\/www.mundusmaris.org\/wp-content\/uploads\/2024\/12\/FisherwomenOstende500px.jpg\" class=\"attachment-full size-full wp-post-image\" alt=\"\" srcset=\"https:\/\/www.mundusmaris.org\/wp-content\/uploads\/2024\/12\/FisherwomenOstende500px-200x132.jpg 200w, https:\/\/www.mundusmaris.org\/wp-content\/uploads\/2024\/12\/FisherwomenOstende500px-400x264.jpg 400w, https:\/\/www.mundusmaris.org\/wp-content\/uploads\/2024\/12\/FisherwomenOstende500px.jpg 500w\" sizes=\"(min-width: 2200px) 100vw, (min-width: 784px) 373px, (min-width: 712px) 560px, (min-width: 640px) 712px, \" \/>\t\t\t<\/a>\n\t\t\t\t\t\t\t<\/div>\n<\/div><div class=\"fusion-meta-tb fusion-meta-tb-74 floated\" style=\"--awb-border-top:0px;--awb-height:36px;--awb-alignment-medium:flex-start;--awb-alignment-small:flex-start;\"><span class=\"fusion-tb-published-date\">Published On: 15 de diciembre de 2024<\/span><span class=\"fusion-meta-tb-sep\"><\/span><\/div><div class=\"fusion-title title fusion-title-75 fusion-sep-none fusion-title-text fusion-title-size-four\" style=\"--awb-margin-top:20px;--awb-margin-right:20px;--awb-margin-bottom:20px;--awb-margin-left:20px;--awb-margin-top-small:10px;--awb-margin-right-small:0px;--awb-margin-bottom-small:10px;--awb-margin-left-small:0px;--awb-font-size:24px;\"><h4 class=\"fusion-title-heading title-heading-left\" style=\"font-family:&quot;IBM Plex Sans Condensed&quot;;font-style:normal;font-weight:500;margin:0;font-size:1em;line-height:1.2;\"><a href=\"https:\/\/www.mundusmaris.org\/es\/eventos\/belgian-national-ocean-decade-committee-meets-in-oostende\/\" class=\"awb-custom-text-color awb-custom-text-hover-color\" target=\"_self\">Belgian National Ocean Decade Committee meets in Oostende<\/a><\/h4><\/div><\/div><\/li>\n<li class=\"fusion-layout-column fusion_builder_column fusion-builder-column-76 fusion-flex-column post-card fusion-grid-column fusion-post-cards-grid-column\" style=\"--awb-bg-color:var(--awb-color1);--awb-bg-color-hover:var(--awb-color1);--awb-bg-blend:overlay;--awb-bg-size:cover;--awb-flex-grow:0;--awb-flex-shrink:0;--awb-flex-grow-medium:;--awb-flex-shrink-medium:;--awb-flex-grow-small:;--awb-flex-shrink-small:;\" data-scroll-devices=\"small-visibility,medium-visibility,large-visibility\"><div class=\"fusion-column-wrapper fusion-column-has-shadow fusion-flex-justify-content-space-around fusion-content-layout-column\"><div class=\"fusion-classic-product-image-wrapper fusion-woo-product-image fusion-post-card-image fusion-post-card-image-1 has-aspect-ratio\" data-layout=\"static\" style=\"--awb-aspect-ratio:3 \/ 2;\"><div  class=\"fusion-image-wrapper\" aria-haspopup=\"true\">\n\t\t\t\t\t\t\t<a href=\"https:\/\/www.mundusmaris.org\/es\/academia-de-pesca-en-pequena-escala\/world-fisheries-day-21-november-2024-celebrated-in-nigeria\/\" aria-label=\"World Fisheries Day, 21 November 2024, celebrated in Nigeria\">\n\t\t\t\t\t\t\t<img decoding=\"async\" width=\"500\" height=\"330\" src=\"https:\/\/www.mundusmaris.org\/wp-content\/uploads\/2024\/12\/SSF-GuidelinesVideo.jpg\" class=\"attachment-full size-full wp-post-image\" alt=\"\" srcset=\"https:\/\/www.mundusmaris.org\/wp-content\/uploads\/2024\/12\/SSF-GuidelinesVideo-200x132.jpg 200w, https:\/\/www.mundusmaris.org\/wp-content\/uploads\/2024\/12\/SSF-GuidelinesVideo-400x264.jpg 400w, https:\/\/www.mundusmaris.org\/wp-content\/uploads\/2024\/12\/SSF-GuidelinesVideo.jpg 500w\" sizes=\"(min-width: 2200px) 100vw, (min-width: 784px) 373px, (min-width: 712px) 560px, (min-width: 640px) 712px, \" \/>\t\t\t<\/a>\n\t\t\t\t\t\t\t<\/div>\n<\/div><div class=\"fusion-meta-tb fusion-meta-tb-75 floated\" style=\"--awb-border-top:0px;--awb-height:36px;--awb-alignment-medium:flex-start;--awb-alignment-small:flex-start;\"><span class=\"fusion-tb-published-date\">Published On: 25 de noviembre de 2024<\/span><span class=\"fusion-meta-tb-sep\"><\/span><\/div><div class=\"fusion-title title fusion-title-76 fusion-sep-none fusion-title-text fusion-title-size-four\" style=\"--awb-margin-top:20px;--awb-margin-right:20px;--awb-margin-bottom:20px;--awb-margin-left:20px;--awb-margin-top-small:10px;--awb-margin-right-small:0px;--awb-margin-bottom-small:10px;--awb-margin-left-small:0px;--awb-font-size:24px;\"><h4 class=\"fusion-title-heading title-heading-left\" style=\"font-family:&quot;IBM Plex Sans Condensed&quot;;font-style:normal;font-weight:500;margin:0;font-size:1em;line-height:1.2;\"><a href=\"https:\/\/www.mundusmaris.org\/es\/academia-de-pesca-en-pequena-escala\/world-fisheries-day-21-november-2024-celebrated-in-nigeria\/\" class=\"awb-custom-text-color awb-custom-text-hover-color\" target=\"_self\">World Fisheries Day, 21 November 2024, celebrated in Nigeria<\/a><\/h4><\/div><\/div><\/li>\n<li class=\"fusion-layout-column fusion_builder_column fusion-builder-column-77 fusion-flex-column post-card fusion-grid-column fusion-post-cards-grid-column\" style=\"--awb-bg-color:var(--awb-color1);--awb-bg-color-hover:var(--awb-color1);--awb-bg-blend:overlay;--awb-bg-size:cover;--awb-flex-grow:0;--awb-flex-shrink:0;--awb-flex-grow-medium:;--awb-flex-shrink-medium:;--awb-flex-grow-small:;--awb-flex-shrink-small:;\" data-scroll-devices=\"small-visibility,medium-visibility,large-visibility\"><div class=\"fusion-column-wrapper fusion-column-has-shadow fusion-flex-justify-content-space-around fusion-content-layout-column\"><div class=\"fusion-classic-product-image-wrapper fusion-woo-product-image fusion-post-card-image fusion-post-card-image-1 has-aspect-ratio\" data-layout=\"static\" style=\"--awb-aspect-ratio:3 \/ 2;\"><div  class=\"fusion-image-wrapper\" aria-haspopup=\"true\">\n\t\t\t\t\t\t\t<a href=\"https:\/\/www.mundusmaris.org\/es\/entre-tradicion-y-modernidad\/mundus-maris-participated-in-the-2024-world-fisheries-day-organized-by-canoe-and-fishery-gear-association-of-ghana-cafgoag\/\" aria-label=\"Mundus maris participated in the 2024 World Fisheries Day organized by Canoe and Fishing Gear Association of Ghana (CaFGOAG).\">\n\t\t\t\t\t\t\t<img decoding=\"async\" width=\"750\" height=\"550\" src=\"https:\/\/www.mundusmaris.org\/wp-content\/uploads\/2024\/11\/ShamaCouncil.jpg\" class=\"attachment-full size-full wp-post-image\" alt=\"\" srcset=\"https:\/\/www.mundusmaris.org\/wp-content\/uploads\/2024\/11\/ShamaCouncil-200x147.jpg 200w, https:\/\/www.mundusmaris.org\/wp-content\/uploads\/2024\/11\/ShamaCouncil-400x293.jpg 400w, https:\/\/www.mundusmaris.org\/wp-content\/uploads\/2024\/11\/ShamaCouncil-600x440.jpg 600w, https:\/\/www.mundusmaris.org\/wp-content\/uploads\/2024\/11\/ShamaCouncil.jpg 750w\" sizes=\"(min-width: 2200px) 100vw, (min-width: 784px) 373px, (min-width: 712px) 560px, (min-width: 640px) 712px, \" \/>\t\t\t<\/a>\n\t\t\t\t\t\t\t<\/div>\n<\/div><div class=\"fusion-meta-tb fusion-meta-tb-76 floated\" style=\"--awb-border-top:0px;--awb-height:36px;--awb-alignment-medium:flex-start;--awb-alignment-small:flex-start;\"><span class=\"fusion-tb-published-date\">Published On: 24 de noviembre de 2024<\/span><span class=\"fusion-meta-tb-sep\"><\/span><\/div><div class=\"fusion-title title fusion-title-77 fusion-sep-none fusion-title-text fusion-title-size-four\" style=\"--awb-margin-top:20px;--awb-margin-right:20px;--awb-margin-bottom:20px;--awb-margin-left:20px;--awb-margin-top-small:10px;--awb-margin-right-small:0px;--awb-margin-bottom-small:10px;--awb-margin-left-small:0px;--awb-font-size:24px;\"><h4 class=\"fusion-title-heading title-heading-left\" style=\"font-family:&quot;IBM Plex Sans Condensed&quot;;font-style:normal;font-weight:500;margin:0;font-size:1em;line-height:1.2;\"><a href=\"https:\/\/www.mundusmaris.org\/es\/entre-tradicion-y-modernidad\/mundus-maris-participated-in-the-2024-world-fisheries-day-organized-by-canoe-and-fishery-gear-association-of-ghana-cafgoag\/\" class=\"awb-custom-text-color awb-custom-text-hover-color\" target=\"_self\">Mundus maris participated in the 2024 World Fisheries Day organized by Canoe and Fishing Gear Association of Ghana (CaFGOAG).<\/a><\/h4><\/div><\/div><\/li>\n<li class=\"fusion-layout-column fusion_builder_column fusion-builder-column-78 fusion-flex-column post-card fusion-grid-column fusion-post-cards-grid-column\" style=\"--awb-bg-color:var(--awb-color1);--awb-bg-color-hover:var(--awb-color1);--awb-bg-blend:overlay;--awb-bg-size:cover;--awb-flex-grow:0;--awb-flex-shrink:0;--awb-flex-grow-medium:;--awb-flex-shrink-medium:;--awb-flex-grow-small:;--awb-flex-shrink-small:;\" data-scroll-devices=\"small-visibility,medium-visibility,large-visibility\"><div class=\"fusion-column-wrapper fusion-column-has-shadow fusion-flex-justify-content-space-around fusion-content-layout-column\"><div class=\"fusion-classic-product-image-wrapper fusion-woo-product-image fusion-post-card-image fusion-post-card-image-1 has-aspect-ratio\" data-layout=\"static\" style=\"--awb-aspect-ratio:3 \/ 2;\"><div  class=\"fusion-image-wrapper\" aria-haspopup=\"true\">\n\t\t\t\t\t\t\t<a href=\"https:\/\/www.mundusmaris.org\/es\/eventos\/environmental-history-in-the-medieval-and-early-modern-low-countries-25-26-october-2024\/\" aria-label=\"Environmental history in the Medieval and early modern Low Countries, 25-26 October 2024\">\n\t\t\t\t\t\t\t<img decoding=\"async\" width=\"506\" height=\"310\" src=\"https:\/\/www.mundusmaris.org\/wp-content\/uploads\/2024\/11\/HerringFishing.jpg\" class=\"attachment-full size-full wp-post-image\" alt=\"\" srcset=\"https:\/\/www.mundusmaris.org\/wp-content\/uploads\/2024\/11\/HerringFishing-200x123.jpg 200w, https:\/\/www.mundusmaris.org\/wp-content\/uploads\/2024\/11\/HerringFishing-400x245.jpg 400w, https:\/\/www.mundusmaris.org\/wp-content\/uploads\/2024\/11\/HerringFishing.jpg 506w\" sizes=\"(min-width: 2200px) 100vw, (min-width: 784px) 373px, (min-width: 712px) 560px, (min-width: 640px) 712px, \" \/>\t\t\t<\/a>\n\t\t\t\t\t\t\t<\/div>\n<\/div><div class=\"fusion-meta-tb fusion-meta-tb-77 floated\" style=\"--awb-border-top:0px;--awb-height:36px;--awb-alignment-medium:flex-start;--awb-alignment-small:flex-start;\"><span class=\"fusion-tb-published-date\">Published On: 28 de octubre de 2024<\/span><span class=\"fusion-meta-tb-sep\"><\/span><\/div><div class=\"fusion-title title fusion-title-78 fusion-sep-none fusion-title-text fusion-title-size-four\" style=\"--awb-margin-top:20px;--awb-margin-right:20px;--awb-margin-bottom:20px;--awb-margin-left:20px;--awb-margin-top-small:10px;--awb-margin-right-small:0px;--awb-margin-bottom-small:10px;--awb-margin-left-small:0px;--awb-font-size:24px;\"><h4 class=\"fusion-title-heading title-heading-left\" style=\"font-family:&quot;IBM Plex Sans Condensed&quot;;font-style:normal;font-weight:500;margin:0;font-size:1em;line-height:1.2;\"><a href=\"https:\/\/www.mundusmaris.org\/es\/eventos\/environmental-history-in-the-medieval-and-early-modern-low-countries-25-26-october-2024\/\" class=\"awb-custom-text-color awb-custom-text-hover-color\" target=\"_self\">Environmental history in the Medieval and early modern Low Countries, 25-26 October 2024<\/a><\/h4><\/div><\/div><\/li>\n<li class=\"fusion-layout-column fusion_builder_column fusion-builder-column-79 fusion-flex-column post-card fusion-grid-column fusion-post-cards-grid-column\" style=\"--awb-bg-color:var(--awb-color1);--awb-bg-color-hover:var(--awb-color1);--awb-bg-blend:overlay;--awb-bg-size:cover;--awb-flex-grow:0;--awb-flex-shrink:0;--awb-flex-grow-medium:;--awb-flex-shrink-medium:;--awb-flex-grow-small:;--awb-flex-shrink-small:;\" data-scroll-devices=\"small-visibility,medium-visibility,large-visibility\"><div class=\"fusion-column-wrapper fusion-column-has-shadow fusion-flex-justify-content-space-around fusion-content-layout-column\"><div class=\"fusion-classic-product-image-wrapper fusion-woo-product-image fusion-post-card-image fusion-post-card-image-1 has-aspect-ratio\" data-layout=\"static\" style=\"--awb-aspect-ratio:3 \/ 2;\"><div  class=\"fusion-image-wrapper\" aria-haspopup=\"true\">\n\t\t\t\t\t\t\t<a href=\"https:\/\/www.mundusmaris.org\/es\/actividades\/frenar-la-sobrepesca\/improving-fisheries-governance-ifg-in-ghana-and-the-wider-subregion-accra-22-24-october-2024\/\" aria-label=\"Improving Fisheries Governance (IFG) in Ghana and the Wider Subregion, Accra, 22-24 October 2024\">\n\t\t\t\t\t\t\t<img decoding=\"async\" width=\"500\" height=\"345\" src=\"https:\/\/www.mundusmaris.org\/wp-content\/uploads\/2024\/11\/Ghana.jpg\" class=\"attachment-full size-full wp-post-image\" alt=\"\" srcset=\"https:\/\/www.mundusmaris.org\/wp-content\/uploads\/2024\/11\/Ghana-200x138.jpg 200w, https:\/\/www.mundusmaris.org\/wp-content\/uploads\/2024\/11\/Ghana-400x276.jpg 400w, https:\/\/www.mundusmaris.org\/wp-content\/uploads\/2024\/11\/Ghana.jpg 500w\" sizes=\"(min-width: 2200px) 100vw, (min-width: 784px) 373px, (min-width: 712px) 560px, (min-width: 640px) 712px, \" \/>\t\t\t<\/a>\n\t\t\t\t\t\t\t<\/div>\n<\/div><div class=\"fusion-meta-tb fusion-meta-tb-78 floated\" style=\"--awb-border-top:0px;--awb-height:36px;--awb-alignment-medium:flex-start;--awb-alignment-small:flex-start;\"><span class=\"fusion-tb-published-date\">Published On: 26 de octubre de 2024<\/span><span class=\"fusion-meta-tb-sep\"><\/span><\/div><div class=\"fusion-title title fusion-title-79 fusion-sep-none fusion-title-text fusion-title-size-four\" style=\"--awb-margin-top:20px;--awb-margin-right:20px;--awb-margin-bottom:20px;--awb-margin-left:20px;--awb-margin-top-small:10px;--awb-margin-right-small:0px;--awb-margin-bottom-small:10px;--awb-margin-left-small:0px;--awb-font-size:24px;\"><h4 class=\"fusion-title-heading title-heading-left\" style=\"font-family:&quot;IBM Plex Sans Condensed&quot;;font-style:normal;font-weight:500;margin:0;font-size:1em;line-height:1.2;\"><a href=\"https:\/\/www.mundusmaris.org\/es\/actividades\/frenar-la-sobrepesca\/improving-fisheries-governance-ifg-in-ghana-and-the-wider-subregion-accra-22-24-october-2024\/\" class=\"awb-custom-text-color awb-custom-text-hover-color\" target=\"_self\">Improving Fisheries Governance (IFG) in Ghana and the Wider Subregion, Accra, 22-24 October 2024<\/a><\/h4><\/div><\/div><\/li>\n<li class=\"fusion-layout-column fusion_builder_column fusion-builder-column-80 fusion-flex-column post-card fusion-grid-column fusion-post-cards-grid-column\" style=\"--awb-bg-color:var(--awb-color1);--awb-bg-color-hover:var(--awb-color1);--awb-bg-blend:overlay;--awb-bg-size:cover;--awb-flex-grow:0;--awb-flex-shrink:0;--awb-flex-grow-medium:;--awb-flex-shrink-medium:;--awb-flex-grow-small:;--awb-flex-shrink-small:;\" data-scroll-devices=\"small-visibility,medium-visibility,large-visibility\"><div class=\"fusion-column-wrapper fusion-column-has-shadow fusion-flex-justify-content-space-around fusion-content-layout-column\"><div class=\"fusion-classic-product-image-wrapper fusion-woo-product-image fusion-post-card-image fusion-post-card-image-1 has-aspect-ratio\" data-layout=\"static\" style=\"--awb-aspect-ratio:3 \/ 2;\"><div  class=\"fusion-image-wrapper\" aria-haspopup=\"true\">\n\t\t\t\t\t\t\t<a href=\"https:\/\/www.mundusmaris.org\/es\/los-mariscos-que-comemos\/world-food-day-2024-joint-webinar-with-fish-party\/\" aria-label=\"World Food Day 2024, Joint Webinar with Fish Party\">\n\t\t\t\t\t\t\t<img decoding=\"async\" width=\"500\" height=\"330\" src=\"https:\/\/www.mundusmaris.org\/wp-content\/uploads\/2024\/11\/PosterFoodDay24.jpg\" class=\"attachment-full size-full wp-post-image\" alt=\"\" srcset=\"https:\/\/www.mundusmaris.org\/wp-content\/uploads\/2024\/11\/PosterFoodDay24-200x132.jpg 200w, https:\/\/www.mundusmaris.org\/wp-content\/uploads\/2024\/11\/PosterFoodDay24-400x264.jpg 400w, https:\/\/www.mundusmaris.org\/wp-content\/uploads\/2024\/11\/PosterFoodDay24.jpg 500w\" sizes=\"(min-width: 2200px) 100vw, (min-width: 784px) 373px, (min-width: 712px) 560px, (min-width: 640px) 712px, \" \/>\t\t\t<\/a>\n\t\t\t\t\t\t\t<\/div>\n<\/div><div class=\"fusion-meta-tb fusion-meta-tb-79 floated\" style=\"--awb-border-top:0px;--awb-height:36px;--awb-alignment-medium:flex-start;--awb-alignment-small:flex-start;\"><span class=\"fusion-tb-published-date\">Published On: 18 de octubre de 2024<\/span><span class=\"fusion-meta-tb-sep\"><\/span><\/div><div class=\"fusion-title title fusion-title-80 fusion-sep-none fusion-title-text fusion-title-size-four\" style=\"--awb-margin-top:20px;--awb-margin-right:20px;--awb-margin-bottom:20px;--awb-margin-left:20px;--awb-margin-top-small:10px;--awb-margin-right-small:0px;--awb-margin-bottom-small:10px;--awb-margin-left-small:0px;--awb-font-size:24px;\"><h4 class=\"fusion-title-heading title-heading-left\" style=\"font-family:&quot;IBM Plex Sans Condensed&quot;;font-style:normal;font-weight:500;margin:0;font-size:1em;line-height:1.2;\"><a href=\"https:\/\/www.mundusmaris.org\/es\/los-mariscos-que-comemos\/world-food-day-2024-joint-webinar-with-fish-party\/\" class=\"awb-custom-text-color awb-custom-text-hover-color\" target=\"_self\">World Food Day 2024, Joint Webinar with Fish Party<\/a><\/h4><\/div><\/div><\/li>\n<li class=\"fusion-layout-column fusion_builder_column fusion-builder-column-81 fusion-flex-column post-card fusion-grid-column fusion-post-cards-grid-column\" style=\"--awb-bg-color:var(--awb-color1);--awb-bg-color-hover:var(--awb-color1);--awb-bg-blend:overlay;--awb-bg-size:cover;--awb-flex-grow:0;--awb-flex-shrink:0;--awb-flex-grow-medium:;--awb-flex-shrink-medium:;--awb-flex-grow-small:;--awb-flex-shrink-small:;\" data-scroll-devices=\"small-visibility,medium-visibility,large-visibility\"><div class=\"fusion-column-wrapper fusion-column-has-shadow fusion-flex-justify-content-space-around fusion-content-layout-column\"><div class=\"fusion-classic-product-image-wrapper fusion-woo-product-image fusion-post-card-image fusion-post-card-image-1 has-aspect-ratio\" data-layout=\"static\" style=\"--awb-aspect-ratio:3 \/ 2;\"><div  class=\"fusion-image-wrapper\" aria-haspopup=\"true\">\n\t\t\t\t\t\t\t<a href=\"https:\/\/www.mundusmaris.org\/es\/actividades\/seguridad-climatica-y-oceanica\/seguridad-maritima-2024-innovaciones-y-alianzas-para-futuro-praia-octubre\/\" aria-label=\"Seguridad mar\u00edtima 2024: innovaciones y alianzas para el futuro, Praia, 8 y 9 de octubre\">\n\t\t\t\t\t\t\t<img decoding=\"async\" width=\"720\" height=\"450\" src=\"https:\/\/www.mundusmaris.org\/wp-content\/uploads\/2024\/10\/stern-of-cargo-ship-carrying-container-and-running-2023-05-16-05-24-21-utc.jpg\" class=\"attachment-full size-full wp-post-image\" alt=\"\" srcset=\"https:\/\/www.mundusmaris.org\/wp-content\/uploads\/2024\/10\/stern-of-cargo-ship-carrying-container-and-running-2023-05-16-05-24-21-utc-200x125.jpg 200w, https:\/\/www.mundusmaris.org\/wp-content\/uploads\/2024\/10\/stern-of-cargo-ship-carrying-container-and-running-2023-05-16-05-24-21-utc-400x250.jpg 400w, https:\/\/www.mundusmaris.org\/wp-content\/uploads\/2024\/10\/stern-of-cargo-ship-carrying-container-and-running-2023-05-16-05-24-21-utc-600x375.jpg 600w, https:\/\/www.mundusmaris.org\/wp-content\/uploads\/2024\/10\/stern-of-cargo-ship-carrying-container-and-running-2023-05-16-05-24-21-utc.jpg 720w\" sizes=\"(min-width: 2200px) 100vw, (min-width: 784px) 373px, (min-width: 712px) 560px, (min-width: 640px) 712px, \" \/>\t\t\t<\/a>\n\t\t\t\t\t\t\t<\/div>\n<\/div><div class=\"fusion-meta-tb fusion-meta-tb-80 floated\" style=\"--awb-border-top:0px;--awb-height:36px;--awb-alignment-medium:flex-start;--awb-alignment-small:flex-start;\"><span class=\"fusion-tb-published-date\">Published On: 10 de octubre de 2024<\/span><span class=\"fusion-meta-tb-sep\"><\/span><\/div><div class=\"fusion-title title fusion-title-81 fusion-sep-none fusion-title-text fusion-title-size-four\" style=\"--awb-margin-top:20px;--awb-margin-right:20px;--awb-margin-bottom:20px;--awb-margin-left:20px;--awb-margin-top-small:10px;--awb-margin-right-small:0px;--awb-margin-bottom-small:10px;--awb-margin-left-small:0px;--awb-font-size:24px;\"><h4 class=\"fusion-title-heading title-heading-left\" style=\"font-family:&quot;IBM Plex Sans Condensed&quot;;font-style:normal;font-weight:500;margin:0;font-size:1em;line-height:1.2;\"><a href=\"https:\/\/www.mundusmaris.org\/es\/actividades\/seguridad-climatica-y-oceanica\/seguridad-maritima-2024-innovaciones-y-alianzas-para-futuro-praia-octubre\/\" class=\"awb-custom-text-color awb-custom-text-hover-color\" target=\"_self\">Seguridad mar\u00edtima 2024: innovaciones y alianzas para el futuro, Praia, 8 y 9 de octubre<\/a><\/h4><\/div><\/div><\/li>\n<li class=\"fusion-layout-column fusion_builder_column fusion-builder-column-82 fusion-flex-column post-card fusion-grid-column fusion-post-cards-grid-column\" style=\"--awb-bg-color:var(--awb-color1);--awb-bg-color-hover:var(--awb-color1);--awb-bg-blend:overlay;--awb-bg-size:cover;--awb-flex-grow:0;--awb-flex-shrink:0;--awb-flex-grow-medium:;--awb-flex-shrink-medium:;--awb-flex-grow-small:;--awb-flex-shrink-small:;\" data-scroll-devices=\"small-visibility,medium-visibility,large-visibility\"><div class=\"fusion-column-wrapper fusion-column-has-shadow fusion-flex-justify-content-space-around fusion-content-layout-column\"><div class=\"fusion-classic-product-image-wrapper fusion-woo-product-image fusion-post-card-image fusion-post-card-image-1 has-aspect-ratio\" data-layout=\"static\" style=\"--awb-aspect-ratio:3 \/ 2;\"><div  class=\"fusion-image-wrapper\" aria-haspopup=\"true\">\n\t\t\t\t\t\t\t<a href=\"https:\/\/www.mundusmaris.org\/es\/actividades\/seguridad-climatica-y-oceanica\/impulso-a-transicion-energetica-y-resiliencia-climatica-en-la-pesca-ue\/\" aria-label=\"Impulso a la transici\u00f3n energ\u00e9tica y la resiliencia clim\u00e1tica en la pesca de la UE\">\n\t\t\t\t\t\t\t<img decoding=\"async\" width=\"500\" height=\"332\" src=\"https:\/\/www.mundusmaris.org\/wp-content\/uploads\/2024\/10\/DecarboniseNow.jpg\" class=\"attachment-full size-full wp-post-image\" alt=\"\" srcset=\"https:\/\/www.mundusmaris.org\/wp-content\/uploads\/2024\/10\/DecarboniseNow-200x133.jpg 200w, https:\/\/www.mundusmaris.org\/wp-content\/uploads\/2024\/10\/DecarboniseNow-400x266.jpg 400w, https:\/\/www.mundusmaris.org\/wp-content\/uploads\/2024\/10\/DecarboniseNow.jpg 500w\" sizes=\"(min-width: 2200px) 100vw, (min-width: 784px) 373px, (min-width: 712px) 560px, (min-width: 640px) 712px, \" \/>\t\t\t<\/a>\n\t\t\t\t\t\t\t<\/div>\n<\/div><div class=\"fusion-meta-tb fusion-meta-tb-81 floated\" style=\"--awb-border-top:0px;--awb-height:36px;--awb-alignment-medium:flex-start;--awb-alignment-small:flex-start;\"><span class=\"fusion-tb-published-date\">Published On: 6 de octubre de 2024<\/span><span class=\"fusion-meta-tb-sep\"><\/span><\/div><div class=\"fusion-title title fusion-title-82 fusion-sep-none fusion-title-text fusion-title-size-four\" style=\"--awb-margin-top:20px;--awb-margin-right:20px;--awb-margin-bottom:20px;--awb-margin-left:20px;--awb-margin-top-small:10px;--awb-margin-right-small:0px;--awb-margin-bottom-small:10px;--awb-margin-left-small:0px;--awb-font-size:24px;\"><h4 class=\"fusion-title-heading title-heading-left\" style=\"font-family:&quot;IBM Plex Sans Condensed&quot;;font-style:normal;font-weight:500;margin:0;font-size:1em;line-height:1.2;\"><a href=\"https:\/\/www.mundusmaris.org\/es\/actividades\/seguridad-climatica-y-oceanica\/impulso-a-transicion-energetica-y-resiliencia-climatica-en-la-pesca-ue\/\" class=\"awb-custom-text-color awb-custom-text-hover-color\" target=\"_self\">Impulso a la transici\u00f3n energ\u00e9tica y la resiliencia clim\u00e1tica en la pesca de la UE<\/a><\/h4><\/div><\/div><\/li>\n<li class=\"fusion-layout-column fusion_builder_column fusion-builder-column-83 fusion-flex-column post-card fusion-grid-column fusion-post-cards-grid-column\" style=\"--awb-bg-color:var(--awb-color1);--awb-bg-color-hover:var(--awb-color1);--awb-bg-blend:overlay;--awb-bg-size:cover;--awb-flex-grow:0;--awb-flex-shrink:0;--awb-flex-grow-medium:;--awb-flex-shrink-medium:;--awb-flex-grow-small:;--awb-flex-shrink-small:;\" data-scroll-devices=\"small-visibility,medium-visibility,large-visibility\"><div class=\"fusion-column-wrapper fusion-column-has-shadow fusion-flex-justify-content-space-around fusion-content-layout-column\"><div class=\"fusion-classic-product-image-wrapper fusion-woo-product-image fusion-post-card-image fusion-post-card-image-1 has-aspect-ratio\" data-layout=\"static\" style=\"--awb-aspect-ratio:3 \/ 2;\"><div  class=\"fusion-image-wrapper\" aria-haspopup=\"true\">\n\t\t\t\t\t\t\t<a href=\"https:\/\/www.mundusmaris.org\/es\/peliculas\/x-trillion-voyage-through-a-plastic-ocean\/\" aria-label=\"X-Trillion &#8211; Voyage through a plastic ocean\">\n\t\t\t\t\t\t\t<img decoding=\"async\" width=\"500\" height=\"332\" src=\"https:\/\/www.mundusmaris.org\/wp-content\/uploads\/2024\/10\/X-Trillion-FilmBxl.jpg\" class=\"attachment-full size-full wp-post-image\" alt=\"\" srcset=\"https:\/\/www.mundusmaris.org\/wp-content\/uploads\/2024\/10\/X-Trillion-FilmBxl-200x133.jpg 200w, https:\/\/www.mundusmaris.org\/wp-content\/uploads\/2024\/10\/X-Trillion-FilmBxl-400x266.jpg 400w, https:\/\/www.mundusmaris.org\/wp-content\/uploads\/2024\/10\/X-Trillion-FilmBxl.jpg 500w\" sizes=\"(min-width: 2200px) 100vw, (min-width: 784px) 373px, (min-width: 712px) 560px, (min-width: 640px) 712px, \" \/>\t\t\t<\/a>\n\t\t\t\t\t\t\t<\/div>\n<\/div><div class=\"fusion-meta-tb fusion-meta-tb-82 floated\" style=\"--awb-border-top:0px;--awb-height:36px;--awb-alignment-medium:flex-start;--awb-alignment-small:flex-start;\"><span class=\"fusion-tb-published-date\">Published On: 6 de octubre de 2024<\/span><span class=\"fusion-meta-tb-sep\"><\/span><\/div><div class=\"fusion-title title fusion-title-83 fusion-sep-none fusion-title-text fusion-title-size-four\" style=\"--awb-margin-top:20px;--awb-margin-right:20px;--awb-margin-bottom:20px;--awb-margin-left:20px;--awb-margin-top-small:10px;--awb-margin-right-small:0px;--awb-margin-bottom-small:10px;--awb-margin-left-small:0px;--awb-font-size:24px;\"><h4 class=\"fusion-title-heading title-heading-left\" style=\"font-family:&quot;IBM Plex Sans Condensed&quot;;font-style:normal;font-weight:500;margin:0;font-size:1em;line-height:1.2;\"><a href=\"https:\/\/www.mundusmaris.org\/es\/peliculas\/x-trillion-voyage-through-a-plastic-ocean\/\" class=\"awb-custom-text-color awb-custom-text-hover-color\" target=\"_self\">X-Trillion &#8211; Voyage through a plastic ocean<\/a><\/h4><\/div><\/div><\/li>\n<li class=\"fusion-layout-column fusion_builder_column fusion-builder-column-84 fusion-flex-column post-card fusion-grid-column fusion-post-cards-grid-column\" style=\"--awb-bg-color:var(--awb-color1);--awb-bg-color-hover:var(--awb-color1);--awb-bg-blend:overlay;--awb-bg-size:cover;--awb-flex-grow:0;--awb-flex-shrink:0;--awb-flex-grow-medium:;--awb-flex-shrink-medium:;--awb-flex-grow-small:;--awb-flex-shrink-small:;\" data-scroll-devices=\"small-visibility,medium-visibility,large-visibility\"><div class=\"fusion-column-wrapper fusion-column-has-shadow fusion-flex-justify-content-space-around fusion-content-layout-column\"><div class=\"fusion-classic-product-image-wrapper fusion-woo-product-image fusion-post-card-image fusion-post-card-image-1 has-aspect-ratio\" data-layout=\"static\" style=\"--awb-aspect-ratio:3 \/ 2;\"><div  class=\"fusion-image-wrapper\" aria-haspopup=\"true\">\n\t\t\t\t\t\t\t<a href=\"https:\/\/www.mundusmaris.org\/es\/actividades\/enfoque-ecosistemico-de-la-pesca\/repensando-la-pesca-semana-oceanos-para-interactuar-con-nuevos-eurodiputados-y-publico-mas-amplio\/\" aria-label=\"Repensando la pesca: Semana de los oc\u00e9anos para interactuar con nuevos eurodiputados y un p\u00fablico m\u00e1s amplio\">\n\t\t\t\t\t\t\t<img decoding=\"async\" width=\"500\" height=\"330\" src=\"https:\/\/www.mundusmaris.org\/wp-content\/uploads\/2024\/10\/RethinkFisheriesPreview.jpg\" class=\"attachment-full size-full wp-post-image\" alt=\"\" srcset=\"https:\/\/www.mundusmaris.org\/wp-content\/uploads\/2024\/10\/RethinkFisheriesPreview-200x132.jpg 200w, https:\/\/www.mundusmaris.org\/wp-content\/uploads\/2024\/10\/RethinkFisheriesPreview-400x264.jpg 400w, https:\/\/www.mundusmaris.org\/wp-content\/uploads\/2024\/10\/RethinkFisheriesPreview.jpg 500w\" sizes=\"(min-width: 2200px) 100vw, (min-width: 784px) 373px, (min-width: 712px) 560px, (min-width: 640px) 712px, \" \/>\t\t\t<\/a>\n\t\t\t\t\t\t\t<\/div>\n<\/div><div class=\"fusion-meta-tb fusion-meta-tb-83 floated\" style=\"--awb-border-top:0px;--awb-height:36px;--awb-alignment-medium:flex-start;--awb-alignment-small:flex-start;\"><span class=\"fusion-tb-published-date\">Published On: 5 de octubre de 2024<\/span><span class=\"fusion-meta-tb-sep\"><\/span><\/div><div class=\"fusion-title title fusion-title-84 fusion-sep-none fusion-title-text fusion-title-size-four\" style=\"--awb-margin-top:20px;--awb-margin-right:20px;--awb-margin-bottom:20px;--awb-margin-left:20px;--awb-margin-top-small:10px;--awb-margin-right-small:0px;--awb-margin-bottom-small:10px;--awb-margin-left-small:0px;--awb-font-size:24px;\"><h4 class=\"fusion-title-heading title-heading-left\" style=\"font-family:&quot;IBM Plex Sans Condensed&quot;;font-style:normal;font-weight:500;margin:0;font-size:1em;line-height:1.2;\"><a href=\"https:\/\/www.mundusmaris.org\/es\/actividades\/enfoque-ecosistemico-de-la-pesca\/repensando-la-pesca-semana-oceanos-para-interactuar-con-nuevos-eurodiputados-y-publico-mas-amplio\/\" class=\"awb-custom-text-color awb-custom-text-hover-color\" target=\"_self\">Repensando la pesca: Semana de los oc\u00e9anos para interactuar con nuevos eurodiputados y un p\u00fablico m\u00e1s amplio<\/a><\/h4><\/div><\/div><\/li>\n<li class=\"fusion-layout-column fusion_builder_column fusion-builder-column-85 fusion-flex-column post-card fusion-grid-column fusion-post-cards-grid-column\" style=\"--awb-bg-color:var(--awb-color1);--awb-bg-color-hover:var(--awb-color1);--awb-bg-blend:overlay;--awb-bg-size:cover;--awb-flex-grow:0;--awb-flex-shrink:0;--awb-flex-grow-medium:;--awb-flex-shrink-medium:;--awb-flex-grow-small:;--awb-flex-shrink-small:;\" data-scroll-devices=\"small-visibility,medium-visibility,large-visibility\"><div class=\"fusion-column-wrapper fusion-column-has-shadow fusion-flex-justify-content-space-around fusion-content-layout-column\"><div class=\"fusion-classic-product-image-wrapper fusion-woo-product-image fusion-post-card-image fusion-post-card-image-1 has-aspect-ratio\" data-layout=\"static\" style=\"--awb-aspect-ratio:3 \/ 2;\"><div  class=\"fusion-image-wrapper\" aria-haspopup=\"true\">\n\t\t\t\t\t\t\t<a href=\"https:\/\/www.mundusmaris.org\/es\/actividades\/seguridad-climatica-y-oceanica\/senegalese-youths-need-better-futures-at-home\/\" aria-label=\"Senegalese youths need better futures at home!\">\n\t\t\t\t\t\t\t<img decoding=\"async\" width=\"500\" height=\"500\" src=\"https:\/\/www.mundusmaris.org\/wp-content\/uploads\/2024\/10\/boat-people-7487350_500_TrullerPixabay.jpg\" class=\"attachment-full size-full wp-post-image\" alt=\"\" srcset=\"https:\/\/www.mundusmaris.org\/wp-content\/uploads\/2024\/10\/boat-people-7487350_500_TrullerPixabay-200x200.jpg 200w, https:\/\/www.mundusmaris.org\/wp-content\/uploads\/2024\/10\/boat-people-7487350_500_TrullerPixabay-400x400.jpg 400w, https:\/\/www.mundusmaris.org\/wp-content\/uploads\/2024\/10\/boat-people-7487350_500_TrullerPixabay.jpg 500w\" sizes=\"(min-width: 2200px) 100vw, (min-width: 784px) 373px, (min-width: 712px) 560px, (min-width: 640px) 712px, \" \/>\t\t\t<\/a>\n\t\t\t\t\t\t\t<\/div>\n<\/div><div class=\"fusion-meta-tb fusion-meta-tb-84 floated\" style=\"--awb-border-top:0px;--awb-height:36px;--awb-alignment-medium:flex-start;--awb-alignment-small:flex-start;\"><span class=\"fusion-tb-published-date\">Published On: 29 de septiembre de 2024<\/span><span class=\"fusion-meta-tb-sep\"><\/span><\/div><div class=\"fusion-title title fusion-title-85 fusion-sep-none fusion-title-text fusion-title-size-four\" style=\"--awb-margin-top:20px;--awb-margin-right:20px;--awb-margin-bottom:20px;--awb-margin-left:20px;--awb-margin-top-small:10px;--awb-margin-right-small:0px;--awb-margin-bottom-small:10px;--awb-margin-left-small:0px;--awb-font-size:24px;\"><h4 class=\"fusion-title-heading title-heading-left\" style=\"font-family:&quot;IBM Plex Sans Condensed&quot;;font-style:normal;font-weight:500;margin:0;font-size:1em;line-height:1.2;\"><a href=\"https:\/\/www.mundusmaris.org\/es\/actividades\/seguridad-climatica-y-oceanica\/senegalese-youths-need-better-futures-at-home\/\" class=\"awb-custom-text-color awb-custom-text-hover-color\" target=\"_self\">Senegalese youths need better futures at home!<\/a><\/h4><\/div><\/div><\/li>\n<li class=\"fusion-layout-column fusion_builder_column fusion-builder-column-86 fusion-flex-column post-card fusion-grid-column fusion-post-cards-grid-column\" style=\"--awb-bg-color:var(--awb-color1);--awb-bg-color-hover:var(--awb-color1);--awb-bg-blend:overlay;--awb-bg-size:cover;--awb-flex-grow:0;--awb-flex-shrink:0;--awb-flex-grow-medium:;--awb-flex-shrink-medium:;--awb-flex-grow-small:;--awb-flex-shrink-small:;\" data-scroll-devices=\"small-visibility,medium-visibility,large-visibility\"><div class=\"fusion-column-wrapper fusion-column-has-shadow fusion-flex-justify-content-space-around fusion-content-layout-column\"><div class=\"fusion-classic-product-image-wrapper fusion-woo-product-image fusion-post-card-image fusion-post-card-image-1 has-aspect-ratio\" data-layout=\"static\" style=\"--awb-aspect-ratio:3 \/ 2;\"><div  class=\"fusion-image-wrapper\" aria-haspopup=\"true\">\n\t\t\t\t\t\t\t<a href=\"https:\/\/www.mundusmaris.org\/es\/actividades\/seguridad-climatica-y-oceanica\/mundus-maris-at-the-fishbase-sealifebase-symposium\/\" aria-label=\"Mundus maris at the FishBase-SeaLifeBase Symposium\">\n\t\t\t\t\t\t\t<img decoding=\"async\" width=\"500\" height=\"330\" src=\"https:\/\/www.mundusmaris.org\/wp-content\/uploads\/2024\/09\/FB-SLB-1.jpg\" class=\"attachment-full size-full wp-post-image\" alt=\"\" srcset=\"https:\/\/www.mundusmaris.org\/wp-content\/uploads\/2024\/09\/FB-SLB-1-200x132.jpg 200w, https:\/\/www.mundusmaris.org\/wp-content\/uploads\/2024\/09\/FB-SLB-1-400x264.jpg 400w, https:\/\/www.mundusmaris.org\/wp-content\/uploads\/2024\/09\/FB-SLB-1.jpg 500w\" sizes=\"(min-width: 2200px) 100vw, (min-width: 784px) 373px, (min-width: 712px) 560px, (min-width: 640px) 712px, \" \/>\t\t\t<\/a>\n\t\t\t\t\t\t\t<\/div>\n<\/div><div class=\"fusion-meta-tb fusion-meta-tb-85 floated\" style=\"--awb-border-top:0px;--awb-height:36px;--awb-alignment-medium:flex-start;--awb-alignment-small:flex-start;\"><span class=\"fusion-tb-published-date\">Published On: 24 de septiembre de 2024<\/span><span class=\"fusion-meta-tb-sep\"><\/span><\/div><div class=\"fusion-title title fusion-title-86 fusion-sep-none fusion-title-text fusion-title-size-four\" style=\"--awb-margin-top:20px;--awb-margin-right:20px;--awb-margin-bottom:20px;--awb-margin-left:20px;--awb-margin-top-small:10px;--awb-margin-right-small:0px;--awb-margin-bottom-small:10px;--awb-margin-left-small:0px;--awb-font-size:24px;\"><h4 class=\"fusion-title-heading title-heading-left\" style=\"font-family:&quot;IBM Plex Sans Condensed&quot;;font-style:normal;font-weight:500;margin:0;font-size:1em;line-height:1.2;\"><a href=\"https:\/\/www.mundusmaris.org\/es\/actividades\/seguridad-climatica-y-oceanica\/mundus-maris-at-the-fishbase-sealifebase-symposium\/\" class=\"awb-custom-text-color awb-custom-text-hover-color\" target=\"_self\">Mundus maris at the FishBase-SeaLifeBase Symposium<\/a><\/h4><\/div><\/div><\/li>\n<li class=\"fusion-layout-column fusion_builder_column fusion-builder-column-87 fusion-flex-column post-card fusion-grid-column fusion-post-cards-grid-column\" style=\"--awb-bg-color:var(--awb-color1);--awb-bg-color-hover:var(--awb-color1);--awb-bg-blend:overlay;--awb-bg-size:cover;--awb-flex-grow:0;--awb-flex-shrink:0;--awb-flex-grow-medium:;--awb-flex-shrink-medium:;--awb-flex-grow-small:;--awb-flex-shrink-small:;\" data-scroll-devices=\"small-visibility,medium-visibility,large-visibility\"><div class=\"fusion-column-wrapper fusion-column-has-shadow fusion-flex-justify-content-space-around fusion-content-layout-column\"><div class=\"fusion-classic-product-image-wrapper fusion-woo-product-image fusion-post-card-image fusion-post-card-image-1 has-aspect-ratio\" data-layout=\"static\" style=\"--awb-aspect-ratio:3 \/ 2;\"><div  class=\"fusion-image-wrapper\" aria-haspopup=\"true\">\n\t\t\t\t\t\t\t<a href=\"https:\/\/www.mundusmaris.org\/es\/actividades\/oceano-saludable-vs-contaminacion\/the-path-to-a-global-treaty-on-plastics-efforts-from-argentinas-coastal-research\/\" aria-label=\"The Path to a Global Treaty on Plastics: Efforts from Argentina\u2019s Coastal Research\">\n\t\t\t\t\t\t\t<img decoding=\"async\" width=\"500\" height=\"333\" src=\"https:\/\/www.mundusmaris.org\/wp-content\/uploads\/2024\/09\/BeachPollution-4914403_SergeiTokmakov_Pixabay.jpg\" class=\"attachment-full size-full wp-post-image\" alt=\"\" srcset=\"https:\/\/www.mundusmaris.org\/wp-content\/uploads\/2024\/09\/BeachPollution-4914403_SergeiTokmakov_Pixabay-200x133.jpg 200w, https:\/\/www.mundusmaris.org\/wp-content\/uploads\/2024\/09\/BeachPollution-4914403_SergeiTokmakov_Pixabay-400x266.jpg 400w, https:\/\/www.mundusmaris.org\/wp-content\/uploads\/2024\/09\/BeachPollution-4914403_SergeiTokmakov_Pixabay.jpg 500w\" sizes=\"(min-width: 2200px) 100vw, (min-width: 784px) 373px, (min-width: 712px) 560px, (min-width: 640px) 712px, \" \/>\t\t\t<\/a>\n\t\t\t\t\t\t\t<\/div>\n<\/div><div class=\"fusion-meta-tb fusion-meta-tb-86 floated\" style=\"--awb-border-top:0px;--awb-height:36px;--awb-alignment-medium:flex-start;--awb-alignment-small:flex-start;\"><span class=\"fusion-tb-published-date\">Published On: 24 de septiembre de 2024<\/span><span class=\"fusion-meta-tb-sep\"><\/span><\/div><div class=\"fusion-title title fusion-title-87 fusion-sep-none fusion-title-text fusion-title-size-four\" style=\"--awb-margin-top:20px;--awb-margin-right:20px;--awb-margin-bottom:20px;--awb-margin-left:20px;--awb-margin-top-small:10px;--awb-margin-right-small:0px;--awb-margin-bottom-small:10px;--awb-margin-left-small:0px;--awb-font-size:24px;\"><h4 class=\"fusion-title-heading title-heading-left\" style=\"font-family:&quot;IBM Plex Sans Condensed&quot;;font-style:normal;font-weight:500;margin:0;font-size:1em;line-height:1.2;\"><a href=\"https:\/\/www.mundusmaris.org\/es\/actividades\/oceano-saludable-vs-contaminacion\/the-path-to-a-global-treaty-on-plastics-efforts-from-argentinas-coastal-research\/\" class=\"awb-custom-text-color awb-custom-text-hover-color\" target=\"_self\">The Path to a Global Treaty on Plastics: Efforts from Argentina\u2019s Coastal Research<\/a><\/h4><\/div><\/div><\/li>\n<li class=\"fusion-layout-column fusion_builder_column fusion-builder-column-88 fusion-flex-column post-card fusion-grid-column fusion-post-cards-grid-column\" style=\"--awb-bg-color:var(--awb-color1);--awb-bg-color-hover:var(--awb-color1);--awb-bg-blend:overlay;--awb-bg-size:cover;--awb-flex-grow:0;--awb-flex-shrink:0;--awb-flex-grow-medium:;--awb-flex-shrink-medium:;--awb-flex-grow-small:;--awb-flex-shrink-small:;\" data-scroll-devices=\"small-visibility,medium-visibility,large-visibility\"><div class=\"fusion-column-wrapper fusion-column-has-shadow fusion-flex-justify-content-space-around fusion-content-layout-column\"><div class=\"fusion-classic-product-image-wrapper fusion-woo-product-image fusion-post-card-image fusion-post-card-image-1 has-aspect-ratio\" data-layout=\"static\" style=\"--awb-aspect-ratio:3 \/ 2;\"><div  class=\"fusion-image-wrapper\" aria-haspopup=\"true\">\n\t\t\t\t\t\t\t<a href=\"https:\/\/www.mundusmaris.org\/es\/alfabetizacion-oceanica-y-divulgacion\/ocean-game-at-the-home-event-in-brussels\/\" aria-label=\"Ocean Game at the HOME event in Brussels\">\n\t\t\t\t\t\t\t<img decoding=\"async\" width=\"500\" height=\"333\" src=\"https:\/\/www.mundusmaris.org\/wp-content\/uploads\/2024\/09\/ThiernoNdiayeOceanGame-HOME1.jpg\" class=\"attachment-full size-full wp-post-image\" alt=\"\" srcset=\"https:\/\/www.mundusmaris.org\/wp-content\/uploads\/2024\/09\/ThiernoNdiayeOceanGame-HOME1-200x133.jpg 200w, https:\/\/www.mundusmaris.org\/wp-content\/uploads\/2024\/09\/ThiernoNdiayeOceanGame-HOME1-400x266.jpg 400w, https:\/\/www.mundusmaris.org\/wp-content\/uploads\/2024\/09\/ThiernoNdiayeOceanGame-HOME1.jpg 500w\" sizes=\"(min-width: 2200px) 100vw, (min-width: 784px) 373px, (min-width: 712px) 560px, (min-width: 640px) 712px, \" \/>\t\t\t<\/a>\n\t\t\t\t\t\t\t<\/div>\n<\/div><div class=\"fusion-meta-tb fusion-meta-tb-87 floated\" style=\"--awb-border-top:0px;--awb-height:36px;--awb-alignment-medium:flex-start;--awb-alignment-small:flex-start;\"><span class=\"fusion-tb-published-date\">Published On: 20 de septiembre de 2024<\/span><span class=\"fusion-meta-tb-sep\"><\/span><\/div><div class=\"fusion-title title fusion-title-88 fusion-sep-none fusion-title-text fusion-title-size-four\" style=\"--awb-margin-top:20px;--awb-margin-right:20px;--awb-margin-bottom:20px;--awb-margin-left:20px;--awb-margin-top-small:10px;--awb-margin-right-small:0px;--awb-margin-bottom-small:10px;--awb-margin-left-small:0px;--awb-font-size:24px;\"><h4 class=\"fusion-title-heading title-heading-left\" style=\"font-family:&quot;IBM Plex Sans Condensed&quot;;font-style:normal;font-weight:500;margin:0;font-size:1em;line-height:1.2;\"><a href=\"https:\/\/www.mundusmaris.org\/es\/alfabetizacion-oceanica-y-divulgacion\/ocean-game-at-the-home-event-in-brussels\/\" class=\"awb-custom-text-color awb-custom-text-hover-color\" target=\"_self\">Ocean Game at the HOME event in Brussels<\/a><\/h4><\/div><\/div><\/li>\n<li class=\"fusion-layout-column fusion_builder_column fusion-builder-column-89 fusion-flex-column post-card fusion-grid-column fusion-post-cards-grid-column\" style=\"--awb-bg-color:var(--awb-color1);--awb-bg-color-hover:var(--awb-color1);--awb-bg-blend:overlay;--awb-bg-size:cover;--awb-flex-grow:0;--awb-flex-shrink:0;--awb-flex-grow-medium:;--awb-flex-shrink-medium:;--awb-flex-grow-small:;--awb-flex-shrink-small:;\" data-scroll-devices=\"small-visibility,medium-visibility,large-visibility\"><div class=\"fusion-column-wrapper fusion-column-has-shadow fusion-flex-justify-content-space-around fusion-content-layout-column\"><div class=\"fusion-classic-product-image-wrapper fusion-woo-product-image fusion-post-card-image fusion-post-card-image-1 has-aspect-ratio\" data-layout=\"static\" style=\"--awb-aspect-ratio:3 \/ 2;\"><div  class=\"fusion-image-wrapper\" aria-haspopup=\"true\">\n\t\t\t\t\t\t\t<a href=\"https:\/\/www.mundusmaris.org\/es\/alfabetizacion-oceanica-y-divulgacion\/role-play-test-at-the-youmares-conference\/\" aria-label=\"Role play test at the YOUMARES Conference\">\n\t\t\t\t\t\t\t<img decoding=\"async\" width=\"500\" height=\"333\" src=\"https:\/\/www.mundusmaris.org\/wp-content\/uploads\/2024\/09\/DenizVuralOpening.jpg\" class=\"attachment-full size-full wp-post-image\" alt=\"\" srcset=\"https:\/\/www.mundusmaris.org\/wp-content\/uploads\/2024\/09\/DenizVuralOpening-200x133.jpg 200w, https:\/\/www.mundusmaris.org\/wp-content\/uploads\/2024\/09\/DenizVuralOpening-400x266.jpg 400w, https:\/\/www.mundusmaris.org\/wp-content\/uploads\/2024\/09\/DenizVuralOpening.jpg 500w\" sizes=\"(min-width: 2200px) 100vw, (min-width: 784px) 373px, (min-width: 712px) 560px, (min-width: 640px) 712px, \" \/>\t\t\t<\/a>\n\t\t\t\t\t\t\t<\/div>\n<\/div><div class=\"fusion-meta-tb fusion-meta-tb-88 floated\" style=\"--awb-border-top:0px;--awb-height:36px;--awb-alignment-medium:flex-start;--awb-alignment-small:flex-start;\"><span class=\"fusion-tb-published-date\">Published On: 19 de septiembre de 2024<\/span><span class=\"fusion-meta-tb-sep\"><\/span><\/div><div class=\"fusion-title title fusion-title-89 fusion-sep-none fusion-title-text fusion-title-size-four\" style=\"--awb-margin-top:20px;--awb-margin-right:20px;--awb-margin-bottom:20px;--awb-margin-left:20px;--awb-margin-top-small:10px;--awb-margin-right-small:0px;--awb-margin-bottom-small:10px;--awb-margin-left-small:0px;--awb-font-size:24px;\"><h4 class=\"fusion-title-heading title-heading-left\" style=\"font-family:&quot;IBM Plex Sans Condensed&quot;;font-style:normal;font-weight:500;margin:0;font-size:1em;line-height:1.2;\"><a href=\"https:\/\/www.mundusmaris.org\/es\/alfabetizacion-oceanica-y-divulgacion\/role-play-test-at-the-youmares-conference\/\" class=\"awb-custom-text-color awb-custom-text-hover-color\" target=\"_self\">Role play test at the YOUMARES Conference<\/a><\/h4><\/div><\/div><\/li>\n<li class=\"fusion-layout-column fusion_builder_column fusion-builder-column-90 fusion-flex-column post-card fusion-grid-column fusion-post-cards-grid-column\" style=\"--awb-bg-color:var(--awb-color1);--awb-bg-color-hover:var(--awb-color1);--awb-bg-blend:overlay;--awb-bg-size:cover;--awb-flex-grow:0;--awb-flex-shrink:0;--awb-flex-grow-medium:;--awb-flex-shrink-medium:;--awb-flex-grow-small:;--awb-flex-shrink-small:;\" data-scroll-devices=\"small-visibility,medium-visibility,large-visibility\"><div class=\"fusion-column-wrapper fusion-column-has-shadow fusion-flex-justify-content-space-around fusion-content-layout-column\"><div class=\"fusion-classic-product-image-wrapper fusion-woo-product-image fusion-post-card-image fusion-post-card-image-1 has-aspect-ratio\" data-layout=\"static\" style=\"--awb-aspect-ratio:3 \/ 2;\"><div  class=\"fusion-image-wrapper\" aria-haspopup=\"true\">\n\t\t\t\t\t\t\t<a href=\"https:\/\/www.mundusmaris.org\/es\/alfabetizacion-oceanica-y-divulgacion\/eco-teens-day-in-brussels\/\" aria-label=\"Eco-Teens Day in Brussels\">\n\t\t\t\t\t\t\t<img decoding=\"async\" width=\"500\" height=\"333\" src=\"https:\/\/www.mundusmaris.org\/wp-content\/uploads\/2024\/09\/Expo.jpg\" class=\"attachment-full size-full wp-post-image\" alt=\"\" srcset=\"https:\/\/www.mundusmaris.org\/wp-content\/uploads\/2024\/09\/Expo-200x133.jpg 200w, https:\/\/www.mundusmaris.org\/wp-content\/uploads\/2024\/09\/Expo-400x266.jpg 400w, https:\/\/www.mundusmaris.org\/wp-content\/uploads\/2024\/09\/Expo.jpg 500w\" sizes=\"(min-width: 2200px) 100vw, (min-width: 784px) 373px, (min-width: 712px) 560px, (min-width: 640px) 712px, \" \/>\t\t\t<\/a>\n\t\t\t\t\t\t\t<\/div>\n<\/div><div class=\"fusion-meta-tb fusion-meta-tb-89 floated\" style=\"--awb-border-top:0px;--awb-height:36px;--awb-alignment-medium:flex-start;--awb-alignment-small:flex-start;\"><span class=\"fusion-tb-published-date\">Published On: 19 de septiembre de 2024<\/span><span class=\"fusion-meta-tb-sep\"><\/span><\/div><div class=\"fusion-title title fusion-title-90 fusion-sep-none fusion-title-text fusion-title-size-four\" style=\"--awb-margin-top:20px;--awb-margin-right:20px;--awb-margin-bottom:20px;--awb-margin-left:20px;--awb-margin-top-small:10px;--awb-margin-right-small:0px;--awb-margin-bottom-small:10px;--awb-margin-left-small:0px;--awb-font-size:24px;\"><h4 class=\"fusion-title-heading title-heading-left\" style=\"font-family:&quot;IBM Plex Sans Condensed&quot;;font-style:normal;font-weight:500;margin:0;font-size:1em;line-height:1.2;\"><a href=\"https:\/\/www.mundusmaris.org\/es\/alfabetizacion-oceanica-y-divulgacion\/eco-teens-day-in-brussels\/\" class=\"awb-custom-text-color awb-custom-text-hover-color\" target=\"_self\">Eco-Teens Day in Brussels<\/a><\/h4><\/div><\/div><\/li>\n<li class=\"fusion-layout-column fusion_builder_column fusion-builder-column-91 fusion-flex-column post-card fusion-grid-column fusion-post-cards-grid-column\" style=\"--awb-bg-color:var(--awb-color1);--awb-bg-color-hover:var(--awb-color1);--awb-bg-blend:overlay;--awb-bg-size:cover;--awb-flex-grow:0;--awb-flex-shrink:0;--awb-flex-grow-medium:;--awb-flex-shrink-medium:;--awb-flex-grow-small:;--awb-flex-shrink-small:;\" data-scroll-devices=\"small-visibility,medium-visibility,large-visibility\"><div class=\"fusion-column-wrapper fusion-column-has-shadow fusion-flex-justify-content-space-around fusion-content-layout-column\"><div class=\"fusion-classic-product-image-wrapper fusion-woo-product-image fusion-post-card-image fusion-post-card-image-1 has-aspect-ratio\" data-layout=\"static\" style=\"--awb-aspect-ratio:3 \/ 2;\"><div  class=\"fusion-image-wrapper\" aria-haspopup=\"true\">\n\t\t\t\t\t\t\t<a href=\"https:\/\/www.mundusmaris.org\/es\/dia-mundial-del-oceano\/wod-2022-es\/world-ocean-day-2022-in-veracruz-mexico\/\" aria-label=\"D\u00eda Mundial del&#8217;Oc\u00e9ano 2022 in Veracruz, M\u00e9xico\">\n\t\t\t\t\t\t\t<img decoding=\"async\" width=\"399\" height=\"317\" src=\"https:\/\/www.mundusmaris.org\/wp-content\/uploads\/2024\/09\/VeracruzPrep01.jpg\" class=\"attachment-full size-full wp-post-image\" alt=\"\" srcset=\"https:\/\/www.mundusmaris.org\/wp-content\/uploads\/2024\/09\/VeracruzPrep01-200x159.jpg 200w, https:\/\/www.mundusmaris.org\/wp-content\/uploads\/2024\/09\/VeracruzPrep01.jpg 399w\" sizes=\"(min-width: 2200px) 100vw, (min-width: 784px) 373px, (min-width: 712px) 560px, (min-width: 640px) 712px, \" \/>\t\t\t<\/a>\n\t\t\t\t\t\t\t<\/div>\n<\/div><div class=\"fusion-meta-tb fusion-meta-tb-90 floated\" style=\"--awb-border-top:0px;--awb-height:36px;--awb-alignment-medium:flex-start;--awb-alignment-small:flex-start;\"><span class=\"fusion-tb-published-date\">Published On: 17 de septiembre de 2024<\/span><span class=\"fusion-meta-tb-sep\"><\/span><\/div><div class=\"fusion-title title fusion-title-91 fusion-sep-none fusion-title-text fusion-title-size-four\" style=\"--awb-margin-top:20px;--awb-margin-right:20px;--awb-margin-bottom:20px;--awb-margin-left:20px;--awb-margin-top-small:10px;--awb-margin-right-small:0px;--awb-margin-bottom-small:10px;--awb-margin-left-small:0px;--awb-font-size:24px;\"><h4 class=\"fusion-title-heading title-heading-left\" style=\"font-family:&quot;IBM Plex Sans Condensed&quot;;font-style:normal;font-weight:500;margin:0;font-size:1em;line-height:1.2;\"><a href=\"https:\/\/www.mundusmaris.org\/es\/dia-mundial-del-oceano\/wod-2022-es\/world-ocean-day-2022-in-veracruz-mexico\/\" class=\"awb-custom-text-color awb-custom-text-hover-color\" target=\"_self\">D\u00eda Mundial del&#8217;Oc\u00e9ano 2022 in Veracruz, M\u00e9xico<\/a><\/h4><\/div><\/div><\/li>\n<li class=\"fusion-layout-column fusion_builder_column fusion-builder-column-92 fusion-flex-column post-card fusion-grid-column fusion-post-cards-grid-column\" style=\"--awb-bg-color:var(--awb-color1);--awb-bg-color-hover:var(--awb-color1);--awb-bg-blend:overlay;--awb-bg-size:cover;--awb-flex-grow:0;--awb-flex-shrink:0;--awb-flex-grow-medium:;--awb-flex-shrink-medium:;--awb-flex-grow-small:;--awb-flex-shrink-small:;\" data-scroll-devices=\"small-visibility,medium-visibility,large-visibility\"><div class=\"fusion-column-wrapper fusion-column-has-shadow fusion-flex-justify-content-space-around fusion-content-layout-column\"><div class=\"fusion-classic-product-image-wrapper fusion-woo-product-image fusion-post-card-image fusion-post-card-image-1 has-aspect-ratio\" data-layout=\"static\" style=\"--awb-aspect-ratio:3 \/ 2;\"><div  class=\"fusion-image-wrapper\" aria-haspopup=\"true\">\n\t\t\t\t\t\t\t<a href=\"https:\/\/www.mundusmaris.org\/es\/dia-mundial-del-oceano\/wod-2022-es\/all-eyes-on-wto-in-hilden-germany-2\/\" aria-label=\"All eyes on WTO in Hilden, Germany\">\n\t\t\t\t\t\t\t<img decoding=\"async\" width=\"400\" height=\"267\" src=\"https:\/\/www.mundusmaris.org\/wp-content\/uploads\/2024\/09\/FinlayInHilden02.jpg\" class=\"attachment-full size-full wp-post-image\" alt=\"\" srcset=\"https:\/\/www.mundusmaris.org\/wp-content\/uploads\/2024\/09\/FinlayInHilden02-200x134.jpg 200w, https:\/\/www.mundusmaris.org\/wp-content\/uploads\/2024\/09\/FinlayInHilden02.jpg 400w\" sizes=\"(min-width: 2200px) 100vw, (min-width: 784px) 373px, (min-width: 712px) 560px, (min-width: 640px) 712px, \" \/>\t\t\t<\/a>\n\t\t\t\t\t\t\t<\/div>\n<\/div><div class=\"fusion-meta-tb fusion-meta-tb-91 floated\" style=\"--awb-border-top:0px;--awb-height:36px;--awb-alignment-medium:flex-start;--awb-alignment-small:flex-start;\"><span class=\"fusion-tb-published-date\">Published On: 17 de septiembre de 2024<\/span><span class=\"fusion-meta-tb-sep\"><\/span><\/div><div class=\"fusion-title title fusion-title-92 fusion-sep-none fusion-title-text fusion-title-size-four\" style=\"--awb-margin-top:20px;--awb-margin-right:20px;--awb-margin-bottom:20px;--awb-margin-left:20px;--awb-margin-top-small:10px;--awb-margin-right-small:0px;--awb-margin-bottom-small:10px;--awb-margin-left-small:0px;--awb-font-size:24px;\"><h4 class=\"fusion-title-heading title-heading-left\" style=\"font-family:&quot;IBM Plex Sans Condensed&quot;;font-style:normal;font-weight:500;margin:0;font-size:1em;line-height:1.2;\"><a href=\"https:\/\/www.mundusmaris.org\/es\/dia-mundial-del-oceano\/wod-2022-es\/all-eyes-on-wto-in-hilden-germany-2\/\" class=\"awb-custom-text-color awb-custom-text-hover-color\" target=\"_self\">All eyes on WTO in Hilden, Germany<\/a><\/h4><\/div><\/div><\/li>\n<li class=\"fusion-layout-column fusion_builder_column fusion-builder-column-93 fusion-flex-column post-card fusion-grid-column fusion-post-cards-grid-column\" style=\"--awb-bg-color:var(--awb-color1);--awb-bg-color-hover:var(--awb-color1);--awb-bg-blend:overlay;--awb-bg-size:cover;--awb-flex-grow:0;--awb-flex-shrink:0;--awb-flex-grow-medium:;--awb-flex-shrink-medium:;--awb-flex-grow-small:;--awb-flex-shrink-small:;\" data-scroll-devices=\"small-visibility,medium-visibility,large-visibility\"><div class=\"fusion-column-wrapper fusion-column-has-shadow fusion-flex-justify-content-space-around fusion-content-layout-column\"><div class=\"fusion-classic-product-image-wrapper fusion-woo-product-image fusion-post-card-image fusion-post-card-image-1 has-aspect-ratio\" data-layout=\"static\" style=\"--awb-aspect-ratio:3 \/ 2;\"><div  class=\"fusion-image-wrapper\" aria-haspopup=\"true\">\n\t\t\t\t\t\t\t<a href=\"https:\/\/www.mundusmaris.org\/es\/dia-mundial-del-oceano\/wod-2022-es\/clean-up-along-creek-in-hilden-germany\/\" aria-label=\"Clean-up along creek in Hilden, Germany\">\n\t\t\t\t\t\t\t<img decoding=\"async\" width=\"800\" height=\"500\" src=\"https:\/\/www.mundusmaris.org\/wp-content\/uploads\/2024\/01\/garbagecoll_800x500.png\" class=\"attachment-full size-full wp-post-image\" alt=\"\" srcset=\"https:\/\/www.mundusmaris.org\/wp-content\/uploads\/2024\/01\/garbagecoll_800x500-200x125.png 200w, https:\/\/www.mundusmaris.org\/wp-content\/uploads\/2024\/01\/garbagecoll_800x500-400x250.png 400w, https:\/\/www.mundusmaris.org\/wp-content\/uploads\/2024\/01\/garbagecoll_800x500-600x375.png 600w, https:\/\/www.mundusmaris.org\/wp-content\/uploads\/2024\/01\/garbagecoll_800x500.png 800w\" sizes=\"(min-width: 2200px) 100vw, (min-width: 784px) 373px, (min-width: 712px) 560px, (min-width: 640px) 712px, \" \/>\t\t\t<\/a>\n\t\t\t\t\t\t\t<\/div>\n<\/div><div class=\"fusion-meta-tb fusion-meta-tb-92 floated\" style=\"--awb-border-top:0px;--awb-height:36px;--awb-alignment-medium:flex-start;--awb-alignment-small:flex-start;\"><span class=\"fusion-tb-published-date\">Published On: 17 de septiembre de 2024<\/span><span class=\"fusion-meta-tb-sep\"><\/span><\/div><div class=\"fusion-title title fusion-title-93 fusion-sep-none fusion-title-text fusion-title-size-four\" style=\"--awb-margin-top:20px;--awb-margin-right:20px;--awb-margin-bottom:20px;--awb-margin-left:20px;--awb-margin-top-small:10px;--awb-margin-right-small:0px;--awb-margin-bottom-small:10px;--awb-margin-left-small:0px;--awb-font-size:24px;\"><h4 class=\"fusion-title-heading title-heading-left\" style=\"font-family:&quot;IBM Plex Sans Condensed&quot;;font-style:normal;font-weight:500;margin:0;font-size:1em;line-height:1.2;\"><a href=\"https:\/\/www.mundusmaris.org\/es\/dia-mundial-del-oceano\/wod-2022-es\/clean-up-along-creek-in-hilden-germany\/\" class=\"awb-custom-text-color awb-custom-text-hover-color\" target=\"_self\">Clean-up along creek in Hilden, Germany<\/a><\/h4><\/div><\/div><\/li>\n<li class=\"fusion-layout-column fusion_builder_column fusion-builder-column-94 fusion-flex-column post-card fusion-grid-column fusion-post-cards-grid-column\" style=\"--awb-bg-color:var(--awb-color1);--awb-bg-color-hover:var(--awb-color1);--awb-bg-blend:overlay;--awb-bg-size:cover;--awb-flex-grow:0;--awb-flex-shrink:0;--awb-flex-grow-medium:;--awb-flex-shrink-medium:;--awb-flex-grow-small:;--awb-flex-shrink-small:;\" data-scroll-devices=\"small-visibility,medium-visibility,large-visibility\"><div class=\"fusion-column-wrapper fusion-column-has-shadow fusion-flex-justify-content-space-around fusion-content-layout-column\"><div class=\"fusion-classic-product-image-wrapper fusion-woo-product-image fusion-post-card-image fusion-post-card-image-1 has-aspect-ratio\" data-layout=\"static\" style=\"--awb-aspect-ratio:3 \/ 2;\"><div  class=\"fusion-image-wrapper\" aria-haspopup=\"true\">\n\t\t\t\t\t\t\t<a href=\"https:\/\/www.mundusmaris.org\/es\/dia-mundial-del-oceano\/wod-2022-es\/world-ocean-week-in-akure-ondo-state-nigeria-2\/\" aria-label=\"World Ocean Week in Akure, Ondo State, Nigeria\">\n\t\t\t\t\t\t\t<img decoding=\"async\" width=\"400\" height=\"299\" src=\"https:\/\/www.mundusmaris.org\/wp-content\/uploads\/2024\/09\/PlasticCreativityCeremony.jpg\" class=\"attachment-full size-full wp-post-image\" alt=\"\" srcset=\"https:\/\/www.mundusmaris.org\/wp-content\/uploads\/2024\/09\/PlasticCreativityCeremony-200x150.jpg 200w, https:\/\/www.mundusmaris.org\/wp-content\/uploads\/2024\/09\/PlasticCreativityCeremony.jpg 400w\" sizes=\"(min-width: 2200px) 100vw, (min-width: 784px) 373px, (min-width: 712px) 560px, (min-width: 640px) 712px, \" \/>\t\t\t<\/a>\n\t\t\t\t\t\t\t<\/div>\n<\/div><div class=\"fusion-meta-tb fusion-meta-tb-93 floated\" style=\"--awb-border-top:0px;--awb-height:36px;--awb-alignment-medium:flex-start;--awb-alignment-small:flex-start;\"><span class=\"fusion-tb-published-date\">Published On: 17 de septiembre de 2024<\/span><span class=\"fusion-meta-tb-sep\"><\/span><\/div><div class=\"fusion-title title fusion-title-94 fusion-sep-none fusion-title-text fusion-title-size-four\" style=\"--awb-margin-top:20px;--awb-margin-right:20px;--awb-margin-bottom:20px;--awb-margin-left:20px;--awb-margin-top-small:10px;--awb-margin-right-small:0px;--awb-margin-bottom-small:10px;--awb-margin-left-small:0px;--awb-font-size:24px;\"><h4 class=\"fusion-title-heading title-heading-left\" style=\"font-family:&quot;IBM Plex Sans Condensed&quot;;font-style:normal;font-weight:500;margin:0;font-size:1em;line-height:1.2;\"><a href=\"https:\/\/www.mundusmaris.org\/es\/dia-mundial-del-oceano\/wod-2022-es\/world-ocean-week-in-akure-ondo-state-nigeria-2\/\" class=\"awb-custom-text-color awb-custom-text-hover-color\" target=\"_self\">World Ocean Week in Akure, Ondo State, Nigeria<\/a><\/h4><\/div><\/div><\/li>\n<li class=\"fusion-layout-column fusion_builder_column fusion-builder-column-95 fusion-flex-column post-card fusion-grid-column fusion-post-cards-grid-column\" style=\"--awb-bg-color:var(--awb-color1);--awb-bg-color-hover:var(--awb-color1);--awb-bg-blend:overlay;--awb-bg-size:cover;--awb-flex-grow:0;--awb-flex-shrink:0;--awb-flex-grow-medium:;--awb-flex-shrink-medium:;--awb-flex-grow-small:;--awb-flex-shrink-small:;\" data-scroll-devices=\"small-visibility,medium-visibility,large-visibility\"><div class=\"fusion-column-wrapper fusion-column-has-shadow fusion-flex-justify-content-space-around fusion-content-layout-column\"><div class=\"fusion-classic-product-image-wrapper fusion-woo-product-image fusion-post-card-image fusion-post-card-image-1 has-aspect-ratio\" data-layout=\"static\" style=\"--awb-aspect-ratio:3 \/ 2;\"><div  class=\"fusion-image-wrapper\" aria-haspopup=\"true\">\n\t\t\t\t\t\t\t<a href=\"https:\/\/www.mundusmaris.org\/es\/dia-mundial-del-oceano\/wod-2022-es\/webinar-in-lagos-for-world-ocean-day-2022\/\" aria-label=\"Webinar in Lagos for World Ocean Day 2022\">\n\t\t\t\t\t\t\t<img decoding=\"async\" width=\"1080\" height=\"1080\" src=\"https:\/\/www.mundusmaris.org\/wp-content\/uploads\/2024\/09\/IMG-20220608-WA0026.jpg\" class=\"attachment-full size-full wp-post-image\" alt=\"\" srcset=\"https:\/\/www.mundusmaris.org\/wp-content\/uploads\/2024\/09\/IMG-20220608-WA0026-200x200.jpg 200w, https:\/\/www.mundusmaris.org\/wp-content\/uploads\/2024\/09\/IMG-20220608-WA0026-400x400.jpg 400w, https:\/\/www.mundusmaris.org\/wp-content\/uploads\/2024\/09\/IMG-20220608-WA0026-600x600.jpg 600w, https:\/\/www.mundusmaris.org\/wp-content\/uploads\/2024\/09\/IMG-20220608-WA0026-800x800.jpg 800w, https:\/\/www.mundusmaris.org\/wp-content\/uploads\/2024\/09\/IMG-20220608-WA0026.jpg 1080w\" sizes=\"(min-width: 2200px) 100vw, (min-width: 784px) 373px, (min-width: 712px) 560px, (min-width: 640px) 712px, \" \/>\t\t\t<\/a>\n\t\t\t\t\t\t\t<\/div>\n<\/div><div class=\"fusion-meta-tb fusion-meta-tb-94 floated\" style=\"--awb-border-top:0px;--awb-height:36px;--awb-alignment-medium:flex-start;--awb-alignment-small:flex-start;\"><span class=\"fusion-tb-published-date\">Published On: 17 de septiembre de 2024<\/span><span class=\"fusion-meta-tb-sep\"><\/span><\/div><div class=\"fusion-title title fusion-title-95 fusion-sep-none fusion-title-text fusion-title-size-four\" style=\"--awb-margin-top:20px;--awb-margin-right:20px;--awb-margin-bottom:20px;--awb-margin-left:20px;--awb-margin-top-small:10px;--awb-margin-right-small:0px;--awb-margin-bottom-small:10px;--awb-margin-left-small:0px;--awb-font-size:24px;\"><h4 class=\"fusion-title-heading title-heading-left\" style=\"font-family:&quot;IBM Plex Sans Condensed&quot;;font-style:normal;font-weight:500;margin:0;font-size:1em;line-height:1.2;\"><a href=\"https:\/\/www.mundusmaris.org\/es\/dia-mundial-del-oceano\/wod-2022-es\/webinar-in-lagos-for-world-ocean-day-2022\/\" class=\"awb-custom-text-color awb-custom-text-hover-color\" target=\"_self\">Webinar in Lagos for World Ocean Day 2022<\/a><\/h4><\/div><\/div><\/li>\n<li class=\"fusion-layout-column fusion_builder_column fusion-builder-column-96 fusion-flex-column post-card fusion-grid-column fusion-post-cards-grid-column\" style=\"--awb-bg-color:var(--awb-color1);--awb-bg-color-hover:var(--awb-color1);--awb-bg-blend:overlay;--awb-bg-size:cover;--awb-flex-grow:0;--awb-flex-shrink:0;--awb-flex-grow-medium:;--awb-flex-shrink-medium:;--awb-flex-grow-small:;--awb-flex-shrink-small:;\" data-scroll-devices=\"small-visibility,medium-visibility,large-visibility\"><div class=\"fusion-column-wrapper fusion-column-has-shadow fusion-flex-justify-content-space-around fusion-content-layout-column\"><div class=\"fusion-classic-product-image-wrapper fusion-woo-product-image fusion-post-card-image fusion-post-card-image-1 has-aspect-ratio\" data-layout=\"static\" style=\"--awb-aspect-ratio:3 \/ 2;\"><div  class=\"fusion-image-wrapper\" aria-haspopup=\"true\">\n\t\t\t\t\t\t\t<a href=\"https:\/\/www.mundusmaris.org\/es\/dia-mundial-del-oceano\/wod-2022-es\/world-ocean-day-in-kribi-cameroon\/\" aria-label=\"World Ocean Day in Kribi, Cameroon\">\n\t\t\t\t\t\t\t<img decoding=\"async\" width=\"735\" height=\"339\" src=\"https:\/\/www.mundusmaris.org\/wp-content\/uploads\/2024\/09\/KidsWithMM-Bags.jpg\" class=\"attachment-full size-full wp-post-image\" alt=\"\" srcset=\"https:\/\/www.mundusmaris.org\/wp-content\/uploads\/2024\/09\/KidsWithMM-Bags-200x92.jpg 200w, https:\/\/www.mundusmaris.org\/wp-content\/uploads\/2024\/09\/KidsWithMM-Bags-400x184.jpg 400w, https:\/\/www.mundusmaris.org\/wp-content\/uploads\/2024\/09\/KidsWithMM-Bags-600x277.jpg 600w, https:\/\/www.mundusmaris.org\/wp-content\/uploads\/2024\/09\/KidsWithMM-Bags.jpg 735w\" sizes=\"(min-width: 2200px) 100vw, (min-width: 784px) 373px, (min-width: 712px) 560px, (min-width: 640px) 712px, \" \/>\t\t\t<\/a>\n\t\t\t\t\t\t\t<\/div>\n<\/div><div class=\"fusion-meta-tb fusion-meta-tb-95 floated\" style=\"--awb-border-top:0px;--awb-height:36px;--awb-alignment-medium:flex-start;--awb-alignment-small:flex-start;\"><span class=\"fusion-tb-published-date\">Published On: 17 de septiembre de 2024<\/span><span class=\"fusion-meta-tb-sep\"><\/span><\/div><div class=\"fusion-title title fusion-title-96 fusion-sep-none fusion-title-text fusion-title-size-four\" style=\"--awb-margin-top:20px;--awb-margin-right:20px;--awb-margin-bottom:20px;--awb-margin-left:20px;--awb-margin-top-small:10px;--awb-margin-right-small:0px;--awb-margin-bottom-small:10px;--awb-margin-left-small:0px;--awb-font-size:24px;\"><h4 class=\"fusion-title-heading title-heading-left\" style=\"font-family:&quot;IBM Plex Sans Condensed&quot;;font-style:normal;font-weight:500;margin:0;font-size:1em;line-height:1.2;\"><a href=\"https:\/\/www.mundusmaris.org\/es\/dia-mundial-del-oceano\/wod-2022-es\/world-ocean-day-in-kribi-cameroon\/\" class=\"awb-custom-text-color awb-custom-text-hover-color\" target=\"_self\">World Ocean Day in Kribi, Cameroon<\/a><\/h4><\/div><\/div><\/li>\n<li class=\"fusion-layout-column fusion_builder_column fusion-builder-column-97 fusion-flex-column post-card fusion-grid-column fusion-post-cards-grid-column\" style=\"--awb-bg-color:var(--awb-color1);--awb-bg-color-hover:var(--awb-color1);--awb-bg-blend:overlay;--awb-bg-size:cover;--awb-flex-grow:0;--awb-flex-shrink:0;--awb-flex-grow-medium:;--awb-flex-shrink-medium:;--awb-flex-grow-small:;--awb-flex-shrink-small:;\" data-scroll-devices=\"small-visibility,medium-visibility,large-visibility\"><div class=\"fusion-column-wrapper fusion-column-has-shadow fusion-flex-justify-content-space-around fusion-content-layout-column\"><div class=\"fusion-classic-product-image-wrapper fusion-woo-product-image fusion-post-card-image fusion-post-card-image-1 has-aspect-ratio\" data-layout=\"static\" style=\"--awb-aspect-ratio:3 \/ 2;\"><div  class=\"fusion-image-wrapper\" aria-haspopup=\"true\">\n\t\t\t\t\t\t\t<a href=\"https:\/\/www.mundusmaris.org\/es\/dia-mundial-del-oceano\/wod-2022-es\/from-puerto-piramides-argentina-to-the-world\/\" aria-label=\"From Puerto Piramides, Argentina, to the World\">\n\t\t\t\t\t\t\t<img decoding=\"async\" width=\"735\" height=\"415\" src=\"https:\/\/www.mundusmaris.org\/wp-content\/uploads\/2024\/09\/PiramideJMO2022.jpg\" class=\"attachment-full size-full wp-post-image\" alt=\"\" srcset=\"https:\/\/www.mundusmaris.org\/wp-content\/uploads\/2024\/09\/PiramideJMO2022-200x113.jpg 200w, https:\/\/www.mundusmaris.org\/wp-content\/uploads\/2024\/09\/PiramideJMO2022-400x226.jpg 400w, https:\/\/www.mundusmaris.org\/wp-content\/uploads\/2024\/09\/PiramideJMO2022-600x339.jpg 600w, https:\/\/www.mundusmaris.org\/wp-content\/uploads\/2024\/09\/PiramideJMO2022.jpg 735w\" sizes=\"(min-width: 2200px) 100vw, (min-width: 784px) 373px, (min-width: 712px) 560px, (min-width: 640px) 712px, \" \/>\t\t\t<\/a>\n\t\t\t\t\t\t\t<\/div>\n<\/div><div class=\"fusion-meta-tb fusion-meta-tb-96 floated\" style=\"--awb-border-top:0px;--awb-height:36px;--awb-alignment-medium:flex-start;--awb-alignment-small:flex-start;\"><span class=\"fusion-tb-published-date\">Published On: 17 de septiembre de 2024<\/span><span class=\"fusion-meta-tb-sep\"><\/span><\/div><div class=\"fusion-title title fusion-title-97 fusion-sep-none fusion-title-text fusion-title-size-four\" style=\"--awb-margin-top:20px;--awb-margin-right:20px;--awb-margin-bottom:20px;--awb-margin-left:20px;--awb-margin-top-small:10px;--awb-margin-right-small:0px;--awb-margin-bottom-small:10px;--awb-margin-left-small:0px;--awb-font-size:24px;\"><h4 class=\"fusion-title-heading title-heading-left\" style=\"font-family:&quot;IBM Plex Sans Condensed&quot;;font-style:normal;font-weight:500;margin:0;font-size:1em;line-height:1.2;\"><a href=\"https:\/\/www.mundusmaris.org\/es\/dia-mundial-del-oceano\/wod-2022-es\/from-puerto-piramides-argentina-to-the-world\/\" class=\"awb-custom-text-color awb-custom-text-hover-color\" target=\"_self\">From Puerto Piramides, Argentina, to the World<\/a><\/h4><\/div><\/div><\/li>\n<li class=\"fusion-layout-column fusion_builder_column fusion-builder-column-98 fusion-flex-column post-card fusion-grid-column fusion-post-cards-grid-column\" style=\"--awb-bg-color:var(--awb-color1);--awb-bg-color-hover:var(--awb-color1);--awb-bg-blend:overlay;--awb-bg-size:cover;--awb-flex-grow:0;--awb-flex-shrink:0;--awb-flex-grow-medium:;--awb-flex-shrink-medium:;--awb-flex-grow-small:;--awb-flex-shrink-small:;\" data-scroll-devices=\"small-visibility,medium-visibility,large-visibility\"><div class=\"fusion-column-wrapper fusion-column-has-shadow fusion-flex-justify-content-space-around fusion-content-layout-column\"><div class=\"fusion-classic-product-image-wrapper fusion-woo-product-image fusion-post-card-image fusion-post-card-image-1 has-aspect-ratio\" data-layout=\"static\" style=\"--awb-aspect-ratio:3 \/ 2;\"><div  class=\"fusion-image-wrapper\" aria-haspopup=\"true\">\n\t\t\t\t\t\t\t<a href=\"https:\/\/www.mundusmaris.org\/es\/dia-mundial-del-oceano\/wod-2022-es\/beach-clean-up-by-the-soccer-schools-in-hann-senegal\/\" aria-label=\"Beach clean-up by the soccer schools in Hann, Senegal\">\n\t\t\t\t\t\t\t<img decoding=\"async\" width=\"400\" height=\"300\" src=\"https:\/\/www.mundusmaris.org\/wp-content\/uploads\/2024\/09\/BeachCleaningHannSoccerSchools01.jpg\" class=\"attachment-full size-full wp-post-image\" alt=\"\" srcset=\"https:\/\/www.mundusmaris.org\/wp-content\/uploads\/2024\/09\/BeachCleaningHannSoccerSchools01-200x150.jpg 200w, https:\/\/www.mundusmaris.org\/wp-content\/uploads\/2024\/09\/BeachCleaningHannSoccerSchools01.jpg 400w\" sizes=\"(min-width: 2200px) 100vw, (min-width: 784px) 373px, (min-width: 712px) 560px, (min-width: 640px) 712px, \" \/>\t\t\t<\/a>\n\t\t\t\t\t\t\t<\/div>\n<\/div><div class=\"fusion-meta-tb fusion-meta-tb-97 floated\" style=\"--awb-border-top:0px;--awb-height:36px;--awb-alignment-medium:flex-start;--awb-alignment-small:flex-start;\"><span class=\"fusion-tb-published-date\">Published On: 17 de septiembre de 2024<\/span><span class=\"fusion-meta-tb-sep\"><\/span><\/div><div class=\"fusion-title title fusion-title-98 fusion-sep-none fusion-title-text fusion-title-size-four\" style=\"--awb-margin-top:20px;--awb-margin-right:20px;--awb-margin-bottom:20px;--awb-margin-left:20px;--awb-margin-top-small:10px;--awb-margin-right-small:0px;--awb-margin-bottom-small:10px;--awb-margin-left-small:0px;--awb-font-size:24px;\"><h4 class=\"fusion-title-heading title-heading-left\" style=\"font-family:&quot;IBM Plex Sans Condensed&quot;;font-style:normal;font-weight:500;margin:0;font-size:1em;line-height:1.2;\"><a href=\"https:\/\/www.mundusmaris.org\/es\/dia-mundial-del-oceano\/wod-2022-es\/beach-clean-up-by-the-soccer-schools-in-hann-senegal\/\" class=\"awb-custom-text-color awb-custom-text-hover-color\" target=\"_self\">Beach clean-up by the soccer schools in Hann, Senegal<\/a><\/h4><\/div><\/div><\/li>\n<li class=\"fusion-layout-column fusion_builder_column fusion-builder-column-99 fusion-flex-column post-card fusion-grid-column fusion-post-cards-grid-column\" style=\"--awb-bg-color:var(--awb-color1);--awb-bg-color-hover:var(--awb-color1);--awb-bg-blend:overlay;--awb-bg-size:cover;--awb-flex-grow:0;--awb-flex-shrink:0;--awb-flex-grow-medium:;--awb-flex-shrink-medium:;--awb-flex-grow-small:;--awb-flex-shrink-small:;\" data-scroll-devices=\"small-visibility,medium-visibility,large-visibility\"><div class=\"fusion-column-wrapper fusion-column-has-shadow fusion-flex-justify-content-space-around fusion-content-layout-column\"><div class=\"fusion-classic-product-image-wrapper fusion-woo-product-image fusion-post-card-image fusion-post-card-image-1 has-aspect-ratio\" data-layout=\"static\" style=\"--awb-aspect-ratio:3 \/ 2;\"><div  class=\"fusion-image-wrapper\" aria-haspopup=\"true\">\n\t\t\t\t\t\t\t<a href=\"https:\/\/www.mundusmaris.org\/es\/dia-mundial-del-oceano\/wod-2022-es\/vi-webinar-world-ocean-day-mundus-maris-university-of-belgrano-2022\/\" aria-label=\"VI Webinar World Ocean Day &#8211; Mundus maris\/University of Belgrano &#8211; 2022\">\n\t\t\t\t\t\t\t<img decoding=\"async\" width=\"400\" height=\"219\" src=\"https:\/\/www.mundusmaris.org\/wp-content\/uploads\/2024\/09\/WebinarParticipantsOnSite.jpg\" class=\"attachment-full size-full wp-post-image\" alt=\"\" srcset=\"https:\/\/www.mundusmaris.org\/wp-content\/uploads\/2024\/09\/WebinarParticipantsOnSite-200x110.jpg 200w, https:\/\/www.mundusmaris.org\/wp-content\/uploads\/2024\/09\/WebinarParticipantsOnSite.jpg 400w\" sizes=\"(min-width: 2200px) 100vw, (min-width: 784px) 373px, (min-width: 712px) 560px, (min-width: 640px) 712px, \" \/>\t\t\t<\/a>\n\t\t\t\t\t\t\t<\/div>\n<\/div><div class=\"fusion-meta-tb fusion-meta-tb-98 floated\" style=\"--awb-border-top:0px;--awb-height:36px;--awb-alignment-medium:flex-start;--awb-alignment-small:flex-start;\"><span class=\"fusion-tb-published-date\">Published On: 17 de septiembre de 2024<\/span><span class=\"fusion-meta-tb-sep\"><\/span><\/div><div class=\"fusion-title title fusion-title-99 fusion-sep-none fusion-title-text fusion-title-size-four\" style=\"--awb-margin-top:20px;--awb-margin-right:20px;--awb-margin-bottom:20px;--awb-margin-left:20px;--awb-margin-top-small:10px;--awb-margin-right-small:0px;--awb-margin-bottom-small:10px;--awb-margin-left-small:0px;--awb-font-size:24px;\"><h4 class=\"fusion-title-heading title-heading-left\" style=\"font-family:&quot;IBM Plex Sans Condensed&quot;;font-style:normal;font-weight:500;margin:0;font-size:1em;line-height:1.2;\"><a href=\"https:\/\/www.mundusmaris.org\/es\/dia-mundial-del-oceano\/wod-2022-es\/vi-webinar-world-ocean-day-mundus-maris-university-of-belgrano-2022\/\" class=\"awb-custom-text-color awb-custom-text-hover-color\" target=\"_self\">VI Webinar World Ocean Day &#8211; Mundus maris\/University of Belgrano &#8211; 2022<\/a><\/h4><\/div><\/div><\/li>\n<li class=\"fusion-layout-column fusion_builder_column fusion-builder-column-100 fusion-flex-column post-card fusion-grid-column fusion-post-cards-grid-column\" style=\"--awb-bg-color:var(--awb-color1);--awb-bg-color-hover:var(--awb-color1);--awb-bg-blend:overlay;--awb-bg-size:cover;--awb-flex-grow:0;--awb-flex-shrink:0;--awb-flex-grow-medium:;--awb-flex-shrink-medium:;--awb-flex-grow-small:;--awb-flex-shrink-small:;\" data-scroll-devices=\"small-visibility,medium-visibility,large-visibility\"><div class=\"fusion-column-wrapper fusion-column-has-shadow fusion-flex-justify-content-space-around fusion-content-layout-column\"><div class=\"fusion-classic-product-image-wrapper fusion-woo-product-image fusion-post-card-image fusion-post-card-image-1 has-aspect-ratio\" data-layout=\"static\" style=\"--awb-aspect-ratio:3 \/ 2;\"><div  class=\"fusion-image-wrapper\" aria-haspopup=\"true\">\n\t\t\t\t\t\t\t<a href=\"https:\/\/www.mundusmaris.org\/es\/dia-mundial-del-oceano\/wod-2022-es\/world-ocean-day-at-the-kawabata-yasunari-primary-school-in-hann-senegal\/\" aria-label=\"World Ocean Day at the Kawabata Yasunari Primary School in Hann, Senegal\">\n\t\t\t\t\t\t\t<img decoding=\"async\" width=\"400\" height=\"400\" src=\"https:\/\/www.mundusmaris.org\/wp-content\/uploads\/2024\/09\/Kawabata_NettoyageCour.jpg\" class=\"attachment-full size-full wp-post-image\" alt=\"\" srcset=\"https:\/\/www.mundusmaris.org\/wp-content\/uploads\/2024\/09\/Kawabata_NettoyageCour-200x200.jpg 200w, https:\/\/www.mundusmaris.org\/wp-content\/uploads\/2024\/09\/Kawabata_NettoyageCour.jpg 400w\" sizes=\"(min-width: 2200px) 100vw, (min-width: 784px) 373px, (min-width: 712px) 560px, (min-width: 640px) 712px, \" \/>\t\t\t<\/a>\n\t\t\t\t\t\t\t<\/div>\n<\/div><div class=\"fusion-meta-tb fusion-meta-tb-99 floated\" style=\"--awb-border-top:0px;--awb-height:36px;--awb-alignment-medium:flex-start;--awb-alignment-small:flex-start;\"><span class=\"fusion-tb-published-date\">Published On: 17 de septiembre de 2024<\/span><span class=\"fusion-meta-tb-sep\"><\/span><\/div><div class=\"fusion-title title fusion-title-100 fusion-sep-none fusion-title-text fusion-title-size-four\" style=\"--awb-margin-top:20px;--awb-margin-right:20px;--awb-margin-bottom:20px;--awb-margin-left:20px;--awb-margin-top-small:10px;--awb-margin-right-small:0px;--awb-margin-bottom-small:10px;--awb-margin-left-small:0px;--awb-font-size:24px;\"><h4 class=\"fusion-title-heading title-heading-left\" style=\"font-family:&quot;IBM Plex Sans Condensed&quot;;font-style:normal;font-weight:500;margin:0;font-size:1em;line-height:1.2;\"><a href=\"https:\/\/www.mundusmaris.org\/es\/dia-mundial-del-oceano\/wod-2022-es\/world-ocean-day-at-the-kawabata-yasunari-primary-school-in-hann-senegal\/\" class=\"awb-custom-text-color awb-custom-text-hover-color\" target=\"_self\">World Ocean Day at the Kawabata Yasunari Primary School in Hann, Senegal<\/a><\/h4><\/div><\/div><\/li>\n<li class=\"fusion-layout-column fusion_builder_column fusion-builder-column-101 fusion-flex-column post-card fusion-grid-column fusion-post-cards-grid-column\" style=\"--awb-bg-color:var(--awb-color1);--awb-bg-color-hover:var(--awb-color1);--awb-bg-blend:overlay;--awb-bg-size:cover;--awb-flex-grow:0;--awb-flex-shrink:0;--awb-flex-grow-medium:;--awb-flex-shrink-medium:;--awb-flex-grow-small:;--awb-flex-shrink-small:;\" data-scroll-devices=\"small-visibility,medium-visibility,large-visibility\"><div class=\"fusion-column-wrapper fusion-column-has-shadow fusion-flex-justify-content-space-around fusion-content-layout-column\"><div class=\"fusion-classic-product-image-wrapper fusion-woo-product-image fusion-post-card-image fusion-post-card-image-1 has-aspect-ratio\" data-layout=\"static\" style=\"--awb-aspect-ratio:3 \/ 2;\"><div  class=\"fusion-image-wrapper\" aria-haspopup=\"true\">\n\t\t\t\t\t\t\t<a href=\"https:\/\/www.mundusmaris.org\/es\/dia-mundial-del-oceano\/wod-2022-es\/soccer-tournament-in-hann-for-world-ocean-day-2022\/\" aria-label=\"Soccer tournament in Hann for World Ocean Day 2022\">\n\t\t\t\t\t\t\t<img decoding=\"async\" width=\"400\" height=\"300\" src=\"https:\/\/www.mundusmaris.org\/wp-content\/uploads\/2024\/09\/Prizes.jpg\" class=\"attachment-full size-full wp-post-image\" alt=\"\" srcset=\"https:\/\/www.mundusmaris.org\/wp-content\/uploads\/2024\/09\/Prizes-200x150.jpg 200w, https:\/\/www.mundusmaris.org\/wp-content\/uploads\/2024\/09\/Prizes.jpg 400w\" sizes=\"(min-width: 2200px) 100vw, (min-width: 784px) 373px, (min-width: 712px) 560px, (min-width: 640px) 712px, \" \/>\t\t\t<\/a>\n\t\t\t\t\t\t\t<\/div>\n<\/div><div class=\"fusion-meta-tb fusion-meta-tb-100 floated\" style=\"--awb-border-top:0px;--awb-height:36px;--awb-alignment-medium:flex-start;--awb-alignment-small:flex-start;\"><span class=\"fusion-tb-published-date\">Published On: 17 de septiembre de 2024<\/span><span class=\"fusion-meta-tb-sep\"><\/span><\/div><div class=\"fusion-title title fusion-title-101 fusion-sep-none fusion-title-text fusion-title-size-four\" style=\"--awb-margin-top:20px;--awb-margin-right:20px;--awb-margin-bottom:20px;--awb-margin-left:20px;--awb-margin-top-small:10px;--awb-margin-right-small:0px;--awb-margin-bottom-small:10px;--awb-margin-left-small:0px;--awb-font-size:24px;\"><h4 class=\"fusion-title-heading title-heading-left\" style=\"font-family:&quot;IBM Plex Sans Condensed&quot;;font-style:normal;font-weight:500;margin:0;font-size:1em;line-height:1.2;\"><a href=\"https:\/\/www.mundusmaris.org\/es\/dia-mundial-del-oceano\/wod-2022-es\/soccer-tournament-in-hann-for-world-ocean-day-2022\/\" class=\"awb-custom-text-color awb-custom-text-hover-color\" target=\"_self\">Soccer tournament in Hann for World Ocean Day 2022<\/a><\/h4><\/div><\/div><\/li>\n<li class=\"fusion-layout-column fusion_builder_column fusion-builder-column-102 fusion-flex-column post-card fusion-grid-column fusion-post-cards-grid-column\" style=\"--awb-bg-color:var(--awb-color1);--awb-bg-color-hover:var(--awb-color1);--awb-bg-blend:overlay;--awb-bg-size:cover;--awb-flex-grow:0;--awb-flex-shrink:0;--awb-flex-grow-medium:;--awb-flex-shrink-medium:;--awb-flex-grow-small:;--awb-flex-shrink-small:;\" data-scroll-devices=\"small-visibility,medium-visibility,large-visibility\"><div class=\"fusion-column-wrapper fusion-column-has-shadow fusion-flex-justify-content-space-around fusion-content-layout-column\"><div class=\"fusion-classic-product-image-wrapper fusion-woo-product-image fusion-post-card-image fusion-post-card-image-1 has-aspect-ratio\" data-layout=\"static\" style=\"--awb-aspect-ratio:3 \/ 2;\"><div  class=\"fusion-image-wrapper\" aria-haspopup=\"true\">\n\t\t\t\t\t\t\t<a href=\"https:\/\/www.mundusmaris.org\/es\/dia-mundial-del-oceano\/wod-2022-es\/a-concert-for-peace-and-the-ocean-louvain-belgium\/\" aria-label=\"A concert for peace and the ocean, Louvain, Belgium\">\n\t\t\t\t\t\t\t<img decoding=\"async\" width=\"735\" height=\"551\" src=\"https:\/\/www.mundusmaris.org\/wp-content\/uploads\/2024\/09\/ConcertOceanKruidtuin20220622.jpg\" class=\"attachment-full size-full wp-post-image\" alt=\"\" srcset=\"https:\/\/www.mundusmaris.org\/wp-content\/uploads\/2024\/09\/ConcertOceanKruidtuin20220622-200x150.jpg 200w, https:\/\/www.mundusmaris.org\/wp-content\/uploads\/2024\/09\/ConcertOceanKruidtuin20220622-400x300.jpg 400w, https:\/\/www.mundusmaris.org\/wp-content\/uploads\/2024\/09\/ConcertOceanKruidtuin20220622-600x450.jpg 600w, https:\/\/www.mundusmaris.org\/wp-content\/uploads\/2024\/09\/ConcertOceanKruidtuin20220622.jpg 735w\" sizes=\"(min-width: 2200px) 100vw, (min-width: 784px) 373px, (min-width: 712px) 560px, (min-width: 640px) 712px, \" \/>\t\t\t<\/a>\n\t\t\t\t\t\t\t<\/div>\n<\/div><div class=\"fusion-meta-tb fusion-meta-tb-101 floated\" style=\"--awb-border-top:0px;--awb-height:36px;--awb-alignment-medium:flex-start;--awb-alignment-small:flex-start;\"><span class=\"fusion-tb-published-date\">Published On: 17 de septiembre de 2024<\/span><span class=\"fusion-meta-tb-sep\"><\/span><\/div><div class=\"fusion-title title fusion-title-102 fusion-sep-none fusion-title-text fusion-title-size-four\" style=\"--awb-margin-top:20px;--awb-margin-right:20px;--awb-margin-bottom:20px;--awb-margin-left:20px;--awb-margin-top-small:10px;--awb-margin-right-small:0px;--awb-margin-bottom-small:10px;--awb-margin-left-small:0px;--awb-font-size:24px;\"><h4 class=\"fusion-title-heading title-heading-left\" style=\"font-family:&quot;IBM Plex Sans Condensed&quot;;font-style:normal;font-weight:500;margin:0;font-size:1em;line-height:1.2;\"><a href=\"https:\/\/www.mundusmaris.org\/es\/dia-mundial-del-oceano\/wod-2022-es\/a-concert-for-peace-and-the-ocean-louvain-belgium\/\" class=\"awb-custom-text-color awb-custom-text-hover-color\" target=\"_self\">A concert for peace and the ocean, Louvain, Belgium<\/a><\/h4><\/div><\/div><\/li>\n<li class=\"fusion-layout-column fusion_builder_column fusion-builder-column-103 fusion-flex-column post-card fusion-grid-column fusion-post-cards-grid-column\" style=\"--awb-bg-color:var(--awb-color1);--awb-bg-color-hover:var(--awb-color1);--awb-bg-blend:overlay;--awb-bg-size:cover;--awb-flex-grow:0;--awb-flex-shrink:0;--awb-flex-grow-medium:;--awb-flex-shrink-medium:;--awb-flex-grow-small:;--awb-flex-shrink-small:;\" data-scroll-devices=\"small-visibility,medium-visibility,large-visibility\"><div class=\"fusion-column-wrapper fusion-column-has-shadow fusion-flex-justify-content-space-around fusion-content-layout-column\"><div class=\"fusion-classic-product-image-wrapper fusion-woo-product-image fusion-post-card-image fusion-post-card-image-1 has-aspect-ratio\" data-layout=\"static\" style=\"--awb-aspect-ratio:3 \/ 2;\"><div  class=\"fusion-image-wrapper\" aria-haspopup=\"true\">\n\t\t\t\t\t\t\t<a href=\"https:\/\/www.mundusmaris.org\/es\/academia-de-pesca-en-pequena-escala\/mundus-maris-contribution-to-the-unoc3-public-consultation\/\" aria-label=\"Mundus maris contribution to the UNOC3 public consultation\">\n\t\t\t\t\t\t\t<img decoding=\"async\" width=\"400\" height=\"263\" src=\"https:\/\/www.mundusmaris.org\/wp-content\/uploads\/2024\/09\/JellyFish.jpg\" class=\"attachment-full size-full wp-post-image\" alt=\"\" srcset=\"https:\/\/www.mundusmaris.org\/wp-content\/uploads\/2024\/09\/JellyFish-200x132.jpg 200w, https:\/\/www.mundusmaris.org\/wp-content\/uploads\/2024\/09\/JellyFish.jpg 400w\" sizes=\"(min-width: 2200px) 100vw, (min-width: 784px) 373px, (min-width: 712px) 560px, (min-width: 640px) 712px, \" \/>\t\t\t<\/a>\n\t\t\t\t\t\t\t<\/div>\n<\/div><div class=\"fusion-meta-tb fusion-meta-tb-102 floated\" style=\"--awb-border-top:0px;--awb-height:36px;--awb-alignment-medium:flex-start;--awb-alignment-small:flex-start;\"><span class=\"fusion-tb-published-date\">Published On: 29 de agosto de 2024<\/span><span class=\"fusion-meta-tb-sep\"><\/span><\/div><div class=\"fusion-title title fusion-title-103 fusion-sep-none fusion-title-text fusion-title-size-four\" style=\"--awb-margin-top:20px;--awb-margin-right:20px;--awb-margin-bottom:20px;--awb-margin-left:20px;--awb-margin-top-small:10px;--awb-margin-right-small:0px;--awb-margin-bottom-small:10px;--awb-margin-left-small:0px;--awb-font-size:24px;\"><h4 class=\"fusion-title-heading title-heading-left\" style=\"font-family:&quot;IBM Plex Sans Condensed&quot;;font-style:normal;font-weight:500;margin:0;font-size:1em;line-height:1.2;\"><a href=\"https:\/\/www.mundusmaris.org\/es\/academia-de-pesca-en-pequena-escala\/mundus-maris-contribution-to-the-unoc3-public-consultation\/\" class=\"awb-custom-text-color awb-custom-text-hover-color\" target=\"_self\">Mundus maris contribution to the UNOC3 public consultation<\/a><\/h4><\/div><\/div><\/li>\n<li class=\"fusion-layout-column fusion_builder_column fusion-builder-column-104 fusion-flex-column post-card fusion-grid-column fusion-post-cards-grid-column\" style=\"--awb-bg-color:var(--awb-color1);--awb-bg-color-hover:var(--awb-color1);--awb-bg-blend:overlay;--awb-bg-size:cover;--awb-flex-grow:0;--awb-flex-shrink:0;--awb-flex-grow-medium:;--awb-flex-shrink-medium:;--awb-flex-grow-small:;--awb-flex-shrink-small:;\" data-scroll-devices=\"small-visibility,medium-visibility,large-visibility\"><div class=\"fusion-column-wrapper fusion-column-has-shadow fusion-flex-justify-content-space-around fusion-content-layout-column\"><div class=\"fusion-classic-product-image-wrapper fusion-woo-product-image fusion-post-card-image fusion-post-card-image-1 has-aspect-ratio\" data-layout=\"static\" style=\"--awb-aspect-ratio:3 \/ 2;\"><div  class=\"fusion-image-wrapper\" aria-haspopup=\"true\">\n\t\t\t\t\t\t\t<a href=\"https:\/\/www.mundusmaris.org\/es\/actividades\/seguridad-climatica-y-oceanica\/sustainable-management-of-marine-resources-challenges-and-possible-solutions\/\" aria-label=\"Sustainable Management of Marine Resources &#8211; Challenges and Possible Solutions\">\n\t\t\t\t\t\t\t<img decoding=\"async\" width=\"500\" height=\"330\" src=\"https:\/\/www.mundusmaris.org\/wp-content\/uploads\/2024\/07\/SupportedBy1.jpg\" class=\"attachment-full size-full wp-post-image\" alt=\"\" srcset=\"https:\/\/www.mundusmaris.org\/wp-content\/uploads\/2024\/07\/SupportedBy1-200x132.jpg 200w, https:\/\/www.mundusmaris.org\/wp-content\/uploads\/2024\/07\/SupportedBy1-400x264.jpg 400w, https:\/\/www.mundusmaris.org\/wp-content\/uploads\/2024\/07\/SupportedBy1.jpg 500w\" sizes=\"(min-width: 2200px) 100vw, (min-width: 784px) 373px, (min-width: 712px) 560px, (min-width: 640px) 712px, \" \/>\t\t\t<\/a>\n\t\t\t\t\t\t\t<\/div>\n<\/div><div class=\"fusion-meta-tb fusion-meta-tb-103 floated\" style=\"--awb-border-top:0px;--awb-height:36px;--awb-alignment-medium:flex-start;--awb-alignment-small:flex-start;\"><span class=\"fusion-tb-published-date\">Published On: 19 de julio de 2024<\/span><span class=\"fusion-meta-tb-sep\"><\/span><\/div><div class=\"fusion-title title fusion-title-104 fusion-sep-none fusion-title-text fusion-title-size-four\" style=\"--awb-margin-top:20px;--awb-margin-right:20px;--awb-margin-bottom:20px;--awb-margin-left:20px;--awb-margin-top-small:10px;--awb-margin-right-small:0px;--awb-margin-bottom-small:10px;--awb-margin-left-small:0px;--awb-font-size:24px;\"><h4 class=\"fusion-title-heading title-heading-left\" style=\"font-family:&quot;IBM Plex Sans Condensed&quot;;font-style:normal;font-weight:500;margin:0;font-size:1em;line-height:1.2;\"><a href=\"https:\/\/www.mundusmaris.org\/es\/actividades\/seguridad-climatica-y-oceanica\/sustainable-management-of-marine-resources-challenges-and-possible-solutions\/\" class=\"awb-custom-text-color awb-custom-text-hover-color\" target=\"_self\">Sustainable Management of Marine Resources &#8211; Challenges and Possible Solutions<\/a><\/h4><\/div><\/div><\/li>\n<li class=\"fusion-layout-column fusion_builder_column fusion-builder-column-105 fusion-flex-column post-card fusion-grid-column fusion-post-cards-grid-column\" style=\"--awb-bg-color:var(--awb-color1);--awb-bg-color-hover:var(--awb-color1);--awb-bg-blend:overlay;--awb-bg-size:cover;--awb-flex-grow:0;--awb-flex-shrink:0;--awb-flex-grow-medium:;--awb-flex-shrink-medium:;--awb-flex-grow-small:;--awb-flex-shrink-small:;\" data-scroll-devices=\"small-visibility,medium-visibility,large-visibility\"><div class=\"fusion-column-wrapper fusion-column-has-shadow fusion-flex-justify-content-space-around fusion-content-layout-column\"><div class=\"fusion-classic-product-image-wrapper fusion-woo-product-image fusion-post-card-image fusion-post-card-image-1 has-aspect-ratio\" data-layout=\"static\" style=\"--awb-aspect-ratio:3 \/ 2;\"><div  class=\"fusion-image-wrapper\" aria-haspopup=\"true\">\n\t\t\t\t\t\t\t<a href=\"https:\/\/www.mundusmaris.org\/es\/academia-de-pesca-en-pequena-escala\/small-scale-fisheries-summit-in-rome-5-7-july-2024\/\" aria-label=\"Cumbre de pesca en peque\u00f1a escala en Roma, del 5 al 7 de julio de 2024\">\n\t\t\t\t\t\t\t<img decoding=\"async\" width=\"500\" height=\"230\" src=\"https:\/\/www.mundusmaris.org\/wp-content\/uploads\/2024\/10\/FlagsOfCOFImembersAtFAO.jpg\" class=\"attachment-full size-full wp-post-image\" alt=\"\" srcset=\"https:\/\/www.mundusmaris.org\/wp-content\/uploads\/2024\/10\/FlagsOfCOFImembersAtFAO-200x92.jpg 200w, https:\/\/www.mundusmaris.org\/wp-content\/uploads\/2024\/10\/FlagsOfCOFImembersAtFAO-400x184.jpg 400w, https:\/\/www.mundusmaris.org\/wp-content\/uploads\/2024\/10\/FlagsOfCOFImembersAtFAO.jpg 500w\" sizes=\"(min-width: 2200px) 100vw, (min-width: 784px) 373px, (min-width: 712px) 560px, (min-width: 640px) 712px, \" \/>\t\t\t<\/a>\n\t\t\t\t\t\t\t<\/div>\n<\/div><div class=\"fusion-meta-tb fusion-meta-tb-104 floated\" style=\"--awb-border-top:0px;--awb-height:36px;--awb-alignment-medium:flex-start;--awb-alignment-small:flex-start;\"><span class=\"fusion-tb-published-date\">Published On: 11 de julio de 2024<\/span><span class=\"fusion-meta-tb-sep\"><\/span><\/div><div class=\"fusion-title title fusion-title-105 fusion-sep-none fusion-title-text fusion-title-size-four\" style=\"--awb-margin-top:20px;--awb-margin-right:20px;--awb-margin-bottom:20px;--awb-margin-left:20px;--awb-margin-top-small:10px;--awb-margin-right-small:0px;--awb-margin-bottom-small:10px;--awb-margin-left-small:0px;--awb-font-size:24px;\"><h4 class=\"fusion-title-heading title-heading-left\" style=\"font-family:&quot;IBM Plex Sans Condensed&quot;;font-style:normal;font-weight:500;margin:0;font-size:1em;line-height:1.2;\"><a href=\"https:\/\/www.mundusmaris.org\/es\/academia-de-pesca-en-pequena-escala\/small-scale-fisheries-summit-in-rome-5-7-july-2024\/\" class=\"awb-custom-text-color awb-custom-text-hover-color\" target=\"_self\">Cumbre de pesca en peque\u00f1a escala en Roma, del 5 al 7 de julio de 2024<\/a><\/h4><\/div><\/div><\/li>\n<li class=\"fusion-layout-column fusion_builder_column fusion-builder-column-106 fusion-flex-column post-card fusion-grid-column fusion-post-cards-grid-column\" style=\"--awb-bg-color:var(--awb-color1);--awb-bg-color-hover:var(--awb-color1);--awb-bg-blend:overlay;--awb-bg-size:cover;--awb-flex-grow:0;--awb-flex-shrink:0;--awb-flex-grow-medium:;--awb-flex-shrink-medium:;--awb-flex-grow-small:;--awb-flex-shrink-small:;\" data-scroll-devices=\"small-visibility,medium-visibility,large-visibility\"><div class=\"fusion-column-wrapper fusion-column-has-shadow fusion-flex-justify-content-space-around fusion-content-layout-column\"><div class=\"fusion-classic-product-image-wrapper fusion-woo-product-image fusion-post-card-image fusion-post-card-image-1 has-aspect-ratio\" data-layout=\"static\" style=\"--awb-aspect-ratio:3 \/ 2;\"><div  class=\"fusion-image-wrapper\" aria-haspopup=\"true\">\n\t\t\t\t\t\t\t<a href=\"https:\/\/www.mundusmaris.org\/es\/academia-de-pesca-en-pequena-escala\/regional-symposium-on-european-small-scale-fisheries-larnaca-cyprus-1-3-july-2024\/\" aria-label=\"Regional Symposium on European Small-Scale Fisheries, Larnaca, Cyprus, 1-3 July 2024\">\n\t\t\t\t\t\t\t<img decoding=\"async\" width=\"500\" height=\"344\" src=\"https:\/\/www.mundusmaris.org\/wp-content\/uploads\/2024\/07\/KatiaFrangoudesOrganiser.jpg\" class=\"attachment-full size-full wp-post-image\" alt=\"\" srcset=\"https:\/\/www.mundusmaris.org\/wp-content\/uploads\/2024\/07\/KatiaFrangoudesOrganiser-200x138.jpg 200w, https:\/\/www.mundusmaris.org\/wp-content\/uploads\/2024\/07\/KatiaFrangoudesOrganiser-400x275.jpg 400w, https:\/\/www.mundusmaris.org\/wp-content\/uploads\/2024\/07\/KatiaFrangoudesOrganiser.jpg 500w\" sizes=\"(min-width: 2200px) 100vw, (min-width: 784px) 373px, (min-width: 712px) 560px, (min-width: 640px) 712px, \" \/>\t\t\t<\/a>\n\t\t\t\t\t\t\t<\/div>\n<\/div><div class=\"fusion-meta-tb fusion-meta-tb-105 floated\" style=\"--awb-border-top:0px;--awb-height:36px;--awb-alignment-medium:flex-start;--awb-alignment-small:flex-start;\"><span class=\"fusion-tb-published-date\">Published On: 10 de julio de 2024<\/span><span class=\"fusion-meta-tb-sep\"><\/span><\/div><div class=\"fusion-title title fusion-title-106 fusion-sep-none fusion-title-text fusion-title-size-four\" style=\"--awb-margin-top:20px;--awb-margin-right:20px;--awb-margin-bottom:20px;--awb-margin-left:20px;--awb-margin-top-small:10px;--awb-margin-right-small:0px;--awb-margin-bottom-small:10px;--awb-margin-left-small:0px;--awb-font-size:24px;\"><h4 class=\"fusion-title-heading title-heading-left\" style=\"font-family:&quot;IBM Plex Sans Condensed&quot;;font-style:normal;font-weight:500;margin:0;font-size:1em;line-height:1.2;\"><a href=\"https:\/\/www.mundusmaris.org\/es\/academia-de-pesca-en-pequena-escala\/regional-symposium-on-european-small-scale-fisheries-larnaca-cyprus-1-3-july-2024\/\" class=\"awb-custom-text-color awb-custom-text-hover-color\" target=\"_self\">Regional Symposium on European Small-Scale Fisheries, Larnaca, Cyprus, 1-3 July 2024<\/a><\/h4><\/div><\/div><\/li>\n<li class=\"fusion-layout-column fusion_builder_column fusion-builder-column-107 fusion-flex-column post-card fusion-grid-column fusion-post-cards-grid-column\" style=\"--awb-bg-color:var(--awb-color1);--awb-bg-color-hover:var(--awb-color1);--awb-bg-blend:overlay;--awb-bg-size:cover;--awb-flex-grow:0;--awb-flex-shrink:0;--awb-flex-grow-medium:;--awb-flex-shrink-medium:;--awb-flex-grow-small:;--awb-flex-shrink-small:;\" data-scroll-devices=\"small-visibility,medium-visibility,large-visibility\"><div class=\"fusion-column-wrapper fusion-column-has-shadow fusion-flex-justify-content-space-around fusion-content-layout-column\"><div class=\"fusion-classic-product-image-wrapper fusion-woo-product-image fusion-post-card-image fusion-post-card-image-1 has-aspect-ratio\" data-layout=\"static\" style=\"--awb-aspect-ratio:3 \/ 2;\"><div  class=\"fusion-image-wrapper\" aria-haspopup=\"true\">\n\t\t\t\t\t\t\t<a href=\"https:\/\/www.mundusmaris.org\/es\/dia-mundial-del-oceano\/wod-2023-es\/mundus-maris-celebra-el-dia-mundial-de-los-oceanos-2023-en-3-continentes\/\" aria-label=\"Disparo inicial para el D\u00eda Mundial del Oc\u00e9ano en Hilden, Alemania, el 3 de junio de 2023\">\n\t\t\t\t\t\t\t<img decoding=\"async\" width=\"800\" height=\"500\" src=\"https:\/\/www.mundusmaris.org\/wp-content\/uploads\/2024\/03\/WOD2015_MMAwardLog_800x500.jpg\" class=\"attachment-full size-full wp-post-image\" alt=\"\" srcset=\"https:\/\/www.mundusmaris.org\/wp-content\/uploads\/2024\/03\/WOD2015_MMAwardLog_800x500-200x125.jpg 200w, https:\/\/www.mundusmaris.org\/wp-content\/uploads\/2024\/03\/WOD2015_MMAwardLog_800x500-400x250.jpg 400w, https:\/\/www.mundusmaris.org\/wp-content\/uploads\/2024\/03\/WOD2015_MMAwardLog_800x500-600x375.jpg 600w, https:\/\/www.mundusmaris.org\/wp-content\/uploads\/2024\/03\/WOD2015_MMAwardLog_800x500.jpg 800w\" sizes=\"(min-width: 2200px) 100vw, (min-width: 784px) 373px, (min-width: 712px) 560px, (min-width: 640px) 712px, \" \/>\t\t\t<\/a>\n\t\t\t\t\t\t\t<\/div>\n<\/div><div class=\"fusion-meta-tb fusion-meta-tb-106 floated\" style=\"--awb-border-top:0px;--awb-height:36px;--awb-alignment-medium:flex-start;--awb-alignment-small:flex-start;\"><span class=\"fusion-tb-published-date\">Published On: 5 de julio de 2024<\/span><span class=\"fusion-meta-tb-sep\"><\/span><\/div><div class=\"fusion-title title fusion-title-107 fusion-sep-none fusion-title-text fusion-title-size-four\" style=\"--awb-margin-top:20px;--awb-margin-right:20px;--awb-margin-bottom:20px;--awb-margin-left:20px;--awb-margin-top-small:10px;--awb-margin-right-small:0px;--awb-margin-bottom-small:10px;--awb-margin-left-small:0px;--awb-font-size:24px;\"><h4 class=\"fusion-title-heading title-heading-left\" style=\"font-family:&quot;IBM Plex Sans Condensed&quot;;font-style:normal;font-weight:500;margin:0;font-size:1em;line-height:1.2;\"><a href=\"https:\/\/www.mundusmaris.org\/es\/dia-mundial-del-oceano\/wod-2023-es\/mundus-maris-celebra-el-dia-mundial-de-los-oceanos-2023-en-3-continentes\/\" class=\"awb-custom-text-color awb-custom-text-hover-color\" target=\"_self\">Disparo inicial para el D\u00eda Mundial del Oc\u00e9ano en Hilden, Alemania, el 3 de junio de 2023<\/a><\/h4><\/div><\/div><\/li>\n<li class=\"fusion-layout-column fusion_builder_column fusion-builder-column-108 fusion-flex-column post-card fusion-grid-column fusion-post-cards-grid-column\" style=\"--awb-bg-color:var(--awb-color1);--awb-bg-color-hover:var(--awb-color1);--awb-bg-blend:overlay;--awb-bg-size:cover;--awb-flex-grow:0;--awb-flex-shrink:0;--awb-flex-grow-medium:;--awb-flex-shrink-medium:;--awb-flex-grow-small:;--awb-flex-shrink-small:;\" data-scroll-devices=\"small-visibility,medium-visibility,large-visibility\"><div class=\"fusion-column-wrapper fusion-column-has-shadow fusion-flex-justify-content-space-around fusion-content-layout-column\"><div class=\"fusion-classic-product-image-wrapper fusion-woo-product-image fusion-post-card-image fusion-post-card-image-1 has-aspect-ratio\" data-layout=\"static\" style=\"--awb-aspect-ratio:3 \/ 2;\"><div  class=\"fusion-image-wrapper\" aria-haspopup=\"true\">\n\t\t\t\t\t\t\t<a href=\"https:\/\/www.mundusmaris.org\/es\/dia-mundial-del-oceano\/wod-2023-es\/desde-buenos-aires-con-amor\/\" aria-label=\"Desde Buenos Aires con amor\">\n\t\t\t\t\t\t\t<img decoding=\"async\" width=\"800\" height=\"500\" src=\"https:\/\/www.mundusmaris.org\/wp-content\/uploads\/2024\/01\/Paisaj_800x500.png\" class=\"attachment-full size-full wp-post-image\" alt=\"\" srcset=\"https:\/\/www.mundusmaris.org\/wp-content\/uploads\/2024\/01\/Paisaj_800x500-200x125.png 200w, https:\/\/www.mundusmaris.org\/wp-content\/uploads\/2024\/01\/Paisaj_800x500-400x250.png 400w, https:\/\/www.mundusmaris.org\/wp-content\/uploads\/2024\/01\/Paisaj_800x500-600x375.png 600w, https:\/\/www.mundusmaris.org\/wp-content\/uploads\/2024\/01\/Paisaj_800x500.png 800w\" sizes=\"(min-width: 2200px) 100vw, (min-width: 784px) 373px, (min-width: 712px) 560px, (min-width: 640px) 712px, \" \/>\t\t\t<\/a>\n\t\t\t\t\t\t\t<\/div>\n<\/div><div class=\"fusion-meta-tb fusion-meta-tb-107 floated\" style=\"--awb-border-top:0px;--awb-height:36px;--awb-alignment-medium:flex-start;--awb-alignment-small:flex-start;\"><span class=\"fusion-tb-published-date\">Published On: 5 de julio de 2024<\/span><span class=\"fusion-meta-tb-sep\"><\/span><\/div><div class=\"fusion-title title fusion-title-108 fusion-sep-none fusion-title-text fusion-title-size-four\" style=\"--awb-margin-top:20px;--awb-margin-right:20px;--awb-margin-bottom:20px;--awb-margin-left:20px;--awb-margin-top-small:10px;--awb-margin-right-small:0px;--awb-margin-bottom-small:10px;--awb-margin-left-small:0px;--awb-font-size:24px;\"><h4 class=\"fusion-title-heading title-heading-left\" style=\"font-family:&quot;IBM Plex Sans Condensed&quot;;font-style:normal;font-weight:500;margin:0;font-size:1em;line-height:1.2;\"><a href=\"https:\/\/www.mundusmaris.org\/es\/dia-mundial-del-oceano\/wod-2023-es\/desde-buenos-aires-con-amor\/\" class=\"awb-custom-text-color awb-custom-text-hover-color\" target=\"_self\">Desde Buenos Aires con amor<\/a><\/h4><\/div><\/div><\/li>\n<li class=\"fusion-layout-column fusion_builder_column fusion-builder-column-109 fusion-flex-column post-card fusion-grid-column fusion-post-cards-grid-column\" style=\"--awb-bg-color:var(--awb-color1);--awb-bg-color-hover:var(--awb-color1);--awb-bg-blend:overlay;--awb-bg-size:cover;--awb-flex-grow:0;--awb-flex-shrink:0;--awb-flex-grow-medium:;--awb-flex-shrink-medium:;--awb-flex-grow-small:;--awb-flex-shrink-small:;\" data-scroll-devices=\"small-visibility,medium-visibility,large-visibility\"><div class=\"fusion-column-wrapper fusion-column-has-shadow fusion-flex-justify-content-space-around fusion-content-layout-column\"><div class=\"fusion-classic-product-image-wrapper fusion-woo-product-image fusion-post-card-image fusion-post-card-image-1 has-aspect-ratio\" data-layout=\"static\" style=\"--awb-aspect-ratio:3 \/ 2;\"><div  class=\"fusion-image-wrapper\" aria-haspopup=\"true\">\n\t\t\t\t\t\t\t<a href=\"https:\/\/www.mundusmaris.org\/es\/dia-mundial-del-oceano\/wod-2023-es\/celebrando-el-dia-mundial-del-oceano-2023-en-lagos-nigeria\/\" aria-label=\"Celebrando el D\u00eda Mundial del Oc\u00e9ano 2023 en Lagos, Nigeria\">\n\t\t\t\t\t\t\t<img decoding=\"async\" width=\"800\" height=\"500\" src=\"https:\/\/www.mundusmaris.org\/wp-content\/uploads\/2024\/01\/copertina_2_800x500.png\" class=\"attachment-full size-full wp-post-image\" alt=\"\" srcset=\"https:\/\/www.mundusmaris.org\/wp-content\/uploads\/2024\/01\/copertina_2_800x500-200x125.png 200w, https:\/\/www.mundusmaris.org\/wp-content\/uploads\/2024\/01\/copertina_2_800x500-400x250.png 400w, https:\/\/www.mundusmaris.org\/wp-content\/uploads\/2024\/01\/copertina_2_800x500-600x375.png 600w, https:\/\/www.mundusmaris.org\/wp-content\/uploads\/2024\/01\/copertina_2_800x500.png 800w\" sizes=\"(min-width: 2200px) 100vw, (min-width: 784px) 373px, (min-width: 712px) 560px, (min-width: 640px) 712px, \" \/>\t\t\t<\/a>\n\t\t\t\t\t\t\t<\/div>\n<\/div><div class=\"fusion-meta-tb fusion-meta-tb-108 floated\" style=\"--awb-border-top:0px;--awb-height:36px;--awb-alignment-medium:flex-start;--awb-alignment-small:flex-start;\"><span class=\"fusion-tb-published-date\">Published On: 5 de julio de 2024<\/span><span class=\"fusion-meta-tb-sep\"><\/span><\/div><div class=\"fusion-title title fusion-title-109 fusion-sep-none fusion-title-text fusion-title-size-four\" style=\"--awb-margin-top:20px;--awb-margin-right:20px;--awb-margin-bottom:20px;--awb-margin-left:20px;--awb-margin-top-small:10px;--awb-margin-right-small:0px;--awb-margin-bottom-small:10px;--awb-margin-left-small:0px;--awb-font-size:24px;\"><h4 class=\"fusion-title-heading title-heading-left\" style=\"font-family:&quot;IBM Plex Sans Condensed&quot;;font-style:normal;font-weight:500;margin:0;font-size:1em;line-height:1.2;\"><a href=\"https:\/\/www.mundusmaris.org\/es\/dia-mundial-del-oceano\/wod-2023-es\/celebrando-el-dia-mundial-del-oceano-2023-en-lagos-nigeria\/\" class=\"awb-custom-text-color awb-custom-text-hover-color\" target=\"_self\">Celebrando el D\u00eda Mundial del Oc\u00e9ano 2023 en Lagos, Nigeria<\/a><\/h4><\/div><\/div><\/li>\n<li class=\"fusion-layout-column fusion_builder_column fusion-builder-column-110 fusion-flex-column post-card fusion-grid-column fusion-post-cards-grid-column\" style=\"--awb-bg-color:var(--awb-color1);--awb-bg-color-hover:var(--awb-color1);--awb-bg-blend:overlay;--awb-bg-size:cover;--awb-flex-grow:0;--awb-flex-shrink:0;--awb-flex-grow-medium:;--awb-flex-shrink-medium:;--awb-flex-grow-small:;--awb-flex-shrink-small:;\" data-scroll-devices=\"small-visibility,medium-visibility,large-visibility\"><div class=\"fusion-column-wrapper fusion-column-has-shadow fusion-flex-justify-content-space-around fusion-content-layout-column\"><div class=\"fusion-classic-product-image-wrapper fusion-woo-product-image fusion-post-card-image fusion-post-card-image-1 has-aspect-ratio\" data-layout=\"static\" style=\"--awb-aspect-ratio:3 \/ 2;\"><div  class=\"fusion-image-wrapper\" aria-haspopup=\"true\">\n\t\t\t\t\t\t\t<a href=\"https:\/\/www.mundusmaris.org\/es\/dia-mundial-del-oceano\/wod-2023-es\/dia-mundial-del-oceano-en-kiel-alemania-con-especial-atencion-a-la-proteccion-del-oceano\/\" aria-label=\"D\u00eda Mundial del Oc\u00e9ano en Kiel, Alemania, con especial atenci\u00f3n a la protecci\u00f3n del oc\u00e9ano\">\n\t\t\t\t\t\t\t<img decoding=\"async\" width=\"800\" height=\"500\" src=\"https:\/\/www.mundusmaris.org\/wp-content\/uploads\/2024\/01\/kidsocean_800x500.png\" class=\"attachment-full size-full wp-post-image\" alt=\"\" srcset=\"https:\/\/www.mundusmaris.org\/wp-content\/uploads\/2024\/01\/kidsocean_800x500-200x125.png 200w, https:\/\/www.mundusmaris.org\/wp-content\/uploads\/2024\/01\/kidsocean_800x500-400x250.png 400w, https:\/\/www.mundusmaris.org\/wp-content\/uploads\/2024\/01\/kidsocean_800x500-600x375.png 600w, https:\/\/www.mundusmaris.org\/wp-content\/uploads\/2024\/01\/kidsocean_800x500.png 800w\" sizes=\"(min-width: 2200px) 100vw, (min-width: 784px) 373px, (min-width: 712px) 560px, (min-width: 640px) 712px, \" \/>\t\t\t<\/a>\n\t\t\t\t\t\t\t<\/div>\n<\/div><div class=\"fusion-meta-tb fusion-meta-tb-109 floated\" style=\"--awb-border-top:0px;--awb-height:36px;--awb-alignment-medium:flex-start;--awb-alignment-small:flex-start;\"><span class=\"fusion-tb-published-date\">Published On: 5 de julio de 2024<\/span><span class=\"fusion-meta-tb-sep\"><\/span><\/div><div class=\"fusion-title title fusion-title-110 fusion-sep-none fusion-title-text fusion-title-size-four\" style=\"--awb-margin-top:20px;--awb-margin-right:20px;--awb-margin-bottom:20px;--awb-margin-left:20px;--awb-margin-top-small:10px;--awb-margin-right-small:0px;--awb-margin-bottom-small:10px;--awb-margin-left-small:0px;--awb-font-size:24px;\"><h4 class=\"fusion-title-heading title-heading-left\" style=\"font-family:&quot;IBM Plex Sans Condensed&quot;;font-style:normal;font-weight:500;margin:0;font-size:1em;line-height:1.2;\"><a href=\"https:\/\/www.mundusmaris.org\/es\/dia-mundial-del-oceano\/wod-2023-es\/dia-mundial-del-oceano-en-kiel-alemania-con-especial-atencion-a-la-proteccion-del-oceano\/\" class=\"awb-custom-text-color awb-custom-text-hover-color\" target=\"_self\">D\u00eda Mundial del Oc\u00e9ano en Kiel, Alemania, con especial atenci\u00f3n a la protecci\u00f3n del oc\u00e9ano<\/a><\/h4><\/div><\/div><\/li>\n<li class=\"fusion-layout-column fusion_builder_column fusion-builder-column-111 fusion-flex-column post-card fusion-grid-column fusion-post-cards-grid-column\" style=\"--awb-bg-color:var(--awb-color1);--awb-bg-color-hover:var(--awb-color1);--awb-bg-blend:overlay;--awb-bg-size:cover;--awb-flex-grow:0;--awb-flex-shrink:0;--awb-flex-grow-medium:;--awb-flex-shrink-medium:;--awb-flex-grow-small:;--awb-flex-shrink-small:;\" data-scroll-devices=\"small-visibility,medium-visibility,large-visibility\"><div class=\"fusion-column-wrapper fusion-column-has-shadow fusion-flex-justify-content-space-around fusion-content-layout-column\"><div class=\"fusion-classic-product-image-wrapper fusion-woo-product-image fusion-post-card-image fusion-post-card-image-1 has-aspect-ratio\" data-layout=\"static\" style=\"--awb-aspect-ratio:3 \/ 2;\"><div  class=\"fusion-image-wrapper\" aria-haspopup=\"true\">\n\t\t\t\t\t\t\t<a href=\"https:\/\/www.mundusmaris.org\/es\/dia-mundial-del-oceano\/wod-2023-es\/pescadores-artesanales-en-hann-senegal-celebraciones-conjuntos-del-dia-mundial-del-oceano\/\" aria-label=\"Pescadores artesanales en Hann, Senegal, celebraciones conjuntos del D\u00eda Mundial del Oc\u00e9ano\">\n\t\t\t\t\t\t\t<img decoding=\"async\" width=\"800\" height=\"500\" src=\"https:\/\/www.mundusmaris.org\/wp-content\/uploads\/2024\/07\/copertina_posts-15.jpg\" class=\"attachment-full size-full wp-post-image\" alt=\"\" srcset=\"https:\/\/www.mundusmaris.org\/wp-content\/uploads\/2024\/07\/copertina_posts-15-200x125.jpg 200w, https:\/\/www.mundusmaris.org\/wp-content\/uploads\/2024\/07\/copertina_posts-15-400x250.jpg 400w, https:\/\/www.mundusmaris.org\/wp-content\/uploads\/2024\/07\/copertina_posts-15-600x375.jpg 600w, https:\/\/www.mundusmaris.org\/wp-content\/uploads\/2024\/07\/copertina_posts-15.jpg 800w\" sizes=\"(min-width: 2200px) 100vw, (min-width: 784px) 373px, (min-width: 712px) 560px, (min-width: 640px) 712px, \" \/>\t\t\t<\/a>\n\t\t\t\t\t\t\t<\/div>\n<\/div><div class=\"fusion-meta-tb fusion-meta-tb-110 floated\" style=\"--awb-border-top:0px;--awb-height:36px;--awb-alignment-medium:flex-start;--awb-alignment-small:flex-start;\"><span class=\"fusion-tb-published-date\">Published On: 5 de julio de 2024<\/span><span class=\"fusion-meta-tb-sep\"><\/span><\/div><div class=\"fusion-title title fusion-title-111 fusion-sep-none fusion-title-text fusion-title-size-four\" style=\"--awb-margin-top:20px;--awb-margin-right:20px;--awb-margin-bottom:20px;--awb-margin-left:20px;--awb-margin-top-small:10px;--awb-margin-right-small:0px;--awb-margin-bottom-small:10px;--awb-margin-left-small:0px;--awb-font-size:24px;\"><h4 class=\"fusion-title-heading title-heading-left\" style=\"font-family:&quot;IBM Plex Sans Condensed&quot;;font-style:normal;font-weight:500;margin:0;font-size:1em;line-height:1.2;\"><a href=\"https:\/\/www.mundusmaris.org\/es\/dia-mundial-del-oceano\/wod-2023-es\/pescadores-artesanales-en-hann-senegal-celebraciones-conjuntos-del-dia-mundial-del-oceano\/\" class=\"awb-custom-text-color awb-custom-text-hover-color\" target=\"_self\">Pescadores artesanales en Hann, Senegal, celebraciones conjuntos del D\u00eda Mundial del Oc\u00e9ano<\/a><\/h4><\/div><\/div><\/li>\n<li class=\"fusion-layout-column fusion_builder_column fusion-builder-column-112 fusion-flex-column post-card fusion-grid-column fusion-post-cards-grid-column\" style=\"--awb-bg-color:var(--awb-color1);--awb-bg-color-hover:var(--awb-color1);--awb-bg-blend:overlay;--awb-bg-size:cover;--awb-flex-grow:0;--awb-flex-shrink:0;--awb-flex-grow-medium:;--awb-flex-shrink-medium:;--awb-flex-grow-small:;--awb-flex-shrink-small:;\" data-scroll-devices=\"small-visibility,medium-visibility,large-visibility\"><div class=\"fusion-column-wrapper fusion-column-has-shadow fusion-flex-justify-content-space-around fusion-content-layout-column\"><div class=\"fusion-classic-product-image-wrapper fusion-woo-product-image fusion-post-card-image fusion-post-card-image-1 has-aspect-ratio\" data-layout=\"static\" style=\"--awb-aspect-ratio:3 \/ 2;\"><div  class=\"fusion-image-wrapper\" aria-haspopup=\"true\">\n\t\t\t\t\t\t\t<a href=\"https:\/\/www.mundusmaris.org\/es\/dia-mundial-del-oceano\/wod-2023-es\/accra-ghana-tambien-celebra\/\" aria-label=\"Accra, Ghana, tambi\u00e9n celebra\">\n\t\t\t\t\t\t\t<img decoding=\"async\" width=\"800\" height=\"500\" src=\"https:\/\/www.mundusmaris.org\/wp-content\/uploads\/2024\/07\/copertina_posts-14.jpg\" class=\"attachment-full size-full wp-post-image\" alt=\"\" srcset=\"https:\/\/www.mundusmaris.org\/wp-content\/uploads\/2024\/07\/copertina_posts-14-200x125.jpg 200w, https:\/\/www.mundusmaris.org\/wp-content\/uploads\/2024\/07\/copertina_posts-14-400x250.jpg 400w, https:\/\/www.mundusmaris.org\/wp-content\/uploads\/2024\/07\/copertina_posts-14-600x375.jpg 600w, https:\/\/www.mundusmaris.org\/wp-content\/uploads\/2024\/07\/copertina_posts-14.jpg 800w\" sizes=\"(min-width: 2200px) 100vw, (min-width: 784px) 373px, (min-width: 712px) 560px, (min-width: 640px) 712px, \" \/>\t\t\t<\/a>\n\t\t\t\t\t\t\t<\/div>\n<\/div><div class=\"fusion-meta-tb fusion-meta-tb-111 floated\" style=\"--awb-border-top:0px;--awb-height:36px;--awb-alignment-medium:flex-start;--awb-alignment-small:flex-start;\"><span class=\"fusion-tb-published-date\">Published On: 5 de julio de 2024<\/span><span class=\"fusion-meta-tb-sep\"><\/span><\/div><div class=\"fusion-title title fusion-title-112 fusion-sep-none fusion-title-text fusion-title-size-four\" style=\"--awb-margin-top:20px;--awb-margin-right:20px;--awb-margin-bottom:20px;--awb-margin-left:20px;--awb-margin-top-small:10px;--awb-margin-right-small:0px;--awb-margin-bottom-small:10px;--awb-margin-left-small:0px;--awb-font-size:24px;\"><h4 class=\"fusion-title-heading title-heading-left\" style=\"font-family:&quot;IBM Plex Sans Condensed&quot;;font-style:normal;font-weight:500;margin:0;font-size:1em;line-height:1.2;\"><a href=\"https:\/\/www.mundusmaris.org\/es\/dia-mundial-del-oceano\/wod-2023-es\/accra-ghana-tambien-celebra\/\" class=\"awb-custom-text-color awb-custom-text-hover-color\" target=\"_self\">Accra, Ghana, tambi\u00e9n celebra<\/a><\/h4><\/div><\/div><\/li>\n<li class=\"fusion-layout-column fusion_builder_column fusion-builder-column-113 fusion-flex-column post-card fusion-grid-column fusion-post-cards-grid-column\" style=\"--awb-bg-color:var(--awb-color1);--awb-bg-color-hover:var(--awb-color1);--awb-bg-blend:overlay;--awb-bg-size:cover;--awb-flex-grow:0;--awb-flex-shrink:0;--awb-flex-grow-medium:;--awb-flex-shrink-medium:;--awb-flex-grow-small:;--awb-flex-shrink-small:;\" data-scroll-devices=\"small-visibility,medium-visibility,large-visibility\"><div class=\"fusion-column-wrapper fusion-column-has-shadow fusion-flex-justify-content-space-around fusion-content-layout-column\"><div class=\"fusion-classic-product-image-wrapper fusion-woo-product-image fusion-post-card-image fusion-post-card-image-1 has-aspect-ratio\" data-layout=\"static\" style=\"--awb-aspect-ratio:3 \/ 2;\"><div  class=\"fusion-image-wrapper\" aria-haspopup=\"true\">\n\t\t\t\t\t\t\t<a href=\"https:\/\/www.mundusmaris.org\/es\/dia-mundial-del-oceano\/wod-2023-es\/las-actividades-en-torno-al-oceano-en-braga-portugal-culminan-en-el-dia-mundial-del-oceano\/\" aria-label=\"Las actividades en torno al oc\u00e9ano en Braga, Portugal, culminan en el D\u00eda Mundial del Oc\u00e9ano\">\n\t\t\t\t\t\t\t<img decoding=\"async\" width=\"800\" height=\"500\" src=\"https:\/\/www.mundusmaris.org\/wp-content\/uploads\/2024\/07\/copertina_posts-13.jpg\" class=\"attachment-full size-full wp-post-image\" alt=\"\" srcset=\"https:\/\/www.mundusmaris.org\/wp-content\/uploads\/2024\/07\/copertina_posts-13-200x125.jpg 200w, https:\/\/www.mundusmaris.org\/wp-content\/uploads\/2024\/07\/copertina_posts-13-400x250.jpg 400w, https:\/\/www.mundusmaris.org\/wp-content\/uploads\/2024\/07\/copertina_posts-13-600x375.jpg 600w, https:\/\/www.mundusmaris.org\/wp-content\/uploads\/2024\/07\/copertina_posts-13.jpg 800w\" sizes=\"(min-width: 2200px) 100vw, (min-width: 784px) 373px, (min-width: 712px) 560px, (min-width: 640px) 712px, \" \/>\t\t\t<\/a>\n\t\t\t\t\t\t\t<\/div>\n<\/div><div class=\"fusion-meta-tb fusion-meta-tb-112 floated\" style=\"--awb-border-top:0px;--awb-height:36px;--awb-alignment-medium:flex-start;--awb-alignment-small:flex-start;\"><span class=\"fusion-tb-published-date\">Published On: 5 de julio de 2024<\/span><span class=\"fusion-meta-tb-sep\"><\/span><\/div><div class=\"fusion-title title fusion-title-113 fusion-sep-none fusion-title-text fusion-title-size-four\" style=\"--awb-margin-top:20px;--awb-margin-right:20px;--awb-margin-bottom:20px;--awb-margin-left:20px;--awb-margin-top-small:10px;--awb-margin-right-small:0px;--awb-margin-bottom-small:10px;--awb-margin-left-small:0px;--awb-font-size:24px;\"><h4 class=\"fusion-title-heading title-heading-left\" style=\"font-family:&quot;IBM Plex Sans Condensed&quot;;font-style:normal;font-weight:500;margin:0;font-size:1em;line-height:1.2;\"><a href=\"https:\/\/www.mundusmaris.org\/es\/dia-mundial-del-oceano\/wod-2023-es\/las-actividades-en-torno-al-oceano-en-braga-portugal-culminan-en-el-dia-mundial-del-oceano\/\" class=\"awb-custom-text-color awb-custom-text-hover-color\" target=\"_self\">Las actividades en torno al oc\u00e9ano en Braga, Portugal, culminan en el D\u00eda Mundial del Oc\u00e9ano<\/a><\/h4><\/div><\/div><\/li>\n<li class=\"fusion-layout-column fusion_builder_column fusion-builder-column-114 fusion-flex-column post-card fusion-grid-column fusion-post-cards-grid-column\" style=\"--awb-bg-color:var(--awb-color1);--awb-bg-color-hover:var(--awb-color1);--awb-bg-blend:overlay;--awb-bg-size:cover;--awb-flex-grow:0;--awb-flex-shrink:0;--awb-flex-grow-medium:;--awb-flex-shrink-medium:;--awb-flex-grow-small:;--awb-flex-shrink-small:;\" data-scroll-devices=\"small-visibility,medium-visibility,large-visibility\"><div class=\"fusion-column-wrapper fusion-column-has-shadow fusion-flex-justify-content-space-around fusion-content-layout-column\"><div class=\"fusion-classic-product-image-wrapper fusion-woo-product-image fusion-post-card-image fusion-post-card-image-1 has-aspect-ratio\" data-layout=\"static\" style=\"--awb-aspect-ratio:3 \/ 2;\"><div  class=\"fusion-image-wrapper\" aria-haspopup=\"true\">\n\t\t\t\t\t\t\t<a href=\"https:\/\/www.mundusmaris.org\/es\/dia-mundial-del-oceano\/wod-2023-es\/la-escuela-grand-batanga-celebra-en-kribi-camerun\/\" aria-label=\"La escuela Grand Batanga celebra en Kribi, Camer\u00fan\">\n\t\t\t\t\t\t\t<img decoding=\"async\" width=\"800\" height=\"500\" src=\"https:\/\/www.mundusmaris.org\/wp-content\/uploads\/2024\/07\/copertina_posts-12.jpg\" class=\"attachment-full size-full wp-post-image\" alt=\"\" srcset=\"https:\/\/www.mundusmaris.org\/wp-content\/uploads\/2024\/07\/copertina_posts-12-200x125.jpg 200w, https:\/\/www.mundusmaris.org\/wp-content\/uploads\/2024\/07\/copertina_posts-12-400x250.jpg 400w, https:\/\/www.mundusmaris.org\/wp-content\/uploads\/2024\/07\/copertina_posts-12-600x375.jpg 600w, https:\/\/www.mundusmaris.org\/wp-content\/uploads\/2024\/07\/copertina_posts-12.jpg 800w\" sizes=\"(min-width: 2200px) 100vw, (min-width: 784px) 373px, (min-width: 712px) 560px, (min-width: 640px) 712px, \" \/>\t\t\t<\/a>\n\t\t\t\t\t\t\t<\/div>\n<\/div><div class=\"fusion-meta-tb fusion-meta-tb-113 floated\" style=\"--awb-border-top:0px;--awb-height:36px;--awb-alignment-medium:flex-start;--awb-alignment-small:flex-start;\"><span class=\"fusion-tb-published-date\">Published On: 5 de julio de 2024<\/span><span class=\"fusion-meta-tb-sep\"><\/span><\/div><div class=\"fusion-title title fusion-title-114 fusion-sep-none fusion-title-text fusion-title-size-four\" style=\"--awb-margin-top:20px;--awb-margin-right:20px;--awb-margin-bottom:20px;--awb-margin-left:20px;--awb-margin-top-small:10px;--awb-margin-right-small:0px;--awb-margin-bottom-small:10px;--awb-margin-left-small:0px;--awb-font-size:24px;\"><h4 class=\"fusion-title-heading title-heading-left\" style=\"font-family:&quot;IBM Plex Sans Condensed&quot;;font-style:normal;font-weight:500;margin:0;font-size:1em;line-height:1.2;\"><a href=\"https:\/\/www.mundusmaris.org\/es\/dia-mundial-del-oceano\/wod-2023-es\/la-escuela-grand-batanga-celebra-en-kribi-camerun\/\" class=\"awb-custom-text-color awb-custom-text-hover-color\" target=\"_self\">La escuela Grand Batanga celebra en Kribi, Camer\u00fan<\/a><\/h4><\/div><\/div><\/li>\n<li class=\"fusion-layout-column fusion_builder_column fusion-builder-column-115 fusion-flex-column post-card fusion-grid-column fusion-post-cards-grid-column\" style=\"--awb-bg-color:var(--awb-color1);--awb-bg-color-hover:var(--awb-color1);--awb-bg-blend:overlay;--awb-bg-size:cover;--awb-flex-grow:0;--awb-flex-shrink:0;--awb-flex-grow-medium:;--awb-flex-shrink-medium:;--awb-flex-grow-small:;--awb-flex-shrink-small:;\" data-scroll-devices=\"small-visibility,medium-visibility,large-visibility\"><div class=\"fusion-column-wrapper fusion-column-has-shadow fusion-flex-justify-content-space-around fusion-content-layout-column\"><div class=\"fusion-classic-product-image-wrapper fusion-woo-product-image fusion-post-card-image fusion-post-card-image-1 has-aspect-ratio\" data-layout=\"static\" style=\"--awb-aspect-ratio:3 \/ 2;\"><div  class=\"fusion-image-wrapper\" aria-haspopup=\"true\">\n\t\t\t\t\t\t\t<a href=\"https:\/\/www.mundusmaris.org\/es\/dia-mundial-del-oceano\/wod-2023-es\/jovenes-de-akure-celebrando-de-nuevo-con-mundus-maris-nigeria\/\" aria-label=\"J\u00f3venes de Akure celebrando de nuevo con Mundus maris, Nigeria\">\n\t\t\t\t\t\t\t<img decoding=\"async\" width=\"800\" height=\"500\" src=\"https:\/\/www.mundusmaris.org\/wp-content\/uploads\/2024\/07\/copertina_posts-11.jpg\" class=\"attachment-full size-full wp-post-image\" alt=\"\" srcset=\"https:\/\/www.mundusmaris.org\/wp-content\/uploads\/2024\/07\/copertina_posts-11-200x125.jpg 200w, https:\/\/www.mundusmaris.org\/wp-content\/uploads\/2024\/07\/copertina_posts-11-400x250.jpg 400w, https:\/\/www.mundusmaris.org\/wp-content\/uploads\/2024\/07\/copertina_posts-11-600x375.jpg 600w, https:\/\/www.mundusmaris.org\/wp-content\/uploads\/2024\/07\/copertina_posts-11.jpg 800w\" sizes=\"(min-width: 2200px) 100vw, (min-width: 784px) 373px, (min-width: 712px) 560px, (min-width: 640px) 712px, \" \/>\t\t\t<\/a>\n\t\t\t\t\t\t\t<\/div>\n<\/div><div class=\"fusion-meta-tb fusion-meta-tb-114 floated\" style=\"--awb-border-top:0px;--awb-height:36px;--awb-alignment-medium:flex-start;--awb-alignment-small:flex-start;\"><span class=\"fusion-tb-published-date\">Published On: 5 de julio de 2024<\/span><span class=\"fusion-meta-tb-sep\"><\/span><\/div><div class=\"fusion-title title fusion-title-115 fusion-sep-none fusion-title-text fusion-title-size-four\" style=\"--awb-margin-top:20px;--awb-margin-right:20px;--awb-margin-bottom:20px;--awb-margin-left:20px;--awb-margin-top-small:10px;--awb-margin-right-small:0px;--awb-margin-bottom-small:10px;--awb-margin-left-small:0px;--awb-font-size:24px;\"><h4 class=\"fusion-title-heading title-heading-left\" style=\"font-family:&quot;IBM Plex Sans Condensed&quot;;font-style:normal;font-weight:500;margin:0;font-size:1em;line-height:1.2;\"><a href=\"https:\/\/www.mundusmaris.org\/es\/dia-mundial-del-oceano\/wod-2023-es\/jovenes-de-akure-celebrando-de-nuevo-con-mundus-maris-nigeria\/\" class=\"awb-custom-text-color awb-custom-text-hover-color\" target=\"_self\">J\u00f3venes de Akure celebrando de nuevo con Mundus maris, Nigeria<\/a><\/h4><\/div><\/div><\/li>\n<li class=\"fusion-layout-column fusion_builder_column fusion-builder-column-116 fusion-flex-column post-card fusion-grid-column fusion-post-cards-grid-column\" style=\"--awb-bg-color:var(--awb-color1);--awb-bg-color-hover:var(--awb-color1);--awb-bg-blend:overlay;--awb-bg-size:cover;--awb-flex-grow:0;--awb-flex-shrink:0;--awb-flex-grow-medium:;--awb-flex-shrink-medium:;--awb-flex-grow-small:;--awb-flex-shrink-small:;\" data-scroll-devices=\"small-visibility,medium-visibility,large-visibility\"><div class=\"fusion-column-wrapper fusion-column-has-shadow fusion-flex-justify-content-space-around fusion-content-layout-column\"><div class=\"fusion-classic-product-image-wrapper fusion-woo-product-image fusion-post-card-image fusion-post-card-image-1 has-aspect-ratio\" data-layout=\"static\" style=\"--awb-aspect-ratio:3 \/ 2;\"><div  class=\"fusion-image-wrapper\" aria-haspopup=\"true\">\n\t\t\t\t\t\t\t<a href=\"https:\/\/www.mundusmaris.org\/es\/dia-mundial-del-oceano\/wod-2023-es\/soccer-for-world-ocean-day-in-senegal\/\" aria-label=\"Soccer for World Ocean Day in Senegal\">\n\t\t\t\t\t\t\t<img decoding=\"async\" width=\"800\" height=\"500\" src=\"https:\/\/www.mundusmaris.org\/wp-content\/uploads\/2024\/07\/copertina_posts-10.jpg\" class=\"attachment-full size-full wp-post-image\" alt=\"\" srcset=\"https:\/\/www.mundusmaris.org\/wp-content\/uploads\/2024\/07\/copertina_posts-10-200x125.jpg 200w, https:\/\/www.mundusmaris.org\/wp-content\/uploads\/2024\/07\/copertina_posts-10-400x250.jpg 400w, https:\/\/www.mundusmaris.org\/wp-content\/uploads\/2024\/07\/copertina_posts-10-600x375.jpg 600w, https:\/\/www.mundusmaris.org\/wp-content\/uploads\/2024\/07\/copertina_posts-10.jpg 800w\" sizes=\"(min-width: 2200px) 100vw, (min-width: 784px) 373px, (min-width: 712px) 560px, (min-width: 640px) 712px, \" \/>\t\t\t<\/a>\n\t\t\t\t\t\t\t<\/div>\n<\/div><div class=\"fusion-meta-tb fusion-meta-tb-115 floated\" style=\"--awb-border-top:0px;--awb-height:36px;--awb-alignment-medium:flex-start;--awb-alignment-small:flex-start;\"><span class=\"fusion-tb-published-date\">Published On: 5 de julio de 2024<\/span><span class=\"fusion-meta-tb-sep\"><\/span><\/div><div class=\"fusion-title title fusion-title-116 fusion-sep-none fusion-title-text fusion-title-size-four\" style=\"--awb-margin-top:20px;--awb-margin-right:20px;--awb-margin-bottom:20px;--awb-margin-left:20px;--awb-margin-top-small:10px;--awb-margin-right-small:0px;--awb-margin-bottom-small:10px;--awb-margin-left-small:0px;--awb-font-size:24px;\"><h4 class=\"fusion-title-heading title-heading-left\" style=\"font-family:&quot;IBM Plex Sans Condensed&quot;;font-style:normal;font-weight:500;margin:0;font-size:1em;line-height:1.2;\"><a href=\"https:\/\/www.mundusmaris.org\/es\/dia-mundial-del-oceano\/wod-2023-es\/soccer-for-world-ocean-day-in-senegal\/\" class=\"awb-custom-text-color awb-custom-text-hover-color\" target=\"_self\">Soccer for World Ocean Day in Senegal<\/a><\/h4><\/div><\/div><\/li>\n<li class=\"fusion-layout-column fusion_builder_column fusion-builder-column-117 fusion-flex-column post-card fusion-grid-column fusion-post-cards-grid-column\" style=\"--awb-bg-color:var(--awb-color1);--awb-bg-color-hover:var(--awb-color1);--awb-bg-blend:overlay;--awb-bg-size:cover;--awb-flex-grow:0;--awb-flex-shrink:0;--awb-flex-grow-medium:;--awb-flex-shrink-medium:;--awb-flex-grow-small:;--awb-flex-shrink-small:;\" data-scroll-devices=\"small-visibility,medium-visibility,large-visibility\"><div class=\"fusion-column-wrapper fusion-column-has-shadow fusion-flex-justify-content-space-around fusion-content-layout-column\"><div class=\"fusion-classic-product-image-wrapper fusion-woo-product-image fusion-post-card-image fusion-post-card-image-1 has-aspect-ratio\" data-layout=\"static\" style=\"--awb-aspect-ratio:3 \/ 2;\"><div  class=\"fusion-image-wrapper\" aria-haspopup=\"true\">\n\t\t\t\t\t\t\t<a href=\"https:\/\/www.mundusmaris.org\/es\/dia-mundial-del-oceano\/wod-2023-es\/concert-for-the-ocean-in-oostende-belgium-11-june\/\" aria-label=\"Concert for the Ocean in Oostende, Belgium, 11 June\">\n\t\t\t\t\t\t\t<img decoding=\"async\" width=\"800\" height=\"500\" src=\"https:\/\/www.mundusmaris.org\/wp-content\/uploads\/2024\/07\/copertina_posts-9.jpg\" class=\"attachment-full size-full wp-post-image\" alt=\"\" srcset=\"https:\/\/www.mundusmaris.org\/wp-content\/uploads\/2024\/07\/copertina_posts-9-200x125.jpg 200w, https:\/\/www.mundusmaris.org\/wp-content\/uploads\/2024\/07\/copertina_posts-9-400x250.jpg 400w, https:\/\/www.mundusmaris.org\/wp-content\/uploads\/2024\/07\/copertina_posts-9-600x375.jpg 600w, https:\/\/www.mundusmaris.org\/wp-content\/uploads\/2024\/07\/copertina_posts-9.jpg 800w\" sizes=\"(min-width: 2200px) 100vw, (min-width: 784px) 373px, (min-width: 712px) 560px, (min-width: 640px) 712px, \" \/>\t\t\t<\/a>\n\t\t\t\t\t\t\t<\/div>\n<\/div><div class=\"fusion-meta-tb fusion-meta-tb-116 floated\" style=\"--awb-border-top:0px;--awb-height:36px;--awb-alignment-medium:flex-start;--awb-alignment-small:flex-start;\"><span class=\"fusion-tb-published-date\">Published On: 4 de julio de 2024<\/span><span class=\"fusion-meta-tb-sep\"><\/span><\/div><div class=\"fusion-title title fusion-title-117 fusion-sep-none fusion-title-text fusion-title-size-four\" style=\"--awb-margin-top:20px;--awb-margin-right:20px;--awb-margin-bottom:20px;--awb-margin-left:20px;--awb-margin-top-small:10px;--awb-margin-right-small:0px;--awb-margin-bottom-small:10px;--awb-margin-left-small:0px;--awb-font-size:24px;\"><h4 class=\"fusion-title-heading title-heading-left\" style=\"font-family:&quot;IBM Plex Sans Condensed&quot;;font-style:normal;font-weight:500;margin:0;font-size:1em;line-height:1.2;\"><a href=\"https:\/\/www.mundusmaris.org\/es\/dia-mundial-del-oceano\/wod-2023-es\/concert-for-the-ocean-in-oostende-belgium-11-june\/\" class=\"awb-custom-text-color awb-custom-text-hover-color\" target=\"_self\">Concert for the Ocean in Oostende, Belgium, 11 June<\/a><\/h4><\/div><\/div><\/li>\n<li class=\"fusion-layout-column fusion_builder_column fusion-builder-column-118 fusion-flex-column post-card fusion-grid-column fusion-post-cards-grid-column\" style=\"--awb-bg-color:var(--awb-color1);--awb-bg-color-hover:var(--awb-color1);--awb-bg-blend:overlay;--awb-bg-size:cover;--awb-flex-grow:0;--awb-flex-shrink:0;--awb-flex-grow-medium:;--awb-flex-shrink-medium:;--awb-flex-grow-small:;--awb-flex-shrink-small:;\" data-scroll-devices=\"small-visibility,medium-visibility,large-visibility\"><div class=\"fusion-column-wrapper fusion-column-has-shadow fusion-flex-justify-content-space-around fusion-content-layout-column\"><div class=\"fusion-classic-product-image-wrapper fusion-woo-product-image fusion-post-card-image fusion-post-card-image-1 has-aspect-ratio\" data-layout=\"static\" style=\"--awb-aspect-ratio:3 \/ 2;\"><div  class=\"fusion-image-wrapper\" aria-haspopup=\"true\">\n\t\t\t\t\t\t\t<a href=\"https:\/\/www.mundusmaris.org\/es\/dia-mundial-del-oceano\/wod-2023-es\/mundus-maris-asbl-supports-2023-world-ocean-day-event-in-the-canary-islands-spain\/\" aria-label=\"Mundus maris asbl supports 2023 World Ocean Day Event in the Canary Islands, Spain\">\n\t\t\t\t\t\t\t<img decoding=\"async\" width=\"800\" height=\"500\" src=\"https:\/\/www.mundusmaris.org\/wp-content\/uploads\/2024\/07\/copertina_posts-8.jpg\" class=\"attachment-full size-full wp-post-image\" alt=\"\" srcset=\"https:\/\/www.mundusmaris.org\/wp-content\/uploads\/2024\/07\/copertina_posts-8-200x125.jpg 200w, https:\/\/www.mundusmaris.org\/wp-content\/uploads\/2024\/07\/copertina_posts-8-400x250.jpg 400w, https:\/\/www.mundusmaris.org\/wp-content\/uploads\/2024\/07\/copertina_posts-8-600x375.jpg 600w, https:\/\/www.mundusmaris.org\/wp-content\/uploads\/2024\/07\/copertina_posts-8.jpg 800w\" sizes=\"(min-width: 2200px) 100vw, (min-width: 784px) 373px, (min-width: 712px) 560px, (min-width: 640px) 712px, \" \/>\t\t\t<\/a>\n\t\t\t\t\t\t\t<\/div>\n<\/div><div class=\"fusion-meta-tb fusion-meta-tb-117 floated\" style=\"--awb-border-top:0px;--awb-height:36px;--awb-alignment-medium:flex-start;--awb-alignment-small:flex-start;\"><span class=\"fusion-tb-published-date\">Published On: 4 de julio de 2024<\/span><span class=\"fusion-meta-tb-sep\"><\/span><\/div><div class=\"fusion-title title fusion-title-118 fusion-sep-none fusion-title-text fusion-title-size-four\" style=\"--awb-margin-top:20px;--awb-margin-right:20px;--awb-margin-bottom:20px;--awb-margin-left:20px;--awb-margin-top-small:10px;--awb-margin-right-small:0px;--awb-margin-bottom-small:10px;--awb-margin-left-small:0px;--awb-font-size:24px;\"><h4 class=\"fusion-title-heading title-heading-left\" style=\"font-family:&quot;IBM Plex Sans Condensed&quot;;font-style:normal;font-weight:500;margin:0;font-size:1em;line-height:1.2;\"><a href=\"https:\/\/www.mundusmaris.org\/es\/dia-mundial-del-oceano\/wod-2023-es\/mundus-maris-asbl-supports-2023-world-ocean-day-event-in-the-canary-islands-spain\/\" class=\"awb-custom-text-color awb-custom-text-hover-color\" target=\"_self\">Mundus maris asbl supports 2023 World Ocean Day Event in the Canary Islands, Spain<\/a><\/h4><\/div><\/div><\/li>\n<li class=\"fusion-layout-column fusion_builder_column fusion-builder-column-119 fusion-flex-column post-card fusion-grid-column fusion-post-cards-grid-column\" style=\"--awb-bg-color:var(--awb-color1);--awb-bg-color-hover:var(--awb-color1);--awb-bg-blend:overlay;--awb-bg-size:cover;--awb-flex-grow:0;--awb-flex-shrink:0;--awb-flex-grow-medium:;--awb-flex-shrink-medium:;--awb-flex-grow-small:;--awb-flex-shrink-small:;\" data-scroll-devices=\"small-visibility,medium-visibility,large-visibility\"><div class=\"fusion-column-wrapper fusion-column-has-shadow fusion-flex-justify-content-space-around fusion-content-layout-column\"><div class=\"fusion-classic-product-image-wrapper fusion-woo-product-image fusion-post-card-image fusion-post-card-image-1 has-aspect-ratio\" data-layout=\"static\" style=\"--awb-aspect-ratio:3 \/ 2;\"><div  class=\"fusion-image-wrapper\" aria-haspopup=\"true\">\n\t\t\t\t\t\t\t<a href=\"https:\/\/www.mundusmaris.org\/es\/dia-mundial-del-oceano\/wod-2024-es\/celebran-nuevamente-el-dia-mundial-del-oceano-con-mundus-maris-en-tres-continentes\/\" aria-label=\"El DMO comienza en el Festival del Medio Ambiente de Bruselas, el 2 de junio de 2024\">\n\t\t\t\t\t\t\t<img decoding=\"async\" width=\"800\" height=\"500\" src=\"https:\/\/www.mundusmaris.org\/wp-content\/uploads\/2024\/07\/copertina_posts.jpg\" class=\"attachment-full size-full wp-post-image\" alt=\"\" srcset=\"https:\/\/www.mundusmaris.org\/wp-content\/uploads\/2024\/07\/copertina_posts-200x125.jpg 200w, https:\/\/www.mundusmaris.org\/wp-content\/uploads\/2024\/07\/copertina_posts-400x250.jpg 400w, https:\/\/www.mundusmaris.org\/wp-content\/uploads\/2024\/07\/copertina_posts-600x375.jpg 600w, https:\/\/www.mundusmaris.org\/wp-content\/uploads\/2024\/07\/copertina_posts.jpg 800w\" sizes=\"(min-width: 2200px) 100vw, (min-width: 784px) 373px, (min-width: 712px) 560px, (min-width: 640px) 712px, \" \/>\t\t\t<\/a>\n\t\t\t\t\t\t\t<\/div>\n<\/div><div class=\"fusion-meta-tb fusion-meta-tb-118 floated\" style=\"--awb-border-top:0px;--awb-height:36px;--awb-alignment-medium:flex-start;--awb-alignment-small:flex-start;\"><span class=\"fusion-tb-published-date\">Published On: 4 de julio de 2024<\/span><span class=\"fusion-meta-tb-sep\"><\/span><\/div><div class=\"fusion-title title fusion-title-119 fusion-sep-none fusion-title-text fusion-title-size-four\" style=\"--awb-margin-top:20px;--awb-margin-right:20px;--awb-margin-bottom:20px;--awb-margin-left:20px;--awb-margin-top-small:10px;--awb-margin-right-small:0px;--awb-margin-bottom-small:10px;--awb-margin-left-small:0px;--awb-font-size:24px;\"><h4 class=\"fusion-title-heading title-heading-left\" style=\"font-family:&quot;IBM Plex Sans Condensed&quot;;font-style:normal;font-weight:500;margin:0;font-size:1em;line-height:1.2;\"><a href=\"https:\/\/www.mundusmaris.org\/es\/dia-mundial-del-oceano\/wod-2024-es\/celebran-nuevamente-el-dia-mundial-del-oceano-con-mundus-maris-en-tres-continentes\/\" class=\"awb-custom-text-color awb-custom-text-hover-color\" target=\"_self\">El DMO comienza en el Festival del Medio Ambiente de Bruselas, el 2 de junio de 2024<\/a><\/h4><\/div><\/div><\/li>\n<li class=\"fusion-layout-column fusion_builder_column fusion-builder-column-120 fusion-flex-column post-card fusion-grid-column fusion-post-cards-grid-column\" style=\"--awb-bg-color:var(--awb-color1);--awb-bg-color-hover:var(--awb-color1);--awb-bg-blend:overlay;--awb-bg-size:cover;--awb-flex-grow:0;--awb-flex-shrink:0;--awb-flex-grow-medium:;--awb-flex-shrink-medium:;--awb-flex-grow-small:;--awb-flex-shrink-small:;\" data-scroll-devices=\"small-visibility,medium-visibility,large-visibility\"><div class=\"fusion-column-wrapper fusion-column-has-shadow fusion-flex-justify-content-space-around fusion-content-layout-column\"><div class=\"fusion-classic-product-image-wrapper fusion-woo-product-image fusion-post-card-image fusion-post-card-image-1 has-aspect-ratio\" data-layout=\"static\" style=\"--awb-aspect-ratio:3 \/ 2;\"><div  class=\"fusion-image-wrapper\" aria-haspopup=\"true\">\n\t\t\t\t\t\t\t<a href=\"https:\/\/www.mundusmaris.org\/es\/dia-mundial-del-oceano\/wod-2024-es\/awaken-new-depths-celebrando-en-akure-estado-de-ondo-nigeria\/\" aria-label=\"Awaken New Depths, celebrando en Akure, Estado de Ondo, Nigeria\">\n\t\t\t\t\t\t\t<img decoding=\"async\" width=\"800\" height=\"500\" src=\"https:\/\/www.mundusmaris.org\/wp-content\/uploads\/2024\/07\/copertina_posts-1.jpg\" class=\"attachment-full size-full wp-post-image\" alt=\"\" srcset=\"https:\/\/www.mundusmaris.org\/wp-content\/uploads\/2024\/07\/copertina_posts-1-200x125.jpg 200w, https:\/\/www.mundusmaris.org\/wp-content\/uploads\/2024\/07\/copertina_posts-1-400x250.jpg 400w, https:\/\/www.mundusmaris.org\/wp-content\/uploads\/2024\/07\/copertina_posts-1-600x375.jpg 600w, https:\/\/www.mundusmaris.org\/wp-content\/uploads\/2024\/07\/copertina_posts-1.jpg 800w\" sizes=\"(min-width: 2200px) 100vw, (min-width: 784px) 373px, (min-width: 712px) 560px, (min-width: 640px) 712px, \" \/>\t\t\t<\/a>\n\t\t\t\t\t\t\t<\/div>\n<\/div><div class=\"fusion-meta-tb fusion-meta-tb-119 floated\" style=\"--awb-border-top:0px;--awb-height:36px;--awb-alignment-medium:flex-start;--awb-alignment-small:flex-start;\"><span class=\"fusion-tb-published-date\">Published On: 4 de julio de 2024<\/span><span class=\"fusion-meta-tb-sep\"><\/span><\/div><div class=\"fusion-title title fusion-title-120 fusion-sep-none fusion-title-text fusion-title-size-four\" style=\"--awb-margin-top:20px;--awb-margin-right:20px;--awb-margin-bottom:20px;--awb-margin-left:20px;--awb-margin-top-small:10px;--awb-margin-right-small:0px;--awb-margin-bottom-small:10px;--awb-margin-left-small:0px;--awb-font-size:24px;\"><h4 class=\"fusion-title-heading title-heading-left\" style=\"font-family:&quot;IBM Plex Sans Condensed&quot;;font-style:normal;font-weight:500;margin:0;font-size:1em;line-height:1.2;\"><a href=\"https:\/\/www.mundusmaris.org\/es\/dia-mundial-del-oceano\/wod-2024-es\/awaken-new-depths-celebrando-en-akure-estado-de-ondo-nigeria\/\" class=\"awb-custom-text-color awb-custom-text-hover-color\" target=\"_self\">Awaken New Depths, celebrando en Akure, Estado de Ondo, Nigeria<\/a><\/h4><\/div><\/div><\/li>\n<li class=\"fusion-layout-column fusion_builder_column fusion-builder-column-121 fusion-flex-column post-card fusion-grid-column fusion-post-cards-grid-column\" style=\"--awb-bg-color:var(--awb-color1);--awb-bg-color-hover:var(--awb-color1);--awb-bg-blend:overlay;--awb-bg-size:cover;--awb-flex-grow:0;--awb-flex-shrink:0;--awb-flex-grow-medium:;--awb-flex-shrink-medium:;--awb-flex-grow-small:;--awb-flex-shrink-small:;\" data-scroll-devices=\"small-visibility,medium-visibility,large-visibility\"><div class=\"fusion-column-wrapper fusion-column-has-shadow fusion-flex-justify-content-space-around fusion-content-layout-column\"><div class=\"fusion-classic-product-image-wrapper fusion-woo-product-image fusion-post-card-image fusion-post-card-image-1 has-aspect-ratio\" data-layout=\"static\" style=\"--awb-aspect-ratio:3 \/ 2;\"><div  class=\"fusion-image-wrapper\" aria-haspopup=\"true\">\n\t\t\t\t\t\t\t<a href=\"https:\/\/www.mundusmaris.org\/es\/dia-mundial-del-oceano\/wod-2024-es\/celebrando-el-dia-mundial-del-oceano-en-buenos-aires-argentina\/\" aria-label=\"Celebrando el D\u00eda Mundial del Oc\u00e9ano en Buenos Aires, Argentina\">\n\t\t\t\t\t\t\t<img decoding=\"async\" width=\"800\" height=\"500\" src=\"https:\/\/www.mundusmaris.org\/wp-content\/uploads\/2024\/07\/copertina_posts-7.jpg\" class=\"attachment-full size-full wp-post-image\" alt=\"\" srcset=\"https:\/\/www.mundusmaris.org\/wp-content\/uploads\/2024\/07\/copertina_posts-7-200x125.jpg 200w, https:\/\/www.mundusmaris.org\/wp-content\/uploads\/2024\/07\/copertina_posts-7-400x250.jpg 400w, https:\/\/www.mundusmaris.org\/wp-content\/uploads\/2024\/07\/copertina_posts-7-600x375.jpg 600w, https:\/\/www.mundusmaris.org\/wp-content\/uploads\/2024\/07\/copertina_posts-7.jpg 800w\" sizes=\"(min-width: 2200px) 100vw, (min-width: 784px) 373px, (min-width: 712px) 560px, (min-width: 640px) 712px, \" \/>\t\t\t<\/a>\n\t\t\t\t\t\t\t<\/div>\n<\/div><div class=\"fusion-meta-tb fusion-meta-tb-120 floated\" style=\"--awb-border-top:0px;--awb-height:36px;--awb-alignment-medium:flex-start;--awb-alignment-small:flex-start;\"><span class=\"fusion-tb-published-date\">Published On: 4 de julio de 2024<\/span><span class=\"fusion-meta-tb-sep\"><\/span><\/div><div class=\"fusion-title title fusion-title-121 fusion-sep-none fusion-title-text fusion-title-size-four\" style=\"--awb-margin-top:20px;--awb-margin-right:20px;--awb-margin-bottom:20px;--awb-margin-left:20px;--awb-margin-top-small:10px;--awb-margin-right-small:0px;--awb-margin-bottom-small:10px;--awb-margin-left-small:0px;--awb-font-size:24px;\"><h4 class=\"fusion-title-heading title-heading-left\" style=\"font-family:&quot;IBM Plex Sans Condensed&quot;;font-style:normal;font-weight:500;margin:0;font-size:1em;line-height:1.2;\"><a href=\"https:\/\/www.mundusmaris.org\/es\/dia-mundial-del-oceano\/wod-2024-es\/celebrando-el-dia-mundial-del-oceano-en-buenos-aires-argentina\/\" class=\"awb-custom-text-color awb-custom-text-hover-color\" target=\"_self\">Celebrando el D\u00eda Mundial del Oc\u00e9ano en Buenos Aires, Argentina<\/a><\/h4><\/div><\/div><\/li>\n<li class=\"fusion-layout-column fusion_builder_column fusion-builder-column-122 fusion-flex-column post-card fusion-grid-column fusion-post-cards-grid-column\" style=\"--awb-bg-color:var(--awb-color1);--awb-bg-color-hover:var(--awb-color1);--awb-bg-blend:overlay;--awb-bg-size:cover;--awb-flex-grow:0;--awb-flex-shrink:0;--awb-flex-grow-medium:;--awb-flex-shrink-medium:;--awb-flex-grow-small:;--awb-flex-shrink-small:;\" data-scroll-devices=\"small-visibility,medium-visibility,large-visibility\"><div class=\"fusion-column-wrapper fusion-column-has-shadow fusion-flex-justify-content-space-around fusion-content-layout-column\"><div class=\"fusion-classic-product-image-wrapper fusion-woo-product-image fusion-post-card-image fusion-post-card-image-1 has-aspect-ratio\" data-layout=\"static\" style=\"--awb-aspect-ratio:3 \/ 2;\"><div  class=\"fusion-image-wrapper\" aria-haspopup=\"true\">\n\t\t\t\t\t\t\t<a href=\"https:\/\/www.mundusmaris.org\/es\/dia-mundial-del-oceano\/wod-2024-es\/concierto-por-dia-mundial-del-oceano-alcala-de-henares-espana\/\" aria-label=\"Concierto por el D\u00eda Mundial del Oc\u00e9ano en Alcal\u00e1 de Henares, Espa\u00f1a\">\n\t\t\t\t\t\t\t<img decoding=\"async\" width=\"800\" height=\"500\" src=\"https:\/\/www.mundusmaris.org\/wp-content\/uploads\/2024\/07\/copertina_posts-6.jpg\" class=\"attachment-full size-full wp-post-image\" alt=\"\" srcset=\"https:\/\/www.mundusmaris.org\/wp-content\/uploads\/2024\/07\/copertina_posts-6-200x125.jpg 200w, https:\/\/www.mundusmaris.org\/wp-content\/uploads\/2024\/07\/copertina_posts-6-400x250.jpg 400w, https:\/\/www.mundusmaris.org\/wp-content\/uploads\/2024\/07\/copertina_posts-6-600x375.jpg 600w, https:\/\/www.mundusmaris.org\/wp-content\/uploads\/2024\/07\/copertina_posts-6.jpg 800w\" sizes=\"(min-width: 2200px) 100vw, (min-width: 784px) 373px, (min-width: 712px) 560px, (min-width: 640px) 712px, \" \/>\t\t\t<\/a>\n\t\t\t\t\t\t\t<\/div>\n<\/div><div class=\"fusion-meta-tb fusion-meta-tb-121 floated\" style=\"--awb-border-top:0px;--awb-height:36px;--awb-alignment-medium:flex-start;--awb-alignment-small:flex-start;\"><span class=\"fusion-tb-published-date\">Published On: 4 de julio de 2024<\/span><span class=\"fusion-meta-tb-sep\"><\/span><\/div><div class=\"fusion-title title fusion-title-122 fusion-sep-none fusion-title-text fusion-title-size-four\" style=\"--awb-margin-top:20px;--awb-margin-right:20px;--awb-margin-bottom:20px;--awb-margin-left:20px;--awb-margin-top-small:10px;--awb-margin-right-small:0px;--awb-margin-bottom-small:10px;--awb-margin-left-small:0px;--awb-font-size:24px;\"><h4 class=\"fusion-title-heading title-heading-left\" style=\"font-family:&quot;IBM Plex Sans Condensed&quot;;font-style:normal;font-weight:500;margin:0;font-size:1em;line-height:1.2;\"><a href=\"https:\/\/www.mundusmaris.org\/es\/dia-mundial-del-oceano\/wod-2024-es\/concierto-por-dia-mundial-del-oceano-alcala-de-henares-espana\/\" class=\"awb-custom-text-color awb-custom-text-hover-color\" target=\"_self\">Concierto por el D\u00eda Mundial del Oc\u00e9ano en Alcal\u00e1 de Henares, Espa\u00f1a<\/a><\/h4><\/div><\/div><\/li>\n<li class=\"fusion-layout-column fusion_builder_column fusion-builder-column-123 fusion-flex-column post-card fusion-grid-column fusion-post-cards-grid-column\" style=\"--awb-bg-color:var(--awb-color1);--awb-bg-color-hover:var(--awb-color1);--awb-bg-blend:overlay;--awb-bg-size:cover;--awb-flex-grow:0;--awb-flex-shrink:0;--awb-flex-grow-medium:;--awb-flex-shrink-medium:;--awb-flex-grow-small:;--awb-flex-shrink-small:;\" data-scroll-devices=\"small-visibility,medium-visibility,large-visibility\"><div class=\"fusion-column-wrapper fusion-column-has-shadow fusion-flex-justify-content-space-around fusion-content-layout-column\"><div class=\"fusion-classic-product-image-wrapper fusion-woo-product-image fusion-post-card-image fusion-post-card-image-1 has-aspect-ratio\" data-layout=\"static\" style=\"--awb-aspect-ratio:3 \/ 2;\"><div  class=\"fusion-image-wrapper\" aria-haspopup=\"true\">\n\t\t\t\t\t\t\t<a href=\"https:\/\/www.mundusmaris.org\/es\/dia-mundial-del-oceano\/wod-2024-es\/mundus-maris-celebra-el-world-ocean-day-2024-con-la-cumbre-del-oceano-en-kiel-alemania\/\" aria-label=\"Mundus maris celebra el Dia Mundial del Oc\u00e9ano 2024 con la Cumbre del Oc\u00e9ano en Kiel, Alemania\">\n\t\t\t\t\t\t\t<img decoding=\"async\" width=\"800\" height=\"500\" src=\"https:\/\/www.mundusmaris.org\/wp-content\/uploads\/2024\/07\/copertina_posts-5.jpg\" class=\"attachment-full size-full wp-post-image\" alt=\"\" srcset=\"https:\/\/www.mundusmaris.org\/wp-content\/uploads\/2024\/07\/copertina_posts-5-200x125.jpg 200w, https:\/\/www.mundusmaris.org\/wp-content\/uploads\/2024\/07\/copertina_posts-5-400x250.jpg 400w, https:\/\/www.mundusmaris.org\/wp-content\/uploads\/2024\/07\/copertina_posts-5-600x375.jpg 600w, https:\/\/www.mundusmaris.org\/wp-content\/uploads\/2024\/07\/copertina_posts-5.jpg 800w\" sizes=\"(min-width: 2200px) 100vw, (min-width: 784px) 373px, (min-width: 712px) 560px, (min-width: 640px) 712px, \" \/>\t\t\t<\/a>\n\t\t\t\t\t\t\t<\/div>\n<\/div><div class=\"fusion-meta-tb fusion-meta-tb-122 floated\" style=\"--awb-border-top:0px;--awb-height:36px;--awb-alignment-medium:flex-start;--awb-alignment-small:flex-start;\"><span class=\"fusion-tb-published-date\">Published On: 4 de julio de 2024<\/span><span class=\"fusion-meta-tb-sep\"><\/span><\/div><div class=\"fusion-title title fusion-title-123 fusion-sep-none fusion-title-text fusion-title-size-four\" style=\"--awb-margin-top:20px;--awb-margin-right:20px;--awb-margin-bottom:20px;--awb-margin-left:20px;--awb-margin-top-small:10px;--awb-margin-right-small:0px;--awb-margin-bottom-small:10px;--awb-margin-left-small:0px;--awb-font-size:24px;\"><h4 class=\"fusion-title-heading title-heading-left\" style=\"font-family:&quot;IBM Plex Sans Condensed&quot;;font-style:normal;font-weight:500;margin:0;font-size:1em;line-height:1.2;\"><a href=\"https:\/\/www.mundusmaris.org\/es\/dia-mundial-del-oceano\/wod-2024-es\/mundus-maris-celebra-el-world-ocean-day-2024-con-la-cumbre-del-oceano-en-kiel-alemania\/\" class=\"awb-custom-text-color awb-custom-text-hover-color\" target=\"_self\">Mundus maris celebra el Dia Mundial del Oc\u00e9ano 2024 con la Cumbre del Oc\u00e9ano en Kiel, Alemania<\/a><\/h4><\/div><\/div><\/li>\n<li class=\"fusion-layout-column fusion_builder_column fusion-builder-column-124 fusion-flex-column post-card fusion-grid-column fusion-post-cards-grid-column\" style=\"--awb-bg-color:var(--awb-color1);--awb-bg-color-hover:var(--awb-color1);--awb-bg-blend:overlay;--awb-bg-size:cover;--awb-flex-grow:0;--awb-flex-shrink:0;--awb-flex-grow-medium:;--awb-flex-shrink-medium:;--awb-flex-grow-small:;--awb-flex-shrink-small:;\" data-scroll-devices=\"small-visibility,medium-visibility,large-visibility\"><div class=\"fusion-column-wrapper fusion-column-has-shadow fusion-flex-justify-content-space-around fusion-content-layout-column\"><div class=\"fusion-classic-product-image-wrapper fusion-woo-product-image fusion-post-card-image fusion-post-card-image-1 has-aspect-ratio\" data-layout=\"static\" style=\"--awb-aspect-ratio:3 \/ 2;\"><div  class=\"fusion-image-wrapper\" aria-haspopup=\"true\">\n\t\t\t\t\t\t\t<a href=\"https:\/\/www.mundusmaris.org\/es\/dia-mundial-del-oceano\/wod-2024-es\/juego-de-roles-en-camerun\/\" aria-label=\"Juego de roles en Camer\u00fan\">\n\t\t\t\t\t\t\t<img decoding=\"async\" width=\"800\" height=\"500\" src=\"https:\/\/www.mundusmaris.org\/wp-content\/uploads\/2024\/07\/copertina_posts-4.jpg\" class=\"attachment-full size-full wp-post-image\" alt=\"\" srcset=\"https:\/\/www.mundusmaris.org\/wp-content\/uploads\/2024\/07\/copertina_posts-4-200x125.jpg 200w, https:\/\/www.mundusmaris.org\/wp-content\/uploads\/2024\/07\/copertina_posts-4-400x250.jpg 400w, https:\/\/www.mundusmaris.org\/wp-content\/uploads\/2024\/07\/copertina_posts-4-600x375.jpg 600w, https:\/\/www.mundusmaris.org\/wp-content\/uploads\/2024\/07\/copertina_posts-4.jpg 800w\" sizes=\"(min-width: 2200px) 100vw, (min-width: 784px) 373px, (min-width: 712px) 560px, (min-width: 640px) 712px, \" \/>\t\t\t<\/a>\n\t\t\t\t\t\t\t<\/div>\n<\/div><div class=\"fusion-meta-tb fusion-meta-tb-123 floated\" style=\"--awb-border-top:0px;--awb-height:36px;--awb-alignment-medium:flex-start;--awb-alignment-small:flex-start;\"><span class=\"fusion-tb-published-date\">Published On: 4 de julio de 2024<\/span><span class=\"fusion-meta-tb-sep\"><\/span><\/div><div class=\"fusion-title title fusion-title-124 fusion-sep-none fusion-title-text fusion-title-size-four\" style=\"--awb-margin-top:20px;--awb-margin-right:20px;--awb-margin-bottom:20px;--awb-margin-left:20px;--awb-margin-top-small:10px;--awb-margin-right-small:0px;--awb-margin-bottom-small:10px;--awb-margin-left-small:0px;--awb-font-size:24px;\"><h4 class=\"fusion-title-heading title-heading-left\" style=\"font-family:&quot;IBM Plex Sans Condensed&quot;;font-style:normal;font-weight:500;margin:0;font-size:1em;line-height:1.2;\"><a href=\"https:\/\/www.mundusmaris.org\/es\/dia-mundial-del-oceano\/wod-2024-es\/juego-de-roles-en-camerun\/\" class=\"awb-custom-text-color awb-custom-text-hover-color\" target=\"_self\">Juego de roles en Camer\u00fan<\/a><\/h4><\/div><\/div><\/li>\n<li class=\"fusion-layout-column fusion_builder_column fusion-builder-column-125 fusion-flex-column post-card fusion-grid-column fusion-post-cards-grid-column\" style=\"--awb-bg-color:var(--awb-color1);--awb-bg-color-hover:var(--awb-color1);--awb-bg-blend:overlay;--awb-bg-size:cover;--awb-flex-grow:0;--awb-flex-shrink:0;--awb-flex-grow-medium:;--awb-flex-shrink-medium:;--awb-flex-grow-small:;--awb-flex-shrink-small:;\" data-scroll-devices=\"small-visibility,medium-visibility,large-visibility\"><div class=\"fusion-column-wrapper fusion-column-has-shadow fusion-flex-justify-content-space-around fusion-content-layout-column\"><div class=\"fusion-classic-product-image-wrapper fusion-woo-product-image fusion-post-card-image fusion-post-card-image-1 has-aspect-ratio\" data-layout=\"static\" style=\"--awb-aspect-ratio:3 \/ 2;\"><div  class=\"fusion-image-wrapper\" aria-haspopup=\"true\">\n\t\t\t\t\t\t\t<a href=\"https:\/\/www.mundusmaris.org\/es\/dia-mundial-del-oceano\/wod-2024-es\/seminario-virtual-dia-mundial-del-oceano-accion-lagos-llama\/\" aria-label=\"Seminario virtual D\u00eda Mundial del Oc\u00e9ano: Acci\u00f3n catalizadora para nuestro oc\u00e9ano y clima: Lagos llama\">\n\t\t\t\t\t\t\t<img decoding=\"async\" width=\"750\" height=\"750\" src=\"https:\/\/www.mundusmaris.org\/wp-content\/uploads\/2024\/07\/PosterAnnouncement20240608-750px.jpg\" class=\"attachment-full size-full wp-post-image\" alt=\"\" srcset=\"https:\/\/www.mundusmaris.org\/wp-content\/uploads\/2024\/07\/PosterAnnouncement20240608-750px-200x200.jpg 200w, https:\/\/www.mundusmaris.org\/wp-content\/uploads\/2024\/07\/PosterAnnouncement20240608-750px-400x400.jpg 400w, https:\/\/www.mundusmaris.org\/wp-content\/uploads\/2024\/07\/PosterAnnouncement20240608-750px-600x600.jpg 600w, https:\/\/www.mundusmaris.org\/wp-content\/uploads\/2024\/07\/PosterAnnouncement20240608-750px.jpg 750w\" sizes=\"(min-width: 2200px) 100vw, (min-width: 784px) 373px, (min-width: 712px) 560px, (min-width: 640px) 712px, \" \/>\t\t\t<\/a>\n\t\t\t\t\t\t\t<\/div>\n<\/div><div class=\"fusion-meta-tb fusion-meta-tb-124 floated\" style=\"--awb-border-top:0px;--awb-height:36px;--awb-alignment-medium:flex-start;--awb-alignment-small:flex-start;\"><span class=\"fusion-tb-published-date\">Published On: 4 de julio de 2024<\/span><span class=\"fusion-meta-tb-sep\"><\/span><\/div><div class=\"fusion-title title fusion-title-125 fusion-sep-none fusion-title-text fusion-title-size-four\" style=\"--awb-margin-top:20px;--awb-margin-right:20px;--awb-margin-bottom:20px;--awb-margin-left:20px;--awb-margin-top-small:10px;--awb-margin-right-small:0px;--awb-margin-bottom-small:10px;--awb-margin-left-small:0px;--awb-font-size:24px;\"><h4 class=\"fusion-title-heading title-heading-left\" style=\"font-family:&quot;IBM Plex Sans Condensed&quot;;font-style:normal;font-weight:500;margin:0;font-size:1em;line-height:1.2;\"><a href=\"https:\/\/www.mundusmaris.org\/es\/dia-mundial-del-oceano\/wod-2024-es\/seminario-virtual-dia-mundial-del-oceano-accion-lagos-llama\/\" class=\"awb-custom-text-color awb-custom-text-hover-color\" target=\"_self\">Seminario virtual D\u00eda Mundial del Oc\u00e9ano: Acci\u00f3n catalizadora para nuestro oc\u00e9ano y clima: Lagos llama<\/a><\/h4><\/div><\/div><\/li>\n<li class=\"fusion-layout-column fusion_builder_column fusion-builder-column-126 fusion-flex-column post-card fusion-grid-column fusion-post-cards-grid-column\" style=\"--awb-bg-color:var(--awb-color1);--awb-bg-color-hover:var(--awb-color1);--awb-bg-blend:overlay;--awb-bg-size:cover;--awb-flex-grow:0;--awb-flex-shrink:0;--awb-flex-grow-medium:;--awb-flex-shrink-medium:;--awb-flex-grow-small:;--awb-flex-shrink-small:;\" data-scroll-devices=\"small-visibility,medium-visibility,large-visibility\"><div class=\"fusion-column-wrapper fusion-column-has-shadow fusion-flex-justify-content-space-around fusion-content-layout-column\"><div class=\"fusion-classic-product-image-wrapper fusion-woo-product-image fusion-post-card-image fusion-post-card-image-1 has-aspect-ratio\" data-layout=\"static\" style=\"--awb-aspect-ratio:3 \/ 2;\"><div  class=\"fusion-image-wrapper\" aria-haspopup=\"true\">\n\t\t\t\t\t\t\t<a href=\"https:\/\/www.mundusmaris.org\/es\/dia-mundial-del-oceano\/wod-2024-es\/futbol-como-herramienta-de-comunicacion-para-proteccion-del-oceano-senegal\/\" aria-label=\"El f\u00fatbol como herramienta de comunicaci\u00f3n para la protecci\u00f3n del oc\u00e9ano\">\n\t\t\t\t\t\t\t<img decoding=\"async\" width=\"800\" height=\"600\" src=\"https:\/\/www.mundusmaris.org\/wp-content\/uploads\/2024\/07\/JMO_BannerAll11ys.jpg\" class=\"attachment-full size-full wp-post-image\" alt=\"\" srcset=\"https:\/\/www.mundusmaris.org\/wp-content\/uploads\/2024\/07\/JMO_BannerAll11ys-200x150.jpg 200w, https:\/\/www.mundusmaris.org\/wp-content\/uploads\/2024\/07\/JMO_BannerAll11ys-400x300.jpg 400w, https:\/\/www.mundusmaris.org\/wp-content\/uploads\/2024\/07\/JMO_BannerAll11ys-600x450.jpg 600w, https:\/\/www.mundusmaris.org\/wp-content\/uploads\/2024\/07\/JMO_BannerAll11ys.jpg 800w\" sizes=\"(min-width: 2200px) 100vw, (min-width: 784px) 373px, (min-width: 712px) 560px, (min-width: 640px) 712px, \" \/>\t\t\t<\/a>\n\t\t\t\t\t\t\t<\/div>\n<\/div><div class=\"fusion-meta-tb fusion-meta-tb-125 floated\" style=\"--awb-border-top:0px;--awb-height:36px;--awb-alignment-medium:flex-start;--awb-alignment-small:flex-start;\"><span class=\"fusion-tb-published-date\">Published On: 4 de julio de 2024<\/span><span class=\"fusion-meta-tb-sep\"><\/span><\/div><div class=\"fusion-title title fusion-title-126 fusion-sep-none fusion-title-text fusion-title-size-four\" style=\"--awb-margin-top:20px;--awb-margin-right:20px;--awb-margin-bottom:20px;--awb-margin-left:20px;--awb-margin-top-small:10px;--awb-margin-right-small:0px;--awb-margin-bottom-small:10px;--awb-margin-left-small:0px;--awb-font-size:24px;\"><h4 class=\"fusion-title-heading title-heading-left\" style=\"font-family:&quot;IBM Plex Sans Condensed&quot;;font-style:normal;font-weight:500;margin:0;font-size:1em;line-height:1.2;\"><a href=\"https:\/\/www.mundusmaris.org\/es\/dia-mundial-del-oceano\/wod-2024-es\/futbol-como-herramienta-de-comunicacion-para-proteccion-del-oceano-senegal\/\" class=\"awb-custom-text-color awb-custom-text-hover-color\" target=\"_self\">El f\u00fatbol como herramienta de comunicaci\u00f3n para la protecci\u00f3n del oc\u00e9ano<\/a><\/h4><\/div><\/div><\/li>\n<li class=\"fusion-layout-column fusion_builder_column fusion-builder-column-127 fusion-flex-column post-card fusion-grid-column fusion-post-cards-grid-column\" style=\"--awb-bg-color:var(--awb-color1);--awb-bg-color-hover:var(--awb-color1);--awb-bg-blend:overlay;--awb-bg-size:cover;--awb-flex-grow:0;--awb-flex-shrink:0;--awb-flex-grow-medium:;--awb-flex-shrink-medium:;--awb-flex-grow-small:;--awb-flex-shrink-small:;\" data-scroll-devices=\"small-visibility,medium-visibility,large-visibility\"><div class=\"fusion-column-wrapper fusion-column-has-shadow fusion-flex-justify-content-space-around fusion-content-layout-column\"><div class=\"fusion-classic-product-image-wrapper fusion-woo-product-image fusion-post-card-image fusion-post-card-image-1 has-aspect-ratio\" data-layout=\"static\" style=\"--awb-aspect-ratio:3 \/ 2;\"><div  class=\"fusion-image-wrapper\" aria-haspopup=\"true\">\n\t\t\t\t\t\t\t<a href=\"https:\/\/www.mundusmaris.org\/es\/dia-mundial-del-oceano\/wod-2024-es\/world-ocean-day-with-the-kawabata-yasunari-school-in-hann-senegal\/\" aria-label=\"World Ocean Day with the Kawabata Yasunari School in Hann, Senegal\">\n\t\t\t\t\t\t\t<img decoding=\"async\" width=\"736\" height=\"552\" src=\"https:\/\/www.mundusmaris.org\/wp-content\/uploads\/2024\/08\/GroupFotoWOD-Excursion.jpg\" class=\"attachment-full size-full wp-post-image\" alt=\"\" srcset=\"https:\/\/www.mundusmaris.org\/wp-content\/uploads\/2024\/08\/GroupFotoWOD-Excursion-200x150.jpg 200w, https:\/\/www.mundusmaris.org\/wp-content\/uploads\/2024\/08\/GroupFotoWOD-Excursion-400x300.jpg 400w, https:\/\/www.mundusmaris.org\/wp-content\/uploads\/2024\/08\/GroupFotoWOD-Excursion-600x450.jpg 600w, https:\/\/www.mundusmaris.org\/wp-content\/uploads\/2024\/08\/GroupFotoWOD-Excursion.jpg 736w\" sizes=\"(min-width: 2200px) 100vw, (min-width: 784px) 373px, (min-width: 712px) 560px, (min-width: 640px) 712px, \" \/>\t\t\t<\/a>\n\t\t\t\t\t\t\t<\/div>\n<\/div><div class=\"fusion-meta-tb fusion-meta-tb-126 floated\" style=\"--awb-border-top:0px;--awb-height:36px;--awb-alignment-medium:flex-start;--awb-alignment-small:flex-start;\"><span class=\"fusion-tb-published-date\">Published On: 4 de julio de 2024<\/span><span class=\"fusion-meta-tb-sep\"><\/span><\/div><div class=\"fusion-title title fusion-title-127 fusion-sep-none fusion-title-text fusion-title-size-four\" style=\"--awb-margin-top:20px;--awb-margin-right:20px;--awb-margin-bottom:20px;--awb-margin-left:20px;--awb-margin-top-small:10px;--awb-margin-right-small:0px;--awb-margin-bottom-small:10px;--awb-margin-left-small:0px;--awb-font-size:24px;\"><h4 class=\"fusion-title-heading title-heading-left\" style=\"font-family:&quot;IBM Plex Sans Condensed&quot;;font-style:normal;font-weight:500;margin:0;font-size:1em;line-height:1.2;\"><a href=\"https:\/\/www.mundusmaris.org\/es\/dia-mundial-del-oceano\/wod-2024-es\/world-ocean-day-with-the-kawabata-yasunari-school-in-hann-senegal\/\" class=\"awb-custom-text-color awb-custom-text-hover-color\" target=\"_self\">World Ocean Day with the Kawabata Yasunari School in Hann, Senegal<\/a><\/h4><\/div><\/div><\/li>\n<li class=\"fusion-layout-column fusion_builder_column fusion-builder-column-128 fusion-flex-column post-card fusion-grid-column fusion-post-cards-grid-column\" style=\"--awb-bg-color:var(--awb-color1);--awb-bg-color-hover:var(--awb-color1);--awb-bg-blend:overlay;--awb-bg-size:cover;--awb-flex-grow:0;--awb-flex-shrink:0;--awb-flex-grow-medium:;--awb-flex-shrink-medium:;--awb-flex-grow-small:;--awb-flex-shrink-small:;\" data-scroll-devices=\"small-visibility,medium-visibility,large-visibility\"><div class=\"fusion-column-wrapper fusion-column-has-shadow fusion-flex-justify-content-space-around fusion-content-layout-column\"><div class=\"fusion-classic-product-image-wrapper fusion-woo-product-image fusion-post-card-image fusion-post-card-image-1 has-aspect-ratio\" data-layout=\"static\" style=\"--awb-aspect-ratio:3 \/ 2;\"><div  class=\"fusion-image-wrapper\" aria-haspopup=\"true\">\n\t\t\t\t\t\t\t<a href=\"https:\/\/www.mundusmaris.org\/es\/dia-mundial-del-oceano\/wod-2024-es\/la-muestra-ritmos-de-la-naturaleza-le-da-un-toque-artistico-a-la-semana-mundial-del-oceano\/\" aria-label=\"La muestra &#8216;Ritmos de la Naturaleza&#8217; le da un toque art\u00edstico a la Semana Mundial del Oc\u00e9ano\">\n\t\t\t\t\t\t\t<img decoding=\"async\" width=\"800\" height=\"500\" src=\"https:\/\/www.mundusmaris.org\/wp-content\/uploads\/2024\/07\/copertina_posts-3.jpg\" class=\"attachment-full size-full wp-post-image\" alt=\"\" srcset=\"https:\/\/www.mundusmaris.org\/wp-content\/uploads\/2024\/07\/copertina_posts-3-200x125.jpg 200w, https:\/\/www.mundusmaris.org\/wp-content\/uploads\/2024\/07\/copertina_posts-3-400x250.jpg 400w, https:\/\/www.mundusmaris.org\/wp-content\/uploads\/2024\/07\/copertina_posts-3-600x375.jpg 600w, https:\/\/www.mundusmaris.org\/wp-content\/uploads\/2024\/07\/copertina_posts-3.jpg 800w\" sizes=\"(min-width: 2200px) 100vw, (min-width: 784px) 373px, (min-width: 712px) 560px, (min-width: 640px) 712px, \" \/>\t\t\t<\/a>\n\t\t\t\t\t\t\t<\/div>\n<\/div><div class=\"fusion-meta-tb fusion-meta-tb-127 floated\" style=\"--awb-border-top:0px;--awb-height:36px;--awb-alignment-medium:flex-start;--awb-alignment-small:flex-start;\"><span class=\"fusion-tb-published-date\">Published On: 4 de julio de 2024<\/span><span class=\"fusion-meta-tb-sep\"><\/span><\/div><div class=\"fusion-title title fusion-title-128 fusion-sep-none fusion-title-text fusion-title-size-four\" style=\"--awb-margin-top:20px;--awb-margin-right:20px;--awb-margin-bottom:20px;--awb-margin-left:20px;--awb-margin-top-small:10px;--awb-margin-right-small:0px;--awb-margin-bottom-small:10px;--awb-margin-left-small:0px;--awb-font-size:24px;\"><h4 class=\"fusion-title-heading title-heading-left\" style=\"font-family:&quot;IBM Plex Sans Condensed&quot;;font-style:normal;font-weight:500;margin:0;font-size:1em;line-height:1.2;\"><a href=\"https:\/\/www.mundusmaris.org\/es\/dia-mundial-del-oceano\/wod-2024-es\/la-muestra-ritmos-de-la-naturaleza-le-da-un-toque-artistico-a-la-semana-mundial-del-oceano\/\" class=\"awb-custom-text-color awb-custom-text-hover-color\" target=\"_self\">La muestra &#8216;Ritmos de la Naturaleza&#8217; le da un toque art\u00edstico a la Semana Mundial del Oc\u00e9ano<\/a><\/h4><\/div><\/div><\/li>\n<li class=\"fusion-layout-column fusion_builder_column fusion-builder-column-129 fusion-flex-column post-card fusion-grid-column fusion-post-cards-grid-column\" style=\"--awb-bg-color:var(--awb-color1);--awb-bg-color-hover:var(--awb-color1);--awb-bg-blend:overlay;--awb-bg-size:cover;--awb-flex-grow:0;--awb-flex-shrink:0;--awb-flex-grow-medium:;--awb-flex-shrink-medium:;--awb-flex-grow-small:;--awb-flex-shrink-small:;\" data-scroll-devices=\"small-visibility,medium-visibility,large-visibility\"><div class=\"fusion-column-wrapper fusion-column-has-shadow fusion-flex-justify-content-space-around fusion-content-layout-column\"><div class=\"fusion-classic-product-image-wrapper fusion-woo-product-image fusion-post-card-image fusion-post-card-image-1 has-aspect-ratio\" data-layout=\"static\" style=\"--awb-aspect-ratio:3 \/ 2;\"><div  class=\"fusion-image-wrapper\" aria-haspopup=\"true\">\n\t\t\t\t\t\t\t<a href=\"https:\/\/www.mundusmaris.org\/es\/dia-mundial-del-oceano\/wod-2024-es\/cleaning-up-around-a-creek-in-hilden-germany-again\/\" aria-label=\"Una vez m\u00e1s: limpieza alrededor del arroyo en Hilden, Alemania\">\n\t\t\t\t\t\t\t<img decoding=\"async\" width=\"800\" height=\"500\" src=\"https:\/\/www.mundusmaris.org\/wp-content\/uploads\/2024\/07\/copertina_posts-2.jpg\" class=\"attachment-full size-full wp-post-image\" alt=\"\" srcset=\"https:\/\/www.mundusmaris.org\/wp-content\/uploads\/2024\/07\/copertina_posts-2-200x125.jpg 200w, https:\/\/www.mundusmaris.org\/wp-content\/uploads\/2024\/07\/copertina_posts-2-400x250.jpg 400w, https:\/\/www.mundusmaris.org\/wp-content\/uploads\/2024\/07\/copertina_posts-2-600x375.jpg 600w, https:\/\/www.mundusmaris.org\/wp-content\/uploads\/2024\/07\/copertina_posts-2.jpg 800w\" sizes=\"(min-width: 2200px) 100vw, (min-width: 784px) 373px, (min-width: 712px) 560px, (min-width: 640px) 712px, \" \/>\t\t\t<\/a>\n\t\t\t\t\t\t\t<\/div>\n<\/div><div class=\"fusion-meta-tb fusion-meta-tb-128 floated\" style=\"--awb-border-top:0px;--awb-height:36px;--awb-alignment-medium:flex-start;--awb-alignment-small:flex-start;\"><span class=\"fusion-tb-published-date\">Published On: 4 de julio de 2024<\/span><span class=\"fusion-meta-tb-sep\"><\/span><\/div><div class=\"fusion-title title fusion-title-129 fusion-sep-none fusion-title-text fusion-title-size-four\" style=\"--awb-margin-top:20px;--awb-margin-right:20px;--awb-margin-bottom:20px;--awb-margin-left:20px;--awb-margin-top-small:10px;--awb-margin-right-small:0px;--awb-margin-bottom-small:10px;--awb-margin-left-small:0px;--awb-font-size:24px;\"><h4 class=\"fusion-title-heading title-heading-left\" style=\"font-family:&quot;IBM Plex Sans Condensed&quot;;font-style:normal;font-weight:500;margin:0;font-size:1em;line-height:1.2;\"><a href=\"https:\/\/www.mundusmaris.org\/es\/dia-mundial-del-oceano\/wod-2024-es\/cleaning-up-around-a-creek-in-hilden-germany-again\/\" class=\"awb-custom-text-color awb-custom-text-hover-color\" target=\"_self\">Una vez m\u00e1s: limpieza alrededor del arroyo en Hilden, Alemania<\/a><\/h4><\/div><\/div><\/li>\n<li class=\"fusion-layout-column fusion_builder_column fusion-builder-column-130 fusion-flex-column post-card fusion-grid-column fusion-post-cards-grid-column\" style=\"--awb-bg-color:var(--awb-color1);--awb-bg-color-hover:var(--awb-color1);--awb-bg-blend:overlay;--awb-bg-size:cover;--awb-flex-grow:0;--awb-flex-shrink:0;--awb-flex-grow-medium:;--awb-flex-shrink-medium:;--awb-flex-grow-small:;--awb-flex-shrink-small:;\" data-scroll-devices=\"small-visibility,medium-visibility,large-visibility\"><div class=\"fusion-column-wrapper fusion-column-has-shadow fusion-flex-justify-content-space-around fusion-content-layout-column\"><div class=\"fusion-classic-product-image-wrapper fusion-woo-product-image fusion-post-card-image fusion-post-card-image-1 has-aspect-ratio\" data-layout=\"static\" style=\"--awb-aspect-ratio:3 \/ 2;\"><div  class=\"fusion-image-wrapper\" aria-haspopup=\"true\">\n\t\t\t\t\t\t\t<a href=\"https:\/\/www.mundusmaris.org\/es\/academia-de-pesca-en-pequena-escala\/baltic-fisheries-emergency-meeting-brussels-26-june-2024\/\" aria-label=\"Baltic Fisheries Emergency Meeting, Brussels, 26 June 2024\">\n\t\t\t\t\t\t\t<img decoding=\"async\" width=\"500\" height=\"333\" src=\"https:\/\/www.mundusmaris.org\/wp-content\/uploads\/2024\/08\/MartaCavalle_BrianORiordan.jpg\" class=\"attachment-full size-full wp-post-image\" alt=\"\" srcset=\"https:\/\/www.mundusmaris.org\/wp-content\/uploads\/2024\/08\/MartaCavalle_BrianORiordan-200x133.jpg 200w, https:\/\/www.mundusmaris.org\/wp-content\/uploads\/2024\/08\/MartaCavalle_BrianORiordan-400x266.jpg 400w, https:\/\/www.mundusmaris.org\/wp-content\/uploads\/2024\/08\/MartaCavalle_BrianORiordan.jpg 500w\" sizes=\"(min-width: 2200px) 100vw, (min-width: 784px) 373px, (min-width: 712px) 560px, (min-width: 640px) 712px, \" \/>\t\t\t<\/a>\n\t\t\t\t\t\t\t<\/div>\n<\/div><div class=\"fusion-meta-tb fusion-meta-tb-129 floated\" style=\"--awb-border-top:0px;--awb-height:36px;--awb-alignment-medium:flex-start;--awb-alignment-small:flex-start;\"><span class=\"fusion-tb-published-date\">Published On: 28 de junio de 2024<\/span><span class=\"fusion-meta-tb-sep\"><\/span><\/div><div class=\"fusion-title title fusion-title-130 fusion-sep-none fusion-title-text fusion-title-size-four\" style=\"--awb-margin-top:20px;--awb-margin-right:20px;--awb-margin-bottom:20px;--awb-margin-left:20px;--awb-margin-top-small:10px;--awb-margin-right-small:0px;--awb-margin-bottom-small:10px;--awb-margin-left-small:0px;--awb-font-size:24px;\"><h4 class=\"fusion-title-heading title-heading-left\" style=\"font-family:&quot;IBM Plex Sans Condensed&quot;;font-style:normal;font-weight:500;margin:0;font-size:1em;line-height:1.2;\"><a href=\"https:\/\/www.mundusmaris.org\/es\/academia-de-pesca-en-pequena-escala\/baltic-fisheries-emergency-meeting-brussels-26-june-2024\/\" class=\"awb-custom-text-color awb-custom-text-hover-color\" target=\"_self\">Baltic Fisheries Emergency Meeting, Brussels, 26 June 2024<\/a><\/h4><\/div><\/div><\/li>\n<li class=\"fusion-layout-column fusion_builder_column fusion-builder-column-131 fusion-flex-column post-card fusion-grid-column fusion-post-cards-grid-column\" style=\"--awb-bg-color:var(--awb-color1);--awb-bg-color-hover:var(--awb-color1);--awb-bg-blend:overlay;--awb-bg-size:cover;--awb-flex-grow:0;--awb-flex-shrink:0;--awb-flex-grow-medium:;--awb-flex-shrink-medium:;--awb-flex-grow-small:;--awb-flex-shrink-small:;\" data-scroll-devices=\"small-visibility,medium-visibility,large-visibility\"><div class=\"fusion-column-wrapper fusion-column-has-shadow fusion-flex-justify-content-space-around fusion-content-layout-column\"><div class=\"fusion-classic-product-image-wrapper fusion-woo-product-image fusion-post-card-image fusion-post-card-image-1 has-aspect-ratio\" data-layout=\"static\" style=\"--awb-aspect-ratio:3 \/ 2;\"><div  class=\"fusion-image-wrapper\" aria-haspopup=\"true\">\n\t\t\t\t\t\t\t<a href=\"https:\/\/www.mundusmaris.org\/es\/actividades\/seguridad-climatica-y-oceanica\/mundus-maris-concert-2024-in-belgium-oceanic-echoes\/\" aria-label=\"Mundus maris Concert 2024 in Belgium: Oceanic Echoes\">\n\t\t\t\t\t\t\t<img decoding=\"async\" width=\"500\" height=\"282\" src=\"https:\/\/www.mundusmaris.org\/wp-content\/uploads\/2024\/09\/DuskStringQuartet.jpg\" class=\"attachment-full size-full wp-post-image\" alt=\"\" srcset=\"https:\/\/www.mundusmaris.org\/wp-content\/uploads\/2024\/09\/DuskStringQuartet-200x113.jpg 200w, https:\/\/www.mundusmaris.org\/wp-content\/uploads\/2024\/09\/DuskStringQuartet-400x226.jpg 400w, https:\/\/www.mundusmaris.org\/wp-content\/uploads\/2024\/09\/DuskStringQuartet.jpg 500w\" sizes=\"(min-width: 2200px) 100vw, (min-width: 784px) 373px, (min-width: 712px) 560px, (min-width: 640px) 712px, \" \/>\t\t\t<\/a>\n\t\t\t\t\t\t\t<\/div>\n<\/div><div class=\"fusion-meta-tb fusion-meta-tb-130 floated\" style=\"--awb-border-top:0px;--awb-height:36px;--awb-alignment-medium:flex-start;--awb-alignment-small:flex-start;\"><span class=\"fusion-tb-published-date\">Published On: 21 de mayo de 2024<\/span><span class=\"fusion-meta-tb-sep\"><\/span><\/div><div class=\"fusion-title title fusion-title-131 fusion-sep-none fusion-title-text fusion-title-size-four\" style=\"--awb-margin-top:20px;--awb-margin-right:20px;--awb-margin-bottom:20px;--awb-margin-left:20px;--awb-margin-top-small:10px;--awb-margin-right-small:0px;--awb-margin-bottom-small:10px;--awb-margin-left-small:0px;--awb-font-size:24px;\"><h4 class=\"fusion-title-heading title-heading-left\" style=\"font-family:&quot;IBM Plex Sans Condensed&quot;;font-style:normal;font-weight:500;margin:0;font-size:1em;line-height:1.2;\"><a href=\"https:\/\/www.mundusmaris.org\/es\/actividades\/seguridad-climatica-y-oceanica\/mundus-maris-concert-2024-in-belgium-oceanic-echoes\/\" class=\"awb-custom-text-color awb-custom-text-hover-color\" target=\"_self\">Mundus maris Concert 2024 in Belgium: Oceanic Echoes<\/a><\/h4><\/div><\/div><\/li>\n<li class=\"fusion-layout-column fusion_builder_column fusion-builder-column-132 fusion-flex-column post-card fusion-grid-column fusion-post-cards-grid-column\" style=\"--awb-bg-color:var(--awb-color1);--awb-bg-color-hover:var(--awb-color1);--awb-bg-blend:overlay;--awb-bg-size:cover;--awb-flex-grow:0;--awb-flex-shrink:0;--awb-flex-grow-medium:;--awb-flex-shrink-medium:;--awb-flex-grow-small:;--awb-flex-shrink-small:;\" data-scroll-devices=\"small-visibility,medium-visibility,large-visibility\"><div class=\"fusion-column-wrapper fusion-column-has-shadow fusion-flex-justify-content-space-around fusion-content-layout-column\"><div class=\"fusion-classic-product-image-wrapper fusion-woo-product-image fusion-post-card-image fusion-post-card-image-1 has-aspect-ratio\" data-layout=\"static\" style=\"--awb-aspect-ratio:3 \/ 2;\"><div  class=\"fusion-image-wrapper\" aria-haspopup=\"true\">\n\t\t\t\t\t\t\t<a href=\"https:\/\/www.mundusmaris.org\/es\/actividades\/seguridad-climatica-y-oceanica\/visiting-the-international-tribunal-for-the-law-of-the-sea\/\" aria-label=\"Visiting the International Tribunal for the Law of the Sea\">\n\t\t\t\t\t\t\t<img decoding=\"async\" width=\"474\" height=\"246\" src=\"https:\/\/www.mundusmaris.org\/wp-content\/uploads\/2024\/09\/th-1944749416_ITLOS-buildings.jpeg\" class=\"attachment-full size-full wp-post-image\" alt=\"\" srcset=\"https:\/\/www.mundusmaris.org\/wp-content\/uploads\/2024\/09\/th-1944749416_ITLOS-buildings-200x104.jpeg 200w, https:\/\/www.mundusmaris.org\/wp-content\/uploads\/2024\/09\/th-1944749416_ITLOS-buildings-400x208.jpeg 400w, https:\/\/www.mundusmaris.org\/wp-content\/uploads\/2024\/09\/th-1944749416_ITLOS-buildings.jpeg 474w\" sizes=\"(min-width: 2200px) 100vw, (min-width: 784px) 373px, (min-width: 712px) 560px, (min-width: 640px) 712px, \" \/>\t\t\t<\/a>\n\t\t\t\t\t\t\t<\/div>\n<\/div><div class=\"fusion-meta-tb fusion-meta-tb-131 floated\" style=\"--awb-border-top:0px;--awb-height:36px;--awb-alignment-medium:flex-start;--awb-alignment-small:flex-start;\"><span class=\"fusion-tb-published-date\">Published On: 15 de mayo de 2024<\/span><span class=\"fusion-meta-tb-sep\"><\/span><\/div><div class=\"fusion-title title fusion-title-132 fusion-sep-none fusion-title-text fusion-title-size-four\" style=\"--awb-margin-top:20px;--awb-margin-right:20px;--awb-margin-bottom:20px;--awb-margin-left:20px;--awb-margin-top-small:10px;--awb-margin-right-small:0px;--awb-margin-bottom-small:10px;--awb-margin-left-small:0px;--awb-font-size:24px;\"><h4 class=\"fusion-title-heading title-heading-left\" style=\"font-family:&quot;IBM Plex Sans Condensed&quot;;font-style:normal;font-weight:500;margin:0;font-size:1em;line-height:1.2;\"><a href=\"https:\/\/www.mundusmaris.org\/es\/actividades\/seguridad-climatica-y-oceanica\/visiting-the-international-tribunal-for-the-law-of-the-sea\/\" class=\"awb-custom-text-color awb-custom-text-hover-color\" target=\"_self\">Visiting the International Tribunal for the Law of the Sea<\/a><\/h4><\/div><\/div><\/li>\n<li class=\"fusion-layout-column fusion_builder_column fusion-builder-column-133 fusion-flex-column post-card fusion-grid-column fusion-post-cards-grid-column\" style=\"--awb-bg-color:var(--awb-color1);--awb-bg-color-hover:var(--awb-color1);--awb-bg-blend:overlay;--awb-bg-size:cover;--awb-flex-grow:0;--awb-flex-shrink:0;--awb-flex-grow-medium:;--awb-flex-shrink-medium:;--awb-flex-grow-small:;--awb-flex-shrink-small:;\" data-scroll-devices=\"small-visibility,medium-visibility,large-visibility\"><div class=\"fusion-column-wrapper fusion-column-has-shadow fusion-flex-justify-content-space-around fusion-content-layout-column\"><div class=\"fusion-classic-product-image-wrapper fusion-woo-product-image fusion-post-card-image fusion-post-card-image-1 has-aspect-ratio\" data-layout=\"static\" style=\"--awb-aspect-ratio:3 \/ 2;\"><div  class=\"fusion-image-wrapper\" aria-haspopup=\"true\">\n\t\t\t\t\t\t\t<a href=\"https:\/\/www.mundusmaris.org\/es\/academia-de-pesca-en-pequena-escala\/ambivalent-role-of-market-and-technology-in-the-transitions-from-vulnerability-to-viability-nexus-in-senegal-ssf\/\" aria-label=\"Ambivalent role of Market and Technology in the Transitions from Vulnerability to Viability: Nexus in Senegal SSF\">\n\t\t\t\t\t\t\t<img decoding=\"async\" width=\"400\" height=\"226\" src=\"https:\/\/www.mundusmaris.org\/wp-content\/uploads\/2024\/04\/AliouSall2024.jpg\" class=\"attachment-full size-full wp-post-image\" alt=\"\" srcset=\"https:\/\/www.mundusmaris.org\/wp-content\/uploads\/2024\/04\/AliouSall2024-200x113.jpg 200w, https:\/\/www.mundusmaris.org\/wp-content\/uploads\/2024\/04\/AliouSall2024.jpg 400w\" sizes=\"(min-width: 2200px) 100vw, (min-width: 784px) 373px, (min-width: 712px) 560px, (min-width: 640px) 712px, \" \/>\t\t\t<\/a>\n\t\t\t\t\t\t\t<\/div>\n<\/div><div class=\"fusion-meta-tb fusion-meta-tb-132 floated\" style=\"--awb-border-top:0px;--awb-height:36px;--awb-alignment-medium:flex-start;--awb-alignment-small:flex-start;\"><span class=\"fusion-tb-published-date\">Published On: 26 de abril de 2024<\/span><span class=\"fusion-meta-tb-sep\"><\/span><\/div><div class=\"fusion-title title fusion-title-133 fusion-sep-none fusion-title-text fusion-title-size-four\" style=\"--awb-margin-top:20px;--awb-margin-right:20px;--awb-margin-bottom:20px;--awb-margin-left:20px;--awb-margin-top-small:10px;--awb-margin-right-small:0px;--awb-margin-bottom-small:10px;--awb-margin-left-small:0px;--awb-font-size:24px;\"><h4 class=\"fusion-title-heading title-heading-left\" style=\"font-family:&quot;IBM Plex Sans Condensed&quot;;font-style:normal;font-weight:500;margin:0;font-size:1em;line-height:1.2;\"><a href=\"https:\/\/www.mundusmaris.org\/es\/academia-de-pesca-en-pequena-escala\/ambivalent-role-of-market-and-technology-in-the-transitions-from-vulnerability-to-viability-nexus-in-senegal-ssf\/\" class=\"awb-custom-text-color awb-custom-text-hover-color\" target=\"_self\">Ambivalent role of Market and Technology in the Transitions from Vulnerability to Viability: Nexus in Senegal SSF<\/a><\/h4><\/div><\/div><\/li>\n<li class=\"fusion-layout-column fusion_builder_column fusion-builder-column-134 fusion-flex-column post-card fusion-grid-column fusion-post-cards-grid-column\" style=\"--awb-bg-color:var(--awb-color1);--awb-bg-color-hover:var(--awb-color1);--awb-bg-blend:overlay;--awb-bg-size:cover;--awb-flex-grow:0;--awb-flex-shrink:0;--awb-flex-grow-medium:;--awb-flex-shrink-medium:;--awb-flex-grow-small:;--awb-flex-shrink-small:;\" data-scroll-devices=\"small-visibility,medium-visibility,large-visibility\"><div class=\"fusion-column-wrapper fusion-column-has-shadow fusion-flex-justify-content-space-around fusion-content-layout-column\"><div class=\"fusion-classic-product-image-wrapper fusion-woo-product-image fusion-post-card-image fusion-post-card-image-1 has-aspect-ratio\" data-layout=\"static\" style=\"--awb-aspect-ratio:3 \/ 2;\"><div  class=\"fusion-image-wrapper\" aria-haspopup=\"true\">\n\t\t\t\t\t\t\t<a href=\"https:\/\/www.mundusmaris.org\/es\/actividades\/microplasticos-un-desafio-para-la-salud-publica\/\" aria-label=\"Micropl\u00e1sticos, un desaf\u00edo para la salud p\u00fablica\">\n\t\t\t\t\t\t\t<img decoding=\"async\" width=\"800\" height=\"500\" src=\"https:\/\/www.mundusmaris.org\/wp-content\/uploads\/2024\/04\/copertina_posts_microplastic.jpg\" class=\"attachment-full size-full wp-post-image\" alt=\"\" srcset=\"https:\/\/www.mundusmaris.org\/wp-content\/uploads\/2024\/04\/copertina_posts_microplastic-200x125.jpg 200w, https:\/\/www.mundusmaris.org\/wp-content\/uploads\/2024\/04\/copertina_posts_microplastic-400x250.jpg 400w, https:\/\/www.mundusmaris.org\/wp-content\/uploads\/2024\/04\/copertina_posts_microplastic-600x375.jpg 600w, https:\/\/www.mundusmaris.org\/wp-content\/uploads\/2024\/04\/copertina_posts_microplastic.jpg 800w\" sizes=\"(min-width: 2200px) 100vw, (min-width: 784px) 373px, (min-width: 712px) 560px, (min-width: 640px) 712px, \" \/>\t\t\t<\/a>\n\t\t\t\t\t\t\t<\/div>\n<\/div><div class=\"fusion-meta-tb fusion-meta-tb-133 floated\" style=\"--awb-border-top:0px;--awb-height:36px;--awb-alignment-medium:flex-start;--awb-alignment-small:flex-start;\"><span class=\"fusion-tb-published-date\">Published On: 5 de abril de 2024<\/span><span class=\"fusion-meta-tb-sep\"><\/span><\/div><div class=\"fusion-title title fusion-title-134 fusion-sep-none fusion-title-text fusion-title-size-four\" style=\"--awb-margin-top:20px;--awb-margin-right:20px;--awb-margin-bottom:20px;--awb-margin-left:20px;--awb-margin-top-small:10px;--awb-margin-right-small:0px;--awb-margin-bottom-small:10px;--awb-margin-left-small:0px;--awb-font-size:24px;\"><h4 class=\"fusion-title-heading title-heading-left\" style=\"font-family:&quot;IBM Plex Sans Condensed&quot;;font-style:normal;font-weight:500;margin:0;font-size:1em;line-height:1.2;\"><a href=\"https:\/\/www.mundusmaris.org\/es\/actividades\/microplasticos-un-desafio-para-la-salud-publica\/\" class=\"awb-custom-text-color awb-custom-text-hover-color\" target=\"_self\">Micropl\u00e1sticos, un desaf\u00edo para la salud p\u00fablica<\/a><\/h4><\/div><\/div><\/li>\n<li class=\"fusion-layout-column fusion_builder_column fusion-builder-column-135 fusion-flex-column post-card fusion-grid-column fusion-post-cards-grid-column\" style=\"--awb-bg-color:var(--awb-color1);--awb-bg-color-hover:var(--awb-color1);--awb-bg-blend:overlay;--awb-bg-size:cover;--awb-flex-grow:0;--awb-flex-shrink:0;--awb-flex-grow-medium:;--awb-flex-shrink-medium:;--awb-flex-grow-small:;--awb-flex-shrink-small:;\" data-scroll-devices=\"small-visibility,medium-visibility,large-visibility\"><div class=\"fusion-column-wrapper fusion-column-has-shadow fusion-flex-justify-content-space-around fusion-content-layout-column\"><div class=\"fusion-classic-product-image-wrapper fusion-woo-product-image fusion-post-card-image fusion-post-card-image-1 has-aspect-ratio\" data-layout=\"static\" style=\"--awb-aspect-ratio:3 \/ 2;\"><div  class=\"fusion-image-wrapper\" aria-haspopup=\"true\">\n\t\t\t\t\t\t\t<a href=\"https:\/\/www.mundusmaris.org\/es\/academia-de-pesca-en-pequena-escala\/shell-fisheries-as-stewardship-for-mangroves\/\" aria-label=\"Shell fisheries as stewardship for mangroves\">\n\t\t\t\t\t\t\t<img decoding=\"async\" width=\"500\" height=\"333\" src=\"https:\/\/www.mundusmaris.org\/wp-content\/uploads\/2024\/09\/mangrove-798578_1280SilvieDelogeOnPixabay.jpg\" class=\"attachment-full size-full wp-post-image\" alt=\"\" srcset=\"https:\/\/www.mundusmaris.org\/wp-content\/uploads\/2024\/09\/mangrove-798578_1280SilvieDelogeOnPixabay-200x133.jpg 200w, https:\/\/www.mundusmaris.org\/wp-content\/uploads\/2024\/09\/mangrove-798578_1280SilvieDelogeOnPixabay-400x266.jpg 400w, https:\/\/www.mundusmaris.org\/wp-content\/uploads\/2024\/09\/mangrove-798578_1280SilvieDelogeOnPixabay.jpg 500w\" sizes=\"(min-width: 2200px) 100vw, (min-width: 784px) 373px, (min-width: 712px) 560px, (min-width: 640px) 712px, \" \/>\t\t\t<\/a>\n\t\t\t\t\t\t\t<\/div>\n<\/div><div class=\"fusion-meta-tb fusion-meta-tb-134 floated\" style=\"--awb-border-top:0px;--awb-height:36px;--awb-alignment-medium:flex-start;--awb-alignment-small:flex-start;\"><span class=\"fusion-tb-published-date\">Published On: 31 de marzo de 2024<\/span><span class=\"fusion-meta-tb-sep\"><\/span><\/div><div class=\"fusion-title title fusion-title-135 fusion-sep-none fusion-title-text fusion-title-size-four\" style=\"--awb-margin-top:20px;--awb-margin-right:20px;--awb-margin-bottom:20px;--awb-margin-left:20px;--awb-margin-top-small:10px;--awb-margin-right-small:0px;--awb-margin-bottom-small:10px;--awb-margin-left-small:0px;--awb-font-size:24px;\"><h4 class=\"fusion-title-heading title-heading-left\" style=\"font-family:&quot;IBM Plex Sans Condensed&quot;;font-style:normal;font-weight:500;margin:0;font-size:1em;line-height:1.2;\"><a href=\"https:\/\/www.mundusmaris.org\/es\/academia-de-pesca-en-pequena-escala\/shell-fisheries-as-stewardship-for-mangroves\/\" class=\"awb-custom-text-color awb-custom-text-hover-color\" target=\"_self\">Shell fisheries as stewardship for mangroves<\/a><\/h4><\/div><\/div><\/li>\n<li class=\"fusion-layout-column fusion_builder_column fusion-builder-column-136 fusion-flex-column post-card fusion-grid-column fusion-post-cards-grid-column\" style=\"--awb-bg-color:var(--awb-color1);--awb-bg-color-hover:var(--awb-color1);--awb-bg-blend:overlay;--awb-bg-size:cover;--awb-flex-grow:0;--awb-flex-shrink:0;--awb-flex-grow-medium:;--awb-flex-shrink-medium:;--awb-flex-grow-small:;--awb-flex-shrink-small:;\" data-scroll-devices=\"small-visibility,medium-visibility,large-visibility\"><div class=\"fusion-column-wrapper fusion-column-has-shadow fusion-flex-justify-content-space-around fusion-content-layout-column\"><div class=\"fusion-classic-product-image-wrapper fusion-woo-product-image fusion-post-card-image fusion-post-card-image-1 has-aspect-ratio\" data-layout=\"static\" style=\"--awb-aspect-ratio:3 \/ 2;\"><div  class=\"fusion-image-wrapper\" aria-haspopup=\"true\">\n\t\t\t\t\t\t\t<a href=\"https:\/\/www.mundusmaris.org\/es\/muestras\/prevent-marine-pollution-respect-the-sea\/\" aria-label=\"Prevent marine pollution, respect the sea\">\n\t\t\t\t\t\t\t<img decoding=\"async\" width=\"800\" height=\"500\" src=\"https:\/\/www.mundusmaris.org\/wp-content\/uploads\/2024\/03\/PartialViewVianaDoCastelo_800x500.jpg\" class=\"attachment-full size-full wp-post-image\" alt=\"\" srcset=\"https:\/\/www.mundusmaris.org\/wp-content\/uploads\/2024\/03\/PartialViewVianaDoCastelo_800x500-200x125.jpg 200w, https:\/\/www.mundusmaris.org\/wp-content\/uploads\/2024\/03\/PartialViewVianaDoCastelo_800x500-400x250.jpg 400w, https:\/\/www.mundusmaris.org\/wp-content\/uploads\/2024\/03\/PartialViewVianaDoCastelo_800x500-600x375.jpg 600w, https:\/\/www.mundusmaris.org\/wp-content\/uploads\/2024\/03\/PartialViewVianaDoCastelo_800x500.jpg 800w\" sizes=\"(min-width: 2200px) 100vw, (min-width: 784px) 373px, (min-width: 712px) 560px, (min-width: 640px) 712px, \" \/>\t\t\t<\/a>\n\t\t\t\t\t\t\t<\/div>\n<\/div><div class=\"fusion-meta-tb fusion-meta-tb-135 floated\" style=\"--awb-border-top:0px;--awb-height:36px;--awb-alignment-medium:flex-start;--awb-alignment-small:flex-start;\"><span class=\"fusion-tb-published-date\">Published On: 28 de marzo de 2024<\/span><span class=\"fusion-meta-tb-sep\"><\/span><\/div><div class=\"fusion-title title fusion-title-136 fusion-sep-none fusion-title-text fusion-title-size-four\" style=\"--awb-margin-top:20px;--awb-margin-right:20px;--awb-margin-bottom:20px;--awb-margin-left:20px;--awb-margin-top-small:10px;--awb-margin-right-small:0px;--awb-margin-bottom-small:10px;--awb-margin-left-small:0px;--awb-font-size:24px;\"><h4 class=\"fusion-title-heading title-heading-left\" style=\"font-family:&quot;IBM Plex Sans Condensed&quot;;font-style:normal;font-weight:500;margin:0;font-size:1em;line-height:1.2;\"><a href=\"https:\/\/www.mundusmaris.org\/es\/muestras\/prevent-marine-pollution-respect-the-sea\/\" class=\"awb-custom-text-color awb-custom-text-hover-color\" target=\"_self\">Prevent marine pollution, respect the sea<\/a><\/h4><\/div><\/div><\/li>\n<li class=\"fusion-layout-column fusion_builder_column fusion-builder-column-137 fusion-flex-column post-card fusion-grid-column fusion-post-cards-grid-column\" style=\"--awb-bg-color:var(--awb-color1);--awb-bg-color-hover:var(--awb-color1);--awb-bg-blend:overlay;--awb-bg-size:cover;--awb-flex-grow:0;--awb-flex-shrink:0;--awb-flex-grow-medium:;--awb-flex-shrink-medium:;--awb-flex-grow-small:;--awb-flex-shrink-small:;\" data-scroll-devices=\"small-visibility,medium-visibility,large-visibility\"><div class=\"fusion-column-wrapper fusion-column-has-shadow fusion-flex-justify-content-space-around fusion-content-layout-column\"><div class=\"fusion-classic-product-image-wrapper fusion-woo-product-image fusion-post-card-image fusion-post-card-image-1 has-aspect-ratio\" data-layout=\"static\" style=\"--awb-aspect-ratio:3 \/ 2;\"><div  class=\"fusion-image-wrapper\" aria-haspopup=\"true\">\n\t\t\t\t\t\t\t<a href=\"https:\/\/www.mundusmaris.org\/es\/eventos\/where-skies-and-seas-meet-climate-and-ocean-interdependence-in-policy-making\/\" aria-label=\"Where skies and seas meet: Climate and ocean interdependence in policy making\">\n\t\t\t\t\t\t\t<img decoding=\"async\" width=\"499\" height=\"328\" src=\"https:\/\/www.mundusmaris.org\/wp-content\/uploads\/2024\/09\/th-2762075910_logo.jpg\" class=\"attachment-full size-full wp-post-image\" alt=\"\" srcset=\"https:\/\/www.mundusmaris.org\/wp-content\/uploads\/2024\/09\/th-2762075910_logo-200x131.jpg 200w, https:\/\/www.mundusmaris.org\/wp-content\/uploads\/2024\/09\/th-2762075910_logo-400x263.jpg 400w, https:\/\/www.mundusmaris.org\/wp-content\/uploads\/2024\/09\/th-2762075910_logo.jpg 499w\" sizes=\"(min-width: 2200px) 100vw, (min-width: 784px) 373px, (min-width: 712px) 560px, (min-width: 640px) 712px, \" \/>\t\t\t<\/a>\n\t\t\t\t\t\t\t<\/div>\n<\/div><div class=\"fusion-meta-tb fusion-meta-tb-136 floated\" style=\"--awb-border-top:0px;--awb-height:36px;--awb-alignment-medium:flex-start;--awb-alignment-small:flex-start;\"><span class=\"fusion-tb-published-date\">Published On: 29 de febrero de 2024<\/span><span class=\"fusion-meta-tb-sep\"><\/span><\/div><div class=\"fusion-title title fusion-title-137 fusion-sep-none fusion-title-text fusion-title-size-four\" style=\"--awb-margin-top:20px;--awb-margin-right:20px;--awb-margin-bottom:20px;--awb-margin-left:20px;--awb-margin-top-small:10px;--awb-margin-right-small:0px;--awb-margin-bottom-small:10px;--awb-margin-left-small:0px;--awb-font-size:24px;\"><h4 class=\"fusion-title-heading title-heading-left\" style=\"font-family:&quot;IBM Plex Sans Condensed&quot;;font-style:normal;font-weight:500;margin:0;font-size:1em;line-height:1.2;\"><a href=\"https:\/\/www.mundusmaris.org\/es\/eventos\/where-skies-and-seas-meet-climate-and-ocean-interdependence-in-policy-making\/\" class=\"awb-custom-text-color awb-custom-text-hover-color\" target=\"_self\">Where skies and seas meet: Climate and ocean interdependence in policy making<\/a><\/h4><\/div><\/div><\/li>\n<li class=\"fusion-layout-column fusion_builder_column fusion-builder-column-138 fusion-flex-column post-card fusion-grid-column fusion-post-cards-grid-column\" style=\"--awb-bg-color:var(--awb-color1);--awb-bg-color-hover:var(--awb-color1);--awb-bg-blend:overlay;--awb-bg-size:cover;--awb-flex-grow:0;--awb-flex-shrink:0;--awb-flex-grow-medium:;--awb-flex-shrink-medium:;--awb-flex-grow-small:;--awb-flex-shrink-small:;\" data-scroll-devices=\"small-visibility,medium-visibility,large-visibility\"><div class=\"fusion-column-wrapper fusion-column-has-shadow fusion-flex-justify-content-space-around fusion-content-layout-column\"><div class=\"fusion-classic-product-image-wrapper fusion-woo-product-image fusion-post-card-image fusion-post-card-image-1 has-aspect-ratio\" data-layout=\"static\" style=\"--awb-aspect-ratio:3 \/ 2;\"><div  class=\"fusion-image-wrapper\" aria-haspopup=\"true\">\n\t\t\t\t\t\t\t<a href=\"https:\/\/www.mundusmaris.org\/es\/actividades\/omc-necesitamos-un-acuerdo-ambicioso-para-poner-fin-a-las-subvenciones-perjudiciales-a-la-pesca\/\" aria-label=\"OMC: Necesitamos un acuerdo ambicioso para poner fin a las subvenciones perjudiciales a la pesca\">\n\t\t\t\t\t\t\t<img decoding=\"async\" width=\"800\" height=\"500\" src=\"https:\/\/www.mundusmaris.org\/wp-content\/uploads\/2024\/04\/wto_copertina_800x500.jpg\" class=\"attachment-full size-full wp-post-image\" alt=\"\" srcset=\"https:\/\/www.mundusmaris.org\/wp-content\/uploads\/2024\/04\/wto_copertina_800x500-200x125.jpg 200w, https:\/\/www.mundusmaris.org\/wp-content\/uploads\/2024\/04\/wto_copertina_800x500-400x250.jpg 400w, https:\/\/www.mundusmaris.org\/wp-content\/uploads\/2024\/04\/wto_copertina_800x500-600x375.jpg 600w, https:\/\/www.mundusmaris.org\/wp-content\/uploads\/2024\/04\/wto_copertina_800x500.jpg 800w\" sizes=\"(min-width: 2200px) 100vw, (min-width: 784px) 373px, (min-width: 712px) 560px, (min-width: 640px) 712px, \" \/>\t\t\t<\/a>\n\t\t\t\t\t\t\t<\/div>\n<\/div><div class=\"fusion-meta-tb fusion-meta-tb-137 floated\" style=\"--awb-border-top:0px;--awb-height:36px;--awb-alignment-medium:flex-start;--awb-alignment-small:flex-start;\"><span class=\"fusion-tb-published-date\">Published On: 18 de febrero de 2024<\/span><span class=\"fusion-meta-tb-sep\"><\/span><\/div><div class=\"fusion-title title fusion-title-138 fusion-sep-none fusion-title-text fusion-title-size-four\" style=\"--awb-margin-top:20px;--awb-margin-right:20px;--awb-margin-bottom:20px;--awb-margin-left:20px;--awb-margin-top-small:10px;--awb-margin-right-small:0px;--awb-margin-bottom-small:10px;--awb-margin-left-small:0px;--awb-font-size:24px;\"><h4 class=\"fusion-title-heading title-heading-left\" style=\"font-family:&quot;IBM Plex Sans Condensed&quot;;font-style:normal;font-weight:500;margin:0;font-size:1em;line-height:1.2;\"><a href=\"https:\/\/www.mundusmaris.org\/es\/actividades\/omc-necesitamos-un-acuerdo-ambicioso-para-poner-fin-a-las-subvenciones-perjudiciales-a-la-pesca\/\" class=\"awb-custom-text-color awb-custom-text-hover-color\" target=\"_self\">OMC: Necesitamos un acuerdo ambicioso para poner fin a las subvenciones perjudiciales a la pesca<\/a><\/h4><\/div><\/div><\/li>\n<li class=\"fusion-layout-column fusion_builder_column fusion-builder-column-139 fusion-flex-column post-card fusion-grid-column fusion-post-cards-grid-column\" style=\"--awb-bg-color:var(--awb-color1);--awb-bg-color-hover:var(--awb-color1);--awb-bg-blend:overlay;--awb-bg-size:cover;--awb-flex-grow:0;--awb-flex-shrink:0;--awb-flex-grow-medium:;--awb-flex-shrink-medium:;--awb-flex-grow-small:;--awb-flex-shrink-small:;\" data-scroll-devices=\"small-visibility,medium-visibility,large-visibility\"><div class=\"fusion-column-wrapper fusion-column-has-shadow fusion-flex-justify-content-space-around fusion-content-layout-column\"><div class=\"fusion-classic-product-image-wrapper fusion-woo-product-image fusion-post-card-image fusion-post-card-image-1 has-aspect-ratio\" data-layout=\"static\" style=\"--awb-aspect-ratio:3 \/ 2;\"><div  class=\"fusion-image-wrapper\" aria-haspopup=\"true\">\n\t\t\t\t\t\t\t<a href=\"https:\/\/www.mundusmaris.org\/es\/actividades\/mundus-maris-at-boot-2024-great-success\/\" aria-label=\"Mundus maris at Boot 2024 &#8211; Great success!\">\n\t\t\t\t\t\t\t<img decoding=\"async\" width=\"800\" height=\"500\" src=\"https:\/\/www.mundusmaris.org\/wp-content\/uploads\/2024\/04\/copertina_posts_boot.jpg\" class=\"attachment-full size-full wp-post-image\" alt=\"\" srcset=\"https:\/\/www.mundusmaris.org\/wp-content\/uploads\/2024\/04\/copertina_posts_boot-200x125.jpg 200w, https:\/\/www.mundusmaris.org\/wp-content\/uploads\/2024\/04\/copertina_posts_boot-400x250.jpg 400w, https:\/\/www.mundusmaris.org\/wp-content\/uploads\/2024\/04\/copertina_posts_boot-600x375.jpg 600w, https:\/\/www.mundusmaris.org\/wp-content\/uploads\/2024\/04\/copertina_posts_boot.jpg 800w\" sizes=\"(min-width: 2200px) 100vw, (min-width: 784px) 373px, (min-width: 712px) 560px, (min-width: 640px) 712px, \" \/>\t\t\t<\/a>\n\t\t\t\t\t\t\t<\/div>\n<\/div><div class=\"fusion-meta-tb fusion-meta-tb-138 floated\" style=\"--awb-border-top:0px;--awb-height:36px;--awb-alignment-medium:flex-start;--awb-alignment-small:flex-start;\"><span class=\"fusion-tb-published-date\">Published On: 28 de enero de 2024<\/span><span class=\"fusion-meta-tb-sep\"><\/span><\/div><div class=\"fusion-title title fusion-title-139 fusion-sep-none fusion-title-text fusion-title-size-four\" style=\"--awb-margin-top:20px;--awb-margin-right:20px;--awb-margin-bottom:20px;--awb-margin-left:20px;--awb-margin-top-small:10px;--awb-margin-right-small:0px;--awb-margin-bottom-small:10px;--awb-margin-left-small:0px;--awb-font-size:24px;\"><h4 class=\"fusion-title-heading title-heading-left\" style=\"font-family:&quot;IBM Plex Sans Condensed&quot;;font-style:normal;font-weight:500;margin:0;font-size:1em;line-height:1.2;\"><a href=\"https:\/\/www.mundusmaris.org\/es\/actividades\/mundus-maris-at-boot-2024-great-success\/\" class=\"awb-custom-text-color awb-custom-text-hover-color\" target=\"_self\">Mundus maris at Boot 2024 &#8211; Great success!<\/a><\/h4><\/div><\/div><\/li>\n<li class=\"fusion-layout-column fusion_builder_column fusion-builder-column-140 fusion-flex-column post-card fusion-grid-column fusion-post-cards-grid-column\" style=\"--awb-bg-color:var(--awb-color1);--awb-bg-color-hover:var(--awb-color1);--awb-bg-blend:overlay;--awb-bg-size:cover;--awb-flex-grow:0;--awb-flex-shrink:0;--awb-flex-grow-medium:;--awb-flex-shrink-medium:;--awb-flex-grow-small:;--awb-flex-shrink-small:;\" data-scroll-devices=\"small-visibility,medium-visibility,large-visibility\"><div class=\"fusion-column-wrapper fusion-column-has-shadow fusion-flex-justify-content-space-around fusion-content-layout-column\"><div class=\"fusion-classic-product-image-wrapper fusion-woo-product-image fusion-post-card-image fusion-post-card-image-1 has-aspect-ratio\" data-layout=\"static\" style=\"--awb-aspect-ratio:3 \/ 2;\"><div  class=\"fusion-image-wrapper\" aria-haspopup=\"true\">\n\t\t\t\t\t\t\t<a href=\"https:\/\/www.mundusmaris.org\/es\/los-mariscos-que-comemos\/relator-especial-de-la-onu-sobre-el-derecho-a-la-alimentacion\/\" aria-label=\"Relator Especial de la ONU sobre el derecho a la alimentaci\u00f3n\">\n\t\t\t\t\t\t\t<img decoding=\"async\" width=\"800\" height=\"500\" src=\"https:\/\/www.mundusmaris.org\/wp-content\/uploads\/2023\/12\/800x500.jpg\" class=\"attachment-full size-full wp-post-image\" alt=\"\" srcset=\"https:\/\/www.mundusmaris.org\/wp-content\/uploads\/2023\/12\/800x500-200x125.jpg 200w, https:\/\/www.mundusmaris.org\/wp-content\/uploads\/2023\/12\/800x500-400x250.jpg 400w, https:\/\/www.mundusmaris.org\/wp-content\/uploads\/2023\/12\/800x500-600x375.jpg 600w, https:\/\/www.mundusmaris.org\/wp-content\/uploads\/2023\/12\/800x500.jpg 800w\" sizes=\"(min-width: 2200px) 100vw, (min-width: 784px) 373px, (min-width: 712px) 560px, (min-width: 640px) 712px, \" \/>\t\t\t<\/a>\n\t\t\t\t\t\t\t<\/div>\n<\/div><div class=\"fusion-meta-tb fusion-meta-tb-139 floated\" style=\"--awb-border-top:0px;--awb-height:36px;--awb-alignment-medium:flex-start;--awb-alignment-small:flex-start;\"><span class=\"fusion-tb-published-date\">Published On: 30 de diciembre de 2023<\/span><span class=\"fusion-meta-tb-sep\"><\/span><\/div><div class=\"fusion-title title fusion-title-140 fusion-sep-none fusion-title-text fusion-title-size-four\" style=\"--awb-margin-top:20px;--awb-margin-right:20px;--awb-margin-bottom:20px;--awb-margin-left:20px;--awb-margin-top-small:10px;--awb-margin-right-small:0px;--awb-margin-bottom-small:10px;--awb-margin-left-small:0px;--awb-font-size:24px;\"><h4 class=\"fusion-title-heading title-heading-left\" style=\"font-family:&quot;IBM Plex Sans Condensed&quot;;font-style:normal;font-weight:500;margin:0;font-size:1em;line-height:1.2;\"><a href=\"https:\/\/www.mundusmaris.org\/es\/los-mariscos-que-comemos\/relator-especial-de-la-onu-sobre-el-derecho-a-la-alimentacion\/\" class=\"awb-custom-text-color awb-custom-text-hover-color\" target=\"_self\">Relator Especial de la ONU sobre el derecho a la alimentaci\u00f3n<\/a><\/h4><\/div><\/div><\/li>\n<li class=\"fusion-layout-column fusion_builder_column fusion-builder-column-141 fusion-flex-column post-card fusion-grid-column fusion-post-cards-grid-column\" style=\"--awb-bg-color:var(--awb-color1);--awb-bg-color-hover:var(--awb-color1);--awb-bg-blend:overlay;--awb-bg-size:cover;--awb-flex-grow:0;--awb-flex-shrink:0;--awb-flex-grow-medium:;--awb-flex-shrink-medium:;--awb-flex-grow-small:;--awb-flex-shrink-small:;\" data-scroll-devices=\"small-visibility,medium-visibility,large-visibility\"><div class=\"fusion-column-wrapper fusion-column-has-shadow fusion-flex-justify-content-space-around fusion-content-layout-column\"><div class=\"fusion-classic-product-image-wrapper fusion-woo-product-image fusion-post-card-image fusion-post-card-image-1 has-aspect-ratio\" data-layout=\"static\" style=\"--awb-aspect-ratio:3 \/ 2;\"><div  class=\"fusion-image-wrapper\" aria-haspopup=\"true\">\n\t\t\t\t\t\t\t<a href=\"https:\/\/www.mundusmaris.org\/es\/actividades\/la-ciencia-y-como-utilizarla-en-un-mundo-cambiante\/\" aria-label=\"La ciencia y c\u00f3mo utilizarla en un mundo cambiante\">\n\t\t\t\t\t\t\t<img decoding=\"async\" width=\"800\" height=\"500\" src=\"https:\/\/www.mundusmaris.org\/wp-content\/uploads\/2023\/12\/immagine-05-800x500-1.jpg\" class=\"attachment-full size-full wp-post-image\" alt=\"\" srcset=\"https:\/\/www.mundusmaris.org\/wp-content\/uploads\/2023\/12\/immagine-05-800x500-1-200x125.jpg 200w, https:\/\/www.mundusmaris.org\/wp-content\/uploads\/2023\/12\/immagine-05-800x500-1-400x250.jpg 400w, https:\/\/www.mundusmaris.org\/wp-content\/uploads\/2023\/12\/immagine-05-800x500-1-600x375.jpg 600w, https:\/\/www.mundusmaris.org\/wp-content\/uploads\/2023\/12\/immagine-05-800x500-1.jpg 800w\" sizes=\"(min-width: 2200px) 100vw, (min-width: 784px) 373px, (min-width: 712px) 560px, (min-width: 640px) 712px, \" \/>\t\t\t<\/a>\n\t\t\t\t\t\t\t<\/div>\n<\/div><div class=\"fusion-meta-tb fusion-meta-tb-140 floated\" style=\"--awb-border-top:0px;--awb-height:36px;--awb-alignment-medium:flex-start;--awb-alignment-small:flex-start;\"><span class=\"fusion-tb-published-date\">Published On: 30 de diciembre de 2023<\/span><span class=\"fusion-meta-tb-sep\"><\/span><\/div><div class=\"fusion-title title fusion-title-141 fusion-sep-none fusion-title-text fusion-title-size-four\" style=\"--awb-margin-top:20px;--awb-margin-right:20px;--awb-margin-bottom:20px;--awb-margin-left:20px;--awb-margin-top-small:10px;--awb-margin-right-small:0px;--awb-margin-bottom-small:10px;--awb-margin-left-small:0px;--awb-font-size:24px;\"><h4 class=\"fusion-title-heading title-heading-left\" style=\"font-family:&quot;IBM Plex Sans Condensed&quot;;font-style:normal;font-weight:500;margin:0;font-size:1em;line-height:1.2;\"><a href=\"https:\/\/www.mundusmaris.org\/es\/actividades\/la-ciencia-y-como-utilizarla-en-un-mundo-cambiante\/\" class=\"awb-custom-text-color awb-custom-text-hover-color\" target=\"_self\">La ciencia y c\u00f3mo utilizarla en un mundo cambiante<\/a><\/h4><\/div><\/div><\/li>\n<li class=\"fusion-layout-column fusion_builder_column fusion-builder-column-142 fusion-flex-column post-card fusion-grid-column fusion-post-cards-grid-column\" style=\"--awb-bg-color:var(--awb-color1);--awb-bg-color-hover:var(--awb-color1);--awb-bg-blend:overlay;--awb-bg-size:cover;--awb-flex-grow:0;--awb-flex-shrink:0;--awb-flex-grow-medium:;--awb-flex-shrink-medium:;--awb-flex-grow-small:;--awb-flex-shrink-small:;\" data-scroll-devices=\"small-visibility,medium-visibility,large-visibility\"><div class=\"fusion-column-wrapper fusion-column-has-shadow fusion-flex-justify-content-space-around fusion-content-layout-column\"><div class=\"fusion-classic-product-image-wrapper fusion-woo-product-image fusion-post-card-image fusion-post-card-image-1 has-aspect-ratio\" data-layout=\"static\" style=\"--awb-aspect-ratio:3 \/ 2;\"><div  class=\"fusion-image-wrapper\" aria-haspopup=\"true\">\n\t\t\t\t\t\t\t<a href=\"https:\/\/www.mundusmaris.org\/es\/dia-mundial-del-oceano\/wod-2023-es\/the-book-of-the-marine-world-celebrating-world-ocean-day\/\" aria-label=\"The Book of the Marine World &#8211; celebrating World Ocean Day\">\n\t\t\t\t\t\t\t<img decoding=\"async\" width=\"1753\" height=\"1095\" src=\"https:\/\/www.mundusmaris.org\/wp-content\/uploads\/2023\/12\/Book_MarineWorld_A4_Cover-1.jpg\" class=\"attachment-full size-full wp-post-image\" alt=\"\" srcset=\"https:\/\/www.mundusmaris.org\/wp-content\/uploads\/2023\/12\/Book_MarineWorld_A4_Cover-1-200x125.jpg 200w, https:\/\/www.mundusmaris.org\/wp-content\/uploads\/2023\/12\/Book_MarineWorld_A4_Cover-1-400x250.jpg 400w, https:\/\/www.mundusmaris.org\/wp-content\/uploads\/2023\/12\/Book_MarineWorld_A4_Cover-1-600x375.jpg 600w, https:\/\/www.mundusmaris.org\/wp-content\/uploads\/2023\/12\/Book_MarineWorld_A4_Cover-1-800x500.jpg 800w, https:\/\/www.mundusmaris.org\/wp-content\/uploads\/2023\/12\/Book_MarineWorld_A4_Cover-1-1200x750.jpg 1200w, https:\/\/www.mundusmaris.org\/wp-content\/uploads\/2023\/12\/Book_MarineWorld_A4_Cover-1.jpg 1753w\" sizes=\"(min-width: 2200px) 100vw, (min-width: 784px) 373px, (min-width: 712px) 560px, (min-width: 640px) 712px, \" \/>\t\t\t<\/a>\n\t\t\t\t\t\t\t<\/div>\n<\/div><div class=\"fusion-meta-tb fusion-meta-tb-141 floated\" style=\"--awb-border-top:0px;--awb-height:36px;--awb-alignment-medium:flex-start;--awb-alignment-small:flex-start;\"><span class=\"fusion-tb-published-date\">Published On: 20 de diciembre de 2023<\/span><span class=\"fusion-meta-tb-sep\"><\/span><\/div><div class=\"fusion-title title fusion-title-142 fusion-sep-none fusion-title-text fusion-title-size-four\" style=\"--awb-margin-top:20px;--awb-margin-right:20px;--awb-margin-bottom:20px;--awb-margin-left:20px;--awb-margin-top-small:10px;--awb-margin-right-small:0px;--awb-margin-bottom-small:10px;--awb-margin-left-small:0px;--awb-font-size:24px;\"><h4 class=\"fusion-title-heading title-heading-left\" style=\"font-family:&quot;IBM Plex Sans Condensed&quot;;font-style:normal;font-weight:500;margin:0;font-size:1em;line-height:1.2;\"><a href=\"https:\/\/www.mundusmaris.org\/es\/dia-mundial-del-oceano\/wod-2023-es\/the-book-of-the-marine-world-celebrating-world-ocean-day\/\" class=\"awb-custom-text-color awb-custom-text-hover-color\" target=\"_self\">The Book of the Marine World &#8211; celebrating World Ocean Day<\/a><\/h4><\/div><\/div><\/li>\n<li class=\"fusion-layout-column fusion_builder_column fusion-builder-column-143 fusion-flex-column post-card fusion-grid-column fusion-post-cards-grid-column\" style=\"--awb-bg-color:var(--awb-color1);--awb-bg-color-hover:var(--awb-color1);--awb-bg-blend:overlay;--awb-bg-size:cover;--awb-flex-grow:0;--awb-flex-shrink:0;--awb-flex-grow-medium:;--awb-flex-shrink-medium:;--awb-flex-grow-small:;--awb-flex-shrink-small:;\" data-scroll-devices=\"small-visibility,medium-visibility,large-visibility\"><div class=\"fusion-column-wrapper fusion-column-has-shadow fusion-flex-justify-content-space-around fusion-content-layout-column\"><div class=\"fusion-classic-product-image-wrapper fusion-woo-product-image fusion-post-card-image fusion-post-card-image-1 has-aspect-ratio\" data-layout=\"static\" style=\"--awb-aspect-ratio:3 \/ 2;\"><div  class=\"fusion-image-wrapper\" aria-haspopup=\"true\">\n\t\t\t\t\t\t\t<a href=\"https:\/\/www.mundusmaris.org\/es\/sin-categorizar\/compartir-experiencias-de-vida-con-los-estudiantes\/\" aria-label=\"Compartir experiencias de vida con los estudiantes\">\n\t\t\t\t\t\t\t<img decoding=\"async\" width=\"1120\" height=\"641\" src=\"https:\/\/www.mundusmaris.org\/wp-content\/uploads\/2023\/12\/W-NEW_S_TXSTATE_RGB_Secondary_3color_V.jpg\" class=\"attachment-full size-full wp-post-image\" alt=\"\" srcset=\"https:\/\/www.mundusmaris.org\/wp-content\/uploads\/2023\/12\/W-NEW_S_TXSTATE_RGB_Secondary_3color_V-200x114.jpg 200w, https:\/\/www.mundusmaris.org\/wp-content\/uploads\/2023\/12\/W-NEW_S_TXSTATE_RGB_Secondary_3color_V-400x229.jpg 400w, https:\/\/www.mundusmaris.org\/wp-content\/uploads\/2023\/12\/W-NEW_S_TXSTATE_RGB_Secondary_3color_V-600x343.jpg 600w, https:\/\/www.mundusmaris.org\/wp-content\/uploads\/2023\/12\/W-NEW_S_TXSTATE_RGB_Secondary_3color_V-800x458.jpg 800w, https:\/\/www.mundusmaris.org\/wp-content\/uploads\/2023\/12\/W-NEW_S_TXSTATE_RGB_Secondary_3color_V.jpg 1120w\" sizes=\"(min-width: 2200px) 100vw, (min-width: 784px) 373px, (min-width: 712px) 560px, (min-width: 640px) 712px, \" \/>\t\t\t<\/a>\n\t\t\t\t\t\t\t<\/div>\n<\/div><div class=\"fusion-meta-tb fusion-meta-tb-142 floated\" style=\"--awb-border-top:0px;--awb-height:36px;--awb-alignment-medium:flex-start;--awb-alignment-small:flex-start;\"><span class=\"fusion-tb-published-date\">Published On: 20 de diciembre de 2023<\/span><span class=\"fusion-meta-tb-sep\"><\/span><\/div><div class=\"fusion-title title fusion-title-143 fusion-sep-none fusion-title-text fusion-title-size-four\" style=\"--awb-margin-top:20px;--awb-margin-right:20px;--awb-margin-bottom:20px;--awb-margin-left:20px;--awb-margin-top-small:10px;--awb-margin-right-small:0px;--awb-margin-bottom-small:10px;--awb-margin-left-small:0px;--awb-font-size:24px;\"><h4 class=\"fusion-title-heading title-heading-left\" style=\"font-family:&quot;IBM Plex Sans Condensed&quot;;font-style:normal;font-weight:500;margin:0;font-size:1em;line-height:1.2;\"><a href=\"https:\/\/www.mundusmaris.org\/es\/sin-categorizar\/compartir-experiencias-de-vida-con-los-estudiantes\/\" class=\"awb-custom-text-color awb-custom-text-hover-color\" target=\"_self\">Compartir experiencias de vida con los estudiantes<\/a><\/h4><\/div><\/div><\/li>\n<li class=\"fusion-layout-column fusion_builder_column fusion-builder-column-144 fusion-flex-column post-card fusion-grid-column fusion-post-cards-grid-column\" style=\"--awb-bg-color:var(--awb-color1);--awb-bg-color-hover:var(--awb-color1);--awb-bg-blend:overlay;--awb-bg-size:cover;--awb-flex-grow:0;--awb-flex-shrink:0;--awb-flex-grow-medium:;--awb-flex-shrink-medium:;--awb-flex-grow-small:;--awb-flex-shrink-small:;\" data-scroll-devices=\"small-visibility,medium-visibility,large-visibility\"><div class=\"fusion-column-wrapper fusion-column-has-shadow fusion-flex-justify-content-space-around fusion-content-layout-column\"><div class=\"fusion-classic-product-image-wrapper fusion-woo-product-image fusion-post-card-image fusion-post-card-image-1 has-aspect-ratio\" data-layout=\"static\" style=\"--awb-aspect-ratio:3 \/ 2;\"><div  class=\"fusion-image-wrapper\" aria-haspopup=\"true\">\n\t\t\t\t\t\t\t<a href=\"https:\/\/www.mundusmaris.org\/es\/actividades\/el-comite-belga-del-decenio-del-oceano-revisa-su-programa\/\" aria-label=\"El Comit\u00e9 Belga del Decenio del Oc\u00e9ano revisa su programa\">\n\t\t\t\t\t\t\t<img decoding=\"async\" width=\"800\" height=\"500\" src=\"https:\/\/www.mundusmaris.org\/wp-content\/uploads\/2023\/12\/belgian.jpg\" class=\"attachment-full size-full wp-post-image\" alt=\"\" srcset=\"https:\/\/www.mundusmaris.org\/wp-content\/uploads\/2023\/12\/belgian-200x125.jpg 200w, https:\/\/www.mundusmaris.org\/wp-content\/uploads\/2023\/12\/belgian-400x250.jpg 400w, https:\/\/www.mundusmaris.org\/wp-content\/uploads\/2023\/12\/belgian-600x375.jpg 600w, https:\/\/www.mundusmaris.org\/wp-content\/uploads\/2023\/12\/belgian.jpg 800w\" sizes=\"(min-width: 2200px) 100vw, (min-width: 784px) 373px, (min-width: 712px) 560px, (min-width: 640px) 712px, \" \/>\t\t\t<\/a>\n\t\t\t\t\t\t\t<\/div>\n<\/div><div class=\"fusion-meta-tb fusion-meta-tb-143 floated\" style=\"--awb-border-top:0px;--awb-height:36px;--awb-alignment-medium:flex-start;--awb-alignment-small:flex-start;\"><span class=\"fusion-tb-published-date\">Published On: 1 de diciembre de 2023<\/span><span class=\"fusion-meta-tb-sep\"><\/span><\/div><div class=\"fusion-title title fusion-title-144 fusion-sep-none fusion-title-text fusion-title-size-four\" style=\"--awb-margin-top:20px;--awb-margin-right:20px;--awb-margin-bottom:20px;--awb-margin-left:20px;--awb-margin-top-small:10px;--awb-margin-right-small:0px;--awb-margin-bottom-small:10px;--awb-margin-left-small:0px;--awb-font-size:24px;\"><h4 class=\"fusion-title-heading title-heading-left\" style=\"font-family:&quot;IBM Plex Sans Condensed&quot;;font-style:normal;font-weight:500;margin:0;font-size:1em;line-height:1.2;\"><a href=\"https:\/\/www.mundusmaris.org\/es\/actividades\/el-comite-belga-del-decenio-del-oceano-revisa-su-programa\/\" class=\"awb-custom-text-color awb-custom-text-hover-color\" target=\"_self\">El Comit\u00e9 Belga del Decenio del Oc\u00e9ano revisa su programa<\/a><\/h4><\/div><\/div><\/li>\n<li class=\"fusion-layout-column fusion_builder_column fusion-builder-column-145 fusion-flex-column post-card fusion-grid-column fusion-post-cards-grid-column\" style=\"--awb-bg-color:var(--awb-color1);--awb-bg-color-hover:var(--awb-color1);--awb-bg-blend:overlay;--awb-bg-size:cover;--awb-flex-grow:0;--awb-flex-shrink:0;--awb-flex-grow-medium:;--awb-flex-shrink-medium:;--awb-flex-grow-small:;--awb-flex-shrink-small:;\" data-scroll-devices=\"small-visibility,medium-visibility,large-visibility\"><div class=\"fusion-column-wrapper fusion-column-has-shadow fusion-flex-justify-content-space-around fusion-content-layout-column\"><div class=\"fusion-classic-product-image-wrapper fusion-woo-product-image fusion-post-card-image fusion-post-card-image-1 has-aspect-ratio\" data-layout=\"static\" style=\"--awb-aspect-ratio:3 \/ 2;\"><div  class=\"fusion-image-wrapper\" aria-haspopup=\"true\">\n\t\t\t\t\t\t\t<a href=\"https:\/\/www.mundusmaris.org\/es\/academia-de-pesca-en-pequena-escala\/world-fisheries-day-21-november-2023\/\" aria-label=\"World Fisheries Day, 21 November 2023\">\n\t\t\t\t\t\t\t<img decoding=\"async\" width=\"901\" height=\"600\" src=\"https:\/\/www.mundusmaris.org\/wp-content\/uploads\/2023\/12\/WorldFisheries2021-1.jpg\" class=\"attachment-full size-full wp-post-image\" alt=\"\" srcset=\"https:\/\/www.mundusmaris.org\/wp-content\/uploads\/2023\/12\/WorldFisheries2021-1-200x133.jpg 200w, https:\/\/www.mundusmaris.org\/wp-content\/uploads\/2023\/12\/WorldFisheries2021-1-400x266.jpg 400w, https:\/\/www.mundusmaris.org\/wp-content\/uploads\/2023\/12\/WorldFisheries2021-1-600x400.jpg 600w, https:\/\/www.mundusmaris.org\/wp-content\/uploads\/2023\/12\/WorldFisheries2021-1-800x533.jpg 800w, https:\/\/www.mundusmaris.org\/wp-content\/uploads\/2023\/12\/WorldFisheries2021-1.jpg 901w\" sizes=\"(min-width: 2200px) 100vw, (min-width: 784px) 373px, (min-width: 712px) 560px, (min-width: 640px) 712px, \" \/>\t\t\t<\/a>\n\t\t\t\t\t\t\t<\/div>\n<\/div><div class=\"fusion-meta-tb fusion-meta-tb-144 floated\" style=\"--awb-border-top:0px;--awb-height:36px;--awb-alignment-medium:flex-start;--awb-alignment-small:flex-start;\"><span class=\"fusion-tb-published-date\">Published On: 25 de noviembre de 2023<\/span><span class=\"fusion-meta-tb-sep\"><\/span><\/div><div class=\"fusion-title title fusion-title-145 fusion-sep-none fusion-title-text fusion-title-size-four\" style=\"--awb-margin-top:20px;--awb-margin-right:20px;--awb-margin-bottom:20px;--awb-margin-left:20px;--awb-margin-top-small:10px;--awb-margin-right-small:0px;--awb-margin-bottom-small:10px;--awb-margin-left-small:0px;--awb-font-size:24px;\"><h4 class=\"fusion-title-heading title-heading-left\" style=\"font-family:&quot;IBM Plex Sans Condensed&quot;;font-style:normal;font-weight:500;margin:0;font-size:1em;line-height:1.2;\"><a href=\"https:\/\/www.mundusmaris.org\/es\/academia-de-pesca-en-pequena-escala\/world-fisheries-day-21-november-2023\/\" class=\"awb-custom-text-color awb-custom-text-hover-color\" target=\"_self\">World Fisheries Day, 21 November 2023<\/a><\/h4><\/div><\/div><\/li>\n<li class=\"fusion-layout-column fusion_builder_column fusion-builder-column-146 fusion-flex-column post-card fusion-grid-column fusion-post-cards-grid-column\" style=\"--awb-bg-color:var(--awb-color1);--awb-bg-color-hover:var(--awb-color1);--awb-bg-blend:overlay;--awb-bg-size:cover;--awb-flex-grow:0;--awb-flex-shrink:0;--awb-flex-grow-medium:;--awb-flex-shrink-medium:;--awb-flex-grow-small:;--awb-flex-shrink-small:;\" data-scroll-devices=\"small-visibility,medium-visibility,large-visibility\"><div class=\"fusion-column-wrapper fusion-column-has-shadow fusion-flex-justify-content-space-around fusion-content-layout-column\"><div class=\"fusion-classic-product-image-wrapper fusion-woo-product-image fusion-post-card-image fusion-post-card-image-1 has-aspect-ratio\" data-layout=\"static\" style=\"--awb-aspect-ratio:3 \/ 2;\"><div  class=\"fusion-image-wrapper\" aria-haspopup=\"true\">\n\t\t\t\t\t\t\t<a href=\"https:\/\/www.mundusmaris.org\/es\/actividades\/enfoque-ecosistemico-de-la-pesca\/pampa-azul-argentina-mirando-hacia-el-mar\/\" aria-label=\"Pampa Azul, Argentina mirando hacia el mar\">\n\t\t\t\t\t\t\t<img decoding=\"async\" width=\"500\" height=\"335\" src=\"https:\/\/www.mundusmaris.org\/wp-content\/uploads\/2024\/09\/whale-1181395_FernandoSirniPixabay.jpg\" class=\"attachment-full size-full wp-post-image\" alt=\"\" srcset=\"https:\/\/www.mundusmaris.org\/wp-content\/uploads\/2024\/09\/whale-1181395_FernandoSirniPixabay-200x134.jpg 200w, https:\/\/www.mundusmaris.org\/wp-content\/uploads\/2024\/09\/whale-1181395_FernandoSirniPixabay-400x268.jpg 400w, https:\/\/www.mundusmaris.org\/wp-content\/uploads\/2024\/09\/whale-1181395_FernandoSirniPixabay.jpg 500w\" sizes=\"(min-width: 2200px) 100vw, (min-width: 784px) 373px, (min-width: 712px) 560px, (min-width: 640px) 712px, \" \/>\t\t\t<\/a>\n\t\t\t\t\t\t\t<\/div>\n<\/div><div class=\"fusion-meta-tb fusion-meta-tb-145 floated\" style=\"--awb-border-top:0px;--awb-height:36px;--awb-alignment-medium:flex-start;--awb-alignment-small:flex-start;\"><span class=\"fusion-tb-published-date\">Published On: 19 de noviembre de 2023<\/span><span class=\"fusion-meta-tb-sep\"><\/span><\/div><div class=\"fusion-title title fusion-title-146 fusion-sep-none fusion-title-text fusion-title-size-four\" style=\"--awb-margin-top:20px;--awb-margin-right:20px;--awb-margin-bottom:20px;--awb-margin-left:20px;--awb-margin-top-small:10px;--awb-margin-right-small:0px;--awb-margin-bottom-small:10px;--awb-margin-left-small:0px;--awb-font-size:24px;\"><h4 class=\"fusion-title-heading title-heading-left\" style=\"font-family:&quot;IBM Plex Sans Condensed&quot;;font-style:normal;font-weight:500;margin:0;font-size:1em;line-height:1.2;\"><a href=\"https:\/\/www.mundusmaris.org\/es\/actividades\/enfoque-ecosistemico-de-la-pesca\/pampa-azul-argentina-mirando-hacia-el-mar\/\" class=\"awb-custom-text-color awb-custom-text-hover-color\" target=\"_self\">Pampa Azul, Argentina mirando hacia el mar<\/a><\/h4><\/div><\/div><\/li>\n<li class=\"fusion-layout-column fusion_builder_column fusion-builder-column-147 fusion-flex-column post-card fusion-grid-column fusion-post-cards-grid-column\" style=\"--awb-bg-color:var(--awb-color1);--awb-bg-color-hover:var(--awb-color1);--awb-bg-blend:overlay;--awb-bg-size:cover;--awb-flex-grow:0;--awb-flex-shrink:0;--awb-flex-grow-medium:;--awb-flex-shrink-medium:;--awb-flex-grow-small:;--awb-flex-shrink-small:;\" data-scroll-devices=\"small-visibility,medium-visibility,large-visibility\"><div class=\"fusion-column-wrapper fusion-column-has-shadow fusion-flex-justify-content-space-around fusion-content-layout-column\"><div class=\"fusion-classic-product-image-wrapper fusion-woo-product-image fusion-post-card-image fusion-post-card-image-1 has-aspect-ratio\" data-layout=\"static\" style=\"--awb-aspect-ratio:3 \/ 2;\"><div  class=\"fusion-image-wrapper\" aria-haspopup=\"true\">\n\t\t\t\t\t\t\t<a href=\"https:\/\/www.mundusmaris.org\/es\/eventos\/international-panel-for-ocean-sustainability-ipos\/\" aria-label=\"International Panel for Ocean Sustainability (IPOS)\">\n\t\t\t\t\t\t\t<img decoding=\"async\" width=\"500\" height=\"285\" src=\"https:\/\/www.mundusmaris.org\/wp-content\/uploads\/2024\/09\/PaulTreguerNeptuneInTrouble.jpg\" class=\"attachment-full size-full wp-post-image\" alt=\"\" srcset=\"https:\/\/www.mundusmaris.org\/wp-content\/uploads\/2024\/09\/PaulTreguerNeptuneInTrouble-200x114.jpg 200w, https:\/\/www.mundusmaris.org\/wp-content\/uploads\/2024\/09\/PaulTreguerNeptuneInTrouble-400x228.jpg 400w, https:\/\/www.mundusmaris.org\/wp-content\/uploads\/2024\/09\/PaulTreguerNeptuneInTrouble.jpg 500w\" sizes=\"(min-width: 2200px) 100vw, (min-width: 784px) 373px, (min-width: 712px) 560px, (min-width: 640px) 712px, \" \/>\t\t\t<\/a>\n\t\t\t\t\t\t\t<\/div>\n<\/div><div class=\"fusion-meta-tb fusion-meta-tb-146 floated\" style=\"--awb-border-top:0px;--awb-height:36px;--awb-alignment-medium:flex-start;--awb-alignment-small:flex-start;\"><span class=\"fusion-tb-published-date\">Published On: 15 de noviembre de 2023<\/span><span class=\"fusion-meta-tb-sep\"><\/span><\/div><div class=\"fusion-title title fusion-title-147 fusion-sep-none fusion-title-text fusion-title-size-four\" style=\"--awb-margin-top:20px;--awb-margin-right:20px;--awb-margin-bottom:20px;--awb-margin-left:20px;--awb-margin-top-small:10px;--awb-margin-right-small:0px;--awb-margin-bottom-small:10px;--awb-margin-left-small:0px;--awb-font-size:24px;\"><h4 class=\"fusion-title-heading title-heading-left\" style=\"font-family:&quot;IBM Plex Sans Condensed&quot;;font-style:normal;font-weight:500;margin:0;font-size:1em;line-height:1.2;\"><a href=\"https:\/\/www.mundusmaris.org\/es\/eventos\/international-panel-for-ocean-sustainability-ipos\/\" class=\"awb-custom-text-color awb-custom-text-hover-color\" target=\"_self\">International Panel for Ocean Sustainability (IPOS)<\/a><\/h4><\/div><\/div><\/li>\n<li class=\"fusion-layout-column fusion_builder_column fusion-builder-column-148 fusion-flex-column post-card fusion-grid-column fusion-post-cards-grid-column\" style=\"--awb-bg-color:var(--awb-color1);--awb-bg-color-hover:var(--awb-color1);--awb-bg-blend:overlay;--awb-bg-size:cover;--awb-flex-grow:0;--awb-flex-shrink:0;--awb-flex-grow-medium:;--awb-flex-shrink-medium:;--awb-flex-grow-small:;--awb-flex-shrink-small:;\" data-scroll-devices=\"small-visibility,medium-visibility,large-visibility\"><div class=\"fusion-column-wrapper fusion-column-has-shadow fusion-flex-justify-content-space-around fusion-content-layout-column\"><div class=\"fusion-classic-product-image-wrapper fusion-woo-product-image fusion-post-card-image fusion-post-card-image-1 has-aspect-ratio\" data-layout=\"static\" style=\"--awb-aspect-ratio:3 \/ 2;\"><div  class=\"fusion-image-wrapper\" aria-haspopup=\"true\">\n\t\t\t\t\t\t\t<a href=\"https:\/\/www.mundusmaris.org\/es\/eventos\/hacia-una-red-mundial-de-amp-para-la-gobernanza-del-oceano\/\" aria-label=\"Hacia una red mundial de AMP para la gobernanza del oc\u00e9ano\">\n\t\t\t\t\t\t\t<img decoding=\"async\" width=\"500\" height=\"330\" src=\"https:\/\/www.mundusmaris.org\/wp-content\/uploads\/2023\/11\/OceanGovernanceLogo.jpg\" class=\"attachment-full size-full wp-post-image\" alt=\"\" srcset=\"https:\/\/www.mundusmaris.org\/wp-content\/uploads\/2023\/11\/OceanGovernanceLogo-200x132.jpg 200w, https:\/\/www.mundusmaris.org\/wp-content\/uploads\/2023\/11\/OceanGovernanceLogo-400x264.jpg 400w, https:\/\/www.mundusmaris.org\/wp-content\/uploads\/2023\/11\/OceanGovernanceLogo.jpg 500w\" sizes=\"(min-width: 2200px) 100vw, (min-width: 784px) 373px, (min-width: 712px) 560px, (min-width: 640px) 712px, \" \/>\t\t\t<\/a>\n\t\t\t\t\t\t\t<\/div>\n<\/div><div class=\"fusion-meta-tb fusion-meta-tb-147 floated\" style=\"--awb-border-top:0px;--awb-height:36px;--awb-alignment-medium:flex-start;--awb-alignment-small:flex-start;\"><span class=\"fusion-tb-published-date\">Published On: 8 de noviembre de 2023<\/span><span class=\"fusion-meta-tb-sep\"><\/span><\/div><div class=\"fusion-title title fusion-title-148 fusion-sep-none fusion-title-text fusion-title-size-four\" style=\"--awb-margin-top:20px;--awb-margin-right:20px;--awb-margin-bottom:20px;--awb-margin-left:20px;--awb-margin-top-small:10px;--awb-margin-right-small:0px;--awb-margin-bottom-small:10px;--awb-margin-left-small:0px;--awb-font-size:24px;\"><h4 class=\"fusion-title-heading title-heading-left\" style=\"font-family:&quot;IBM Plex Sans Condensed&quot;;font-style:normal;font-weight:500;margin:0;font-size:1em;line-height:1.2;\"><a href=\"https:\/\/www.mundusmaris.org\/es\/eventos\/hacia-una-red-mundial-de-amp-para-la-gobernanza-del-oceano\/\" class=\"awb-custom-text-color awb-custom-text-hover-color\" target=\"_self\">Hacia una red mundial de AMP para la gobernanza del oc\u00e9ano<\/a><\/h4><\/div><\/div><\/li>\n<li class=\"fusion-layout-column fusion_builder_column fusion-builder-column-149 fusion-flex-column post-card fusion-grid-column fusion-post-cards-grid-column\" style=\"--awb-bg-color:var(--awb-color1);--awb-bg-color-hover:var(--awb-color1);--awb-bg-blend:overlay;--awb-bg-size:cover;--awb-flex-grow:0;--awb-flex-shrink:0;--awb-flex-grow-medium:;--awb-flex-shrink-medium:;--awb-flex-grow-small:;--awb-flex-shrink-small:;\" data-scroll-devices=\"small-visibility,medium-visibility,large-visibility\"><div class=\"fusion-column-wrapper fusion-column-has-shadow fusion-flex-justify-content-space-around fusion-content-layout-column\"><div class=\"fusion-classic-product-image-wrapper fusion-woo-product-image fusion-post-card-image fusion-post-card-image-1 has-aspect-ratio\" data-layout=\"static\" style=\"--awb-aspect-ratio:3 \/ 2;\"><div  class=\"fusion-image-wrapper\" aria-haspopup=\"true\">\n\t\t\t\t\t\t\t<a href=\"https:\/\/www.mundusmaris.org\/es\/entre-tradicion-y-modernidad\/challenges-and-opportunities-in-the-sustainability-of-inland-open-water-fisheries-in-india\/\" aria-label=\"Challenges and Opportunities in the sustainability of Inland open water fisheries in India\">\n\t\t\t\t\t\t\t<img decoding=\"async\" width=\"800\" height=\"500\" src=\"https:\/\/www.mundusmaris.org\/wp-content\/uploads\/2023\/12\/immagine-02-800x500-1.jpg\" class=\"attachment-full size-full wp-post-image\" alt=\"\" srcset=\"https:\/\/www.mundusmaris.org\/wp-content\/uploads\/2023\/12\/immagine-02-800x500-1-200x125.jpg 200w, https:\/\/www.mundusmaris.org\/wp-content\/uploads\/2023\/12\/immagine-02-800x500-1-400x250.jpg 400w, https:\/\/www.mundusmaris.org\/wp-content\/uploads\/2023\/12\/immagine-02-800x500-1-600x375.jpg 600w, https:\/\/www.mundusmaris.org\/wp-content\/uploads\/2023\/12\/immagine-02-800x500-1.jpg 800w\" sizes=\"(min-width: 2200px) 100vw, (min-width: 784px) 373px, (min-width: 712px) 560px, (min-width: 640px) 712px, \" \/>\t\t\t<\/a>\n\t\t\t\t\t\t\t<\/div>\n<\/div><div class=\"fusion-meta-tb fusion-meta-tb-148 floated\" style=\"--awb-border-top:0px;--awb-height:36px;--awb-alignment-medium:flex-start;--awb-alignment-small:flex-start;\"><span class=\"fusion-tb-published-date\">Published On: 6 de octubre de 2023<\/span><span class=\"fusion-meta-tb-sep\"><\/span><\/div><div class=\"fusion-title title fusion-title-149 fusion-sep-none fusion-title-text fusion-title-size-four\" style=\"--awb-margin-top:20px;--awb-margin-right:20px;--awb-margin-bottom:20px;--awb-margin-left:20px;--awb-margin-top-small:10px;--awb-margin-right-small:0px;--awb-margin-bottom-small:10px;--awb-margin-left-small:0px;--awb-font-size:24px;\"><h4 class=\"fusion-title-heading title-heading-left\" style=\"font-family:&quot;IBM Plex Sans Condensed&quot;;font-style:normal;font-weight:500;margin:0;font-size:1em;line-height:1.2;\"><a href=\"https:\/\/www.mundusmaris.org\/es\/entre-tradicion-y-modernidad\/challenges-and-opportunities-in-the-sustainability-of-inland-open-water-fisheries-in-india\/\" class=\"awb-custom-text-color awb-custom-text-hover-color\" target=\"_self\">Challenges and Opportunities in the sustainability of Inland open water fisheries in India<\/a><\/h4><\/div><\/div><\/li>\n<li class=\"fusion-layout-column fusion_builder_column fusion-builder-column-150 fusion-flex-column post-card fusion-grid-column fusion-post-cards-grid-column\" style=\"--awb-bg-color:var(--awb-color1);--awb-bg-color-hover:var(--awb-color1);--awb-bg-blend:overlay;--awb-bg-size:cover;--awb-flex-grow:0;--awb-flex-shrink:0;--awb-flex-grow-medium:;--awb-flex-shrink-medium:;--awb-flex-grow-small:;--awb-flex-shrink-small:;\" data-scroll-devices=\"small-visibility,medium-visibility,large-visibility\"><div class=\"fusion-column-wrapper fusion-column-has-shadow fusion-flex-justify-content-space-around fusion-content-layout-column\"><div class=\"fusion-classic-product-image-wrapper fusion-woo-product-image fusion-post-card-image fusion-post-card-image-1 has-aspect-ratio\" data-layout=\"static\" style=\"--awb-aspect-ratio:3 \/ 2;\"><div  class=\"fusion-image-wrapper\" aria-haspopup=\"true\">\n\t\t\t\t\t\t\t<a href=\"https:\/\/www.mundusmaris.org\/es\/academia-de-pesca-en-pequena-escala\/webinar-retos-y-oportunidades-de-la-pesca-en-nigeria\/\" aria-label=\"Webinar: Retos y oportunidades de la pesca en Nigeria\">\n\t\t\t\t\t\t\t<img decoding=\"async\" width=\"500\" height=\"330\" src=\"https:\/\/www.mundusmaris.org\/wp-content\/uploads\/2023\/09\/YoungNigerian.jpg\" class=\"attachment-full size-full wp-post-image\" alt=\"\" srcset=\"https:\/\/www.mundusmaris.org\/wp-content\/uploads\/2023\/09\/YoungNigerian-200x132.jpg 200w, https:\/\/www.mundusmaris.org\/wp-content\/uploads\/2023\/09\/YoungNigerian-400x264.jpg 400w, https:\/\/www.mundusmaris.org\/wp-content\/uploads\/2023\/09\/YoungNigerian.jpg 500w\" sizes=\"(min-width: 2200px) 100vw, (min-width: 784px) 373px, (min-width: 712px) 560px, (min-width: 640px) 712px, \" \/>\t\t\t<\/a>\n\t\t\t\t\t\t\t<\/div>\n<\/div><div class=\"fusion-meta-tb fusion-meta-tb-149 floated\" style=\"--awb-border-top:0px;--awb-height:36px;--awb-alignment-medium:flex-start;--awb-alignment-small:flex-start;\"><span class=\"fusion-tb-published-date\">Published On: 30 de septiembre de 2023<\/span><span class=\"fusion-meta-tb-sep\"><\/span><\/div><div class=\"fusion-title title fusion-title-150 fusion-sep-none fusion-title-text fusion-title-size-four\" style=\"--awb-margin-top:20px;--awb-margin-right:20px;--awb-margin-bottom:20px;--awb-margin-left:20px;--awb-margin-top-small:10px;--awb-margin-right-small:0px;--awb-margin-bottom-small:10px;--awb-margin-left-small:0px;--awb-font-size:24px;\"><h4 class=\"fusion-title-heading title-heading-left\" style=\"font-family:&quot;IBM Plex Sans Condensed&quot;;font-style:normal;font-weight:500;margin:0;font-size:1em;line-height:1.2;\"><a href=\"https:\/\/www.mundusmaris.org\/es\/academia-de-pesca-en-pequena-escala\/webinar-retos-y-oportunidades-de-la-pesca-en-nigeria\/\" class=\"awb-custom-text-color awb-custom-text-hover-color\" target=\"_self\">Webinar: Retos y oportunidades de la pesca en Nigeria<\/a><\/h4><\/div><\/div><\/li>\n<li class=\"fusion-layout-column fusion_builder_column fusion-builder-column-151 fusion-flex-column post-card fusion-grid-column fusion-post-cards-grid-column\" style=\"--awb-bg-color:var(--awb-color1);--awb-bg-color-hover:var(--awb-color1);--awb-bg-blend:overlay;--awb-bg-size:cover;--awb-flex-grow:0;--awb-flex-shrink:0;--awb-flex-grow-medium:;--awb-flex-shrink-medium:;--awb-flex-grow-small:;--awb-flex-shrink-small:;\" data-scroll-devices=\"small-visibility,medium-visibility,large-visibility\"><div class=\"fusion-column-wrapper fusion-column-has-shadow fusion-flex-justify-content-space-around fusion-content-layout-column\"><div class=\"fusion-classic-product-image-wrapper fusion-woo-product-image fusion-post-card-image fusion-post-card-image-1 has-aspect-ratio\" data-layout=\"static\" style=\"--awb-aspect-ratio:3 \/ 2;\"><div  class=\"fusion-image-wrapper\" aria-haspopup=\"true\">\n\t\t\t\t\t\t\t<a href=\"https:\/\/www.mundusmaris.org\/es\/actividades\/mundus-maris-supports-climate-marches-15-and-17-september-2023\/\" aria-label=\"Mundus maris supports Climate marches, 15 and 17 September 2023\">\n\t\t\t\t\t\t\t<img decoding=\"async\" width=\"735\" height=\"490\" src=\"https:\/\/www.mundusmaris.org\/wp-content\/uploads\/2023\/12\/CEN-MMclimatemarch.jpg\" class=\"attachment-full size-full wp-post-image\" alt=\"\" srcset=\"https:\/\/www.mundusmaris.org\/wp-content\/uploads\/2023\/12\/CEN-MMclimatemarch-200x133.jpg 200w, https:\/\/www.mundusmaris.org\/wp-content\/uploads\/2023\/12\/CEN-MMclimatemarch-400x267.jpg 400w, https:\/\/www.mundusmaris.org\/wp-content\/uploads\/2023\/12\/CEN-MMclimatemarch-600x400.jpg 600w, https:\/\/www.mundusmaris.org\/wp-content\/uploads\/2023\/12\/CEN-MMclimatemarch.jpg 735w\" sizes=\"(min-width: 2200px) 100vw, (min-width: 784px) 373px, (min-width: 712px) 560px, (min-width: 640px) 712px, \" \/>\t\t\t<\/a>\n\t\t\t\t\t\t\t<\/div>\n<\/div><div class=\"fusion-meta-tb fusion-meta-tb-150 floated\" style=\"--awb-border-top:0px;--awb-height:36px;--awb-alignment-medium:flex-start;--awb-alignment-small:flex-start;\"><span class=\"fusion-tb-published-date\">Published On: 15 de septiembre de 2023<\/span><span class=\"fusion-meta-tb-sep\"><\/span><\/div><div class=\"fusion-title title fusion-title-151 fusion-sep-none fusion-title-text fusion-title-size-four\" style=\"--awb-margin-top:20px;--awb-margin-right:20px;--awb-margin-bottom:20px;--awb-margin-left:20px;--awb-margin-top-small:10px;--awb-margin-right-small:0px;--awb-margin-bottom-small:10px;--awb-margin-left-small:0px;--awb-font-size:24px;\"><h4 class=\"fusion-title-heading title-heading-left\" style=\"font-family:&quot;IBM Plex Sans Condensed&quot;;font-style:normal;font-weight:500;margin:0;font-size:1em;line-height:1.2;\"><a href=\"https:\/\/www.mundusmaris.org\/es\/actividades\/mundus-maris-supports-climate-marches-15-and-17-september-2023\/\" class=\"awb-custom-text-color awb-custom-text-hover-color\" target=\"_self\">Mundus maris supports Climate marches, 15 and 17 September 2023<\/a><\/h4><\/div><\/div><\/li>\n<li class=\"fusion-layout-column fusion_builder_column fusion-builder-column-152 fusion-flex-column post-card fusion-grid-column fusion-post-cards-grid-column\" style=\"--awb-bg-color:var(--awb-color1);--awb-bg-color-hover:var(--awb-color1);--awb-bg-blend:overlay;--awb-bg-size:cover;--awb-flex-grow:0;--awb-flex-shrink:0;--awb-flex-grow-medium:;--awb-flex-shrink-medium:;--awb-flex-grow-small:;--awb-flex-shrink-small:;\" data-scroll-devices=\"small-visibility,medium-visibility,large-visibility\"><div class=\"fusion-column-wrapper fusion-column-has-shadow fusion-flex-justify-content-space-around fusion-content-layout-column\"><div class=\"fusion-classic-product-image-wrapper fusion-woo-product-image fusion-post-card-image fusion-post-card-image-1 has-aspect-ratio\" data-layout=\"static\" style=\"--awb-aspect-ratio:3 \/ 2;\"><div  class=\"fusion-image-wrapper\" aria-haspopup=\"true\">\n\t\t\t\t\t\t\t<a href=\"https:\/\/www.mundusmaris.org\/es\/actividades\/presentacion-de-la-aplicacion-fishbase-en-el-simposio-de-tervuren\/\" aria-label=\"Presentaci\u00f3n de la aplicaci\u00f3n FishBase en el Simposio de Tervuren\">\n\t\t\t\t\t\t\t<img decoding=\"async\" width=\"300\" height=\"234\" src=\"https:\/\/www.mundusmaris.org\/wp-content\/uploads\/2023\/12\/JosSnoeksOpening.jpg\" class=\"attachment-full size-full wp-post-image\" alt=\"\" srcset=\"https:\/\/www.mundusmaris.org\/wp-content\/uploads\/2023\/12\/JosSnoeksOpening-200x156.jpg 200w, https:\/\/www.mundusmaris.org\/wp-content\/uploads\/2023\/12\/JosSnoeksOpening.jpg 300w\" sizes=\"(min-width: 2200px) 100vw, (min-width: 784px) 373px, (min-width: 712px) 560px, (min-width: 640px) 712px, \" \/>\t\t\t<\/a>\n\t\t\t\t\t\t\t<\/div>\n<\/div><div class=\"fusion-meta-tb fusion-meta-tb-151 floated\" style=\"--awb-border-top:0px;--awb-height:36px;--awb-alignment-medium:flex-start;--awb-alignment-small:flex-start;\"><span class=\"fusion-tb-published-date\">Published On: 15 de septiembre de 2023<\/span><span class=\"fusion-meta-tb-sep\"><\/span><\/div><div class=\"fusion-title title fusion-title-152 fusion-sep-none fusion-title-text fusion-title-size-four\" style=\"--awb-margin-top:20px;--awb-margin-right:20px;--awb-margin-bottom:20px;--awb-margin-left:20px;--awb-margin-top-small:10px;--awb-margin-right-small:0px;--awb-margin-bottom-small:10px;--awb-margin-left-small:0px;--awb-font-size:24px;\"><h4 class=\"fusion-title-heading title-heading-left\" style=\"font-family:&quot;IBM Plex Sans Condensed&quot;;font-style:normal;font-weight:500;margin:0;font-size:1em;line-height:1.2;\"><a href=\"https:\/\/www.mundusmaris.org\/es\/actividades\/presentacion-de-la-aplicacion-fishbase-en-el-simposio-de-tervuren\/\" class=\"awb-custom-text-color awb-custom-text-hover-color\" target=\"_self\">Presentaci\u00f3n de la aplicaci\u00f3n FishBase en el Simposio de Tervuren<\/a><\/h4><\/div><\/div><\/li>\n<li class=\"fusion-layout-column fusion_builder_column fusion-builder-column-153 fusion-flex-column post-card fusion-grid-column fusion-post-cards-grid-column\" style=\"--awb-bg-color:var(--awb-color1);--awb-bg-color-hover:var(--awb-color1);--awb-bg-blend:overlay;--awb-bg-size:cover;--awb-flex-grow:0;--awb-flex-shrink:0;--awb-flex-grow-medium:;--awb-flex-shrink-medium:;--awb-flex-grow-small:;--awb-flex-shrink-small:;\" data-scroll-devices=\"small-visibility,medium-visibility,large-visibility\"><div class=\"fusion-column-wrapper fusion-column-has-shadow fusion-flex-justify-content-space-around fusion-content-layout-column\"><div class=\"fusion-classic-product-image-wrapper fusion-woo-product-image fusion-post-card-image fusion-post-card-image-1 has-aspect-ratio\" data-layout=\"static\" style=\"--awb-aspect-ratio:3 \/ 2;\"><div  class=\"fusion-image-wrapper\" aria-haspopup=\"true\">\n\t\t\t\t\t\t\t<a href=\"https:\/\/www.mundusmaris.org\/es\/actividades\/join-the-global-climate-strike-15-september-2023\/\" aria-label=\"Join the Global Climate Strike, 15 September 2023\">\n\t\t\t\t\t\t\t<img decoding=\"async\" width=\"1280\" height=\"519\" src=\"https:\/\/www.mundusmaris.org\/wp-content\/uploads\/2023\/12\/climate-4600289_1280.jpg\" class=\"attachment-full size-full wp-post-image\" alt=\"\" srcset=\"https:\/\/www.mundusmaris.org\/wp-content\/uploads\/2023\/12\/climate-4600289_1280-200x81.jpg 200w, https:\/\/www.mundusmaris.org\/wp-content\/uploads\/2023\/12\/climate-4600289_1280-400x162.jpg 400w, https:\/\/www.mundusmaris.org\/wp-content\/uploads\/2023\/12\/climate-4600289_1280-600x243.jpg 600w, https:\/\/www.mundusmaris.org\/wp-content\/uploads\/2023\/12\/climate-4600289_1280-800x324.jpg 800w, https:\/\/www.mundusmaris.org\/wp-content\/uploads\/2023\/12\/climate-4600289_1280-1200x487.jpg 1200w, https:\/\/www.mundusmaris.org\/wp-content\/uploads\/2023\/12\/climate-4600289_1280.jpg 1280w\" sizes=\"(min-width: 2200px) 100vw, (min-width: 784px) 373px, (min-width: 712px) 560px, (min-width: 640px) 712px, \" \/>\t\t\t<\/a>\n\t\t\t\t\t\t\t<\/div>\n<\/div><div class=\"fusion-meta-tb fusion-meta-tb-152 floated\" style=\"--awb-border-top:0px;--awb-height:36px;--awb-alignment-medium:flex-start;--awb-alignment-small:flex-start;\"><span class=\"fusion-tb-published-date\">Published On: 15 de septiembre de 2023<\/span><span class=\"fusion-meta-tb-sep\"><\/span><\/div><div class=\"fusion-title title fusion-title-153 fusion-sep-none fusion-title-text fusion-title-size-four\" style=\"--awb-margin-top:20px;--awb-margin-right:20px;--awb-margin-bottom:20px;--awb-margin-left:20px;--awb-margin-top-small:10px;--awb-margin-right-small:0px;--awb-margin-bottom-small:10px;--awb-margin-left-small:0px;--awb-font-size:24px;\"><h4 class=\"fusion-title-heading title-heading-left\" style=\"font-family:&quot;IBM Plex Sans Condensed&quot;;font-style:normal;font-weight:500;margin:0;font-size:1em;line-height:1.2;\"><a href=\"https:\/\/www.mundusmaris.org\/es\/actividades\/join-the-global-climate-strike-15-september-2023\/\" class=\"awb-custom-text-color awb-custom-text-hover-color\" target=\"_self\">Join the Global Climate Strike, 15 September 2023<\/a><\/h4><\/div><\/div><\/li>\n<li class=\"fusion-layout-column fusion_builder_column fusion-builder-column-154 fusion-flex-column post-card fusion-grid-column fusion-post-cards-grid-column\" style=\"--awb-bg-color:var(--awb-color1);--awb-bg-color-hover:var(--awb-color1);--awb-bg-blend:overlay;--awb-bg-size:cover;--awb-flex-grow:0;--awb-flex-shrink:0;--awb-flex-grow-medium:;--awb-flex-shrink-medium:;--awb-flex-grow-small:;--awb-flex-shrink-small:;\" data-scroll-devices=\"small-visibility,medium-visibility,large-visibility\"><div class=\"fusion-column-wrapper fusion-column-has-shadow fusion-flex-justify-content-space-around fusion-content-layout-column\"><div class=\"fusion-classic-product-image-wrapper fusion-woo-product-image fusion-post-card-image fusion-post-card-image-1 has-aspect-ratio\" data-layout=\"static\" style=\"--awb-aspect-ratio:3 \/ 2;\"><div  class=\"fusion-image-wrapper\" aria-haspopup=\"true\">\n\t\t\t\t\t\t\t<a href=\"https:\/\/www.mundusmaris.org\/es\/eventos\/the-appropriation-by-modern-humans-of-the-earth-and-the-oceans\/\" aria-label=\"The appropriation by modern humans of the Earth and the Oceans\">\n\t\t\t\t\t\t\t<img decoding=\"async\" width=\"551\" height=\"346\" src=\"https:\/\/www.mundusmaris.org\/wp-content\/uploads\/2023\/09\/DanielPauly.jpg\" class=\"attachment-full size-full wp-post-image\" alt=\"\" srcset=\"https:\/\/www.mundusmaris.org\/wp-content\/uploads\/2023\/09\/DanielPauly-200x126.jpg 200w, https:\/\/www.mundusmaris.org\/wp-content\/uploads\/2023\/09\/DanielPauly-400x251.jpg 400w, https:\/\/www.mundusmaris.org\/wp-content\/uploads\/2023\/09\/DanielPauly.jpg 551w\" sizes=\"(min-width: 2200px) 100vw, (min-width: 784px) 373px, (min-width: 712px) 560px, (min-width: 640px) 712px, \" \/>\t\t\t<\/a>\n\t\t\t\t\t\t\t<\/div>\n<\/div><div class=\"fusion-meta-tb fusion-meta-tb-153 floated\" style=\"--awb-border-top:0px;--awb-height:36px;--awb-alignment-medium:flex-start;--awb-alignment-small:flex-start;\"><span class=\"fusion-tb-published-date\">Published On: 13 de septiembre de 2023<\/span><span class=\"fusion-meta-tb-sep\"><\/span><\/div><div class=\"fusion-title title fusion-title-154 fusion-sep-none fusion-title-text fusion-title-size-four\" style=\"--awb-margin-top:20px;--awb-margin-right:20px;--awb-margin-bottom:20px;--awb-margin-left:20px;--awb-margin-top-small:10px;--awb-margin-right-small:0px;--awb-margin-bottom-small:10px;--awb-margin-left-small:0px;--awb-font-size:24px;\"><h4 class=\"fusion-title-heading title-heading-left\" style=\"font-family:&quot;IBM Plex Sans Condensed&quot;;font-style:normal;font-weight:500;margin:0;font-size:1em;line-height:1.2;\"><a href=\"https:\/\/www.mundusmaris.org\/es\/eventos\/the-appropriation-by-modern-humans-of-the-earth-and-the-oceans\/\" class=\"awb-custom-text-color awb-custom-text-hover-color\" target=\"_self\">The appropriation by modern humans of the Earth and the Oceans<\/a><\/h4><\/div><\/div><\/li>\n<li class=\"fusion-layout-column fusion_builder_column fusion-builder-column-155 fusion-flex-column post-card fusion-grid-column fusion-post-cards-grid-column\" style=\"--awb-bg-color:var(--awb-color1);--awb-bg-color-hover:var(--awb-color1);--awb-bg-blend:overlay;--awb-bg-size:cover;--awb-flex-grow:0;--awb-flex-shrink:0;--awb-flex-grow-medium:;--awb-flex-shrink-medium:;--awb-flex-grow-small:;--awb-flex-shrink-small:;\" data-scroll-devices=\"small-visibility,medium-visibility,large-visibility\"><div class=\"fusion-column-wrapper fusion-column-has-shadow fusion-flex-justify-content-space-around fusion-content-layout-column\"><div class=\"fusion-classic-product-image-wrapper fusion-woo-product-image fusion-post-card-image fusion-post-card-image-1 has-aspect-ratio\" data-layout=\"static\" style=\"--awb-aspect-ratio:3 \/ 2;\"><div  class=\"fusion-image-wrapper\" aria-haspopup=\"true\">\n\t\t\t\t\t\t\t<a href=\"https:\/\/www.mundusmaris.org\/es\/actividades\/seguridad-climatica-y-oceanica\/maritime-security-awareness-in-africa-elevating-youth-voices\/\" aria-label=\"Maritime Security Awareness in Africa: Elevating Youth Voices\">\n\t\t\t\t\t\t\t<img decoding=\"async\" width=\"960\" height=\"559\" src=\"https:\/\/www.mundusmaris.org\/wp-content\/uploads\/2023\/09\/children-3319460_960_720.jpg\" class=\"attachment-full size-full wp-post-image\" alt=\"\" srcset=\"https:\/\/www.mundusmaris.org\/wp-content\/uploads\/2023\/09\/children-3319460_960_720-200x116.jpg 200w, https:\/\/www.mundusmaris.org\/wp-content\/uploads\/2023\/09\/children-3319460_960_720-400x233.jpg 400w, https:\/\/www.mundusmaris.org\/wp-content\/uploads\/2023\/09\/children-3319460_960_720-600x349.jpg 600w, https:\/\/www.mundusmaris.org\/wp-content\/uploads\/2023\/09\/children-3319460_960_720-800x466.jpg 800w, https:\/\/www.mundusmaris.org\/wp-content\/uploads\/2023\/09\/children-3319460_960_720.jpg 960w\" sizes=\"(min-width: 2200px) 100vw, (min-width: 784px) 373px, (min-width: 712px) 560px, (min-width: 640px) 712px, \" \/>\t\t\t<\/a>\n\t\t\t\t\t\t\t<\/div>\n<\/div><div class=\"fusion-meta-tb fusion-meta-tb-154 floated\" style=\"--awb-border-top:0px;--awb-height:36px;--awb-alignment-medium:flex-start;--awb-alignment-small:flex-start;\"><span class=\"fusion-tb-published-date\">Published On: 12 de agosto de 2023<\/span><span class=\"fusion-meta-tb-sep\"><\/span><\/div><div class=\"fusion-title title fusion-title-155 fusion-sep-none fusion-title-text fusion-title-size-four\" style=\"--awb-margin-top:20px;--awb-margin-right:20px;--awb-margin-bottom:20px;--awb-margin-left:20px;--awb-margin-top-small:10px;--awb-margin-right-small:0px;--awb-margin-bottom-small:10px;--awb-margin-left-small:0px;--awb-font-size:24px;\"><h4 class=\"fusion-title-heading title-heading-left\" style=\"font-family:&quot;IBM Plex Sans Condensed&quot;;font-style:normal;font-weight:500;margin:0;font-size:1em;line-height:1.2;\"><a href=\"https:\/\/www.mundusmaris.org\/es\/actividades\/seguridad-climatica-y-oceanica\/maritime-security-awareness-in-africa-elevating-youth-voices\/\" class=\"awb-custom-text-color awb-custom-text-hover-color\" target=\"_self\">Maritime Security Awareness in Africa: Elevating Youth Voices<\/a><\/h4><\/div><\/div><\/li>\n<li class=\"fusion-layout-column fusion_builder_column fusion-builder-column-156 fusion-flex-column post-card fusion-grid-column fusion-post-cards-grid-column\" style=\"--awb-bg-color:var(--awb-color1);--awb-bg-color-hover:var(--awb-color1);--awb-bg-blend:overlay;--awb-bg-size:cover;--awb-flex-grow:0;--awb-flex-shrink:0;--awb-flex-grow-medium:;--awb-flex-shrink-medium:;--awb-flex-grow-small:;--awb-flex-shrink-small:;\" data-scroll-devices=\"small-visibility,medium-visibility,large-visibility\"><div class=\"fusion-column-wrapper fusion-column-has-shadow fusion-flex-justify-content-space-around fusion-content-layout-column\"><div class=\"fusion-classic-product-image-wrapper fusion-woo-product-image fusion-post-card-image fusion-post-card-image-1 has-aspect-ratio\" data-layout=\"static\" style=\"--awb-aspect-ratio:3 \/ 2;\"><div  class=\"fusion-image-wrapper\" aria-haspopup=\"true\">\n\t\t\t\t\t\t\t<a href=\"https:\/\/www.mundusmaris.org\/es\/academia-de-pesca-en-pequena-escala\/conferencia-mare-sobre-miedo-azul-mundus-maris-reflexiona\/\" aria-label=\"Conferencia MARE sobre Miedo Azul &#8211; Mundus maris reflexiona\">\n\t\t\t\t\t\t\t<img decoding=\"async\" width=\"679\" height=\"508\" src=\"https:\/\/www.mundusmaris.org\/wp-content\/uploads\/2023\/12\/MARE-poster.jpg\" class=\"attachment-full size-full wp-post-image\" alt=\"\" srcset=\"https:\/\/www.mundusmaris.org\/wp-content\/uploads\/2023\/12\/MARE-poster-200x150.jpg 200w, https:\/\/www.mundusmaris.org\/wp-content\/uploads\/2023\/12\/MARE-poster-400x299.jpg 400w, https:\/\/www.mundusmaris.org\/wp-content\/uploads\/2023\/12\/MARE-poster-600x449.jpg 600w, https:\/\/www.mundusmaris.org\/wp-content\/uploads\/2023\/12\/MARE-poster.jpg 679w\" sizes=\"(min-width: 2200px) 100vw, (min-width: 784px) 373px, (min-width: 712px) 560px, (min-width: 640px) 712px, \" \/>\t\t\t<\/a>\n\t\t\t\t\t\t\t<\/div>\n<\/div><div class=\"fusion-meta-tb fusion-meta-tb-155 floated\" style=\"--awb-border-top:0px;--awb-height:36px;--awb-alignment-medium:flex-start;--awb-alignment-small:flex-start;\"><span class=\"fusion-tb-published-date\">Published On: 5 de julio de 2023<\/span><span class=\"fusion-meta-tb-sep\"><\/span><\/div><div class=\"fusion-title title fusion-title-156 fusion-sep-none fusion-title-text fusion-title-size-four\" style=\"--awb-margin-top:20px;--awb-margin-right:20px;--awb-margin-bottom:20px;--awb-margin-left:20px;--awb-margin-top-small:10px;--awb-margin-right-small:0px;--awb-margin-bottom-small:10px;--awb-margin-left-small:0px;--awb-font-size:24px;\"><h4 class=\"fusion-title-heading title-heading-left\" style=\"font-family:&quot;IBM Plex Sans Condensed&quot;;font-style:normal;font-weight:500;margin:0;font-size:1em;line-height:1.2;\"><a href=\"https:\/\/www.mundusmaris.org\/es\/academia-de-pesca-en-pequena-escala\/conferencia-mare-sobre-miedo-azul-mundus-maris-reflexiona\/\" class=\"awb-custom-text-color awb-custom-text-hover-color\" target=\"_self\">Conferencia MARE sobre Miedo Azul &#8211; Mundus maris reflexiona<\/a><\/h4><\/div><\/div><\/li>\n<li class=\"fusion-layout-column fusion_builder_column fusion-builder-column-157 fusion-flex-column post-card fusion-grid-column fusion-post-cards-grid-column\" style=\"--awb-bg-color:var(--awb-color1);--awb-bg-color-hover:var(--awb-color1);--awb-bg-blend:overlay;--awb-bg-size:cover;--awb-flex-grow:0;--awb-flex-shrink:0;--awb-flex-grow-medium:;--awb-flex-shrink-medium:;--awb-flex-grow-small:;--awb-flex-shrink-small:;\" data-scroll-devices=\"small-visibility,medium-visibility,large-visibility\"><div class=\"fusion-column-wrapper fusion-column-has-shadow fusion-flex-justify-content-space-around fusion-content-layout-column\"><div class=\"fusion-classic-product-image-wrapper fusion-woo-product-image fusion-post-card-image fusion-post-card-image-1 has-aspect-ratio\" data-layout=\"static\" style=\"--awb-aspect-ratio:3 \/ 2;\"><div  class=\"fusion-image-wrapper\" aria-haspopup=\"true\">\n\t\t\t\t\t\t\t<a href=\"https:\/\/www.mundusmaris.org\/es\/eventos\/mision-de-la-ue-para-la-recuperacion-del-oceano-y-de-los-rios-faro-mediterraneo\/\" aria-label=\"Misi\u00f3n de la UE para la recuperaci\u00f3n del oc\u00e9ano y de los r\u00edos &#8211; Faro Mediterr\u00e1neo\">\n\t\t\t\t\t\t\t<img decoding=\"async\" width=\"1280\" height=\"853\" src=\"https:\/\/www.mundusmaris.org\/wp-content\/uploads\/2023\/06\/SalaDErcole_wiki.jpg\" class=\"attachment-full size-full wp-post-image\" alt=\"\" srcset=\"https:\/\/www.mundusmaris.org\/wp-content\/uploads\/2023\/06\/SalaDErcole_wiki-200x133.jpg 200w, https:\/\/www.mundusmaris.org\/wp-content\/uploads\/2023\/06\/SalaDErcole_wiki-400x267.jpg 400w, https:\/\/www.mundusmaris.org\/wp-content\/uploads\/2023\/06\/SalaDErcole_wiki-600x400.jpg 600w, https:\/\/www.mundusmaris.org\/wp-content\/uploads\/2023\/06\/SalaDErcole_wiki-800x533.jpg 800w, https:\/\/www.mundusmaris.org\/wp-content\/uploads\/2023\/06\/SalaDErcole_wiki-1200x800.jpg 1200w, https:\/\/www.mundusmaris.org\/wp-content\/uploads\/2023\/06\/SalaDErcole_wiki.jpg 1280w\" sizes=\"(min-width: 2200px) 100vw, (min-width: 784px) 373px, (min-width: 712px) 560px, (min-width: 640px) 712px, \" \/>\t\t\t<\/a>\n\t\t\t\t\t\t\t<\/div>\n<\/div><div class=\"fusion-meta-tb fusion-meta-tb-156 floated\" style=\"--awb-border-top:0px;--awb-height:36px;--awb-alignment-medium:flex-start;--awb-alignment-small:flex-start;\"><span class=\"fusion-tb-published-date\">Published On: 1 de junio de 2023<\/span><span class=\"fusion-meta-tb-sep\"><\/span><\/div><div class=\"fusion-title title fusion-title-157 fusion-sep-none fusion-title-text fusion-title-size-four\" style=\"--awb-margin-top:20px;--awb-margin-right:20px;--awb-margin-bottom:20px;--awb-margin-left:20px;--awb-margin-top-small:10px;--awb-margin-right-small:0px;--awb-margin-bottom-small:10px;--awb-margin-left-small:0px;--awb-font-size:24px;\"><h4 class=\"fusion-title-heading title-heading-left\" style=\"font-family:&quot;IBM Plex Sans Condensed&quot;;font-style:normal;font-weight:500;margin:0;font-size:1em;line-height:1.2;\"><a href=\"https:\/\/www.mundusmaris.org\/es\/eventos\/mision-de-la-ue-para-la-recuperacion-del-oceano-y-de-los-rios-faro-mediterraneo\/\" class=\"awb-custom-text-color awb-custom-text-hover-color\" target=\"_self\">Misi\u00f3n de la UE para la recuperaci\u00f3n del oc\u00e9ano y de los r\u00edos &#8211; Faro Mediterr\u00e1neo<\/a><\/h4><\/div><\/div><\/li>\n<li class=\"fusion-layout-column fusion_builder_column fusion-builder-column-158 fusion-flex-column post-card fusion-grid-column fusion-post-cards-grid-column\" style=\"--awb-bg-color:var(--awb-color1);--awb-bg-color-hover:var(--awb-color1);--awb-bg-blend:overlay;--awb-bg-size:cover;--awb-flex-grow:0;--awb-flex-shrink:0;--awb-flex-grow-medium:;--awb-flex-shrink-medium:;--awb-flex-grow-small:;--awb-flex-shrink-small:;\" data-scroll-devices=\"small-visibility,medium-visibility,large-visibility\"><div class=\"fusion-column-wrapper fusion-column-has-shadow fusion-flex-justify-content-space-around fusion-content-layout-column\"><div class=\"fusion-classic-product-image-wrapper fusion-woo-product-image fusion-post-card-image fusion-post-card-image-1 has-aspect-ratio\" data-layout=\"static\" style=\"--awb-aspect-ratio:3 \/ 2;\"><div  class=\"fusion-image-wrapper\" aria-haspopup=\"true\">\n\t\t\t\t\t\t\t<a href=\"https:\/\/www.mundusmaris.org\/es\/academia-de-pesca-en-pequena-escala\/the-transition-from-vulnerability-to-viability-through-illuminating-hidden-harvests\/\" aria-label=\"The Transition From Vulnerability to Viability Through Illuminating Hidden Harvests, 26 May 2023\">\n\t\t\t\t\t\t\t<img decoding=\"async\" width=\"680\" height=\"425\" src=\"https:\/\/www.mundusmaris.org\/wp-content\/uploads\/2023\/12\/NicoleFranzFAO-2740601980.jpg\" class=\"attachment-full size-full wp-post-image\" alt=\"\" srcset=\"https:\/\/www.mundusmaris.org\/wp-content\/uploads\/2023\/12\/NicoleFranzFAO-2740601980-200x125.jpg 200w, https:\/\/www.mundusmaris.org\/wp-content\/uploads\/2023\/12\/NicoleFranzFAO-2740601980-400x250.jpg 400w, https:\/\/www.mundusmaris.org\/wp-content\/uploads\/2023\/12\/NicoleFranzFAO-2740601980-600x375.jpg 600w, https:\/\/www.mundusmaris.org\/wp-content\/uploads\/2023\/12\/NicoleFranzFAO-2740601980.jpg 680w\" sizes=\"(min-width: 2200px) 100vw, (min-width: 784px) 373px, (min-width: 712px) 560px, (min-width: 640px) 712px, \" \/>\t\t\t<\/a>\n\t\t\t\t\t\t\t<\/div>\n<\/div><div class=\"fusion-meta-tb fusion-meta-tb-157 floated\" style=\"--awb-border-top:0px;--awb-height:36px;--awb-alignment-medium:flex-start;--awb-alignment-small:flex-start;\"><span class=\"fusion-tb-published-date\">Published On: 28 de mayo de 2023<\/span><span class=\"fusion-meta-tb-sep\"><\/span><\/div><div class=\"fusion-title title fusion-title-158 fusion-sep-none fusion-title-text fusion-title-size-four\" style=\"--awb-margin-top:20px;--awb-margin-right:20px;--awb-margin-bottom:20px;--awb-margin-left:20px;--awb-margin-top-small:10px;--awb-margin-right-small:0px;--awb-margin-bottom-small:10px;--awb-margin-left-small:0px;--awb-font-size:24px;\"><h4 class=\"fusion-title-heading title-heading-left\" style=\"font-family:&quot;IBM Plex Sans Condensed&quot;;font-style:normal;font-weight:500;margin:0;font-size:1em;line-height:1.2;\"><a href=\"https:\/\/www.mundusmaris.org\/es\/academia-de-pesca-en-pequena-escala\/the-transition-from-vulnerability-to-viability-through-illuminating-hidden-harvests\/\" class=\"awb-custom-text-color awb-custom-text-hover-color\" target=\"_self\">The Transition From Vulnerability to Viability Through Illuminating Hidden Harvests, 26 May 2023<\/a><\/h4><\/div><\/div><\/li>\n<li class=\"fusion-layout-column fusion_builder_column fusion-builder-column-159 fusion-flex-column post-card fusion-grid-column fusion-post-cards-grid-column\" style=\"--awb-bg-color:var(--awb-color1);--awb-bg-color-hover:var(--awb-color1);--awb-bg-blend:overlay;--awb-bg-size:cover;--awb-flex-grow:0;--awb-flex-shrink:0;--awb-flex-grow-medium:;--awb-flex-shrink-medium:;--awb-flex-grow-small:;--awb-flex-shrink-small:;\" data-scroll-devices=\"small-visibility,medium-visibility,large-visibility\"><div class=\"fusion-column-wrapper fusion-column-has-shadow fusion-flex-justify-content-space-around fusion-content-layout-column\"><div class=\"fusion-classic-product-image-wrapper fusion-woo-product-image fusion-post-card-image fusion-post-card-image-1 has-aspect-ratio\" data-layout=\"static\" style=\"--awb-aspect-ratio:3 \/ 2;\"><div  class=\"fusion-image-wrapper\" aria-haspopup=\"true\">\n\t\t\t\t\t\t\t<a href=\"https:\/\/www.mundusmaris.org\/es\/actividades\/seguridad-climatica-y-oceanica\/beyond-growth-ep-conference-15-to-17-may-2023-moving-forward-towards-sufficiency-and-wellbeing\/\" aria-label=\"Beyond Growth &#8211; EP Conference, 15 to 17 May 2023 &#8211; Moving forward towards sufficiency and wellbeing\">\n\t\t\t\t\t\t\t<img decoding=\"async\" width=\"500\" height=\"330\" src=\"https:\/\/www.mundusmaris.org\/wp-content\/uploads\/2024\/12\/YaminaSaheb_IPCC-PanelLeadAuthorAR6Plenary3.jpg\" class=\"attachment-full size-full wp-post-image\" alt=\"\" srcset=\"https:\/\/www.mundusmaris.org\/wp-content\/uploads\/2024\/12\/YaminaSaheb_IPCC-PanelLeadAuthorAR6Plenary3-200x132.jpg 200w, https:\/\/www.mundusmaris.org\/wp-content\/uploads\/2024\/12\/YaminaSaheb_IPCC-PanelLeadAuthorAR6Plenary3-400x264.jpg 400w, https:\/\/www.mundusmaris.org\/wp-content\/uploads\/2024\/12\/YaminaSaheb_IPCC-PanelLeadAuthorAR6Plenary3.jpg 500w\" sizes=\"(min-width: 2200px) 100vw, (min-width: 784px) 373px, (min-width: 712px) 560px, (min-width: 640px) 712px, \" \/>\t\t\t<\/a>\n\t\t\t\t\t\t\t<\/div>\n<\/div><div class=\"fusion-meta-tb fusion-meta-tb-158 floated\" style=\"--awb-border-top:0px;--awb-height:36px;--awb-alignment-medium:flex-start;--awb-alignment-small:flex-start;\"><span class=\"fusion-tb-published-date\">Published On: 20 de mayo de 2023<\/span><span class=\"fusion-meta-tb-sep\"><\/span><\/div><div class=\"fusion-title title fusion-title-159 fusion-sep-none fusion-title-text fusion-title-size-four\" style=\"--awb-margin-top:20px;--awb-margin-right:20px;--awb-margin-bottom:20px;--awb-margin-left:20px;--awb-margin-top-small:10px;--awb-margin-right-small:0px;--awb-margin-bottom-small:10px;--awb-margin-left-small:0px;--awb-font-size:24px;\"><h4 class=\"fusion-title-heading title-heading-left\" style=\"font-family:&quot;IBM Plex Sans Condensed&quot;;font-style:normal;font-weight:500;margin:0;font-size:1em;line-height:1.2;\"><a href=\"https:\/\/www.mundusmaris.org\/es\/actividades\/seguridad-climatica-y-oceanica\/beyond-growth-ep-conference-15-to-17-may-2023-moving-forward-towards-sufficiency-and-wellbeing\/\" class=\"awb-custom-text-color awb-custom-text-hover-color\" target=\"_self\">Beyond Growth &#8211; EP Conference, 15 to 17 May 2023 &#8211; Moving forward towards sufficiency and wellbeing<\/a><\/h4><\/div><\/div><\/li>\n<li class=\"fusion-layout-column fusion_builder_column fusion-builder-column-160 fusion-flex-column post-card fusion-grid-column fusion-post-cards-grid-column\" style=\"--awb-bg-color:var(--awb-color1);--awb-bg-color-hover:var(--awb-color1);--awb-bg-blend:overlay;--awb-bg-size:cover;--awb-flex-grow:0;--awb-flex-shrink:0;--awb-flex-grow-medium:;--awb-flex-shrink-medium:;--awb-flex-grow-small:;--awb-flex-shrink-small:;\" data-scroll-devices=\"small-visibility,medium-visibility,large-visibility\"><div class=\"fusion-column-wrapper fusion-column-has-shadow fusion-flex-justify-content-space-around fusion-content-layout-column\"><div class=\"fusion-classic-product-image-wrapper fusion-woo-product-image fusion-post-card-image fusion-post-card-image-1 has-aspect-ratio\" data-layout=\"static\" style=\"--awb-aspect-ratio:3 \/ 2;\"><div  class=\"fusion-image-wrapper\" aria-haspopup=\"true\">\n\t\t\t\t\t\t\t<a href=\"https:\/\/www.mundusmaris.org\/es\/academia-de-pesca-en-pequena-escala\/egu-sessions-focused-on-geoethics-and-joint-learning\/\" aria-label=\"EGU sessions focused on geoethics and joint learning, 23-28 April 2023\">\n\t\t\t\t\t\t\t<img decoding=\"async\" width=\"500\" height=\"388\" src=\"https:\/\/www.mundusmaris.org\/wp-content\/uploads\/2023\/12\/SilviaPeppoloni.jpg\" class=\"attachment-full size-full wp-post-image\" alt=\"\" srcset=\"https:\/\/www.mundusmaris.org\/wp-content\/uploads\/2023\/12\/SilviaPeppoloni-200x155.jpg 200w, https:\/\/www.mundusmaris.org\/wp-content\/uploads\/2023\/12\/SilviaPeppoloni-400x310.jpg 400w, https:\/\/www.mundusmaris.org\/wp-content\/uploads\/2023\/12\/SilviaPeppoloni.jpg 500w\" sizes=\"(min-width: 2200px) 100vw, (min-width: 784px) 373px, (min-width: 712px) 560px, (min-width: 640px) 712px, \" \/>\t\t\t<\/a>\n\t\t\t\t\t\t\t<\/div>\n<\/div><div class=\"fusion-meta-tb fusion-meta-tb-159 floated\" style=\"--awb-border-top:0px;--awb-height:36px;--awb-alignment-medium:flex-start;--awb-alignment-small:flex-start;\"><span class=\"fusion-tb-published-date\">Published On: 30 de abril de 2023<\/span><span class=\"fusion-meta-tb-sep\"><\/span><\/div><div class=\"fusion-title title fusion-title-160 fusion-sep-none fusion-title-text fusion-title-size-four\" style=\"--awb-margin-top:20px;--awb-margin-right:20px;--awb-margin-bottom:20px;--awb-margin-left:20px;--awb-margin-top-small:10px;--awb-margin-right-small:0px;--awb-margin-bottom-small:10px;--awb-margin-left-small:0px;--awb-font-size:24px;\"><h4 class=\"fusion-title-heading title-heading-left\" style=\"font-family:&quot;IBM Plex Sans Condensed&quot;;font-style:normal;font-weight:500;margin:0;font-size:1em;line-height:1.2;\"><a href=\"https:\/\/www.mundusmaris.org\/es\/academia-de-pesca-en-pequena-escala\/egu-sessions-focused-on-geoethics-and-joint-learning\/\" class=\"awb-custom-text-color awb-custom-text-hover-color\" target=\"_self\">EGU sessions focused on geoethics and joint learning, 23-28 April 2023<\/a><\/h4><\/div><\/div><\/li>\n<li class=\"fusion-layout-column fusion_builder_column fusion-builder-column-161 fusion-flex-column post-card fusion-grid-column fusion-post-cards-grid-column\" style=\"--awb-bg-color:var(--awb-color1);--awb-bg-color-hover:var(--awb-color1);--awb-bg-blend:overlay;--awb-bg-size:cover;--awb-flex-grow:0;--awb-flex-shrink:0;--awb-flex-grow-medium:;--awb-flex-shrink-medium:;--awb-flex-grow-small:;--awb-flex-shrink-small:;\" data-scroll-devices=\"small-visibility,medium-visibility,large-visibility\"><div class=\"fusion-column-wrapper fusion-column-has-shadow fusion-flex-justify-content-space-around fusion-content-layout-column\"><div class=\"fusion-classic-product-image-wrapper fusion-woo-product-image fusion-post-card-image fusion-post-card-image-1 has-aspect-ratio\" data-layout=\"static\" style=\"--awb-aspect-ratio:3 \/ 2;\"><div  class=\"fusion-image-wrapper\" aria-haspopup=\"true\">\n\t\t\t\t\t\t\t<a href=\"https:\/\/www.mundusmaris.org\/es\/entre-tradicion-y-modernidad\/april-v2v-lecture-vulnerability-to-viability-mind-matters\/\" aria-label=\"April V2V lecture &#8211; Vulnerability to Viability: Mind Matters\">\n\t\t\t\t\t\t\t<img decoding=\"async\" width=\"573\" height=\"295\" src=\"https:\/\/www.mundusmaris.org\/wp-content\/uploads\/2023\/12\/AnuradhaChoudry.jpg\" class=\"attachment-full size-full wp-post-image\" alt=\"\" srcset=\"https:\/\/www.mundusmaris.org\/wp-content\/uploads\/2023\/12\/AnuradhaChoudry-200x103.jpg 200w, https:\/\/www.mundusmaris.org\/wp-content\/uploads\/2023\/12\/AnuradhaChoudry-400x206.jpg 400w, https:\/\/www.mundusmaris.org\/wp-content\/uploads\/2023\/12\/AnuradhaChoudry.jpg 573w\" sizes=\"(min-width: 2200px) 100vw, (min-width: 784px) 373px, (min-width: 712px) 560px, (min-width: 640px) 712px, \" \/>\t\t\t<\/a>\n\t\t\t\t\t\t\t<\/div>\n<\/div><div class=\"fusion-meta-tb fusion-meta-tb-160 floated\" style=\"--awb-border-top:0px;--awb-height:36px;--awb-alignment-medium:flex-start;--awb-alignment-small:flex-start;\"><span class=\"fusion-tb-published-date\">Published On: 28 de abril de 2023<\/span><span class=\"fusion-meta-tb-sep\"><\/span><\/div><div class=\"fusion-title title fusion-title-161 fusion-sep-none fusion-title-text fusion-title-size-four\" style=\"--awb-margin-top:20px;--awb-margin-right:20px;--awb-margin-bottom:20px;--awb-margin-left:20px;--awb-margin-top-small:10px;--awb-margin-right-small:0px;--awb-margin-bottom-small:10px;--awb-margin-left-small:0px;--awb-font-size:24px;\"><h4 class=\"fusion-title-heading title-heading-left\" style=\"font-family:&quot;IBM Plex Sans Condensed&quot;;font-style:normal;font-weight:500;margin:0;font-size:1em;line-height:1.2;\"><a href=\"https:\/\/www.mundusmaris.org\/es\/entre-tradicion-y-modernidad\/april-v2v-lecture-vulnerability-to-viability-mind-matters\/\" class=\"awb-custom-text-color awb-custom-text-hover-color\" target=\"_self\">April V2V lecture &#8211; Vulnerability to Viability: Mind Matters<\/a><\/h4><\/div><\/div><\/li>\n<li class=\"fusion-layout-column fusion_builder_column fusion-builder-column-162 fusion-flex-column post-card fusion-grid-column fusion-post-cards-grid-column\" style=\"--awb-bg-color:var(--awb-color1);--awb-bg-color-hover:var(--awb-color1);--awb-bg-blend:overlay;--awb-bg-size:cover;--awb-flex-grow:0;--awb-flex-shrink:0;--awb-flex-grow-medium:;--awb-flex-shrink-medium:;--awb-flex-grow-small:;--awb-flex-shrink-small:;\" data-scroll-devices=\"small-visibility,medium-visibility,large-visibility\"><div class=\"fusion-column-wrapper fusion-column-has-shadow fusion-flex-justify-content-space-around fusion-content-layout-column\"><div class=\"fusion-classic-product-image-wrapper fusion-woo-product-image fusion-post-card-image fusion-post-card-image-1 has-aspect-ratio\" data-layout=\"static\" style=\"--awb-aspect-ratio:3 \/ 2;\"><div  class=\"fusion-image-wrapper\" aria-haspopup=\"true\">\n\t\t\t\t\t\t\t<a href=\"https:\/\/www.mundusmaris.org\/es\/academia-de-pesca-en-pequena-escala\/solidaridad-con-los-pescadores-artesanales-de-senegal-y-mauritania\/\" aria-label=\"Solidaridad con los pescadores artesanales de Senegal y Mauritania\">\n\t\t\t\t\t\t\t<img decoding=\"async\" width=\"225\" height=\"150\" src=\"https:\/\/www.mundusmaris.org\/wp-content\/uploads\/2023\/12\/OilRig-2191719.jpg\" class=\"attachment-full size-full wp-post-image\" alt=\"\" srcset=\"https:\/\/www.mundusmaris.org\/wp-content\/uploads\/2023\/12\/OilRig-2191719-200x133.jpg 200w, https:\/\/www.mundusmaris.org\/wp-content\/uploads\/2023\/12\/OilRig-2191719.jpg 225w\" sizes=\"(min-width: 2200px) 100vw, (min-width: 784px) 373px, (min-width: 712px) 560px, (min-width: 640px) 712px, \" \/>\t\t\t<\/a>\n\t\t\t\t\t\t\t<\/div>\n<\/div><div class=\"fusion-meta-tb fusion-meta-tb-161 floated\" style=\"--awb-border-top:0px;--awb-height:36px;--awb-alignment-medium:flex-start;--awb-alignment-small:flex-start;\"><span class=\"fusion-tb-published-date\">Published On: 18 de abril de 2023<\/span><span class=\"fusion-meta-tb-sep\"><\/span><\/div><div class=\"fusion-title title fusion-title-162 fusion-sep-none fusion-title-text fusion-title-size-four\" style=\"--awb-margin-top:20px;--awb-margin-right:20px;--awb-margin-bottom:20px;--awb-margin-left:20px;--awb-margin-top-small:10px;--awb-margin-right-small:0px;--awb-margin-bottom-small:10px;--awb-margin-left-small:0px;--awb-font-size:24px;\"><h4 class=\"fusion-title-heading title-heading-left\" style=\"font-family:&quot;IBM Plex Sans Condensed&quot;;font-style:normal;font-weight:500;margin:0;font-size:1em;line-height:1.2;\"><a href=\"https:\/\/www.mundusmaris.org\/es\/academia-de-pesca-en-pequena-escala\/solidaridad-con-los-pescadores-artesanales-de-senegal-y-mauritania\/\" class=\"awb-custom-text-color awb-custom-text-hover-color\" target=\"_self\">Solidaridad con los pescadores artesanales de Senegal y Mauritania<\/a><\/h4><\/div><\/div><\/li>\n<li class=\"fusion-layout-column fusion_builder_column fusion-builder-column-163 fusion-flex-column post-card fusion-grid-column fusion-post-cards-grid-column\" style=\"--awb-bg-color:var(--awb-color1);--awb-bg-color-hover:var(--awb-color1);--awb-bg-blend:overlay;--awb-bg-size:cover;--awb-flex-grow:0;--awb-flex-shrink:0;--awb-flex-grow-medium:;--awb-flex-shrink-medium:;--awb-flex-grow-small:;--awb-flex-shrink-small:;\" data-scroll-devices=\"small-visibility,medium-visibility,large-visibility\"><div class=\"fusion-column-wrapper fusion-column-has-shadow fusion-flex-justify-content-space-around fusion-content-layout-column\"><div class=\"fusion-classic-product-image-wrapper fusion-woo-product-image fusion-post-card-image fusion-post-card-image-1 has-aspect-ratio\" data-layout=\"static\" style=\"--awb-aspect-ratio:3 \/ 2;\"><div  class=\"fusion-image-wrapper\" aria-haspopup=\"true\">\n\t\t\t\t\t\t\t<a href=\"https:\/\/www.mundusmaris.org\/es\/actividades\/maritime-career-fair-april-4-2023-accra-ghana\/\" aria-label=\"Maritime career fair, April 4, 2023, Accra, Ghana\">\n\t\t\t\t\t\t\t<img decoding=\"async\" width=\"500\" height=\"330\" src=\"https:\/\/www.mundusmaris.org\/wp-content\/uploads\/2023\/12\/LogoGogmi.jpg\" class=\"attachment-full size-full wp-post-image\" alt=\"\" srcset=\"https:\/\/www.mundusmaris.org\/wp-content\/uploads\/2023\/12\/LogoGogmi-200x132.jpg 200w, https:\/\/www.mundusmaris.org\/wp-content\/uploads\/2023\/12\/LogoGogmi-400x264.jpg 400w, https:\/\/www.mundusmaris.org\/wp-content\/uploads\/2023\/12\/LogoGogmi.jpg 500w\" sizes=\"(min-width: 2200px) 100vw, (min-width: 784px) 373px, (min-width: 712px) 560px, (min-width: 640px) 712px, \" \/>\t\t\t<\/a>\n\t\t\t\t\t\t\t<\/div>\n<\/div><div class=\"fusion-meta-tb fusion-meta-tb-162 floated\" style=\"--awb-border-top:0px;--awb-height:36px;--awb-alignment-medium:flex-start;--awb-alignment-small:flex-start;\"><span class=\"fusion-tb-published-date\">Published On: 10 de abril de 2023<\/span><span class=\"fusion-meta-tb-sep\"><\/span><\/div><div class=\"fusion-title title fusion-title-163 fusion-sep-none fusion-title-text fusion-title-size-four\" style=\"--awb-margin-top:20px;--awb-margin-right:20px;--awb-margin-bottom:20px;--awb-margin-left:20px;--awb-margin-top-small:10px;--awb-margin-right-small:0px;--awb-margin-bottom-small:10px;--awb-margin-left-small:0px;--awb-font-size:24px;\"><h4 class=\"fusion-title-heading title-heading-left\" style=\"font-family:&quot;IBM Plex Sans Condensed&quot;;font-style:normal;font-weight:500;margin:0;font-size:1em;line-height:1.2;\"><a href=\"https:\/\/www.mundusmaris.org\/es\/actividades\/maritime-career-fair-april-4-2023-accra-ghana\/\" class=\"awb-custom-text-color awb-custom-text-hover-color\" target=\"_self\">Maritime career fair, April 4, 2023, Accra, Ghana<\/a><\/h4><\/div><\/div><\/li>\n<li class=\"fusion-layout-column fusion_builder_column fusion-builder-column-164 fusion-flex-column post-card fusion-grid-column fusion-post-cards-grid-column\" style=\"--awb-bg-color:var(--awb-color1);--awb-bg-color-hover:var(--awb-color1);--awb-bg-blend:overlay;--awb-bg-size:cover;--awb-flex-grow:0;--awb-flex-shrink:0;--awb-flex-grow-medium:;--awb-flex-shrink-medium:;--awb-flex-grow-small:;--awb-flex-shrink-small:;\" data-scroll-devices=\"small-visibility,medium-visibility,large-visibility\"><div class=\"fusion-column-wrapper fusion-column-has-shadow fusion-flex-justify-content-space-around fusion-content-layout-column\"><div class=\"fusion-classic-product-image-wrapper fusion-woo-product-image fusion-post-card-image fusion-post-card-image-1 has-aspect-ratio\" data-layout=\"static\" style=\"--awb-aspect-ratio:3 \/ 2;\"><div  class=\"fusion-image-wrapper\" aria-haspopup=\"true\">\n\t\t\t\t\t\t\t<a href=\"https:\/\/www.mundusmaris.org\/es\/academia-de-pesca-en-pequena-escala\/the-legal-instruments-for-the-development-of-sustainable-small-scale-fisheries-governance-in-nigeria\/\" aria-label=\"The legal instruments for the development of sustainable small-scale fisheries governance in Nigeria, 31 March 2023\">\n\t\t\t\t\t\t\t<img decoding=\"async\" width=\"300\" height=\"229\" src=\"https:\/\/www.mundusmaris.org\/wp-content\/uploads\/2023\/12\/FolukeAreola1.jpg\" class=\"attachment-full size-full wp-post-image\" alt=\"\" srcset=\"https:\/\/www.mundusmaris.org\/wp-content\/uploads\/2023\/12\/FolukeAreola1-200x153.jpg 200w, https:\/\/www.mundusmaris.org\/wp-content\/uploads\/2023\/12\/FolukeAreola1.jpg 300w\" sizes=\"(min-width: 2200px) 100vw, (min-width: 784px) 373px, (min-width: 712px) 560px, (min-width: 640px) 712px, \" \/>\t\t\t<\/a>\n\t\t\t\t\t\t\t<\/div>\n<\/div><div class=\"fusion-meta-tb fusion-meta-tb-163 floated\" style=\"--awb-border-top:0px;--awb-height:36px;--awb-alignment-medium:flex-start;--awb-alignment-small:flex-start;\"><span class=\"fusion-tb-published-date\">Published On: 3 de abril de 2023<\/span><span class=\"fusion-meta-tb-sep\"><\/span><\/div><div class=\"fusion-title title fusion-title-164 fusion-sep-none fusion-title-text fusion-title-size-four\" style=\"--awb-margin-top:20px;--awb-margin-right:20px;--awb-margin-bottom:20px;--awb-margin-left:20px;--awb-margin-top-small:10px;--awb-margin-right-small:0px;--awb-margin-bottom-small:10px;--awb-margin-left-small:0px;--awb-font-size:24px;\"><h4 class=\"fusion-title-heading title-heading-left\" style=\"font-family:&quot;IBM Plex Sans Condensed&quot;;font-style:normal;font-weight:500;margin:0;font-size:1em;line-height:1.2;\"><a href=\"https:\/\/www.mundusmaris.org\/es\/academia-de-pesca-en-pequena-escala\/the-legal-instruments-for-the-development-of-sustainable-small-scale-fisheries-governance-in-nigeria\/\" class=\"awb-custom-text-color awb-custom-text-hover-color\" target=\"_self\">The legal instruments for the development of sustainable small-scale fisheries governance in Nigeria, 31 March 2023<\/a><\/h4><\/div><\/div><\/li>\n<li class=\"fusion-layout-column fusion_builder_column fusion-builder-column-165 fusion-flex-column post-card fusion-grid-column fusion-post-cards-grid-column\" style=\"--awb-bg-color:var(--awb-color1);--awb-bg-color-hover:var(--awb-color1);--awb-bg-blend:overlay;--awb-bg-size:cover;--awb-flex-grow:0;--awb-flex-shrink:0;--awb-flex-grow-medium:;--awb-flex-shrink-medium:;--awb-flex-grow-small:;--awb-flex-shrink-small:;\" data-scroll-devices=\"small-visibility,medium-visibility,large-visibility\"><div class=\"fusion-column-wrapper fusion-column-has-shadow fusion-flex-justify-content-space-around fusion-content-layout-column\"><div class=\"fusion-classic-product-image-wrapper fusion-woo-product-image fusion-post-card-image fusion-post-card-image-1 has-aspect-ratio\" data-layout=\"static\" style=\"--awb-aspect-ratio:3 \/ 2;\"><div  class=\"fusion-image-wrapper\" aria-haspopup=\"true\">\n\t\t\t\t\t\t\t<a href=\"https:\/\/www.mundusmaris.org\/es\/los-mariscos-que-comemos\/audiencia-del-parlamento-europeo-sobre-la-iniciativa-ciudadana-detener-el-corte-de-aletas-de-tiburones\/\" aria-label=\"Audiencia del Parlamento Europeo sobre la iniciativa ciudadana de la UE para detener el corte de aletas de tiburones\">\n\t\t\t\t\t\t\t<img decoding=\"async\" width=\"500\" height=\"362\" src=\"https:\/\/www.mundusmaris.org\/wp-content\/uploads\/2023\/04\/shark-finning.jpg\" class=\"attachment-full size-full wp-post-image\" alt=\"\" srcset=\"https:\/\/www.mundusmaris.org\/wp-content\/uploads\/2023\/04\/shark-finning-200x145.jpg 200w, https:\/\/www.mundusmaris.org\/wp-content\/uploads\/2023\/04\/shark-finning-400x290.jpg 400w, https:\/\/www.mundusmaris.org\/wp-content\/uploads\/2023\/04\/shark-finning.jpg 500w\" sizes=\"(min-width: 2200px) 100vw, (min-width: 784px) 373px, (min-width: 712px) 560px, (min-width: 640px) 712px, \" \/>\t\t\t<\/a>\n\t\t\t\t\t\t\t<\/div>\n<\/div><div class=\"fusion-meta-tb fusion-meta-tb-164 floated\" style=\"--awb-border-top:0px;--awb-height:36px;--awb-alignment-medium:flex-start;--awb-alignment-small:flex-start;\"><span class=\"fusion-tb-published-date\">Published On: 1 de abril de 2023<\/span><span class=\"fusion-meta-tb-sep\"><\/span><\/div><div class=\"fusion-title title fusion-title-165 fusion-sep-none fusion-title-text fusion-title-size-four\" style=\"--awb-margin-top:20px;--awb-margin-right:20px;--awb-margin-bottom:20px;--awb-margin-left:20px;--awb-margin-top-small:10px;--awb-margin-right-small:0px;--awb-margin-bottom-small:10px;--awb-margin-left-small:0px;--awb-font-size:24px;\"><h4 class=\"fusion-title-heading title-heading-left\" style=\"font-family:&quot;IBM Plex Sans Condensed&quot;;font-style:normal;font-weight:500;margin:0;font-size:1em;line-height:1.2;\"><a href=\"https:\/\/www.mundusmaris.org\/es\/los-mariscos-que-comemos\/audiencia-del-parlamento-europeo-sobre-la-iniciativa-ciudadana-detener-el-corte-de-aletas-de-tiburones\/\" class=\"awb-custom-text-color awb-custom-text-hover-color\" target=\"_self\">Audiencia del Parlamento Europeo sobre la iniciativa ciudadana de la UE para detener el corte de aletas de tiburones<\/a><\/h4><\/div><\/div><\/li>\n<li class=\"fusion-layout-column fusion_builder_column fusion-builder-column-166 fusion-flex-column post-card fusion-grid-column fusion-post-cards-grid-column\" style=\"--awb-bg-color:var(--awb-color1);--awb-bg-color-hover:var(--awb-color1);--awb-bg-blend:overlay;--awb-bg-size:cover;--awb-flex-grow:0;--awb-flex-shrink:0;--awb-flex-grow-medium:;--awb-flex-shrink-medium:;--awb-flex-grow-small:;--awb-flex-shrink-small:;\" data-scroll-devices=\"small-visibility,medium-visibility,large-visibility\"><div class=\"fusion-column-wrapper fusion-column-has-shadow fusion-flex-justify-content-space-around fusion-content-layout-column\"><div class=\"fusion-classic-product-image-wrapper fusion-woo-product-image fusion-post-card-image fusion-post-card-image-1 has-aspect-ratio\" data-layout=\"static\" style=\"--awb-aspect-ratio:3 \/ 2;\"><div  class=\"fusion-image-wrapper\" aria-haspopup=\"true\">\n\t\t\t\t\t\t\t<a href=\"https:\/\/www.mundusmaris.org\/es\/eventos\/acuerdo-para-la-proteccion-de-la-alta-mar\/\" aria-label=\"Acuerdo para la protecci\u00f3n de la alta mar\">\n\t\t\t\t\t\t\t<img decoding=\"async\" width=\"474\" height=\"316\" src=\"https:\/\/www.mundusmaris.org\/wp-content\/uploads\/2024\/09\/th-2714598342_IISD.jpg\" class=\"attachment-full size-full wp-post-image\" alt=\"\" srcset=\"https:\/\/www.mundusmaris.org\/wp-content\/uploads\/2024\/09\/th-2714598342_IISD-200x133.jpg 200w, https:\/\/www.mundusmaris.org\/wp-content\/uploads\/2024\/09\/th-2714598342_IISD-400x267.jpg 400w, https:\/\/www.mundusmaris.org\/wp-content\/uploads\/2024\/09\/th-2714598342_IISD.jpg 474w\" sizes=\"(min-width: 2200px) 100vw, (min-width: 784px) 373px, (min-width: 712px) 560px, (min-width: 640px) 712px, \" \/>\t\t\t<\/a>\n\t\t\t\t\t\t\t<\/div>\n<\/div><div class=\"fusion-meta-tb fusion-meta-tb-165 floated\" style=\"--awb-border-top:0px;--awb-height:36px;--awb-alignment-medium:flex-start;--awb-alignment-small:flex-start;\"><span class=\"fusion-tb-published-date\">Published On: 29 de marzo de 2023<\/span><span class=\"fusion-meta-tb-sep\"><\/span><\/div><div class=\"fusion-title title fusion-title-166 fusion-sep-none fusion-title-text fusion-title-size-four\" style=\"--awb-margin-top:20px;--awb-margin-right:20px;--awb-margin-bottom:20px;--awb-margin-left:20px;--awb-margin-top-small:10px;--awb-margin-right-small:0px;--awb-margin-bottom-small:10px;--awb-margin-left-small:0px;--awb-font-size:24px;\"><h4 class=\"fusion-title-heading title-heading-left\" style=\"font-family:&quot;IBM Plex Sans Condensed&quot;;font-style:normal;font-weight:500;margin:0;font-size:1em;line-height:1.2;\"><a href=\"https:\/\/www.mundusmaris.org\/es\/eventos\/acuerdo-para-la-proteccion-de-la-alta-mar\/\" class=\"awb-custom-text-color awb-custom-text-hover-color\" target=\"_self\">Acuerdo para la protecci\u00f3n de la alta mar<\/a><\/h4><\/div><\/div><\/li>\n<li class=\"fusion-layout-column fusion_builder_column fusion-builder-column-167 fusion-flex-column post-card fusion-grid-column fusion-post-cards-grid-column\" style=\"--awb-bg-color:var(--awb-color1);--awb-bg-color-hover:var(--awb-color1);--awb-bg-blend:overlay;--awb-bg-size:cover;--awb-flex-grow:0;--awb-flex-shrink:0;--awb-flex-grow-medium:;--awb-flex-shrink-medium:;--awb-flex-grow-small:;--awb-flex-shrink-small:;\" data-scroll-devices=\"small-visibility,medium-visibility,large-visibility\"><div class=\"fusion-column-wrapper fusion-column-has-shadow fusion-flex-justify-content-space-around fusion-content-layout-column\"><div class=\"fusion-classic-product-image-wrapper fusion-woo-product-image fusion-post-card-image fusion-post-card-image-1 has-aspect-ratio\" data-layout=\"static\" style=\"--awb-aspect-ratio:3 \/ 2;\"><div  class=\"fusion-image-wrapper\" aria-haspopup=\"true\">\n\t\t\t\t\t\t\t<a href=\"https:\/\/www.mundusmaris.org\/es\/eventos\/the-new-kunming-montreal-global-biodiversity-framework-webinar\/\" aria-label=\"The new Kunming-Montreal Global Biodiversity Framework webinar\">\n\t\t\t\t\t\t\t<img decoding=\"async\" width=\"300\" height=\"171\" src=\"https:\/\/www.mundusmaris.org\/wp-content\/uploads\/2024\/09\/BasileVanHavre01.jpg\" class=\"attachment-full size-full wp-post-image\" alt=\"\" srcset=\"https:\/\/www.mundusmaris.org\/wp-content\/uploads\/2024\/09\/BasileVanHavre01-200x114.jpg 200w, https:\/\/www.mundusmaris.org\/wp-content\/uploads\/2024\/09\/BasileVanHavre01.jpg 300w\" sizes=\"(min-width: 2200px) 100vw, (min-width: 784px) 373px, (min-width: 712px) 560px, (min-width: 640px) 712px, \" \/>\t\t\t<\/a>\n\t\t\t\t\t\t\t<\/div>\n<\/div><div class=\"fusion-meta-tb fusion-meta-tb-166 floated\" style=\"--awb-border-top:0px;--awb-height:36px;--awb-alignment-medium:flex-start;--awb-alignment-small:flex-start;\"><span class=\"fusion-tb-published-date\">Published On: 20 de marzo de 2023<\/span><span class=\"fusion-meta-tb-sep\"><\/span><\/div><div class=\"fusion-title title fusion-title-167 fusion-sep-none fusion-title-text fusion-title-size-four\" style=\"--awb-margin-top:20px;--awb-margin-right:20px;--awb-margin-bottom:20px;--awb-margin-left:20px;--awb-margin-top-small:10px;--awb-margin-right-small:0px;--awb-margin-bottom-small:10px;--awb-margin-left-small:0px;--awb-font-size:24px;\"><h4 class=\"fusion-title-heading title-heading-left\" style=\"font-family:&quot;IBM Plex Sans Condensed&quot;;font-style:normal;font-weight:500;margin:0;font-size:1em;line-height:1.2;\"><a href=\"https:\/\/www.mundusmaris.org\/es\/eventos\/the-new-kunming-montreal-global-biodiversity-framework-webinar\/\" class=\"awb-custom-text-color awb-custom-text-hover-color\" target=\"_self\">The new Kunming-Montreal Global Biodiversity Framework webinar<\/a><\/h4><\/div><\/div><\/li>\n<li class=\"fusion-layout-column fusion_builder_column fusion-builder-column-168 fusion-flex-column post-card fusion-grid-column fusion-post-cards-grid-column\" style=\"--awb-bg-color:var(--awb-color1);--awb-bg-color-hover:var(--awb-color1);--awb-bg-blend:overlay;--awb-bg-size:cover;--awb-flex-grow:0;--awb-flex-shrink:0;--awb-flex-grow-medium:;--awb-flex-shrink-medium:;--awb-flex-grow-small:;--awb-flex-shrink-small:;\" data-scroll-devices=\"small-visibility,medium-visibility,large-visibility\"><div class=\"fusion-column-wrapper fusion-column-has-shadow fusion-flex-justify-content-space-around fusion-content-layout-column\"><div class=\"fusion-classic-product-image-wrapper fusion-woo-product-image fusion-post-card-image fusion-post-card-image-1 has-aspect-ratio\" data-layout=\"static\" style=\"--awb-aspect-ratio:3 \/ 2;\"><div  class=\"fusion-image-wrapper\" aria-haspopup=\"true\">\n\t\t\t\t\t\t\t<a href=\"https:\/\/www.mundusmaris.org\/es\/los-mariscos-que-comemos\/keynote-at-the-feed-the-future-innovation-lab-for-fish\/\" aria-label=\"Keynote at the &#8216;Feed the Future &#8211; Innovation Lab for Fish&#8217;\">\n\t\t\t\t\t\t\t<img decoding=\"async\" width=\"500\" height=\"435\" src=\"https:\/\/www.mundusmaris.org\/wp-content\/uploads\/2024\/09\/StellaWilliams2023NewOrleans.jpg\" class=\"attachment-full size-full wp-post-image\" alt=\"\" srcset=\"https:\/\/www.mundusmaris.org\/wp-content\/uploads\/2024\/09\/StellaWilliams2023NewOrleans-200x174.jpg 200w, https:\/\/www.mundusmaris.org\/wp-content\/uploads\/2024\/09\/StellaWilliams2023NewOrleans-400x348.jpg 400w, https:\/\/www.mundusmaris.org\/wp-content\/uploads\/2024\/09\/StellaWilliams2023NewOrleans.jpg 500w\" sizes=\"(min-width: 2200px) 100vw, (min-width: 784px) 373px, (min-width: 712px) 560px, (min-width: 640px) 712px, \" \/>\t\t\t<\/a>\n\t\t\t\t\t\t\t<\/div>\n<\/div><div class=\"fusion-meta-tb fusion-meta-tb-167 floated\" style=\"--awb-border-top:0px;--awb-height:36px;--awb-alignment-medium:flex-start;--awb-alignment-small:flex-start;\"><span class=\"fusion-tb-published-date\">Published On: 1 de marzo de 2023<\/span><span class=\"fusion-meta-tb-sep\"><\/span><\/div><div class=\"fusion-title title fusion-title-168 fusion-sep-none fusion-title-text fusion-title-size-four\" style=\"--awb-margin-top:20px;--awb-margin-right:20px;--awb-margin-bottom:20px;--awb-margin-left:20px;--awb-margin-top-small:10px;--awb-margin-right-small:0px;--awb-margin-bottom-small:10px;--awb-margin-left-small:0px;--awb-font-size:24px;\"><h4 class=\"fusion-title-heading title-heading-left\" style=\"font-family:&quot;IBM Plex Sans Condensed&quot;;font-style:normal;font-weight:500;margin:0;font-size:1em;line-height:1.2;\"><a href=\"https:\/\/www.mundusmaris.org\/es\/los-mariscos-que-comemos\/keynote-at-the-feed-the-future-innovation-lab-for-fish\/\" class=\"awb-custom-text-color awb-custom-text-hover-color\" target=\"_self\">Keynote at the &#8216;Feed the Future &#8211; Innovation Lab for Fish&#8217;<\/a><\/h4><\/div><\/div><\/li>\n<li class=\"fusion-layout-column fusion_builder_column fusion-builder-column-169 fusion-flex-column post-card fusion-grid-column fusion-post-cards-grid-column\" style=\"--awb-bg-color:var(--awb-color1);--awb-bg-color-hover:var(--awb-color1);--awb-bg-blend:overlay;--awb-bg-size:cover;--awb-flex-grow:0;--awb-flex-shrink:0;--awb-flex-grow-medium:;--awb-flex-shrink-medium:;--awb-flex-grow-small:;--awb-flex-shrink-small:;\" data-scroll-devices=\"small-visibility,medium-visibility,large-visibility\"><div class=\"fusion-column-wrapper fusion-column-has-shadow fusion-flex-justify-content-space-around fusion-content-layout-column\"><div class=\"fusion-classic-product-image-wrapper fusion-woo-product-image fusion-post-card-image fusion-post-card-image-1 has-aspect-ratio\" data-layout=\"static\" style=\"--awb-aspect-ratio:3 \/ 2;\"><div  class=\"fusion-image-wrapper\" aria-haspopup=\"true\">\n\t\t\t\t\t\t\t<a href=\"https:\/\/www.mundusmaris.org\/es\/academia-de-pesca-en-pequena-escala\/tools-for-gender-analysis-understanding-vulnerability-and-empowerment-2023\/\" aria-label=\"Tools for Gender Analysis: Understanding Vulnerability and Empowerment, 17 February 2023\">\n\t\t\t\t\t\t\t<img decoding=\"async\" width=\"400\" height=\"400\" src=\"https:\/\/www.mundusmaris.org\/wp-content\/uploads\/2023\/12\/AndreaMCollins.jpg\" class=\"attachment-full size-full wp-post-image\" alt=\"\" srcset=\"https:\/\/www.mundusmaris.org\/wp-content\/uploads\/2023\/12\/AndreaMCollins-200x200.jpg 200w, https:\/\/www.mundusmaris.org\/wp-content\/uploads\/2023\/12\/AndreaMCollins.jpg 400w\" sizes=\"(min-width: 2200px) 100vw, (min-width: 784px) 373px, (min-width: 712px) 560px, (min-width: 640px) 712px, \" \/>\t\t\t<\/a>\n\t\t\t\t\t\t\t<\/div>\n<\/div><div class=\"fusion-meta-tb fusion-meta-tb-168 floated\" style=\"--awb-border-top:0px;--awb-height:36px;--awb-alignment-medium:flex-start;--awb-alignment-small:flex-start;\"><span class=\"fusion-tb-published-date\">Published On: 20 de febrero de 2023<\/span><span class=\"fusion-meta-tb-sep\"><\/span><\/div><div class=\"fusion-title title fusion-title-169 fusion-sep-none fusion-title-text fusion-title-size-four\" style=\"--awb-margin-top:20px;--awb-margin-right:20px;--awb-margin-bottom:20px;--awb-margin-left:20px;--awb-margin-top-small:10px;--awb-margin-right-small:0px;--awb-margin-bottom-small:10px;--awb-margin-left-small:0px;--awb-font-size:24px;\"><h4 class=\"fusion-title-heading title-heading-left\" style=\"font-family:&quot;IBM Plex Sans Condensed&quot;;font-style:normal;font-weight:500;margin:0;font-size:1em;line-height:1.2;\"><a href=\"https:\/\/www.mundusmaris.org\/es\/academia-de-pesca-en-pequena-escala\/tools-for-gender-analysis-understanding-vulnerability-and-empowerment-2023\/\" class=\"awb-custom-text-color awb-custom-text-hover-color\" target=\"_self\">Tools for Gender Analysis: Understanding Vulnerability and Empowerment, 17 February 2023<\/a><\/h4><\/div><\/div><\/li>\n<li class=\"fusion-layout-column fusion_builder_column fusion-builder-column-170 fusion-flex-column post-card fusion-grid-column fusion-post-cards-grid-column\" style=\"--awb-bg-color:var(--awb-color1);--awb-bg-color-hover:var(--awb-color1);--awb-bg-blend:overlay;--awb-bg-size:cover;--awb-flex-grow:0;--awb-flex-shrink:0;--awb-flex-grow-medium:;--awb-flex-shrink-medium:;--awb-flex-grow-small:;--awb-flex-shrink-small:;\" data-scroll-devices=\"small-visibility,medium-visibility,large-visibility\"><div class=\"fusion-column-wrapper fusion-column-has-shadow fusion-flex-justify-content-space-around fusion-content-layout-column\"><div class=\"fusion-classic-product-image-wrapper fusion-woo-product-image fusion-post-card-image fusion-post-card-image-1 has-aspect-ratio\" data-layout=\"static\" style=\"--awb-aspect-ratio:3 \/ 2;\"><div  class=\"fusion-image-wrapper\" aria-haspopup=\"true\">\n\t\t\t\t\t\t\t<a href=\"https:\/\/www.mundusmaris.org\/es\/actividades\/frenar-la-sobrepesca\/el-comite-pesca-pe-discute-el-papel-de-china-en-pesca\/\" aria-label=\"El Comit\u00e9 de Pesca del PE discute el papel de China en la pesca\">\n\t\t\t\t\t\t\t<img decoding=\"async\" width=\"500\" height=\"345\" src=\"https:\/\/www.mundusmaris.org\/wp-content\/uploads\/2024\/09\/European_Parliament_logo.jpg\" class=\"attachment-full size-full wp-post-image\" alt=\"\" srcset=\"https:\/\/www.mundusmaris.org\/wp-content\/uploads\/2024\/09\/European_Parliament_logo-200x138.jpg 200w, https:\/\/www.mundusmaris.org\/wp-content\/uploads\/2024\/09\/European_Parliament_logo-400x276.jpg 400w, https:\/\/www.mundusmaris.org\/wp-content\/uploads\/2024\/09\/European_Parliament_logo.jpg 500w\" sizes=\"(min-width: 2200px) 100vw, (min-width: 784px) 373px, (min-width: 712px) 560px, (min-width: 640px) 712px, \" \/>\t\t\t<\/a>\n\t\t\t\t\t\t\t<\/div>\n<\/div><div class=\"fusion-meta-tb fusion-meta-tb-169 floated\" style=\"--awb-border-top:0px;--awb-height:36px;--awb-alignment-medium:flex-start;--awb-alignment-small:flex-start;\"><span class=\"fusion-tb-published-date\">Published On: 30 de enero de 2023<\/span><span class=\"fusion-meta-tb-sep\"><\/span><\/div><div class=\"fusion-title title fusion-title-170 fusion-sep-none fusion-title-text fusion-title-size-four\" style=\"--awb-margin-top:20px;--awb-margin-right:20px;--awb-margin-bottom:20px;--awb-margin-left:20px;--awb-margin-top-small:10px;--awb-margin-right-small:0px;--awb-margin-bottom-small:10px;--awb-margin-left-small:0px;--awb-font-size:24px;\"><h4 class=\"fusion-title-heading title-heading-left\" style=\"font-family:&quot;IBM Plex Sans Condensed&quot;;font-style:normal;font-weight:500;margin:0;font-size:1em;line-height:1.2;\"><a href=\"https:\/\/www.mundusmaris.org\/es\/actividades\/frenar-la-sobrepesca\/el-comite-pesca-pe-discute-el-papel-de-china-en-pesca\/\" class=\"awb-custom-text-color awb-custom-text-hover-color\" target=\"_self\">El Comit\u00e9 de Pesca del PE discute el papel de China en la pesca<\/a><\/h4><\/div><\/div><\/li>\n<li class=\"fusion-layout-column fusion_builder_column fusion-builder-column-171 fusion-flex-column post-card fusion-grid-column fusion-post-cards-grid-column\" style=\"--awb-bg-color:var(--awb-color1);--awb-bg-color-hover:var(--awb-color1);--awb-bg-blend:overlay;--awb-bg-size:cover;--awb-flex-grow:0;--awb-flex-shrink:0;--awb-flex-grow-medium:;--awb-flex-shrink-medium:;--awb-flex-grow-small:;--awb-flex-shrink-small:;\" data-scroll-devices=\"small-visibility,medium-visibility,large-visibility\"><div class=\"fusion-column-wrapper fusion-column-has-shadow fusion-flex-justify-content-space-around fusion-content-layout-column\"><div class=\"fusion-classic-product-image-wrapper fusion-woo-product-image fusion-post-card-image fusion-post-card-image-1 has-aspect-ratio\" data-layout=\"static\" style=\"--awb-aspect-ratio:3 \/ 2;\"><div  class=\"fusion-image-wrapper\" aria-haspopup=\"true\">\n\t\t\t\t\t\t\t<a href=\"https:\/\/www.mundusmaris.org\/es\/academia-de-pesca-en-pequena-escala\/community-resilience-a-framework-for-non-traditional-field-research\/\" aria-label=\"Community resilience: A framework for non-traditional field research, 27 January 2023\">\n\t\t\t\t\t\t\t<img decoding=\"async\" width=\"260\" height=\"228\" src=\"https:\/\/www.mundusmaris.org\/wp-content\/uploads\/2023\/12\/ManasKumarMandal.jpg\" class=\"attachment-full size-full wp-post-image\" alt=\"\" srcset=\"https:\/\/www.mundusmaris.org\/wp-content\/uploads\/2023\/12\/ManasKumarMandal-200x175.jpg 200w, https:\/\/www.mundusmaris.org\/wp-content\/uploads\/2023\/12\/ManasKumarMandal.jpg 260w\" sizes=\"(min-width: 2200px) 100vw, (min-width: 784px) 373px, (min-width: 712px) 560px, (min-width: 640px) 712px, \" \/>\t\t\t<\/a>\n\t\t\t\t\t\t\t<\/div>\n<\/div><div class=\"fusion-meta-tb fusion-meta-tb-170 floated\" style=\"--awb-border-top:0px;--awb-height:36px;--awb-alignment-medium:flex-start;--awb-alignment-small:flex-start;\"><span class=\"fusion-tb-published-date\">Published On: 30 de enero de 2023<\/span><span class=\"fusion-meta-tb-sep\"><\/span><\/div><div class=\"fusion-title title fusion-title-171 fusion-sep-none fusion-title-text fusion-title-size-four\" style=\"--awb-margin-top:20px;--awb-margin-right:20px;--awb-margin-bottom:20px;--awb-margin-left:20px;--awb-margin-top-small:10px;--awb-margin-right-small:0px;--awb-margin-bottom-small:10px;--awb-margin-left-small:0px;--awb-font-size:24px;\"><h4 class=\"fusion-title-heading title-heading-left\" style=\"font-family:&quot;IBM Plex Sans Condensed&quot;;font-style:normal;font-weight:500;margin:0;font-size:1em;line-height:1.2;\"><a href=\"https:\/\/www.mundusmaris.org\/es\/academia-de-pesca-en-pequena-escala\/community-resilience-a-framework-for-non-traditional-field-research\/\" class=\"awb-custom-text-color awb-custom-text-hover-color\" target=\"_self\">Community resilience: A framework for non-traditional field research, 27 January 2023<\/a><\/h4><\/div><\/div><\/li>\n<li class=\"fusion-layout-column fusion_builder_column fusion-builder-column-172 fusion-flex-column post-card fusion-grid-column fusion-post-cards-grid-column\" style=\"--awb-bg-color:var(--awb-color1);--awb-bg-color-hover:var(--awb-color1);--awb-bg-blend:overlay;--awb-bg-size:cover;--awb-flex-grow:0;--awb-flex-shrink:0;--awb-flex-grow-medium:;--awb-flex-shrink-medium:;--awb-flex-grow-small:;--awb-flex-shrink-small:;\" data-scroll-devices=\"small-visibility,medium-visibility,large-visibility\"><div class=\"fusion-column-wrapper fusion-column-has-shadow fusion-flex-justify-content-space-around fusion-content-layout-column\"><div class=\"fusion-classic-product-image-wrapper fusion-woo-product-image fusion-post-card-image fusion-post-card-image-1 has-aspect-ratio\" data-layout=\"static\" style=\"--awb-aspect-ratio:3 \/ 2;\"><div  class=\"fusion-image-wrapper\" aria-haspopup=\"true\">\n\t\t\t\t\t\t\t<a href=\"https:\/\/www.mundusmaris.org\/es\/actividades\/seguridad-climatica-y-oceanica\/mundus-maris-en-la-feria-boot-2023-del-21-al-29-de-enero\/\" aria-label=\"Mundus maris en la feria Boot 2023, del 21 al 29 de enero\">\n\t\t\t\t\t\t\t<img decoding=\"async\" width=\"234\" height=\"167\" src=\"https:\/\/www.mundusmaris.org\/wp-content\/uploads\/2023\/12\/logo_decade_ocean_science_en.jpg\" class=\"attachment-full size-full wp-post-image\" alt=\"\" srcset=\"https:\/\/www.mundusmaris.org\/wp-content\/uploads\/2023\/12\/logo_decade_ocean_science_en-200x143.jpg 200w, https:\/\/www.mundusmaris.org\/wp-content\/uploads\/2023\/12\/logo_decade_ocean_science_en.jpg 234w\" sizes=\"(min-width: 2200px) 100vw, (min-width: 784px) 373px, (min-width: 712px) 560px, (min-width: 640px) 712px, \" \/>\t\t\t<\/a>\n\t\t\t\t\t\t\t<\/div>\n<\/div><div class=\"fusion-meta-tb fusion-meta-tb-171 floated\" style=\"--awb-border-top:0px;--awb-height:36px;--awb-alignment-medium:flex-start;--awb-alignment-small:flex-start;\"><span class=\"fusion-tb-published-date\">Published On: 20 de enero de 2023<\/span><span class=\"fusion-meta-tb-sep\"><\/span><\/div><div class=\"fusion-title title fusion-title-172 fusion-sep-none fusion-title-text fusion-title-size-four\" style=\"--awb-margin-top:20px;--awb-margin-right:20px;--awb-margin-bottom:20px;--awb-margin-left:20px;--awb-margin-top-small:10px;--awb-margin-right-small:0px;--awb-margin-bottom-small:10px;--awb-margin-left-small:0px;--awb-font-size:24px;\"><h4 class=\"fusion-title-heading title-heading-left\" style=\"font-family:&quot;IBM Plex Sans Condensed&quot;;font-style:normal;font-weight:500;margin:0;font-size:1em;line-height:1.2;\"><a href=\"https:\/\/www.mundusmaris.org\/es\/actividades\/seguridad-climatica-y-oceanica\/mundus-maris-en-la-feria-boot-2023-del-21-al-29-de-enero\/\" class=\"awb-custom-text-color awb-custom-text-hover-color\" target=\"_self\">Mundus maris en la feria Boot 2023, del 21 al 29 de enero<\/a><\/h4><\/div><\/div><\/li>\n<li class=\"fusion-layout-column fusion_builder_column fusion-builder-column-173 fusion-flex-column post-card fusion-grid-column fusion-post-cards-grid-column\" style=\"--awb-bg-color:var(--awb-color1);--awb-bg-color-hover:var(--awb-color1);--awb-bg-blend:overlay;--awb-bg-size:cover;--awb-flex-grow:0;--awb-flex-shrink:0;--awb-flex-grow-medium:;--awb-flex-shrink-medium:;--awb-flex-grow-small:;--awb-flex-shrink-small:;\" data-scroll-devices=\"small-visibility,medium-visibility,large-visibility\"><div class=\"fusion-column-wrapper fusion-column-has-shadow fusion-flex-justify-content-space-around fusion-content-layout-column\"><div class=\"fusion-classic-product-image-wrapper fusion-woo-product-image fusion-post-card-image fusion-post-card-image-1 has-aspect-ratio\" data-layout=\"static\" style=\"--awb-aspect-ratio:3 \/ 2;\"><div  class=\"fusion-image-wrapper\" aria-haspopup=\"true\">\n\t\t\t\t\t\t\t<a href=\"https:\/\/www.mundusmaris.org\/es\/actividades\/g7-plenary-in-abidjan-1-2-december-2022\/\" aria-label=\"G7++ Plenary in Abidjan, 1-2 December 2022\">\n\t\t\t\t\t\t\t<img decoding=\"async\" width=\"400\" height=\"273\" src=\"https:\/\/www.mundusmaris.org\/wp-content\/uploads\/2023\/12\/StellaInConversation2.jpg\" class=\"attachment-full size-full wp-post-image\" alt=\"\" srcset=\"https:\/\/www.mundusmaris.org\/wp-content\/uploads\/2023\/12\/StellaInConversation2-200x137.jpg 200w, https:\/\/www.mundusmaris.org\/wp-content\/uploads\/2023\/12\/StellaInConversation2.jpg 400w\" sizes=\"(min-width: 2200px) 100vw, (min-width: 784px) 373px, (min-width: 712px) 560px, (min-width: 640px) 712px, \" \/>\t\t\t<\/a>\n\t\t\t\t\t\t\t<\/div>\n<\/div><div class=\"fusion-meta-tb fusion-meta-tb-172 floated\" style=\"--awb-border-top:0px;--awb-height:36px;--awb-alignment-medium:flex-start;--awb-alignment-small:flex-start;\"><span class=\"fusion-tb-published-date\">Published On: 20 de diciembre de 2022<\/span><span class=\"fusion-meta-tb-sep\"><\/span><\/div><div class=\"fusion-title title fusion-title-173 fusion-sep-none fusion-title-text fusion-title-size-four\" style=\"--awb-margin-top:20px;--awb-margin-right:20px;--awb-margin-bottom:20px;--awb-margin-left:20px;--awb-margin-top-small:10px;--awb-margin-right-small:0px;--awb-margin-bottom-small:10px;--awb-margin-left-small:0px;--awb-font-size:24px;\"><h4 class=\"fusion-title-heading title-heading-left\" style=\"font-family:&quot;IBM Plex Sans Condensed&quot;;font-style:normal;font-weight:500;margin:0;font-size:1em;line-height:1.2;\"><a href=\"https:\/\/www.mundusmaris.org\/es\/actividades\/g7-plenary-in-abidjan-1-2-december-2022\/\" class=\"awb-custom-text-color awb-custom-text-hover-color\" target=\"_self\">G7++ Plenary in Abidjan, 1-2 December 2022<\/a><\/h4><\/div><\/div><\/li>\n<li class=\"fusion-layout-column fusion_builder_column fusion-builder-column-174 fusion-flex-column post-card fusion-grid-column fusion-post-cards-grid-column\" style=\"--awb-bg-color:var(--awb-color1);--awb-bg-color-hover:var(--awb-color1);--awb-bg-blend:overlay;--awb-bg-size:cover;--awb-flex-grow:0;--awb-flex-shrink:0;--awb-flex-grow-medium:;--awb-flex-shrink-medium:;--awb-flex-grow-small:;--awb-flex-shrink-small:;\" data-scroll-devices=\"small-visibility,medium-visibility,large-visibility\"><div class=\"fusion-column-wrapper fusion-column-has-shadow fusion-flex-justify-content-space-around fusion-content-layout-column\"><div class=\"fusion-classic-product-image-wrapper fusion-woo-product-image fusion-post-card-image fusion-post-card-image-1 has-aspect-ratio\" data-layout=\"static\" style=\"--awb-aspect-ratio:3 \/ 2;\"><div  class=\"fusion-image-wrapper\" aria-haspopup=\"true\">\n\t\t\t\t\t\t\t<a href=\"https:\/\/www.mundusmaris.org\/es\/actividades\/madrid-12-de-noviembre-de-2022-justicia-climatica\/\" aria-label=\"Madrid, 12 de noviembre de 2022: Justicia clim\u00e1tica\">\n\t\t\t\t\t\t\t<img decoding=\"async\" width=\"225\" height=\"169\" src=\"https:\/\/www.mundusmaris.org\/wp-content\/uploads\/2023\/12\/MadridJustice02.jpg\" class=\"attachment-full size-full wp-post-image\" alt=\"\" srcset=\"https:\/\/www.mundusmaris.org\/wp-content\/uploads\/2023\/12\/MadridJustice02-200x150.jpg 200w, https:\/\/www.mundusmaris.org\/wp-content\/uploads\/2023\/12\/MadridJustice02.jpg 225w\" sizes=\"(min-width: 2200px) 100vw, (min-width: 784px) 373px, (min-width: 712px) 560px, (min-width: 640px) 712px, \" \/>\t\t\t<\/a>\n\t\t\t\t\t\t\t<\/div>\n<\/div><div class=\"fusion-meta-tb fusion-meta-tb-173 floated\" style=\"--awb-border-top:0px;--awb-height:36px;--awb-alignment-medium:flex-start;--awb-alignment-small:flex-start;\"><span class=\"fusion-tb-published-date\">Published On: 20 de diciembre de 2022<\/span><span class=\"fusion-meta-tb-sep\"><\/span><\/div><div class=\"fusion-title title fusion-title-174 fusion-sep-none fusion-title-text fusion-title-size-four\" style=\"--awb-margin-top:20px;--awb-margin-right:20px;--awb-margin-bottom:20px;--awb-margin-left:20px;--awb-margin-top-small:10px;--awb-margin-right-small:0px;--awb-margin-bottom-small:10px;--awb-margin-left-small:0px;--awb-font-size:24px;\"><h4 class=\"fusion-title-heading title-heading-left\" style=\"font-family:&quot;IBM Plex Sans Condensed&quot;;font-style:normal;font-weight:500;margin:0;font-size:1em;line-height:1.2;\"><a href=\"https:\/\/www.mundusmaris.org\/es\/actividades\/madrid-12-de-noviembre-de-2022-justicia-climatica\/\" class=\"awb-custom-text-color awb-custom-text-hover-color\" target=\"_self\">Madrid, 12 de noviembre de 2022: Justicia clim\u00e1tica<\/a><\/h4><\/div><\/div><\/li>\n<li class=\"fusion-layout-column fusion_builder_column fusion-builder-column-175 fusion-flex-column post-card fusion-grid-column fusion-post-cards-grid-column\" style=\"--awb-bg-color:var(--awb-color1);--awb-bg-color-hover:var(--awb-color1);--awb-bg-blend:overlay;--awb-bg-size:cover;--awb-flex-grow:0;--awb-flex-shrink:0;--awb-flex-grow-medium:;--awb-flex-shrink-medium:;--awb-flex-grow-small:;--awb-flex-shrink-small:;\" data-scroll-devices=\"small-visibility,medium-visibility,large-visibility\"><div class=\"fusion-column-wrapper fusion-column-has-shadow fusion-flex-justify-content-space-around fusion-content-layout-column\"><div class=\"fusion-classic-product-image-wrapper fusion-woo-product-image fusion-post-card-image fusion-post-card-image-1 has-aspect-ratio\" data-layout=\"static\" style=\"--awb-aspect-ratio:3 \/ 2;\"><div  class=\"fusion-image-wrapper\" aria-haspopup=\"true\">\n\t\t\t\t\t\t\t<a href=\"https:\/\/www.mundusmaris.org\/es\/academia-de-pesca-en-pequena-escala\/sustainability-at-scale-v2v-november-webinar\/\" aria-label=\"Sustainability at scale &#8211; V2V November webinar\">\n\t\t\t\t\t\t\t<img decoding=\"async\" width=\"399\" height=\"239\" src=\"https:\/\/www.mundusmaris.org\/wp-content\/uploads\/2023\/12\/MariaJoseEspinosaRomero.jpg\" class=\"attachment-full size-full wp-post-image\" alt=\"\" srcset=\"https:\/\/www.mundusmaris.org\/wp-content\/uploads\/2023\/12\/MariaJoseEspinosaRomero-200x120.jpg 200w, https:\/\/www.mundusmaris.org\/wp-content\/uploads\/2023\/12\/MariaJoseEspinosaRomero.jpg 399w\" sizes=\"(min-width: 2200px) 100vw, (min-width: 784px) 373px, (min-width: 712px) 560px, (min-width: 640px) 712px, \" \/>\t\t\t<\/a>\n\t\t\t\t\t\t\t<\/div>\n<\/div><div class=\"fusion-meta-tb fusion-meta-tb-174 floated\" style=\"--awb-border-top:0px;--awb-height:36px;--awb-alignment-medium:flex-start;--awb-alignment-small:flex-start;\"><span class=\"fusion-tb-published-date\">Published On: 30 de noviembre de 2022<\/span><span class=\"fusion-meta-tb-sep\"><\/span><\/div><div class=\"fusion-title title fusion-title-175 fusion-sep-none fusion-title-text fusion-title-size-four\" style=\"--awb-margin-top:20px;--awb-margin-right:20px;--awb-margin-bottom:20px;--awb-margin-left:20px;--awb-margin-top-small:10px;--awb-margin-right-small:0px;--awb-margin-bottom-small:10px;--awb-margin-left-small:0px;--awb-font-size:24px;\"><h4 class=\"fusion-title-heading title-heading-left\" style=\"font-family:&quot;IBM Plex Sans Condensed&quot;;font-style:normal;font-weight:500;margin:0;font-size:1em;line-height:1.2;\"><a href=\"https:\/\/www.mundusmaris.org\/es\/academia-de-pesca-en-pequena-escala\/sustainability-at-scale-v2v-november-webinar\/\" class=\"awb-custom-text-color awb-custom-text-hover-color\" target=\"_self\">Sustainability at scale &#8211; V2V November webinar<\/a><\/h4><\/div><\/div><\/li>\n<li class=\"fusion-layout-column fusion_builder_column fusion-builder-column-176 fusion-flex-column post-card fusion-grid-column fusion-post-cards-grid-column\" style=\"--awb-bg-color:var(--awb-color1);--awb-bg-color-hover:var(--awb-color1);--awb-bg-blend:overlay;--awb-bg-size:cover;--awb-flex-grow:0;--awb-flex-shrink:0;--awb-flex-grow-medium:;--awb-flex-shrink-medium:;--awb-flex-grow-small:;--awb-flex-shrink-small:;\" data-scroll-devices=\"small-visibility,medium-visibility,large-visibility\"><div class=\"fusion-column-wrapper fusion-column-has-shadow fusion-flex-justify-content-space-around fusion-content-layout-column\"><div class=\"fusion-classic-product-image-wrapper fusion-woo-product-image fusion-post-card-image fusion-post-card-image-1 has-aspect-ratio\" data-layout=\"static\" style=\"--awb-aspect-ratio:3 \/ 2;\"><div  class=\"fusion-image-wrapper\" aria-haspopup=\"true\">\n\t\t\t\t\t\t\t<a href=\"https:\/\/www.mundusmaris.org\/es\/academia-de-pesca-en-pequena-escala\/african-edition-of-4wsfc-in-cape-town-21-to-23-november-2022\/\" aria-label=\"African edition of 4WSFC in Cape Town, 21 to 23 November 2022\">\n\t\t\t\t\t\t\t<img decoding=\"async\" width=\"800\" height=\"500\" src=\"https:\/\/www.mundusmaris.org\/wp-content\/uploads\/2024\/03\/MoeniebaIsaacs_800x500.jpg\" class=\"attachment-full size-full wp-post-image\" alt=\"\" srcset=\"https:\/\/www.mundusmaris.org\/wp-content\/uploads\/2024\/03\/MoeniebaIsaacs_800x500-200x125.jpg 200w, https:\/\/www.mundusmaris.org\/wp-content\/uploads\/2024\/03\/MoeniebaIsaacs_800x500-400x250.jpg 400w, https:\/\/www.mundusmaris.org\/wp-content\/uploads\/2024\/03\/MoeniebaIsaacs_800x500-600x375.jpg 600w, https:\/\/www.mundusmaris.org\/wp-content\/uploads\/2024\/03\/MoeniebaIsaacs_800x500.jpg 800w\" sizes=\"(min-width: 2200px) 100vw, (min-width: 784px) 373px, (min-width: 712px) 560px, (min-width: 640px) 712px, \" \/>\t\t\t<\/a>\n\t\t\t\t\t\t\t<\/div>\n<\/div><div class=\"fusion-meta-tb fusion-meta-tb-175 floated\" style=\"--awb-border-top:0px;--awb-height:36px;--awb-alignment-medium:flex-start;--awb-alignment-small:flex-start;\"><span class=\"fusion-tb-published-date\">Published On: 30 de noviembre de 2022<\/span><span class=\"fusion-meta-tb-sep\"><\/span><\/div><div class=\"fusion-title title fusion-title-176 fusion-sep-none fusion-title-text fusion-title-size-four\" style=\"--awb-margin-top:20px;--awb-margin-right:20px;--awb-margin-bottom:20px;--awb-margin-left:20px;--awb-margin-top-small:10px;--awb-margin-right-small:0px;--awb-margin-bottom-small:10px;--awb-margin-left-small:0px;--awb-font-size:24px;\"><h4 class=\"fusion-title-heading title-heading-left\" style=\"font-family:&quot;IBM Plex Sans Condensed&quot;;font-style:normal;font-weight:500;margin:0;font-size:1em;line-height:1.2;\"><a href=\"https:\/\/www.mundusmaris.org\/es\/academia-de-pesca-en-pequena-escala\/african-edition-of-4wsfc-in-cape-town-21-to-23-november-2022\/\" class=\"awb-custom-text-color awb-custom-text-hover-color\" target=\"_self\">African edition of 4WSFC in Cape Town, 21 to 23 November 2022<\/a><\/h4><\/div><\/div><\/li>\n<li class=\"fusion-layout-column fusion_builder_column fusion-builder-column-177 fusion-flex-column post-card fusion-grid-column fusion-post-cards-grid-column\" style=\"--awb-bg-color:var(--awb-color1);--awb-bg-color-hover:var(--awb-color1);--awb-bg-blend:overlay;--awb-bg-size:cover;--awb-flex-grow:0;--awb-flex-shrink:0;--awb-flex-grow-medium:;--awb-flex-shrink-medium:;--awb-flex-grow-small:;--awb-flex-shrink-small:;\" data-scroll-devices=\"small-visibility,medium-visibility,large-visibility\"><div class=\"fusion-column-wrapper fusion-column-has-shadow fusion-flex-justify-content-space-around fusion-content-layout-column\"><div class=\"fusion-classic-product-image-wrapper fusion-woo-product-image fusion-post-card-image fusion-post-card-image-1 has-aspect-ratio\" data-layout=\"static\" style=\"--awb-aspect-ratio:3 \/ 2;\"><div  class=\"fusion-image-wrapper\" aria-haspopup=\"true\">\n\t\t\t\t\t\t\t<a href=\"https:\/\/www.mundusmaris.org\/es\/libros\/atlas-of-fisheries-and-fishers-in-west-africa\/\" aria-label=\"Atlas of fisheries and fishers in West Africa\">\n\t\t\t\t\t\t\t<img decoding=\"async\" width=\"972\" height=\"700\" src=\"https:\/\/www.mundusmaris.org\/wp-content\/uploads\/2024\/09\/CoverFacsimile.jpg\" class=\"attachment-full size-full wp-post-image\" alt=\"\" srcset=\"https:\/\/www.mundusmaris.org\/wp-content\/uploads\/2024\/09\/CoverFacsimile-200x144.jpg 200w, https:\/\/www.mundusmaris.org\/wp-content\/uploads\/2024\/09\/CoverFacsimile-400x288.jpg 400w, https:\/\/www.mundusmaris.org\/wp-content\/uploads\/2024\/09\/CoverFacsimile-600x432.jpg 600w, https:\/\/www.mundusmaris.org\/wp-content\/uploads\/2024\/09\/CoverFacsimile-800x576.jpg 800w, https:\/\/www.mundusmaris.org\/wp-content\/uploads\/2024\/09\/CoverFacsimile.jpg 972w\" sizes=\"(min-width: 2200px) 100vw, (min-width: 784px) 373px, (min-width: 712px) 560px, (min-width: 640px) 712px, \" \/>\t\t\t<\/a>\n\t\t\t\t\t\t\t<\/div>\n<\/div><div class=\"fusion-meta-tb fusion-meta-tb-176 floated\" style=\"--awb-border-top:0px;--awb-height:36px;--awb-alignment-medium:flex-start;--awb-alignment-small:flex-start;\"><span class=\"fusion-tb-published-date\">Published On: 21 de octubre de 2022<\/span><span class=\"fusion-meta-tb-sep\"><\/span><\/div><div class=\"fusion-title title fusion-title-177 fusion-sep-none fusion-title-text fusion-title-size-four\" style=\"--awb-margin-top:20px;--awb-margin-right:20px;--awb-margin-bottom:20px;--awb-margin-left:20px;--awb-margin-top-small:10px;--awb-margin-right-small:0px;--awb-margin-bottom-small:10px;--awb-margin-left-small:0px;--awb-font-size:24px;\"><h4 class=\"fusion-title-heading title-heading-left\" style=\"font-family:&quot;IBM Plex Sans Condensed&quot;;font-style:normal;font-weight:500;margin:0;font-size:1em;line-height:1.2;\"><a href=\"https:\/\/www.mundusmaris.org\/es\/libros\/atlas-of-fisheries-and-fishers-in-west-africa\/\" class=\"awb-custom-text-color awb-custom-text-hover-color\" target=\"_self\">Atlas of fisheries and fishers in West Africa<\/a><\/h4><\/div><\/div><\/li>\n<li class=\"fusion-layout-column fusion_builder_column fusion-builder-column-178 fusion-flex-column post-card fusion-grid-column fusion-post-cards-grid-column\" style=\"--awb-bg-color:var(--awb-color1);--awb-bg-color-hover:var(--awb-color1);--awb-bg-blend:overlay;--awb-bg-size:cover;--awb-flex-grow:0;--awb-flex-shrink:0;--awb-flex-grow-medium:;--awb-flex-shrink-medium:;--awb-flex-grow-small:;--awb-flex-shrink-small:;\" data-scroll-devices=\"small-visibility,medium-visibility,large-visibility\"><div class=\"fusion-column-wrapper fusion-column-has-shadow fusion-flex-justify-content-space-around fusion-content-layout-column\"><div class=\"fusion-classic-product-image-wrapper fusion-woo-product-image fusion-post-card-image fusion-post-card-image-1 has-aspect-ratio\" data-layout=\"static\" style=\"--awb-aspect-ratio:3 \/ 2;\"><div  class=\"fusion-image-wrapper\" aria-haspopup=\"true\">\n\t\t\t\t\t\t\t<a href=\"https:\/\/www.mundusmaris.org\/es\/academia-de-pesca-en-pequena-escala\/edicion-europea-del-4-congreso-mundial-de-pesca-artesanal-ingles-4wsfc-en-malta-12-14-de-septiembre-de-2022\/\" aria-label=\"Edici\u00f3n europea del 4\u00b0 Congreso Mundial de Pesca Artesanal (ingl\u00e9s 4WSFC) en Malta, 12-14 de septiembre de 2022\">\n\t\t\t\t\t\t\t<img decoding=\"async\" width=\"800\" height=\"500\" src=\"https:\/\/www.mundusmaris.org\/wp-content\/uploads\/2024\/03\/GenderPanelDay_800x500.jpg\" class=\"attachment-full size-full wp-post-image\" alt=\"\" srcset=\"https:\/\/www.mundusmaris.org\/wp-content\/uploads\/2024\/03\/GenderPanelDay_800x500-200x125.jpg 200w, https:\/\/www.mundusmaris.org\/wp-content\/uploads\/2024\/03\/GenderPanelDay_800x500-400x250.jpg 400w, https:\/\/www.mundusmaris.org\/wp-content\/uploads\/2024\/03\/GenderPanelDay_800x500-600x375.jpg 600w, https:\/\/www.mundusmaris.org\/wp-content\/uploads\/2024\/03\/GenderPanelDay_800x500.jpg 800w\" sizes=\"(min-width: 2200px) 100vw, (min-width: 784px) 373px, (min-width: 712px) 560px, (min-width: 640px) 712px, \" \/>\t\t\t<\/a>\n\t\t\t\t\t\t\t<\/div>\n<\/div><div class=\"fusion-meta-tb fusion-meta-tb-177 floated\" style=\"--awb-border-top:0px;--awb-height:36px;--awb-alignment-medium:flex-start;--awb-alignment-small:flex-start;\"><span class=\"fusion-tb-published-date\">Published On: 22 de septiembre de 2022<\/span><span class=\"fusion-meta-tb-sep\"><\/span><\/div><div class=\"fusion-title title fusion-title-178 fusion-sep-none fusion-title-text fusion-title-size-four\" style=\"--awb-margin-top:20px;--awb-margin-right:20px;--awb-margin-bottom:20px;--awb-margin-left:20px;--awb-margin-top-small:10px;--awb-margin-right-small:0px;--awb-margin-bottom-small:10px;--awb-margin-left-small:0px;--awb-font-size:24px;\"><h4 class=\"fusion-title-heading title-heading-left\" style=\"font-family:&quot;IBM Plex Sans Condensed&quot;;font-style:normal;font-weight:500;margin:0;font-size:1em;line-height:1.2;\"><a href=\"https:\/\/www.mundusmaris.org\/es\/academia-de-pesca-en-pequena-escala\/edicion-europea-del-4-congreso-mundial-de-pesca-artesanal-ingles-4wsfc-en-malta-12-14-de-septiembre-de-2022\/\" class=\"awb-custom-text-color awb-custom-text-hover-color\" target=\"_self\">Edici\u00f3n europea del 4\u00b0 Congreso Mundial de Pesca Artesanal (ingl\u00e9s 4WSFC) en Malta, 12-14 de septiembre de 2022<\/a><\/h4><\/div><\/div><\/li>\n<li class=\"fusion-layout-column fusion_builder_column fusion-builder-column-179 fusion-flex-column post-card fusion-grid-column fusion-post-cards-grid-column\" style=\"--awb-bg-color:var(--awb-color1);--awb-bg-color-hover:var(--awb-color1);--awb-bg-blend:overlay;--awb-bg-size:cover;--awb-flex-grow:0;--awb-flex-shrink:0;--awb-flex-grow-medium:;--awb-flex-shrink-medium:;--awb-flex-grow-small:;--awb-flex-shrink-small:;\" data-scroll-devices=\"small-visibility,medium-visibility,large-visibility\"><div class=\"fusion-column-wrapper fusion-column-has-shadow fusion-flex-justify-content-space-around fusion-content-layout-column\"><div class=\"fusion-classic-product-image-wrapper fusion-woo-product-image fusion-post-card-image fusion-post-card-image-1 has-aspect-ratio\" data-layout=\"static\" style=\"--awb-aspect-ratio:3 \/ 2;\"><div  class=\"fusion-image-wrapper\" aria-haspopup=\"true\">\n\t\t\t\t\t\t\t<a href=\"https:\/\/www.mundusmaris.org\/es\/entre-tradicion-y-modernidad\/a-glimpse-at-marsaxlokk-the-traditional-fisheries-harbour-in-malta\/\" aria-label=\"A glimpse at Marsaxlokk, the traditional fisheries harbour in Malta\">\n\t\t\t\t\t\t\t<img decoding=\"async\" width=\"800\" height=\"500\" src=\"https:\/\/www.mundusmaris.org\/wp-content\/uploads\/2024\/04\/copertina_posts_marsaxlokk.jpg\" class=\"attachment-full size-full wp-post-image\" alt=\"\" srcset=\"https:\/\/www.mundusmaris.org\/wp-content\/uploads\/2024\/04\/copertina_posts_marsaxlokk-200x125.jpg 200w, https:\/\/www.mundusmaris.org\/wp-content\/uploads\/2024\/04\/copertina_posts_marsaxlokk-400x250.jpg 400w, https:\/\/www.mundusmaris.org\/wp-content\/uploads\/2024\/04\/copertina_posts_marsaxlokk-600x375.jpg 600w, https:\/\/www.mundusmaris.org\/wp-content\/uploads\/2024\/04\/copertina_posts_marsaxlokk.jpg 800w\" sizes=\"(min-width: 2200px) 100vw, (min-width: 784px) 373px, (min-width: 712px) 560px, (min-width: 640px) 712px, \" \/>\t\t\t<\/a>\n\t\t\t\t\t\t\t<\/div>\n<\/div><div class=\"fusion-meta-tb fusion-meta-tb-178 floated\" style=\"--awb-border-top:0px;--awb-height:36px;--awb-alignment-medium:flex-start;--awb-alignment-small:flex-start;\"><span class=\"fusion-tb-published-date\">Published On: 11 de septiembre de 2022<\/span><span class=\"fusion-meta-tb-sep\"><\/span><\/div><div class=\"fusion-title title fusion-title-179 fusion-sep-none fusion-title-text fusion-title-size-four\" style=\"--awb-margin-top:20px;--awb-margin-right:20px;--awb-margin-bottom:20px;--awb-margin-left:20px;--awb-margin-top-small:10px;--awb-margin-right-small:0px;--awb-margin-bottom-small:10px;--awb-margin-left-small:0px;--awb-font-size:24px;\"><h4 class=\"fusion-title-heading title-heading-left\" style=\"font-family:&quot;IBM Plex Sans Condensed&quot;;font-style:normal;font-weight:500;margin:0;font-size:1em;line-height:1.2;\"><a href=\"https:\/\/www.mundusmaris.org\/es\/entre-tradicion-y-modernidad\/a-glimpse-at-marsaxlokk-the-traditional-fisheries-harbour-in-malta\/\" class=\"awb-custom-text-color awb-custom-text-hover-color\" target=\"_self\">A glimpse at Marsaxlokk, the traditional fisheries harbour in Malta<\/a><\/h4><\/div><\/div><\/li>\n<li class=\"fusion-layout-column fusion_builder_column fusion-builder-column-180 fusion-flex-column post-card fusion-grid-column fusion-post-cards-grid-column\" style=\"--awb-bg-color:var(--awb-color1);--awb-bg-color-hover:var(--awb-color1);--awb-bg-blend:overlay;--awb-bg-size:cover;--awb-flex-grow:0;--awb-flex-shrink:0;--awb-flex-grow-medium:;--awb-flex-shrink-medium:;--awb-flex-grow-small:;--awb-flex-shrink-small:;\" data-scroll-devices=\"small-visibility,medium-visibility,large-visibility\"><div class=\"fusion-column-wrapper fusion-column-has-shadow fusion-flex-justify-content-space-around fusion-content-layout-column\"><div class=\"fusion-classic-product-image-wrapper fusion-woo-product-image fusion-post-card-image fusion-post-card-image-1 has-aspect-ratio\" data-layout=\"static\" style=\"--awb-aspect-ratio:3 \/ 2;\"><div  class=\"fusion-image-wrapper\" aria-haspopup=\"true\">\n\t\t\t\t\t\t\t<a href=\"https:\/\/www.mundusmaris.org\/es\/academia-de-pesca-en-pequena-escala\/mundus-maris-contributes-to-ssf-summit-in-rome\/\" aria-label=\"Mundus maris contributes to SSF Summit in Rome\">\n\t\t\t\t\t\t\t<img decoding=\"async\" width=\"800\" height=\"500\" src=\"https:\/\/www.mundusmaris.org\/wp-content\/uploads\/2024\/03\/GroupPhotoSSF-SummitChristianMantuano_800x500.jpg\" class=\"attachment-full size-full wp-post-image\" alt=\"\" srcset=\"https:\/\/www.mundusmaris.org\/wp-content\/uploads\/2024\/03\/GroupPhotoSSF-SummitChristianMantuano_800x500-200x125.jpg 200w, https:\/\/www.mundusmaris.org\/wp-content\/uploads\/2024\/03\/GroupPhotoSSF-SummitChristianMantuano_800x500-400x250.jpg 400w, https:\/\/www.mundusmaris.org\/wp-content\/uploads\/2024\/03\/GroupPhotoSSF-SummitChristianMantuano_800x500-600x375.jpg 600w, https:\/\/www.mundusmaris.org\/wp-content\/uploads\/2024\/03\/GroupPhotoSSF-SummitChristianMantuano_800x500.jpg 800w\" sizes=\"(min-width: 2200px) 100vw, (min-width: 784px) 373px, (min-width: 712px) 560px, (min-width: 640px) 712px, \" \/>\t\t\t<\/a>\n\t\t\t\t\t\t\t<\/div>\n<\/div><div class=\"fusion-meta-tb fusion-meta-tb-179 floated\" style=\"--awb-border-top:0px;--awb-height:36px;--awb-alignment-medium:flex-start;--awb-alignment-small:flex-start;\"><span class=\"fusion-tb-published-date\">Published On: 9 de septiembre de 2022<\/span><span class=\"fusion-meta-tb-sep\"><\/span><\/div><div class=\"fusion-title title fusion-title-180 fusion-sep-none fusion-title-text fusion-title-size-four\" style=\"--awb-margin-top:20px;--awb-margin-right:20px;--awb-margin-bottom:20px;--awb-margin-left:20px;--awb-margin-top-small:10px;--awb-margin-right-small:0px;--awb-margin-bottom-small:10px;--awb-margin-left-small:0px;--awb-font-size:24px;\"><h4 class=\"fusion-title-heading title-heading-left\" style=\"font-family:&quot;IBM Plex Sans Condensed&quot;;font-style:normal;font-weight:500;margin:0;font-size:1em;line-height:1.2;\"><a href=\"https:\/\/www.mundusmaris.org\/es\/academia-de-pesca-en-pequena-escala\/mundus-maris-contributes-to-ssf-summit-in-rome\/\" class=\"awb-custom-text-color awb-custom-text-hover-color\" target=\"_self\">Mundus maris contributes to SSF Summit in Rome<\/a><\/h4><\/div><\/div><\/li>\n<li class=\"fusion-layout-column fusion_builder_column fusion-builder-column-181 fusion-flex-column post-card fusion-grid-column fusion-post-cards-grid-column\" style=\"--awb-bg-color:var(--awb-color1);--awb-bg-color-hover:var(--awb-color1);--awb-bg-blend:overlay;--awb-bg-size:cover;--awb-flex-grow:0;--awb-flex-shrink:0;--awb-flex-grow-medium:;--awb-flex-shrink-medium:;--awb-flex-grow-small:;--awb-flex-shrink-small:;\" data-scroll-devices=\"small-visibility,medium-visibility,large-visibility\"><div class=\"fusion-column-wrapper fusion-column-has-shadow fusion-flex-justify-content-space-around fusion-content-layout-column\"><div class=\"fusion-classic-product-image-wrapper fusion-woo-product-image fusion-post-card-image fusion-post-card-image-1 has-aspect-ratio\" data-layout=\"static\" style=\"--awb-aspect-ratio:3 \/ 2;\"><div  class=\"fusion-image-wrapper\" aria-haspopup=\"true\">\n\t\t\t\t\t\t\t<a href=\"https:\/\/www.mundusmaris.org\/es\/actividades\/frenar-la-sobrepesca\/ojos-puestos-en-la-omc-en-hilden-alemania\/\" aria-label=\"Todos los ojos puestos en la OMC en Hilden, Alemania\">\n\t\t\t\t\t\t\t<img decoding=\"async\" width=\"400\" height=\"267\" src=\"https:\/\/www.mundusmaris.org\/wp-content\/uploads\/2024\/09\/FinlayInHilden02.jpg\" class=\"attachment-full size-full wp-post-image\" alt=\"\" srcset=\"https:\/\/www.mundusmaris.org\/wp-content\/uploads\/2024\/09\/FinlayInHilden02-200x134.jpg 200w, https:\/\/www.mundusmaris.org\/wp-content\/uploads\/2024\/09\/FinlayInHilden02.jpg 400w\" sizes=\"(min-width: 2200px) 100vw, (min-width: 784px) 373px, (min-width: 712px) 560px, (min-width: 640px) 712px, \" \/>\t\t\t<\/a>\n\t\t\t\t\t\t\t<\/div>\n<\/div><div class=\"fusion-meta-tb fusion-meta-tb-180 floated\" style=\"--awb-border-top:0px;--awb-height:36px;--awb-alignment-medium:flex-start;--awb-alignment-small:flex-start;\"><span class=\"fusion-tb-published-date\">Published On: 7 de junio de 2022<\/span><span class=\"fusion-meta-tb-sep\"><\/span><\/div><div class=\"fusion-title title fusion-title-181 fusion-sep-none fusion-title-text fusion-title-size-four\" style=\"--awb-margin-top:20px;--awb-margin-right:20px;--awb-margin-bottom:20px;--awb-margin-left:20px;--awb-margin-top-small:10px;--awb-margin-right-small:0px;--awb-margin-bottom-small:10px;--awb-margin-left-small:0px;--awb-font-size:24px;\"><h4 class=\"fusion-title-heading title-heading-left\" style=\"font-family:&quot;IBM Plex Sans Condensed&quot;;font-style:normal;font-weight:500;margin:0;font-size:1em;line-height:1.2;\"><a href=\"https:\/\/www.mundusmaris.org\/es\/actividades\/frenar-la-sobrepesca\/ojos-puestos-en-la-omc-en-hilden-alemania\/\" class=\"awb-custom-text-color awb-custom-text-hover-color\" target=\"_self\">Todos los ojos puestos en la OMC en Hilden, Alemania<\/a><\/h4><\/div><\/div><\/li>\n<li class=\"fusion-layout-column fusion_builder_column fusion-builder-column-182 fusion-flex-column post-card fusion-grid-column fusion-post-cards-grid-column\" style=\"--awb-bg-color:var(--awb-color1);--awb-bg-color-hover:var(--awb-color1);--awb-bg-blend:overlay;--awb-bg-size:cover;--awb-flex-grow:0;--awb-flex-shrink:0;--awb-flex-grow-medium:;--awb-flex-shrink-medium:;--awb-flex-grow-small:;--awb-flex-shrink-small:;\" data-scroll-devices=\"small-visibility,medium-visibility,large-visibility\"><div class=\"fusion-column-wrapper fusion-column-has-shadow fusion-flex-justify-content-space-around fusion-content-layout-column\"><div class=\"fusion-classic-product-image-wrapper fusion-woo-product-image fusion-post-card-image fusion-post-card-image-1 has-aspect-ratio\" data-layout=\"static\" style=\"--awb-aspect-ratio:3 \/ 2;\"><div  class=\"fusion-image-wrapper\" aria-haspopup=\"true\">\n\t\t\t\t\t\t\t<a href=\"https:\/\/www.mundusmaris.org\/es\/libros\/una-vida-junto-al-mar-resena-del-libro-the-oceans-whistleblower\/\" aria-label=\"Una vida junto al mar &#8211; Rese\u00f1a del libro The Ocean\u2019s Whistleblower\">\n\t\t\t\t\t\t\t<img decoding=\"async\" width=\"500\" height=\"357\" src=\"https:\/\/www.mundusmaris.org\/wp-content\/uploads\/2024\/09\/DP_partialCover.jpg\" class=\"attachment-full size-full wp-post-image\" alt=\"\" srcset=\"https:\/\/www.mundusmaris.org\/wp-content\/uploads\/2024\/09\/DP_partialCover-200x143.jpg 200w, https:\/\/www.mundusmaris.org\/wp-content\/uploads\/2024\/09\/DP_partialCover-400x286.jpg 400w, https:\/\/www.mundusmaris.org\/wp-content\/uploads\/2024\/09\/DP_partialCover.jpg 500w\" sizes=\"(min-width: 2200px) 100vw, (min-width: 784px) 373px, (min-width: 712px) 560px, (min-width: 640px) 712px, \" \/>\t\t\t<\/a>\n\t\t\t\t\t\t\t<\/div>\n<\/div><div class=\"fusion-meta-tb fusion-meta-tb-181 floated\" style=\"--awb-border-top:0px;--awb-height:36px;--awb-alignment-medium:flex-start;--awb-alignment-small:flex-start;\"><span class=\"fusion-tb-published-date\">Published On: 30 de marzo de 2022<\/span><span class=\"fusion-meta-tb-sep\"><\/span><\/div><div class=\"fusion-title title fusion-title-182 fusion-sep-none fusion-title-text fusion-title-size-four\" style=\"--awb-margin-top:20px;--awb-margin-right:20px;--awb-margin-bottom:20px;--awb-margin-left:20px;--awb-margin-top-small:10px;--awb-margin-right-small:0px;--awb-margin-bottom-small:10px;--awb-margin-left-small:0px;--awb-font-size:24px;\"><h4 class=\"fusion-title-heading title-heading-left\" style=\"font-family:&quot;IBM Plex Sans Condensed&quot;;font-style:normal;font-weight:500;margin:0;font-size:1em;line-height:1.2;\"><a href=\"https:\/\/www.mundusmaris.org\/es\/libros\/una-vida-junto-al-mar-resena-del-libro-the-oceans-whistleblower\/\" class=\"awb-custom-text-color awb-custom-text-hover-color\" target=\"_self\">Una vida junto al mar &#8211; Rese\u00f1a del libro The Ocean\u2019s Whistleblower<\/a><\/h4><\/div><\/div><\/li>\n<li class=\"fusion-layout-column fusion_builder_column fusion-builder-column-183 fusion-flex-column post-card fusion-grid-column fusion-post-cards-grid-column\" style=\"--awb-bg-color:var(--awb-color1);--awb-bg-color-hover:var(--awb-color1);--awb-bg-blend:overlay;--awb-bg-size:cover;--awb-flex-grow:0;--awb-flex-shrink:0;--awb-flex-grow-medium:;--awb-flex-shrink-medium:;--awb-flex-grow-small:;--awb-flex-shrink-small:;\" data-scroll-devices=\"small-visibility,medium-visibility,large-visibility\"><div class=\"fusion-column-wrapper fusion-column-has-shadow fusion-flex-justify-content-space-around fusion-content-layout-column\"><div class=\"fusion-classic-product-image-wrapper fusion-woo-product-image fusion-post-card-image fusion-post-card-image-1 has-aspect-ratio\" data-layout=\"static\" style=\"--awb-aspect-ratio:3 \/ 2;\"><div  class=\"fusion-image-wrapper\" aria-haspopup=\"true\">\n\t\t\t\t\t\t\t<a href=\"https:\/\/www.mundusmaris.org\/es\/actividades\/enfoque-ecosistemico-de-la-pesca\/wellbeing-small-scale-fishers-derive-from-ecosystem-services\/\" aria-label=\"Wellbeing small-scale fishers derive from ecosystem services\">\n\t\t\t\t\t\t\t<img decoding=\"async\" width=\"500\" height=\"330\" src=\"https:\/\/www.mundusmaris.org\/wp-content\/uploads\/2024\/10\/AnaCarolinaEstevesDias_UbatubaPullingUpNet.jpg\" class=\"attachment-full size-full wp-post-image\" alt=\"\" srcset=\"https:\/\/www.mundusmaris.org\/wp-content\/uploads\/2024\/10\/AnaCarolinaEstevesDias_UbatubaPullingUpNet-200x132.jpg 200w, https:\/\/www.mundusmaris.org\/wp-content\/uploads\/2024\/10\/AnaCarolinaEstevesDias_UbatubaPullingUpNet-400x264.jpg 400w, https:\/\/www.mundusmaris.org\/wp-content\/uploads\/2024\/10\/AnaCarolinaEstevesDias_UbatubaPullingUpNet.jpg 500w\" sizes=\"(min-width: 2200px) 100vw, (min-width: 784px) 373px, (min-width: 712px) 560px, (min-width: 640px) 712px, \" \/>\t\t\t<\/a>\n\t\t\t\t\t\t\t<\/div>\n<\/div><div class=\"fusion-meta-tb fusion-meta-tb-182 floated\" style=\"--awb-border-top:0px;--awb-height:36px;--awb-alignment-medium:flex-start;--awb-alignment-small:flex-start;\"><span class=\"fusion-tb-published-date\">Published On: 25 de diciembre de 2021<\/span><span class=\"fusion-meta-tb-sep\"><\/span><\/div><div class=\"fusion-title title fusion-title-183 fusion-sep-none fusion-title-text fusion-title-size-four\" style=\"--awb-margin-top:20px;--awb-margin-right:20px;--awb-margin-bottom:20px;--awb-margin-left:20px;--awb-margin-top-small:10px;--awb-margin-right-small:0px;--awb-margin-bottom-small:10px;--awb-margin-left-small:0px;--awb-font-size:24px;\"><h4 class=\"fusion-title-heading title-heading-left\" style=\"font-family:&quot;IBM Plex Sans Condensed&quot;;font-style:normal;font-weight:500;margin:0;font-size:1em;line-height:1.2;\"><a href=\"https:\/\/www.mundusmaris.org\/es\/actividades\/enfoque-ecosistemico-de-la-pesca\/wellbeing-small-scale-fishers-derive-from-ecosystem-services\/\" class=\"awb-custom-text-color awb-custom-text-hover-color\" target=\"_self\">Wellbeing small-scale fishers derive from ecosystem services<\/a><\/h4><\/div><\/div><\/li>\n<li class=\"fusion-layout-column fusion_builder_column fusion-builder-column-184 fusion-flex-column post-card fusion-grid-column fusion-post-cards-grid-column\" style=\"--awb-bg-color:var(--awb-color1);--awb-bg-color-hover:var(--awb-color1);--awb-bg-blend:overlay;--awb-bg-size:cover;--awb-flex-grow:0;--awb-flex-shrink:0;--awb-flex-grow-medium:;--awb-flex-shrink-medium:;--awb-flex-grow-small:;--awb-flex-shrink-small:;\" data-scroll-devices=\"small-visibility,medium-visibility,large-visibility\"><div class=\"fusion-column-wrapper fusion-column-has-shadow fusion-flex-justify-content-space-around fusion-content-layout-column\"><div class=\"fusion-classic-product-image-wrapper fusion-woo-product-image fusion-post-card-image fusion-post-card-image-1 has-aspect-ratio\" data-layout=\"static\" style=\"--awb-aspect-ratio:3 \/ 2;\"><div  class=\"fusion-image-wrapper\" aria-haspopup=\"true\">\n\t\t\t\t\t\t\t<a href=\"https:\/\/www.mundusmaris.org\/es\/academia-de-pesca-en-pequena-escala\/la-academia-en-yoff-continua-trabajando\/\" aria-label=\"La Academia en Yoff contin\u00faa trabajando\">\n\t\t\t\t\t\t\t<img decoding=\"async\" width=\"800\" height=\"500\" src=\"https:\/\/www.mundusmaris.org\/wp-content\/uploads\/2024\/03\/ParticipantesAvecDiplome_800x500.jpg\" class=\"attachment-full size-full wp-post-image\" alt=\"\" srcset=\"https:\/\/www.mundusmaris.org\/wp-content\/uploads\/2024\/03\/ParticipantesAvecDiplome_800x500-200x125.jpg 200w, https:\/\/www.mundusmaris.org\/wp-content\/uploads\/2024\/03\/ParticipantesAvecDiplome_800x500-400x250.jpg 400w, https:\/\/www.mundusmaris.org\/wp-content\/uploads\/2024\/03\/ParticipantesAvecDiplome_800x500-600x375.jpg 600w, https:\/\/www.mundusmaris.org\/wp-content\/uploads\/2024\/03\/ParticipantesAvecDiplome_800x500.jpg 800w\" sizes=\"(min-width: 2200px) 100vw, (min-width: 784px) 373px, (min-width: 712px) 560px, (min-width: 640px) 712px, \" \/>\t\t\t<\/a>\n\t\t\t\t\t\t\t<\/div>\n<\/div><div class=\"fusion-meta-tb fusion-meta-tb-183 floated\" style=\"--awb-border-top:0px;--awb-height:36px;--awb-alignment-medium:flex-start;--awb-alignment-small:flex-start;\"><span class=\"fusion-tb-published-date\">Published On: 30 de noviembre de 2021<\/span><span class=\"fusion-meta-tb-sep\"><\/span><\/div><div class=\"fusion-title title fusion-title-184 fusion-sep-none fusion-title-text fusion-title-size-four\" style=\"--awb-margin-top:20px;--awb-margin-right:20px;--awb-margin-bottom:20px;--awb-margin-left:20px;--awb-margin-top-small:10px;--awb-margin-right-small:0px;--awb-margin-bottom-small:10px;--awb-margin-left-small:0px;--awb-font-size:24px;\"><h4 class=\"fusion-title-heading title-heading-left\" style=\"font-family:&quot;IBM Plex Sans Condensed&quot;;font-style:normal;font-weight:500;margin:0;font-size:1em;line-height:1.2;\"><a href=\"https:\/\/www.mundusmaris.org\/es\/academia-de-pesca-en-pequena-escala\/la-academia-en-yoff-continua-trabajando\/\" class=\"awb-custom-text-color awb-custom-text-hover-color\" target=\"_self\">La Academia en Yoff contin\u00faa trabajando<\/a><\/h4><\/div><\/div><\/li>\n<li class=\"fusion-layout-column fusion_builder_column fusion-builder-column-185 fusion-flex-column post-card fusion-grid-column fusion-post-cards-grid-column\" style=\"--awb-bg-color:var(--awb-color1);--awb-bg-color-hover:var(--awb-color1);--awb-bg-blend:overlay;--awb-bg-size:cover;--awb-flex-grow:0;--awb-flex-shrink:0;--awb-flex-grow-medium:;--awb-flex-shrink-medium:;--awb-flex-grow-small:;--awb-flex-shrink-small:;\" data-scroll-devices=\"small-visibility,medium-visibility,large-visibility\"><div class=\"fusion-column-wrapper fusion-column-has-shadow fusion-flex-justify-content-space-around fusion-content-layout-column\"><div class=\"fusion-classic-product-image-wrapper fusion-woo-product-image fusion-post-card-image fusion-post-card-image-1 has-aspect-ratio\" data-layout=\"static\" style=\"--awb-aspect-ratio:3 \/ 2;\"><div  class=\"fusion-image-wrapper\" aria-haspopup=\"true\">\n\t\t\t\t\t\t\t<a href=\"https:\/\/www.mundusmaris.org\/es\/academia-de-pesca-en-pequena-escala\/illuminating-the-hidden-harvest-a-snapshot\/\" aria-label=\"Illuminating the Hidden Harvest \u2013 a snapshot\">\n\t\t\t\t\t\t\t<img decoding=\"async\" width=\"500\" height=\"330\" src=\"https:\/\/www.mundusmaris.org\/wp-content\/uploads\/2024\/10\/PerspectivesIHHoverview.jpg\" class=\"attachment-full size-full wp-post-image\" alt=\"\" srcset=\"https:\/\/www.mundusmaris.org\/wp-content\/uploads\/2024\/10\/PerspectivesIHHoverview-200x132.jpg 200w, https:\/\/www.mundusmaris.org\/wp-content\/uploads\/2024\/10\/PerspectivesIHHoverview-400x264.jpg 400w, https:\/\/www.mundusmaris.org\/wp-content\/uploads\/2024\/10\/PerspectivesIHHoverview.jpg 500w\" sizes=\"(min-width: 2200px) 100vw, (min-width: 784px) 373px, (min-width: 712px) 560px, (min-width: 640px) 712px, \" \/>\t\t\t<\/a>\n\t\t\t\t\t\t\t<\/div>\n<\/div><div class=\"fusion-meta-tb fusion-meta-tb-184 floated\" style=\"--awb-border-top:0px;--awb-height:36px;--awb-alignment-medium:flex-start;--awb-alignment-small:flex-start;\"><span class=\"fusion-tb-published-date\">Published On: 30 de noviembre de 2021<\/span><span class=\"fusion-meta-tb-sep\"><\/span><\/div><div class=\"fusion-title title fusion-title-185 fusion-sep-none fusion-title-text fusion-title-size-four\" style=\"--awb-margin-top:20px;--awb-margin-right:20px;--awb-margin-bottom:20px;--awb-margin-left:20px;--awb-margin-top-small:10px;--awb-margin-right-small:0px;--awb-margin-bottom-small:10px;--awb-margin-left-small:0px;--awb-font-size:24px;\"><h4 class=\"fusion-title-heading title-heading-left\" style=\"font-family:&quot;IBM Plex Sans Condensed&quot;;font-style:normal;font-weight:500;margin:0;font-size:1em;line-height:1.2;\"><a href=\"https:\/\/www.mundusmaris.org\/es\/academia-de-pesca-en-pequena-escala\/illuminating-the-hidden-harvest-a-snapshot\/\" class=\"awb-custom-text-color awb-custom-text-hover-color\" target=\"_self\">Illuminating the Hidden Harvest \u2013 a snapshot<\/a><\/h4><\/div><\/div><\/li>\n<li class=\"fusion-layout-column fusion_builder_column fusion-builder-column-186 fusion-flex-column post-card fusion-grid-column fusion-post-cards-grid-column\" style=\"--awb-bg-color:var(--awb-color1);--awb-bg-color-hover:var(--awb-color1);--awb-bg-blend:overlay;--awb-bg-size:cover;--awb-flex-grow:0;--awb-flex-shrink:0;--awb-flex-grow-medium:;--awb-flex-shrink-medium:;--awb-flex-grow-small:;--awb-flex-shrink-small:;\" data-scroll-devices=\"small-visibility,medium-visibility,large-visibility\"><div class=\"fusion-column-wrapper fusion-column-has-shadow fusion-flex-justify-content-space-around fusion-content-layout-column\"><div class=\"fusion-classic-product-image-wrapper fusion-woo-product-image fusion-post-card-image fusion-post-card-image-1 has-aspect-ratio\" data-layout=\"static\" style=\"--awb-aspect-ratio:3 \/ 2;\"><div  class=\"fusion-image-wrapper\" aria-haspopup=\"true\">\n\t\t\t\t\t\t\t<a href=\"https:\/\/www.mundusmaris.org\/es\/academia-de-pesca-en-pequena-escala\/virtual-launch-event-fao-international-year-of-artisanal-fisheries-and-aquaculture\/\" aria-label=\"Evento de lanzamiento virtual FAO: A\u00f1o Internacional de la Pesca y la Acuicultura Artesanales\">\n\t\t\t\t\t\t\t<img decoding=\"async\" width=\"500\" height=\"282\" src=\"https:\/\/www.mundusmaris.org\/wp-content\/uploads\/2024\/10\/QU-DongyuFAO-DG06a.jpg\" class=\"attachment-full size-full wp-post-image\" alt=\"\" srcset=\"https:\/\/www.mundusmaris.org\/wp-content\/uploads\/2024\/10\/QU-DongyuFAO-DG06a-200x113.jpg 200w, https:\/\/www.mundusmaris.org\/wp-content\/uploads\/2024\/10\/QU-DongyuFAO-DG06a-400x226.jpg 400w, https:\/\/www.mundusmaris.org\/wp-content\/uploads\/2024\/10\/QU-DongyuFAO-DG06a.jpg 500w\" sizes=\"(min-width: 2200px) 100vw, (min-width: 784px) 373px, (min-width: 712px) 560px, (min-width: 640px) 712px, \" \/>\t\t\t<\/a>\n\t\t\t\t\t\t\t<\/div>\n<\/div><div class=\"fusion-meta-tb fusion-meta-tb-185 floated\" style=\"--awb-border-top:0px;--awb-height:36px;--awb-alignment-medium:flex-start;--awb-alignment-small:flex-start;\"><span class=\"fusion-tb-published-date\">Published On: 20 de noviembre de 2021<\/span><span class=\"fusion-meta-tb-sep\"><\/span><\/div><div class=\"fusion-title title fusion-title-186 fusion-sep-none fusion-title-text fusion-title-size-four\" style=\"--awb-margin-top:20px;--awb-margin-right:20px;--awb-margin-bottom:20px;--awb-margin-left:20px;--awb-margin-top-small:10px;--awb-margin-right-small:0px;--awb-margin-bottom-small:10px;--awb-margin-left-small:0px;--awb-font-size:24px;\"><h4 class=\"fusion-title-heading title-heading-left\" style=\"font-family:&quot;IBM Plex Sans Condensed&quot;;font-style:normal;font-weight:500;margin:0;font-size:1em;line-height:1.2;\"><a href=\"https:\/\/www.mundusmaris.org\/es\/academia-de-pesca-en-pequena-escala\/virtual-launch-event-fao-international-year-of-artisanal-fisheries-and-aquaculture\/\" class=\"awb-custom-text-color awb-custom-text-hover-color\" target=\"_self\">Evento de lanzamiento virtual FAO: A\u00f1o Internacional de la Pesca y la Acuicultura Artesanales<\/a><\/h4><\/div><\/div><\/li>\n<li class=\"fusion-layout-column fusion_builder_column fusion-builder-column-187 fusion-flex-column post-card fusion-grid-column fusion-post-cards-grid-column\" style=\"--awb-bg-color:var(--awb-color1);--awb-bg-color-hover:var(--awb-color1);--awb-bg-blend:overlay;--awb-bg-size:cover;--awb-flex-grow:0;--awb-flex-shrink:0;--awb-flex-grow-medium:;--awb-flex-shrink-medium:;--awb-flex-grow-small:;--awb-flex-shrink-small:;\" data-scroll-devices=\"small-visibility,medium-visibility,large-visibility\"><div class=\"fusion-column-wrapper fusion-column-has-shadow fusion-flex-justify-content-space-around fusion-content-layout-column\"><div class=\"fusion-classic-product-image-wrapper fusion-woo-product-image fusion-post-card-image fusion-post-card-image-1 has-aspect-ratio\" data-layout=\"static\" style=\"--awb-aspect-ratio:3 \/ 2;\"><div  class=\"fusion-image-wrapper\" aria-haspopup=\"true\">\n\t\t\t\t\t\t\t<a href=\"https:\/\/www.mundusmaris.org\/es\/academia-de-pesca-en-pequena-escala\/the-small-scale-fisheries-academy-as-a-source-of-operational-support-to-pa-guidelines\/\" aria-label=\"The Small-Scale Fisheries Academy as a source of operational support to PA Guidelines\">\n\t\t\t\t\t\t\t<img decoding=\"async\" width=\"800\" height=\"500\" src=\"https:\/\/www.mundusmaris.org\/wp-content\/uploads\/2024\/03\/CorneliaNauen05_800x500.jpg\" class=\"attachment-full size-full wp-post-image\" alt=\"\" srcset=\"https:\/\/www.mundusmaris.org\/wp-content\/uploads\/2024\/03\/CorneliaNauen05_800x500-200x125.jpg 200w, https:\/\/www.mundusmaris.org\/wp-content\/uploads\/2024\/03\/CorneliaNauen05_800x500-400x250.jpg 400w, https:\/\/www.mundusmaris.org\/wp-content\/uploads\/2024\/03\/CorneliaNauen05_800x500-600x375.jpg 600w, https:\/\/www.mundusmaris.org\/wp-content\/uploads\/2024\/03\/CorneliaNauen05_800x500.jpg 800w\" sizes=\"(min-width: 2200px) 100vw, (min-width: 784px) 373px, (min-width: 712px) 560px, (min-width: 640px) 712px, \" \/>\t\t\t<\/a>\n\t\t\t\t\t\t\t<\/div>\n<\/div><div class=\"fusion-meta-tb fusion-meta-tb-186 floated\" style=\"--awb-border-top:0px;--awb-height:36px;--awb-alignment-medium:flex-start;--awb-alignment-small:flex-start;\"><span class=\"fusion-tb-published-date\">Published On: 31 de octubre de 2021<\/span><span class=\"fusion-meta-tb-sep\"><\/span><\/div><div class=\"fusion-title title fusion-title-187 fusion-sep-none fusion-title-text fusion-title-size-four\" style=\"--awb-margin-top:20px;--awb-margin-right:20px;--awb-margin-bottom:20px;--awb-margin-left:20px;--awb-margin-top-small:10px;--awb-margin-right-small:0px;--awb-margin-bottom-small:10px;--awb-margin-left-small:0px;--awb-font-size:24px;\"><h4 class=\"fusion-title-heading title-heading-left\" style=\"font-family:&quot;IBM Plex Sans Condensed&quot;;font-style:normal;font-weight:500;margin:0;font-size:1em;line-height:1.2;\"><a href=\"https:\/\/www.mundusmaris.org\/es\/academia-de-pesca-en-pequena-escala\/the-small-scale-fisheries-academy-as-a-source-of-operational-support-to-pa-guidelines\/\" class=\"awb-custom-text-color awb-custom-text-hover-color\" target=\"_self\">The Small-Scale Fisheries Academy as a source of operational support to PA Guidelines<\/a><\/h4><\/div><\/div><\/li>\n<li class=\"fusion-layout-column fusion_builder_column fusion-builder-column-188 fusion-flex-column post-card fusion-grid-column fusion-post-cards-grid-column\" style=\"--awb-bg-color:var(--awb-color1);--awb-bg-color-hover:var(--awb-color1);--awb-bg-blend:overlay;--awb-bg-size:cover;--awb-flex-grow:0;--awb-flex-shrink:0;--awb-flex-grow-medium:;--awb-flex-shrink-medium:;--awb-flex-grow-small:;--awb-flex-shrink-small:;\" data-scroll-devices=\"small-visibility,medium-visibility,large-visibility\"><div class=\"fusion-column-wrapper fusion-column-has-shadow fusion-flex-justify-content-space-around fusion-content-layout-column\"><div class=\"fusion-classic-product-image-wrapper fusion-woo-product-image fusion-post-card-image fusion-post-card-image-1 has-aspect-ratio\" data-layout=\"static\" style=\"--awb-aspect-ratio:3 \/ 2;\"><div  class=\"fusion-image-wrapper\" aria-haspopup=\"true\">\n\t\t\t\t\t\t\t<a href=\"https:\/\/www.mundusmaris.org\/es\/academia-de-pesca-en-pequena-escala\/congreso-mundial-de-pesca-adelaida-20-24-de-septiembre\/\" aria-label=\"Congreso Mundial de Pesca, Adelaida, 20-24 de septiembre\">\n\t\t\t\t\t\t\t<img decoding=\"async\" width=\"800\" height=\"500\" src=\"https:\/\/www.mundusmaris.org\/wp-content\/uploads\/2024\/03\/Logo_800x500.jpg\" class=\"attachment-full size-full wp-post-image\" alt=\"\" srcset=\"https:\/\/www.mundusmaris.org\/wp-content\/uploads\/2024\/03\/Logo_800x500-200x125.jpg 200w, https:\/\/www.mundusmaris.org\/wp-content\/uploads\/2024\/03\/Logo_800x500-400x250.jpg 400w, https:\/\/www.mundusmaris.org\/wp-content\/uploads\/2024\/03\/Logo_800x500-600x375.jpg 600w, https:\/\/www.mundusmaris.org\/wp-content\/uploads\/2024\/03\/Logo_800x500.jpg 800w\" sizes=\"(min-width: 2200px) 100vw, (min-width: 784px) 373px, (min-width: 712px) 560px, (min-width: 640px) 712px, \" \/>\t\t\t<\/a>\n\t\t\t\t\t\t\t<\/div>\n<\/div><div class=\"fusion-meta-tb fusion-meta-tb-187 floated\" style=\"--awb-border-top:0px;--awb-height:36px;--awb-alignment-medium:flex-start;--awb-alignment-small:flex-start;\"><span class=\"fusion-tb-published-date\">Published On: 30 de septiembre de 2021<\/span><span class=\"fusion-meta-tb-sep\"><\/span><\/div><div class=\"fusion-title title fusion-title-188 fusion-sep-none fusion-title-text fusion-title-size-four\" style=\"--awb-margin-top:20px;--awb-margin-right:20px;--awb-margin-bottom:20px;--awb-margin-left:20px;--awb-margin-top-small:10px;--awb-margin-right-small:0px;--awb-margin-bottom-small:10px;--awb-margin-left-small:0px;--awb-font-size:24px;\"><h4 class=\"fusion-title-heading title-heading-left\" style=\"font-family:&quot;IBM Plex Sans Condensed&quot;;font-style:normal;font-weight:500;margin:0;font-size:1em;line-height:1.2;\"><a href=\"https:\/\/www.mundusmaris.org\/es\/academia-de-pesca-en-pequena-escala\/congreso-mundial-de-pesca-adelaida-20-24-de-septiembre\/\" class=\"awb-custom-text-color awb-custom-text-hover-color\" target=\"_self\">Congreso Mundial de Pesca, Adelaida, 20-24 de septiembre<\/a><\/h4><\/div><\/div><\/li>\n<li class=\"fusion-layout-column fusion_builder_column fusion-builder-column-189 fusion-flex-column post-card fusion-grid-column fusion-post-cards-grid-column\" style=\"--awb-bg-color:var(--awb-color1);--awb-bg-color-hover:var(--awb-color1);--awb-bg-blend:overlay;--awb-bg-size:cover;--awb-flex-grow:0;--awb-flex-shrink:0;--awb-flex-grow-medium:;--awb-flex-shrink-medium:;--awb-flex-grow-small:;--awb-flex-shrink-small:;\" data-scroll-devices=\"small-visibility,medium-visibility,large-visibility\"><div class=\"fusion-column-wrapper fusion-column-has-shadow fusion-flex-justify-content-space-around fusion-content-layout-column\"><div class=\"fusion-classic-product-image-wrapper fusion-woo-product-image fusion-post-card-image fusion-post-card-image-1 has-aspect-ratio\" data-layout=\"static\" style=\"--awb-aspect-ratio:3 \/ 2;\"><div  class=\"fusion-image-wrapper\" aria-haspopup=\"true\">\n\t\t\t\t\t\t\t<a href=\"https:\/\/www.mundusmaris.org\/es\/academia-de-pesca-en-pequena-escala\/mundus-maris-apoya-la-lucha-de-paolo-el-pescador-en-la-toscana-italia\/\" aria-label=\"Mundus maris apoya la lucha de Paolo, el pescador, en la Toscana, Italia\">\n\t\t\t\t\t\t\t<img decoding=\"async\" width=\"800\" height=\"500\" src=\"https:\/\/www.mundusmaris.org\/wp-content\/uploads\/2024\/03\/PaoloFanciulli_800x500.jpg\" class=\"attachment-full size-full wp-post-image\" alt=\"\" srcset=\"https:\/\/www.mundusmaris.org\/wp-content\/uploads\/2024\/03\/PaoloFanciulli_800x500-200x125.jpg 200w, https:\/\/www.mundusmaris.org\/wp-content\/uploads\/2024\/03\/PaoloFanciulli_800x500-400x250.jpg 400w, https:\/\/www.mundusmaris.org\/wp-content\/uploads\/2024\/03\/PaoloFanciulli_800x500-600x375.jpg 600w, https:\/\/www.mundusmaris.org\/wp-content\/uploads\/2024\/03\/PaoloFanciulli_800x500.jpg 800w\" sizes=\"(min-width: 2200px) 100vw, (min-width: 784px) 373px, (min-width: 712px) 560px, (min-width: 640px) 712px, \" \/>\t\t\t<\/a>\n\t\t\t\t\t\t\t<\/div>\n<\/div><div class=\"fusion-meta-tb fusion-meta-tb-188 floated\" style=\"--awb-border-top:0px;--awb-height:36px;--awb-alignment-medium:flex-start;--awb-alignment-small:flex-start;\"><span class=\"fusion-tb-published-date\">Published On: 15 de agosto de 2021<\/span><span class=\"fusion-meta-tb-sep\"><\/span><\/div><div class=\"fusion-title title fusion-title-189 fusion-sep-none fusion-title-text fusion-title-size-four\" style=\"--awb-margin-top:20px;--awb-margin-right:20px;--awb-margin-bottom:20px;--awb-margin-left:20px;--awb-margin-top-small:10px;--awb-margin-right-small:0px;--awb-margin-bottom-small:10px;--awb-margin-left-small:0px;--awb-font-size:24px;\"><h4 class=\"fusion-title-heading title-heading-left\" style=\"font-family:&quot;IBM Plex Sans Condensed&quot;;font-style:normal;font-weight:500;margin:0;font-size:1em;line-height:1.2;\"><a href=\"https:\/\/www.mundusmaris.org\/es\/academia-de-pesca-en-pequena-escala\/mundus-maris-apoya-la-lucha-de-paolo-el-pescador-en-la-toscana-italia\/\" class=\"awb-custom-text-color awb-custom-text-hover-color\" target=\"_self\">Mundus maris apoya la lucha de Paolo, el pescador, en la Toscana, Italia<\/a><\/h4><\/div><\/div><\/li>\n<li class=\"fusion-layout-column fusion_builder_column fusion-builder-column-190 fusion-flex-column post-card fusion-grid-column fusion-post-cards-grid-column\" style=\"--awb-bg-color:var(--awb-color1);--awb-bg-color-hover:var(--awb-color1);--awb-bg-blend:overlay;--awb-bg-size:cover;--awb-flex-grow:0;--awb-flex-shrink:0;--awb-flex-grow-medium:;--awb-flex-shrink-medium:;--awb-flex-grow-small:;--awb-flex-shrink-small:;\" data-scroll-devices=\"small-visibility,medium-visibility,large-visibility\"><div class=\"fusion-column-wrapper fusion-column-has-shadow fusion-flex-justify-content-space-around fusion-content-layout-column\"><div class=\"fusion-classic-product-image-wrapper fusion-woo-product-image fusion-post-card-image fusion-post-card-image-1 has-aspect-ratio\" data-layout=\"static\" style=\"--awb-aspect-ratio:3 \/ 2;\"><div  class=\"fusion-image-wrapper\" aria-haspopup=\"true\">\n\t\t\t\t\t\t\t<a href=\"https:\/\/www.mundusmaris.org\/es\/academia-de-pesca-en-pequena-escala\/catching-up-ssf-academy-yoff-27-febr-2021\/\" aria-label=\"Catching-up &#8211; SSF Academy Yoff, 27 Febr. 2021\">\n\t\t\t\t\t\t\t<img decoding=\"async\" width=\"500\" height=\"375\" src=\"https:\/\/www.mundusmaris.org\/wp-content\/uploads\/2025\/02\/20210227Academie500.jpg\" class=\"attachment-full size-full wp-post-image\" alt=\"\" srcset=\"https:\/\/www.mundusmaris.org\/wp-content\/uploads\/2025\/02\/20210227Academie500-200x150.jpg 200w, https:\/\/www.mundusmaris.org\/wp-content\/uploads\/2025\/02\/20210227Academie500-400x300.jpg 400w, https:\/\/www.mundusmaris.org\/wp-content\/uploads\/2025\/02\/20210227Academie500.jpg 500w\" sizes=\"(min-width: 2200px) 100vw, (min-width: 784px) 373px, (min-width: 712px) 560px, (min-width: 640px) 712px, \" \/>\t\t\t<\/a>\n\t\t\t\t\t\t\t<\/div>\n<\/div><div class=\"fusion-meta-tb fusion-meta-tb-189 floated\" style=\"--awb-border-top:0px;--awb-height:36px;--awb-alignment-medium:flex-start;--awb-alignment-small:flex-start;\"><span class=\"fusion-tb-published-date\">Published On: 3 de marzo de 2021<\/span><span class=\"fusion-meta-tb-sep\"><\/span><\/div><div class=\"fusion-title title fusion-title-190 fusion-sep-none fusion-title-text fusion-title-size-four\" style=\"--awb-margin-top:20px;--awb-margin-right:20px;--awb-margin-bottom:20px;--awb-margin-left:20px;--awb-margin-top-small:10px;--awb-margin-right-small:0px;--awb-margin-bottom-small:10px;--awb-margin-left-small:0px;--awb-font-size:24px;\"><h4 class=\"fusion-title-heading title-heading-left\" style=\"font-family:&quot;IBM Plex Sans Condensed&quot;;font-style:normal;font-weight:500;margin:0;font-size:1em;line-height:1.2;\"><a href=\"https:\/\/www.mundusmaris.org\/es\/academia-de-pesca-en-pequena-escala\/catching-up-ssf-academy-yoff-27-febr-2021\/\" class=\"awb-custom-text-color awb-custom-text-hover-color\" target=\"_self\">Catching-up &#8211; SSF Academy Yoff, 27 Febr. 2021<\/a><\/h4><\/div><\/div><\/li>\n<li class=\"fusion-layout-column fusion_builder_column fusion-builder-column-191 fusion-flex-column post-card fusion-grid-column fusion-post-cards-grid-column\" style=\"--awb-bg-color:var(--awb-color1);--awb-bg-color-hover:var(--awb-color1);--awb-bg-blend:overlay;--awb-bg-size:cover;--awb-flex-grow:0;--awb-flex-shrink:0;--awb-flex-grow-medium:;--awb-flex-shrink-medium:;--awb-flex-grow-small:;--awb-flex-shrink-small:;\" data-scroll-devices=\"small-visibility,medium-visibility,large-visibility\"><div class=\"fusion-column-wrapper fusion-column-has-shadow fusion-flex-justify-content-space-around fusion-content-layout-column\"><div class=\"fusion-classic-product-image-wrapper fusion-woo-product-image fusion-post-card-image fusion-post-card-image-1 has-aspect-ratio\" data-layout=\"static\" style=\"--awb-aspect-ratio:3 \/ 2;\"><div  class=\"fusion-image-wrapper\" aria-haspopup=\"true\">\n\t\t\t\t\t\t\t<a href=\"https:\/\/www.mundusmaris.org\/es\/los-mariscos-que-comemos\/fao-webinar-small-low-cost-fish-from-bait-to-plate-15-16-02-2021\/\" aria-label=\"Seminario web de la FAO &#8216;Peces peque\u00f1os y de bajo coste: del cebo al plato&#8217;, 15-16\/02\/2021\">\n\t\t\t\t\t\t\t<img decoding=\"async\" width=\"500\" height=\"404\" src=\"https:\/\/www.mundusmaris.org\/wp-content\/uploads\/2025\/02\/WebBen03BangladeshMarine500.jpg\" class=\"attachment-full size-full wp-post-image\" alt=\"\" srcset=\"https:\/\/www.mundusmaris.org\/wp-content\/uploads\/2025\/02\/WebBen03BangladeshMarine500-200x162.jpg 200w, https:\/\/www.mundusmaris.org\/wp-content\/uploads\/2025\/02\/WebBen03BangladeshMarine500-400x323.jpg 400w, https:\/\/www.mundusmaris.org\/wp-content\/uploads\/2025\/02\/WebBen03BangladeshMarine500.jpg 500w\" sizes=\"(min-width: 2200px) 100vw, (min-width: 784px) 373px, (min-width: 712px) 560px, (min-width: 640px) 712px, \" \/>\t\t\t<\/a>\n\t\t\t\t\t\t\t<\/div>\n<\/div><div class=\"fusion-meta-tb fusion-meta-tb-190 floated\" style=\"--awb-border-top:0px;--awb-height:36px;--awb-alignment-medium:flex-start;--awb-alignment-small:flex-start;\"><span class=\"fusion-tb-published-date\">Published On: 18 de febrero de 2021<\/span><span class=\"fusion-meta-tb-sep\"><\/span><\/div><div class=\"fusion-title title fusion-title-191 fusion-sep-none fusion-title-text fusion-title-size-four\" style=\"--awb-margin-top:20px;--awb-margin-right:20px;--awb-margin-bottom:20px;--awb-margin-left:20px;--awb-margin-top-small:10px;--awb-margin-right-small:0px;--awb-margin-bottom-small:10px;--awb-margin-left-small:0px;--awb-font-size:24px;\"><h4 class=\"fusion-title-heading title-heading-left\" style=\"font-family:&quot;IBM Plex Sans Condensed&quot;;font-style:normal;font-weight:500;margin:0;font-size:1em;line-height:1.2;\"><a href=\"https:\/\/www.mundusmaris.org\/es\/los-mariscos-que-comemos\/fao-webinar-small-low-cost-fish-from-bait-to-plate-15-16-02-2021\/\" class=\"awb-custom-text-color awb-custom-text-hover-color\" target=\"_self\">Seminario web de la FAO &#8216;Peces peque\u00f1os y de bajo coste: del cebo al plato&#8217;, 15-16\/02\/2021<\/a><\/h4><\/div><\/div><\/li>\n<li class=\"fusion-layout-column fusion_builder_column fusion-builder-column-192 fusion-flex-column post-card fusion-grid-column fusion-post-cards-grid-column\" style=\"--awb-bg-color:var(--awb-color1);--awb-bg-color-hover:var(--awb-color1);--awb-bg-blend:overlay;--awb-bg-size:cover;--awb-flex-grow:0;--awb-flex-shrink:0;--awb-flex-grow-medium:;--awb-flex-shrink-medium:;--awb-flex-grow-small:;--awb-flex-shrink-small:;\" data-scroll-devices=\"small-visibility,medium-visibility,large-visibility\"><div class=\"fusion-column-wrapper fusion-column-has-shadow fusion-flex-justify-content-space-around fusion-content-layout-column\"><div class=\"fusion-classic-product-image-wrapper fusion-woo-product-image fusion-post-card-image fusion-post-card-image-1 has-aspect-ratio\" data-layout=\"static\" style=\"--awb-aspect-ratio:3 \/ 2;\"><div  class=\"fusion-image-wrapper\" aria-haspopup=\"true\">\n\t\t\t\t\t\t\t<a href=\"https:\/\/www.mundusmaris.org\/es\/entre-tradicion-y-modernidad\/2000-years-ago-the-vivaria\/\" aria-label=\"2000 years ago: the &#8216;vivaria&#8217;\">\n\t\t\t\t\t\t\t<img decoding=\"async\" width=\"500\" height=\"312\" src=\"https:\/\/www.mundusmaris.org\/wp-content\/uploads\/2025\/01\/Portus00.jpg\" class=\"attachment-full size-full wp-post-image\" alt=\"\" srcset=\"https:\/\/www.mundusmaris.org\/wp-content\/uploads\/2025\/01\/Portus00-200x125.jpg 200w, https:\/\/www.mundusmaris.org\/wp-content\/uploads\/2025\/01\/Portus00-400x250.jpg 400w, https:\/\/www.mundusmaris.org\/wp-content\/uploads\/2025\/01\/Portus00.jpg 500w\" sizes=\"(min-width: 2200px) 100vw, (min-width: 784px) 373px, (min-width: 712px) 560px, (min-width: 640px) 712px, \" \/>\t\t\t<\/a>\n\t\t\t\t\t\t\t<\/div>\n<\/div><div class=\"fusion-meta-tb fusion-meta-tb-191 floated\" style=\"--awb-border-top:0px;--awb-height:36px;--awb-alignment-medium:flex-start;--awb-alignment-small:flex-start;\"><span class=\"fusion-tb-published-date\">Published On: 28 de mayo de 2020<\/span><span class=\"fusion-meta-tb-sep\"><\/span><\/div><div class=\"fusion-title title fusion-title-192 fusion-sep-none fusion-title-text fusion-title-size-four\" style=\"--awb-margin-top:20px;--awb-margin-right:20px;--awb-margin-bottom:20px;--awb-margin-left:20px;--awb-margin-top-small:10px;--awb-margin-right-small:0px;--awb-margin-bottom-small:10px;--awb-margin-left-small:0px;--awb-font-size:24px;\"><h4 class=\"fusion-title-heading title-heading-left\" style=\"font-family:&quot;IBM Plex Sans Condensed&quot;;font-style:normal;font-weight:500;margin:0;font-size:1em;line-height:1.2;\"><a href=\"https:\/\/www.mundusmaris.org\/es\/entre-tradicion-y-modernidad\/2000-years-ago-the-vivaria\/\" class=\"awb-custom-text-color awb-custom-text-hover-color\" target=\"_self\">2000 years ago: the &#8216;vivaria&#8217;<\/a><\/h4><\/div><\/div><\/li>\n<li class=\"fusion-layout-column fusion_builder_column fusion-builder-column-193 fusion-flex-column post-card fusion-grid-column fusion-post-cards-grid-column\" style=\"--awb-bg-color:var(--awb-color1);--awb-bg-color-hover:var(--awb-color1);--awb-bg-blend:overlay;--awb-bg-size:cover;--awb-flex-grow:0;--awb-flex-shrink:0;--awb-flex-grow-medium:;--awb-flex-shrink-medium:;--awb-flex-grow-small:;--awb-flex-shrink-small:;\" data-scroll-devices=\"small-visibility,medium-visibility,large-visibility\"><div class=\"fusion-column-wrapper fusion-column-has-shadow fusion-flex-justify-content-space-around fusion-content-layout-column\"><div class=\"fusion-classic-product-image-wrapper fusion-woo-product-image fusion-post-card-image fusion-post-card-image-1 has-aspect-ratio\" data-layout=\"static\" style=\"--awb-aspect-ratio:3 \/ 2;\"><div  class=\"fusion-image-wrapper\" aria-haspopup=\"true\">\n\t\t\t\t\t\t\t<a href=\"https:\/\/www.mundusmaris.org\/es\/entre-tradicion-y-modernidad\/la-storia-dello-storione\/\" aria-label=\"La historia del esturi\u00f3n\">\n\t\t\t\t\t\t\t<img decoding=\"async\" width=\"500\" height=\"330\" src=\"https:\/\/www.mundusmaris.org\/wp-content\/uploads\/2025\/01\/Storione01.jpg\" class=\"attachment-full size-full wp-post-image\" alt=\"\" srcset=\"https:\/\/www.mundusmaris.org\/wp-content\/uploads\/2025\/01\/Storione01-200x132.jpg 200w, https:\/\/www.mundusmaris.org\/wp-content\/uploads\/2025\/01\/Storione01-400x264.jpg 400w, https:\/\/www.mundusmaris.org\/wp-content\/uploads\/2025\/01\/Storione01.jpg 500w\" sizes=\"(min-width: 2200px) 100vw, (min-width: 784px) 373px, (min-width: 712px) 560px, (min-width: 640px) 712px, \" \/>\t\t\t<\/a>\n\t\t\t\t\t\t\t<\/div>\n<\/div><div class=\"fusion-meta-tb fusion-meta-tb-192 floated\" style=\"--awb-border-top:0px;--awb-height:36px;--awb-alignment-medium:flex-start;--awb-alignment-small:flex-start;\"><span class=\"fusion-tb-published-date\">Published On: 27 de abril de 2020<\/span><span class=\"fusion-meta-tb-sep\"><\/span><\/div><div class=\"fusion-title title fusion-title-193 fusion-sep-none fusion-title-text fusion-title-size-four\" style=\"--awb-margin-top:20px;--awb-margin-right:20px;--awb-margin-bottom:20px;--awb-margin-left:20px;--awb-margin-top-small:10px;--awb-margin-right-small:0px;--awb-margin-bottom-small:10px;--awb-margin-left-small:0px;--awb-font-size:24px;\"><h4 class=\"fusion-title-heading title-heading-left\" style=\"font-family:&quot;IBM Plex Sans Condensed&quot;;font-style:normal;font-weight:500;margin:0;font-size:1em;line-height:1.2;\"><a href=\"https:\/\/www.mundusmaris.org\/es\/entre-tradicion-y-modernidad\/la-storia-dello-storione\/\" class=\"awb-custom-text-color awb-custom-text-hover-color\" target=\"_self\">La historia del esturi\u00f3n<\/a><\/h4><\/div><\/div><\/li>\n<li class=\"fusion-layout-column fusion_builder_column fusion-builder-column-194 fusion-flex-column post-card fusion-grid-column fusion-post-cards-grid-column\" style=\"--awb-bg-color:var(--awb-color1);--awb-bg-color-hover:var(--awb-color1);--awb-bg-blend:overlay;--awb-bg-size:cover;--awb-flex-grow:0;--awb-flex-shrink:0;--awb-flex-grow-medium:;--awb-flex-shrink-medium:;--awb-flex-grow-small:;--awb-flex-shrink-small:;\" data-scroll-devices=\"small-visibility,medium-visibility,large-visibility\"><div class=\"fusion-column-wrapper fusion-column-has-shadow fusion-flex-justify-content-space-around fusion-content-layout-column\"><div class=\"fusion-classic-product-image-wrapper fusion-woo-product-image fusion-post-card-image fusion-post-card-image-1 has-aspect-ratio\" data-layout=\"static\" style=\"--awb-aspect-ratio:3 \/ 2;\"><div  class=\"fusion-image-wrapper\" aria-haspopup=\"true\">\n\t\t\t\t\t\t\t<a href=\"https:\/\/www.mundusmaris.org\/es\/academia-de-pesca-en-pequena-escala\/fortalecimiento-de-las-capacidades-de-los-implicados-en-la-pesca-sostenible-a-pequena-escala\/\" aria-label=\"Fortalecimiento de las capacidades de los implicados en la pesca sostenible a peque\u00f1a escala\">\n\t\t\t\t\t\t\t<img decoding=\"async\" width=\"800\" height=\"500\" src=\"https:\/\/www.mundusmaris.org\/wp-content\/uploads\/2024\/03\/VieHeureuse_02_800x500.jpg\" class=\"attachment-full size-full wp-post-image\" alt=\"\" srcset=\"https:\/\/www.mundusmaris.org\/wp-content\/uploads\/2024\/03\/VieHeureuse_02_800x500-200x125.jpg 200w, https:\/\/www.mundusmaris.org\/wp-content\/uploads\/2024\/03\/VieHeureuse_02_800x500-400x250.jpg 400w, https:\/\/www.mundusmaris.org\/wp-content\/uploads\/2024\/03\/VieHeureuse_02_800x500-600x375.jpg 600w, https:\/\/www.mundusmaris.org\/wp-content\/uploads\/2024\/03\/VieHeureuse_02_800x500.jpg 800w\" sizes=\"(min-width: 2200px) 100vw, (min-width: 784px) 373px, (min-width: 712px) 560px, (min-width: 640px) 712px, \" \/>\t\t\t<\/a>\n\t\t\t\t\t\t\t<\/div>\n<\/div><div class=\"fusion-meta-tb fusion-meta-tb-193 floated\" style=\"--awb-border-top:0px;--awb-height:36px;--awb-alignment-medium:flex-start;--awb-alignment-small:flex-start;\"><span class=\"fusion-tb-published-date\">Published On: 1 de noviembre de 2019<\/span><span class=\"fusion-meta-tb-sep\"><\/span><\/div><div class=\"fusion-title title fusion-title-194 fusion-sep-none fusion-title-text fusion-title-size-four\" style=\"--awb-margin-top:20px;--awb-margin-right:20px;--awb-margin-bottom:20px;--awb-margin-left:20px;--awb-margin-top-small:10px;--awb-margin-right-small:0px;--awb-margin-bottom-small:10px;--awb-margin-left-small:0px;--awb-font-size:24px;\"><h4 class=\"fusion-title-heading title-heading-left\" style=\"font-family:&quot;IBM Plex Sans Condensed&quot;;font-style:normal;font-weight:500;margin:0;font-size:1em;line-height:1.2;\"><a href=\"https:\/\/www.mundusmaris.org\/es\/academia-de-pesca-en-pequena-escala\/fortalecimiento-de-las-capacidades-de-los-implicados-en-la-pesca-sostenible-a-pequena-escala\/\" class=\"awb-custom-text-color awb-custom-text-hover-color\" target=\"_self\">Fortalecimiento de las capacidades de los implicados en la pesca sostenible a peque\u00f1a escala<\/a><\/h4><\/div><\/div><\/li>\n<li class=\"fusion-layout-column fusion_builder_column fusion-builder-column-195 fusion-flex-column post-card fusion-grid-column fusion-post-cards-grid-column\" style=\"--awb-bg-color:var(--awb-color1);--awb-bg-color-hover:var(--awb-color1);--awb-bg-blend:overlay;--awb-bg-size:cover;--awb-flex-grow:0;--awb-flex-shrink:0;--awb-flex-grow-medium:;--awb-flex-shrink-medium:;--awb-flex-grow-small:;--awb-flex-shrink-small:;\" data-scroll-devices=\"small-visibility,medium-visibility,large-visibility\"><div class=\"fusion-column-wrapper fusion-column-has-shadow fusion-flex-justify-content-space-around fusion-content-layout-column\"><div class=\"fusion-classic-product-image-wrapper fusion-woo-product-image fusion-post-card-image fusion-post-card-image-1 has-aspect-ratio\" data-layout=\"static\" style=\"--awb-aspect-ratio:3 \/ 2;\"><div  class=\"fusion-image-wrapper\" aria-haspopup=\"true\">\n\t\t\t\t\t\t\t<a href=\"https:\/\/www.mundusmaris.org\/es\/actividades\/enfoque-ecosistemico-de-la-pesca\/mundus-maris-supports-wiomsas-push-for-greater-gender-awareness\/\" aria-label=\"Mundus maris supports WIOMSA&#8217;s push for greater gender awareness\">\n\t\t\t\t\t\t\t<img decoding=\"async\" width=\"500\" height=\"419\" src=\"https:\/\/www.mundusmaris.org\/wp-content\/uploads\/2019\/07\/SymposiumAnnouncement500.jpg\" class=\"attachment-full size-full wp-post-image\" alt=\"\" srcset=\"https:\/\/www.mundusmaris.org\/wp-content\/uploads\/2019\/07\/SymposiumAnnouncement500-200x168.jpg 200w, https:\/\/www.mundusmaris.org\/wp-content\/uploads\/2019\/07\/SymposiumAnnouncement500-400x335.jpg 400w, https:\/\/www.mundusmaris.org\/wp-content\/uploads\/2019\/07\/SymposiumAnnouncement500.jpg 500w\" sizes=\"(min-width: 2200px) 100vw, (min-width: 784px) 373px, (min-width: 712px) 560px, (min-width: 640px) 712px, \" \/>\t\t\t<\/a>\n\t\t\t\t\t\t\t<\/div>\n<\/div><div class=\"fusion-meta-tb fusion-meta-tb-194 floated\" style=\"--awb-border-top:0px;--awb-height:36px;--awb-alignment-medium:flex-start;--awb-alignment-small:flex-start;\"><span class=\"fusion-tb-published-date\">Published On: 13 de julio de 2019<\/span><span class=\"fusion-meta-tb-sep\"><\/span><\/div><div class=\"fusion-title title fusion-title-195 fusion-sep-none fusion-title-text fusion-title-size-four\" style=\"--awb-margin-top:20px;--awb-margin-right:20px;--awb-margin-bottom:20px;--awb-margin-left:20px;--awb-margin-top-small:10px;--awb-margin-right-small:0px;--awb-margin-bottom-small:10px;--awb-margin-left-small:0px;--awb-font-size:24px;\"><h4 class=\"fusion-title-heading title-heading-left\" style=\"font-family:&quot;IBM Plex Sans Condensed&quot;;font-style:normal;font-weight:500;margin:0;font-size:1em;line-height:1.2;\"><a href=\"https:\/\/www.mundusmaris.org\/es\/actividades\/enfoque-ecosistemico-de-la-pesca\/mundus-maris-supports-wiomsas-push-for-greater-gender-awareness\/\" class=\"awb-custom-text-color awb-custom-text-hover-color\" target=\"_self\">Mundus maris supports WIOMSA&#8217;s push for greater gender awareness<\/a><\/h4><\/div><\/div><\/li>\n<li class=\"fusion-layout-column fusion_builder_column fusion-builder-column-196 fusion-flex-column post-card fusion-grid-column fusion-post-cards-grid-column\" style=\"--awb-bg-color:var(--awb-color1);--awb-bg-color-hover:var(--awb-color1);--awb-bg-blend:overlay;--awb-bg-size:cover;--awb-flex-grow:0;--awb-flex-shrink:0;--awb-flex-grow-medium:;--awb-flex-shrink-medium:;--awb-flex-grow-small:;--awb-flex-shrink-small:;\" data-scroll-devices=\"small-visibility,medium-visibility,large-visibility\"><div class=\"fusion-column-wrapper fusion-column-has-shadow fusion-flex-justify-content-space-around fusion-content-layout-column\"><div class=\"fusion-classic-product-image-wrapper fusion-woo-product-image fusion-post-card-image fusion-post-card-image-1 has-aspect-ratio\" data-layout=\"static\" style=\"--awb-aspect-ratio:3 \/ 2;\"><div  class=\"fusion-image-wrapper\" aria-haspopup=\"true\">\n\t\t\t\t\t\t\t<a href=\"https:\/\/www.mundusmaris.org\/es\/actividades\/enfoque-ecosistemico-de-la-pesca\/pre-symposium-workshop-on-gender\/\" aria-label=\"Pre-Symposium Workshop on gender\">\n\t\t\t\t\t\t\t<img decoding=\"async\" width=\"500\" height=\"333\" src=\"https:\/\/www.mundusmaris.org\/wp-content\/uploads\/2025\/11\/WorkshopFeature500.jpg\" class=\"attachment-full size-full wp-post-image\" alt=\"\" srcset=\"https:\/\/www.mundusmaris.org\/wp-content\/uploads\/2025\/11\/WorkshopFeature500-200x133.jpg 200w, https:\/\/www.mundusmaris.org\/wp-content\/uploads\/2025\/11\/WorkshopFeature500-400x266.jpg 400w, https:\/\/www.mundusmaris.org\/wp-content\/uploads\/2025\/11\/WorkshopFeature500.jpg 500w\" sizes=\"(min-width: 2200px) 100vw, (min-width: 784px) 373px, (min-width: 712px) 560px, (min-width: 640px) 712px, \" \/>\t\t\t<\/a>\n\t\t\t\t\t\t\t<\/div>\n<\/div><div class=\"fusion-meta-tb fusion-meta-tb-195 floated\" style=\"--awb-border-top:0px;--awb-height:36px;--awb-alignment-medium:flex-start;--awb-alignment-small:flex-start;\"><span class=\"fusion-tb-published-date\">Published On: 5 de julio de 2019<\/span><span class=\"fusion-meta-tb-sep\"><\/span><\/div><div class=\"fusion-title title fusion-title-196 fusion-sep-none fusion-title-text fusion-title-size-four\" style=\"--awb-margin-top:20px;--awb-margin-right:20px;--awb-margin-bottom:20px;--awb-margin-left:20px;--awb-margin-top-small:10px;--awb-margin-right-small:0px;--awb-margin-bottom-small:10px;--awb-margin-left-small:0px;--awb-font-size:24px;\"><h4 class=\"fusion-title-heading title-heading-left\" style=\"font-family:&quot;IBM Plex Sans Condensed&quot;;font-style:normal;font-weight:500;margin:0;font-size:1em;line-height:1.2;\"><a href=\"https:\/\/www.mundusmaris.org\/es\/actividades\/enfoque-ecosistemico-de-la-pesca\/pre-symposium-workshop-on-gender\/\" class=\"awb-custom-text-color awb-custom-text-hover-color\" target=\"_self\">Pre-Symposium Workshop on gender<\/a><\/h4><\/div><\/div><\/li>\n<li class=\"fusion-layout-column fusion_builder_column fusion-builder-column-197 fusion-flex-column post-card fusion-grid-column fusion-post-cards-grid-column\" style=\"--awb-bg-color:var(--awb-color1);--awb-bg-color-hover:var(--awb-color1);--awb-bg-blend:overlay;--awb-bg-size:cover;--awb-flex-grow:0;--awb-flex-shrink:0;--awb-flex-grow-medium:;--awb-flex-shrink-medium:;--awb-flex-grow-small:;--awb-flex-shrink-small:;\" data-scroll-devices=\"small-visibility,medium-visibility,large-visibility\"><div class=\"fusion-column-wrapper fusion-column-has-shadow fusion-flex-justify-content-space-around fusion-content-layout-column\"><div class=\"fusion-classic-product-image-wrapper fusion-woo-product-image fusion-post-card-image fusion-post-card-image-1 has-aspect-ratio\" data-layout=\"static\" style=\"--awb-aspect-ratio:3 \/ 2;\"><div  class=\"fusion-image-wrapper\" aria-haspopup=\"true\">\n\t\t\t\t\t\t\t<a href=\"https:\/\/www.mundusmaris.org\/es\/academia-de-pesca-en-pequena-escala\/probar-metodos-de-capacitacion-durante-la-fase-piloto-de-la-academia-ppe-en-senegal\/\" aria-label=\"Probar m\u00e9todos de capacitaci\u00f3n durante la fase piloto de la Academia PPE en Senegal\">\n\t\t\t\t\t\t\t<img decoding=\"async\" width=\"800\" height=\"500\" src=\"https:\/\/www.mundusmaris.org\/wp-content\/uploads\/2024\/03\/CafeMonde_3eTour_800x500.jpg\" class=\"attachment-full size-full wp-post-image\" alt=\"\" srcset=\"https:\/\/www.mundusmaris.org\/wp-content\/uploads\/2024\/03\/CafeMonde_3eTour_800x500-200x125.jpg 200w, https:\/\/www.mundusmaris.org\/wp-content\/uploads\/2024\/03\/CafeMonde_3eTour_800x500-400x250.jpg 400w, https:\/\/www.mundusmaris.org\/wp-content\/uploads\/2024\/03\/CafeMonde_3eTour_800x500-600x375.jpg 600w, https:\/\/www.mundusmaris.org\/wp-content\/uploads\/2024\/03\/CafeMonde_3eTour_800x500.jpg 800w\" sizes=\"(min-width: 2200px) 100vw, (min-width: 784px) 373px, (min-width: 712px) 560px, (min-width: 640px) 712px, \" \/>\t\t\t<\/a>\n\t\t\t\t\t\t\t<\/div>\n<\/div><div class=\"fusion-meta-tb fusion-meta-tb-196 floated\" style=\"--awb-border-top:0px;--awb-height:36px;--awb-alignment-medium:flex-start;--awb-alignment-small:flex-start;\"><span class=\"fusion-tb-published-date\">Published On: 20 de junio de 2019<\/span><span class=\"fusion-meta-tb-sep\"><\/span><\/div><div class=\"fusion-title title fusion-title-197 fusion-sep-none fusion-title-text fusion-title-size-four\" style=\"--awb-margin-top:20px;--awb-margin-right:20px;--awb-margin-bottom:20px;--awb-margin-left:20px;--awb-margin-top-small:10px;--awb-margin-right-small:0px;--awb-margin-bottom-small:10px;--awb-margin-left-small:0px;--awb-font-size:24px;\"><h4 class=\"fusion-title-heading title-heading-left\" style=\"font-family:&quot;IBM Plex Sans Condensed&quot;;font-style:normal;font-weight:500;margin:0;font-size:1em;line-height:1.2;\"><a href=\"https:\/\/www.mundusmaris.org\/es\/academia-de-pesca-en-pequena-escala\/probar-metodos-de-capacitacion-durante-la-fase-piloto-de-la-academia-ppe-en-senegal\/\" class=\"awb-custom-text-color awb-custom-text-hover-color\" target=\"_self\">Probar m\u00e9todos de capacitaci\u00f3n durante la fase piloto de la Academia PPE en Senegal<\/a><\/h4><\/div><\/div><\/li>\n<li class=\"fusion-layout-column fusion_builder_column fusion-builder-column-198 fusion-flex-column post-card fusion-grid-column fusion-post-cards-grid-column\" style=\"--awb-bg-color:var(--awb-color1);--awb-bg-color-hover:var(--awb-color1);--awb-bg-blend:overlay;--awb-bg-size:cover;--awb-flex-grow:0;--awb-flex-shrink:0;--awb-flex-grow-medium:;--awb-flex-shrink-medium:;--awb-flex-grow-small:;--awb-flex-shrink-small:;\" data-scroll-devices=\"small-visibility,medium-visibility,large-visibility\"><div class=\"fusion-column-wrapper fusion-column-has-shadow fusion-flex-justify-content-space-around fusion-content-layout-column\"><div class=\"fusion-classic-product-image-wrapper fusion-woo-product-image fusion-post-card-image fusion-post-card-image-1 has-aspect-ratio\" data-layout=\"static\" style=\"--awb-aspect-ratio:3 \/ 2;\"><div  class=\"fusion-image-wrapper\" aria-haspopup=\"true\">\n\t\t\t\t\t\t\t<a href=\"https:\/\/www.mundusmaris.org\/es\/academia-de-pesca-en-pequena-escala\/un-estreno-lanzamiento-de-una-academia-de-pesca-en-pequena-escala-en-senegal\/\" aria-label=\"Un estreno: lanzamiento de una Academia de pesca en peque\u00f1a escala en Senegal\">\n\t\t\t\t\t\t\t<img decoding=\"async\" width=\"800\" height=\"500\" src=\"https:\/\/www.mundusmaris.org\/wp-content\/uploads\/2024\/03\/PhotoGroupeAcad_800x500.jpg\" class=\"attachment-full size-full wp-post-image\" alt=\"\" srcset=\"https:\/\/www.mundusmaris.org\/wp-content\/uploads\/2024\/03\/PhotoGroupeAcad_800x500-200x125.jpg 200w, https:\/\/www.mundusmaris.org\/wp-content\/uploads\/2024\/03\/PhotoGroupeAcad_800x500-400x250.jpg 400w, https:\/\/www.mundusmaris.org\/wp-content\/uploads\/2024\/03\/PhotoGroupeAcad_800x500-600x375.jpg 600w, https:\/\/www.mundusmaris.org\/wp-content\/uploads\/2024\/03\/PhotoGroupeAcad_800x500.jpg 800w\" sizes=\"(min-width: 2200px) 100vw, (min-width: 784px) 373px, (min-width: 712px) 560px, (min-width: 640px) 712px, \" \/>\t\t\t<\/a>\n\t\t\t\t\t\t\t<\/div>\n<\/div><div class=\"fusion-meta-tb fusion-meta-tb-197 floated\" style=\"--awb-border-top:0px;--awb-height:36px;--awb-alignment-medium:flex-start;--awb-alignment-small:flex-start;\"><span class=\"fusion-tb-published-date\">Published On: 20 de noviembre de 2018<\/span><span class=\"fusion-meta-tb-sep\"><\/span><\/div><div class=\"fusion-title title fusion-title-198 fusion-sep-none fusion-title-text fusion-title-size-four\" style=\"--awb-margin-top:20px;--awb-margin-right:20px;--awb-margin-bottom:20px;--awb-margin-left:20px;--awb-margin-top-small:10px;--awb-margin-right-small:0px;--awb-margin-bottom-small:10px;--awb-margin-left-small:0px;--awb-font-size:24px;\"><h4 class=\"fusion-title-heading title-heading-left\" style=\"font-family:&quot;IBM Plex Sans Condensed&quot;;font-style:normal;font-weight:500;margin:0;font-size:1em;line-height:1.2;\"><a href=\"https:\/\/www.mundusmaris.org\/es\/academia-de-pesca-en-pequena-escala\/un-estreno-lanzamiento-de-una-academia-de-pesca-en-pequena-escala-en-senegal\/\" class=\"awb-custom-text-color awb-custom-text-hover-color\" target=\"_self\">Un estreno: lanzamiento de una Academia de pesca en peque\u00f1a escala en Senegal<\/a><\/h4><\/div><\/div><\/li>\n<li class=\"fusion-layout-column fusion_builder_column fusion-builder-column-199 fusion-flex-column post-card fusion-grid-column fusion-post-cards-grid-column\" style=\"--awb-bg-color:var(--awb-color1);--awb-bg-color-hover:var(--awb-color1);--awb-bg-blend:overlay;--awb-bg-size:cover;--awb-flex-grow:0;--awb-flex-shrink:0;--awb-flex-grow-medium:;--awb-flex-shrink-medium:;--awb-flex-grow-small:;--awb-flex-shrink-small:;\" data-scroll-devices=\"small-visibility,medium-visibility,large-visibility\"><div class=\"fusion-column-wrapper fusion-column-has-shadow fusion-flex-justify-content-space-around fusion-content-layout-column\"><div class=\"fusion-classic-product-image-wrapper fusion-woo-product-image fusion-post-card-image fusion-post-card-image-1 has-aspect-ratio\" data-layout=\"static\" style=\"--awb-aspect-ratio:3 \/ 2;\"><div  class=\"fusion-image-wrapper\" aria-haspopup=\"true\">\n\t\t\t\t\t\t\t<a href=\"https:\/\/www.mundusmaris.org\/es\/los-mariscos-que-comemos\/disfrute-de-deliciosos-y-sostenibles-pescados-y-mariscos-con-los-talleres-de-mundus-maris\/\" aria-label=\"Disfrute de deliciosos y sostenibles pescados y mariscos con los talleres de Mundus maris\">\n\t\t\t\t\t\t\t<img decoding=\"async\" width=\"800\" height=\"500\" src=\"https:\/\/www.mundusmaris.org\/wp-content\/uploads\/2024\/04\/copertina_posts_scale.jpg\" class=\"attachment-full size-full wp-post-image\" alt=\"\" srcset=\"https:\/\/www.mundusmaris.org\/wp-content\/uploads\/2024\/04\/copertina_posts_scale-200x125.jpg 200w, https:\/\/www.mundusmaris.org\/wp-content\/uploads\/2024\/04\/copertina_posts_scale-400x250.jpg 400w, https:\/\/www.mundusmaris.org\/wp-content\/uploads\/2024\/04\/copertina_posts_scale-600x375.jpg 600w, https:\/\/www.mundusmaris.org\/wp-content\/uploads\/2024\/04\/copertina_posts_scale.jpg 800w\" sizes=\"(min-width: 2200px) 100vw, (min-width: 784px) 373px, (min-width: 712px) 560px, (min-width: 640px) 712px, \" \/>\t\t\t<\/a>\n\t\t\t\t\t\t\t<\/div>\n<\/div><div class=\"fusion-meta-tb fusion-meta-tb-198 floated\" style=\"--awb-border-top:0px;--awb-height:36px;--awb-alignment-medium:flex-start;--awb-alignment-small:flex-start;\"><span class=\"fusion-tb-published-date\">Published On: 25 de octubre de 2018<\/span><span class=\"fusion-meta-tb-sep\"><\/span><\/div><div class=\"fusion-title title fusion-title-199 fusion-sep-none fusion-title-text fusion-title-size-four\" style=\"--awb-margin-top:20px;--awb-margin-right:20px;--awb-margin-bottom:20px;--awb-margin-left:20px;--awb-margin-top-small:10px;--awb-margin-right-small:0px;--awb-margin-bottom-small:10px;--awb-margin-left-small:0px;--awb-font-size:24px;\"><h4 class=\"fusion-title-heading title-heading-left\" style=\"font-family:&quot;IBM Plex Sans Condensed&quot;;font-style:normal;font-weight:500;margin:0;font-size:1em;line-height:1.2;\"><a href=\"https:\/\/www.mundusmaris.org\/es\/los-mariscos-que-comemos\/disfrute-de-deliciosos-y-sostenibles-pescados-y-mariscos-con-los-talleres-de-mundus-maris\/\" class=\"awb-custom-text-color awb-custom-text-hover-color\" target=\"_self\">Disfrute de deliciosos y sostenibles pescados y mariscos con los talleres de Mundus maris<\/a><\/h4><\/div><\/div><\/li>\n<li class=\"fusion-layout-column fusion_builder_column fusion-builder-column-200 fusion-flex-column post-card fusion-grid-column fusion-post-cards-grid-column\" style=\"--awb-bg-color:var(--awb-color1);--awb-bg-color-hover:var(--awb-color1);--awb-bg-blend:overlay;--awb-bg-size:cover;--awb-flex-grow:0;--awb-flex-shrink:0;--awb-flex-grow-medium:;--awb-flex-shrink-medium:;--awb-flex-grow-small:;--awb-flex-shrink-small:;\" data-scroll-devices=\"small-visibility,medium-visibility,large-visibility\"><div class=\"fusion-column-wrapper fusion-column-has-shadow fusion-flex-justify-content-space-around fusion-content-layout-column\"><div class=\"fusion-classic-product-image-wrapper fusion-woo-product-image fusion-post-card-image fusion-post-card-image-1 has-aspect-ratio\" data-layout=\"static\" style=\"--awb-aspect-ratio:3 \/ 2;\"><div  class=\"fusion-image-wrapper\" aria-haspopup=\"true\">\n\t\t\t\t\t\t\t<a href=\"https:\/\/www.mundusmaris.org\/es\/entre-tradicion-y-modernidad\/entrevista-con-la-sra-khady-sarr-en-el-puerto-de-pesca-artesanal-de-hann\/\" aria-label=\"Entrevista con la Sra. Khady Sarr en el puerto de pesca artesanal de Hann\">\n\t\t\t\t\t\t\t<img decoding=\"async\" width=\"800\" height=\"500\" src=\"https:\/\/www.mundusmaris.org\/wp-content\/uploads\/2024\/04\/KhadySARR_03_800x500.jpg\" class=\"attachment-full size-full wp-post-image\" alt=\"\" srcset=\"https:\/\/www.mundusmaris.org\/wp-content\/uploads\/2024\/04\/KhadySARR_03_800x500-200x125.jpg 200w, https:\/\/www.mundusmaris.org\/wp-content\/uploads\/2024\/04\/KhadySARR_03_800x500-400x250.jpg 400w, https:\/\/www.mundusmaris.org\/wp-content\/uploads\/2024\/04\/KhadySARR_03_800x500-600x375.jpg 600w, https:\/\/www.mundusmaris.org\/wp-content\/uploads\/2024\/04\/KhadySARR_03_800x500.jpg 800w\" sizes=\"(min-width: 2200px) 100vw, (min-width: 784px) 373px, (min-width: 712px) 560px, (min-width: 640px) 712px, \" \/>\t\t\t<\/a>\n\t\t\t\t\t\t\t<\/div>\n<\/div><div class=\"fusion-meta-tb fusion-meta-tb-199 floated\" style=\"--awb-border-top:0px;--awb-height:36px;--awb-alignment-medium:flex-start;--awb-alignment-small:flex-start;\"><span class=\"fusion-tb-published-date\">Published On: 1 de abril de 2018<\/span><span class=\"fusion-meta-tb-sep\"><\/span><\/div><div class=\"fusion-title title fusion-title-200 fusion-sep-none fusion-title-text fusion-title-size-four\" style=\"--awb-margin-top:20px;--awb-margin-right:20px;--awb-margin-bottom:20px;--awb-margin-left:20px;--awb-margin-top-small:10px;--awb-margin-right-small:0px;--awb-margin-bottom-small:10px;--awb-margin-left-small:0px;--awb-font-size:24px;\"><h4 class=\"fusion-title-heading title-heading-left\" style=\"font-family:&quot;IBM Plex Sans Condensed&quot;;font-style:normal;font-weight:500;margin:0;font-size:1em;line-height:1.2;\"><a href=\"https:\/\/www.mundusmaris.org\/es\/entre-tradicion-y-modernidad\/entrevista-con-la-sra-khady-sarr-en-el-puerto-de-pesca-artesanal-de-hann\/\" class=\"awb-custom-text-color awb-custom-text-hover-color\" target=\"_self\">Entrevista con la Sra. Khady Sarr en el puerto de pesca artesanal de Hann<\/a><\/h4><\/div><\/div><\/li>\n<li class=\"fusion-layout-column fusion_builder_column fusion-builder-column-201 fusion-flex-column post-card fusion-grid-column fusion-post-cards-grid-column\" style=\"--awb-bg-color:var(--awb-color1);--awb-bg-color-hover:var(--awb-color1);--awb-bg-blend:overlay;--awb-bg-size:cover;--awb-flex-grow:0;--awb-flex-shrink:0;--awb-flex-grow-medium:;--awb-flex-shrink-medium:;--awb-flex-grow-small:;--awb-flex-shrink-small:;\" data-scroll-devices=\"small-visibility,medium-visibility,large-visibility\"><div class=\"fusion-column-wrapper fusion-column-has-shadow fusion-flex-justify-content-space-around fusion-content-layout-column\"><div class=\"fusion-classic-product-image-wrapper fusion-woo-product-image fusion-post-card-image fusion-post-card-image-1 has-aspect-ratio\" data-layout=\"static\" style=\"--awb-aspect-ratio:3 \/ 2;\"><div  class=\"fusion-image-wrapper\" aria-haspopup=\"true\">\n\t\t\t\t\t\t\t<a href=\"https:\/\/www.mundusmaris.org\/es\/entre-tradicion-y-modernidad\/que-dicen-las-mujeres-en-la-pesca-artesanal-en-hann\/\" aria-label=\"Qu\u00e9 dicen las mujeres en la pesca artesanal en Hann?\">\n\t\t\t\t\t\t\t<img decoding=\"async\" width=\"800\" height=\"500\" src=\"https:\/\/www.mundusmaris.org\/wp-content\/uploads\/2024\/04\/GIE_PARASE01_800x500.jpg\" class=\"attachment-full size-full wp-post-image\" alt=\"\" srcset=\"https:\/\/www.mundusmaris.org\/wp-content\/uploads\/2024\/04\/GIE_PARASE01_800x500-200x125.jpg 200w, https:\/\/www.mundusmaris.org\/wp-content\/uploads\/2024\/04\/GIE_PARASE01_800x500-400x250.jpg 400w, https:\/\/www.mundusmaris.org\/wp-content\/uploads\/2024\/04\/GIE_PARASE01_800x500-600x375.jpg 600w, https:\/\/www.mundusmaris.org\/wp-content\/uploads\/2024\/04\/GIE_PARASE01_800x500.jpg 800w\" sizes=\"(min-width: 2200px) 100vw, (min-width: 784px) 373px, (min-width: 712px) 560px, (min-width: 640px) 712px, \" \/>\t\t\t<\/a>\n\t\t\t\t\t\t\t<\/div>\n<\/div><div class=\"fusion-meta-tb fusion-meta-tb-200 floated\" style=\"--awb-border-top:0px;--awb-height:36px;--awb-alignment-medium:flex-start;--awb-alignment-small:flex-start;\"><span class=\"fusion-tb-published-date\">Published On: 1 de abril de 2018<\/span><span class=\"fusion-meta-tb-sep\"><\/span><\/div><div class=\"fusion-title title fusion-title-201 fusion-sep-none fusion-title-text fusion-title-size-four\" style=\"--awb-margin-top:20px;--awb-margin-right:20px;--awb-margin-bottom:20px;--awb-margin-left:20px;--awb-margin-top-small:10px;--awb-margin-right-small:0px;--awb-margin-bottom-small:10px;--awb-margin-left-small:0px;--awb-font-size:24px;\"><h4 class=\"fusion-title-heading title-heading-left\" style=\"font-family:&quot;IBM Plex Sans Condensed&quot;;font-style:normal;font-weight:500;margin:0;font-size:1em;line-height:1.2;\"><a href=\"https:\/\/www.mundusmaris.org\/es\/entre-tradicion-y-modernidad\/que-dicen-las-mujeres-en-la-pesca-artesanal-en-hann\/\" class=\"awb-custom-text-color awb-custom-text-hover-color\" target=\"_self\">Qu\u00e9 dicen las mujeres en la pesca artesanal en Hann?<\/a><\/h4><\/div><\/div><\/li>\n<li class=\"fusion-layout-column fusion_builder_column fusion-builder-column-202 fusion-flex-column post-card fusion-grid-column fusion-post-cards-grid-column\" style=\"--awb-bg-color:var(--awb-color1);--awb-bg-color-hover:var(--awb-color1);--awb-bg-blend:overlay;--awb-bg-size:cover;--awb-flex-grow:0;--awb-flex-shrink:0;--awb-flex-grow-medium:;--awb-flex-shrink-medium:;--awb-flex-grow-small:;--awb-flex-shrink-small:;\" data-scroll-devices=\"small-visibility,medium-visibility,large-visibility\"><div class=\"fusion-column-wrapper fusion-column-has-shadow fusion-flex-justify-content-space-around fusion-content-layout-column\"><div class=\"fusion-classic-product-image-wrapper fusion-woo-product-image fusion-post-card-image fusion-post-card-image-1 has-aspect-ratio\" data-layout=\"static\" style=\"--awb-aspect-ratio:3 \/ 2;\"><div  class=\"fusion-image-wrapper\" aria-haspopup=\"true\">\n\t\t\t\t\t\t\t<a href=\"https:\/\/www.mundusmaris.org\/es\/peliculas\/film-screening-poisson-dor-son-africain\/\" aria-label=\"Proyecci\u00f3n de la pel\u00edcula: Poisson d&#8217;or, Poisson africain, de Thomas Grand y Moussa Diop\">\n\t\t\t\t\t\t\t<img decoding=\"async\" width=\"400\" height=\"300\" src=\"https:\/\/www.mundusmaris.org\/wp-content\/uploads\/2024\/09\/Debarquement01-1.jpg\" class=\"attachment-full size-full wp-post-image\" alt=\"\" srcset=\"https:\/\/www.mundusmaris.org\/wp-content\/uploads\/2024\/09\/Debarquement01-1-200x150.jpg 200w, https:\/\/www.mundusmaris.org\/wp-content\/uploads\/2024\/09\/Debarquement01-1.jpg 400w\" sizes=\"(min-width: 2200px) 100vw, (min-width: 784px) 373px, (min-width: 712px) 560px, (min-width: 640px) 712px, \" \/>\t\t\t<\/a>\n\t\t\t\t\t\t\t<\/div>\n<\/div><div class=\"fusion-meta-tb fusion-meta-tb-201 floated\" style=\"--awb-border-top:0px;--awb-height:36px;--awb-alignment-medium:flex-start;--awb-alignment-small:flex-start;\"><span class=\"fusion-tb-published-date\">Published On: 20 de marzo de 2018<\/span><span class=\"fusion-meta-tb-sep\"><\/span><\/div><div class=\"fusion-title title fusion-title-202 fusion-sep-none fusion-title-text fusion-title-size-four\" style=\"--awb-margin-top:20px;--awb-margin-right:20px;--awb-margin-bottom:20px;--awb-margin-left:20px;--awb-margin-top-small:10px;--awb-margin-right-small:0px;--awb-margin-bottom-small:10px;--awb-margin-left-small:0px;--awb-font-size:24px;\"><h4 class=\"fusion-title-heading title-heading-left\" style=\"font-family:&quot;IBM Plex Sans Condensed&quot;;font-style:normal;font-weight:500;margin:0;font-size:1em;line-height:1.2;\"><a href=\"https:\/\/www.mundusmaris.org\/es\/peliculas\/film-screening-poisson-dor-son-africain\/\" class=\"awb-custom-text-color awb-custom-text-hover-color\" target=\"_self\">Proyecci\u00f3n de la pel\u00edcula: Poisson d&#8217;or, Poisson africain, de Thomas Grand y Moussa Diop<\/a><\/h4><\/div><\/div><\/li>\n<li class=\"fusion-layout-column fusion_builder_column fusion-builder-column-203 fusion-flex-column post-card fusion-grid-column fusion-post-cards-grid-column\" style=\"--awb-bg-color:var(--awb-color1);--awb-bg-color-hover:var(--awb-color1);--awb-bg-blend:overlay;--awb-bg-size:cover;--awb-flex-grow:0;--awb-flex-shrink:0;--awb-flex-grow-medium:;--awb-flex-shrink-medium:;--awb-flex-grow-small:;--awb-flex-shrink-small:;\" data-scroll-devices=\"small-visibility,medium-visibility,large-visibility\"><div class=\"fusion-column-wrapper fusion-column-has-shadow fusion-flex-justify-content-space-around fusion-content-layout-column\"><div class=\"fusion-classic-product-image-wrapper fusion-woo-product-image fusion-post-card-image fusion-post-card-image-1 has-aspect-ratio\" data-layout=\"static\" style=\"--awb-aspect-ratio:3 \/ 2;\"><div  class=\"fusion-image-wrapper\" aria-haspopup=\"true\">\n\t\t\t\t\t\t\t<a href=\"https:\/\/www.mundusmaris.org\/es\/actividades\/enfoque-ecosistemico-de-la-pesca\/el-papel-de-ecosistemas-marinos-en-vida-de-comunidades-pesqueras\/\" aria-label=\"El papel de los ecosistemas marinos en la vida de unas comunidades pesqueras\">\n\t\t\t\t\t\t\t<img decoding=\"async\" width=\"400\" height=\"300\" src=\"https:\/\/www.mundusmaris.org\/wp-content\/uploads\/2024\/10\/AliouOuverture.jpg\" class=\"attachment-full size-full wp-post-image\" alt=\"\" srcset=\"https:\/\/www.mundusmaris.org\/wp-content\/uploads\/2024\/10\/AliouOuverture-200x150.jpg 200w, https:\/\/www.mundusmaris.org\/wp-content\/uploads\/2024\/10\/AliouOuverture.jpg 400w\" sizes=\"(min-width: 2200px) 100vw, (min-width: 784px) 373px, (min-width: 712px) 560px, (min-width: 640px) 712px, \" \/>\t\t\t<\/a>\n\t\t\t\t\t\t\t<\/div>\n<\/div><div class=\"fusion-meta-tb fusion-meta-tb-202 floated\" style=\"--awb-border-top:0px;--awb-height:36px;--awb-alignment-medium:flex-start;--awb-alignment-small:flex-start;\"><span class=\"fusion-tb-published-date\">Published On: 18 de marzo de 2018<\/span><span class=\"fusion-meta-tb-sep\"><\/span><\/div><div class=\"fusion-title title fusion-title-203 fusion-sep-none fusion-title-text fusion-title-size-four\" style=\"--awb-margin-top:20px;--awb-margin-right:20px;--awb-margin-bottom:20px;--awb-margin-left:20px;--awb-margin-top-small:10px;--awb-margin-right-small:0px;--awb-margin-bottom-small:10px;--awb-margin-left-small:0px;--awb-font-size:24px;\"><h4 class=\"fusion-title-heading title-heading-left\" style=\"font-family:&quot;IBM Plex Sans Condensed&quot;;font-style:normal;font-weight:500;margin:0;font-size:1em;line-height:1.2;\"><a href=\"https:\/\/www.mundusmaris.org\/es\/actividades\/enfoque-ecosistemico-de-la-pesca\/el-papel-de-ecosistemas-marinos-en-vida-de-comunidades-pesqueras\/\" class=\"awb-custom-text-color awb-custom-text-hover-color\" target=\"_self\">El papel de los ecosistemas marinos en la vida de unas comunidades pesqueras<\/a><\/h4><\/div><\/div><\/li>\n<li class=\"fusion-layout-column fusion_builder_column fusion-builder-column-204 fusion-flex-column post-card fusion-grid-column fusion-post-cards-grid-column\" style=\"--awb-bg-color:var(--awb-color1);--awb-bg-color-hover:var(--awb-color1);--awb-bg-blend:overlay;--awb-bg-size:cover;--awb-flex-grow:0;--awb-flex-shrink:0;--awb-flex-grow-medium:;--awb-flex-shrink-medium:;--awb-flex-grow-small:;--awb-flex-shrink-small:;\" data-scroll-devices=\"small-visibility,medium-visibility,large-visibility\"><div class=\"fusion-column-wrapper fusion-column-has-shadow fusion-flex-justify-content-space-around fusion-content-layout-column\"><div class=\"fusion-classic-product-image-wrapper fusion-woo-product-image fusion-post-card-image fusion-post-card-image-1 has-aspect-ratio\" data-layout=\"static\" style=\"--awb-aspect-ratio:3 \/ 2;\"><div  class=\"fusion-image-wrapper\" aria-haspopup=\"true\">\n\t\t\t\t\t\t\t<a href=\"https:\/\/www.mundusmaris.org\/es\/entre-tradicion-y-modernidad\/women-in-fisheries-interview-with-ms-ramatoulaye-barry-leader-of-a-group-of-women-fish-mongers-in-conakry\/\" aria-label=\"Women in fisheries: Interview with Ms Ramatoulaye Barry, leader of a group of women fish mongers in Conakry\">\n\t\t\t\t\t\t\t<img decoding=\"async\" width=\"800\" height=\"500\" src=\"https:\/\/www.mundusmaris.org\/wp-content\/uploads\/2024\/04\/Ramatoulaye_BarryCKY_800x500.jpg\" class=\"attachment-full size-full wp-post-image\" alt=\"\" srcset=\"https:\/\/www.mundusmaris.org\/wp-content\/uploads\/2024\/04\/Ramatoulaye_BarryCKY_800x500-200x125.jpg 200w, https:\/\/www.mundusmaris.org\/wp-content\/uploads\/2024\/04\/Ramatoulaye_BarryCKY_800x500-400x250.jpg 400w, https:\/\/www.mundusmaris.org\/wp-content\/uploads\/2024\/04\/Ramatoulaye_BarryCKY_800x500-600x375.jpg 600w, https:\/\/www.mundusmaris.org\/wp-content\/uploads\/2024\/04\/Ramatoulaye_BarryCKY_800x500.jpg 800w\" sizes=\"(min-width: 2200px) 100vw, (min-width: 784px) 373px, (min-width: 712px) 560px, (min-width: 640px) 712px, \" \/>\t\t\t<\/a>\n\t\t\t\t\t\t\t<\/div>\n<\/div><div class=\"fusion-meta-tb fusion-meta-tb-203 floated\" style=\"--awb-border-top:0px;--awb-height:36px;--awb-alignment-medium:flex-start;--awb-alignment-small:flex-start;\"><span class=\"fusion-tb-published-date\">Published On: 15 de febrero de 2018<\/span><span class=\"fusion-meta-tb-sep\"><\/span><\/div><div class=\"fusion-title title fusion-title-204 fusion-sep-none fusion-title-text fusion-title-size-four\" style=\"--awb-margin-top:20px;--awb-margin-right:20px;--awb-margin-bottom:20px;--awb-margin-left:20px;--awb-margin-top-small:10px;--awb-margin-right-small:0px;--awb-margin-bottom-small:10px;--awb-margin-left-small:0px;--awb-font-size:24px;\"><h4 class=\"fusion-title-heading title-heading-left\" style=\"font-family:&quot;IBM Plex Sans Condensed&quot;;font-style:normal;font-weight:500;margin:0;font-size:1em;line-height:1.2;\"><a href=\"https:\/\/www.mundusmaris.org\/es\/entre-tradicion-y-modernidad\/women-in-fisheries-interview-with-ms-ramatoulaye-barry-leader-of-a-group-of-women-fish-mongers-in-conakry\/\" class=\"awb-custom-text-color awb-custom-text-hover-color\" target=\"_self\">Women in fisheries: Interview with Ms Ramatoulaye Barry, leader of a group of women fish mongers in Conakry<\/a><\/h4><\/div><\/div><\/li>\n<li class=\"fusion-layout-column fusion_builder_column fusion-builder-column-205 fusion-flex-column post-card fusion-grid-column fusion-post-cards-grid-column\" style=\"--awb-bg-color:var(--awb-color1);--awb-bg-color-hover:var(--awb-color1);--awb-bg-blend:overlay;--awb-bg-size:cover;--awb-flex-grow:0;--awb-flex-shrink:0;--awb-flex-grow-medium:;--awb-flex-shrink-medium:;--awb-flex-grow-small:;--awb-flex-shrink-small:;\" data-scroll-devices=\"small-visibility,medium-visibility,large-visibility\"><div class=\"fusion-column-wrapper fusion-column-has-shadow fusion-flex-justify-content-space-around fusion-content-layout-column\"><div class=\"fusion-classic-product-image-wrapper fusion-woo-product-image fusion-post-card-image fusion-post-card-image-1 has-aspect-ratio\" data-layout=\"static\" style=\"--awb-aspect-ratio:3 \/ 2;\"><div  class=\"fusion-image-wrapper\" aria-haspopup=\"true\">\n\t\t\t\t\t\t\t<a href=\"https:\/\/www.mundusmaris.org\/es\/entre-tradicion-y-modernidad\/interview-with-f-soumah-leader-of-artisanal-fishers\/\" aria-label=\"Interview with F. Soumah, leader of artisanal fishers\">\n\t\t\t\t\t\t\t<img decoding=\"async\" width=\"800\" height=\"500\" src=\"https:\/\/www.mundusmaris.org\/wp-content\/uploads\/2024\/04\/FaneyawaSoumah_800x500.jpg\" class=\"attachment-full size-full wp-post-image\" alt=\"\" srcset=\"https:\/\/www.mundusmaris.org\/wp-content\/uploads\/2024\/04\/FaneyawaSoumah_800x500-200x125.jpg 200w, https:\/\/www.mundusmaris.org\/wp-content\/uploads\/2024\/04\/FaneyawaSoumah_800x500-400x250.jpg 400w, https:\/\/www.mundusmaris.org\/wp-content\/uploads\/2024\/04\/FaneyawaSoumah_800x500-600x375.jpg 600w, https:\/\/www.mundusmaris.org\/wp-content\/uploads\/2024\/04\/FaneyawaSoumah_800x500.jpg 800w\" sizes=\"(min-width: 2200px) 100vw, (min-width: 784px) 373px, (min-width: 712px) 560px, (min-width: 640px) 712px, \" \/>\t\t\t<\/a>\n\t\t\t\t\t\t\t<\/div>\n<\/div><div class=\"fusion-meta-tb fusion-meta-tb-204 floated\" style=\"--awb-border-top:0px;--awb-height:36px;--awb-alignment-medium:flex-start;--awb-alignment-small:flex-start;\"><span class=\"fusion-tb-published-date\">Published On: 14 de febrero de 2018<\/span><span class=\"fusion-meta-tb-sep\"><\/span><\/div><div class=\"fusion-title title fusion-title-205 fusion-sep-none fusion-title-text fusion-title-size-four\" style=\"--awb-margin-top:20px;--awb-margin-right:20px;--awb-margin-bottom:20px;--awb-margin-left:20px;--awb-margin-top-small:10px;--awb-margin-right-small:0px;--awb-margin-bottom-small:10px;--awb-margin-left-small:0px;--awb-font-size:24px;\"><h4 class=\"fusion-title-heading title-heading-left\" style=\"font-family:&quot;IBM Plex Sans Condensed&quot;;font-style:normal;font-weight:500;margin:0;font-size:1em;line-height:1.2;\"><a href=\"https:\/\/www.mundusmaris.org\/es\/entre-tradicion-y-modernidad\/interview-with-f-soumah-leader-of-artisanal-fishers\/\" class=\"awb-custom-text-color awb-custom-text-hover-color\" target=\"_self\">Interview with F. Soumah, leader of artisanal fishers<\/a><\/h4><\/div><\/div><\/li>\n<li class=\"fusion-layout-column fusion_builder_column fusion-builder-column-206 fusion-flex-column post-card fusion-grid-column fusion-post-cards-grid-column\" style=\"--awb-bg-color:var(--awb-color1);--awb-bg-color-hover:var(--awb-color1);--awb-bg-blend:overlay;--awb-bg-size:cover;--awb-flex-grow:0;--awb-flex-shrink:0;--awb-flex-grow-medium:;--awb-flex-shrink-medium:;--awb-flex-grow-small:;--awb-flex-shrink-small:;\" data-scroll-devices=\"small-visibility,medium-visibility,large-visibility\"><div class=\"fusion-column-wrapper fusion-column-has-shadow fusion-flex-justify-content-space-around fusion-content-layout-column\"><div class=\"fusion-classic-product-image-wrapper fusion-woo-product-image fusion-post-card-image fusion-post-card-image-1 has-aspect-ratio\" data-layout=\"static\" style=\"--awb-aspect-ratio:3 \/ 2;\"><div  class=\"fusion-image-wrapper\" aria-haspopup=\"true\">\n\t\t\t\t\t\t\t<a href=\"https:\/\/www.mundusmaris.org\/es\/entre-tradicion-y-modernidad\/a-detour-in-the-boulbinet-artisanal-fishing-port-in-conakry-guinea\/\" aria-label=\"A detour in the Boulbinet artisanal fishing port in Conakry, Guinea\">\n\t\t\t\t\t\t\t<img decoding=\"async\" width=\"800\" height=\"500\" src=\"https:\/\/www.mundusmaris.org\/wp-content\/uploads\/2024\/04\/copertina_posts_boulbinet_800x500.jpg\" class=\"attachment-full size-full wp-post-image\" alt=\"\" srcset=\"https:\/\/www.mundusmaris.org\/wp-content\/uploads\/2024\/04\/copertina_posts_boulbinet_800x500-200x125.jpg 200w, https:\/\/www.mundusmaris.org\/wp-content\/uploads\/2024\/04\/copertina_posts_boulbinet_800x500-400x250.jpg 400w, https:\/\/www.mundusmaris.org\/wp-content\/uploads\/2024\/04\/copertina_posts_boulbinet_800x500-600x375.jpg 600w, https:\/\/www.mundusmaris.org\/wp-content\/uploads\/2024\/04\/copertina_posts_boulbinet_800x500.jpg 800w\" sizes=\"(min-width: 2200px) 100vw, (min-width: 784px) 373px, (min-width: 712px) 560px, (min-width: 640px) 712px, \" \/>\t\t\t<\/a>\n\t\t\t\t\t\t\t<\/div>\n<\/div><div class=\"fusion-meta-tb fusion-meta-tb-205 floated\" style=\"--awb-border-top:0px;--awb-height:36px;--awb-alignment-medium:flex-start;--awb-alignment-small:flex-start;\"><span class=\"fusion-tb-published-date\">Published On: 14 de febrero de 2018<\/span><span class=\"fusion-meta-tb-sep\"><\/span><\/div><div class=\"fusion-title title fusion-title-206 fusion-sep-none fusion-title-text fusion-title-size-four\" style=\"--awb-margin-top:20px;--awb-margin-right:20px;--awb-margin-bottom:20px;--awb-margin-left:20px;--awb-margin-top-small:10px;--awb-margin-right-small:0px;--awb-margin-bottom-small:10px;--awb-margin-left-small:0px;--awb-font-size:24px;\"><h4 class=\"fusion-title-heading title-heading-left\" style=\"font-family:&quot;IBM Plex Sans Condensed&quot;;font-style:normal;font-weight:500;margin:0;font-size:1em;line-height:1.2;\"><a href=\"https:\/\/www.mundusmaris.org\/es\/entre-tradicion-y-modernidad\/a-detour-in-the-boulbinet-artisanal-fishing-port-in-conakry-guinea\/\" class=\"awb-custom-text-color awb-custom-text-hover-color\" target=\"_self\">A detour in the Boulbinet artisanal fishing port in Conakry, Guinea<\/a><\/h4><\/div><\/div><\/li>\n<li class=\"fusion-layout-column fusion_builder_column fusion-builder-column-207 fusion-flex-column post-card fusion-grid-column fusion-post-cards-grid-column\" style=\"--awb-bg-color:var(--awb-color1);--awb-bg-color-hover:var(--awb-color1);--awb-bg-blend:overlay;--awb-bg-size:cover;--awb-flex-grow:0;--awb-flex-shrink:0;--awb-flex-grow-medium:;--awb-flex-shrink-medium:;--awb-flex-grow-small:;--awb-flex-shrink-small:;\" data-scroll-devices=\"small-visibility,medium-visibility,large-visibility\"><div class=\"fusion-column-wrapper fusion-column-has-shadow fusion-flex-justify-content-space-around fusion-content-layout-column\"><div class=\"fusion-classic-product-image-wrapper fusion-woo-product-image fusion-post-card-image fusion-post-card-image-1 has-aspect-ratio\" data-layout=\"static\" style=\"--awb-aspect-ratio:3 \/ 2;\"><div  class=\"fusion-image-wrapper\" aria-haspopup=\"true\">\n\t\t\t\t\t\t\t<a href=\"https:\/\/www.mundusmaris.org\/es\/muestras\/art-objects-done-by-prisoners-of-war-during-the-napoleonic-wars\/\" aria-label=\"Art objects done by Prisoners of War during the Napoleonic Wars\">\n\t\t\t\t\t\t\t<img decoding=\"async\" width=\"800\" height=\"500\" src=\"https:\/\/www.mundusmaris.org\/wp-content\/uploads\/2024\/03\/05_BritWarship_800x500.jpg\" class=\"attachment-full size-full wp-post-image\" alt=\"\" srcset=\"https:\/\/www.mundusmaris.org\/wp-content\/uploads\/2024\/03\/05_BritWarship_800x500-200x125.jpg 200w, https:\/\/www.mundusmaris.org\/wp-content\/uploads\/2024\/03\/05_BritWarship_800x500-400x250.jpg 400w, https:\/\/www.mundusmaris.org\/wp-content\/uploads\/2024\/03\/05_BritWarship_800x500-600x375.jpg 600w, https:\/\/www.mundusmaris.org\/wp-content\/uploads\/2024\/03\/05_BritWarship_800x500.jpg 800w\" sizes=\"(min-width: 2200px) 100vw, (min-width: 784px) 373px, (min-width: 712px) 560px, (min-width: 640px) 712px, \" \/>\t\t\t<\/a>\n\t\t\t\t\t\t\t<\/div>\n<\/div><div class=\"fusion-meta-tb fusion-meta-tb-206 floated\" style=\"--awb-border-top:0px;--awb-height:36px;--awb-alignment-medium:flex-start;--awb-alignment-small:flex-start;\"><span class=\"fusion-tb-published-date\">Published On: 25 de octubre de 2017<\/span><span class=\"fusion-meta-tb-sep\"><\/span><\/div><div class=\"fusion-title title fusion-title-207 fusion-sep-none fusion-title-text fusion-title-size-four\" style=\"--awb-margin-top:20px;--awb-margin-right:20px;--awb-margin-bottom:20px;--awb-margin-left:20px;--awb-margin-top-small:10px;--awb-margin-right-small:0px;--awb-margin-bottom-small:10px;--awb-margin-left-small:0px;--awb-font-size:24px;\"><h4 class=\"fusion-title-heading title-heading-left\" style=\"font-family:&quot;IBM Plex Sans Condensed&quot;;font-style:normal;font-weight:500;margin:0;font-size:1em;line-height:1.2;\"><a href=\"https:\/\/www.mundusmaris.org\/es\/muestras\/art-objects-done-by-prisoners-of-war-during-the-napoleonic-wars\/\" class=\"awb-custom-text-color awb-custom-text-hover-color\" target=\"_self\">Art objects done by Prisoners of War during the Napoleonic Wars<\/a><\/h4><\/div><\/div><\/li>\n<li class=\"fusion-layout-column fusion_builder_column fusion-builder-column-208 fusion-flex-column post-card fusion-grid-column fusion-post-cards-grid-column\" style=\"--awb-bg-color:var(--awb-color1);--awb-bg-color-hover:var(--awb-color1);--awb-bg-blend:overlay;--awb-bg-size:cover;--awb-flex-grow:0;--awb-flex-shrink:0;--awb-flex-grow-medium:;--awb-flex-shrink-medium:;--awb-flex-grow-small:;--awb-flex-shrink-small:;\" data-scroll-devices=\"small-visibility,medium-visibility,large-visibility\"><div class=\"fusion-column-wrapper fusion-column-has-shadow fusion-flex-justify-content-space-around fusion-content-layout-column\"><div class=\"fusion-classic-product-image-wrapper fusion-woo-product-image fusion-post-card-image fusion-post-card-image-1 has-aspect-ratio\" data-layout=\"static\" style=\"--awb-aspect-ratio:3 \/ 2;\"><div  class=\"fusion-image-wrapper\" aria-haspopup=\"true\">\n\t\t\t\t\t\t\t<a href=\"https:\/\/www.mundusmaris.org\/es\/muestras\/bryggens-wharf-and-warehouses-a-unesco-world-heritage-centre\/\" aria-label=\"Bryggen&#8217;s wharf and warehouses, a UNESCO World Heritage Centre\">\n\t\t\t\t\t\t\t<img decoding=\"async\" width=\"800\" height=\"500\" src=\"https:\/\/www.mundusmaris.org\/wp-content\/uploads\/2024\/03\/Bryggen_World-HeritageSite_800x500.jpg\" class=\"attachment-full size-full wp-post-image\" alt=\"\" srcset=\"https:\/\/www.mundusmaris.org\/wp-content\/uploads\/2024\/03\/Bryggen_World-HeritageSite_800x500-200x125.jpg 200w, https:\/\/www.mundusmaris.org\/wp-content\/uploads\/2024\/03\/Bryggen_World-HeritageSite_800x500-400x250.jpg 400w, https:\/\/www.mundusmaris.org\/wp-content\/uploads\/2024\/03\/Bryggen_World-HeritageSite_800x500-600x375.jpg 600w, https:\/\/www.mundusmaris.org\/wp-content\/uploads\/2024\/03\/Bryggen_World-HeritageSite_800x500.jpg 800w\" sizes=\"(min-width: 2200px) 100vw, (min-width: 784px) 373px, (min-width: 712px) 560px, (min-width: 640px) 712px, \" \/>\t\t\t<\/a>\n\t\t\t\t\t\t\t<\/div>\n<\/div><div class=\"fusion-meta-tb fusion-meta-tb-207 floated\" style=\"--awb-border-top:0px;--awb-height:36px;--awb-alignment-medium:flex-start;--awb-alignment-small:flex-start;\"><span class=\"fusion-tb-published-date\">Published On: 27 de agosto de 2017<\/span><span class=\"fusion-meta-tb-sep\"><\/span><\/div><div class=\"fusion-title title fusion-title-208 fusion-sep-none fusion-title-text fusion-title-size-four\" style=\"--awb-margin-top:20px;--awb-margin-right:20px;--awb-margin-bottom:20px;--awb-margin-left:20px;--awb-margin-top-small:10px;--awb-margin-right-small:0px;--awb-margin-bottom-small:10px;--awb-margin-left-small:0px;--awb-font-size:24px;\"><h4 class=\"fusion-title-heading title-heading-left\" style=\"font-family:&quot;IBM Plex Sans Condensed&quot;;font-style:normal;font-weight:500;margin:0;font-size:1em;line-height:1.2;\"><a href=\"https:\/\/www.mundusmaris.org\/es\/muestras\/bryggens-wharf-and-warehouses-a-unesco-world-heritage-centre\/\" class=\"awb-custom-text-color awb-custom-text-hover-color\" target=\"_self\">Bryggen&#8217;s wharf and warehouses, a UNESCO World Heritage Centre<\/a><\/h4><\/div><\/div><\/li>\n<li class=\"fusion-layout-column fusion_builder_column fusion-builder-column-209 fusion-flex-column post-card fusion-grid-column fusion-post-cards-grid-column\" style=\"--awb-bg-color:var(--awb-color1);--awb-bg-color-hover:var(--awb-color1);--awb-bg-blend:overlay;--awb-bg-size:cover;--awb-flex-grow:0;--awb-flex-shrink:0;--awb-flex-grow-medium:;--awb-flex-shrink-medium:;--awb-flex-grow-small:;--awb-flex-shrink-small:;\" data-scroll-devices=\"small-visibility,medium-visibility,large-visibility\"><div class=\"fusion-column-wrapper fusion-column-has-shadow fusion-flex-justify-content-space-around fusion-content-layout-column\"><div class=\"fusion-classic-product-image-wrapper fusion-woo-product-image fusion-post-card-image fusion-post-card-image-1 has-aspect-ratio\" data-layout=\"static\" style=\"--awb-aspect-ratio:3 \/ 2;\"><div  class=\"fusion-image-wrapper\" aria-haspopup=\"true\">\n\t\t\t\t\t\t\t<a href=\"\" aria-label=\"documenta 14 &#8211; the planetary scope of contemporary art\">\n\t\t\t\t\t\t\t\t\t\t<div class=\"fusion-placeholder-image\" data-origheight=\"150\" data-origwidth=\"100%\" style=\"width:100%;aspect-ratio:3 \/ 2;\"><\/div>\n\t\t\t\t\t<\/a>\n\t\t\t\t\t\t\t<\/div>\n<\/div><div class=\"fusion-meta-tb fusion-meta-tb-208 floated\" style=\"--awb-border-top:0px;--awb-height:36px;--awb-alignment-medium:flex-start;--awb-alignment-small:flex-start;\"><span class=\"fusion-tb-published-date\">Published On: 27 de julio de 2017<\/span><span class=\"fusion-meta-tb-sep\"><\/span><\/div><div class=\"fusion-title title fusion-title-209 fusion-sep-none fusion-title-text fusion-title-size-four\" style=\"--awb-margin-top:20px;--awb-margin-right:20px;--awb-margin-bottom:20px;--awb-margin-left:20px;--awb-margin-top-small:10px;--awb-margin-right-small:0px;--awb-margin-bottom-small:10px;--awb-margin-left-small:0px;--awb-font-size:24px;\"><h4 class=\"fusion-title-heading title-heading-left\" style=\"font-family:&quot;IBM Plex Sans Condensed&quot;;font-style:normal;font-weight:500;margin:0;font-size:1em;line-height:1.2;\"><a href=\"https:\/\/www.mundusmaris.org\/es\/muestras\/documenta-14-the-planetary-scope-of-contemporary-art\/\" class=\"awb-custom-text-color awb-custom-text-hover-color\" target=\"_self\">documenta 14 &#8211; the planetary scope of contemporary art<\/a><\/h4><\/div><\/div><\/li>\n<li class=\"fusion-layout-column fusion_builder_column fusion-builder-column-210 fusion-flex-column post-card fusion-grid-column fusion-post-cards-grid-column\" style=\"--awb-bg-color:var(--awb-color1);--awb-bg-color-hover:var(--awb-color1);--awb-bg-blend:overlay;--awb-bg-size:cover;--awb-flex-grow:0;--awb-flex-shrink:0;--awb-flex-grow-medium:;--awb-flex-shrink-medium:;--awb-flex-grow-small:;--awb-flex-shrink-small:;\" data-scroll-devices=\"small-visibility,medium-visibility,large-visibility\"><div class=\"fusion-column-wrapper fusion-column-has-shadow fusion-flex-justify-content-space-around fusion-content-layout-column\"><div class=\"fusion-classic-product-image-wrapper fusion-woo-product-image fusion-post-card-image fusion-post-card-image-1 has-aspect-ratio\" data-layout=\"static\" style=\"--awb-aspect-ratio:3 \/ 2;\"><div  class=\"fusion-image-wrapper\" aria-haspopup=\"true\">\n\t\t\t\t\t\t\t<a href=\"https:\/\/www.mundusmaris.org\/es\/peliculas\/cry-sea-the-way-senegalese-fishermen-are-loosing-their-livelihoods\/\" aria-label=\"Cry Sea: The way Senegalese fishermen are loosing their livelihoods\">\n\t\t\t\t\t\t\t<img decoding=\"async\" width=\"500\" height=\"284\" src=\"https:\/\/www.mundusmaris.org\/wp-content\/uploads\/2017\/02\/crysea_pic1.jpg\" class=\"attachment-full size-full wp-post-image\" alt=\"\" srcset=\"https:\/\/www.mundusmaris.org\/wp-content\/uploads\/2017\/02\/crysea_pic1-200x114.jpg 200w, https:\/\/www.mundusmaris.org\/wp-content\/uploads\/2017\/02\/crysea_pic1-400x227.jpg 400w, https:\/\/www.mundusmaris.org\/wp-content\/uploads\/2017\/02\/crysea_pic1.jpg 500w\" sizes=\"(min-width: 2200px) 100vw, (min-width: 784px) 373px, (min-width: 712px) 560px, (min-width: 640px) 712px, \" \/>\t\t\t<\/a>\n\t\t\t\t\t\t\t<\/div>\n<\/div><div class=\"fusion-meta-tb fusion-meta-tb-209 floated\" style=\"--awb-border-top:0px;--awb-height:36px;--awb-alignment-medium:flex-start;--awb-alignment-small:flex-start;\"><span class=\"fusion-tb-published-date\">Published On: 28 de febrero de 2017<\/span><span class=\"fusion-meta-tb-sep\"><\/span><\/div><div class=\"fusion-title title fusion-title-210 fusion-sep-none fusion-title-text fusion-title-size-four\" style=\"--awb-margin-top:20px;--awb-margin-right:20px;--awb-margin-bottom:20px;--awb-margin-left:20px;--awb-margin-top-small:10px;--awb-margin-right-small:0px;--awb-margin-bottom-small:10px;--awb-margin-left-small:0px;--awb-font-size:24px;\"><h4 class=\"fusion-title-heading title-heading-left\" style=\"font-family:&quot;IBM Plex Sans Condensed&quot;;font-style:normal;font-weight:500;margin:0;font-size:1em;line-height:1.2;\"><a href=\"https:\/\/www.mundusmaris.org\/es\/peliculas\/cry-sea-the-way-senegalese-fishermen-are-loosing-their-livelihoods\/\" class=\"awb-custom-text-color awb-custom-text-hover-color\" target=\"_self\">Cry Sea: The way Senegalese fishermen are loosing their livelihoods<\/a><\/h4><\/div><\/div><\/li>\n<li class=\"fusion-layout-column fusion_builder_column fusion-builder-column-211 fusion-flex-column post-card fusion-grid-column fusion-post-cards-grid-column\" style=\"--awb-bg-color:var(--awb-color1);--awb-bg-color-hover:var(--awb-color1);--awb-bg-blend:overlay;--awb-bg-size:cover;--awb-flex-grow:0;--awb-flex-shrink:0;--awb-flex-grow-medium:;--awb-flex-shrink-medium:;--awb-flex-grow-small:;--awb-flex-shrink-small:;\" data-scroll-devices=\"small-visibility,medium-visibility,large-visibility\"><div class=\"fusion-column-wrapper fusion-column-has-shadow fusion-flex-justify-content-space-around fusion-content-layout-column\"><div class=\"fusion-classic-product-image-wrapper fusion-woo-product-image fusion-post-card-image fusion-post-card-image-1 has-aspect-ratio\" data-layout=\"static\" style=\"--awb-aspect-ratio:3 \/ 2;\"><div  class=\"fusion-image-wrapper\" aria-haspopup=\"true\">\n\t\t\t\t\t\t\t<a href=\"https:\/\/www.mundusmaris.org\/es\/muestras\/blown-glass-models-of-marine-organisms-blaschka-father-and-son\/\" aria-label=\"Blown glass models of marine organisms &#8211; Blaschka father and son\">\n\t\t\t\t\t\t\t<img decoding=\"async\" width=\"800\" height=\"500\" src=\"https:\/\/www.mundusmaris.org\/wp-content\/uploads\/2024\/03\/blaschka-octopus_copertina.jpg\" class=\"attachment-full size-full wp-post-image\" alt=\"\" srcset=\"https:\/\/www.mundusmaris.org\/wp-content\/uploads\/2024\/03\/blaschka-octopus_copertina-200x125.jpg 200w, https:\/\/www.mundusmaris.org\/wp-content\/uploads\/2024\/03\/blaschka-octopus_copertina-400x250.jpg 400w, https:\/\/www.mundusmaris.org\/wp-content\/uploads\/2024\/03\/blaschka-octopus_copertina-600x375.jpg 600w, https:\/\/www.mundusmaris.org\/wp-content\/uploads\/2024\/03\/blaschka-octopus_copertina.jpg 800w\" sizes=\"(min-width: 2200px) 100vw, (min-width: 784px) 373px, (min-width: 712px) 560px, (min-width: 640px) 712px, \" \/>\t\t\t<\/a>\n\t\t\t\t\t\t\t<\/div>\n<\/div><div class=\"fusion-meta-tb fusion-meta-tb-210 floated\" style=\"--awb-border-top:0px;--awb-height:36px;--awb-alignment-medium:flex-start;--awb-alignment-small:flex-start;\"><span class=\"fusion-tb-published-date\">Published On: 25 de febrero de 2017<\/span><span class=\"fusion-meta-tb-sep\"><\/span><\/div><div class=\"fusion-title title fusion-title-211 fusion-sep-none fusion-title-text fusion-title-size-four\" style=\"--awb-margin-top:20px;--awb-margin-right:20px;--awb-margin-bottom:20px;--awb-margin-left:20px;--awb-margin-top-small:10px;--awb-margin-right-small:0px;--awb-margin-bottom-small:10px;--awb-margin-left-small:0px;--awb-font-size:24px;\"><h4 class=\"fusion-title-heading title-heading-left\" style=\"font-family:&quot;IBM Plex Sans Condensed&quot;;font-style:normal;font-weight:500;margin:0;font-size:1em;line-height:1.2;\"><a href=\"https:\/\/www.mundusmaris.org\/es\/muestras\/blown-glass-models-of-marine-organisms-blaschka-father-and-son\/\" class=\"awb-custom-text-color awb-custom-text-hover-color\" target=\"_self\">Blown glass models of marine organisms &#8211; Blaschka father and son<\/a><\/h4><\/div><\/div><\/li>\n<li class=\"fusion-layout-column fusion_builder_column fusion-builder-column-212 fusion-flex-column post-card fusion-grid-column fusion-post-cards-grid-column\" style=\"--awb-bg-color:var(--awb-color1);--awb-bg-color-hover:var(--awb-color1);--awb-bg-blend:overlay;--awb-bg-size:cover;--awb-flex-grow:0;--awb-flex-shrink:0;--awb-flex-grow-medium:;--awb-flex-shrink-medium:;--awb-flex-grow-small:;--awb-flex-shrink-small:;\" data-scroll-devices=\"small-visibility,medium-visibility,large-visibility\"><div class=\"fusion-column-wrapper fusion-column-has-shadow fusion-flex-justify-content-space-around fusion-content-layout-column\"><div class=\"fusion-classic-product-image-wrapper fusion-woo-product-image fusion-post-card-image fusion-post-card-image-1 has-aspect-ratio\" data-layout=\"static\" style=\"--awb-aspect-ratio:3 \/ 2;\"><div  class=\"fusion-image-wrapper\" aria-haspopup=\"true\">\n\t\t\t\t\t\t\t<a href=\"https:\/\/www.mundusmaris.org\/es\/muestras\/jason-decaires-taylor-underwater-sculptures-to-draw-attention-to-the-relationship-with-nature-through-art\/\" aria-label=\"Jason deCaires Taylor: underwater sculptures to draw attention to the relationship with nature through art.\">\n\t\t\t\t\t\t\t<img decoding=\"async\" width=\"800\" height=\"500\" src=\"https:\/\/www.mundusmaris.org\/wp-content\/uploads\/2024\/03\/environment-1jdecaires_blog.jpg\" class=\"attachment-full size-full wp-post-image\" alt=\"\" srcset=\"https:\/\/www.mundusmaris.org\/wp-content\/uploads\/2024\/03\/environment-1jdecaires_blog-200x125.jpg 200w, https:\/\/www.mundusmaris.org\/wp-content\/uploads\/2024\/03\/environment-1jdecaires_blog-400x250.jpg 400w, https:\/\/www.mundusmaris.org\/wp-content\/uploads\/2024\/03\/environment-1jdecaires_blog-600x375.jpg 600w, https:\/\/www.mundusmaris.org\/wp-content\/uploads\/2024\/03\/environment-1jdecaires_blog.jpg 800w\" sizes=\"(min-width: 2200px) 100vw, (min-width: 784px) 373px, (min-width: 712px) 560px, (min-width: 640px) 712px, \" \/>\t\t\t<\/a>\n\t\t\t\t\t\t\t<\/div>\n<\/div><div class=\"fusion-meta-tb fusion-meta-tb-211 floated\" style=\"--awb-border-top:0px;--awb-height:36px;--awb-alignment-medium:flex-start;--awb-alignment-small:flex-start;\"><span class=\"fusion-tb-published-date\">Published On: 20 de febrero de 2017<\/span><span class=\"fusion-meta-tb-sep\"><\/span><\/div><div class=\"fusion-title title fusion-title-212 fusion-sep-none fusion-title-text fusion-title-size-four\" style=\"--awb-margin-top:20px;--awb-margin-right:20px;--awb-margin-bottom:20px;--awb-margin-left:20px;--awb-margin-top-small:10px;--awb-margin-right-small:0px;--awb-margin-bottom-small:10px;--awb-margin-left-small:0px;--awb-font-size:24px;\"><h4 class=\"fusion-title-heading title-heading-left\" style=\"font-family:&quot;IBM Plex Sans Condensed&quot;;font-style:normal;font-weight:500;margin:0;font-size:1em;line-height:1.2;\"><a href=\"https:\/\/www.mundusmaris.org\/es\/muestras\/jason-decaires-taylor-underwater-sculptures-to-draw-attention-to-the-relationship-with-nature-through-art\/\" class=\"awb-custom-text-color awb-custom-text-hover-color\" target=\"_self\">Jason deCaires Taylor: underwater sculptures to draw attention to the relationship with nature through art.<\/a><\/h4><\/div><\/div><\/li>\n<li class=\"fusion-layout-column fusion_builder_column fusion-builder-column-213 fusion-flex-column post-card fusion-grid-column fusion-post-cards-grid-column\" style=\"--awb-bg-color:var(--awb-color1);--awb-bg-color-hover:var(--awb-color1);--awb-bg-blend:overlay;--awb-bg-size:cover;--awb-flex-grow:0;--awb-flex-shrink:0;--awb-flex-grow-medium:;--awb-flex-shrink-medium:;--awb-flex-grow-small:;--awb-flex-shrink-small:;\" data-scroll-devices=\"small-visibility,medium-visibility,large-visibility\"><div class=\"fusion-column-wrapper fusion-column-has-shadow fusion-flex-justify-content-space-around fusion-content-layout-column\"><div class=\"fusion-classic-product-image-wrapper fusion-woo-product-image fusion-post-card-image fusion-post-card-image-1 has-aspect-ratio\" data-layout=\"static\" style=\"--awb-aspect-ratio:3 \/ 2;\"><div  class=\"fusion-image-wrapper\" aria-haspopup=\"true\">\n\t\t\t\t\t\t\t<a href=\"https:\/\/www.mundusmaris.org\/es\/muestras\/examples-to-follow\/\" aria-label=\"Examples to Follow!\">\n\t\t\t\t\t\t\t<img decoding=\"async\" width=\"800\" height=\"500\" src=\"https:\/\/www.mundusmaris.org\/wp-content\/uploads\/2022\/03\/examplescover1.jpg\" class=\"attachment-full size-full wp-post-image\" alt=\"\" srcset=\"https:\/\/www.mundusmaris.org\/wp-content\/uploads\/2022\/03\/examplescover1-200x125.jpg 200w, https:\/\/www.mundusmaris.org\/wp-content\/uploads\/2022\/03\/examplescover1-400x250.jpg 400w, https:\/\/www.mundusmaris.org\/wp-content\/uploads\/2022\/03\/examplescover1-600x375.jpg 600w, https:\/\/www.mundusmaris.org\/wp-content\/uploads\/2022\/03\/examplescover1.jpg 800w\" sizes=\"(min-width: 2200px) 100vw, (min-width: 784px) 373px, (min-width: 712px) 560px, (min-width: 640px) 712px, \" \/>\t\t\t<\/a>\n\t\t\t\t\t\t\t<\/div>\n<\/div><div class=\"fusion-meta-tb fusion-meta-tb-212 floated\" style=\"--awb-border-top:0px;--awb-height:36px;--awb-alignment-medium:flex-start;--awb-alignment-small:flex-start;\"><span class=\"fusion-tb-published-date\">Published On: 19 de febrero de 2017<\/span><span class=\"fusion-meta-tb-sep\"><\/span><\/div><div class=\"fusion-title title fusion-title-213 fusion-sep-none fusion-title-text fusion-title-size-four\" style=\"--awb-margin-top:20px;--awb-margin-right:20px;--awb-margin-bottom:20px;--awb-margin-left:20px;--awb-margin-top-small:10px;--awb-margin-right-small:0px;--awb-margin-bottom-small:10px;--awb-margin-left-small:0px;--awb-font-size:24px;\"><h4 class=\"fusion-title-heading title-heading-left\" style=\"font-family:&quot;IBM Plex Sans Condensed&quot;;font-style:normal;font-weight:500;margin:0;font-size:1em;line-height:1.2;\"><a href=\"https:\/\/www.mundusmaris.org\/es\/muestras\/examples-to-follow\/\" class=\"awb-custom-text-color awb-custom-text-hover-color\" target=\"_self\">Examples to Follow!<\/a><\/h4><\/div><\/div><\/li>\n<li class=\"fusion-layout-column fusion_builder_column fusion-builder-column-214 fusion-flex-column post-card fusion-grid-column fusion-post-cards-grid-column\" style=\"--awb-bg-color:var(--awb-color1);--awb-bg-color-hover:var(--awb-color1);--awb-bg-blend:overlay;--awb-bg-size:cover;--awb-flex-grow:0;--awb-flex-shrink:0;--awb-flex-grow-medium:;--awb-flex-shrink-medium:;--awb-flex-grow-small:;--awb-flex-shrink-small:;\" data-scroll-devices=\"small-visibility,medium-visibility,large-visibility\"><div class=\"fusion-column-wrapper fusion-column-has-shadow fusion-flex-justify-content-space-around fusion-content-layout-column\"><div class=\"fusion-classic-product-image-wrapper fusion-woo-product-image fusion-post-card-image fusion-post-card-image-1 has-aspect-ratio\" data-layout=\"static\" style=\"--awb-aspect-ratio:3 \/ 2;\"><div  class=\"fusion-image-wrapper\" aria-haspopup=\"true\">\n\t\t\t\t\t\t\t<a href=\"https:\/\/www.mundusmaris.org\/es\/peliculas\/festival-de-cine-de-los-pescadores-en-lorient-francia\/\" aria-label=\"Festival de cine de los pescadores en Lorient, Francia\">\n\t\t\t\t\t\t\t<img decoding=\"async\" width=\"500\" height=\"324\" src=\"https:\/\/www.mundusmaris.org\/wp-content\/uploads\/2016\/03\/PecheursMondePreview.jpg\" class=\"attachment-full size-full wp-post-image\" alt=\"\" srcset=\"https:\/\/www.mundusmaris.org\/wp-content\/uploads\/2016\/03\/PecheursMondePreview-200x130.jpg 200w, https:\/\/www.mundusmaris.org\/wp-content\/uploads\/2016\/03\/PecheursMondePreview-400x259.jpg 400w, https:\/\/www.mundusmaris.org\/wp-content\/uploads\/2016\/03\/PecheursMondePreview.jpg 500w\" sizes=\"(min-width: 2200px) 100vw, (min-width: 784px) 373px, (min-width: 712px) 560px, (min-width: 640px) 712px, \" \/>\t\t\t<\/a>\n\t\t\t\t\t\t\t<\/div>\n<\/div><div class=\"fusion-meta-tb fusion-meta-tb-213 floated\" style=\"--awb-border-top:0px;--awb-height:36px;--awb-alignment-medium:flex-start;--awb-alignment-small:flex-start;\"><span class=\"fusion-tb-published-date\">Published On: 22 de marzo de 2016<\/span><span class=\"fusion-meta-tb-sep\"><\/span><\/div><div class=\"fusion-title title fusion-title-214 fusion-sep-none fusion-title-text fusion-title-size-four\" style=\"--awb-margin-top:20px;--awb-margin-right:20px;--awb-margin-bottom:20px;--awb-margin-left:20px;--awb-margin-top-small:10px;--awb-margin-right-small:0px;--awb-margin-bottom-small:10px;--awb-margin-left-small:0px;--awb-font-size:24px;\"><h4 class=\"fusion-title-heading title-heading-left\" style=\"font-family:&quot;IBM Plex Sans Condensed&quot;;font-style:normal;font-weight:500;margin:0;font-size:1em;line-height:1.2;\"><a href=\"https:\/\/www.mundusmaris.org\/es\/peliculas\/festival-de-cine-de-los-pescadores-en-lorient-francia\/\" class=\"awb-custom-text-color awb-custom-text-hover-color\" target=\"_self\">Festival de cine de los pescadores en Lorient, Francia<\/a><\/h4><\/div><\/div><\/li>\n<li class=\"fusion-layout-column fusion_builder_column fusion-builder-column-215 fusion-flex-column post-card fusion-grid-column fusion-post-cards-grid-column\" style=\"--awb-bg-color:var(--awb-color1);--awb-bg-color-hover:var(--awb-color1);--awb-bg-blend:overlay;--awb-bg-size:cover;--awb-flex-grow:0;--awb-flex-shrink:0;--awb-flex-grow-medium:;--awb-flex-shrink-medium:;--awb-flex-grow-small:;--awb-flex-shrink-small:;\" data-scroll-devices=\"small-visibility,medium-visibility,large-visibility\"><div class=\"fusion-column-wrapper fusion-column-has-shadow fusion-flex-justify-content-space-around fusion-content-layout-column\"><div class=\"fusion-classic-product-image-wrapper fusion-woo-product-image fusion-post-card-image fusion-post-card-image-1 has-aspect-ratio\" data-layout=\"static\" style=\"--awb-aspect-ratio:3 \/ 2;\"><div  class=\"fusion-image-wrapper\" aria-haspopup=\"true\">\n\t\t\t\t\t\t\t<a href=\"https:\/\/www.mundusmaris.org\/es\/los-mariscos-que-comemos\/chiloe-o-los-desastres-de-salmonopoly\/\" aria-label=\"Chilo\u00e9, o: Los desastres de Salmonopoly\">\n\t\t\t\t\t\t\t<img decoding=\"async\" width=\"800\" height=\"500\" src=\"https:\/\/www.mundusmaris.org\/wp-content\/uploads\/2024\/04\/copertina_posts_chiloe.jpg\" class=\"attachment-full size-full wp-post-image\" alt=\"\" srcset=\"https:\/\/www.mundusmaris.org\/wp-content\/uploads\/2024\/04\/copertina_posts_chiloe-200x125.jpg 200w, https:\/\/www.mundusmaris.org\/wp-content\/uploads\/2024\/04\/copertina_posts_chiloe-400x250.jpg 400w, https:\/\/www.mundusmaris.org\/wp-content\/uploads\/2024\/04\/copertina_posts_chiloe-600x375.jpg 600w, https:\/\/www.mundusmaris.org\/wp-content\/uploads\/2024\/04\/copertina_posts_chiloe.jpg 800w\" sizes=\"(min-width: 2200px) 100vw, (min-width: 784px) 373px, (min-width: 712px) 560px, (min-width: 640px) 712px, \" \/>\t\t\t<\/a>\n\t\t\t\t\t\t\t<\/div>\n<\/div><div class=\"fusion-meta-tb fusion-meta-tb-214 floated\" style=\"--awb-border-top:0px;--awb-height:36px;--awb-alignment-medium:flex-start;--awb-alignment-small:flex-start;\"><span class=\"fusion-tb-published-date\">Published On: 5 de noviembre de 2015<\/span><span class=\"fusion-meta-tb-sep\"><\/span><\/div><div class=\"fusion-title title fusion-title-215 fusion-sep-none fusion-title-text fusion-title-size-four\" style=\"--awb-margin-top:20px;--awb-margin-right:20px;--awb-margin-bottom:20px;--awb-margin-left:20px;--awb-margin-top-small:10px;--awb-margin-right-small:0px;--awb-margin-bottom-small:10px;--awb-margin-left-small:0px;--awb-font-size:24px;\"><h4 class=\"fusion-title-heading title-heading-left\" style=\"font-family:&quot;IBM Plex Sans Condensed&quot;;font-style:normal;font-weight:500;margin:0;font-size:1em;line-height:1.2;\"><a href=\"https:\/\/www.mundusmaris.org\/es\/los-mariscos-que-comemos\/chiloe-o-los-desastres-de-salmonopoly\/\" class=\"awb-custom-text-color awb-custom-text-hover-color\" target=\"_self\">Chilo\u00e9, o: Los desastres de Salmonopoly<\/a><\/h4><\/div><\/div><\/li>\n<li class=\"fusion-layout-column fusion_builder_column fusion-builder-column-216 fusion-flex-column post-card fusion-grid-column fusion-post-cards-grid-column\" style=\"--awb-bg-color:var(--awb-color1);--awb-bg-color-hover:var(--awb-color1);--awb-bg-blend:overlay;--awb-bg-size:cover;--awb-flex-grow:0;--awb-flex-shrink:0;--awb-flex-grow-medium:;--awb-flex-shrink-medium:;--awb-flex-grow-small:;--awb-flex-shrink-small:;\" data-scroll-devices=\"small-visibility,medium-visibility,large-visibility\"><div class=\"fusion-column-wrapper fusion-column-has-shadow fusion-flex-justify-content-space-around fusion-content-layout-column\"><div class=\"fusion-classic-product-image-wrapper fusion-woo-product-image fusion-post-card-image fusion-post-card-image-1 has-aspect-ratio\" data-layout=\"static\" style=\"--awb-aspect-ratio:3 \/ 2;\"><div  class=\"fusion-image-wrapper\" aria-haspopup=\"true\">\n\t\t\t\t\t\t\t<a href=\"https:\/\/www.mundusmaris.org\/es\/muestras\/ubc-morris-and-helen-belkin-art-gallery-offers-topical-new-exhibition\/\" aria-label=\"UBC Morris and Helen Belkin Art Gallery offers topical new exhibition\">\n\t\t\t\t\t\t\t<img decoding=\"async\" width=\"800\" height=\"500\" src=\"https:\/\/www.mundusmaris.org\/wp-content\/uploads\/2024\/03\/BG1270_IreneHoffard_Reid_800x500.jpg\" class=\"attachment-full size-full wp-post-image\" alt=\"\" srcset=\"https:\/\/www.mundusmaris.org\/wp-content\/uploads\/2024\/03\/BG1270_IreneHoffard_Reid_800x500-200x125.jpg 200w, https:\/\/www.mundusmaris.org\/wp-content\/uploads\/2024\/03\/BG1270_IreneHoffard_Reid_800x500-400x250.jpg 400w, https:\/\/www.mundusmaris.org\/wp-content\/uploads\/2024\/03\/BG1270_IreneHoffard_Reid_800x500-600x375.jpg 600w, https:\/\/www.mundusmaris.org\/wp-content\/uploads\/2024\/03\/BG1270_IreneHoffard_Reid_800x500.jpg 800w\" sizes=\"(min-width: 2200px) 100vw, (min-width: 784px) 373px, (min-width: 712px) 560px, (min-width: 640px) 712px, \" \/>\t\t\t<\/a>\n\t\t\t\t\t\t\t<\/div>\n<\/div><div class=\"fusion-meta-tb fusion-meta-tb-215 floated\" style=\"--awb-border-top:0px;--awb-height:36px;--awb-alignment-medium:flex-start;--awb-alignment-small:flex-start;\"><span class=\"fusion-tb-published-date\">Published On: 27 de agosto de 2015<\/span><span class=\"fusion-meta-tb-sep\"><\/span><\/div><div class=\"fusion-title title fusion-title-216 fusion-sep-none fusion-title-text fusion-title-size-four\" style=\"--awb-margin-top:20px;--awb-margin-right:20px;--awb-margin-bottom:20px;--awb-margin-left:20px;--awb-margin-top-small:10px;--awb-margin-right-small:0px;--awb-margin-bottom-small:10px;--awb-margin-left-small:0px;--awb-font-size:24px;\"><h4 class=\"fusion-title-heading title-heading-left\" style=\"font-family:&quot;IBM Plex Sans Condensed&quot;;font-style:normal;font-weight:500;margin:0;font-size:1em;line-height:1.2;\"><a href=\"https:\/\/www.mundusmaris.org\/es\/muestras\/ubc-morris-and-helen-belkin-art-gallery-offers-topical-new-exhibition\/\" class=\"awb-custom-text-color awb-custom-text-hover-color\" target=\"_self\">UBC Morris and Helen Belkin Art Gallery offers topical new exhibition<\/a><\/h4><\/div><\/div><\/li>\n<li class=\"fusion-layout-column fusion_builder_column fusion-builder-column-217 fusion-flex-column post-card fusion-grid-column fusion-post-cards-grid-column\" style=\"--awb-bg-color:var(--awb-color1);--awb-bg-color-hover:var(--awb-color1);--awb-bg-blend:overlay;--awb-bg-size:cover;--awb-flex-grow:0;--awb-flex-shrink:0;--awb-flex-grow-medium:;--awb-flex-shrink-medium:;--awb-flex-grow-small:;--awb-flex-shrink-small:;\" data-scroll-devices=\"small-visibility,medium-visibility,large-visibility\"><div class=\"fusion-column-wrapper fusion-column-has-shadow fusion-flex-justify-content-space-around fusion-content-layout-column\"><div class=\"fusion-classic-product-image-wrapper fusion-woo-product-image fusion-post-card-image fusion-post-card-image-1 has-aspect-ratio\" data-layout=\"static\" style=\"--awb-aspect-ratio:3 \/ 2;\"><div  class=\"fusion-image-wrapper\" aria-haspopup=\"true\">\n\t\t\t\t\t\t\t<a href=\"https:\/\/www.mundusmaris.org\/es\/los-mariscos-que-comemos\/seafood-symposium-from-fisheries-to-foodies-27-april-2015\/\" aria-label=\"Seafood Symposium &#8211; From Fisheries to Foodies, 27 April 2015\">\n\t\t\t\t\t\t\t<img decoding=\"async\" width=\"800\" height=\"500\" src=\"https:\/\/www.mundusmaris.org\/wp-content\/uploads\/2024\/04\/copertina_posts_seafoodsymposium.jpg\" class=\"attachment-full size-full wp-post-image\" alt=\"\" srcset=\"https:\/\/www.mundusmaris.org\/wp-content\/uploads\/2024\/04\/copertina_posts_seafoodsymposium-200x125.jpg 200w, https:\/\/www.mundusmaris.org\/wp-content\/uploads\/2024\/04\/copertina_posts_seafoodsymposium-400x250.jpg 400w, https:\/\/www.mundusmaris.org\/wp-content\/uploads\/2024\/04\/copertina_posts_seafoodsymposium-600x375.jpg 600w, https:\/\/www.mundusmaris.org\/wp-content\/uploads\/2024\/04\/copertina_posts_seafoodsymposium.jpg 800w\" sizes=\"(min-width: 2200px) 100vw, (min-width: 784px) 373px, (min-width: 712px) 560px, (min-width: 640px) 712px, \" \/>\t\t\t<\/a>\n\t\t\t\t\t\t\t<\/div>\n<\/div><div class=\"fusion-meta-tb fusion-meta-tb-216 floated\" style=\"--awb-border-top:0px;--awb-height:36px;--awb-alignment-medium:flex-start;--awb-alignment-small:flex-start;\"><span class=\"fusion-tb-published-date\">Published On: 30 de abril de 2015<\/span><span class=\"fusion-meta-tb-sep\"><\/span><\/div><div class=\"fusion-title title fusion-title-217 fusion-sep-none fusion-title-text fusion-title-size-four\" style=\"--awb-margin-top:20px;--awb-margin-right:20px;--awb-margin-bottom:20px;--awb-margin-left:20px;--awb-margin-top-small:10px;--awb-margin-right-small:0px;--awb-margin-bottom-small:10px;--awb-margin-left-small:0px;--awb-font-size:24px;\"><h4 class=\"fusion-title-heading title-heading-left\" style=\"font-family:&quot;IBM Plex Sans Condensed&quot;;font-style:normal;font-weight:500;margin:0;font-size:1em;line-height:1.2;\"><a href=\"https:\/\/www.mundusmaris.org\/es\/los-mariscos-que-comemos\/seafood-symposium-from-fisheries-to-foodies-27-april-2015\/\" class=\"awb-custom-text-color awb-custom-text-hover-color\" target=\"_self\">Seafood Symposium &#8211; From Fisheries to Foodies, 27 April 2015<\/a><\/h4><\/div><\/div><\/li>\n<li class=\"fusion-layout-column fusion_builder_column fusion-builder-column-218 fusion-flex-column post-card fusion-grid-column fusion-post-cards-grid-column\" style=\"--awb-bg-color:var(--awb-color1);--awb-bg-color-hover:var(--awb-color1);--awb-bg-blend:overlay;--awb-bg-size:cover;--awb-flex-grow:0;--awb-flex-shrink:0;--awb-flex-grow-medium:;--awb-flex-shrink-medium:;--awb-flex-grow-small:;--awb-flex-shrink-small:;\" data-scroll-devices=\"small-visibility,medium-visibility,large-visibility\"><div class=\"fusion-column-wrapper fusion-column-has-shadow fusion-flex-justify-content-space-around fusion-content-layout-column\"><div class=\"fusion-classic-product-image-wrapper fusion-woo-product-image fusion-post-card-image fusion-post-card-image-1 has-aspect-ratio\" data-layout=\"static\" style=\"--awb-aspect-ratio:3 \/ 2;\"><div  class=\"fusion-image-wrapper\" aria-haspopup=\"true\">\n\t\t\t\t\t\t\t<a href=\"https:\/\/www.mundusmaris.org\/es\/los-mariscos-que-comemos\/baltic-students-concerned-about-sustainable-foods-rogow-poland-15-19-april-2015\/\" aria-label=\"Baltic students concerned about sustainable foods, Rogow, Poland, 15-19 April 2015\">\n\t\t\t\t\t\t\t<img decoding=\"async\" width=\"800\" height=\"500\" src=\"https:\/\/www.mundusmaris.org\/wp-content\/uploads\/2024\/04\/copertina_posts_balticfisheries.jpg\" class=\"attachment-full size-full wp-post-image\" alt=\"\" srcset=\"https:\/\/www.mundusmaris.org\/wp-content\/uploads\/2024\/04\/copertina_posts_balticfisheries-200x125.jpg 200w, https:\/\/www.mundusmaris.org\/wp-content\/uploads\/2024\/04\/copertina_posts_balticfisheries-400x250.jpg 400w, https:\/\/www.mundusmaris.org\/wp-content\/uploads\/2024\/04\/copertina_posts_balticfisheries-600x375.jpg 600w, https:\/\/www.mundusmaris.org\/wp-content\/uploads\/2024\/04\/copertina_posts_balticfisheries.jpg 800w\" sizes=\"(min-width: 2200px) 100vw, (min-width: 784px) 373px, (min-width: 712px) 560px, (min-width: 640px) 712px, \" \/>\t\t\t<\/a>\n\t\t\t\t\t\t\t<\/div>\n<\/div><div class=\"fusion-meta-tb fusion-meta-tb-217 floated\" style=\"--awb-border-top:0px;--awb-height:36px;--awb-alignment-medium:flex-start;--awb-alignment-small:flex-start;\"><span class=\"fusion-tb-published-date\">Published On: 23 de abril de 2015<\/span><span class=\"fusion-meta-tb-sep\"><\/span><\/div><div class=\"fusion-title title fusion-title-218 fusion-sep-none fusion-title-text fusion-title-size-four\" style=\"--awb-margin-top:20px;--awb-margin-right:20px;--awb-margin-bottom:20px;--awb-margin-left:20px;--awb-margin-top-small:10px;--awb-margin-right-small:0px;--awb-margin-bottom-small:10px;--awb-margin-left-small:0px;--awb-font-size:24px;\"><h4 class=\"fusion-title-heading title-heading-left\" style=\"font-family:&quot;IBM Plex Sans Condensed&quot;;font-style:normal;font-weight:500;margin:0;font-size:1em;line-height:1.2;\"><a href=\"https:\/\/www.mundusmaris.org\/es\/los-mariscos-que-comemos\/baltic-students-concerned-about-sustainable-foods-rogow-poland-15-19-april-2015\/\" class=\"awb-custom-text-color awb-custom-text-hover-color\" target=\"_self\">Baltic students concerned about sustainable foods, Rogow, Poland, 15-19 April 2015<\/a><\/h4><\/div><\/div><\/li>\n<li class=\"fusion-layout-column fusion_builder_column fusion-builder-column-219 fusion-flex-column post-card fusion-grid-column fusion-post-cards-grid-column\" style=\"--awb-bg-color:var(--awb-color1);--awb-bg-color-hover:var(--awb-color1);--awb-bg-blend:overlay;--awb-bg-size:cover;--awb-flex-grow:0;--awb-flex-shrink:0;--awb-flex-grow-medium:;--awb-flex-shrink-medium:;--awb-flex-grow-small:;--awb-flex-shrink-small:;\" data-scroll-devices=\"small-visibility,medium-visibility,large-visibility\"><div class=\"fusion-column-wrapper fusion-column-has-shadow fusion-flex-justify-content-space-around fusion-content-layout-column\"><div class=\"fusion-classic-product-image-wrapper fusion-woo-product-image fusion-post-card-image fusion-post-card-image-1 has-aspect-ratio\" data-layout=\"static\" style=\"--awb-aspect-ratio:3 \/ 2;\"><div  class=\"fusion-image-wrapper\" aria-haspopup=\"true\">\n\t\t\t\t\t\t\t<a href=\"https:\/\/www.mundusmaris.org\/es\/los-mariscos-que-comemos\/from-plates-to-fuel-the-controversial-seaweed-boom-in-chile\/\" aria-label=\"From plates to fuel &#8211; the controversial seaweed boom in Chile\">\n\t\t\t\t\t\t\t<img decoding=\"async\" width=\"800\" height=\"500\" src=\"https:\/\/www.mundusmaris.org\/wp-content\/uploads\/2024\/04\/copertina_posts_plates-fuel.jpg\" class=\"attachment-full size-full wp-post-image\" alt=\"\" srcset=\"https:\/\/www.mundusmaris.org\/wp-content\/uploads\/2024\/04\/copertina_posts_plates-fuel-200x125.jpg 200w, https:\/\/www.mundusmaris.org\/wp-content\/uploads\/2024\/04\/copertina_posts_plates-fuel-400x250.jpg 400w, https:\/\/www.mundusmaris.org\/wp-content\/uploads\/2024\/04\/copertina_posts_plates-fuel-600x375.jpg 600w, https:\/\/www.mundusmaris.org\/wp-content\/uploads\/2024\/04\/copertina_posts_plates-fuel.jpg 800w\" sizes=\"(min-width: 2200px) 100vw, (min-width: 784px) 373px, (min-width: 712px) 560px, (min-width: 640px) 712px, \" \/>\t\t\t<\/a>\n\t\t\t\t\t\t\t<\/div>\n<\/div><div class=\"fusion-meta-tb fusion-meta-tb-218 floated\" style=\"--awb-border-top:0px;--awb-height:36px;--awb-alignment-medium:flex-start;--awb-alignment-small:flex-start;\"><span class=\"fusion-tb-published-date\">Published On: 2 de abril de 2015<\/span><span class=\"fusion-meta-tb-sep\"><\/span><\/div><div class=\"fusion-title title fusion-title-219 fusion-sep-none fusion-title-text fusion-title-size-four\" style=\"--awb-margin-top:20px;--awb-margin-right:20px;--awb-margin-bottom:20px;--awb-margin-left:20px;--awb-margin-top-small:10px;--awb-margin-right-small:0px;--awb-margin-bottom-small:10px;--awb-margin-left-small:0px;--awb-font-size:24px;\"><h4 class=\"fusion-title-heading title-heading-left\" style=\"font-family:&quot;IBM Plex Sans Condensed&quot;;font-style:normal;font-weight:500;margin:0;font-size:1em;line-height:1.2;\"><a href=\"https:\/\/www.mundusmaris.org\/es\/los-mariscos-que-comemos\/from-plates-to-fuel-the-controversial-seaweed-boom-in-chile\/\" class=\"awb-custom-text-color awb-custom-text-hover-color\" target=\"_self\">From plates to fuel &#8211; the controversial seaweed boom in Chile<\/a><\/h4><\/div><\/div><\/li>\n<li class=\"fusion-layout-column fusion_builder_column fusion-builder-column-220 fusion-flex-column post-card fusion-grid-column fusion-post-cards-grid-column\" style=\"--awb-bg-color:var(--awb-color1);--awb-bg-color-hover:var(--awb-color1);--awb-bg-blend:overlay;--awb-bg-size:cover;--awb-flex-grow:0;--awb-flex-shrink:0;--awb-flex-grow-medium:;--awb-flex-shrink-medium:;--awb-flex-grow-small:;--awb-flex-shrink-small:;\" data-scroll-devices=\"small-visibility,medium-visibility,large-visibility\"><div class=\"fusion-column-wrapper fusion-column-has-shadow fusion-flex-justify-content-space-around fusion-content-layout-column\"><div class=\"fusion-classic-product-image-wrapper fusion-woo-product-image fusion-post-card-image fusion-post-card-image-1 has-aspect-ratio\" data-layout=\"static\" style=\"--awb-aspect-ratio:3 \/ 2;\"><div  class=\"fusion-image-wrapper\" aria-haspopup=\"true\">\n\t\t\t\t\t\t\t<a href=\"https:\/\/www.mundusmaris.org\/es\/los-mariscos-que-comemos\/khazan-traditional-coastal-zone-management-in-goa-india\/\" aria-label=\"Khazan \u2013 Traditional coastal zone management in Goa, India\">\n\t\t\t\t\t\t\t<img decoding=\"async\" width=\"800\" height=\"500\" src=\"https:\/\/www.mundusmaris.org\/wp-content\/uploads\/2024\/04\/copertina_posts_khazans.jpg\" class=\"attachment-full size-full wp-post-image\" alt=\"\" srcset=\"https:\/\/www.mundusmaris.org\/wp-content\/uploads\/2024\/04\/copertina_posts_khazans-200x125.jpg 200w, https:\/\/www.mundusmaris.org\/wp-content\/uploads\/2024\/04\/copertina_posts_khazans-400x250.jpg 400w, https:\/\/www.mundusmaris.org\/wp-content\/uploads\/2024\/04\/copertina_posts_khazans-600x375.jpg 600w, https:\/\/www.mundusmaris.org\/wp-content\/uploads\/2024\/04\/copertina_posts_khazans.jpg 800w\" sizes=\"(min-width: 2200px) 100vw, (min-width: 784px) 373px, (min-width: 712px) 560px, (min-width: 640px) 712px, \" \/>\t\t\t<\/a>\n\t\t\t\t\t\t\t<\/div>\n<\/div><div class=\"fusion-meta-tb fusion-meta-tb-219 floated\" style=\"--awb-border-top:0px;--awb-height:36px;--awb-alignment-medium:flex-start;--awb-alignment-small:flex-start;\"><span class=\"fusion-tb-published-date\">Published On: 2 de abril de 2015<\/span><span class=\"fusion-meta-tb-sep\"><\/span><\/div><div class=\"fusion-title title fusion-title-220 fusion-sep-none fusion-title-text fusion-title-size-four\" style=\"--awb-margin-top:20px;--awb-margin-right:20px;--awb-margin-bottom:20px;--awb-margin-left:20px;--awb-margin-top-small:10px;--awb-margin-right-small:0px;--awb-margin-bottom-small:10px;--awb-margin-left-small:0px;--awb-font-size:24px;\"><h4 class=\"fusion-title-heading title-heading-left\" style=\"font-family:&quot;IBM Plex Sans Condensed&quot;;font-style:normal;font-weight:500;margin:0;font-size:1em;line-height:1.2;\"><a href=\"https:\/\/www.mundusmaris.org\/es\/los-mariscos-que-comemos\/khazan-traditional-coastal-zone-management-in-goa-india\/\" class=\"awb-custom-text-color awb-custom-text-hover-color\" target=\"_self\">Khazan \u2013 Traditional coastal zone management in Goa, India<\/a><\/h4><\/div><\/div><\/li>\n<li class=\"fusion-layout-column fusion_builder_column fusion-builder-column-221 fusion-flex-column post-card fusion-grid-column fusion-post-cards-grid-column\" style=\"--awb-bg-color:var(--awb-color1);--awb-bg-color-hover:var(--awb-color1);--awb-bg-blend:overlay;--awb-bg-size:cover;--awb-flex-grow:0;--awb-flex-shrink:0;--awb-flex-grow-medium:;--awb-flex-shrink-medium:;--awb-flex-grow-small:;--awb-flex-shrink-small:;\" data-scroll-devices=\"small-visibility,medium-visibility,large-visibility\"><div class=\"fusion-column-wrapper fusion-column-has-shadow fusion-flex-justify-content-space-around fusion-content-layout-column\"><div class=\"fusion-classic-product-image-wrapper fusion-woo-product-image fusion-post-card-image fusion-post-card-image-1 has-aspect-ratio\" data-layout=\"static\" style=\"--awb-aspect-ratio:3 \/ 2;\"><div  class=\"fusion-image-wrapper\" aria-haspopup=\"true\">\n\t\t\t\t\t\t\t<a href=\"https:\/\/www.mundusmaris.org\/es\/los-mariscos-que-comemos\/environmentally-conscious-consumer-behaviour-in-food-what-can-i-do\/\" aria-label=\"Environmentally conscious consumer behaviour in food &#8211; what can I do?\">\n\t\t\t\t\t\t\t<img decoding=\"async\" width=\"800\" height=\"500\" src=\"https:\/\/www.mundusmaris.org\/wp-content\/uploads\/2024\/04\/copertina_posts_cornelia.jpg\" class=\"attachment-full size-full wp-post-image\" alt=\"\" srcset=\"https:\/\/www.mundusmaris.org\/wp-content\/uploads\/2024\/04\/copertina_posts_cornelia-200x125.jpg 200w, https:\/\/www.mundusmaris.org\/wp-content\/uploads\/2024\/04\/copertina_posts_cornelia-400x250.jpg 400w, https:\/\/www.mundusmaris.org\/wp-content\/uploads\/2024\/04\/copertina_posts_cornelia-600x375.jpg 600w, https:\/\/www.mundusmaris.org\/wp-content\/uploads\/2024\/04\/copertina_posts_cornelia.jpg 800w\" sizes=\"(min-width: 2200px) 100vw, (min-width: 784px) 373px, (min-width: 712px) 560px, (min-width: 640px) 712px, \" \/>\t\t\t<\/a>\n\t\t\t\t\t\t\t<\/div>\n<\/div><div class=\"fusion-meta-tb fusion-meta-tb-220 floated\" style=\"--awb-border-top:0px;--awb-height:36px;--awb-alignment-medium:flex-start;--awb-alignment-small:flex-start;\"><span class=\"fusion-tb-published-date\">Published On: 26 de septiembre de 2014<\/span><span class=\"fusion-meta-tb-sep\"><\/span><\/div><div class=\"fusion-title title fusion-title-221 fusion-sep-none fusion-title-text fusion-title-size-four\" style=\"--awb-margin-top:20px;--awb-margin-right:20px;--awb-margin-bottom:20px;--awb-margin-left:20px;--awb-margin-top-small:10px;--awb-margin-right-small:0px;--awb-margin-bottom-small:10px;--awb-margin-left-small:0px;--awb-font-size:24px;\"><h4 class=\"fusion-title-heading title-heading-left\" style=\"font-family:&quot;IBM Plex Sans Condensed&quot;;font-style:normal;font-weight:500;margin:0;font-size:1em;line-height:1.2;\"><a href=\"https:\/\/www.mundusmaris.org\/es\/los-mariscos-que-comemos\/environmentally-conscious-consumer-behaviour-in-food-what-can-i-do\/\" class=\"awb-custom-text-color awb-custom-text-hover-color\" target=\"_self\">Environmentally conscious consumer behaviour in food &#8211; what can I do?<\/a><\/h4><\/div><\/div><\/li>\n<li class=\"fusion-layout-column fusion_builder_column fusion-builder-column-222 fusion-flex-column post-card fusion-grid-column fusion-post-cards-grid-column\" style=\"--awb-bg-color:var(--awb-color1);--awb-bg-color-hover:var(--awb-color1);--awb-bg-blend:overlay;--awb-bg-size:cover;--awb-flex-grow:0;--awb-flex-shrink:0;--awb-flex-grow-medium:;--awb-flex-shrink-medium:;--awb-flex-grow-small:;--awb-flex-shrink-small:;\" data-scroll-devices=\"small-visibility,medium-visibility,large-visibility\"><div class=\"fusion-column-wrapper fusion-column-has-shadow fusion-flex-justify-content-space-around fusion-content-layout-column\"><div class=\"fusion-classic-product-image-wrapper fusion-woo-product-image fusion-post-card-image fusion-post-card-image-1 has-aspect-ratio\" data-layout=\"static\" style=\"--awb-aspect-ratio:3 \/ 2;\"><div  class=\"fusion-image-wrapper\" aria-haspopup=\"true\">\n\t\t\t\t\t\t\t<a href=\"https:\/\/www.mundusmaris.org\/es\/muestras\/a-visit-in-the-musee-oceanographique-in-monaco\/\" aria-label=\"A Visit in the Mus\u00e9e Oc\u00e9anographique in Monaco\">\n\t\t\t\t\t\t\t<img decoding=\"async\" width=\"800\" height=\"500\" src=\"https:\/\/www.mundusmaris.org\/wp-content\/uploads\/2024\/03\/MonacoAquarium_800x500.jpg\" class=\"attachment-full size-full wp-post-image\" alt=\"\" srcset=\"https:\/\/www.mundusmaris.org\/wp-content\/uploads\/2024\/03\/MonacoAquarium_800x500-200x125.jpg 200w, https:\/\/www.mundusmaris.org\/wp-content\/uploads\/2024\/03\/MonacoAquarium_800x500-400x250.jpg 400w, https:\/\/www.mundusmaris.org\/wp-content\/uploads\/2024\/03\/MonacoAquarium_800x500-600x375.jpg 600w, https:\/\/www.mundusmaris.org\/wp-content\/uploads\/2024\/03\/MonacoAquarium_800x500.jpg 800w\" sizes=\"(min-width: 2200px) 100vw, (min-width: 784px) 373px, (min-width: 712px) 560px, (min-width: 640px) 712px, \" \/>\t\t\t<\/a>\n\t\t\t\t\t\t\t<\/div>\n<\/div><div class=\"fusion-meta-tb fusion-meta-tb-221 floated\" style=\"--awb-border-top:0px;--awb-height:36px;--awb-alignment-medium:flex-start;--awb-alignment-small:flex-start;\"><span class=\"fusion-tb-published-date\">Published On: 18 de abril de 2014<\/span><span class=\"fusion-meta-tb-sep\"><\/span><\/div><div class=\"fusion-title title fusion-title-222 fusion-sep-none fusion-title-text fusion-title-size-four\" style=\"--awb-margin-top:20px;--awb-margin-right:20px;--awb-margin-bottom:20px;--awb-margin-left:20px;--awb-margin-top-small:10px;--awb-margin-right-small:0px;--awb-margin-bottom-small:10px;--awb-margin-left-small:0px;--awb-font-size:24px;\"><h4 class=\"fusion-title-heading title-heading-left\" style=\"font-family:&quot;IBM Plex Sans Condensed&quot;;font-style:normal;font-weight:500;margin:0;font-size:1em;line-height:1.2;\"><a href=\"https:\/\/www.mundusmaris.org\/es\/muestras\/a-visit-in-the-musee-oceanographique-in-monaco\/\" class=\"awb-custom-text-color awb-custom-text-hover-color\" target=\"_self\">A Visit in the Mus\u00e9e Oc\u00e9anographique in Monaco<\/a><\/h4><\/div><\/div><\/li>\n<li class=\"fusion-layout-column fusion_builder_column fusion-builder-column-223 fusion-flex-column post-card fusion-grid-column fusion-post-cards-grid-column\" style=\"--awb-bg-color:var(--awb-color1);--awb-bg-color-hover:var(--awb-color1);--awb-bg-blend:overlay;--awb-bg-size:cover;--awb-flex-grow:0;--awb-flex-shrink:0;--awb-flex-grow-medium:;--awb-flex-shrink-medium:;--awb-flex-grow-small:;--awb-flex-shrink-small:;\" data-scroll-devices=\"small-visibility,medium-visibility,large-visibility\"><div class=\"fusion-column-wrapper fusion-column-has-shadow fusion-flex-justify-content-space-around fusion-content-layout-column\"><div class=\"fusion-classic-product-image-wrapper fusion-woo-product-image fusion-post-card-image fusion-post-card-image-1 has-aspect-ratio\" data-layout=\"static\" style=\"--awb-aspect-ratio:3 \/ 2;\"><div  class=\"fusion-image-wrapper\" aria-haspopup=\"true\">\n\t\t\t\t\t\t\t<a href=\"https:\/\/www.mundusmaris.org\/es\/los-mariscos-que-comemos\/save-baby-fish-or-point-n-kill\/\" aria-label=\"Save baby fish or Point &#8216;n&#8217; kill?\">\n\t\t\t\t\t\t\t<img decoding=\"async\" width=\"800\" height=\"500\" src=\"https:\/\/www.mundusmaris.org\/wp-content\/uploads\/2024\/04\/copertina_posts_fishmarket.jpg\" class=\"attachment-full size-full wp-post-image\" alt=\"\" srcset=\"https:\/\/www.mundusmaris.org\/wp-content\/uploads\/2024\/04\/copertina_posts_fishmarket-200x125.jpg 200w, https:\/\/www.mundusmaris.org\/wp-content\/uploads\/2024\/04\/copertina_posts_fishmarket-400x250.jpg 400w, https:\/\/www.mundusmaris.org\/wp-content\/uploads\/2024\/04\/copertina_posts_fishmarket-600x375.jpg 600w, https:\/\/www.mundusmaris.org\/wp-content\/uploads\/2024\/04\/copertina_posts_fishmarket.jpg 800w\" sizes=\"(min-width: 2200px) 100vw, (min-width: 784px) 373px, (min-width: 712px) 560px, (min-width: 640px) 712px, \" \/>\t\t\t<\/a>\n\t\t\t\t\t\t\t<\/div>\n<\/div><div class=\"fusion-meta-tb fusion-meta-tb-222 floated\" style=\"--awb-border-top:0px;--awb-height:36px;--awb-alignment-medium:flex-start;--awb-alignment-small:flex-start;\"><span class=\"fusion-tb-published-date\">Published On: 2 de abril de 2014<\/span><span class=\"fusion-meta-tb-sep\"><\/span><\/div><div class=\"fusion-title title fusion-title-223 fusion-sep-none fusion-title-text fusion-title-size-four\" style=\"--awb-margin-top:20px;--awb-margin-right:20px;--awb-margin-bottom:20px;--awb-margin-left:20px;--awb-margin-top-small:10px;--awb-margin-right-small:0px;--awb-margin-bottom-small:10px;--awb-margin-left-small:0px;--awb-font-size:24px;\"><h4 class=\"fusion-title-heading title-heading-left\" style=\"font-family:&quot;IBM Plex Sans Condensed&quot;;font-style:normal;font-weight:500;margin:0;font-size:1em;line-height:1.2;\"><a href=\"https:\/\/www.mundusmaris.org\/es\/los-mariscos-que-comemos\/save-baby-fish-or-point-n-kill\/\" class=\"awb-custom-text-color awb-custom-text-hover-color\" target=\"_self\">Save baby fish or Point &#8216;n&#8217; kill?<\/a><\/h4><\/div><\/div><\/li>\n<li class=\"fusion-layout-column fusion_builder_column fusion-builder-column-224 fusion-flex-column post-card fusion-grid-column fusion-post-cards-grid-column\" style=\"--awb-bg-color:var(--awb-color1);--awb-bg-color-hover:var(--awb-color1);--awb-bg-blend:overlay;--awb-bg-size:cover;--awb-flex-grow:0;--awb-flex-shrink:0;--awb-flex-grow-medium:;--awb-flex-shrink-medium:;--awb-flex-grow-small:;--awb-flex-shrink-small:;\" data-scroll-devices=\"small-visibility,medium-visibility,large-visibility\"><div class=\"fusion-column-wrapper fusion-column-has-shadow fusion-flex-justify-content-space-around fusion-content-layout-column\"><div class=\"fusion-classic-product-image-wrapper fusion-woo-product-image fusion-post-card-image fusion-post-card-image-1 has-aspect-ratio\" data-layout=\"static\" style=\"--awb-aspect-ratio:3 \/ 2;\"><div  class=\"fusion-image-wrapper\" aria-haspopup=\"true\">\n\t\t\t\t\t\t\t<a href=\"https:\/\/www.mundusmaris.org\/es\/libros\/isabella-lovin-silent-seas\/\" aria-label=\"Isabella L\u00f6vin: \u00abSilent Seas\u00bb\">\n\t\t\t\t\t\t\t<img decoding=\"async\" width=\"500\" height=\"357\" src=\"https:\/\/www.mundusmaris.org\/wp-content\/uploads\/2017\/02\/SilentSeas.jpg\" class=\"attachment-full size-full wp-post-image\" alt=\"\" srcset=\"https:\/\/www.mundusmaris.org\/wp-content\/uploads\/2017\/02\/SilentSeas-200x143.jpg 200w, https:\/\/www.mundusmaris.org\/wp-content\/uploads\/2017\/02\/SilentSeas-400x286.jpg 400w, https:\/\/www.mundusmaris.org\/wp-content\/uploads\/2017\/02\/SilentSeas.jpg 500w\" sizes=\"(min-width: 2200px) 100vw, (min-width: 784px) 373px, (min-width: 712px) 560px, (min-width: 640px) 712px, \" \/>\t\t\t<\/a>\n\t\t\t\t\t\t\t<\/div>\n<\/div><div class=\"fusion-meta-tb fusion-meta-tb-223 floated\" style=\"--awb-border-top:0px;--awb-height:36px;--awb-alignment-medium:flex-start;--awb-alignment-small:flex-start;\"><span class=\"fusion-tb-published-date\">Published On: 24 de marzo de 2014<\/span><span class=\"fusion-meta-tb-sep\"><\/span><\/div><div class=\"fusion-title title fusion-title-224 fusion-sep-none fusion-title-text fusion-title-size-four\" style=\"--awb-margin-top:20px;--awb-margin-right:20px;--awb-margin-bottom:20px;--awb-margin-left:20px;--awb-margin-top-small:10px;--awb-margin-right-small:0px;--awb-margin-bottom-small:10px;--awb-margin-left-small:0px;--awb-font-size:24px;\"><h4 class=\"fusion-title-heading title-heading-left\" style=\"font-family:&quot;IBM Plex Sans Condensed&quot;;font-style:normal;font-weight:500;margin:0;font-size:1em;line-height:1.2;\"><a href=\"https:\/\/www.mundusmaris.org\/es\/libros\/isabella-lovin-silent-seas\/\" class=\"awb-custom-text-color awb-custom-text-hover-color\" target=\"_self\">Isabella L\u00f6vin: \u00abSilent Seas\u00bb<\/a><\/h4><\/div><\/div><\/li>\n<li class=\"fusion-layout-column fusion_builder_column fusion-builder-column-225 fusion-flex-column post-card fusion-grid-column fusion-post-cards-grid-column\" style=\"--awb-bg-color:var(--awb-color1);--awb-bg-color-hover:var(--awb-color1);--awb-bg-blend:overlay;--awb-bg-size:cover;--awb-flex-grow:0;--awb-flex-shrink:0;--awb-flex-grow-medium:;--awb-flex-shrink-medium:;--awb-flex-grow-small:;--awb-flex-shrink-small:;\" data-scroll-devices=\"small-visibility,medium-visibility,large-visibility\"><div class=\"fusion-column-wrapper fusion-column-has-shadow fusion-flex-justify-content-space-around fusion-content-layout-column\"><div class=\"fusion-classic-product-image-wrapper fusion-woo-product-image fusion-post-card-image fusion-post-card-image-1 has-aspect-ratio\" data-layout=\"static\" style=\"--awb-aspect-ratio:3 \/ 2;\"><div  class=\"fusion-image-wrapper\" aria-haspopup=\"true\">\n\t\t\t\t\t\t\t<a href=\"https:\/\/www.mundusmaris.org\/es\/los-mariscos-que-comemos\/inseparable-fish-sustainability-campaign-celebrates-event-in-athens\/\" aria-label=\"\u201cInseparable\u201d \u2013 Fish sustainability campaign celebrates event in Athens\">\n\t\t\t\t\t\t\t<img decoding=\"async\" width=\"800\" height=\"500\" src=\"https:\/\/www.mundusmaris.org\/wp-content\/uploads\/2024\/04\/copertina_posts_fish_sustainability.jpg\" class=\"attachment-full size-full wp-post-image\" alt=\"\" srcset=\"https:\/\/www.mundusmaris.org\/wp-content\/uploads\/2024\/04\/copertina_posts_fish_sustainability-200x125.jpg 200w, https:\/\/www.mundusmaris.org\/wp-content\/uploads\/2024\/04\/copertina_posts_fish_sustainability-400x250.jpg 400w, https:\/\/www.mundusmaris.org\/wp-content\/uploads\/2024\/04\/copertina_posts_fish_sustainability-600x375.jpg 600w, https:\/\/www.mundusmaris.org\/wp-content\/uploads\/2024\/04\/copertina_posts_fish_sustainability.jpg 800w\" sizes=\"(min-width: 2200px) 100vw, (min-width: 784px) 373px, (min-width: 712px) 560px, (min-width: 640px) 712px, \" \/>\t\t\t<\/a>\n\t\t\t\t\t\t\t<\/div>\n<\/div><div class=\"fusion-meta-tb fusion-meta-tb-224 floated\" style=\"--awb-border-top:0px;--awb-height:36px;--awb-alignment-medium:flex-start;--awb-alignment-small:flex-start;\"><span class=\"fusion-tb-published-date\">Published On: 20 de marzo de 2014<\/span><span class=\"fusion-meta-tb-sep\"><\/span><\/div><div class=\"fusion-title title fusion-title-225 fusion-sep-none fusion-title-text fusion-title-size-four\" style=\"--awb-margin-top:20px;--awb-margin-right:20px;--awb-margin-bottom:20px;--awb-margin-left:20px;--awb-margin-top-small:10px;--awb-margin-right-small:0px;--awb-margin-bottom-small:10px;--awb-margin-left-small:0px;--awb-font-size:24px;\"><h4 class=\"fusion-title-heading title-heading-left\" style=\"font-family:&quot;IBM Plex Sans Condensed&quot;;font-style:normal;font-weight:500;margin:0;font-size:1em;line-height:1.2;\"><a href=\"https:\/\/www.mundusmaris.org\/es\/los-mariscos-que-comemos\/inseparable-fish-sustainability-campaign-celebrates-event-in-athens\/\" class=\"awb-custom-text-color awb-custom-text-hover-color\" target=\"_self\">\u201cInseparable\u201d \u2013 Fish sustainability campaign celebrates event in Athens<\/a><\/h4><\/div><\/div><\/li>\n<li class=\"fusion-layout-column fusion_builder_column fusion-builder-column-226 fusion-flex-column post-card fusion-grid-column fusion-post-cards-grid-column\" style=\"--awb-bg-color:var(--awb-color1);--awb-bg-color-hover:var(--awb-color1);--awb-bg-blend:overlay;--awb-bg-size:cover;--awb-flex-grow:0;--awb-flex-shrink:0;--awb-flex-grow-medium:;--awb-flex-shrink-medium:;--awb-flex-grow-small:;--awb-flex-shrink-small:;\" data-scroll-devices=\"small-visibility,medium-visibility,large-visibility\"><div class=\"fusion-column-wrapper fusion-column-has-shadow fusion-flex-justify-content-space-around fusion-content-layout-column\"><div class=\"fusion-classic-product-image-wrapper fusion-woo-product-image fusion-post-card-image fusion-post-card-image-1 has-aspect-ratio\" data-layout=\"static\" style=\"--awb-aspect-ratio:3 \/ 2;\"><div  class=\"fusion-image-wrapper\" aria-haspopup=\"true\">\n\t\t\t\t\t\t\t<a href=\"https:\/\/www.mundusmaris.org\/es\/muestras\/mediterraneum-from-the-sea-to-the-stars\/\" aria-label=\"Mediterraneum: From the Sea to the Stars\">\n\t\t\t\t\t\t\t<img decoding=\"async\" width=\"800\" height=\"500\" src=\"https:\/\/www.mundusmaris.org\/wp-content\/uploads\/2024\/03\/Mediterraneum01_800x500.jpg\" class=\"attachment-full size-full wp-post-image\" alt=\"\" srcset=\"https:\/\/www.mundusmaris.org\/wp-content\/uploads\/2024\/03\/Mediterraneum01_800x500-200x125.jpg 200w, https:\/\/www.mundusmaris.org\/wp-content\/uploads\/2024\/03\/Mediterraneum01_800x500-400x250.jpg 400w, https:\/\/www.mundusmaris.org\/wp-content\/uploads\/2024\/03\/Mediterraneum01_800x500-600x375.jpg 600w, https:\/\/www.mundusmaris.org\/wp-content\/uploads\/2024\/03\/Mediterraneum01_800x500.jpg 800w\" sizes=\"(min-width: 2200px) 100vw, (min-width: 784px) 373px, (min-width: 712px) 560px, (min-width: 640px) 712px, \" \/>\t\t\t<\/a>\n\t\t\t\t\t\t\t<\/div>\n<\/div><div class=\"fusion-meta-tb fusion-meta-tb-225 floated\" style=\"--awb-border-top:0px;--awb-height:36px;--awb-alignment-medium:flex-start;--awb-alignment-small:flex-start;\"><span class=\"fusion-tb-published-date\">Published On: 15 de diciembre de 2013<\/span><span class=\"fusion-meta-tb-sep\"><\/span><\/div><div class=\"fusion-title title fusion-title-226 fusion-sep-none fusion-title-text fusion-title-size-four\" style=\"--awb-margin-top:20px;--awb-margin-right:20px;--awb-margin-bottom:20px;--awb-margin-left:20px;--awb-margin-top-small:10px;--awb-margin-right-small:0px;--awb-margin-bottom-small:10px;--awb-margin-left-small:0px;--awb-font-size:24px;\"><h4 class=\"fusion-title-heading title-heading-left\" style=\"font-family:&quot;IBM Plex Sans Condensed&quot;;font-style:normal;font-weight:500;margin:0;font-size:1em;line-height:1.2;\"><a href=\"https:\/\/www.mundusmaris.org\/es\/muestras\/mediterraneum-from-the-sea-to-the-stars\/\" class=\"awb-custom-text-color awb-custom-text-hover-color\" target=\"_self\">Mediterraneum: From the Sea to the Stars<\/a><\/h4><\/div><\/div><\/li>\n<li class=\"fusion-layout-column fusion_builder_column fusion-builder-column-227 fusion-flex-column post-card fusion-grid-column fusion-post-cards-grid-column\" style=\"--awb-bg-color:var(--awb-color1);--awb-bg-color-hover:var(--awb-color1);--awb-bg-blend:overlay;--awb-bg-size:cover;--awb-flex-grow:0;--awb-flex-shrink:0;--awb-flex-grow-medium:;--awb-flex-shrink-medium:;--awb-flex-grow-small:;--awb-flex-shrink-small:;\" data-scroll-devices=\"small-visibility,medium-visibility,large-visibility\"><div class=\"fusion-column-wrapper fusion-column-has-shadow fusion-flex-justify-content-space-around fusion-content-layout-column\"><div class=\"fusion-classic-product-image-wrapper fusion-woo-product-image fusion-post-card-image fusion-post-card-image-1 has-aspect-ratio\" data-layout=\"static\" style=\"--awb-aspect-ratio:3 \/ 2;\"><div  class=\"fusion-image-wrapper\" aria-haspopup=\"true\">\n\t\t\t\t\t\t\t<a href=\"https:\/\/www.mundusmaris.org\/es\/los-mariscos-que-comemos\/respect-for-minimum-fish-size-what-do-senegalese-fish-mongers-have-to-say\/\" aria-label=\"Respetar la talla m\u00ednima de los peces \u00bfQu\u00e9 dicen los comerciantes de pescado en el Senegal?\">\n\t\t\t\t\t\t\t<img decoding=\"async\" width=\"800\" height=\"500\" src=\"https:\/\/www.mundusmaris.org\/wp-content\/uploads\/2024\/04\/copertina_posts_senegalesefish.jpg\" class=\"attachment-full size-full wp-post-image\" alt=\"\" srcset=\"https:\/\/www.mundusmaris.org\/wp-content\/uploads\/2024\/04\/copertina_posts_senegalesefish-200x125.jpg 200w, https:\/\/www.mundusmaris.org\/wp-content\/uploads\/2024\/04\/copertina_posts_senegalesefish-400x250.jpg 400w, https:\/\/www.mundusmaris.org\/wp-content\/uploads\/2024\/04\/copertina_posts_senegalesefish-600x375.jpg 600w, https:\/\/www.mundusmaris.org\/wp-content\/uploads\/2024\/04\/copertina_posts_senegalesefish.jpg 800w\" sizes=\"(min-width: 2200px) 100vw, (min-width: 784px) 373px, (min-width: 712px) 560px, (min-width: 640px) 712px, \" \/>\t\t\t<\/a>\n\t\t\t\t\t\t\t<\/div>\n<\/div><div class=\"fusion-meta-tb fusion-meta-tb-226 floated\" style=\"--awb-border-top:0px;--awb-height:36px;--awb-alignment-medium:flex-start;--awb-alignment-small:flex-start;\"><span class=\"fusion-tb-published-date\">Published On: 30 de octubre de 2013<\/span><span class=\"fusion-meta-tb-sep\"><\/span><\/div><div class=\"fusion-title title fusion-title-227 fusion-sep-none fusion-title-text fusion-title-size-four\" style=\"--awb-margin-top:20px;--awb-margin-right:20px;--awb-margin-bottom:20px;--awb-margin-left:20px;--awb-margin-top-small:10px;--awb-margin-right-small:0px;--awb-margin-bottom-small:10px;--awb-margin-left-small:0px;--awb-font-size:24px;\"><h4 class=\"fusion-title-heading title-heading-left\" style=\"font-family:&quot;IBM Plex Sans Condensed&quot;;font-style:normal;font-weight:500;margin:0;font-size:1em;line-height:1.2;\"><a href=\"https:\/\/www.mundusmaris.org\/es\/los-mariscos-que-comemos\/respect-for-minimum-fish-size-what-do-senegalese-fish-mongers-have-to-say\/\" class=\"awb-custom-text-color awb-custom-text-hover-color\" target=\"_self\">Respetar la talla m\u00ednima de los peces \u00bfQu\u00e9 dicen los comerciantes de pescado en el Senegal?<\/a><\/h4><\/div><\/div><\/li>\n<li class=\"fusion-layout-column fusion_builder_column fusion-builder-column-228 fusion-flex-column post-card fusion-grid-column fusion-post-cards-grid-column\" style=\"--awb-bg-color:var(--awb-color1);--awb-bg-color-hover:var(--awb-color1);--awb-bg-blend:overlay;--awb-bg-size:cover;--awb-flex-grow:0;--awb-flex-shrink:0;--awb-flex-grow-medium:;--awb-flex-shrink-medium:;--awb-flex-grow-small:;--awb-flex-shrink-small:;\" data-scroll-devices=\"small-visibility,medium-visibility,large-visibility\"><div class=\"fusion-column-wrapper fusion-column-has-shadow fusion-flex-justify-content-space-around fusion-content-layout-column\"><div class=\"fusion-classic-product-image-wrapper fusion-woo-product-image fusion-post-card-image fusion-post-card-image-1 has-aspect-ratio\" data-layout=\"static\" style=\"--awb-aspect-ratio:3 \/ 2;\"><div  class=\"fusion-image-wrapper\" aria-haspopup=\"true\">\n\t\t\t\t\t\t\t<a href=\"https:\/\/www.mundusmaris.org\/es\/muestras\/fishlove-exhibition-brussels\/\" aria-label=\"Fishlove exhibition, Brussels\">\n\t\t\t\t\t\t\t<img decoding=\"async\" width=\"800\" height=\"500\" src=\"https:\/\/www.mundusmaris.org\/wp-content\/uploads\/2024\/03\/brusselsmain-800x500-1.jpg\" class=\"attachment-full size-full wp-post-image\" alt=\"\" srcset=\"https:\/\/www.mundusmaris.org\/wp-content\/uploads\/2024\/03\/brusselsmain-800x500-1-200x125.jpg 200w, https:\/\/www.mundusmaris.org\/wp-content\/uploads\/2024\/03\/brusselsmain-800x500-1-400x250.jpg 400w, https:\/\/www.mundusmaris.org\/wp-content\/uploads\/2024\/03\/brusselsmain-800x500-1-600x375.jpg 600w, https:\/\/www.mundusmaris.org\/wp-content\/uploads\/2024\/03\/brusselsmain-800x500-1.jpg 800w\" sizes=\"(min-width: 2200px) 100vw, (min-width: 784px) 373px, (min-width: 712px) 560px, (min-width: 640px) 712px, \" \/>\t\t\t<\/a>\n\t\t\t\t\t\t\t<\/div>\n<\/div><div class=\"fusion-meta-tb fusion-meta-tb-227 floated\" style=\"--awb-border-top:0px;--awb-height:36px;--awb-alignment-medium:flex-start;--awb-alignment-small:flex-start;\"><span class=\"fusion-tb-published-date\">Published On: 14 de octubre de 2013<\/span><span class=\"fusion-meta-tb-sep\"><\/span><\/div><div class=\"fusion-title title fusion-title-228 fusion-sep-none fusion-title-text fusion-title-size-four\" style=\"--awb-margin-top:20px;--awb-margin-right:20px;--awb-margin-bottom:20px;--awb-margin-left:20px;--awb-margin-top-small:10px;--awb-margin-right-small:0px;--awb-margin-bottom-small:10px;--awb-margin-left-small:0px;--awb-font-size:24px;\"><h4 class=\"fusion-title-heading title-heading-left\" style=\"font-family:&quot;IBM Plex Sans Condensed&quot;;font-style:normal;font-weight:500;margin:0;font-size:1em;line-height:1.2;\"><a href=\"https:\/\/www.mundusmaris.org\/es\/muestras\/fishlove-exhibition-brussels\/\" class=\"awb-custom-text-color awb-custom-text-hover-color\" target=\"_self\">Fishlove exhibition, Brussels<\/a><\/h4><\/div><\/div><\/li>\n<li class=\"fusion-layout-column fusion_builder_column fusion-builder-column-229 fusion-flex-column post-card fusion-grid-column fusion-post-cards-grid-column\" style=\"--awb-bg-color:var(--awb-color1);--awb-bg-color-hover:var(--awb-color1);--awb-bg-blend:overlay;--awb-bg-size:cover;--awb-flex-grow:0;--awb-flex-shrink:0;--awb-flex-grow-medium:;--awb-flex-shrink-medium:;--awb-flex-grow-small:;--awb-flex-shrink-small:;\" data-scroll-devices=\"small-visibility,medium-visibility,large-visibility\"><div class=\"fusion-column-wrapper fusion-column-has-shadow fusion-flex-justify-content-space-around fusion-content-layout-column\"><div class=\"fusion-classic-product-image-wrapper fusion-woo-product-image fusion-post-card-image fusion-post-card-image-1 has-aspect-ratio\" data-layout=\"static\" style=\"--awb-aspect-ratio:3 \/ 2;\"><div  class=\"fusion-image-wrapper\" aria-haspopup=\"true\">\n\t\t\t\t\t\t\t<a href=\"https:\/\/www.mundusmaris.org\/es\/libros\/sarah-keene-meltzoff-2013-listening-to-sea-lions\/\" aria-label=\"Sarah Keene Meltzoff, 2013. Listening to Sea Lions\">\n\t\t\t\t\t\t\t<img decoding=\"async\" width=\"500\" height=\"322\" src=\"https:\/\/www.mundusmaris.org\/wp-content\/uploads\/2024\/09\/Meltzoff00.jpg\" class=\"attachment-full size-full wp-post-image\" alt=\"\" srcset=\"https:\/\/www.mundusmaris.org\/wp-content\/uploads\/2024\/09\/Meltzoff00-200x129.jpg 200w, https:\/\/www.mundusmaris.org\/wp-content\/uploads\/2024\/09\/Meltzoff00-400x258.jpg 400w, https:\/\/www.mundusmaris.org\/wp-content\/uploads\/2024\/09\/Meltzoff00.jpg 500w\" sizes=\"(min-width: 2200px) 100vw, (min-width: 784px) 373px, (min-width: 712px) 560px, (min-width: 640px) 712px, \" \/>\t\t\t<\/a>\n\t\t\t\t\t\t\t<\/div>\n<\/div><div class=\"fusion-meta-tb fusion-meta-tb-228 floated\" style=\"--awb-border-top:0px;--awb-height:36px;--awb-alignment-medium:flex-start;--awb-alignment-small:flex-start;\"><span class=\"fusion-tb-published-date\">Published On: 1 de septiembre de 2013<\/span><span class=\"fusion-meta-tb-sep\"><\/span><\/div><div class=\"fusion-title title fusion-title-229 fusion-sep-none fusion-title-text fusion-title-size-four\" style=\"--awb-margin-top:20px;--awb-margin-right:20px;--awb-margin-bottom:20px;--awb-margin-left:20px;--awb-margin-top-small:10px;--awb-margin-right-small:0px;--awb-margin-bottom-small:10px;--awb-margin-left-small:0px;--awb-font-size:24px;\"><h4 class=\"fusion-title-heading title-heading-left\" style=\"font-family:&quot;IBM Plex Sans Condensed&quot;;font-style:normal;font-weight:500;margin:0;font-size:1em;line-height:1.2;\"><a href=\"https:\/\/www.mundusmaris.org\/es\/libros\/sarah-keene-meltzoff-2013-listening-to-sea-lions\/\" class=\"awb-custom-text-color awb-custom-text-hover-color\" target=\"_self\">Sarah Keene Meltzoff, 2013. Listening to Sea Lions<\/a><\/h4><\/div><\/div><\/li>\n<li class=\"fusion-layout-column fusion_builder_column fusion-builder-column-230 fusion-flex-column post-card fusion-grid-column fusion-post-cards-grid-column\" style=\"--awb-bg-color:var(--awb-color1);--awb-bg-color-hover:var(--awb-color1);--awb-bg-blend:overlay;--awb-bg-size:cover;--awb-flex-grow:0;--awb-flex-shrink:0;--awb-flex-grow-medium:;--awb-flex-shrink-medium:;--awb-flex-grow-small:;--awb-flex-shrink-small:;\" data-scroll-devices=\"small-visibility,medium-visibility,large-visibility\"><div class=\"fusion-column-wrapper fusion-column-has-shadow fusion-flex-justify-content-space-around fusion-content-layout-column\"><div class=\"fusion-classic-product-image-wrapper fusion-woo-product-image fusion-post-card-image fusion-post-card-image-1 has-aspect-ratio\" data-layout=\"static\" style=\"--awb-aspect-ratio:3 \/ 2;\"><div  class=\"fusion-image-wrapper\" aria-haspopup=\"true\">\n\t\t\t\t\t\t\t<a href=\"https:\/\/www.mundusmaris.org\/es\/muestras\/world-day-for-cultural-diversity-2013-celebrated-in-louvain\/\" aria-label=\"World Day for Cultural Diversity 2013 celebrated in Louvain\">\n\t\t\t\t\t\t\t<img decoding=\"async\" width=\"800\" height=\"500\" src=\"https:\/\/www.mundusmaris.org\/wp-content\/uploads\/2024\/03\/GretaPintelon_copertina.jpg\" class=\"attachment-full size-full wp-post-image\" alt=\"\" srcset=\"https:\/\/www.mundusmaris.org\/wp-content\/uploads\/2024\/03\/GretaPintelon_copertina-200x125.jpg 200w, https:\/\/www.mundusmaris.org\/wp-content\/uploads\/2024\/03\/GretaPintelon_copertina-400x250.jpg 400w, https:\/\/www.mundusmaris.org\/wp-content\/uploads\/2024\/03\/GretaPintelon_copertina-600x375.jpg 600w, https:\/\/www.mundusmaris.org\/wp-content\/uploads\/2024\/03\/GretaPintelon_copertina.jpg 800w\" sizes=\"(min-width: 2200px) 100vw, (min-width: 784px) 373px, (min-width: 712px) 560px, (min-width: 640px) 712px, \" \/>\t\t\t<\/a>\n\t\t\t\t\t\t\t<\/div>\n<\/div><div class=\"fusion-meta-tb fusion-meta-tb-229 floated\" style=\"--awb-border-top:0px;--awb-height:36px;--awb-alignment-medium:flex-start;--awb-alignment-small:flex-start;\"><span class=\"fusion-tb-published-date\">Published On: 20 de mayo de 2013<\/span><span class=\"fusion-meta-tb-sep\"><\/span><\/div><div class=\"fusion-title title fusion-title-230 fusion-sep-none fusion-title-text fusion-title-size-four\" style=\"--awb-margin-top:20px;--awb-margin-right:20px;--awb-margin-bottom:20px;--awb-margin-left:20px;--awb-margin-top-small:10px;--awb-margin-right-small:0px;--awb-margin-bottom-small:10px;--awb-margin-left-small:0px;--awb-font-size:24px;\"><h4 class=\"fusion-title-heading title-heading-left\" style=\"font-family:&quot;IBM Plex Sans Condensed&quot;;font-style:normal;font-weight:500;margin:0;font-size:1em;line-height:1.2;\"><a href=\"https:\/\/www.mundusmaris.org\/es\/muestras\/world-day-for-cultural-diversity-2013-celebrated-in-louvain\/\" class=\"awb-custom-text-color awb-custom-text-hover-color\" target=\"_self\">World Day for Cultural Diversity 2013 celebrated in Louvain<\/a><\/h4><\/div><\/div><\/li>\n<li class=\"fusion-layout-column fusion_builder_column fusion-builder-column-231 fusion-flex-column post-card fusion-grid-column fusion-post-cards-grid-column\" style=\"--awb-bg-color:var(--awb-color1);--awb-bg-color-hover:var(--awb-color1);--awb-bg-blend:overlay;--awb-bg-size:cover;--awb-flex-grow:0;--awb-flex-shrink:0;--awb-flex-grow-medium:;--awb-flex-shrink-medium:;--awb-flex-grow-small:;--awb-flex-shrink-small:;\" data-scroll-devices=\"small-visibility,medium-visibility,large-visibility\"><div class=\"fusion-column-wrapper fusion-column-has-shadow fusion-flex-justify-content-space-around fusion-content-layout-column\"><div class=\"fusion-classic-product-image-wrapper fusion-woo-product-image fusion-post-card-image fusion-post-card-image-1 has-aspect-ratio\" data-layout=\"static\" style=\"--awb-aspect-ratio:3 \/ 2;\"><div  class=\"fusion-image-wrapper\" aria-haspopup=\"true\">\n\t\t\t\t\t\t\t<a href=\"https:\/\/www.mundusmaris.org\/es\/los-mariscos-que-comemos\/the-mundus-maris-campaign-in-the-urban-markets-in-dakar\/\" aria-label=\"The Mundus maris campaign in the urban markets in Dakar\">\n\t\t\t\t\t\t\t<img decoding=\"async\" width=\"800\" height=\"500\" src=\"https:\/\/www.mundusmaris.org\/wp-content\/uploads\/2024\/04\/copertina_posts_campaign.jpg\" class=\"attachment-full size-full wp-post-image\" alt=\"\" srcset=\"https:\/\/www.mundusmaris.org\/wp-content\/uploads\/2024\/04\/copertina_posts_campaign-200x125.jpg 200w, https:\/\/www.mundusmaris.org\/wp-content\/uploads\/2024\/04\/copertina_posts_campaign-400x250.jpg 400w, https:\/\/www.mundusmaris.org\/wp-content\/uploads\/2024\/04\/copertina_posts_campaign-600x375.jpg 600w, https:\/\/www.mundusmaris.org\/wp-content\/uploads\/2024\/04\/copertina_posts_campaign.jpg 800w\" sizes=\"(min-width: 2200px) 100vw, (min-width: 784px) 373px, (min-width: 712px) 560px, (min-width: 640px) 712px, \" \/>\t\t\t<\/a>\n\t\t\t\t\t\t\t<\/div>\n<\/div><div class=\"fusion-meta-tb fusion-meta-tb-230 floated\" style=\"--awb-border-top:0px;--awb-height:36px;--awb-alignment-medium:flex-start;--awb-alignment-small:flex-start;\"><span class=\"fusion-tb-published-date\">Published On: 28 de febrero de 2013<\/span><span class=\"fusion-meta-tb-sep\"><\/span><\/div><div class=\"fusion-title title fusion-title-231 fusion-sep-none fusion-title-text fusion-title-size-four\" style=\"--awb-margin-top:20px;--awb-margin-right:20px;--awb-margin-bottom:20px;--awb-margin-left:20px;--awb-margin-top-small:10px;--awb-margin-right-small:0px;--awb-margin-bottom-small:10px;--awb-margin-left-small:0px;--awb-font-size:24px;\"><h4 class=\"fusion-title-heading title-heading-left\" style=\"font-family:&quot;IBM Plex Sans Condensed&quot;;font-style:normal;font-weight:500;margin:0;font-size:1em;line-height:1.2;\"><a href=\"https:\/\/www.mundusmaris.org\/es\/los-mariscos-que-comemos\/the-mundus-maris-campaign-in-the-urban-markets-in-dakar\/\" class=\"awb-custom-text-color awb-custom-text-hover-color\" target=\"_self\">The Mundus maris campaign in the urban markets in Dakar<\/a><\/h4><\/div><\/div><\/li>\n<li class=\"fusion-layout-column fusion_builder_column fusion-builder-column-232 fusion-flex-column post-card fusion-grid-column fusion-post-cards-grid-column\" style=\"--awb-bg-color:var(--awb-color1);--awb-bg-color-hover:var(--awb-color1);--awb-bg-blend:overlay;--awb-bg-size:cover;--awb-flex-grow:0;--awb-flex-shrink:0;--awb-flex-grow-medium:;--awb-flex-shrink-medium:;--awb-flex-grow-small:;--awb-flex-shrink-small:;\" data-scroll-devices=\"small-visibility,medium-visibility,large-visibility\"><div class=\"fusion-column-wrapper fusion-column-has-shadow fusion-flex-justify-content-space-around fusion-content-layout-column\"><div class=\"fusion-classic-product-image-wrapper fusion-woo-product-image fusion-post-card-image fusion-post-card-image-1 has-aspect-ratio\" data-layout=\"static\" style=\"--awb-aspect-ratio:3 \/ 2;\"><div  class=\"fusion-image-wrapper\" aria-haspopup=\"true\">\n\t\t\t\t\t\t\t<a href=\"https:\/\/www.mundusmaris.org\/es\/los-mariscos-que-comemos\/lets-save-the-oceans-cercle-europa-invites\/\" aria-label=\"Let&#8217;s save the Oceans! &#8211; Cercle Europa invites\">\n\t\t\t\t\t\t\t<img decoding=\"async\" width=\"800\" height=\"500\" src=\"https:\/\/www.mundusmaris.org\/wp-content\/uploads\/2024\/04\/copertina_posts_cercle.jpg\" class=\"attachment-full size-full wp-post-image\" alt=\"\" srcset=\"https:\/\/www.mundusmaris.org\/wp-content\/uploads\/2024\/04\/copertina_posts_cercle-200x125.jpg 200w, https:\/\/www.mundusmaris.org\/wp-content\/uploads\/2024\/04\/copertina_posts_cercle-400x250.jpg 400w, https:\/\/www.mundusmaris.org\/wp-content\/uploads\/2024\/04\/copertina_posts_cercle-600x375.jpg 600w, https:\/\/www.mundusmaris.org\/wp-content\/uploads\/2024\/04\/copertina_posts_cercle.jpg 800w\" sizes=\"(min-width: 2200px) 100vw, (min-width: 784px) 373px, (min-width: 712px) 560px, (min-width: 640px) 712px, \" \/>\t\t\t<\/a>\n\t\t\t\t\t\t\t<\/div>\n<\/div><div class=\"fusion-meta-tb fusion-meta-tb-231 floated\" style=\"--awb-border-top:0px;--awb-height:36px;--awb-alignment-medium:flex-start;--awb-alignment-small:flex-start;\"><span class=\"fusion-tb-published-date\">Published On: 25 de enero de 2013<\/span><span class=\"fusion-meta-tb-sep\"><\/span><\/div><div class=\"fusion-title title fusion-title-232 fusion-sep-none fusion-title-text fusion-title-size-four\" style=\"--awb-margin-top:20px;--awb-margin-right:20px;--awb-margin-bottom:20px;--awb-margin-left:20px;--awb-margin-top-small:10px;--awb-margin-right-small:0px;--awb-margin-bottom-small:10px;--awb-margin-left-small:0px;--awb-font-size:24px;\"><h4 class=\"fusion-title-heading title-heading-left\" style=\"font-family:&quot;IBM Plex Sans Condensed&quot;;font-style:normal;font-weight:500;margin:0;font-size:1em;line-height:1.2;\"><a href=\"https:\/\/www.mundusmaris.org\/es\/los-mariscos-que-comemos\/lets-save-the-oceans-cercle-europa-invites\/\" class=\"awb-custom-text-color awb-custom-text-hover-color\" target=\"_self\">Let&#8217;s save the Oceans! &#8211; Cercle Europa invites<\/a><\/h4><\/div><\/div><\/li>\n<li class=\"fusion-layout-column fusion_builder_column fusion-builder-column-233 fusion-flex-column post-card fusion-grid-column fusion-post-cards-grid-column\" style=\"--awb-bg-color:var(--awb-color1);--awb-bg-color-hover:var(--awb-color1);--awb-bg-blend:overlay;--awb-bg-size:cover;--awb-flex-grow:0;--awb-flex-shrink:0;--awb-flex-grow-medium:;--awb-flex-shrink-medium:;--awb-flex-grow-small:;--awb-flex-shrink-small:;\" data-scroll-devices=\"small-visibility,medium-visibility,large-visibility\"><div class=\"fusion-column-wrapper fusion-column-has-shadow fusion-flex-justify-content-space-around fusion-content-layout-column\"><div class=\"fusion-classic-product-image-wrapper fusion-woo-product-image fusion-post-card-image fusion-post-card-image-1 has-aspect-ratio\" data-layout=\"static\" style=\"--awb-aspect-ratio:3 \/ 2;\"><div  class=\"fusion-image-wrapper\" aria-haspopup=\"true\">\n\t\t\t\t\t\t\t<a href=\"https:\/\/www.mundusmaris.org\/es\/los-mariscos-que-comemos\/international-study-group-brussels-save-the-seas\/\" aria-label=\"International Study Group Brussels: Save the Seas!\">\n\t\t\t\t\t\t\t<img decoding=\"async\" width=\"800\" height=\"500\" src=\"https:\/\/www.mundusmaris.org\/wp-content\/uploads\/2024\/04\/copertina_posts_international.jpg\" class=\"attachment-full size-full wp-post-image\" alt=\"\" srcset=\"https:\/\/www.mundusmaris.org\/wp-content\/uploads\/2024\/04\/copertina_posts_international-200x125.jpg 200w, https:\/\/www.mundusmaris.org\/wp-content\/uploads\/2024\/04\/copertina_posts_international-400x250.jpg 400w, https:\/\/www.mundusmaris.org\/wp-content\/uploads\/2024\/04\/copertina_posts_international-600x375.jpg 600w, https:\/\/www.mundusmaris.org\/wp-content\/uploads\/2024\/04\/copertina_posts_international.jpg 800w\" sizes=\"(min-width: 2200px) 100vw, (min-width: 784px) 373px, (min-width: 712px) 560px, (min-width: 640px) 712px, \" \/>\t\t\t<\/a>\n\t\t\t\t\t\t\t<\/div>\n<\/div><div class=\"fusion-meta-tb fusion-meta-tb-232 floated\" style=\"--awb-border-top:0px;--awb-height:36px;--awb-alignment-medium:flex-start;--awb-alignment-small:flex-start;\"><span class=\"fusion-tb-published-date\">Published On: 15 de noviembre de 2012<\/span><span class=\"fusion-meta-tb-sep\"><\/span><\/div><div class=\"fusion-title title fusion-title-233 fusion-sep-none fusion-title-text fusion-title-size-four\" style=\"--awb-margin-top:20px;--awb-margin-right:20px;--awb-margin-bottom:20px;--awb-margin-left:20px;--awb-margin-top-small:10px;--awb-margin-right-small:0px;--awb-margin-bottom-small:10px;--awb-margin-left-small:0px;--awb-font-size:24px;\"><h4 class=\"fusion-title-heading title-heading-left\" style=\"font-family:&quot;IBM Plex Sans Condensed&quot;;font-style:normal;font-weight:500;margin:0;font-size:1em;line-height:1.2;\"><a href=\"https:\/\/www.mundusmaris.org\/es\/los-mariscos-que-comemos\/international-study-group-brussels-save-the-seas\/\" class=\"awb-custom-text-color awb-custom-text-hover-color\" target=\"_self\">International Study Group Brussels: Save the Seas!<\/a><\/h4><\/div><\/div><\/li>\n<li class=\"fusion-layout-column fusion_builder_column fusion-builder-column-234 fusion-flex-column post-card fusion-grid-column fusion-post-cards-grid-column\" style=\"--awb-bg-color:var(--awb-color1);--awb-bg-color-hover:var(--awb-color1);--awb-bg-blend:overlay;--awb-bg-size:cover;--awb-flex-grow:0;--awb-flex-shrink:0;--awb-flex-grow-medium:;--awb-flex-shrink-medium:;--awb-flex-grow-small:;--awb-flex-shrink-small:;\" data-scroll-devices=\"small-visibility,medium-visibility,large-visibility\"><div class=\"fusion-column-wrapper fusion-column-has-shadow fusion-flex-justify-content-space-around fusion-content-layout-column\"><div class=\"fusion-classic-product-image-wrapper fusion-woo-product-image fusion-post-card-image fusion-post-card-image-1 has-aspect-ratio\" data-layout=\"static\" style=\"--awb-aspect-ratio:3 \/ 2;\"><div  class=\"fusion-image-wrapper\" aria-haspopup=\"true\">\n\t\t\t\t\t\t\t<a href=\"https:\/\/www.mundusmaris.org\/es\/libros\/tonnare-indietro-nel-tempo-italian\/\" aria-label=\"Tonnare indietro nel tempo (italian)\">\n\t\t\t\t\t\t\t<img decoding=\"async\" width=\"300\" height=\"469\" src=\"https:\/\/www.mundusmaris.org\/wp-content\/uploads\/2012\/09\/tonnare-1.jpg\" class=\"attachment-full size-full wp-post-image\" alt=\"\" srcset=\"https:\/\/www.mundusmaris.org\/wp-content\/uploads\/2012\/09\/tonnare-1-200x313.jpg 200w, https:\/\/www.mundusmaris.org\/wp-content\/uploads\/2012\/09\/tonnare-1.jpg 300w\" sizes=\"(min-width: 2200px) 100vw, (min-width: 784px) 373px, (min-width: 712px) 560px, (min-width: 640px) 712px, \" \/>\t\t\t<\/a>\n\t\t\t\t\t\t\t<\/div>\n<\/div><div class=\"fusion-meta-tb fusion-meta-tb-233 floated\" style=\"--awb-border-top:0px;--awb-height:36px;--awb-alignment-medium:flex-start;--awb-alignment-small:flex-start;\"><span class=\"fusion-tb-published-date\">Published On: 26 de septiembre de 2012<\/span><span class=\"fusion-meta-tb-sep\"><\/span><\/div><div class=\"fusion-title title fusion-title-234 fusion-sep-none fusion-title-text fusion-title-size-four\" style=\"--awb-margin-top:20px;--awb-margin-right:20px;--awb-margin-bottom:20px;--awb-margin-left:20px;--awb-margin-top-small:10px;--awb-margin-right-small:0px;--awb-margin-bottom-small:10px;--awb-margin-left-small:0px;--awb-font-size:24px;\"><h4 class=\"fusion-title-heading title-heading-left\" style=\"font-family:&quot;IBM Plex Sans Condensed&quot;;font-style:normal;font-weight:500;margin:0;font-size:1em;line-height:1.2;\"><a href=\"https:\/\/www.mundusmaris.org\/es\/libros\/tonnare-indietro-nel-tempo-italian\/\" class=\"awb-custom-text-color awb-custom-text-hover-color\" target=\"_self\">Tonnare indietro nel tempo (italian)<\/a><\/h4><\/div><\/div><\/li>\n<li class=\"fusion-layout-column fusion_builder_column fusion-builder-column-235 fusion-flex-column post-card fusion-grid-column fusion-post-cards-grid-column\" style=\"--awb-bg-color:var(--awb-color1);--awb-bg-color-hover:var(--awb-color1);--awb-bg-blend:overlay;--awb-bg-size:cover;--awb-flex-grow:0;--awb-flex-shrink:0;--awb-flex-grow-medium:;--awb-flex-shrink-medium:;--awb-flex-grow-small:;--awb-flex-shrink-small:;\" data-scroll-devices=\"small-visibility,medium-visibility,large-visibility\"><div class=\"fusion-column-wrapper fusion-column-has-shadow fusion-flex-justify-content-space-around fusion-content-layout-column\"><div class=\"fusion-classic-product-image-wrapper fusion-woo-product-image fusion-post-card-image fusion-post-card-image-1 has-aspect-ratio\" data-layout=\"static\" style=\"--awb-aspect-ratio:3 \/ 2;\"><div  class=\"fusion-image-wrapper\" aria-haspopup=\"true\">\n\t\t\t\t\t\t\t<a href=\"https:\/\/www.mundusmaris.org\/es\/muestras\/festival-memory-of-the-penc-and-villages-in-dakar\/\" aria-label=\"Festival \u00abMemory of the Penc and villages in Dakar\u00bb\">\n\t\t\t\t\t\t\t<img decoding=\"async\" width=\"800\" height=\"500\" src=\"https:\/\/www.mundusmaris.org\/wp-content\/uploads\/2024\/03\/Thia_Consensus_copertina.jpg\" class=\"attachment-full size-full wp-post-image\" alt=\"\" srcset=\"https:\/\/www.mundusmaris.org\/wp-content\/uploads\/2024\/03\/Thia_Consensus_copertina-200x125.jpg 200w, https:\/\/www.mundusmaris.org\/wp-content\/uploads\/2024\/03\/Thia_Consensus_copertina-400x250.jpg 400w, https:\/\/www.mundusmaris.org\/wp-content\/uploads\/2024\/03\/Thia_Consensus_copertina-600x375.jpg 600w, https:\/\/www.mundusmaris.org\/wp-content\/uploads\/2024\/03\/Thia_Consensus_copertina.jpg 800w\" sizes=\"(min-width: 2200px) 100vw, (min-width: 784px) 373px, (min-width: 712px) 560px, (min-width: 640px) 712px, \" \/>\t\t\t<\/a>\n\t\t\t\t\t\t\t<\/div>\n<\/div><div class=\"fusion-meta-tb fusion-meta-tb-234 floated\" style=\"--awb-border-top:0px;--awb-height:36px;--awb-alignment-medium:flex-start;--awb-alignment-small:flex-start;\"><span class=\"fusion-tb-published-date\">Published On: 20 de julio de 2012<\/span><span class=\"fusion-meta-tb-sep\"><\/span><\/div><div class=\"fusion-title title fusion-title-235 fusion-sep-none fusion-title-text fusion-title-size-four\" style=\"--awb-margin-top:20px;--awb-margin-right:20px;--awb-margin-bottom:20px;--awb-margin-left:20px;--awb-margin-top-small:10px;--awb-margin-right-small:0px;--awb-margin-bottom-small:10px;--awb-margin-left-small:0px;--awb-font-size:24px;\"><h4 class=\"fusion-title-heading title-heading-left\" style=\"font-family:&quot;IBM Plex Sans Condensed&quot;;font-style:normal;font-weight:500;margin:0;font-size:1em;line-height:1.2;\"><a href=\"https:\/\/www.mundusmaris.org\/es\/muestras\/festival-memory-of-the-penc-and-villages-in-dakar\/\" class=\"awb-custom-text-color awb-custom-text-hover-color\" target=\"_self\">Festival \u00abMemory of the Penc and villages in Dakar\u00bb<\/a><\/h4><\/div><\/div><\/li>\n<li class=\"fusion-layout-column fusion_builder_column fusion-builder-column-236 fusion-flex-column post-card fusion-grid-column fusion-post-cards-grid-column\" style=\"--awb-bg-color:var(--awb-color1);--awb-bg-color-hover:var(--awb-color1);--awb-bg-blend:overlay;--awb-bg-size:cover;--awb-flex-grow:0;--awb-flex-shrink:0;--awb-flex-grow-medium:;--awb-flex-shrink-medium:;--awb-flex-grow-small:;--awb-flex-shrink-small:;\" data-scroll-devices=\"small-visibility,medium-visibility,large-visibility\"><div class=\"fusion-column-wrapper fusion-column-has-shadow fusion-flex-justify-content-space-around fusion-content-layout-column\"><div class=\"fusion-classic-product-image-wrapper fusion-woo-product-image fusion-post-card-image fusion-post-card-image-1 has-aspect-ratio\" data-layout=\"static\" style=\"--awb-aspect-ratio:3 \/ 2;\"><div  class=\"fusion-image-wrapper\" aria-haspopup=\"true\">\n\t\t\t\t\t\t\t<a href=\"https:\/\/www.mundusmaris.org\/es\/libros\/5-easy-pieces-by-daniel-pauly\/\" aria-label=\"5 Easy Pieces by Daniel Pauly\">\n\t\t\t\t\t\t\t<img decoding=\"async\" width=\"300\" height=\"300\" src=\"https:\/\/www.mundusmaris.org\/wp-content\/uploads\/2011\/08\/5easypieces.jpg\" class=\"attachment-full size-full wp-post-image\" alt=\"\" srcset=\"https:\/\/www.mundusmaris.org\/wp-content\/uploads\/2011\/08\/5easypieces-200x200.jpg 200w, https:\/\/www.mundusmaris.org\/wp-content\/uploads\/2011\/08\/5easypieces.jpg 300w\" sizes=\"(min-width: 2200px) 100vw, (min-width: 784px) 373px, (min-width: 712px) 560px, (min-width: 640px) 712px, \" \/>\t\t\t<\/a>\n\t\t\t\t\t\t\t<\/div>\n<\/div><div class=\"fusion-meta-tb fusion-meta-tb-235 floated\" style=\"--awb-border-top:0px;--awb-height:36px;--awb-alignment-medium:flex-start;--awb-alignment-small:flex-start;\"><span class=\"fusion-tb-published-date\">Published On: 18 de agosto de 2011<\/span><span class=\"fusion-meta-tb-sep\"><\/span><\/div><div class=\"fusion-title title fusion-title-236 fusion-sep-none fusion-title-text fusion-title-size-four\" style=\"--awb-margin-top:20px;--awb-margin-right:20px;--awb-margin-bottom:20px;--awb-margin-left:20px;--awb-margin-top-small:10px;--awb-margin-right-small:0px;--awb-margin-bottom-small:10px;--awb-margin-left-small:0px;--awb-font-size:24px;\"><h4 class=\"fusion-title-heading title-heading-left\" style=\"font-family:&quot;IBM Plex Sans Condensed&quot;;font-style:normal;font-weight:500;margin:0;font-size:1em;line-height:1.2;\"><a href=\"https:\/\/www.mundusmaris.org\/es\/libros\/5-easy-pieces-by-daniel-pauly\/\" class=\"awb-custom-text-color awb-custom-text-hover-color\" target=\"_self\">5 Easy Pieces by Daniel Pauly<\/a><\/h4><\/div><\/div><\/li>\n<li class=\"fusion-layout-column fusion_builder_column fusion-builder-column-237 fusion-flex-column post-card fusion-grid-column fusion-post-cards-grid-column\" style=\"--awb-bg-color:var(--awb-color1);--awb-bg-color-hover:var(--awb-color1);--awb-bg-blend:overlay;--awb-bg-size:cover;--awb-flex-grow:0;--awb-flex-shrink:0;--awb-flex-grow-medium:;--awb-flex-shrink-medium:;--awb-flex-grow-small:;--awb-flex-shrink-small:;\" data-scroll-devices=\"small-visibility,medium-visibility,large-visibility\"><div class=\"fusion-column-wrapper fusion-column-has-shadow fusion-flex-justify-content-space-around fusion-content-layout-column\"><div class=\"fusion-classic-product-image-wrapper fusion-woo-product-image fusion-post-card-image fusion-post-card-image-1 has-aspect-ratio\" data-layout=\"static\" style=\"--awb-aspect-ratio:3 \/ 2;\"><div  class=\"fusion-image-wrapper\" aria-haspopup=\"true\">\n\t\t\t\t\t\t\t<a href=\"https:\/\/www.mundusmaris.org\/es\/los-mariscos-que-comemos\/mercado-san-miguel-in-central-madrid\/\" aria-label=\"Mercado San Miguel in Central Madrid\">\n\t\t\t\t\t\t\t<img decoding=\"async\" width=\"800\" height=\"500\" src=\"https:\/\/www.mundusmaris.org\/wp-content\/uploads\/2024\/04\/copertina_posts_miguelmercado.jpg\" class=\"attachment-full size-full wp-post-image\" alt=\"\" srcset=\"https:\/\/www.mundusmaris.org\/wp-content\/uploads\/2024\/04\/copertina_posts_miguelmercado-200x125.jpg 200w, https:\/\/www.mundusmaris.org\/wp-content\/uploads\/2024\/04\/copertina_posts_miguelmercado-400x250.jpg 400w, https:\/\/www.mundusmaris.org\/wp-content\/uploads\/2024\/04\/copertina_posts_miguelmercado-600x375.jpg 600w, https:\/\/www.mundusmaris.org\/wp-content\/uploads\/2024\/04\/copertina_posts_miguelmercado.jpg 800w\" sizes=\"(min-width: 2200px) 100vw, (min-width: 784px) 373px, (min-width: 712px) 560px, (min-width: 640px) 712px, \" \/>\t\t\t<\/a>\n\t\t\t\t\t\t\t<\/div>\n<\/div><div class=\"fusion-meta-tb fusion-meta-tb-236 floated\" style=\"--awb-border-top:0px;--awb-height:36px;--awb-alignment-medium:flex-start;--awb-alignment-small:flex-start;\"><span class=\"fusion-tb-published-date\">Published On: 30 de mayo de 2010<\/span><span class=\"fusion-meta-tb-sep\"><\/span><\/div><div class=\"fusion-title title fusion-title-237 fusion-sep-none fusion-title-text fusion-title-size-four\" style=\"--awb-margin-top:20px;--awb-margin-right:20px;--awb-margin-bottom:20px;--awb-margin-left:20px;--awb-margin-top-small:10px;--awb-margin-right-small:0px;--awb-margin-bottom-small:10px;--awb-margin-left-small:0px;--awb-font-size:24px;\"><h4 class=\"fusion-title-heading title-heading-left\" style=\"font-family:&quot;IBM Plex Sans Condensed&quot;;font-style:normal;font-weight:500;margin:0;font-size:1em;line-height:1.2;\"><a href=\"https:\/\/www.mundusmaris.org\/es\/los-mariscos-que-comemos\/mercado-san-miguel-in-central-madrid\/\" class=\"awb-custom-text-color awb-custom-text-hover-color\" target=\"_self\">Mercado San Miguel in Central Madrid<\/a><\/h4><\/div><\/div><\/li>\n<li class=\"fusion-layout-column fusion_builder_column fusion-builder-column-238 fusion-flex-column post-card fusion-grid-column fusion-post-cards-grid-column\" style=\"--awb-bg-color:var(--awb-color1);--awb-bg-color-hover:var(--awb-color1);--awb-bg-blend:overlay;--awb-bg-size:cover;--awb-flex-grow:0;--awb-flex-shrink:0;--awb-flex-grow-medium:;--awb-flex-shrink-medium:;--awb-flex-grow-small:;--awb-flex-shrink-small:;\" data-scroll-devices=\"small-visibility,medium-visibility,large-visibility\"><div class=\"fusion-column-wrapper fusion-column-has-shadow fusion-flex-justify-content-space-around fusion-content-layout-column\"><div class=\"fusion-classic-product-image-wrapper fusion-woo-product-image fusion-post-card-image fusion-post-card-image-1 has-aspect-ratio\" data-layout=\"static\" style=\"--awb-aspect-ratio:3 \/ 2;\"><div  class=\"fusion-image-wrapper\" aria-haspopup=\"true\">\n\t\t\t\t\t\t\t<a href=\"https:\/\/www.mundusmaris.org\/es\/muestras\/darwins-200th-anniversary\/\" aria-label=\"Darwin&#8217;s 200th Anniversary\">\n\t\t\t\t\t\t\t<img decoding=\"async\" width=\"800\" height=\"500\" src=\"https:\/\/www.mundusmaris.org\/wp-content\/uploads\/2024\/03\/darwon_copertina.jpg\" class=\"attachment-full size-full wp-post-image\" alt=\"\" srcset=\"https:\/\/www.mundusmaris.org\/wp-content\/uploads\/2024\/03\/darwon_copertina-200x125.jpg 200w, https:\/\/www.mundusmaris.org\/wp-content\/uploads\/2024\/03\/darwon_copertina-400x250.jpg 400w, https:\/\/www.mundusmaris.org\/wp-content\/uploads\/2024\/03\/darwon_copertina-600x375.jpg 600w, https:\/\/www.mundusmaris.org\/wp-content\/uploads\/2024\/03\/darwon_copertina.jpg 800w\" sizes=\"(min-width: 2200px) 100vw, (min-width: 784px) 373px, (min-width: 712px) 560px, (min-width: 640px) 712px, \" \/>\t\t\t<\/a>\n\t\t\t\t\t\t\t<\/div>\n<\/div><div class=\"fusion-meta-tb fusion-meta-tb-237 floated\" style=\"--awb-border-top:0px;--awb-height:36px;--awb-alignment-medium:flex-start;--awb-alignment-small:flex-start;\"><span class=\"fusion-tb-published-date\">Published On: 20 de mayo de 2009<\/span><span class=\"fusion-meta-tb-sep\"><\/span><\/div><div class=\"fusion-title title fusion-title-238 fusion-sep-none fusion-title-text fusion-title-size-four\" style=\"--awb-margin-top:20px;--awb-margin-right:20px;--awb-margin-bottom:20px;--awb-margin-left:20px;--awb-margin-top-small:10px;--awb-margin-right-small:0px;--awb-margin-bottom-small:10px;--awb-margin-left-small:0px;--awb-font-size:24px;\"><h4 class=\"fusion-title-heading title-heading-left\" style=\"font-family:&quot;IBM Plex Sans Condensed&quot;;font-style:normal;font-weight:500;margin:0;font-size:1em;line-height:1.2;\"><a href=\"https:\/\/www.mundusmaris.org\/es\/muestras\/darwins-200th-anniversary\/\" class=\"awb-custom-text-color awb-custom-text-hover-color\" target=\"_self\">Darwin&#8217;s 200th Anniversary<\/a><\/h4><\/div><\/div><\/li>\n<li class=\"fusion-layout-column fusion_builder_column fusion-builder-column-239 fusion-flex-column post-card fusion-grid-column fusion-post-cards-grid-column\" style=\"--awb-bg-color:var(--awb-color1);--awb-bg-color-hover:var(--awb-color1);--awb-bg-blend:overlay;--awb-bg-size:cover;--awb-flex-grow:0;--awb-flex-shrink:0;--awb-flex-grow-medium:;--awb-flex-shrink-medium:;--awb-flex-grow-small:;--awb-flex-shrink-small:;\" data-scroll-devices=\"small-visibility,medium-visibility,large-visibility\"><div class=\"fusion-column-wrapper fusion-column-has-shadow fusion-flex-justify-content-space-around fusion-content-layout-column\"><div class=\"fusion-classic-product-image-wrapper fusion-woo-product-image fusion-post-card-image fusion-post-card-image-1 has-aspect-ratio\" data-layout=\"static\" style=\"--awb-aspect-ratio:3 \/ 2;\"><div  class=\"fusion-image-wrapper\" aria-haspopup=\"true\">\n\t\t\t\t\t\t\t<a href=\"https:\/\/www.mundusmaris.org\/es\/libros\/common-wealth-economics-for-a-crowded-planet-by-jeffrey-sachs\/\" aria-label=\"Common Wealth. Economics for a crowded planet by Jeffrey Sachs.\">\n\t\t\t\t\t\t\t<img decoding=\"async\" width=\"327\" height=\"327\" src=\"https:\/\/www.mundusmaris.org\/wp-content\/uploads\/2024\/09\/FacsimileCommonWealthSachsPenguin.jpg\" class=\"attachment-full size-full wp-post-image\" alt=\"\" srcset=\"https:\/\/www.mundusmaris.org\/wp-content\/uploads\/2024\/09\/FacsimileCommonWealthSachsPenguin-200x200.jpg 200w, https:\/\/www.mundusmaris.org\/wp-content\/uploads\/2024\/09\/FacsimileCommonWealthSachsPenguin.jpg 327w\" sizes=\"(min-width: 2200px) 100vw, (min-width: 784px) 373px, (min-width: 712px) 560px, (min-width: 640px) 712px, \" \/>\t\t\t<\/a>\n\t\t\t\t\t\t\t<\/div>\n<\/div><div class=\"fusion-meta-tb fusion-meta-tb-238 floated\" style=\"--awb-border-top:0px;--awb-height:36px;--awb-alignment-medium:flex-start;--awb-alignment-small:flex-start;\"><span class=\"fusion-tb-published-date\">Published On: 28 de mayo de 2008<\/span><span class=\"fusion-meta-tb-sep\"><\/span><\/div><div class=\"fusion-title title fusion-title-239 fusion-sep-none fusion-title-text fusion-title-size-four\" style=\"--awb-margin-top:20px;--awb-margin-right:20px;--awb-margin-bottom:20px;--awb-margin-left:20px;--awb-margin-top-small:10px;--awb-margin-right-small:0px;--awb-margin-bottom-small:10px;--awb-margin-left-small:0px;--awb-font-size:24px;\"><h4 class=\"fusion-title-heading title-heading-left\" style=\"font-family:&quot;IBM Plex Sans Condensed&quot;;font-style:normal;font-weight:500;margin:0;font-size:1em;line-height:1.2;\"><a href=\"https:\/\/www.mundusmaris.org\/es\/libros\/common-wealth-economics-for-a-crowded-planet-by-jeffrey-sachs\/\" class=\"awb-custom-text-color awb-custom-text-hover-color\" target=\"_self\">Common Wealth. Economics for a crowded planet by Jeffrey Sachs.<\/a><\/h4><\/div><\/div><\/li>\n<\/ul><\/div><\/div><\/div><\/div><\/div><\/p>\n","protected":false},"excerpt":{"rendered":"","protected":false},"author":1,"featured_media":0,"parent":0,"menu_order":40,"comment_status":"closed","ping_status":"closed","template":"100-width.php","meta":{"_acf_changed":false,"footnotes":""},"categoria-pagina":[],"class_list":["post-7686","page","type-page","status-publish","hentry"],"acf":[],"_links":{"self":[{"href":"https:\/\/www.mundusmaris.org\/es\/wp-json\/wp\/v2\/pages\/7686","targetHints":{"allow":["GET"]}}],"collection":[{"href":"https:\/\/www.mundusmaris.org\/es\/wp-json\/wp\/v2\/pages"}],"about":[{"href":"https:\/\/www.mundusmaris.org\/es\/wp-json\/wp\/v2\/types\/page"}],"author":[{"embeddable":true,"href":"https:\/\/www.mundusmaris.org\/es\/wp-json\/wp\/v2\/users\/1"}],"replies":[{"embeddable":true,"href":"https:\/\/www.mundusmaris.org\/es\/wp-json\/wp\/v2\/comments?post=7686"}],"version-history":[{"count":8,"href":"https:\/\/www.mundusmaris.org\/es\/wp-json\/wp\/v2\/pages\/7686\/revisions"}],"predecessor-version":[{"id":11352,"href":"https:\/\/www.mundusmaris.org\/es\/wp-json\/wp\/v2\/pages\/7686\/revisions\/11352"}],"wp:attachment":[{"href":"https:\/\/www.mundusmaris.org\/es\/wp-json\/wp\/v2\/media?parent=7686"}],"wp:term":[{"taxonomy":"categoria-pagina","embeddable":true,"href":"https:\/\/www.mundusmaris.org\/es\/wp-json\/wp\/v2\/categoria-pagina?post=7686"}],"curies":[{"name":"wp","href":"https:\/\/api.w.org\/{rel}","templated":true}]}}