{"id":5139,"date":"2024-04-05T10:46:15","date_gmt":"2024-04-05T10:46:15","guid":{"rendered":"http:\/\/www.mundusmaris.org\/aktivitaeten\/"},"modified":"2024-07-12T10:44:06","modified_gmt":"2024-07-12T10:44:06","slug":"aktivitaeten","status":"publish","type":"page","link":"https:\/\/www.mundusmaris.org\/de\/aktivitaeten\/","title":{"rendered":"Aktivit\u00e4ten"},"content":{"rendered":"<p><div class=\"fusion-fullwidth fullwidth-box fusion-builder-row-1 fusion-flex-container has-pattern-background has-mask-background nonhundred-percent-fullwidth non-hundred-percent-height-scrolling\" style=\"--awb-border-radius-top-left:0px;--awb-border-radius-top-right:0px;--awb-border-radius-bottom-right:0px;--awb-border-radius-bottom-left:0px;--awb-padding-bottom:30px;--awb-flex-wrap:wrap;\" ><div class=\"fusion-builder-row fusion-row fusion-flex-align-items-flex-start fusion-flex-content-wrap\" style=\"max-width:1248px;margin-left: calc(-4% \/ 2 );margin-right: calc(-4% \/ 2 );\"><div class=\"fusion-layout-column fusion_builder_column fusion-builder-column-0 fusion_builder_column_1_1 1_1 fusion-flex-column\" style=\"--awb-bg-size:cover;--awb-width-large:100%;--awb-margin-top-large:0px;--awb-spacing-right-large:1.92%;--awb-margin-bottom-large:20px;--awb-spacing-left-large:1.92%;--awb-width-medium:100%;--awb-order-medium:0;--awb-spacing-right-medium:1.92%;--awb-spacing-left-medium:1.92%;--awb-width-small:100%;--awb-order-small:0;--awb-spacing-right-small:1.92%;--awb-spacing-left-small:1.92%;\"><div class=\"fusion-column-wrapper fusion-column-has-shadow fusion-flex-justify-content-flex-start fusion-content-layout-column\"><div class=\"fusion-title title fusion-title-1 fusion-sep-none fusion-title-text fusion-title-size-two\" style=\"--awb-margin-top-small:10px;--awb-margin-right-small:0px;--awb-margin-bottom-small:10px;--awb-margin-left-small:0px;\"><h2 class=\"fusion-title-heading title-heading-left\" style=\"margin:0;\">Von <em>Mundus maris<\/em> durchgef\u00fchrte oder unterst\u00fctzte Aktivit\u00e4ten<\/h2><\/div><div class=\"fusion-text fusion-text-1 fusion-text-no-margin\" style=\"--awb-margin-bottom:0px;\"><p>Generell, soweit nicht speziell anderweitig gekennzeichnet, sind alle Projekte offen f\u00fcr die Teilnahme von interessierten Personen und Organisationen, die zur Realisierung der Ziele beitragen wollen.<\/p>\n<p>Die Zusammenarbeit kann sich auf jedwede Aktivit\u00e4t beziehen, die zur Realisierung der Ziele der Initiative beitragen. Hier ist eine &#8218;Baustelle&#8216; der Aktivit\u00e4ten.<\/p>\n<p>Finanzielle Unterst\u00fctzung ist auch sehr willkommen, besonders um die Zusammenarbeit mit Wissenschaftlern, K\u00fcnstlern und Jugendgruppen in Entwicklungsl\u00e4ndern auszubauen und deren Arbeitsbedingungen zu verbessern. Gucken Sie auch einmal in die Rubrik\u00a0<a href=\"https:\/\/www.mundusmaris.org\/index.php\/de\/was\" target=\"_self\" rel=\"noopener\">\u00a0&#8218;Was tun?&#8216;<\/a>. Hier k\u00f6nnen Sie Ideen bekommen, wo Sie sich selbst einbringen k\u00f6nnen.<\/p>\n<p><strong>Bitte \u00fcberweisen Sie auf das Spezialkonto<\/strong><strong>\u00a0von\u00a0<em>Mundus maris<\/em><\/strong>:<\/p>\n<table border=\"0\">\n<tbody>\n<tr>\n<td><strong>IBAN:<\/strong><\/td>\n<td><strong>BE54<\/strong><\/td>\n<td><strong>0688<\/strong><\/td>\n<td><strong>9178<\/strong><\/td>\n<td><strong>6297<\/strong><\/td>\n<td><strong>BIC \/ SWIFT:<\/strong><\/td>\n<td><strong>GKCCBEBB<\/strong><\/td>\n<\/tr>\n<\/tbody>\n<\/table>\n<\/div><\/div><\/div><\/div><\/div><div class=\"fusion-fullwidth fullwidth-box fusion-builder-row-2 fusion-flex-container has-pattern-background has-mask-background nonhundred-percent-fullwidth non-hundred-percent-height-scrolling\" style=\"--awb-border-radius-top-left:0px;--awb-border-radius-top-right:0px;--awb-border-radius-bottom-right:0px;--awb-border-radius-bottom-left:0px;--awb-flex-wrap:wrap;\" ><div class=\"fusion-builder-row fusion-row fusion-flex-align-items-flex-start fusion-flex-content-wrap\" style=\"max-width:1248px;margin-left: calc(-4% \/ 2 );margin-right: calc(-4% \/ 2 );\"><div class=\"fusion-layout-column fusion_builder_column fusion-builder-column-1 fusion_builder_column_1_1 1_1 fusion-flex-column fusion-flex-align-self-stretch\" style=\"--awb-bg-size:cover;--awb-width-large:100%;--awb-margin-top-large:0px;--awb-spacing-right-large:1.92%;--awb-margin-bottom-large:20px;--awb-spacing-left-large:1.92%;--awb-width-medium:100%;--awb-order-medium:0;--awb-spacing-right-medium:1.92%;--awb-spacing-left-medium:1.92%;--awb-width-small:100%;--awb-order-small:0;--awb-spacing-right-small:1.92%;--awb-spacing-left-small:1.92%;\" data-scroll-devices=\"small-visibility,medium-visibility,large-visibility\"><div class=\"fusion-column-wrapper fusion-column-has-shadow fusion-flex-justify-content-space-around fusion-content-layout-row fusion-flex-align-items-stretch\"><div class=\"fusion-post-cards fusion-post-cards-1 fusion-grid-archive fusion-grid-columns-3\" style=\"--awb-dots-align:center;--awb-columns:3;--awb-filters-color:var(--awb-color8);--awb-active-filter-border-size:3px;--awb-filters-height:36px;\" data-post-type-label=\"beitr\u00e4ge\"><ul class=\"fusion-grid fusion-grid-3 fusion-flex-align-items-flex-start fusion-grid-posts-cards fusion-grid-container-infinite\" data-pages=\"0\"><li class=\"fusion-layout-column fusion_builder_column fusion-builder-column-2 fusion-flex-column post-card fusion-grid-column fusion-post-cards-grid-column\" style=\"--awb-bg-color:var(--awb-color1);--awb-bg-color-hover:var(--awb-color1);--awb-bg-blend:overlay;--awb-bg-size:cover;--awb-flex-grow:0;--awb-flex-shrink:0;--awb-flex-grow-medium:0;--awb-flex-shrink-medium:0;--awb-flex-grow-small:0;--awb-flex-shrink-small:0;\" data-scroll-devices=\"small-visibility,medium-visibility,large-visibility\"><div class=\"fusion-column-wrapper fusion-column-has-shadow fusion-flex-justify-content-space-around fusion-content-layout-column\"><div class=\"fusion-classic-product-image-wrapper fusion-woo-product-image fusion-post-card-image fusion-post-card-image-1 has-aspect-ratio\" data-layout=\"static\" style=\"--awb-aspect-ratio:3 \/ 2;\"><div  class=\"fusion-image-wrapper\" aria-haspopup=\"true\">\n\t\t\t\t\t\t\t<a href=\"https:\/\/www.mundusmaris.org\/de\/aktivitaten\/ozean-und-klimaschutz\/fuer-ein-starkes-europaeisches-ozeanschutzabkommen\/\" aria-label=\"F\u00fcr ein starkes europ\u00e4isches Ozeanschutzabkommen\">\n\t\t\t\t\t\t\t<img decoding=\"async\" width=\"500\" height=\"368\" src=\"https:\/\/www.mundusmaris.org\/wp-content\/uploads\/2026\/02\/BlueManifesto500.jpg\" class=\"attachment-full size-full wp-post-image\" alt=\"\" srcset=\"https:\/\/www.mundusmaris.org\/wp-content\/uploads\/2026\/02\/BlueManifesto500-200x147.jpg 200w, https:\/\/www.mundusmaris.org\/wp-content\/uploads\/2026\/02\/BlueManifesto500-400x294.jpg 400w, https:\/\/www.mundusmaris.org\/wp-content\/uploads\/2026\/02\/BlueManifesto500.jpg 500w\" sizes=\"(min-width: 2200px) 100vw, (min-width: 784px) 373px, (min-width: 712px) 560px, (min-width: 640px) 712px, \" \/>\t\t\t<\/a>\n\t\t\t\t\t\t\t<\/div>\n<\/div><div class=\"fusion-meta-tb fusion-meta-tb-1 floated\" style=\"--awb-border-top:0px;--awb-height:36px;--awb-alignment-medium:flex-start;--awb-alignment-small:flex-start;\"><span class=\"fusion-tb-published-date\">Published On: 10. Februar 2026<\/span><span class=\"fusion-meta-tb-sep\"><\/span><\/div><div class=\"fusion-title title fusion-title-2 fusion-sep-none fusion-title-text fusion-title-size-four\" style=\"--awb-margin-top:20px;--awb-margin-right:20px;--awb-margin-bottom:20px;--awb-margin-left:20px;--awb-margin-top-small:10px;--awb-margin-right-small:0px;--awb-margin-bottom-small:10px;--awb-margin-left-small:0px;--awb-font-size:24px;\"><h4 class=\"fusion-title-heading title-heading-left\" style=\"font-family:&quot;IBM Plex Sans Condensed&quot;;font-style:normal;font-weight:500;margin:0;font-size:1em;line-height:1.2;\"><a href=\"https:\/\/www.mundusmaris.org\/de\/aktivitaten\/ozean-und-klimaschutz\/fuer-ein-starkes-europaeisches-ozeanschutzabkommen\/\" class=\"awb-custom-text-color awb-custom-text-hover-color\" target=\"_self\">F\u00fcr ein starkes europ\u00e4isches Ozeanschutzabkommen<\/a><\/h4><\/div><\/div><\/li>\n<li class=\"fusion-layout-column fusion_builder_column fusion-builder-column-3 fusion-flex-column post-card fusion-grid-column fusion-post-cards-grid-column\" style=\"--awb-bg-color:var(--awb-color1);--awb-bg-color-hover:var(--awb-color1);--awb-bg-blend:overlay;--awb-bg-size:cover;--awb-flex-grow:0;--awb-flex-shrink:0;--awb-flex-grow-medium:0;--awb-flex-shrink-medium:0;--awb-flex-grow-small:0;--awb-flex-shrink-small:0;\" data-scroll-devices=\"small-visibility,medium-visibility,large-visibility\"><div class=\"fusion-column-wrapper fusion-column-has-shadow fusion-flex-justify-content-space-around fusion-content-layout-column\"><div class=\"fusion-classic-product-image-wrapper fusion-woo-product-image fusion-post-card-image fusion-post-card-image-1 has-aspect-ratio\" data-layout=\"static\" style=\"--awb-aspect-ratio:3 \/ 2;\"><div  class=\"fusion-image-wrapper\" aria-haspopup=\"true\">\n\t\t\t\t\t\t\t<a href=\"https:\/\/www.mundusmaris.org\/de\/aktivitaten\/ozean-und-klimaschutz\/mundus-maris-auf-der-love-your-ocean-plattform-auf-der-boot-2026\/\" aria-label=\"Mundus maris auf der \u201aLove Your Ocean\u2018-Plattform auf der Boot 2026\">\n\t\t\t\t\t\t\t<img decoding=\"async\" width=\"499\" height=\"349\" src=\"https:\/\/www.mundusmaris.org\/wp-content\/uploads\/2026\/01\/20260120MMTeamBoot2026_500.jpg\" class=\"attachment-full size-full wp-post-image\" alt=\"\" srcset=\"https:\/\/www.mundusmaris.org\/wp-content\/uploads\/2026\/01\/20260120MMTeamBoot2026_500-200x140.jpg 200w, https:\/\/www.mundusmaris.org\/wp-content\/uploads\/2026\/01\/20260120MMTeamBoot2026_500-400x280.jpg 400w, https:\/\/www.mundusmaris.org\/wp-content\/uploads\/2026\/01\/20260120MMTeamBoot2026_500.jpg 499w\" sizes=\"(min-width: 2200px) 100vw, (min-width: 784px) 373px, (min-width: 712px) 560px, (min-width: 640px) 712px, \" \/>\t\t\t<\/a>\n\t\t\t\t\t\t\t<\/div>\n<\/div><div class=\"fusion-meta-tb fusion-meta-tb-2 floated\" style=\"--awb-border-top:0px;--awb-height:36px;--awb-alignment-medium:flex-start;--awb-alignment-small:flex-start;\"><span class=\"fusion-tb-published-date\">Published On: 29. Januar 2026<\/span><span class=\"fusion-meta-tb-sep\"><\/span><\/div><div class=\"fusion-title title fusion-title-3 fusion-sep-none fusion-title-text fusion-title-size-four\" style=\"--awb-margin-top:20px;--awb-margin-right:20px;--awb-margin-bottom:20px;--awb-margin-left:20px;--awb-margin-top-small:10px;--awb-margin-right-small:0px;--awb-margin-bottom-small:10px;--awb-margin-left-small:0px;--awb-font-size:24px;\"><h4 class=\"fusion-title-heading title-heading-left\" style=\"font-family:&quot;IBM Plex Sans Condensed&quot;;font-style:normal;font-weight:500;margin:0;font-size:1em;line-height:1.2;\"><a href=\"https:\/\/www.mundusmaris.org\/de\/aktivitaten\/ozean-und-klimaschutz\/mundus-maris-auf-der-love-your-ocean-plattform-auf-der-boot-2026\/\" class=\"awb-custom-text-color awb-custom-text-hover-color\" target=\"_self\">Mundus maris auf der \u201aLove Your Ocean\u2018-Plattform auf der Boot 2026<\/a><\/h4><\/div><\/div><\/li>\n<li class=\"fusion-layout-column fusion_builder_column fusion-builder-column-4 fusion-flex-column post-card fusion-grid-column fusion-post-cards-grid-column\" style=\"--awb-bg-color:var(--awb-color1);--awb-bg-color-hover:var(--awb-color1);--awb-bg-blend:overlay;--awb-bg-size:cover;--awb-flex-grow:0;--awb-flex-shrink:0;--awb-flex-grow-medium:0;--awb-flex-shrink-medium:0;--awb-flex-grow-small:0;--awb-flex-shrink-small:0;\" data-scroll-devices=\"small-visibility,medium-visibility,large-visibility\"><div class=\"fusion-column-wrapper fusion-column-has-shadow fusion-flex-justify-content-space-around fusion-content-layout-column\"><div class=\"fusion-classic-product-image-wrapper fusion-woo-product-image fusion-post-card-image fusion-post-card-image-1 has-aspect-ratio\" data-layout=\"static\" style=\"--awb-aspect-ratio:3 \/ 2;\"><div  class=\"fusion-image-wrapper\" aria-haspopup=\"true\">\n\t\t\t\t\t\t\t<a href=\"https:\/\/www.mundusmaris.org\/de\/aktivitaten\/ozean-und-klimaschutz\/maritime-security-conference-2-3-december-2025-in-accra\/\" aria-label=\"Maritime Security Conference, 2-3 December 2025 in Accra\">\n\t\t\t\t\t\t\t<img decoding=\"async\" width=\"500\" height=\"491\" src=\"https:\/\/www.mundusmaris.org\/wp-content\/uploads\/2025\/12\/ConferenceLogoFeature.jpg\" class=\"attachment-full size-full wp-post-image\" alt=\"\" srcset=\"https:\/\/www.mundusmaris.org\/wp-content\/uploads\/2025\/12\/ConferenceLogoFeature-200x196.jpg 200w, https:\/\/www.mundusmaris.org\/wp-content\/uploads\/2025\/12\/ConferenceLogoFeature-400x393.jpg 400w, https:\/\/www.mundusmaris.org\/wp-content\/uploads\/2025\/12\/ConferenceLogoFeature.jpg 500w\" sizes=\"(min-width: 2200px) 100vw, (min-width: 784px) 373px, (min-width: 712px) 560px, (min-width: 640px) 712px, \" \/>\t\t\t<\/a>\n\t\t\t\t\t\t\t<\/div>\n<\/div><div class=\"fusion-meta-tb fusion-meta-tb-3 floated\" style=\"--awb-border-top:0px;--awb-height:36px;--awb-alignment-medium:flex-start;--awb-alignment-small:flex-start;\"><span class=\"fusion-tb-published-date\">Published On: 5. Dezember 2025<\/span><span class=\"fusion-meta-tb-sep\"><\/span><\/div><div class=\"fusion-title title fusion-title-4 fusion-sep-none fusion-title-text fusion-title-size-four\" style=\"--awb-margin-top:20px;--awb-margin-right:20px;--awb-margin-bottom:20px;--awb-margin-left:20px;--awb-margin-top-small:10px;--awb-margin-right-small:0px;--awb-margin-bottom-small:10px;--awb-margin-left-small:0px;--awb-font-size:24px;\"><h4 class=\"fusion-title-heading title-heading-left\" style=\"font-family:&quot;IBM Plex Sans Condensed&quot;;font-style:normal;font-weight:500;margin:0;font-size:1em;line-height:1.2;\"><a href=\"https:\/\/www.mundusmaris.org\/de\/aktivitaten\/ozean-und-klimaschutz\/maritime-security-conference-2-3-december-2025-in-accra\/\" class=\"awb-custom-text-color awb-custom-text-hover-color\" target=\"_self\">Maritime Security Conference, 2-3 December 2025 in Accra<\/a><\/h4><\/div><\/div><\/li>\n<li class=\"fusion-layout-column fusion_builder_column fusion-builder-column-5 fusion-flex-column post-card fusion-grid-column fusion-post-cards-grid-column\" style=\"--awb-bg-color:var(--awb-color1);--awb-bg-color-hover:var(--awb-color1);--awb-bg-blend:overlay;--awb-bg-size:cover;--awb-flex-grow:0;--awb-flex-shrink:0;--awb-flex-grow-medium:0;--awb-flex-shrink-medium:0;--awb-flex-grow-small:0;--awb-flex-shrink-small:0;\" data-scroll-devices=\"small-visibility,medium-visibility,large-visibility\"><div class=\"fusion-column-wrapper fusion-column-has-shadow fusion-flex-justify-content-space-around fusion-content-layout-column\"><div class=\"fusion-classic-product-image-wrapper fusion-woo-product-image fusion-post-card-image fusion-post-card-image-1 has-aspect-ratio\" data-layout=\"static\" style=\"--awb-aspect-ratio:3 \/ 2;\"><div  class=\"fusion-image-wrapper\" aria-haspopup=\"true\">\n\t\t\t\t\t\t\t<a href=\"https:\/\/www.mundusmaris.org\/de\/handwerklichen-fischerei-akademie\/make-fishing-fair\/\" aria-label=\"Make Fishing Fair\">\n\t\t\t\t\t\t\t<img decoding=\"async\" width=\"500\" height=\"377\" src=\"https:\/\/www.mundusmaris.org\/wp-content\/uploads\/2025\/11\/MakeFishingFairForum500.jpg\" class=\"attachment-full size-full wp-post-image\" alt=\"\" srcset=\"https:\/\/www.mundusmaris.org\/wp-content\/uploads\/2025\/11\/MakeFishingFairForum500-200x151.jpg 200w, https:\/\/www.mundusmaris.org\/wp-content\/uploads\/2025\/11\/MakeFishingFairForum500-400x302.jpg 400w, https:\/\/www.mundusmaris.org\/wp-content\/uploads\/2025\/11\/MakeFishingFairForum500.jpg 500w\" sizes=\"(min-width: 2200px) 100vw, (min-width: 784px) 373px, (min-width: 712px) 560px, (min-width: 640px) 712px, \" \/>\t\t\t<\/a>\n\t\t\t\t\t\t\t<\/div>\n<\/div><div class=\"fusion-meta-tb fusion-meta-tb-4 floated\" style=\"--awb-border-top:0px;--awb-height:36px;--awb-alignment-medium:flex-start;--awb-alignment-small:flex-start;\"><span class=\"fusion-tb-published-date\">Published On: 19. November 2025<\/span><span class=\"fusion-meta-tb-sep\"><\/span><\/div><div class=\"fusion-title title fusion-title-5 fusion-sep-none fusion-title-text fusion-title-size-four\" style=\"--awb-margin-top:20px;--awb-margin-right:20px;--awb-margin-bottom:20px;--awb-margin-left:20px;--awb-margin-top-small:10px;--awb-margin-right-small:0px;--awb-margin-bottom-small:10px;--awb-margin-left-small:0px;--awb-font-size:24px;\"><h4 class=\"fusion-title-heading title-heading-left\" style=\"font-family:&quot;IBM Plex Sans Condensed&quot;;font-style:normal;font-weight:500;margin:0;font-size:1em;line-height:1.2;\"><a href=\"https:\/\/www.mundusmaris.org\/de\/handwerklichen-fischerei-akademie\/make-fishing-fair\/\" class=\"awb-custom-text-color awb-custom-text-hover-color\" target=\"_self\">Make Fishing Fair<\/a><\/h4><\/div><\/div><\/li>\n<li class=\"fusion-layout-column fusion_builder_column fusion-builder-column-6 fusion-flex-column post-card fusion-grid-column fusion-post-cards-grid-column\" style=\"--awb-bg-color:var(--awb-color1);--awb-bg-color-hover:var(--awb-color1);--awb-bg-blend:overlay;--awb-bg-size:cover;--awb-flex-grow:0;--awb-flex-shrink:0;--awb-flex-grow-medium:0;--awb-flex-shrink-medium:0;--awb-flex-grow-small:0;--awb-flex-shrink-small:0;\" data-scroll-devices=\"small-visibility,medium-visibility,large-visibility\"><div class=\"fusion-column-wrapper fusion-column-has-shadow fusion-flex-justify-content-space-around fusion-content-layout-column\"><div class=\"fusion-classic-product-image-wrapper fusion-woo-product-image fusion-post-card-image fusion-post-card-image-1 has-aspect-ratio\" data-layout=\"static\" style=\"--awb-aspect-ratio:3 \/ 2;\"><div  class=\"fusion-image-wrapper\" aria-haspopup=\"true\">\n\t\t\t\t\t\t\t<a href=\"https:\/\/www.mundusmaris.org\/de\/meeresfruechte-die-wir-essen\/win-big-baltic-event\/\" aria-label=\"Win Big &#8211; Baltic Event\">\n\t\t\t\t\t\t\t<img decoding=\"async\" width=\"1712\" height=\"1310\" src=\"https:\/\/www.mundusmaris.org\/wp-content\/uploads\/2025\/11\/BannerAnnouncement.jpg\" class=\"attachment-full size-full wp-post-image\" alt=\"\" srcset=\"https:\/\/www.mundusmaris.org\/wp-content\/uploads\/2025\/11\/BannerAnnouncement-200x153.jpg 200w, https:\/\/www.mundusmaris.org\/wp-content\/uploads\/2025\/11\/BannerAnnouncement-400x306.jpg 400w, https:\/\/www.mundusmaris.org\/wp-content\/uploads\/2025\/11\/BannerAnnouncement-600x459.jpg 600w, https:\/\/www.mundusmaris.org\/wp-content\/uploads\/2025\/11\/BannerAnnouncement-800x612.jpg 800w, https:\/\/www.mundusmaris.org\/wp-content\/uploads\/2025\/11\/BannerAnnouncement-1200x918.jpg 1200w, https:\/\/www.mundusmaris.org\/wp-content\/uploads\/2025\/11\/BannerAnnouncement.jpg 1712w\" sizes=\"(min-width: 2200px) 100vw, (min-width: 784px) 373px, (min-width: 712px) 560px, (min-width: 640px) 712px, \" \/>\t\t\t<\/a>\n\t\t\t\t\t\t\t<\/div>\n<\/div><div class=\"fusion-meta-tb fusion-meta-tb-5 floated\" style=\"--awb-border-top:0px;--awb-height:36px;--awb-alignment-medium:flex-start;--awb-alignment-small:flex-start;\"><span class=\"fusion-tb-published-date\">Published On: 10. November 2025<\/span><span class=\"fusion-meta-tb-sep\"><\/span><\/div><div class=\"fusion-title title fusion-title-6 fusion-sep-none fusion-title-text fusion-title-size-four\" style=\"--awb-margin-top:20px;--awb-margin-right:20px;--awb-margin-bottom:20px;--awb-margin-left:20px;--awb-margin-top-small:10px;--awb-margin-right-small:0px;--awb-margin-bottom-small:10px;--awb-margin-left-small:0px;--awb-font-size:24px;\"><h4 class=\"fusion-title-heading title-heading-left\" style=\"font-family:&quot;IBM Plex Sans Condensed&quot;;font-style:normal;font-weight:500;margin:0;font-size:1em;line-height:1.2;\"><a href=\"https:\/\/www.mundusmaris.org\/de\/meeresfruechte-die-wir-essen\/win-big-baltic-event\/\" class=\"awb-custom-text-color awb-custom-text-hover-color\" target=\"_self\">Win Big &#8211; Baltic Event<\/a><\/h4><\/div><\/div><\/li>\n<li class=\"fusion-layout-column fusion_builder_column fusion-builder-column-7 fusion-flex-column post-card fusion-grid-column fusion-post-cards-grid-column\" style=\"--awb-bg-color:var(--awb-color1);--awb-bg-color-hover:var(--awb-color1);--awb-bg-blend:overlay;--awb-bg-size:cover;--awb-flex-grow:0;--awb-flex-shrink:0;--awb-flex-grow-medium:0;--awb-flex-shrink-medium:0;--awb-flex-grow-small:0;--awb-flex-shrink-small:0;\" data-scroll-devices=\"small-visibility,medium-visibility,large-visibility\"><div class=\"fusion-column-wrapper fusion-column-has-shadow fusion-flex-justify-content-space-around fusion-content-layout-column\"><div class=\"fusion-classic-product-image-wrapper fusion-woo-product-image fusion-post-card-image fusion-post-card-image-1 has-aspect-ratio\" data-layout=\"static\" style=\"--awb-aspect-ratio:3 \/ 2;\"><div  class=\"fusion-image-wrapper\" aria-haspopup=\"true\">\n\t\t\t\t\t\t\t<a href=\"https:\/\/www.mundusmaris.org\/de\/aktivitaten\/stop-der-uberfischung\/stop-harmful-fisheries-subsidies-successful-step-one\/\" aria-label=\"Stop harmful fisheries subsidies &#8211; successful Step One!\">\n\t\t\t\t\t\t\t<img decoding=\"async\" width=\"500\" height=\"359\" src=\"https:\/\/www.mundusmaris.org\/wp-content\/uploads\/2025\/11\/MomentsOfCelebration500.jpg\" class=\"attachment-full size-full wp-post-image\" alt=\"\" srcset=\"https:\/\/www.mundusmaris.org\/wp-content\/uploads\/2025\/11\/MomentsOfCelebration500-200x144.jpg 200w, https:\/\/www.mundusmaris.org\/wp-content\/uploads\/2025\/11\/MomentsOfCelebration500-400x287.jpg 400w, https:\/\/www.mundusmaris.org\/wp-content\/uploads\/2025\/11\/MomentsOfCelebration500.jpg 500w\" sizes=\"(min-width: 2200px) 100vw, (min-width: 784px) 373px, (min-width: 712px) 560px, (min-width: 640px) 712px, \" \/>\t\t\t<\/a>\n\t\t\t\t\t\t\t<\/div>\n<\/div><div class=\"fusion-meta-tb fusion-meta-tb-6 floated\" style=\"--awb-border-top:0px;--awb-height:36px;--awb-alignment-medium:flex-start;--awb-alignment-small:flex-start;\"><span class=\"fusion-tb-published-date\">Published On: 2. November 2025<\/span><span class=\"fusion-meta-tb-sep\"><\/span><\/div><div class=\"fusion-title title fusion-title-7 fusion-sep-none fusion-title-text fusion-title-size-four\" style=\"--awb-margin-top:20px;--awb-margin-right:20px;--awb-margin-bottom:20px;--awb-margin-left:20px;--awb-margin-top-small:10px;--awb-margin-right-small:0px;--awb-margin-bottom-small:10px;--awb-margin-left-small:0px;--awb-font-size:24px;\"><h4 class=\"fusion-title-heading title-heading-left\" style=\"font-family:&quot;IBM Plex Sans Condensed&quot;;font-style:normal;font-weight:500;margin:0;font-size:1em;line-height:1.2;\"><a href=\"https:\/\/www.mundusmaris.org\/de\/aktivitaten\/stop-der-uberfischung\/stop-harmful-fisheries-subsidies-successful-step-one\/\" class=\"awb-custom-text-color awb-custom-text-hover-color\" target=\"_self\">Stop harmful fisheries subsidies &#8211; successful Step One!<\/a><\/h4><\/div><\/div><\/li>\n<li class=\"fusion-layout-column fusion_builder_column fusion-builder-column-8 fusion-flex-column post-card fusion-grid-column fusion-post-cards-grid-column\" style=\"--awb-bg-color:var(--awb-color1);--awb-bg-color-hover:var(--awb-color1);--awb-bg-blend:overlay;--awb-bg-size:cover;--awb-flex-grow:0;--awb-flex-shrink:0;--awb-flex-grow-medium:0;--awb-flex-shrink-medium:0;--awb-flex-grow-small:0;--awb-flex-shrink-small:0;\" data-scroll-devices=\"small-visibility,medium-visibility,large-visibility\"><div class=\"fusion-column-wrapper fusion-column-has-shadow fusion-flex-justify-content-space-around fusion-content-layout-column\"><div class=\"fusion-classic-product-image-wrapper fusion-woo-product-image fusion-post-card-image fusion-post-card-image-1 has-aspect-ratio\" data-layout=\"static\" style=\"--awb-aspect-ratio:3 \/ 2;\"><div  class=\"fusion-image-wrapper\" aria-haspopup=\"true\">\n\t\t\t\t\t\t\t<a href=\"https:\/\/www.mundusmaris.org\/de\/aktivitaten\/stop-der-uberfischung\/beifang-in-der-eu-fischerei-vom-bewusstwerden-zum-handeln\/\" aria-label=\"Beifang in der EU-Fischerei: Vom Bewusstwerden zum Handeln\">\n\t\t\t\t\t\t\t<img decoding=\"async\" width=\"500\" height=\"249\" src=\"https:\/\/www.mundusmaris.org\/wp-content\/uploads\/2025\/10\/Poster-500.jpg\" class=\"attachment-full size-full wp-post-image\" alt=\"\" srcset=\"https:\/\/www.mundusmaris.org\/wp-content\/uploads\/2025\/10\/Poster-500-200x100.jpg 200w, https:\/\/www.mundusmaris.org\/wp-content\/uploads\/2025\/10\/Poster-500-400x199.jpg 400w, https:\/\/www.mundusmaris.org\/wp-content\/uploads\/2025\/10\/Poster-500.jpg 500w\" sizes=\"(min-width: 2200px) 100vw, (min-width: 784px) 373px, (min-width: 712px) 560px, (min-width: 640px) 712px, \" \/>\t\t\t<\/a>\n\t\t\t\t\t\t\t<\/div>\n<\/div><div class=\"fusion-meta-tb fusion-meta-tb-7 floated\" style=\"--awb-border-top:0px;--awb-height:36px;--awb-alignment-medium:flex-start;--awb-alignment-small:flex-start;\"><span class=\"fusion-tb-published-date\">Published On: 19. Oktober 2025<\/span><span class=\"fusion-meta-tb-sep\"><\/span><\/div><div class=\"fusion-title title fusion-title-8 fusion-sep-none fusion-title-text fusion-title-size-four\" style=\"--awb-margin-top:20px;--awb-margin-right:20px;--awb-margin-bottom:20px;--awb-margin-left:20px;--awb-margin-top-small:10px;--awb-margin-right-small:0px;--awb-margin-bottom-small:10px;--awb-margin-left-small:0px;--awb-font-size:24px;\"><h4 class=\"fusion-title-heading title-heading-left\" style=\"font-family:&quot;IBM Plex Sans Condensed&quot;;font-style:normal;font-weight:500;margin:0;font-size:1em;line-height:1.2;\"><a href=\"https:\/\/www.mundusmaris.org\/de\/aktivitaten\/stop-der-uberfischung\/beifang-in-der-eu-fischerei-vom-bewusstwerden-zum-handeln\/\" class=\"awb-custom-text-color awb-custom-text-hover-color\" target=\"_self\">Beifang in der EU-Fischerei: Vom Bewusstwerden zum Handeln<\/a><\/h4><\/div><\/div><\/li>\n<li class=\"fusion-layout-column fusion_builder_column fusion-builder-column-9 fusion-flex-column post-card fusion-grid-column fusion-post-cards-grid-column\" style=\"--awb-bg-color:var(--awb-color1);--awb-bg-color-hover:var(--awb-color1);--awb-bg-blend:overlay;--awb-bg-size:cover;--awb-flex-grow:0;--awb-flex-shrink:0;--awb-flex-grow-medium:0;--awb-flex-shrink-medium:0;--awb-flex-grow-small:0;--awb-flex-shrink-small:0;\" data-scroll-devices=\"small-visibility,medium-visibility,large-visibility\"><div class=\"fusion-column-wrapper fusion-column-has-shadow fusion-flex-justify-content-space-around fusion-content-layout-column\"><div class=\"fusion-classic-product-image-wrapper fusion-woo-product-image fusion-post-card-image fusion-post-card-image-1 has-aspect-ratio\" data-layout=\"static\" style=\"--awb-aspect-ratio:3 \/ 2;\"><div  class=\"fusion-image-wrapper\" aria-haspopup=\"true\">\n\t\t\t\t\t\t\t<a href=\"https:\/\/www.mundusmaris.org\/de\/aktivitaten\/stop-der-uberfischung\/filmvorfuehrung-und-diskussion-ocean-mit-david-attenborough\/\" aria-label=\"Filmvorf\u00fchrung und Diskussion: OCEAN mit David Attenborough\">\n\t\t\t\t\t\t\t<img decoding=\"async\" width=\"500\" height=\"500\" src=\"https:\/\/www.mundusmaris.org\/wp-content\/uploads\/2025\/10\/square-ocean-week-2025-event-tiles-500.jpg\" class=\"attachment-full size-full wp-post-image\" alt=\"\" srcset=\"https:\/\/www.mundusmaris.org\/wp-content\/uploads\/2025\/10\/square-ocean-week-2025-event-tiles-500-200x200.jpg 200w, https:\/\/www.mundusmaris.org\/wp-content\/uploads\/2025\/10\/square-ocean-week-2025-event-tiles-500-400x400.jpg 400w, https:\/\/www.mundusmaris.org\/wp-content\/uploads\/2025\/10\/square-ocean-week-2025-event-tiles-500.jpg 500w\" sizes=\"(min-width: 2200px) 100vw, (min-width: 784px) 373px, (min-width: 712px) 560px, (min-width: 640px) 712px, \" \/>\t\t\t<\/a>\n\t\t\t\t\t\t\t<\/div>\n<\/div><div class=\"fusion-meta-tb fusion-meta-tb-8 floated\" style=\"--awb-border-top:0px;--awb-height:36px;--awb-alignment-medium:flex-start;--awb-alignment-small:flex-start;\"><span class=\"fusion-tb-published-date\">Published On: 16. Oktober 2025<\/span><span class=\"fusion-meta-tb-sep\"><\/span><\/div><div class=\"fusion-title title fusion-title-9 fusion-sep-none fusion-title-text fusion-title-size-four\" style=\"--awb-margin-top:20px;--awb-margin-right:20px;--awb-margin-bottom:20px;--awb-margin-left:20px;--awb-margin-top-small:10px;--awb-margin-right-small:0px;--awb-margin-bottom-small:10px;--awb-margin-left-small:0px;--awb-font-size:24px;\"><h4 class=\"fusion-title-heading title-heading-left\" style=\"font-family:&quot;IBM Plex Sans Condensed&quot;;font-style:normal;font-weight:500;margin:0;font-size:1em;line-height:1.2;\"><a href=\"https:\/\/www.mundusmaris.org\/de\/aktivitaten\/stop-der-uberfischung\/filmvorfuehrung-und-diskussion-ocean-mit-david-attenborough\/\" class=\"awb-custom-text-color awb-custom-text-hover-color\" target=\"_self\">Filmvorf\u00fchrung und Diskussion: OCEAN mit David Attenborough<\/a><\/h4><\/div><\/div><\/li>\n<li class=\"fusion-layout-column fusion_builder_column fusion-builder-column-10 fusion-flex-column post-card fusion-grid-column fusion-post-cards-grid-column\" style=\"--awb-bg-color:var(--awb-color1);--awb-bg-color-hover:var(--awb-color1);--awb-bg-blend:overlay;--awb-bg-size:cover;--awb-flex-grow:0;--awb-flex-shrink:0;--awb-flex-grow-medium:0;--awb-flex-shrink-medium:0;--awb-flex-grow-small:0;--awb-flex-shrink-small:0;\" data-scroll-devices=\"small-visibility,medium-visibility,large-visibility\"><div class=\"fusion-column-wrapper fusion-column-has-shadow fusion-flex-justify-content-space-around fusion-content-layout-column\"><div class=\"fusion-classic-product-image-wrapper fusion-woo-product-image fusion-post-card-image fusion-post-card-image-1 has-aspect-ratio\" data-layout=\"static\" style=\"--awb-aspect-ratio:3 \/ 2;\"><div  class=\"fusion-image-wrapper\" aria-haspopup=\"true\">\n\t\t\t\t\t\t\t<a href=\"https:\/\/www.mundusmaris.org\/de\/aktivitaten\/stop-der-uberfischung\/shark-lab-schutz-der-haie-fuer-ein-gesundes-meer\/\" aria-label=\"Shark Lab: Schutz der Haie f\u00fcr ein gesundes Meer\">\n\t\t\t\t\t\t\t<img decoding=\"async\" width=\"500\" height=\"333\" src=\"https:\/\/www.mundusmaris.org\/wp-content\/uploads\/2025\/10\/ConfiscatedFins.jpg\" class=\"attachment-full size-full wp-post-image\" alt=\"\" srcset=\"https:\/\/www.mundusmaris.org\/wp-content\/uploads\/2025\/10\/ConfiscatedFins-200x133.jpg 200w, https:\/\/www.mundusmaris.org\/wp-content\/uploads\/2025\/10\/ConfiscatedFins-400x266.jpg 400w, https:\/\/www.mundusmaris.org\/wp-content\/uploads\/2025\/10\/ConfiscatedFins.jpg 500w\" sizes=\"(min-width: 2200px) 100vw, (min-width: 784px) 373px, (min-width: 712px) 560px, (min-width: 640px) 712px, \" \/>\t\t\t<\/a>\n\t\t\t\t\t\t\t<\/div>\n<\/div><div class=\"fusion-meta-tb fusion-meta-tb-9 floated\" style=\"--awb-border-top:0px;--awb-height:36px;--awb-alignment-medium:flex-start;--awb-alignment-small:flex-start;\"><span class=\"fusion-tb-published-date\">Published On: 16. Oktober 2025<\/span><span class=\"fusion-meta-tb-sep\"><\/span><\/div><div class=\"fusion-title title fusion-title-10 fusion-sep-none fusion-title-text fusion-title-size-four\" style=\"--awb-margin-top:20px;--awb-margin-right:20px;--awb-margin-bottom:20px;--awb-margin-left:20px;--awb-margin-top-small:10px;--awb-margin-right-small:0px;--awb-margin-bottom-small:10px;--awb-margin-left-small:0px;--awb-font-size:24px;\"><h4 class=\"fusion-title-heading title-heading-left\" style=\"font-family:&quot;IBM Plex Sans Condensed&quot;;font-style:normal;font-weight:500;margin:0;font-size:1em;line-height:1.2;\"><a href=\"https:\/\/www.mundusmaris.org\/de\/aktivitaten\/stop-der-uberfischung\/shark-lab-schutz-der-haie-fuer-ein-gesundes-meer\/\" class=\"awb-custom-text-color awb-custom-text-hover-color\" target=\"_self\">Shark Lab: Schutz der Haie f\u00fcr ein gesundes Meer<\/a><\/h4><\/div><\/div><\/li>\n<li class=\"fusion-layout-column fusion_builder_column fusion-builder-column-11 fusion-flex-column post-card fusion-grid-column fusion-post-cards-grid-column\" style=\"--awb-bg-color:var(--awb-color1);--awb-bg-color-hover:var(--awb-color1);--awb-bg-blend:overlay;--awb-bg-size:cover;--awb-flex-grow:0;--awb-flex-shrink:0;--awb-flex-grow-medium:0;--awb-flex-shrink-medium:0;--awb-flex-grow-small:0;--awb-flex-shrink-small:0;\" data-scroll-devices=\"small-visibility,medium-visibility,large-visibility\"><div class=\"fusion-column-wrapper fusion-column-has-shadow fusion-flex-justify-content-space-around fusion-content-layout-column\"><div class=\"fusion-classic-product-image-wrapper fusion-woo-product-image fusion-post-card-image fusion-post-card-image-1 has-aspect-ratio\" data-layout=\"static\" style=\"--awb-aspect-ratio:3 \/ 2;\"><div  class=\"fusion-image-wrapper\" aria-haspopup=\"true\">\n\t\t\t\t\t\t\t<a href=\"https:\/\/www.mundusmaris.org\/de\/aktivitaten\/stop-der-uberfischung\/beispiele-fuer-einen-partnerschaftlichen-meeresschutz-aus-der-gesamten_eu\/\" aria-label=\"Beispiele f\u00fcr einen partnerschaftlichen Meeresschutz aus der gesamten EU\">\n\t\t\t\t\t\t\t<img decoding=\"async\" width=\"500\" height=\"355\" src=\"https:\/\/www.mundusmaris.org\/wp-content\/uploads\/2025\/10\/Announcement.jpg\" class=\"attachment-full size-full wp-post-image\" alt=\"\" srcset=\"https:\/\/www.mundusmaris.org\/wp-content\/uploads\/2025\/10\/Announcement-200x142.jpg 200w, https:\/\/www.mundusmaris.org\/wp-content\/uploads\/2025\/10\/Announcement-400x284.jpg 400w, https:\/\/www.mundusmaris.org\/wp-content\/uploads\/2025\/10\/Announcement.jpg 500w\" sizes=\"(min-width: 2200px) 100vw, (min-width: 784px) 373px, (min-width: 712px) 560px, (min-width: 640px) 712px, \" \/>\t\t\t<\/a>\n\t\t\t\t\t\t\t<\/div>\n<\/div><div class=\"fusion-meta-tb fusion-meta-tb-10 floated\" style=\"--awb-border-top:0px;--awb-height:36px;--awb-alignment-medium:flex-start;--awb-alignment-small:flex-start;\"><span class=\"fusion-tb-published-date\">Published On: 16. Oktober 2025<\/span><span class=\"fusion-meta-tb-sep\"><\/span><\/div><div class=\"fusion-title title fusion-title-11 fusion-sep-none fusion-title-text fusion-title-size-four\" style=\"--awb-margin-top:20px;--awb-margin-right:20px;--awb-margin-bottom:20px;--awb-margin-left:20px;--awb-margin-top-small:10px;--awb-margin-right-small:0px;--awb-margin-bottom-small:10px;--awb-margin-left-small:0px;--awb-font-size:24px;\"><h4 class=\"fusion-title-heading title-heading-left\" style=\"font-family:&quot;IBM Plex Sans Condensed&quot;;font-style:normal;font-weight:500;margin:0;font-size:1em;line-height:1.2;\"><a href=\"https:\/\/www.mundusmaris.org\/de\/aktivitaten\/stop-der-uberfischung\/beispiele-fuer-einen-partnerschaftlichen-meeresschutz-aus-der-gesamten_eu\/\" class=\"awb-custom-text-color awb-custom-text-hover-color\" target=\"_self\">Beispiele f\u00fcr einen partnerschaftlichen Meeresschutz aus der gesamten EU<\/a><\/h4><\/div><\/div><\/li>\n<li class=\"fusion-layout-column fusion_builder_column fusion-builder-column-12 fusion-flex-column post-card fusion-grid-column fusion-post-cards-grid-column\" style=\"--awb-bg-color:var(--awb-color1);--awb-bg-color-hover:var(--awb-color1);--awb-bg-blend:overlay;--awb-bg-size:cover;--awb-flex-grow:0;--awb-flex-shrink:0;--awb-flex-grow-medium:0;--awb-flex-shrink-medium:0;--awb-flex-grow-small:0;--awb-flex-shrink-small:0;\" data-scroll-devices=\"small-visibility,medium-visibility,large-visibility\"><div class=\"fusion-column-wrapper fusion-column-has-shadow fusion-flex-justify-content-space-around fusion-content-layout-column\"><div class=\"fusion-classic-product-image-wrapper fusion-woo-product-image fusion-post-card-image fusion-post-card-image-1 has-aspect-ratio\" data-layout=\"static\" style=\"--awb-aspect-ratio:3 \/ 2;\"><div  class=\"fusion-image-wrapper\" aria-haspopup=\"true\">\n\t\t\t\t\t\t\t<a href=\"https:\/\/www.mundusmaris.org\/de\/aktivitaten\/ozean-und-klimaschutz\/the-next-mff-rethinking-eu-funding-for-a-healthy-ocean-future\/\" aria-label=\"The next MFF: Rethinking EU funding for a healthy ocean future\">\n\t\t\t\t\t\t\t<img decoding=\"async\" width=\"500\" height=\"320\" src=\"https:\/\/www.mundusmaris.org\/wp-content\/uploads\/2025\/10\/OpeningRemarksByMEPStephanieYon-Courtin500.jpg\" class=\"attachment-full size-full wp-post-image\" alt=\"\" srcset=\"https:\/\/www.mundusmaris.org\/wp-content\/uploads\/2025\/10\/OpeningRemarksByMEPStephanieYon-Courtin500-200x128.jpg 200w, https:\/\/www.mundusmaris.org\/wp-content\/uploads\/2025\/10\/OpeningRemarksByMEPStephanieYon-Courtin500-400x256.jpg 400w, https:\/\/www.mundusmaris.org\/wp-content\/uploads\/2025\/10\/OpeningRemarksByMEPStephanieYon-Courtin500.jpg 500w\" sizes=\"(min-width: 2200px) 100vw, (min-width: 784px) 373px, (min-width: 712px) 560px, (min-width: 640px) 712px, \" \/>\t\t\t<\/a>\n\t\t\t\t\t\t\t<\/div>\n<\/div><div class=\"fusion-meta-tb fusion-meta-tb-11 floated\" style=\"--awb-border-top:0px;--awb-height:36px;--awb-alignment-medium:flex-start;--awb-alignment-small:flex-start;\"><span class=\"fusion-tb-published-date\">Published On: 15. Oktober 2025<\/span><span class=\"fusion-meta-tb-sep\"><\/span><\/div><div class=\"fusion-title title fusion-title-12 fusion-sep-none fusion-title-text fusion-title-size-four\" style=\"--awb-margin-top:20px;--awb-margin-right:20px;--awb-margin-bottom:20px;--awb-margin-left:20px;--awb-margin-top-small:10px;--awb-margin-right-small:0px;--awb-margin-bottom-small:10px;--awb-margin-left-small:0px;--awb-font-size:24px;\"><h4 class=\"fusion-title-heading title-heading-left\" style=\"font-family:&quot;IBM Plex Sans Condensed&quot;;font-style:normal;font-weight:500;margin:0;font-size:1em;line-height:1.2;\"><a href=\"https:\/\/www.mundusmaris.org\/de\/aktivitaten\/ozean-und-klimaschutz\/the-next-mff-rethinking-eu-funding-for-a-healthy-ocean-future\/\" class=\"awb-custom-text-color awb-custom-text-hover-color\" target=\"_self\">The next MFF: Rethinking EU funding for a healthy ocean future<\/a><\/h4><\/div><\/div><\/li>\n<li class=\"fusion-layout-column fusion_builder_column fusion-builder-column-13 fusion-flex-column post-card fusion-grid-column fusion-post-cards-grid-column\" style=\"--awb-bg-color:var(--awb-color1);--awb-bg-color-hover:var(--awb-color1);--awb-bg-blend:overlay;--awb-bg-size:cover;--awb-flex-grow:0;--awb-flex-shrink:0;--awb-flex-grow-medium:0;--awb-flex-shrink-medium:0;--awb-flex-grow-small:0;--awb-flex-shrink-small:0;\" data-scroll-devices=\"small-visibility,medium-visibility,large-visibility\"><div class=\"fusion-column-wrapper fusion-column-has-shadow fusion-flex-justify-content-space-around fusion-content-layout-column\"><div class=\"fusion-classic-product-image-wrapper fusion-woo-product-image fusion-post-card-image fusion-post-card-image-1 has-aspect-ratio\" data-layout=\"static\" style=\"--awb-aspect-ratio:3 \/ 2;\"><div  class=\"fusion-image-wrapper\" aria-haspopup=\"true\">\n\t\t\t\t\t\t\t<a href=\"https:\/\/www.mundusmaris.org\/de\/aktivitaten\/okosystem-basierte-fischerei\/empowering-coastal-voices\/\" aria-label=\"Empowering Coastal Voices\">\n\t\t\t\t\t\t\t<img decoding=\"async\" width=\"499\" height=\"330\" src=\"https:\/\/www.mundusmaris.org\/wp-content\/uploads\/2025\/10\/Feature-EmpowerUsFinalEvent.jpg\" class=\"attachment-full size-full wp-post-image\" alt=\"\" srcset=\"https:\/\/www.mundusmaris.org\/wp-content\/uploads\/2025\/10\/Feature-EmpowerUsFinalEvent-200x132.jpg 200w, https:\/\/www.mundusmaris.org\/wp-content\/uploads\/2025\/10\/Feature-EmpowerUsFinalEvent-400x265.jpg 400w, https:\/\/www.mundusmaris.org\/wp-content\/uploads\/2025\/10\/Feature-EmpowerUsFinalEvent.jpg 499w\" sizes=\"(min-width: 2200px) 100vw, (min-width: 784px) 373px, (min-width: 712px) 560px, (min-width: 640px) 712px, \" \/>\t\t\t<\/a>\n\t\t\t\t\t\t\t<\/div>\n<\/div><div class=\"fusion-meta-tb fusion-meta-tb-12 floated\" style=\"--awb-border-top:0px;--awb-height:36px;--awb-alignment-medium:flex-start;--awb-alignment-small:flex-start;\"><span class=\"fusion-tb-published-date\">Published On: 13. September 2025<\/span><span class=\"fusion-meta-tb-sep\"><\/span><\/div><div class=\"fusion-title title fusion-title-13 fusion-sep-none fusion-title-text fusion-title-size-four\" style=\"--awb-margin-top:20px;--awb-margin-right:20px;--awb-margin-bottom:20px;--awb-margin-left:20px;--awb-margin-top-small:10px;--awb-margin-right-small:0px;--awb-margin-bottom-small:10px;--awb-margin-left-small:0px;--awb-font-size:24px;\"><h4 class=\"fusion-title-heading title-heading-left\" style=\"font-family:&quot;IBM Plex Sans Condensed&quot;;font-style:normal;font-weight:500;margin:0;font-size:1em;line-height:1.2;\"><a href=\"https:\/\/www.mundusmaris.org\/de\/aktivitaten\/okosystem-basierte-fischerei\/empowering-coastal-voices\/\" class=\"awb-custom-text-color awb-custom-text-hover-color\" target=\"_self\">Empowering Coastal Voices<\/a><\/h4><\/div><\/div><\/li>\n<li class=\"fusion-layout-column fusion_builder_column fusion-builder-column-14 fusion-flex-column post-card fusion-grid-column fusion-post-cards-grid-column\" style=\"--awb-bg-color:var(--awb-color1);--awb-bg-color-hover:var(--awb-color1);--awb-bg-blend:overlay;--awb-bg-size:cover;--awb-flex-grow:0;--awb-flex-shrink:0;--awb-flex-grow-medium:0;--awb-flex-shrink-medium:0;--awb-flex-grow-small:0;--awb-flex-shrink-small:0;\" data-scroll-devices=\"small-visibility,medium-visibility,large-visibility\"><div class=\"fusion-column-wrapper fusion-column-has-shadow fusion-flex-justify-content-space-around fusion-content-layout-column\"><div class=\"fusion-classic-product-image-wrapper fusion-woo-product-image fusion-post-card-image fusion-post-card-image-1 has-aspect-ratio\" data-layout=\"static\" style=\"--awb-aspect-ratio:3 \/ 2;\"><div  class=\"fusion-image-wrapper\" aria-haspopup=\"true\">\n\t\t\t\t\t\t\t<a href=\"https:\/\/www.mundusmaris.org\/de\/aktivitaten\/ozean-und-klimaschutz\/beim-fishbase-sealifebase-symposium-in-bruessel-2-3-september-2025\/\" aria-label=\"Beim FishBase-SeaLifeBase Symposium in Br\u00fcssel, 2.-3. September 2025\">\n\t\t\t\t\t\t\t<img decoding=\"async\" width=\"500\" height=\"290\" src=\"https:\/\/www.mundusmaris.org\/wp-content\/uploads\/2025\/09\/SymposiumAnnouncement500.jpg\" class=\"attachment-full size-full wp-post-image\" alt=\"\" srcset=\"https:\/\/www.mundusmaris.org\/wp-content\/uploads\/2025\/09\/SymposiumAnnouncement500-200x116.jpg 200w, https:\/\/www.mundusmaris.org\/wp-content\/uploads\/2025\/09\/SymposiumAnnouncement500-400x232.jpg 400w, https:\/\/www.mundusmaris.org\/wp-content\/uploads\/2025\/09\/SymposiumAnnouncement500.jpg 500w\" sizes=\"(min-width: 2200px) 100vw, (min-width: 784px) 373px, (min-width: 712px) 560px, (min-width: 640px) 712px, \" \/>\t\t\t<\/a>\n\t\t\t\t\t\t\t<\/div>\n<\/div><div class=\"fusion-meta-tb fusion-meta-tb-13 floated\" style=\"--awb-border-top:0px;--awb-height:36px;--awb-alignment-medium:flex-start;--awb-alignment-small:flex-start;\"><span class=\"fusion-tb-published-date\">Published On: 6. September 2025<\/span><span class=\"fusion-meta-tb-sep\"><\/span><\/div><div class=\"fusion-title title fusion-title-14 fusion-sep-none fusion-title-text fusion-title-size-four\" style=\"--awb-margin-top:20px;--awb-margin-right:20px;--awb-margin-bottom:20px;--awb-margin-left:20px;--awb-margin-top-small:10px;--awb-margin-right-small:0px;--awb-margin-bottom-small:10px;--awb-margin-left-small:0px;--awb-font-size:24px;\"><h4 class=\"fusion-title-heading title-heading-left\" style=\"font-family:&quot;IBM Plex Sans Condensed&quot;;font-style:normal;font-weight:500;margin:0;font-size:1em;line-height:1.2;\"><a href=\"https:\/\/www.mundusmaris.org\/de\/aktivitaten\/ozean-und-klimaschutz\/beim-fishbase-sealifebase-symposium-in-bruessel-2-3-september-2025\/\" class=\"awb-custom-text-color awb-custom-text-hover-color\" target=\"_self\">Beim FishBase-SeaLifeBase Symposium in Br\u00fcssel, 2.-3. September 2025<\/a><\/h4><\/div><\/div><\/li>\n<li class=\"fusion-layout-column fusion_builder_column fusion-builder-column-15 fusion-flex-column post-card fusion-grid-column fusion-post-cards-grid-column\" style=\"--awb-bg-color:var(--awb-color1);--awb-bg-color-hover:var(--awb-color1);--awb-bg-blend:overlay;--awb-bg-size:cover;--awb-flex-grow:0;--awb-flex-shrink:0;--awb-flex-grow-medium:0;--awb-flex-shrink-medium:0;--awb-flex-grow-small:0;--awb-flex-shrink-small:0;\" data-scroll-devices=\"small-visibility,medium-visibility,large-visibility\"><div class=\"fusion-column-wrapper fusion-column-has-shadow fusion-flex-justify-content-space-around fusion-content-layout-column\"><div class=\"fusion-classic-product-image-wrapper fusion-woo-product-image fusion-post-card-image fusion-post-card-image-1 has-aspect-ratio\" data-layout=\"static\" style=\"--awb-aspect-ratio:3 \/ 2;\"><div  class=\"fusion-image-wrapper\" aria-haspopup=\"true\">\n\t\t\t\t\t\t\t<a href=\"https:\/\/www.mundusmaris.org\/de\/aktivitaten\/okosystem-basierte-fischerei\/mundus-maris-mit-dem_jugendparlament-in-hilden-deutschland-23-august-2025\/\" aria-label=\"Mundus maris mit dem Jugendparlament in Hilden, Deutschland, 23. August 2025\">\n\t\t\t\t\t\t\t<img decoding=\"async\" width=\"500\" height=\"465\" src=\"https:\/\/www.mundusmaris.org\/wp-content\/uploads\/2025\/08\/AnkuendigungFeature.jpg\" class=\"attachment-full size-full wp-post-image\" alt=\"\" srcset=\"https:\/\/www.mundusmaris.org\/wp-content\/uploads\/2025\/08\/AnkuendigungFeature-200x186.jpg 200w, https:\/\/www.mundusmaris.org\/wp-content\/uploads\/2025\/08\/AnkuendigungFeature-400x372.jpg 400w, https:\/\/www.mundusmaris.org\/wp-content\/uploads\/2025\/08\/AnkuendigungFeature.jpg 500w\" sizes=\"(min-width: 2200px) 100vw, (min-width: 784px) 373px, (min-width: 712px) 560px, (min-width: 640px) 712px, \" \/>\t\t\t<\/a>\n\t\t\t\t\t\t\t<\/div>\n<\/div><div class=\"fusion-meta-tb fusion-meta-tb-14 floated\" style=\"--awb-border-top:0px;--awb-height:36px;--awb-alignment-medium:flex-start;--awb-alignment-small:flex-start;\"><span class=\"fusion-tb-published-date\">Published On: 25. August 2025<\/span><span class=\"fusion-meta-tb-sep\"><\/span><\/div><div class=\"fusion-title title fusion-title-15 fusion-sep-none fusion-title-text fusion-title-size-four\" style=\"--awb-margin-top:20px;--awb-margin-right:20px;--awb-margin-bottom:20px;--awb-margin-left:20px;--awb-margin-top-small:10px;--awb-margin-right-small:0px;--awb-margin-bottom-small:10px;--awb-margin-left-small:0px;--awb-font-size:24px;\"><h4 class=\"fusion-title-heading title-heading-left\" style=\"font-family:&quot;IBM Plex Sans Condensed&quot;;font-style:normal;font-weight:500;margin:0;font-size:1em;line-height:1.2;\"><a href=\"https:\/\/www.mundusmaris.org\/de\/aktivitaten\/okosystem-basierte-fischerei\/mundus-maris-mit-dem_jugendparlament-in-hilden-deutschland-23-august-2025\/\" class=\"awb-custom-text-color awb-custom-text-hover-color\" target=\"_self\">Mundus maris mit dem Jugendparlament in Hilden, Deutschland, 23. August 2025<\/a><\/h4><\/div><\/div><\/li>\n<li class=\"fusion-layout-column fusion_builder_column fusion-builder-column-16 fusion-flex-column post-card fusion-grid-column fusion-post-cards-grid-column\" style=\"--awb-bg-color:var(--awb-color1);--awb-bg-color-hover:var(--awb-color1);--awb-bg-blend:overlay;--awb-bg-size:cover;--awb-flex-grow:0;--awb-flex-shrink:0;--awb-flex-grow-medium:0;--awb-flex-shrink-medium:0;--awb-flex-grow-small:0;--awb-flex-shrink-small:0;\" data-scroll-devices=\"small-visibility,medium-visibility,large-visibility\"><div class=\"fusion-column-wrapper fusion-column-has-shadow fusion-flex-justify-content-space-around fusion-content-layout-column\"><div class=\"fusion-classic-product-image-wrapper fusion-woo-product-image fusion-post-card-image fusion-post-card-image-1 has-aspect-ratio\" data-layout=\"static\" style=\"--awb-aspect-ratio:3 \/ 2;\"><div  class=\"fusion-image-wrapper\" aria-haspopup=\"true\">\n\t\t\t\t\t\t\t<a href=\"https:\/\/www.mundusmaris.org\/de\/aktivitaten\/ozean-und-klimaschutz\/mundus-maris-at-the-start-of-the-ocean-race-europe\/\" aria-label=\"Mundus maris at the start of the Ocean Race Europe\">\n\t\t\t\t\t\t\t<img decoding=\"async\" width=\"500\" height=\"472\" src=\"https:\/\/www.mundusmaris.org\/wp-content\/uploads\/2025\/08\/MundusmarisBooth500.jpg\" class=\"attachment-full size-full wp-post-image\" alt=\"\" srcset=\"https:\/\/www.mundusmaris.org\/wp-content\/uploads\/2025\/08\/MundusmarisBooth500-200x189.jpg 200w, https:\/\/www.mundusmaris.org\/wp-content\/uploads\/2025\/08\/MundusmarisBooth500-400x378.jpg 400w, https:\/\/www.mundusmaris.org\/wp-content\/uploads\/2025\/08\/MundusmarisBooth500.jpg 500w\" sizes=\"(min-width: 2200px) 100vw, (min-width: 784px) 373px, (min-width: 712px) 560px, (min-width: 640px) 712px, \" \/>\t\t\t<\/a>\n\t\t\t\t\t\t\t<\/div>\n<\/div><div class=\"fusion-meta-tb fusion-meta-tb-15 floated\" style=\"--awb-border-top:0px;--awb-height:36px;--awb-alignment-medium:flex-start;--awb-alignment-small:flex-start;\"><span class=\"fusion-tb-published-date\">Published On: 11. August 2025<\/span><span class=\"fusion-meta-tb-sep\"><\/span><\/div><div class=\"fusion-title title fusion-title-16 fusion-sep-none fusion-title-text fusion-title-size-four\" style=\"--awb-margin-top:20px;--awb-margin-right:20px;--awb-margin-bottom:20px;--awb-margin-left:20px;--awb-margin-top-small:10px;--awb-margin-right-small:0px;--awb-margin-bottom-small:10px;--awb-margin-left-small:0px;--awb-font-size:24px;\"><h4 class=\"fusion-title-heading title-heading-left\" style=\"font-family:&quot;IBM Plex Sans Condensed&quot;;font-style:normal;font-weight:500;margin:0;font-size:1em;line-height:1.2;\"><a href=\"https:\/\/www.mundusmaris.org\/de\/aktivitaten\/ozean-und-klimaschutz\/mundus-maris-at-the-start-of-the-ocean-race-europe\/\" class=\"awb-custom-text-color awb-custom-text-hover-color\" target=\"_self\">Mundus maris at the start of the Ocean Race Europe<\/a><\/h4><\/div><\/div><\/li>\n<li class=\"fusion-layout-column fusion_builder_column fusion-builder-column-17 fusion-flex-column post-card fusion-grid-column fusion-post-cards-grid-column\" style=\"--awb-bg-color:var(--awb-color1);--awb-bg-color-hover:var(--awb-color1);--awb-bg-blend:overlay;--awb-bg-size:cover;--awb-flex-grow:0;--awb-flex-shrink:0;--awb-flex-grow-medium:0;--awb-flex-shrink-medium:0;--awb-flex-grow-small:0;--awb-flex-shrink-small:0;\" data-scroll-devices=\"small-visibility,medium-visibility,large-visibility\"><div class=\"fusion-column-wrapper fusion-column-has-shadow fusion-flex-justify-content-space-around fusion-content-layout-column\"><div class=\"fusion-classic-product-image-wrapper fusion-woo-product-image fusion-post-card-image fusion-post-card-image-1 has-aspect-ratio\" data-layout=\"static\" style=\"--awb-aspect-ratio:3 \/ 2;\"><div  class=\"fusion-image-wrapper\" aria-haspopup=\"true\">\n\t\t\t\t\t\t\t<a href=\"https:\/\/www.mundusmaris.org\/de\/aktivitaten\/ozean-und-klimaschutz\/wissenschaft-recht-und-gesellschaft-treffen-bei-unoc3-auf-den-ozean\/\" aria-label=\"Wissenschaft, Recht und Gesellschaft treffen bei UNOC3 auf den Ozean\">\n\t\t\t\t\t\t\t<img decoding=\"async\" width=\"500\" height=\"428\" src=\"https:\/\/www.mundusmaris.org\/wp-content\/uploads\/2025\/08\/AnotherOceanIsPossible-rotated.jpg\" class=\"attachment-full size-full wp-post-image\" alt=\"\" srcset=\"https:\/\/www.mundusmaris.org\/wp-content\/uploads\/2025\/08\/AnotherOceanIsPossible-200x171.jpg 200w, https:\/\/www.mundusmaris.org\/wp-content\/uploads\/2025\/08\/AnotherOceanIsPossible-400x342.jpg 400w, https:\/\/www.mundusmaris.org\/wp-content\/uploads\/2025\/08\/AnotherOceanIsPossible-rotated.jpg 500w\" sizes=\"(min-width: 2200px) 100vw, (min-width: 784px) 373px, (min-width: 712px) 560px, (min-width: 640px) 712px, \" \/>\t\t\t<\/a>\n\t\t\t\t\t\t\t<\/div>\n<\/div><div class=\"fusion-meta-tb fusion-meta-tb-16 floated\" style=\"--awb-border-top:0px;--awb-height:36px;--awb-alignment-medium:flex-start;--awb-alignment-small:flex-start;\"><span class=\"fusion-tb-published-date\">Published On: 5. August 2025<\/span><span class=\"fusion-meta-tb-sep\"><\/span><\/div><div class=\"fusion-title title fusion-title-17 fusion-sep-none fusion-title-text fusion-title-size-four\" style=\"--awb-margin-top:20px;--awb-margin-right:20px;--awb-margin-bottom:20px;--awb-margin-left:20px;--awb-margin-top-small:10px;--awb-margin-right-small:0px;--awb-margin-bottom-small:10px;--awb-margin-left-small:0px;--awb-font-size:24px;\"><h4 class=\"fusion-title-heading title-heading-left\" style=\"font-family:&quot;IBM Plex Sans Condensed&quot;;font-style:normal;font-weight:500;margin:0;font-size:1em;line-height:1.2;\"><a href=\"https:\/\/www.mundusmaris.org\/de\/aktivitaten\/ozean-und-klimaschutz\/wissenschaft-recht-und-gesellschaft-treffen-bei-unoc3-auf-den-ozean\/\" class=\"awb-custom-text-color awb-custom-text-hover-color\" target=\"_self\">Wissenschaft, Recht und Gesellschaft treffen bei UNOC3 auf den Ozean<\/a><\/h4><\/div><\/div><\/li>\n<li class=\"fusion-layout-column fusion_builder_column fusion-builder-column-18 fusion-flex-column post-card fusion-grid-column fusion-post-cards-grid-column\" style=\"--awb-bg-color:var(--awb-color1);--awb-bg-color-hover:var(--awb-color1);--awb-bg-blend:overlay;--awb-bg-size:cover;--awb-flex-grow:0;--awb-flex-shrink:0;--awb-flex-grow-medium:0;--awb-flex-shrink-medium:0;--awb-flex-grow-small:0;--awb-flex-shrink-small:0;\" data-scroll-devices=\"small-visibility,medium-visibility,large-visibility\"><div class=\"fusion-column-wrapper fusion-column-has-shadow fusion-flex-justify-content-space-around fusion-content-layout-column\"><div class=\"fusion-classic-product-image-wrapper fusion-woo-product-image fusion-post-card-image fusion-post-card-image-1 has-aspect-ratio\" data-layout=\"static\" style=\"--awb-aspect-ratio:3 \/ 2;\"><div  class=\"fusion-image-wrapper\" aria-haspopup=\"true\">\n\t\t\t\t\t\t\t<a href=\"https:\/\/www.mundusmaris.org\/de\/handwerklichen-fischerei-akademie\/ueberfischung-durch-auslaendische-fischerei-verschaerft-senegals-toedliche-migrationskrise-nach-europa\/\" aria-label=\"\u00dcberfischung durch ausl\u00e4ndische Fischerei versch\u00e4rft Senegals t\u00f6dliche Migrationskrise nach Europa\">\n\t\t\t\t\t\t\t<img decoding=\"async\" width=\"500\" height=\"375\" src=\"https:\/\/www.mundusmaris.org\/wp-content\/uploads\/2025\/07\/senegal-1852316_MarieVicatPixabay500.jpg\" class=\"attachment-full size-full wp-post-image\" alt=\"\" srcset=\"https:\/\/www.mundusmaris.org\/wp-content\/uploads\/2025\/07\/senegal-1852316_MarieVicatPixabay500-200x150.jpg 200w, https:\/\/www.mundusmaris.org\/wp-content\/uploads\/2025\/07\/senegal-1852316_MarieVicatPixabay500-400x300.jpg 400w, https:\/\/www.mundusmaris.org\/wp-content\/uploads\/2025\/07\/senegal-1852316_MarieVicatPixabay500.jpg 500w\" sizes=\"(min-width: 2200px) 100vw, (min-width: 784px) 373px, (min-width: 712px) 560px, (min-width: 640px) 712px, \" \/>\t\t\t<\/a>\n\t\t\t\t\t\t\t<\/div>\n<\/div><div class=\"fusion-meta-tb fusion-meta-tb-17 floated\" style=\"--awb-border-top:0px;--awb-height:36px;--awb-alignment-medium:flex-start;--awb-alignment-small:flex-start;\"><span class=\"fusion-tb-published-date\">Published On: 20. Juli 2025<\/span><span class=\"fusion-meta-tb-sep\"><\/span><\/div><div class=\"fusion-title title fusion-title-18 fusion-sep-none fusion-title-text fusion-title-size-four\" style=\"--awb-margin-top:20px;--awb-margin-right:20px;--awb-margin-bottom:20px;--awb-margin-left:20px;--awb-margin-top-small:10px;--awb-margin-right-small:0px;--awb-margin-bottom-small:10px;--awb-margin-left-small:0px;--awb-font-size:24px;\"><h4 class=\"fusion-title-heading title-heading-left\" style=\"font-family:&quot;IBM Plex Sans Condensed&quot;;font-style:normal;font-weight:500;margin:0;font-size:1em;line-height:1.2;\"><a href=\"https:\/\/www.mundusmaris.org\/de\/handwerklichen-fischerei-akademie\/ueberfischung-durch-auslaendische-fischerei-verschaerft-senegals-toedliche-migrationskrise-nach-europa\/\" class=\"awb-custom-text-color awb-custom-text-hover-color\" target=\"_self\">\u00dcberfischung durch ausl\u00e4ndische Fischerei versch\u00e4rft Senegals t\u00f6dliche Migrationskrise nach Europa<\/a><\/h4><\/div><\/div><\/li>\n<li class=\"fusion-layout-column fusion_builder_column fusion-builder-column-19 fusion-flex-column post-card fusion-grid-column fusion-post-cards-grid-column\" style=\"--awb-bg-color:var(--awb-color1);--awb-bg-color-hover:var(--awb-color1);--awb-bg-blend:overlay;--awb-bg-size:cover;--awb-flex-grow:0;--awb-flex-shrink:0;--awb-flex-grow-medium:0;--awb-flex-shrink-medium:0;--awb-flex-grow-small:0;--awb-flex-shrink-small:0;\" data-scroll-devices=\"small-visibility,medium-visibility,large-visibility\"><div class=\"fusion-column-wrapper fusion-column-has-shadow fusion-flex-justify-content-space-around fusion-content-layout-column\"><div class=\"fusion-classic-product-image-wrapper fusion-woo-product-image fusion-post-card-image fusion-post-card-image-1 has-aspect-ratio\" data-layout=\"static\" style=\"--awb-aspect-ratio:3 \/ 2;\"><div  class=\"fusion-image-wrapper\" aria-haspopup=\"true\">\n\t\t\t\t\t\t\t<a href=\"https:\/\/www.mundusmaris.org\/de\/handwerklichen-fischerei-akademie\/mundus-maris-at-mare-2025\/\" aria-label=\"Mundus maris at MARE 2025\">\n\t\t\t\t\t\t\t<img decoding=\"async\" width=\"500\" height=\"298\" src=\"https:\/\/www.mundusmaris.org\/wp-content\/uploads\/2025\/08\/banner-rkxecww3wx4s-3257804687.jpg\" class=\"attachment-full size-full wp-post-image\" alt=\"\" srcset=\"https:\/\/www.mundusmaris.org\/wp-content\/uploads\/2025\/08\/banner-rkxecww3wx4s-3257804687-200x119.jpg 200w, https:\/\/www.mundusmaris.org\/wp-content\/uploads\/2025\/08\/banner-rkxecww3wx4s-3257804687-400x238.jpg 400w, https:\/\/www.mundusmaris.org\/wp-content\/uploads\/2025\/08\/banner-rkxecww3wx4s-3257804687.jpg 500w\" sizes=\"(min-width: 2200px) 100vw, (min-width: 784px) 373px, (min-width: 712px) 560px, (min-width: 640px) 712px, \" \/>\t\t\t<\/a>\n\t\t\t\t\t\t\t<\/div>\n<\/div><div class=\"fusion-meta-tb fusion-meta-tb-18 floated\" style=\"--awb-border-top:0px;--awb-height:36px;--awb-alignment-medium:flex-start;--awb-alignment-small:flex-start;\"><span class=\"fusion-tb-published-date\">Published On: 30. Juni 2025<\/span><span class=\"fusion-meta-tb-sep\"><\/span><\/div><div class=\"fusion-title title fusion-title-19 fusion-sep-none fusion-title-text fusion-title-size-four\" style=\"--awb-margin-top:20px;--awb-margin-right:20px;--awb-margin-bottom:20px;--awb-margin-left:20px;--awb-margin-top-small:10px;--awb-margin-right-small:0px;--awb-margin-bottom-small:10px;--awb-margin-left-small:0px;--awb-font-size:24px;\"><h4 class=\"fusion-title-heading title-heading-left\" style=\"font-family:&quot;IBM Plex Sans Condensed&quot;;font-style:normal;font-weight:500;margin:0;font-size:1em;line-height:1.2;\"><a href=\"https:\/\/www.mundusmaris.org\/de\/handwerklichen-fischerei-akademie\/mundus-maris-at-mare-2025\/\" class=\"awb-custom-text-color awb-custom-text-hover-color\" target=\"_self\">Mundus maris at MARE 2025<\/a><\/h4><\/div><\/div><\/li>\n<li class=\"fusion-layout-column fusion_builder_column fusion-builder-column-20 fusion-flex-column post-card fusion-grid-column fusion-post-cards-grid-column\" style=\"--awb-bg-color:var(--awb-color1);--awb-bg-color-hover:var(--awb-color1);--awb-bg-blend:overlay;--awb-bg-size:cover;--awb-flex-grow:0;--awb-flex-shrink:0;--awb-flex-grow-medium:0;--awb-flex-shrink-medium:0;--awb-flex-grow-small:0;--awb-flex-shrink-small:0;\" data-scroll-devices=\"small-visibility,medium-visibility,large-visibility\"><div class=\"fusion-column-wrapper fusion-column-has-shadow fusion-flex-justify-content-space-around fusion-content-layout-column\"><div class=\"fusion-classic-product-image-wrapper fusion-woo-product-image fusion-post-card-image fusion-post-card-image-1 has-aspect-ratio\" data-layout=\"static\" style=\"--awb-aspect-ratio:3 \/ 2;\"><div  class=\"fusion-image-wrapper\" aria-haspopup=\"true\">\n\t\t\t\t\t\t\t<a href=\"https:\/\/www.mundusmaris.org\/de\/filme\/plastik-odyssee-mehr-als-ein-weiterer-film-gegen-plastikmuell-im-meer\/\" aria-label=\"Plastik Odyssee &#8211; mehr als ein weiterer Film gegen Plastikm\u00fcll im Meer\">\n\t\t\t\t\t\t\t<img decoding=\"async\" width=\"500\" height=\"356\" src=\"https:\/\/www.mundusmaris.org\/wp-content\/uploads\/2025\/06\/PlasticOdysseyFeature.jpg\" class=\"attachment-full size-full wp-post-image\" alt=\"\" srcset=\"https:\/\/www.mundusmaris.org\/wp-content\/uploads\/2025\/06\/PlasticOdysseyFeature-200x142.jpg 200w, https:\/\/www.mundusmaris.org\/wp-content\/uploads\/2025\/06\/PlasticOdysseyFeature-400x285.jpg 400w, https:\/\/www.mundusmaris.org\/wp-content\/uploads\/2025\/06\/PlasticOdysseyFeature.jpg 500w\" sizes=\"(min-width: 2200px) 100vw, (min-width: 784px) 373px, (min-width: 712px) 560px, (min-width: 640px) 712px, \" \/>\t\t\t<\/a>\n\t\t\t\t\t\t\t<\/div>\n<\/div><div class=\"fusion-meta-tb fusion-meta-tb-19 floated\" style=\"--awb-border-top:0px;--awb-height:36px;--awb-alignment-medium:flex-start;--awb-alignment-small:flex-start;\"><span class=\"fusion-tb-published-date\">Published On: 18. Juni 2025<\/span><span class=\"fusion-meta-tb-sep\"><\/span><\/div><div class=\"fusion-title title fusion-title-20 fusion-sep-none fusion-title-text fusion-title-size-four\" style=\"--awb-margin-top:20px;--awb-margin-right:20px;--awb-margin-bottom:20px;--awb-margin-left:20px;--awb-margin-top-small:10px;--awb-margin-right-small:0px;--awb-margin-bottom-small:10px;--awb-margin-left-small:0px;--awb-font-size:24px;\"><h4 class=\"fusion-title-heading title-heading-left\" style=\"font-family:&quot;IBM Plex Sans Condensed&quot;;font-style:normal;font-weight:500;margin:0;font-size:1em;line-height:1.2;\"><a href=\"https:\/\/www.mundusmaris.org\/de\/filme\/plastik-odyssee-mehr-als-ein-weiterer-film-gegen-plastikmuell-im-meer\/\" class=\"awb-custom-text-color awb-custom-text-hover-color\" target=\"_self\">Plastik Odyssee &#8211; mehr als ein weiterer Film gegen Plastikm\u00fcll im Meer<\/a><\/h4><\/div><\/div><\/li>\n<li class=\"fusion-layout-column fusion_builder_column fusion-builder-column-21 fusion-flex-column post-card fusion-grid-column fusion-post-cards-grid-column\" style=\"--awb-bg-color:var(--awb-color1);--awb-bg-color-hover:var(--awb-color1);--awb-bg-blend:overlay;--awb-bg-size:cover;--awb-flex-grow:0;--awb-flex-shrink:0;--awb-flex-grow-medium:0;--awb-flex-shrink-medium:0;--awb-flex-grow-small:0;--awb-flex-shrink-small:0;\" data-scroll-devices=\"small-visibility,medium-visibility,large-visibility\"><div class=\"fusion-column-wrapper fusion-column-has-shadow fusion-flex-justify-content-space-around fusion-content-layout-column\"><div class=\"fusion-classic-product-image-wrapper fusion-woo-product-image fusion-post-card-image fusion-post-card-image-1 has-aspect-ratio\" data-layout=\"static\" style=\"--awb-aspect-ratio:3 \/ 2;\"><div  class=\"fusion-image-wrapper\" aria-haspopup=\"true\">\n\t\t\t\t\t\t\t<a href=\"https:\/\/www.mundusmaris.org\/de\/aktivitaten\/stop-der-uberfischung\/ein-paar-weitere-hoehepunkte-der-unoc3\/\" aria-label=\"Ein paar weitere H\u00f6hepunkte der UNOC3\">\n\t\t\t\t\t\t\t<img decoding=\"async\" width=\"500\" height=\"313\" src=\"https:\/\/www.mundusmaris.org\/wp-content\/uploads\/2025\/07\/BaseCampRiseUp.jpg\" class=\"attachment-full size-full wp-post-image\" alt=\"\" srcset=\"https:\/\/www.mundusmaris.org\/wp-content\/uploads\/2025\/07\/BaseCampRiseUp-200x125.jpg 200w, https:\/\/www.mundusmaris.org\/wp-content\/uploads\/2025\/07\/BaseCampRiseUp-400x250.jpg 400w, https:\/\/www.mundusmaris.org\/wp-content\/uploads\/2025\/07\/BaseCampRiseUp.jpg 500w\" sizes=\"(min-width: 2200px) 100vw, (min-width: 784px) 373px, (min-width: 712px) 560px, (min-width: 640px) 712px, \" \/>\t\t\t<\/a>\n\t\t\t\t\t\t\t<\/div>\n<\/div><div class=\"fusion-meta-tb fusion-meta-tb-20 floated\" style=\"--awb-border-top:0px;--awb-height:36px;--awb-alignment-medium:flex-start;--awb-alignment-small:flex-start;\"><span class=\"fusion-tb-published-date\">Published On: 13. Juni 2025<\/span><span class=\"fusion-meta-tb-sep\"><\/span><\/div><div class=\"fusion-title title fusion-title-21 fusion-sep-none fusion-title-text fusion-title-size-four\" style=\"--awb-margin-top:20px;--awb-margin-right:20px;--awb-margin-bottom:20px;--awb-margin-left:20px;--awb-margin-top-small:10px;--awb-margin-right-small:0px;--awb-margin-bottom-small:10px;--awb-margin-left-small:0px;--awb-font-size:24px;\"><h4 class=\"fusion-title-heading title-heading-left\" style=\"font-family:&quot;IBM Plex Sans Condensed&quot;;font-style:normal;font-weight:500;margin:0;font-size:1em;line-height:1.2;\"><a href=\"https:\/\/www.mundusmaris.org\/de\/aktivitaten\/stop-der-uberfischung\/ein-paar-weitere-hoehepunkte-der-unoc3\/\" class=\"awb-custom-text-color awb-custom-text-hover-color\" target=\"_self\">Ein paar weitere H\u00f6hepunkte der UNOC3<\/a><\/h4><\/div><\/div><\/li>\n<li class=\"fusion-layout-column fusion_builder_column fusion-builder-column-22 fusion-flex-column post-card fusion-grid-column fusion-post-cards-grid-column\" style=\"--awb-bg-color:var(--awb-color1);--awb-bg-color-hover:var(--awb-color1);--awb-bg-blend:overlay;--awb-bg-size:cover;--awb-flex-grow:0;--awb-flex-shrink:0;--awb-flex-grow-medium:0;--awb-flex-shrink-medium:0;--awb-flex-grow-small:0;--awb-flex-shrink-small:0;\" data-scroll-devices=\"small-visibility,medium-visibility,large-visibility\"><div class=\"fusion-column-wrapper fusion-column-has-shadow fusion-flex-justify-content-space-around fusion-content-layout-column\"><div class=\"fusion-classic-product-image-wrapper fusion-woo-product-image fusion-post-card-image fusion-post-card-image-1 has-aspect-ratio\" data-layout=\"static\" style=\"--awb-aspect-ratio:3 \/ 2;\"><div  class=\"fusion-image-wrapper\" aria-haspopup=\"true\">\n\t\t\t\t\t\t\t<a href=\"https:\/\/www.mundusmaris.org\/de\/handwerklichen-fischerei-akademie\/handwerkliche-fischerei-im-mittelpunkt-von-meeresbewirtschaftung-und-ernaehrungssicherheit\/\" aria-label=\"Handwerkliche Fischerei im Mittelpunkt von Meeresbewirtschaftung und Ern\u00e4hrungssicherheit\">\n\t\t\t\t\t\t\t<img decoding=\"async\" width=\"500\" height=\"331\" src=\"https:\/\/www.mundusmaris.org\/wp-content\/uploads\/2025\/06\/ZoilaBustamanteConapachChile-1.jpg\" class=\"attachment-full size-full wp-post-image\" alt=\"\" srcset=\"https:\/\/www.mundusmaris.org\/wp-content\/uploads\/2025\/06\/ZoilaBustamanteConapachChile-1-200x132.jpg 200w, https:\/\/www.mundusmaris.org\/wp-content\/uploads\/2025\/06\/ZoilaBustamanteConapachChile-1-400x265.jpg 400w, https:\/\/www.mundusmaris.org\/wp-content\/uploads\/2025\/06\/ZoilaBustamanteConapachChile-1.jpg 500w\" sizes=\"(min-width: 2200px) 100vw, (min-width: 784px) 373px, (min-width: 712px) 560px, (min-width: 640px) 712px, \" \/>\t\t\t<\/a>\n\t\t\t\t\t\t\t<\/div>\n<\/div><div class=\"fusion-meta-tb fusion-meta-tb-21 floated\" style=\"--awb-border-top:0px;--awb-height:36px;--awb-alignment-medium:flex-start;--awb-alignment-small:flex-start;\"><span class=\"fusion-tb-published-date\">Published On: 13. Juni 2025<\/span><span class=\"fusion-meta-tb-sep\"><\/span><\/div><div class=\"fusion-title title fusion-title-22 fusion-sep-none fusion-title-text fusion-title-size-four\" style=\"--awb-margin-top:20px;--awb-margin-right:20px;--awb-margin-bottom:20px;--awb-margin-left:20px;--awb-margin-top-small:10px;--awb-margin-right-small:0px;--awb-margin-bottom-small:10px;--awb-margin-left-small:0px;--awb-font-size:24px;\"><h4 class=\"fusion-title-heading title-heading-left\" style=\"font-family:&quot;IBM Plex Sans Condensed&quot;;font-style:normal;font-weight:500;margin:0;font-size:1em;line-height:1.2;\"><a href=\"https:\/\/www.mundusmaris.org\/de\/handwerklichen-fischerei-akademie\/handwerkliche-fischerei-im-mittelpunkt-von-meeresbewirtschaftung-und-ernaehrungssicherheit\/\" class=\"awb-custom-text-color awb-custom-text-hover-color\" target=\"_self\">Handwerkliche Fischerei im Mittelpunkt von Meeresbewirtschaftung und Ern\u00e4hrungssicherheit<\/a><\/h4><\/div><\/div><\/li>\n<li class=\"fusion-layout-column fusion_builder_column fusion-builder-column-23 fusion-flex-column post-card fusion-grid-column fusion-post-cards-grid-column\" style=\"--awb-bg-color:var(--awb-color1);--awb-bg-color-hover:var(--awb-color1);--awb-bg-blend:overlay;--awb-bg-size:cover;--awb-flex-grow:0;--awb-flex-shrink:0;--awb-flex-grow-medium:0;--awb-flex-shrink-medium:0;--awb-flex-grow-small:0;--awb-flex-shrink-small:0;\" data-scroll-devices=\"small-visibility,medium-visibility,large-visibility\"><div class=\"fusion-column-wrapper fusion-column-has-shadow fusion-flex-justify-content-space-around fusion-content-layout-column\"><div class=\"fusion-classic-product-image-wrapper fusion-woo-product-image fusion-post-card-image fusion-post-card-image-1 has-aspect-ratio\" data-layout=\"static\" style=\"--awb-aspect-ratio:3 \/ 2;\"><div  class=\"fusion-image-wrapper\" aria-haspopup=\"true\">\n\t\t\t\t\t\t\t<a href=\"https:\/\/www.mundusmaris.org\/de\/aktivitaten\/ozean-und-klimaschutz\/die-vier-blauen-notizbuecher-waren-ein-durchschlagender-erfolg-bei-der-unoc3\/\" aria-label=\"Die vier blauen Notizb\u00fccher waren ein durchschlagender Erfolg bei der UNOC3\">\n\t\t\t\t\t\t\t<img decoding=\"async\" width=\"500\" height=\"375\" src=\"https:\/\/www.mundusmaris.org\/wp-content\/uploads\/2025\/06\/NoteBookFeature.jpg\" class=\"attachment-full size-full wp-post-image\" alt=\"\" srcset=\"https:\/\/www.mundusmaris.org\/wp-content\/uploads\/2025\/06\/NoteBookFeature-200x150.jpg 200w, https:\/\/www.mundusmaris.org\/wp-content\/uploads\/2025\/06\/NoteBookFeature-400x300.jpg 400w, https:\/\/www.mundusmaris.org\/wp-content\/uploads\/2025\/06\/NoteBookFeature.jpg 500w\" sizes=\"(min-width: 2200px) 100vw, (min-width: 784px) 373px, (min-width: 712px) 560px, (min-width: 640px) 712px, \" \/>\t\t\t<\/a>\n\t\t\t\t\t\t\t<\/div>\n<\/div><div class=\"fusion-meta-tb fusion-meta-tb-22 floated\" style=\"--awb-border-top:0px;--awb-height:36px;--awb-alignment-medium:flex-start;--awb-alignment-small:flex-start;\"><span class=\"fusion-tb-published-date\">Published On: 11. Juni 2025<\/span><span class=\"fusion-meta-tb-sep\"><\/span><\/div><div class=\"fusion-title title fusion-title-23 fusion-sep-none fusion-title-text fusion-title-size-four\" style=\"--awb-margin-top:20px;--awb-margin-right:20px;--awb-margin-bottom:20px;--awb-margin-left:20px;--awb-margin-top-small:10px;--awb-margin-right-small:0px;--awb-margin-bottom-small:10px;--awb-margin-left-small:0px;--awb-font-size:24px;\"><h4 class=\"fusion-title-heading title-heading-left\" style=\"font-family:&quot;IBM Plex Sans Condensed&quot;;font-style:normal;font-weight:500;margin:0;font-size:1em;line-height:1.2;\"><a href=\"https:\/\/www.mundusmaris.org\/de\/aktivitaten\/ozean-und-klimaschutz\/die-vier-blauen-notizbuecher-waren-ein-durchschlagender-erfolg-bei-der-unoc3\/\" class=\"awb-custom-text-color awb-custom-text-hover-color\" target=\"_self\">Die vier blauen Notizb\u00fccher waren ein durchschlagender Erfolg bei der UNOC3<\/a><\/h4><\/div><\/div><\/li>\n<li class=\"fusion-layout-column fusion_builder_column fusion-builder-column-24 fusion-flex-column post-card fusion-grid-column fusion-post-cards-grid-column\" style=\"--awb-bg-color:var(--awb-color1);--awb-bg-color-hover:var(--awb-color1);--awb-bg-blend:overlay;--awb-bg-size:cover;--awb-flex-grow:0;--awb-flex-shrink:0;--awb-flex-grow-medium:0;--awb-flex-shrink-medium:0;--awb-flex-grow-small:0;--awb-flex-shrink-small:0;\" data-scroll-devices=\"small-visibility,medium-visibility,large-visibility\"><div class=\"fusion-column-wrapper fusion-column-has-shadow fusion-flex-justify-content-space-around fusion-content-layout-column\"><div class=\"fusion-classic-product-image-wrapper fusion-woo-product-image fusion-post-card-image fusion-post-card-image-1 has-aspect-ratio\" data-layout=\"static\" style=\"--awb-aspect-ratio:3 \/ 2;\"><div  class=\"fusion-image-wrapper\" aria-haspopup=\"true\">\n\t\t\t\t\t\t\t<a href=\"https:\/\/www.mundusmaris.org\/de\/aktivitaten\/ozean-und-klimaschutz\/von-der-kueste-zum-gipfel-einer-der-hoehepunkte-der-unoc3\/\" aria-label=\"Von der K\u00fcste zum Gipfel &#8211; einer der H\u00f6hepunkte der UNOC3\">\n\t\t\t\t\t\t\t<img decoding=\"async\" width=\"500\" height=\"333\" src=\"https:\/\/www.mundusmaris.org\/wp-content\/uploads\/2025\/07\/PackedAudience.jpg\" class=\"attachment-full size-full wp-post-image\" alt=\"\" srcset=\"https:\/\/www.mundusmaris.org\/wp-content\/uploads\/2025\/07\/PackedAudience-200x133.jpg 200w, https:\/\/www.mundusmaris.org\/wp-content\/uploads\/2025\/07\/PackedAudience-400x266.jpg 400w, https:\/\/www.mundusmaris.org\/wp-content\/uploads\/2025\/07\/PackedAudience.jpg 500w\" sizes=\"(min-width: 2200px) 100vw, (min-width: 784px) 373px, (min-width: 712px) 560px, (min-width: 640px) 712px, \" \/>\t\t\t<\/a>\n\t\t\t\t\t\t\t<\/div>\n<\/div><div class=\"fusion-meta-tb fusion-meta-tb-23 floated\" style=\"--awb-border-top:0px;--awb-height:36px;--awb-alignment-medium:flex-start;--awb-alignment-small:flex-start;\"><span class=\"fusion-tb-published-date\">Published On: 11. Juni 2025<\/span><span class=\"fusion-meta-tb-sep\"><\/span><\/div><div class=\"fusion-title title fusion-title-24 fusion-sep-none fusion-title-text fusion-title-size-four\" style=\"--awb-margin-top:20px;--awb-margin-right:20px;--awb-margin-bottom:20px;--awb-margin-left:20px;--awb-margin-top-small:10px;--awb-margin-right-small:0px;--awb-margin-bottom-small:10px;--awb-margin-left-small:0px;--awb-font-size:24px;\"><h4 class=\"fusion-title-heading title-heading-left\" style=\"font-family:&quot;IBM Plex Sans Condensed&quot;;font-style:normal;font-weight:500;margin:0;font-size:1em;line-height:1.2;\"><a href=\"https:\/\/www.mundusmaris.org\/de\/aktivitaten\/ozean-und-klimaschutz\/von-der-kueste-zum-gipfel-einer-der-hoehepunkte-der-unoc3\/\" class=\"awb-custom-text-color awb-custom-text-hover-color\" target=\"_self\">Von der K\u00fcste zum Gipfel &#8211; einer der H\u00f6hepunkte der UNOC3<\/a><\/h4><\/div><\/div><\/li>\n<li class=\"fusion-layout-column fusion_builder_column fusion-builder-column-25 fusion-flex-column post-card fusion-grid-column fusion-post-cards-grid-column\" style=\"--awb-bg-color:var(--awb-color1);--awb-bg-color-hover:var(--awb-color1);--awb-bg-blend:overlay;--awb-bg-size:cover;--awb-flex-grow:0;--awb-flex-shrink:0;--awb-flex-grow-medium:0;--awb-flex-shrink-medium:0;--awb-flex-grow-small:0;--awb-flex-shrink-small:0;\" data-scroll-devices=\"small-visibility,medium-visibility,large-visibility\"><div class=\"fusion-column-wrapper fusion-column-has-shadow fusion-flex-justify-content-space-around fusion-content-layout-column\"><div class=\"fusion-classic-product-image-wrapper fusion-woo-product-image fusion-post-card-image fusion-post-card-image-1 has-aspect-ratio\" data-layout=\"static\" style=\"--awb-aspect-ratio:3 \/ 2;\"><div  class=\"fusion-image-wrapper\" aria-haspopup=\"true\">\n\t\t\t\t\t\t\t<a href=\"https:\/\/www.mundusmaris.org\/de\/veranstaltung\/erste-deutsche-nationale-ozean-konferenz-berlin-6-7-mai-2025\/\" aria-label=\"Erste Deutsche Nationale Ozean-Konferenz, Berlin, 6.-7. Mai 2025\">\n\t\t\t\t\t\t\t<img decoding=\"async\" width=\"500\" height=\"360\" src=\"https:\/\/www.mundusmaris.org\/wp-content\/uploads\/2025\/05\/KonferenzLogo500-1.jpg\" class=\"attachment-full size-full wp-post-image\" alt=\"\" srcset=\"https:\/\/www.mundusmaris.org\/wp-content\/uploads\/2025\/05\/KonferenzLogo500-1-200x144.jpg 200w, https:\/\/www.mundusmaris.org\/wp-content\/uploads\/2025\/05\/KonferenzLogo500-1-400x288.jpg 400w, https:\/\/www.mundusmaris.org\/wp-content\/uploads\/2025\/05\/KonferenzLogo500-1.jpg 500w\" sizes=\"(min-width: 2200px) 100vw, (min-width: 784px) 373px, (min-width: 712px) 560px, (min-width: 640px) 712px, \" \/>\t\t\t<\/a>\n\t\t\t\t\t\t\t<\/div>\n<\/div><div class=\"fusion-meta-tb fusion-meta-tb-24 floated\" style=\"--awb-border-top:0px;--awb-height:36px;--awb-alignment-medium:flex-start;--awb-alignment-small:flex-start;\"><span class=\"fusion-tb-published-date\">Published On: 12. Mai 2025<\/span><span class=\"fusion-meta-tb-sep\"><\/span><\/div><div class=\"fusion-title title fusion-title-25 fusion-sep-none fusion-title-text fusion-title-size-four\" style=\"--awb-margin-top:20px;--awb-margin-right:20px;--awb-margin-bottom:20px;--awb-margin-left:20px;--awb-margin-top-small:10px;--awb-margin-right-small:0px;--awb-margin-bottom-small:10px;--awb-margin-left-small:0px;--awb-font-size:24px;\"><h4 class=\"fusion-title-heading title-heading-left\" style=\"font-family:&quot;IBM Plex Sans Condensed&quot;;font-style:normal;font-weight:500;margin:0;font-size:1em;line-height:1.2;\"><a href=\"https:\/\/www.mundusmaris.org\/de\/veranstaltung\/erste-deutsche-nationale-ozean-konferenz-berlin-6-7-mai-2025\/\" class=\"awb-custom-text-color awb-custom-text-hover-color\" target=\"_self\">Erste Deutsche Nationale Ozean-Konferenz, Berlin, 6.-7. Mai 2025<\/a><\/h4><\/div><\/div><\/li>\n<li class=\"fusion-layout-column fusion_builder_column fusion-builder-column-26 fusion-flex-column post-card fusion-grid-column fusion-post-cards-grid-column\" style=\"--awb-bg-color:var(--awb-color1);--awb-bg-color-hover:var(--awb-color1);--awb-bg-blend:overlay;--awb-bg-size:cover;--awb-flex-grow:0;--awb-flex-shrink:0;--awb-flex-grow-medium:0;--awb-flex-shrink-medium:0;--awb-flex-grow-small:0;--awb-flex-shrink-small:0;\" data-scroll-devices=\"small-visibility,medium-visibility,large-visibility\"><div class=\"fusion-column-wrapper fusion-column-has-shadow fusion-flex-justify-content-space-around fusion-content-layout-column\"><div class=\"fusion-classic-product-image-wrapper fusion-woo-product-image fusion-post-card-image fusion-post-card-image-1 has-aspect-ratio\" data-layout=\"static\" style=\"--awb-aspect-ratio:3 \/ 2;\"><div  class=\"fusion-image-wrapper\" aria-haspopup=\"true\">\n\t\t\t\t\t\t\t<a href=\"https:\/\/www.mundusmaris.org\/de\/aktivitaten\/ozean-und-klimaschutz\/geoethik-einen-ganzen-tag-im-fokus-auf-der-egu-2025\/\" aria-label=\"Geoethik einen ganzen Tag im Fokus auf der EGU 2025\">\n\t\t\t\t\t\t\t<img decoding=\"async\" width=\"500\" height=\"348\" src=\"https:\/\/www.mundusmaris.org\/wp-content\/uploads\/2025\/05\/CorneliaAtEGU25_Feature.jpg\" class=\"attachment-full size-full wp-post-image\" alt=\"\" srcset=\"https:\/\/www.mundusmaris.org\/wp-content\/uploads\/2025\/05\/CorneliaAtEGU25_Feature-200x139.jpg 200w, https:\/\/www.mundusmaris.org\/wp-content\/uploads\/2025\/05\/CorneliaAtEGU25_Feature-400x278.jpg 400w, https:\/\/www.mundusmaris.org\/wp-content\/uploads\/2025\/05\/CorneliaAtEGU25_Feature.jpg 500w\" sizes=\"(min-width: 2200px) 100vw, (min-width: 784px) 373px, (min-width: 712px) 560px, (min-width: 640px) 712px, \" \/>\t\t\t<\/a>\n\t\t\t\t\t\t\t<\/div>\n<\/div><div class=\"fusion-meta-tb fusion-meta-tb-25 floated\" style=\"--awb-border-top:0px;--awb-height:36px;--awb-alignment-medium:flex-start;--awb-alignment-small:flex-start;\"><span class=\"fusion-tb-published-date\">Published On: 11. Mai 2025<\/span><span class=\"fusion-meta-tb-sep\"><\/span><\/div><div class=\"fusion-title title fusion-title-26 fusion-sep-none fusion-title-text fusion-title-size-four\" style=\"--awb-margin-top:20px;--awb-margin-right:20px;--awb-margin-bottom:20px;--awb-margin-left:20px;--awb-margin-top-small:10px;--awb-margin-right-small:0px;--awb-margin-bottom-small:10px;--awb-margin-left-small:0px;--awb-font-size:24px;\"><h4 class=\"fusion-title-heading title-heading-left\" style=\"font-family:&quot;IBM Plex Sans Condensed&quot;;font-style:normal;font-weight:500;margin:0;font-size:1em;line-height:1.2;\"><a href=\"https:\/\/www.mundusmaris.org\/de\/aktivitaten\/ozean-und-klimaschutz\/geoethik-einen-ganzen-tag-im-fokus-auf-der-egu-2025\/\" class=\"awb-custom-text-color awb-custom-text-hover-color\" target=\"_self\">Geoethik einen ganzen Tag im Fokus auf der EGU 2025<\/a><\/h4><\/div><\/div><\/li>\n<li class=\"fusion-layout-column fusion_builder_column fusion-builder-column-27 fusion-flex-column post-card fusion-grid-column fusion-post-cards-grid-column\" style=\"--awb-bg-color:var(--awb-color1);--awb-bg-color-hover:var(--awb-color1);--awb-bg-blend:overlay;--awb-bg-size:cover;--awb-flex-grow:0;--awb-flex-shrink:0;--awb-flex-grow-medium:0;--awb-flex-shrink-medium:0;--awb-flex-grow-small:0;--awb-flex-shrink-small:0;\" data-scroll-devices=\"small-visibility,medium-visibility,large-visibility\"><div class=\"fusion-column-wrapper fusion-column-has-shadow fusion-flex-justify-content-space-around fusion-content-layout-column\"><div class=\"fusion-classic-product-image-wrapper fusion-woo-product-image fusion-post-card-image fusion-post-card-image-1 has-aspect-ratio\" data-layout=\"static\" style=\"--awb-aspect-ratio:3 \/ 2;\"><div  class=\"fusion-image-wrapper\" aria-haspopup=\"true\">\n\t\t\t\t\t\t\t<a href=\"https:\/\/www.mundusmaris.org\/de\/aktivitaten\/ozean-und-klimaschutz\/verhandlungen-ueber-umweltfragen-und-die-bedeutung-von-wissenschaft-und-nichtregierungsorganisationen\/\" aria-label=\"Verhandlungen \u00fcber Umweltfragen und die Bedeutung von Wissenschaft und Nichtregierungsorganisationen\">\n\t\t\t\t\t\t\t<img decoding=\"async\" width=\"500\" height=\"352\" src=\"https:\/\/www.mundusmaris.org\/wp-content\/uploads\/2025\/04\/CENauenStartLecture500.jpg\" class=\"attachment-full size-full wp-post-image\" alt=\"\" srcset=\"https:\/\/www.mundusmaris.org\/wp-content\/uploads\/2025\/04\/CENauenStartLecture500-200x141.jpg 200w, https:\/\/www.mundusmaris.org\/wp-content\/uploads\/2025\/04\/CENauenStartLecture500-400x282.jpg 400w, https:\/\/www.mundusmaris.org\/wp-content\/uploads\/2025\/04\/CENauenStartLecture500.jpg 500w\" sizes=\"(min-width: 2200px) 100vw, (min-width: 784px) 373px, (min-width: 712px) 560px, (min-width: 640px) 712px, \" \/>\t\t\t<\/a>\n\t\t\t\t\t\t\t<\/div>\n<\/div><div class=\"fusion-meta-tb fusion-meta-tb-26 floated\" style=\"--awb-border-top:0px;--awb-height:36px;--awb-alignment-medium:flex-start;--awb-alignment-small:flex-start;\"><span class=\"fusion-tb-published-date\">Published On: 13. April 2025<\/span><span class=\"fusion-meta-tb-sep\"><\/span><\/div><div class=\"fusion-title title fusion-title-27 fusion-sep-none fusion-title-text fusion-title-size-four\" style=\"--awb-margin-top:20px;--awb-margin-right:20px;--awb-margin-bottom:20px;--awb-margin-left:20px;--awb-margin-top-small:10px;--awb-margin-right-small:0px;--awb-margin-bottom-small:10px;--awb-margin-left-small:0px;--awb-font-size:24px;\"><h4 class=\"fusion-title-heading title-heading-left\" style=\"font-family:&quot;IBM Plex Sans Condensed&quot;;font-style:normal;font-weight:500;margin:0;font-size:1em;line-height:1.2;\"><a href=\"https:\/\/www.mundusmaris.org\/de\/aktivitaten\/ozean-und-klimaschutz\/verhandlungen-ueber-umweltfragen-und-die-bedeutung-von-wissenschaft-und-nichtregierungsorganisationen\/\" class=\"awb-custom-text-color awb-custom-text-hover-color\" target=\"_self\">Verhandlungen \u00fcber Umweltfragen und die Bedeutung von Wissenschaft und Nichtregierungsorganisationen<\/a><\/h4><\/div><\/div><\/li>\n<li class=\"fusion-layout-column fusion_builder_column fusion-builder-column-28 fusion-flex-column post-card fusion-grid-column fusion-post-cards-grid-column\" style=\"--awb-bg-color:var(--awb-color1);--awb-bg-color-hover:var(--awb-color1);--awb-bg-blend:overlay;--awb-bg-size:cover;--awb-flex-grow:0;--awb-flex-shrink:0;--awb-flex-grow-medium:0;--awb-flex-shrink-medium:0;--awb-flex-grow-small:0;--awb-flex-shrink-small:0;\" data-scroll-devices=\"small-visibility,medium-visibility,large-visibility\"><div class=\"fusion-column-wrapper fusion-column-has-shadow fusion-flex-justify-content-space-around fusion-content-layout-column\"><div class=\"fusion-classic-product-image-wrapper fusion-woo-product-image fusion-post-card-image fusion-post-card-image-1 has-aspect-ratio\" data-layout=\"static\" style=\"--awb-aspect-ratio:3 \/ 2;\"><div  class=\"fusion-image-wrapper\" aria-haspopup=\"true\">\n\t\t\t\t\t\t\t<a href=\"https:\/\/www.mundusmaris.org\/de\/handwerklichen-fischerei-akademie\/macht-den-fischfang-fair-in-der-eu-25-maerz-2025make-fishing-fair-in-the-eu-25-march-2025\/\" aria-label=\"Macht den Fischfang fair in der EU,  25. M\u00e4rz 2025\">\n\t\t\t\t\t\t\t<img decoding=\"async\" width=\"500\" height=\"333\" src=\"https:\/\/www.mundusmaris.org\/wp-content\/uploads\/2025\/03\/LIFEatEP.jpg\" class=\"attachment-full size-full wp-post-image\" alt=\"\" srcset=\"https:\/\/www.mundusmaris.org\/wp-content\/uploads\/2025\/03\/LIFEatEP-200x133.jpg 200w, https:\/\/www.mundusmaris.org\/wp-content\/uploads\/2025\/03\/LIFEatEP-400x266.jpg 400w, https:\/\/www.mundusmaris.org\/wp-content\/uploads\/2025\/03\/LIFEatEP.jpg 500w\" sizes=\"(min-width: 2200px) 100vw, (min-width: 784px) 373px, (min-width: 712px) 560px, (min-width: 640px) 712px, \" \/>\t\t\t<\/a>\n\t\t\t\t\t\t\t<\/div>\n<\/div><div class=\"fusion-meta-tb fusion-meta-tb-27 floated\" style=\"--awb-border-top:0px;--awb-height:36px;--awb-alignment-medium:flex-start;--awb-alignment-small:flex-start;\"><span class=\"fusion-tb-published-date\">Published On: 27. M\u00e4rz 2025<\/span><span class=\"fusion-meta-tb-sep\"><\/span><\/div><div class=\"fusion-title title fusion-title-28 fusion-sep-none fusion-title-text fusion-title-size-four\" style=\"--awb-margin-top:20px;--awb-margin-right:20px;--awb-margin-bottom:20px;--awb-margin-left:20px;--awb-margin-top-small:10px;--awb-margin-right-small:0px;--awb-margin-bottom-small:10px;--awb-margin-left-small:0px;--awb-font-size:24px;\"><h4 class=\"fusion-title-heading title-heading-left\" style=\"font-family:&quot;IBM Plex Sans Condensed&quot;;font-style:normal;font-weight:500;margin:0;font-size:1em;line-height:1.2;\"><a href=\"https:\/\/www.mundusmaris.org\/de\/handwerklichen-fischerei-akademie\/macht-den-fischfang-fair-in-der-eu-25-maerz-2025make-fishing-fair-in-the-eu-25-march-2025\/\" class=\"awb-custom-text-color awb-custom-text-hover-color\" target=\"_self\">Macht den Fischfang fair in der EU,  25. M\u00e4rz 2025<\/a><\/h4><\/div><\/div><\/li>\n<li class=\"fusion-layout-column fusion_builder_column fusion-builder-column-29 fusion-flex-column post-card fusion-grid-column fusion-post-cards-grid-column\" style=\"--awb-bg-color:var(--awb-color1);--awb-bg-color-hover:var(--awb-color1);--awb-bg-blend:overlay;--awb-bg-size:cover;--awb-flex-grow:0;--awb-flex-shrink:0;--awb-flex-grow-medium:0;--awb-flex-shrink-medium:0;--awb-flex-grow-small:0;--awb-flex-shrink-small:0;\" data-scroll-devices=\"small-visibility,medium-visibility,large-visibility\"><div class=\"fusion-column-wrapper fusion-column-has-shadow fusion-flex-justify-content-space-around fusion-content-layout-column\"><div class=\"fusion-classic-product-image-wrapper fusion-woo-product-image fusion-post-card-image fusion-post-card-image-1 has-aspect-ratio\" data-layout=\"static\" style=\"--awb-aspect-ratio:3 \/ 2;\"><div  class=\"fusion-image-wrapper\" aria-haspopup=\"true\">\n\t\t\t\t\t\t\t<a href=\"https:\/\/www.mundusmaris.org\/de\/veranstaltung\/die-4-blauen-notebooks-les-4-cahiers-bleus-los-4-cuadernos-azules\/\" aria-label=\"Die 4 Blauen Notebooks | Les 4 Cahiers Bleus | Los 4 Cuadernos Azules\">\n\t\t\t\t\t\t\t<img decoding=\"async\" width=\"500\" height=\"375\" src=\"https:\/\/www.mundusmaris.org\/wp-content\/uploads\/2025\/06\/NoteBookFeature.jpg\" class=\"attachment-full size-full wp-post-image\" alt=\"\" srcset=\"https:\/\/www.mundusmaris.org\/wp-content\/uploads\/2025\/06\/NoteBookFeature-200x150.jpg 200w, https:\/\/www.mundusmaris.org\/wp-content\/uploads\/2025\/06\/NoteBookFeature-400x300.jpg 400w, https:\/\/www.mundusmaris.org\/wp-content\/uploads\/2025\/06\/NoteBookFeature.jpg 500w\" sizes=\"(min-width: 2200px) 100vw, (min-width: 784px) 373px, (min-width: 712px) 560px, (min-width: 640px) 712px, \" \/>\t\t\t<\/a>\n\t\t\t\t\t\t\t<\/div>\n<\/div><div class=\"fusion-meta-tb fusion-meta-tb-28 floated\" style=\"--awb-border-top:0px;--awb-height:36px;--awb-alignment-medium:flex-start;--awb-alignment-small:flex-start;\"><span class=\"fusion-tb-published-date\">Published On: 14. M\u00e4rz 2025<\/span><span class=\"fusion-meta-tb-sep\"><\/span><\/div><div class=\"fusion-title title fusion-title-29 fusion-sep-none fusion-title-text fusion-title-size-four\" style=\"--awb-margin-top:20px;--awb-margin-right:20px;--awb-margin-bottom:20px;--awb-margin-left:20px;--awb-margin-top-small:10px;--awb-margin-right-small:0px;--awb-margin-bottom-small:10px;--awb-margin-left-small:0px;--awb-font-size:24px;\"><h4 class=\"fusion-title-heading title-heading-left\" style=\"font-family:&quot;IBM Plex Sans Condensed&quot;;font-style:normal;font-weight:500;margin:0;font-size:1em;line-height:1.2;\"><a href=\"https:\/\/www.mundusmaris.org\/de\/veranstaltung\/die-4-blauen-notebooks-les-4-cahiers-bleus-los-4-cuadernos-azules\/\" class=\"awb-custom-text-color awb-custom-text-hover-color\" target=\"_self\">Die 4 Blauen Notebooks | Les 4 Cahiers Bleus | Los 4 Cuadernos Azules<\/a><\/h4><\/div><\/div><\/li>\n<li class=\"fusion-layout-column fusion_builder_column fusion-builder-column-30 fusion-flex-column post-card fusion-grid-column fusion-post-cards-grid-column\" style=\"--awb-bg-color:var(--awb-color1);--awb-bg-color-hover:var(--awb-color1);--awb-bg-blend:overlay;--awb-bg-size:cover;--awb-flex-grow:0;--awb-flex-shrink:0;--awb-flex-grow-medium:0;--awb-flex-shrink-medium:0;--awb-flex-grow-small:0;--awb-flex-shrink-small:0;\" data-scroll-devices=\"small-visibility,medium-visibility,large-visibility\"><div class=\"fusion-column-wrapper fusion-column-has-shadow fusion-flex-justify-content-space-around fusion-content-layout-column\"><div class=\"fusion-classic-product-image-wrapper fusion-woo-product-image fusion-post-card-image fusion-post-card-image-1 has-aspect-ratio\" data-layout=\"static\" style=\"--awb-aspect-ratio:3 \/ 2;\"><div  class=\"fusion-image-wrapper\" aria-haspopup=\"true\">\n\t\t\t\t\t\t\t<a href=\"https:\/\/www.mundusmaris.org\/de\/aktivitaten\/ozean-und-klimaschutz\/strenger-schutz-in-europaeischen-meeren-wie-er-mensch-und-natur-hilft\/\" aria-label=\"Strenger Schutz in europ\u00e4ischen Meeren: Wie er Mensch und Natur hilft\">\n\t\t\t\t\t\t\t<img decoding=\"async\" width=\"499\" height=\"333\" src=\"https:\/\/www.mundusmaris.org\/wp-content\/uploads\/2025\/04\/LucEeckhaut19_2015.jpg\" class=\"attachment-full size-full wp-post-image\" alt=\"\" srcset=\"https:\/\/www.mundusmaris.org\/wp-content\/uploads\/2025\/04\/LucEeckhaut19_2015-200x133.jpg 200w, https:\/\/www.mundusmaris.org\/wp-content\/uploads\/2025\/04\/LucEeckhaut19_2015-400x267.jpg 400w, https:\/\/www.mundusmaris.org\/wp-content\/uploads\/2025\/04\/LucEeckhaut19_2015.jpg 499w\" sizes=\"(min-width: 2200px) 100vw, (min-width: 784px) 373px, (min-width: 712px) 560px, (min-width: 640px) 712px, \" \/>\t\t\t<\/a>\n\t\t\t\t\t\t\t<\/div>\n<\/div><div class=\"fusion-meta-tb fusion-meta-tb-29 floated\" style=\"--awb-border-top:0px;--awb-height:36px;--awb-alignment-medium:flex-start;--awb-alignment-small:flex-start;\"><span class=\"fusion-tb-published-date\">Published On: 12. M\u00e4rz 2025<\/span><span class=\"fusion-meta-tb-sep\"><\/span><\/div><div class=\"fusion-title title fusion-title-30 fusion-sep-none fusion-title-text fusion-title-size-four\" style=\"--awb-margin-top:20px;--awb-margin-right:20px;--awb-margin-bottom:20px;--awb-margin-left:20px;--awb-margin-top-small:10px;--awb-margin-right-small:0px;--awb-margin-bottom-small:10px;--awb-margin-left-small:0px;--awb-font-size:24px;\"><h4 class=\"fusion-title-heading title-heading-left\" style=\"font-family:&quot;IBM Plex Sans Condensed&quot;;font-style:normal;font-weight:500;margin:0;font-size:1em;line-height:1.2;\"><a href=\"https:\/\/www.mundusmaris.org\/de\/aktivitaten\/ozean-und-klimaschutz\/strenger-schutz-in-europaeischen-meeren-wie-er-mensch-und-natur-hilft\/\" class=\"awb-custom-text-color awb-custom-text-hover-color\" target=\"_self\">Strenger Schutz in europ\u00e4ischen Meeren: Wie er Mensch und Natur hilft<\/a><\/h4><\/div><\/div><\/li>\n<li class=\"fusion-layout-column fusion_builder_column fusion-builder-column-31 fusion-flex-column post-card fusion-grid-column fusion-post-cards-grid-column\" style=\"--awb-bg-color:var(--awb-color1);--awb-bg-color-hover:var(--awb-color1);--awb-bg-blend:overlay;--awb-bg-size:cover;--awb-flex-grow:0;--awb-flex-shrink:0;--awb-flex-grow-medium:0;--awb-flex-shrink-medium:0;--awb-flex-grow-small:0;--awb-flex-shrink-small:0;\" data-scroll-devices=\"small-visibility,medium-visibility,large-visibility\"><div class=\"fusion-column-wrapper fusion-column-has-shadow fusion-flex-justify-content-space-around fusion-content-layout-column\"><div class=\"fusion-classic-product-image-wrapper fusion-woo-product-image fusion-post-card-image fusion-post-card-image-1 has-aspect-ratio\" data-layout=\"static\" style=\"--awb-aspect-ratio:3 \/ 2;\"><div  class=\"fusion-image-wrapper\" aria-haspopup=\"true\">\n\t\t\t\t\t\t\t<a href=\"https:\/\/www.mundusmaris.org\/de\/aktivitaten\/ozean-und-klimaschutz\/helfen-sie-mit-den-europaeischen-ozeanpakt-zu-gestalten-bruessel-5-maerz-2025\/\" aria-label=\"Helfen Sie mit, den Europ\u00e4ischen Ozeanpakt zu gestalten, Br\u00fcssel, 5. M\u00e4rz 2025\">\n\t\t\t\t\t\t\t<img decoding=\"async\" width=\"500\" height=\"333\" src=\"https:\/\/www.mundusmaris.org\/wp-content\/uploads\/2025\/03\/CharlinaVitcheva_CENauen500.jpg\" class=\"attachment-full size-full wp-post-image\" alt=\"\" srcset=\"https:\/\/www.mundusmaris.org\/wp-content\/uploads\/2025\/03\/CharlinaVitcheva_CENauen500-200x133.jpg 200w, https:\/\/www.mundusmaris.org\/wp-content\/uploads\/2025\/03\/CharlinaVitcheva_CENauen500-400x266.jpg 400w, https:\/\/www.mundusmaris.org\/wp-content\/uploads\/2025\/03\/CharlinaVitcheva_CENauen500.jpg 500w\" sizes=\"(min-width: 2200px) 100vw, (min-width: 784px) 373px, (min-width: 712px) 560px, (min-width: 640px) 712px, \" \/>\t\t\t<\/a>\n\t\t\t\t\t\t\t<\/div>\n<\/div><div class=\"fusion-meta-tb fusion-meta-tb-30 floated\" style=\"--awb-border-top:0px;--awb-height:36px;--awb-alignment-medium:flex-start;--awb-alignment-small:flex-start;\"><span class=\"fusion-tb-published-date\">Published On: 10. M\u00e4rz 2025<\/span><span class=\"fusion-meta-tb-sep\"><\/span><\/div><div class=\"fusion-title title fusion-title-31 fusion-sep-none fusion-title-text fusion-title-size-four\" style=\"--awb-margin-top:20px;--awb-margin-right:20px;--awb-margin-bottom:20px;--awb-margin-left:20px;--awb-margin-top-small:10px;--awb-margin-right-small:0px;--awb-margin-bottom-small:10px;--awb-margin-left-small:0px;--awb-font-size:24px;\"><h4 class=\"fusion-title-heading title-heading-left\" style=\"font-family:&quot;IBM Plex Sans Condensed&quot;;font-style:normal;font-weight:500;margin:0;font-size:1em;line-height:1.2;\"><a href=\"https:\/\/www.mundusmaris.org\/de\/aktivitaten\/ozean-und-klimaschutz\/helfen-sie-mit-den-europaeischen-ozeanpakt-zu-gestalten-bruessel-5-maerz-2025\/\" class=\"awb-custom-text-color awb-custom-text-hover-color\" target=\"_self\">Helfen Sie mit, den Europ\u00e4ischen Ozeanpakt zu gestalten, Br\u00fcssel, 5. M\u00e4rz 2025<\/a><\/h4><\/div><\/div><\/li>\n<li class=\"fusion-layout-column fusion_builder_column fusion-builder-column-32 fusion-flex-column post-card fusion-grid-column fusion-post-cards-grid-column\" style=\"--awb-bg-color:var(--awb-color1);--awb-bg-color-hover:var(--awb-color1);--awb-bg-blend:overlay;--awb-bg-size:cover;--awb-flex-grow:0;--awb-flex-shrink:0;--awb-flex-grow-medium:0;--awb-flex-shrink-medium:0;--awb-flex-grow-small:0;--awb-flex-shrink-small:0;\" data-scroll-devices=\"small-visibility,medium-visibility,large-visibility\"><div class=\"fusion-column-wrapper fusion-column-has-shadow fusion-flex-justify-content-space-around fusion-content-layout-column\"><div class=\"fusion-classic-product-image-wrapper fusion-woo-product-image fusion-post-card-image fusion-post-card-image-1 has-aspect-ratio\" data-layout=\"static\" style=\"--awb-aspect-ratio:3 \/ 2;\"><div  class=\"fusion-image-wrapper\" aria-haspopup=\"true\">\n\t\t\t\t\t\t\t<a href=\"https:\/\/www.mundusmaris.org\/de\/aktivitaten\/ozean-und-klimaschutz\/3-starfish-mission-forum-bruessel-4-maerz-2025\/\" aria-label=\"3. Starfish Mission Forum, Br\u00fcssel,  4. M\u00e4rz 2025\">\n\t\t\t\t\t\t\t<img decoding=\"async\" width=\"500\" height=\"333\" src=\"https:\/\/www.mundusmaris.org\/wp-content\/uploads\/2025\/03\/MissionOceanForum2025.jpg\" class=\"attachment-full size-full wp-post-image\" alt=\"\" srcset=\"https:\/\/www.mundusmaris.org\/wp-content\/uploads\/2025\/03\/MissionOceanForum2025-200x133.jpg 200w, https:\/\/www.mundusmaris.org\/wp-content\/uploads\/2025\/03\/MissionOceanForum2025-400x266.jpg 400w, https:\/\/www.mundusmaris.org\/wp-content\/uploads\/2025\/03\/MissionOceanForum2025.jpg 500w\" sizes=\"(min-width: 2200px) 100vw, (min-width: 784px) 373px, (min-width: 712px) 560px, (min-width: 640px) 712px, \" \/>\t\t\t<\/a>\n\t\t\t\t\t\t\t<\/div>\n<\/div><div class=\"fusion-meta-tb fusion-meta-tb-31 floated\" style=\"--awb-border-top:0px;--awb-height:36px;--awb-alignment-medium:flex-start;--awb-alignment-small:flex-start;\"><span class=\"fusion-tb-published-date\">Published On: 9. M\u00e4rz 2025<\/span><span class=\"fusion-meta-tb-sep\"><\/span><\/div><div class=\"fusion-title title fusion-title-32 fusion-sep-none fusion-title-text fusion-title-size-four\" style=\"--awb-margin-top:20px;--awb-margin-right:20px;--awb-margin-bottom:20px;--awb-margin-left:20px;--awb-margin-top-small:10px;--awb-margin-right-small:0px;--awb-margin-bottom-small:10px;--awb-margin-left-small:0px;--awb-font-size:24px;\"><h4 class=\"fusion-title-heading title-heading-left\" style=\"font-family:&quot;IBM Plex Sans Condensed&quot;;font-style:normal;font-weight:500;margin:0;font-size:1em;line-height:1.2;\"><a href=\"https:\/\/www.mundusmaris.org\/de\/aktivitaten\/ozean-und-klimaschutz\/3-starfish-mission-forum-bruessel-4-maerz-2025\/\" class=\"awb-custom-text-color awb-custom-text-hover-color\" target=\"_self\">3. Starfish Mission Forum, Br\u00fcssel,  4. M\u00e4rz 2025<\/a><\/h4><\/div><\/div><\/li>\n<li class=\"fusion-layout-column fusion_builder_column fusion-builder-column-33 fusion-flex-column post-card fusion-grid-column fusion-post-cards-grid-column\" style=\"--awb-bg-color:var(--awb-color1);--awb-bg-color-hover:var(--awb-color1);--awb-bg-blend:overlay;--awb-bg-size:cover;--awb-flex-grow:0;--awb-flex-shrink:0;--awb-flex-grow-medium:0;--awb-flex-shrink-medium:0;--awb-flex-grow-small:0;--awb-flex-shrink-small:0;\" data-scroll-devices=\"small-visibility,medium-visibility,large-visibility\"><div class=\"fusion-column-wrapper fusion-column-has-shadow fusion-flex-justify-content-space-around fusion-content-layout-column\"><div class=\"fusion-classic-product-image-wrapper fusion-woo-product-image fusion-post-card-image fusion-post-card-image-1 has-aspect-ratio\" data-layout=\"static\" style=\"--awb-aspect-ratio:3 \/ 2;\"><div  class=\"fusion-image-wrapper\" aria-haspopup=\"true\">\n\t\t\t\t\t\t\t<a href=\"https:\/\/www.mundusmaris.org\/de\/aktivitaten\/ozean-und-klimaschutz\/die-7-halieutis-konferenz-stand-unter-dem-motto-forschung-und-innovation-fuer-einen-nachhaltigen-fischereisektor\/\" aria-label=\"Die 7. Halieutis-Konferenz stand unter dem Motto \u201eForschung und Innovation f\u00fcr einen nachhaltigen Fischereisektor\u201c\">\n\t\t\t\t\t\t\t<img decoding=\"async\" width=\"500\" height=\"333\" src=\"https:\/\/www.mundusmaris.org\/wp-content\/uploads\/2025\/02\/MoroccoPreview.jpg\" class=\"attachment-full size-full wp-post-image\" alt=\"\" srcset=\"https:\/\/www.mundusmaris.org\/wp-content\/uploads\/2025\/02\/MoroccoPreview-200x133.jpg 200w, https:\/\/www.mundusmaris.org\/wp-content\/uploads\/2025\/02\/MoroccoPreview-400x266.jpg 400w, https:\/\/www.mundusmaris.org\/wp-content\/uploads\/2025\/02\/MoroccoPreview.jpg 500w\" sizes=\"(min-width: 2200px) 100vw, (min-width: 784px) 373px, (min-width: 712px) 560px, (min-width: 640px) 712px, \" \/>\t\t\t<\/a>\n\t\t\t\t\t\t\t<\/div>\n<\/div><div class=\"fusion-meta-tb fusion-meta-tb-32 floated\" style=\"--awb-border-top:0px;--awb-height:36px;--awb-alignment-medium:flex-start;--awb-alignment-small:flex-start;\"><span class=\"fusion-tb-published-date\">Published On: 13. Februar 2025<\/span><span class=\"fusion-meta-tb-sep\"><\/span><\/div><div class=\"fusion-title title fusion-title-33 fusion-sep-none fusion-title-text fusion-title-size-four\" style=\"--awb-margin-top:20px;--awb-margin-right:20px;--awb-margin-bottom:20px;--awb-margin-left:20px;--awb-margin-top-small:10px;--awb-margin-right-small:0px;--awb-margin-bottom-small:10px;--awb-margin-left-small:0px;--awb-font-size:24px;\"><h4 class=\"fusion-title-heading title-heading-left\" style=\"font-family:&quot;IBM Plex Sans Condensed&quot;;font-style:normal;font-weight:500;margin:0;font-size:1em;line-height:1.2;\"><a href=\"https:\/\/www.mundusmaris.org\/de\/aktivitaten\/ozean-und-klimaschutz\/die-7-halieutis-konferenz-stand-unter-dem-motto-forschung-und-innovation-fuer-einen-nachhaltigen-fischereisektor\/\" class=\"awb-custom-text-color awb-custom-text-hover-color\" target=\"_self\">Die 7. Halieutis-Konferenz stand unter dem Motto \u201eForschung und Innovation f\u00fcr einen nachhaltigen Fischereisektor\u201c<\/a><\/h4><\/div><\/div><\/li>\n<li class=\"fusion-layout-column fusion_builder_column fusion-builder-column-34 fusion-flex-column post-card fusion-grid-column fusion-post-cards-grid-column\" style=\"--awb-bg-color:var(--awb-color1);--awb-bg-color-hover:var(--awb-color1);--awb-bg-blend:overlay;--awb-bg-size:cover;--awb-flex-grow:0;--awb-flex-shrink:0;--awb-flex-grow-medium:0;--awb-flex-shrink-medium:0;--awb-flex-grow-small:0;--awb-flex-shrink-small:0;\" data-scroll-devices=\"small-visibility,medium-visibility,large-visibility\"><div class=\"fusion-column-wrapper fusion-column-has-shadow fusion-flex-justify-content-space-around fusion-content-layout-column\"><div class=\"fusion-classic-product-image-wrapper fusion-woo-product-image fusion-post-card-image fusion-post-card-image-1 has-aspect-ratio\" data-layout=\"static\" style=\"--awb-aspect-ratio:3 \/ 2;\"><div  class=\"fusion-image-wrapper\" aria-haspopup=\"true\">\n\t\t\t\t\t\t\t<a href=\"https:\/\/www.mundusmaris.org\/de\/handwerklichen-fischerei-akademie\/beziehungen-zwischen-mensch-und-biologischer-vielfalt-ueber-alle-skalen-hinweg\/\" aria-label=\"Beziehungen zwischen Mensch und biologischer Vielfalt \u00fcber alle Skalen hinweg\">\n\t\t\t\t\t\t\t<img decoding=\"async\" width=\"400\" height=\"275\" src=\"https:\/\/www.mundusmaris.org\/wp-content\/uploads\/2025\/02\/2025WorkShopHolland001.jpg\" class=\"attachment-full size-full wp-post-image\" alt=\"\" srcset=\"https:\/\/www.mundusmaris.org\/wp-content\/uploads\/2025\/02\/2025WorkShopHolland001-200x138.jpg 200w, https:\/\/www.mundusmaris.org\/wp-content\/uploads\/2025\/02\/2025WorkShopHolland001.jpg 400w\" sizes=\"(min-width: 2200px) 100vw, (min-width: 784px) 373px, (min-width: 712px) 560px, (min-width: 640px) 712px, \" \/>\t\t\t<\/a>\n\t\t\t\t\t\t\t<\/div>\n<\/div><div class=\"fusion-meta-tb fusion-meta-tb-33 floated\" style=\"--awb-border-top:0px;--awb-height:36px;--awb-alignment-medium:flex-start;--awb-alignment-small:flex-start;\"><span class=\"fusion-tb-published-date\">Published On: 10. Februar 2025<\/span><span class=\"fusion-meta-tb-sep\"><\/span><\/div><div class=\"fusion-title title fusion-title-34 fusion-sep-none fusion-title-text fusion-title-size-four\" style=\"--awb-margin-top:20px;--awb-margin-right:20px;--awb-margin-bottom:20px;--awb-margin-left:20px;--awb-margin-top-small:10px;--awb-margin-right-small:0px;--awb-margin-bottom-small:10px;--awb-margin-left-small:0px;--awb-font-size:24px;\"><h4 class=\"fusion-title-heading title-heading-left\" style=\"font-family:&quot;IBM Plex Sans Condensed&quot;;font-style:normal;font-weight:500;margin:0;font-size:1em;line-height:1.2;\"><a href=\"https:\/\/www.mundusmaris.org\/de\/handwerklichen-fischerei-akademie\/beziehungen-zwischen-mensch-und-biologischer-vielfalt-ueber-alle-skalen-hinweg\/\" class=\"awb-custom-text-color awb-custom-text-hover-color\" target=\"_self\">Beziehungen zwischen Mensch und biologischer Vielfalt \u00fcber alle Skalen hinweg<\/a><\/h4><\/div><\/div><\/li>\n<li class=\"fusion-layout-column fusion_builder_column fusion-builder-column-35 fusion-flex-column post-card fusion-grid-column fusion-post-cards-grid-column\" style=\"--awb-bg-color:var(--awb-color1);--awb-bg-color-hover:var(--awb-color1);--awb-bg-blend:overlay;--awb-bg-size:cover;--awb-flex-grow:0;--awb-flex-shrink:0;--awb-flex-grow-medium:0;--awb-flex-shrink-medium:0;--awb-flex-grow-small:0;--awb-flex-shrink-small:0;\" data-scroll-devices=\"small-visibility,medium-visibility,large-visibility\"><div class=\"fusion-column-wrapper fusion-column-has-shadow fusion-flex-justify-content-space-around fusion-content-layout-column\"><div class=\"fusion-classic-product-image-wrapper fusion-woo-product-image fusion-post-card-image fusion-post-card-image-1 has-aspect-ratio\" data-layout=\"static\" style=\"--awb-aspect-ratio:3 \/ 2;\"><div  class=\"fusion-image-wrapper\" aria-haspopup=\"true\">\n\t\t\t\t\t\t\t<a href=\"https:\/\/www.mundusmaris.org\/de\/aktivitaten\/ozean-und-klimaschutz\/boot-2025-mundus-maris-wieder-auf-der-plattform-love-your-ocean-dabei\/\" aria-label=\"Boot 2025: Mundus maris wieder auf der Plattform &#8222;love your ocean&#8220; dabei.\">\n\t\t\t\t\t\t\t<img decoding=\"async\" width=\"500\" height=\"330\" src=\"https:\/\/www.mundusmaris.org\/wp-content\/uploads\/2025\/01\/Boot25-00.jpg\" class=\"attachment-full size-full wp-post-image\" alt=\"\" srcset=\"https:\/\/www.mundusmaris.org\/wp-content\/uploads\/2025\/01\/Boot25-00-200x132.jpg 200w, https:\/\/www.mundusmaris.org\/wp-content\/uploads\/2025\/01\/Boot25-00-400x264.jpg 400w, https:\/\/www.mundusmaris.org\/wp-content\/uploads\/2025\/01\/Boot25-00.jpg 500w\" sizes=\"(min-width: 2200px) 100vw, (min-width: 784px) 373px, (min-width: 712px) 560px, (min-width: 640px) 712px, \" \/>\t\t\t<\/a>\n\t\t\t\t\t\t\t<\/div>\n<\/div><div class=\"fusion-meta-tb fusion-meta-tb-34 floated\" style=\"--awb-border-top:0px;--awb-height:36px;--awb-alignment-medium:flex-start;--awb-alignment-small:flex-start;\"><span class=\"fusion-tb-published-date\">Published On: 28. Januar 2025<\/span><span class=\"fusion-meta-tb-sep\"><\/span><\/div><div class=\"fusion-title title fusion-title-35 fusion-sep-none fusion-title-text fusion-title-size-four\" style=\"--awb-margin-top:20px;--awb-margin-right:20px;--awb-margin-bottom:20px;--awb-margin-left:20px;--awb-margin-top-small:10px;--awb-margin-right-small:0px;--awb-margin-bottom-small:10px;--awb-margin-left-small:0px;--awb-font-size:24px;\"><h4 class=\"fusion-title-heading title-heading-left\" style=\"font-family:&quot;IBM Plex Sans Condensed&quot;;font-style:normal;font-weight:500;margin:0;font-size:1em;line-height:1.2;\"><a href=\"https:\/\/www.mundusmaris.org\/de\/aktivitaten\/ozean-und-klimaschutz\/boot-2025-mundus-maris-wieder-auf-der-plattform-love-your-ocean-dabei\/\" class=\"awb-custom-text-color awb-custom-text-hover-color\" target=\"_self\">Boot 2025: Mundus maris wieder auf der Plattform &#8222;love your ocean&#8220; dabei.<\/a><\/h4><\/div><\/div><\/li>\n<li class=\"fusion-layout-column fusion_builder_column fusion-builder-column-36 fusion-flex-column post-card fusion-grid-column fusion-post-cards-grid-column\" style=\"--awb-bg-color:var(--awb-color1);--awb-bg-color-hover:var(--awb-color1);--awb-bg-blend:overlay;--awb-bg-size:cover;--awb-flex-grow:0;--awb-flex-shrink:0;--awb-flex-grow-medium:0;--awb-flex-shrink-medium:0;--awb-flex-grow-small:0;--awb-flex-shrink-small:0;\" data-scroll-devices=\"small-visibility,medium-visibility,large-visibility\"><div class=\"fusion-column-wrapper fusion-column-has-shadow fusion-flex-justify-content-space-around fusion-content-layout-column\"><div class=\"fusion-classic-product-image-wrapper fusion-woo-product-image fusion-post-card-image fusion-post-card-image-1 has-aspect-ratio\" data-layout=\"static\" style=\"--awb-aspect-ratio:3 \/ 2;\"><div  class=\"fusion-image-wrapper\" aria-haspopup=\"true\">\n\t\t\t\t\t\t\t<a href=\"https:\/\/www.mundusmaris.org\/de\/aktivitaten\/ozean-und-klimaschutz\/welche-zukunft-hat-die-europaeische-fischerei\/\" aria-label=\"Welche Zukunft hat die europ\u00e4ische Fischerei?\">\n\t\t\t\t\t\t\t<img decoding=\"async\" width=\"640\" height=\"480\" src=\"https:\/\/www.mundusmaris.org\/wp-content\/uploads\/2025\/02\/fishing-589560_640.jpg\" class=\"attachment-full size-full wp-post-image\" alt=\"\" srcset=\"https:\/\/www.mundusmaris.org\/wp-content\/uploads\/2025\/02\/fishing-589560_640-200x150.jpg 200w, https:\/\/www.mundusmaris.org\/wp-content\/uploads\/2025\/02\/fishing-589560_640-400x300.jpg 400w, https:\/\/www.mundusmaris.org\/wp-content\/uploads\/2025\/02\/fishing-589560_640-600x450.jpg 600w, https:\/\/www.mundusmaris.org\/wp-content\/uploads\/2025\/02\/fishing-589560_640.jpg 640w\" sizes=\"(min-width: 2200px) 100vw, (min-width: 784px) 373px, (min-width: 712px) 560px, (min-width: 640px) 712px, \" \/>\t\t\t<\/a>\n\t\t\t\t\t\t\t<\/div>\n<\/div><div class=\"fusion-meta-tb fusion-meta-tb-35 floated\" style=\"--awb-border-top:0px;--awb-height:36px;--awb-alignment-medium:flex-start;--awb-alignment-small:flex-start;\"><span class=\"fusion-tb-published-date\">Published On: 15. Januar 2025<\/span><span class=\"fusion-meta-tb-sep\"><\/span><\/div><div class=\"fusion-title title fusion-title-36 fusion-sep-none fusion-title-text fusion-title-size-four\" style=\"--awb-margin-top:20px;--awb-margin-right:20px;--awb-margin-bottom:20px;--awb-margin-left:20px;--awb-margin-top-small:10px;--awb-margin-right-small:0px;--awb-margin-bottom-small:10px;--awb-margin-left-small:0px;--awb-font-size:24px;\"><h4 class=\"fusion-title-heading title-heading-left\" style=\"font-family:&quot;IBM Plex Sans Condensed&quot;;font-style:normal;font-weight:500;margin:0;font-size:1em;line-height:1.2;\"><a href=\"https:\/\/www.mundusmaris.org\/de\/aktivitaten\/ozean-und-klimaschutz\/welche-zukunft-hat-die-europaeische-fischerei\/\" class=\"awb-custom-text-color awb-custom-text-hover-color\" target=\"_self\">Welche Zukunft hat die europ\u00e4ische Fischerei?<\/a><\/h4><\/div><\/div><\/li>\n<li class=\"fusion-layout-column fusion_builder_column fusion-builder-column-37 fusion-flex-column post-card fusion-grid-column fusion-post-cards-grid-column\" style=\"--awb-bg-color:var(--awb-color1);--awb-bg-color-hover:var(--awb-color1);--awb-bg-blend:overlay;--awb-bg-size:cover;--awb-flex-grow:0;--awb-flex-shrink:0;--awb-flex-grow-medium:0;--awb-flex-shrink-medium:0;--awb-flex-grow-small:0;--awb-flex-shrink-small:0;\" data-scroll-devices=\"small-visibility,medium-visibility,large-visibility\"><div class=\"fusion-column-wrapper fusion-column-has-shadow fusion-flex-justify-content-space-around fusion-content-layout-column\"><div class=\"fusion-classic-product-image-wrapper fusion-woo-product-image fusion-post-card-image fusion-post-card-image-1 has-aspect-ratio\" data-layout=\"static\" style=\"--awb-aspect-ratio:3 \/ 2;\"><div  class=\"fusion-image-wrapper\" aria-haspopup=\"true\">\n\t\t\t\t\t\t\t<a href=\"https:\/\/www.mundusmaris.org\/de\/aktivitaten\/stop-der-uberfischung\/wto-noch-immer-ohne-einigung-ueber-schaedliche-fischereisubventionen\/\" aria-label=\"WTO noch immer ohne Einigung \u00fcber sch\u00e4dliche Fischereisubventionen\">\n\t\t\t\t\t\t\t<img decoding=\"async\" width=\"500\" height=\"336\" src=\"https:\/\/www.mundusmaris.org\/wp-content\/uploads\/2024\/12\/BarbadosGoldenFishPin.jpg\" class=\"attachment-full size-full wp-post-image\" alt=\"\" srcset=\"https:\/\/www.mundusmaris.org\/wp-content\/uploads\/2024\/12\/BarbadosGoldenFishPin-200x134.jpg 200w, https:\/\/www.mundusmaris.org\/wp-content\/uploads\/2024\/12\/BarbadosGoldenFishPin-400x269.jpg 400w, https:\/\/www.mundusmaris.org\/wp-content\/uploads\/2024\/12\/BarbadosGoldenFishPin.jpg 500w\" sizes=\"(min-width: 2200px) 100vw, (min-width: 784px) 373px, (min-width: 712px) 560px, (min-width: 640px) 712px, \" \/>\t\t\t<\/a>\n\t\t\t\t\t\t\t<\/div>\n<\/div><div class=\"fusion-meta-tb fusion-meta-tb-36 floated\" style=\"--awb-border-top:0px;--awb-height:36px;--awb-alignment-medium:flex-start;--awb-alignment-small:flex-start;\"><span class=\"fusion-tb-published-date\">Published On: 15. Dezember 2024<\/span><span class=\"fusion-meta-tb-sep\"><\/span><\/div><div class=\"fusion-title title fusion-title-37 fusion-sep-none fusion-title-text fusion-title-size-four\" style=\"--awb-margin-top:20px;--awb-margin-right:20px;--awb-margin-bottom:20px;--awb-margin-left:20px;--awb-margin-top-small:10px;--awb-margin-right-small:0px;--awb-margin-bottom-small:10px;--awb-margin-left-small:0px;--awb-font-size:24px;\"><h4 class=\"fusion-title-heading title-heading-left\" style=\"font-family:&quot;IBM Plex Sans Condensed&quot;;font-style:normal;font-weight:500;margin:0;font-size:1em;line-height:1.2;\"><a href=\"https:\/\/www.mundusmaris.org\/de\/aktivitaten\/stop-der-uberfischung\/wto-noch-immer-ohne-einigung-ueber-schaedliche-fischereisubventionen\/\" class=\"awb-custom-text-color awb-custom-text-hover-color\" target=\"_self\">WTO noch immer ohne Einigung \u00fcber sch\u00e4dliche Fischereisubventionen<\/a><\/h4><\/div><\/div><\/li>\n<li class=\"fusion-layout-column fusion_builder_column fusion-builder-column-38 fusion-flex-column post-card fusion-grid-column fusion-post-cards-grid-column\" style=\"--awb-bg-color:var(--awb-color1);--awb-bg-color-hover:var(--awb-color1);--awb-bg-blend:overlay;--awb-bg-size:cover;--awb-flex-grow:0;--awb-flex-shrink:0;--awb-flex-grow-medium:0;--awb-flex-shrink-medium:0;--awb-flex-grow-small:0;--awb-flex-shrink-small:0;\" data-scroll-devices=\"small-visibility,medium-visibility,large-visibility\"><div class=\"fusion-column-wrapper fusion-column-has-shadow fusion-flex-justify-content-space-around fusion-content-layout-column\"><div class=\"fusion-classic-product-image-wrapper fusion-woo-product-image fusion-post-card-image fusion-post-card-image-1 has-aspect-ratio\" data-layout=\"static\" style=\"--awb-aspect-ratio:3 \/ 2;\"><div  class=\"fusion-image-wrapper\" aria-haspopup=\"true\">\n\t\t\t\t\t\t\t<a href=\"https:\/\/www.mundusmaris.org\/de\/aktivitaten\/stop-der-uberfischung\/improving-fisheries-governance-ifg-in-ghana-and-the-wider-subregion-accra-22-24-october-2024\/\" aria-label=\"Improving Fisheries Governance (IFG) in Ghana and the Wider Subregion, Accra, 22-24 October 2024\">\n\t\t\t\t\t\t\t<img decoding=\"async\" width=\"500\" height=\"345\" src=\"https:\/\/www.mundusmaris.org\/wp-content\/uploads\/2024\/11\/Ghana.jpg\" class=\"attachment-full size-full wp-post-image\" alt=\"\" srcset=\"https:\/\/www.mundusmaris.org\/wp-content\/uploads\/2024\/11\/Ghana-200x138.jpg 200w, https:\/\/www.mundusmaris.org\/wp-content\/uploads\/2024\/11\/Ghana-400x276.jpg 400w, https:\/\/www.mundusmaris.org\/wp-content\/uploads\/2024\/11\/Ghana.jpg 500w\" sizes=\"(min-width: 2200px) 100vw, (min-width: 784px) 373px, (min-width: 712px) 560px, (min-width: 640px) 712px, \" \/>\t\t\t<\/a>\n\t\t\t\t\t\t\t<\/div>\n<\/div><div class=\"fusion-meta-tb fusion-meta-tb-37 floated\" style=\"--awb-border-top:0px;--awb-height:36px;--awb-alignment-medium:flex-start;--awb-alignment-small:flex-start;\"><span class=\"fusion-tb-published-date\">Published On: 26. Oktober 2024<\/span><span class=\"fusion-meta-tb-sep\"><\/span><\/div><div class=\"fusion-title title fusion-title-38 fusion-sep-none fusion-title-text fusion-title-size-four\" style=\"--awb-margin-top:20px;--awb-margin-right:20px;--awb-margin-bottom:20px;--awb-margin-left:20px;--awb-margin-top-small:10px;--awb-margin-right-small:0px;--awb-margin-bottom-small:10px;--awb-margin-left-small:0px;--awb-font-size:24px;\"><h4 class=\"fusion-title-heading title-heading-left\" style=\"font-family:&quot;IBM Plex Sans Condensed&quot;;font-style:normal;font-weight:500;margin:0;font-size:1em;line-height:1.2;\"><a href=\"https:\/\/www.mundusmaris.org\/de\/aktivitaten\/stop-der-uberfischung\/improving-fisheries-governance-ifg-in-ghana-and-the-wider-subregion-accra-22-24-october-2024\/\" class=\"awb-custom-text-color awb-custom-text-hover-color\" target=\"_self\">Improving Fisheries Governance (IFG) in Ghana and the Wider Subregion, Accra, 22-24 October 2024<\/a><\/h4><\/div><\/div><\/li>\n<li class=\"fusion-layout-column fusion_builder_column fusion-builder-column-39 fusion-flex-column post-card fusion-grid-column fusion-post-cards-grid-column\" style=\"--awb-bg-color:var(--awb-color1);--awb-bg-color-hover:var(--awb-color1);--awb-bg-blend:overlay;--awb-bg-size:cover;--awb-flex-grow:0;--awb-flex-shrink:0;--awb-flex-grow-medium:0;--awb-flex-shrink-medium:0;--awb-flex-grow-small:0;--awb-flex-shrink-small:0;\" data-scroll-devices=\"small-visibility,medium-visibility,large-visibility\"><div class=\"fusion-column-wrapper fusion-column-has-shadow fusion-flex-justify-content-space-around fusion-content-layout-column\"><div class=\"fusion-classic-product-image-wrapper fusion-woo-product-image fusion-post-card-image fusion-post-card-image-1 has-aspect-ratio\" data-layout=\"static\" style=\"--awb-aspect-ratio:3 \/ 2;\"><div  class=\"fusion-image-wrapper\" aria-haspopup=\"true\">\n\t\t\t\t\t\t\t<a href=\"https:\/\/www.mundusmaris.org\/de\/aktivitaten\/ozean-und-klimaschutz\/maritime-security-2024-innovations-and-partnerships-for-the-future-praia\/\" aria-label=\"Maritime Security 2024: Innovations and Partnerships for the Future, Praia\">\n\t\t\t\t\t\t\t<img decoding=\"async\" width=\"720\" height=\"450\" src=\"https:\/\/www.mundusmaris.org\/wp-content\/uploads\/2024\/10\/stern-of-cargo-ship-carrying-container-and-running-2023-05-16-05-24-21-utc.jpg\" class=\"attachment-full size-full wp-post-image\" alt=\"\" srcset=\"https:\/\/www.mundusmaris.org\/wp-content\/uploads\/2024\/10\/stern-of-cargo-ship-carrying-container-and-running-2023-05-16-05-24-21-utc-200x125.jpg 200w, https:\/\/www.mundusmaris.org\/wp-content\/uploads\/2024\/10\/stern-of-cargo-ship-carrying-container-and-running-2023-05-16-05-24-21-utc-400x250.jpg 400w, https:\/\/www.mundusmaris.org\/wp-content\/uploads\/2024\/10\/stern-of-cargo-ship-carrying-container-and-running-2023-05-16-05-24-21-utc-600x375.jpg 600w, https:\/\/www.mundusmaris.org\/wp-content\/uploads\/2024\/10\/stern-of-cargo-ship-carrying-container-and-running-2023-05-16-05-24-21-utc.jpg 720w\" sizes=\"(min-width: 2200px) 100vw, (min-width: 784px) 373px, (min-width: 712px) 560px, (min-width: 640px) 712px, \" \/>\t\t\t<\/a>\n\t\t\t\t\t\t\t<\/div>\n<\/div><div class=\"fusion-meta-tb fusion-meta-tb-38 floated\" style=\"--awb-border-top:0px;--awb-height:36px;--awb-alignment-medium:flex-start;--awb-alignment-small:flex-start;\"><span class=\"fusion-tb-published-date\">Published On: 10. Oktober 2024<\/span><span class=\"fusion-meta-tb-sep\"><\/span><\/div><div class=\"fusion-title title fusion-title-39 fusion-sep-none fusion-title-text fusion-title-size-four\" style=\"--awb-margin-top:20px;--awb-margin-right:20px;--awb-margin-bottom:20px;--awb-margin-left:20px;--awb-margin-top-small:10px;--awb-margin-right-small:0px;--awb-margin-bottom-small:10px;--awb-margin-left-small:0px;--awb-font-size:24px;\"><h4 class=\"fusion-title-heading title-heading-left\" style=\"font-family:&quot;IBM Plex Sans Condensed&quot;;font-style:normal;font-weight:500;margin:0;font-size:1em;line-height:1.2;\"><a href=\"https:\/\/www.mundusmaris.org\/de\/aktivitaten\/ozean-und-klimaschutz\/maritime-security-2024-innovations-and-partnerships-for-the-future-praia\/\" class=\"awb-custom-text-color awb-custom-text-hover-color\" target=\"_self\">Maritime Security 2024: Innovations and Partnerships for the Future, Praia<\/a><\/h4><\/div><\/div><\/li>\n<li class=\"fusion-layout-column fusion_builder_column fusion-builder-column-40 fusion-flex-column post-card fusion-grid-column fusion-post-cards-grid-column\" style=\"--awb-bg-color:var(--awb-color1);--awb-bg-color-hover:var(--awb-color1);--awb-bg-blend:overlay;--awb-bg-size:cover;--awb-flex-grow:0;--awb-flex-shrink:0;--awb-flex-grow-medium:0;--awb-flex-shrink-medium:0;--awb-flex-grow-small:0;--awb-flex-shrink-small:0;\" data-scroll-devices=\"small-visibility,medium-visibility,large-visibility\"><div class=\"fusion-column-wrapper fusion-column-has-shadow fusion-flex-justify-content-space-around fusion-content-layout-column\"><div class=\"fusion-classic-product-image-wrapper fusion-woo-product-image fusion-post-card-image fusion-post-card-image-1 has-aspect-ratio\" data-layout=\"static\" style=\"--awb-aspect-ratio:3 \/ 2;\"><div  class=\"fusion-image-wrapper\" aria-haspopup=\"true\">\n\t\t\t\t\t\t\t<a href=\"https:\/\/www.mundusmaris.org\/de\/aktivitaten\/ozean-und-klimaschutz\/driving-the-energy-transition-and-climate-resilience-in-eu-fisheries\/\" aria-label=\"Energiewende und Klimaresilienz in der EU-Fischerei f\u00f6rdern\">\n\t\t\t\t\t\t\t<img decoding=\"async\" width=\"500\" height=\"332\" src=\"https:\/\/www.mundusmaris.org\/wp-content\/uploads\/2024\/10\/DecarboniseNow.jpg\" class=\"attachment-full size-full wp-post-image\" alt=\"\" srcset=\"https:\/\/www.mundusmaris.org\/wp-content\/uploads\/2024\/10\/DecarboniseNow-200x133.jpg 200w, https:\/\/www.mundusmaris.org\/wp-content\/uploads\/2024\/10\/DecarboniseNow-400x266.jpg 400w, https:\/\/www.mundusmaris.org\/wp-content\/uploads\/2024\/10\/DecarboniseNow.jpg 500w\" sizes=\"(min-width: 2200px) 100vw, (min-width: 784px) 373px, (min-width: 712px) 560px, (min-width: 640px) 712px, \" \/>\t\t\t<\/a>\n\t\t\t\t\t\t\t<\/div>\n<\/div><div class=\"fusion-meta-tb fusion-meta-tb-39 floated\" style=\"--awb-border-top:0px;--awb-height:36px;--awb-alignment-medium:flex-start;--awb-alignment-small:flex-start;\"><span class=\"fusion-tb-published-date\">Published On: 6. Oktober 2024<\/span><span class=\"fusion-meta-tb-sep\"><\/span><\/div><div class=\"fusion-title title fusion-title-40 fusion-sep-none fusion-title-text fusion-title-size-four\" style=\"--awb-margin-top:20px;--awb-margin-right:20px;--awb-margin-bottom:20px;--awb-margin-left:20px;--awb-margin-top-small:10px;--awb-margin-right-small:0px;--awb-margin-bottom-small:10px;--awb-margin-left-small:0px;--awb-font-size:24px;\"><h4 class=\"fusion-title-heading title-heading-left\" style=\"font-family:&quot;IBM Plex Sans Condensed&quot;;font-style:normal;font-weight:500;margin:0;font-size:1em;line-height:1.2;\"><a href=\"https:\/\/www.mundusmaris.org\/de\/aktivitaten\/ozean-und-klimaschutz\/driving-the-energy-transition-and-climate-resilience-in-eu-fisheries\/\" class=\"awb-custom-text-color awb-custom-text-hover-color\" target=\"_self\">Energiewende und Klimaresilienz in der EU-Fischerei f\u00f6rdern<\/a><\/h4><\/div><\/div><\/li>\n<li class=\"fusion-layout-column fusion_builder_column fusion-builder-column-41 fusion-flex-column post-card fusion-grid-column fusion-post-cards-grid-column\" style=\"--awb-bg-color:var(--awb-color1);--awb-bg-color-hover:var(--awb-color1);--awb-bg-blend:overlay;--awb-bg-size:cover;--awb-flex-grow:0;--awb-flex-shrink:0;--awb-flex-grow-medium:0;--awb-flex-shrink-medium:0;--awb-flex-grow-small:0;--awb-flex-shrink-small:0;\" data-scroll-devices=\"small-visibility,medium-visibility,large-visibility\"><div class=\"fusion-column-wrapper fusion-column-has-shadow fusion-flex-justify-content-space-around fusion-content-layout-column\"><div class=\"fusion-classic-product-image-wrapper fusion-woo-product-image fusion-post-card-image fusion-post-card-image-1 has-aspect-ratio\" data-layout=\"static\" style=\"--awb-aspect-ratio:3 \/ 2;\"><div  class=\"fusion-image-wrapper\" aria-haspopup=\"true\">\n\t\t\t\t\t\t\t<a href=\"https:\/\/www.mundusmaris.org\/de\/aktivitaten\/okosystem-basierte-fischerei\/rethinking-fisheries-its-ocean-week-to-engage-with-new-meps-and-a-wider-public\/\" aria-label=\"Neue \u00dcberlegungen zur Fischerei \u2013 im Rahmen der Ozeanwoche werden neue Europaabgeordnete und eine breitere \u00d6ffentlichkeit einbezogen\">\n\t\t\t\t\t\t\t<img decoding=\"async\" width=\"500\" height=\"330\" src=\"https:\/\/www.mundusmaris.org\/wp-content\/uploads\/2024\/10\/RethinkFisheriesPreview.jpg\" class=\"attachment-full size-full wp-post-image\" alt=\"\" srcset=\"https:\/\/www.mundusmaris.org\/wp-content\/uploads\/2024\/10\/RethinkFisheriesPreview-200x132.jpg 200w, https:\/\/www.mundusmaris.org\/wp-content\/uploads\/2024\/10\/RethinkFisheriesPreview-400x264.jpg 400w, https:\/\/www.mundusmaris.org\/wp-content\/uploads\/2024\/10\/RethinkFisheriesPreview.jpg 500w\" sizes=\"(min-width: 2200px) 100vw, (min-width: 784px) 373px, (min-width: 712px) 560px, (min-width: 640px) 712px, \" \/>\t\t\t<\/a>\n\t\t\t\t\t\t\t<\/div>\n<\/div><div class=\"fusion-meta-tb fusion-meta-tb-40 floated\" style=\"--awb-border-top:0px;--awb-height:36px;--awb-alignment-medium:flex-start;--awb-alignment-small:flex-start;\"><span class=\"fusion-tb-published-date\">Published On: 5. Oktober 2024<\/span><span class=\"fusion-meta-tb-sep\"><\/span><\/div><div class=\"fusion-title title fusion-title-41 fusion-sep-none fusion-title-text fusion-title-size-four\" style=\"--awb-margin-top:20px;--awb-margin-right:20px;--awb-margin-bottom:20px;--awb-margin-left:20px;--awb-margin-top-small:10px;--awb-margin-right-small:0px;--awb-margin-bottom-small:10px;--awb-margin-left-small:0px;--awb-font-size:24px;\"><h4 class=\"fusion-title-heading title-heading-left\" style=\"font-family:&quot;IBM Plex Sans Condensed&quot;;font-style:normal;font-weight:500;margin:0;font-size:1em;line-height:1.2;\"><a href=\"https:\/\/www.mundusmaris.org\/de\/aktivitaten\/okosystem-basierte-fischerei\/rethinking-fisheries-its-ocean-week-to-engage-with-new-meps-and-a-wider-public\/\" class=\"awb-custom-text-color awb-custom-text-hover-color\" target=\"_self\">Neue \u00dcberlegungen zur Fischerei \u2013 im Rahmen der Ozeanwoche werden neue Europaabgeordnete und eine breitere \u00d6ffentlichkeit einbezogen<\/a><\/h4><\/div><\/div><\/li>\n<li class=\"fusion-layout-column fusion_builder_column fusion-builder-column-42 fusion-flex-column post-card fusion-grid-column fusion-post-cards-grid-column\" style=\"--awb-bg-color:var(--awb-color1);--awb-bg-color-hover:var(--awb-color1);--awb-bg-blend:overlay;--awb-bg-size:cover;--awb-flex-grow:0;--awb-flex-shrink:0;--awb-flex-grow-medium:0;--awb-flex-shrink-medium:0;--awb-flex-grow-small:0;--awb-flex-shrink-small:0;\" data-scroll-devices=\"small-visibility,medium-visibility,large-visibility\"><div class=\"fusion-column-wrapper fusion-column-has-shadow fusion-flex-justify-content-space-around fusion-content-layout-column\"><div class=\"fusion-classic-product-image-wrapper fusion-woo-product-image fusion-post-card-image fusion-post-card-image-1 has-aspect-ratio\" data-layout=\"static\" style=\"--awb-aspect-ratio:3 \/ 2;\"><div  class=\"fusion-image-wrapper\" aria-haspopup=\"true\">\n\t\t\t\t\t\t\t<a href=\"https:\/\/www.mundusmaris.org\/de\/aktivitaten\/ozean-und-klimaschutz\/jugend-braucht-eine-gute-zukunft-im-senegal\/\" aria-label=\"Jugend braucht eine gute Zukunft im Senegal!\">\n\t\t\t\t\t\t\t<img decoding=\"async\" width=\"500\" height=\"500\" src=\"https:\/\/www.mundusmaris.org\/wp-content\/uploads\/2024\/10\/boat-people-7487350_500_TrullerPixabay.jpg\" class=\"attachment-full size-full wp-post-image\" alt=\"\" srcset=\"https:\/\/www.mundusmaris.org\/wp-content\/uploads\/2024\/10\/boat-people-7487350_500_TrullerPixabay-200x200.jpg 200w, https:\/\/www.mundusmaris.org\/wp-content\/uploads\/2024\/10\/boat-people-7487350_500_TrullerPixabay-400x400.jpg 400w, https:\/\/www.mundusmaris.org\/wp-content\/uploads\/2024\/10\/boat-people-7487350_500_TrullerPixabay.jpg 500w\" sizes=\"(min-width: 2200px) 100vw, (min-width: 784px) 373px, (min-width: 712px) 560px, (min-width: 640px) 712px, \" \/>\t\t\t<\/a>\n\t\t\t\t\t\t\t<\/div>\n<\/div><div class=\"fusion-meta-tb fusion-meta-tb-41 floated\" style=\"--awb-border-top:0px;--awb-height:36px;--awb-alignment-medium:flex-start;--awb-alignment-small:flex-start;\"><span class=\"fusion-tb-published-date\">Published On: 29. September 2024<\/span><span class=\"fusion-meta-tb-sep\"><\/span><\/div><div class=\"fusion-title title fusion-title-42 fusion-sep-none fusion-title-text fusion-title-size-four\" style=\"--awb-margin-top:20px;--awb-margin-right:20px;--awb-margin-bottom:20px;--awb-margin-left:20px;--awb-margin-top-small:10px;--awb-margin-right-small:0px;--awb-margin-bottom-small:10px;--awb-margin-left-small:0px;--awb-font-size:24px;\"><h4 class=\"fusion-title-heading title-heading-left\" style=\"font-family:&quot;IBM Plex Sans Condensed&quot;;font-style:normal;font-weight:500;margin:0;font-size:1em;line-height:1.2;\"><a href=\"https:\/\/www.mundusmaris.org\/de\/aktivitaten\/ozean-und-klimaschutz\/jugend-braucht-eine-gute-zukunft-im-senegal\/\" class=\"awb-custom-text-color awb-custom-text-hover-color\" target=\"_self\">Jugend braucht eine gute Zukunft im Senegal!<\/a><\/h4><\/div><\/div><\/li>\n<li class=\"fusion-layout-column fusion_builder_column fusion-builder-column-43 fusion-flex-column post-card fusion-grid-column fusion-post-cards-grid-column\" style=\"--awb-bg-color:var(--awb-color1);--awb-bg-color-hover:var(--awb-color1);--awb-bg-blend:overlay;--awb-bg-size:cover;--awb-flex-grow:0;--awb-flex-shrink:0;--awb-flex-grow-medium:0;--awb-flex-shrink-medium:0;--awb-flex-grow-small:0;--awb-flex-shrink-small:0;\" data-scroll-devices=\"small-visibility,medium-visibility,large-visibility\"><div class=\"fusion-column-wrapper fusion-column-has-shadow fusion-flex-justify-content-space-around fusion-content-layout-column\"><div class=\"fusion-classic-product-image-wrapper fusion-woo-product-image fusion-post-card-image fusion-post-card-image-1 has-aspect-ratio\" data-layout=\"static\" style=\"--awb-aspect-ratio:3 \/ 2;\"><div  class=\"fusion-image-wrapper\" aria-haspopup=\"true\">\n\t\t\t\t\t\t\t<a href=\"https:\/\/www.mundusmaris.org\/de\/aktivitaten\/ozean-und-klimaschutz\/mundus-maris-at-the-fishbase-sealifebase-symposium\/\" aria-label=\"Mundus maris at the FishBase-SeaLifeBase Symposium\">\n\t\t\t\t\t\t\t<img decoding=\"async\" width=\"500\" height=\"330\" src=\"https:\/\/www.mundusmaris.org\/wp-content\/uploads\/2024\/09\/FB-SLB-1.jpg\" class=\"attachment-full size-full wp-post-image\" alt=\"\" srcset=\"https:\/\/www.mundusmaris.org\/wp-content\/uploads\/2024\/09\/FB-SLB-1-200x132.jpg 200w, https:\/\/www.mundusmaris.org\/wp-content\/uploads\/2024\/09\/FB-SLB-1-400x264.jpg 400w, https:\/\/www.mundusmaris.org\/wp-content\/uploads\/2024\/09\/FB-SLB-1.jpg 500w\" sizes=\"(min-width: 2200px) 100vw, (min-width: 784px) 373px, (min-width: 712px) 560px, (min-width: 640px) 712px, \" \/>\t\t\t<\/a>\n\t\t\t\t\t\t\t<\/div>\n<\/div><div class=\"fusion-meta-tb fusion-meta-tb-42 floated\" style=\"--awb-border-top:0px;--awb-height:36px;--awb-alignment-medium:flex-start;--awb-alignment-small:flex-start;\"><span class=\"fusion-tb-published-date\">Published On: 24. September 2024<\/span><span class=\"fusion-meta-tb-sep\"><\/span><\/div><div class=\"fusion-title title fusion-title-43 fusion-sep-none fusion-title-text fusion-title-size-four\" style=\"--awb-margin-top:20px;--awb-margin-right:20px;--awb-margin-bottom:20px;--awb-margin-left:20px;--awb-margin-top-small:10px;--awb-margin-right-small:0px;--awb-margin-bottom-small:10px;--awb-margin-left-small:0px;--awb-font-size:24px;\"><h4 class=\"fusion-title-heading title-heading-left\" style=\"font-family:&quot;IBM Plex Sans Condensed&quot;;font-style:normal;font-weight:500;margin:0;font-size:1em;line-height:1.2;\"><a href=\"https:\/\/www.mundusmaris.org\/de\/aktivitaten\/ozean-und-klimaschutz\/mundus-maris-at-the-fishbase-sealifebase-symposium\/\" class=\"awb-custom-text-color awb-custom-text-hover-color\" target=\"_self\">Mundus maris at the FishBase-SeaLifeBase Symposium<\/a><\/h4><\/div><\/div><\/li>\n<li class=\"fusion-layout-column fusion_builder_column fusion-builder-column-44 fusion-flex-column post-card fusion-grid-column fusion-post-cards-grid-column\" style=\"--awb-bg-color:var(--awb-color1);--awb-bg-color-hover:var(--awb-color1);--awb-bg-blend:overlay;--awb-bg-size:cover;--awb-flex-grow:0;--awb-flex-shrink:0;--awb-flex-grow-medium:0;--awb-flex-shrink-medium:0;--awb-flex-grow-small:0;--awb-flex-shrink-small:0;\" data-scroll-devices=\"small-visibility,medium-visibility,large-visibility\"><div class=\"fusion-column-wrapper fusion-column-has-shadow fusion-flex-justify-content-space-around fusion-content-layout-column\"><div class=\"fusion-classic-product-image-wrapper fusion-woo-product-image fusion-post-card-image fusion-post-card-image-1 has-aspect-ratio\" data-layout=\"static\" style=\"--awb-aspect-ratio:3 \/ 2;\"><div  class=\"fusion-image-wrapper\" aria-haspopup=\"true\">\n\t\t\t\t\t\t\t<a href=\"https:\/\/www.mundusmaris.org\/de\/aktivitaten\/gesunder-ozean-vs-verschmutzung\/the-path-to-a-global-treaty-on-plastics-efforts-from-argentinas-coastal-research\/\" aria-label=\"The Path to a Global Treaty on Plastics: Efforts from Argentina\u2019s Coastal Research\">\n\t\t\t\t\t\t\t<img decoding=\"async\" width=\"500\" height=\"333\" src=\"https:\/\/www.mundusmaris.org\/wp-content\/uploads\/2024\/09\/BeachPollution-4914403_SergeiTokmakov_Pixabay.jpg\" class=\"attachment-full size-full wp-post-image\" alt=\"\" srcset=\"https:\/\/www.mundusmaris.org\/wp-content\/uploads\/2024\/09\/BeachPollution-4914403_SergeiTokmakov_Pixabay-200x133.jpg 200w, https:\/\/www.mundusmaris.org\/wp-content\/uploads\/2024\/09\/BeachPollution-4914403_SergeiTokmakov_Pixabay-400x266.jpg 400w, https:\/\/www.mundusmaris.org\/wp-content\/uploads\/2024\/09\/BeachPollution-4914403_SergeiTokmakov_Pixabay.jpg 500w\" sizes=\"(min-width: 2200px) 100vw, (min-width: 784px) 373px, (min-width: 712px) 560px, (min-width: 640px) 712px, \" \/>\t\t\t<\/a>\n\t\t\t\t\t\t\t<\/div>\n<\/div><div class=\"fusion-meta-tb fusion-meta-tb-43 floated\" style=\"--awb-border-top:0px;--awb-height:36px;--awb-alignment-medium:flex-start;--awb-alignment-small:flex-start;\"><span class=\"fusion-tb-published-date\">Published On: 24. September 2024<\/span><span class=\"fusion-meta-tb-sep\"><\/span><\/div><div class=\"fusion-title title fusion-title-44 fusion-sep-none fusion-title-text fusion-title-size-four\" style=\"--awb-margin-top:20px;--awb-margin-right:20px;--awb-margin-bottom:20px;--awb-margin-left:20px;--awb-margin-top-small:10px;--awb-margin-right-small:0px;--awb-margin-bottom-small:10px;--awb-margin-left-small:0px;--awb-font-size:24px;\"><h4 class=\"fusion-title-heading title-heading-left\" style=\"font-family:&quot;IBM Plex Sans Condensed&quot;;font-style:normal;font-weight:500;margin:0;font-size:1em;line-height:1.2;\"><a href=\"https:\/\/www.mundusmaris.org\/de\/aktivitaten\/gesunder-ozean-vs-verschmutzung\/the-path-to-a-global-treaty-on-plastics-efforts-from-argentinas-coastal-research\/\" class=\"awb-custom-text-color awb-custom-text-hover-color\" target=\"_self\">The Path to a Global Treaty on Plastics: Efforts from Argentina\u2019s Coastal Research<\/a><\/h4><\/div><\/div><\/li>\n<li class=\"fusion-layout-column fusion_builder_column fusion-builder-column-45 fusion-flex-column post-card fusion-grid-column fusion-post-cards-grid-column\" style=\"--awb-bg-color:var(--awb-color1);--awb-bg-color-hover:var(--awb-color1);--awb-bg-blend:overlay;--awb-bg-size:cover;--awb-flex-grow:0;--awb-flex-shrink:0;--awb-flex-grow-medium:0;--awb-flex-shrink-medium:0;--awb-flex-grow-small:0;--awb-flex-shrink-small:0;\" data-scroll-devices=\"small-visibility,medium-visibility,large-visibility\"><div class=\"fusion-column-wrapper fusion-column-has-shadow fusion-flex-justify-content-space-around fusion-content-layout-column\"><div class=\"fusion-classic-product-image-wrapper fusion-woo-product-image fusion-post-card-image fusion-post-card-image-1 has-aspect-ratio\" data-layout=\"static\" style=\"--awb-aspect-ratio:3 \/ 2;\"><div  class=\"fusion-image-wrapper\" aria-haspopup=\"true\">\n\t\t\t\t\t\t\t<a href=\"https:\/\/www.mundusmaris.org\/de\/handwerklichen-fischerei-akademie\/beitrag-von-mundusmaris-zur-oeffentlichen-anhoerung-zu-unoc3\/\" aria-label=\"Beitrag von Mundus maris zur \u00f6ffentlichen Anh\u00f6rung zu UNOC3\">\n\t\t\t\t\t\t\t<img decoding=\"async\" width=\"400\" height=\"263\" src=\"https:\/\/www.mundusmaris.org\/wp-content\/uploads\/2024\/09\/JellyFish.jpg\" class=\"attachment-full size-full wp-post-image\" alt=\"\" srcset=\"https:\/\/www.mundusmaris.org\/wp-content\/uploads\/2024\/09\/JellyFish-200x132.jpg 200w, https:\/\/www.mundusmaris.org\/wp-content\/uploads\/2024\/09\/JellyFish.jpg 400w\" sizes=\"(min-width: 2200px) 100vw, (min-width: 784px) 373px, (min-width: 712px) 560px, (min-width: 640px) 712px, \" \/>\t\t\t<\/a>\n\t\t\t\t\t\t\t<\/div>\n<\/div><div class=\"fusion-meta-tb fusion-meta-tb-44 floated\" style=\"--awb-border-top:0px;--awb-height:36px;--awb-alignment-medium:flex-start;--awb-alignment-small:flex-start;\"><span class=\"fusion-tb-published-date\">Published On: 29. August 2024<\/span><span class=\"fusion-meta-tb-sep\"><\/span><\/div><div class=\"fusion-title title fusion-title-45 fusion-sep-none fusion-title-text fusion-title-size-four\" style=\"--awb-margin-top:20px;--awb-margin-right:20px;--awb-margin-bottom:20px;--awb-margin-left:20px;--awb-margin-top-small:10px;--awb-margin-right-small:0px;--awb-margin-bottom-small:10px;--awb-margin-left-small:0px;--awb-font-size:24px;\"><h4 class=\"fusion-title-heading title-heading-left\" style=\"font-family:&quot;IBM Plex Sans Condensed&quot;;font-style:normal;font-weight:500;margin:0;font-size:1em;line-height:1.2;\"><a href=\"https:\/\/www.mundusmaris.org\/de\/handwerklichen-fischerei-akademie\/beitrag-von-mundusmaris-zur-oeffentlichen-anhoerung-zu-unoc3\/\" class=\"awb-custom-text-color awb-custom-text-hover-color\" target=\"_self\">Beitrag von Mundus maris zur \u00f6ffentlichen Anh\u00f6rung zu UNOC3<\/a><\/h4><\/div><\/div><\/li>\n<li class=\"fusion-layout-column fusion_builder_column fusion-builder-column-46 fusion-flex-column post-card fusion-grid-column fusion-post-cards-grid-column\" style=\"--awb-bg-color:var(--awb-color1);--awb-bg-color-hover:var(--awb-color1);--awb-bg-blend:overlay;--awb-bg-size:cover;--awb-flex-grow:0;--awb-flex-shrink:0;--awb-flex-grow-medium:0;--awb-flex-shrink-medium:0;--awb-flex-grow-small:0;--awb-flex-shrink-small:0;\" data-scroll-devices=\"small-visibility,medium-visibility,large-visibility\"><div class=\"fusion-column-wrapper fusion-column-has-shadow fusion-flex-justify-content-space-around fusion-content-layout-column\"><div class=\"fusion-classic-product-image-wrapper fusion-woo-product-image fusion-post-card-image fusion-post-card-image-1 has-aspect-ratio\" data-layout=\"static\" style=\"--awb-aspect-ratio:3 \/ 2;\"><div  class=\"fusion-image-wrapper\" aria-haspopup=\"true\">\n\t\t\t\t\t\t\t<a href=\"https:\/\/www.mundusmaris.org\/de\/aktivitaten\/ozean-und-klimaschutz\/sustainable-management-of-marine-resources-challenges-and-possible-solutions\/\" aria-label=\"Sustainable Management of Marine Resources &#8211; Challenges and Possible Solutions\">\n\t\t\t\t\t\t\t<img decoding=\"async\" width=\"500\" height=\"330\" src=\"https:\/\/www.mundusmaris.org\/wp-content\/uploads\/2024\/07\/SupportedBy1.jpg\" class=\"attachment-full size-full wp-post-image\" alt=\"\" srcset=\"https:\/\/www.mundusmaris.org\/wp-content\/uploads\/2024\/07\/SupportedBy1-200x132.jpg 200w, https:\/\/www.mundusmaris.org\/wp-content\/uploads\/2024\/07\/SupportedBy1-400x264.jpg 400w, https:\/\/www.mundusmaris.org\/wp-content\/uploads\/2024\/07\/SupportedBy1.jpg 500w\" sizes=\"(min-width: 2200px) 100vw, (min-width: 784px) 373px, (min-width: 712px) 560px, (min-width: 640px) 712px, \" \/>\t\t\t<\/a>\n\t\t\t\t\t\t\t<\/div>\n<\/div><div class=\"fusion-meta-tb fusion-meta-tb-45 floated\" style=\"--awb-border-top:0px;--awb-height:36px;--awb-alignment-medium:flex-start;--awb-alignment-small:flex-start;\"><span class=\"fusion-tb-published-date\">Published On: 19. Juli 2024<\/span><span class=\"fusion-meta-tb-sep\"><\/span><\/div><div class=\"fusion-title title fusion-title-46 fusion-sep-none fusion-title-text fusion-title-size-four\" style=\"--awb-margin-top:20px;--awb-margin-right:20px;--awb-margin-bottom:20px;--awb-margin-left:20px;--awb-margin-top-small:10px;--awb-margin-right-small:0px;--awb-margin-bottom-small:10px;--awb-margin-left-small:0px;--awb-font-size:24px;\"><h4 class=\"fusion-title-heading title-heading-left\" style=\"font-family:&quot;IBM Plex Sans Condensed&quot;;font-style:normal;font-weight:500;margin:0;font-size:1em;line-height:1.2;\"><a href=\"https:\/\/www.mundusmaris.org\/de\/aktivitaten\/ozean-und-klimaschutz\/sustainable-management-of-marine-resources-challenges-and-possible-solutions\/\" class=\"awb-custom-text-color awb-custom-text-hover-color\" target=\"_self\">Sustainable Management of Marine Resources &#8211; Challenges and Possible Solutions<\/a><\/h4><\/div><\/div><\/li>\n<li class=\"fusion-layout-column fusion_builder_column fusion-builder-column-47 fusion-flex-column post-card fusion-grid-column fusion-post-cards-grid-column\" style=\"--awb-bg-color:var(--awb-color1);--awb-bg-color-hover:var(--awb-color1);--awb-bg-blend:overlay;--awb-bg-size:cover;--awb-flex-grow:0;--awb-flex-shrink:0;--awb-flex-grow-medium:0;--awb-flex-shrink-medium:0;--awb-flex-grow-small:0;--awb-flex-shrink-small:0;\" data-scroll-devices=\"small-visibility,medium-visibility,large-visibility\"><div class=\"fusion-column-wrapper fusion-column-has-shadow fusion-flex-justify-content-space-around fusion-content-layout-column\"><div class=\"fusion-classic-product-image-wrapper fusion-woo-product-image fusion-post-card-image fusion-post-card-image-1 has-aspect-ratio\" data-layout=\"static\" style=\"--awb-aspect-ratio:3 \/ 2;\"><div  class=\"fusion-image-wrapper\" aria-haspopup=\"true\">\n\t\t\t\t\t\t\t<a href=\"https:\/\/www.mundusmaris.org\/de\/aktivitaten\/ozean-und-klimaschutz\/mundus-maris-concert-2024-in-belgium-oceanic-echoes\/\" aria-label=\"Mundus maris Concert 2024 in Belgium: Oceanic Echoes\">\n\t\t\t\t\t\t\t<img decoding=\"async\" width=\"500\" height=\"282\" src=\"https:\/\/www.mundusmaris.org\/wp-content\/uploads\/2024\/09\/DuskStringQuartet.jpg\" class=\"attachment-full size-full wp-post-image\" alt=\"\" srcset=\"https:\/\/www.mundusmaris.org\/wp-content\/uploads\/2024\/09\/DuskStringQuartet-200x113.jpg 200w, https:\/\/www.mundusmaris.org\/wp-content\/uploads\/2024\/09\/DuskStringQuartet-400x226.jpg 400w, https:\/\/www.mundusmaris.org\/wp-content\/uploads\/2024\/09\/DuskStringQuartet.jpg 500w\" sizes=\"(min-width: 2200px) 100vw, (min-width: 784px) 373px, (min-width: 712px) 560px, (min-width: 640px) 712px, \" \/>\t\t\t<\/a>\n\t\t\t\t\t\t\t<\/div>\n<\/div><div class=\"fusion-meta-tb fusion-meta-tb-46 floated\" style=\"--awb-border-top:0px;--awb-height:36px;--awb-alignment-medium:flex-start;--awb-alignment-small:flex-start;\"><span class=\"fusion-tb-published-date\">Published On: 21. Mai 2024<\/span><span class=\"fusion-meta-tb-sep\"><\/span><\/div><div class=\"fusion-title title fusion-title-47 fusion-sep-none fusion-title-text fusion-title-size-four\" style=\"--awb-margin-top:20px;--awb-margin-right:20px;--awb-margin-bottom:20px;--awb-margin-left:20px;--awb-margin-top-small:10px;--awb-margin-right-small:0px;--awb-margin-bottom-small:10px;--awb-margin-left-small:0px;--awb-font-size:24px;\"><h4 class=\"fusion-title-heading title-heading-left\" style=\"font-family:&quot;IBM Plex Sans Condensed&quot;;font-style:normal;font-weight:500;margin:0;font-size:1em;line-height:1.2;\"><a href=\"https:\/\/www.mundusmaris.org\/de\/aktivitaten\/ozean-und-klimaschutz\/mundus-maris-concert-2024-in-belgium-oceanic-echoes\/\" class=\"awb-custom-text-color awb-custom-text-hover-color\" target=\"_self\">Mundus maris Concert 2024 in Belgium: Oceanic Echoes<\/a><\/h4><\/div><\/div><\/li>\n<li class=\"fusion-layout-column fusion_builder_column fusion-builder-column-48 fusion-flex-column post-card fusion-grid-column fusion-post-cards-grid-column\" style=\"--awb-bg-color:var(--awb-color1);--awb-bg-color-hover:var(--awb-color1);--awb-bg-blend:overlay;--awb-bg-size:cover;--awb-flex-grow:0;--awb-flex-shrink:0;--awb-flex-grow-medium:0;--awb-flex-shrink-medium:0;--awb-flex-grow-small:0;--awb-flex-shrink-small:0;\" data-scroll-devices=\"small-visibility,medium-visibility,large-visibility\"><div class=\"fusion-column-wrapper fusion-column-has-shadow fusion-flex-justify-content-space-around fusion-content-layout-column\"><div class=\"fusion-classic-product-image-wrapper fusion-woo-product-image fusion-post-card-image fusion-post-card-image-1 has-aspect-ratio\" data-layout=\"static\" style=\"--awb-aspect-ratio:3 \/ 2;\"><div  class=\"fusion-image-wrapper\" aria-haspopup=\"true\">\n\t\t\t\t\t\t\t<a href=\"https:\/\/www.mundusmaris.org\/de\/aktivitaten\/ozean-und-klimaschutz\/visiting-the-international-tribunal-for-the-law-of-the-sea\/\" aria-label=\"Visiting the International Tribunal for the Law of the Sea\">\n\t\t\t\t\t\t\t<img decoding=\"async\" width=\"474\" height=\"246\" src=\"https:\/\/www.mundusmaris.org\/wp-content\/uploads\/2024\/09\/th-1944749416_ITLOS-buildings.jpeg\" class=\"attachment-full size-full wp-post-image\" alt=\"\" srcset=\"https:\/\/www.mundusmaris.org\/wp-content\/uploads\/2024\/09\/th-1944749416_ITLOS-buildings-200x104.jpeg 200w, https:\/\/www.mundusmaris.org\/wp-content\/uploads\/2024\/09\/th-1944749416_ITLOS-buildings-400x208.jpeg 400w, https:\/\/www.mundusmaris.org\/wp-content\/uploads\/2024\/09\/th-1944749416_ITLOS-buildings.jpeg 474w\" sizes=\"(min-width: 2200px) 100vw, (min-width: 784px) 373px, (min-width: 712px) 560px, (min-width: 640px) 712px, \" \/>\t\t\t<\/a>\n\t\t\t\t\t\t\t<\/div>\n<\/div><div class=\"fusion-meta-tb fusion-meta-tb-47 floated\" style=\"--awb-border-top:0px;--awb-height:36px;--awb-alignment-medium:flex-start;--awb-alignment-small:flex-start;\"><span class=\"fusion-tb-published-date\">Published On: 15. Mai 2024<\/span><span class=\"fusion-meta-tb-sep\"><\/span><\/div><div class=\"fusion-title title fusion-title-48 fusion-sep-none fusion-title-text fusion-title-size-four\" style=\"--awb-margin-top:20px;--awb-margin-right:20px;--awb-margin-bottom:20px;--awb-margin-left:20px;--awb-margin-top-small:10px;--awb-margin-right-small:0px;--awb-margin-bottom-small:10px;--awb-margin-left-small:0px;--awb-font-size:24px;\"><h4 class=\"fusion-title-heading title-heading-left\" style=\"font-family:&quot;IBM Plex Sans Condensed&quot;;font-style:normal;font-weight:500;margin:0;font-size:1em;line-height:1.2;\"><a href=\"https:\/\/www.mundusmaris.org\/de\/aktivitaten\/ozean-und-klimaschutz\/visiting-the-international-tribunal-for-the-law-of-the-sea\/\" class=\"awb-custom-text-color awb-custom-text-hover-color\" target=\"_self\">Visiting the International Tribunal for the Law of the Sea<\/a><\/h4><\/div><\/div><\/li>\n<li class=\"fusion-layout-column fusion_builder_column fusion-builder-column-49 fusion-flex-column post-card fusion-grid-column fusion-post-cards-grid-column\" style=\"--awb-bg-color:var(--awb-color1);--awb-bg-color-hover:var(--awb-color1);--awb-bg-blend:overlay;--awb-bg-size:cover;--awb-flex-grow:0;--awb-flex-shrink:0;--awb-flex-grow-medium:0;--awb-flex-shrink-medium:0;--awb-flex-grow-small:0;--awb-flex-shrink-small:0;\" data-scroll-devices=\"small-visibility,medium-visibility,large-visibility\"><div class=\"fusion-column-wrapper fusion-column-has-shadow fusion-flex-justify-content-space-around fusion-content-layout-column\"><div class=\"fusion-classic-product-image-wrapper fusion-woo-product-image fusion-post-card-image fusion-post-card-image-1 has-aspect-ratio\" data-layout=\"static\" style=\"--awb-aspect-ratio:3 \/ 2;\"><div  class=\"fusion-image-wrapper\" aria-haspopup=\"true\">\n\t\t\t\t\t\t\t<a href=\"https:\/\/www.mundusmaris.org\/de\/aktivitaten\/microplastic-a-public-health-issue\/\" aria-label=\"Microplastic, a public health issue\">\n\t\t\t\t\t\t\t<img decoding=\"async\" width=\"800\" height=\"500\" src=\"https:\/\/www.mundusmaris.org\/wp-content\/uploads\/2024\/04\/copertina_posts_microplastic.jpg\" class=\"attachment-full size-full wp-post-image\" alt=\"\" srcset=\"https:\/\/www.mundusmaris.org\/wp-content\/uploads\/2024\/04\/copertina_posts_microplastic-200x125.jpg 200w, https:\/\/www.mundusmaris.org\/wp-content\/uploads\/2024\/04\/copertina_posts_microplastic-400x250.jpg 400w, https:\/\/www.mundusmaris.org\/wp-content\/uploads\/2024\/04\/copertina_posts_microplastic-600x375.jpg 600w, https:\/\/www.mundusmaris.org\/wp-content\/uploads\/2024\/04\/copertina_posts_microplastic.jpg 800w\" sizes=\"(min-width: 2200px) 100vw, (min-width: 784px) 373px, (min-width: 712px) 560px, (min-width: 640px) 712px, \" \/>\t\t\t<\/a>\n\t\t\t\t\t\t\t<\/div>\n<\/div><div class=\"fusion-meta-tb fusion-meta-tb-48 floated\" style=\"--awb-border-top:0px;--awb-height:36px;--awb-alignment-medium:flex-start;--awb-alignment-small:flex-start;\"><span class=\"fusion-tb-published-date\">Published On: 5. April 2024<\/span><span class=\"fusion-meta-tb-sep\"><\/span><\/div><div class=\"fusion-title title fusion-title-49 fusion-sep-none fusion-title-text fusion-title-size-four\" style=\"--awb-margin-top:20px;--awb-margin-right:20px;--awb-margin-bottom:20px;--awb-margin-left:20px;--awb-margin-top-small:10px;--awb-margin-right-small:0px;--awb-margin-bottom-small:10px;--awb-margin-left-small:0px;--awb-font-size:24px;\"><h4 class=\"fusion-title-heading title-heading-left\" style=\"font-family:&quot;IBM Plex Sans Condensed&quot;;font-style:normal;font-weight:500;margin:0;font-size:1em;line-height:1.2;\"><a href=\"https:\/\/www.mundusmaris.org\/de\/aktivitaten\/microplastic-a-public-health-issue\/\" class=\"awb-custom-text-color awb-custom-text-hover-color\" target=\"_self\">Microplastic, a public health issue<\/a><\/h4><\/div><\/div><\/li>\n<li class=\"fusion-layout-column fusion_builder_column fusion-builder-column-50 fusion-flex-column post-card fusion-grid-column fusion-post-cards-grid-column\" style=\"--awb-bg-color:var(--awb-color1);--awb-bg-color-hover:var(--awb-color1);--awb-bg-blend:overlay;--awb-bg-size:cover;--awb-flex-grow:0;--awb-flex-shrink:0;--awb-flex-grow-medium:0;--awb-flex-shrink-medium:0;--awb-flex-grow-small:0;--awb-flex-shrink-small:0;\" data-scroll-devices=\"small-visibility,medium-visibility,large-visibility\"><div class=\"fusion-column-wrapper fusion-column-has-shadow fusion-flex-justify-content-space-around fusion-content-layout-column\"><div class=\"fusion-classic-product-image-wrapper fusion-woo-product-image fusion-post-card-image fusion-post-card-image-1 has-aspect-ratio\" data-layout=\"static\" style=\"--awb-aspect-ratio:3 \/ 2;\"><div  class=\"fusion-image-wrapper\" aria-haspopup=\"true\">\n\t\t\t\t\t\t\t<a href=\"https:\/\/www.mundusmaris.org\/de\/veranstaltung\/where-skies-and-seas-meet-climate-and-ocean-interdependence-in-policy-making\/\" aria-label=\"Where skies and seas meet: Climate and ocean interdependence in policy making\">\n\t\t\t\t\t\t\t<img decoding=\"async\" width=\"499\" height=\"328\" src=\"https:\/\/www.mundusmaris.org\/wp-content\/uploads\/2024\/09\/th-2762075910_logo.jpg\" class=\"attachment-full size-full wp-post-image\" alt=\"\" srcset=\"https:\/\/www.mundusmaris.org\/wp-content\/uploads\/2024\/09\/th-2762075910_logo-200x131.jpg 200w, https:\/\/www.mundusmaris.org\/wp-content\/uploads\/2024\/09\/th-2762075910_logo-400x263.jpg 400w, https:\/\/www.mundusmaris.org\/wp-content\/uploads\/2024\/09\/th-2762075910_logo.jpg 499w\" sizes=\"(min-width: 2200px) 100vw, (min-width: 784px) 373px, (min-width: 712px) 560px, (min-width: 640px) 712px, \" \/>\t\t\t<\/a>\n\t\t\t\t\t\t\t<\/div>\n<\/div><div class=\"fusion-meta-tb fusion-meta-tb-49 floated\" style=\"--awb-border-top:0px;--awb-height:36px;--awb-alignment-medium:flex-start;--awb-alignment-small:flex-start;\"><span class=\"fusion-tb-published-date\">Published On: 29. Februar 2024<\/span><span class=\"fusion-meta-tb-sep\"><\/span><\/div><div class=\"fusion-title title fusion-title-50 fusion-sep-none fusion-title-text fusion-title-size-four\" style=\"--awb-margin-top:20px;--awb-margin-right:20px;--awb-margin-bottom:20px;--awb-margin-left:20px;--awb-margin-top-small:10px;--awb-margin-right-small:0px;--awb-margin-bottom-small:10px;--awb-margin-left-small:0px;--awb-font-size:24px;\"><h4 class=\"fusion-title-heading title-heading-left\" style=\"font-family:&quot;IBM Plex Sans Condensed&quot;;font-style:normal;font-weight:500;margin:0;font-size:1em;line-height:1.2;\"><a href=\"https:\/\/www.mundusmaris.org\/de\/veranstaltung\/where-skies-and-seas-meet-climate-and-ocean-interdependence-in-policy-making\/\" class=\"awb-custom-text-color awb-custom-text-hover-color\" target=\"_self\">Where skies and seas meet: Climate and ocean interdependence in policy making<\/a><\/h4><\/div><\/div><\/li>\n<li class=\"fusion-layout-column fusion_builder_column fusion-builder-column-51 fusion-flex-column post-card fusion-grid-column fusion-post-cards-grid-column\" style=\"--awb-bg-color:var(--awb-color1);--awb-bg-color-hover:var(--awb-color1);--awb-bg-blend:overlay;--awb-bg-size:cover;--awb-flex-grow:0;--awb-flex-shrink:0;--awb-flex-grow-medium:0;--awb-flex-shrink-medium:0;--awb-flex-grow-small:0;--awb-flex-shrink-small:0;\" data-scroll-devices=\"small-visibility,medium-visibility,large-visibility\"><div class=\"fusion-column-wrapper fusion-column-has-shadow fusion-flex-justify-content-space-around fusion-content-layout-column\"><div class=\"fusion-classic-product-image-wrapper fusion-woo-product-image fusion-post-card-image fusion-post-card-image-1 has-aspect-ratio\" data-layout=\"static\" style=\"--awb-aspect-ratio:3 \/ 2;\"><div  class=\"fusion-image-wrapper\" aria-haspopup=\"true\">\n\t\t\t\t\t\t\t<a href=\"https:\/\/www.mundusmaris.org\/de\/aktivitaten\/wto-wir-brauchen-ein-ehrgeiziges-abkommen-um-schaedliche-fischereisubventionen-zu-stoppen\/\" aria-label=\"WTO: Wir brauchen ein ehrgeiziges Abkommen, um sch\u00e4dliche Fischereisubventionen zu stoppen\">\n\t\t\t\t\t\t\t<img decoding=\"async\" width=\"800\" height=\"500\" src=\"https:\/\/www.mundusmaris.org\/wp-content\/uploads\/2024\/04\/wto_copertina_800x500.jpg\" class=\"attachment-full size-full wp-post-image\" alt=\"\" srcset=\"https:\/\/www.mundusmaris.org\/wp-content\/uploads\/2024\/04\/wto_copertina_800x500-200x125.jpg 200w, https:\/\/www.mundusmaris.org\/wp-content\/uploads\/2024\/04\/wto_copertina_800x500-400x250.jpg 400w, https:\/\/www.mundusmaris.org\/wp-content\/uploads\/2024\/04\/wto_copertina_800x500-600x375.jpg 600w, https:\/\/www.mundusmaris.org\/wp-content\/uploads\/2024\/04\/wto_copertina_800x500.jpg 800w\" sizes=\"(min-width: 2200px) 100vw, (min-width: 784px) 373px, (min-width: 712px) 560px, (min-width: 640px) 712px, \" \/>\t\t\t<\/a>\n\t\t\t\t\t\t\t<\/div>\n<\/div><div class=\"fusion-meta-tb fusion-meta-tb-50 floated\" style=\"--awb-border-top:0px;--awb-height:36px;--awb-alignment-medium:flex-start;--awb-alignment-small:flex-start;\"><span class=\"fusion-tb-published-date\">Published On: 18. Februar 2024<\/span><span class=\"fusion-meta-tb-sep\"><\/span><\/div><div class=\"fusion-title title fusion-title-51 fusion-sep-none fusion-title-text fusion-title-size-four\" style=\"--awb-margin-top:20px;--awb-margin-right:20px;--awb-margin-bottom:20px;--awb-margin-left:20px;--awb-margin-top-small:10px;--awb-margin-right-small:0px;--awb-margin-bottom-small:10px;--awb-margin-left-small:0px;--awb-font-size:24px;\"><h4 class=\"fusion-title-heading title-heading-left\" style=\"font-family:&quot;IBM Plex Sans Condensed&quot;;font-style:normal;font-weight:500;margin:0;font-size:1em;line-height:1.2;\"><a href=\"https:\/\/www.mundusmaris.org\/de\/aktivitaten\/wto-wir-brauchen-ein-ehrgeiziges-abkommen-um-schaedliche-fischereisubventionen-zu-stoppen\/\" class=\"awb-custom-text-color awb-custom-text-hover-color\" target=\"_self\">WTO: Wir brauchen ein ehrgeiziges Abkommen, um sch\u00e4dliche Fischereisubventionen zu stoppen<\/a><\/h4><\/div><\/div><\/li>\n<li class=\"fusion-layout-column fusion_builder_column fusion-builder-column-52 fusion-flex-column post-card fusion-grid-column fusion-post-cards-grid-column\" style=\"--awb-bg-color:var(--awb-color1);--awb-bg-color-hover:var(--awb-color1);--awb-bg-blend:overlay;--awb-bg-size:cover;--awb-flex-grow:0;--awb-flex-shrink:0;--awb-flex-grow-medium:0;--awb-flex-shrink-medium:0;--awb-flex-grow-small:0;--awb-flex-shrink-small:0;\" data-scroll-devices=\"small-visibility,medium-visibility,large-visibility\"><div class=\"fusion-column-wrapper fusion-column-has-shadow fusion-flex-justify-content-space-around fusion-content-layout-column\"><div class=\"fusion-classic-product-image-wrapper fusion-woo-product-image fusion-post-card-image fusion-post-card-image-1 has-aspect-ratio\" data-layout=\"static\" style=\"--awb-aspect-ratio:3 \/ 2;\"><div  class=\"fusion-image-wrapper\" aria-haspopup=\"true\">\n\t\t\t\t\t\t\t<a href=\"https:\/\/www.mundusmaris.org\/de\/aktivitaten\/mundus-maris-auf-der-boot-2024-ein-grosser-erfolg\/\" aria-label=\"Mundus maris at Boot 2024 &#8211; Great success!\">\n\t\t\t\t\t\t\t<img decoding=\"async\" width=\"800\" height=\"500\" src=\"https:\/\/www.mundusmaris.org\/wp-content\/uploads\/2024\/04\/copertina_posts_boot.jpg\" class=\"attachment-full size-full wp-post-image\" alt=\"\" srcset=\"https:\/\/www.mundusmaris.org\/wp-content\/uploads\/2024\/04\/copertina_posts_boot-200x125.jpg 200w, https:\/\/www.mundusmaris.org\/wp-content\/uploads\/2024\/04\/copertina_posts_boot-400x250.jpg 400w, https:\/\/www.mundusmaris.org\/wp-content\/uploads\/2024\/04\/copertina_posts_boot-600x375.jpg 600w, https:\/\/www.mundusmaris.org\/wp-content\/uploads\/2024\/04\/copertina_posts_boot.jpg 800w\" sizes=\"(min-width: 2200px) 100vw, (min-width: 784px) 373px, (min-width: 712px) 560px, (min-width: 640px) 712px, \" \/>\t\t\t<\/a>\n\t\t\t\t\t\t\t<\/div>\n<\/div><div class=\"fusion-meta-tb fusion-meta-tb-51 floated\" style=\"--awb-border-top:0px;--awb-height:36px;--awb-alignment-medium:flex-start;--awb-alignment-small:flex-start;\"><span class=\"fusion-tb-published-date\">Published On: 28. Januar 2024<\/span><span class=\"fusion-meta-tb-sep\"><\/span><\/div><div class=\"fusion-title title fusion-title-52 fusion-sep-none fusion-title-text fusion-title-size-four\" style=\"--awb-margin-top:20px;--awb-margin-right:20px;--awb-margin-bottom:20px;--awb-margin-left:20px;--awb-margin-top-small:10px;--awb-margin-right-small:0px;--awb-margin-bottom-small:10px;--awb-margin-left-small:0px;--awb-font-size:24px;\"><h4 class=\"fusion-title-heading title-heading-left\" style=\"font-family:&quot;IBM Plex Sans Condensed&quot;;font-style:normal;font-weight:500;margin:0;font-size:1em;line-height:1.2;\"><a href=\"https:\/\/www.mundusmaris.org\/de\/aktivitaten\/mundus-maris-auf-der-boot-2024-ein-grosser-erfolg\/\" class=\"awb-custom-text-color awb-custom-text-hover-color\" target=\"_self\">Mundus maris at Boot 2024 &#8211; Great success!<\/a><\/h4><\/div><\/div><\/li>\n<li class=\"fusion-layout-column fusion_builder_column fusion-builder-column-53 fusion-flex-column post-card fusion-grid-column fusion-post-cards-grid-column\" style=\"--awb-bg-color:var(--awb-color1);--awb-bg-color-hover:var(--awb-color1);--awb-bg-blend:overlay;--awb-bg-size:cover;--awb-flex-grow:0;--awb-flex-shrink:0;--awb-flex-grow-medium:0;--awb-flex-shrink-medium:0;--awb-flex-grow-small:0;--awb-flex-shrink-small:0;\" data-scroll-devices=\"small-visibility,medium-visibility,large-visibility\"><div class=\"fusion-column-wrapper fusion-column-has-shadow fusion-flex-justify-content-space-around fusion-content-layout-column\"><div class=\"fusion-classic-product-image-wrapper fusion-woo-product-image fusion-post-card-image fusion-post-card-image-1 has-aspect-ratio\" data-layout=\"static\" style=\"--awb-aspect-ratio:3 \/ 2;\"><div  class=\"fusion-image-wrapper\" aria-haspopup=\"true\">\n\t\t\t\t\t\t\t<a href=\"https:\/\/www.mundusmaris.org\/de\/aktivitaten\/wissenschaft-und-ihre-nutzung-in-einer-sich-veraendernden-welt\/\" aria-label=\"Wissenschaft und ihre Nutzung in einer sich ver\u00e4ndernden Welt\">\n\t\t\t\t\t\t\t<img decoding=\"async\" width=\"800\" height=\"500\" src=\"https:\/\/www.mundusmaris.org\/wp-content\/uploads\/2023\/12\/immagine-05-800x500-1.jpg\" class=\"attachment-full size-full wp-post-image\" alt=\"\" srcset=\"https:\/\/www.mundusmaris.org\/wp-content\/uploads\/2023\/12\/immagine-05-800x500-1-200x125.jpg 200w, https:\/\/www.mundusmaris.org\/wp-content\/uploads\/2023\/12\/immagine-05-800x500-1-400x250.jpg 400w, https:\/\/www.mundusmaris.org\/wp-content\/uploads\/2023\/12\/immagine-05-800x500-1-600x375.jpg 600w, https:\/\/www.mundusmaris.org\/wp-content\/uploads\/2023\/12\/immagine-05-800x500-1.jpg 800w\" sizes=\"(min-width: 2200px) 100vw, (min-width: 784px) 373px, (min-width: 712px) 560px, (min-width: 640px) 712px, \" \/>\t\t\t<\/a>\n\t\t\t\t\t\t\t<\/div>\n<\/div><div class=\"fusion-meta-tb fusion-meta-tb-52 floated\" style=\"--awb-border-top:0px;--awb-height:36px;--awb-alignment-medium:flex-start;--awb-alignment-small:flex-start;\"><span class=\"fusion-tb-published-date\">Published On: 30. Dezember 2023<\/span><span class=\"fusion-meta-tb-sep\"><\/span><\/div><div class=\"fusion-title title fusion-title-53 fusion-sep-none fusion-title-text fusion-title-size-four\" style=\"--awb-margin-top:20px;--awb-margin-right:20px;--awb-margin-bottom:20px;--awb-margin-left:20px;--awb-margin-top-small:10px;--awb-margin-right-small:0px;--awb-margin-bottom-small:10px;--awb-margin-left-small:0px;--awb-font-size:24px;\"><h4 class=\"fusion-title-heading title-heading-left\" style=\"font-family:&quot;IBM Plex Sans Condensed&quot;;font-style:normal;font-weight:500;margin:0;font-size:1em;line-height:1.2;\"><a href=\"https:\/\/www.mundusmaris.org\/de\/aktivitaten\/wissenschaft-und-ihre-nutzung-in-einer-sich-veraendernden-welt\/\" class=\"awb-custom-text-color awb-custom-text-hover-color\" target=\"_self\">Wissenschaft und ihre Nutzung in einer sich ver\u00e4ndernden Welt<\/a><\/h4><\/div><\/div><\/li>\n<li class=\"fusion-layout-column fusion_builder_column fusion-builder-column-54 fusion-flex-column post-card fusion-grid-column fusion-post-cards-grid-column\" style=\"--awb-bg-color:var(--awb-color1);--awb-bg-color-hover:var(--awb-color1);--awb-bg-blend:overlay;--awb-bg-size:cover;--awb-flex-grow:0;--awb-flex-shrink:0;--awb-flex-grow-medium:0;--awb-flex-shrink-medium:0;--awb-flex-grow-small:0;--awb-flex-shrink-small:0;\" data-scroll-devices=\"small-visibility,medium-visibility,large-visibility\"><div class=\"fusion-column-wrapper fusion-column-has-shadow fusion-flex-justify-content-space-around fusion-content-layout-column\"><div class=\"fusion-classic-product-image-wrapper fusion-woo-product-image fusion-post-card-image fusion-post-card-image-1 has-aspect-ratio\" data-layout=\"static\" style=\"--awb-aspect-ratio:3 \/ 2;\"><div  class=\"fusion-image-wrapper\" aria-haspopup=\"true\">\n\t\t\t\t\t\t\t<a href=\"https:\/\/www.mundusmaris.org\/de\/aktivitaten\/das-belgische-ozean-dekade-komitee-ueberprueft-sein-programm\/\" aria-label=\"Das belgische Ozean-Dekade-Komitee \u00fcberpr\u00fcft sein Programm\">\n\t\t\t\t\t\t\t<img decoding=\"async\" width=\"800\" height=\"500\" src=\"https:\/\/www.mundusmaris.org\/wp-content\/uploads\/2023\/12\/belgian.jpg\" class=\"attachment-full size-full wp-post-image\" alt=\"\" srcset=\"https:\/\/www.mundusmaris.org\/wp-content\/uploads\/2023\/12\/belgian-200x125.jpg 200w, https:\/\/www.mundusmaris.org\/wp-content\/uploads\/2023\/12\/belgian-400x250.jpg 400w, https:\/\/www.mundusmaris.org\/wp-content\/uploads\/2023\/12\/belgian-600x375.jpg 600w, https:\/\/www.mundusmaris.org\/wp-content\/uploads\/2023\/12\/belgian.jpg 800w\" sizes=\"(min-width: 2200px) 100vw, (min-width: 784px) 373px, (min-width: 712px) 560px, (min-width: 640px) 712px, \" \/>\t\t\t<\/a>\n\t\t\t\t\t\t\t<\/div>\n<\/div><div class=\"fusion-meta-tb fusion-meta-tb-53 floated\" style=\"--awb-border-top:0px;--awb-height:36px;--awb-alignment-medium:flex-start;--awb-alignment-small:flex-start;\"><span class=\"fusion-tb-published-date\">Published On: 1. Dezember 2023<\/span><span class=\"fusion-meta-tb-sep\"><\/span><\/div><div class=\"fusion-title title fusion-title-54 fusion-sep-none fusion-title-text fusion-title-size-four\" style=\"--awb-margin-top:20px;--awb-margin-right:20px;--awb-margin-bottom:20px;--awb-margin-left:20px;--awb-margin-top-small:10px;--awb-margin-right-small:0px;--awb-margin-bottom-small:10px;--awb-margin-left-small:0px;--awb-font-size:24px;\"><h4 class=\"fusion-title-heading title-heading-left\" style=\"font-family:&quot;IBM Plex Sans Condensed&quot;;font-style:normal;font-weight:500;margin:0;font-size:1em;line-height:1.2;\"><a href=\"https:\/\/www.mundusmaris.org\/de\/aktivitaten\/das-belgische-ozean-dekade-komitee-ueberprueft-sein-programm\/\" class=\"awb-custom-text-color awb-custom-text-hover-color\" target=\"_self\">Das belgische Ozean-Dekade-Komitee \u00fcberpr\u00fcft sein Programm<\/a><\/h4><\/div><\/div><\/li>\n<li class=\"fusion-layout-column fusion_builder_column fusion-builder-column-55 fusion-flex-column post-card fusion-grid-column fusion-post-cards-grid-column\" style=\"--awb-bg-color:var(--awb-color1);--awb-bg-color-hover:var(--awb-color1);--awb-bg-blend:overlay;--awb-bg-size:cover;--awb-flex-grow:0;--awb-flex-shrink:0;--awb-flex-grow-medium:0;--awb-flex-shrink-medium:0;--awb-flex-grow-small:0;--awb-flex-shrink-small:0;\" data-scroll-devices=\"small-visibility,medium-visibility,large-visibility\"><div class=\"fusion-column-wrapper fusion-column-has-shadow fusion-flex-justify-content-space-around fusion-content-layout-column\"><div class=\"fusion-classic-product-image-wrapper fusion-woo-product-image fusion-post-card-image fusion-post-card-image-1 has-aspect-ratio\" data-layout=\"static\" style=\"--awb-aspect-ratio:3 \/ 2;\"><div  class=\"fusion-image-wrapper\" aria-haspopup=\"true\">\n\t\t\t\t\t\t\t<a href=\"https:\/\/www.mundusmaris.org\/de\/aktivitaten\/okosystem-basierte-fischerei\/pampa-azul-argentina-looking-to-the-sea\/\" aria-label=\"Pampa Azul, Argentina looking to the sea\">\n\t\t\t\t\t\t\t<img decoding=\"async\" width=\"500\" height=\"335\" src=\"https:\/\/www.mundusmaris.org\/wp-content\/uploads\/2024\/09\/whale-1181395_FernandoSirniPixabay.jpg\" class=\"attachment-full size-full wp-post-image\" alt=\"\" srcset=\"https:\/\/www.mundusmaris.org\/wp-content\/uploads\/2024\/09\/whale-1181395_FernandoSirniPixabay-200x134.jpg 200w, https:\/\/www.mundusmaris.org\/wp-content\/uploads\/2024\/09\/whale-1181395_FernandoSirniPixabay-400x268.jpg 400w, https:\/\/www.mundusmaris.org\/wp-content\/uploads\/2024\/09\/whale-1181395_FernandoSirniPixabay.jpg 500w\" sizes=\"(min-width: 2200px) 100vw, (min-width: 784px) 373px, (min-width: 712px) 560px, (min-width: 640px) 712px, \" \/>\t\t\t<\/a>\n\t\t\t\t\t\t\t<\/div>\n<\/div><div class=\"fusion-meta-tb fusion-meta-tb-54 floated\" style=\"--awb-border-top:0px;--awb-height:36px;--awb-alignment-medium:flex-start;--awb-alignment-small:flex-start;\"><span class=\"fusion-tb-published-date\">Published On: 19. November 2023<\/span><span class=\"fusion-meta-tb-sep\"><\/span><\/div><div class=\"fusion-title title fusion-title-55 fusion-sep-none fusion-title-text fusion-title-size-four\" style=\"--awb-margin-top:20px;--awb-margin-right:20px;--awb-margin-bottom:20px;--awb-margin-left:20px;--awb-margin-top-small:10px;--awb-margin-right-small:0px;--awb-margin-bottom-small:10px;--awb-margin-left-small:0px;--awb-font-size:24px;\"><h4 class=\"fusion-title-heading title-heading-left\" style=\"font-family:&quot;IBM Plex Sans Condensed&quot;;font-style:normal;font-weight:500;margin:0;font-size:1em;line-height:1.2;\"><a href=\"https:\/\/www.mundusmaris.org\/de\/aktivitaten\/okosystem-basierte-fischerei\/pampa-azul-argentina-looking-to-the-sea\/\" class=\"awb-custom-text-color awb-custom-text-hover-color\" target=\"_self\">Pampa Azul, Argentina looking to the sea<\/a><\/h4><\/div><\/div><\/li>\n<li class=\"fusion-layout-column fusion_builder_column fusion-builder-column-56 fusion-flex-column post-card fusion-grid-column fusion-post-cards-grid-column\" style=\"--awb-bg-color:var(--awb-color1);--awb-bg-color-hover:var(--awb-color1);--awb-bg-blend:overlay;--awb-bg-size:cover;--awb-flex-grow:0;--awb-flex-shrink:0;--awb-flex-grow-medium:0;--awb-flex-shrink-medium:0;--awb-flex-grow-small:0;--awb-flex-shrink-small:0;\" data-scroll-devices=\"small-visibility,medium-visibility,large-visibility\"><div class=\"fusion-column-wrapper fusion-column-has-shadow fusion-flex-justify-content-space-around fusion-content-layout-column\"><div class=\"fusion-classic-product-image-wrapper fusion-woo-product-image fusion-post-card-image fusion-post-card-image-1 has-aspect-ratio\" data-layout=\"static\" style=\"--awb-aspect-ratio:3 \/ 2;\"><div  class=\"fusion-image-wrapper\" aria-haspopup=\"true\">\n\t\t\t\t\t\t\t<a href=\"https:\/\/www.mundusmaris.org\/de\/veranstaltung\/towards-a-global-network-of-mpas-for-ocean-governance\/\" aria-label=\"Towards a global network of MPAs for ocean governance\">\n\t\t\t\t\t\t\t<img decoding=\"async\" width=\"500\" height=\"330\" src=\"https:\/\/www.mundusmaris.org\/wp-content\/uploads\/2023\/11\/OceanGovernanceLogo.jpg\" class=\"attachment-full size-full wp-post-image\" alt=\"\" srcset=\"https:\/\/www.mundusmaris.org\/wp-content\/uploads\/2023\/11\/OceanGovernanceLogo-200x132.jpg 200w, https:\/\/www.mundusmaris.org\/wp-content\/uploads\/2023\/11\/OceanGovernanceLogo-400x264.jpg 400w, https:\/\/www.mundusmaris.org\/wp-content\/uploads\/2023\/11\/OceanGovernanceLogo.jpg 500w\" sizes=\"(min-width: 2200px) 100vw, (min-width: 784px) 373px, (min-width: 712px) 560px, (min-width: 640px) 712px, \" \/>\t\t\t<\/a>\n\t\t\t\t\t\t\t<\/div>\n<\/div><div class=\"fusion-meta-tb fusion-meta-tb-55 floated\" style=\"--awb-border-top:0px;--awb-height:36px;--awb-alignment-medium:flex-start;--awb-alignment-small:flex-start;\"><span class=\"fusion-tb-published-date\">Published On: 8. November 2023<\/span><span class=\"fusion-meta-tb-sep\"><\/span><\/div><div class=\"fusion-title title fusion-title-56 fusion-sep-none fusion-title-text fusion-title-size-four\" style=\"--awb-margin-top:20px;--awb-margin-right:20px;--awb-margin-bottom:20px;--awb-margin-left:20px;--awb-margin-top-small:10px;--awb-margin-right-small:0px;--awb-margin-bottom-small:10px;--awb-margin-left-small:0px;--awb-font-size:24px;\"><h4 class=\"fusion-title-heading title-heading-left\" style=\"font-family:&quot;IBM Plex Sans Condensed&quot;;font-style:normal;font-weight:500;margin:0;font-size:1em;line-height:1.2;\"><a href=\"https:\/\/www.mundusmaris.org\/de\/veranstaltung\/towards-a-global-network-of-mpas-for-ocean-governance\/\" class=\"awb-custom-text-color awb-custom-text-hover-color\" target=\"_self\">Towards a global network of MPAs for ocean governance<\/a><\/h4><\/div><\/div><\/li>\n<li class=\"fusion-layout-column fusion_builder_column fusion-builder-column-57 fusion-flex-column post-card fusion-grid-column fusion-post-cards-grid-column\" style=\"--awb-bg-color:var(--awb-color1);--awb-bg-color-hover:var(--awb-color1);--awb-bg-blend:overlay;--awb-bg-size:cover;--awb-flex-grow:0;--awb-flex-shrink:0;--awb-flex-grow-medium:0;--awb-flex-shrink-medium:0;--awb-flex-grow-small:0;--awb-flex-shrink-small:0;\" data-scroll-devices=\"small-visibility,medium-visibility,large-visibility\"><div class=\"fusion-column-wrapper fusion-column-has-shadow fusion-flex-justify-content-space-around fusion-content-layout-column\"><div class=\"fusion-classic-product-image-wrapper fusion-woo-product-image fusion-post-card-image fusion-post-card-image-1 has-aspect-ratio\" data-layout=\"static\" style=\"--awb-aspect-ratio:3 \/ 2;\"><div  class=\"fusion-image-wrapper\" aria-haspopup=\"true\">\n\t\t\t\t\t\t\t<a href=\"https:\/\/www.mundusmaris.org\/de\/handwerklichen-fischerei-akademie\/webinar-herausforderungen-und-chancen-der-fischerei-in-nigeria\/\" aria-label=\"Webinar: Herausforderungen und Chancen der Fischerei in Nigeria\">\n\t\t\t\t\t\t\t<img decoding=\"async\" width=\"500\" height=\"330\" src=\"https:\/\/www.mundusmaris.org\/wp-content\/uploads\/2023\/09\/YoungNigerian.jpg\" class=\"attachment-full size-full wp-post-image\" alt=\"\" srcset=\"https:\/\/www.mundusmaris.org\/wp-content\/uploads\/2023\/09\/YoungNigerian-200x132.jpg 200w, https:\/\/www.mundusmaris.org\/wp-content\/uploads\/2023\/09\/YoungNigerian-400x264.jpg 400w, https:\/\/www.mundusmaris.org\/wp-content\/uploads\/2023\/09\/YoungNigerian.jpg 500w\" sizes=\"(min-width: 2200px) 100vw, (min-width: 784px) 373px, (min-width: 712px) 560px, (min-width: 640px) 712px, \" \/>\t\t\t<\/a>\n\t\t\t\t\t\t\t<\/div>\n<\/div><div class=\"fusion-meta-tb fusion-meta-tb-56 floated\" style=\"--awb-border-top:0px;--awb-height:36px;--awb-alignment-medium:flex-start;--awb-alignment-small:flex-start;\"><span class=\"fusion-tb-published-date\">Published On: 30. September 2023<\/span><span class=\"fusion-meta-tb-sep\"><\/span><\/div><div class=\"fusion-title title fusion-title-57 fusion-sep-none fusion-title-text fusion-title-size-four\" style=\"--awb-margin-top:20px;--awb-margin-right:20px;--awb-margin-bottom:20px;--awb-margin-left:20px;--awb-margin-top-small:10px;--awb-margin-right-small:0px;--awb-margin-bottom-small:10px;--awb-margin-left-small:0px;--awb-font-size:24px;\"><h4 class=\"fusion-title-heading title-heading-left\" style=\"font-family:&quot;IBM Plex Sans Condensed&quot;;font-style:normal;font-weight:500;margin:0;font-size:1em;line-height:1.2;\"><a href=\"https:\/\/www.mundusmaris.org\/de\/handwerklichen-fischerei-akademie\/webinar-herausforderungen-und-chancen-der-fischerei-in-nigeria\/\" class=\"awb-custom-text-color awb-custom-text-hover-color\" target=\"_self\">Webinar: Herausforderungen und Chancen der Fischerei in Nigeria<\/a><\/h4><\/div><\/div><\/li>\n<li class=\"fusion-layout-column fusion_builder_column fusion-builder-column-58 fusion-flex-column post-card fusion-grid-column fusion-post-cards-grid-column\" style=\"--awb-bg-color:var(--awb-color1);--awb-bg-color-hover:var(--awb-color1);--awb-bg-blend:overlay;--awb-bg-size:cover;--awb-flex-grow:0;--awb-flex-shrink:0;--awb-flex-grow-medium:0;--awb-flex-shrink-medium:0;--awb-flex-grow-small:0;--awb-flex-shrink-small:0;\" data-scroll-devices=\"small-visibility,medium-visibility,large-visibility\"><div class=\"fusion-column-wrapper fusion-column-has-shadow fusion-flex-justify-content-space-around fusion-content-layout-column\"><div class=\"fusion-classic-product-image-wrapper fusion-woo-product-image fusion-post-card-image fusion-post-card-image-1 has-aspect-ratio\" data-layout=\"static\" style=\"--awb-aspect-ratio:3 \/ 2;\"><div  class=\"fusion-image-wrapper\" aria-haspopup=\"true\">\n\t\t\t\t\t\t\t<a href=\"https:\/\/www.mundusmaris.org\/de\/aktivitaten\/mundus-maris-supports-climate-marches-15-and-17-september-2023\/\" aria-label=\"Mundus maris supports Climate marches, 15 and 17 September 2023\">\n\t\t\t\t\t\t\t<img decoding=\"async\" width=\"735\" height=\"490\" src=\"https:\/\/www.mundusmaris.org\/wp-content\/uploads\/2023\/12\/CEN-MMclimatemarch.jpg\" class=\"attachment-full size-full wp-post-image\" alt=\"\" srcset=\"https:\/\/www.mundusmaris.org\/wp-content\/uploads\/2023\/12\/CEN-MMclimatemarch-200x133.jpg 200w, https:\/\/www.mundusmaris.org\/wp-content\/uploads\/2023\/12\/CEN-MMclimatemarch-400x267.jpg 400w, https:\/\/www.mundusmaris.org\/wp-content\/uploads\/2023\/12\/CEN-MMclimatemarch-600x400.jpg 600w, https:\/\/www.mundusmaris.org\/wp-content\/uploads\/2023\/12\/CEN-MMclimatemarch.jpg 735w\" sizes=\"(min-width: 2200px) 100vw, (min-width: 784px) 373px, (min-width: 712px) 560px, (min-width: 640px) 712px, \" \/>\t\t\t<\/a>\n\t\t\t\t\t\t\t<\/div>\n<\/div><div class=\"fusion-meta-tb fusion-meta-tb-57 floated\" style=\"--awb-border-top:0px;--awb-height:36px;--awb-alignment-medium:flex-start;--awb-alignment-small:flex-start;\"><span class=\"fusion-tb-published-date\">Published On: 15. September 2023<\/span><span class=\"fusion-meta-tb-sep\"><\/span><\/div><div class=\"fusion-title title fusion-title-58 fusion-sep-none fusion-title-text fusion-title-size-four\" style=\"--awb-margin-top:20px;--awb-margin-right:20px;--awb-margin-bottom:20px;--awb-margin-left:20px;--awb-margin-top-small:10px;--awb-margin-right-small:0px;--awb-margin-bottom-small:10px;--awb-margin-left-small:0px;--awb-font-size:24px;\"><h4 class=\"fusion-title-heading title-heading-left\" style=\"font-family:&quot;IBM Plex Sans Condensed&quot;;font-style:normal;font-weight:500;margin:0;font-size:1em;line-height:1.2;\"><a href=\"https:\/\/www.mundusmaris.org\/de\/aktivitaten\/mundus-maris-supports-climate-marches-15-and-17-september-2023\/\" class=\"awb-custom-text-color awb-custom-text-hover-color\" target=\"_self\">Mundus maris supports Climate marches, 15 and 17 September 2023<\/a><\/h4><\/div><\/div><\/li>\n<li class=\"fusion-layout-column fusion_builder_column fusion-builder-column-59 fusion-flex-column post-card fusion-grid-column fusion-post-cards-grid-column\" style=\"--awb-bg-color:var(--awb-color1);--awb-bg-color-hover:var(--awb-color1);--awb-bg-blend:overlay;--awb-bg-size:cover;--awb-flex-grow:0;--awb-flex-shrink:0;--awb-flex-grow-medium:0;--awb-flex-shrink-medium:0;--awb-flex-grow-small:0;--awb-flex-shrink-small:0;\" data-scroll-devices=\"small-visibility,medium-visibility,large-visibility\"><div class=\"fusion-column-wrapper fusion-column-has-shadow fusion-flex-justify-content-space-around fusion-content-layout-column\"><div class=\"fusion-classic-product-image-wrapper fusion-woo-product-image fusion-post-card-image fusion-post-card-image-1 has-aspect-ratio\" data-layout=\"static\" style=\"--awb-aspect-ratio:3 \/ 2;\"><div  class=\"fusion-image-wrapper\" aria-haspopup=\"true\">\n\t\t\t\t\t\t\t<a href=\"https:\/\/www.mundusmaris.org\/de\/aktivitaten\/praesentation-der-fishbase-app-auf-dem-symposium-in-tervuren\/\" aria-label=\"Pr\u00e4sentation der FishBase-App auf dem Symposium in Tervuren\">\n\t\t\t\t\t\t\t<img decoding=\"async\" width=\"300\" height=\"234\" src=\"https:\/\/www.mundusmaris.org\/wp-content\/uploads\/2023\/12\/JosSnoeksOpening.jpg\" class=\"attachment-full size-full wp-post-image\" alt=\"\" srcset=\"https:\/\/www.mundusmaris.org\/wp-content\/uploads\/2023\/12\/JosSnoeksOpening-200x156.jpg 200w, https:\/\/www.mundusmaris.org\/wp-content\/uploads\/2023\/12\/JosSnoeksOpening.jpg 300w\" sizes=\"(min-width: 2200px) 100vw, (min-width: 784px) 373px, (min-width: 712px) 560px, (min-width: 640px) 712px, \" \/>\t\t\t<\/a>\n\t\t\t\t\t\t\t<\/div>\n<\/div><div class=\"fusion-meta-tb fusion-meta-tb-58 floated\" style=\"--awb-border-top:0px;--awb-height:36px;--awb-alignment-medium:flex-start;--awb-alignment-small:flex-start;\"><span class=\"fusion-tb-published-date\">Published On: 15. September 2023<\/span><span class=\"fusion-meta-tb-sep\"><\/span><\/div><div class=\"fusion-title title fusion-title-59 fusion-sep-none fusion-title-text fusion-title-size-four\" style=\"--awb-margin-top:20px;--awb-margin-right:20px;--awb-margin-bottom:20px;--awb-margin-left:20px;--awb-margin-top-small:10px;--awb-margin-right-small:0px;--awb-margin-bottom-small:10px;--awb-margin-left-small:0px;--awb-font-size:24px;\"><h4 class=\"fusion-title-heading title-heading-left\" style=\"font-family:&quot;IBM Plex Sans Condensed&quot;;font-style:normal;font-weight:500;margin:0;font-size:1em;line-height:1.2;\"><a href=\"https:\/\/www.mundusmaris.org\/de\/aktivitaten\/praesentation-der-fishbase-app-auf-dem-symposium-in-tervuren\/\" class=\"awb-custom-text-color awb-custom-text-hover-color\" target=\"_self\">Pr\u00e4sentation der FishBase-App auf dem Symposium in Tervuren<\/a><\/h4><\/div><\/div><\/li>\n<li class=\"fusion-layout-column fusion_builder_column fusion-builder-column-60 fusion-flex-column post-card fusion-grid-column fusion-post-cards-grid-column\" style=\"--awb-bg-color:var(--awb-color1);--awb-bg-color-hover:var(--awb-color1);--awb-bg-blend:overlay;--awb-bg-size:cover;--awb-flex-grow:0;--awb-flex-shrink:0;--awb-flex-grow-medium:0;--awb-flex-shrink-medium:0;--awb-flex-grow-small:0;--awb-flex-shrink-small:0;\" data-scroll-devices=\"small-visibility,medium-visibility,large-visibility\"><div class=\"fusion-column-wrapper fusion-column-has-shadow fusion-flex-justify-content-space-around fusion-content-layout-column\"><div class=\"fusion-classic-product-image-wrapper fusion-woo-product-image fusion-post-card-image fusion-post-card-image-1 has-aspect-ratio\" data-layout=\"static\" style=\"--awb-aspect-ratio:3 \/ 2;\"><div  class=\"fusion-image-wrapper\" aria-haspopup=\"true\">\n\t\t\t\t\t\t\t<a href=\"https:\/\/www.mundusmaris.org\/de\/aktivitaten\/macht-mit-beim-globalen-klimastreik-am-15-september-2023\/\" aria-label=\"Macht mit beim globalen Klimastreik am 15. September 2023!\">\n\t\t\t\t\t\t\t<img decoding=\"async\" width=\"1280\" height=\"519\" src=\"https:\/\/www.mundusmaris.org\/wp-content\/uploads\/2023\/12\/climate-4600289_1280.jpg\" class=\"attachment-full size-full wp-post-image\" alt=\"\" srcset=\"https:\/\/www.mundusmaris.org\/wp-content\/uploads\/2023\/12\/climate-4600289_1280-200x81.jpg 200w, https:\/\/www.mundusmaris.org\/wp-content\/uploads\/2023\/12\/climate-4600289_1280-400x162.jpg 400w, https:\/\/www.mundusmaris.org\/wp-content\/uploads\/2023\/12\/climate-4600289_1280-600x243.jpg 600w, https:\/\/www.mundusmaris.org\/wp-content\/uploads\/2023\/12\/climate-4600289_1280-800x324.jpg 800w, https:\/\/www.mundusmaris.org\/wp-content\/uploads\/2023\/12\/climate-4600289_1280-1200x487.jpg 1200w, https:\/\/www.mundusmaris.org\/wp-content\/uploads\/2023\/12\/climate-4600289_1280.jpg 1280w\" sizes=\"(min-width: 2200px) 100vw, (min-width: 784px) 373px, (min-width: 712px) 560px, (min-width: 640px) 712px, \" \/>\t\t\t<\/a>\n\t\t\t\t\t\t\t<\/div>\n<\/div><div class=\"fusion-meta-tb fusion-meta-tb-59 floated\" style=\"--awb-border-top:0px;--awb-height:36px;--awb-alignment-medium:flex-start;--awb-alignment-small:flex-start;\"><span class=\"fusion-tb-published-date\">Published On: 15. September 2023<\/span><span class=\"fusion-meta-tb-sep\"><\/span><\/div><div class=\"fusion-title title fusion-title-60 fusion-sep-none fusion-title-text fusion-title-size-four\" style=\"--awb-margin-top:20px;--awb-margin-right:20px;--awb-margin-bottom:20px;--awb-margin-left:20px;--awb-margin-top-small:10px;--awb-margin-right-small:0px;--awb-margin-bottom-small:10px;--awb-margin-left-small:0px;--awb-font-size:24px;\"><h4 class=\"fusion-title-heading title-heading-left\" style=\"font-family:&quot;IBM Plex Sans Condensed&quot;;font-style:normal;font-weight:500;margin:0;font-size:1em;line-height:1.2;\"><a href=\"https:\/\/www.mundusmaris.org\/de\/aktivitaten\/macht-mit-beim-globalen-klimastreik-am-15-september-2023\/\" class=\"awb-custom-text-color awb-custom-text-hover-color\" target=\"_self\">Macht mit beim globalen Klimastreik am 15. September 2023!<\/a><\/h4><\/div><\/div><\/li>\n<li class=\"fusion-layout-column fusion_builder_column fusion-builder-column-61 fusion-flex-column post-card fusion-grid-column fusion-post-cards-grid-column\" style=\"--awb-bg-color:var(--awb-color1);--awb-bg-color-hover:var(--awb-color1);--awb-bg-blend:overlay;--awb-bg-size:cover;--awb-flex-grow:0;--awb-flex-shrink:0;--awb-flex-grow-medium:0;--awb-flex-shrink-medium:0;--awb-flex-grow-small:0;--awb-flex-shrink-small:0;\" data-scroll-devices=\"small-visibility,medium-visibility,large-visibility\"><div class=\"fusion-column-wrapper fusion-column-has-shadow fusion-flex-justify-content-space-around fusion-content-layout-column\"><div class=\"fusion-classic-product-image-wrapper fusion-woo-product-image fusion-post-card-image fusion-post-card-image-1 has-aspect-ratio\" data-layout=\"static\" style=\"--awb-aspect-ratio:3 \/ 2;\"><div  class=\"fusion-image-wrapper\" aria-haspopup=\"true\">\n\t\t\t\t\t\t\t<a href=\"https:\/\/www.mundusmaris.org\/de\/veranstaltung\/the-appropriation-by-modern-humans-of-the-earth-and-the-oceans\/\" aria-label=\"The appropriation by modern humans of the Earth and the Oceans\">\n\t\t\t\t\t\t\t<img decoding=\"async\" width=\"551\" height=\"346\" src=\"https:\/\/www.mundusmaris.org\/wp-content\/uploads\/2023\/09\/DanielPauly.jpg\" class=\"attachment-full size-full wp-post-image\" alt=\"\" srcset=\"https:\/\/www.mundusmaris.org\/wp-content\/uploads\/2023\/09\/DanielPauly-200x126.jpg 200w, https:\/\/www.mundusmaris.org\/wp-content\/uploads\/2023\/09\/DanielPauly-400x251.jpg 400w, https:\/\/www.mundusmaris.org\/wp-content\/uploads\/2023\/09\/DanielPauly.jpg 551w\" sizes=\"(min-width: 2200px) 100vw, (min-width: 784px) 373px, (min-width: 712px) 560px, (min-width: 640px) 712px, \" \/>\t\t\t<\/a>\n\t\t\t\t\t\t\t<\/div>\n<\/div><div class=\"fusion-meta-tb fusion-meta-tb-60 floated\" style=\"--awb-border-top:0px;--awb-height:36px;--awb-alignment-medium:flex-start;--awb-alignment-small:flex-start;\"><span class=\"fusion-tb-published-date\">Published On: 13. September 2023<\/span><span class=\"fusion-meta-tb-sep\"><\/span><\/div><div class=\"fusion-title title fusion-title-61 fusion-sep-none fusion-title-text fusion-title-size-four\" style=\"--awb-margin-top:20px;--awb-margin-right:20px;--awb-margin-bottom:20px;--awb-margin-left:20px;--awb-margin-top-small:10px;--awb-margin-right-small:0px;--awb-margin-bottom-small:10px;--awb-margin-left-small:0px;--awb-font-size:24px;\"><h4 class=\"fusion-title-heading title-heading-left\" style=\"font-family:&quot;IBM Plex Sans Condensed&quot;;font-style:normal;font-weight:500;margin:0;font-size:1em;line-height:1.2;\"><a href=\"https:\/\/www.mundusmaris.org\/de\/veranstaltung\/the-appropriation-by-modern-humans-of-the-earth-and-the-oceans\/\" class=\"awb-custom-text-color awb-custom-text-hover-color\" target=\"_self\">The appropriation by modern humans of the Earth and the Oceans<\/a><\/h4><\/div><\/div><\/li>\n<li class=\"fusion-layout-column fusion_builder_column fusion-builder-column-62 fusion-flex-column post-card fusion-grid-column fusion-post-cards-grid-column\" style=\"--awb-bg-color:var(--awb-color1);--awb-bg-color-hover:var(--awb-color1);--awb-bg-blend:overlay;--awb-bg-size:cover;--awb-flex-grow:0;--awb-flex-shrink:0;--awb-flex-grow-medium:0;--awb-flex-shrink-medium:0;--awb-flex-grow-small:0;--awb-flex-shrink-small:0;\" data-scroll-devices=\"small-visibility,medium-visibility,large-visibility\"><div class=\"fusion-column-wrapper fusion-column-has-shadow fusion-flex-justify-content-space-around fusion-content-layout-column\"><div class=\"fusion-classic-product-image-wrapper fusion-woo-product-image fusion-post-card-image fusion-post-card-image-1 has-aspect-ratio\" data-layout=\"static\" style=\"--awb-aspect-ratio:3 \/ 2;\"><div  class=\"fusion-image-wrapper\" aria-haspopup=\"true\">\n\t\t\t\t\t\t\t<a href=\"https:\/\/www.mundusmaris.org\/de\/aktivitaten\/ozean-und-klimaschutz\/maritime-security-awareness-in-africa-elevating-youth-voices\/\" aria-label=\"Maritime Security Awareness in Africa: Elevating Youth Voices\">\n\t\t\t\t\t\t\t<img decoding=\"async\" width=\"960\" height=\"559\" src=\"https:\/\/www.mundusmaris.org\/wp-content\/uploads\/2023\/09\/children-3319460_960_720.jpg\" class=\"attachment-full size-full wp-post-image\" alt=\"\" srcset=\"https:\/\/www.mundusmaris.org\/wp-content\/uploads\/2023\/09\/children-3319460_960_720-200x116.jpg 200w, https:\/\/www.mundusmaris.org\/wp-content\/uploads\/2023\/09\/children-3319460_960_720-400x233.jpg 400w, https:\/\/www.mundusmaris.org\/wp-content\/uploads\/2023\/09\/children-3319460_960_720-600x349.jpg 600w, https:\/\/www.mundusmaris.org\/wp-content\/uploads\/2023\/09\/children-3319460_960_720-800x466.jpg 800w, https:\/\/www.mundusmaris.org\/wp-content\/uploads\/2023\/09\/children-3319460_960_720.jpg 960w\" sizes=\"(min-width: 2200px) 100vw, (min-width: 784px) 373px, (min-width: 712px) 560px, (min-width: 640px) 712px, \" \/>\t\t\t<\/a>\n\t\t\t\t\t\t\t<\/div>\n<\/div><div class=\"fusion-meta-tb fusion-meta-tb-61 floated\" style=\"--awb-border-top:0px;--awb-height:36px;--awb-alignment-medium:flex-start;--awb-alignment-small:flex-start;\"><span class=\"fusion-tb-published-date\">Published On: 12. August 2023<\/span><span class=\"fusion-meta-tb-sep\"><\/span><\/div><div class=\"fusion-title title fusion-title-62 fusion-sep-none fusion-title-text fusion-title-size-four\" style=\"--awb-margin-top:20px;--awb-margin-right:20px;--awb-margin-bottom:20px;--awb-margin-left:20px;--awb-margin-top-small:10px;--awb-margin-right-small:0px;--awb-margin-bottom-small:10px;--awb-margin-left-small:0px;--awb-font-size:24px;\"><h4 class=\"fusion-title-heading title-heading-left\" style=\"font-family:&quot;IBM Plex Sans Condensed&quot;;font-style:normal;font-weight:500;margin:0;font-size:1em;line-height:1.2;\"><a href=\"https:\/\/www.mundusmaris.org\/de\/aktivitaten\/ozean-und-klimaschutz\/maritime-security-awareness-in-africa-elevating-youth-voices\/\" class=\"awb-custom-text-color awb-custom-text-hover-color\" target=\"_self\">Maritime Security Awareness in Africa: Elevating Youth Voices<\/a><\/h4><\/div><\/div><\/li>\n<li class=\"fusion-layout-column fusion_builder_column fusion-builder-column-63 fusion-flex-column post-card fusion-grid-column fusion-post-cards-grid-column\" style=\"--awb-bg-color:var(--awb-color1);--awb-bg-color-hover:var(--awb-color1);--awb-bg-blend:overlay;--awb-bg-size:cover;--awb-flex-grow:0;--awb-flex-shrink:0;--awb-flex-grow-medium:0;--awb-flex-shrink-medium:0;--awb-flex-grow-small:0;--awb-flex-shrink-small:0;\" data-scroll-devices=\"small-visibility,medium-visibility,large-visibility\"><div class=\"fusion-column-wrapper fusion-column-has-shadow fusion-flex-justify-content-space-around fusion-content-layout-column\"><div class=\"fusion-classic-product-image-wrapper fusion-woo-product-image fusion-post-card-image fusion-post-card-image-1 has-aspect-ratio\" data-layout=\"static\" style=\"--awb-aspect-ratio:3 \/ 2;\"><div  class=\"fusion-image-wrapper\" aria-haspopup=\"true\">\n\t\t\t\t\t\t\t<a href=\"https:\/\/www.mundusmaris.org\/de\/veranstaltung\/eu-ocean-and-rivers-recovery-mission-mediterranean-lighthouse\/\" aria-label=\"EU Ocean and Rivers Recovery Mission &#8211; Mediterranean Lighthouse\">\n\t\t\t\t\t\t\t<img decoding=\"async\" width=\"1280\" height=\"853\" src=\"https:\/\/www.mundusmaris.org\/wp-content\/uploads\/2023\/06\/SalaDErcole_wiki.jpg\" class=\"attachment-full size-full wp-post-image\" alt=\"\" srcset=\"https:\/\/www.mundusmaris.org\/wp-content\/uploads\/2023\/06\/SalaDErcole_wiki-200x133.jpg 200w, https:\/\/www.mundusmaris.org\/wp-content\/uploads\/2023\/06\/SalaDErcole_wiki-400x267.jpg 400w, https:\/\/www.mundusmaris.org\/wp-content\/uploads\/2023\/06\/SalaDErcole_wiki-600x400.jpg 600w, https:\/\/www.mundusmaris.org\/wp-content\/uploads\/2023\/06\/SalaDErcole_wiki-800x533.jpg 800w, https:\/\/www.mundusmaris.org\/wp-content\/uploads\/2023\/06\/SalaDErcole_wiki-1200x800.jpg 1200w, https:\/\/www.mundusmaris.org\/wp-content\/uploads\/2023\/06\/SalaDErcole_wiki.jpg 1280w\" sizes=\"(min-width: 2200px) 100vw, (min-width: 784px) 373px, (min-width: 712px) 560px, (min-width: 640px) 712px, \" \/>\t\t\t<\/a>\n\t\t\t\t\t\t\t<\/div>\n<\/div><div class=\"fusion-meta-tb fusion-meta-tb-62 floated\" style=\"--awb-border-top:0px;--awb-height:36px;--awb-alignment-medium:flex-start;--awb-alignment-small:flex-start;\"><span class=\"fusion-tb-published-date\">Published On: 1. Juni 2023<\/span><span class=\"fusion-meta-tb-sep\"><\/span><\/div><div class=\"fusion-title title fusion-title-63 fusion-sep-none fusion-title-text fusion-title-size-four\" style=\"--awb-margin-top:20px;--awb-margin-right:20px;--awb-margin-bottom:20px;--awb-margin-left:20px;--awb-margin-top-small:10px;--awb-margin-right-small:0px;--awb-margin-bottom-small:10px;--awb-margin-left-small:0px;--awb-font-size:24px;\"><h4 class=\"fusion-title-heading title-heading-left\" style=\"font-family:&quot;IBM Plex Sans Condensed&quot;;font-style:normal;font-weight:500;margin:0;font-size:1em;line-height:1.2;\"><a href=\"https:\/\/www.mundusmaris.org\/de\/veranstaltung\/eu-ocean-and-rivers-recovery-mission-mediterranean-lighthouse\/\" class=\"awb-custom-text-color awb-custom-text-hover-color\" target=\"_self\">EU Ocean and Rivers Recovery Mission &#8211; Mediterranean Lighthouse<\/a><\/h4><\/div><\/div><\/li>\n<li class=\"fusion-layout-column fusion_builder_column fusion-builder-column-64 fusion-flex-column post-card fusion-grid-column fusion-post-cards-grid-column\" style=\"--awb-bg-color:var(--awb-color1);--awb-bg-color-hover:var(--awb-color1);--awb-bg-blend:overlay;--awb-bg-size:cover;--awb-flex-grow:0;--awb-flex-shrink:0;--awb-flex-grow-medium:0;--awb-flex-shrink-medium:0;--awb-flex-grow-small:0;--awb-flex-shrink-small:0;\" data-scroll-devices=\"small-visibility,medium-visibility,large-visibility\"><div class=\"fusion-column-wrapper fusion-column-has-shadow fusion-flex-justify-content-space-around fusion-content-layout-column\"><div class=\"fusion-classic-product-image-wrapper fusion-woo-product-image fusion-post-card-image fusion-post-card-image-1 has-aspect-ratio\" data-layout=\"static\" style=\"--awb-aspect-ratio:3 \/ 2;\"><div  class=\"fusion-image-wrapper\" aria-haspopup=\"true\">\n\t\t\t\t\t\t\t<a href=\"https:\/\/www.mundusmaris.org\/de\/aktivitaten\/ozean-und-klimaschutz\/jenseits-des-wachstums-ep-konferenz-15-bis-17-mai-2023\/\" aria-label=\"Jenseits des Wachstums &#8211; EP-Konferenz, 15. bis 17. Mai 2023\">\n\t\t\t\t\t\t\t<img decoding=\"async\" width=\"500\" height=\"330\" src=\"https:\/\/www.mundusmaris.org\/wp-content\/uploads\/2024\/12\/YaminaSaheb_IPCC-PanelLeadAuthorAR6Plenary3.jpg\" class=\"attachment-full size-full wp-post-image\" alt=\"\" srcset=\"https:\/\/www.mundusmaris.org\/wp-content\/uploads\/2024\/12\/YaminaSaheb_IPCC-PanelLeadAuthorAR6Plenary3-200x132.jpg 200w, https:\/\/www.mundusmaris.org\/wp-content\/uploads\/2024\/12\/YaminaSaheb_IPCC-PanelLeadAuthorAR6Plenary3-400x264.jpg 400w, https:\/\/www.mundusmaris.org\/wp-content\/uploads\/2024\/12\/YaminaSaheb_IPCC-PanelLeadAuthorAR6Plenary3.jpg 500w\" sizes=\"(min-width: 2200px) 100vw, (min-width: 784px) 373px, (min-width: 712px) 560px, (min-width: 640px) 712px, \" \/>\t\t\t<\/a>\n\t\t\t\t\t\t\t<\/div>\n<\/div><div class=\"fusion-meta-tb fusion-meta-tb-63 floated\" style=\"--awb-border-top:0px;--awb-height:36px;--awb-alignment-medium:flex-start;--awb-alignment-small:flex-start;\"><span class=\"fusion-tb-published-date\">Published On: 20. Mai 2023<\/span><span class=\"fusion-meta-tb-sep\"><\/span><\/div><div class=\"fusion-title title fusion-title-64 fusion-sep-none fusion-title-text fusion-title-size-four\" style=\"--awb-margin-top:20px;--awb-margin-right:20px;--awb-margin-bottom:20px;--awb-margin-left:20px;--awb-margin-top-small:10px;--awb-margin-right-small:0px;--awb-margin-bottom-small:10px;--awb-margin-left-small:0px;--awb-font-size:24px;\"><h4 class=\"fusion-title-heading title-heading-left\" style=\"font-family:&quot;IBM Plex Sans Condensed&quot;;font-style:normal;font-weight:500;margin:0;font-size:1em;line-height:1.2;\"><a href=\"https:\/\/www.mundusmaris.org\/de\/aktivitaten\/ozean-und-klimaschutz\/jenseits-des-wachstums-ep-konferenz-15-bis-17-mai-2023\/\" class=\"awb-custom-text-color awb-custom-text-hover-color\" target=\"_self\">Jenseits des Wachstums &#8211; EP-Konferenz, 15. bis 17. Mai 2023<\/a><\/h4><\/div><\/div><\/li>\n<li class=\"fusion-layout-column fusion_builder_column fusion-builder-column-65 fusion-flex-column post-card fusion-grid-column fusion-post-cards-grid-column\" style=\"--awb-bg-color:var(--awb-color1);--awb-bg-color-hover:var(--awb-color1);--awb-bg-blend:overlay;--awb-bg-size:cover;--awb-flex-grow:0;--awb-flex-shrink:0;--awb-flex-grow-medium:0;--awb-flex-shrink-medium:0;--awb-flex-grow-small:0;--awb-flex-shrink-small:0;\" data-scroll-devices=\"small-visibility,medium-visibility,large-visibility\"><div class=\"fusion-column-wrapper fusion-column-has-shadow fusion-flex-justify-content-space-around fusion-content-layout-column\"><div class=\"fusion-classic-product-image-wrapper fusion-woo-product-image fusion-post-card-image fusion-post-card-image-1 has-aspect-ratio\" data-layout=\"static\" style=\"--awb-aspect-ratio:3 \/ 2;\"><div  class=\"fusion-image-wrapper\" aria-haspopup=\"true\">\n\t\t\t\t\t\t\t<a href=\"https:\/\/www.mundusmaris.org\/de\/aktivitaten\/messe-fuer-maritime-berufe-4-april-2023-accra-ghana\/\" aria-label=\"Messe f\u00fcr maritime Berufe, 4. April 2023, Accra, Ghana\">\n\t\t\t\t\t\t\t<img decoding=\"async\" width=\"500\" height=\"330\" src=\"https:\/\/www.mundusmaris.org\/wp-content\/uploads\/2023\/12\/LogoGogmi.jpg\" class=\"attachment-full size-full wp-post-image\" alt=\"\" srcset=\"https:\/\/www.mundusmaris.org\/wp-content\/uploads\/2023\/12\/LogoGogmi-200x132.jpg 200w, https:\/\/www.mundusmaris.org\/wp-content\/uploads\/2023\/12\/LogoGogmi-400x264.jpg 400w, https:\/\/www.mundusmaris.org\/wp-content\/uploads\/2023\/12\/LogoGogmi.jpg 500w\" sizes=\"(min-width: 2200px) 100vw, (min-width: 784px) 373px, (min-width: 712px) 560px, (min-width: 640px) 712px, \" \/>\t\t\t<\/a>\n\t\t\t\t\t\t\t<\/div>\n<\/div><div class=\"fusion-meta-tb fusion-meta-tb-64 floated\" style=\"--awb-border-top:0px;--awb-height:36px;--awb-alignment-medium:flex-start;--awb-alignment-small:flex-start;\"><span class=\"fusion-tb-published-date\">Published On: 10. April 2023<\/span><span class=\"fusion-meta-tb-sep\"><\/span><\/div><div class=\"fusion-title title fusion-title-65 fusion-sep-none fusion-title-text fusion-title-size-four\" style=\"--awb-margin-top:20px;--awb-margin-right:20px;--awb-margin-bottom:20px;--awb-margin-left:20px;--awb-margin-top-small:10px;--awb-margin-right-small:0px;--awb-margin-bottom-small:10px;--awb-margin-left-small:0px;--awb-font-size:24px;\"><h4 class=\"fusion-title-heading title-heading-left\" style=\"font-family:&quot;IBM Plex Sans Condensed&quot;;font-style:normal;font-weight:500;margin:0;font-size:1em;line-height:1.2;\"><a href=\"https:\/\/www.mundusmaris.org\/de\/aktivitaten\/messe-fuer-maritime-berufe-4-april-2023-accra-ghana\/\" class=\"awb-custom-text-color awb-custom-text-hover-color\" target=\"_self\">Messe f\u00fcr maritime Berufe, 4. April 2023, Accra, Ghana<\/a><\/h4><\/div><\/div><\/li>\n<li class=\"fusion-layout-column fusion_builder_column fusion-builder-column-66 fusion-flex-column post-card fusion-grid-column fusion-post-cards-grid-column\" style=\"--awb-bg-color:var(--awb-color1);--awb-bg-color-hover:var(--awb-color1);--awb-bg-blend:overlay;--awb-bg-size:cover;--awb-flex-grow:0;--awb-flex-shrink:0;--awb-flex-grow-medium:0;--awb-flex-shrink-medium:0;--awb-flex-grow-small:0;--awb-flex-shrink-small:0;\" data-scroll-devices=\"small-visibility,medium-visibility,large-visibility\"><div class=\"fusion-column-wrapper fusion-column-has-shadow fusion-flex-justify-content-space-around fusion-content-layout-column\"><div class=\"fusion-classic-product-image-wrapper fusion-woo-product-image fusion-post-card-image fusion-post-card-image-1 has-aspect-ratio\" data-layout=\"static\" style=\"--awb-aspect-ratio:3 \/ 2;\"><div  class=\"fusion-image-wrapper\" aria-haspopup=\"true\">\n\t\t\t\t\t\t\t<a href=\"https:\/\/www.mundusmaris.org\/de\/meeresfruechte-die-wir-essen\/ep-hearing-on-eu-citizen-initiative-to-stop-shark-finning\/\" aria-label=\"EP Hearing on EU Citizen Initiative to stop shark finning\">\n\t\t\t\t\t\t\t<img decoding=\"async\" width=\"500\" height=\"362\" src=\"https:\/\/www.mundusmaris.org\/wp-content\/uploads\/2023\/04\/shark-finning.jpg\" class=\"attachment-full size-full wp-post-image\" alt=\"\" srcset=\"https:\/\/www.mundusmaris.org\/wp-content\/uploads\/2023\/04\/shark-finning-200x145.jpg 200w, https:\/\/www.mundusmaris.org\/wp-content\/uploads\/2023\/04\/shark-finning-400x290.jpg 400w, https:\/\/www.mundusmaris.org\/wp-content\/uploads\/2023\/04\/shark-finning.jpg 500w\" sizes=\"(min-width: 2200px) 100vw, (min-width: 784px) 373px, (min-width: 712px) 560px, (min-width: 640px) 712px, \" \/>\t\t\t<\/a>\n\t\t\t\t\t\t\t<\/div>\n<\/div><div class=\"fusion-meta-tb fusion-meta-tb-65 floated\" style=\"--awb-border-top:0px;--awb-height:36px;--awb-alignment-medium:flex-start;--awb-alignment-small:flex-start;\"><span class=\"fusion-tb-published-date\">Published On: 1. April 2023<\/span><span class=\"fusion-meta-tb-sep\"><\/span><\/div><div class=\"fusion-title title fusion-title-66 fusion-sep-none fusion-title-text fusion-title-size-four\" style=\"--awb-margin-top:20px;--awb-margin-right:20px;--awb-margin-bottom:20px;--awb-margin-left:20px;--awb-margin-top-small:10px;--awb-margin-right-small:0px;--awb-margin-bottom-small:10px;--awb-margin-left-small:0px;--awb-font-size:24px;\"><h4 class=\"fusion-title-heading title-heading-left\" style=\"font-family:&quot;IBM Plex Sans Condensed&quot;;font-style:normal;font-weight:500;margin:0;font-size:1em;line-height:1.2;\"><a href=\"https:\/\/www.mundusmaris.org\/de\/meeresfruechte-die-wir-essen\/ep-hearing-on-eu-citizen-initiative-to-stop-shark-finning\/\" class=\"awb-custom-text-color awb-custom-text-hover-color\" target=\"_self\">EP Hearing on EU Citizen Initiative to stop shark finning<\/a><\/h4><\/div><\/div><\/li>\n<li class=\"fusion-layout-column fusion_builder_column fusion-builder-column-67 fusion-flex-column post-card fusion-grid-column fusion-post-cards-grid-column\" style=\"--awb-bg-color:var(--awb-color1);--awb-bg-color-hover:var(--awb-color1);--awb-bg-blend:overlay;--awb-bg-size:cover;--awb-flex-grow:0;--awb-flex-shrink:0;--awb-flex-grow-medium:0;--awb-flex-shrink-medium:0;--awb-flex-grow-small:0;--awb-flex-shrink-small:0;\" data-scroll-devices=\"small-visibility,medium-visibility,large-visibility\"><div class=\"fusion-column-wrapper fusion-column-has-shadow fusion-flex-justify-content-space-around fusion-content-layout-column\"><div class=\"fusion-classic-product-image-wrapper fusion-woo-product-image fusion-post-card-image fusion-post-card-image-1 has-aspect-ratio\" data-layout=\"static\" style=\"--awb-aspect-ratio:3 \/ 2;\"><div  class=\"fusion-image-wrapper\" aria-haspopup=\"true\">\n\t\t\t\t\t\t\t<a href=\"https:\/\/www.mundusmaris.org\/de\/aktivitaten\/stop-der-uberfischung\/ep-committee-of-fisheries-discusses-the-role-of-china-in-fisheries\/\" aria-label=\"EP Committee of Fisheries discusses the role of China in fisheries\">\n\t\t\t\t\t\t\t<img decoding=\"async\" width=\"500\" height=\"345\" src=\"https:\/\/www.mundusmaris.org\/wp-content\/uploads\/2024\/09\/European_Parliament_logo.jpg\" class=\"attachment-full size-full wp-post-image\" alt=\"\" srcset=\"https:\/\/www.mundusmaris.org\/wp-content\/uploads\/2024\/09\/European_Parliament_logo-200x138.jpg 200w, https:\/\/www.mundusmaris.org\/wp-content\/uploads\/2024\/09\/European_Parliament_logo-400x276.jpg 400w, https:\/\/www.mundusmaris.org\/wp-content\/uploads\/2024\/09\/European_Parliament_logo.jpg 500w\" sizes=\"(min-width: 2200px) 100vw, (min-width: 784px) 373px, (min-width: 712px) 560px, (min-width: 640px) 712px, \" \/>\t\t\t<\/a>\n\t\t\t\t\t\t\t<\/div>\n<\/div><div class=\"fusion-meta-tb fusion-meta-tb-66 floated\" style=\"--awb-border-top:0px;--awb-height:36px;--awb-alignment-medium:flex-start;--awb-alignment-small:flex-start;\"><span class=\"fusion-tb-published-date\">Published On: 30. Januar 2023<\/span><span class=\"fusion-meta-tb-sep\"><\/span><\/div><div class=\"fusion-title title fusion-title-67 fusion-sep-none fusion-title-text fusion-title-size-four\" style=\"--awb-margin-top:20px;--awb-margin-right:20px;--awb-margin-bottom:20px;--awb-margin-left:20px;--awb-margin-top-small:10px;--awb-margin-right-small:0px;--awb-margin-bottom-small:10px;--awb-margin-left-small:0px;--awb-font-size:24px;\"><h4 class=\"fusion-title-heading title-heading-left\" style=\"font-family:&quot;IBM Plex Sans Condensed&quot;;font-style:normal;font-weight:500;margin:0;font-size:1em;line-height:1.2;\"><a href=\"https:\/\/www.mundusmaris.org\/de\/aktivitaten\/stop-der-uberfischung\/ep-committee-of-fisheries-discusses-the-role-of-china-in-fisheries\/\" class=\"awb-custom-text-color awb-custom-text-hover-color\" target=\"_self\">EP Committee of Fisheries discusses the role of China in fisheries<\/a><\/h4><\/div><\/div><\/li>\n<li class=\"fusion-layout-column fusion_builder_column fusion-builder-column-68 fusion-flex-column post-card fusion-grid-column fusion-post-cards-grid-column\" style=\"--awb-bg-color:var(--awb-color1);--awb-bg-color-hover:var(--awb-color1);--awb-bg-blend:overlay;--awb-bg-size:cover;--awb-flex-grow:0;--awb-flex-shrink:0;--awb-flex-grow-medium:0;--awb-flex-shrink-medium:0;--awb-flex-grow-small:0;--awb-flex-shrink-small:0;\" data-scroll-devices=\"small-visibility,medium-visibility,large-visibility\"><div class=\"fusion-column-wrapper fusion-column-has-shadow fusion-flex-justify-content-space-around fusion-content-layout-column\"><div class=\"fusion-classic-product-image-wrapper fusion-woo-product-image fusion-post-card-image fusion-post-card-image-1 has-aspect-ratio\" data-layout=\"static\" style=\"--awb-aspect-ratio:3 \/ 2;\"><div  class=\"fusion-image-wrapper\" aria-haspopup=\"true\">\n\t\t\t\t\t\t\t<a href=\"https:\/\/www.mundusmaris.org\/de\/aktivitaten\/ozean-und-klimaschutz\/mundus-maris-auf-der-boot-messe-2023-21-29-januar\/\" aria-label=\"Mundus maris auf der Boot Messe 2023, 21.-29. Januar\">\n\t\t\t\t\t\t\t<img decoding=\"async\" width=\"234\" height=\"167\" src=\"https:\/\/www.mundusmaris.org\/wp-content\/uploads\/2023\/12\/logo_decade_ocean_science_en.jpg\" class=\"attachment-full size-full wp-post-image\" alt=\"\" srcset=\"https:\/\/www.mundusmaris.org\/wp-content\/uploads\/2023\/12\/logo_decade_ocean_science_en-200x143.jpg 200w, https:\/\/www.mundusmaris.org\/wp-content\/uploads\/2023\/12\/logo_decade_ocean_science_en.jpg 234w\" sizes=\"(min-width: 2200px) 100vw, (min-width: 784px) 373px, (min-width: 712px) 560px, (min-width: 640px) 712px, \" \/>\t\t\t<\/a>\n\t\t\t\t\t\t\t<\/div>\n<\/div><div class=\"fusion-meta-tb fusion-meta-tb-67 floated\" style=\"--awb-border-top:0px;--awb-height:36px;--awb-alignment-medium:flex-start;--awb-alignment-small:flex-start;\"><span class=\"fusion-tb-published-date\">Published On: 20. Januar 2023<\/span><span class=\"fusion-meta-tb-sep\"><\/span><\/div><div class=\"fusion-title title fusion-title-68 fusion-sep-none fusion-title-text fusion-title-size-four\" style=\"--awb-margin-top:20px;--awb-margin-right:20px;--awb-margin-bottom:20px;--awb-margin-left:20px;--awb-margin-top-small:10px;--awb-margin-right-small:0px;--awb-margin-bottom-small:10px;--awb-margin-left-small:0px;--awb-font-size:24px;\"><h4 class=\"fusion-title-heading title-heading-left\" style=\"font-family:&quot;IBM Plex Sans Condensed&quot;;font-style:normal;font-weight:500;margin:0;font-size:1em;line-height:1.2;\"><a href=\"https:\/\/www.mundusmaris.org\/de\/aktivitaten\/ozean-und-klimaschutz\/mundus-maris-auf-der-boot-messe-2023-21-29-januar\/\" class=\"awb-custom-text-color awb-custom-text-hover-color\" target=\"_self\">Mundus maris auf der Boot Messe 2023, 21.-29. Januar<\/a><\/h4><\/div><\/div><\/li>\n<li class=\"fusion-layout-column fusion_builder_column fusion-builder-column-69 fusion-flex-column post-card fusion-grid-column fusion-post-cards-grid-column\" style=\"--awb-bg-color:var(--awb-color1);--awb-bg-color-hover:var(--awb-color1);--awb-bg-blend:overlay;--awb-bg-size:cover;--awb-flex-grow:0;--awb-flex-shrink:0;--awb-flex-grow-medium:0;--awb-flex-shrink-medium:0;--awb-flex-grow-small:0;--awb-flex-shrink-small:0;\" data-scroll-devices=\"small-visibility,medium-visibility,large-visibility\"><div class=\"fusion-column-wrapper fusion-column-has-shadow fusion-flex-justify-content-space-around fusion-content-layout-column\"><div class=\"fusion-classic-product-image-wrapper fusion-woo-product-image fusion-post-card-image fusion-post-card-image-1 has-aspect-ratio\" data-layout=\"static\" style=\"--awb-aspect-ratio:3 \/ 2;\"><div  class=\"fusion-image-wrapper\" aria-haspopup=\"true\">\n\t\t\t\t\t\t\t<a href=\"https:\/\/www.mundusmaris.org\/de\/aktivitaten\/g7-vollversammlung-in-abidjan-1-2-dezember-2022\/\" aria-label=\"G7++ Vollversammlung in Abidjan, 1.-2. Dezember 2022\">\n\t\t\t\t\t\t\t<img decoding=\"async\" width=\"400\" height=\"273\" src=\"https:\/\/www.mundusmaris.org\/wp-content\/uploads\/2023\/12\/StellaInConversation2.jpg\" class=\"attachment-full size-full wp-post-image\" alt=\"\" srcset=\"https:\/\/www.mundusmaris.org\/wp-content\/uploads\/2023\/12\/StellaInConversation2-200x137.jpg 200w, https:\/\/www.mundusmaris.org\/wp-content\/uploads\/2023\/12\/StellaInConversation2.jpg 400w\" sizes=\"(min-width: 2200px) 100vw, (min-width: 784px) 373px, (min-width: 712px) 560px, (min-width: 640px) 712px, \" \/>\t\t\t<\/a>\n\t\t\t\t\t\t\t<\/div>\n<\/div><div class=\"fusion-meta-tb fusion-meta-tb-68 floated\" style=\"--awb-border-top:0px;--awb-height:36px;--awb-alignment-medium:flex-start;--awb-alignment-small:flex-start;\"><span class=\"fusion-tb-published-date\">Published On: 20. Dezember 2022<\/span><span class=\"fusion-meta-tb-sep\"><\/span><\/div><div class=\"fusion-title title fusion-title-69 fusion-sep-none fusion-title-text fusion-title-size-four\" style=\"--awb-margin-top:20px;--awb-margin-right:20px;--awb-margin-bottom:20px;--awb-margin-left:20px;--awb-margin-top-small:10px;--awb-margin-right-small:0px;--awb-margin-bottom-small:10px;--awb-margin-left-small:0px;--awb-font-size:24px;\"><h4 class=\"fusion-title-heading title-heading-left\" style=\"font-family:&quot;IBM Plex Sans Condensed&quot;;font-style:normal;font-weight:500;margin:0;font-size:1em;line-height:1.2;\"><a href=\"https:\/\/www.mundusmaris.org\/de\/aktivitaten\/g7-vollversammlung-in-abidjan-1-2-dezember-2022\/\" class=\"awb-custom-text-color awb-custom-text-hover-color\" target=\"_self\">G7++ Vollversammlung in Abidjan, 1.-2. Dezember 2022<\/a><\/h4><\/div><\/div><\/li>\n<li class=\"fusion-layout-column fusion_builder_column fusion-builder-column-70 fusion-flex-column post-card fusion-grid-column fusion-post-cards-grid-column\" style=\"--awb-bg-color:var(--awb-color1);--awb-bg-color-hover:var(--awb-color1);--awb-bg-blend:overlay;--awb-bg-size:cover;--awb-flex-grow:0;--awb-flex-shrink:0;--awb-flex-grow-medium:0;--awb-flex-shrink-medium:0;--awb-flex-grow-small:0;--awb-flex-shrink-small:0;\" data-scroll-devices=\"small-visibility,medium-visibility,large-visibility\"><div class=\"fusion-column-wrapper fusion-column-has-shadow fusion-flex-justify-content-space-around fusion-content-layout-column\"><div class=\"fusion-classic-product-image-wrapper fusion-woo-product-image fusion-post-card-image fusion-post-card-image-1 has-aspect-ratio\" data-layout=\"static\" style=\"--awb-aspect-ratio:3 \/ 2;\"><div  class=\"fusion-image-wrapper\" aria-haspopup=\"true\">\n\t\t\t\t\t\t\t<a href=\"https:\/\/www.mundusmaris.org\/de\/aktivitaten\/madrid-12-11-22-klimagerechtigkeit\/\" aria-label=\"Madrid, 12\/11\/22: Klimagerechtigkeit\">\n\t\t\t\t\t\t\t<img decoding=\"async\" width=\"225\" height=\"169\" src=\"https:\/\/www.mundusmaris.org\/wp-content\/uploads\/2023\/12\/MadridJustice02.jpg\" class=\"attachment-full size-full wp-post-image\" alt=\"\" srcset=\"https:\/\/www.mundusmaris.org\/wp-content\/uploads\/2023\/12\/MadridJustice02-200x150.jpg 200w, https:\/\/www.mundusmaris.org\/wp-content\/uploads\/2023\/12\/MadridJustice02.jpg 225w\" sizes=\"(min-width: 2200px) 100vw, (min-width: 784px) 373px, (min-width: 712px) 560px, (min-width: 640px) 712px, \" \/>\t\t\t<\/a>\n\t\t\t\t\t\t\t<\/div>\n<\/div><div class=\"fusion-meta-tb fusion-meta-tb-69 floated\" style=\"--awb-border-top:0px;--awb-height:36px;--awb-alignment-medium:flex-start;--awb-alignment-small:flex-start;\"><span class=\"fusion-tb-published-date\">Published On: 20. Dezember 2022<\/span><span class=\"fusion-meta-tb-sep\"><\/span><\/div><div class=\"fusion-title title fusion-title-70 fusion-sep-none fusion-title-text fusion-title-size-four\" style=\"--awb-margin-top:20px;--awb-margin-right:20px;--awb-margin-bottom:20px;--awb-margin-left:20px;--awb-margin-top-small:10px;--awb-margin-right-small:0px;--awb-margin-bottom-small:10px;--awb-margin-left-small:0px;--awb-font-size:24px;\"><h4 class=\"fusion-title-heading title-heading-left\" style=\"font-family:&quot;IBM Plex Sans Condensed&quot;;font-style:normal;font-weight:500;margin:0;font-size:1em;line-height:1.2;\"><a href=\"https:\/\/www.mundusmaris.org\/de\/aktivitaten\/madrid-12-11-22-klimagerechtigkeit\/\" class=\"awb-custom-text-color awb-custom-text-hover-color\" target=\"_self\">Madrid, 12\/11\/22: Klimagerechtigkeit<\/a><\/h4><\/div><\/div><\/li>\n<li class=\"fusion-layout-column fusion_builder_column fusion-builder-column-71 fusion-flex-column post-card fusion-grid-column fusion-post-cards-grid-column\" style=\"--awb-bg-color:var(--awb-color1);--awb-bg-color-hover:var(--awb-color1);--awb-bg-blend:overlay;--awb-bg-size:cover;--awb-flex-grow:0;--awb-flex-shrink:0;--awb-flex-grow-medium:0;--awb-flex-shrink-medium:0;--awb-flex-grow-small:0;--awb-flex-shrink-small:0;\" data-scroll-devices=\"small-visibility,medium-visibility,large-visibility\"><div class=\"fusion-column-wrapper fusion-column-has-shadow fusion-flex-justify-content-space-around fusion-content-layout-column\"><div class=\"fusion-classic-product-image-wrapper fusion-woo-product-image fusion-post-card-image fusion-post-card-image-1 has-aspect-ratio\" data-layout=\"static\" style=\"--awb-aspect-ratio:3 \/ 2;\"><div  class=\"fusion-image-wrapper\" aria-haspopup=\"true\">\n\t\t\t\t\t\t\t<a href=\"https:\/\/www.mundusmaris.org\/de\/aktivitaten\/stop-der-uberfischung\/all-eyes-on-wto-in-hilden-germany\/\" aria-label=\"All eyes on WTO in Hilden, Germany\">\n\t\t\t\t\t\t\t<img decoding=\"async\" width=\"400\" height=\"267\" src=\"https:\/\/www.mundusmaris.org\/wp-content\/uploads\/2024\/09\/FinlayInHilden02.jpg\" class=\"attachment-full size-full wp-post-image\" alt=\"\" srcset=\"https:\/\/www.mundusmaris.org\/wp-content\/uploads\/2024\/09\/FinlayInHilden02-200x134.jpg 200w, https:\/\/www.mundusmaris.org\/wp-content\/uploads\/2024\/09\/FinlayInHilden02.jpg 400w\" sizes=\"(min-width: 2200px) 100vw, (min-width: 784px) 373px, (min-width: 712px) 560px, (min-width: 640px) 712px, \" \/>\t\t\t<\/a>\n\t\t\t\t\t\t\t<\/div>\n<\/div><div class=\"fusion-meta-tb fusion-meta-tb-70 floated\" style=\"--awb-border-top:0px;--awb-height:36px;--awb-alignment-medium:flex-start;--awb-alignment-small:flex-start;\"><span class=\"fusion-tb-published-date\">Published On: 7. Juni 2022<\/span><span class=\"fusion-meta-tb-sep\"><\/span><\/div><div class=\"fusion-title title fusion-title-71 fusion-sep-none fusion-title-text fusion-title-size-four\" style=\"--awb-margin-top:20px;--awb-margin-right:20px;--awb-margin-bottom:20px;--awb-margin-left:20px;--awb-margin-top-small:10px;--awb-margin-right-small:0px;--awb-margin-bottom-small:10px;--awb-margin-left-small:0px;--awb-font-size:24px;\"><h4 class=\"fusion-title-heading title-heading-left\" style=\"font-family:&quot;IBM Plex Sans Condensed&quot;;font-style:normal;font-weight:500;margin:0;font-size:1em;line-height:1.2;\"><a href=\"https:\/\/www.mundusmaris.org\/de\/aktivitaten\/stop-der-uberfischung\/all-eyes-on-wto-in-hilden-germany\/\" class=\"awb-custom-text-color awb-custom-text-hover-color\" target=\"_self\">All eyes on WTO in Hilden, Germany<\/a><\/h4><\/div><\/div><\/li>\n<li class=\"fusion-layout-column fusion_builder_column fusion-builder-column-72 fusion-flex-column post-card fusion-grid-column fusion-post-cards-grid-column\" style=\"--awb-bg-color:var(--awb-color1);--awb-bg-color-hover:var(--awb-color1);--awb-bg-blend:overlay;--awb-bg-size:cover;--awb-flex-grow:0;--awb-flex-shrink:0;--awb-flex-grow-medium:0;--awb-flex-shrink-medium:0;--awb-flex-grow-small:0;--awb-flex-shrink-small:0;\" data-scroll-devices=\"small-visibility,medium-visibility,large-visibility\"><div class=\"fusion-column-wrapper fusion-column-has-shadow fusion-flex-justify-content-space-around fusion-content-layout-column\"><div class=\"fusion-classic-product-image-wrapper fusion-woo-product-image fusion-post-card-image fusion-post-card-image-1 has-aspect-ratio\" data-layout=\"static\" style=\"--awb-aspect-ratio:3 \/ 2;\"><div  class=\"fusion-image-wrapper\" aria-haspopup=\"true\">\n\t\t\t\t\t\t\t<a href=\"https:\/\/www.mundusmaris.org\/de\/aktivitaten\/okosystem-basierte-fischerei\/wellbeing-small-scale-fishers-derive-from-ecosystem-services\/\" aria-label=\"Wellbeing small-scale fishers derive from ecosystem services\">\n\t\t\t\t\t\t\t<img decoding=\"async\" width=\"500\" height=\"330\" src=\"https:\/\/www.mundusmaris.org\/wp-content\/uploads\/2024\/10\/AnaCarolinaEstevesDias_UbatubaPullingUpNet.jpg\" class=\"attachment-full size-full wp-post-image\" alt=\"\" srcset=\"https:\/\/www.mundusmaris.org\/wp-content\/uploads\/2024\/10\/AnaCarolinaEstevesDias_UbatubaPullingUpNet-200x132.jpg 200w, https:\/\/www.mundusmaris.org\/wp-content\/uploads\/2024\/10\/AnaCarolinaEstevesDias_UbatubaPullingUpNet-400x264.jpg 400w, https:\/\/www.mundusmaris.org\/wp-content\/uploads\/2024\/10\/AnaCarolinaEstevesDias_UbatubaPullingUpNet.jpg 500w\" sizes=\"(min-width: 2200px) 100vw, (min-width: 784px) 373px, (min-width: 712px) 560px, (min-width: 640px) 712px, \" \/>\t\t\t<\/a>\n\t\t\t\t\t\t\t<\/div>\n<\/div><div class=\"fusion-meta-tb fusion-meta-tb-71 floated\" style=\"--awb-border-top:0px;--awb-height:36px;--awb-alignment-medium:flex-start;--awb-alignment-small:flex-start;\"><span class=\"fusion-tb-published-date\">Published On: 25. Dezember 2021<\/span><span class=\"fusion-meta-tb-sep\"><\/span><\/div><div class=\"fusion-title title fusion-title-72 fusion-sep-none fusion-title-text fusion-title-size-four\" style=\"--awb-margin-top:20px;--awb-margin-right:20px;--awb-margin-bottom:20px;--awb-margin-left:20px;--awb-margin-top-small:10px;--awb-margin-right-small:0px;--awb-margin-bottom-small:10px;--awb-margin-left-small:0px;--awb-font-size:24px;\"><h4 class=\"fusion-title-heading title-heading-left\" style=\"font-family:&quot;IBM Plex Sans Condensed&quot;;font-style:normal;font-weight:500;margin:0;font-size:1em;line-height:1.2;\"><a href=\"https:\/\/www.mundusmaris.org\/de\/aktivitaten\/okosystem-basierte-fischerei\/wellbeing-small-scale-fishers-derive-from-ecosystem-services\/\" class=\"awb-custom-text-color awb-custom-text-hover-color\" target=\"_self\">Wellbeing small-scale fishers derive from ecosystem services<\/a><\/h4><\/div><\/div><\/li>\n<li class=\"fusion-layout-column fusion_builder_column fusion-builder-column-73 fusion-flex-column post-card fusion-grid-column fusion-post-cards-grid-column\" style=\"--awb-bg-color:var(--awb-color1);--awb-bg-color-hover:var(--awb-color1);--awb-bg-blend:overlay;--awb-bg-size:cover;--awb-flex-grow:0;--awb-flex-shrink:0;--awb-flex-grow-medium:0;--awb-flex-shrink-medium:0;--awb-flex-grow-small:0;--awb-flex-shrink-small:0;\" data-scroll-devices=\"small-visibility,medium-visibility,large-visibility\"><div class=\"fusion-column-wrapper fusion-column-has-shadow fusion-flex-justify-content-space-around fusion-content-layout-column\"><div class=\"fusion-classic-product-image-wrapper fusion-woo-product-image fusion-post-card-image fusion-post-card-image-1 has-aspect-ratio\" data-layout=\"static\" style=\"--awb-aspect-ratio:3 \/ 2;\"><div  class=\"fusion-image-wrapper\" aria-haspopup=\"true\">\n\t\t\t\t\t\t\t<a href=\"https:\/\/www.mundusmaris.org\/de\/aktivitaten\/okosystem-basierte-fischerei\/mundus-maris-supports-wiomsas-push-for-greater-gender-awareness\/\" aria-label=\"Mundus maris supports WIOMSA&#8217;s push for greater gender awareness\">\n\t\t\t\t\t\t\t<img decoding=\"async\" width=\"500\" height=\"419\" src=\"https:\/\/www.mundusmaris.org\/wp-content\/uploads\/2019\/07\/SymposiumAnnouncement500.jpg\" class=\"attachment-full size-full wp-post-image\" alt=\"\" srcset=\"https:\/\/www.mundusmaris.org\/wp-content\/uploads\/2019\/07\/SymposiumAnnouncement500-200x168.jpg 200w, https:\/\/www.mundusmaris.org\/wp-content\/uploads\/2019\/07\/SymposiumAnnouncement500-400x335.jpg 400w, https:\/\/www.mundusmaris.org\/wp-content\/uploads\/2019\/07\/SymposiumAnnouncement500.jpg 500w\" sizes=\"(min-width: 2200px) 100vw, (min-width: 784px) 373px, (min-width: 712px) 560px, (min-width: 640px) 712px, \" \/>\t\t\t<\/a>\n\t\t\t\t\t\t\t<\/div>\n<\/div><div class=\"fusion-meta-tb fusion-meta-tb-72 floated\" style=\"--awb-border-top:0px;--awb-height:36px;--awb-alignment-medium:flex-start;--awb-alignment-small:flex-start;\"><span class=\"fusion-tb-published-date\">Published On: 13. Juli 2019<\/span><span class=\"fusion-meta-tb-sep\"><\/span><\/div><div class=\"fusion-title title fusion-title-73 fusion-sep-none fusion-title-text fusion-title-size-four\" style=\"--awb-margin-top:20px;--awb-margin-right:20px;--awb-margin-bottom:20px;--awb-margin-left:20px;--awb-margin-top-small:10px;--awb-margin-right-small:0px;--awb-margin-bottom-small:10px;--awb-margin-left-small:0px;--awb-font-size:24px;\"><h4 class=\"fusion-title-heading title-heading-left\" style=\"font-family:&quot;IBM Plex Sans Condensed&quot;;font-style:normal;font-weight:500;margin:0;font-size:1em;line-height:1.2;\"><a href=\"https:\/\/www.mundusmaris.org\/de\/aktivitaten\/okosystem-basierte-fischerei\/mundus-maris-supports-wiomsas-push-for-greater-gender-awareness\/\" class=\"awb-custom-text-color awb-custom-text-hover-color\" target=\"_self\">Mundus maris supports WIOMSA&#8217;s push for greater gender awareness<\/a><\/h4><\/div><\/div><\/li>\n<li class=\"fusion-layout-column fusion_builder_column fusion-builder-column-74 fusion-flex-column post-card fusion-grid-column fusion-post-cards-grid-column\" style=\"--awb-bg-color:var(--awb-color1);--awb-bg-color-hover:var(--awb-color1);--awb-bg-blend:overlay;--awb-bg-size:cover;--awb-flex-grow:0;--awb-flex-shrink:0;--awb-flex-grow-medium:0;--awb-flex-shrink-medium:0;--awb-flex-grow-small:0;--awb-flex-shrink-small:0;\" data-scroll-devices=\"small-visibility,medium-visibility,large-visibility\"><div class=\"fusion-column-wrapper fusion-column-has-shadow fusion-flex-justify-content-space-around fusion-content-layout-column\"><div class=\"fusion-classic-product-image-wrapper fusion-woo-product-image fusion-post-card-image fusion-post-card-image-1 has-aspect-ratio\" data-layout=\"static\" style=\"--awb-aspect-ratio:3 \/ 2;\"><div  class=\"fusion-image-wrapper\" aria-haspopup=\"true\">\n\t\t\t\t\t\t\t<a href=\"https:\/\/www.mundusmaris.org\/de\/aktivitaten\/okosystem-basierte-fischerei\/pre-symposium-workshop-on-gender\/\" aria-label=\"Pre-Symposium Workshop on gender\">\n\t\t\t\t\t\t\t<img decoding=\"async\" width=\"500\" height=\"333\" src=\"https:\/\/www.mundusmaris.org\/wp-content\/uploads\/2025\/11\/WorkshopFeature500.jpg\" class=\"attachment-full size-full wp-post-image\" alt=\"\" srcset=\"https:\/\/www.mundusmaris.org\/wp-content\/uploads\/2025\/11\/WorkshopFeature500-200x133.jpg 200w, https:\/\/www.mundusmaris.org\/wp-content\/uploads\/2025\/11\/WorkshopFeature500-400x266.jpg 400w, https:\/\/www.mundusmaris.org\/wp-content\/uploads\/2025\/11\/WorkshopFeature500.jpg 500w\" sizes=\"(min-width: 2200px) 100vw, (min-width: 784px) 373px, (min-width: 712px) 560px, (min-width: 640px) 712px, \" \/>\t\t\t<\/a>\n\t\t\t\t\t\t\t<\/div>\n<\/div><div class=\"fusion-meta-tb fusion-meta-tb-73 floated\" style=\"--awb-border-top:0px;--awb-height:36px;--awb-alignment-medium:flex-start;--awb-alignment-small:flex-start;\"><span class=\"fusion-tb-published-date\">Published On: 5. Juli 2019<\/span><span class=\"fusion-meta-tb-sep\"><\/span><\/div><div class=\"fusion-title title fusion-title-74 fusion-sep-none fusion-title-text fusion-title-size-four\" style=\"--awb-margin-top:20px;--awb-margin-right:20px;--awb-margin-bottom:20px;--awb-margin-left:20px;--awb-margin-top-small:10px;--awb-margin-right-small:0px;--awb-margin-bottom-small:10px;--awb-margin-left-small:0px;--awb-font-size:24px;\"><h4 class=\"fusion-title-heading title-heading-left\" style=\"font-family:&quot;IBM Plex Sans Condensed&quot;;font-style:normal;font-weight:500;margin:0;font-size:1em;line-height:1.2;\"><a href=\"https:\/\/www.mundusmaris.org\/de\/aktivitaten\/okosystem-basierte-fischerei\/pre-symposium-workshop-on-gender\/\" class=\"awb-custom-text-color awb-custom-text-hover-color\" target=\"_self\">Pre-Symposium Workshop on gender<\/a><\/h4><\/div><\/div><\/li>\n<li class=\"fusion-layout-column fusion_builder_column fusion-builder-column-75 fusion-flex-column post-card fusion-grid-column fusion-post-cards-grid-column\" style=\"--awb-bg-color:var(--awb-color1);--awb-bg-color-hover:var(--awb-color1);--awb-bg-blend:overlay;--awb-bg-size:cover;--awb-flex-grow:0;--awb-flex-shrink:0;--awb-flex-grow-medium:0;--awb-flex-shrink-medium:0;--awb-flex-grow-small:0;--awb-flex-shrink-small:0;\" data-scroll-devices=\"small-visibility,medium-visibility,large-visibility\"><div class=\"fusion-column-wrapper fusion-column-has-shadow fusion-flex-justify-content-space-around fusion-content-layout-column\"><div class=\"fusion-classic-product-image-wrapper fusion-woo-product-image fusion-post-card-image fusion-post-card-image-1 has-aspect-ratio\" data-layout=\"static\" style=\"--awb-aspect-ratio:3 \/ 2;\"><div  class=\"fusion-image-wrapper\" aria-haspopup=\"true\">\n\t\t\t\t\t\t\t<a href=\"https:\/\/www.mundusmaris.org\/de\/aktivitaten\/okosystem-basierte-fischerei\/the-role-of-marine-ecosystems-in-the-lives-of-fishing-communities\/\" aria-label=\"The role of marine ecosystems in the lives of fishing communities\">\n\t\t\t\t\t\t\t<img decoding=\"async\" width=\"400\" height=\"300\" src=\"https:\/\/www.mundusmaris.org\/wp-content\/uploads\/2024\/10\/AliouOuverture.jpg\" class=\"attachment-full size-full wp-post-image\" alt=\"\" srcset=\"https:\/\/www.mundusmaris.org\/wp-content\/uploads\/2024\/10\/AliouOuverture-200x150.jpg 200w, https:\/\/www.mundusmaris.org\/wp-content\/uploads\/2024\/10\/AliouOuverture.jpg 400w\" sizes=\"(min-width: 2200px) 100vw, (min-width: 784px) 373px, (min-width: 712px) 560px, (min-width: 640px) 712px, \" \/>\t\t\t<\/a>\n\t\t\t\t\t\t\t<\/div>\n<\/div><div class=\"fusion-meta-tb fusion-meta-tb-74 floated\" style=\"--awb-border-top:0px;--awb-height:36px;--awb-alignment-medium:flex-start;--awb-alignment-small:flex-start;\"><span class=\"fusion-tb-published-date\">Published On: 18. M\u00e4rz 2018<\/span><span class=\"fusion-meta-tb-sep\"><\/span><\/div><div class=\"fusion-title title fusion-title-75 fusion-sep-none fusion-title-text fusion-title-size-four\" style=\"--awb-margin-top:20px;--awb-margin-right:20px;--awb-margin-bottom:20px;--awb-margin-left:20px;--awb-margin-top-small:10px;--awb-margin-right-small:0px;--awb-margin-bottom-small:10px;--awb-margin-left-small:0px;--awb-font-size:24px;\"><h4 class=\"fusion-title-heading title-heading-left\" style=\"font-family:&quot;IBM Plex Sans Condensed&quot;;font-style:normal;font-weight:500;margin:0;font-size:1em;line-height:1.2;\"><a href=\"https:\/\/www.mundusmaris.org\/de\/aktivitaten\/okosystem-basierte-fischerei\/the-role-of-marine-ecosystems-in-the-lives-of-fishing-communities\/\" class=\"awb-custom-text-color awb-custom-text-hover-color\" target=\"_self\">The role of marine ecosystems in the lives of fishing communities<\/a><\/h4><\/div><\/div><\/li>\n<\/ul><div class=\"fusion-infinite-scroll-trigger\"><\/div><div class=\"pagination infinite-scroll clearfix\" style=\"display:none;\"><\/div><div class=\"fusion-clearfix\"><\/div><\/div><\/div><\/div><\/div><\/div><\/p>\n","protected":false},"excerpt":{"rendered":"","protected":false},"author":2,"featured_media":0,"parent":0,"menu_order":0,"comment_status":"closed","ping_status":"closed","template":"","meta":{"_acf_changed":false,"footnotes":""},"categoria-pagina":[],"class_list":["post-5139","page","type-page","status-publish","hentry"],"acf":[],"_links":{"self":[{"href":"https:\/\/www.mundusmaris.org\/de\/wp-json\/wp\/v2\/pages\/5139","targetHints":{"allow":["GET"]}}],"collection":[{"href":"https:\/\/www.mundusmaris.org\/de\/wp-json\/wp\/v2\/pages"}],"about":[{"href":"https:\/\/www.mundusmaris.org\/de\/wp-json\/wp\/v2\/types\/page"}],"author":[{"embeddable":true,"href":"https:\/\/www.mundusmaris.org\/de\/wp-json\/wp\/v2\/users\/2"}],"replies":[{"embeddable":true,"href":"https:\/\/www.mundusmaris.org\/de\/wp-json\/wp\/v2\/comments?post=5139"}],"version-history":[{"count":6,"href":"https:\/\/www.mundusmaris.org\/de\/wp-json\/wp\/v2\/pages\/5139\/revisions"}],"predecessor-version":[{"id":7338,"href":"https:\/\/www.mundusmaris.org\/de\/wp-json\/wp\/v2\/pages\/5139\/revisions\/7338"}],"wp:attachment":[{"href":"https:\/\/www.mundusmaris.org\/de\/wp-json\/wp\/v2\/media?parent=5139"}],"wp:term":[{"taxonomy":"categoria-pagina","embeddable":true,"href":"https:\/\/www.mundusmaris.org\/de\/wp-json\/wp\/v2\/categoria-pagina?post=5139"}],"curies":[{"name":"wp","href":"https:\/\/api.w.org\/{rel}","templated":true}]}}