{"id":10115,"date":"2024-09-20T09:52:57","date_gmt":"2024-09-20T09:52:57","guid":{"rendered":"http:\/\/www.mundusmaris.org\/aktivitaeten\/oekosystem-basierte-fischerei\/"},"modified":"2024-10-07T06:40:00","modified_gmt":"2024-10-07T06:40:00","slug":"oekosystem-basierte-fischerei","status":"publish","type":"page","link":"https:\/\/www.mundusmaris.org\/de\/aktivitaeten\/oekosystem-basierte-fischerei\/","title":{"rendered":"\u00d6kosystem-basierte Fischerei"},"content":{"rendered":"<p><div class=\"fusion-fullwidth fullwidth-box fusion-builder-row-1 fusion-flex-container has-pattern-background has-mask-background nonhundred-percent-fullwidth non-hundred-percent-height-scrolling\" style=\"--awb-border-radius-top-left:0px;--awb-border-radius-top-right:0px;--awb-border-radius-bottom-right:0px;--awb-border-radius-bottom-left:0px;--awb-padding-bottom:30px;--awb-flex-wrap:wrap;\" ><div class=\"fusion-builder-row fusion-row fusion-flex-align-items-flex-start fusion-flex-content-wrap\" style=\"max-width:1248px;margin-left: calc(-4% \/ 2 );margin-right: calc(-4% \/ 2 );\"><div class=\"fusion-layout-column fusion_builder_column fusion-builder-column-0 fusion_builder_column_1_1 1_1 fusion-flex-column\" style=\"--awb-bg-size:cover;--awb-width-large:100%;--awb-margin-top-large:0px;--awb-spacing-right-large:1.92%;--awb-margin-bottom-large:20px;--awb-spacing-left-large:1.92%;--awb-width-medium:100%;--awb-order-medium:0;--awb-spacing-right-medium:1.92%;--awb-spacing-left-medium:1.92%;--awb-width-small:100%;--awb-order-small:0;--awb-spacing-right-small:1.92%;--awb-spacing-left-small:1.92%;\"><div class=\"fusion-column-wrapper fusion-column-has-shadow fusion-flex-justify-content-flex-start fusion-content-layout-column\"><div class=\"fusion-text fusion-text-1 fusion-text-no-margin\" style=\"--awb-margin-bottom:0px;\"><p>Die EAF gilt als Schl\u00fcssel f\u00fcr eine gesunde und produktive Fischerei.<br \/>\nEs besteht aus f\u00fcnf Hauptkomponenten: (1) Aufrechterhaltung der Integrit\u00e4t des \u00d6kosystems (kein Fisch ist eine Insel); (2) ein Vorsorgeansatz bei der Fischerei und der sonstigen Nutzung der Meeres- und K\u00fcsten\u00f6kosysteme und die Einhaltung der Vorschriften; (3) eine breite Beteiligung der Interessengruppen; (4) F\u00f6rderung der sektoralen Integration und Sicherung der Existenzgrundlagen; (5) Investitionen in Forschung und Wissen.<\/p>\n<\/div><\/div><\/div><\/div><\/div><div class=\"fusion-fullwidth fullwidth-box fusion-builder-row-2 fusion-flex-container has-pattern-background has-mask-background nonhundred-percent-fullwidth non-hundred-percent-height-scrolling\" style=\"--awb-border-radius-top-left:0px;--awb-border-radius-top-right:0px;--awb-border-radius-bottom-right:0px;--awb-border-radius-bottom-left:0px;--awb-flex-wrap:wrap;\" ><div class=\"fusion-builder-row fusion-row fusion-flex-align-items-flex-start fusion-flex-content-wrap\" style=\"max-width:1248px;margin-left: calc(-4% \/ 2 );margin-right: calc(-4% \/ 2 );\"><div class=\"fusion-layout-column fusion_builder_column fusion-builder-column-1 fusion_builder_column_1_1 1_1 fusion-flex-column fusion-flex-align-self-stretch\" style=\"--awb-bg-size:cover;--awb-width-large:100%;--awb-margin-top-large:0px;--awb-spacing-right-large:1.92%;--awb-margin-bottom-large:20px;--awb-spacing-left-large:1.92%;--awb-width-medium:100%;--awb-order-medium:0;--awb-spacing-right-medium:1.92%;--awb-spacing-left-medium:1.92%;--awb-width-small:100%;--awb-order-small:0;--awb-spacing-right-small:1.92%;--awb-spacing-left-small:1.92%;\" data-scroll-devices=\"small-visibility,medium-visibility,large-visibility\"><div class=\"fusion-column-wrapper fusion-column-has-shadow fusion-flex-justify-content-space-around fusion-content-layout-row fusion-flex-align-items-stretch\"><div class=\"fusion-post-cards fusion-post-cards-1 fusion-grid-archive fusion-grid-columns-3\" style=\"--awb-dots-align:center;--awb-columns:3;--awb-filters-color:var(--awb-color8);--awb-active-filter-border-size:3px;--awb-filters-height:36px;\" data-post-type-label=\"beitr\u00e4ge\"><ul class=\"fusion-grid fusion-grid-3 fusion-flex-align-items-flex-start fusion-grid-posts-cards\"><li class=\"fusion-layout-column fusion_builder_column fusion-builder-column-2 fusion-flex-column post-card fusion-grid-column fusion-post-cards-grid-column\" style=\"--awb-bg-color:var(--awb-color1);--awb-bg-color-hover:var(--awb-color1);--awb-bg-blend:overlay;--awb-bg-size:cover;--awb-flex-grow:0;--awb-flex-shrink:0;--awb-flex-grow-medium:;--awb-flex-shrink-medium:;--awb-flex-grow-small:;--awb-flex-shrink-small:;\" data-scroll-devices=\"small-visibility,medium-visibility,large-visibility\"><div class=\"fusion-column-wrapper fusion-column-has-shadow fusion-flex-justify-content-space-around fusion-content-layout-column\"><div class=\"fusion-classic-product-image-wrapper fusion-woo-product-image fusion-post-card-image fusion-post-card-image-1 has-aspect-ratio\" data-layout=\"static\" style=\"--awb-aspect-ratio:3 \/ 2;\"><div  class=\"fusion-image-wrapper\" aria-haspopup=\"true\">\n\t\t\t\t\t\t\t<a href=\"https:\/\/www.mundusmaris.org\/de\/veranstaltung\/mundus-maris-beim-lighthouse-swim-in-kiel-zum-ozeanschutz\/\" aria-label=\"Mundus maris beim Lighthouse Swim in Kiel zum Ozeanschutz\">\n\t\t\t\t\t\t\t<img decoding=\"async\" width=\"500\" height=\"426\" src=\"https:\/\/www.mundusmaris.org\/wp-content\/uploads\/2026\/08\/Feature.jpg\" class=\"attachment-full size-full wp-post-image\" alt=\"\" srcset=\"https:\/\/www.mundusmaris.org\/wp-content\/uploads\/2026\/08\/Feature-200x170.jpg 200w, https:\/\/www.mundusmaris.org\/wp-content\/uploads\/2026\/08\/Feature-400x341.jpg 400w, https:\/\/www.mundusmaris.org\/wp-content\/uploads\/2026\/08\/Feature.jpg 500w\" sizes=\"(min-width: 2200px) 100vw, (min-width: 784px) 373px, (min-width: 712px) 560px, (min-width: 640px) 712px, \" \/>\t\t\t<\/a>\n\t\t\t\t\t\t\t<\/div>\n<\/div><div class=\"fusion-meta-tb fusion-meta-tb-1 floated\" style=\"--awb-border-top:0px;--awb-height:36px;--awb-alignment-medium:flex-start;--awb-alignment-small:flex-start;\"><span class=\"fusion-tb-published-date\">Published On: 24. August 2026<\/span><span class=\"fusion-meta-tb-sep\"><\/span><\/div><div class=\"fusion-title title fusion-title-1 fusion-sep-none fusion-title-text fusion-title-size-four\" style=\"--awb-margin-top:20px;--awb-margin-right:20px;--awb-margin-bottom:20px;--awb-margin-left:20px;--awb-margin-top-small:10px;--awb-margin-right-small:0px;--awb-margin-bottom-small:10px;--awb-margin-left-small:0px;--awb-font-size:24px;\"><h4 class=\"fusion-title-heading title-heading-left\" style=\"font-family:&quot;IBM Plex Sans Condensed&quot;;font-style:normal;font-weight:500;margin:0;font-size:1em;line-height:1.2;\"><a href=\"https:\/\/www.mundusmaris.org\/de\/veranstaltung\/mundus-maris-beim-lighthouse-swim-in-kiel-zum-ozeanschutz\/\" class=\"awb-custom-text-color awb-custom-text-hover-color\" target=\"_self\">Mundus maris beim Lighthouse Swim in Kiel zum Ozeanschutz<\/a><\/h4><\/div><\/div><\/li>\n<li class=\"fusion-layout-column fusion_builder_column fusion-builder-column-3 fusion-flex-column post-card fusion-grid-column fusion-post-cards-grid-column\" style=\"--awb-bg-color:var(--awb-color1);--awb-bg-color-hover:var(--awb-color1);--awb-bg-blend:overlay;--awb-bg-size:cover;--awb-flex-grow:0;--awb-flex-shrink:0;--awb-flex-grow-medium:;--awb-flex-shrink-medium:;--awb-flex-grow-small:;--awb-flex-shrink-small:;\" data-scroll-devices=\"small-visibility,medium-visibility,large-visibility\"><div class=\"fusion-column-wrapper fusion-column-has-shadow fusion-flex-justify-content-space-around fusion-content-layout-column\"><div class=\"fusion-classic-product-image-wrapper fusion-woo-product-image fusion-post-card-image fusion-post-card-image-1 has-aspect-ratio\" data-layout=\"static\" style=\"--awb-aspect-ratio:3 \/ 2;\"><div  class=\"fusion-image-wrapper\" aria-haspopup=\"true\">\n\t\t\t\t\t\t\t<a href=\"https:\/\/www.mundusmaris.org\/de\/weltozeantag\/wod-2026-de\/den-ozean-heute-schuetzen-unsere-zukunft-sichern\/\" aria-label=\"Den Ozean heute sch\u00fctzen \u2013 unsere Zukunft sichern\">\n\t\t\t\t\t\t\t<img decoding=\"async\" width=\"500\" height=\"366\" src=\"https:\/\/www.mundusmaris.org\/wp-content\/uploads\/2026\/08\/Featture.jpg\" class=\"attachment-full size-full wp-post-image\" alt=\"\" srcset=\"https:\/\/www.mundusmaris.org\/wp-content\/uploads\/2026\/08\/Featture-200x146.jpg 200w, https:\/\/www.mundusmaris.org\/wp-content\/uploads\/2026\/08\/Featture-400x293.jpg 400w, https:\/\/www.mundusmaris.org\/wp-content\/uploads\/2026\/08\/Featture.jpg 500w\" sizes=\"(min-width: 2200px) 100vw, (min-width: 784px) 373px, (min-width: 712px) 560px, (min-width: 640px) 712px, \" \/>\t\t\t<\/a>\n\t\t\t\t\t\t\t<\/div>\n<\/div><div class=\"fusion-meta-tb fusion-meta-tb-2 floated\" style=\"--awb-border-top:0px;--awb-height:36px;--awb-alignment-medium:flex-start;--awb-alignment-small:flex-start;\"><span class=\"fusion-tb-published-date\">Published On: 10. August 2026<\/span><span class=\"fusion-meta-tb-sep\"><\/span><\/div><div class=\"fusion-title title fusion-title-2 fusion-sep-none fusion-title-text fusion-title-size-four\" style=\"--awb-margin-top:20px;--awb-margin-right:20px;--awb-margin-bottom:20px;--awb-margin-left:20px;--awb-margin-top-small:10px;--awb-margin-right-small:0px;--awb-margin-bottom-small:10px;--awb-margin-left-small:0px;--awb-font-size:24px;\"><h4 class=\"fusion-title-heading title-heading-left\" style=\"font-family:&quot;IBM Plex Sans Condensed&quot;;font-style:normal;font-weight:500;margin:0;font-size:1em;line-height:1.2;\"><a href=\"https:\/\/www.mundusmaris.org\/de\/weltozeantag\/wod-2026-de\/den-ozean-heute-schuetzen-unsere-zukunft-sichern\/\" class=\"awb-custom-text-color awb-custom-text-hover-color\" target=\"_self\">Den Ozean heute sch\u00fctzen \u2013 unsere Zukunft sichern<\/a><\/h4><\/div><\/div><\/li>\n<li class=\"fusion-layout-column fusion_builder_column fusion-builder-column-4 fusion-flex-column post-card fusion-grid-column fusion-post-cards-grid-column\" style=\"--awb-bg-color:var(--awb-color1);--awb-bg-color-hover:var(--awb-color1);--awb-bg-blend:overlay;--awb-bg-size:cover;--awb-flex-grow:0;--awb-flex-shrink:0;--awb-flex-grow-medium:;--awb-flex-shrink-medium:;--awb-flex-grow-small:;--awb-flex-shrink-small:;\" data-scroll-devices=\"small-visibility,medium-visibility,large-visibility\"><div class=\"fusion-column-wrapper fusion-column-has-shadow fusion-flex-justify-content-space-around fusion-content-layout-column\"><div class=\"fusion-classic-product-image-wrapper fusion-woo-product-image fusion-post-card-image fusion-post-card-image-1 has-aspect-ratio\" data-layout=\"static\" style=\"--awb-aspect-ratio:3 \/ 2;\"><div  class=\"fusion-image-wrapper\" aria-haspopup=\"true\">\n\t\t\t\t\t\t\t<a href=\"https:\/\/www.mundusmaris.org\/de\/filme\/the-moral-exile-of-odysseus\/\" aria-label=\"The Moral Exile of Odysseus\">\n\t\t\t\t\t\t\t<img decoding=\"async\" width=\"500\" height=\"471\" src=\"https:\/\/www.mundusmaris.org\/wp-content\/uploads\/2026\/08\/EgistoSaniOdysseus_Syrenes500.jpg\" class=\"attachment-full size-full wp-post-image\" alt=\"\" srcset=\"https:\/\/www.mundusmaris.org\/wp-content\/uploads\/2026\/08\/EgistoSaniOdysseus_Syrenes500-200x188.jpg 200w, https:\/\/www.mundusmaris.org\/wp-content\/uploads\/2026\/08\/EgistoSaniOdysseus_Syrenes500-400x377.jpg 400w, https:\/\/www.mundusmaris.org\/wp-content\/uploads\/2026\/08\/EgistoSaniOdysseus_Syrenes500.jpg 500w\" sizes=\"(min-width: 2200px) 100vw, (min-width: 784px) 373px, (min-width: 712px) 560px, (min-width: 640px) 712px, \" \/>\t\t\t<\/a>\n\t\t\t\t\t\t\t<\/div>\n<\/div><div class=\"fusion-meta-tb fusion-meta-tb-3 floated\" style=\"--awb-border-top:0px;--awb-height:36px;--awb-alignment-medium:flex-start;--awb-alignment-small:flex-start;\"><span class=\"fusion-tb-published-date\">Published On: 1. August 2026<\/span><span class=\"fusion-meta-tb-sep\"><\/span><\/div><div class=\"fusion-title title fusion-title-3 fusion-sep-none fusion-title-text fusion-title-size-four\" style=\"--awb-margin-top:20px;--awb-margin-right:20px;--awb-margin-bottom:20px;--awb-margin-left:20px;--awb-margin-top-small:10px;--awb-margin-right-small:0px;--awb-margin-bottom-small:10px;--awb-margin-left-small:0px;--awb-font-size:24px;\"><h4 class=\"fusion-title-heading title-heading-left\" style=\"font-family:&quot;IBM Plex Sans Condensed&quot;;font-style:normal;font-weight:500;margin:0;font-size:1em;line-height:1.2;\"><a href=\"https:\/\/www.mundusmaris.org\/de\/filme\/the-moral-exile-of-odysseus\/\" class=\"awb-custom-text-color awb-custom-text-hover-color\" target=\"_self\">The Moral Exile of Odysseus<\/a><\/h4><\/div><\/div><\/li>\n<li class=\"fusion-layout-column fusion_builder_column fusion-builder-column-5 fusion-flex-column post-card fusion-grid-column fusion-post-cards-grid-column\" style=\"--awb-bg-color:var(--awb-color1);--awb-bg-color-hover:var(--awb-color1);--awb-bg-blend:overlay;--awb-bg-size:cover;--awb-flex-grow:0;--awb-flex-shrink:0;--awb-flex-grow-medium:;--awb-flex-shrink-medium:;--awb-flex-grow-small:;--awb-flex-shrink-small:;\" data-scroll-devices=\"small-visibility,medium-visibility,large-visibility\"><div class=\"fusion-column-wrapper fusion-column-has-shadow fusion-flex-justify-content-space-around fusion-content-layout-column\"><div class=\"fusion-classic-product-image-wrapper fusion-woo-product-image fusion-post-card-image fusion-post-card-image-1 has-aspect-ratio\" data-layout=\"static\" style=\"--awb-aspect-ratio:3 \/ 2;\"><div  class=\"fusion-image-wrapper\" aria-haspopup=\"true\">\n\t\t\t\t\t\t\t<a href=\"https:\/\/www.mundusmaris.org\/de\/meereswissen-und-oeffentlichkeitsarbeit\/mundus-maris-participates-at-the-sacsan-career-day\/\" aria-label=\"Mundus maris participates at the SACSAN Career Day\">\n\t\t\t\t\t\t\t<img decoding=\"async\" width=\"500\" height=\"473\" src=\"https:\/\/www.mundusmaris.org\/wp-content\/uploads\/2026\/08\/RecognisingHeros500feature.jpg\" class=\"attachment-full size-full wp-post-image\" alt=\"\" srcset=\"https:\/\/www.mundusmaris.org\/wp-content\/uploads\/2026\/08\/RecognisingHeros500feature-200x189.jpg 200w, https:\/\/www.mundusmaris.org\/wp-content\/uploads\/2026\/08\/RecognisingHeros500feature-400x378.jpg 400w, https:\/\/www.mundusmaris.org\/wp-content\/uploads\/2026\/08\/RecognisingHeros500feature.jpg 500w\" sizes=\"(min-width: 2200px) 100vw, (min-width: 784px) 373px, (min-width: 712px) 560px, (min-width: 640px) 712px, \" \/>\t\t\t<\/a>\n\t\t\t\t\t\t\t<\/div>\n<\/div><div class=\"fusion-meta-tb fusion-meta-tb-4 floated\" style=\"--awb-border-top:0px;--awb-height:36px;--awb-alignment-medium:flex-start;--awb-alignment-small:flex-start;\"><span class=\"fusion-tb-published-date\">Published On: 20. Juli 2026<\/span><span class=\"fusion-meta-tb-sep\"><\/span><\/div><div class=\"fusion-title title fusion-title-4 fusion-sep-none fusion-title-text fusion-title-size-four\" style=\"--awb-margin-top:20px;--awb-margin-right:20px;--awb-margin-bottom:20px;--awb-margin-left:20px;--awb-margin-top-small:10px;--awb-margin-right-small:0px;--awb-margin-bottom-small:10px;--awb-margin-left-small:0px;--awb-font-size:24px;\"><h4 class=\"fusion-title-heading title-heading-left\" style=\"font-family:&quot;IBM Plex Sans Condensed&quot;;font-style:normal;font-weight:500;margin:0;font-size:1em;line-height:1.2;\"><a href=\"https:\/\/www.mundusmaris.org\/de\/meereswissen-und-oeffentlichkeitsarbeit\/mundus-maris-participates-at-the-sacsan-career-day\/\" class=\"awb-custom-text-color awb-custom-text-hover-color\" target=\"_self\">Mundus maris participates at the SACSAN Career Day<\/a><\/h4><\/div><\/div><\/li>\n<li class=\"fusion-layout-column fusion_builder_column fusion-builder-column-6 fusion-flex-column post-card fusion-grid-column fusion-post-cards-grid-column\" style=\"--awb-bg-color:var(--awb-color1);--awb-bg-color-hover:var(--awb-color1);--awb-bg-blend:overlay;--awb-bg-size:cover;--awb-flex-grow:0;--awb-flex-shrink:0;--awb-flex-grow-medium:;--awb-flex-shrink-medium:;--awb-flex-grow-small:;--awb-flex-shrink-small:;\" data-scroll-devices=\"small-visibility,medium-visibility,large-visibility\"><div class=\"fusion-column-wrapper fusion-column-has-shadow fusion-flex-justify-content-space-around fusion-content-layout-column\"><div class=\"fusion-classic-product-image-wrapper fusion-woo-product-image fusion-post-card-image fusion-post-card-image-1 has-aspect-ratio\" data-layout=\"static\" style=\"--awb-aspect-ratio:3 \/ 2;\"><div  class=\"fusion-image-wrapper\" aria-haspopup=\"true\">\n\t\t\t\t\t\t\t<a href=\"https:\/\/www.mundusmaris.org\/de\/aktivitaten\/die-wiederherstellung-der-fischerei-in-ghana-beginnt-bei-den-menschen-die-von-ihr-abhaengig-sind\/\" aria-label=\"Die Wiederherstellung der Fischerei in Ghana beginnt bei den Menschen, die von ihr abh\u00e4ngig sind.\">\n\t\t\t\t\t\t\t<img decoding=\"async\" width=\"500\" height=\"351\" src=\"https:\/\/www.mundusmaris.org\/wp-content\/uploads\/2026\/07\/ReadyToGo500.jpg\" class=\"attachment-full size-full wp-post-image\" alt=\"\" srcset=\"https:\/\/www.mundusmaris.org\/wp-content\/uploads\/2026\/07\/ReadyToGo500-200x140.jpg 200w, https:\/\/www.mundusmaris.org\/wp-content\/uploads\/2026\/07\/ReadyToGo500-400x281.jpg 400w, https:\/\/www.mundusmaris.org\/wp-content\/uploads\/2026\/07\/ReadyToGo500.jpg 500w\" sizes=\"(min-width: 2200px) 100vw, (min-width: 784px) 373px, (min-width: 712px) 560px, (min-width: 640px) 712px, \" \/>\t\t\t<\/a>\n\t\t\t\t\t\t\t<\/div>\n<\/div><div class=\"fusion-meta-tb fusion-meta-tb-5 floated\" style=\"--awb-border-top:0px;--awb-height:36px;--awb-alignment-medium:flex-start;--awb-alignment-small:flex-start;\"><span class=\"fusion-tb-published-date\">Published On: 8. Juli 2026<\/span><span class=\"fusion-meta-tb-sep\"><\/span><\/div><div class=\"fusion-title title fusion-title-5 fusion-sep-none fusion-title-text fusion-title-size-four\" style=\"--awb-margin-top:20px;--awb-margin-right:20px;--awb-margin-bottom:20px;--awb-margin-left:20px;--awb-margin-top-small:10px;--awb-margin-right-small:0px;--awb-margin-bottom-small:10px;--awb-margin-left-small:0px;--awb-font-size:24px;\"><h4 class=\"fusion-title-heading title-heading-left\" style=\"font-family:&quot;IBM Plex Sans Condensed&quot;;font-style:normal;font-weight:500;margin:0;font-size:1em;line-height:1.2;\"><a href=\"https:\/\/www.mundusmaris.org\/de\/aktivitaten\/die-wiederherstellung-der-fischerei-in-ghana-beginnt-bei-den-menschen-die-von-ihr-abhaengig-sind\/\" class=\"awb-custom-text-color awb-custom-text-hover-color\" target=\"_self\">Die Wiederherstellung der Fischerei in Ghana beginnt bei den Menschen, die von ihr abh\u00e4ngig sind.<\/a><\/h4><\/div><\/div><\/li>\n<li class=\"fusion-layout-column fusion_builder_column fusion-builder-column-7 fusion-flex-column post-card fusion-grid-column fusion-post-cards-grid-column\" style=\"--awb-bg-color:var(--awb-color1);--awb-bg-color-hover:var(--awb-color1);--awb-bg-blend:overlay;--awb-bg-size:cover;--awb-flex-grow:0;--awb-flex-shrink:0;--awb-flex-grow-medium:;--awb-flex-shrink-medium:;--awb-flex-grow-small:;--awb-flex-shrink-small:;\" data-scroll-devices=\"small-visibility,medium-visibility,large-visibility\"><div class=\"fusion-column-wrapper fusion-column-has-shadow fusion-flex-justify-content-space-around fusion-content-layout-column\"><div class=\"fusion-classic-product-image-wrapper fusion-woo-product-image fusion-post-card-image fusion-post-card-image-1 has-aspect-ratio\" data-layout=\"static\" style=\"--awb-aspect-ratio:3 \/ 2;\"><div  class=\"fusion-image-wrapper\" aria-haspopup=\"true\">\n\t\t\t\t\t\t\t<a href=\"https:\/\/www.mundusmaris.org\/de\/handwerklichen-fischerei-akademie\/small-scale-fisheries-should-be-a-big-part-of-the-future-in-west-africa\/\" aria-label=\"Small-Scale fisheries should be a big part of the future in West Africa\">\n\t\t\t\t\t\t\t<img decoding=\"async\" width=\"500\" height=\"334\" src=\"https:\/\/www.mundusmaris.org\/wp-content\/uploads\/2026\/07\/PanelistsHP11-Feature.jpg\" class=\"attachment-full size-full wp-post-image\" alt=\"\" srcset=\"https:\/\/www.mundusmaris.org\/wp-content\/uploads\/2026\/07\/PanelistsHP11-Feature-200x134.jpg 200w, https:\/\/www.mundusmaris.org\/wp-content\/uploads\/2026\/07\/PanelistsHP11-Feature-400x267.jpg 400w, https:\/\/www.mundusmaris.org\/wp-content\/uploads\/2026\/07\/PanelistsHP11-Feature.jpg 500w\" sizes=\"(min-width: 2200px) 100vw, (min-width: 784px) 373px, (min-width: 712px) 560px, (min-width: 640px) 712px, \" \/>\t\t\t<\/a>\n\t\t\t\t\t\t\t<\/div>\n<\/div><div class=\"fusion-meta-tb fusion-meta-tb-6 floated\" style=\"--awb-border-top:0px;--awb-height:36px;--awb-alignment-medium:flex-start;--awb-alignment-small:flex-start;\"><span class=\"fusion-tb-published-date\">Published On: 4. Juli 2026<\/span><span class=\"fusion-meta-tb-sep\"><\/span><\/div><div class=\"fusion-title title fusion-title-6 fusion-sep-none fusion-title-text fusion-title-size-four\" style=\"--awb-margin-top:20px;--awb-margin-right:20px;--awb-margin-bottom:20px;--awb-margin-left:20px;--awb-margin-top-small:10px;--awb-margin-right-small:0px;--awb-margin-bottom-small:10px;--awb-margin-left-small:0px;--awb-font-size:24px;\"><h4 class=\"fusion-title-heading title-heading-left\" style=\"font-family:&quot;IBM Plex Sans Condensed&quot;;font-style:normal;font-weight:500;margin:0;font-size:1em;line-height:1.2;\"><a href=\"https:\/\/www.mundusmaris.org\/de\/handwerklichen-fischerei-akademie\/small-scale-fisheries-should-be-a-big-part-of-the-future-in-west-africa\/\" class=\"awb-custom-text-color awb-custom-text-hover-color\" target=\"_self\">Small-Scale fisheries should be a big part of the future in West Africa<\/a><\/h4><\/div><\/div><\/li>\n<li class=\"fusion-layout-column fusion_builder_column fusion-builder-column-8 fusion-flex-column post-card fusion-grid-column fusion-post-cards-grid-column\" style=\"--awb-bg-color:var(--awb-color1);--awb-bg-color-hover:var(--awb-color1);--awb-bg-blend:overlay;--awb-bg-size:cover;--awb-flex-grow:0;--awb-flex-shrink:0;--awb-flex-grow-medium:;--awb-flex-shrink-medium:;--awb-flex-grow-small:;--awb-flex-shrink-small:;\" data-scroll-devices=\"small-visibility,medium-visibility,large-visibility\"><div class=\"fusion-column-wrapper fusion-column-has-shadow fusion-flex-justify-content-space-around fusion-content-layout-column\"><div class=\"fusion-classic-product-image-wrapper fusion-woo-product-image fusion-post-card-image fusion-post-card-image-1 has-aspect-ratio\" data-layout=\"static\" style=\"--awb-aspect-ratio:3 \/ 2;\"><div  class=\"fusion-image-wrapper\" aria-haspopup=\"true\">\n\t\t\t\t\t\t\t<a href=\"https:\/\/www.mundusmaris.org\/de\/meeresfruechte-die-wir-essen\/scientifrika-2026-bietet-einblicke-in-die-sicherheit-der-handwerklicher-herstellung-von-fisch-als-nahrungsmittel\/\" aria-label=\"ScientiFRIKA 2026 bietet Einblicke in die Sicherheit der handwerklichen Herstellung von Fisch als Nahrungsmittel\">\n\t\t\t\t\t\t\t<img decoding=\"async\" width=\"500\" height=\"500\" src=\"https:\/\/www.mundusmaris.org\/wp-content\/uploads\/2026\/08\/OIP-1652225232feature.jpg\" class=\"attachment-full size-full wp-post-image\" alt=\"\" srcset=\"https:\/\/www.mundusmaris.org\/wp-content\/uploads\/2026\/08\/OIP-1652225232feature-200x200.jpg 200w, https:\/\/www.mundusmaris.org\/wp-content\/uploads\/2026\/08\/OIP-1652225232feature-400x400.jpg 400w, https:\/\/www.mundusmaris.org\/wp-content\/uploads\/2026\/08\/OIP-1652225232feature.jpg 500w\" sizes=\"(min-width: 2200px) 100vw, (min-width: 784px) 373px, (min-width: 712px) 560px, (min-width: 640px) 712px, \" \/>\t\t\t<\/a>\n\t\t\t\t\t\t\t<\/div>\n<\/div><div class=\"fusion-meta-tb fusion-meta-tb-7 floated\" style=\"--awb-border-top:0px;--awb-height:36px;--awb-alignment-medium:flex-start;--awb-alignment-small:flex-start;\"><span class=\"fusion-tb-published-date\">Published On: 1. Juli 2026<\/span><span class=\"fusion-meta-tb-sep\"><\/span><\/div><div class=\"fusion-title title fusion-title-7 fusion-sep-none fusion-title-text fusion-title-size-four\" style=\"--awb-margin-top:20px;--awb-margin-right:20px;--awb-margin-bottom:20px;--awb-margin-left:20px;--awb-margin-top-small:10px;--awb-margin-right-small:0px;--awb-margin-bottom-small:10px;--awb-margin-left-small:0px;--awb-font-size:24px;\"><h4 class=\"fusion-title-heading title-heading-left\" style=\"font-family:&quot;IBM Plex Sans Condensed&quot;;font-style:normal;font-weight:500;margin:0;font-size:1em;line-height:1.2;\"><a href=\"https:\/\/www.mundusmaris.org\/de\/meeresfruechte-die-wir-essen\/scientifrika-2026-bietet-einblicke-in-die-sicherheit-der-handwerklicher-herstellung-von-fisch-als-nahrungsmittel\/\" class=\"awb-custom-text-color awb-custom-text-hover-color\" target=\"_self\">ScientiFRIKA 2026 bietet Einblicke in die Sicherheit der handwerklichen Herstellung von Fisch als Nahrungsmittel<\/a><\/h4><\/div><\/div><\/li>\n<li class=\"fusion-layout-column fusion_builder_column fusion-builder-column-9 fusion-flex-column post-card fusion-grid-column fusion-post-cards-grid-column\" style=\"--awb-bg-color:var(--awb-color1);--awb-bg-color-hover:var(--awb-color1);--awb-bg-blend:overlay;--awb-bg-size:cover;--awb-flex-grow:0;--awb-flex-shrink:0;--awb-flex-grow-medium:;--awb-flex-shrink-medium:;--awb-flex-grow-small:;--awb-flex-shrink-small:;\" data-scroll-devices=\"small-visibility,medium-visibility,large-visibility\"><div class=\"fusion-column-wrapper fusion-column-has-shadow fusion-flex-justify-content-space-around fusion-content-layout-column\"><div class=\"fusion-classic-product-image-wrapper fusion-woo-product-image fusion-post-card-image fusion-post-card-image-1 has-aspect-ratio\" data-layout=\"static\" style=\"--awb-aspect-ratio:3 \/ 2;\"><div  class=\"fusion-image-wrapper\" aria-haspopup=\"true\">\n\t\t\t\t\t\t\t<a href=\"https:\/\/www.mundusmaris.org\/de\/weltozeantag\/wod-2026-de\/collaboration-in-akure-nigeria-pulls-off-strong-world-ocean-day-2026\/\" aria-label=\"Collaboration in Akure, Nigeria, pulls off strong World Ocean Day 2026\">\n\t\t\t\t\t\t\t<img decoding=\"async\" width=\"500\" height=\"667\" src=\"https:\/\/www.mundusmaris.org\/wp-content\/uploads\/2026\/06\/Feature.jpg\" class=\"attachment-full size-full wp-post-image\" alt=\"\" srcset=\"https:\/\/www.mundusmaris.org\/wp-content\/uploads\/2026\/06\/Feature-200x267.jpg 200w, https:\/\/www.mundusmaris.org\/wp-content\/uploads\/2026\/06\/Feature-400x534.jpg 400w, https:\/\/www.mundusmaris.org\/wp-content\/uploads\/2026\/06\/Feature.jpg 500w\" sizes=\"(min-width: 2200px) 100vw, (min-width: 784px) 373px, (min-width: 712px) 560px, (min-width: 640px) 712px, \" \/>\t\t\t<\/a>\n\t\t\t\t\t\t\t<\/div>\n<\/div><div class=\"fusion-meta-tb fusion-meta-tb-8 floated\" style=\"--awb-border-top:0px;--awb-height:36px;--awb-alignment-medium:flex-start;--awb-alignment-small:flex-start;\"><span class=\"fusion-tb-published-date\">Published On: 13. Juni 2026<\/span><span class=\"fusion-meta-tb-sep\"><\/span><\/div><div class=\"fusion-title title fusion-title-8 fusion-sep-none fusion-title-text fusion-title-size-four\" style=\"--awb-margin-top:20px;--awb-margin-right:20px;--awb-margin-bottom:20px;--awb-margin-left:20px;--awb-margin-top-small:10px;--awb-margin-right-small:0px;--awb-margin-bottom-small:10px;--awb-margin-left-small:0px;--awb-font-size:24px;\"><h4 class=\"fusion-title-heading title-heading-left\" style=\"font-family:&quot;IBM Plex Sans Condensed&quot;;font-style:normal;font-weight:500;margin:0;font-size:1em;line-height:1.2;\"><a href=\"https:\/\/www.mundusmaris.org\/de\/weltozeantag\/wod-2026-de\/collaboration-in-akure-nigeria-pulls-off-strong-world-ocean-day-2026\/\" class=\"awb-custom-text-color awb-custom-text-hover-color\" target=\"_self\">Collaboration in Akure, Nigeria, pulls off strong World Ocean Day 2026<\/a><\/h4><\/div><\/div><\/li>\n<li class=\"fusion-layout-column fusion_builder_column fusion-builder-column-10 fusion-flex-column post-card fusion-grid-column fusion-post-cards-grid-column\" style=\"--awb-bg-color:var(--awb-color1);--awb-bg-color-hover:var(--awb-color1);--awb-bg-blend:overlay;--awb-bg-size:cover;--awb-flex-grow:0;--awb-flex-shrink:0;--awb-flex-grow-medium:;--awb-flex-shrink-medium:;--awb-flex-grow-small:;--awb-flex-shrink-small:;\" data-scroll-devices=\"small-visibility,medium-visibility,large-visibility\"><div class=\"fusion-column-wrapper fusion-column-has-shadow fusion-flex-justify-content-space-around fusion-content-layout-column\"><div class=\"fusion-classic-product-image-wrapper fusion-woo-product-image fusion-post-card-image fusion-post-card-image-1 has-aspect-ratio\" data-layout=\"static\" style=\"--awb-aspect-ratio:3 \/ 2;\"><div  class=\"fusion-image-wrapper\" aria-haspopup=\"true\">\n\t\t\t\t\t\t\t<a href=\"https:\/\/www.mundusmaris.org\/de\/weltozeantag\/wod-2026-de\/world-ocean-day-at-the-rio-de-la-plata-argentina\/\" aria-label=\"World Ocean Day at the Rio de la Plata, Argentina\">\n\t\t\t\t\t\t\t<img decoding=\"async\" width=\"499\" height=\"342\" src=\"https:\/\/www.mundusmaris.org\/wp-content\/uploads\/2026\/06\/boatsRiodelaPlataUruguay_Feature.jpg\" class=\"attachment-full size-full wp-post-image\" alt=\"\" srcset=\"https:\/\/www.mundusmaris.org\/wp-content\/uploads\/2026\/06\/boatsRiodelaPlataUruguay_Feature-200x137.jpg 200w, https:\/\/www.mundusmaris.org\/wp-content\/uploads\/2026\/06\/boatsRiodelaPlataUruguay_Feature-400x274.jpg 400w, https:\/\/www.mundusmaris.org\/wp-content\/uploads\/2026\/06\/boatsRiodelaPlataUruguay_Feature.jpg 499w\" sizes=\"(min-width: 2200px) 100vw, (min-width: 784px) 373px, (min-width: 712px) 560px, (min-width: 640px) 712px, \" \/>\t\t\t<\/a>\n\t\t\t\t\t\t\t<\/div>\n<\/div><div class=\"fusion-meta-tb fusion-meta-tb-9 floated\" style=\"--awb-border-top:0px;--awb-height:36px;--awb-alignment-medium:flex-start;--awb-alignment-small:flex-start;\"><span class=\"fusion-tb-published-date\">Published On: 12. Juni 2026<\/span><span class=\"fusion-meta-tb-sep\"><\/span><\/div><div class=\"fusion-title title fusion-title-9 fusion-sep-none fusion-title-text fusion-title-size-four\" style=\"--awb-margin-top:20px;--awb-margin-right:20px;--awb-margin-bottom:20px;--awb-margin-left:20px;--awb-margin-top-small:10px;--awb-margin-right-small:0px;--awb-margin-bottom-small:10px;--awb-margin-left-small:0px;--awb-font-size:24px;\"><h4 class=\"fusion-title-heading title-heading-left\" style=\"font-family:&quot;IBM Plex Sans Condensed&quot;;font-style:normal;font-weight:500;margin:0;font-size:1em;line-height:1.2;\"><a href=\"https:\/\/www.mundusmaris.org\/de\/weltozeantag\/wod-2026-de\/world-ocean-day-at-the-rio-de-la-plata-argentina\/\" class=\"awb-custom-text-color awb-custom-text-hover-color\" target=\"_self\">World Ocean Day at the Rio de la Plata, Argentina<\/a><\/h4><\/div><\/div><\/li>\n<li class=\"fusion-layout-column fusion_builder_column fusion-builder-column-11 fusion-flex-column post-card fusion-grid-column fusion-post-cards-grid-column\" style=\"--awb-bg-color:var(--awb-color1);--awb-bg-color-hover:var(--awb-color1);--awb-bg-blend:overlay;--awb-bg-size:cover;--awb-flex-grow:0;--awb-flex-shrink:0;--awb-flex-grow-medium:;--awb-flex-shrink-medium:;--awb-flex-grow-small:;--awb-flex-shrink-small:;\" data-scroll-devices=\"small-visibility,medium-visibility,large-visibility\"><div class=\"fusion-column-wrapper fusion-column-has-shadow fusion-flex-justify-content-space-around fusion-content-layout-column\"><div class=\"fusion-classic-product-image-wrapper fusion-woo-product-image fusion-post-card-image fusion-post-card-image-1 has-aspect-ratio\" data-layout=\"static\" style=\"--awb-aspect-ratio:3 \/ 2;\"><div  class=\"fusion-image-wrapper\" aria-haspopup=\"true\">\n\t\t\t\t\t\t\t<a href=\"https:\/\/www.mundusmaris.org\/de\/weltozeantag\/wod-2026-de\/world-ocean-day-2026-again-in-hann-senegal-with-the-football-clubs\/\" aria-label=\"World Ocean Day 2026 again in Hann, Senegal with the Football Clubs\">\n\t\t\t\t\t\t\t<img decoding=\"async\" width=\"500\" height=\"375\" src=\"https:\/\/www.mundusmaris.org\/wp-content\/uploads\/2026\/06\/Hann-WOD2026-Feature.jpg\" class=\"attachment-full size-full wp-post-image\" alt=\"\" srcset=\"https:\/\/www.mundusmaris.org\/wp-content\/uploads\/2026\/06\/Hann-WOD2026-Feature-200x150.jpg 200w, https:\/\/www.mundusmaris.org\/wp-content\/uploads\/2026\/06\/Hann-WOD2026-Feature-400x300.jpg 400w, https:\/\/www.mundusmaris.org\/wp-content\/uploads\/2026\/06\/Hann-WOD2026-Feature.jpg 500w\" sizes=\"(min-width: 2200px) 100vw, (min-width: 784px) 373px, (min-width: 712px) 560px, (min-width: 640px) 712px, \" \/>\t\t\t<\/a>\n\t\t\t\t\t\t\t<\/div>\n<\/div><div class=\"fusion-meta-tb fusion-meta-tb-10 floated\" style=\"--awb-border-top:0px;--awb-height:36px;--awb-alignment-medium:flex-start;--awb-alignment-small:flex-start;\"><span class=\"fusion-tb-published-date\">Published On: 12. Juni 2026<\/span><span class=\"fusion-meta-tb-sep\"><\/span><\/div><div class=\"fusion-title title fusion-title-10 fusion-sep-none fusion-title-text fusion-title-size-four\" style=\"--awb-margin-top:20px;--awb-margin-right:20px;--awb-margin-bottom:20px;--awb-margin-left:20px;--awb-margin-top-small:10px;--awb-margin-right-small:0px;--awb-margin-bottom-small:10px;--awb-margin-left-small:0px;--awb-font-size:24px;\"><h4 class=\"fusion-title-heading title-heading-left\" style=\"font-family:&quot;IBM Plex Sans Condensed&quot;;font-style:normal;font-weight:500;margin:0;font-size:1em;line-height:1.2;\"><a href=\"https:\/\/www.mundusmaris.org\/de\/weltozeantag\/wod-2026-de\/world-ocean-day-2026-again-in-hann-senegal-with-the-football-clubs\/\" class=\"awb-custom-text-color awb-custom-text-hover-color\" target=\"_self\">World Ocean Day 2026 again in Hann, Senegal with the Football Clubs<\/a><\/h4><\/div><\/div><\/li>\n<li class=\"fusion-layout-column fusion_builder_column fusion-builder-column-12 fusion-flex-column post-card fusion-grid-column fusion-post-cards-grid-column\" style=\"--awb-bg-color:var(--awb-color1);--awb-bg-color-hover:var(--awb-color1);--awb-bg-blend:overlay;--awb-bg-size:cover;--awb-flex-grow:0;--awb-flex-shrink:0;--awb-flex-grow-medium:;--awb-flex-shrink-medium:;--awb-flex-grow-small:;--awb-flex-shrink-small:;\" data-scroll-devices=\"small-visibility,medium-visibility,large-visibility\"><div class=\"fusion-column-wrapper fusion-column-has-shadow fusion-flex-justify-content-space-around fusion-content-layout-column\"><div class=\"fusion-classic-product-image-wrapper fusion-woo-product-image fusion-post-card-image fusion-post-card-image-1 has-aspect-ratio\" data-layout=\"static\" style=\"--awb-aspect-ratio:3 \/ 2;\"><div  class=\"fusion-image-wrapper\" aria-haspopup=\"true\">\n\t\t\t\t\t\t\t<a href=\"https:\/\/www.mundusmaris.org\/de\/weltozeantag\/wod-2026-de\/world-ocean-day-2026-in-lagos-with-mundus-maris-and-fish-party\/\" aria-label=\"World Ocean Day 2026 in Lagos with Mundus maris and Fish Party\">\n\t\t\t\t\t\t\t<img decoding=\"async\" width=\"500\" height=\"490\" src=\"https:\/\/www.mundusmaris.org\/wp-content\/uploads\/2026\/06\/Lagos_WODfeature.jpg\" class=\"attachment-full size-full wp-post-image\" alt=\"\" srcset=\"https:\/\/www.mundusmaris.org\/wp-content\/uploads\/2026\/06\/Lagos_WODfeature-200x196.jpg 200w, https:\/\/www.mundusmaris.org\/wp-content\/uploads\/2026\/06\/Lagos_WODfeature-400x392.jpg 400w, https:\/\/www.mundusmaris.org\/wp-content\/uploads\/2026\/06\/Lagos_WODfeature.jpg 500w\" sizes=\"(min-width: 2200px) 100vw, (min-width: 784px) 373px, (min-width: 712px) 560px, (min-width: 640px) 712px, \" \/>\t\t\t<\/a>\n\t\t\t\t\t\t\t<\/div>\n<\/div><div class=\"fusion-meta-tb fusion-meta-tb-11 floated\" style=\"--awb-border-top:0px;--awb-height:36px;--awb-alignment-medium:flex-start;--awb-alignment-small:flex-start;\"><span class=\"fusion-tb-published-date\">Published On: 10. Juni 2026<\/span><span class=\"fusion-meta-tb-sep\"><\/span><\/div><div class=\"fusion-title title fusion-title-11 fusion-sep-none fusion-title-text fusion-title-size-four\" style=\"--awb-margin-top:20px;--awb-margin-right:20px;--awb-margin-bottom:20px;--awb-margin-left:20px;--awb-margin-top-small:10px;--awb-margin-right-small:0px;--awb-margin-bottom-small:10px;--awb-margin-left-small:0px;--awb-font-size:24px;\"><h4 class=\"fusion-title-heading title-heading-left\" style=\"font-family:&quot;IBM Plex Sans Condensed&quot;;font-style:normal;font-weight:500;margin:0;font-size:1em;line-height:1.2;\"><a href=\"https:\/\/www.mundusmaris.org\/de\/weltozeantag\/wod-2026-de\/world-ocean-day-2026-in-lagos-with-mundus-maris-and-fish-party\/\" class=\"awb-custom-text-color awb-custom-text-hover-color\" target=\"_self\">World Ocean Day 2026 in Lagos with Mundus maris and Fish Party<\/a><\/h4><\/div><\/div><\/li>\n<li class=\"fusion-layout-column fusion_builder_column fusion-builder-column-13 fusion-flex-column post-card fusion-grid-column fusion-post-cards-grid-column\" style=\"--awb-bg-color:var(--awb-color1);--awb-bg-color-hover:var(--awb-color1);--awb-bg-blend:overlay;--awb-bg-size:cover;--awb-flex-grow:0;--awb-flex-shrink:0;--awb-flex-grow-medium:;--awb-flex-shrink-medium:;--awb-flex-grow-small:;--awb-flex-shrink-small:;\" data-scroll-devices=\"small-visibility,medium-visibility,large-visibility\"><div class=\"fusion-column-wrapper fusion-column-has-shadow fusion-flex-justify-content-space-around fusion-content-layout-column\"><div class=\"fusion-classic-product-image-wrapper fusion-woo-product-image fusion-post-card-image fusion-post-card-image-1 has-aspect-ratio\" data-layout=\"static\" style=\"--awb-aspect-ratio:3 \/ 2;\"><div  class=\"fusion-image-wrapper\" aria-haspopup=\"true\">\n\t\t\t\t\t\t\t<a href=\"https:\/\/www.mundusmaris.org\/de\/weltozeantag\/wod-2026-de\/etliche-senioren-bestreiten-die-clean-up-aktion-zum-weltozeantag-in-hilden-deutschland\/\" aria-label=\"Etliche Senioren bestreiten die Clean-up Aktion zum Weltozeantag in Hilden, Germany\">\n\t\t\t\t\t\t\t<img decoding=\"async\" width=\"500\" height=\"522\" src=\"https:\/\/www.mundusmaris.org\/wp-content\/uploads\/2026\/06\/DSC02312.jpg\" class=\"attachment-full size-full wp-post-image\" alt=\"\" srcset=\"https:\/\/www.mundusmaris.org\/wp-content\/uploads\/2026\/06\/DSC02312-200x209.jpg 200w, https:\/\/www.mundusmaris.org\/wp-content\/uploads\/2026\/06\/DSC02312-400x418.jpg 400w, https:\/\/www.mundusmaris.org\/wp-content\/uploads\/2026\/06\/DSC02312.jpg 500w\" sizes=\"(min-width: 2200px) 100vw, (min-width: 784px) 373px, (min-width: 712px) 560px, (min-width: 640px) 712px, \" \/>\t\t\t<\/a>\n\t\t\t\t\t\t\t<\/div>\n<\/div><div class=\"fusion-meta-tb fusion-meta-tb-12 floated\" style=\"--awb-border-top:0px;--awb-height:36px;--awb-alignment-medium:flex-start;--awb-alignment-small:flex-start;\"><span class=\"fusion-tb-published-date\">Published On: 9. Juni 2026<\/span><span class=\"fusion-meta-tb-sep\"><\/span><\/div><div class=\"fusion-title title fusion-title-12 fusion-sep-none fusion-title-text fusion-title-size-four\" style=\"--awb-margin-top:20px;--awb-margin-right:20px;--awb-margin-bottom:20px;--awb-margin-left:20px;--awb-margin-top-small:10px;--awb-margin-right-small:0px;--awb-margin-bottom-small:10px;--awb-margin-left-small:0px;--awb-font-size:24px;\"><h4 class=\"fusion-title-heading title-heading-left\" style=\"font-family:&quot;IBM Plex Sans Condensed&quot;;font-style:normal;font-weight:500;margin:0;font-size:1em;line-height:1.2;\"><a href=\"https:\/\/www.mundusmaris.org\/de\/weltozeantag\/wod-2026-de\/etliche-senioren-bestreiten-die-clean-up-aktion-zum-weltozeantag-in-hilden-deutschland\/\" class=\"awb-custom-text-color awb-custom-text-hover-color\" target=\"_self\">Etliche Senioren bestreiten die Clean-up Aktion zum Weltozeantag in Hilden, Germany<\/a><\/h4><\/div><\/div><\/li>\n<li class=\"fusion-layout-column fusion_builder_column fusion-builder-column-14 fusion-flex-column post-card fusion-grid-column fusion-post-cards-grid-column\" style=\"--awb-bg-color:var(--awb-color1);--awb-bg-color-hover:var(--awb-color1);--awb-bg-blend:overlay;--awb-bg-size:cover;--awb-flex-grow:0;--awb-flex-shrink:0;--awb-flex-grow-medium:;--awb-flex-shrink-medium:;--awb-flex-grow-small:;--awb-flex-shrink-small:;\" data-scroll-devices=\"small-visibility,medium-visibility,large-visibility\"><div class=\"fusion-column-wrapper fusion-column-has-shadow fusion-flex-justify-content-space-around fusion-content-layout-column\"><div class=\"fusion-classic-product-image-wrapper fusion-woo-product-image fusion-post-card-image fusion-post-card-image-1 has-aspect-ratio\" data-layout=\"static\" style=\"--awb-aspect-ratio:3 \/ 2;\"><div  class=\"fusion-image-wrapper\" aria-haspopup=\"true\">\n\t\t\t\t\t\t\t<a href=\"https:\/\/www.mundusmaris.org\/de\/handwerklichen-fischerei-akademie\/plunder-in-the-atlantic-when-overfishing-threatens-the-sea-and-coastal-communities\/\" aria-label=\"Plunder in the Atlantic: When Overfishing Threatens the Sea and Coastal Communities\">\n\t\t\t\t\t\t\t<img decoding=\"async\" width=\"799\" height=\"442\" src=\"https:\/\/www.mundusmaris.org\/wp-content\/uploads\/2026\/06\/PirogueMigration800.jpg\" class=\"attachment-full size-full wp-post-image\" alt=\"\" srcset=\"https:\/\/www.mundusmaris.org\/wp-content\/uploads\/2026\/06\/PirogueMigration800-200x111.jpg 200w, https:\/\/www.mundusmaris.org\/wp-content\/uploads\/2026\/06\/PirogueMigration800-400x221.jpg 400w, https:\/\/www.mundusmaris.org\/wp-content\/uploads\/2026\/06\/PirogueMigration800-600x332.jpg 600w, https:\/\/www.mundusmaris.org\/wp-content\/uploads\/2026\/06\/PirogueMigration800.jpg 799w\" sizes=\"(min-width: 2200px) 100vw, (min-width: 784px) 373px, (min-width: 712px) 560px, (min-width: 640px) 712px, \" \/>\t\t\t<\/a>\n\t\t\t\t\t\t\t<\/div>\n<\/div><div class=\"fusion-meta-tb fusion-meta-tb-13 floated\" style=\"--awb-border-top:0px;--awb-height:36px;--awb-alignment-medium:flex-start;--awb-alignment-small:flex-start;\"><span class=\"fusion-tb-published-date\">Published On: 2. Juni 2026<\/span><span class=\"fusion-meta-tb-sep\"><\/span><\/div><div class=\"fusion-title title fusion-title-13 fusion-sep-none fusion-title-text fusion-title-size-four\" style=\"--awb-margin-top:20px;--awb-margin-right:20px;--awb-margin-bottom:20px;--awb-margin-left:20px;--awb-margin-top-small:10px;--awb-margin-right-small:0px;--awb-margin-bottom-small:10px;--awb-margin-left-small:0px;--awb-font-size:24px;\"><h4 class=\"fusion-title-heading title-heading-left\" style=\"font-family:&quot;IBM Plex Sans Condensed&quot;;font-style:normal;font-weight:500;margin:0;font-size:1em;line-height:1.2;\"><a href=\"https:\/\/www.mundusmaris.org\/de\/handwerklichen-fischerei-akademie\/plunder-in-the-atlantic-when-overfishing-threatens-the-sea-and-coastal-communities\/\" class=\"awb-custom-text-color awb-custom-text-hover-color\" target=\"_self\">Plunder in the Atlantic: When Overfishing Threatens the Sea and Coastal Communities<\/a><\/h4><\/div><\/div><\/li>\n<li class=\"fusion-layout-column fusion_builder_column fusion-builder-column-15 fusion-flex-column post-card fusion-grid-column fusion-post-cards-grid-column\" style=\"--awb-bg-color:var(--awb-color1);--awb-bg-color-hover:var(--awb-color1);--awb-bg-blend:overlay;--awb-bg-size:cover;--awb-flex-grow:0;--awb-flex-shrink:0;--awb-flex-grow-medium:;--awb-flex-shrink-medium:;--awb-flex-grow-small:;--awb-flex-shrink-small:;\" data-scroll-devices=\"small-visibility,medium-visibility,large-visibility\"><div class=\"fusion-column-wrapper fusion-column-has-shadow fusion-flex-justify-content-space-around fusion-content-layout-column\"><div class=\"fusion-classic-product-image-wrapper fusion-woo-product-image fusion-post-card-image fusion-post-card-image-1 has-aspect-ratio\" data-layout=\"static\" style=\"--awb-aspect-ratio:3 \/ 2;\"><div  class=\"fusion-image-wrapper\" aria-haspopup=\"true\">\n\t\t\t\t\t\t\t<a href=\"https:\/\/www.mundusmaris.org\/de\/veranstaltung\/mundus-maris-at-the-3rd-african-maritime-symposium-2026\/\" aria-label=\"Mundus maris at the 3rd African Maritime Symposium 2026\">\n\t\t\t\t\t\t\t<img decoding=\"async\" width=\"500\" height=\"531\" src=\"https:\/\/www.mundusmaris.org\/wp-content\/uploads\/2026\/05\/Stella3rdAMS-feature.jpg\" class=\"attachment-full size-full wp-post-image\" alt=\"\" srcset=\"https:\/\/www.mundusmaris.org\/wp-content\/uploads\/2026\/05\/Stella3rdAMS-feature-200x212.jpg 200w, https:\/\/www.mundusmaris.org\/wp-content\/uploads\/2026\/05\/Stella3rdAMS-feature-400x425.jpg 400w, https:\/\/www.mundusmaris.org\/wp-content\/uploads\/2026\/05\/Stella3rdAMS-feature.jpg 500w\" sizes=\"(min-width: 2200px) 100vw, (min-width: 784px) 373px, (min-width: 712px) 560px, (min-width: 640px) 712px, \" \/>\t\t\t<\/a>\n\t\t\t\t\t\t\t<\/div>\n<\/div><div class=\"fusion-meta-tb fusion-meta-tb-14 floated\" style=\"--awb-border-top:0px;--awb-height:36px;--awb-alignment-medium:flex-start;--awb-alignment-small:flex-start;\"><span class=\"fusion-tb-published-date\">Published On: 15. Mai 2026<\/span><span class=\"fusion-meta-tb-sep\"><\/span><\/div><div class=\"fusion-title title fusion-title-14 fusion-sep-none fusion-title-text fusion-title-size-four\" style=\"--awb-margin-top:20px;--awb-margin-right:20px;--awb-margin-bottom:20px;--awb-margin-left:20px;--awb-margin-top-small:10px;--awb-margin-right-small:0px;--awb-margin-bottom-small:10px;--awb-margin-left-small:0px;--awb-font-size:24px;\"><h4 class=\"fusion-title-heading title-heading-left\" style=\"font-family:&quot;IBM Plex Sans Condensed&quot;;font-style:normal;font-weight:500;margin:0;font-size:1em;line-height:1.2;\"><a href=\"https:\/\/www.mundusmaris.org\/de\/veranstaltung\/mundus-maris-at-the-3rd-african-maritime-symposium-2026\/\" class=\"awb-custom-text-color awb-custom-text-hover-color\" target=\"_self\">Mundus maris at the 3rd African Maritime Symposium 2026<\/a><\/h4><\/div><\/div><\/li>\n<li class=\"fusion-layout-column fusion_builder_column fusion-builder-column-16 fusion-flex-column post-card fusion-grid-column fusion-post-cards-grid-column\" style=\"--awb-bg-color:var(--awb-color1);--awb-bg-color-hover:var(--awb-color1);--awb-bg-blend:overlay;--awb-bg-size:cover;--awb-flex-grow:0;--awb-flex-shrink:0;--awb-flex-grow-medium:;--awb-flex-shrink-medium:;--awb-flex-grow-small:;--awb-flex-shrink-small:;\" data-scroll-devices=\"small-visibility,medium-visibility,large-visibility\"><div class=\"fusion-column-wrapper fusion-column-has-shadow fusion-flex-justify-content-space-around fusion-content-layout-column\"><div class=\"fusion-classic-product-image-wrapper fusion-woo-product-image fusion-post-card-image fusion-post-card-image-1 has-aspect-ratio\" data-layout=\"static\" style=\"--awb-aspect-ratio:3 \/ 2;\"><div  class=\"fusion-image-wrapper\" aria-haspopup=\"true\">\n\t\t\t\t\t\t\t<a href=\"https:\/\/www.mundusmaris.org\/de\/handwerklichen-fischerei-akademie\/our-power-our-planet-celebrating-earth-day-webinar\/\" aria-label=\"Our Power, Our Planet &#8211; Celebrating Earth Day Webinar\">\n\t\t\t\t\t\t\t<img decoding=\"async\" width=\"499\" height=\"344\" src=\"https:\/\/www.mundusmaris.org\/wp-content\/uploads\/2026\/05\/InvitationToWebinar20260512Feature.jpg\" class=\"attachment-full size-full wp-post-image\" alt=\"\" srcset=\"https:\/\/www.mundusmaris.org\/wp-content\/uploads\/2026\/05\/InvitationToWebinar20260512Feature-200x138.jpg 200w, https:\/\/www.mundusmaris.org\/wp-content\/uploads\/2026\/05\/InvitationToWebinar20260512Feature-400x276.jpg 400w, https:\/\/www.mundusmaris.org\/wp-content\/uploads\/2026\/05\/InvitationToWebinar20260512Feature.jpg 499w\" sizes=\"(min-width: 2200px) 100vw, (min-width: 784px) 373px, (min-width: 712px) 560px, (min-width: 640px) 712px, \" \/>\t\t\t<\/a>\n\t\t\t\t\t\t\t<\/div>\n<\/div><div class=\"fusion-meta-tb fusion-meta-tb-15 floated\" style=\"--awb-border-top:0px;--awb-height:36px;--awb-alignment-medium:flex-start;--awb-alignment-small:flex-start;\"><span class=\"fusion-tb-published-date\">Published On: 14. Mai 2026<\/span><span class=\"fusion-meta-tb-sep\"><\/span><\/div><div class=\"fusion-title title fusion-title-15 fusion-sep-none fusion-title-text fusion-title-size-four\" style=\"--awb-margin-top:20px;--awb-margin-right:20px;--awb-margin-bottom:20px;--awb-margin-left:20px;--awb-margin-top-small:10px;--awb-margin-right-small:0px;--awb-margin-bottom-small:10px;--awb-margin-left-small:0px;--awb-font-size:24px;\"><h4 class=\"fusion-title-heading title-heading-left\" style=\"font-family:&quot;IBM Plex Sans Condensed&quot;;font-style:normal;font-weight:500;margin:0;font-size:1em;line-height:1.2;\"><a href=\"https:\/\/www.mundusmaris.org\/de\/handwerklichen-fischerei-akademie\/our-power-our-planet-celebrating-earth-day-webinar\/\" class=\"awb-custom-text-color awb-custom-text-hover-color\" target=\"_self\">Our Power, Our Planet &#8211; Celebrating Earth Day Webinar<\/a><\/h4><\/div><\/div><\/li>\n<li class=\"fusion-layout-column fusion_builder_column fusion-builder-column-17 fusion-flex-column post-card fusion-grid-column fusion-post-cards-grid-column\" style=\"--awb-bg-color:var(--awb-color1);--awb-bg-color-hover:var(--awb-color1);--awb-bg-blend:overlay;--awb-bg-size:cover;--awb-flex-grow:0;--awb-flex-shrink:0;--awb-flex-grow-medium:;--awb-flex-shrink-medium:;--awb-flex-grow-small:;--awb-flex-shrink-small:;\" data-scroll-devices=\"small-visibility,medium-visibility,large-visibility\"><div class=\"fusion-column-wrapper fusion-column-has-shadow fusion-flex-justify-content-space-around fusion-content-layout-column\"><div class=\"fusion-classic-product-image-wrapper fusion-woo-product-image fusion-post-card-image fusion-post-card-image-1 has-aspect-ratio\" data-layout=\"static\" style=\"--awb-aspect-ratio:3 \/ 2;\"><div  class=\"fusion-image-wrapper\" aria-haspopup=\"true\">\n\t\t\t\t\t\t\t<a href=\"https:\/\/www.mundusmaris.org\/de\/meereswissen-und-oeffentlichkeitsarbeit\/liebe-deinen-ozean-freiwilligenaktionstag-n-hilden-deutschland-9-mai-2026\/\" aria-label=\"Liebe Deinen Ozean \u2013 Freiwilligenaktionstag in Hilden, Deutschland, 9. Mai 2026\">\n\t\t\t\t\t\t\t<img decoding=\"async\" width=\"500\" height=\"394\" src=\"https:\/\/www.mundusmaris.org\/wp-content\/uploads\/2026\/05\/Feature2.jpg\" class=\"attachment-full size-full wp-post-image\" alt=\"\" srcset=\"https:\/\/www.mundusmaris.org\/wp-content\/uploads\/2026\/05\/Feature2-200x158.jpg 200w, https:\/\/www.mundusmaris.org\/wp-content\/uploads\/2026\/05\/Feature2-400x315.jpg 400w, https:\/\/www.mundusmaris.org\/wp-content\/uploads\/2026\/05\/Feature2.jpg 500w\" sizes=\"(min-width: 2200px) 100vw, (min-width: 784px) 373px, (min-width: 712px) 560px, (min-width: 640px) 712px, \" \/>\t\t\t<\/a>\n\t\t\t\t\t\t\t<\/div>\n<\/div><div class=\"fusion-meta-tb fusion-meta-tb-16 floated\" style=\"--awb-border-top:0px;--awb-height:36px;--awb-alignment-medium:flex-start;--awb-alignment-small:flex-start;\"><span class=\"fusion-tb-published-date\">Published On: 11. Mai 2026<\/span><span class=\"fusion-meta-tb-sep\"><\/span><\/div><div class=\"fusion-title title fusion-title-16 fusion-sep-none fusion-title-text fusion-title-size-four\" style=\"--awb-margin-top:20px;--awb-margin-right:20px;--awb-margin-bottom:20px;--awb-margin-left:20px;--awb-margin-top-small:10px;--awb-margin-right-small:0px;--awb-margin-bottom-small:10px;--awb-margin-left-small:0px;--awb-font-size:24px;\"><h4 class=\"fusion-title-heading title-heading-left\" style=\"font-family:&quot;IBM Plex Sans Condensed&quot;;font-style:normal;font-weight:500;margin:0;font-size:1em;line-height:1.2;\"><a href=\"https:\/\/www.mundusmaris.org\/de\/meereswissen-und-oeffentlichkeitsarbeit\/liebe-deinen-ozean-freiwilligenaktionstag-n-hilden-deutschland-9-mai-2026\/\" class=\"awb-custom-text-color awb-custom-text-hover-color\" target=\"_self\">Liebe Deinen Ozean \u2013 Freiwilligenaktionstag in Hilden, Deutschland, 9. Mai 2026<\/a><\/h4><\/div><\/div><\/li>\n<li class=\"fusion-layout-column fusion_builder_column fusion-builder-column-18 fusion-flex-column post-card fusion-grid-column fusion-post-cards-grid-column\" style=\"--awb-bg-color:var(--awb-color1);--awb-bg-color-hover:var(--awb-color1);--awb-bg-blend:overlay;--awb-bg-size:cover;--awb-flex-grow:0;--awb-flex-shrink:0;--awb-flex-grow-medium:;--awb-flex-shrink-medium:;--awb-flex-grow-small:;--awb-flex-shrink-small:;\" data-scroll-devices=\"small-visibility,medium-visibility,large-visibility\"><div class=\"fusion-column-wrapper fusion-column-has-shadow fusion-flex-justify-content-space-around fusion-content-layout-column\"><div class=\"fusion-classic-product-image-wrapper fusion-woo-product-image fusion-post-card-image fusion-post-card-image-1 has-aspect-ratio\" data-layout=\"static\" style=\"--awb-aspect-ratio:3 \/ 2;\"><div  class=\"fusion-image-wrapper\" aria-haspopup=\"true\">\n\t\t\t\t\t\t\t<a href=\"https:\/\/www.mundusmaris.org\/de\/handwerklichen-fischerei-akademie\/mundus-maris-auf-der-egu26-3-8-mai-2026\/\" aria-label=\"Mundus maris auf der EGU26, 3.-8. Mai 2026\">\n\t\t\t\t\t\t\t<img decoding=\"async\" width=\"500\" height=\"309\" src=\"https:\/\/www.mundusmaris.org\/wp-content\/uploads\/2026\/05\/CENatEGU2026_500.jpg\" class=\"attachment-full size-full wp-post-image\" alt=\"\" srcset=\"https:\/\/www.mundusmaris.org\/wp-content\/uploads\/2026\/05\/CENatEGU2026_500-200x124.jpg 200w, https:\/\/www.mundusmaris.org\/wp-content\/uploads\/2026\/05\/CENatEGU2026_500-400x247.jpg 400w, https:\/\/www.mundusmaris.org\/wp-content\/uploads\/2026\/05\/CENatEGU2026_500.jpg 500w\" sizes=\"(min-width: 2200px) 100vw, (min-width: 784px) 373px, (min-width: 712px) 560px, (min-width: 640px) 712px, \" \/>\t\t\t<\/a>\n\t\t\t\t\t\t\t<\/div>\n<\/div><div class=\"fusion-meta-tb fusion-meta-tb-17 floated\" style=\"--awb-border-top:0px;--awb-height:36px;--awb-alignment-medium:flex-start;--awb-alignment-small:flex-start;\"><span class=\"fusion-tb-published-date\">Published On: 10. Mai 2026<\/span><span class=\"fusion-meta-tb-sep\"><\/span><\/div><div class=\"fusion-title title fusion-title-17 fusion-sep-none fusion-title-text fusion-title-size-four\" style=\"--awb-margin-top:20px;--awb-margin-right:20px;--awb-margin-bottom:20px;--awb-margin-left:20px;--awb-margin-top-small:10px;--awb-margin-right-small:0px;--awb-margin-bottom-small:10px;--awb-margin-left-small:0px;--awb-font-size:24px;\"><h4 class=\"fusion-title-heading title-heading-left\" style=\"font-family:&quot;IBM Plex Sans Condensed&quot;;font-style:normal;font-weight:500;margin:0;font-size:1em;line-height:1.2;\"><a href=\"https:\/\/www.mundusmaris.org\/de\/handwerklichen-fischerei-akademie\/mundus-maris-auf-der-egu26-3-8-mai-2026\/\" class=\"awb-custom-text-color awb-custom-text-hover-color\" target=\"_self\">Mundus maris auf der EGU26, 3.-8. Mai 2026<\/a><\/h4><\/div><\/div><\/li>\n<li class=\"fusion-layout-column fusion_builder_column fusion-builder-column-19 fusion-flex-column post-card fusion-grid-column fusion-post-cards-grid-column\" style=\"--awb-bg-color:var(--awb-color1);--awb-bg-color-hover:var(--awb-color1);--awb-bg-blend:overlay;--awb-bg-size:cover;--awb-flex-grow:0;--awb-flex-shrink:0;--awb-flex-grow-medium:;--awb-flex-shrink-medium:;--awb-flex-grow-small:;--awb-flex-shrink-small:;\" data-scroll-devices=\"small-visibility,medium-visibility,large-visibility\"><div class=\"fusion-column-wrapper fusion-column-has-shadow fusion-flex-justify-content-space-around fusion-content-layout-column\"><div class=\"fusion-classic-product-image-wrapper fusion-woo-product-image fusion-post-card-image fusion-post-card-image-1 has-aspect-ratio\" data-layout=\"static\" style=\"--awb-aspect-ratio:3 \/ 2;\"><div  class=\"fusion-image-wrapper\" aria-haspopup=\"true\">\n\t\t\t\t\t\t\t<a href=\"https:\/\/www.mundusmaris.org\/de\/handwerklichen-fischerei-akademie\/mundus-maris-auf-dem-ambitionierten-5-world-ssf-summit-thailand\/\" aria-label=\"Mundus maris auf dem ambitionierten 5. World SSF Summit in Thailand\">\n\t\t\t\t\t\t\t<img decoding=\"async\" width=\"1980\" height=\"1486\" src=\"https:\/\/www.mundusmaris.org\/wp-content\/uploads\/2026\/05\/WhatsApp-Image-2026-05-06-at-19.03.48-scaled.jpeg\" class=\"attachment-full size-full wp-post-image\" alt=\"\" srcset=\"https:\/\/www.mundusmaris.org\/wp-content\/uploads\/2026\/05\/WhatsApp-Image-2026-05-06-at-19.03.48-200x150.jpeg 200w, https:\/\/www.mundusmaris.org\/wp-content\/uploads\/2026\/05\/WhatsApp-Image-2026-05-06-at-19.03.48-400x300.jpeg 400w, https:\/\/www.mundusmaris.org\/wp-content\/uploads\/2026\/05\/WhatsApp-Image-2026-05-06-at-19.03.48-600x450.jpeg 600w, https:\/\/www.mundusmaris.org\/wp-content\/uploads\/2026\/05\/WhatsApp-Image-2026-05-06-at-19.03.48-800x600.jpeg 800w, https:\/\/www.mundusmaris.org\/wp-content\/uploads\/2026\/05\/WhatsApp-Image-2026-05-06-at-19.03.48-1200x900.jpeg 1200w, https:\/\/www.mundusmaris.org\/wp-content\/uploads\/2026\/05\/WhatsApp-Image-2026-05-06-at-19.03.48-scaled.jpeg 1980w\" sizes=\"(min-width: 2200px) 100vw, (min-width: 784px) 373px, (min-width: 712px) 560px, (min-width: 640px) 712px, \" \/>\t\t\t<\/a>\n\t\t\t\t\t\t\t<\/div>\n<\/div><div class=\"fusion-meta-tb fusion-meta-tb-18 floated\" style=\"--awb-border-top:0px;--awb-height:36px;--awb-alignment-medium:flex-start;--awb-alignment-small:flex-start;\"><span class=\"fusion-tb-published-date\">Published On: 2. Mai 2026<\/span><span class=\"fusion-meta-tb-sep\"><\/span><\/div><div class=\"fusion-title title fusion-title-18 fusion-sep-none fusion-title-text fusion-title-size-four\" style=\"--awb-margin-top:20px;--awb-margin-right:20px;--awb-margin-bottom:20px;--awb-margin-left:20px;--awb-margin-top-small:10px;--awb-margin-right-small:0px;--awb-margin-bottom-small:10px;--awb-margin-left-small:0px;--awb-font-size:24px;\"><h4 class=\"fusion-title-heading title-heading-left\" style=\"font-family:&quot;IBM Plex Sans Condensed&quot;;font-style:normal;font-weight:500;margin:0;font-size:1em;line-height:1.2;\"><a href=\"https:\/\/www.mundusmaris.org\/de\/handwerklichen-fischerei-akademie\/mundus-maris-auf-dem-ambitionierten-5-world-ssf-summit-thailand\/\" class=\"awb-custom-text-color awb-custom-text-hover-color\" target=\"_self\">Mundus maris auf dem ambitionierten 5. World SSF Summit in Thailand<\/a><\/h4><\/div><\/div><\/li>\n<li class=\"fusion-layout-column fusion_builder_column fusion-builder-column-20 fusion-flex-column post-card fusion-grid-column fusion-post-cards-grid-column\" style=\"--awb-bg-color:var(--awb-color1);--awb-bg-color-hover:var(--awb-color1);--awb-bg-blend:overlay;--awb-bg-size:cover;--awb-flex-grow:0;--awb-flex-shrink:0;--awb-flex-grow-medium:;--awb-flex-shrink-medium:;--awb-flex-grow-small:;--awb-flex-shrink-small:;\" data-scroll-devices=\"small-visibility,medium-visibility,large-visibility\"><div class=\"fusion-column-wrapper fusion-column-has-shadow fusion-flex-justify-content-space-around fusion-content-layout-column\"><div class=\"fusion-classic-product-image-wrapper fusion-woo-product-image fusion-post-card-image fusion-post-card-image-1 has-aspect-ratio\" data-layout=\"static\" style=\"--awb-aspect-ratio:3 \/ 2;\"><div  class=\"fusion-image-wrapper\" aria-haspopup=\"true\">\n\t\t\t\t\t\t\t<a href=\"https:\/\/www.mundusmaris.org\/de\/ausstellungen\/expedition-weltmeere\/\" aria-label=\"Expedition Weltmeere\">\n\t\t\t\t\t\t\t<img decoding=\"async\" width=\"500\" height=\"375\" src=\"https:\/\/www.mundusmaris.org\/wp-content\/uploads\/2026\/04\/ExpeditionWeltmeere.jpg\" class=\"attachment-full size-full wp-post-image\" alt=\"\" srcset=\"https:\/\/www.mundusmaris.org\/wp-content\/uploads\/2026\/04\/ExpeditionWeltmeere-200x150.jpg 200w, https:\/\/www.mundusmaris.org\/wp-content\/uploads\/2026\/04\/ExpeditionWeltmeere-400x300.jpg 400w, https:\/\/www.mundusmaris.org\/wp-content\/uploads\/2026\/04\/ExpeditionWeltmeere.jpg 500w\" sizes=\"(min-width: 2200px) 100vw, (min-width: 784px) 373px, (min-width: 712px) 560px, (min-width: 640px) 712px, \" \/>\t\t\t<\/a>\n\t\t\t\t\t\t\t<\/div>\n<\/div><div class=\"fusion-meta-tb fusion-meta-tb-19 floated\" style=\"--awb-border-top:0px;--awb-height:36px;--awb-alignment-medium:flex-start;--awb-alignment-small:flex-start;\"><span class=\"fusion-tb-published-date\">Published On: 29. M\u00e4rz 2026<\/span><span class=\"fusion-meta-tb-sep\"><\/span><\/div><div class=\"fusion-title title fusion-title-19 fusion-sep-none fusion-title-text fusion-title-size-four\" style=\"--awb-margin-top:20px;--awb-margin-right:20px;--awb-margin-bottom:20px;--awb-margin-left:20px;--awb-margin-top-small:10px;--awb-margin-right-small:0px;--awb-margin-bottom-small:10px;--awb-margin-left-small:0px;--awb-font-size:24px;\"><h4 class=\"fusion-title-heading title-heading-left\" style=\"font-family:&quot;IBM Plex Sans Condensed&quot;;font-style:normal;font-weight:500;margin:0;font-size:1em;line-height:1.2;\"><a href=\"https:\/\/www.mundusmaris.org\/de\/ausstellungen\/expedition-weltmeere\/\" class=\"awb-custom-text-color awb-custom-text-hover-color\" target=\"_self\">Expedition Weltmeere<\/a><\/h4><\/div><\/div><\/li>\n<li class=\"fusion-layout-column fusion_builder_column fusion-builder-column-21 fusion-flex-column post-card fusion-grid-column fusion-post-cards-grid-column\" style=\"--awb-bg-color:var(--awb-color1);--awb-bg-color-hover:var(--awb-color1);--awb-bg-blend:overlay;--awb-bg-size:cover;--awb-flex-grow:0;--awb-flex-shrink:0;--awb-flex-grow-medium:;--awb-flex-shrink-medium:;--awb-flex-grow-small:;--awb-flex-shrink-small:;\" data-scroll-devices=\"small-visibility,medium-visibility,large-visibility\"><div class=\"fusion-column-wrapper fusion-column-has-shadow fusion-flex-justify-content-space-around fusion-content-layout-column\"><div class=\"fusion-classic-product-image-wrapper fusion-woo-product-image fusion-post-card-image fusion-post-card-image-1 has-aspect-ratio\" data-layout=\"static\" style=\"--awb-aspect-ratio:3 \/ 2;\"><div  class=\"fusion-image-wrapper\" aria-haspopup=\"true\">\n\t\t\t\t\t\t\t<a href=\"https:\/\/www.mundusmaris.org\/de\/veranstaltung\/impressionen-von-den-eu-ocean-days-2026-in-bruessel\/\" aria-label=\"Impressionen von den EU Ocean Days 2026 in Br\u00fcssel\">\n\t\t\t\t\t\t\t<img decoding=\"async\" width=\"500\" height=\"500\" src=\"https:\/\/www.mundusmaris.org\/wp-content\/uploads\/2026\/03\/EUOceanDays2026.jpg\" class=\"attachment-full size-full wp-post-image\" alt=\"\" srcset=\"https:\/\/www.mundusmaris.org\/wp-content\/uploads\/2026\/03\/EUOceanDays2026-200x200.jpg 200w, https:\/\/www.mundusmaris.org\/wp-content\/uploads\/2026\/03\/EUOceanDays2026-400x400.jpg 400w, https:\/\/www.mundusmaris.org\/wp-content\/uploads\/2026\/03\/EUOceanDays2026.jpg 500w\" sizes=\"(min-width: 2200px) 100vw, (min-width: 784px) 373px, (min-width: 712px) 560px, (min-width: 640px) 712px, \" \/>\t\t\t<\/a>\n\t\t\t\t\t\t\t<\/div>\n<\/div><div class=\"fusion-meta-tb fusion-meta-tb-20 floated\" style=\"--awb-border-top:0px;--awb-height:36px;--awb-alignment-medium:flex-start;--awb-alignment-small:flex-start;\"><span class=\"fusion-tb-published-date\">Published On: 9. M\u00e4rz 2026<\/span><span class=\"fusion-meta-tb-sep\"><\/span><\/div><div class=\"fusion-title title fusion-title-20 fusion-sep-none fusion-title-text fusion-title-size-four\" style=\"--awb-margin-top:20px;--awb-margin-right:20px;--awb-margin-bottom:20px;--awb-margin-left:20px;--awb-margin-top-small:10px;--awb-margin-right-small:0px;--awb-margin-bottom-small:10px;--awb-margin-left-small:0px;--awb-font-size:24px;\"><h4 class=\"fusion-title-heading title-heading-left\" style=\"font-family:&quot;IBM Plex Sans Condensed&quot;;font-style:normal;font-weight:500;margin:0;font-size:1em;line-height:1.2;\"><a href=\"https:\/\/www.mundusmaris.org\/de\/veranstaltung\/impressionen-von-den-eu-ocean-days-2026-in-bruessel\/\" class=\"awb-custom-text-color awb-custom-text-hover-color\" target=\"_self\">Impressionen von den EU Ocean Days 2026 in Br\u00fcssel<\/a><\/h4><\/div><\/div><\/li>\n<li class=\"fusion-layout-column fusion_builder_column fusion-builder-column-22 fusion-flex-column post-card fusion-grid-column fusion-post-cards-grid-column\" style=\"--awb-bg-color:var(--awb-color1);--awb-bg-color-hover:var(--awb-color1);--awb-bg-blend:overlay;--awb-bg-size:cover;--awb-flex-grow:0;--awb-flex-shrink:0;--awb-flex-grow-medium:;--awb-flex-shrink-medium:;--awb-flex-grow-small:;--awb-flex-shrink-small:;\" data-scroll-devices=\"small-visibility,medium-visibility,large-visibility\"><div class=\"fusion-column-wrapper fusion-column-has-shadow fusion-flex-justify-content-space-around fusion-content-layout-column\"><div class=\"fusion-classic-product-image-wrapper fusion-woo-product-image fusion-post-card-image fusion-post-card-image-1 has-aspect-ratio\" data-layout=\"static\" style=\"--awb-aspect-ratio:3 \/ 2;\"><div  class=\"fusion-image-wrapper\" aria-haspopup=\"true\">\n\t\t\t\t\t\t\t<a href=\"https:\/\/www.mundusmaris.org\/de\/handwerklichen-fischerei-akademie\/eine-plage-durch-invasive-wasserpflanzen-in-eine-einnahmequelle-verwandeln\/\" aria-label=\"Eine Plage durch invasive Wasserpflanzen in eine Einnahmequelle verwandeln\">\n\t\t\t\t\t\t\t<img decoding=\"async\" width=\"500\" height=\"375\" src=\"https:\/\/www.mundusmaris.org\/wp-content\/uploads\/2026\/02\/Organisers-LASCAFAN_feature.jpg\" class=\"attachment-full size-full wp-post-image\" alt=\"\" srcset=\"https:\/\/www.mundusmaris.org\/wp-content\/uploads\/2026\/02\/Organisers-LASCAFAN_feature-200x150.jpg 200w, https:\/\/www.mundusmaris.org\/wp-content\/uploads\/2026\/02\/Organisers-LASCAFAN_feature-400x300.jpg 400w, https:\/\/www.mundusmaris.org\/wp-content\/uploads\/2026\/02\/Organisers-LASCAFAN_feature.jpg 500w\" sizes=\"(min-width: 2200px) 100vw, (min-width: 784px) 373px, (min-width: 712px) 560px, (min-width: 640px) 712px, \" \/>\t\t\t<\/a>\n\t\t\t\t\t\t\t<\/div>\n<\/div><div class=\"fusion-meta-tb fusion-meta-tb-21 floated\" style=\"--awb-border-top:0px;--awb-height:36px;--awb-alignment-medium:flex-start;--awb-alignment-small:flex-start;\"><span class=\"fusion-tb-published-date\">Published On: 28. Februar 2026<\/span><span class=\"fusion-meta-tb-sep\"><\/span><\/div><div class=\"fusion-title title fusion-title-21 fusion-sep-none fusion-title-text fusion-title-size-four\" style=\"--awb-margin-top:20px;--awb-margin-right:20px;--awb-margin-bottom:20px;--awb-margin-left:20px;--awb-margin-top-small:10px;--awb-margin-right-small:0px;--awb-margin-bottom-small:10px;--awb-margin-left-small:0px;--awb-font-size:24px;\"><h4 class=\"fusion-title-heading title-heading-left\" style=\"font-family:&quot;IBM Plex Sans Condensed&quot;;font-style:normal;font-weight:500;margin:0;font-size:1em;line-height:1.2;\"><a href=\"https:\/\/www.mundusmaris.org\/de\/handwerklichen-fischerei-akademie\/eine-plage-durch-invasive-wasserpflanzen-in-eine-einnahmequelle-verwandeln\/\" class=\"awb-custom-text-color awb-custom-text-hover-color\" target=\"_self\">Eine Plage durch invasive Wasserpflanzen in eine Einnahmequelle verwandeln<\/a><\/h4><\/div><\/div><\/li>\n<li class=\"fusion-layout-column fusion_builder_column fusion-builder-column-23 fusion-flex-column post-card fusion-grid-column fusion-post-cards-grid-column\" style=\"--awb-bg-color:var(--awb-color1);--awb-bg-color-hover:var(--awb-color1);--awb-bg-blend:overlay;--awb-bg-size:cover;--awb-flex-grow:0;--awb-flex-shrink:0;--awb-flex-grow-medium:;--awb-flex-shrink-medium:;--awb-flex-grow-small:;--awb-flex-shrink-small:;\" data-scroll-devices=\"small-visibility,medium-visibility,large-visibility\"><div class=\"fusion-column-wrapper fusion-column-has-shadow fusion-flex-justify-content-space-around fusion-content-layout-column\"><div class=\"fusion-classic-product-image-wrapper fusion-woo-product-image fusion-post-card-image fusion-post-card-image-1 has-aspect-ratio\" data-layout=\"static\" style=\"--awb-aspect-ratio:3 \/ 2;\"><div  class=\"fusion-image-wrapper\" aria-haspopup=\"true\">\n\t\t\t\t\t\t\t<a href=\"https:\/\/www.mundusmaris.org\/de\/meereswissen-und-oeffentlichkeitsarbeit\/die-schoenheit-des-meeres-wieder-entdecken-ein-interview-mit-martina-gaglioti\/\" aria-label=\"Die Sch\u00f6nheit des Meeres wieder entdecken \u2013 ein Interview mit Martina Gaglioti\">\n\t\t\t\t\t\t\t<img decoding=\"async\" width=\"500\" height=\"375\" src=\"https:\/\/www.mundusmaris.org\/wp-content\/uploads\/2026\/02\/MartinaFeaturePic-rotated.jpg\" class=\"attachment-full size-full wp-post-image\" alt=\"\" srcset=\"https:\/\/www.mundusmaris.org\/wp-content\/uploads\/2026\/02\/MartinaFeaturePic-200x150.jpg 200w, https:\/\/www.mundusmaris.org\/wp-content\/uploads\/2026\/02\/MartinaFeaturePic-400x300.jpg 400w, https:\/\/www.mundusmaris.org\/wp-content\/uploads\/2026\/02\/MartinaFeaturePic-rotated.jpg 500w\" sizes=\"(min-width: 2200px) 100vw, (min-width: 784px) 373px, (min-width: 712px) 560px, (min-width: 640px) 712px, \" \/>\t\t\t<\/a>\n\t\t\t\t\t\t\t<\/div>\n<\/div><div class=\"fusion-meta-tb fusion-meta-tb-22 floated\" style=\"--awb-border-top:0px;--awb-height:36px;--awb-alignment-medium:flex-start;--awb-alignment-small:flex-start;\"><span class=\"fusion-tb-published-date\">Published On: 26. Februar 2026<\/span><span class=\"fusion-meta-tb-sep\"><\/span><\/div><div class=\"fusion-title title fusion-title-22 fusion-sep-none fusion-title-text fusion-title-size-four\" style=\"--awb-margin-top:20px;--awb-margin-right:20px;--awb-margin-bottom:20px;--awb-margin-left:20px;--awb-margin-top-small:10px;--awb-margin-right-small:0px;--awb-margin-bottom-small:10px;--awb-margin-left-small:0px;--awb-font-size:24px;\"><h4 class=\"fusion-title-heading title-heading-left\" style=\"font-family:&quot;IBM Plex Sans Condensed&quot;;font-style:normal;font-weight:500;margin:0;font-size:1em;line-height:1.2;\"><a href=\"https:\/\/www.mundusmaris.org\/de\/meereswissen-und-oeffentlichkeitsarbeit\/die-schoenheit-des-meeres-wieder-entdecken-ein-interview-mit-martina-gaglioti\/\" class=\"awb-custom-text-color awb-custom-text-hover-color\" target=\"_self\">Die Sch\u00f6nheit des Meeres wieder entdecken \u2013 ein Interview mit Martina Gaglioti<\/a><\/h4><\/div><\/div><\/li>\n<li class=\"fusion-layout-column fusion_builder_column fusion-builder-column-24 fusion-flex-column post-card fusion-grid-column fusion-post-cards-grid-column\" style=\"--awb-bg-color:var(--awb-color1);--awb-bg-color-hover:var(--awb-color1);--awb-bg-blend:overlay;--awb-bg-size:cover;--awb-flex-grow:0;--awb-flex-shrink:0;--awb-flex-grow-medium:;--awb-flex-shrink-medium:;--awb-flex-grow-small:;--awb-flex-shrink-small:;\" data-scroll-devices=\"small-visibility,medium-visibility,large-visibility\"><div class=\"fusion-column-wrapper fusion-column-has-shadow fusion-flex-justify-content-space-around fusion-content-layout-column\"><div class=\"fusion-classic-product-image-wrapper fusion-woo-product-image fusion-post-card-image fusion-post-card-image-1 has-aspect-ratio\" data-layout=\"static\" style=\"--awb-aspect-ratio:3 \/ 2;\"><div  class=\"fusion-image-wrapper\" aria-haspopup=\"true\">\n\t\t\t\t\t\t\t<a href=\"https:\/\/www.mundusmaris.org\/de\/aktivitaten\/ozean-und-klimaschutz\/fuer-ein-starkes-europaeisches-ozeanschutzabkommen\/\" aria-label=\"F\u00fcr ein starkes europ\u00e4isches Ozeanschutzabkommen\">\n\t\t\t\t\t\t\t<img decoding=\"async\" width=\"500\" height=\"368\" src=\"https:\/\/www.mundusmaris.org\/wp-content\/uploads\/2026\/02\/BlueManifesto500.jpg\" class=\"attachment-full size-full wp-post-image\" alt=\"\" srcset=\"https:\/\/www.mundusmaris.org\/wp-content\/uploads\/2026\/02\/BlueManifesto500-200x147.jpg 200w, https:\/\/www.mundusmaris.org\/wp-content\/uploads\/2026\/02\/BlueManifesto500-400x294.jpg 400w, https:\/\/www.mundusmaris.org\/wp-content\/uploads\/2026\/02\/BlueManifesto500.jpg 500w\" sizes=\"(min-width: 2200px) 100vw, (min-width: 784px) 373px, (min-width: 712px) 560px, (min-width: 640px) 712px, \" \/>\t\t\t<\/a>\n\t\t\t\t\t\t\t<\/div>\n<\/div><div class=\"fusion-meta-tb fusion-meta-tb-23 floated\" style=\"--awb-border-top:0px;--awb-height:36px;--awb-alignment-medium:flex-start;--awb-alignment-small:flex-start;\"><span class=\"fusion-tb-published-date\">Published On: 10. Februar 2026<\/span><span class=\"fusion-meta-tb-sep\"><\/span><\/div><div class=\"fusion-title title fusion-title-23 fusion-sep-none fusion-title-text fusion-title-size-four\" style=\"--awb-margin-top:20px;--awb-margin-right:20px;--awb-margin-bottom:20px;--awb-margin-left:20px;--awb-margin-top-small:10px;--awb-margin-right-small:0px;--awb-margin-bottom-small:10px;--awb-margin-left-small:0px;--awb-font-size:24px;\"><h4 class=\"fusion-title-heading title-heading-left\" style=\"font-family:&quot;IBM Plex Sans Condensed&quot;;font-style:normal;font-weight:500;margin:0;font-size:1em;line-height:1.2;\"><a href=\"https:\/\/www.mundusmaris.org\/de\/aktivitaten\/ozean-und-klimaschutz\/fuer-ein-starkes-europaeisches-ozeanschutzabkommen\/\" class=\"awb-custom-text-color awb-custom-text-hover-color\" target=\"_self\">F\u00fcr ein starkes europ\u00e4isches Ozeanschutzabkommen<\/a><\/h4><\/div><\/div><\/li>\n<li class=\"fusion-layout-column fusion_builder_column fusion-builder-column-25 fusion-flex-column post-card fusion-grid-column fusion-post-cards-grid-column\" style=\"--awb-bg-color:var(--awb-color1);--awb-bg-color-hover:var(--awb-color1);--awb-bg-blend:overlay;--awb-bg-size:cover;--awb-flex-grow:0;--awb-flex-shrink:0;--awb-flex-grow-medium:;--awb-flex-shrink-medium:;--awb-flex-grow-small:;--awb-flex-shrink-small:;\" data-scroll-devices=\"small-visibility,medium-visibility,large-visibility\"><div class=\"fusion-column-wrapper fusion-column-has-shadow fusion-flex-justify-content-space-around fusion-content-layout-column\"><div class=\"fusion-classic-product-image-wrapper fusion-woo-product-image fusion-post-card-image fusion-post-card-image-1 has-aspect-ratio\" data-layout=\"static\" style=\"--awb-aspect-ratio:3 \/ 2;\"><div  class=\"fusion-image-wrapper\" aria-haspopup=\"true\">\n\t\t\t\t\t\t\t<a href=\"https:\/\/www.mundusmaris.org\/de\/aktivitaten\/ozean-und-klimaschutz\/mundus-maris-auf-der-love-your-ocean-plattform-auf-der-boot-2026\/\" aria-label=\"Mundus maris auf der \u201aLove Your Ocean\u2018-Plattform auf der Boot 2026\">\n\t\t\t\t\t\t\t<img decoding=\"async\" width=\"499\" height=\"349\" src=\"https:\/\/www.mundusmaris.org\/wp-content\/uploads\/2026\/01\/20260120MMTeamBoot2026_500.jpg\" class=\"attachment-full size-full wp-post-image\" alt=\"\" srcset=\"https:\/\/www.mundusmaris.org\/wp-content\/uploads\/2026\/01\/20260120MMTeamBoot2026_500-200x140.jpg 200w, https:\/\/www.mundusmaris.org\/wp-content\/uploads\/2026\/01\/20260120MMTeamBoot2026_500-400x280.jpg 400w, https:\/\/www.mundusmaris.org\/wp-content\/uploads\/2026\/01\/20260120MMTeamBoot2026_500.jpg 499w\" sizes=\"(min-width: 2200px) 100vw, (min-width: 784px) 373px, (min-width: 712px) 560px, (min-width: 640px) 712px, \" \/>\t\t\t<\/a>\n\t\t\t\t\t\t\t<\/div>\n<\/div><div class=\"fusion-meta-tb fusion-meta-tb-24 floated\" style=\"--awb-border-top:0px;--awb-height:36px;--awb-alignment-medium:flex-start;--awb-alignment-small:flex-start;\"><span class=\"fusion-tb-published-date\">Published On: 29. Januar 2026<\/span><span class=\"fusion-meta-tb-sep\"><\/span><\/div><div class=\"fusion-title title fusion-title-24 fusion-sep-none fusion-title-text fusion-title-size-four\" style=\"--awb-margin-top:20px;--awb-margin-right:20px;--awb-margin-bottom:20px;--awb-margin-left:20px;--awb-margin-top-small:10px;--awb-margin-right-small:0px;--awb-margin-bottom-small:10px;--awb-margin-left-small:0px;--awb-font-size:24px;\"><h4 class=\"fusion-title-heading title-heading-left\" style=\"font-family:&quot;IBM Plex Sans Condensed&quot;;font-style:normal;font-weight:500;margin:0;font-size:1em;line-height:1.2;\"><a href=\"https:\/\/www.mundusmaris.org\/de\/aktivitaten\/ozean-und-klimaschutz\/mundus-maris-auf-der-love-your-ocean-plattform-auf-der-boot-2026\/\" class=\"awb-custom-text-color awb-custom-text-hover-color\" target=\"_self\">Mundus maris auf der \u201aLove Your Ocean\u2018-Plattform auf der Boot 2026<\/a><\/h4><\/div><\/div><\/li>\n<li class=\"fusion-layout-column fusion_builder_column fusion-builder-column-26 fusion-flex-column post-card fusion-grid-column fusion-post-cards-grid-column\" style=\"--awb-bg-color:var(--awb-color1);--awb-bg-color-hover:var(--awb-color1);--awb-bg-blend:overlay;--awb-bg-size:cover;--awb-flex-grow:0;--awb-flex-shrink:0;--awb-flex-grow-medium:;--awb-flex-shrink-medium:;--awb-flex-grow-small:;--awb-flex-shrink-small:;\" data-scroll-devices=\"small-visibility,medium-visibility,large-visibility\"><div class=\"fusion-column-wrapper fusion-column-has-shadow fusion-flex-justify-content-space-around fusion-content-layout-column\"><div class=\"fusion-classic-product-image-wrapper fusion-woo-product-image fusion-post-card-image fusion-post-card-image-1 has-aspect-ratio\" data-layout=\"static\" style=\"--awb-aspect-ratio:3 \/ 2;\"><div  class=\"fusion-image-wrapper\" aria-haspopup=\"true\">\n\t\t\t\t\t\t\t<a href=\"https:\/\/www.mundusmaris.org\/de\/handwerklichen-fischerei-akademie\/handwerkliche-fischer-und-umweltschuetzer-ueberdenken-gemeinsam-die-fischerei\/\" aria-label=\"Handwerkliche Fischer und Umweltsch\u00fctzer \u00fcberdenken gemeinsam die Fischerei\">\n\t\t\t\t\t\t\t<img decoding=\"async\" width=\"500\" height=\"353\" src=\"https:\/\/www.mundusmaris.org\/wp-content\/uploads\/2025\/12\/RethinkFisheriesAnnouncement-Feature-1.jpg\" class=\"attachment-full size-full wp-post-image\" alt=\"\" srcset=\"https:\/\/www.mundusmaris.org\/wp-content\/uploads\/2025\/12\/RethinkFisheriesAnnouncement-Feature-1-200x141.jpg 200w, https:\/\/www.mundusmaris.org\/wp-content\/uploads\/2025\/12\/RethinkFisheriesAnnouncement-Feature-1-400x282.jpg 400w, https:\/\/www.mundusmaris.org\/wp-content\/uploads\/2025\/12\/RethinkFisheriesAnnouncement-Feature-1.jpg 500w\" sizes=\"(min-width: 2200px) 100vw, (min-width: 784px) 373px, (min-width: 712px) 560px, (min-width: 640px) 712px, \" \/>\t\t\t<\/a>\n\t\t\t\t\t\t\t<\/div>\n<\/div><div class=\"fusion-meta-tb fusion-meta-tb-25 floated\" style=\"--awb-border-top:0px;--awb-height:36px;--awb-alignment-medium:flex-start;--awb-alignment-small:flex-start;\"><span class=\"fusion-tb-published-date\">Published On: 15. Dezember 2025<\/span><span class=\"fusion-meta-tb-sep\"><\/span><\/div><div class=\"fusion-title title fusion-title-25 fusion-sep-none fusion-title-text fusion-title-size-four\" style=\"--awb-margin-top:20px;--awb-margin-right:20px;--awb-margin-bottom:20px;--awb-margin-left:20px;--awb-margin-top-small:10px;--awb-margin-right-small:0px;--awb-margin-bottom-small:10px;--awb-margin-left-small:0px;--awb-font-size:24px;\"><h4 class=\"fusion-title-heading title-heading-left\" style=\"font-family:&quot;IBM Plex Sans Condensed&quot;;font-style:normal;font-weight:500;margin:0;font-size:1em;line-height:1.2;\"><a href=\"https:\/\/www.mundusmaris.org\/de\/handwerklichen-fischerei-akademie\/handwerkliche-fischer-und-umweltschuetzer-ueberdenken-gemeinsam-die-fischerei\/\" class=\"awb-custom-text-color awb-custom-text-hover-color\" target=\"_self\">Handwerkliche Fischer und Umweltsch\u00fctzer \u00fcberdenken gemeinsam die Fischerei<\/a><\/h4><\/div><\/div><\/li>\n<li class=\"fusion-layout-column fusion_builder_column fusion-builder-column-27 fusion-flex-column post-card fusion-grid-column fusion-post-cards-grid-column\" style=\"--awb-bg-color:var(--awb-color1);--awb-bg-color-hover:var(--awb-color1);--awb-bg-blend:overlay;--awb-bg-size:cover;--awb-flex-grow:0;--awb-flex-shrink:0;--awb-flex-grow-medium:;--awb-flex-shrink-medium:;--awb-flex-grow-small:;--awb-flex-shrink-small:;\" data-scroll-devices=\"small-visibility,medium-visibility,large-visibility\"><div class=\"fusion-column-wrapper fusion-column-has-shadow fusion-flex-justify-content-space-around fusion-content-layout-column\"><div class=\"fusion-classic-product-image-wrapper fusion-woo-product-image fusion-post-card-image fusion-post-card-image-1 has-aspect-ratio\" data-layout=\"static\" style=\"--awb-aspect-ratio:3 \/ 2;\"><div  class=\"fusion-image-wrapper\" aria-haspopup=\"true\">\n\t\t\t\t\t\t\t<a href=\"https:\/\/www.mundusmaris.org\/de\/aktivitaten\/ozean-und-klimaschutz\/maritime-security-conference-2-3-december-2025-in-accra\/\" aria-label=\"Maritime Security Conference, 2-3 December 2025 in Accra\">\n\t\t\t\t\t\t\t<img decoding=\"async\" width=\"500\" height=\"491\" src=\"https:\/\/www.mundusmaris.org\/wp-content\/uploads\/2025\/12\/ConferenceLogoFeature.jpg\" class=\"attachment-full size-full wp-post-image\" alt=\"\" srcset=\"https:\/\/www.mundusmaris.org\/wp-content\/uploads\/2025\/12\/ConferenceLogoFeature-200x196.jpg 200w, https:\/\/www.mundusmaris.org\/wp-content\/uploads\/2025\/12\/ConferenceLogoFeature-400x393.jpg 400w, https:\/\/www.mundusmaris.org\/wp-content\/uploads\/2025\/12\/ConferenceLogoFeature.jpg 500w\" sizes=\"(min-width: 2200px) 100vw, (min-width: 784px) 373px, (min-width: 712px) 560px, (min-width: 640px) 712px, \" \/>\t\t\t<\/a>\n\t\t\t\t\t\t\t<\/div>\n<\/div><div class=\"fusion-meta-tb fusion-meta-tb-26 floated\" style=\"--awb-border-top:0px;--awb-height:36px;--awb-alignment-medium:flex-start;--awb-alignment-small:flex-start;\"><span class=\"fusion-tb-published-date\">Published On: 5. Dezember 2025<\/span><span class=\"fusion-meta-tb-sep\"><\/span><\/div><div class=\"fusion-title title fusion-title-26 fusion-sep-none fusion-title-text fusion-title-size-four\" style=\"--awb-margin-top:20px;--awb-margin-right:20px;--awb-margin-bottom:20px;--awb-margin-left:20px;--awb-margin-top-small:10px;--awb-margin-right-small:0px;--awb-margin-bottom-small:10px;--awb-margin-left-small:0px;--awb-font-size:24px;\"><h4 class=\"fusion-title-heading title-heading-left\" style=\"font-family:&quot;IBM Plex Sans Condensed&quot;;font-style:normal;font-weight:500;margin:0;font-size:1em;line-height:1.2;\"><a href=\"https:\/\/www.mundusmaris.org\/de\/aktivitaten\/ozean-und-klimaschutz\/maritime-security-conference-2-3-december-2025-in-accra\/\" class=\"awb-custom-text-color awb-custom-text-hover-color\" target=\"_self\">Maritime Security Conference, 2-3 December 2025 in Accra<\/a><\/h4><\/div><\/div><\/li>\n<li class=\"fusion-layout-column fusion_builder_column fusion-builder-column-28 fusion-flex-column post-card fusion-grid-column fusion-post-cards-grid-column\" style=\"--awb-bg-color:var(--awb-color1);--awb-bg-color-hover:var(--awb-color1);--awb-bg-blend:overlay;--awb-bg-size:cover;--awb-flex-grow:0;--awb-flex-shrink:0;--awb-flex-grow-medium:;--awb-flex-shrink-medium:;--awb-flex-grow-small:;--awb-flex-shrink-small:;\" data-scroll-devices=\"small-visibility,medium-visibility,large-visibility\"><div class=\"fusion-column-wrapper fusion-column-has-shadow fusion-flex-justify-content-space-around fusion-content-layout-column\"><div class=\"fusion-classic-product-image-wrapper fusion-woo-product-image fusion-post-card-image fusion-post-card-image-1 has-aspect-ratio\" data-layout=\"static\" style=\"--awb-aspect-ratio:3 \/ 2;\"><div  class=\"fusion-image-wrapper\" aria-haspopup=\"true\">\n\t\t\t\t\t\t\t<a href=\"https:\/\/www.mundusmaris.org\/de\/handwerklichen-fischerei-akademie\/make-fishing-fair\/\" aria-label=\"Make Fishing Fair\">\n\t\t\t\t\t\t\t<img decoding=\"async\" width=\"500\" height=\"377\" src=\"https:\/\/www.mundusmaris.org\/wp-content\/uploads\/2025\/11\/MakeFishingFairForum500.jpg\" class=\"attachment-full size-full wp-post-image\" alt=\"\" srcset=\"https:\/\/www.mundusmaris.org\/wp-content\/uploads\/2025\/11\/MakeFishingFairForum500-200x151.jpg 200w, https:\/\/www.mundusmaris.org\/wp-content\/uploads\/2025\/11\/MakeFishingFairForum500-400x302.jpg 400w, https:\/\/www.mundusmaris.org\/wp-content\/uploads\/2025\/11\/MakeFishingFairForum500.jpg 500w\" sizes=\"(min-width: 2200px) 100vw, (min-width: 784px) 373px, (min-width: 712px) 560px, (min-width: 640px) 712px, \" \/>\t\t\t<\/a>\n\t\t\t\t\t\t\t<\/div>\n<\/div><div class=\"fusion-meta-tb fusion-meta-tb-27 floated\" style=\"--awb-border-top:0px;--awb-height:36px;--awb-alignment-medium:flex-start;--awb-alignment-small:flex-start;\"><span class=\"fusion-tb-published-date\">Published On: 19. November 2025<\/span><span class=\"fusion-meta-tb-sep\"><\/span><\/div><div class=\"fusion-title title fusion-title-27 fusion-sep-none fusion-title-text fusion-title-size-four\" style=\"--awb-margin-top:20px;--awb-margin-right:20px;--awb-margin-bottom:20px;--awb-margin-left:20px;--awb-margin-top-small:10px;--awb-margin-right-small:0px;--awb-margin-bottom-small:10px;--awb-margin-left-small:0px;--awb-font-size:24px;\"><h4 class=\"fusion-title-heading title-heading-left\" style=\"font-family:&quot;IBM Plex Sans Condensed&quot;;font-style:normal;font-weight:500;margin:0;font-size:1em;line-height:1.2;\"><a href=\"https:\/\/www.mundusmaris.org\/de\/handwerklichen-fischerei-akademie\/make-fishing-fair\/\" class=\"awb-custom-text-color awb-custom-text-hover-color\" target=\"_self\">Make Fishing Fair<\/a><\/h4><\/div><\/div><\/li>\n<li class=\"fusion-layout-column fusion_builder_column fusion-builder-column-29 fusion-flex-column post-card fusion-grid-column fusion-post-cards-grid-column\" style=\"--awb-bg-color:var(--awb-color1);--awb-bg-color-hover:var(--awb-color1);--awb-bg-blend:overlay;--awb-bg-size:cover;--awb-flex-grow:0;--awb-flex-shrink:0;--awb-flex-grow-medium:;--awb-flex-shrink-medium:;--awb-flex-grow-small:;--awb-flex-shrink-small:;\" data-scroll-devices=\"small-visibility,medium-visibility,large-visibility\"><div class=\"fusion-column-wrapper fusion-column-has-shadow fusion-flex-justify-content-space-around fusion-content-layout-column\"><div class=\"fusion-classic-product-image-wrapper fusion-woo-product-image fusion-post-card-image fusion-post-card-image-1 has-aspect-ratio\" data-layout=\"static\" style=\"--awb-aspect-ratio:3 \/ 2;\"><div  class=\"fusion-image-wrapper\" aria-haspopup=\"true\">\n\t\t\t\t\t\t\t<a href=\"https:\/\/www.mundusmaris.org\/de\/meeresfruechte-die-wir-essen\/win-big-baltic-event\/\" aria-label=\"Win Big &#8211; Baltic Event\">\n\t\t\t\t\t\t\t<img decoding=\"async\" width=\"1712\" height=\"1310\" src=\"https:\/\/www.mundusmaris.org\/wp-content\/uploads\/2025\/11\/BannerAnnouncement.jpg\" class=\"attachment-full size-full wp-post-image\" alt=\"\" srcset=\"https:\/\/www.mundusmaris.org\/wp-content\/uploads\/2025\/11\/BannerAnnouncement-200x153.jpg 200w, https:\/\/www.mundusmaris.org\/wp-content\/uploads\/2025\/11\/BannerAnnouncement-400x306.jpg 400w, https:\/\/www.mundusmaris.org\/wp-content\/uploads\/2025\/11\/BannerAnnouncement-600x459.jpg 600w, https:\/\/www.mundusmaris.org\/wp-content\/uploads\/2025\/11\/BannerAnnouncement-800x612.jpg 800w, https:\/\/www.mundusmaris.org\/wp-content\/uploads\/2025\/11\/BannerAnnouncement-1200x918.jpg 1200w, https:\/\/www.mundusmaris.org\/wp-content\/uploads\/2025\/11\/BannerAnnouncement.jpg 1712w\" sizes=\"(min-width: 2200px) 100vw, (min-width: 784px) 373px, (min-width: 712px) 560px, (min-width: 640px) 712px, \" \/>\t\t\t<\/a>\n\t\t\t\t\t\t\t<\/div>\n<\/div><div class=\"fusion-meta-tb fusion-meta-tb-28 floated\" style=\"--awb-border-top:0px;--awb-height:36px;--awb-alignment-medium:flex-start;--awb-alignment-small:flex-start;\"><span class=\"fusion-tb-published-date\">Published On: 10. November 2025<\/span><span class=\"fusion-meta-tb-sep\"><\/span><\/div><div class=\"fusion-title title fusion-title-28 fusion-sep-none fusion-title-text fusion-title-size-four\" style=\"--awb-margin-top:20px;--awb-margin-right:20px;--awb-margin-bottom:20px;--awb-margin-left:20px;--awb-margin-top-small:10px;--awb-margin-right-small:0px;--awb-margin-bottom-small:10px;--awb-margin-left-small:0px;--awb-font-size:24px;\"><h4 class=\"fusion-title-heading title-heading-left\" style=\"font-family:&quot;IBM Plex Sans Condensed&quot;;font-style:normal;font-weight:500;margin:0;font-size:1em;line-height:1.2;\"><a href=\"https:\/\/www.mundusmaris.org\/de\/meeresfruechte-die-wir-essen\/win-big-baltic-event\/\" class=\"awb-custom-text-color awb-custom-text-hover-color\" target=\"_self\">Win Big &#8211; Baltic Event<\/a><\/h4><\/div><\/div><\/li>\n<li class=\"fusion-layout-column fusion_builder_column fusion-builder-column-30 fusion-flex-column post-card fusion-grid-column fusion-post-cards-grid-column\" style=\"--awb-bg-color:var(--awb-color1);--awb-bg-color-hover:var(--awb-color1);--awb-bg-blend:overlay;--awb-bg-size:cover;--awb-flex-grow:0;--awb-flex-shrink:0;--awb-flex-grow-medium:;--awb-flex-shrink-medium:;--awb-flex-grow-small:;--awb-flex-shrink-small:;\" data-scroll-devices=\"small-visibility,medium-visibility,large-visibility\"><div class=\"fusion-column-wrapper fusion-column-has-shadow fusion-flex-justify-content-space-around fusion-content-layout-column\"><div class=\"fusion-classic-product-image-wrapper fusion-woo-product-image fusion-post-card-image fusion-post-card-image-1 has-aspect-ratio\" data-layout=\"static\" style=\"--awb-aspect-ratio:3 \/ 2;\"><div  class=\"fusion-image-wrapper\" aria-haspopup=\"true\">\n\t\t\t\t\t\t\t<a href=\"https:\/\/www.mundusmaris.org\/de\/meereswissen-und-oeffentlichkeitsarbeit\/protecting-blue-horizons-in-argentinean-patagonia\/\" aria-label=\"Protecting Blue Horizons in Argentinean Patagonia\">\n\t\t\t\t\t\t\t<img decoding=\"async\" width=\"500\" height=\"500\" src=\"https:\/\/www.mundusmaris.org\/wp-content\/uploads\/2025\/11\/Feature500RolePlayRioNegro.jpg\" class=\"attachment-full size-full wp-post-image\" alt=\"\" srcset=\"https:\/\/www.mundusmaris.org\/wp-content\/uploads\/2025\/11\/Feature500RolePlayRioNegro-200x200.jpg 200w, https:\/\/www.mundusmaris.org\/wp-content\/uploads\/2025\/11\/Feature500RolePlayRioNegro-400x400.jpg 400w, https:\/\/www.mundusmaris.org\/wp-content\/uploads\/2025\/11\/Feature500RolePlayRioNegro.jpg 500w\" sizes=\"(min-width: 2200px) 100vw, (min-width: 784px) 373px, (min-width: 712px) 560px, (min-width: 640px) 712px, \" \/>\t\t\t<\/a>\n\t\t\t\t\t\t\t<\/div>\n<\/div><div class=\"fusion-meta-tb fusion-meta-tb-29 floated\" style=\"--awb-border-top:0px;--awb-height:36px;--awb-alignment-medium:flex-start;--awb-alignment-small:flex-start;\"><span class=\"fusion-tb-published-date\">Published On: 8. November 2025<\/span><span class=\"fusion-meta-tb-sep\"><\/span><\/div><div class=\"fusion-title title fusion-title-29 fusion-sep-none fusion-title-text fusion-title-size-four\" style=\"--awb-margin-top:20px;--awb-margin-right:20px;--awb-margin-bottom:20px;--awb-margin-left:20px;--awb-margin-top-small:10px;--awb-margin-right-small:0px;--awb-margin-bottom-small:10px;--awb-margin-left-small:0px;--awb-font-size:24px;\"><h4 class=\"fusion-title-heading title-heading-left\" style=\"font-family:&quot;IBM Plex Sans Condensed&quot;;font-style:normal;font-weight:500;margin:0;font-size:1em;line-height:1.2;\"><a href=\"https:\/\/www.mundusmaris.org\/de\/meereswissen-und-oeffentlichkeitsarbeit\/protecting-blue-horizons-in-argentinean-patagonia\/\" class=\"awb-custom-text-color awb-custom-text-hover-color\" target=\"_self\">Protecting Blue Horizons in Argentinean Patagonia<\/a><\/h4><\/div><\/div><\/li>\n<li class=\"fusion-layout-column fusion_builder_column fusion-builder-column-31 fusion-flex-column post-card fusion-grid-column fusion-post-cards-grid-column\" style=\"--awb-bg-color:var(--awb-color1);--awb-bg-color-hover:var(--awb-color1);--awb-bg-blend:overlay;--awb-bg-size:cover;--awb-flex-grow:0;--awb-flex-shrink:0;--awb-flex-grow-medium:;--awb-flex-shrink-medium:;--awb-flex-grow-small:;--awb-flex-shrink-small:;\" data-scroll-devices=\"small-visibility,medium-visibility,large-visibility\"><div class=\"fusion-column-wrapper fusion-column-has-shadow fusion-flex-justify-content-space-around fusion-content-layout-column\"><div class=\"fusion-classic-product-image-wrapper fusion-woo-product-image fusion-post-card-image fusion-post-card-image-1 has-aspect-ratio\" data-layout=\"static\" style=\"--awb-aspect-ratio:3 \/ 2;\"><div  class=\"fusion-image-wrapper\" aria-haspopup=\"true\">\n\t\t\t\t\t\t\t<a href=\"https:\/\/www.mundusmaris.org\/de\/aktivitaten\/stop-der-uberfischung\/stop-harmful-fisheries-subsidies-successful-step-one\/\" aria-label=\"Stop harmful fisheries subsidies &#8211; successful Step One!\">\n\t\t\t\t\t\t\t<img decoding=\"async\" width=\"500\" height=\"359\" src=\"https:\/\/www.mundusmaris.org\/wp-content\/uploads\/2025\/11\/MomentsOfCelebration500.jpg\" class=\"attachment-full size-full wp-post-image\" alt=\"\" srcset=\"https:\/\/www.mundusmaris.org\/wp-content\/uploads\/2025\/11\/MomentsOfCelebration500-200x144.jpg 200w, https:\/\/www.mundusmaris.org\/wp-content\/uploads\/2025\/11\/MomentsOfCelebration500-400x287.jpg 400w, https:\/\/www.mundusmaris.org\/wp-content\/uploads\/2025\/11\/MomentsOfCelebration500.jpg 500w\" sizes=\"(min-width: 2200px) 100vw, (min-width: 784px) 373px, (min-width: 712px) 560px, (min-width: 640px) 712px, \" \/>\t\t\t<\/a>\n\t\t\t\t\t\t\t<\/div>\n<\/div><div class=\"fusion-meta-tb fusion-meta-tb-30 floated\" style=\"--awb-border-top:0px;--awb-height:36px;--awb-alignment-medium:flex-start;--awb-alignment-small:flex-start;\"><span class=\"fusion-tb-published-date\">Published On: 2. November 2025<\/span><span class=\"fusion-meta-tb-sep\"><\/span><\/div><div class=\"fusion-title title fusion-title-30 fusion-sep-none fusion-title-text fusion-title-size-four\" style=\"--awb-margin-top:20px;--awb-margin-right:20px;--awb-margin-bottom:20px;--awb-margin-left:20px;--awb-margin-top-small:10px;--awb-margin-right-small:0px;--awb-margin-bottom-small:10px;--awb-margin-left-small:0px;--awb-font-size:24px;\"><h4 class=\"fusion-title-heading title-heading-left\" style=\"font-family:&quot;IBM Plex Sans Condensed&quot;;font-style:normal;font-weight:500;margin:0;font-size:1em;line-height:1.2;\"><a href=\"https:\/\/www.mundusmaris.org\/de\/aktivitaten\/stop-der-uberfischung\/stop-harmful-fisheries-subsidies-successful-step-one\/\" class=\"awb-custom-text-color awb-custom-text-hover-color\" target=\"_self\">Stop harmful fisheries subsidies &#8211; successful Step One!<\/a><\/h4><\/div><\/div><\/li>\n<li class=\"fusion-layout-column fusion_builder_column fusion-builder-column-32 fusion-flex-column post-card fusion-grid-column fusion-post-cards-grid-column\" style=\"--awb-bg-color:var(--awb-color1);--awb-bg-color-hover:var(--awb-color1);--awb-bg-blend:overlay;--awb-bg-size:cover;--awb-flex-grow:0;--awb-flex-shrink:0;--awb-flex-grow-medium:;--awb-flex-shrink-medium:;--awb-flex-grow-small:;--awb-flex-shrink-small:;\" data-scroll-devices=\"small-visibility,medium-visibility,large-visibility\"><div class=\"fusion-column-wrapper fusion-column-has-shadow fusion-flex-justify-content-space-around fusion-content-layout-column\"><div class=\"fusion-classic-product-image-wrapper fusion-woo-product-image fusion-post-card-image fusion-post-card-image-1 has-aspect-ratio\" data-layout=\"static\" style=\"--awb-aspect-ratio:3 \/ 2;\"><div  class=\"fusion-image-wrapper\" aria-haspopup=\"true\">\n\t\t\t\t\t\t\t<a href=\"https:\/\/www.mundusmaris.org\/de\/weltozeantag\/wod-2025-de\/ocean-protection-and-football-go-together-in-hann\/\" aria-label=\"Ocean Protection and Football go together in Hann\">\n\t\t\t\t\t\t\t<img decoding=\"async\" width=\"500\" height=\"462\" src=\"https:\/\/www.mundusmaris.org\/wp-content\/uploads\/2026\/02\/EnvironmentFootballClass_feature.jpg\" class=\"attachment-full size-full wp-post-image\" alt=\"\" srcset=\"https:\/\/www.mundusmaris.org\/wp-content\/uploads\/2026\/02\/EnvironmentFootballClass_feature-200x185.jpg 200w, https:\/\/www.mundusmaris.org\/wp-content\/uploads\/2026\/02\/EnvironmentFootballClass_feature-400x370.jpg 400w, https:\/\/www.mundusmaris.org\/wp-content\/uploads\/2026\/02\/EnvironmentFootballClass_feature.jpg 500w\" sizes=\"(min-width: 2200px) 100vw, (min-width: 784px) 373px, (min-width: 712px) 560px, (min-width: 640px) 712px, \" \/>\t\t\t<\/a>\n\t\t\t\t\t\t\t<\/div>\n<\/div><div class=\"fusion-meta-tb fusion-meta-tb-31 floated\" style=\"--awb-border-top:0px;--awb-height:36px;--awb-alignment-medium:flex-start;--awb-alignment-small:flex-start;\"><span class=\"fusion-tb-published-date\">Published On: 23. Oktober 2025<\/span><span class=\"fusion-meta-tb-sep\"><\/span><\/div><div class=\"fusion-title title fusion-title-31 fusion-sep-none fusion-title-text fusion-title-size-four\" style=\"--awb-margin-top:20px;--awb-margin-right:20px;--awb-margin-bottom:20px;--awb-margin-left:20px;--awb-margin-top-small:10px;--awb-margin-right-small:0px;--awb-margin-bottom-small:10px;--awb-margin-left-small:0px;--awb-font-size:24px;\"><h4 class=\"fusion-title-heading title-heading-left\" style=\"font-family:&quot;IBM Plex Sans Condensed&quot;;font-style:normal;font-weight:500;margin:0;font-size:1em;line-height:1.2;\"><a href=\"https:\/\/www.mundusmaris.org\/de\/weltozeantag\/wod-2025-de\/ocean-protection-and-football-go-together-in-hann\/\" class=\"awb-custom-text-color awb-custom-text-hover-color\" target=\"_self\">Ocean Protection and Football go together in Hann<\/a><\/h4><\/div><\/div><\/li>\n<li class=\"fusion-layout-column fusion_builder_column fusion-builder-column-33 fusion-flex-column post-card fusion-grid-column fusion-post-cards-grid-column\" style=\"--awb-bg-color:var(--awb-color1);--awb-bg-color-hover:var(--awb-color1);--awb-bg-blend:overlay;--awb-bg-size:cover;--awb-flex-grow:0;--awb-flex-shrink:0;--awb-flex-grow-medium:;--awb-flex-shrink-medium:;--awb-flex-grow-small:;--awb-flex-shrink-small:;\" data-scroll-devices=\"small-visibility,medium-visibility,large-visibility\"><div class=\"fusion-column-wrapper fusion-column-has-shadow fusion-flex-justify-content-space-around fusion-content-layout-column\"><div class=\"fusion-classic-product-image-wrapper fusion-woo-product-image fusion-post-card-image fusion-post-card-image-1 has-aspect-ratio\" data-layout=\"static\" style=\"--awb-aspect-ratio:3 \/ 2;\"><div  class=\"fusion-image-wrapper\" aria-haspopup=\"true\">\n\t\t\t\t\t\t\t<a href=\"https:\/\/www.mundusmaris.org\/de\/aktivitaten\/stop-der-uberfischung\/beifang-in-der-eu-fischerei-vom-bewusstwerden-zum-handeln\/\" aria-label=\"Beifang in der EU-Fischerei: Vom Bewusstwerden zum Handeln\">\n\t\t\t\t\t\t\t<img decoding=\"async\" width=\"500\" height=\"249\" src=\"https:\/\/www.mundusmaris.org\/wp-content\/uploads\/2025\/10\/Poster-500.jpg\" class=\"attachment-full size-full wp-post-image\" alt=\"\" srcset=\"https:\/\/www.mundusmaris.org\/wp-content\/uploads\/2025\/10\/Poster-500-200x100.jpg 200w, https:\/\/www.mundusmaris.org\/wp-content\/uploads\/2025\/10\/Poster-500-400x199.jpg 400w, https:\/\/www.mundusmaris.org\/wp-content\/uploads\/2025\/10\/Poster-500.jpg 500w\" sizes=\"(min-width: 2200px) 100vw, (min-width: 784px) 373px, (min-width: 712px) 560px, (min-width: 640px) 712px, \" \/>\t\t\t<\/a>\n\t\t\t\t\t\t\t<\/div>\n<\/div><div class=\"fusion-meta-tb fusion-meta-tb-32 floated\" style=\"--awb-border-top:0px;--awb-height:36px;--awb-alignment-medium:flex-start;--awb-alignment-small:flex-start;\"><span class=\"fusion-tb-published-date\">Published On: 19. Oktober 2025<\/span><span class=\"fusion-meta-tb-sep\"><\/span><\/div><div class=\"fusion-title title fusion-title-32 fusion-sep-none fusion-title-text fusion-title-size-four\" style=\"--awb-margin-top:20px;--awb-margin-right:20px;--awb-margin-bottom:20px;--awb-margin-left:20px;--awb-margin-top-small:10px;--awb-margin-right-small:0px;--awb-margin-bottom-small:10px;--awb-margin-left-small:0px;--awb-font-size:24px;\"><h4 class=\"fusion-title-heading title-heading-left\" style=\"font-family:&quot;IBM Plex Sans Condensed&quot;;font-style:normal;font-weight:500;margin:0;font-size:1em;line-height:1.2;\"><a href=\"https:\/\/www.mundusmaris.org\/de\/aktivitaten\/stop-der-uberfischung\/beifang-in-der-eu-fischerei-vom-bewusstwerden-zum-handeln\/\" class=\"awb-custom-text-color awb-custom-text-hover-color\" target=\"_self\">Beifang in der EU-Fischerei: Vom Bewusstwerden zum Handeln<\/a><\/h4><\/div><\/div><\/li>\n<li class=\"fusion-layout-column fusion_builder_column fusion-builder-column-34 fusion-flex-column post-card fusion-grid-column fusion-post-cards-grid-column\" style=\"--awb-bg-color:var(--awb-color1);--awb-bg-color-hover:var(--awb-color1);--awb-bg-blend:overlay;--awb-bg-size:cover;--awb-flex-grow:0;--awb-flex-shrink:0;--awb-flex-grow-medium:;--awb-flex-shrink-medium:;--awb-flex-grow-small:;--awb-flex-shrink-small:;\" data-scroll-devices=\"small-visibility,medium-visibility,large-visibility\"><div class=\"fusion-column-wrapper fusion-column-has-shadow fusion-flex-justify-content-space-around fusion-content-layout-column\"><div class=\"fusion-classic-product-image-wrapper fusion-woo-product-image fusion-post-card-image fusion-post-card-image-1 has-aspect-ratio\" data-layout=\"static\" style=\"--awb-aspect-ratio:3 \/ 2;\"><div  class=\"fusion-image-wrapper\" aria-haspopup=\"true\">\n\t\t\t\t\t\t\t<a href=\"https:\/\/www.mundusmaris.org\/de\/aktivitaten\/stop-der-uberfischung\/filmvorfuehrung-und-diskussion-ocean-mit-david-attenborough\/\" aria-label=\"Filmvorf\u00fchrung und Diskussion: OCEAN mit David Attenborough\">\n\t\t\t\t\t\t\t<img decoding=\"async\" width=\"500\" height=\"500\" src=\"https:\/\/www.mundusmaris.org\/wp-content\/uploads\/2025\/10\/square-ocean-week-2025-event-tiles-500.jpg\" class=\"attachment-full size-full wp-post-image\" alt=\"\" srcset=\"https:\/\/www.mundusmaris.org\/wp-content\/uploads\/2025\/10\/square-ocean-week-2025-event-tiles-500-200x200.jpg 200w, https:\/\/www.mundusmaris.org\/wp-content\/uploads\/2025\/10\/square-ocean-week-2025-event-tiles-500-400x400.jpg 400w, https:\/\/www.mundusmaris.org\/wp-content\/uploads\/2025\/10\/square-ocean-week-2025-event-tiles-500.jpg 500w\" sizes=\"(min-width: 2200px) 100vw, (min-width: 784px) 373px, (min-width: 712px) 560px, (min-width: 640px) 712px, \" \/>\t\t\t<\/a>\n\t\t\t\t\t\t\t<\/div>\n<\/div><div class=\"fusion-meta-tb fusion-meta-tb-33 floated\" style=\"--awb-border-top:0px;--awb-height:36px;--awb-alignment-medium:flex-start;--awb-alignment-small:flex-start;\"><span class=\"fusion-tb-published-date\">Published On: 16. Oktober 2025<\/span><span class=\"fusion-meta-tb-sep\"><\/span><\/div><div class=\"fusion-title title fusion-title-33 fusion-sep-none fusion-title-text fusion-title-size-four\" style=\"--awb-margin-top:20px;--awb-margin-right:20px;--awb-margin-bottom:20px;--awb-margin-left:20px;--awb-margin-top-small:10px;--awb-margin-right-small:0px;--awb-margin-bottom-small:10px;--awb-margin-left-small:0px;--awb-font-size:24px;\"><h4 class=\"fusion-title-heading title-heading-left\" style=\"font-family:&quot;IBM Plex Sans Condensed&quot;;font-style:normal;font-weight:500;margin:0;font-size:1em;line-height:1.2;\"><a href=\"https:\/\/www.mundusmaris.org\/de\/aktivitaten\/stop-der-uberfischung\/filmvorfuehrung-und-diskussion-ocean-mit-david-attenborough\/\" class=\"awb-custom-text-color awb-custom-text-hover-color\" target=\"_self\">Filmvorf\u00fchrung und Diskussion: OCEAN mit David Attenborough<\/a><\/h4><\/div><\/div><\/li>\n<li class=\"fusion-layout-column fusion_builder_column fusion-builder-column-35 fusion-flex-column post-card fusion-grid-column fusion-post-cards-grid-column\" style=\"--awb-bg-color:var(--awb-color1);--awb-bg-color-hover:var(--awb-color1);--awb-bg-blend:overlay;--awb-bg-size:cover;--awb-flex-grow:0;--awb-flex-shrink:0;--awb-flex-grow-medium:;--awb-flex-shrink-medium:;--awb-flex-grow-small:;--awb-flex-shrink-small:;\" data-scroll-devices=\"small-visibility,medium-visibility,large-visibility\"><div class=\"fusion-column-wrapper fusion-column-has-shadow fusion-flex-justify-content-space-around fusion-content-layout-column\"><div class=\"fusion-classic-product-image-wrapper fusion-woo-product-image fusion-post-card-image fusion-post-card-image-1 has-aspect-ratio\" data-layout=\"static\" style=\"--awb-aspect-ratio:3 \/ 2;\"><div  class=\"fusion-image-wrapper\" aria-haspopup=\"true\">\n\t\t\t\t\t\t\t<a href=\"https:\/\/www.mundusmaris.org\/de\/aktivitaten\/stop-der-uberfischung\/shark-lab-schutz-der-haie-fuer-ein-gesundes-meer\/\" aria-label=\"Shark Lab: Schutz der Haie f\u00fcr ein gesundes Meer\">\n\t\t\t\t\t\t\t<img decoding=\"async\" width=\"500\" height=\"333\" src=\"https:\/\/www.mundusmaris.org\/wp-content\/uploads\/2025\/10\/ConfiscatedFins.jpg\" class=\"attachment-full size-full wp-post-image\" alt=\"\" srcset=\"https:\/\/www.mundusmaris.org\/wp-content\/uploads\/2025\/10\/ConfiscatedFins-200x133.jpg 200w, https:\/\/www.mundusmaris.org\/wp-content\/uploads\/2025\/10\/ConfiscatedFins-400x266.jpg 400w, https:\/\/www.mundusmaris.org\/wp-content\/uploads\/2025\/10\/ConfiscatedFins.jpg 500w\" sizes=\"(min-width: 2200px) 100vw, (min-width: 784px) 373px, (min-width: 712px) 560px, (min-width: 640px) 712px, \" \/>\t\t\t<\/a>\n\t\t\t\t\t\t\t<\/div>\n<\/div><div class=\"fusion-meta-tb fusion-meta-tb-34 floated\" style=\"--awb-border-top:0px;--awb-height:36px;--awb-alignment-medium:flex-start;--awb-alignment-small:flex-start;\"><span class=\"fusion-tb-published-date\">Published On: 16. Oktober 2025<\/span><span class=\"fusion-meta-tb-sep\"><\/span><\/div><div class=\"fusion-title title fusion-title-34 fusion-sep-none fusion-title-text fusion-title-size-four\" style=\"--awb-margin-top:20px;--awb-margin-right:20px;--awb-margin-bottom:20px;--awb-margin-left:20px;--awb-margin-top-small:10px;--awb-margin-right-small:0px;--awb-margin-bottom-small:10px;--awb-margin-left-small:0px;--awb-font-size:24px;\"><h4 class=\"fusion-title-heading title-heading-left\" style=\"font-family:&quot;IBM Plex Sans Condensed&quot;;font-style:normal;font-weight:500;margin:0;font-size:1em;line-height:1.2;\"><a href=\"https:\/\/www.mundusmaris.org\/de\/aktivitaten\/stop-der-uberfischung\/shark-lab-schutz-der-haie-fuer-ein-gesundes-meer\/\" class=\"awb-custom-text-color awb-custom-text-hover-color\" target=\"_self\">Shark Lab: Schutz der Haie f\u00fcr ein gesundes Meer<\/a><\/h4><\/div><\/div><\/li>\n<li class=\"fusion-layout-column fusion_builder_column fusion-builder-column-36 fusion-flex-column post-card fusion-grid-column fusion-post-cards-grid-column\" style=\"--awb-bg-color:var(--awb-color1);--awb-bg-color-hover:var(--awb-color1);--awb-bg-blend:overlay;--awb-bg-size:cover;--awb-flex-grow:0;--awb-flex-shrink:0;--awb-flex-grow-medium:;--awb-flex-shrink-medium:;--awb-flex-grow-small:;--awb-flex-shrink-small:;\" data-scroll-devices=\"small-visibility,medium-visibility,large-visibility\"><div class=\"fusion-column-wrapper fusion-column-has-shadow fusion-flex-justify-content-space-around fusion-content-layout-column\"><div class=\"fusion-classic-product-image-wrapper fusion-woo-product-image fusion-post-card-image fusion-post-card-image-1 has-aspect-ratio\" data-layout=\"static\" style=\"--awb-aspect-ratio:3 \/ 2;\"><div  class=\"fusion-image-wrapper\" aria-haspopup=\"true\">\n\t\t\t\t\t\t\t<a href=\"https:\/\/www.mundusmaris.org\/de\/aktivitaten\/stop-der-uberfischung\/beispiele-fuer-einen-partnerschaftlichen-meeresschutz-aus-der-gesamten_eu\/\" aria-label=\"Beispiele f\u00fcr einen partnerschaftlichen Meeresschutz aus der gesamten EU\">\n\t\t\t\t\t\t\t<img decoding=\"async\" width=\"500\" height=\"355\" src=\"https:\/\/www.mundusmaris.org\/wp-content\/uploads\/2025\/10\/Announcement.jpg\" class=\"attachment-full size-full wp-post-image\" alt=\"\" srcset=\"https:\/\/www.mundusmaris.org\/wp-content\/uploads\/2025\/10\/Announcement-200x142.jpg 200w, https:\/\/www.mundusmaris.org\/wp-content\/uploads\/2025\/10\/Announcement-400x284.jpg 400w, https:\/\/www.mundusmaris.org\/wp-content\/uploads\/2025\/10\/Announcement.jpg 500w\" sizes=\"(min-width: 2200px) 100vw, (min-width: 784px) 373px, (min-width: 712px) 560px, (min-width: 640px) 712px, \" \/>\t\t\t<\/a>\n\t\t\t\t\t\t\t<\/div>\n<\/div><div class=\"fusion-meta-tb fusion-meta-tb-35 floated\" style=\"--awb-border-top:0px;--awb-height:36px;--awb-alignment-medium:flex-start;--awb-alignment-small:flex-start;\"><span class=\"fusion-tb-published-date\">Published On: 16. Oktober 2025<\/span><span class=\"fusion-meta-tb-sep\"><\/span><\/div><div class=\"fusion-title title fusion-title-35 fusion-sep-none fusion-title-text fusion-title-size-four\" style=\"--awb-margin-top:20px;--awb-margin-right:20px;--awb-margin-bottom:20px;--awb-margin-left:20px;--awb-margin-top-small:10px;--awb-margin-right-small:0px;--awb-margin-bottom-small:10px;--awb-margin-left-small:0px;--awb-font-size:24px;\"><h4 class=\"fusion-title-heading title-heading-left\" style=\"font-family:&quot;IBM Plex Sans Condensed&quot;;font-style:normal;font-weight:500;margin:0;font-size:1em;line-height:1.2;\"><a href=\"https:\/\/www.mundusmaris.org\/de\/aktivitaten\/stop-der-uberfischung\/beispiele-fuer-einen-partnerschaftlichen-meeresschutz-aus-der-gesamten_eu\/\" class=\"awb-custom-text-color awb-custom-text-hover-color\" target=\"_self\">Beispiele f\u00fcr einen partnerschaftlichen Meeresschutz aus der gesamten EU<\/a><\/h4><\/div><\/div><\/li>\n<li class=\"fusion-layout-column fusion_builder_column fusion-builder-column-37 fusion-flex-column post-card fusion-grid-column fusion-post-cards-grid-column\" style=\"--awb-bg-color:var(--awb-color1);--awb-bg-color-hover:var(--awb-color1);--awb-bg-blend:overlay;--awb-bg-size:cover;--awb-flex-grow:0;--awb-flex-shrink:0;--awb-flex-grow-medium:;--awb-flex-shrink-medium:;--awb-flex-grow-small:;--awb-flex-shrink-small:;\" data-scroll-devices=\"small-visibility,medium-visibility,large-visibility\"><div class=\"fusion-column-wrapper fusion-column-has-shadow fusion-flex-justify-content-space-around fusion-content-layout-column\"><div class=\"fusion-classic-product-image-wrapper fusion-woo-product-image fusion-post-card-image fusion-post-card-image-1 has-aspect-ratio\" data-layout=\"static\" style=\"--awb-aspect-ratio:3 \/ 2;\"><div  class=\"fusion-image-wrapper\" aria-haspopup=\"true\">\n\t\t\t\t\t\t\t<a href=\"https:\/\/www.mundusmaris.org\/de\/aktivitaten\/ozean-und-klimaschutz\/the-next-mff-rethinking-eu-funding-for-a-healthy-ocean-future\/\" aria-label=\"The next MFF: Rethinking EU funding for a healthy ocean future\">\n\t\t\t\t\t\t\t<img decoding=\"async\" width=\"500\" height=\"320\" src=\"https:\/\/www.mundusmaris.org\/wp-content\/uploads\/2025\/10\/OpeningRemarksByMEPStephanieYon-Courtin500.jpg\" class=\"attachment-full size-full wp-post-image\" alt=\"\" srcset=\"https:\/\/www.mundusmaris.org\/wp-content\/uploads\/2025\/10\/OpeningRemarksByMEPStephanieYon-Courtin500-200x128.jpg 200w, https:\/\/www.mundusmaris.org\/wp-content\/uploads\/2025\/10\/OpeningRemarksByMEPStephanieYon-Courtin500-400x256.jpg 400w, https:\/\/www.mundusmaris.org\/wp-content\/uploads\/2025\/10\/OpeningRemarksByMEPStephanieYon-Courtin500.jpg 500w\" sizes=\"(min-width: 2200px) 100vw, (min-width: 784px) 373px, (min-width: 712px) 560px, (min-width: 640px) 712px, \" \/>\t\t\t<\/a>\n\t\t\t\t\t\t\t<\/div>\n<\/div><div class=\"fusion-meta-tb fusion-meta-tb-36 floated\" style=\"--awb-border-top:0px;--awb-height:36px;--awb-alignment-medium:flex-start;--awb-alignment-small:flex-start;\"><span class=\"fusion-tb-published-date\">Published On: 15. Oktober 2025<\/span><span class=\"fusion-meta-tb-sep\"><\/span><\/div><div class=\"fusion-title title fusion-title-36 fusion-sep-none fusion-title-text fusion-title-size-four\" style=\"--awb-margin-top:20px;--awb-margin-right:20px;--awb-margin-bottom:20px;--awb-margin-left:20px;--awb-margin-top-small:10px;--awb-margin-right-small:0px;--awb-margin-bottom-small:10px;--awb-margin-left-small:0px;--awb-font-size:24px;\"><h4 class=\"fusion-title-heading title-heading-left\" style=\"font-family:&quot;IBM Plex Sans Condensed&quot;;font-style:normal;font-weight:500;margin:0;font-size:1em;line-height:1.2;\"><a href=\"https:\/\/www.mundusmaris.org\/de\/aktivitaten\/ozean-und-klimaschutz\/the-next-mff-rethinking-eu-funding-for-a-healthy-ocean-future\/\" class=\"awb-custom-text-color awb-custom-text-hover-color\" target=\"_self\">The next MFF: Rethinking EU funding for a healthy ocean future<\/a><\/h4><\/div><\/div><\/li>\n<li class=\"fusion-layout-column fusion_builder_column fusion-builder-column-38 fusion-flex-column post-card fusion-grid-column fusion-post-cards-grid-column\" style=\"--awb-bg-color:var(--awb-color1);--awb-bg-color-hover:var(--awb-color1);--awb-bg-blend:overlay;--awb-bg-size:cover;--awb-flex-grow:0;--awb-flex-shrink:0;--awb-flex-grow-medium:;--awb-flex-shrink-medium:;--awb-flex-grow-small:;--awb-flex-shrink-small:;\" data-scroll-devices=\"small-visibility,medium-visibility,large-visibility\"><div class=\"fusion-column-wrapper fusion-column-has-shadow fusion-flex-justify-content-space-around fusion-content-layout-column\"><div class=\"fusion-classic-product-image-wrapper fusion-woo-product-image fusion-post-card-image fusion-post-card-image-1 has-aspect-ratio\" data-layout=\"static\" style=\"--awb-aspect-ratio:3 \/ 2;\"><div  class=\"fusion-image-wrapper\" aria-haspopup=\"true\">\n\t\t\t\t\t\t\t<a href=\"\" aria-label=\"The Sea and Peace: Humanist Lessons from Erasmus and Grotius for the 21st Century\">\n\t\t\t\t\t\t\t\t\t\t<div class=\"fusion-placeholder-image\" data-origheight=\"150\" data-origwidth=\"100%\" style=\"width:100%;aspect-ratio:3 \/ 2;\"><\/div>\n\t\t\t\t\t<\/a>\n\t\t\t\t\t\t\t<\/div>\n<\/div><div class=\"fusion-meta-tb fusion-meta-tb-37 floated\" style=\"--awb-border-top:0px;--awb-height:36px;--awb-alignment-medium:flex-start;--awb-alignment-small:flex-start;\"><span class=\"fusion-tb-published-date\">Published On: 30. September 2025<\/span><span class=\"fusion-meta-tb-sep\"><\/span><\/div><div class=\"fusion-title title fusion-title-37 fusion-sep-none fusion-title-text fusion-title-size-four\" style=\"--awb-margin-top:20px;--awb-margin-right:20px;--awb-margin-bottom:20px;--awb-margin-left:20px;--awb-margin-top-small:10px;--awb-margin-right-small:0px;--awb-margin-bottom-small:10px;--awb-margin-left-small:0px;--awb-font-size:24px;\"><h4 class=\"fusion-title-heading title-heading-left\" style=\"font-family:&quot;IBM Plex Sans Condensed&quot;;font-style:normal;font-weight:500;margin:0;font-size:1em;line-height:1.2;\"><a href=\"https:\/\/www.mundusmaris.org\/de\/bucher\/the-sea-and-peace-humanist-lessons-from-erasmus-and-grotius-for-the-21st-century\/\" class=\"awb-custom-text-color awb-custom-text-hover-color\" target=\"_self\">The Sea and Peace: Humanist Lessons from Erasmus and Grotius for the 21st Century<\/a><\/h4><\/div><\/div><\/li>\n<li class=\"fusion-layout-column fusion_builder_column fusion-builder-column-39 fusion-flex-column post-card fusion-grid-column fusion-post-cards-grid-column\" style=\"--awb-bg-color:var(--awb-color1);--awb-bg-color-hover:var(--awb-color1);--awb-bg-blend:overlay;--awb-bg-size:cover;--awb-flex-grow:0;--awb-flex-shrink:0;--awb-flex-grow-medium:;--awb-flex-shrink-medium:;--awb-flex-grow-small:;--awb-flex-shrink-small:;\" data-scroll-devices=\"small-visibility,medium-visibility,large-visibility\"><div class=\"fusion-column-wrapper fusion-column-has-shadow fusion-flex-justify-content-space-around fusion-content-layout-column\"><div class=\"fusion-classic-product-image-wrapper fusion-woo-product-image fusion-post-card-image fusion-post-card-image-1 has-aspect-ratio\" data-layout=\"static\" style=\"--awb-aspect-ratio:3 \/ 2;\"><div  class=\"fusion-image-wrapper\" aria-haspopup=\"true\">\n\t\t\t\t\t\t\t<a href=\"https:\/\/www.mundusmaris.org\/de\/aktivitaten\/okosystem-basierte-fischerei\/empowering-coastal-voices\/\" aria-label=\"Empowering Coastal Voices\">\n\t\t\t\t\t\t\t<img decoding=\"async\" width=\"499\" height=\"330\" src=\"https:\/\/www.mundusmaris.org\/wp-content\/uploads\/2025\/10\/Feature-EmpowerUsFinalEvent.jpg\" class=\"attachment-full size-full wp-post-image\" alt=\"\" srcset=\"https:\/\/www.mundusmaris.org\/wp-content\/uploads\/2025\/10\/Feature-EmpowerUsFinalEvent-200x132.jpg 200w, https:\/\/www.mundusmaris.org\/wp-content\/uploads\/2025\/10\/Feature-EmpowerUsFinalEvent-400x265.jpg 400w, https:\/\/www.mundusmaris.org\/wp-content\/uploads\/2025\/10\/Feature-EmpowerUsFinalEvent.jpg 499w\" sizes=\"(min-width: 2200px) 100vw, (min-width: 784px) 373px, (min-width: 712px) 560px, (min-width: 640px) 712px, \" \/>\t\t\t<\/a>\n\t\t\t\t\t\t\t<\/div>\n<\/div><div class=\"fusion-meta-tb fusion-meta-tb-38 floated\" style=\"--awb-border-top:0px;--awb-height:36px;--awb-alignment-medium:flex-start;--awb-alignment-small:flex-start;\"><span class=\"fusion-tb-published-date\">Published On: 13. September 2025<\/span><span class=\"fusion-meta-tb-sep\"><\/span><\/div><div class=\"fusion-title title fusion-title-38 fusion-sep-none fusion-title-text fusion-title-size-four\" style=\"--awb-margin-top:20px;--awb-margin-right:20px;--awb-margin-bottom:20px;--awb-margin-left:20px;--awb-margin-top-small:10px;--awb-margin-right-small:0px;--awb-margin-bottom-small:10px;--awb-margin-left-small:0px;--awb-font-size:24px;\"><h4 class=\"fusion-title-heading title-heading-left\" style=\"font-family:&quot;IBM Plex Sans Condensed&quot;;font-style:normal;font-weight:500;margin:0;font-size:1em;line-height:1.2;\"><a href=\"https:\/\/www.mundusmaris.org\/de\/aktivitaten\/okosystem-basierte-fischerei\/empowering-coastal-voices\/\" class=\"awb-custom-text-color awb-custom-text-hover-color\" target=\"_self\">Empowering Coastal Voices<\/a><\/h4><\/div><\/div><\/li>\n<li class=\"fusion-layout-column fusion_builder_column fusion-builder-column-40 fusion-flex-column post-card fusion-grid-column fusion-post-cards-grid-column\" style=\"--awb-bg-color:var(--awb-color1);--awb-bg-color-hover:var(--awb-color1);--awb-bg-blend:overlay;--awb-bg-size:cover;--awb-flex-grow:0;--awb-flex-shrink:0;--awb-flex-grow-medium:;--awb-flex-shrink-medium:;--awb-flex-grow-small:;--awb-flex-shrink-small:;\" data-scroll-devices=\"small-visibility,medium-visibility,large-visibility\"><div class=\"fusion-column-wrapper fusion-column-has-shadow fusion-flex-justify-content-space-around fusion-content-layout-column\"><div class=\"fusion-classic-product-image-wrapper fusion-woo-product-image fusion-post-card-image fusion-post-card-image-1 has-aspect-ratio\" data-layout=\"static\" style=\"--awb-aspect-ratio:3 \/ 2;\"><div  class=\"fusion-image-wrapper\" aria-haspopup=\"true\">\n\t\t\t\t\t\t\t<a href=\"https:\/\/www.mundusmaris.org\/de\/aktivitaten\/ozean-und-klimaschutz\/beim-fishbase-sealifebase-symposium-in-bruessel-2-3-september-2025\/\" aria-label=\"Beim FishBase-SeaLifeBase Symposium in Br\u00fcssel, 2.-3. September 2025\">\n\t\t\t\t\t\t\t<img decoding=\"async\" width=\"500\" height=\"290\" src=\"https:\/\/www.mundusmaris.org\/wp-content\/uploads\/2025\/09\/SymposiumAnnouncement500.jpg\" class=\"attachment-full size-full wp-post-image\" alt=\"\" srcset=\"https:\/\/www.mundusmaris.org\/wp-content\/uploads\/2025\/09\/SymposiumAnnouncement500-200x116.jpg 200w, https:\/\/www.mundusmaris.org\/wp-content\/uploads\/2025\/09\/SymposiumAnnouncement500-400x232.jpg 400w, https:\/\/www.mundusmaris.org\/wp-content\/uploads\/2025\/09\/SymposiumAnnouncement500.jpg 500w\" sizes=\"(min-width: 2200px) 100vw, (min-width: 784px) 373px, (min-width: 712px) 560px, (min-width: 640px) 712px, \" \/>\t\t\t<\/a>\n\t\t\t\t\t\t\t<\/div>\n<\/div><div class=\"fusion-meta-tb fusion-meta-tb-39 floated\" style=\"--awb-border-top:0px;--awb-height:36px;--awb-alignment-medium:flex-start;--awb-alignment-small:flex-start;\"><span class=\"fusion-tb-published-date\">Published On: 6. September 2025<\/span><span class=\"fusion-meta-tb-sep\"><\/span><\/div><div class=\"fusion-title title fusion-title-39 fusion-sep-none fusion-title-text fusion-title-size-four\" style=\"--awb-margin-top:20px;--awb-margin-right:20px;--awb-margin-bottom:20px;--awb-margin-left:20px;--awb-margin-top-small:10px;--awb-margin-right-small:0px;--awb-margin-bottom-small:10px;--awb-margin-left-small:0px;--awb-font-size:24px;\"><h4 class=\"fusion-title-heading title-heading-left\" style=\"font-family:&quot;IBM Plex Sans Condensed&quot;;font-style:normal;font-weight:500;margin:0;font-size:1em;line-height:1.2;\"><a href=\"https:\/\/www.mundusmaris.org\/de\/aktivitaten\/ozean-und-klimaschutz\/beim-fishbase-sealifebase-symposium-in-bruessel-2-3-september-2025\/\" class=\"awb-custom-text-color awb-custom-text-hover-color\" target=\"_self\">Beim FishBase-SeaLifeBase Symposium in Br\u00fcssel, 2.-3. September 2025<\/a><\/h4><\/div><\/div><\/li>\n<li class=\"fusion-layout-column fusion_builder_column fusion-builder-column-41 fusion-flex-column post-card fusion-grid-column fusion-post-cards-grid-column\" style=\"--awb-bg-color:var(--awb-color1);--awb-bg-color-hover:var(--awb-color1);--awb-bg-blend:overlay;--awb-bg-size:cover;--awb-flex-grow:0;--awb-flex-shrink:0;--awb-flex-grow-medium:;--awb-flex-shrink-medium:;--awb-flex-grow-small:;--awb-flex-shrink-small:;\" data-scroll-devices=\"small-visibility,medium-visibility,large-visibility\"><div class=\"fusion-column-wrapper fusion-column-has-shadow fusion-flex-justify-content-space-around fusion-content-layout-column\"><div class=\"fusion-classic-product-image-wrapper fusion-woo-product-image fusion-post-card-image fusion-post-card-image-1 has-aspect-ratio\" data-layout=\"static\" style=\"--awb-aspect-ratio:3 \/ 2;\"><div  class=\"fusion-image-wrapper\" aria-haspopup=\"true\">\n\t\t\t\t\t\t\t<a href=\"https:\/\/www.mundusmaris.org\/de\/bucher\/navigate-species-you-see-in-nature\/\" aria-label=\"Navigate species you see in nature\">\n\t\t\t\t\t\t\t<img decoding=\"async\" width=\"500\" height=\"590\" src=\"https:\/\/www.mundusmaris.org\/wp-content\/uploads\/2025\/09\/ParasitesOfAfricanFreshwaterFishes_feature.jpg\" class=\"attachment-full size-full wp-post-image\" alt=\"\" srcset=\"https:\/\/www.mundusmaris.org\/wp-content\/uploads\/2025\/09\/ParasitesOfAfricanFreshwaterFishes_feature-200x236.jpg 200w, https:\/\/www.mundusmaris.org\/wp-content\/uploads\/2025\/09\/ParasitesOfAfricanFreshwaterFishes_feature-400x472.jpg 400w, https:\/\/www.mundusmaris.org\/wp-content\/uploads\/2025\/09\/ParasitesOfAfricanFreshwaterFishes_feature.jpg 500w\" sizes=\"(min-width: 2200px) 100vw, (min-width: 784px) 373px, (min-width: 712px) 560px, (min-width: 640px) 712px, \" \/>\t\t\t<\/a>\n\t\t\t\t\t\t\t<\/div>\n<\/div><div class=\"fusion-meta-tb fusion-meta-tb-40 floated\" style=\"--awb-border-top:0px;--awb-height:36px;--awb-alignment-medium:flex-start;--awb-alignment-small:flex-start;\"><span class=\"fusion-tb-published-date\">Published On: 6. September 2025<\/span><span class=\"fusion-meta-tb-sep\"><\/span><\/div><div class=\"fusion-title title fusion-title-40 fusion-sep-none fusion-title-text fusion-title-size-four\" style=\"--awb-margin-top:20px;--awb-margin-right:20px;--awb-margin-bottom:20px;--awb-margin-left:20px;--awb-margin-top-small:10px;--awb-margin-right-small:0px;--awb-margin-bottom-small:10px;--awb-margin-left-small:0px;--awb-font-size:24px;\"><h4 class=\"fusion-title-heading title-heading-left\" style=\"font-family:&quot;IBM Plex Sans Condensed&quot;;font-style:normal;font-weight:500;margin:0;font-size:1em;line-height:1.2;\"><a href=\"https:\/\/www.mundusmaris.org\/de\/bucher\/navigate-species-you-see-in-nature\/\" class=\"awb-custom-text-color awb-custom-text-hover-color\" target=\"_self\">Navigate species you see in nature<\/a><\/h4><\/div><\/div><\/li>\n<li class=\"fusion-layout-column fusion_builder_column fusion-builder-column-42 fusion-flex-column post-card fusion-grid-column fusion-post-cards-grid-column\" style=\"--awb-bg-color:var(--awb-color1);--awb-bg-color-hover:var(--awb-color1);--awb-bg-blend:overlay;--awb-bg-size:cover;--awb-flex-grow:0;--awb-flex-shrink:0;--awb-flex-grow-medium:;--awb-flex-shrink-medium:;--awb-flex-grow-small:;--awb-flex-shrink-small:;\" data-scroll-devices=\"small-visibility,medium-visibility,large-visibility\"><div class=\"fusion-column-wrapper fusion-column-has-shadow fusion-flex-justify-content-space-around fusion-content-layout-column\"><div class=\"fusion-classic-product-image-wrapper fusion-woo-product-image fusion-post-card-image fusion-post-card-image-1 has-aspect-ratio\" data-layout=\"static\" style=\"--awb-aspect-ratio:3 \/ 2;\"><div  class=\"fusion-image-wrapper\" aria-haspopup=\"true\">\n\t\t\t\t\t\t\t<a href=\"https:\/\/www.mundusmaris.org\/de\/aktivitaten\/okosystem-basierte-fischerei\/mundus-maris-mit-dem_jugendparlament-in-hilden-deutschland-23-august-2025\/\" aria-label=\"Mundus maris mit dem Jugendparlament in Hilden, Deutschland, 23. August 2025\">\n\t\t\t\t\t\t\t<img decoding=\"async\" width=\"500\" height=\"465\" src=\"https:\/\/www.mundusmaris.org\/wp-content\/uploads\/2025\/08\/AnkuendigungFeature.jpg\" class=\"attachment-full size-full wp-post-image\" alt=\"\" srcset=\"https:\/\/www.mundusmaris.org\/wp-content\/uploads\/2025\/08\/AnkuendigungFeature-200x186.jpg 200w, https:\/\/www.mundusmaris.org\/wp-content\/uploads\/2025\/08\/AnkuendigungFeature-400x372.jpg 400w, https:\/\/www.mundusmaris.org\/wp-content\/uploads\/2025\/08\/AnkuendigungFeature.jpg 500w\" sizes=\"(min-width: 2200px) 100vw, (min-width: 784px) 373px, (min-width: 712px) 560px, (min-width: 640px) 712px, \" \/>\t\t\t<\/a>\n\t\t\t\t\t\t\t<\/div>\n<\/div><div class=\"fusion-meta-tb fusion-meta-tb-41 floated\" style=\"--awb-border-top:0px;--awb-height:36px;--awb-alignment-medium:flex-start;--awb-alignment-small:flex-start;\"><span class=\"fusion-tb-published-date\">Published On: 25. August 2025<\/span><span class=\"fusion-meta-tb-sep\"><\/span><\/div><div class=\"fusion-title title fusion-title-41 fusion-sep-none fusion-title-text fusion-title-size-four\" style=\"--awb-margin-top:20px;--awb-margin-right:20px;--awb-margin-bottom:20px;--awb-margin-left:20px;--awb-margin-top-small:10px;--awb-margin-right-small:0px;--awb-margin-bottom-small:10px;--awb-margin-left-small:0px;--awb-font-size:24px;\"><h4 class=\"fusion-title-heading title-heading-left\" style=\"font-family:&quot;IBM Plex Sans Condensed&quot;;font-style:normal;font-weight:500;margin:0;font-size:1em;line-height:1.2;\"><a href=\"https:\/\/www.mundusmaris.org\/de\/aktivitaten\/okosystem-basierte-fischerei\/mundus-maris-mit-dem_jugendparlament-in-hilden-deutschland-23-august-2025\/\" class=\"awb-custom-text-color awb-custom-text-hover-color\" target=\"_self\">Mundus maris mit dem Jugendparlament in Hilden, Deutschland, 23. August 2025<\/a><\/h4><\/div><\/div><\/li>\n<li class=\"fusion-layout-column fusion_builder_column fusion-builder-column-43 fusion-flex-column post-card fusion-grid-column fusion-post-cards-grid-column\" style=\"--awb-bg-color:var(--awb-color1);--awb-bg-color-hover:var(--awb-color1);--awb-bg-blend:overlay;--awb-bg-size:cover;--awb-flex-grow:0;--awb-flex-shrink:0;--awb-flex-grow-medium:;--awb-flex-shrink-medium:;--awb-flex-grow-small:;--awb-flex-shrink-small:;\" data-scroll-devices=\"small-visibility,medium-visibility,large-visibility\"><div class=\"fusion-column-wrapper fusion-column-has-shadow fusion-flex-justify-content-space-around fusion-content-layout-column\"><div class=\"fusion-classic-product-image-wrapper fusion-woo-product-image fusion-post-card-image fusion-post-card-image-1 has-aspect-ratio\" data-layout=\"static\" style=\"--awb-aspect-ratio:3 \/ 2;\"><div  class=\"fusion-image-wrapper\" aria-haspopup=\"true\">\n\t\t\t\t\t\t\t<a href=\"https:\/\/www.mundusmaris.org\/de\/aktivitaten\/ozean-und-klimaschutz\/mundus-maris-at-the-start-of-the-ocean-race-europe\/\" aria-label=\"Mundus maris at the start of the Ocean Race Europe\">\n\t\t\t\t\t\t\t<img decoding=\"async\" width=\"500\" height=\"472\" src=\"https:\/\/www.mundusmaris.org\/wp-content\/uploads\/2025\/08\/MundusmarisBooth500.jpg\" class=\"attachment-full size-full wp-post-image\" alt=\"\" srcset=\"https:\/\/www.mundusmaris.org\/wp-content\/uploads\/2025\/08\/MundusmarisBooth500-200x189.jpg 200w, https:\/\/www.mundusmaris.org\/wp-content\/uploads\/2025\/08\/MundusmarisBooth500-400x378.jpg 400w, https:\/\/www.mundusmaris.org\/wp-content\/uploads\/2025\/08\/MundusmarisBooth500.jpg 500w\" sizes=\"(min-width: 2200px) 100vw, (min-width: 784px) 373px, (min-width: 712px) 560px, (min-width: 640px) 712px, \" \/>\t\t\t<\/a>\n\t\t\t\t\t\t\t<\/div>\n<\/div><div class=\"fusion-meta-tb fusion-meta-tb-42 floated\" style=\"--awb-border-top:0px;--awb-height:36px;--awb-alignment-medium:flex-start;--awb-alignment-small:flex-start;\"><span class=\"fusion-tb-published-date\">Published On: 11. August 2025<\/span><span class=\"fusion-meta-tb-sep\"><\/span><\/div><div class=\"fusion-title title fusion-title-42 fusion-sep-none fusion-title-text fusion-title-size-four\" style=\"--awb-margin-top:20px;--awb-margin-right:20px;--awb-margin-bottom:20px;--awb-margin-left:20px;--awb-margin-top-small:10px;--awb-margin-right-small:0px;--awb-margin-bottom-small:10px;--awb-margin-left-small:0px;--awb-font-size:24px;\"><h4 class=\"fusion-title-heading title-heading-left\" style=\"font-family:&quot;IBM Plex Sans Condensed&quot;;font-style:normal;font-weight:500;margin:0;font-size:1em;line-height:1.2;\"><a href=\"https:\/\/www.mundusmaris.org\/de\/aktivitaten\/ozean-und-klimaschutz\/mundus-maris-at-the-start-of-the-ocean-race-europe\/\" class=\"awb-custom-text-color awb-custom-text-hover-color\" target=\"_self\">Mundus maris at the start of the Ocean Race Europe<\/a><\/h4><\/div><\/div><\/li>\n<li class=\"fusion-layout-column fusion_builder_column fusion-builder-column-44 fusion-flex-column post-card fusion-grid-column fusion-post-cards-grid-column\" style=\"--awb-bg-color:var(--awb-color1);--awb-bg-color-hover:var(--awb-color1);--awb-bg-blend:overlay;--awb-bg-size:cover;--awb-flex-grow:0;--awb-flex-shrink:0;--awb-flex-grow-medium:;--awb-flex-shrink-medium:;--awb-flex-grow-small:;--awb-flex-shrink-small:;\" data-scroll-devices=\"small-visibility,medium-visibility,large-visibility\"><div class=\"fusion-column-wrapper fusion-column-has-shadow fusion-flex-justify-content-space-around fusion-content-layout-column\"><div class=\"fusion-classic-product-image-wrapper fusion-woo-product-image fusion-post-card-image fusion-post-card-image-1 has-aspect-ratio\" data-layout=\"static\" style=\"--awb-aspect-ratio:3 \/ 2;\"><div  class=\"fusion-image-wrapper\" aria-haspopup=\"true\">\n\t\t\t\t\t\t\t<a href=\"https:\/\/www.mundusmaris.org\/de\/zwischen-tradition-und-modernitaet\/the-fishing-cycle\/\" aria-label=\"The fishing cycle\">\n\t\t\t\t\t\t\t<img decoding=\"async\" width=\"500\" height=\"354\" src=\"https:\/\/www.mundusmaris.org\/wp-content\/uploads\/2025\/08\/IlCicloDellaPesca500px.jpg\" class=\"attachment-full size-full wp-post-image\" alt=\"\" srcset=\"https:\/\/www.mundusmaris.org\/wp-content\/uploads\/2025\/08\/IlCicloDellaPesca500px-200x142.jpg 200w, https:\/\/www.mundusmaris.org\/wp-content\/uploads\/2025\/08\/IlCicloDellaPesca500px-400x283.jpg 400w, https:\/\/www.mundusmaris.org\/wp-content\/uploads\/2025\/08\/IlCicloDellaPesca500px.jpg 500w\" sizes=\"(min-width: 2200px) 100vw, (min-width: 784px) 373px, (min-width: 712px) 560px, (min-width: 640px) 712px, \" \/>\t\t\t<\/a>\n\t\t\t\t\t\t\t<\/div>\n<\/div><div class=\"fusion-meta-tb fusion-meta-tb-43 floated\" style=\"--awb-border-top:0px;--awb-height:36px;--awb-alignment-medium:flex-start;--awb-alignment-small:flex-start;\"><span class=\"fusion-tb-published-date\">Published On: 6. August 2025<\/span><span class=\"fusion-meta-tb-sep\"><\/span><\/div><div class=\"fusion-title title fusion-title-43 fusion-sep-none fusion-title-text fusion-title-size-four\" style=\"--awb-margin-top:20px;--awb-margin-right:20px;--awb-margin-bottom:20px;--awb-margin-left:20px;--awb-margin-top-small:10px;--awb-margin-right-small:0px;--awb-margin-bottom-small:10px;--awb-margin-left-small:0px;--awb-font-size:24px;\"><h4 class=\"fusion-title-heading title-heading-left\" style=\"font-family:&quot;IBM Plex Sans Condensed&quot;;font-style:normal;font-weight:500;margin:0;font-size:1em;line-height:1.2;\"><a href=\"https:\/\/www.mundusmaris.org\/de\/zwischen-tradition-und-modernitaet\/the-fishing-cycle\/\" class=\"awb-custom-text-color awb-custom-text-hover-color\" target=\"_self\">The fishing cycle<\/a><\/h4><\/div><\/div><\/li>\n<li class=\"fusion-layout-column fusion_builder_column fusion-builder-column-45 fusion-flex-column post-card fusion-grid-column fusion-post-cards-grid-column\" style=\"--awb-bg-color:var(--awb-color1);--awb-bg-color-hover:var(--awb-color1);--awb-bg-blend:overlay;--awb-bg-size:cover;--awb-flex-grow:0;--awb-flex-shrink:0;--awb-flex-grow-medium:;--awb-flex-shrink-medium:;--awb-flex-grow-small:;--awb-flex-shrink-small:;\" data-scroll-devices=\"small-visibility,medium-visibility,large-visibility\"><div class=\"fusion-column-wrapper fusion-column-has-shadow fusion-flex-justify-content-space-around fusion-content-layout-column\"><div class=\"fusion-classic-product-image-wrapper fusion-woo-product-image fusion-post-card-image fusion-post-card-image-1 has-aspect-ratio\" data-layout=\"static\" style=\"--awb-aspect-ratio:3 \/ 2;\"><div  class=\"fusion-image-wrapper\" aria-haspopup=\"true\">\n\t\t\t\t\t\t\t<a href=\"https:\/\/www.mundusmaris.org\/de\/aktivitaten\/ozean-und-klimaschutz\/wissenschaft-recht-und-gesellschaft-treffen-bei-unoc3-auf-den-ozean\/\" aria-label=\"Wissenschaft, Recht und Gesellschaft treffen bei UNOC3 auf den Ozean\">\n\t\t\t\t\t\t\t<img decoding=\"async\" width=\"500\" height=\"428\" src=\"https:\/\/www.mundusmaris.org\/wp-content\/uploads\/2025\/08\/AnotherOceanIsPossible-rotated.jpg\" class=\"attachment-full size-full wp-post-image\" alt=\"\" srcset=\"https:\/\/www.mundusmaris.org\/wp-content\/uploads\/2025\/08\/AnotherOceanIsPossible-200x171.jpg 200w, https:\/\/www.mundusmaris.org\/wp-content\/uploads\/2025\/08\/AnotherOceanIsPossible-400x342.jpg 400w, https:\/\/www.mundusmaris.org\/wp-content\/uploads\/2025\/08\/AnotherOceanIsPossible-rotated.jpg 500w\" sizes=\"(min-width: 2200px) 100vw, (min-width: 784px) 373px, (min-width: 712px) 560px, (min-width: 640px) 712px, \" \/>\t\t\t<\/a>\n\t\t\t\t\t\t\t<\/div>\n<\/div><div class=\"fusion-meta-tb fusion-meta-tb-44 floated\" style=\"--awb-border-top:0px;--awb-height:36px;--awb-alignment-medium:flex-start;--awb-alignment-small:flex-start;\"><span class=\"fusion-tb-published-date\">Published On: 5. August 2025<\/span><span class=\"fusion-meta-tb-sep\"><\/span><\/div><div class=\"fusion-title title fusion-title-44 fusion-sep-none fusion-title-text fusion-title-size-four\" style=\"--awb-margin-top:20px;--awb-margin-right:20px;--awb-margin-bottom:20px;--awb-margin-left:20px;--awb-margin-top-small:10px;--awb-margin-right-small:0px;--awb-margin-bottom-small:10px;--awb-margin-left-small:0px;--awb-font-size:24px;\"><h4 class=\"fusion-title-heading title-heading-left\" style=\"font-family:&quot;IBM Plex Sans Condensed&quot;;font-style:normal;font-weight:500;margin:0;font-size:1em;line-height:1.2;\"><a href=\"https:\/\/www.mundusmaris.org\/de\/aktivitaten\/ozean-und-klimaschutz\/wissenschaft-recht-und-gesellschaft-treffen-bei-unoc3-auf-den-ozean\/\" class=\"awb-custom-text-color awb-custom-text-hover-color\" target=\"_self\">Wissenschaft, Recht und Gesellschaft treffen bei UNOC3 auf den Ozean<\/a><\/h4><\/div><\/div><\/li>\n<li class=\"fusion-layout-column fusion_builder_column fusion-builder-column-46 fusion-flex-column post-card fusion-grid-column fusion-post-cards-grid-column\" style=\"--awb-bg-color:var(--awb-color1);--awb-bg-color-hover:var(--awb-color1);--awb-bg-blend:overlay;--awb-bg-size:cover;--awb-flex-grow:0;--awb-flex-shrink:0;--awb-flex-grow-medium:;--awb-flex-shrink-medium:;--awb-flex-grow-small:;--awb-flex-shrink-small:;\" data-scroll-devices=\"small-visibility,medium-visibility,large-visibility\"><div class=\"fusion-column-wrapper fusion-column-has-shadow fusion-flex-justify-content-space-around fusion-content-layout-column\"><div class=\"fusion-classic-product-image-wrapper fusion-woo-product-image fusion-post-card-image fusion-post-card-image-1 has-aspect-ratio\" data-layout=\"static\" style=\"--awb-aspect-ratio:3 \/ 2;\"><div  class=\"fusion-image-wrapper\" aria-haspopup=\"true\">\n\t\t\t\t\t\t\t<a href=\"https:\/\/www.mundusmaris.org\/de\/handwerklichen-fischerei-akademie\/ueberfischung-durch-auslaendische-fischerei-verschaerft-senegals-toedliche-migrationskrise-nach-europa\/\" aria-label=\"\u00dcberfischung durch ausl\u00e4ndische Fischerei versch\u00e4rft Senegals t\u00f6dliche Migrationskrise nach Europa\">\n\t\t\t\t\t\t\t<img decoding=\"async\" width=\"500\" height=\"375\" src=\"https:\/\/www.mundusmaris.org\/wp-content\/uploads\/2025\/07\/senegal-1852316_MarieVicatPixabay500.jpg\" class=\"attachment-full size-full wp-post-image\" alt=\"\" srcset=\"https:\/\/www.mundusmaris.org\/wp-content\/uploads\/2025\/07\/senegal-1852316_MarieVicatPixabay500-200x150.jpg 200w, https:\/\/www.mundusmaris.org\/wp-content\/uploads\/2025\/07\/senegal-1852316_MarieVicatPixabay500-400x300.jpg 400w, https:\/\/www.mundusmaris.org\/wp-content\/uploads\/2025\/07\/senegal-1852316_MarieVicatPixabay500.jpg 500w\" sizes=\"(min-width: 2200px) 100vw, (min-width: 784px) 373px, (min-width: 712px) 560px, (min-width: 640px) 712px, \" \/>\t\t\t<\/a>\n\t\t\t\t\t\t\t<\/div>\n<\/div><div class=\"fusion-meta-tb fusion-meta-tb-45 floated\" style=\"--awb-border-top:0px;--awb-height:36px;--awb-alignment-medium:flex-start;--awb-alignment-small:flex-start;\"><span class=\"fusion-tb-published-date\">Published On: 20. Juli 2025<\/span><span class=\"fusion-meta-tb-sep\"><\/span><\/div><div class=\"fusion-title title fusion-title-45 fusion-sep-none fusion-title-text fusion-title-size-four\" style=\"--awb-margin-top:20px;--awb-margin-right:20px;--awb-margin-bottom:20px;--awb-margin-left:20px;--awb-margin-top-small:10px;--awb-margin-right-small:0px;--awb-margin-bottom-small:10px;--awb-margin-left-small:0px;--awb-font-size:24px;\"><h4 class=\"fusion-title-heading title-heading-left\" style=\"font-family:&quot;IBM Plex Sans Condensed&quot;;font-style:normal;font-weight:500;margin:0;font-size:1em;line-height:1.2;\"><a href=\"https:\/\/www.mundusmaris.org\/de\/handwerklichen-fischerei-akademie\/ueberfischung-durch-auslaendische-fischerei-verschaerft-senegals-toedliche-migrationskrise-nach-europa\/\" class=\"awb-custom-text-color awb-custom-text-hover-color\" target=\"_self\">\u00dcberfischung durch ausl\u00e4ndische Fischerei versch\u00e4rft Senegals t\u00f6dliche Migrationskrise nach Europa<\/a><\/h4><\/div><\/div><\/li>\n<li class=\"fusion-layout-column fusion_builder_column fusion-builder-column-47 fusion-flex-column post-card fusion-grid-column fusion-post-cards-grid-column\" style=\"--awb-bg-color:var(--awb-color1);--awb-bg-color-hover:var(--awb-color1);--awb-bg-blend:overlay;--awb-bg-size:cover;--awb-flex-grow:0;--awb-flex-shrink:0;--awb-flex-grow-medium:;--awb-flex-shrink-medium:;--awb-flex-grow-small:;--awb-flex-shrink-small:;\" data-scroll-devices=\"small-visibility,medium-visibility,large-visibility\"><div class=\"fusion-column-wrapper fusion-column-has-shadow fusion-flex-justify-content-space-around fusion-content-layout-column\"><div class=\"fusion-classic-product-image-wrapper fusion-woo-product-image fusion-post-card-image fusion-post-card-image-1 has-aspect-ratio\" data-layout=\"static\" style=\"--awb-aspect-ratio:3 \/ 2;\"><div  class=\"fusion-image-wrapper\" aria-haspopup=\"true\">\n\t\t\t\t\t\t\t<a href=\"https:\/\/www.mundusmaris.org\/de\/handwerklichen-fischerei-akademie\/mundus-maris-at-mare-2025\/\" aria-label=\"Mundus maris at MARE 2025\">\n\t\t\t\t\t\t\t<img decoding=\"async\" width=\"500\" height=\"298\" src=\"https:\/\/www.mundusmaris.org\/wp-content\/uploads\/2025\/08\/banner-rkxecww3wx4s-3257804687.jpg\" class=\"attachment-full size-full wp-post-image\" alt=\"\" srcset=\"https:\/\/www.mundusmaris.org\/wp-content\/uploads\/2025\/08\/banner-rkxecww3wx4s-3257804687-200x119.jpg 200w, https:\/\/www.mundusmaris.org\/wp-content\/uploads\/2025\/08\/banner-rkxecww3wx4s-3257804687-400x238.jpg 400w, https:\/\/www.mundusmaris.org\/wp-content\/uploads\/2025\/08\/banner-rkxecww3wx4s-3257804687.jpg 500w\" sizes=\"(min-width: 2200px) 100vw, (min-width: 784px) 373px, (min-width: 712px) 560px, (min-width: 640px) 712px, \" \/>\t\t\t<\/a>\n\t\t\t\t\t\t\t<\/div>\n<\/div><div class=\"fusion-meta-tb fusion-meta-tb-46 floated\" style=\"--awb-border-top:0px;--awb-height:36px;--awb-alignment-medium:flex-start;--awb-alignment-small:flex-start;\"><span class=\"fusion-tb-published-date\">Published On: 30. Juni 2025<\/span><span class=\"fusion-meta-tb-sep\"><\/span><\/div><div class=\"fusion-title title fusion-title-46 fusion-sep-none fusion-title-text fusion-title-size-four\" style=\"--awb-margin-top:20px;--awb-margin-right:20px;--awb-margin-bottom:20px;--awb-margin-left:20px;--awb-margin-top-small:10px;--awb-margin-right-small:0px;--awb-margin-bottom-small:10px;--awb-margin-left-small:0px;--awb-font-size:24px;\"><h4 class=\"fusion-title-heading title-heading-left\" style=\"font-family:&quot;IBM Plex Sans Condensed&quot;;font-style:normal;font-weight:500;margin:0;font-size:1em;line-height:1.2;\"><a href=\"https:\/\/www.mundusmaris.org\/de\/handwerklichen-fischerei-akademie\/mundus-maris-at-mare-2025\/\" class=\"awb-custom-text-color awb-custom-text-hover-color\" target=\"_self\">Mundus maris at MARE 2025<\/a><\/h4><\/div><\/div><\/li>\n<li class=\"fusion-layout-column fusion_builder_column fusion-builder-column-48 fusion-flex-column post-card fusion-grid-column fusion-post-cards-grid-column\" style=\"--awb-bg-color:var(--awb-color1);--awb-bg-color-hover:var(--awb-color1);--awb-bg-blend:overlay;--awb-bg-size:cover;--awb-flex-grow:0;--awb-flex-shrink:0;--awb-flex-grow-medium:;--awb-flex-shrink-medium:;--awb-flex-grow-small:;--awb-flex-shrink-small:;\" data-scroll-devices=\"small-visibility,medium-visibility,large-visibility\"><div class=\"fusion-column-wrapper fusion-column-has-shadow fusion-flex-justify-content-space-around fusion-content-layout-column\"><div class=\"fusion-classic-product-image-wrapper fusion-woo-product-image fusion-post-card-image fusion-post-card-image-1 has-aspect-ratio\" data-layout=\"static\" style=\"--awb-aspect-ratio:3 \/ 2;\"><div  class=\"fusion-image-wrapper\" aria-haspopup=\"true\">\n\t\t\t\t\t\t\t<a href=\"https:\/\/www.mundusmaris.org\/de\/weltozeantag\/wod-2025-de\/weltozeantag-2025-erhalten-was-uns-erhaelt-workshop-zu-fischerei-journalismus-und-zur-bedeutung-von-rollenspielen\/\" aria-label=\"Welt-Ozeantag 2025: \u201eErhalten, was uns erh\u00e4lt\u201c \u2013 Workshop zu Fischerei-Journalismus und zur Bedeutung von Rollenspielen\">\n\t\t\t\t\t\t\t<img decoding=\"async\" width=\"500\" height=\"333\" src=\"https:\/\/www.mundusmaris.org\/wp-content\/uploads\/2025\/06\/ParticipantRepresentingIndustrialTrawlers500.jpg\" class=\"attachment-full size-full wp-post-image\" alt=\"\" srcset=\"https:\/\/www.mundusmaris.org\/wp-content\/uploads\/2025\/06\/ParticipantRepresentingIndustrialTrawlers500-200x133.jpg 200w, https:\/\/www.mundusmaris.org\/wp-content\/uploads\/2025\/06\/ParticipantRepresentingIndustrialTrawlers500-400x266.jpg 400w, https:\/\/www.mundusmaris.org\/wp-content\/uploads\/2025\/06\/ParticipantRepresentingIndustrialTrawlers500.jpg 500w\" sizes=\"(min-width: 2200px) 100vw, (min-width: 784px) 373px, (min-width: 712px) 560px, (min-width: 640px) 712px, \" \/>\t\t\t<\/a>\n\t\t\t\t\t\t\t<\/div>\n<\/div><div class=\"fusion-meta-tb fusion-meta-tb-47 floated\" style=\"--awb-border-top:0px;--awb-height:36px;--awb-alignment-medium:flex-start;--awb-alignment-small:flex-start;\"><span class=\"fusion-tb-published-date\">Published On: 27. Juni 2025<\/span><span class=\"fusion-meta-tb-sep\"><\/span><\/div><div class=\"fusion-title title fusion-title-47 fusion-sep-none fusion-title-text fusion-title-size-four\" style=\"--awb-margin-top:20px;--awb-margin-right:20px;--awb-margin-bottom:20px;--awb-margin-left:20px;--awb-margin-top-small:10px;--awb-margin-right-small:0px;--awb-margin-bottom-small:10px;--awb-margin-left-small:0px;--awb-font-size:24px;\"><h4 class=\"fusion-title-heading title-heading-left\" style=\"font-family:&quot;IBM Plex Sans Condensed&quot;;font-style:normal;font-weight:500;margin:0;font-size:1em;line-height:1.2;\"><a href=\"https:\/\/www.mundusmaris.org\/de\/weltozeantag\/wod-2025-de\/weltozeantag-2025-erhalten-was-uns-erhaelt-workshop-zu-fischerei-journalismus-und-zur-bedeutung-von-rollenspielen\/\" class=\"awb-custom-text-color awb-custom-text-hover-color\" target=\"_self\">Welt-Ozeantag 2025: \u201eErhalten, was uns erh\u00e4lt\u201c \u2013 Workshop zu Fischerei-Journalismus und zur Bedeutung von Rollenspielen<\/a><\/h4><\/div><\/div><\/li>\n<li class=\"fusion-layout-column fusion_builder_column fusion-builder-column-49 fusion-flex-column post-card fusion-grid-column fusion-post-cards-grid-column\" style=\"--awb-bg-color:var(--awb-color1);--awb-bg-color-hover:var(--awb-color1);--awb-bg-blend:overlay;--awb-bg-size:cover;--awb-flex-grow:0;--awb-flex-shrink:0;--awb-flex-grow-medium:;--awb-flex-shrink-medium:;--awb-flex-grow-small:;--awb-flex-shrink-small:;\" data-scroll-devices=\"small-visibility,medium-visibility,large-visibility\"><div class=\"fusion-column-wrapper fusion-column-has-shadow fusion-flex-justify-content-space-around fusion-content-layout-column\"><div class=\"fusion-classic-product-image-wrapper fusion-woo-product-image fusion-post-card-image fusion-post-card-image-1 has-aspect-ratio\" data-layout=\"static\" style=\"--awb-aspect-ratio:3 \/ 2;\"><div  class=\"fusion-image-wrapper\" aria-haspopup=\"true\">\n\t\t\t\t\t\t\t<a href=\"https:\/\/www.mundusmaris.org\/de\/filme\/plastik-odyssee-mehr-als-ein-weiterer-film-gegen-plastikmuell-im-meer\/\" aria-label=\"Plastik Odyssee &#8211; mehr als ein weiterer Film gegen Plastikm\u00fcll im Meer\">\n\t\t\t\t\t\t\t<img decoding=\"async\" width=\"500\" height=\"356\" src=\"https:\/\/www.mundusmaris.org\/wp-content\/uploads\/2025\/06\/PlasticOdysseyFeature.jpg\" class=\"attachment-full size-full wp-post-image\" alt=\"\" srcset=\"https:\/\/www.mundusmaris.org\/wp-content\/uploads\/2025\/06\/PlasticOdysseyFeature-200x142.jpg 200w, https:\/\/www.mundusmaris.org\/wp-content\/uploads\/2025\/06\/PlasticOdysseyFeature-400x285.jpg 400w, https:\/\/www.mundusmaris.org\/wp-content\/uploads\/2025\/06\/PlasticOdysseyFeature.jpg 500w\" sizes=\"(min-width: 2200px) 100vw, (min-width: 784px) 373px, (min-width: 712px) 560px, (min-width: 640px) 712px, \" \/>\t\t\t<\/a>\n\t\t\t\t\t\t\t<\/div>\n<\/div><div class=\"fusion-meta-tb fusion-meta-tb-48 floated\" style=\"--awb-border-top:0px;--awb-height:36px;--awb-alignment-medium:flex-start;--awb-alignment-small:flex-start;\"><span class=\"fusion-tb-published-date\">Published On: 18. Juni 2025<\/span><span class=\"fusion-meta-tb-sep\"><\/span><\/div><div class=\"fusion-title title fusion-title-48 fusion-sep-none fusion-title-text fusion-title-size-four\" style=\"--awb-margin-top:20px;--awb-margin-right:20px;--awb-margin-bottom:20px;--awb-margin-left:20px;--awb-margin-top-small:10px;--awb-margin-right-small:0px;--awb-margin-bottom-small:10px;--awb-margin-left-small:0px;--awb-font-size:24px;\"><h4 class=\"fusion-title-heading title-heading-left\" style=\"font-family:&quot;IBM Plex Sans Condensed&quot;;font-style:normal;font-weight:500;margin:0;font-size:1em;line-height:1.2;\"><a href=\"https:\/\/www.mundusmaris.org\/de\/filme\/plastik-odyssee-mehr-als-ein-weiterer-film-gegen-plastikmuell-im-meer\/\" class=\"awb-custom-text-color awb-custom-text-hover-color\" target=\"_self\">Plastik Odyssee &#8211; mehr als ein weiterer Film gegen Plastikm\u00fcll im Meer<\/a><\/h4><\/div><\/div><\/li>\n<li class=\"fusion-layout-column fusion_builder_column fusion-builder-column-50 fusion-flex-column post-card fusion-grid-column fusion-post-cards-grid-column\" style=\"--awb-bg-color:var(--awb-color1);--awb-bg-color-hover:var(--awb-color1);--awb-bg-blend:overlay;--awb-bg-size:cover;--awb-flex-grow:0;--awb-flex-shrink:0;--awb-flex-grow-medium:;--awb-flex-shrink-medium:;--awb-flex-grow-small:;--awb-flex-shrink-small:;\" data-scroll-devices=\"small-visibility,medium-visibility,large-visibility\"><div class=\"fusion-column-wrapper fusion-column-has-shadow fusion-flex-justify-content-space-around fusion-content-layout-column\"><div class=\"fusion-classic-product-image-wrapper fusion-woo-product-image fusion-post-card-image fusion-post-card-image-1 has-aspect-ratio\" data-layout=\"static\" style=\"--awb-aspect-ratio:3 \/ 2;\"><div  class=\"fusion-image-wrapper\" aria-haspopup=\"true\">\n\t\t\t\t\t\t\t<a href=\"https:\/\/www.mundusmaris.org\/de\/weltozeantag\/wod-2025-de\/die-makoko-saeuberungsaktion-zum-welt-ozean-tag-in-nigeria\/\" aria-label=\"Die Makoko-S\u00e4uberungsaktion zum Welt-Ozean-Tag in Nigeria\">\n\t\t\t\t\t\t\t<img decoding=\"async\" width=\"500\" height=\"390\" src=\"https:\/\/www.mundusmaris.org\/wp-content\/uploads\/2025\/07\/MakokoCleanFeature.jpg\" class=\"attachment-full size-full wp-post-image\" alt=\"\" srcset=\"https:\/\/www.mundusmaris.org\/wp-content\/uploads\/2025\/07\/MakokoCleanFeature-200x156.jpg 200w, https:\/\/www.mundusmaris.org\/wp-content\/uploads\/2025\/07\/MakokoCleanFeature-400x312.jpg 400w, https:\/\/www.mundusmaris.org\/wp-content\/uploads\/2025\/07\/MakokoCleanFeature.jpg 500w\" sizes=\"(min-width: 2200px) 100vw, (min-width: 784px) 373px, (min-width: 712px) 560px, (min-width: 640px) 712px, \" \/>\t\t\t<\/a>\n\t\t\t\t\t\t\t<\/div>\n<\/div><div class=\"fusion-meta-tb fusion-meta-tb-49 floated\" style=\"--awb-border-top:0px;--awb-height:36px;--awb-alignment-medium:flex-start;--awb-alignment-small:flex-start;\"><span class=\"fusion-tb-published-date\">Published On: 15. Juni 2025<\/span><span class=\"fusion-meta-tb-sep\"><\/span><\/div><div class=\"fusion-title title fusion-title-49 fusion-sep-none fusion-title-text fusion-title-size-four\" style=\"--awb-margin-top:20px;--awb-margin-right:20px;--awb-margin-bottom:20px;--awb-margin-left:20px;--awb-margin-top-small:10px;--awb-margin-right-small:0px;--awb-margin-bottom-small:10px;--awb-margin-left-small:0px;--awb-font-size:24px;\"><h4 class=\"fusion-title-heading title-heading-left\" style=\"font-family:&quot;IBM Plex Sans Condensed&quot;;font-style:normal;font-weight:500;margin:0;font-size:1em;line-height:1.2;\"><a href=\"https:\/\/www.mundusmaris.org\/de\/weltozeantag\/wod-2025-de\/die-makoko-saeuberungsaktion-zum-welt-ozean-tag-in-nigeria\/\" class=\"awb-custom-text-color awb-custom-text-hover-color\" target=\"_self\">Die Makoko-S\u00e4uberungsaktion zum Welt-Ozean-Tag in Nigeria<\/a><\/h4><\/div><\/div><\/li>\n<li class=\"fusion-layout-column fusion_builder_column fusion-builder-column-51 fusion-flex-column post-card fusion-grid-column fusion-post-cards-grid-column\" style=\"--awb-bg-color:var(--awb-color1);--awb-bg-color-hover:var(--awb-color1);--awb-bg-blend:overlay;--awb-bg-size:cover;--awb-flex-grow:0;--awb-flex-shrink:0;--awb-flex-grow-medium:;--awb-flex-shrink-medium:;--awb-flex-grow-small:;--awb-flex-shrink-small:;\" data-scroll-devices=\"small-visibility,medium-visibility,large-visibility\"><div class=\"fusion-column-wrapper fusion-column-has-shadow fusion-flex-justify-content-space-around fusion-content-layout-column\"><div class=\"fusion-classic-product-image-wrapper fusion-woo-product-image fusion-post-card-image fusion-post-card-image-1 has-aspect-ratio\" data-layout=\"static\" style=\"--awb-aspect-ratio:3 \/ 2;\"><div  class=\"fusion-image-wrapper\" aria-haspopup=\"true\">\n\t\t\t\t\t\t\t<a href=\"https:\/\/www.mundusmaris.org\/de\/weltozeantag\/wod-2025-de\/2025-mundus-maris-weltozeantag-in-akure-nigeria\/\" aria-label=\"2025 Mundus maris Weltozeantag in Akure, Nigeria\">\n\t\t\t\t\t\t\t<img decoding=\"async\" width=\"500\" height=\"503\" src=\"https:\/\/www.mundusmaris.org\/wp-content\/uploads\/2025\/06\/WOD2025-AnnouncementPoster-500.jpg\" class=\"attachment-full size-full wp-post-image\" alt=\"\" srcset=\"https:\/\/www.mundusmaris.org\/wp-content\/uploads\/2025\/06\/WOD2025-AnnouncementPoster-500-200x201.jpg 200w, https:\/\/www.mundusmaris.org\/wp-content\/uploads\/2025\/06\/WOD2025-AnnouncementPoster-500-400x402.jpg 400w, https:\/\/www.mundusmaris.org\/wp-content\/uploads\/2025\/06\/WOD2025-AnnouncementPoster-500.jpg 500w\" sizes=\"(min-width: 2200px) 100vw, (min-width: 784px) 373px, (min-width: 712px) 560px, (min-width: 640px) 712px, \" \/>\t\t\t<\/a>\n\t\t\t\t\t\t\t<\/div>\n<\/div><div class=\"fusion-meta-tb fusion-meta-tb-50 floated\" style=\"--awb-border-top:0px;--awb-height:36px;--awb-alignment-medium:flex-start;--awb-alignment-small:flex-start;\"><span class=\"fusion-tb-published-date\">Published On: 14. Juni 2025<\/span><span class=\"fusion-meta-tb-sep\"><\/span><\/div><div class=\"fusion-title title fusion-title-50 fusion-sep-none fusion-title-text fusion-title-size-four\" style=\"--awb-margin-top:20px;--awb-margin-right:20px;--awb-margin-bottom:20px;--awb-margin-left:20px;--awb-margin-top-small:10px;--awb-margin-right-small:0px;--awb-margin-bottom-small:10px;--awb-margin-left-small:0px;--awb-font-size:24px;\"><h4 class=\"fusion-title-heading title-heading-left\" style=\"font-family:&quot;IBM Plex Sans Condensed&quot;;font-style:normal;font-weight:500;margin:0;font-size:1em;line-height:1.2;\"><a href=\"https:\/\/www.mundusmaris.org\/de\/weltozeantag\/wod-2025-de\/2025-mundus-maris-weltozeantag-in-akure-nigeria\/\" class=\"awb-custom-text-color awb-custom-text-hover-color\" target=\"_self\">2025 Mundus maris Weltozeantag in Akure, Nigeria<\/a><\/h4><\/div><\/div><\/li>\n<li class=\"fusion-layout-column fusion_builder_column fusion-builder-column-52 fusion-flex-column post-card fusion-grid-column fusion-post-cards-grid-column\" style=\"--awb-bg-color:var(--awb-color1);--awb-bg-color-hover:var(--awb-color1);--awb-bg-blend:overlay;--awb-bg-size:cover;--awb-flex-grow:0;--awb-flex-shrink:0;--awb-flex-grow-medium:;--awb-flex-shrink-medium:;--awb-flex-grow-small:;--awb-flex-shrink-small:;\" data-scroll-devices=\"small-visibility,medium-visibility,large-visibility\"><div class=\"fusion-column-wrapper fusion-column-has-shadow fusion-flex-justify-content-space-around fusion-content-layout-column\"><div class=\"fusion-classic-product-image-wrapper fusion-woo-product-image fusion-post-card-image fusion-post-card-image-1 has-aspect-ratio\" data-layout=\"static\" style=\"--awb-aspect-ratio:3 \/ 2;\"><div  class=\"fusion-image-wrapper\" aria-haspopup=\"true\">\n\t\t\t\t\t\t\t<a href=\"https:\/\/www.mundusmaris.org\/de\/aktivitaten\/stop-der-uberfischung\/ein-paar-weitere-hoehepunkte-der-unoc3\/\" aria-label=\"Ein paar weitere H\u00f6hepunkte der UNOC3\">\n\t\t\t\t\t\t\t<img decoding=\"async\" width=\"500\" height=\"313\" src=\"https:\/\/www.mundusmaris.org\/wp-content\/uploads\/2025\/07\/BaseCampRiseUp.jpg\" class=\"attachment-full size-full wp-post-image\" alt=\"\" srcset=\"https:\/\/www.mundusmaris.org\/wp-content\/uploads\/2025\/07\/BaseCampRiseUp-200x125.jpg 200w, https:\/\/www.mundusmaris.org\/wp-content\/uploads\/2025\/07\/BaseCampRiseUp-400x250.jpg 400w, https:\/\/www.mundusmaris.org\/wp-content\/uploads\/2025\/07\/BaseCampRiseUp.jpg 500w\" sizes=\"(min-width: 2200px) 100vw, (min-width: 784px) 373px, (min-width: 712px) 560px, (min-width: 640px) 712px, \" \/>\t\t\t<\/a>\n\t\t\t\t\t\t\t<\/div>\n<\/div><div class=\"fusion-meta-tb fusion-meta-tb-51 floated\" style=\"--awb-border-top:0px;--awb-height:36px;--awb-alignment-medium:flex-start;--awb-alignment-small:flex-start;\"><span class=\"fusion-tb-published-date\">Published On: 13. Juni 2025<\/span><span class=\"fusion-meta-tb-sep\"><\/span><\/div><div class=\"fusion-title title fusion-title-51 fusion-sep-none fusion-title-text fusion-title-size-four\" style=\"--awb-margin-top:20px;--awb-margin-right:20px;--awb-margin-bottom:20px;--awb-margin-left:20px;--awb-margin-top-small:10px;--awb-margin-right-small:0px;--awb-margin-bottom-small:10px;--awb-margin-left-small:0px;--awb-font-size:24px;\"><h4 class=\"fusion-title-heading title-heading-left\" style=\"font-family:&quot;IBM Plex Sans Condensed&quot;;font-style:normal;font-weight:500;margin:0;font-size:1em;line-height:1.2;\"><a href=\"https:\/\/www.mundusmaris.org\/de\/aktivitaten\/stop-der-uberfischung\/ein-paar-weitere-hoehepunkte-der-unoc3\/\" class=\"awb-custom-text-color awb-custom-text-hover-color\" target=\"_self\">Ein paar weitere H\u00f6hepunkte der UNOC3<\/a><\/h4><\/div><\/div><\/li>\n<li class=\"fusion-layout-column fusion_builder_column fusion-builder-column-53 fusion-flex-column post-card fusion-grid-column fusion-post-cards-grid-column\" style=\"--awb-bg-color:var(--awb-color1);--awb-bg-color-hover:var(--awb-color1);--awb-bg-blend:overlay;--awb-bg-size:cover;--awb-flex-grow:0;--awb-flex-shrink:0;--awb-flex-grow-medium:;--awb-flex-shrink-medium:;--awb-flex-grow-small:;--awb-flex-shrink-small:;\" data-scroll-devices=\"small-visibility,medium-visibility,large-visibility\"><div class=\"fusion-column-wrapper fusion-column-has-shadow fusion-flex-justify-content-space-around fusion-content-layout-column\"><div class=\"fusion-classic-product-image-wrapper fusion-woo-product-image fusion-post-card-image fusion-post-card-image-1 has-aspect-ratio\" data-layout=\"static\" style=\"--awb-aspect-ratio:3 \/ 2;\"><div  class=\"fusion-image-wrapper\" aria-haspopup=\"true\">\n\t\t\t\t\t\t\t<a href=\"https:\/\/www.mundusmaris.org\/de\/handwerklichen-fischerei-akademie\/handwerkliche-fischerei-im-mittelpunkt-von-meeresbewirtschaftung-und-ernaehrungssicherheit\/\" aria-label=\"Handwerkliche Fischerei im Mittelpunkt von Meeresbewirtschaftung und Ern\u00e4hrungssicherheit\">\n\t\t\t\t\t\t\t<img decoding=\"async\" width=\"500\" height=\"331\" src=\"https:\/\/www.mundusmaris.org\/wp-content\/uploads\/2025\/06\/ZoilaBustamanteConapachChile-1.jpg\" class=\"attachment-full size-full wp-post-image\" alt=\"\" srcset=\"https:\/\/www.mundusmaris.org\/wp-content\/uploads\/2025\/06\/ZoilaBustamanteConapachChile-1-200x132.jpg 200w, https:\/\/www.mundusmaris.org\/wp-content\/uploads\/2025\/06\/ZoilaBustamanteConapachChile-1-400x265.jpg 400w, https:\/\/www.mundusmaris.org\/wp-content\/uploads\/2025\/06\/ZoilaBustamanteConapachChile-1.jpg 500w\" sizes=\"(min-width: 2200px) 100vw, (min-width: 784px) 373px, (min-width: 712px) 560px, (min-width: 640px) 712px, \" \/>\t\t\t<\/a>\n\t\t\t\t\t\t\t<\/div>\n<\/div><div class=\"fusion-meta-tb fusion-meta-tb-52 floated\" style=\"--awb-border-top:0px;--awb-height:36px;--awb-alignment-medium:flex-start;--awb-alignment-small:flex-start;\"><span class=\"fusion-tb-published-date\">Published On: 13. Juni 2025<\/span><span class=\"fusion-meta-tb-sep\"><\/span><\/div><div class=\"fusion-title title fusion-title-52 fusion-sep-none fusion-title-text fusion-title-size-four\" style=\"--awb-margin-top:20px;--awb-margin-right:20px;--awb-margin-bottom:20px;--awb-margin-left:20px;--awb-margin-top-small:10px;--awb-margin-right-small:0px;--awb-margin-bottom-small:10px;--awb-margin-left-small:0px;--awb-font-size:24px;\"><h4 class=\"fusion-title-heading title-heading-left\" style=\"font-family:&quot;IBM Plex Sans Condensed&quot;;font-style:normal;font-weight:500;margin:0;font-size:1em;line-height:1.2;\"><a href=\"https:\/\/www.mundusmaris.org\/de\/handwerklichen-fischerei-akademie\/handwerkliche-fischerei-im-mittelpunkt-von-meeresbewirtschaftung-und-ernaehrungssicherheit\/\" class=\"awb-custom-text-color awb-custom-text-hover-color\" target=\"_self\">Handwerkliche Fischerei im Mittelpunkt von Meeresbewirtschaftung und Ern\u00e4hrungssicherheit<\/a><\/h4><\/div><\/div><\/li>\n<li class=\"fusion-layout-column fusion_builder_column fusion-builder-column-54 fusion-flex-column post-card fusion-grid-column fusion-post-cards-grid-column\" style=\"--awb-bg-color:var(--awb-color1);--awb-bg-color-hover:var(--awb-color1);--awb-bg-blend:overlay;--awb-bg-size:cover;--awb-flex-grow:0;--awb-flex-shrink:0;--awb-flex-grow-medium:;--awb-flex-shrink-medium:;--awb-flex-grow-small:;--awb-flex-shrink-small:;\" data-scroll-devices=\"small-visibility,medium-visibility,large-visibility\"><div class=\"fusion-column-wrapper fusion-column-has-shadow fusion-flex-justify-content-space-around fusion-content-layout-column\"><div class=\"fusion-classic-product-image-wrapper fusion-woo-product-image fusion-post-card-image fusion-post-card-image-1 has-aspect-ratio\" data-layout=\"static\" style=\"--awb-aspect-ratio:3 \/ 2;\"><div  class=\"fusion-image-wrapper\" aria-haspopup=\"true\">\n\t\t\t\t\t\t\t<a href=\"https:\/\/www.mundusmaris.org\/de\/aktivitaten\/ozean-und-klimaschutz\/die-vier-blauen-notizbuecher-waren-ein-durchschlagender-erfolg-bei-der-unoc3\/\" aria-label=\"Die vier blauen Notizb\u00fccher waren ein durchschlagender Erfolg bei der UNOC3\">\n\t\t\t\t\t\t\t<img decoding=\"async\" width=\"500\" height=\"375\" src=\"https:\/\/www.mundusmaris.org\/wp-content\/uploads\/2025\/06\/NoteBookFeature.jpg\" class=\"attachment-full size-full wp-post-image\" alt=\"\" srcset=\"https:\/\/www.mundusmaris.org\/wp-content\/uploads\/2025\/06\/NoteBookFeature-200x150.jpg 200w, https:\/\/www.mundusmaris.org\/wp-content\/uploads\/2025\/06\/NoteBookFeature-400x300.jpg 400w, https:\/\/www.mundusmaris.org\/wp-content\/uploads\/2025\/06\/NoteBookFeature.jpg 500w\" sizes=\"(min-width: 2200px) 100vw, (min-width: 784px) 373px, (min-width: 712px) 560px, (min-width: 640px) 712px, \" \/>\t\t\t<\/a>\n\t\t\t\t\t\t\t<\/div>\n<\/div><div class=\"fusion-meta-tb fusion-meta-tb-53 floated\" style=\"--awb-border-top:0px;--awb-height:36px;--awb-alignment-medium:flex-start;--awb-alignment-small:flex-start;\"><span class=\"fusion-tb-published-date\">Published On: 11. Juni 2025<\/span><span class=\"fusion-meta-tb-sep\"><\/span><\/div><div class=\"fusion-title title fusion-title-53 fusion-sep-none fusion-title-text fusion-title-size-four\" style=\"--awb-margin-top:20px;--awb-margin-right:20px;--awb-margin-bottom:20px;--awb-margin-left:20px;--awb-margin-top-small:10px;--awb-margin-right-small:0px;--awb-margin-bottom-small:10px;--awb-margin-left-small:0px;--awb-font-size:24px;\"><h4 class=\"fusion-title-heading title-heading-left\" style=\"font-family:&quot;IBM Plex Sans Condensed&quot;;font-style:normal;font-weight:500;margin:0;font-size:1em;line-height:1.2;\"><a href=\"https:\/\/www.mundusmaris.org\/de\/aktivitaten\/ozean-und-klimaschutz\/die-vier-blauen-notizbuecher-waren-ein-durchschlagender-erfolg-bei-der-unoc3\/\" class=\"awb-custom-text-color awb-custom-text-hover-color\" target=\"_self\">Die vier blauen Notizb\u00fccher waren ein durchschlagender Erfolg bei der UNOC3<\/a><\/h4><\/div><\/div><\/li>\n<li class=\"fusion-layout-column fusion_builder_column fusion-builder-column-55 fusion-flex-column post-card fusion-grid-column fusion-post-cards-grid-column\" style=\"--awb-bg-color:var(--awb-color1);--awb-bg-color-hover:var(--awb-color1);--awb-bg-blend:overlay;--awb-bg-size:cover;--awb-flex-grow:0;--awb-flex-shrink:0;--awb-flex-grow-medium:;--awb-flex-shrink-medium:;--awb-flex-grow-small:;--awb-flex-shrink-small:;\" data-scroll-devices=\"small-visibility,medium-visibility,large-visibility\"><div class=\"fusion-column-wrapper fusion-column-has-shadow fusion-flex-justify-content-space-around fusion-content-layout-column\"><div class=\"fusion-classic-product-image-wrapper fusion-woo-product-image fusion-post-card-image fusion-post-card-image-1 has-aspect-ratio\" data-layout=\"static\" style=\"--awb-aspect-ratio:3 \/ 2;\"><div  class=\"fusion-image-wrapper\" aria-haspopup=\"true\">\n\t\t\t\t\t\t\t<a href=\"https:\/\/www.mundusmaris.org\/de\/aktivitaten\/ozean-und-klimaschutz\/von-der-kueste-zum-gipfel-einer-der-hoehepunkte-der-unoc3\/\" aria-label=\"Von der K\u00fcste zum Gipfel &#8211; einer der H\u00f6hepunkte der UNOC3\">\n\t\t\t\t\t\t\t<img decoding=\"async\" width=\"500\" height=\"333\" src=\"https:\/\/www.mundusmaris.org\/wp-content\/uploads\/2025\/07\/PackedAudience.jpg\" class=\"attachment-full size-full wp-post-image\" alt=\"\" srcset=\"https:\/\/www.mundusmaris.org\/wp-content\/uploads\/2025\/07\/PackedAudience-200x133.jpg 200w, https:\/\/www.mundusmaris.org\/wp-content\/uploads\/2025\/07\/PackedAudience-400x266.jpg 400w, https:\/\/www.mundusmaris.org\/wp-content\/uploads\/2025\/07\/PackedAudience.jpg 500w\" sizes=\"(min-width: 2200px) 100vw, (min-width: 784px) 373px, (min-width: 712px) 560px, (min-width: 640px) 712px, \" \/>\t\t\t<\/a>\n\t\t\t\t\t\t\t<\/div>\n<\/div><div class=\"fusion-meta-tb fusion-meta-tb-54 floated\" style=\"--awb-border-top:0px;--awb-height:36px;--awb-alignment-medium:flex-start;--awb-alignment-small:flex-start;\"><span class=\"fusion-tb-published-date\">Published On: 11. Juni 2025<\/span><span class=\"fusion-meta-tb-sep\"><\/span><\/div><div class=\"fusion-title title fusion-title-54 fusion-sep-none fusion-title-text fusion-title-size-four\" style=\"--awb-margin-top:20px;--awb-margin-right:20px;--awb-margin-bottom:20px;--awb-margin-left:20px;--awb-margin-top-small:10px;--awb-margin-right-small:0px;--awb-margin-bottom-small:10px;--awb-margin-left-small:0px;--awb-font-size:24px;\"><h4 class=\"fusion-title-heading title-heading-left\" style=\"font-family:&quot;IBM Plex Sans Condensed&quot;;font-style:normal;font-weight:500;margin:0;font-size:1em;line-height:1.2;\"><a href=\"https:\/\/www.mundusmaris.org\/de\/aktivitaten\/ozean-und-klimaschutz\/von-der-kueste-zum-gipfel-einer-der-hoehepunkte-der-unoc3\/\" class=\"awb-custom-text-color awb-custom-text-hover-color\" target=\"_self\">Von der K\u00fcste zum Gipfel &#8211; einer der H\u00f6hepunkte der UNOC3<\/a><\/h4><\/div><\/div><\/li>\n<li class=\"fusion-layout-column fusion_builder_column fusion-builder-column-56 fusion-flex-column post-card fusion-grid-column fusion-post-cards-grid-column\" style=\"--awb-bg-color:var(--awb-color1);--awb-bg-color-hover:var(--awb-color1);--awb-bg-blend:overlay;--awb-bg-size:cover;--awb-flex-grow:0;--awb-flex-shrink:0;--awb-flex-grow-medium:;--awb-flex-shrink-medium:;--awb-flex-grow-small:;--awb-flex-shrink-small:;\" data-scroll-devices=\"small-visibility,medium-visibility,large-visibility\"><div class=\"fusion-column-wrapper fusion-column-has-shadow fusion-flex-justify-content-space-around fusion-content-layout-column\"><div class=\"fusion-classic-product-image-wrapper fusion-woo-product-image fusion-post-card-image fusion-post-card-image-1 has-aspect-ratio\" data-layout=\"static\" style=\"--awb-aspect-ratio:3 \/ 2;\"><div  class=\"fusion-image-wrapper\" aria-haspopup=\"true\">\n\t\t\t\t\t\t\t<a href=\"https:\/\/www.mundusmaris.org\/de\/weltozeantag\/wod-2025-de\/feier-zum-weltozeantag-durch-die-assoziation-der-fussballschulen-in-hann-bel-air-senegal\/\" aria-label=\"Feier zum Weltozeantag durch die Assoziation der Fu\u00dfballschulen in Hann Bel Air, Senegal\">\n\t\t\t\t\t\t\t<img decoding=\"async\" width=\"499\" height=\"413\" src=\"https:\/\/www.mundusmaris.org\/wp-content\/uploads\/2025\/06\/FeaturePhoto.jpg\" class=\"attachment-full size-full wp-post-image\" alt=\"\" srcset=\"https:\/\/www.mundusmaris.org\/wp-content\/uploads\/2025\/06\/FeaturePhoto-200x166.jpg 200w, https:\/\/www.mundusmaris.org\/wp-content\/uploads\/2025\/06\/FeaturePhoto-400x331.jpg 400w, https:\/\/www.mundusmaris.org\/wp-content\/uploads\/2025\/06\/FeaturePhoto.jpg 499w\" sizes=\"(min-width: 2200px) 100vw, (min-width: 784px) 373px, (min-width: 712px) 560px, (min-width: 640px) 712px, \" \/>\t\t\t<\/a>\n\t\t\t\t\t\t\t<\/div>\n<\/div><div class=\"fusion-meta-tb fusion-meta-tb-55 floated\" style=\"--awb-border-top:0px;--awb-height:36px;--awb-alignment-medium:flex-start;--awb-alignment-small:flex-start;\"><span class=\"fusion-tb-published-date\">Published On: 10. Juni 2025<\/span><span class=\"fusion-meta-tb-sep\"><\/span><\/div><div class=\"fusion-title title fusion-title-55 fusion-sep-none fusion-title-text fusion-title-size-four\" style=\"--awb-margin-top:20px;--awb-margin-right:20px;--awb-margin-bottom:20px;--awb-margin-left:20px;--awb-margin-top-small:10px;--awb-margin-right-small:0px;--awb-margin-bottom-small:10px;--awb-margin-left-small:0px;--awb-font-size:24px;\"><h4 class=\"fusion-title-heading title-heading-left\" style=\"font-family:&quot;IBM Plex Sans Condensed&quot;;font-style:normal;font-weight:500;margin:0;font-size:1em;line-height:1.2;\"><a href=\"https:\/\/www.mundusmaris.org\/de\/weltozeantag\/wod-2025-de\/feier-zum-weltozeantag-durch-die-assoziation-der-fussballschulen-in-hann-bel-air-senegal\/\" class=\"awb-custom-text-color awb-custom-text-hover-color\" target=\"_self\">Feier zum Weltozeantag durch die Assoziation der Fu\u00dfballschulen in Hann Bel Air, Senegal<\/a><\/h4><\/div><\/div><\/li>\n<li class=\"fusion-layout-column fusion_builder_column fusion-builder-column-57 fusion-flex-column post-card fusion-grid-column fusion-post-cards-grid-column\" style=\"--awb-bg-color:var(--awb-color1);--awb-bg-color-hover:var(--awb-color1);--awb-bg-blend:overlay;--awb-bg-size:cover;--awb-flex-grow:0;--awb-flex-shrink:0;--awb-flex-grow-medium:;--awb-flex-shrink-medium:;--awb-flex-grow-small:;--awb-flex-shrink-small:;\" data-scroll-devices=\"small-visibility,medium-visibility,large-visibility\"><div class=\"fusion-column-wrapper fusion-column-has-shadow fusion-flex-justify-content-space-around fusion-content-layout-column\"><div class=\"fusion-classic-product-image-wrapper fusion-woo-product-image fusion-post-card-image fusion-post-card-image-1 has-aspect-ratio\" data-layout=\"static\" style=\"--awb-aspect-ratio:3 \/ 2;\"><div  class=\"fusion-image-wrapper\" aria-haspopup=\"true\">\n\t\t\t\t\t\t\t<a href=\"https:\/\/www.mundusmaris.org\/de\/weltozeantag\/wod-2025-de\/schuetzt-den-ozean-schuetzt-das-leben-meeresschuetzer-in-nizza-frankreich\/\" aria-label=\"\u201eSch\u00fctzt den Ozean, sch\u00fctzt das Leben!\u201c \u2013 Meeressch\u00fctzer in Nizza, Frankreich\">\n\t\t\t\t\t\t\t<img decoding=\"async\" width=\"500\" height=\"514\" src=\"https:\/\/www.mundusmaris.org\/wp-content\/uploads\/2025\/06\/ProtectedMeansProtectedFeature.jpg\" class=\"attachment-full size-full wp-post-image\" alt=\"\" srcset=\"https:\/\/www.mundusmaris.org\/wp-content\/uploads\/2025\/06\/ProtectedMeansProtectedFeature-200x206.jpg 200w, https:\/\/www.mundusmaris.org\/wp-content\/uploads\/2025\/06\/ProtectedMeansProtectedFeature-400x411.jpg 400w, https:\/\/www.mundusmaris.org\/wp-content\/uploads\/2025\/06\/ProtectedMeansProtectedFeature.jpg 500w\" sizes=\"(min-width: 2200px) 100vw, (min-width: 784px) 373px, (min-width: 712px) 560px, (min-width: 640px) 712px, \" \/>\t\t\t<\/a>\n\t\t\t\t\t\t\t<\/div>\n<\/div><div class=\"fusion-meta-tb fusion-meta-tb-56 floated\" style=\"--awb-border-top:0px;--awb-height:36px;--awb-alignment-medium:flex-start;--awb-alignment-small:flex-start;\"><span class=\"fusion-tb-published-date\">Published On: 8. Juni 2025<\/span><span class=\"fusion-meta-tb-sep\"><\/span><\/div><div class=\"fusion-title title fusion-title-56 fusion-sep-none fusion-title-text fusion-title-size-four\" style=\"--awb-margin-top:20px;--awb-margin-right:20px;--awb-margin-bottom:20px;--awb-margin-left:20px;--awb-margin-top-small:10px;--awb-margin-right-small:0px;--awb-margin-bottom-small:10px;--awb-margin-left-small:0px;--awb-font-size:24px;\"><h4 class=\"fusion-title-heading title-heading-left\" style=\"font-family:&quot;IBM Plex Sans Condensed&quot;;font-style:normal;font-weight:500;margin:0;font-size:1em;line-height:1.2;\"><a href=\"https:\/\/www.mundusmaris.org\/de\/weltozeantag\/wod-2025-de\/schuetzt-den-ozean-schuetzt-das-leben-meeresschuetzer-in-nizza-frankreich\/\" class=\"awb-custom-text-color awb-custom-text-hover-color\" target=\"_self\">\u201eSch\u00fctzt den Ozean, sch\u00fctzt das Leben!\u201c \u2013 Meeressch\u00fctzer in Nizza, Frankreich<\/a><\/h4><\/div><\/div><\/li>\n<li class=\"fusion-layout-column fusion_builder_column fusion-builder-column-58 fusion-flex-column post-card fusion-grid-column fusion-post-cards-grid-column\" style=\"--awb-bg-color:var(--awb-color1);--awb-bg-color-hover:var(--awb-color1);--awb-bg-blend:overlay;--awb-bg-size:cover;--awb-flex-grow:0;--awb-flex-shrink:0;--awb-flex-grow-medium:;--awb-flex-shrink-medium:;--awb-flex-grow-small:;--awb-flex-shrink-small:;\" data-scroll-devices=\"small-visibility,medium-visibility,large-visibility\"><div class=\"fusion-column-wrapper fusion-column-has-shadow fusion-flex-justify-content-space-around fusion-content-layout-column\"><div class=\"fusion-classic-product-image-wrapper fusion-woo-product-image fusion-post-card-image fusion-post-card-image-1 has-aspect-ratio\" data-layout=\"static\" style=\"--awb-aspect-ratio:3 \/ 2;\"><div  class=\"fusion-image-wrapper\" aria-haspopup=\"true\">\n\t\t\t\t\t\t\t<a href=\"https:\/\/www.mundusmaris.org\/de\/weltozeantag\/wod-2025-de\/feier-zum-weltozeantag-und-zum-weltumweltag-in-buenos-aires\/\" aria-label=\"Feier zum Weltozeantag und zum Weltumwelttag in Buenos Aires\">\n\t\t\t\t\t\t\t<img decoding=\"async\" width=\"500\" height=\"625\" src=\"https:\/\/www.mundusmaris.org\/wp-content\/uploads\/2025\/06\/dia-oceanos-2025-feature.jpg\" class=\"attachment-full size-full wp-post-image\" alt=\"\" srcset=\"https:\/\/www.mundusmaris.org\/wp-content\/uploads\/2025\/06\/dia-oceanos-2025-feature-200x250.jpg 200w, https:\/\/www.mundusmaris.org\/wp-content\/uploads\/2025\/06\/dia-oceanos-2025-feature-400x500.jpg 400w, https:\/\/www.mundusmaris.org\/wp-content\/uploads\/2025\/06\/dia-oceanos-2025-feature.jpg 500w\" sizes=\"(min-width: 2200px) 100vw, (min-width: 784px) 373px, (min-width: 712px) 560px, (min-width: 640px) 712px, \" \/>\t\t\t<\/a>\n\t\t\t\t\t\t\t<\/div>\n<\/div><div class=\"fusion-meta-tb fusion-meta-tb-57 floated\" style=\"--awb-border-top:0px;--awb-height:36px;--awb-alignment-medium:flex-start;--awb-alignment-small:flex-start;\"><span class=\"fusion-tb-published-date\">Published On: 6. Juni 2025<\/span><span class=\"fusion-meta-tb-sep\"><\/span><\/div><div class=\"fusion-title title fusion-title-57 fusion-sep-none fusion-title-text fusion-title-size-four\" style=\"--awb-margin-top:20px;--awb-margin-right:20px;--awb-margin-bottom:20px;--awb-margin-left:20px;--awb-margin-top-small:10px;--awb-margin-right-small:0px;--awb-margin-bottom-small:10px;--awb-margin-left-small:0px;--awb-font-size:24px;\"><h4 class=\"fusion-title-heading title-heading-left\" style=\"font-family:&quot;IBM Plex Sans Condensed&quot;;font-style:normal;font-weight:500;margin:0;font-size:1em;line-height:1.2;\"><a href=\"https:\/\/www.mundusmaris.org\/de\/weltozeantag\/wod-2025-de\/feier-zum-weltozeantag-und-zum-weltumweltag-in-buenos-aires\/\" class=\"awb-custom-text-color awb-custom-text-hover-color\" target=\"_self\">Feier zum Weltozeantag und zum Weltumwelttag in Buenos Aires<\/a><\/h4><\/div><\/div><\/li>\n<li class=\"fusion-layout-column fusion_builder_column fusion-builder-column-59 fusion-flex-column post-card fusion-grid-column fusion-post-cards-grid-column\" style=\"--awb-bg-color:var(--awb-color1);--awb-bg-color-hover:var(--awb-color1);--awb-bg-blend:overlay;--awb-bg-size:cover;--awb-flex-grow:0;--awb-flex-shrink:0;--awb-flex-grow-medium:;--awb-flex-shrink-medium:;--awb-flex-grow-small:;--awb-flex-shrink-small:;\" data-scroll-devices=\"small-visibility,medium-visibility,large-visibility\"><div class=\"fusion-column-wrapper fusion-column-has-shadow fusion-flex-justify-content-space-around fusion-content-layout-column\"><div class=\"fusion-classic-product-image-wrapper fusion-woo-product-image fusion-post-card-image fusion-post-card-image-1 has-aspect-ratio\" data-layout=\"static\" style=\"--awb-aspect-ratio:3 \/ 2;\"><div  class=\"fusion-image-wrapper\" aria-haspopup=\"true\">\n\t\t\t\t\t\t\t<a href=\"https:\/\/www.mundusmaris.org\/de\/weltozeantag\/wod-2025-de\/startschuss-fuer-die-aktivitaeten-zum-weltozeantag-von-mundus-maris\/\" aria-label=\"Startschuss f\u00fcr die Aktivit\u00e4ten zum Weltozeantag von Mundus maris\">\n\t\t\t\t\t\t\t<img decoding=\"async\" width=\"500\" height=\"521\" src=\"https:\/\/www.mundusmaris.org\/wp-content\/uploads\/2025\/06\/InviteDreckWeg2025-rotated.jpg\" class=\"attachment-full size-full wp-post-image\" alt=\"\" srcset=\"https:\/\/www.mundusmaris.org\/wp-content\/uploads\/2025\/06\/InviteDreckWeg2025-200x208.jpg 200w, https:\/\/www.mundusmaris.org\/wp-content\/uploads\/2025\/06\/InviteDreckWeg2025-400x417.jpg 400w, https:\/\/www.mundusmaris.org\/wp-content\/uploads\/2025\/06\/InviteDreckWeg2025-rotated.jpg 500w\" sizes=\"(min-width: 2200px) 100vw, (min-width: 784px) 373px, (min-width: 712px) 560px, (min-width: 640px) 712px, \" \/>\t\t\t<\/a>\n\t\t\t\t\t\t\t<\/div>\n<\/div><div class=\"fusion-meta-tb fusion-meta-tb-58 floated\" style=\"--awb-border-top:0px;--awb-height:36px;--awb-alignment-medium:flex-start;--awb-alignment-small:flex-start;\"><span class=\"fusion-tb-published-date\">Published On: 31. Mai 2025<\/span><span class=\"fusion-meta-tb-sep\"><\/span><\/div><div class=\"fusion-title title fusion-title-58 fusion-sep-none fusion-title-text fusion-title-size-four\" style=\"--awb-margin-top:20px;--awb-margin-right:20px;--awb-margin-bottom:20px;--awb-margin-left:20px;--awb-margin-top-small:10px;--awb-margin-right-small:0px;--awb-margin-bottom-small:10px;--awb-margin-left-small:0px;--awb-font-size:24px;\"><h4 class=\"fusion-title-heading title-heading-left\" style=\"font-family:&quot;IBM Plex Sans Condensed&quot;;font-style:normal;font-weight:500;margin:0;font-size:1em;line-height:1.2;\"><a href=\"https:\/\/www.mundusmaris.org\/de\/weltozeantag\/wod-2025-de\/startschuss-fuer-die-aktivitaeten-zum-weltozeantag-von-mundus-maris\/\" class=\"awb-custom-text-color awb-custom-text-hover-color\" target=\"_self\">Startschuss f\u00fcr die Aktivit\u00e4ten zum Weltozeantag von Mundus maris<\/a><\/h4><\/div><\/div><\/li>\n<li class=\"fusion-layout-column fusion_builder_column fusion-builder-column-60 fusion-flex-column post-card fusion-grid-column fusion-post-cards-grid-column\" style=\"--awb-bg-color:var(--awb-color1);--awb-bg-color-hover:var(--awb-color1);--awb-bg-blend:overlay;--awb-bg-size:cover;--awb-flex-grow:0;--awb-flex-shrink:0;--awb-flex-grow-medium:;--awb-flex-shrink-medium:;--awb-flex-grow-small:;--awb-flex-shrink-small:;\" data-scroll-devices=\"small-visibility,medium-visibility,large-visibility\"><div class=\"fusion-column-wrapper fusion-column-has-shadow fusion-flex-justify-content-space-around fusion-content-layout-column\"><div class=\"fusion-classic-product-image-wrapper fusion-woo-product-image fusion-post-card-image fusion-post-card-image-1 has-aspect-ratio\" data-layout=\"static\" style=\"--awb-aspect-ratio:3 \/ 2;\"><div  class=\"fusion-image-wrapper\" aria-haspopup=\"true\">\n\t\t\t\t\t\t\t<a href=\"https:\/\/www.mundusmaris.org\/de\/veranstaltung\/erste-deutsche-nationale-ozean-konferenz-berlin-6-7-mai-2025\/\" aria-label=\"Erste Deutsche Nationale Ozean-Konferenz, Berlin, 6.-7. Mai 2025\">\n\t\t\t\t\t\t\t<img decoding=\"async\" width=\"500\" height=\"360\" src=\"https:\/\/www.mundusmaris.org\/wp-content\/uploads\/2025\/05\/KonferenzLogo500-1.jpg\" class=\"attachment-full size-full wp-post-image\" alt=\"\" srcset=\"https:\/\/www.mundusmaris.org\/wp-content\/uploads\/2025\/05\/KonferenzLogo500-1-200x144.jpg 200w, https:\/\/www.mundusmaris.org\/wp-content\/uploads\/2025\/05\/KonferenzLogo500-1-400x288.jpg 400w, https:\/\/www.mundusmaris.org\/wp-content\/uploads\/2025\/05\/KonferenzLogo500-1.jpg 500w\" sizes=\"(min-width: 2200px) 100vw, (min-width: 784px) 373px, (min-width: 712px) 560px, (min-width: 640px) 712px, \" \/>\t\t\t<\/a>\n\t\t\t\t\t\t\t<\/div>\n<\/div><div class=\"fusion-meta-tb fusion-meta-tb-59 floated\" style=\"--awb-border-top:0px;--awb-height:36px;--awb-alignment-medium:flex-start;--awb-alignment-small:flex-start;\"><span class=\"fusion-tb-published-date\">Published On: 12. Mai 2025<\/span><span class=\"fusion-meta-tb-sep\"><\/span><\/div><div class=\"fusion-title title fusion-title-59 fusion-sep-none fusion-title-text fusion-title-size-four\" style=\"--awb-margin-top:20px;--awb-margin-right:20px;--awb-margin-bottom:20px;--awb-margin-left:20px;--awb-margin-top-small:10px;--awb-margin-right-small:0px;--awb-margin-bottom-small:10px;--awb-margin-left-small:0px;--awb-font-size:24px;\"><h4 class=\"fusion-title-heading title-heading-left\" style=\"font-family:&quot;IBM Plex Sans Condensed&quot;;font-style:normal;font-weight:500;margin:0;font-size:1em;line-height:1.2;\"><a href=\"https:\/\/www.mundusmaris.org\/de\/veranstaltung\/erste-deutsche-nationale-ozean-konferenz-berlin-6-7-mai-2025\/\" class=\"awb-custom-text-color awb-custom-text-hover-color\" target=\"_self\">Erste Deutsche Nationale Ozean-Konferenz, Berlin, 6.-7. Mai 2025<\/a><\/h4><\/div><\/div><\/li>\n<li class=\"fusion-layout-column fusion_builder_column fusion-builder-column-61 fusion-flex-column post-card fusion-grid-column fusion-post-cards-grid-column\" style=\"--awb-bg-color:var(--awb-color1);--awb-bg-color-hover:var(--awb-color1);--awb-bg-blend:overlay;--awb-bg-size:cover;--awb-flex-grow:0;--awb-flex-shrink:0;--awb-flex-grow-medium:;--awb-flex-shrink-medium:;--awb-flex-grow-small:;--awb-flex-shrink-small:;\" data-scroll-devices=\"small-visibility,medium-visibility,large-visibility\"><div class=\"fusion-column-wrapper fusion-column-has-shadow fusion-flex-justify-content-space-around fusion-content-layout-column\"><div class=\"fusion-classic-product-image-wrapper fusion-woo-product-image fusion-post-card-image fusion-post-card-image-1 has-aspect-ratio\" data-layout=\"static\" style=\"--awb-aspect-ratio:3 \/ 2;\"><div  class=\"fusion-image-wrapper\" aria-haspopup=\"true\">\n\t\t\t\t\t\t\t<a href=\"https:\/\/www.mundusmaris.org\/de\/aktivitaten\/ozean-und-klimaschutz\/geoethik-einen-ganzen-tag-im-fokus-auf-der-egu-2025\/\" aria-label=\"Geoethik einen ganzen Tag im Fokus auf der EGU 2025\">\n\t\t\t\t\t\t\t<img decoding=\"async\" width=\"500\" height=\"348\" src=\"https:\/\/www.mundusmaris.org\/wp-content\/uploads\/2025\/05\/CorneliaAtEGU25_Feature.jpg\" class=\"attachment-full size-full wp-post-image\" alt=\"\" srcset=\"https:\/\/www.mundusmaris.org\/wp-content\/uploads\/2025\/05\/CorneliaAtEGU25_Feature-200x139.jpg 200w, https:\/\/www.mundusmaris.org\/wp-content\/uploads\/2025\/05\/CorneliaAtEGU25_Feature-400x278.jpg 400w, https:\/\/www.mundusmaris.org\/wp-content\/uploads\/2025\/05\/CorneliaAtEGU25_Feature.jpg 500w\" sizes=\"(min-width: 2200px) 100vw, (min-width: 784px) 373px, (min-width: 712px) 560px, (min-width: 640px) 712px, \" \/>\t\t\t<\/a>\n\t\t\t\t\t\t\t<\/div>\n<\/div><div class=\"fusion-meta-tb fusion-meta-tb-60 floated\" style=\"--awb-border-top:0px;--awb-height:36px;--awb-alignment-medium:flex-start;--awb-alignment-small:flex-start;\"><span class=\"fusion-tb-published-date\">Published On: 11. Mai 2025<\/span><span class=\"fusion-meta-tb-sep\"><\/span><\/div><div class=\"fusion-title title fusion-title-60 fusion-sep-none fusion-title-text fusion-title-size-four\" style=\"--awb-margin-top:20px;--awb-margin-right:20px;--awb-margin-bottom:20px;--awb-margin-left:20px;--awb-margin-top-small:10px;--awb-margin-right-small:0px;--awb-margin-bottom-small:10px;--awb-margin-left-small:0px;--awb-font-size:24px;\"><h4 class=\"fusion-title-heading title-heading-left\" style=\"font-family:&quot;IBM Plex Sans Condensed&quot;;font-style:normal;font-weight:500;margin:0;font-size:1em;line-height:1.2;\"><a href=\"https:\/\/www.mundusmaris.org\/de\/aktivitaten\/ozean-und-klimaschutz\/geoethik-einen-ganzen-tag-im-fokus-auf-der-egu-2025\/\" class=\"awb-custom-text-color awb-custom-text-hover-color\" target=\"_self\">Geoethik einen ganzen Tag im Fokus auf der EGU 2025<\/a><\/h4><\/div><\/div><\/li>\n<li class=\"fusion-layout-column fusion_builder_column fusion-builder-column-62 fusion-flex-column post-card fusion-grid-column fusion-post-cards-grid-column\" style=\"--awb-bg-color:var(--awb-color1);--awb-bg-color-hover:var(--awb-color1);--awb-bg-blend:overlay;--awb-bg-size:cover;--awb-flex-grow:0;--awb-flex-shrink:0;--awb-flex-grow-medium:;--awb-flex-shrink-medium:;--awb-flex-grow-small:;--awb-flex-shrink-small:;\" data-scroll-devices=\"small-visibility,medium-visibility,large-visibility\"><div class=\"fusion-column-wrapper fusion-column-has-shadow fusion-flex-justify-content-space-around fusion-content-layout-column\"><div class=\"fusion-classic-product-image-wrapper fusion-woo-product-image fusion-post-card-image fusion-post-card-image-1 has-aspect-ratio\" data-layout=\"static\" style=\"--awb-aspect-ratio:3 \/ 2;\"><div  class=\"fusion-image-wrapper\" aria-haspopup=\"true\">\n\t\t\t\t\t\t\t<a href=\"https:\/\/www.mundusmaris.org\/de\/veranstaltung\/die-verstaerkte-mundus-maris-gruppe-in-nigeria-trifft-sich\/\" aria-label=\"Die verst\u00e4rkte Mundus maris Gruppe in Nigeria trifft sich\">\n\t\t\t\t\t\t\t<img decoding=\"async\" width=\"499\" height=\"333\" src=\"https:\/\/www.mundusmaris.org\/wp-content\/uploads\/2025\/05\/LabNigeriaByAyoJesutomi500.jpg\" class=\"attachment-full size-full wp-post-image\" alt=\"\" srcset=\"https:\/\/www.mundusmaris.org\/wp-content\/uploads\/2025\/05\/LabNigeriaByAyoJesutomi500-200x133.jpg 200w, https:\/\/www.mundusmaris.org\/wp-content\/uploads\/2025\/05\/LabNigeriaByAyoJesutomi500-400x267.jpg 400w, https:\/\/www.mundusmaris.org\/wp-content\/uploads\/2025\/05\/LabNigeriaByAyoJesutomi500.jpg 499w\" sizes=\"(min-width: 2200px) 100vw, (min-width: 784px) 373px, (min-width: 712px) 560px, (min-width: 640px) 712px, \" \/>\t\t\t<\/a>\n\t\t\t\t\t\t\t<\/div>\n<\/div><div class=\"fusion-meta-tb fusion-meta-tb-61 floated\" style=\"--awb-border-top:0px;--awb-height:36px;--awb-alignment-medium:flex-start;--awb-alignment-small:flex-start;\"><span class=\"fusion-tb-published-date\">Published On: 10. Mai 2025<\/span><span class=\"fusion-meta-tb-sep\"><\/span><\/div><div class=\"fusion-title title fusion-title-61 fusion-sep-none fusion-title-text fusion-title-size-four\" style=\"--awb-margin-top:20px;--awb-margin-right:20px;--awb-margin-bottom:20px;--awb-margin-left:20px;--awb-margin-top-small:10px;--awb-margin-right-small:0px;--awb-margin-bottom-small:10px;--awb-margin-left-small:0px;--awb-font-size:24px;\"><h4 class=\"fusion-title-heading title-heading-left\" style=\"font-family:&quot;IBM Plex Sans Condensed&quot;;font-style:normal;font-weight:500;margin:0;font-size:1em;line-height:1.2;\"><a href=\"https:\/\/www.mundusmaris.org\/de\/veranstaltung\/die-verstaerkte-mundus-maris-gruppe-in-nigeria-trifft-sich\/\" class=\"awb-custom-text-color awb-custom-text-hover-color\" target=\"_self\">Die verst\u00e4rkte Mundus maris Gruppe in Nigeria trifft sich<\/a><\/h4><\/div><\/div><\/li>\n<li class=\"fusion-layout-column fusion_builder_column fusion-builder-column-63 fusion-flex-column post-card fusion-grid-column fusion-post-cards-grid-column\" style=\"--awb-bg-color:var(--awb-color1);--awb-bg-color-hover:var(--awb-color1);--awb-bg-blend:overlay;--awb-bg-size:cover;--awb-flex-grow:0;--awb-flex-shrink:0;--awb-flex-grow-medium:;--awb-flex-shrink-medium:;--awb-flex-grow-small:;--awb-flex-shrink-small:;\" data-scroll-devices=\"small-visibility,medium-visibility,large-visibility\"><div class=\"fusion-column-wrapper fusion-column-has-shadow fusion-flex-justify-content-space-around fusion-content-layout-column\"><div class=\"fusion-classic-product-image-wrapper fusion-woo-product-image fusion-post-card-image fusion-post-card-image-1 has-aspect-ratio\" data-layout=\"static\" style=\"--awb-aspect-ratio:3 \/ 2;\"><div  class=\"fusion-image-wrapper\" aria-haspopup=\"true\">\n\t\t\t\t\t\t\t<a href=\"https:\/\/www.mundusmaris.org\/de\/aktivitaten\/ozean-und-klimaschutz\/verhandlungen-ueber-umweltfragen-und-die-bedeutung-von-wissenschaft-und-nichtregierungsorganisationen\/\" aria-label=\"Verhandlungen \u00fcber Umweltfragen und die Bedeutung von Wissenschaft und Nichtregierungsorganisationen\">\n\t\t\t\t\t\t\t<img decoding=\"async\" width=\"500\" height=\"352\" src=\"https:\/\/www.mundusmaris.org\/wp-content\/uploads\/2025\/04\/CENauenStartLecture500.jpg\" class=\"attachment-full size-full wp-post-image\" alt=\"\" srcset=\"https:\/\/www.mundusmaris.org\/wp-content\/uploads\/2025\/04\/CENauenStartLecture500-200x141.jpg 200w, https:\/\/www.mundusmaris.org\/wp-content\/uploads\/2025\/04\/CENauenStartLecture500-400x282.jpg 400w, https:\/\/www.mundusmaris.org\/wp-content\/uploads\/2025\/04\/CENauenStartLecture500.jpg 500w\" sizes=\"(min-width: 2200px) 100vw, (min-width: 784px) 373px, (min-width: 712px) 560px, (min-width: 640px) 712px, \" \/>\t\t\t<\/a>\n\t\t\t\t\t\t\t<\/div>\n<\/div><div class=\"fusion-meta-tb fusion-meta-tb-62 floated\" style=\"--awb-border-top:0px;--awb-height:36px;--awb-alignment-medium:flex-start;--awb-alignment-small:flex-start;\"><span class=\"fusion-tb-published-date\">Published On: 13. April 2025<\/span><span class=\"fusion-meta-tb-sep\"><\/span><\/div><div class=\"fusion-title title fusion-title-62 fusion-sep-none fusion-title-text fusion-title-size-four\" style=\"--awb-margin-top:20px;--awb-margin-right:20px;--awb-margin-bottom:20px;--awb-margin-left:20px;--awb-margin-top-small:10px;--awb-margin-right-small:0px;--awb-margin-bottom-small:10px;--awb-margin-left-small:0px;--awb-font-size:24px;\"><h4 class=\"fusion-title-heading title-heading-left\" style=\"font-family:&quot;IBM Plex Sans Condensed&quot;;font-style:normal;font-weight:500;margin:0;font-size:1em;line-height:1.2;\"><a href=\"https:\/\/www.mundusmaris.org\/de\/aktivitaten\/ozean-und-klimaschutz\/verhandlungen-ueber-umweltfragen-und-die-bedeutung-von-wissenschaft-und-nichtregierungsorganisationen\/\" class=\"awb-custom-text-color awb-custom-text-hover-color\" target=\"_self\">Verhandlungen \u00fcber Umweltfragen und die Bedeutung von Wissenschaft und Nichtregierungsorganisationen<\/a><\/h4><\/div><\/div><\/li>\n<li class=\"fusion-layout-column fusion_builder_column fusion-builder-column-64 fusion-flex-column post-card fusion-grid-column fusion-post-cards-grid-column\" style=\"--awb-bg-color:var(--awb-color1);--awb-bg-color-hover:var(--awb-color1);--awb-bg-blend:overlay;--awb-bg-size:cover;--awb-flex-grow:0;--awb-flex-shrink:0;--awb-flex-grow-medium:;--awb-flex-shrink-medium:;--awb-flex-grow-small:;--awb-flex-shrink-small:;\" data-scroll-devices=\"small-visibility,medium-visibility,large-visibility\"><div class=\"fusion-column-wrapper fusion-column-has-shadow fusion-flex-justify-content-space-around fusion-content-layout-column\"><div class=\"fusion-classic-product-image-wrapper fusion-woo-product-image fusion-post-card-image fusion-post-card-image-1 has-aspect-ratio\" data-layout=\"static\" style=\"--awb-aspect-ratio:3 \/ 2;\"><div  class=\"fusion-image-wrapper\" aria-haspopup=\"true\">\n\t\t\t\t\t\t\t<a href=\"https:\/\/www.mundusmaris.org\/de\/meereswissen-und-oeffentlichkeitsarbeit\/die-nacht-der-bibliotheken-4-april-2025\/\" aria-label=\"Die Nacht der Bibliotheken, 4. April 2025\">\n\t\t\t\t\t\t\t<img decoding=\"async\" width=\"500\" height=\"342\" src=\"https:\/\/www.mundusmaris.org\/wp-content\/uploads\/2025\/04\/Books-5899470_500.jpg\" class=\"attachment-full size-full wp-post-image\" alt=\"\" srcset=\"https:\/\/www.mundusmaris.org\/wp-content\/uploads\/2025\/04\/Books-5899470_500-200x137.jpg 200w, https:\/\/www.mundusmaris.org\/wp-content\/uploads\/2025\/04\/Books-5899470_500-400x274.jpg 400w, https:\/\/www.mundusmaris.org\/wp-content\/uploads\/2025\/04\/Books-5899470_500.jpg 500w\" sizes=\"(min-width: 2200px) 100vw, (min-width: 784px) 373px, (min-width: 712px) 560px, (min-width: 640px) 712px, \" \/>\t\t\t<\/a>\n\t\t\t\t\t\t\t<\/div>\n<\/div><div class=\"fusion-meta-tb fusion-meta-tb-63 floated\" style=\"--awb-border-top:0px;--awb-height:36px;--awb-alignment-medium:flex-start;--awb-alignment-small:flex-start;\"><span class=\"fusion-tb-published-date\">Published On: 6. April 2025<\/span><span class=\"fusion-meta-tb-sep\"><\/span><\/div><div class=\"fusion-title title fusion-title-63 fusion-sep-none fusion-title-text fusion-title-size-four\" style=\"--awb-margin-top:20px;--awb-margin-right:20px;--awb-margin-bottom:20px;--awb-margin-left:20px;--awb-margin-top-small:10px;--awb-margin-right-small:0px;--awb-margin-bottom-small:10px;--awb-margin-left-small:0px;--awb-font-size:24px;\"><h4 class=\"fusion-title-heading title-heading-left\" style=\"font-family:&quot;IBM Plex Sans Condensed&quot;;font-style:normal;font-weight:500;margin:0;font-size:1em;line-height:1.2;\"><a href=\"https:\/\/www.mundusmaris.org\/de\/meereswissen-und-oeffentlichkeitsarbeit\/die-nacht-der-bibliotheken-4-april-2025\/\" class=\"awb-custom-text-color awb-custom-text-hover-color\" target=\"_self\">Die Nacht der Bibliotheken, 4. April 2025<\/a><\/h4><\/div><\/div><\/li>\n<li class=\"fusion-layout-column fusion_builder_column fusion-builder-column-65 fusion-flex-column post-card fusion-grid-column fusion-post-cards-grid-column\" style=\"--awb-bg-color:var(--awb-color1);--awb-bg-color-hover:var(--awb-color1);--awb-bg-blend:overlay;--awb-bg-size:cover;--awb-flex-grow:0;--awb-flex-shrink:0;--awb-flex-grow-medium:;--awb-flex-shrink-medium:;--awb-flex-grow-small:;--awb-flex-shrink-small:;\" data-scroll-devices=\"small-visibility,medium-visibility,large-visibility\"><div class=\"fusion-column-wrapper fusion-column-has-shadow fusion-flex-justify-content-space-around fusion-content-layout-column\"><div class=\"fusion-classic-product-image-wrapper fusion-woo-product-image fusion-post-card-image fusion-post-card-image-1 has-aspect-ratio\" data-layout=\"static\" style=\"--awb-aspect-ratio:3 \/ 2;\"><div  class=\"fusion-image-wrapper\" aria-haspopup=\"true\">\n\t\t\t\t\t\t\t<a href=\"https:\/\/www.mundusmaris.org\/de\/handwerklichen-fischerei-akademie\/macht-den-fischfang-fair-in-der-eu-25-maerz-2025make-fishing-fair-in-the-eu-25-march-2025\/\" aria-label=\"Macht den Fischfang fair in der EU,  25. M\u00e4rz 2025\">\n\t\t\t\t\t\t\t<img decoding=\"async\" width=\"500\" height=\"333\" src=\"https:\/\/www.mundusmaris.org\/wp-content\/uploads\/2025\/03\/LIFEatEP.jpg\" class=\"attachment-full size-full wp-post-image\" alt=\"\" srcset=\"https:\/\/www.mundusmaris.org\/wp-content\/uploads\/2025\/03\/LIFEatEP-200x133.jpg 200w, https:\/\/www.mundusmaris.org\/wp-content\/uploads\/2025\/03\/LIFEatEP-400x266.jpg 400w, https:\/\/www.mundusmaris.org\/wp-content\/uploads\/2025\/03\/LIFEatEP.jpg 500w\" sizes=\"(min-width: 2200px) 100vw, (min-width: 784px) 373px, (min-width: 712px) 560px, (min-width: 640px) 712px, \" \/>\t\t\t<\/a>\n\t\t\t\t\t\t\t<\/div>\n<\/div><div class=\"fusion-meta-tb fusion-meta-tb-64 floated\" style=\"--awb-border-top:0px;--awb-height:36px;--awb-alignment-medium:flex-start;--awb-alignment-small:flex-start;\"><span class=\"fusion-tb-published-date\">Published On: 27. M\u00e4rz 2025<\/span><span class=\"fusion-meta-tb-sep\"><\/span><\/div><div class=\"fusion-title title fusion-title-64 fusion-sep-none fusion-title-text fusion-title-size-four\" style=\"--awb-margin-top:20px;--awb-margin-right:20px;--awb-margin-bottom:20px;--awb-margin-left:20px;--awb-margin-top-small:10px;--awb-margin-right-small:0px;--awb-margin-bottom-small:10px;--awb-margin-left-small:0px;--awb-font-size:24px;\"><h4 class=\"fusion-title-heading title-heading-left\" style=\"font-family:&quot;IBM Plex Sans Condensed&quot;;font-style:normal;font-weight:500;margin:0;font-size:1em;line-height:1.2;\"><a href=\"https:\/\/www.mundusmaris.org\/de\/handwerklichen-fischerei-akademie\/macht-den-fischfang-fair-in-der-eu-25-maerz-2025make-fishing-fair-in-the-eu-25-march-2025\/\" class=\"awb-custom-text-color awb-custom-text-hover-color\" target=\"_self\">Macht den Fischfang fair in der EU,  25. M\u00e4rz 2025<\/a><\/h4><\/div><\/div><\/li>\n<li class=\"fusion-layout-column fusion_builder_column fusion-builder-column-66 fusion-flex-column post-card fusion-grid-column fusion-post-cards-grid-column\" style=\"--awb-bg-color:var(--awb-color1);--awb-bg-color-hover:var(--awb-color1);--awb-bg-blend:overlay;--awb-bg-size:cover;--awb-flex-grow:0;--awb-flex-shrink:0;--awb-flex-grow-medium:;--awb-flex-shrink-medium:;--awb-flex-grow-small:;--awb-flex-shrink-small:;\" data-scroll-devices=\"small-visibility,medium-visibility,large-visibility\"><div class=\"fusion-column-wrapper fusion-column-has-shadow fusion-flex-justify-content-space-around fusion-content-layout-column\"><div class=\"fusion-classic-product-image-wrapper fusion-woo-product-image fusion-post-card-image fusion-post-card-image-1 has-aspect-ratio\" data-layout=\"static\" style=\"--awb-aspect-ratio:3 \/ 2;\"><div  class=\"fusion-image-wrapper\" aria-haspopup=\"true\">\n\t\t\t\t\t\t\t<a href=\"https:\/\/www.mundusmaris.org\/de\/veranstaltung\/die-4-blauen-notebooks-les-4-cahiers-bleus-los-4-cuadernos-azules\/\" aria-label=\"Die 4 Blauen Notebooks | Les 4 Cahiers Bleus | Los 4 Cuadernos Azules\">\n\t\t\t\t\t\t\t<img decoding=\"async\" width=\"500\" height=\"375\" src=\"https:\/\/www.mundusmaris.org\/wp-content\/uploads\/2025\/06\/NoteBookFeature.jpg\" class=\"attachment-full size-full wp-post-image\" alt=\"\" srcset=\"https:\/\/www.mundusmaris.org\/wp-content\/uploads\/2025\/06\/NoteBookFeature-200x150.jpg 200w, https:\/\/www.mundusmaris.org\/wp-content\/uploads\/2025\/06\/NoteBookFeature-400x300.jpg 400w, https:\/\/www.mundusmaris.org\/wp-content\/uploads\/2025\/06\/NoteBookFeature.jpg 500w\" sizes=\"(min-width: 2200px) 100vw, (min-width: 784px) 373px, (min-width: 712px) 560px, (min-width: 640px) 712px, \" \/>\t\t\t<\/a>\n\t\t\t\t\t\t\t<\/div>\n<\/div><div class=\"fusion-meta-tb fusion-meta-tb-65 floated\" style=\"--awb-border-top:0px;--awb-height:36px;--awb-alignment-medium:flex-start;--awb-alignment-small:flex-start;\"><span class=\"fusion-tb-published-date\">Published On: 14. M\u00e4rz 2025<\/span><span class=\"fusion-meta-tb-sep\"><\/span><\/div><div class=\"fusion-title title fusion-title-65 fusion-sep-none fusion-title-text fusion-title-size-four\" style=\"--awb-margin-top:20px;--awb-margin-right:20px;--awb-margin-bottom:20px;--awb-margin-left:20px;--awb-margin-top-small:10px;--awb-margin-right-small:0px;--awb-margin-bottom-small:10px;--awb-margin-left-small:0px;--awb-font-size:24px;\"><h4 class=\"fusion-title-heading title-heading-left\" style=\"font-family:&quot;IBM Plex Sans Condensed&quot;;font-style:normal;font-weight:500;margin:0;font-size:1em;line-height:1.2;\"><a href=\"https:\/\/www.mundusmaris.org\/de\/veranstaltung\/die-4-blauen-notebooks-les-4-cahiers-bleus-los-4-cuadernos-azules\/\" class=\"awb-custom-text-color awb-custom-text-hover-color\" target=\"_self\">Die 4 Blauen Notebooks | Les 4 Cahiers Bleus | Los 4 Cuadernos Azules<\/a><\/h4><\/div><\/div><\/li>\n<li class=\"fusion-layout-column fusion_builder_column fusion-builder-column-67 fusion-flex-column post-card fusion-grid-column fusion-post-cards-grid-column\" style=\"--awb-bg-color:var(--awb-color1);--awb-bg-color-hover:var(--awb-color1);--awb-bg-blend:overlay;--awb-bg-size:cover;--awb-flex-grow:0;--awb-flex-shrink:0;--awb-flex-grow-medium:;--awb-flex-shrink-medium:;--awb-flex-grow-small:;--awb-flex-shrink-small:;\" data-scroll-devices=\"small-visibility,medium-visibility,large-visibility\"><div class=\"fusion-column-wrapper fusion-column-has-shadow fusion-flex-justify-content-space-around fusion-content-layout-column\"><div class=\"fusion-classic-product-image-wrapper fusion-woo-product-image fusion-post-card-image fusion-post-card-image-1 has-aspect-ratio\" data-layout=\"static\" style=\"--awb-aspect-ratio:3 \/ 2;\"><div  class=\"fusion-image-wrapper\" aria-haspopup=\"true\">\n\t\t\t\t\t\t\t<a href=\"https:\/\/www.mundusmaris.org\/de\/aktivitaten\/ozean-und-klimaschutz\/strenger-schutz-in-europaeischen-meeren-wie-er-mensch-und-natur-hilft\/\" aria-label=\"Strenger Schutz in europ\u00e4ischen Meeren: Wie er Mensch und Natur hilft\">\n\t\t\t\t\t\t\t<img decoding=\"async\" width=\"499\" height=\"333\" src=\"https:\/\/www.mundusmaris.org\/wp-content\/uploads\/2025\/04\/LucEeckhaut19_2015.jpg\" class=\"attachment-full size-full wp-post-image\" alt=\"\" srcset=\"https:\/\/www.mundusmaris.org\/wp-content\/uploads\/2025\/04\/LucEeckhaut19_2015-200x133.jpg 200w, https:\/\/www.mundusmaris.org\/wp-content\/uploads\/2025\/04\/LucEeckhaut19_2015-400x267.jpg 400w, https:\/\/www.mundusmaris.org\/wp-content\/uploads\/2025\/04\/LucEeckhaut19_2015.jpg 499w\" sizes=\"(min-width: 2200px) 100vw, (min-width: 784px) 373px, (min-width: 712px) 560px, (min-width: 640px) 712px, \" \/>\t\t\t<\/a>\n\t\t\t\t\t\t\t<\/div>\n<\/div><div class=\"fusion-meta-tb fusion-meta-tb-66 floated\" style=\"--awb-border-top:0px;--awb-height:36px;--awb-alignment-medium:flex-start;--awb-alignment-small:flex-start;\"><span class=\"fusion-tb-published-date\">Published On: 12. M\u00e4rz 2025<\/span><span class=\"fusion-meta-tb-sep\"><\/span><\/div><div class=\"fusion-title title fusion-title-66 fusion-sep-none fusion-title-text fusion-title-size-four\" style=\"--awb-margin-top:20px;--awb-margin-right:20px;--awb-margin-bottom:20px;--awb-margin-left:20px;--awb-margin-top-small:10px;--awb-margin-right-small:0px;--awb-margin-bottom-small:10px;--awb-margin-left-small:0px;--awb-font-size:24px;\"><h4 class=\"fusion-title-heading title-heading-left\" style=\"font-family:&quot;IBM Plex Sans Condensed&quot;;font-style:normal;font-weight:500;margin:0;font-size:1em;line-height:1.2;\"><a href=\"https:\/\/www.mundusmaris.org\/de\/aktivitaten\/ozean-und-klimaschutz\/strenger-schutz-in-europaeischen-meeren-wie-er-mensch-und-natur-hilft\/\" class=\"awb-custom-text-color awb-custom-text-hover-color\" target=\"_self\">Strenger Schutz in europ\u00e4ischen Meeren: Wie er Mensch und Natur hilft<\/a><\/h4><\/div><\/div><\/li>\n<li class=\"fusion-layout-column fusion_builder_column fusion-builder-column-68 fusion-flex-column post-card fusion-grid-column fusion-post-cards-grid-column\" style=\"--awb-bg-color:var(--awb-color1);--awb-bg-color-hover:var(--awb-color1);--awb-bg-blend:overlay;--awb-bg-size:cover;--awb-flex-grow:0;--awb-flex-shrink:0;--awb-flex-grow-medium:;--awb-flex-shrink-medium:;--awb-flex-grow-small:;--awb-flex-shrink-small:;\" data-scroll-devices=\"small-visibility,medium-visibility,large-visibility\"><div class=\"fusion-column-wrapper fusion-column-has-shadow fusion-flex-justify-content-space-around fusion-content-layout-column\"><div class=\"fusion-classic-product-image-wrapper fusion-woo-product-image fusion-post-card-image fusion-post-card-image-1 has-aspect-ratio\" data-layout=\"static\" style=\"--awb-aspect-ratio:3 \/ 2;\"><div  class=\"fusion-image-wrapper\" aria-haspopup=\"true\">\n\t\t\t\t\t\t\t<a href=\"https:\/\/www.mundusmaris.org\/de\/aktivitaten\/ozean-und-klimaschutz\/helfen-sie-mit-den-europaeischen-ozeanpakt-zu-gestalten-bruessel-5-maerz-2025\/\" aria-label=\"Helfen Sie mit, den Europ\u00e4ischen Ozeanpakt zu gestalten, Br\u00fcssel, 5. M\u00e4rz 2025\">\n\t\t\t\t\t\t\t<img decoding=\"async\" width=\"500\" height=\"333\" src=\"https:\/\/www.mundusmaris.org\/wp-content\/uploads\/2025\/03\/CharlinaVitcheva_CENauen500.jpg\" class=\"attachment-full size-full wp-post-image\" alt=\"\" srcset=\"https:\/\/www.mundusmaris.org\/wp-content\/uploads\/2025\/03\/CharlinaVitcheva_CENauen500-200x133.jpg 200w, https:\/\/www.mundusmaris.org\/wp-content\/uploads\/2025\/03\/CharlinaVitcheva_CENauen500-400x266.jpg 400w, https:\/\/www.mundusmaris.org\/wp-content\/uploads\/2025\/03\/CharlinaVitcheva_CENauen500.jpg 500w\" sizes=\"(min-width: 2200px) 100vw, (min-width: 784px) 373px, (min-width: 712px) 560px, (min-width: 640px) 712px, \" \/>\t\t\t<\/a>\n\t\t\t\t\t\t\t<\/div>\n<\/div><div class=\"fusion-meta-tb fusion-meta-tb-67 floated\" style=\"--awb-border-top:0px;--awb-height:36px;--awb-alignment-medium:flex-start;--awb-alignment-small:flex-start;\"><span class=\"fusion-tb-published-date\">Published On: 10. M\u00e4rz 2025<\/span><span class=\"fusion-meta-tb-sep\"><\/span><\/div><div class=\"fusion-title title fusion-title-67 fusion-sep-none fusion-title-text fusion-title-size-four\" style=\"--awb-margin-top:20px;--awb-margin-right:20px;--awb-margin-bottom:20px;--awb-margin-left:20px;--awb-margin-top-small:10px;--awb-margin-right-small:0px;--awb-margin-bottom-small:10px;--awb-margin-left-small:0px;--awb-font-size:24px;\"><h4 class=\"fusion-title-heading title-heading-left\" style=\"font-family:&quot;IBM Plex Sans Condensed&quot;;font-style:normal;font-weight:500;margin:0;font-size:1em;line-height:1.2;\"><a href=\"https:\/\/www.mundusmaris.org\/de\/aktivitaten\/ozean-und-klimaschutz\/helfen-sie-mit-den-europaeischen-ozeanpakt-zu-gestalten-bruessel-5-maerz-2025\/\" class=\"awb-custom-text-color awb-custom-text-hover-color\" target=\"_self\">Helfen Sie mit, den Europ\u00e4ischen Ozeanpakt zu gestalten, Br\u00fcssel, 5. M\u00e4rz 2025<\/a><\/h4><\/div><\/div><\/li>\n<li class=\"fusion-layout-column fusion_builder_column fusion-builder-column-69 fusion-flex-column post-card fusion-grid-column fusion-post-cards-grid-column\" style=\"--awb-bg-color:var(--awb-color1);--awb-bg-color-hover:var(--awb-color1);--awb-bg-blend:overlay;--awb-bg-size:cover;--awb-flex-grow:0;--awb-flex-shrink:0;--awb-flex-grow-medium:;--awb-flex-shrink-medium:;--awb-flex-grow-small:;--awb-flex-shrink-small:;\" data-scroll-devices=\"small-visibility,medium-visibility,large-visibility\"><div class=\"fusion-column-wrapper fusion-column-has-shadow fusion-flex-justify-content-space-around fusion-content-layout-column\"><div class=\"fusion-classic-product-image-wrapper fusion-woo-product-image fusion-post-card-image fusion-post-card-image-1 has-aspect-ratio\" data-layout=\"static\" style=\"--awb-aspect-ratio:3 \/ 2;\"><div  class=\"fusion-image-wrapper\" aria-haspopup=\"true\">\n\t\t\t\t\t\t\t<a href=\"https:\/\/www.mundusmaris.org\/de\/aktivitaten\/ozean-und-klimaschutz\/3-starfish-mission-forum-bruessel-4-maerz-2025\/\" aria-label=\"3. Starfish Mission Forum, Br\u00fcssel,  4. M\u00e4rz 2025\">\n\t\t\t\t\t\t\t<img decoding=\"async\" width=\"500\" height=\"333\" src=\"https:\/\/www.mundusmaris.org\/wp-content\/uploads\/2025\/03\/MissionOceanForum2025.jpg\" class=\"attachment-full size-full wp-post-image\" alt=\"\" srcset=\"https:\/\/www.mundusmaris.org\/wp-content\/uploads\/2025\/03\/MissionOceanForum2025-200x133.jpg 200w, https:\/\/www.mundusmaris.org\/wp-content\/uploads\/2025\/03\/MissionOceanForum2025-400x266.jpg 400w, https:\/\/www.mundusmaris.org\/wp-content\/uploads\/2025\/03\/MissionOceanForum2025.jpg 500w\" sizes=\"(min-width: 2200px) 100vw, (min-width: 784px) 373px, (min-width: 712px) 560px, (min-width: 640px) 712px, \" \/>\t\t\t<\/a>\n\t\t\t\t\t\t\t<\/div>\n<\/div><div class=\"fusion-meta-tb fusion-meta-tb-68 floated\" style=\"--awb-border-top:0px;--awb-height:36px;--awb-alignment-medium:flex-start;--awb-alignment-small:flex-start;\"><span class=\"fusion-tb-published-date\">Published On: 9. M\u00e4rz 2025<\/span><span class=\"fusion-meta-tb-sep\"><\/span><\/div><div class=\"fusion-title title fusion-title-68 fusion-sep-none fusion-title-text fusion-title-size-four\" style=\"--awb-margin-top:20px;--awb-margin-right:20px;--awb-margin-bottom:20px;--awb-margin-left:20px;--awb-margin-top-small:10px;--awb-margin-right-small:0px;--awb-margin-bottom-small:10px;--awb-margin-left-small:0px;--awb-font-size:24px;\"><h4 class=\"fusion-title-heading title-heading-left\" style=\"font-family:&quot;IBM Plex Sans Condensed&quot;;font-style:normal;font-weight:500;margin:0;font-size:1em;line-height:1.2;\"><a href=\"https:\/\/www.mundusmaris.org\/de\/aktivitaten\/ozean-und-klimaschutz\/3-starfish-mission-forum-bruessel-4-maerz-2025\/\" class=\"awb-custom-text-color awb-custom-text-hover-color\" target=\"_self\">3. Starfish Mission Forum, Br\u00fcssel,  4. M\u00e4rz 2025<\/a><\/h4><\/div><\/div><\/li>\n<li class=\"fusion-layout-column fusion_builder_column fusion-builder-column-70 fusion-flex-column post-card fusion-grid-column fusion-post-cards-grid-column\" style=\"--awb-bg-color:var(--awb-color1);--awb-bg-color-hover:var(--awb-color1);--awb-bg-blend:overlay;--awb-bg-size:cover;--awb-flex-grow:0;--awb-flex-shrink:0;--awb-flex-grow-medium:;--awb-flex-shrink-medium:;--awb-flex-grow-small:;--awb-flex-shrink-small:;\" data-scroll-devices=\"small-visibility,medium-visibility,large-visibility\"><div class=\"fusion-column-wrapper fusion-column-has-shadow fusion-flex-justify-content-space-around fusion-content-layout-column\"><div class=\"fusion-classic-product-image-wrapper fusion-woo-product-image fusion-post-card-image fusion-post-card-image-1 has-aspect-ratio\" data-layout=\"static\" style=\"--awb-aspect-ratio:3 \/ 2;\"><div  class=\"fusion-image-wrapper\" aria-haspopup=\"true\">\n\t\t\t\t\t\t\t<a href=\"https:\/\/www.mundusmaris.org\/de\/meereswissen-und-oeffentlichkeitsarbeit\/protecting-blue-horizons-through-a-role-playing-game\/\" aria-label=\"Protecting Blue Horizons through a Role-Playing Game\">\n\t\t\t\t\t\t\t<img decoding=\"async\" width=\"500\" height=\"375\" src=\"https:\/\/www.mundusmaris.org\/wp-content\/uploads\/2025\/02\/hake-1106698_500.jpg\" class=\"attachment-full size-full wp-post-image\" alt=\"\" srcset=\"https:\/\/www.mundusmaris.org\/wp-content\/uploads\/2025\/02\/hake-1106698_500-200x150.jpg 200w, https:\/\/www.mundusmaris.org\/wp-content\/uploads\/2025\/02\/hake-1106698_500-400x300.jpg 400w, https:\/\/www.mundusmaris.org\/wp-content\/uploads\/2025\/02\/hake-1106698_500.jpg 500w\" sizes=\"(min-width: 2200px) 100vw, (min-width: 784px) 373px, (min-width: 712px) 560px, (min-width: 640px) 712px, \" \/>\t\t\t<\/a>\n\t\t\t\t\t\t\t<\/div>\n<\/div><div class=\"fusion-meta-tb fusion-meta-tb-69 floated\" style=\"--awb-border-top:0px;--awb-height:36px;--awb-alignment-medium:flex-start;--awb-alignment-small:flex-start;\"><span class=\"fusion-tb-published-date\">Published On: 27. Februar 2025<\/span><span class=\"fusion-meta-tb-sep\"><\/span><\/div><div class=\"fusion-title title fusion-title-69 fusion-sep-none fusion-title-text fusion-title-size-four\" style=\"--awb-margin-top:20px;--awb-margin-right:20px;--awb-margin-bottom:20px;--awb-margin-left:20px;--awb-margin-top-small:10px;--awb-margin-right-small:0px;--awb-margin-bottom-small:10px;--awb-margin-left-small:0px;--awb-font-size:24px;\"><h4 class=\"fusion-title-heading title-heading-left\" style=\"font-family:&quot;IBM Plex Sans Condensed&quot;;font-style:normal;font-weight:500;margin:0;font-size:1em;line-height:1.2;\"><a href=\"https:\/\/www.mundusmaris.org\/de\/meereswissen-und-oeffentlichkeitsarbeit\/protecting-blue-horizons-through-a-role-playing-game\/\" class=\"awb-custom-text-color awb-custom-text-hover-color\" target=\"_self\">Protecting Blue Horizons through a Role-Playing Game<\/a><\/h4><\/div><\/div><\/li>\n<li class=\"fusion-layout-column fusion_builder_column fusion-builder-column-71 fusion-flex-column post-card fusion-grid-column fusion-post-cards-grid-column\" style=\"--awb-bg-color:var(--awb-color1);--awb-bg-color-hover:var(--awb-color1);--awb-bg-blend:overlay;--awb-bg-size:cover;--awb-flex-grow:0;--awb-flex-shrink:0;--awb-flex-grow-medium:;--awb-flex-shrink-medium:;--awb-flex-grow-small:;--awb-flex-shrink-small:;\" data-scroll-devices=\"small-visibility,medium-visibility,large-visibility\"><div class=\"fusion-column-wrapper fusion-column-has-shadow fusion-flex-justify-content-space-around fusion-content-layout-column\"><div class=\"fusion-classic-product-image-wrapper fusion-woo-product-image fusion-post-card-image fusion-post-card-image-1 has-aspect-ratio\" data-layout=\"static\" style=\"--awb-aspect-ratio:3 \/ 2;\"><div  class=\"fusion-image-wrapper\" aria-haspopup=\"true\">\n\t\t\t\t\t\t\t<a href=\"https:\/\/www.mundusmaris.org\/de\/aktivitaten\/ozean-und-klimaschutz\/die-7-halieutis-konferenz-stand-unter-dem-motto-forschung-und-innovation-fuer-einen-nachhaltigen-fischereisektor\/\" aria-label=\"Die 7. Halieutis-Konferenz stand unter dem Motto \u201eForschung und Innovation f\u00fcr einen nachhaltigen Fischereisektor\u201c\">\n\t\t\t\t\t\t\t<img decoding=\"async\" width=\"500\" height=\"333\" src=\"https:\/\/www.mundusmaris.org\/wp-content\/uploads\/2025\/02\/MoroccoPreview.jpg\" class=\"attachment-full size-full wp-post-image\" alt=\"\" srcset=\"https:\/\/www.mundusmaris.org\/wp-content\/uploads\/2025\/02\/MoroccoPreview-200x133.jpg 200w, https:\/\/www.mundusmaris.org\/wp-content\/uploads\/2025\/02\/MoroccoPreview-400x266.jpg 400w, https:\/\/www.mundusmaris.org\/wp-content\/uploads\/2025\/02\/MoroccoPreview.jpg 500w\" sizes=\"(min-width: 2200px) 100vw, (min-width: 784px) 373px, (min-width: 712px) 560px, (min-width: 640px) 712px, \" \/>\t\t\t<\/a>\n\t\t\t\t\t\t\t<\/div>\n<\/div><div class=\"fusion-meta-tb fusion-meta-tb-70 floated\" style=\"--awb-border-top:0px;--awb-height:36px;--awb-alignment-medium:flex-start;--awb-alignment-small:flex-start;\"><span class=\"fusion-tb-published-date\">Published On: 13. Februar 2025<\/span><span class=\"fusion-meta-tb-sep\"><\/span><\/div><div class=\"fusion-title title fusion-title-70 fusion-sep-none fusion-title-text fusion-title-size-four\" style=\"--awb-margin-top:20px;--awb-margin-right:20px;--awb-margin-bottom:20px;--awb-margin-left:20px;--awb-margin-top-small:10px;--awb-margin-right-small:0px;--awb-margin-bottom-small:10px;--awb-margin-left-small:0px;--awb-font-size:24px;\"><h4 class=\"fusion-title-heading title-heading-left\" style=\"font-family:&quot;IBM Plex Sans Condensed&quot;;font-style:normal;font-weight:500;margin:0;font-size:1em;line-height:1.2;\"><a href=\"https:\/\/www.mundusmaris.org\/de\/aktivitaten\/ozean-und-klimaschutz\/die-7-halieutis-konferenz-stand-unter-dem-motto-forschung-und-innovation-fuer-einen-nachhaltigen-fischereisektor\/\" class=\"awb-custom-text-color awb-custom-text-hover-color\" target=\"_self\">Die 7. Halieutis-Konferenz stand unter dem Motto \u201eForschung und Innovation f\u00fcr einen nachhaltigen Fischereisektor\u201c<\/a><\/h4><\/div><\/div><\/li>\n<li class=\"fusion-layout-column fusion_builder_column fusion-builder-column-72 fusion-flex-column post-card fusion-grid-column fusion-post-cards-grid-column\" style=\"--awb-bg-color:var(--awb-color1);--awb-bg-color-hover:var(--awb-color1);--awb-bg-blend:overlay;--awb-bg-size:cover;--awb-flex-grow:0;--awb-flex-shrink:0;--awb-flex-grow-medium:;--awb-flex-shrink-medium:;--awb-flex-grow-small:;--awb-flex-shrink-small:;\" data-scroll-devices=\"small-visibility,medium-visibility,large-visibility\"><div class=\"fusion-column-wrapper fusion-column-has-shadow fusion-flex-justify-content-space-around fusion-content-layout-column\"><div class=\"fusion-classic-product-image-wrapper fusion-woo-product-image fusion-post-card-image fusion-post-card-image-1 has-aspect-ratio\" data-layout=\"static\" style=\"--awb-aspect-ratio:3 \/ 2;\"><div  class=\"fusion-image-wrapper\" aria-haspopup=\"true\">\n\t\t\t\t\t\t\t<a href=\"https:\/\/www.mundusmaris.org\/de\/handwerklichen-fischerei-akademie\/beziehungen-zwischen-mensch-und-biologischer-vielfalt-ueber-alle-skalen-hinweg\/\" aria-label=\"Beziehungen zwischen Mensch und biologischer Vielfalt \u00fcber alle Skalen hinweg\">\n\t\t\t\t\t\t\t<img decoding=\"async\" width=\"400\" height=\"275\" src=\"https:\/\/www.mundusmaris.org\/wp-content\/uploads\/2025\/02\/2025WorkShopHolland001.jpg\" class=\"attachment-full size-full wp-post-image\" alt=\"\" srcset=\"https:\/\/www.mundusmaris.org\/wp-content\/uploads\/2025\/02\/2025WorkShopHolland001-200x138.jpg 200w, https:\/\/www.mundusmaris.org\/wp-content\/uploads\/2025\/02\/2025WorkShopHolland001.jpg 400w\" sizes=\"(min-width: 2200px) 100vw, (min-width: 784px) 373px, (min-width: 712px) 560px, (min-width: 640px) 712px, \" \/>\t\t\t<\/a>\n\t\t\t\t\t\t\t<\/div>\n<\/div><div class=\"fusion-meta-tb fusion-meta-tb-71 floated\" style=\"--awb-border-top:0px;--awb-height:36px;--awb-alignment-medium:flex-start;--awb-alignment-small:flex-start;\"><span class=\"fusion-tb-published-date\">Published On: 10. Februar 2025<\/span><span class=\"fusion-meta-tb-sep\"><\/span><\/div><div class=\"fusion-title title fusion-title-71 fusion-sep-none fusion-title-text fusion-title-size-four\" style=\"--awb-margin-top:20px;--awb-margin-right:20px;--awb-margin-bottom:20px;--awb-margin-left:20px;--awb-margin-top-small:10px;--awb-margin-right-small:0px;--awb-margin-bottom-small:10px;--awb-margin-left-small:0px;--awb-font-size:24px;\"><h4 class=\"fusion-title-heading title-heading-left\" style=\"font-family:&quot;IBM Plex Sans Condensed&quot;;font-style:normal;font-weight:500;margin:0;font-size:1em;line-height:1.2;\"><a href=\"https:\/\/www.mundusmaris.org\/de\/handwerklichen-fischerei-akademie\/beziehungen-zwischen-mensch-und-biologischer-vielfalt-ueber-alle-skalen-hinweg\/\" class=\"awb-custom-text-color awb-custom-text-hover-color\" target=\"_self\">Beziehungen zwischen Mensch und biologischer Vielfalt \u00fcber alle Skalen hinweg<\/a><\/h4><\/div><\/div><\/li>\n<li class=\"fusion-layout-column fusion_builder_column fusion-builder-column-73 fusion-flex-column post-card fusion-grid-column fusion-post-cards-grid-column\" style=\"--awb-bg-color:var(--awb-color1);--awb-bg-color-hover:var(--awb-color1);--awb-bg-blend:overlay;--awb-bg-size:cover;--awb-flex-grow:0;--awb-flex-shrink:0;--awb-flex-grow-medium:;--awb-flex-shrink-medium:;--awb-flex-grow-small:;--awb-flex-shrink-small:;\" data-scroll-devices=\"small-visibility,medium-visibility,large-visibility\"><div class=\"fusion-column-wrapper fusion-column-has-shadow fusion-flex-justify-content-space-around fusion-content-layout-column\"><div class=\"fusion-classic-product-image-wrapper fusion-woo-product-image fusion-post-card-image fusion-post-card-image-1 has-aspect-ratio\" data-layout=\"static\" style=\"--awb-aspect-ratio:3 \/ 2;\"><div  class=\"fusion-image-wrapper\" aria-haspopup=\"true\">\n\t\t\t\t\t\t\t<a href=\"https:\/\/www.mundusmaris.org\/de\/aktivitaten\/ozean-und-klimaschutz\/boot-2025-mundus-maris-wieder-auf-der-plattform-love-your-ocean-dabei\/\" aria-label=\"Boot 2025: Mundus maris wieder auf der Plattform &#8222;love your ocean&#8220; dabei.\">\n\t\t\t\t\t\t\t<img decoding=\"async\" width=\"500\" height=\"330\" src=\"https:\/\/www.mundusmaris.org\/wp-content\/uploads\/2025\/01\/Boot25-00.jpg\" class=\"attachment-full size-full wp-post-image\" alt=\"\" srcset=\"https:\/\/www.mundusmaris.org\/wp-content\/uploads\/2025\/01\/Boot25-00-200x132.jpg 200w, https:\/\/www.mundusmaris.org\/wp-content\/uploads\/2025\/01\/Boot25-00-400x264.jpg 400w, https:\/\/www.mundusmaris.org\/wp-content\/uploads\/2025\/01\/Boot25-00.jpg 500w\" sizes=\"(min-width: 2200px) 100vw, (min-width: 784px) 373px, (min-width: 712px) 560px, (min-width: 640px) 712px, \" \/>\t\t\t<\/a>\n\t\t\t\t\t\t\t<\/div>\n<\/div><div class=\"fusion-meta-tb fusion-meta-tb-72 floated\" style=\"--awb-border-top:0px;--awb-height:36px;--awb-alignment-medium:flex-start;--awb-alignment-small:flex-start;\"><span class=\"fusion-tb-published-date\">Published On: 28. Januar 2025<\/span><span class=\"fusion-meta-tb-sep\"><\/span><\/div><div class=\"fusion-title title fusion-title-72 fusion-sep-none fusion-title-text fusion-title-size-four\" style=\"--awb-margin-top:20px;--awb-margin-right:20px;--awb-margin-bottom:20px;--awb-margin-left:20px;--awb-margin-top-small:10px;--awb-margin-right-small:0px;--awb-margin-bottom-small:10px;--awb-margin-left-small:0px;--awb-font-size:24px;\"><h4 class=\"fusion-title-heading title-heading-left\" style=\"font-family:&quot;IBM Plex Sans Condensed&quot;;font-style:normal;font-weight:500;margin:0;font-size:1em;line-height:1.2;\"><a href=\"https:\/\/www.mundusmaris.org\/de\/aktivitaten\/ozean-und-klimaschutz\/boot-2025-mundus-maris-wieder-auf-der-plattform-love-your-ocean-dabei\/\" class=\"awb-custom-text-color awb-custom-text-hover-color\" target=\"_self\">Boot 2025: Mundus maris wieder auf der Plattform &#8222;love your ocean&#8220; dabei.<\/a><\/h4><\/div><\/div><\/li>\n<li class=\"fusion-layout-column fusion_builder_column fusion-builder-column-74 fusion-flex-column post-card fusion-grid-column fusion-post-cards-grid-column\" style=\"--awb-bg-color:var(--awb-color1);--awb-bg-color-hover:var(--awb-color1);--awb-bg-blend:overlay;--awb-bg-size:cover;--awb-flex-grow:0;--awb-flex-shrink:0;--awb-flex-grow-medium:;--awb-flex-shrink-medium:;--awb-flex-grow-small:;--awb-flex-shrink-small:;\" data-scroll-devices=\"small-visibility,medium-visibility,large-visibility\"><div class=\"fusion-column-wrapper fusion-column-has-shadow fusion-flex-justify-content-space-around fusion-content-layout-column\"><div class=\"fusion-classic-product-image-wrapper fusion-woo-product-image fusion-post-card-image fusion-post-card-image-1 has-aspect-ratio\" data-layout=\"static\" style=\"--awb-aspect-ratio:3 \/ 2;\"><div  class=\"fusion-image-wrapper\" aria-haspopup=\"true\">\n\t\t\t\t\t\t\t<a href=\"https:\/\/www.mundusmaris.org\/de\/aktivitaten\/ozean-und-klimaschutz\/welche-zukunft-hat-die-europaeische-fischerei\/\" aria-label=\"Welche Zukunft hat die europ\u00e4ische Fischerei?\">\n\t\t\t\t\t\t\t<img decoding=\"async\" width=\"640\" height=\"480\" src=\"https:\/\/www.mundusmaris.org\/wp-content\/uploads\/2025\/02\/fishing-589560_640.jpg\" class=\"attachment-full size-full wp-post-image\" alt=\"\" srcset=\"https:\/\/www.mundusmaris.org\/wp-content\/uploads\/2025\/02\/fishing-589560_640-200x150.jpg 200w, https:\/\/www.mundusmaris.org\/wp-content\/uploads\/2025\/02\/fishing-589560_640-400x300.jpg 400w, https:\/\/www.mundusmaris.org\/wp-content\/uploads\/2025\/02\/fishing-589560_640-600x450.jpg 600w, https:\/\/www.mundusmaris.org\/wp-content\/uploads\/2025\/02\/fishing-589560_640.jpg 640w\" sizes=\"(min-width: 2200px) 100vw, (min-width: 784px) 373px, (min-width: 712px) 560px, (min-width: 640px) 712px, \" \/>\t\t\t<\/a>\n\t\t\t\t\t\t\t<\/div>\n<\/div><div class=\"fusion-meta-tb fusion-meta-tb-73 floated\" style=\"--awb-border-top:0px;--awb-height:36px;--awb-alignment-medium:flex-start;--awb-alignment-small:flex-start;\"><span class=\"fusion-tb-published-date\">Published On: 15. Januar 2025<\/span><span class=\"fusion-meta-tb-sep\"><\/span><\/div><div class=\"fusion-title title fusion-title-73 fusion-sep-none fusion-title-text fusion-title-size-four\" style=\"--awb-margin-top:20px;--awb-margin-right:20px;--awb-margin-bottom:20px;--awb-margin-left:20px;--awb-margin-top-small:10px;--awb-margin-right-small:0px;--awb-margin-bottom-small:10px;--awb-margin-left-small:0px;--awb-font-size:24px;\"><h4 class=\"fusion-title-heading title-heading-left\" style=\"font-family:&quot;IBM Plex Sans Condensed&quot;;font-style:normal;font-weight:500;margin:0;font-size:1em;line-height:1.2;\"><a href=\"https:\/\/www.mundusmaris.org\/de\/aktivitaten\/ozean-und-klimaschutz\/welche-zukunft-hat-die-europaeische-fischerei\/\" class=\"awb-custom-text-color awb-custom-text-hover-color\" target=\"_self\">Welche Zukunft hat die europ\u00e4ische Fischerei?<\/a><\/h4><\/div><\/div><\/li>\n<li class=\"fusion-layout-column fusion_builder_column fusion-builder-column-75 fusion-flex-column post-card fusion-grid-column fusion-post-cards-grid-column\" style=\"--awb-bg-color:var(--awb-color1);--awb-bg-color-hover:var(--awb-color1);--awb-bg-blend:overlay;--awb-bg-size:cover;--awb-flex-grow:0;--awb-flex-shrink:0;--awb-flex-grow-medium:;--awb-flex-shrink-medium:;--awb-flex-grow-small:;--awb-flex-shrink-small:;\" data-scroll-devices=\"small-visibility,medium-visibility,large-visibility\"><div class=\"fusion-column-wrapper fusion-column-has-shadow fusion-flex-justify-content-space-around fusion-content-layout-column\"><div class=\"fusion-classic-product-image-wrapper fusion-woo-product-image fusion-post-card-image fusion-post-card-image-1 has-aspect-ratio\" data-layout=\"static\" style=\"--awb-aspect-ratio:3 \/ 2;\"><div  class=\"fusion-image-wrapper\" aria-haspopup=\"true\">\n\t\t\t\t\t\t\t<a href=\"https:\/\/www.mundusmaris.org\/de\/aktivitaten\/stop-der-uberfischung\/wto-noch-immer-ohne-einigung-ueber-schaedliche-fischereisubventionen\/\" aria-label=\"WTO noch immer ohne Einigung \u00fcber sch\u00e4dliche Fischereisubventionen\">\n\t\t\t\t\t\t\t<img decoding=\"async\" width=\"500\" height=\"336\" src=\"https:\/\/www.mundusmaris.org\/wp-content\/uploads\/2024\/12\/BarbadosGoldenFishPin.jpg\" class=\"attachment-full size-full wp-post-image\" alt=\"\" srcset=\"https:\/\/www.mundusmaris.org\/wp-content\/uploads\/2024\/12\/BarbadosGoldenFishPin-200x134.jpg 200w, https:\/\/www.mundusmaris.org\/wp-content\/uploads\/2024\/12\/BarbadosGoldenFishPin-400x269.jpg 400w, https:\/\/www.mundusmaris.org\/wp-content\/uploads\/2024\/12\/BarbadosGoldenFishPin.jpg 500w\" sizes=\"(min-width: 2200px) 100vw, (min-width: 784px) 373px, (min-width: 712px) 560px, (min-width: 640px) 712px, \" \/>\t\t\t<\/a>\n\t\t\t\t\t\t\t<\/div>\n<\/div><div class=\"fusion-meta-tb fusion-meta-tb-74 floated\" style=\"--awb-border-top:0px;--awb-height:36px;--awb-alignment-medium:flex-start;--awb-alignment-small:flex-start;\"><span class=\"fusion-tb-published-date\">Published On: 15. Dezember 2024<\/span><span class=\"fusion-meta-tb-sep\"><\/span><\/div><div class=\"fusion-title title fusion-title-74 fusion-sep-none fusion-title-text fusion-title-size-four\" style=\"--awb-margin-top:20px;--awb-margin-right:20px;--awb-margin-bottom:20px;--awb-margin-left:20px;--awb-margin-top-small:10px;--awb-margin-right-small:0px;--awb-margin-bottom-small:10px;--awb-margin-left-small:0px;--awb-font-size:24px;\"><h4 class=\"fusion-title-heading title-heading-left\" style=\"font-family:&quot;IBM Plex Sans Condensed&quot;;font-style:normal;font-weight:500;margin:0;font-size:1em;line-height:1.2;\"><a href=\"https:\/\/www.mundusmaris.org\/de\/aktivitaten\/stop-der-uberfischung\/wto-noch-immer-ohne-einigung-ueber-schaedliche-fischereisubventionen\/\" class=\"awb-custom-text-color awb-custom-text-hover-color\" target=\"_self\">WTO noch immer ohne Einigung \u00fcber sch\u00e4dliche Fischereisubventionen<\/a><\/h4><\/div><\/div><\/li>\n<li class=\"fusion-layout-column fusion_builder_column fusion-builder-column-76 fusion-flex-column post-card fusion-grid-column fusion-post-cards-grid-column\" style=\"--awb-bg-color:var(--awb-color1);--awb-bg-color-hover:var(--awb-color1);--awb-bg-blend:overlay;--awb-bg-size:cover;--awb-flex-grow:0;--awb-flex-shrink:0;--awb-flex-grow-medium:;--awb-flex-shrink-medium:;--awb-flex-grow-small:;--awb-flex-shrink-small:;\" data-scroll-devices=\"small-visibility,medium-visibility,large-visibility\"><div class=\"fusion-column-wrapper fusion-column-has-shadow fusion-flex-justify-content-space-around fusion-content-layout-column\"><div class=\"fusion-classic-product-image-wrapper fusion-woo-product-image fusion-post-card-image fusion-post-card-image-1 has-aspect-ratio\" data-layout=\"static\" style=\"--awb-aspect-ratio:3 \/ 2;\"><div  class=\"fusion-image-wrapper\" aria-haspopup=\"true\">\n\t\t\t\t\t\t\t<a href=\"https:\/\/www.mundusmaris.org\/de\/veranstaltung\/das-belgische-nationale-komitee-fuer-die-meeresdekade-trifft-sich-in-oostende\/\" aria-label=\"Das Belgische Nationale Komitee f\u00fcr die Meeresdekade trifft sich in Oostende\">\n\t\t\t\t\t\t\t<img decoding=\"async\" width=\"500\" height=\"330\" src=\"https:\/\/www.mundusmaris.org\/wp-content\/uploads\/2024\/12\/FisherwomenOstende500px.jpg\" class=\"attachment-full size-full wp-post-image\" alt=\"\" srcset=\"https:\/\/www.mundusmaris.org\/wp-content\/uploads\/2024\/12\/FisherwomenOstende500px-200x132.jpg 200w, https:\/\/www.mundusmaris.org\/wp-content\/uploads\/2024\/12\/FisherwomenOstende500px-400x264.jpg 400w, https:\/\/www.mundusmaris.org\/wp-content\/uploads\/2024\/12\/FisherwomenOstende500px.jpg 500w\" sizes=\"(min-width: 2200px) 100vw, (min-width: 784px) 373px, (min-width: 712px) 560px, (min-width: 640px) 712px, \" \/>\t\t\t<\/a>\n\t\t\t\t\t\t\t<\/div>\n<\/div><div class=\"fusion-meta-tb fusion-meta-tb-75 floated\" style=\"--awb-border-top:0px;--awb-height:36px;--awb-alignment-medium:flex-start;--awb-alignment-small:flex-start;\"><span class=\"fusion-tb-published-date\">Published On: 15. Dezember 2024<\/span><span class=\"fusion-meta-tb-sep\"><\/span><\/div><div class=\"fusion-title title fusion-title-75 fusion-sep-none fusion-title-text fusion-title-size-four\" style=\"--awb-margin-top:20px;--awb-margin-right:20px;--awb-margin-bottom:20px;--awb-margin-left:20px;--awb-margin-top-small:10px;--awb-margin-right-small:0px;--awb-margin-bottom-small:10px;--awb-margin-left-small:0px;--awb-font-size:24px;\"><h4 class=\"fusion-title-heading title-heading-left\" style=\"font-family:&quot;IBM Plex Sans Condensed&quot;;font-style:normal;font-weight:500;margin:0;font-size:1em;line-height:1.2;\"><a href=\"https:\/\/www.mundusmaris.org\/de\/veranstaltung\/das-belgische-nationale-komitee-fuer-die-meeresdekade-trifft-sich-in-oostende\/\" class=\"awb-custom-text-color awb-custom-text-hover-color\" target=\"_self\">Das Belgische Nationale Komitee f\u00fcr die Meeresdekade trifft sich in Oostende<\/a><\/h4><\/div><\/div><\/li>\n<li class=\"fusion-layout-column fusion_builder_column fusion-builder-column-77 fusion-flex-column post-card fusion-grid-column fusion-post-cards-grid-column\" style=\"--awb-bg-color:var(--awb-color1);--awb-bg-color-hover:var(--awb-color1);--awb-bg-blend:overlay;--awb-bg-size:cover;--awb-flex-grow:0;--awb-flex-shrink:0;--awb-flex-grow-medium:;--awb-flex-shrink-medium:;--awb-flex-grow-small:;--awb-flex-shrink-small:;\" data-scroll-devices=\"small-visibility,medium-visibility,large-visibility\"><div class=\"fusion-column-wrapper fusion-column-has-shadow fusion-flex-justify-content-space-around fusion-content-layout-column\"><div class=\"fusion-classic-product-image-wrapper fusion-woo-product-image fusion-post-card-image fusion-post-card-image-1 has-aspect-ratio\" data-layout=\"static\" style=\"--awb-aspect-ratio:3 \/ 2;\"><div  class=\"fusion-image-wrapper\" aria-haspopup=\"true\">\n\t\t\t\t\t\t\t<a href=\"https:\/\/www.mundusmaris.org\/de\/handwerklichen-fischerei-akademie\/weltfischereitag-gefeiert-am-21-november-2024-in-nigeria\/\" aria-label=\"Weltfischereitag, gefeiert am 21. November 2024 in Nigeria\">\n\t\t\t\t\t\t\t<img decoding=\"async\" width=\"500\" height=\"330\" src=\"https:\/\/www.mundusmaris.org\/wp-content\/uploads\/2024\/12\/SSF-GuidelinesVideo.jpg\" class=\"attachment-full size-full wp-post-image\" alt=\"\" srcset=\"https:\/\/www.mundusmaris.org\/wp-content\/uploads\/2024\/12\/SSF-GuidelinesVideo-200x132.jpg 200w, https:\/\/www.mundusmaris.org\/wp-content\/uploads\/2024\/12\/SSF-GuidelinesVideo-400x264.jpg 400w, https:\/\/www.mundusmaris.org\/wp-content\/uploads\/2024\/12\/SSF-GuidelinesVideo.jpg 500w\" sizes=\"(min-width: 2200px) 100vw, (min-width: 784px) 373px, (min-width: 712px) 560px, (min-width: 640px) 712px, \" \/>\t\t\t<\/a>\n\t\t\t\t\t\t\t<\/div>\n<\/div><div class=\"fusion-meta-tb fusion-meta-tb-76 floated\" style=\"--awb-border-top:0px;--awb-height:36px;--awb-alignment-medium:flex-start;--awb-alignment-small:flex-start;\"><span class=\"fusion-tb-published-date\">Published On: 25. November 2024<\/span><span class=\"fusion-meta-tb-sep\"><\/span><\/div><div class=\"fusion-title title fusion-title-76 fusion-sep-none fusion-title-text fusion-title-size-four\" style=\"--awb-margin-top:20px;--awb-margin-right:20px;--awb-margin-bottom:20px;--awb-margin-left:20px;--awb-margin-top-small:10px;--awb-margin-right-small:0px;--awb-margin-bottom-small:10px;--awb-margin-left-small:0px;--awb-font-size:24px;\"><h4 class=\"fusion-title-heading title-heading-left\" style=\"font-family:&quot;IBM Plex Sans Condensed&quot;;font-style:normal;font-weight:500;margin:0;font-size:1em;line-height:1.2;\"><a href=\"https:\/\/www.mundusmaris.org\/de\/handwerklichen-fischerei-akademie\/weltfischereitag-gefeiert-am-21-november-2024-in-nigeria\/\" class=\"awb-custom-text-color awb-custom-text-hover-color\" target=\"_self\">Weltfischereitag, gefeiert am 21. November 2024 in Nigeria<\/a><\/h4><\/div><\/div><\/li>\n<li class=\"fusion-layout-column fusion_builder_column fusion-builder-column-78 fusion-flex-column post-card fusion-grid-column fusion-post-cards-grid-column\" style=\"--awb-bg-color:var(--awb-color1);--awb-bg-color-hover:var(--awb-color1);--awb-bg-blend:overlay;--awb-bg-size:cover;--awb-flex-grow:0;--awb-flex-shrink:0;--awb-flex-grow-medium:;--awb-flex-shrink-medium:;--awb-flex-grow-small:;--awb-flex-shrink-small:;\" data-scroll-devices=\"small-visibility,medium-visibility,large-visibility\"><div class=\"fusion-column-wrapper fusion-column-has-shadow fusion-flex-justify-content-space-around fusion-content-layout-column\"><div class=\"fusion-classic-product-image-wrapper fusion-woo-product-image fusion-post-card-image fusion-post-card-image-1 has-aspect-ratio\" data-layout=\"static\" style=\"--awb-aspect-ratio:3 \/ 2;\"><div  class=\"fusion-image-wrapper\" aria-haspopup=\"true\">\n\t\t\t\t\t\t\t<a href=\"https:\/\/www.mundusmaris.org\/de\/zwischen-tradition-und-modernitaet\/mundus-maris-participated-in-the-2024-world-fisheries-day-organized-by-canoe-and-fishery-gear-association-of-ghana-cafgoag\/\" aria-label=\"Mundus maris participated in the 2024 World Fisheries Day organized by Canoe and Fishing Gear Association of Ghana (CaFGOAG).\">\n\t\t\t\t\t\t\t<img decoding=\"async\" width=\"750\" height=\"550\" src=\"https:\/\/www.mundusmaris.org\/wp-content\/uploads\/2024\/11\/ShamaCouncil.jpg\" class=\"attachment-full size-full wp-post-image\" alt=\"\" srcset=\"https:\/\/www.mundusmaris.org\/wp-content\/uploads\/2024\/11\/ShamaCouncil-200x147.jpg 200w, https:\/\/www.mundusmaris.org\/wp-content\/uploads\/2024\/11\/ShamaCouncil-400x293.jpg 400w, https:\/\/www.mundusmaris.org\/wp-content\/uploads\/2024\/11\/ShamaCouncil-600x440.jpg 600w, https:\/\/www.mundusmaris.org\/wp-content\/uploads\/2024\/11\/ShamaCouncil.jpg 750w\" sizes=\"(min-width: 2200px) 100vw, (min-width: 784px) 373px, (min-width: 712px) 560px, (min-width: 640px) 712px, \" \/>\t\t\t<\/a>\n\t\t\t\t\t\t\t<\/div>\n<\/div><div class=\"fusion-meta-tb fusion-meta-tb-77 floated\" style=\"--awb-border-top:0px;--awb-height:36px;--awb-alignment-medium:flex-start;--awb-alignment-small:flex-start;\"><span class=\"fusion-tb-published-date\">Published On: 24. November 2024<\/span><span class=\"fusion-meta-tb-sep\"><\/span><\/div><div class=\"fusion-title title fusion-title-77 fusion-sep-none fusion-title-text fusion-title-size-four\" style=\"--awb-margin-top:20px;--awb-margin-right:20px;--awb-margin-bottom:20px;--awb-margin-left:20px;--awb-margin-top-small:10px;--awb-margin-right-small:0px;--awb-margin-bottom-small:10px;--awb-margin-left-small:0px;--awb-font-size:24px;\"><h4 class=\"fusion-title-heading title-heading-left\" style=\"font-family:&quot;IBM Plex Sans Condensed&quot;;font-style:normal;font-weight:500;margin:0;font-size:1em;line-height:1.2;\"><a href=\"https:\/\/www.mundusmaris.org\/de\/zwischen-tradition-und-modernitaet\/mundus-maris-participated-in-the-2024-world-fisheries-day-organized-by-canoe-and-fishery-gear-association-of-ghana-cafgoag\/\" class=\"awb-custom-text-color awb-custom-text-hover-color\" target=\"_self\">Mundus maris participated in the 2024 World Fisheries Day organized by Canoe and Fishing Gear Association of Ghana (CaFGOAG).<\/a><\/h4><\/div><\/div><\/li>\n<li class=\"fusion-layout-column fusion_builder_column fusion-builder-column-79 fusion-flex-column post-card fusion-grid-column fusion-post-cards-grid-column\" style=\"--awb-bg-color:var(--awb-color1);--awb-bg-color-hover:var(--awb-color1);--awb-bg-blend:overlay;--awb-bg-size:cover;--awb-flex-grow:0;--awb-flex-shrink:0;--awb-flex-grow-medium:;--awb-flex-shrink-medium:;--awb-flex-grow-small:;--awb-flex-shrink-small:;\" data-scroll-devices=\"small-visibility,medium-visibility,large-visibility\"><div class=\"fusion-column-wrapper fusion-column-has-shadow fusion-flex-justify-content-space-around fusion-content-layout-column\"><div class=\"fusion-classic-product-image-wrapper fusion-woo-product-image fusion-post-card-image fusion-post-card-image-1 has-aspect-ratio\" data-layout=\"static\" style=\"--awb-aspect-ratio:3 \/ 2;\"><div  class=\"fusion-image-wrapper\" aria-haspopup=\"true\">\n\t\t\t\t\t\t\t<a href=\"https:\/\/www.mundusmaris.org\/de\/veranstaltung\/environmental-history-in-the-medieval-and-early-modern-low-countries-25-26-october-2024\/\" aria-label=\"Environmental history in the Medieval and early modern Low Countries, 25-26 October 2024\">\n\t\t\t\t\t\t\t<img decoding=\"async\" width=\"506\" height=\"310\" src=\"https:\/\/www.mundusmaris.org\/wp-content\/uploads\/2024\/11\/HerringFishing.jpg\" class=\"attachment-full size-full wp-post-image\" alt=\"\" srcset=\"https:\/\/www.mundusmaris.org\/wp-content\/uploads\/2024\/11\/HerringFishing-200x123.jpg 200w, https:\/\/www.mundusmaris.org\/wp-content\/uploads\/2024\/11\/HerringFishing-400x245.jpg 400w, https:\/\/www.mundusmaris.org\/wp-content\/uploads\/2024\/11\/HerringFishing.jpg 506w\" sizes=\"(min-width: 2200px) 100vw, (min-width: 784px) 373px, (min-width: 712px) 560px, (min-width: 640px) 712px, \" \/>\t\t\t<\/a>\n\t\t\t\t\t\t\t<\/div>\n<\/div><div class=\"fusion-meta-tb fusion-meta-tb-78 floated\" style=\"--awb-border-top:0px;--awb-height:36px;--awb-alignment-medium:flex-start;--awb-alignment-small:flex-start;\"><span class=\"fusion-tb-published-date\">Published On: 28. Oktober 2024<\/span><span class=\"fusion-meta-tb-sep\"><\/span><\/div><div class=\"fusion-title title fusion-title-78 fusion-sep-none fusion-title-text fusion-title-size-four\" style=\"--awb-margin-top:20px;--awb-margin-right:20px;--awb-margin-bottom:20px;--awb-margin-left:20px;--awb-margin-top-small:10px;--awb-margin-right-small:0px;--awb-margin-bottom-small:10px;--awb-margin-left-small:0px;--awb-font-size:24px;\"><h4 class=\"fusion-title-heading title-heading-left\" style=\"font-family:&quot;IBM Plex Sans Condensed&quot;;font-style:normal;font-weight:500;margin:0;font-size:1em;line-height:1.2;\"><a href=\"https:\/\/www.mundusmaris.org\/de\/veranstaltung\/environmental-history-in-the-medieval-and-early-modern-low-countries-25-26-october-2024\/\" class=\"awb-custom-text-color awb-custom-text-hover-color\" target=\"_self\">Environmental history in the Medieval and early modern Low Countries, 25-26 October 2024<\/a><\/h4><\/div><\/div><\/li>\n<li class=\"fusion-layout-column fusion_builder_column fusion-builder-column-80 fusion-flex-column post-card fusion-grid-column fusion-post-cards-grid-column\" style=\"--awb-bg-color:var(--awb-color1);--awb-bg-color-hover:var(--awb-color1);--awb-bg-blend:overlay;--awb-bg-size:cover;--awb-flex-grow:0;--awb-flex-shrink:0;--awb-flex-grow-medium:;--awb-flex-shrink-medium:;--awb-flex-grow-small:;--awb-flex-shrink-small:;\" data-scroll-devices=\"small-visibility,medium-visibility,large-visibility\"><div class=\"fusion-column-wrapper fusion-column-has-shadow fusion-flex-justify-content-space-around fusion-content-layout-column\"><div class=\"fusion-classic-product-image-wrapper fusion-woo-product-image fusion-post-card-image fusion-post-card-image-1 has-aspect-ratio\" data-layout=\"static\" style=\"--awb-aspect-ratio:3 \/ 2;\"><div  class=\"fusion-image-wrapper\" aria-haspopup=\"true\">\n\t\t\t\t\t\t\t<a href=\"https:\/\/www.mundusmaris.org\/de\/aktivitaten\/stop-der-uberfischung\/improving-fisheries-governance-ifg-in-ghana-and-the-wider-subregion-accra-22-24-october-2024\/\" aria-label=\"Improving Fisheries Governance (IFG) in Ghana and the Wider Subregion, Accra, 22-24 October 2024\">\n\t\t\t\t\t\t\t<img decoding=\"async\" width=\"500\" height=\"345\" src=\"https:\/\/www.mundusmaris.org\/wp-content\/uploads\/2024\/11\/Ghana.jpg\" class=\"attachment-full size-full wp-post-image\" alt=\"\" srcset=\"https:\/\/www.mundusmaris.org\/wp-content\/uploads\/2024\/11\/Ghana-200x138.jpg 200w, https:\/\/www.mundusmaris.org\/wp-content\/uploads\/2024\/11\/Ghana-400x276.jpg 400w, https:\/\/www.mundusmaris.org\/wp-content\/uploads\/2024\/11\/Ghana.jpg 500w\" sizes=\"(min-width: 2200px) 100vw, (min-width: 784px) 373px, (min-width: 712px) 560px, (min-width: 640px) 712px, \" \/>\t\t\t<\/a>\n\t\t\t\t\t\t\t<\/div>\n<\/div><div class=\"fusion-meta-tb fusion-meta-tb-79 floated\" style=\"--awb-border-top:0px;--awb-height:36px;--awb-alignment-medium:flex-start;--awb-alignment-small:flex-start;\"><span class=\"fusion-tb-published-date\">Published On: 26. Oktober 2024<\/span><span class=\"fusion-meta-tb-sep\"><\/span><\/div><div class=\"fusion-title title fusion-title-79 fusion-sep-none fusion-title-text fusion-title-size-four\" style=\"--awb-margin-top:20px;--awb-margin-right:20px;--awb-margin-bottom:20px;--awb-margin-left:20px;--awb-margin-top-small:10px;--awb-margin-right-small:0px;--awb-margin-bottom-small:10px;--awb-margin-left-small:0px;--awb-font-size:24px;\"><h4 class=\"fusion-title-heading title-heading-left\" style=\"font-family:&quot;IBM Plex Sans Condensed&quot;;font-style:normal;font-weight:500;margin:0;font-size:1em;line-height:1.2;\"><a href=\"https:\/\/www.mundusmaris.org\/de\/aktivitaten\/stop-der-uberfischung\/improving-fisheries-governance-ifg-in-ghana-and-the-wider-subregion-accra-22-24-october-2024\/\" class=\"awb-custom-text-color awb-custom-text-hover-color\" target=\"_self\">Improving Fisheries Governance (IFG) in Ghana and the Wider Subregion, Accra, 22-24 October 2024<\/a><\/h4><\/div><\/div><\/li>\n<li class=\"fusion-layout-column fusion_builder_column fusion-builder-column-81 fusion-flex-column post-card fusion-grid-column fusion-post-cards-grid-column\" style=\"--awb-bg-color:var(--awb-color1);--awb-bg-color-hover:var(--awb-color1);--awb-bg-blend:overlay;--awb-bg-size:cover;--awb-flex-grow:0;--awb-flex-shrink:0;--awb-flex-grow-medium:;--awb-flex-shrink-medium:;--awb-flex-grow-small:;--awb-flex-shrink-small:;\" data-scroll-devices=\"small-visibility,medium-visibility,large-visibility\"><div class=\"fusion-column-wrapper fusion-column-has-shadow fusion-flex-justify-content-space-around fusion-content-layout-column\"><div class=\"fusion-classic-product-image-wrapper fusion-woo-product-image fusion-post-card-image fusion-post-card-image-1 has-aspect-ratio\" data-layout=\"static\" style=\"--awb-aspect-ratio:3 \/ 2;\"><div  class=\"fusion-image-wrapper\" aria-haspopup=\"true\">\n\t\t\t\t\t\t\t<a href=\"https:\/\/www.mundusmaris.org\/de\/meeresfruechte-die-wir-essen\/world-food-day-2024-joint-webinar-with-fish-party\/\" aria-label=\"World Food Day 2024, Joint Webinar with Fish Party\">\n\t\t\t\t\t\t\t<img decoding=\"async\" width=\"500\" height=\"330\" src=\"https:\/\/www.mundusmaris.org\/wp-content\/uploads\/2024\/11\/PosterFoodDay24.jpg\" class=\"attachment-full size-full wp-post-image\" alt=\"\" srcset=\"https:\/\/www.mundusmaris.org\/wp-content\/uploads\/2024\/11\/PosterFoodDay24-200x132.jpg 200w, https:\/\/www.mundusmaris.org\/wp-content\/uploads\/2024\/11\/PosterFoodDay24-400x264.jpg 400w, https:\/\/www.mundusmaris.org\/wp-content\/uploads\/2024\/11\/PosterFoodDay24.jpg 500w\" sizes=\"(min-width: 2200px) 100vw, (min-width: 784px) 373px, (min-width: 712px) 560px, (min-width: 640px) 712px, \" \/>\t\t\t<\/a>\n\t\t\t\t\t\t\t<\/div>\n<\/div><div class=\"fusion-meta-tb fusion-meta-tb-80 floated\" style=\"--awb-border-top:0px;--awb-height:36px;--awb-alignment-medium:flex-start;--awb-alignment-small:flex-start;\"><span class=\"fusion-tb-published-date\">Published On: 18. Oktober 2024<\/span><span class=\"fusion-meta-tb-sep\"><\/span><\/div><div class=\"fusion-title title fusion-title-80 fusion-sep-none fusion-title-text fusion-title-size-four\" style=\"--awb-margin-top:20px;--awb-margin-right:20px;--awb-margin-bottom:20px;--awb-margin-left:20px;--awb-margin-top-small:10px;--awb-margin-right-small:0px;--awb-margin-bottom-small:10px;--awb-margin-left-small:0px;--awb-font-size:24px;\"><h4 class=\"fusion-title-heading title-heading-left\" style=\"font-family:&quot;IBM Plex Sans Condensed&quot;;font-style:normal;font-weight:500;margin:0;font-size:1em;line-height:1.2;\"><a href=\"https:\/\/www.mundusmaris.org\/de\/meeresfruechte-die-wir-essen\/world-food-day-2024-joint-webinar-with-fish-party\/\" class=\"awb-custom-text-color awb-custom-text-hover-color\" target=\"_self\">World Food Day 2024, Joint Webinar with Fish Party<\/a><\/h4><\/div><\/div><\/li>\n<li class=\"fusion-layout-column fusion_builder_column fusion-builder-column-82 fusion-flex-column post-card fusion-grid-column fusion-post-cards-grid-column\" style=\"--awb-bg-color:var(--awb-color1);--awb-bg-color-hover:var(--awb-color1);--awb-bg-blend:overlay;--awb-bg-size:cover;--awb-flex-grow:0;--awb-flex-shrink:0;--awb-flex-grow-medium:;--awb-flex-shrink-medium:;--awb-flex-grow-small:;--awb-flex-shrink-small:;\" data-scroll-devices=\"small-visibility,medium-visibility,large-visibility\"><div class=\"fusion-column-wrapper fusion-column-has-shadow fusion-flex-justify-content-space-around fusion-content-layout-column\"><div class=\"fusion-classic-product-image-wrapper fusion-woo-product-image fusion-post-card-image fusion-post-card-image-1 has-aspect-ratio\" data-layout=\"static\" style=\"--awb-aspect-ratio:3 \/ 2;\"><div  class=\"fusion-image-wrapper\" aria-haspopup=\"true\">\n\t\t\t\t\t\t\t<a href=\"https:\/\/www.mundusmaris.org\/de\/aktivitaten\/ozean-und-klimaschutz\/maritime-security-2024-innovations-and-partnerships-for-the-future-praia\/\" aria-label=\"Maritime Security 2024: Innovations and Partnerships for the Future, Praia\">\n\t\t\t\t\t\t\t<img decoding=\"async\" width=\"720\" height=\"450\" src=\"https:\/\/www.mundusmaris.org\/wp-content\/uploads\/2024\/10\/stern-of-cargo-ship-carrying-container-and-running-2023-05-16-05-24-21-utc.jpg\" class=\"attachment-full size-full wp-post-image\" alt=\"\" srcset=\"https:\/\/www.mundusmaris.org\/wp-content\/uploads\/2024\/10\/stern-of-cargo-ship-carrying-container-and-running-2023-05-16-05-24-21-utc-200x125.jpg 200w, https:\/\/www.mundusmaris.org\/wp-content\/uploads\/2024\/10\/stern-of-cargo-ship-carrying-container-and-running-2023-05-16-05-24-21-utc-400x250.jpg 400w, https:\/\/www.mundusmaris.org\/wp-content\/uploads\/2024\/10\/stern-of-cargo-ship-carrying-container-and-running-2023-05-16-05-24-21-utc-600x375.jpg 600w, https:\/\/www.mundusmaris.org\/wp-content\/uploads\/2024\/10\/stern-of-cargo-ship-carrying-container-and-running-2023-05-16-05-24-21-utc.jpg 720w\" sizes=\"(min-width: 2200px) 100vw, (min-width: 784px) 373px, (min-width: 712px) 560px, (min-width: 640px) 712px, \" \/>\t\t\t<\/a>\n\t\t\t\t\t\t\t<\/div>\n<\/div><div class=\"fusion-meta-tb fusion-meta-tb-81 floated\" style=\"--awb-border-top:0px;--awb-height:36px;--awb-alignment-medium:flex-start;--awb-alignment-small:flex-start;\"><span class=\"fusion-tb-published-date\">Published On: 10. Oktober 2024<\/span><span class=\"fusion-meta-tb-sep\"><\/span><\/div><div class=\"fusion-title title fusion-title-81 fusion-sep-none fusion-title-text fusion-title-size-four\" style=\"--awb-margin-top:20px;--awb-margin-right:20px;--awb-margin-bottom:20px;--awb-margin-left:20px;--awb-margin-top-small:10px;--awb-margin-right-small:0px;--awb-margin-bottom-small:10px;--awb-margin-left-small:0px;--awb-font-size:24px;\"><h4 class=\"fusion-title-heading title-heading-left\" style=\"font-family:&quot;IBM Plex Sans Condensed&quot;;font-style:normal;font-weight:500;margin:0;font-size:1em;line-height:1.2;\"><a href=\"https:\/\/www.mundusmaris.org\/de\/aktivitaten\/ozean-und-klimaschutz\/maritime-security-2024-innovations-and-partnerships-for-the-future-praia\/\" class=\"awb-custom-text-color awb-custom-text-hover-color\" target=\"_self\">Maritime Security 2024: Innovations and Partnerships for the Future, Praia<\/a><\/h4><\/div><\/div><\/li>\n<li class=\"fusion-layout-column fusion_builder_column fusion-builder-column-83 fusion-flex-column post-card fusion-grid-column fusion-post-cards-grid-column\" style=\"--awb-bg-color:var(--awb-color1);--awb-bg-color-hover:var(--awb-color1);--awb-bg-blend:overlay;--awb-bg-size:cover;--awb-flex-grow:0;--awb-flex-shrink:0;--awb-flex-grow-medium:;--awb-flex-shrink-medium:;--awb-flex-grow-small:;--awb-flex-shrink-small:;\" data-scroll-devices=\"small-visibility,medium-visibility,large-visibility\"><div class=\"fusion-column-wrapper fusion-column-has-shadow fusion-flex-justify-content-space-around fusion-content-layout-column\"><div class=\"fusion-classic-product-image-wrapper fusion-woo-product-image fusion-post-card-image fusion-post-card-image-1 has-aspect-ratio\" data-layout=\"static\" style=\"--awb-aspect-ratio:3 \/ 2;\"><div  class=\"fusion-image-wrapper\" aria-haspopup=\"true\">\n\t\t\t\t\t\t\t<a href=\"https:\/\/www.mundusmaris.org\/de\/aktivitaten\/ozean-und-klimaschutz\/driving-the-energy-transition-and-climate-resilience-in-eu-fisheries\/\" aria-label=\"Energiewende und Klimaresilienz in der EU-Fischerei f\u00f6rdern\">\n\t\t\t\t\t\t\t<img decoding=\"async\" width=\"500\" height=\"332\" src=\"https:\/\/www.mundusmaris.org\/wp-content\/uploads\/2024\/10\/DecarboniseNow.jpg\" class=\"attachment-full size-full wp-post-image\" alt=\"\" srcset=\"https:\/\/www.mundusmaris.org\/wp-content\/uploads\/2024\/10\/DecarboniseNow-200x133.jpg 200w, https:\/\/www.mundusmaris.org\/wp-content\/uploads\/2024\/10\/DecarboniseNow-400x266.jpg 400w, https:\/\/www.mundusmaris.org\/wp-content\/uploads\/2024\/10\/DecarboniseNow.jpg 500w\" sizes=\"(min-width: 2200px) 100vw, (min-width: 784px) 373px, (min-width: 712px) 560px, (min-width: 640px) 712px, \" \/>\t\t\t<\/a>\n\t\t\t\t\t\t\t<\/div>\n<\/div><div class=\"fusion-meta-tb fusion-meta-tb-82 floated\" style=\"--awb-border-top:0px;--awb-height:36px;--awb-alignment-medium:flex-start;--awb-alignment-small:flex-start;\"><span class=\"fusion-tb-published-date\">Published On: 6. Oktober 2024<\/span><span class=\"fusion-meta-tb-sep\"><\/span><\/div><div class=\"fusion-title title fusion-title-82 fusion-sep-none fusion-title-text fusion-title-size-four\" style=\"--awb-margin-top:20px;--awb-margin-right:20px;--awb-margin-bottom:20px;--awb-margin-left:20px;--awb-margin-top-small:10px;--awb-margin-right-small:0px;--awb-margin-bottom-small:10px;--awb-margin-left-small:0px;--awb-font-size:24px;\"><h4 class=\"fusion-title-heading title-heading-left\" style=\"font-family:&quot;IBM Plex Sans Condensed&quot;;font-style:normal;font-weight:500;margin:0;font-size:1em;line-height:1.2;\"><a href=\"https:\/\/www.mundusmaris.org\/de\/aktivitaten\/ozean-und-klimaschutz\/driving-the-energy-transition-and-climate-resilience-in-eu-fisheries\/\" class=\"awb-custom-text-color awb-custom-text-hover-color\" target=\"_self\">Energiewende und Klimaresilienz in der EU-Fischerei f\u00f6rdern<\/a><\/h4><\/div><\/div><\/li>\n<li class=\"fusion-layout-column fusion_builder_column fusion-builder-column-84 fusion-flex-column post-card fusion-grid-column fusion-post-cards-grid-column\" style=\"--awb-bg-color:var(--awb-color1);--awb-bg-color-hover:var(--awb-color1);--awb-bg-blend:overlay;--awb-bg-size:cover;--awb-flex-grow:0;--awb-flex-shrink:0;--awb-flex-grow-medium:;--awb-flex-shrink-medium:;--awb-flex-grow-small:;--awb-flex-shrink-small:;\" data-scroll-devices=\"small-visibility,medium-visibility,large-visibility\"><div class=\"fusion-column-wrapper fusion-column-has-shadow fusion-flex-justify-content-space-around fusion-content-layout-column\"><div class=\"fusion-classic-product-image-wrapper fusion-woo-product-image fusion-post-card-image fusion-post-card-image-1 has-aspect-ratio\" data-layout=\"static\" style=\"--awb-aspect-ratio:3 \/ 2;\"><div  class=\"fusion-image-wrapper\" aria-haspopup=\"true\">\n\t\t\t\t\t\t\t<a href=\"https:\/\/www.mundusmaris.org\/de\/filme\/x-trillion-voyage-through-a-plastic-ocean\/\" aria-label=\"X-Trillion &#8211; Voyage through a plastic ocean\">\n\t\t\t\t\t\t\t<img decoding=\"async\" width=\"500\" height=\"332\" src=\"https:\/\/www.mundusmaris.org\/wp-content\/uploads\/2024\/10\/X-Trillion-FilmBxl.jpg\" class=\"attachment-full size-full wp-post-image\" alt=\"\" srcset=\"https:\/\/www.mundusmaris.org\/wp-content\/uploads\/2024\/10\/X-Trillion-FilmBxl-200x133.jpg 200w, https:\/\/www.mundusmaris.org\/wp-content\/uploads\/2024\/10\/X-Trillion-FilmBxl-400x266.jpg 400w, https:\/\/www.mundusmaris.org\/wp-content\/uploads\/2024\/10\/X-Trillion-FilmBxl.jpg 500w\" sizes=\"(min-width: 2200px) 100vw, (min-width: 784px) 373px, (min-width: 712px) 560px, (min-width: 640px) 712px, \" \/>\t\t\t<\/a>\n\t\t\t\t\t\t\t<\/div>\n<\/div><div class=\"fusion-meta-tb fusion-meta-tb-83 floated\" style=\"--awb-border-top:0px;--awb-height:36px;--awb-alignment-medium:flex-start;--awb-alignment-small:flex-start;\"><span class=\"fusion-tb-published-date\">Published On: 6. Oktober 2024<\/span><span class=\"fusion-meta-tb-sep\"><\/span><\/div><div class=\"fusion-title title fusion-title-83 fusion-sep-none fusion-title-text fusion-title-size-four\" style=\"--awb-margin-top:20px;--awb-margin-right:20px;--awb-margin-bottom:20px;--awb-margin-left:20px;--awb-margin-top-small:10px;--awb-margin-right-small:0px;--awb-margin-bottom-small:10px;--awb-margin-left-small:0px;--awb-font-size:24px;\"><h4 class=\"fusion-title-heading title-heading-left\" style=\"font-family:&quot;IBM Plex Sans Condensed&quot;;font-style:normal;font-weight:500;margin:0;font-size:1em;line-height:1.2;\"><a href=\"https:\/\/www.mundusmaris.org\/de\/filme\/x-trillion-voyage-through-a-plastic-ocean\/\" class=\"awb-custom-text-color awb-custom-text-hover-color\" target=\"_self\">X-Trillion &#8211; Voyage through a plastic ocean<\/a><\/h4><\/div><\/div><\/li>\n<li class=\"fusion-layout-column fusion_builder_column fusion-builder-column-85 fusion-flex-column post-card fusion-grid-column fusion-post-cards-grid-column\" style=\"--awb-bg-color:var(--awb-color1);--awb-bg-color-hover:var(--awb-color1);--awb-bg-blend:overlay;--awb-bg-size:cover;--awb-flex-grow:0;--awb-flex-shrink:0;--awb-flex-grow-medium:;--awb-flex-shrink-medium:;--awb-flex-grow-small:;--awb-flex-shrink-small:;\" data-scroll-devices=\"small-visibility,medium-visibility,large-visibility\"><div class=\"fusion-column-wrapper fusion-column-has-shadow fusion-flex-justify-content-space-around fusion-content-layout-column\"><div class=\"fusion-classic-product-image-wrapper fusion-woo-product-image fusion-post-card-image fusion-post-card-image-1 has-aspect-ratio\" data-layout=\"static\" style=\"--awb-aspect-ratio:3 \/ 2;\"><div  class=\"fusion-image-wrapper\" aria-haspopup=\"true\">\n\t\t\t\t\t\t\t<a href=\"https:\/\/www.mundusmaris.org\/de\/aktivitaten\/okosystem-basierte-fischerei\/rethinking-fisheries-its-ocean-week-to-engage-with-new-meps-and-a-wider-public\/\" aria-label=\"Neue \u00dcberlegungen zur Fischerei \u2013 im Rahmen der Ozeanwoche werden neue Europaabgeordnete und eine breitere \u00d6ffentlichkeit einbezogen\">\n\t\t\t\t\t\t\t<img decoding=\"async\" width=\"500\" height=\"330\" src=\"https:\/\/www.mundusmaris.org\/wp-content\/uploads\/2024\/10\/RethinkFisheriesPreview.jpg\" class=\"attachment-full size-full wp-post-image\" alt=\"\" srcset=\"https:\/\/www.mundusmaris.org\/wp-content\/uploads\/2024\/10\/RethinkFisheriesPreview-200x132.jpg 200w, https:\/\/www.mundusmaris.org\/wp-content\/uploads\/2024\/10\/RethinkFisheriesPreview-400x264.jpg 400w, https:\/\/www.mundusmaris.org\/wp-content\/uploads\/2024\/10\/RethinkFisheriesPreview.jpg 500w\" sizes=\"(min-width: 2200px) 100vw, (min-width: 784px) 373px, (min-width: 712px) 560px, (min-width: 640px) 712px, \" \/>\t\t\t<\/a>\n\t\t\t\t\t\t\t<\/div>\n<\/div><div class=\"fusion-meta-tb fusion-meta-tb-84 floated\" style=\"--awb-border-top:0px;--awb-height:36px;--awb-alignment-medium:flex-start;--awb-alignment-small:flex-start;\"><span class=\"fusion-tb-published-date\">Published On: 5. Oktober 2024<\/span><span class=\"fusion-meta-tb-sep\"><\/span><\/div><div class=\"fusion-title title fusion-title-84 fusion-sep-none fusion-title-text fusion-title-size-four\" style=\"--awb-margin-top:20px;--awb-margin-right:20px;--awb-margin-bottom:20px;--awb-margin-left:20px;--awb-margin-top-small:10px;--awb-margin-right-small:0px;--awb-margin-bottom-small:10px;--awb-margin-left-small:0px;--awb-font-size:24px;\"><h4 class=\"fusion-title-heading title-heading-left\" style=\"font-family:&quot;IBM Plex Sans Condensed&quot;;font-style:normal;font-weight:500;margin:0;font-size:1em;line-height:1.2;\"><a href=\"https:\/\/www.mundusmaris.org\/de\/aktivitaten\/okosystem-basierte-fischerei\/rethinking-fisheries-its-ocean-week-to-engage-with-new-meps-and-a-wider-public\/\" class=\"awb-custom-text-color awb-custom-text-hover-color\" target=\"_self\">Neue \u00dcberlegungen zur Fischerei \u2013 im Rahmen der Ozeanwoche werden neue Europaabgeordnete und eine breitere \u00d6ffentlichkeit einbezogen<\/a><\/h4><\/div><\/div><\/li>\n<li class=\"fusion-layout-column fusion_builder_column fusion-builder-column-86 fusion-flex-column post-card fusion-grid-column fusion-post-cards-grid-column\" style=\"--awb-bg-color:var(--awb-color1);--awb-bg-color-hover:var(--awb-color1);--awb-bg-blend:overlay;--awb-bg-size:cover;--awb-flex-grow:0;--awb-flex-shrink:0;--awb-flex-grow-medium:;--awb-flex-shrink-medium:;--awb-flex-grow-small:;--awb-flex-shrink-small:;\" data-scroll-devices=\"small-visibility,medium-visibility,large-visibility\"><div class=\"fusion-column-wrapper fusion-column-has-shadow fusion-flex-justify-content-space-around fusion-content-layout-column\"><div class=\"fusion-classic-product-image-wrapper fusion-woo-product-image fusion-post-card-image fusion-post-card-image-1 has-aspect-ratio\" data-layout=\"static\" style=\"--awb-aspect-ratio:3 \/ 2;\"><div  class=\"fusion-image-wrapper\" aria-haspopup=\"true\">\n\t\t\t\t\t\t\t<a href=\"https:\/\/www.mundusmaris.org\/de\/aktivitaten\/ozean-und-klimaschutz\/jugend-braucht-eine-gute-zukunft-im-senegal\/\" aria-label=\"Jugend braucht eine gute Zukunft im Senegal!\">\n\t\t\t\t\t\t\t<img decoding=\"async\" width=\"500\" height=\"500\" src=\"https:\/\/www.mundusmaris.org\/wp-content\/uploads\/2024\/10\/boat-people-7487350_500_TrullerPixabay.jpg\" class=\"attachment-full size-full wp-post-image\" alt=\"\" srcset=\"https:\/\/www.mundusmaris.org\/wp-content\/uploads\/2024\/10\/boat-people-7487350_500_TrullerPixabay-200x200.jpg 200w, https:\/\/www.mundusmaris.org\/wp-content\/uploads\/2024\/10\/boat-people-7487350_500_TrullerPixabay-400x400.jpg 400w, https:\/\/www.mundusmaris.org\/wp-content\/uploads\/2024\/10\/boat-people-7487350_500_TrullerPixabay.jpg 500w\" sizes=\"(min-width: 2200px) 100vw, (min-width: 784px) 373px, (min-width: 712px) 560px, (min-width: 640px) 712px, \" \/>\t\t\t<\/a>\n\t\t\t\t\t\t\t<\/div>\n<\/div><div class=\"fusion-meta-tb fusion-meta-tb-85 floated\" style=\"--awb-border-top:0px;--awb-height:36px;--awb-alignment-medium:flex-start;--awb-alignment-small:flex-start;\"><span class=\"fusion-tb-published-date\">Published On: 29. September 2024<\/span><span class=\"fusion-meta-tb-sep\"><\/span><\/div><div class=\"fusion-title title fusion-title-85 fusion-sep-none fusion-title-text fusion-title-size-four\" style=\"--awb-margin-top:20px;--awb-margin-right:20px;--awb-margin-bottom:20px;--awb-margin-left:20px;--awb-margin-top-small:10px;--awb-margin-right-small:0px;--awb-margin-bottom-small:10px;--awb-margin-left-small:0px;--awb-font-size:24px;\"><h4 class=\"fusion-title-heading title-heading-left\" style=\"font-family:&quot;IBM Plex Sans Condensed&quot;;font-style:normal;font-weight:500;margin:0;font-size:1em;line-height:1.2;\"><a href=\"https:\/\/www.mundusmaris.org\/de\/aktivitaten\/ozean-und-klimaschutz\/jugend-braucht-eine-gute-zukunft-im-senegal\/\" class=\"awb-custom-text-color awb-custom-text-hover-color\" target=\"_self\">Jugend braucht eine gute Zukunft im Senegal!<\/a><\/h4><\/div><\/div><\/li>\n<li class=\"fusion-layout-column fusion_builder_column fusion-builder-column-87 fusion-flex-column post-card fusion-grid-column fusion-post-cards-grid-column\" style=\"--awb-bg-color:var(--awb-color1);--awb-bg-color-hover:var(--awb-color1);--awb-bg-blend:overlay;--awb-bg-size:cover;--awb-flex-grow:0;--awb-flex-shrink:0;--awb-flex-grow-medium:;--awb-flex-shrink-medium:;--awb-flex-grow-small:;--awb-flex-shrink-small:;\" data-scroll-devices=\"small-visibility,medium-visibility,large-visibility\"><div class=\"fusion-column-wrapper fusion-column-has-shadow fusion-flex-justify-content-space-around fusion-content-layout-column\"><div class=\"fusion-classic-product-image-wrapper fusion-woo-product-image fusion-post-card-image fusion-post-card-image-1 has-aspect-ratio\" data-layout=\"static\" style=\"--awb-aspect-ratio:3 \/ 2;\"><div  class=\"fusion-image-wrapper\" aria-haspopup=\"true\">\n\t\t\t\t\t\t\t<a href=\"https:\/\/www.mundusmaris.org\/de\/aktivitaten\/ozean-und-klimaschutz\/mundus-maris-at-the-fishbase-sealifebase-symposium\/\" aria-label=\"Mundus maris at the FishBase-SeaLifeBase Symposium\">\n\t\t\t\t\t\t\t<img decoding=\"async\" width=\"500\" height=\"330\" src=\"https:\/\/www.mundusmaris.org\/wp-content\/uploads\/2024\/09\/FB-SLB-1.jpg\" class=\"attachment-full size-full wp-post-image\" alt=\"\" srcset=\"https:\/\/www.mundusmaris.org\/wp-content\/uploads\/2024\/09\/FB-SLB-1-200x132.jpg 200w, https:\/\/www.mundusmaris.org\/wp-content\/uploads\/2024\/09\/FB-SLB-1-400x264.jpg 400w, https:\/\/www.mundusmaris.org\/wp-content\/uploads\/2024\/09\/FB-SLB-1.jpg 500w\" sizes=\"(min-width: 2200px) 100vw, (min-width: 784px) 373px, (min-width: 712px) 560px, (min-width: 640px) 712px, \" \/>\t\t\t<\/a>\n\t\t\t\t\t\t\t<\/div>\n<\/div><div class=\"fusion-meta-tb fusion-meta-tb-86 floated\" style=\"--awb-border-top:0px;--awb-height:36px;--awb-alignment-medium:flex-start;--awb-alignment-small:flex-start;\"><span class=\"fusion-tb-published-date\">Published On: 24. September 2024<\/span><span class=\"fusion-meta-tb-sep\"><\/span><\/div><div class=\"fusion-title title fusion-title-86 fusion-sep-none fusion-title-text fusion-title-size-four\" style=\"--awb-margin-top:20px;--awb-margin-right:20px;--awb-margin-bottom:20px;--awb-margin-left:20px;--awb-margin-top-small:10px;--awb-margin-right-small:0px;--awb-margin-bottom-small:10px;--awb-margin-left-small:0px;--awb-font-size:24px;\"><h4 class=\"fusion-title-heading title-heading-left\" style=\"font-family:&quot;IBM Plex Sans Condensed&quot;;font-style:normal;font-weight:500;margin:0;font-size:1em;line-height:1.2;\"><a href=\"https:\/\/www.mundusmaris.org\/de\/aktivitaten\/ozean-und-klimaschutz\/mundus-maris-at-the-fishbase-sealifebase-symposium\/\" class=\"awb-custom-text-color awb-custom-text-hover-color\" target=\"_self\">Mundus maris at the FishBase-SeaLifeBase Symposium<\/a><\/h4><\/div><\/div><\/li>\n<li class=\"fusion-layout-column fusion_builder_column fusion-builder-column-88 fusion-flex-column post-card fusion-grid-column fusion-post-cards-grid-column\" style=\"--awb-bg-color:var(--awb-color1);--awb-bg-color-hover:var(--awb-color1);--awb-bg-blend:overlay;--awb-bg-size:cover;--awb-flex-grow:0;--awb-flex-shrink:0;--awb-flex-grow-medium:;--awb-flex-shrink-medium:;--awb-flex-grow-small:;--awb-flex-shrink-small:;\" data-scroll-devices=\"small-visibility,medium-visibility,large-visibility\"><div class=\"fusion-column-wrapper fusion-column-has-shadow fusion-flex-justify-content-space-around fusion-content-layout-column\"><div class=\"fusion-classic-product-image-wrapper fusion-woo-product-image fusion-post-card-image fusion-post-card-image-1 has-aspect-ratio\" data-layout=\"static\" style=\"--awb-aspect-ratio:3 \/ 2;\"><div  class=\"fusion-image-wrapper\" aria-haspopup=\"true\">\n\t\t\t\t\t\t\t<a href=\"https:\/\/www.mundusmaris.org\/de\/aktivitaten\/gesunder-ozean-vs-verschmutzung\/the-path-to-a-global-treaty-on-plastics-efforts-from-argentinas-coastal-research\/\" aria-label=\"The Path to a Global Treaty on Plastics: Efforts from Argentina\u2019s Coastal Research\">\n\t\t\t\t\t\t\t<img decoding=\"async\" width=\"500\" height=\"333\" src=\"https:\/\/www.mundusmaris.org\/wp-content\/uploads\/2024\/09\/BeachPollution-4914403_SergeiTokmakov_Pixabay.jpg\" class=\"attachment-full size-full wp-post-image\" alt=\"\" srcset=\"https:\/\/www.mundusmaris.org\/wp-content\/uploads\/2024\/09\/BeachPollution-4914403_SergeiTokmakov_Pixabay-200x133.jpg 200w, https:\/\/www.mundusmaris.org\/wp-content\/uploads\/2024\/09\/BeachPollution-4914403_SergeiTokmakov_Pixabay-400x266.jpg 400w, https:\/\/www.mundusmaris.org\/wp-content\/uploads\/2024\/09\/BeachPollution-4914403_SergeiTokmakov_Pixabay.jpg 500w\" sizes=\"(min-width: 2200px) 100vw, (min-width: 784px) 373px, (min-width: 712px) 560px, (min-width: 640px) 712px, \" \/>\t\t\t<\/a>\n\t\t\t\t\t\t\t<\/div>\n<\/div><div class=\"fusion-meta-tb fusion-meta-tb-87 floated\" style=\"--awb-border-top:0px;--awb-height:36px;--awb-alignment-medium:flex-start;--awb-alignment-small:flex-start;\"><span class=\"fusion-tb-published-date\">Published On: 24. September 2024<\/span><span class=\"fusion-meta-tb-sep\"><\/span><\/div><div class=\"fusion-title title fusion-title-87 fusion-sep-none fusion-title-text fusion-title-size-four\" style=\"--awb-margin-top:20px;--awb-margin-right:20px;--awb-margin-bottom:20px;--awb-margin-left:20px;--awb-margin-top-small:10px;--awb-margin-right-small:0px;--awb-margin-bottom-small:10px;--awb-margin-left-small:0px;--awb-font-size:24px;\"><h4 class=\"fusion-title-heading title-heading-left\" style=\"font-family:&quot;IBM Plex Sans Condensed&quot;;font-style:normal;font-weight:500;margin:0;font-size:1em;line-height:1.2;\"><a href=\"https:\/\/www.mundusmaris.org\/de\/aktivitaten\/gesunder-ozean-vs-verschmutzung\/the-path-to-a-global-treaty-on-plastics-efforts-from-argentinas-coastal-research\/\" class=\"awb-custom-text-color awb-custom-text-hover-color\" target=\"_self\">The Path to a Global Treaty on Plastics: Efforts from Argentina\u2019s Coastal Research<\/a><\/h4><\/div><\/div><\/li>\n<li class=\"fusion-layout-column fusion_builder_column fusion-builder-column-89 fusion-flex-column post-card fusion-grid-column fusion-post-cards-grid-column\" style=\"--awb-bg-color:var(--awb-color1);--awb-bg-color-hover:var(--awb-color1);--awb-bg-blend:overlay;--awb-bg-size:cover;--awb-flex-grow:0;--awb-flex-shrink:0;--awb-flex-grow-medium:;--awb-flex-shrink-medium:;--awb-flex-grow-small:;--awb-flex-shrink-small:;\" data-scroll-devices=\"small-visibility,medium-visibility,large-visibility\"><div class=\"fusion-column-wrapper fusion-column-has-shadow fusion-flex-justify-content-space-around fusion-content-layout-column\"><div class=\"fusion-classic-product-image-wrapper fusion-woo-product-image fusion-post-card-image fusion-post-card-image-1 has-aspect-ratio\" data-layout=\"static\" style=\"--awb-aspect-ratio:3 \/ 2;\"><div  class=\"fusion-image-wrapper\" aria-haspopup=\"true\">\n\t\t\t\t\t\t\t<a href=\"https:\/\/www.mundusmaris.org\/de\/meereswissen-und-oeffentlichkeitsarbeit\/ocean-game-at-the-home-event-in-brussels\/\" aria-label=\"Ocean Game at the HOME event in Brussels\">\n\t\t\t\t\t\t\t<img decoding=\"async\" width=\"500\" height=\"333\" src=\"https:\/\/www.mundusmaris.org\/wp-content\/uploads\/2024\/09\/ThiernoNdiayeOceanGame-HOME1.jpg\" class=\"attachment-full size-full wp-post-image\" alt=\"\" srcset=\"https:\/\/www.mundusmaris.org\/wp-content\/uploads\/2024\/09\/ThiernoNdiayeOceanGame-HOME1-200x133.jpg 200w, https:\/\/www.mundusmaris.org\/wp-content\/uploads\/2024\/09\/ThiernoNdiayeOceanGame-HOME1-400x266.jpg 400w, https:\/\/www.mundusmaris.org\/wp-content\/uploads\/2024\/09\/ThiernoNdiayeOceanGame-HOME1.jpg 500w\" sizes=\"(min-width: 2200px) 100vw, (min-width: 784px) 373px, (min-width: 712px) 560px, (min-width: 640px) 712px, \" \/>\t\t\t<\/a>\n\t\t\t\t\t\t\t<\/div>\n<\/div><div class=\"fusion-meta-tb fusion-meta-tb-88 floated\" style=\"--awb-border-top:0px;--awb-height:36px;--awb-alignment-medium:flex-start;--awb-alignment-small:flex-start;\"><span class=\"fusion-tb-published-date\">Published On: 20. September 2024<\/span><span class=\"fusion-meta-tb-sep\"><\/span><\/div><div class=\"fusion-title title fusion-title-88 fusion-sep-none fusion-title-text fusion-title-size-four\" style=\"--awb-margin-top:20px;--awb-margin-right:20px;--awb-margin-bottom:20px;--awb-margin-left:20px;--awb-margin-top-small:10px;--awb-margin-right-small:0px;--awb-margin-bottom-small:10px;--awb-margin-left-small:0px;--awb-font-size:24px;\"><h4 class=\"fusion-title-heading title-heading-left\" style=\"font-family:&quot;IBM Plex Sans Condensed&quot;;font-style:normal;font-weight:500;margin:0;font-size:1em;line-height:1.2;\"><a href=\"https:\/\/www.mundusmaris.org\/de\/meereswissen-und-oeffentlichkeitsarbeit\/ocean-game-at-the-home-event-in-brussels\/\" class=\"awb-custom-text-color awb-custom-text-hover-color\" target=\"_self\">Ocean Game at the HOME event in Brussels<\/a><\/h4><\/div><\/div><\/li>\n<li class=\"fusion-layout-column fusion_builder_column fusion-builder-column-90 fusion-flex-column post-card fusion-grid-column fusion-post-cards-grid-column\" style=\"--awb-bg-color:var(--awb-color1);--awb-bg-color-hover:var(--awb-color1);--awb-bg-blend:overlay;--awb-bg-size:cover;--awb-flex-grow:0;--awb-flex-shrink:0;--awb-flex-grow-medium:;--awb-flex-shrink-medium:;--awb-flex-grow-small:;--awb-flex-shrink-small:;\" data-scroll-devices=\"small-visibility,medium-visibility,large-visibility\"><div class=\"fusion-column-wrapper fusion-column-has-shadow fusion-flex-justify-content-space-around fusion-content-layout-column\"><div class=\"fusion-classic-product-image-wrapper fusion-woo-product-image fusion-post-card-image fusion-post-card-image-1 has-aspect-ratio\" data-layout=\"static\" style=\"--awb-aspect-ratio:3 \/ 2;\"><div  class=\"fusion-image-wrapper\" aria-haspopup=\"true\">\n\t\t\t\t\t\t\t<a href=\"https:\/\/www.mundusmaris.org\/de\/meereswissen-und-oeffentlichkeitsarbeit\/role-play-test-at-the-youmares-conference\/\" aria-label=\"Role play test at the YOUMARES Conference\">\n\t\t\t\t\t\t\t<img decoding=\"async\" width=\"500\" height=\"333\" src=\"https:\/\/www.mundusmaris.org\/wp-content\/uploads\/2024\/09\/DenizVuralOpening.jpg\" class=\"attachment-full size-full wp-post-image\" alt=\"\" srcset=\"https:\/\/www.mundusmaris.org\/wp-content\/uploads\/2024\/09\/DenizVuralOpening-200x133.jpg 200w, https:\/\/www.mundusmaris.org\/wp-content\/uploads\/2024\/09\/DenizVuralOpening-400x266.jpg 400w, https:\/\/www.mundusmaris.org\/wp-content\/uploads\/2024\/09\/DenizVuralOpening.jpg 500w\" sizes=\"(min-width: 2200px) 100vw, (min-width: 784px) 373px, (min-width: 712px) 560px, (min-width: 640px) 712px, \" \/>\t\t\t<\/a>\n\t\t\t\t\t\t\t<\/div>\n<\/div><div class=\"fusion-meta-tb fusion-meta-tb-89 floated\" style=\"--awb-border-top:0px;--awb-height:36px;--awb-alignment-medium:flex-start;--awb-alignment-small:flex-start;\"><span class=\"fusion-tb-published-date\">Published On: 19. September 2024<\/span><span class=\"fusion-meta-tb-sep\"><\/span><\/div><div class=\"fusion-title title fusion-title-89 fusion-sep-none fusion-title-text fusion-title-size-four\" style=\"--awb-margin-top:20px;--awb-margin-right:20px;--awb-margin-bottom:20px;--awb-margin-left:20px;--awb-margin-top-small:10px;--awb-margin-right-small:0px;--awb-margin-bottom-small:10px;--awb-margin-left-small:0px;--awb-font-size:24px;\"><h4 class=\"fusion-title-heading title-heading-left\" style=\"font-family:&quot;IBM Plex Sans Condensed&quot;;font-style:normal;font-weight:500;margin:0;font-size:1em;line-height:1.2;\"><a href=\"https:\/\/www.mundusmaris.org\/de\/meereswissen-und-oeffentlichkeitsarbeit\/role-play-test-at-the-youmares-conference\/\" class=\"awb-custom-text-color awb-custom-text-hover-color\" target=\"_self\">Role play test at the YOUMARES Conference<\/a><\/h4><\/div><\/div><\/li>\n<li class=\"fusion-layout-column fusion_builder_column fusion-builder-column-91 fusion-flex-column post-card fusion-grid-column fusion-post-cards-grid-column\" style=\"--awb-bg-color:var(--awb-color1);--awb-bg-color-hover:var(--awb-color1);--awb-bg-blend:overlay;--awb-bg-size:cover;--awb-flex-grow:0;--awb-flex-shrink:0;--awb-flex-grow-medium:;--awb-flex-shrink-medium:;--awb-flex-grow-small:;--awb-flex-shrink-small:;\" data-scroll-devices=\"small-visibility,medium-visibility,large-visibility\"><div class=\"fusion-column-wrapper fusion-column-has-shadow fusion-flex-justify-content-space-around fusion-content-layout-column\"><div class=\"fusion-classic-product-image-wrapper fusion-woo-product-image fusion-post-card-image fusion-post-card-image-1 has-aspect-ratio\" data-layout=\"static\" style=\"--awb-aspect-ratio:3 \/ 2;\"><div  class=\"fusion-image-wrapper\" aria-haspopup=\"true\">\n\t\t\t\t\t\t\t<a href=\"https:\/\/www.mundusmaris.org\/de\/meereswissen-und-oeffentlichkeitsarbeit\/eco-teens-day-in-brussels\/\" aria-label=\"Eco-Teens Day in Brussels\">\n\t\t\t\t\t\t\t<img decoding=\"async\" width=\"500\" height=\"333\" src=\"https:\/\/www.mundusmaris.org\/wp-content\/uploads\/2024\/09\/Expo.jpg\" class=\"attachment-full size-full wp-post-image\" alt=\"\" srcset=\"https:\/\/www.mundusmaris.org\/wp-content\/uploads\/2024\/09\/Expo-200x133.jpg 200w, https:\/\/www.mundusmaris.org\/wp-content\/uploads\/2024\/09\/Expo-400x266.jpg 400w, https:\/\/www.mundusmaris.org\/wp-content\/uploads\/2024\/09\/Expo.jpg 500w\" sizes=\"(min-width: 2200px) 100vw, (min-width: 784px) 373px, (min-width: 712px) 560px, (min-width: 640px) 712px, \" \/>\t\t\t<\/a>\n\t\t\t\t\t\t\t<\/div>\n<\/div><div class=\"fusion-meta-tb fusion-meta-tb-90 floated\" style=\"--awb-border-top:0px;--awb-height:36px;--awb-alignment-medium:flex-start;--awb-alignment-small:flex-start;\"><span class=\"fusion-tb-published-date\">Published On: 19. September 2024<\/span><span class=\"fusion-meta-tb-sep\"><\/span><\/div><div class=\"fusion-title title fusion-title-90 fusion-sep-none fusion-title-text fusion-title-size-four\" style=\"--awb-margin-top:20px;--awb-margin-right:20px;--awb-margin-bottom:20px;--awb-margin-left:20px;--awb-margin-top-small:10px;--awb-margin-right-small:0px;--awb-margin-bottom-small:10px;--awb-margin-left-small:0px;--awb-font-size:24px;\"><h4 class=\"fusion-title-heading title-heading-left\" style=\"font-family:&quot;IBM Plex Sans Condensed&quot;;font-style:normal;font-weight:500;margin:0;font-size:1em;line-height:1.2;\"><a href=\"https:\/\/www.mundusmaris.org\/de\/meereswissen-und-oeffentlichkeitsarbeit\/eco-teens-day-in-brussels\/\" class=\"awb-custom-text-color awb-custom-text-hover-color\" target=\"_self\">Eco-Teens Day in Brussels<\/a><\/h4><\/div><\/div><\/li>\n<li class=\"fusion-layout-column fusion_builder_column fusion-builder-column-92 fusion-flex-column post-card fusion-grid-column fusion-post-cards-grid-column\" style=\"--awb-bg-color:var(--awb-color1);--awb-bg-color-hover:var(--awb-color1);--awb-bg-blend:overlay;--awb-bg-size:cover;--awb-flex-grow:0;--awb-flex-shrink:0;--awb-flex-grow-medium:;--awb-flex-shrink-medium:;--awb-flex-grow-small:;--awb-flex-shrink-small:;\" data-scroll-devices=\"small-visibility,medium-visibility,large-visibility\"><div class=\"fusion-column-wrapper fusion-column-has-shadow fusion-flex-justify-content-space-around fusion-content-layout-column\"><div class=\"fusion-classic-product-image-wrapper fusion-woo-product-image fusion-post-card-image fusion-post-card-image-1 has-aspect-ratio\" data-layout=\"static\" style=\"--awb-aspect-ratio:3 \/ 2;\"><div  class=\"fusion-image-wrapper\" aria-haspopup=\"true\">\n\t\t\t\t\t\t\t<a href=\"https:\/\/www.mundusmaris.org\/de\/weltozeantag\/wod-2022-de\/world-ocean-day-2022-in-veracruz-mexico\/\" aria-label=\"World Ocean Day 2022 in Veracruz, Mexico\">\n\t\t\t\t\t\t\t<img decoding=\"async\" width=\"399\" height=\"317\" src=\"https:\/\/www.mundusmaris.org\/wp-content\/uploads\/2024\/09\/VeracruzPrep01.jpg\" class=\"attachment-full size-full wp-post-image\" alt=\"\" srcset=\"https:\/\/www.mundusmaris.org\/wp-content\/uploads\/2024\/09\/VeracruzPrep01-200x159.jpg 200w, https:\/\/www.mundusmaris.org\/wp-content\/uploads\/2024\/09\/VeracruzPrep01.jpg 399w\" sizes=\"(min-width: 2200px) 100vw, (min-width: 784px) 373px, (min-width: 712px) 560px, (min-width: 640px) 712px, \" \/>\t\t\t<\/a>\n\t\t\t\t\t\t\t<\/div>\n<\/div><div class=\"fusion-meta-tb fusion-meta-tb-91 floated\" style=\"--awb-border-top:0px;--awb-height:36px;--awb-alignment-medium:flex-start;--awb-alignment-small:flex-start;\"><span class=\"fusion-tb-published-date\">Published On: 17. September 2024<\/span><span class=\"fusion-meta-tb-sep\"><\/span><\/div><div class=\"fusion-title title fusion-title-91 fusion-sep-none fusion-title-text fusion-title-size-four\" style=\"--awb-margin-top:20px;--awb-margin-right:20px;--awb-margin-bottom:20px;--awb-margin-left:20px;--awb-margin-top-small:10px;--awb-margin-right-small:0px;--awb-margin-bottom-small:10px;--awb-margin-left-small:0px;--awb-font-size:24px;\"><h4 class=\"fusion-title-heading title-heading-left\" style=\"font-family:&quot;IBM Plex Sans Condensed&quot;;font-style:normal;font-weight:500;margin:0;font-size:1em;line-height:1.2;\"><a href=\"https:\/\/www.mundusmaris.org\/de\/weltozeantag\/wod-2022-de\/world-ocean-day-2022-in-veracruz-mexico\/\" class=\"awb-custom-text-color awb-custom-text-hover-color\" target=\"_self\">World Ocean Day 2022 in Veracruz, Mexico<\/a><\/h4><\/div><\/div><\/li>\n<li class=\"fusion-layout-column fusion_builder_column fusion-builder-column-93 fusion-flex-column post-card fusion-grid-column fusion-post-cards-grid-column\" style=\"--awb-bg-color:var(--awb-color1);--awb-bg-color-hover:var(--awb-color1);--awb-bg-blend:overlay;--awb-bg-size:cover;--awb-flex-grow:0;--awb-flex-shrink:0;--awb-flex-grow-medium:;--awb-flex-shrink-medium:;--awb-flex-grow-small:;--awb-flex-shrink-small:;\" data-scroll-devices=\"small-visibility,medium-visibility,large-visibility\"><div class=\"fusion-column-wrapper fusion-column-has-shadow fusion-flex-justify-content-space-around fusion-content-layout-column\"><div class=\"fusion-classic-product-image-wrapper fusion-woo-product-image fusion-post-card-image fusion-post-card-image-1 has-aspect-ratio\" data-layout=\"static\" style=\"--awb-aspect-ratio:3 \/ 2;\"><div  class=\"fusion-image-wrapper\" aria-haspopup=\"true\">\n\t\t\t\t\t\t\t<a href=\"https:\/\/www.mundusmaris.org\/de\/weltozeantag\/wod-2022-de\/all-eyes-on-wto-in-hilden-germany-2\/\" aria-label=\"All eyes on WTO in Hilden, Germany\">\n\t\t\t\t\t\t\t<img decoding=\"async\" width=\"400\" height=\"267\" src=\"https:\/\/www.mundusmaris.org\/wp-content\/uploads\/2024\/09\/FinlayInHilden02.jpg\" class=\"attachment-full size-full wp-post-image\" alt=\"\" srcset=\"https:\/\/www.mundusmaris.org\/wp-content\/uploads\/2024\/09\/FinlayInHilden02-200x134.jpg 200w, https:\/\/www.mundusmaris.org\/wp-content\/uploads\/2024\/09\/FinlayInHilden02.jpg 400w\" sizes=\"(min-width: 2200px) 100vw, (min-width: 784px) 373px, (min-width: 712px) 560px, (min-width: 640px) 712px, \" \/>\t\t\t<\/a>\n\t\t\t\t\t\t\t<\/div>\n<\/div><div class=\"fusion-meta-tb fusion-meta-tb-92 floated\" style=\"--awb-border-top:0px;--awb-height:36px;--awb-alignment-medium:flex-start;--awb-alignment-small:flex-start;\"><span class=\"fusion-tb-published-date\">Published On: 17. September 2024<\/span><span class=\"fusion-meta-tb-sep\"><\/span><\/div><div class=\"fusion-title title fusion-title-92 fusion-sep-none fusion-title-text fusion-title-size-four\" style=\"--awb-margin-top:20px;--awb-margin-right:20px;--awb-margin-bottom:20px;--awb-margin-left:20px;--awb-margin-top-small:10px;--awb-margin-right-small:0px;--awb-margin-bottom-small:10px;--awb-margin-left-small:0px;--awb-font-size:24px;\"><h4 class=\"fusion-title-heading title-heading-left\" style=\"font-family:&quot;IBM Plex Sans Condensed&quot;;font-style:normal;font-weight:500;margin:0;font-size:1em;line-height:1.2;\"><a href=\"https:\/\/www.mundusmaris.org\/de\/weltozeantag\/wod-2022-de\/all-eyes-on-wto-in-hilden-germany-2\/\" class=\"awb-custom-text-color awb-custom-text-hover-color\" target=\"_self\">All eyes on WTO in Hilden, Germany<\/a><\/h4><\/div><\/div><\/li>\n<li class=\"fusion-layout-column fusion_builder_column fusion-builder-column-94 fusion-flex-column post-card fusion-grid-column fusion-post-cards-grid-column\" style=\"--awb-bg-color:var(--awb-color1);--awb-bg-color-hover:var(--awb-color1);--awb-bg-blend:overlay;--awb-bg-size:cover;--awb-flex-grow:0;--awb-flex-shrink:0;--awb-flex-grow-medium:;--awb-flex-shrink-medium:;--awb-flex-grow-small:;--awb-flex-shrink-small:;\" data-scroll-devices=\"small-visibility,medium-visibility,large-visibility\"><div class=\"fusion-column-wrapper fusion-column-has-shadow fusion-flex-justify-content-space-around fusion-content-layout-column\"><div class=\"fusion-classic-product-image-wrapper fusion-woo-product-image fusion-post-card-image fusion-post-card-image-1 has-aspect-ratio\" data-layout=\"static\" style=\"--awb-aspect-ratio:3 \/ 2;\"><div  class=\"fusion-image-wrapper\" aria-haspopup=\"true\">\n\t\t\t\t\t\t\t<a href=\"https:\/\/www.mundusmaris.org\/de\/weltozeantag\/wod-2022-de\/clean-up-along-creek-in-hilden-germany\/\" aria-label=\"Clean-up along creek in Hilden, Germany\">\n\t\t\t\t\t\t\t<img decoding=\"async\" width=\"800\" height=\"500\" src=\"https:\/\/www.mundusmaris.org\/wp-content\/uploads\/2024\/01\/garbagecoll_800x500.png\" class=\"attachment-full size-full wp-post-image\" alt=\"\" srcset=\"https:\/\/www.mundusmaris.org\/wp-content\/uploads\/2024\/01\/garbagecoll_800x500-200x125.png 200w, https:\/\/www.mundusmaris.org\/wp-content\/uploads\/2024\/01\/garbagecoll_800x500-400x250.png 400w, https:\/\/www.mundusmaris.org\/wp-content\/uploads\/2024\/01\/garbagecoll_800x500-600x375.png 600w, https:\/\/www.mundusmaris.org\/wp-content\/uploads\/2024\/01\/garbagecoll_800x500.png 800w\" sizes=\"(min-width: 2200px) 100vw, (min-width: 784px) 373px, (min-width: 712px) 560px, (min-width: 640px) 712px, \" \/>\t\t\t<\/a>\n\t\t\t\t\t\t\t<\/div>\n<\/div><div class=\"fusion-meta-tb fusion-meta-tb-93 floated\" style=\"--awb-border-top:0px;--awb-height:36px;--awb-alignment-medium:flex-start;--awb-alignment-small:flex-start;\"><span class=\"fusion-tb-published-date\">Published On: 17. September 2024<\/span><span class=\"fusion-meta-tb-sep\"><\/span><\/div><div class=\"fusion-title title fusion-title-93 fusion-sep-none fusion-title-text fusion-title-size-four\" style=\"--awb-margin-top:20px;--awb-margin-right:20px;--awb-margin-bottom:20px;--awb-margin-left:20px;--awb-margin-top-small:10px;--awb-margin-right-small:0px;--awb-margin-bottom-small:10px;--awb-margin-left-small:0px;--awb-font-size:24px;\"><h4 class=\"fusion-title-heading title-heading-left\" style=\"font-family:&quot;IBM Plex Sans Condensed&quot;;font-style:normal;font-weight:500;margin:0;font-size:1em;line-height:1.2;\"><a href=\"https:\/\/www.mundusmaris.org\/de\/weltozeantag\/wod-2022-de\/clean-up-along-creek-in-hilden-germany\/\" class=\"awb-custom-text-color awb-custom-text-hover-color\" target=\"_self\">Clean-up along creek in Hilden, Germany<\/a><\/h4><\/div><\/div><\/li>\n<li class=\"fusion-layout-column fusion_builder_column fusion-builder-column-95 fusion-flex-column post-card fusion-grid-column fusion-post-cards-grid-column\" style=\"--awb-bg-color:var(--awb-color1);--awb-bg-color-hover:var(--awb-color1);--awb-bg-blend:overlay;--awb-bg-size:cover;--awb-flex-grow:0;--awb-flex-shrink:0;--awb-flex-grow-medium:;--awb-flex-shrink-medium:;--awb-flex-grow-small:;--awb-flex-shrink-small:;\" data-scroll-devices=\"small-visibility,medium-visibility,large-visibility\"><div class=\"fusion-column-wrapper fusion-column-has-shadow fusion-flex-justify-content-space-around fusion-content-layout-column\"><div class=\"fusion-classic-product-image-wrapper fusion-woo-product-image fusion-post-card-image fusion-post-card-image-1 has-aspect-ratio\" data-layout=\"static\" style=\"--awb-aspect-ratio:3 \/ 2;\"><div  class=\"fusion-image-wrapper\" aria-haspopup=\"true\">\n\t\t\t\t\t\t\t<a href=\"https:\/\/www.mundusmaris.org\/de\/weltozeantag\/wod-2022-de\/world-ocean-week-in-akure-ondo-state-nigeria-2\/\" aria-label=\"World Ocean Week in Akure, Ondo State, Nigeria\">\n\t\t\t\t\t\t\t<img decoding=\"async\" width=\"400\" height=\"299\" src=\"https:\/\/www.mundusmaris.org\/wp-content\/uploads\/2024\/09\/PlasticCreativityCeremony.jpg\" class=\"attachment-full size-full wp-post-image\" alt=\"\" srcset=\"https:\/\/www.mundusmaris.org\/wp-content\/uploads\/2024\/09\/PlasticCreativityCeremony-200x150.jpg 200w, https:\/\/www.mundusmaris.org\/wp-content\/uploads\/2024\/09\/PlasticCreativityCeremony.jpg 400w\" sizes=\"(min-width: 2200px) 100vw, (min-width: 784px) 373px, (min-width: 712px) 560px, (min-width: 640px) 712px, \" \/>\t\t\t<\/a>\n\t\t\t\t\t\t\t<\/div>\n<\/div><div class=\"fusion-meta-tb fusion-meta-tb-94 floated\" style=\"--awb-border-top:0px;--awb-height:36px;--awb-alignment-medium:flex-start;--awb-alignment-small:flex-start;\"><span class=\"fusion-tb-published-date\">Published On: 17. September 2024<\/span><span class=\"fusion-meta-tb-sep\"><\/span><\/div><div class=\"fusion-title title fusion-title-94 fusion-sep-none fusion-title-text fusion-title-size-four\" style=\"--awb-margin-top:20px;--awb-margin-right:20px;--awb-margin-bottom:20px;--awb-margin-left:20px;--awb-margin-top-small:10px;--awb-margin-right-small:0px;--awb-margin-bottom-small:10px;--awb-margin-left-small:0px;--awb-font-size:24px;\"><h4 class=\"fusion-title-heading title-heading-left\" style=\"font-family:&quot;IBM Plex Sans Condensed&quot;;font-style:normal;font-weight:500;margin:0;font-size:1em;line-height:1.2;\"><a href=\"https:\/\/www.mundusmaris.org\/de\/weltozeantag\/wod-2022-de\/world-ocean-week-in-akure-ondo-state-nigeria-2\/\" class=\"awb-custom-text-color awb-custom-text-hover-color\" target=\"_self\">World Ocean Week in Akure, Ondo State, Nigeria<\/a><\/h4><\/div><\/div><\/li>\n<li class=\"fusion-layout-column fusion_builder_column fusion-builder-column-96 fusion-flex-column post-card fusion-grid-column fusion-post-cards-grid-column\" style=\"--awb-bg-color:var(--awb-color1);--awb-bg-color-hover:var(--awb-color1);--awb-bg-blend:overlay;--awb-bg-size:cover;--awb-flex-grow:0;--awb-flex-shrink:0;--awb-flex-grow-medium:;--awb-flex-shrink-medium:;--awb-flex-grow-small:;--awb-flex-shrink-small:;\" data-scroll-devices=\"small-visibility,medium-visibility,large-visibility\"><div class=\"fusion-column-wrapper fusion-column-has-shadow fusion-flex-justify-content-space-around fusion-content-layout-column\"><div class=\"fusion-classic-product-image-wrapper fusion-woo-product-image fusion-post-card-image fusion-post-card-image-1 has-aspect-ratio\" data-layout=\"static\" style=\"--awb-aspect-ratio:3 \/ 2;\"><div  class=\"fusion-image-wrapper\" aria-haspopup=\"true\">\n\t\t\t\t\t\t\t<a href=\"https:\/\/www.mundusmaris.org\/de\/weltozeantag\/wod-2022-de\/webinar-in-lagos-for-world-ocean-day-2022\/\" aria-label=\"Webinar in Lagos for World Ocean Day 2022\">\n\t\t\t\t\t\t\t<img decoding=\"async\" width=\"1080\" height=\"1080\" src=\"https:\/\/www.mundusmaris.org\/wp-content\/uploads\/2024\/09\/IMG-20220608-WA0026.jpg\" class=\"attachment-full size-full wp-post-image\" alt=\"\" srcset=\"https:\/\/www.mundusmaris.org\/wp-content\/uploads\/2024\/09\/IMG-20220608-WA0026-200x200.jpg 200w, https:\/\/www.mundusmaris.org\/wp-content\/uploads\/2024\/09\/IMG-20220608-WA0026-400x400.jpg 400w, https:\/\/www.mundusmaris.org\/wp-content\/uploads\/2024\/09\/IMG-20220608-WA0026-600x600.jpg 600w, https:\/\/www.mundusmaris.org\/wp-content\/uploads\/2024\/09\/IMG-20220608-WA0026-800x800.jpg 800w, https:\/\/www.mundusmaris.org\/wp-content\/uploads\/2024\/09\/IMG-20220608-WA0026.jpg 1080w\" sizes=\"(min-width: 2200px) 100vw, (min-width: 784px) 373px, (min-width: 712px) 560px, (min-width: 640px) 712px, \" \/>\t\t\t<\/a>\n\t\t\t\t\t\t\t<\/div>\n<\/div><div class=\"fusion-meta-tb fusion-meta-tb-95 floated\" style=\"--awb-border-top:0px;--awb-height:36px;--awb-alignment-medium:flex-start;--awb-alignment-small:flex-start;\"><span class=\"fusion-tb-published-date\">Published On: 17. September 2024<\/span><span class=\"fusion-meta-tb-sep\"><\/span><\/div><div class=\"fusion-title title fusion-title-95 fusion-sep-none fusion-title-text fusion-title-size-four\" style=\"--awb-margin-top:20px;--awb-margin-right:20px;--awb-margin-bottom:20px;--awb-margin-left:20px;--awb-margin-top-small:10px;--awb-margin-right-small:0px;--awb-margin-bottom-small:10px;--awb-margin-left-small:0px;--awb-font-size:24px;\"><h4 class=\"fusion-title-heading title-heading-left\" style=\"font-family:&quot;IBM Plex Sans Condensed&quot;;font-style:normal;font-weight:500;margin:0;font-size:1em;line-height:1.2;\"><a href=\"https:\/\/www.mundusmaris.org\/de\/weltozeantag\/wod-2022-de\/webinar-in-lagos-for-world-ocean-day-2022\/\" class=\"awb-custom-text-color awb-custom-text-hover-color\" target=\"_self\">Webinar in Lagos for World Ocean Day 2022<\/a><\/h4><\/div><\/div><\/li>\n<li class=\"fusion-layout-column fusion_builder_column fusion-builder-column-97 fusion-flex-column post-card fusion-grid-column fusion-post-cards-grid-column\" style=\"--awb-bg-color:var(--awb-color1);--awb-bg-color-hover:var(--awb-color1);--awb-bg-blend:overlay;--awb-bg-size:cover;--awb-flex-grow:0;--awb-flex-shrink:0;--awb-flex-grow-medium:;--awb-flex-shrink-medium:;--awb-flex-grow-small:;--awb-flex-shrink-small:;\" data-scroll-devices=\"small-visibility,medium-visibility,large-visibility\"><div class=\"fusion-column-wrapper fusion-column-has-shadow fusion-flex-justify-content-space-around fusion-content-layout-column\"><div class=\"fusion-classic-product-image-wrapper fusion-woo-product-image fusion-post-card-image fusion-post-card-image-1 has-aspect-ratio\" data-layout=\"static\" style=\"--awb-aspect-ratio:3 \/ 2;\"><div  class=\"fusion-image-wrapper\" aria-haspopup=\"true\">\n\t\t\t\t\t\t\t<a href=\"https:\/\/www.mundusmaris.org\/de\/weltozeantag\/wod-2022-de\/world-ocean-day-in-kribi-cameroon\/\" aria-label=\"World Ocean Day in Kribi, Cameroon\">\n\t\t\t\t\t\t\t<img decoding=\"async\" width=\"735\" height=\"339\" src=\"https:\/\/www.mundusmaris.org\/wp-content\/uploads\/2024\/09\/KidsWithMM-Bags.jpg\" class=\"attachment-full size-full wp-post-image\" alt=\"\" srcset=\"https:\/\/www.mundusmaris.org\/wp-content\/uploads\/2024\/09\/KidsWithMM-Bags-200x92.jpg 200w, https:\/\/www.mundusmaris.org\/wp-content\/uploads\/2024\/09\/KidsWithMM-Bags-400x184.jpg 400w, https:\/\/www.mundusmaris.org\/wp-content\/uploads\/2024\/09\/KidsWithMM-Bags-600x277.jpg 600w, https:\/\/www.mundusmaris.org\/wp-content\/uploads\/2024\/09\/KidsWithMM-Bags.jpg 735w\" sizes=\"(min-width: 2200px) 100vw, (min-width: 784px) 373px, (min-width: 712px) 560px, (min-width: 640px) 712px, \" \/>\t\t\t<\/a>\n\t\t\t\t\t\t\t<\/div>\n<\/div><div class=\"fusion-meta-tb fusion-meta-tb-96 floated\" style=\"--awb-border-top:0px;--awb-height:36px;--awb-alignment-medium:flex-start;--awb-alignment-small:flex-start;\"><span class=\"fusion-tb-published-date\">Published On: 17. September 2024<\/span><span class=\"fusion-meta-tb-sep\"><\/span><\/div><div class=\"fusion-title title fusion-title-96 fusion-sep-none fusion-title-text fusion-title-size-four\" style=\"--awb-margin-top:20px;--awb-margin-right:20px;--awb-margin-bottom:20px;--awb-margin-left:20px;--awb-margin-top-small:10px;--awb-margin-right-small:0px;--awb-margin-bottom-small:10px;--awb-margin-left-small:0px;--awb-font-size:24px;\"><h4 class=\"fusion-title-heading title-heading-left\" style=\"font-family:&quot;IBM Plex Sans Condensed&quot;;font-style:normal;font-weight:500;margin:0;font-size:1em;line-height:1.2;\"><a href=\"https:\/\/www.mundusmaris.org\/de\/weltozeantag\/wod-2022-de\/world-ocean-day-in-kribi-cameroon\/\" class=\"awb-custom-text-color awb-custom-text-hover-color\" target=\"_self\">World Ocean Day in Kribi, Cameroon<\/a><\/h4><\/div><\/div><\/li>\n<li class=\"fusion-layout-column fusion_builder_column fusion-builder-column-98 fusion-flex-column post-card fusion-grid-column fusion-post-cards-grid-column\" style=\"--awb-bg-color:var(--awb-color1);--awb-bg-color-hover:var(--awb-color1);--awb-bg-blend:overlay;--awb-bg-size:cover;--awb-flex-grow:0;--awb-flex-shrink:0;--awb-flex-grow-medium:;--awb-flex-shrink-medium:;--awb-flex-grow-small:;--awb-flex-shrink-small:;\" data-scroll-devices=\"small-visibility,medium-visibility,large-visibility\"><div class=\"fusion-column-wrapper fusion-column-has-shadow fusion-flex-justify-content-space-around fusion-content-layout-column\"><div class=\"fusion-classic-product-image-wrapper fusion-woo-product-image fusion-post-card-image fusion-post-card-image-1 has-aspect-ratio\" data-layout=\"static\" style=\"--awb-aspect-ratio:3 \/ 2;\"><div  class=\"fusion-image-wrapper\" aria-haspopup=\"true\">\n\t\t\t\t\t\t\t<a href=\"https:\/\/www.mundusmaris.org\/de\/weltozeantag\/wod-2022-de\/from-puerto-piramides-argentina-to-the-world\/\" aria-label=\"From Puerto Piramides, Argentina, to the World\">\n\t\t\t\t\t\t\t<img decoding=\"async\" width=\"735\" height=\"415\" src=\"https:\/\/www.mundusmaris.org\/wp-content\/uploads\/2024\/09\/PiramideJMO2022.jpg\" class=\"attachment-full size-full wp-post-image\" alt=\"\" srcset=\"https:\/\/www.mundusmaris.org\/wp-content\/uploads\/2024\/09\/PiramideJMO2022-200x113.jpg 200w, https:\/\/www.mundusmaris.org\/wp-content\/uploads\/2024\/09\/PiramideJMO2022-400x226.jpg 400w, https:\/\/www.mundusmaris.org\/wp-content\/uploads\/2024\/09\/PiramideJMO2022-600x339.jpg 600w, https:\/\/www.mundusmaris.org\/wp-content\/uploads\/2024\/09\/PiramideJMO2022.jpg 735w\" sizes=\"(min-width: 2200px) 100vw, (min-width: 784px) 373px, (min-width: 712px) 560px, (min-width: 640px) 712px, \" \/>\t\t\t<\/a>\n\t\t\t\t\t\t\t<\/div>\n<\/div><div class=\"fusion-meta-tb fusion-meta-tb-97 floated\" style=\"--awb-border-top:0px;--awb-height:36px;--awb-alignment-medium:flex-start;--awb-alignment-small:flex-start;\"><span class=\"fusion-tb-published-date\">Published On: 17. September 2024<\/span><span class=\"fusion-meta-tb-sep\"><\/span><\/div><div class=\"fusion-title title fusion-title-97 fusion-sep-none fusion-title-text fusion-title-size-four\" style=\"--awb-margin-top:20px;--awb-margin-right:20px;--awb-margin-bottom:20px;--awb-margin-left:20px;--awb-margin-top-small:10px;--awb-margin-right-small:0px;--awb-margin-bottom-small:10px;--awb-margin-left-small:0px;--awb-font-size:24px;\"><h4 class=\"fusion-title-heading title-heading-left\" style=\"font-family:&quot;IBM Plex Sans Condensed&quot;;font-style:normal;font-weight:500;margin:0;font-size:1em;line-height:1.2;\"><a href=\"https:\/\/www.mundusmaris.org\/de\/weltozeantag\/wod-2022-de\/from-puerto-piramides-argentina-to-the-world\/\" class=\"awb-custom-text-color awb-custom-text-hover-color\" target=\"_self\">From Puerto Piramides, Argentina, to the World<\/a><\/h4><\/div><\/div><\/li>\n<li class=\"fusion-layout-column fusion_builder_column fusion-builder-column-99 fusion-flex-column post-card fusion-grid-column fusion-post-cards-grid-column\" style=\"--awb-bg-color:var(--awb-color1);--awb-bg-color-hover:var(--awb-color1);--awb-bg-blend:overlay;--awb-bg-size:cover;--awb-flex-grow:0;--awb-flex-shrink:0;--awb-flex-grow-medium:;--awb-flex-shrink-medium:;--awb-flex-grow-small:;--awb-flex-shrink-small:;\" data-scroll-devices=\"small-visibility,medium-visibility,large-visibility\"><div class=\"fusion-column-wrapper fusion-column-has-shadow fusion-flex-justify-content-space-around fusion-content-layout-column\"><div class=\"fusion-classic-product-image-wrapper fusion-woo-product-image fusion-post-card-image fusion-post-card-image-1 has-aspect-ratio\" data-layout=\"static\" style=\"--awb-aspect-ratio:3 \/ 2;\"><div  class=\"fusion-image-wrapper\" aria-haspopup=\"true\">\n\t\t\t\t\t\t\t<a href=\"https:\/\/www.mundusmaris.org\/de\/weltozeantag\/wod-2022-de\/beach-clean-up-by-the-soccer-schools-in-hann-senegal\/\" aria-label=\"Beach clean-up by the soccer schools in Hann, Senegal\">\n\t\t\t\t\t\t\t<img decoding=\"async\" width=\"400\" height=\"300\" src=\"https:\/\/www.mundusmaris.org\/wp-content\/uploads\/2024\/09\/BeachCleaningHannSoccerSchools01.jpg\" class=\"attachment-full size-full wp-post-image\" alt=\"\" srcset=\"https:\/\/www.mundusmaris.org\/wp-content\/uploads\/2024\/09\/BeachCleaningHannSoccerSchools01-200x150.jpg 200w, https:\/\/www.mundusmaris.org\/wp-content\/uploads\/2024\/09\/BeachCleaningHannSoccerSchools01.jpg 400w\" sizes=\"(min-width: 2200px) 100vw, (min-width: 784px) 373px, (min-width: 712px) 560px, (min-width: 640px) 712px, \" \/>\t\t\t<\/a>\n\t\t\t\t\t\t\t<\/div>\n<\/div><div class=\"fusion-meta-tb fusion-meta-tb-98 floated\" style=\"--awb-border-top:0px;--awb-height:36px;--awb-alignment-medium:flex-start;--awb-alignment-small:flex-start;\"><span class=\"fusion-tb-published-date\">Published On: 17. September 2024<\/span><span class=\"fusion-meta-tb-sep\"><\/span><\/div><div class=\"fusion-title title fusion-title-98 fusion-sep-none fusion-title-text fusion-title-size-four\" style=\"--awb-margin-top:20px;--awb-margin-right:20px;--awb-margin-bottom:20px;--awb-margin-left:20px;--awb-margin-top-small:10px;--awb-margin-right-small:0px;--awb-margin-bottom-small:10px;--awb-margin-left-small:0px;--awb-font-size:24px;\"><h4 class=\"fusion-title-heading title-heading-left\" style=\"font-family:&quot;IBM Plex Sans Condensed&quot;;font-style:normal;font-weight:500;margin:0;font-size:1em;line-height:1.2;\"><a href=\"https:\/\/www.mundusmaris.org\/de\/weltozeantag\/wod-2022-de\/beach-clean-up-by-the-soccer-schools-in-hann-senegal\/\" class=\"awb-custom-text-color awb-custom-text-hover-color\" target=\"_self\">Beach clean-up by the soccer schools in Hann, Senegal<\/a><\/h4><\/div><\/div><\/li>\n<li class=\"fusion-layout-column fusion_builder_column fusion-builder-column-100 fusion-flex-column post-card fusion-grid-column fusion-post-cards-grid-column\" style=\"--awb-bg-color:var(--awb-color1);--awb-bg-color-hover:var(--awb-color1);--awb-bg-blend:overlay;--awb-bg-size:cover;--awb-flex-grow:0;--awb-flex-shrink:0;--awb-flex-grow-medium:;--awb-flex-shrink-medium:;--awb-flex-grow-small:;--awb-flex-shrink-small:;\" data-scroll-devices=\"small-visibility,medium-visibility,large-visibility\"><div class=\"fusion-column-wrapper fusion-column-has-shadow fusion-flex-justify-content-space-around fusion-content-layout-column\"><div class=\"fusion-classic-product-image-wrapper fusion-woo-product-image fusion-post-card-image fusion-post-card-image-1 has-aspect-ratio\" data-layout=\"static\" style=\"--awb-aspect-ratio:3 \/ 2;\"><div  class=\"fusion-image-wrapper\" aria-haspopup=\"true\">\n\t\t\t\t\t\t\t<a href=\"https:\/\/www.mundusmaris.org\/de\/weltozeantag\/wod-2022-de\/vi-webinar-world-ocean-day-mundus-maris-university-of-belgrano-2022\/\" aria-label=\"VI Webinar World Ocean Day &#8211; Mundus maris\/University of Belgrano &#8211; 2022\">\n\t\t\t\t\t\t\t<img decoding=\"async\" width=\"400\" height=\"219\" src=\"https:\/\/www.mundusmaris.org\/wp-content\/uploads\/2024\/09\/WebinarParticipantsOnSite.jpg\" class=\"attachment-full size-full wp-post-image\" alt=\"\" srcset=\"https:\/\/www.mundusmaris.org\/wp-content\/uploads\/2024\/09\/WebinarParticipantsOnSite-200x110.jpg 200w, https:\/\/www.mundusmaris.org\/wp-content\/uploads\/2024\/09\/WebinarParticipantsOnSite.jpg 400w\" sizes=\"(min-width: 2200px) 100vw, (min-width: 784px) 373px, (min-width: 712px) 560px, (min-width: 640px) 712px, \" \/>\t\t\t<\/a>\n\t\t\t\t\t\t\t<\/div>\n<\/div><div class=\"fusion-meta-tb fusion-meta-tb-99 floated\" style=\"--awb-border-top:0px;--awb-height:36px;--awb-alignment-medium:flex-start;--awb-alignment-small:flex-start;\"><span class=\"fusion-tb-published-date\">Published On: 17. September 2024<\/span><span class=\"fusion-meta-tb-sep\"><\/span><\/div><div class=\"fusion-title title fusion-title-99 fusion-sep-none fusion-title-text fusion-title-size-four\" style=\"--awb-margin-top:20px;--awb-margin-right:20px;--awb-margin-bottom:20px;--awb-margin-left:20px;--awb-margin-top-small:10px;--awb-margin-right-small:0px;--awb-margin-bottom-small:10px;--awb-margin-left-small:0px;--awb-font-size:24px;\"><h4 class=\"fusion-title-heading title-heading-left\" style=\"font-family:&quot;IBM Plex Sans Condensed&quot;;font-style:normal;font-weight:500;margin:0;font-size:1em;line-height:1.2;\"><a href=\"https:\/\/www.mundusmaris.org\/de\/weltozeantag\/wod-2022-de\/vi-webinar-world-ocean-day-mundus-maris-university-of-belgrano-2022\/\" class=\"awb-custom-text-color awb-custom-text-hover-color\" target=\"_self\">VI Webinar World Ocean Day &#8211; Mundus maris\/University of Belgrano &#8211; 2022<\/a><\/h4><\/div><\/div><\/li>\n<li class=\"fusion-layout-column fusion_builder_column fusion-builder-column-101 fusion-flex-column post-card fusion-grid-column fusion-post-cards-grid-column\" style=\"--awb-bg-color:var(--awb-color1);--awb-bg-color-hover:var(--awb-color1);--awb-bg-blend:overlay;--awb-bg-size:cover;--awb-flex-grow:0;--awb-flex-shrink:0;--awb-flex-grow-medium:;--awb-flex-shrink-medium:;--awb-flex-grow-small:;--awb-flex-shrink-small:;\" data-scroll-devices=\"small-visibility,medium-visibility,large-visibility\"><div class=\"fusion-column-wrapper fusion-column-has-shadow fusion-flex-justify-content-space-around fusion-content-layout-column\"><div class=\"fusion-classic-product-image-wrapper fusion-woo-product-image fusion-post-card-image fusion-post-card-image-1 has-aspect-ratio\" data-layout=\"static\" style=\"--awb-aspect-ratio:3 \/ 2;\"><div  class=\"fusion-image-wrapper\" aria-haspopup=\"true\">\n\t\t\t\t\t\t\t<a href=\"https:\/\/www.mundusmaris.org\/de\/weltozeantag\/wod-2022-de\/world-ocean-day-at-the-kawabata-yasunari-primary-school-in-hann-senegal\/\" aria-label=\"World Ocean Day at the Kawabata Yasunari Primary School in Hann, Senegal\">\n\t\t\t\t\t\t\t<img decoding=\"async\" width=\"400\" height=\"400\" src=\"https:\/\/www.mundusmaris.org\/wp-content\/uploads\/2024\/09\/Kawabata_NettoyageCour.jpg\" class=\"attachment-full size-full wp-post-image\" alt=\"\" srcset=\"https:\/\/www.mundusmaris.org\/wp-content\/uploads\/2024\/09\/Kawabata_NettoyageCour-200x200.jpg 200w, https:\/\/www.mundusmaris.org\/wp-content\/uploads\/2024\/09\/Kawabata_NettoyageCour.jpg 400w\" sizes=\"(min-width: 2200px) 100vw, (min-width: 784px) 373px, (min-width: 712px) 560px, (min-width: 640px) 712px, \" \/>\t\t\t<\/a>\n\t\t\t\t\t\t\t<\/div>\n<\/div><div class=\"fusion-meta-tb fusion-meta-tb-100 floated\" style=\"--awb-border-top:0px;--awb-height:36px;--awb-alignment-medium:flex-start;--awb-alignment-small:flex-start;\"><span class=\"fusion-tb-published-date\">Published On: 17. September 2024<\/span><span class=\"fusion-meta-tb-sep\"><\/span><\/div><div class=\"fusion-title title fusion-title-100 fusion-sep-none fusion-title-text fusion-title-size-four\" style=\"--awb-margin-top:20px;--awb-margin-right:20px;--awb-margin-bottom:20px;--awb-margin-left:20px;--awb-margin-top-small:10px;--awb-margin-right-small:0px;--awb-margin-bottom-small:10px;--awb-margin-left-small:0px;--awb-font-size:24px;\"><h4 class=\"fusion-title-heading title-heading-left\" style=\"font-family:&quot;IBM Plex Sans Condensed&quot;;font-style:normal;font-weight:500;margin:0;font-size:1em;line-height:1.2;\"><a href=\"https:\/\/www.mundusmaris.org\/de\/weltozeantag\/wod-2022-de\/world-ocean-day-at-the-kawabata-yasunari-primary-school-in-hann-senegal\/\" class=\"awb-custom-text-color awb-custom-text-hover-color\" target=\"_self\">World Ocean Day at the Kawabata Yasunari Primary School in Hann, Senegal<\/a><\/h4><\/div><\/div><\/li>\n<li class=\"fusion-layout-column fusion_builder_column fusion-builder-column-102 fusion-flex-column post-card fusion-grid-column fusion-post-cards-grid-column\" style=\"--awb-bg-color:var(--awb-color1);--awb-bg-color-hover:var(--awb-color1);--awb-bg-blend:overlay;--awb-bg-size:cover;--awb-flex-grow:0;--awb-flex-shrink:0;--awb-flex-grow-medium:;--awb-flex-shrink-medium:;--awb-flex-grow-small:;--awb-flex-shrink-small:;\" data-scroll-devices=\"small-visibility,medium-visibility,large-visibility\"><div class=\"fusion-column-wrapper fusion-column-has-shadow fusion-flex-justify-content-space-around fusion-content-layout-column\"><div class=\"fusion-classic-product-image-wrapper fusion-woo-product-image fusion-post-card-image fusion-post-card-image-1 has-aspect-ratio\" data-layout=\"static\" style=\"--awb-aspect-ratio:3 \/ 2;\"><div  class=\"fusion-image-wrapper\" aria-haspopup=\"true\">\n\t\t\t\t\t\t\t<a href=\"https:\/\/www.mundusmaris.org\/de\/weltozeantag\/wod-2022-de\/soccer-tournament-in-hann-for-world-ocean-day-2022\/\" aria-label=\"Soccer tournament in Hann for World Ocean Day 2022\">\n\t\t\t\t\t\t\t<img decoding=\"async\" width=\"400\" height=\"300\" src=\"https:\/\/www.mundusmaris.org\/wp-content\/uploads\/2024\/09\/Prizes.jpg\" class=\"attachment-full size-full wp-post-image\" alt=\"\" srcset=\"https:\/\/www.mundusmaris.org\/wp-content\/uploads\/2024\/09\/Prizes-200x150.jpg 200w, https:\/\/www.mundusmaris.org\/wp-content\/uploads\/2024\/09\/Prizes.jpg 400w\" sizes=\"(min-width: 2200px) 100vw, (min-width: 784px) 373px, (min-width: 712px) 560px, (min-width: 640px) 712px, \" \/>\t\t\t<\/a>\n\t\t\t\t\t\t\t<\/div>\n<\/div><div class=\"fusion-meta-tb fusion-meta-tb-101 floated\" style=\"--awb-border-top:0px;--awb-height:36px;--awb-alignment-medium:flex-start;--awb-alignment-small:flex-start;\"><span class=\"fusion-tb-published-date\">Published On: 17. September 2024<\/span><span class=\"fusion-meta-tb-sep\"><\/span><\/div><div class=\"fusion-title title fusion-title-101 fusion-sep-none fusion-title-text fusion-title-size-four\" style=\"--awb-margin-top:20px;--awb-margin-right:20px;--awb-margin-bottom:20px;--awb-margin-left:20px;--awb-margin-top-small:10px;--awb-margin-right-small:0px;--awb-margin-bottom-small:10px;--awb-margin-left-small:0px;--awb-font-size:24px;\"><h4 class=\"fusion-title-heading title-heading-left\" style=\"font-family:&quot;IBM Plex Sans Condensed&quot;;font-style:normal;font-weight:500;margin:0;font-size:1em;line-height:1.2;\"><a href=\"https:\/\/www.mundusmaris.org\/de\/weltozeantag\/wod-2022-de\/soccer-tournament-in-hann-for-world-ocean-day-2022\/\" class=\"awb-custom-text-color awb-custom-text-hover-color\" target=\"_self\">Soccer tournament in Hann for World Ocean Day 2022<\/a><\/h4><\/div><\/div><\/li>\n<li class=\"fusion-layout-column fusion_builder_column fusion-builder-column-103 fusion-flex-column post-card fusion-grid-column fusion-post-cards-grid-column\" style=\"--awb-bg-color:var(--awb-color1);--awb-bg-color-hover:var(--awb-color1);--awb-bg-blend:overlay;--awb-bg-size:cover;--awb-flex-grow:0;--awb-flex-shrink:0;--awb-flex-grow-medium:;--awb-flex-shrink-medium:;--awb-flex-grow-small:;--awb-flex-shrink-small:;\" data-scroll-devices=\"small-visibility,medium-visibility,large-visibility\"><div class=\"fusion-column-wrapper fusion-column-has-shadow fusion-flex-justify-content-space-around fusion-content-layout-column\"><div class=\"fusion-classic-product-image-wrapper fusion-woo-product-image fusion-post-card-image fusion-post-card-image-1 has-aspect-ratio\" data-layout=\"static\" style=\"--awb-aspect-ratio:3 \/ 2;\"><div  class=\"fusion-image-wrapper\" aria-haspopup=\"true\">\n\t\t\t\t\t\t\t<a href=\"https:\/\/www.mundusmaris.org\/de\/weltozeantag\/wod-2022-de\/a-concert-for-peace-and-the-ocean-louvain-belgium\/\" aria-label=\"A concert for peace and the ocean, Louvain, Belgium\">\n\t\t\t\t\t\t\t<img decoding=\"async\" width=\"735\" height=\"551\" src=\"https:\/\/www.mundusmaris.org\/wp-content\/uploads\/2024\/09\/ConcertOceanKruidtuin20220622.jpg\" class=\"attachment-full size-full wp-post-image\" alt=\"\" srcset=\"https:\/\/www.mundusmaris.org\/wp-content\/uploads\/2024\/09\/ConcertOceanKruidtuin20220622-200x150.jpg 200w, https:\/\/www.mundusmaris.org\/wp-content\/uploads\/2024\/09\/ConcertOceanKruidtuin20220622-400x300.jpg 400w, https:\/\/www.mundusmaris.org\/wp-content\/uploads\/2024\/09\/ConcertOceanKruidtuin20220622-600x450.jpg 600w, https:\/\/www.mundusmaris.org\/wp-content\/uploads\/2024\/09\/ConcertOceanKruidtuin20220622.jpg 735w\" sizes=\"(min-width: 2200px) 100vw, (min-width: 784px) 373px, (min-width: 712px) 560px, (min-width: 640px) 712px, \" \/>\t\t\t<\/a>\n\t\t\t\t\t\t\t<\/div>\n<\/div><div class=\"fusion-meta-tb fusion-meta-tb-102 floated\" style=\"--awb-border-top:0px;--awb-height:36px;--awb-alignment-medium:flex-start;--awb-alignment-small:flex-start;\"><span class=\"fusion-tb-published-date\">Published On: 17. September 2024<\/span><span class=\"fusion-meta-tb-sep\"><\/span><\/div><div class=\"fusion-title title fusion-title-102 fusion-sep-none fusion-title-text fusion-title-size-four\" style=\"--awb-margin-top:20px;--awb-margin-right:20px;--awb-margin-bottom:20px;--awb-margin-left:20px;--awb-margin-top-small:10px;--awb-margin-right-small:0px;--awb-margin-bottom-small:10px;--awb-margin-left-small:0px;--awb-font-size:24px;\"><h4 class=\"fusion-title-heading title-heading-left\" style=\"font-family:&quot;IBM Plex Sans Condensed&quot;;font-style:normal;font-weight:500;margin:0;font-size:1em;line-height:1.2;\"><a href=\"https:\/\/www.mundusmaris.org\/de\/weltozeantag\/wod-2022-de\/a-concert-for-peace-and-the-ocean-louvain-belgium\/\" class=\"awb-custom-text-color awb-custom-text-hover-color\" target=\"_self\">A concert for peace and the ocean, Louvain, Belgium<\/a><\/h4><\/div><\/div><\/li>\n<li class=\"fusion-layout-column fusion_builder_column fusion-builder-column-104 fusion-flex-column post-card fusion-grid-column fusion-post-cards-grid-column\" style=\"--awb-bg-color:var(--awb-color1);--awb-bg-color-hover:var(--awb-color1);--awb-bg-blend:overlay;--awb-bg-size:cover;--awb-flex-grow:0;--awb-flex-shrink:0;--awb-flex-grow-medium:;--awb-flex-shrink-medium:;--awb-flex-grow-small:;--awb-flex-shrink-small:;\" data-scroll-devices=\"small-visibility,medium-visibility,large-visibility\"><div class=\"fusion-column-wrapper fusion-column-has-shadow fusion-flex-justify-content-space-around fusion-content-layout-column\"><div class=\"fusion-classic-product-image-wrapper fusion-woo-product-image fusion-post-card-image fusion-post-card-image-1 has-aspect-ratio\" data-layout=\"static\" style=\"--awb-aspect-ratio:3 \/ 2;\"><div  class=\"fusion-image-wrapper\" aria-haspopup=\"true\">\n\t\t\t\t\t\t\t<a href=\"https:\/\/www.mundusmaris.org\/de\/handwerklichen-fischerei-akademie\/beitrag-von-mundusmaris-zur-oeffentlichen-anhoerung-zu-unoc3\/\" aria-label=\"Beitrag von Mundus maris zur \u00f6ffentlichen Anh\u00f6rung zu UNOC3\">\n\t\t\t\t\t\t\t<img decoding=\"async\" width=\"400\" height=\"263\" src=\"https:\/\/www.mundusmaris.org\/wp-content\/uploads\/2024\/09\/JellyFish.jpg\" class=\"attachment-full size-full wp-post-image\" alt=\"\" srcset=\"https:\/\/www.mundusmaris.org\/wp-content\/uploads\/2024\/09\/JellyFish-200x132.jpg 200w, https:\/\/www.mundusmaris.org\/wp-content\/uploads\/2024\/09\/JellyFish.jpg 400w\" sizes=\"(min-width: 2200px) 100vw, (min-width: 784px) 373px, (min-width: 712px) 560px, (min-width: 640px) 712px, \" \/>\t\t\t<\/a>\n\t\t\t\t\t\t\t<\/div>\n<\/div><div class=\"fusion-meta-tb fusion-meta-tb-103 floated\" style=\"--awb-border-top:0px;--awb-height:36px;--awb-alignment-medium:flex-start;--awb-alignment-small:flex-start;\"><span class=\"fusion-tb-published-date\">Published On: 29. August 2024<\/span><span class=\"fusion-meta-tb-sep\"><\/span><\/div><div class=\"fusion-title title fusion-title-103 fusion-sep-none fusion-title-text fusion-title-size-four\" style=\"--awb-margin-top:20px;--awb-margin-right:20px;--awb-margin-bottom:20px;--awb-margin-left:20px;--awb-margin-top-small:10px;--awb-margin-right-small:0px;--awb-margin-bottom-small:10px;--awb-margin-left-small:0px;--awb-font-size:24px;\"><h4 class=\"fusion-title-heading title-heading-left\" style=\"font-family:&quot;IBM Plex Sans Condensed&quot;;font-style:normal;font-weight:500;margin:0;font-size:1em;line-height:1.2;\"><a href=\"https:\/\/www.mundusmaris.org\/de\/handwerklichen-fischerei-akademie\/beitrag-von-mundusmaris-zur-oeffentlichen-anhoerung-zu-unoc3\/\" class=\"awb-custom-text-color awb-custom-text-hover-color\" target=\"_self\">Beitrag von Mundus maris zur \u00f6ffentlichen Anh\u00f6rung zu UNOC3<\/a><\/h4><\/div><\/div><\/li>\n<li class=\"fusion-layout-column fusion_builder_column fusion-builder-column-105 fusion-flex-column post-card fusion-grid-column fusion-post-cards-grid-column\" style=\"--awb-bg-color:var(--awb-color1);--awb-bg-color-hover:var(--awb-color1);--awb-bg-blend:overlay;--awb-bg-size:cover;--awb-flex-grow:0;--awb-flex-shrink:0;--awb-flex-grow-medium:;--awb-flex-shrink-medium:;--awb-flex-grow-small:;--awb-flex-shrink-small:;\" data-scroll-devices=\"small-visibility,medium-visibility,large-visibility\"><div class=\"fusion-column-wrapper fusion-column-has-shadow fusion-flex-justify-content-space-around fusion-content-layout-column\"><div class=\"fusion-classic-product-image-wrapper fusion-woo-product-image fusion-post-card-image fusion-post-card-image-1 has-aspect-ratio\" data-layout=\"static\" style=\"--awb-aspect-ratio:3 \/ 2;\"><div  class=\"fusion-image-wrapper\" aria-haspopup=\"true\">\n\t\t\t\t\t\t\t<a href=\"https:\/\/www.mundusmaris.org\/de\/aktivitaten\/ozean-und-klimaschutz\/sustainable-management-of-marine-resources-challenges-and-possible-solutions\/\" aria-label=\"Sustainable Management of Marine Resources &#8211; Challenges and Possible Solutions\">\n\t\t\t\t\t\t\t<img decoding=\"async\" width=\"500\" height=\"330\" src=\"https:\/\/www.mundusmaris.org\/wp-content\/uploads\/2024\/07\/SupportedBy1.jpg\" class=\"attachment-full size-full wp-post-image\" alt=\"\" srcset=\"https:\/\/www.mundusmaris.org\/wp-content\/uploads\/2024\/07\/SupportedBy1-200x132.jpg 200w, https:\/\/www.mundusmaris.org\/wp-content\/uploads\/2024\/07\/SupportedBy1-400x264.jpg 400w, https:\/\/www.mundusmaris.org\/wp-content\/uploads\/2024\/07\/SupportedBy1.jpg 500w\" sizes=\"(min-width: 2200px) 100vw, (min-width: 784px) 373px, (min-width: 712px) 560px, (min-width: 640px) 712px, \" \/>\t\t\t<\/a>\n\t\t\t\t\t\t\t<\/div>\n<\/div><div class=\"fusion-meta-tb fusion-meta-tb-104 floated\" style=\"--awb-border-top:0px;--awb-height:36px;--awb-alignment-medium:flex-start;--awb-alignment-small:flex-start;\"><span class=\"fusion-tb-published-date\">Published On: 19. Juli 2024<\/span><span class=\"fusion-meta-tb-sep\"><\/span><\/div><div class=\"fusion-title title fusion-title-104 fusion-sep-none fusion-title-text fusion-title-size-four\" style=\"--awb-margin-top:20px;--awb-margin-right:20px;--awb-margin-bottom:20px;--awb-margin-left:20px;--awb-margin-top-small:10px;--awb-margin-right-small:0px;--awb-margin-bottom-small:10px;--awb-margin-left-small:0px;--awb-font-size:24px;\"><h4 class=\"fusion-title-heading title-heading-left\" style=\"font-family:&quot;IBM Plex Sans Condensed&quot;;font-style:normal;font-weight:500;margin:0;font-size:1em;line-height:1.2;\"><a href=\"https:\/\/www.mundusmaris.org\/de\/aktivitaten\/ozean-und-klimaschutz\/sustainable-management-of-marine-resources-challenges-and-possible-solutions\/\" class=\"awb-custom-text-color awb-custom-text-hover-color\" target=\"_self\">Sustainable Management of Marine Resources &#8211; Challenges and Possible Solutions<\/a><\/h4><\/div><\/div><\/li>\n<li class=\"fusion-layout-column fusion_builder_column fusion-builder-column-106 fusion-flex-column post-card fusion-grid-column fusion-post-cards-grid-column\" style=\"--awb-bg-color:var(--awb-color1);--awb-bg-color-hover:var(--awb-color1);--awb-bg-blend:overlay;--awb-bg-size:cover;--awb-flex-grow:0;--awb-flex-shrink:0;--awb-flex-grow-medium:;--awb-flex-shrink-medium:;--awb-flex-grow-small:;--awb-flex-shrink-small:;\" data-scroll-devices=\"small-visibility,medium-visibility,large-visibility\"><div class=\"fusion-column-wrapper fusion-column-has-shadow fusion-flex-justify-content-space-around fusion-content-layout-column\"><div class=\"fusion-classic-product-image-wrapper fusion-woo-product-image fusion-post-card-image fusion-post-card-image-1 has-aspect-ratio\" data-layout=\"static\" style=\"--awb-aspect-ratio:3 \/ 2;\"><div  class=\"fusion-image-wrapper\" aria-haspopup=\"true\">\n\t\t\t\t\t\t\t<a href=\"https:\/\/www.mundusmaris.org\/de\/handwerklichen-fischerei-akademie\/gipfeltreffen-zur-kleinfischerei-rom-juli-2024\/\" aria-label=\"Gipfeltreffen zur Kleinfischerei in Rom, 5.-7. Juli 2024\">\n\t\t\t\t\t\t\t<img decoding=\"async\" width=\"500\" height=\"230\" src=\"https:\/\/www.mundusmaris.org\/wp-content\/uploads\/2024\/10\/FlagsOfCOFImembersAtFAO.jpg\" class=\"attachment-full size-full wp-post-image\" alt=\"\" srcset=\"https:\/\/www.mundusmaris.org\/wp-content\/uploads\/2024\/10\/FlagsOfCOFImembersAtFAO-200x92.jpg 200w, https:\/\/www.mundusmaris.org\/wp-content\/uploads\/2024\/10\/FlagsOfCOFImembersAtFAO-400x184.jpg 400w, https:\/\/www.mundusmaris.org\/wp-content\/uploads\/2024\/10\/FlagsOfCOFImembersAtFAO.jpg 500w\" sizes=\"(min-width: 2200px) 100vw, (min-width: 784px) 373px, (min-width: 712px) 560px, (min-width: 640px) 712px, \" \/>\t\t\t<\/a>\n\t\t\t\t\t\t\t<\/div>\n<\/div><div class=\"fusion-meta-tb fusion-meta-tb-105 floated\" style=\"--awb-border-top:0px;--awb-height:36px;--awb-alignment-medium:flex-start;--awb-alignment-small:flex-start;\"><span class=\"fusion-tb-published-date\">Published On: 11. Juli 2024<\/span><span class=\"fusion-meta-tb-sep\"><\/span><\/div><div class=\"fusion-title title fusion-title-105 fusion-sep-none fusion-title-text fusion-title-size-four\" style=\"--awb-margin-top:20px;--awb-margin-right:20px;--awb-margin-bottom:20px;--awb-margin-left:20px;--awb-margin-top-small:10px;--awb-margin-right-small:0px;--awb-margin-bottom-small:10px;--awb-margin-left-small:0px;--awb-font-size:24px;\"><h4 class=\"fusion-title-heading title-heading-left\" style=\"font-family:&quot;IBM Plex Sans Condensed&quot;;font-style:normal;font-weight:500;margin:0;font-size:1em;line-height:1.2;\"><a href=\"https:\/\/www.mundusmaris.org\/de\/handwerklichen-fischerei-akademie\/gipfeltreffen-zur-kleinfischerei-rom-juli-2024\/\" class=\"awb-custom-text-color awb-custom-text-hover-color\" target=\"_self\">Gipfeltreffen zur Kleinfischerei in Rom, 5.-7. Juli 2024<\/a><\/h4><\/div><\/div><\/li>\n<li class=\"fusion-layout-column fusion_builder_column fusion-builder-column-107 fusion-flex-column post-card fusion-grid-column fusion-post-cards-grid-column\" style=\"--awb-bg-color:var(--awb-color1);--awb-bg-color-hover:var(--awb-color1);--awb-bg-blend:overlay;--awb-bg-size:cover;--awb-flex-grow:0;--awb-flex-shrink:0;--awb-flex-grow-medium:;--awb-flex-shrink-medium:;--awb-flex-grow-small:;--awb-flex-shrink-small:;\" data-scroll-devices=\"small-visibility,medium-visibility,large-visibility\"><div class=\"fusion-column-wrapper fusion-column-has-shadow fusion-flex-justify-content-space-around fusion-content-layout-column\"><div class=\"fusion-classic-product-image-wrapper fusion-woo-product-image fusion-post-card-image fusion-post-card-image-1 has-aspect-ratio\" data-layout=\"static\" style=\"--awb-aspect-ratio:3 \/ 2;\"><div  class=\"fusion-image-wrapper\" aria-haspopup=\"true\">\n\t\t\t\t\t\t\t<a href=\"https:\/\/www.mundusmaris.org\/de\/handwerklichen-fischerei-akademie\/regionales-symposium-zur-europaeischen-kleinfischerei-larnaca-zypern-juli-2024\/\" aria-label=\"Regionales Symposium zur europ\u00e4ischen Kleinfischerei, Larnaca, Zypern, 1.-3. Juli 2024\">\n\t\t\t\t\t\t\t<img decoding=\"async\" width=\"500\" height=\"344\" src=\"https:\/\/www.mundusmaris.org\/wp-content\/uploads\/2024\/07\/KatiaFrangoudesOrganiser.jpg\" class=\"attachment-full size-full wp-post-image\" alt=\"\" srcset=\"https:\/\/www.mundusmaris.org\/wp-content\/uploads\/2024\/07\/KatiaFrangoudesOrganiser-200x138.jpg 200w, https:\/\/www.mundusmaris.org\/wp-content\/uploads\/2024\/07\/KatiaFrangoudesOrganiser-400x275.jpg 400w, https:\/\/www.mundusmaris.org\/wp-content\/uploads\/2024\/07\/KatiaFrangoudesOrganiser.jpg 500w\" sizes=\"(min-width: 2200px) 100vw, (min-width: 784px) 373px, (min-width: 712px) 560px, (min-width: 640px) 712px, \" \/>\t\t\t<\/a>\n\t\t\t\t\t\t\t<\/div>\n<\/div><div class=\"fusion-meta-tb fusion-meta-tb-106 floated\" style=\"--awb-border-top:0px;--awb-height:36px;--awb-alignment-medium:flex-start;--awb-alignment-small:flex-start;\"><span class=\"fusion-tb-published-date\">Published On: 10. Juli 2024<\/span><span class=\"fusion-meta-tb-sep\"><\/span><\/div><div class=\"fusion-title title fusion-title-106 fusion-sep-none fusion-title-text fusion-title-size-four\" style=\"--awb-margin-top:20px;--awb-margin-right:20px;--awb-margin-bottom:20px;--awb-margin-left:20px;--awb-margin-top-small:10px;--awb-margin-right-small:0px;--awb-margin-bottom-small:10px;--awb-margin-left-small:0px;--awb-font-size:24px;\"><h4 class=\"fusion-title-heading title-heading-left\" style=\"font-family:&quot;IBM Plex Sans Condensed&quot;;font-style:normal;font-weight:500;margin:0;font-size:1em;line-height:1.2;\"><a href=\"https:\/\/www.mundusmaris.org\/de\/handwerklichen-fischerei-akademie\/regionales-symposium-zur-europaeischen-kleinfischerei-larnaca-zypern-juli-2024\/\" class=\"awb-custom-text-color awb-custom-text-hover-color\" target=\"_self\">Regionales Symposium zur europ\u00e4ischen Kleinfischerei, Larnaca, Zypern, 1.-3. Juli 2024<\/a><\/h4><\/div><\/div><\/li>\n<li class=\"fusion-layout-column fusion_builder_column fusion-builder-column-108 fusion-flex-column post-card fusion-grid-column fusion-post-cards-grid-column\" style=\"--awb-bg-color:var(--awb-color1);--awb-bg-color-hover:var(--awb-color1);--awb-bg-blend:overlay;--awb-bg-size:cover;--awb-flex-grow:0;--awb-flex-shrink:0;--awb-flex-grow-medium:;--awb-flex-shrink-medium:;--awb-flex-grow-small:;--awb-flex-shrink-small:;\" data-scroll-devices=\"small-visibility,medium-visibility,large-visibility\"><div class=\"fusion-column-wrapper fusion-column-has-shadow fusion-flex-justify-content-space-around fusion-content-layout-column\"><div class=\"fusion-classic-product-image-wrapper fusion-woo-product-image fusion-post-card-image fusion-post-card-image-1 has-aspect-ratio\" data-layout=\"static\" style=\"--awb-aspect-ratio:3 \/ 2;\"><div  class=\"fusion-image-wrapper\" aria-haspopup=\"true\">\n\t\t\t\t\t\t\t<a href=\"https:\/\/www.mundusmaris.org\/de\/weltozeantag\/wod-2023-de\/mundus-maris-feiert-den-weltozeantag-2023-in-3-kontinenten\/\" aria-label=\"Startschuss fuer den Weltozeantag in Hilden, Deutschland, am 3. Juni 2023\">\n\t\t\t\t\t\t\t<img decoding=\"async\" width=\"800\" height=\"500\" src=\"https:\/\/www.mundusmaris.org\/wp-content\/uploads\/2024\/03\/WOD2015_MMAwardLog_800x500.jpg\" class=\"attachment-full size-full wp-post-image\" alt=\"\" srcset=\"https:\/\/www.mundusmaris.org\/wp-content\/uploads\/2024\/03\/WOD2015_MMAwardLog_800x500-200x125.jpg 200w, https:\/\/www.mundusmaris.org\/wp-content\/uploads\/2024\/03\/WOD2015_MMAwardLog_800x500-400x250.jpg 400w, https:\/\/www.mundusmaris.org\/wp-content\/uploads\/2024\/03\/WOD2015_MMAwardLog_800x500-600x375.jpg 600w, https:\/\/www.mundusmaris.org\/wp-content\/uploads\/2024\/03\/WOD2015_MMAwardLog_800x500.jpg 800w\" sizes=\"(min-width: 2200px) 100vw, (min-width: 784px) 373px, (min-width: 712px) 560px, (min-width: 640px) 712px, \" \/>\t\t\t<\/a>\n\t\t\t\t\t\t\t<\/div>\n<\/div><div class=\"fusion-meta-tb fusion-meta-tb-107 floated\" style=\"--awb-border-top:0px;--awb-height:36px;--awb-alignment-medium:flex-start;--awb-alignment-small:flex-start;\"><span class=\"fusion-tb-published-date\">Published On: 5. Juli 2024<\/span><span class=\"fusion-meta-tb-sep\"><\/span><\/div><div class=\"fusion-title title fusion-title-107 fusion-sep-none fusion-title-text fusion-title-size-four\" style=\"--awb-margin-top:20px;--awb-margin-right:20px;--awb-margin-bottom:20px;--awb-margin-left:20px;--awb-margin-top-small:10px;--awb-margin-right-small:0px;--awb-margin-bottom-small:10px;--awb-margin-left-small:0px;--awb-font-size:24px;\"><h4 class=\"fusion-title-heading title-heading-left\" style=\"font-family:&quot;IBM Plex Sans Condensed&quot;;font-style:normal;font-weight:500;margin:0;font-size:1em;line-height:1.2;\"><a href=\"https:\/\/www.mundusmaris.org\/de\/weltozeantag\/wod-2023-de\/mundus-maris-feiert-den-weltozeantag-2023-in-3-kontinenten\/\" class=\"awb-custom-text-color awb-custom-text-hover-color\" target=\"_self\">Startschuss fuer den Weltozeantag in Hilden, Deutschland, am 3. Juni 2023<\/a><\/h4><\/div><\/div><\/li>\n<li class=\"fusion-layout-column fusion_builder_column fusion-builder-column-109 fusion-flex-column post-card fusion-grid-column fusion-post-cards-grid-column\" style=\"--awb-bg-color:var(--awb-color1);--awb-bg-color-hover:var(--awb-color1);--awb-bg-blend:overlay;--awb-bg-size:cover;--awb-flex-grow:0;--awb-flex-shrink:0;--awb-flex-grow-medium:;--awb-flex-shrink-medium:;--awb-flex-grow-small:;--awb-flex-shrink-small:;\" data-scroll-devices=\"small-visibility,medium-visibility,large-visibility\"><div class=\"fusion-column-wrapper fusion-column-has-shadow fusion-flex-justify-content-space-around fusion-content-layout-column\"><div class=\"fusion-classic-product-image-wrapper fusion-woo-product-image fusion-post-card-image fusion-post-card-image-1 has-aspect-ratio\" data-layout=\"static\" style=\"--awb-aspect-ratio:3 \/ 2;\"><div  class=\"fusion-image-wrapper\" aria-haspopup=\"true\">\n\t\t\t\t\t\t\t<a href=\"https:\/\/www.mundusmaris.org\/de\/weltozeantag\/wod-2023-de\/mit-lieben-gruessen-aus-buenos-aires\/\" aria-label=\"Mit lieben Gr\u00fc\u00dfen aus Buenos Aires\">\n\t\t\t\t\t\t\t<img decoding=\"async\" width=\"800\" height=\"500\" src=\"https:\/\/www.mundusmaris.org\/wp-content\/uploads\/2024\/01\/Paisaj_800x500.png\" class=\"attachment-full size-full wp-post-image\" alt=\"\" srcset=\"https:\/\/www.mundusmaris.org\/wp-content\/uploads\/2024\/01\/Paisaj_800x500-200x125.png 200w, https:\/\/www.mundusmaris.org\/wp-content\/uploads\/2024\/01\/Paisaj_800x500-400x250.png 400w, https:\/\/www.mundusmaris.org\/wp-content\/uploads\/2024\/01\/Paisaj_800x500-600x375.png 600w, https:\/\/www.mundusmaris.org\/wp-content\/uploads\/2024\/01\/Paisaj_800x500.png 800w\" sizes=\"(min-width: 2200px) 100vw, (min-width: 784px) 373px, (min-width: 712px) 560px, (min-width: 640px) 712px, \" \/>\t\t\t<\/a>\n\t\t\t\t\t\t\t<\/div>\n<\/div><div class=\"fusion-meta-tb fusion-meta-tb-108 floated\" style=\"--awb-border-top:0px;--awb-height:36px;--awb-alignment-medium:flex-start;--awb-alignment-small:flex-start;\"><span class=\"fusion-tb-published-date\">Published On: 5. Juli 2024<\/span><span class=\"fusion-meta-tb-sep\"><\/span><\/div><div class=\"fusion-title title fusion-title-108 fusion-sep-none fusion-title-text fusion-title-size-four\" style=\"--awb-margin-top:20px;--awb-margin-right:20px;--awb-margin-bottom:20px;--awb-margin-left:20px;--awb-margin-top-small:10px;--awb-margin-right-small:0px;--awb-margin-bottom-small:10px;--awb-margin-left-small:0px;--awb-font-size:24px;\"><h4 class=\"fusion-title-heading title-heading-left\" style=\"font-family:&quot;IBM Plex Sans Condensed&quot;;font-style:normal;font-weight:500;margin:0;font-size:1em;line-height:1.2;\"><a href=\"https:\/\/www.mundusmaris.org\/de\/weltozeantag\/wod-2023-de\/mit-lieben-gruessen-aus-buenos-aires\/\" class=\"awb-custom-text-color awb-custom-text-hover-color\" target=\"_self\">Mit lieben Gr\u00fc\u00dfen aus Buenos Aires<\/a><\/h4><\/div><\/div><\/li>\n<li class=\"fusion-layout-column fusion_builder_column fusion-builder-column-110 fusion-flex-column post-card fusion-grid-column fusion-post-cards-grid-column\" style=\"--awb-bg-color:var(--awb-color1);--awb-bg-color-hover:var(--awb-color1);--awb-bg-blend:overlay;--awb-bg-size:cover;--awb-flex-grow:0;--awb-flex-shrink:0;--awb-flex-grow-medium:;--awb-flex-shrink-medium:;--awb-flex-grow-small:;--awb-flex-shrink-small:;\" data-scroll-devices=\"small-visibility,medium-visibility,large-visibility\"><div class=\"fusion-column-wrapper fusion-column-has-shadow fusion-flex-justify-content-space-around fusion-content-layout-column\"><div class=\"fusion-classic-product-image-wrapper fusion-woo-product-image fusion-post-card-image fusion-post-card-image-1 has-aspect-ratio\" data-layout=\"static\" style=\"--awb-aspect-ratio:3 \/ 2;\"><div  class=\"fusion-image-wrapper\" aria-haspopup=\"true\">\n\t\t\t\t\t\t\t<a href=\"https:\/\/www.mundusmaris.org\/de\/weltozeantag\/wod-2023-de\/so-haben-wir-den-welttag-des-ozeans-2023-in-lagos-nigeria-gefeiert\/\" aria-label=\"So haben wir den Welttag des Ozeans 2023 in Lagos, Nigeria, gefeiert\">\n\t\t\t\t\t\t\t<img decoding=\"async\" width=\"800\" height=\"500\" src=\"https:\/\/www.mundusmaris.org\/wp-content\/uploads\/2024\/01\/copertina_2_800x500.png\" class=\"attachment-full size-full wp-post-image\" alt=\"\" srcset=\"https:\/\/www.mundusmaris.org\/wp-content\/uploads\/2024\/01\/copertina_2_800x500-200x125.png 200w, https:\/\/www.mundusmaris.org\/wp-content\/uploads\/2024\/01\/copertina_2_800x500-400x250.png 400w, https:\/\/www.mundusmaris.org\/wp-content\/uploads\/2024\/01\/copertina_2_800x500-600x375.png 600w, https:\/\/www.mundusmaris.org\/wp-content\/uploads\/2024\/01\/copertina_2_800x500.png 800w\" sizes=\"(min-width: 2200px) 100vw, (min-width: 784px) 373px, (min-width: 712px) 560px, (min-width: 640px) 712px, \" \/>\t\t\t<\/a>\n\t\t\t\t\t\t\t<\/div>\n<\/div><div class=\"fusion-meta-tb fusion-meta-tb-109 floated\" style=\"--awb-border-top:0px;--awb-height:36px;--awb-alignment-medium:flex-start;--awb-alignment-small:flex-start;\"><span class=\"fusion-tb-published-date\">Published On: 5. Juli 2024<\/span><span class=\"fusion-meta-tb-sep\"><\/span><\/div><div class=\"fusion-title title fusion-title-109 fusion-sep-none fusion-title-text fusion-title-size-four\" style=\"--awb-margin-top:20px;--awb-margin-right:20px;--awb-margin-bottom:20px;--awb-margin-left:20px;--awb-margin-top-small:10px;--awb-margin-right-small:0px;--awb-margin-bottom-small:10px;--awb-margin-left-small:0px;--awb-font-size:24px;\"><h4 class=\"fusion-title-heading title-heading-left\" style=\"font-family:&quot;IBM Plex Sans Condensed&quot;;font-style:normal;font-weight:500;margin:0;font-size:1em;line-height:1.2;\"><a href=\"https:\/\/www.mundusmaris.org\/de\/weltozeantag\/wod-2023-de\/so-haben-wir-den-welttag-des-ozeans-2023-in-lagos-nigeria-gefeiert\/\" class=\"awb-custom-text-color awb-custom-text-hover-color\" target=\"_self\">So haben wir den Welttag des Ozeans 2023 in Lagos, Nigeria, gefeiert<\/a><\/h4><\/div><\/div><\/li>\n<li class=\"fusion-layout-column fusion_builder_column fusion-builder-column-111 fusion-flex-column post-card fusion-grid-column fusion-post-cards-grid-column\" style=\"--awb-bg-color:var(--awb-color1);--awb-bg-color-hover:var(--awb-color1);--awb-bg-blend:overlay;--awb-bg-size:cover;--awb-flex-grow:0;--awb-flex-shrink:0;--awb-flex-grow-medium:;--awb-flex-shrink-medium:;--awb-flex-grow-small:;--awb-flex-shrink-small:;\" data-scroll-devices=\"small-visibility,medium-visibility,large-visibility\"><div class=\"fusion-column-wrapper fusion-column-has-shadow fusion-flex-justify-content-space-around fusion-content-layout-column\"><div class=\"fusion-classic-product-image-wrapper fusion-woo-product-image fusion-post-card-image fusion-post-card-image-1 has-aspect-ratio\" data-layout=\"static\" style=\"--awb-aspect-ratio:3 \/ 2;\"><div  class=\"fusion-image-wrapper\" aria-haspopup=\"true\">\n\t\t\t\t\t\t\t<a href=\"https:\/\/www.mundusmaris.org\/de\/weltozeantag\/wod-2023-de\/weltozeantag-in-kiel-deutschland-mit-fokus-auf-dem-meeresschutz\/\" aria-label=\"Weltozeantag in Kiel, Deutschland, mit Fokus auf dem Meeresschutz\">\n\t\t\t\t\t\t\t<img decoding=\"async\" width=\"800\" height=\"500\" src=\"https:\/\/www.mundusmaris.org\/wp-content\/uploads\/2024\/01\/kidsocean_800x500.png\" class=\"attachment-full size-full wp-post-image\" alt=\"\" srcset=\"https:\/\/www.mundusmaris.org\/wp-content\/uploads\/2024\/01\/kidsocean_800x500-200x125.png 200w, https:\/\/www.mundusmaris.org\/wp-content\/uploads\/2024\/01\/kidsocean_800x500-400x250.png 400w, https:\/\/www.mundusmaris.org\/wp-content\/uploads\/2024\/01\/kidsocean_800x500-600x375.png 600w, https:\/\/www.mundusmaris.org\/wp-content\/uploads\/2024\/01\/kidsocean_800x500.png 800w\" sizes=\"(min-width: 2200px) 100vw, (min-width: 784px) 373px, (min-width: 712px) 560px, (min-width: 640px) 712px, \" \/>\t\t\t<\/a>\n\t\t\t\t\t\t\t<\/div>\n<\/div><div class=\"fusion-meta-tb fusion-meta-tb-110 floated\" style=\"--awb-border-top:0px;--awb-height:36px;--awb-alignment-medium:flex-start;--awb-alignment-small:flex-start;\"><span class=\"fusion-tb-published-date\">Published On: 5. Juli 2024<\/span><span class=\"fusion-meta-tb-sep\"><\/span><\/div><div class=\"fusion-title title fusion-title-110 fusion-sep-none fusion-title-text fusion-title-size-four\" style=\"--awb-margin-top:20px;--awb-margin-right:20px;--awb-margin-bottom:20px;--awb-margin-left:20px;--awb-margin-top-small:10px;--awb-margin-right-small:0px;--awb-margin-bottom-small:10px;--awb-margin-left-small:0px;--awb-font-size:24px;\"><h4 class=\"fusion-title-heading title-heading-left\" style=\"font-family:&quot;IBM Plex Sans Condensed&quot;;font-style:normal;font-weight:500;margin:0;font-size:1em;line-height:1.2;\"><a href=\"https:\/\/www.mundusmaris.org\/de\/weltozeantag\/wod-2023-de\/weltozeantag-in-kiel-deutschland-mit-fokus-auf-dem-meeresschutz\/\" class=\"awb-custom-text-color awb-custom-text-hover-color\" target=\"_self\">Weltozeantag in Kiel, Deutschland, mit Fokus auf dem Meeresschutz<\/a><\/h4><\/div><\/div><\/li>\n<li class=\"fusion-layout-column fusion_builder_column fusion-builder-column-112 fusion-flex-column post-card fusion-grid-column fusion-post-cards-grid-column\" style=\"--awb-bg-color:var(--awb-color1);--awb-bg-color-hover:var(--awb-color1);--awb-bg-blend:overlay;--awb-bg-size:cover;--awb-flex-grow:0;--awb-flex-shrink:0;--awb-flex-grow-medium:;--awb-flex-shrink-medium:;--awb-flex-grow-small:;--awb-flex-shrink-small:;\" data-scroll-devices=\"small-visibility,medium-visibility,large-visibility\"><div class=\"fusion-column-wrapper fusion-column-has-shadow fusion-flex-justify-content-space-around fusion-content-layout-column\"><div class=\"fusion-classic-product-image-wrapper fusion-woo-product-image fusion-post-card-image fusion-post-card-image-1 has-aspect-ratio\" data-layout=\"static\" style=\"--awb-aspect-ratio:3 \/ 2;\"><div  class=\"fusion-image-wrapper\" aria-haspopup=\"true\">\n\t\t\t\t\t\t\t<a href=\"https:\/\/www.mundusmaris.org\/de\/weltozeantag\/wod-2023-de\/handwerklich-arbeitende-fischer-in-hann-senegal-bei-den-gemeinsamen-feierlichkeiten-zum-welttag-des-ozeans\/\" aria-label=\"Handwerklich arbeitende Fischer in Hann, Senegal, bei den gemeinsamen Feierlichkeiten zum Welttag des Ozeans\">\n\t\t\t\t\t\t\t<img decoding=\"async\" width=\"800\" height=\"500\" src=\"https:\/\/www.mundusmaris.org\/wp-content\/uploads\/2024\/07\/copertina_posts-15.jpg\" class=\"attachment-full size-full wp-post-image\" alt=\"\" srcset=\"https:\/\/www.mundusmaris.org\/wp-content\/uploads\/2024\/07\/copertina_posts-15-200x125.jpg 200w, https:\/\/www.mundusmaris.org\/wp-content\/uploads\/2024\/07\/copertina_posts-15-400x250.jpg 400w, https:\/\/www.mundusmaris.org\/wp-content\/uploads\/2024\/07\/copertina_posts-15-600x375.jpg 600w, https:\/\/www.mundusmaris.org\/wp-content\/uploads\/2024\/07\/copertina_posts-15.jpg 800w\" sizes=\"(min-width: 2200px) 100vw, (min-width: 784px) 373px, (min-width: 712px) 560px, (min-width: 640px) 712px, \" \/>\t\t\t<\/a>\n\t\t\t\t\t\t\t<\/div>\n<\/div><div class=\"fusion-meta-tb fusion-meta-tb-111 floated\" style=\"--awb-border-top:0px;--awb-height:36px;--awb-alignment-medium:flex-start;--awb-alignment-small:flex-start;\"><span class=\"fusion-tb-published-date\">Published On: 5. Juli 2024<\/span><span class=\"fusion-meta-tb-sep\"><\/span><\/div><div class=\"fusion-title title fusion-title-111 fusion-sep-none fusion-title-text fusion-title-size-four\" style=\"--awb-margin-top:20px;--awb-margin-right:20px;--awb-margin-bottom:20px;--awb-margin-left:20px;--awb-margin-top-small:10px;--awb-margin-right-small:0px;--awb-margin-bottom-small:10px;--awb-margin-left-small:0px;--awb-font-size:24px;\"><h4 class=\"fusion-title-heading title-heading-left\" style=\"font-family:&quot;IBM Plex Sans Condensed&quot;;font-style:normal;font-weight:500;margin:0;font-size:1em;line-height:1.2;\"><a href=\"https:\/\/www.mundusmaris.org\/de\/weltozeantag\/wod-2023-de\/handwerklich-arbeitende-fischer-in-hann-senegal-bei-den-gemeinsamen-feierlichkeiten-zum-welttag-des-ozeans\/\" class=\"awb-custom-text-color awb-custom-text-hover-color\" target=\"_self\">Handwerklich arbeitende Fischer in Hann, Senegal, bei den gemeinsamen Feierlichkeiten zum Welttag des Ozeans<\/a><\/h4><\/div><\/div><\/li>\n<li class=\"fusion-layout-column fusion_builder_column fusion-builder-column-113 fusion-flex-column post-card fusion-grid-column fusion-post-cards-grid-column\" style=\"--awb-bg-color:var(--awb-color1);--awb-bg-color-hover:var(--awb-color1);--awb-bg-blend:overlay;--awb-bg-size:cover;--awb-flex-grow:0;--awb-flex-shrink:0;--awb-flex-grow-medium:;--awb-flex-shrink-medium:;--awb-flex-grow-small:;--awb-flex-shrink-small:;\" data-scroll-devices=\"small-visibility,medium-visibility,large-visibility\"><div class=\"fusion-column-wrapper fusion-column-has-shadow fusion-flex-justify-content-space-around fusion-content-layout-column\"><div class=\"fusion-classic-product-image-wrapper fusion-woo-product-image fusion-post-card-image fusion-post-card-image-1 has-aspect-ratio\" data-layout=\"static\" style=\"--awb-aspect-ratio:3 \/ 2;\"><div  class=\"fusion-image-wrapper\" aria-haspopup=\"true\">\n\t\t\t\t\t\t\t<a href=\"https:\/\/www.mundusmaris.org\/de\/weltozeantag\/wod-2023-de\/auch-accra-ghana-feiert-mit\/\" aria-label=\"Auch Accra, Ghana, feiert mit\">\n\t\t\t\t\t\t\t<img decoding=\"async\" width=\"800\" height=\"500\" src=\"https:\/\/www.mundusmaris.org\/wp-content\/uploads\/2024\/07\/copertina_posts-14.jpg\" class=\"attachment-full size-full wp-post-image\" alt=\"\" srcset=\"https:\/\/www.mundusmaris.org\/wp-content\/uploads\/2024\/07\/copertina_posts-14-200x125.jpg 200w, https:\/\/www.mundusmaris.org\/wp-content\/uploads\/2024\/07\/copertina_posts-14-400x250.jpg 400w, https:\/\/www.mundusmaris.org\/wp-content\/uploads\/2024\/07\/copertina_posts-14-600x375.jpg 600w, https:\/\/www.mundusmaris.org\/wp-content\/uploads\/2024\/07\/copertina_posts-14.jpg 800w\" sizes=\"(min-width: 2200px) 100vw, (min-width: 784px) 373px, (min-width: 712px) 560px, (min-width: 640px) 712px, \" \/>\t\t\t<\/a>\n\t\t\t\t\t\t\t<\/div>\n<\/div><div class=\"fusion-meta-tb fusion-meta-tb-112 floated\" style=\"--awb-border-top:0px;--awb-height:36px;--awb-alignment-medium:flex-start;--awb-alignment-small:flex-start;\"><span class=\"fusion-tb-published-date\">Published On: 5. Juli 2024<\/span><span class=\"fusion-meta-tb-sep\"><\/span><\/div><div class=\"fusion-title title fusion-title-112 fusion-sep-none fusion-title-text fusion-title-size-four\" style=\"--awb-margin-top:20px;--awb-margin-right:20px;--awb-margin-bottom:20px;--awb-margin-left:20px;--awb-margin-top-small:10px;--awb-margin-right-small:0px;--awb-margin-bottom-small:10px;--awb-margin-left-small:0px;--awb-font-size:24px;\"><h4 class=\"fusion-title-heading title-heading-left\" style=\"font-family:&quot;IBM Plex Sans Condensed&quot;;font-style:normal;font-weight:500;margin:0;font-size:1em;line-height:1.2;\"><a href=\"https:\/\/www.mundusmaris.org\/de\/weltozeantag\/wod-2023-de\/auch-accra-ghana-feiert-mit\/\" class=\"awb-custom-text-color awb-custom-text-hover-color\" target=\"_self\">Auch Accra, Ghana, feiert mit<\/a><\/h4><\/div><\/div><\/li>\n<li class=\"fusion-layout-column fusion_builder_column fusion-builder-column-114 fusion-flex-column post-card fusion-grid-column fusion-post-cards-grid-column\" style=\"--awb-bg-color:var(--awb-color1);--awb-bg-color-hover:var(--awb-color1);--awb-bg-blend:overlay;--awb-bg-size:cover;--awb-flex-grow:0;--awb-flex-shrink:0;--awb-flex-grow-medium:;--awb-flex-shrink-medium:;--awb-flex-grow-small:;--awb-flex-shrink-small:;\" data-scroll-devices=\"small-visibility,medium-visibility,large-visibility\"><div class=\"fusion-column-wrapper fusion-column-has-shadow fusion-flex-justify-content-space-around fusion-content-layout-column\"><div class=\"fusion-classic-product-image-wrapper fusion-woo-product-image fusion-post-card-image fusion-post-card-image-1 has-aspect-ratio\" data-layout=\"static\" style=\"--awb-aspect-ratio:3 \/ 2;\"><div  class=\"fusion-image-wrapper\" aria-haspopup=\"true\">\n\t\t\t\t\t\t\t<a href=\"https:\/\/www.mundusmaris.org\/de\/weltozeantag\/wod-2023-de\/ozean-aktivitaeten-in-braga-portugal-erreichen-am-welttag-des-ozeans-ihren-hoehepunkt\/\" aria-label=\"Ozean-Aktivit\u00e4ten in Braga, Portugal, erreichen am Welttag des Ozeans ihren H\u00f6hepunkt\">\n\t\t\t\t\t\t\t<img decoding=\"async\" width=\"800\" height=\"500\" src=\"https:\/\/www.mundusmaris.org\/wp-content\/uploads\/2024\/07\/copertina_posts-13.jpg\" class=\"attachment-full size-full wp-post-image\" alt=\"\" srcset=\"https:\/\/www.mundusmaris.org\/wp-content\/uploads\/2024\/07\/copertina_posts-13-200x125.jpg 200w, https:\/\/www.mundusmaris.org\/wp-content\/uploads\/2024\/07\/copertina_posts-13-400x250.jpg 400w, https:\/\/www.mundusmaris.org\/wp-content\/uploads\/2024\/07\/copertina_posts-13-600x375.jpg 600w, https:\/\/www.mundusmaris.org\/wp-content\/uploads\/2024\/07\/copertina_posts-13.jpg 800w\" sizes=\"(min-width: 2200px) 100vw, (min-width: 784px) 373px, (min-width: 712px) 560px, (min-width: 640px) 712px, \" \/>\t\t\t<\/a>\n\t\t\t\t\t\t\t<\/div>\n<\/div><div class=\"fusion-meta-tb fusion-meta-tb-113 floated\" style=\"--awb-border-top:0px;--awb-height:36px;--awb-alignment-medium:flex-start;--awb-alignment-small:flex-start;\"><span class=\"fusion-tb-published-date\">Published On: 5. Juli 2024<\/span><span class=\"fusion-meta-tb-sep\"><\/span><\/div><div class=\"fusion-title title fusion-title-113 fusion-sep-none fusion-title-text fusion-title-size-four\" style=\"--awb-margin-top:20px;--awb-margin-right:20px;--awb-margin-bottom:20px;--awb-margin-left:20px;--awb-margin-top-small:10px;--awb-margin-right-small:0px;--awb-margin-bottom-small:10px;--awb-margin-left-small:0px;--awb-font-size:24px;\"><h4 class=\"fusion-title-heading title-heading-left\" style=\"font-family:&quot;IBM Plex Sans Condensed&quot;;font-style:normal;font-weight:500;margin:0;font-size:1em;line-height:1.2;\"><a href=\"https:\/\/www.mundusmaris.org\/de\/weltozeantag\/wod-2023-de\/ozean-aktivitaeten-in-braga-portugal-erreichen-am-welttag-des-ozeans-ihren-hoehepunkt\/\" class=\"awb-custom-text-color awb-custom-text-hover-color\" target=\"_self\">Ozean-Aktivit\u00e4ten in Braga, Portugal, erreichen am Welttag des Ozeans ihren H\u00f6hepunkt<\/a><\/h4><\/div><\/div><\/li>\n<li class=\"fusion-layout-column fusion_builder_column fusion-builder-column-115 fusion-flex-column post-card fusion-grid-column fusion-post-cards-grid-column\" style=\"--awb-bg-color:var(--awb-color1);--awb-bg-color-hover:var(--awb-color1);--awb-bg-blend:overlay;--awb-bg-size:cover;--awb-flex-grow:0;--awb-flex-shrink:0;--awb-flex-grow-medium:;--awb-flex-shrink-medium:;--awb-flex-grow-small:;--awb-flex-shrink-small:;\" data-scroll-devices=\"small-visibility,medium-visibility,large-visibility\"><div class=\"fusion-column-wrapper fusion-column-has-shadow fusion-flex-justify-content-space-around fusion-content-layout-column\"><div class=\"fusion-classic-product-image-wrapper fusion-woo-product-image fusion-post-card-image fusion-post-card-image-1 has-aspect-ratio\" data-layout=\"static\" style=\"--awb-aspect-ratio:3 \/ 2;\"><div  class=\"fusion-image-wrapper\" aria-haspopup=\"true\">\n\t\t\t\t\t\t\t<a href=\"https:\/\/www.mundusmaris.org\/de\/weltozeantag\/wod-2023-de\/grand-batanga-schule-kamerun-feiert-in-kribi\/\" aria-label=\"Grand Batanga Schule, Kamerun, feiert in Kribi\">\n\t\t\t\t\t\t\t<img decoding=\"async\" width=\"800\" height=\"500\" src=\"https:\/\/www.mundusmaris.org\/wp-content\/uploads\/2024\/07\/copertina_posts-12.jpg\" class=\"attachment-full size-full wp-post-image\" alt=\"\" srcset=\"https:\/\/www.mundusmaris.org\/wp-content\/uploads\/2024\/07\/copertina_posts-12-200x125.jpg 200w, https:\/\/www.mundusmaris.org\/wp-content\/uploads\/2024\/07\/copertina_posts-12-400x250.jpg 400w, https:\/\/www.mundusmaris.org\/wp-content\/uploads\/2024\/07\/copertina_posts-12-600x375.jpg 600w, https:\/\/www.mundusmaris.org\/wp-content\/uploads\/2024\/07\/copertina_posts-12.jpg 800w\" sizes=\"(min-width: 2200px) 100vw, (min-width: 784px) 373px, (min-width: 712px) 560px, (min-width: 640px) 712px, \" \/>\t\t\t<\/a>\n\t\t\t\t\t\t\t<\/div>\n<\/div><div class=\"fusion-meta-tb fusion-meta-tb-114 floated\" style=\"--awb-border-top:0px;--awb-height:36px;--awb-alignment-medium:flex-start;--awb-alignment-small:flex-start;\"><span class=\"fusion-tb-published-date\">Published On: 5. Juli 2024<\/span><span class=\"fusion-meta-tb-sep\"><\/span><\/div><div class=\"fusion-title title fusion-title-114 fusion-sep-none fusion-title-text fusion-title-size-four\" style=\"--awb-margin-top:20px;--awb-margin-right:20px;--awb-margin-bottom:20px;--awb-margin-left:20px;--awb-margin-top-small:10px;--awb-margin-right-small:0px;--awb-margin-bottom-small:10px;--awb-margin-left-small:0px;--awb-font-size:24px;\"><h4 class=\"fusion-title-heading title-heading-left\" style=\"font-family:&quot;IBM Plex Sans Condensed&quot;;font-style:normal;font-weight:500;margin:0;font-size:1em;line-height:1.2;\"><a href=\"https:\/\/www.mundusmaris.org\/de\/weltozeantag\/wod-2023-de\/grand-batanga-schule-kamerun-feiert-in-kribi\/\" class=\"awb-custom-text-color awb-custom-text-hover-color\" target=\"_self\">Grand Batanga Schule, Kamerun, feiert in Kribi<\/a><\/h4><\/div><\/div><\/li>\n<li class=\"fusion-layout-column fusion_builder_column fusion-builder-column-116 fusion-flex-column post-card fusion-grid-column fusion-post-cards-grid-column\" style=\"--awb-bg-color:var(--awb-color1);--awb-bg-color-hover:var(--awb-color1);--awb-bg-blend:overlay;--awb-bg-size:cover;--awb-flex-grow:0;--awb-flex-shrink:0;--awb-flex-grow-medium:;--awb-flex-shrink-medium:;--awb-flex-grow-small:;--awb-flex-shrink-small:;\" data-scroll-devices=\"small-visibility,medium-visibility,large-visibility\"><div class=\"fusion-column-wrapper fusion-column-has-shadow fusion-flex-justify-content-space-around fusion-content-layout-column\"><div class=\"fusion-classic-product-image-wrapper fusion-woo-product-image fusion-post-card-image fusion-post-card-image-1 has-aspect-ratio\" data-layout=\"static\" style=\"--awb-aspect-ratio:3 \/ 2;\"><div  class=\"fusion-image-wrapper\" aria-haspopup=\"true\">\n\t\t\t\t\t\t\t<a href=\"https:\/\/www.mundusmaris.org\/de\/weltozeantag\/wod-2023-de\/junge-leute-in-akure-feiern-wieder-mit-mundus-maris-nigeria\/\" aria-label=\"Junge Leute in Akure feiern wieder mit Mundus maris, Nigeria\">\n\t\t\t\t\t\t\t<img decoding=\"async\" width=\"800\" height=\"500\" src=\"https:\/\/www.mundusmaris.org\/wp-content\/uploads\/2024\/07\/copertina_posts-11.jpg\" class=\"attachment-full size-full wp-post-image\" alt=\"\" srcset=\"https:\/\/www.mundusmaris.org\/wp-content\/uploads\/2024\/07\/copertina_posts-11-200x125.jpg 200w, https:\/\/www.mundusmaris.org\/wp-content\/uploads\/2024\/07\/copertina_posts-11-400x250.jpg 400w, https:\/\/www.mundusmaris.org\/wp-content\/uploads\/2024\/07\/copertina_posts-11-600x375.jpg 600w, https:\/\/www.mundusmaris.org\/wp-content\/uploads\/2024\/07\/copertina_posts-11.jpg 800w\" sizes=\"(min-width: 2200px) 100vw, (min-width: 784px) 373px, (min-width: 712px) 560px, (min-width: 640px) 712px, \" \/>\t\t\t<\/a>\n\t\t\t\t\t\t\t<\/div>\n<\/div><div class=\"fusion-meta-tb fusion-meta-tb-115 floated\" style=\"--awb-border-top:0px;--awb-height:36px;--awb-alignment-medium:flex-start;--awb-alignment-small:flex-start;\"><span class=\"fusion-tb-published-date\">Published On: 5. Juli 2024<\/span><span class=\"fusion-meta-tb-sep\"><\/span><\/div><div class=\"fusion-title title fusion-title-115 fusion-sep-none fusion-title-text fusion-title-size-four\" style=\"--awb-margin-top:20px;--awb-margin-right:20px;--awb-margin-bottom:20px;--awb-margin-left:20px;--awb-margin-top-small:10px;--awb-margin-right-small:0px;--awb-margin-bottom-small:10px;--awb-margin-left-small:0px;--awb-font-size:24px;\"><h4 class=\"fusion-title-heading title-heading-left\" style=\"font-family:&quot;IBM Plex Sans Condensed&quot;;font-style:normal;font-weight:500;margin:0;font-size:1em;line-height:1.2;\"><a href=\"https:\/\/www.mundusmaris.org\/de\/weltozeantag\/wod-2023-de\/junge-leute-in-akure-feiern-wieder-mit-mundus-maris-nigeria\/\" class=\"awb-custom-text-color awb-custom-text-hover-color\" target=\"_self\">Junge Leute in Akure feiern wieder mit Mundus maris, Nigeria<\/a><\/h4><\/div><\/div><\/li>\n<li class=\"fusion-layout-column fusion_builder_column fusion-builder-column-117 fusion-flex-column post-card fusion-grid-column fusion-post-cards-grid-column\" style=\"--awb-bg-color:var(--awb-color1);--awb-bg-color-hover:var(--awb-color1);--awb-bg-blend:overlay;--awb-bg-size:cover;--awb-flex-grow:0;--awb-flex-shrink:0;--awb-flex-grow-medium:;--awb-flex-shrink-medium:;--awb-flex-grow-small:;--awb-flex-shrink-small:;\" data-scroll-devices=\"small-visibility,medium-visibility,large-visibility\"><div class=\"fusion-column-wrapper fusion-column-has-shadow fusion-flex-justify-content-space-around fusion-content-layout-column\"><div class=\"fusion-classic-product-image-wrapper fusion-woo-product-image fusion-post-card-image fusion-post-card-image-1 has-aspect-ratio\" data-layout=\"static\" style=\"--awb-aspect-ratio:3 \/ 2;\"><div  class=\"fusion-image-wrapper\" aria-haspopup=\"true\">\n\t\t\t\t\t\t\t<a href=\"https:\/\/www.mundusmaris.org\/de\/weltozeantag\/wod-2023-de\/fussball-zum-welttag-des-ozeans-im-senegal\/\" aria-label=\"Fu\u00dfball zum Welttag des Ozeans im Senegal\">\n\t\t\t\t\t\t\t<img decoding=\"async\" width=\"800\" height=\"500\" src=\"https:\/\/www.mundusmaris.org\/wp-content\/uploads\/2024\/07\/copertina_posts-10.jpg\" class=\"attachment-full size-full wp-post-image\" alt=\"\" srcset=\"https:\/\/www.mundusmaris.org\/wp-content\/uploads\/2024\/07\/copertina_posts-10-200x125.jpg 200w, https:\/\/www.mundusmaris.org\/wp-content\/uploads\/2024\/07\/copertina_posts-10-400x250.jpg 400w, https:\/\/www.mundusmaris.org\/wp-content\/uploads\/2024\/07\/copertina_posts-10-600x375.jpg 600w, https:\/\/www.mundusmaris.org\/wp-content\/uploads\/2024\/07\/copertina_posts-10.jpg 800w\" sizes=\"(min-width: 2200px) 100vw, (min-width: 784px) 373px, (min-width: 712px) 560px, (min-width: 640px) 712px, \" \/>\t\t\t<\/a>\n\t\t\t\t\t\t\t<\/div>\n<\/div><div class=\"fusion-meta-tb fusion-meta-tb-116 floated\" style=\"--awb-border-top:0px;--awb-height:36px;--awb-alignment-medium:flex-start;--awb-alignment-small:flex-start;\"><span class=\"fusion-tb-published-date\">Published On: 5. Juli 2024<\/span><span class=\"fusion-meta-tb-sep\"><\/span><\/div><div class=\"fusion-title title fusion-title-116 fusion-sep-none fusion-title-text fusion-title-size-four\" style=\"--awb-margin-top:20px;--awb-margin-right:20px;--awb-margin-bottom:20px;--awb-margin-left:20px;--awb-margin-top-small:10px;--awb-margin-right-small:0px;--awb-margin-bottom-small:10px;--awb-margin-left-small:0px;--awb-font-size:24px;\"><h4 class=\"fusion-title-heading title-heading-left\" style=\"font-family:&quot;IBM Plex Sans Condensed&quot;;font-style:normal;font-weight:500;margin:0;font-size:1em;line-height:1.2;\"><a href=\"https:\/\/www.mundusmaris.org\/de\/weltozeantag\/wod-2023-de\/fussball-zum-welttag-des-ozeans-im-senegal\/\" class=\"awb-custom-text-color awb-custom-text-hover-color\" target=\"_self\">Fu\u00dfball zum Welttag des Ozeans im Senegal<\/a><\/h4><\/div><\/div><\/li>\n<li class=\"fusion-layout-column fusion_builder_column fusion-builder-column-118 fusion-flex-column post-card fusion-grid-column fusion-post-cards-grid-column\" style=\"--awb-bg-color:var(--awb-color1);--awb-bg-color-hover:var(--awb-color1);--awb-bg-blend:overlay;--awb-bg-size:cover;--awb-flex-grow:0;--awb-flex-shrink:0;--awb-flex-grow-medium:;--awb-flex-shrink-medium:;--awb-flex-grow-small:;--awb-flex-shrink-small:;\" data-scroll-devices=\"small-visibility,medium-visibility,large-visibility\"><div class=\"fusion-column-wrapper fusion-column-has-shadow fusion-flex-justify-content-space-around fusion-content-layout-column\"><div class=\"fusion-classic-product-image-wrapper fusion-woo-product-image fusion-post-card-image fusion-post-card-image-1 has-aspect-ratio\" data-layout=\"static\" style=\"--awb-aspect-ratio:3 \/ 2;\"><div  class=\"fusion-image-wrapper\" aria-haspopup=\"true\">\n\t\t\t\t\t\t\t<a href=\"https:\/\/www.mundusmaris.org\/de\/weltozeantag\/wod-2023-de\/konzert-fuer-den-ozean-in-oostende-belgien-11-juni\/\" aria-label=\"Konzert f\u00fcr den Ozean in Oostende, Belgien, 11. Juni\">\n\t\t\t\t\t\t\t<img decoding=\"async\" width=\"800\" height=\"500\" src=\"https:\/\/www.mundusmaris.org\/wp-content\/uploads\/2024\/07\/copertina_posts-9.jpg\" class=\"attachment-full size-full wp-post-image\" alt=\"\" srcset=\"https:\/\/www.mundusmaris.org\/wp-content\/uploads\/2024\/07\/copertina_posts-9-200x125.jpg 200w, https:\/\/www.mundusmaris.org\/wp-content\/uploads\/2024\/07\/copertina_posts-9-400x250.jpg 400w, https:\/\/www.mundusmaris.org\/wp-content\/uploads\/2024\/07\/copertina_posts-9-600x375.jpg 600w, https:\/\/www.mundusmaris.org\/wp-content\/uploads\/2024\/07\/copertina_posts-9.jpg 800w\" sizes=\"(min-width: 2200px) 100vw, (min-width: 784px) 373px, (min-width: 712px) 560px, (min-width: 640px) 712px, \" \/>\t\t\t<\/a>\n\t\t\t\t\t\t\t<\/div>\n<\/div><div class=\"fusion-meta-tb fusion-meta-tb-117 floated\" style=\"--awb-border-top:0px;--awb-height:36px;--awb-alignment-medium:flex-start;--awb-alignment-small:flex-start;\"><span class=\"fusion-tb-published-date\">Published On: 4. Juli 2024<\/span><span class=\"fusion-meta-tb-sep\"><\/span><\/div><div class=\"fusion-title title fusion-title-117 fusion-sep-none fusion-title-text fusion-title-size-four\" style=\"--awb-margin-top:20px;--awb-margin-right:20px;--awb-margin-bottom:20px;--awb-margin-left:20px;--awb-margin-top-small:10px;--awb-margin-right-small:0px;--awb-margin-bottom-small:10px;--awb-margin-left-small:0px;--awb-font-size:24px;\"><h4 class=\"fusion-title-heading title-heading-left\" style=\"font-family:&quot;IBM Plex Sans Condensed&quot;;font-style:normal;font-weight:500;margin:0;font-size:1em;line-height:1.2;\"><a href=\"https:\/\/www.mundusmaris.org\/de\/weltozeantag\/wod-2023-de\/konzert-fuer-den-ozean-in-oostende-belgien-11-juni\/\" class=\"awb-custom-text-color awb-custom-text-hover-color\" target=\"_self\">Konzert f\u00fcr den Ozean in Oostende, Belgien, 11. Juni<\/a><\/h4><\/div><\/div><\/li>\n<li class=\"fusion-layout-column fusion_builder_column fusion-builder-column-119 fusion-flex-column post-card fusion-grid-column fusion-post-cards-grid-column\" style=\"--awb-bg-color:var(--awb-color1);--awb-bg-color-hover:var(--awb-color1);--awb-bg-blend:overlay;--awb-bg-size:cover;--awb-flex-grow:0;--awb-flex-shrink:0;--awb-flex-grow-medium:;--awb-flex-shrink-medium:;--awb-flex-grow-small:;--awb-flex-shrink-small:;\" data-scroll-devices=\"small-visibility,medium-visibility,large-visibility\"><div class=\"fusion-column-wrapper fusion-column-has-shadow fusion-flex-justify-content-space-around fusion-content-layout-column\"><div class=\"fusion-classic-product-image-wrapper fusion-woo-product-image fusion-post-card-image fusion-post-card-image-1 has-aspect-ratio\" data-layout=\"static\" style=\"--awb-aspect-ratio:3 \/ 2;\"><div  class=\"fusion-image-wrapper\" aria-haspopup=\"true\">\n\t\t\t\t\t\t\t<a href=\"https:\/\/www.mundusmaris.org\/de\/weltozeantag\/wod-2023-de\/mundus-maris-asbl-unterstuetzt-die-veranstaltung-zum-welttag-des-ozeans-2023-auf-den-kanarischen-inseln-spanien\/\" aria-label=\"Mundus maris asbl unterst\u00fctzt die Veranstaltung zum Welttag des Ozeans 2023 auf den Kanarischen Inseln, Spanien\">\n\t\t\t\t\t\t\t<img decoding=\"async\" width=\"800\" height=\"500\" src=\"https:\/\/www.mundusmaris.org\/wp-content\/uploads\/2024\/07\/copertina_posts-8.jpg\" class=\"attachment-full size-full wp-post-image\" alt=\"\" srcset=\"https:\/\/www.mundusmaris.org\/wp-content\/uploads\/2024\/07\/copertina_posts-8-200x125.jpg 200w, https:\/\/www.mundusmaris.org\/wp-content\/uploads\/2024\/07\/copertina_posts-8-400x250.jpg 400w, https:\/\/www.mundusmaris.org\/wp-content\/uploads\/2024\/07\/copertina_posts-8-600x375.jpg 600w, https:\/\/www.mundusmaris.org\/wp-content\/uploads\/2024\/07\/copertina_posts-8.jpg 800w\" sizes=\"(min-width: 2200px) 100vw, (min-width: 784px) 373px, (min-width: 712px) 560px, (min-width: 640px) 712px, \" \/>\t\t\t<\/a>\n\t\t\t\t\t\t\t<\/div>\n<\/div><div class=\"fusion-meta-tb fusion-meta-tb-118 floated\" style=\"--awb-border-top:0px;--awb-height:36px;--awb-alignment-medium:flex-start;--awb-alignment-small:flex-start;\"><span class=\"fusion-tb-published-date\">Published On: 4. Juli 2024<\/span><span class=\"fusion-meta-tb-sep\"><\/span><\/div><div class=\"fusion-title title fusion-title-118 fusion-sep-none fusion-title-text fusion-title-size-four\" style=\"--awb-margin-top:20px;--awb-margin-right:20px;--awb-margin-bottom:20px;--awb-margin-left:20px;--awb-margin-top-small:10px;--awb-margin-right-small:0px;--awb-margin-bottom-small:10px;--awb-margin-left-small:0px;--awb-font-size:24px;\"><h4 class=\"fusion-title-heading title-heading-left\" style=\"font-family:&quot;IBM Plex Sans Condensed&quot;;font-style:normal;font-weight:500;margin:0;font-size:1em;line-height:1.2;\"><a href=\"https:\/\/www.mundusmaris.org\/de\/weltozeantag\/wod-2023-de\/mundus-maris-asbl-unterstuetzt-die-veranstaltung-zum-welttag-des-ozeans-2023-auf-den-kanarischen-inseln-spanien\/\" class=\"awb-custom-text-color awb-custom-text-hover-color\" target=\"_self\">Mundus maris asbl unterst\u00fctzt die Veranstaltung zum Welttag des Ozeans 2023 auf den Kanarischen Inseln, Spanien<\/a><\/h4><\/div><\/div><\/li>\n<li class=\"fusion-layout-column fusion_builder_column fusion-builder-column-120 fusion-flex-column post-card fusion-grid-column fusion-post-cards-grid-column\" style=\"--awb-bg-color:var(--awb-color1);--awb-bg-color-hover:var(--awb-color1);--awb-bg-blend:overlay;--awb-bg-size:cover;--awb-flex-grow:0;--awb-flex-shrink:0;--awb-flex-grow-medium:;--awb-flex-shrink-medium:;--awb-flex-grow-small:;--awb-flex-shrink-small:;\" data-scroll-devices=\"small-visibility,medium-visibility,large-visibility\"><div class=\"fusion-column-wrapper fusion-column-has-shadow fusion-flex-justify-content-space-around fusion-content-layout-column\"><div class=\"fusion-classic-product-image-wrapper fusion-woo-product-image fusion-post-card-image fusion-post-card-image-1 has-aspect-ratio\" data-layout=\"static\" style=\"--awb-aspect-ratio:3 \/ 2;\"><div  class=\"fusion-image-wrapper\" aria-haspopup=\"true\">\n\t\t\t\t\t\t\t<a href=\"https:\/\/www.mundusmaris.org\/de\/weltozeantag\/wod-2024-de\/der-weltozeantag-startet-beim-bruesseler-umweltfestival-am-2-juni-2024\/\" aria-label=\"Der Weltozeantag startet beim Br\u00fcsseler Umweltfestival am 2. Juni 2024\">\n\t\t\t\t\t\t\t<img decoding=\"async\" width=\"800\" height=\"500\" src=\"https:\/\/www.mundusmaris.org\/wp-content\/uploads\/2024\/07\/copertina_posts.jpg\" class=\"attachment-full size-full wp-post-image\" alt=\"\" srcset=\"https:\/\/www.mundusmaris.org\/wp-content\/uploads\/2024\/07\/copertina_posts-200x125.jpg 200w, https:\/\/www.mundusmaris.org\/wp-content\/uploads\/2024\/07\/copertina_posts-400x250.jpg 400w, https:\/\/www.mundusmaris.org\/wp-content\/uploads\/2024\/07\/copertina_posts-600x375.jpg 600w, https:\/\/www.mundusmaris.org\/wp-content\/uploads\/2024\/07\/copertina_posts.jpg 800w\" sizes=\"(min-width: 2200px) 100vw, (min-width: 784px) 373px, (min-width: 712px) 560px, (min-width: 640px) 712px, \" \/>\t\t\t<\/a>\n\t\t\t\t\t\t\t<\/div>\n<\/div><div class=\"fusion-meta-tb fusion-meta-tb-119 floated\" style=\"--awb-border-top:0px;--awb-height:36px;--awb-alignment-medium:flex-start;--awb-alignment-small:flex-start;\"><span class=\"fusion-tb-published-date\">Published On: 4. Juli 2024<\/span><span class=\"fusion-meta-tb-sep\"><\/span><\/div><div class=\"fusion-title title fusion-title-119 fusion-sep-none fusion-title-text fusion-title-size-four\" style=\"--awb-margin-top:20px;--awb-margin-right:20px;--awb-margin-bottom:20px;--awb-margin-left:20px;--awb-margin-top-small:10px;--awb-margin-right-small:0px;--awb-margin-bottom-small:10px;--awb-margin-left-small:0px;--awb-font-size:24px;\"><h4 class=\"fusion-title-heading title-heading-left\" style=\"font-family:&quot;IBM Plex Sans Condensed&quot;;font-style:normal;font-weight:500;margin:0;font-size:1em;line-height:1.2;\"><a href=\"https:\/\/www.mundusmaris.org\/de\/weltozeantag\/wod-2024-de\/der-weltozeantag-startet-beim-bruesseler-umweltfestival-am-2-juni-2024\/\" class=\"awb-custom-text-color awb-custom-text-hover-color\" target=\"_self\">Der Weltozeantag startet beim Br\u00fcsseler Umweltfestival am 2. Juni 2024<\/a><\/h4><\/div><\/div><\/li>\n<li class=\"fusion-layout-column fusion_builder_column fusion-builder-column-121 fusion-flex-column post-card fusion-grid-column fusion-post-cards-grid-column\" style=\"--awb-bg-color:var(--awb-color1);--awb-bg-color-hover:var(--awb-color1);--awb-bg-blend:overlay;--awb-bg-size:cover;--awb-flex-grow:0;--awb-flex-shrink:0;--awb-flex-grow-medium:;--awb-flex-shrink-medium:;--awb-flex-grow-small:;--awb-flex-shrink-small:;\" data-scroll-devices=\"small-visibility,medium-visibility,large-visibility\"><div class=\"fusion-column-wrapper fusion-column-has-shadow fusion-flex-justify-content-space-around fusion-content-layout-column\"><div class=\"fusion-classic-product-image-wrapper fusion-woo-product-image fusion-post-card-image fusion-post-card-image-1 has-aspect-ratio\" data-layout=\"static\" style=\"--awb-aspect-ratio:3 \/ 2;\"><div  class=\"fusion-image-wrapper\" aria-haspopup=\"true\">\n\t\t\t\t\t\t\t<a href=\"https:\/\/www.mundusmaris.org\/de\/weltozeantag\/wod-2024-de\/awaken-new-depths-veranstaltungen-in-akure-ondo-state-nigeria\/\" aria-label=\"Awaken New Depths, Veranstaltungen in Akure, Ondo State, Nigeria\">\n\t\t\t\t\t\t\t<img decoding=\"async\" width=\"800\" height=\"500\" src=\"https:\/\/www.mundusmaris.org\/wp-content\/uploads\/2024\/07\/copertina_posts-1.jpg\" class=\"attachment-full size-full wp-post-image\" alt=\"\" srcset=\"https:\/\/www.mundusmaris.org\/wp-content\/uploads\/2024\/07\/copertina_posts-1-200x125.jpg 200w, https:\/\/www.mundusmaris.org\/wp-content\/uploads\/2024\/07\/copertina_posts-1-400x250.jpg 400w, https:\/\/www.mundusmaris.org\/wp-content\/uploads\/2024\/07\/copertina_posts-1-600x375.jpg 600w, https:\/\/www.mundusmaris.org\/wp-content\/uploads\/2024\/07\/copertina_posts-1.jpg 800w\" sizes=\"(min-width: 2200px) 100vw, (min-width: 784px) 373px, (min-width: 712px) 560px, (min-width: 640px) 712px, \" \/>\t\t\t<\/a>\n\t\t\t\t\t\t\t<\/div>\n<\/div><div class=\"fusion-meta-tb fusion-meta-tb-120 floated\" style=\"--awb-border-top:0px;--awb-height:36px;--awb-alignment-medium:flex-start;--awb-alignment-small:flex-start;\"><span class=\"fusion-tb-published-date\">Published On: 4. Juli 2024<\/span><span class=\"fusion-meta-tb-sep\"><\/span><\/div><div class=\"fusion-title title fusion-title-120 fusion-sep-none fusion-title-text fusion-title-size-four\" style=\"--awb-margin-top:20px;--awb-margin-right:20px;--awb-margin-bottom:20px;--awb-margin-left:20px;--awb-margin-top-small:10px;--awb-margin-right-small:0px;--awb-margin-bottom-small:10px;--awb-margin-left-small:0px;--awb-font-size:24px;\"><h4 class=\"fusion-title-heading title-heading-left\" style=\"font-family:&quot;IBM Plex Sans Condensed&quot;;font-style:normal;font-weight:500;margin:0;font-size:1em;line-height:1.2;\"><a href=\"https:\/\/www.mundusmaris.org\/de\/weltozeantag\/wod-2024-de\/awaken-new-depths-veranstaltungen-in-akure-ondo-state-nigeria\/\" class=\"awb-custom-text-color awb-custom-text-hover-color\" target=\"_self\">Awaken New Depths, Veranstaltungen in Akure, Ondo State, Nigeria<\/a><\/h4><\/div><\/div><\/li>\n<li class=\"fusion-layout-column fusion_builder_column fusion-builder-column-122 fusion-flex-column post-card fusion-grid-column fusion-post-cards-grid-column\" style=\"--awb-bg-color:var(--awb-color1);--awb-bg-color-hover:var(--awb-color1);--awb-bg-blend:overlay;--awb-bg-size:cover;--awb-flex-grow:0;--awb-flex-shrink:0;--awb-flex-grow-medium:;--awb-flex-shrink-medium:;--awb-flex-grow-small:;--awb-flex-shrink-small:;\" data-scroll-devices=\"small-visibility,medium-visibility,large-visibility\"><div class=\"fusion-column-wrapper fusion-column-has-shadow fusion-flex-justify-content-space-around fusion-content-layout-column\"><div class=\"fusion-classic-product-image-wrapper fusion-woo-product-image fusion-post-card-image fusion-post-card-image-1 has-aspect-ratio\" data-layout=\"static\" style=\"--awb-aspect-ratio:3 \/ 2;\"><div  class=\"fusion-image-wrapper\" aria-haspopup=\"true\">\n\t\t\t\t\t\t\t<a href=\"https:\/\/www.mundusmaris.org\/de\/weltozeantag\/wod-2024-de\/wir-feiern-den-weltozeantag-in-buenos-aires-argentina\/\" aria-label=\"Wir feiern den Weltozeantag in Buenos Aires, Argentina\">\n\t\t\t\t\t\t\t<img decoding=\"async\" width=\"800\" height=\"500\" src=\"https:\/\/www.mundusmaris.org\/wp-content\/uploads\/2024\/07\/copertina_posts-7.jpg\" class=\"attachment-full size-full wp-post-image\" alt=\"\" srcset=\"https:\/\/www.mundusmaris.org\/wp-content\/uploads\/2024\/07\/copertina_posts-7-200x125.jpg 200w, https:\/\/www.mundusmaris.org\/wp-content\/uploads\/2024\/07\/copertina_posts-7-400x250.jpg 400w, https:\/\/www.mundusmaris.org\/wp-content\/uploads\/2024\/07\/copertina_posts-7-600x375.jpg 600w, https:\/\/www.mundusmaris.org\/wp-content\/uploads\/2024\/07\/copertina_posts-7.jpg 800w\" sizes=\"(min-width: 2200px) 100vw, (min-width: 784px) 373px, (min-width: 712px) 560px, (min-width: 640px) 712px, \" \/>\t\t\t<\/a>\n\t\t\t\t\t\t\t<\/div>\n<\/div><div class=\"fusion-meta-tb fusion-meta-tb-121 floated\" style=\"--awb-border-top:0px;--awb-height:36px;--awb-alignment-medium:flex-start;--awb-alignment-small:flex-start;\"><span class=\"fusion-tb-published-date\">Published On: 4. Juli 2024<\/span><span class=\"fusion-meta-tb-sep\"><\/span><\/div><div class=\"fusion-title title fusion-title-121 fusion-sep-none fusion-title-text fusion-title-size-four\" style=\"--awb-margin-top:20px;--awb-margin-right:20px;--awb-margin-bottom:20px;--awb-margin-left:20px;--awb-margin-top-small:10px;--awb-margin-right-small:0px;--awb-margin-bottom-small:10px;--awb-margin-left-small:0px;--awb-font-size:24px;\"><h4 class=\"fusion-title-heading title-heading-left\" style=\"font-family:&quot;IBM Plex Sans Condensed&quot;;font-style:normal;font-weight:500;margin:0;font-size:1em;line-height:1.2;\"><a href=\"https:\/\/www.mundusmaris.org\/de\/weltozeantag\/wod-2024-de\/wir-feiern-den-weltozeantag-in-buenos-aires-argentina\/\" class=\"awb-custom-text-color awb-custom-text-hover-color\" target=\"_self\">Wir feiern den Weltozeantag in Buenos Aires, Argentina<\/a><\/h4><\/div><\/div><\/li>\n<li class=\"fusion-layout-column fusion_builder_column fusion-builder-column-123 fusion-flex-column post-card fusion-grid-column fusion-post-cards-grid-column\" style=\"--awb-bg-color:var(--awb-color1);--awb-bg-color-hover:var(--awb-color1);--awb-bg-blend:overlay;--awb-bg-size:cover;--awb-flex-grow:0;--awb-flex-shrink:0;--awb-flex-grow-medium:;--awb-flex-shrink-medium:;--awb-flex-grow-small:;--awb-flex-shrink-small:;\" data-scroll-devices=\"small-visibility,medium-visibility,large-visibility\"><div class=\"fusion-column-wrapper fusion-column-has-shadow fusion-flex-justify-content-space-around fusion-content-layout-column\"><div class=\"fusion-classic-product-image-wrapper fusion-woo-product-image fusion-post-card-image fusion-post-card-image-1 has-aspect-ratio\" data-layout=\"static\" style=\"--awb-aspect-ratio:3 \/ 2;\"><div  class=\"fusion-image-wrapper\" aria-haspopup=\"true\">\n\t\t\t\t\t\t\t<a href=\"https:\/\/www.mundusmaris.org\/de\/weltozeantag\/wod-2024-de\/konzert-anlaesslich-des-weltozeantages-in-alcala-de-henares-spanien\/\" aria-label=\"Konzert anl\u00e4sslich des Weltozeantages in Alcal\u00e1 de Henares, Spanien\">\n\t\t\t\t\t\t\t<img decoding=\"async\" width=\"800\" height=\"500\" src=\"https:\/\/www.mundusmaris.org\/wp-content\/uploads\/2024\/07\/copertina_posts-6.jpg\" class=\"attachment-full size-full wp-post-image\" alt=\"\" srcset=\"https:\/\/www.mundusmaris.org\/wp-content\/uploads\/2024\/07\/copertina_posts-6-200x125.jpg 200w, https:\/\/www.mundusmaris.org\/wp-content\/uploads\/2024\/07\/copertina_posts-6-400x250.jpg 400w, https:\/\/www.mundusmaris.org\/wp-content\/uploads\/2024\/07\/copertina_posts-6-600x375.jpg 600w, https:\/\/www.mundusmaris.org\/wp-content\/uploads\/2024\/07\/copertina_posts-6.jpg 800w\" sizes=\"(min-width: 2200px) 100vw, (min-width: 784px) 373px, (min-width: 712px) 560px, (min-width: 640px) 712px, \" \/>\t\t\t<\/a>\n\t\t\t\t\t\t\t<\/div>\n<\/div><div class=\"fusion-meta-tb fusion-meta-tb-122 floated\" style=\"--awb-border-top:0px;--awb-height:36px;--awb-alignment-medium:flex-start;--awb-alignment-small:flex-start;\"><span class=\"fusion-tb-published-date\">Published On: 4. Juli 2024<\/span><span class=\"fusion-meta-tb-sep\"><\/span><\/div><div class=\"fusion-title title fusion-title-122 fusion-sep-none fusion-title-text fusion-title-size-four\" style=\"--awb-margin-top:20px;--awb-margin-right:20px;--awb-margin-bottom:20px;--awb-margin-left:20px;--awb-margin-top-small:10px;--awb-margin-right-small:0px;--awb-margin-bottom-small:10px;--awb-margin-left-small:0px;--awb-font-size:24px;\"><h4 class=\"fusion-title-heading title-heading-left\" style=\"font-family:&quot;IBM Plex Sans Condensed&quot;;font-style:normal;font-weight:500;margin:0;font-size:1em;line-height:1.2;\"><a href=\"https:\/\/www.mundusmaris.org\/de\/weltozeantag\/wod-2024-de\/konzert-anlaesslich-des-weltozeantages-in-alcala-de-henares-spanien\/\" class=\"awb-custom-text-color awb-custom-text-hover-color\" target=\"_self\">Konzert anl\u00e4sslich des Weltozeantages in Alcal\u00e1 de Henares, Spanien<\/a><\/h4><\/div><\/div><\/li>\n<li class=\"fusion-layout-column fusion_builder_column fusion-builder-column-124 fusion-flex-column post-card fusion-grid-column fusion-post-cards-grid-column\" style=\"--awb-bg-color:var(--awb-color1);--awb-bg-color-hover:var(--awb-color1);--awb-bg-blend:overlay;--awb-bg-size:cover;--awb-flex-grow:0;--awb-flex-shrink:0;--awb-flex-grow-medium:;--awb-flex-shrink-medium:;--awb-flex-grow-small:;--awb-flex-shrink-small:;\" data-scroll-devices=\"small-visibility,medium-visibility,large-visibility\"><div class=\"fusion-column-wrapper fusion-column-has-shadow fusion-flex-justify-content-space-around fusion-content-layout-column\"><div class=\"fusion-classic-product-image-wrapper fusion-woo-product-image fusion-post-card-image fusion-post-card-image-1 has-aspect-ratio\" data-layout=\"static\" style=\"--awb-aspect-ratio:3 \/ 2;\"><div  class=\"fusion-image-wrapper\" aria-haspopup=\"true\">\n\t\t\t\t\t\t\t<a href=\"https:\/\/www.mundusmaris.org\/de\/weltozeantag\/wod-2024-de\/mundus-maris-feiert-den-weltozeantag-2024-mit-dem-ocean-summit-in-kiel-deutschland\/\" aria-label=\"Mundus maris feiert den Weltozeantag 2024 mit dem Ocean Summit in Kiel, Deutschland\">\n\t\t\t\t\t\t\t<img decoding=\"async\" width=\"800\" height=\"500\" src=\"https:\/\/www.mundusmaris.org\/wp-content\/uploads\/2024\/07\/copertina_posts-5.jpg\" class=\"attachment-full size-full wp-post-image\" alt=\"\" srcset=\"https:\/\/www.mundusmaris.org\/wp-content\/uploads\/2024\/07\/copertina_posts-5-200x125.jpg 200w, https:\/\/www.mundusmaris.org\/wp-content\/uploads\/2024\/07\/copertina_posts-5-400x250.jpg 400w, https:\/\/www.mundusmaris.org\/wp-content\/uploads\/2024\/07\/copertina_posts-5-600x375.jpg 600w, https:\/\/www.mundusmaris.org\/wp-content\/uploads\/2024\/07\/copertina_posts-5.jpg 800w\" sizes=\"(min-width: 2200px) 100vw, (min-width: 784px) 373px, (min-width: 712px) 560px, (min-width: 640px) 712px, \" \/>\t\t\t<\/a>\n\t\t\t\t\t\t\t<\/div>\n<\/div><div class=\"fusion-meta-tb fusion-meta-tb-123 floated\" style=\"--awb-border-top:0px;--awb-height:36px;--awb-alignment-medium:flex-start;--awb-alignment-small:flex-start;\"><span class=\"fusion-tb-published-date\">Published On: 4. Juli 2024<\/span><span class=\"fusion-meta-tb-sep\"><\/span><\/div><div class=\"fusion-title title fusion-title-123 fusion-sep-none fusion-title-text fusion-title-size-four\" style=\"--awb-margin-top:20px;--awb-margin-right:20px;--awb-margin-bottom:20px;--awb-margin-left:20px;--awb-margin-top-small:10px;--awb-margin-right-small:0px;--awb-margin-bottom-small:10px;--awb-margin-left-small:0px;--awb-font-size:24px;\"><h4 class=\"fusion-title-heading title-heading-left\" style=\"font-family:&quot;IBM Plex Sans Condensed&quot;;font-style:normal;font-weight:500;margin:0;font-size:1em;line-height:1.2;\"><a href=\"https:\/\/www.mundusmaris.org\/de\/weltozeantag\/wod-2024-de\/mundus-maris-feiert-den-weltozeantag-2024-mit-dem-ocean-summit-in-kiel-deutschland\/\" class=\"awb-custom-text-color awb-custom-text-hover-color\" target=\"_self\">Mundus maris feiert den Weltozeantag 2024 mit dem Ocean Summit in Kiel, Deutschland<\/a><\/h4><\/div><\/div><\/li>\n<li class=\"fusion-layout-column fusion_builder_column fusion-builder-column-125 fusion-flex-column post-card fusion-grid-column fusion-post-cards-grid-column\" style=\"--awb-bg-color:var(--awb-color1);--awb-bg-color-hover:var(--awb-color1);--awb-bg-blend:overlay;--awb-bg-size:cover;--awb-flex-grow:0;--awb-flex-shrink:0;--awb-flex-grow-medium:;--awb-flex-shrink-medium:;--awb-flex-grow-small:;--awb-flex-shrink-small:;\" data-scroll-devices=\"small-visibility,medium-visibility,large-visibility\"><div class=\"fusion-column-wrapper fusion-column-has-shadow fusion-flex-justify-content-space-around fusion-content-layout-column\"><div class=\"fusion-classic-product-image-wrapper fusion-woo-product-image fusion-post-card-image fusion-post-card-image-1 has-aspect-ratio\" data-layout=\"static\" style=\"--awb-aspect-ratio:3 \/ 2;\"><div  class=\"fusion-image-wrapper\" aria-haspopup=\"true\">\n\t\t\t\t\t\t\t<a href=\"https:\/\/www.mundusmaris.org\/de\/weltozeantag\/wod-2024-de\/rollenspiel-in-kamerun\/\" aria-label=\"Rollenspiel in Kamerun\">\n\t\t\t\t\t\t\t<img decoding=\"async\" width=\"800\" height=\"500\" src=\"https:\/\/www.mundusmaris.org\/wp-content\/uploads\/2024\/07\/copertina_posts-4.jpg\" class=\"attachment-full size-full wp-post-image\" alt=\"\" srcset=\"https:\/\/www.mundusmaris.org\/wp-content\/uploads\/2024\/07\/copertina_posts-4-200x125.jpg 200w, https:\/\/www.mundusmaris.org\/wp-content\/uploads\/2024\/07\/copertina_posts-4-400x250.jpg 400w, https:\/\/www.mundusmaris.org\/wp-content\/uploads\/2024\/07\/copertina_posts-4-600x375.jpg 600w, https:\/\/www.mundusmaris.org\/wp-content\/uploads\/2024\/07\/copertina_posts-4.jpg 800w\" sizes=\"(min-width: 2200px) 100vw, (min-width: 784px) 373px, (min-width: 712px) 560px, (min-width: 640px) 712px, \" \/>\t\t\t<\/a>\n\t\t\t\t\t\t\t<\/div>\n<\/div><div class=\"fusion-meta-tb fusion-meta-tb-124 floated\" style=\"--awb-border-top:0px;--awb-height:36px;--awb-alignment-medium:flex-start;--awb-alignment-small:flex-start;\"><span class=\"fusion-tb-published-date\">Published On: 4. Juli 2024<\/span><span class=\"fusion-meta-tb-sep\"><\/span><\/div><div class=\"fusion-title title fusion-title-124 fusion-sep-none fusion-title-text fusion-title-size-four\" style=\"--awb-margin-top:20px;--awb-margin-right:20px;--awb-margin-bottom:20px;--awb-margin-left:20px;--awb-margin-top-small:10px;--awb-margin-right-small:0px;--awb-margin-bottom-small:10px;--awb-margin-left-small:0px;--awb-font-size:24px;\"><h4 class=\"fusion-title-heading title-heading-left\" style=\"font-family:&quot;IBM Plex Sans Condensed&quot;;font-style:normal;font-weight:500;margin:0;font-size:1em;line-height:1.2;\"><a href=\"https:\/\/www.mundusmaris.org\/de\/weltozeantag\/wod-2024-de\/rollenspiel-in-kamerun\/\" class=\"awb-custom-text-color awb-custom-text-hover-color\" target=\"_self\">Rollenspiel in Kamerun<\/a><\/h4><\/div><\/div><\/li>\n<li class=\"fusion-layout-column fusion_builder_column fusion-builder-column-126 fusion-flex-column post-card fusion-grid-column fusion-post-cards-grid-column\" style=\"--awb-bg-color:var(--awb-color1);--awb-bg-color-hover:var(--awb-color1);--awb-bg-blend:overlay;--awb-bg-size:cover;--awb-flex-grow:0;--awb-flex-shrink:0;--awb-flex-grow-medium:;--awb-flex-shrink-medium:;--awb-flex-grow-small:;--awb-flex-shrink-small:;\" data-scroll-devices=\"small-visibility,medium-visibility,large-visibility\"><div class=\"fusion-column-wrapper fusion-column-has-shadow fusion-flex-justify-content-space-around fusion-content-layout-column\"><div class=\"fusion-classic-product-image-wrapper fusion-woo-product-image fusion-post-card-image fusion-post-card-image-1 has-aspect-ratio\" data-layout=\"static\" style=\"--awb-aspect-ratio:3 \/ 2;\"><div  class=\"fusion-image-wrapper\" aria-haspopup=\"true\">\n\t\t\t\t\t\t\t<a href=\"https:\/\/www.mundusmaris.org\/de\/weltozeantag\/wod-2024-de\/virtuelles-seminar-zum-weltozeantag-massnahmen-zum-schutz-underes-ozeans-und-klimas-lagos-ruft\/\" aria-label=\"Virtuelles Seminar zum Weltozeantag: Ma\u00dfnahmen zum Schutz unseres Ozeans und Klimas katalysieren \u2013 Lagos ruft\">\n\t\t\t\t\t\t\t<img decoding=\"async\" width=\"750\" height=\"750\" src=\"https:\/\/www.mundusmaris.org\/wp-content\/uploads\/2024\/07\/PosterAnnouncement20240608-750px.jpg\" class=\"attachment-full size-full wp-post-image\" alt=\"\" srcset=\"https:\/\/www.mundusmaris.org\/wp-content\/uploads\/2024\/07\/PosterAnnouncement20240608-750px-200x200.jpg 200w, https:\/\/www.mundusmaris.org\/wp-content\/uploads\/2024\/07\/PosterAnnouncement20240608-750px-400x400.jpg 400w, https:\/\/www.mundusmaris.org\/wp-content\/uploads\/2024\/07\/PosterAnnouncement20240608-750px-600x600.jpg 600w, https:\/\/www.mundusmaris.org\/wp-content\/uploads\/2024\/07\/PosterAnnouncement20240608-750px.jpg 750w\" sizes=\"(min-width: 2200px) 100vw, (min-width: 784px) 373px, (min-width: 712px) 560px, (min-width: 640px) 712px, \" \/>\t\t\t<\/a>\n\t\t\t\t\t\t\t<\/div>\n<\/div><div class=\"fusion-meta-tb fusion-meta-tb-125 floated\" style=\"--awb-border-top:0px;--awb-height:36px;--awb-alignment-medium:flex-start;--awb-alignment-small:flex-start;\"><span class=\"fusion-tb-published-date\">Published On: 4. Juli 2024<\/span><span class=\"fusion-meta-tb-sep\"><\/span><\/div><div class=\"fusion-title title fusion-title-125 fusion-sep-none fusion-title-text fusion-title-size-four\" style=\"--awb-margin-top:20px;--awb-margin-right:20px;--awb-margin-bottom:20px;--awb-margin-left:20px;--awb-margin-top-small:10px;--awb-margin-right-small:0px;--awb-margin-bottom-small:10px;--awb-margin-left-small:0px;--awb-font-size:24px;\"><h4 class=\"fusion-title-heading title-heading-left\" style=\"font-family:&quot;IBM Plex Sans Condensed&quot;;font-style:normal;font-weight:500;margin:0;font-size:1em;line-height:1.2;\"><a href=\"https:\/\/www.mundusmaris.org\/de\/weltozeantag\/wod-2024-de\/virtuelles-seminar-zum-weltozeantag-massnahmen-zum-schutz-underes-ozeans-und-klimas-lagos-ruft\/\" class=\"awb-custom-text-color awb-custom-text-hover-color\" target=\"_self\">Virtuelles Seminar zum Weltozeantag: Ma\u00dfnahmen zum Schutz unseres Ozeans und Klimas katalysieren \u2013 Lagos ruft<\/a><\/h4><\/div><\/div><\/li>\n<li class=\"fusion-layout-column fusion_builder_column fusion-builder-column-127 fusion-flex-column post-card fusion-grid-column fusion-post-cards-grid-column\" style=\"--awb-bg-color:var(--awb-color1);--awb-bg-color-hover:var(--awb-color1);--awb-bg-blend:overlay;--awb-bg-size:cover;--awb-flex-grow:0;--awb-flex-shrink:0;--awb-flex-grow-medium:;--awb-flex-shrink-medium:;--awb-flex-grow-small:;--awb-flex-shrink-small:;\" data-scroll-devices=\"small-visibility,medium-visibility,large-visibility\"><div class=\"fusion-column-wrapper fusion-column-has-shadow fusion-flex-justify-content-space-around fusion-content-layout-column\"><div class=\"fusion-classic-product-image-wrapper fusion-woo-product-image fusion-post-card-image fusion-post-card-image-1 has-aspect-ratio\" data-layout=\"static\" style=\"--awb-aspect-ratio:3 \/ 2;\"><div  class=\"fusion-image-wrapper\" aria-haspopup=\"true\">\n\t\t\t\t\t\t\t<a href=\"https:\/\/www.mundusmaris.org\/de\/weltozeantag\/wod-2024-de\/fussball-als-kommunikationsinstrument-zum-meeresschutz\/\" aria-label=\"Fu\u00dfball als Kommunikationsinstrument zum Meeresschutz\">\n\t\t\t\t\t\t\t<img decoding=\"async\" width=\"800\" height=\"600\" src=\"https:\/\/www.mundusmaris.org\/wp-content\/uploads\/2024\/07\/JMO_BannerAll11ys.jpg\" class=\"attachment-full size-full wp-post-image\" alt=\"\" srcset=\"https:\/\/www.mundusmaris.org\/wp-content\/uploads\/2024\/07\/JMO_BannerAll11ys-200x150.jpg 200w, https:\/\/www.mundusmaris.org\/wp-content\/uploads\/2024\/07\/JMO_BannerAll11ys-400x300.jpg 400w, https:\/\/www.mundusmaris.org\/wp-content\/uploads\/2024\/07\/JMO_BannerAll11ys-600x450.jpg 600w, https:\/\/www.mundusmaris.org\/wp-content\/uploads\/2024\/07\/JMO_BannerAll11ys.jpg 800w\" sizes=\"(min-width: 2200px) 100vw, (min-width: 784px) 373px, (min-width: 712px) 560px, (min-width: 640px) 712px, \" \/>\t\t\t<\/a>\n\t\t\t\t\t\t\t<\/div>\n<\/div><div class=\"fusion-meta-tb fusion-meta-tb-126 floated\" style=\"--awb-border-top:0px;--awb-height:36px;--awb-alignment-medium:flex-start;--awb-alignment-small:flex-start;\"><span class=\"fusion-tb-published-date\">Published On: 4. Juli 2024<\/span><span class=\"fusion-meta-tb-sep\"><\/span><\/div><div class=\"fusion-title title fusion-title-126 fusion-sep-none fusion-title-text fusion-title-size-four\" style=\"--awb-margin-top:20px;--awb-margin-right:20px;--awb-margin-bottom:20px;--awb-margin-left:20px;--awb-margin-top-small:10px;--awb-margin-right-small:0px;--awb-margin-bottom-small:10px;--awb-margin-left-small:0px;--awb-font-size:24px;\"><h4 class=\"fusion-title-heading title-heading-left\" style=\"font-family:&quot;IBM Plex Sans Condensed&quot;;font-style:normal;font-weight:500;margin:0;font-size:1em;line-height:1.2;\"><a href=\"https:\/\/www.mundusmaris.org\/de\/weltozeantag\/wod-2024-de\/fussball-als-kommunikationsinstrument-zum-meeresschutz\/\" class=\"awb-custom-text-color awb-custom-text-hover-color\" target=\"_self\">Fu\u00dfball als Kommunikationsinstrument zum Meeresschutz<\/a><\/h4><\/div><\/div><\/li>\n<li class=\"fusion-layout-column fusion_builder_column fusion-builder-column-128 fusion-flex-column post-card fusion-grid-column fusion-post-cards-grid-column\" style=\"--awb-bg-color:var(--awb-color1);--awb-bg-color-hover:var(--awb-color1);--awb-bg-blend:overlay;--awb-bg-size:cover;--awb-flex-grow:0;--awb-flex-shrink:0;--awb-flex-grow-medium:;--awb-flex-shrink-medium:;--awb-flex-grow-small:;--awb-flex-shrink-small:;\" data-scroll-devices=\"small-visibility,medium-visibility,large-visibility\"><div class=\"fusion-column-wrapper fusion-column-has-shadow fusion-flex-justify-content-space-around fusion-content-layout-column\"><div class=\"fusion-classic-product-image-wrapper fusion-woo-product-image fusion-post-card-image fusion-post-card-image-1 has-aspect-ratio\" data-layout=\"static\" style=\"--awb-aspect-ratio:3 \/ 2;\"><div  class=\"fusion-image-wrapper\" aria-haspopup=\"true\">\n\t\t\t\t\t\t\t<a href=\"https:\/\/www.mundusmaris.org\/de\/weltozeantag\/wod-2024-de\/weltozeantag-mit-der-kawabata-yasunari-schule-in-hann-senegalworld-ocean-day-with-the-kawabata-yasunari-school-in-hann-senegal\/\" aria-label=\"Weltozeantag mit der Kawabata Yasunari Schule in Hann, Senegal\">\n\t\t\t\t\t\t\t<img decoding=\"async\" width=\"736\" height=\"552\" src=\"https:\/\/www.mundusmaris.org\/wp-content\/uploads\/2024\/08\/GroupFotoWOD-Excursion.jpg\" class=\"attachment-full size-full wp-post-image\" alt=\"\" srcset=\"https:\/\/www.mundusmaris.org\/wp-content\/uploads\/2024\/08\/GroupFotoWOD-Excursion-200x150.jpg 200w, https:\/\/www.mundusmaris.org\/wp-content\/uploads\/2024\/08\/GroupFotoWOD-Excursion-400x300.jpg 400w, https:\/\/www.mundusmaris.org\/wp-content\/uploads\/2024\/08\/GroupFotoWOD-Excursion-600x450.jpg 600w, https:\/\/www.mundusmaris.org\/wp-content\/uploads\/2024\/08\/GroupFotoWOD-Excursion.jpg 736w\" sizes=\"(min-width: 2200px) 100vw, (min-width: 784px) 373px, (min-width: 712px) 560px, (min-width: 640px) 712px, \" \/>\t\t\t<\/a>\n\t\t\t\t\t\t\t<\/div>\n<\/div><div class=\"fusion-meta-tb fusion-meta-tb-127 floated\" style=\"--awb-border-top:0px;--awb-height:36px;--awb-alignment-medium:flex-start;--awb-alignment-small:flex-start;\"><span class=\"fusion-tb-published-date\">Published On: 4. Juli 2024<\/span><span class=\"fusion-meta-tb-sep\"><\/span><\/div><div class=\"fusion-title title fusion-title-127 fusion-sep-none fusion-title-text fusion-title-size-four\" style=\"--awb-margin-top:20px;--awb-margin-right:20px;--awb-margin-bottom:20px;--awb-margin-left:20px;--awb-margin-top-small:10px;--awb-margin-right-small:0px;--awb-margin-bottom-small:10px;--awb-margin-left-small:0px;--awb-font-size:24px;\"><h4 class=\"fusion-title-heading title-heading-left\" style=\"font-family:&quot;IBM Plex Sans Condensed&quot;;font-style:normal;font-weight:500;margin:0;font-size:1em;line-height:1.2;\"><a href=\"https:\/\/www.mundusmaris.org\/de\/weltozeantag\/wod-2024-de\/weltozeantag-mit-der-kawabata-yasunari-schule-in-hann-senegalworld-ocean-day-with-the-kawabata-yasunari-school-in-hann-senegal\/\" class=\"awb-custom-text-color awb-custom-text-hover-color\" target=\"_self\">Weltozeantag mit der Kawabata Yasunari Schule in Hann, Senegal<\/a><\/h4><\/div><\/div><\/li>\n<li class=\"fusion-layout-column fusion_builder_column fusion-builder-column-129 fusion-flex-column post-card fusion-grid-column fusion-post-cards-grid-column\" style=\"--awb-bg-color:var(--awb-color1);--awb-bg-color-hover:var(--awb-color1);--awb-bg-blend:overlay;--awb-bg-size:cover;--awb-flex-grow:0;--awb-flex-shrink:0;--awb-flex-grow-medium:;--awb-flex-shrink-medium:;--awb-flex-grow-small:;--awb-flex-shrink-small:;\" data-scroll-devices=\"small-visibility,medium-visibility,large-visibility\"><div class=\"fusion-column-wrapper fusion-column-has-shadow fusion-flex-justify-content-space-around fusion-content-layout-column\"><div class=\"fusion-classic-product-image-wrapper fusion-woo-product-image fusion-post-card-image fusion-post-card-image-1 has-aspect-ratio\" data-layout=\"static\" style=\"--awb-aspect-ratio:3 \/ 2;\"><div  class=\"fusion-image-wrapper\" aria-haspopup=\"true\">\n\t\t\t\t\t\t\t<a href=\"https:\/\/www.mundusmaris.org\/de\/weltozeantag\/wod-2024-de\/ausstellung-rhythmen-der-natur-in-buenos-aires-verleiht-der-weltozeanwoche-kuenstlerisches-flair\/\" aria-label=\"Ausstellung \u201eRhythmen der Natur\u201c in Buenos Aires verleiht der Weltozeanwoche k\u00fcnstlerisches Flair\">\n\t\t\t\t\t\t\t<img decoding=\"async\" width=\"800\" height=\"500\" src=\"https:\/\/www.mundusmaris.org\/wp-content\/uploads\/2024\/07\/copertina_posts-3.jpg\" class=\"attachment-full size-full wp-post-image\" alt=\"\" srcset=\"https:\/\/www.mundusmaris.org\/wp-content\/uploads\/2024\/07\/copertina_posts-3-200x125.jpg 200w, https:\/\/www.mundusmaris.org\/wp-content\/uploads\/2024\/07\/copertina_posts-3-400x250.jpg 400w, https:\/\/www.mundusmaris.org\/wp-content\/uploads\/2024\/07\/copertina_posts-3-600x375.jpg 600w, https:\/\/www.mundusmaris.org\/wp-content\/uploads\/2024\/07\/copertina_posts-3.jpg 800w\" sizes=\"(min-width: 2200px) 100vw, (min-width: 784px) 373px, (min-width: 712px) 560px, (min-width: 640px) 712px, \" \/>\t\t\t<\/a>\n\t\t\t\t\t\t\t<\/div>\n<\/div><div class=\"fusion-meta-tb fusion-meta-tb-128 floated\" style=\"--awb-border-top:0px;--awb-height:36px;--awb-alignment-medium:flex-start;--awb-alignment-small:flex-start;\"><span class=\"fusion-tb-published-date\">Published On: 4. Juli 2024<\/span><span class=\"fusion-meta-tb-sep\"><\/span><\/div><div class=\"fusion-title title fusion-title-128 fusion-sep-none fusion-title-text fusion-title-size-four\" style=\"--awb-margin-top:20px;--awb-margin-right:20px;--awb-margin-bottom:20px;--awb-margin-left:20px;--awb-margin-top-small:10px;--awb-margin-right-small:0px;--awb-margin-bottom-small:10px;--awb-margin-left-small:0px;--awb-font-size:24px;\"><h4 class=\"fusion-title-heading title-heading-left\" style=\"font-family:&quot;IBM Plex Sans Condensed&quot;;font-style:normal;font-weight:500;margin:0;font-size:1em;line-height:1.2;\"><a href=\"https:\/\/www.mundusmaris.org\/de\/weltozeantag\/wod-2024-de\/ausstellung-rhythmen-der-natur-in-buenos-aires-verleiht-der-weltozeanwoche-kuenstlerisches-flair\/\" class=\"awb-custom-text-color awb-custom-text-hover-color\" target=\"_self\">Ausstellung \u201eRhythmen der Natur\u201c in Buenos Aires verleiht der Weltozeanwoche k\u00fcnstlerisches Flair<\/a><\/h4><\/div><\/div><\/li>\n<li class=\"fusion-layout-column fusion_builder_column fusion-builder-column-130 fusion-flex-column post-card fusion-grid-column fusion-post-cards-grid-column\" style=\"--awb-bg-color:var(--awb-color1);--awb-bg-color-hover:var(--awb-color1);--awb-bg-blend:overlay;--awb-bg-size:cover;--awb-flex-grow:0;--awb-flex-shrink:0;--awb-flex-grow-medium:;--awb-flex-shrink-medium:;--awb-flex-grow-small:;--awb-flex-shrink-small:;\" data-scroll-devices=\"small-visibility,medium-visibility,large-visibility\"><div class=\"fusion-column-wrapper fusion-column-has-shadow fusion-flex-justify-content-space-around fusion-content-layout-column\"><div class=\"fusion-classic-product-image-wrapper fusion-woo-product-image fusion-post-card-image fusion-post-card-image-1 has-aspect-ratio\" data-layout=\"static\" style=\"--awb-aspect-ratio:3 \/ 2;\"><div  class=\"fusion-image-wrapper\" aria-haspopup=\"true\">\n\t\t\t\t\t\t\t<a href=\"https:\/\/www.mundusmaris.org\/de\/weltozeantag\/wod-2024-de\/aufraeumarbeiten-an-einem-bach-in-hilden-deutschland-wieder\/\" aria-label=\"Aufr\u00e4umarbeiten an einem Bach in Hilden, Deutschland, wieder\">\n\t\t\t\t\t\t\t<img decoding=\"async\" width=\"800\" height=\"500\" src=\"https:\/\/www.mundusmaris.org\/wp-content\/uploads\/2024\/07\/copertina_posts-2.jpg\" class=\"attachment-full size-full wp-post-image\" alt=\"\" srcset=\"https:\/\/www.mundusmaris.org\/wp-content\/uploads\/2024\/07\/copertina_posts-2-200x125.jpg 200w, https:\/\/www.mundusmaris.org\/wp-content\/uploads\/2024\/07\/copertina_posts-2-400x250.jpg 400w, https:\/\/www.mundusmaris.org\/wp-content\/uploads\/2024\/07\/copertina_posts-2-600x375.jpg 600w, https:\/\/www.mundusmaris.org\/wp-content\/uploads\/2024\/07\/copertina_posts-2.jpg 800w\" sizes=\"(min-width: 2200px) 100vw, (min-width: 784px) 373px, (min-width: 712px) 560px, (min-width: 640px) 712px, \" \/>\t\t\t<\/a>\n\t\t\t\t\t\t\t<\/div>\n<\/div><div class=\"fusion-meta-tb fusion-meta-tb-129 floated\" style=\"--awb-border-top:0px;--awb-height:36px;--awb-alignment-medium:flex-start;--awb-alignment-small:flex-start;\"><span class=\"fusion-tb-published-date\">Published On: 4. Juli 2024<\/span><span class=\"fusion-meta-tb-sep\"><\/span><\/div><div class=\"fusion-title title fusion-title-129 fusion-sep-none fusion-title-text fusion-title-size-four\" style=\"--awb-margin-top:20px;--awb-margin-right:20px;--awb-margin-bottom:20px;--awb-margin-left:20px;--awb-margin-top-small:10px;--awb-margin-right-small:0px;--awb-margin-bottom-small:10px;--awb-margin-left-small:0px;--awb-font-size:24px;\"><h4 class=\"fusion-title-heading title-heading-left\" style=\"font-family:&quot;IBM Plex Sans Condensed&quot;;font-style:normal;font-weight:500;margin:0;font-size:1em;line-height:1.2;\"><a href=\"https:\/\/www.mundusmaris.org\/de\/weltozeantag\/wod-2024-de\/aufraeumarbeiten-an-einem-bach-in-hilden-deutschland-wieder\/\" class=\"awb-custom-text-color awb-custom-text-hover-color\" target=\"_self\">Aufr\u00e4umarbeiten an einem Bach in Hilden, Deutschland, wieder<\/a><\/h4><\/div><\/div><\/li>\n<li class=\"fusion-layout-column fusion_builder_column fusion-builder-column-131 fusion-flex-column post-card fusion-grid-column fusion-post-cards-grid-column\" style=\"--awb-bg-color:var(--awb-color1);--awb-bg-color-hover:var(--awb-color1);--awb-bg-blend:overlay;--awb-bg-size:cover;--awb-flex-grow:0;--awb-flex-shrink:0;--awb-flex-grow-medium:;--awb-flex-shrink-medium:;--awb-flex-grow-small:;--awb-flex-shrink-small:;\" data-scroll-devices=\"small-visibility,medium-visibility,large-visibility\"><div class=\"fusion-column-wrapper fusion-column-has-shadow fusion-flex-justify-content-space-around fusion-content-layout-column\"><div class=\"fusion-classic-product-image-wrapper fusion-woo-product-image fusion-post-card-image fusion-post-card-image-1 has-aspect-ratio\" data-layout=\"static\" style=\"--awb-aspect-ratio:3 \/ 2;\"><div  class=\"fusion-image-wrapper\" aria-haspopup=\"true\">\n\t\t\t\t\t\t\t<a href=\"https:\/\/www.mundusmaris.org\/de\/handwerklichen-fischerei-akademie\/baltic-fisheries-emergency-meeting-brussels-26-june-2024\/\" aria-label=\"Baltic Fisheries Emergency Meeting, Brussels, 26 June 2024\">\n\t\t\t\t\t\t\t<img decoding=\"async\" width=\"500\" height=\"333\" src=\"https:\/\/www.mundusmaris.org\/wp-content\/uploads\/2024\/08\/MartaCavalle_BrianORiordan.jpg\" class=\"attachment-full size-full wp-post-image\" alt=\"\" srcset=\"https:\/\/www.mundusmaris.org\/wp-content\/uploads\/2024\/08\/MartaCavalle_BrianORiordan-200x133.jpg 200w, https:\/\/www.mundusmaris.org\/wp-content\/uploads\/2024\/08\/MartaCavalle_BrianORiordan-400x266.jpg 400w, https:\/\/www.mundusmaris.org\/wp-content\/uploads\/2024\/08\/MartaCavalle_BrianORiordan.jpg 500w\" sizes=\"(min-width: 2200px) 100vw, (min-width: 784px) 373px, (min-width: 712px) 560px, (min-width: 640px) 712px, \" \/>\t\t\t<\/a>\n\t\t\t\t\t\t\t<\/div>\n<\/div><div class=\"fusion-meta-tb fusion-meta-tb-130 floated\" style=\"--awb-border-top:0px;--awb-height:36px;--awb-alignment-medium:flex-start;--awb-alignment-small:flex-start;\"><span class=\"fusion-tb-published-date\">Published On: 28. Juni 2024<\/span><span class=\"fusion-meta-tb-sep\"><\/span><\/div><div class=\"fusion-title title fusion-title-130 fusion-sep-none fusion-title-text fusion-title-size-four\" style=\"--awb-margin-top:20px;--awb-margin-right:20px;--awb-margin-bottom:20px;--awb-margin-left:20px;--awb-margin-top-small:10px;--awb-margin-right-small:0px;--awb-margin-bottom-small:10px;--awb-margin-left-small:0px;--awb-font-size:24px;\"><h4 class=\"fusion-title-heading title-heading-left\" style=\"font-family:&quot;IBM Plex Sans Condensed&quot;;font-style:normal;font-weight:500;margin:0;font-size:1em;line-height:1.2;\"><a href=\"https:\/\/www.mundusmaris.org\/de\/handwerklichen-fischerei-akademie\/baltic-fisheries-emergency-meeting-brussels-26-june-2024\/\" class=\"awb-custom-text-color awb-custom-text-hover-color\" target=\"_self\">Baltic Fisheries Emergency Meeting, Brussels, 26 June 2024<\/a><\/h4><\/div><\/div><\/li>\n<li class=\"fusion-layout-column fusion_builder_column fusion-builder-column-132 fusion-flex-column post-card fusion-grid-column fusion-post-cards-grid-column\" style=\"--awb-bg-color:var(--awb-color1);--awb-bg-color-hover:var(--awb-color1);--awb-bg-blend:overlay;--awb-bg-size:cover;--awb-flex-grow:0;--awb-flex-shrink:0;--awb-flex-grow-medium:;--awb-flex-shrink-medium:;--awb-flex-grow-small:;--awb-flex-shrink-small:;\" data-scroll-devices=\"small-visibility,medium-visibility,large-visibility\"><div class=\"fusion-column-wrapper fusion-column-has-shadow fusion-flex-justify-content-space-around fusion-content-layout-column\"><div class=\"fusion-classic-product-image-wrapper fusion-woo-product-image fusion-post-card-image fusion-post-card-image-1 has-aspect-ratio\" data-layout=\"static\" style=\"--awb-aspect-ratio:3 \/ 2;\"><div  class=\"fusion-image-wrapper\" aria-haspopup=\"true\">\n\t\t\t\t\t\t\t<a href=\"https:\/\/www.mundusmaris.org\/de\/aktivitaten\/ozean-und-klimaschutz\/mundus-maris-concert-2024-in-belgium-oceanic-echoes\/\" aria-label=\"Mundus maris Concert 2024 in Belgium: Oceanic Echoes\">\n\t\t\t\t\t\t\t<img decoding=\"async\" width=\"500\" height=\"282\" src=\"https:\/\/www.mundusmaris.org\/wp-content\/uploads\/2024\/09\/DuskStringQuartet.jpg\" class=\"attachment-full size-full wp-post-image\" alt=\"\" srcset=\"https:\/\/www.mundusmaris.org\/wp-content\/uploads\/2024\/09\/DuskStringQuartet-200x113.jpg 200w, https:\/\/www.mundusmaris.org\/wp-content\/uploads\/2024\/09\/DuskStringQuartet-400x226.jpg 400w, https:\/\/www.mundusmaris.org\/wp-content\/uploads\/2024\/09\/DuskStringQuartet.jpg 500w\" sizes=\"(min-width: 2200px) 100vw, (min-width: 784px) 373px, (min-width: 712px) 560px, (min-width: 640px) 712px, \" \/>\t\t\t<\/a>\n\t\t\t\t\t\t\t<\/div>\n<\/div><div class=\"fusion-meta-tb fusion-meta-tb-131 floated\" style=\"--awb-border-top:0px;--awb-height:36px;--awb-alignment-medium:flex-start;--awb-alignment-small:flex-start;\"><span class=\"fusion-tb-published-date\">Published On: 21. Mai 2024<\/span><span class=\"fusion-meta-tb-sep\"><\/span><\/div><div class=\"fusion-title title fusion-title-131 fusion-sep-none fusion-title-text fusion-title-size-four\" style=\"--awb-margin-top:20px;--awb-margin-right:20px;--awb-margin-bottom:20px;--awb-margin-left:20px;--awb-margin-top-small:10px;--awb-margin-right-small:0px;--awb-margin-bottom-small:10px;--awb-margin-left-small:0px;--awb-font-size:24px;\"><h4 class=\"fusion-title-heading title-heading-left\" style=\"font-family:&quot;IBM Plex Sans Condensed&quot;;font-style:normal;font-weight:500;margin:0;font-size:1em;line-height:1.2;\"><a href=\"https:\/\/www.mundusmaris.org\/de\/aktivitaten\/ozean-und-klimaschutz\/mundus-maris-concert-2024-in-belgium-oceanic-echoes\/\" class=\"awb-custom-text-color awb-custom-text-hover-color\" target=\"_self\">Mundus maris Concert 2024 in Belgium: Oceanic Echoes<\/a><\/h4><\/div><\/div><\/li>\n<li class=\"fusion-layout-column fusion_builder_column fusion-builder-column-133 fusion-flex-column post-card fusion-grid-column fusion-post-cards-grid-column\" style=\"--awb-bg-color:var(--awb-color1);--awb-bg-color-hover:var(--awb-color1);--awb-bg-blend:overlay;--awb-bg-size:cover;--awb-flex-grow:0;--awb-flex-shrink:0;--awb-flex-grow-medium:;--awb-flex-shrink-medium:;--awb-flex-grow-small:;--awb-flex-shrink-small:;\" data-scroll-devices=\"small-visibility,medium-visibility,large-visibility\"><div class=\"fusion-column-wrapper fusion-column-has-shadow fusion-flex-justify-content-space-around fusion-content-layout-column\"><div class=\"fusion-classic-product-image-wrapper fusion-woo-product-image fusion-post-card-image fusion-post-card-image-1 has-aspect-ratio\" data-layout=\"static\" style=\"--awb-aspect-ratio:3 \/ 2;\"><div  class=\"fusion-image-wrapper\" aria-haspopup=\"true\">\n\t\t\t\t\t\t\t<a href=\"https:\/\/www.mundusmaris.org\/de\/aktivitaten\/ozean-und-klimaschutz\/visiting-the-international-tribunal-for-the-law-of-the-sea\/\" aria-label=\"Visiting the International Tribunal for the Law of the Sea\">\n\t\t\t\t\t\t\t<img decoding=\"async\" width=\"474\" height=\"246\" src=\"https:\/\/www.mundusmaris.org\/wp-content\/uploads\/2024\/09\/th-1944749416_ITLOS-buildings.jpeg\" class=\"attachment-full size-full wp-post-image\" alt=\"\" srcset=\"https:\/\/www.mundusmaris.org\/wp-content\/uploads\/2024\/09\/th-1944749416_ITLOS-buildings-200x104.jpeg 200w, https:\/\/www.mundusmaris.org\/wp-content\/uploads\/2024\/09\/th-1944749416_ITLOS-buildings-400x208.jpeg 400w, https:\/\/www.mundusmaris.org\/wp-content\/uploads\/2024\/09\/th-1944749416_ITLOS-buildings.jpeg 474w\" sizes=\"(min-width: 2200px) 100vw, (min-width: 784px) 373px, (min-width: 712px) 560px, (min-width: 640px) 712px, \" \/>\t\t\t<\/a>\n\t\t\t\t\t\t\t<\/div>\n<\/div><div class=\"fusion-meta-tb fusion-meta-tb-132 floated\" style=\"--awb-border-top:0px;--awb-height:36px;--awb-alignment-medium:flex-start;--awb-alignment-small:flex-start;\"><span class=\"fusion-tb-published-date\">Published On: 15. Mai 2024<\/span><span class=\"fusion-meta-tb-sep\"><\/span><\/div><div class=\"fusion-title title fusion-title-132 fusion-sep-none fusion-title-text fusion-title-size-four\" style=\"--awb-margin-top:20px;--awb-margin-right:20px;--awb-margin-bottom:20px;--awb-margin-left:20px;--awb-margin-top-small:10px;--awb-margin-right-small:0px;--awb-margin-bottom-small:10px;--awb-margin-left-small:0px;--awb-font-size:24px;\"><h4 class=\"fusion-title-heading title-heading-left\" style=\"font-family:&quot;IBM Plex Sans Condensed&quot;;font-style:normal;font-weight:500;margin:0;font-size:1em;line-height:1.2;\"><a href=\"https:\/\/www.mundusmaris.org\/de\/aktivitaten\/ozean-und-klimaschutz\/visiting-the-international-tribunal-for-the-law-of-the-sea\/\" class=\"awb-custom-text-color awb-custom-text-hover-color\" target=\"_self\">Visiting the International Tribunal for the Law of the Sea<\/a><\/h4><\/div><\/div><\/li>\n<li class=\"fusion-layout-column fusion_builder_column fusion-builder-column-134 fusion-flex-column post-card fusion-grid-column fusion-post-cards-grid-column\" style=\"--awb-bg-color:var(--awb-color1);--awb-bg-color-hover:var(--awb-color1);--awb-bg-blend:overlay;--awb-bg-size:cover;--awb-flex-grow:0;--awb-flex-shrink:0;--awb-flex-grow-medium:;--awb-flex-shrink-medium:;--awb-flex-grow-small:;--awb-flex-shrink-small:;\" data-scroll-devices=\"small-visibility,medium-visibility,large-visibility\"><div class=\"fusion-column-wrapper fusion-column-has-shadow fusion-flex-justify-content-space-around fusion-content-layout-column\"><div class=\"fusion-classic-product-image-wrapper fusion-woo-product-image fusion-post-card-image fusion-post-card-image-1 has-aspect-ratio\" data-layout=\"static\" style=\"--awb-aspect-ratio:3 \/ 2;\"><div  class=\"fusion-image-wrapper\" aria-haspopup=\"true\">\n\t\t\t\t\t\t\t<a href=\"https:\/\/www.mundusmaris.org\/de\/handwerklichen-fischerei-akademie\/ambivalent-role-of-market-and-technology-in-the-transitions-from-vulnerability-to-viability-nexus-in-senegal-ssf\/\" aria-label=\"Ambivalent role of Market and Technology in the Transitions from Vulnerability to Viability: Nexus in Senegal SSF\">\n\t\t\t\t\t\t\t<img decoding=\"async\" width=\"400\" height=\"226\" src=\"https:\/\/www.mundusmaris.org\/wp-content\/uploads\/2024\/04\/AliouSall2024.jpg\" class=\"attachment-full size-full wp-post-image\" alt=\"\" srcset=\"https:\/\/www.mundusmaris.org\/wp-content\/uploads\/2024\/04\/AliouSall2024-200x113.jpg 200w, https:\/\/www.mundusmaris.org\/wp-content\/uploads\/2024\/04\/AliouSall2024.jpg 400w\" sizes=\"(min-width: 2200px) 100vw, (min-width: 784px) 373px, (min-width: 712px) 560px, (min-width: 640px) 712px, \" \/>\t\t\t<\/a>\n\t\t\t\t\t\t\t<\/div>\n<\/div><div class=\"fusion-meta-tb fusion-meta-tb-133 floated\" style=\"--awb-border-top:0px;--awb-height:36px;--awb-alignment-medium:flex-start;--awb-alignment-small:flex-start;\"><span class=\"fusion-tb-published-date\">Published On: 26. April 2024<\/span><span class=\"fusion-meta-tb-sep\"><\/span><\/div><div class=\"fusion-title title fusion-title-133 fusion-sep-none fusion-title-text fusion-title-size-four\" style=\"--awb-margin-top:20px;--awb-margin-right:20px;--awb-margin-bottom:20px;--awb-margin-left:20px;--awb-margin-top-small:10px;--awb-margin-right-small:0px;--awb-margin-bottom-small:10px;--awb-margin-left-small:0px;--awb-font-size:24px;\"><h4 class=\"fusion-title-heading title-heading-left\" style=\"font-family:&quot;IBM Plex Sans Condensed&quot;;font-style:normal;font-weight:500;margin:0;font-size:1em;line-height:1.2;\"><a href=\"https:\/\/www.mundusmaris.org\/de\/handwerklichen-fischerei-akademie\/ambivalent-role-of-market-and-technology-in-the-transitions-from-vulnerability-to-viability-nexus-in-senegal-ssf\/\" class=\"awb-custom-text-color awb-custom-text-hover-color\" target=\"_self\">Ambivalent role of Market and Technology in the Transitions from Vulnerability to Viability: Nexus in Senegal SSF<\/a><\/h4><\/div><\/div><\/li>\n<li class=\"fusion-layout-column fusion_builder_column fusion-builder-column-135 fusion-flex-column post-card fusion-grid-column fusion-post-cards-grid-column\" style=\"--awb-bg-color:var(--awb-color1);--awb-bg-color-hover:var(--awb-color1);--awb-bg-blend:overlay;--awb-bg-size:cover;--awb-flex-grow:0;--awb-flex-shrink:0;--awb-flex-grow-medium:;--awb-flex-shrink-medium:;--awb-flex-grow-small:;--awb-flex-shrink-small:;\" data-scroll-devices=\"small-visibility,medium-visibility,large-visibility\"><div class=\"fusion-column-wrapper fusion-column-has-shadow fusion-flex-justify-content-space-around fusion-content-layout-column\"><div class=\"fusion-classic-product-image-wrapper fusion-woo-product-image fusion-post-card-image fusion-post-card-image-1 has-aspect-ratio\" data-layout=\"static\" style=\"--awb-aspect-ratio:3 \/ 2;\"><div  class=\"fusion-image-wrapper\" aria-haspopup=\"true\">\n\t\t\t\t\t\t\t<a href=\"https:\/\/www.mundusmaris.org\/de\/aktivitaten\/microplastic-a-public-health-issue\/\" aria-label=\"Microplastic, a public health issue\">\n\t\t\t\t\t\t\t<img decoding=\"async\" width=\"800\" height=\"500\" src=\"https:\/\/www.mundusmaris.org\/wp-content\/uploads\/2024\/04\/copertina_posts_microplastic.jpg\" class=\"attachment-full size-full wp-post-image\" alt=\"\" srcset=\"https:\/\/www.mundusmaris.org\/wp-content\/uploads\/2024\/04\/copertina_posts_microplastic-200x125.jpg 200w, https:\/\/www.mundusmaris.org\/wp-content\/uploads\/2024\/04\/copertina_posts_microplastic-400x250.jpg 400w, https:\/\/www.mundusmaris.org\/wp-content\/uploads\/2024\/04\/copertina_posts_microplastic-600x375.jpg 600w, https:\/\/www.mundusmaris.org\/wp-content\/uploads\/2024\/04\/copertina_posts_microplastic.jpg 800w\" sizes=\"(min-width: 2200px) 100vw, (min-width: 784px) 373px, (min-width: 712px) 560px, (min-width: 640px) 712px, \" \/>\t\t\t<\/a>\n\t\t\t\t\t\t\t<\/div>\n<\/div><div class=\"fusion-meta-tb fusion-meta-tb-134 floated\" style=\"--awb-border-top:0px;--awb-height:36px;--awb-alignment-medium:flex-start;--awb-alignment-small:flex-start;\"><span class=\"fusion-tb-published-date\">Published On: 5. April 2024<\/span><span class=\"fusion-meta-tb-sep\"><\/span><\/div><div class=\"fusion-title title fusion-title-134 fusion-sep-none fusion-title-text fusion-title-size-four\" style=\"--awb-margin-top:20px;--awb-margin-right:20px;--awb-margin-bottom:20px;--awb-margin-left:20px;--awb-margin-top-small:10px;--awb-margin-right-small:0px;--awb-margin-bottom-small:10px;--awb-margin-left-small:0px;--awb-font-size:24px;\"><h4 class=\"fusion-title-heading title-heading-left\" style=\"font-family:&quot;IBM Plex Sans Condensed&quot;;font-style:normal;font-weight:500;margin:0;font-size:1em;line-height:1.2;\"><a href=\"https:\/\/www.mundusmaris.org\/de\/aktivitaten\/microplastic-a-public-health-issue\/\" class=\"awb-custom-text-color awb-custom-text-hover-color\" target=\"_self\">Microplastic, a public health issue<\/a><\/h4><\/div><\/div><\/li>\n<li class=\"fusion-layout-column fusion_builder_column fusion-builder-column-136 fusion-flex-column post-card fusion-grid-column fusion-post-cards-grid-column\" style=\"--awb-bg-color:var(--awb-color1);--awb-bg-color-hover:var(--awb-color1);--awb-bg-blend:overlay;--awb-bg-size:cover;--awb-flex-grow:0;--awb-flex-shrink:0;--awb-flex-grow-medium:;--awb-flex-shrink-medium:;--awb-flex-grow-small:;--awb-flex-shrink-small:;\" data-scroll-devices=\"small-visibility,medium-visibility,large-visibility\"><div class=\"fusion-column-wrapper fusion-column-has-shadow fusion-flex-justify-content-space-around fusion-content-layout-column\"><div class=\"fusion-classic-product-image-wrapper fusion-woo-product-image fusion-post-card-image fusion-post-card-image-1 has-aspect-ratio\" data-layout=\"static\" style=\"--awb-aspect-ratio:3 \/ 2;\"><div  class=\"fusion-image-wrapper\" aria-haspopup=\"true\">\n\t\t\t\t\t\t\t<a href=\"https:\/\/www.mundusmaris.org\/de\/handwerklichen-fischerei-akademie\/shell-fisheries-as-stewardship-for-mangroves\/\" aria-label=\"Shell fisheries as stewardship for mangroves\">\n\t\t\t\t\t\t\t<img decoding=\"async\" width=\"500\" height=\"333\" src=\"https:\/\/www.mundusmaris.org\/wp-content\/uploads\/2024\/09\/mangrove-798578_1280SilvieDelogeOnPixabay.jpg\" class=\"attachment-full size-full wp-post-image\" alt=\"\" srcset=\"https:\/\/www.mundusmaris.org\/wp-content\/uploads\/2024\/09\/mangrove-798578_1280SilvieDelogeOnPixabay-200x133.jpg 200w, https:\/\/www.mundusmaris.org\/wp-content\/uploads\/2024\/09\/mangrove-798578_1280SilvieDelogeOnPixabay-400x266.jpg 400w, https:\/\/www.mundusmaris.org\/wp-content\/uploads\/2024\/09\/mangrove-798578_1280SilvieDelogeOnPixabay.jpg 500w\" sizes=\"(min-width: 2200px) 100vw, (min-width: 784px) 373px, (min-width: 712px) 560px, (min-width: 640px) 712px, \" \/>\t\t\t<\/a>\n\t\t\t\t\t\t\t<\/div>\n<\/div><div class=\"fusion-meta-tb fusion-meta-tb-135 floated\" style=\"--awb-border-top:0px;--awb-height:36px;--awb-alignment-medium:flex-start;--awb-alignment-small:flex-start;\"><span class=\"fusion-tb-published-date\">Published On: 31. M\u00e4rz 2024<\/span><span class=\"fusion-meta-tb-sep\"><\/span><\/div><div class=\"fusion-title title fusion-title-135 fusion-sep-none fusion-title-text fusion-title-size-four\" style=\"--awb-margin-top:20px;--awb-margin-right:20px;--awb-margin-bottom:20px;--awb-margin-left:20px;--awb-margin-top-small:10px;--awb-margin-right-small:0px;--awb-margin-bottom-small:10px;--awb-margin-left-small:0px;--awb-font-size:24px;\"><h4 class=\"fusion-title-heading title-heading-left\" style=\"font-family:&quot;IBM Plex Sans Condensed&quot;;font-style:normal;font-weight:500;margin:0;font-size:1em;line-height:1.2;\"><a href=\"https:\/\/www.mundusmaris.org\/de\/handwerklichen-fischerei-akademie\/shell-fisheries-as-stewardship-for-mangroves\/\" class=\"awb-custom-text-color awb-custom-text-hover-color\" target=\"_self\">Shell fisheries as stewardship for mangroves<\/a><\/h4><\/div><\/div><\/li>\n<li class=\"fusion-layout-column fusion_builder_column fusion-builder-column-137 fusion-flex-column post-card fusion-grid-column fusion-post-cards-grid-column\" style=\"--awb-bg-color:var(--awb-color1);--awb-bg-color-hover:var(--awb-color1);--awb-bg-blend:overlay;--awb-bg-size:cover;--awb-flex-grow:0;--awb-flex-shrink:0;--awb-flex-grow-medium:;--awb-flex-shrink-medium:;--awb-flex-grow-small:;--awb-flex-shrink-small:;\" data-scroll-devices=\"small-visibility,medium-visibility,large-visibility\"><div class=\"fusion-column-wrapper fusion-column-has-shadow fusion-flex-justify-content-space-around fusion-content-layout-column\"><div class=\"fusion-classic-product-image-wrapper fusion-woo-product-image fusion-post-card-image fusion-post-card-image-1 has-aspect-ratio\" data-layout=\"static\" style=\"--awb-aspect-ratio:3 \/ 2;\"><div  class=\"fusion-image-wrapper\" aria-haspopup=\"true\">\n\t\t\t\t\t\t\t<a href=\"https:\/\/www.mundusmaris.org\/de\/ausstellungen\/prevent-marine-pollution-respect-the-sea\/\" aria-label=\"Prevent marine pollution, respect the sea\">\n\t\t\t\t\t\t\t<img decoding=\"async\" width=\"800\" height=\"500\" src=\"https:\/\/www.mundusmaris.org\/wp-content\/uploads\/2024\/03\/PartialViewVianaDoCastelo_800x500.jpg\" class=\"attachment-full size-full wp-post-image\" alt=\"\" srcset=\"https:\/\/www.mundusmaris.org\/wp-content\/uploads\/2024\/03\/PartialViewVianaDoCastelo_800x500-200x125.jpg 200w, https:\/\/www.mundusmaris.org\/wp-content\/uploads\/2024\/03\/PartialViewVianaDoCastelo_800x500-400x250.jpg 400w, https:\/\/www.mundusmaris.org\/wp-content\/uploads\/2024\/03\/PartialViewVianaDoCastelo_800x500-600x375.jpg 600w, https:\/\/www.mundusmaris.org\/wp-content\/uploads\/2024\/03\/PartialViewVianaDoCastelo_800x500.jpg 800w\" sizes=\"(min-width: 2200px) 100vw, (min-width: 784px) 373px, (min-width: 712px) 560px, (min-width: 640px) 712px, \" \/>\t\t\t<\/a>\n\t\t\t\t\t\t\t<\/div>\n<\/div><div class=\"fusion-meta-tb fusion-meta-tb-136 floated\" style=\"--awb-border-top:0px;--awb-height:36px;--awb-alignment-medium:flex-start;--awb-alignment-small:flex-start;\"><span class=\"fusion-tb-published-date\">Published On: 28. M\u00e4rz 2024<\/span><span class=\"fusion-meta-tb-sep\"><\/span><\/div><div class=\"fusion-title title fusion-title-136 fusion-sep-none fusion-title-text fusion-title-size-four\" style=\"--awb-margin-top:20px;--awb-margin-right:20px;--awb-margin-bottom:20px;--awb-margin-left:20px;--awb-margin-top-small:10px;--awb-margin-right-small:0px;--awb-margin-bottom-small:10px;--awb-margin-left-small:0px;--awb-font-size:24px;\"><h4 class=\"fusion-title-heading title-heading-left\" style=\"font-family:&quot;IBM Plex Sans Condensed&quot;;font-style:normal;font-weight:500;margin:0;font-size:1em;line-height:1.2;\"><a href=\"https:\/\/www.mundusmaris.org\/de\/ausstellungen\/prevent-marine-pollution-respect-the-sea\/\" class=\"awb-custom-text-color awb-custom-text-hover-color\" target=\"_self\">Prevent marine pollution, respect the sea<\/a><\/h4><\/div><\/div><\/li>\n<li class=\"fusion-layout-column fusion_builder_column fusion-builder-column-138 fusion-flex-column post-card fusion-grid-column fusion-post-cards-grid-column\" style=\"--awb-bg-color:var(--awb-color1);--awb-bg-color-hover:var(--awb-color1);--awb-bg-blend:overlay;--awb-bg-size:cover;--awb-flex-grow:0;--awb-flex-shrink:0;--awb-flex-grow-medium:;--awb-flex-shrink-medium:;--awb-flex-grow-small:;--awb-flex-shrink-small:;\" data-scroll-devices=\"small-visibility,medium-visibility,large-visibility\"><div class=\"fusion-column-wrapper fusion-column-has-shadow fusion-flex-justify-content-space-around fusion-content-layout-column\"><div class=\"fusion-classic-product-image-wrapper fusion-woo-product-image fusion-post-card-image fusion-post-card-image-1 has-aspect-ratio\" data-layout=\"static\" style=\"--awb-aspect-ratio:3 \/ 2;\"><div  class=\"fusion-image-wrapper\" aria-haspopup=\"true\">\n\t\t\t\t\t\t\t<a href=\"https:\/\/www.mundusmaris.org\/de\/veranstaltung\/where-skies-and-seas-meet-climate-and-ocean-interdependence-in-policy-making\/\" aria-label=\"Where skies and seas meet: Climate and ocean interdependence in policy making\">\n\t\t\t\t\t\t\t<img decoding=\"async\" width=\"499\" height=\"328\" src=\"https:\/\/www.mundusmaris.org\/wp-content\/uploads\/2024\/09\/th-2762075910_logo.jpg\" class=\"attachment-full size-full wp-post-image\" alt=\"\" srcset=\"https:\/\/www.mundusmaris.org\/wp-content\/uploads\/2024\/09\/th-2762075910_logo-200x131.jpg 200w, https:\/\/www.mundusmaris.org\/wp-content\/uploads\/2024\/09\/th-2762075910_logo-400x263.jpg 400w, https:\/\/www.mundusmaris.org\/wp-content\/uploads\/2024\/09\/th-2762075910_logo.jpg 499w\" sizes=\"(min-width: 2200px) 100vw, (min-width: 784px) 373px, (min-width: 712px) 560px, (min-width: 640px) 712px, \" \/>\t\t\t<\/a>\n\t\t\t\t\t\t\t<\/div>\n<\/div><div class=\"fusion-meta-tb fusion-meta-tb-137 floated\" style=\"--awb-border-top:0px;--awb-height:36px;--awb-alignment-medium:flex-start;--awb-alignment-small:flex-start;\"><span class=\"fusion-tb-published-date\">Published On: 29. Februar 2024<\/span><span class=\"fusion-meta-tb-sep\"><\/span><\/div><div class=\"fusion-title title fusion-title-137 fusion-sep-none fusion-title-text fusion-title-size-four\" style=\"--awb-margin-top:20px;--awb-margin-right:20px;--awb-margin-bottom:20px;--awb-margin-left:20px;--awb-margin-top-small:10px;--awb-margin-right-small:0px;--awb-margin-bottom-small:10px;--awb-margin-left-small:0px;--awb-font-size:24px;\"><h4 class=\"fusion-title-heading title-heading-left\" style=\"font-family:&quot;IBM Plex Sans Condensed&quot;;font-style:normal;font-weight:500;margin:0;font-size:1em;line-height:1.2;\"><a href=\"https:\/\/www.mundusmaris.org\/de\/veranstaltung\/where-skies-and-seas-meet-climate-and-ocean-interdependence-in-policy-making\/\" class=\"awb-custom-text-color awb-custom-text-hover-color\" target=\"_self\">Where skies and seas meet: Climate and ocean interdependence in policy making<\/a><\/h4><\/div><\/div><\/li>\n<li class=\"fusion-layout-column fusion_builder_column fusion-builder-column-139 fusion-flex-column post-card fusion-grid-column fusion-post-cards-grid-column\" style=\"--awb-bg-color:var(--awb-color1);--awb-bg-color-hover:var(--awb-color1);--awb-bg-blend:overlay;--awb-bg-size:cover;--awb-flex-grow:0;--awb-flex-shrink:0;--awb-flex-grow-medium:;--awb-flex-shrink-medium:;--awb-flex-grow-small:;--awb-flex-shrink-small:;\" data-scroll-devices=\"small-visibility,medium-visibility,large-visibility\"><div class=\"fusion-column-wrapper fusion-column-has-shadow fusion-flex-justify-content-space-around fusion-content-layout-column\"><div class=\"fusion-classic-product-image-wrapper fusion-woo-product-image fusion-post-card-image fusion-post-card-image-1 has-aspect-ratio\" data-layout=\"static\" style=\"--awb-aspect-ratio:3 \/ 2;\"><div  class=\"fusion-image-wrapper\" aria-haspopup=\"true\">\n\t\t\t\t\t\t\t<a href=\"https:\/\/www.mundusmaris.org\/de\/aktivitaten\/wto-wir-brauchen-ein-ehrgeiziges-abkommen-um-schaedliche-fischereisubventionen-zu-stoppen\/\" aria-label=\"WTO: Wir brauchen ein ehrgeiziges Abkommen, um sch\u00e4dliche Fischereisubventionen zu stoppen\">\n\t\t\t\t\t\t\t<img decoding=\"async\" width=\"800\" height=\"500\" src=\"https:\/\/www.mundusmaris.org\/wp-content\/uploads\/2024\/04\/wto_copertina_800x500.jpg\" class=\"attachment-full size-full wp-post-image\" alt=\"\" srcset=\"https:\/\/www.mundusmaris.org\/wp-content\/uploads\/2024\/04\/wto_copertina_800x500-200x125.jpg 200w, https:\/\/www.mundusmaris.org\/wp-content\/uploads\/2024\/04\/wto_copertina_800x500-400x250.jpg 400w, https:\/\/www.mundusmaris.org\/wp-content\/uploads\/2024\/04\/wto_copertina_800x500-600x375.jpg 600w, https:\/\/www.mundusmaris.org\/wp-content\/uploads\/2024\/04\/wto_copertina_800x500.jpg 800w\" sizes=\"(min-width: 2200px) 100vw, (min-width: 784px) 373px, (min-width: 712px) 560px, (min-width: 640px) 712px, \" \/>\t\t\t<\/a>\n\t\t\t\t\t\t\t<\/div>\n<\/div><div class=\"fusion-meta-tb fusion-meta-tb-138 floated\" style=\"--awb-border-top:0px;--awb-height:36px;--awb-alignment-medium:flex-start;--awb-alignment-small:flex-start;\"><span class=\"fusion-tb-published-date\">Published On: 18. Februar 2024<\/span><span class=\"fusion-meta-tb-sep\"><\/span><\/div><div class=\"fusion-title title fusion-title-138 fusion-sep-none fusion-title-text fusion-title-size-four\" style=\"--awb-margin-top:20px;--awb-margin-right:20px;--awb-margin-bottom:20px;--awb-margin-left:20px;--awb-margin-top-small:10px;--awb-margin-right-small:0px;--awb-margin-bottom-small:10px;--awb-margin-left-small:0px;--awb-font-size:24px;\"><h4 class=\"fusion-title-heading title-heading-left\" style=\"font-family:&quot;IBM Plex Sans Condensed&quot;;font-style:normal;font-weight:500;margin:0;font-size:1em;line-height:1.2;\"><a href=\"https:\/\/www.mundusmaris.org\/de\/aktivitaten\/wto-wir-brauchen-ein-ehrgeiziges-abkommen-um-schaedliche-fischereisubventionen-zu-stoppen\/\" class=\"awb-custom-text-color awb-custom-text-hover-color\" target=\"_self\">WTO: Wir brauchen ein ehrgeiziges Abkommen, um sch\u00e4dliche Fischereisubventionen zu stoppen<\/a><\/h4><\/div><\/div><\/li>\n<li class=\"fusion-layout-column fusion_builder_column fusion-builder-column-140 fusion-flex-column post-card fusion-grid-column fusion-post-cards-grid-column\" style=\"--awb-bg-color:var(--awb-color1);--awb-bg-color-hover:var(--awb-color1);--awb-bg-blend:overlay;--awb-bg-size:cover;--awb-flex-grow:0;--awb-flex-shrink:0;--awb-flex-grow-medium:;--awb-flex-shrink-medium:;--awb-flex-grow-small:;--awb-flex-shrink-small:;\" data-scroll-devices=\"small-visibility,medium-visibility,large-visibility\"><div class=\"fusion-column-wrapper fusion-column-has-shadow fusion-flex-justify-content-space-around fusion-content-layout-column\"><div class=\"fusion-classic-product-image-wrapper fusion-woo-product-image fusion-post-card-image fusion-post-card-image-1 has-aspect-ratio\" data-layout=\"static\" style=\"--awb-aspect-ratio:3 \/ 2;\"><div  class=\"fusion-image-wrapper\" aria-haspopup=\"true\">\n\t\t\t\t\t\t\t<a href=\"https:\/\/www.mundusmaris.org\/de\/aktivitaten\/mundus-maris-auf-der-boot-2024-ein-grosser-erfolg\/\" aria-label=\"Mundus maris at Boot 2024 &#8211; Great success!\">\n\t\t\t\t\t\t\t<img decoding=\"async\" width=\"800\" height=\"500\" src=\"https:\/\/www.mundusmaris.org\/wp-content\/uploads\/2024\/04\/copertina_posts_boot.jpg\" class=\"attachment-full size-full wp-post-image\" alt=\"\" srcset=\"https:\/\/www.mundusmaris.org\/wp-content\/uploads\/2024\/04\/copertina_posts_boot-200x125.jpg 200w, https:\/\/www.mundusmaris.org\/wp-content\/uploads\/2024\/04\/copertina_posts_boot-400x250.jpg 400w, https:\/\/www.mundusmaris.org\/wp-content\/uploads\/2024\/04\/copertina_posts_boot-600x375.jpg 600w, https:\/\/www.mundusmaris.org\/wp-content\/uploads\/2024\/04\/copertina_posts_boot.jpg 800w\" sizes=\"(min-width: 2200px) 100vw, (min-width: 784px) 373px, (min-width: 712px) 560px, (min-width: 640px) 712px, \" \/>\t\t\t<\/a>\n\t\t\t\t\t\t\t<\/div>\n<\/div><div class=\"fusion-meta-tb fusion-meta-tb-139 floated\" style=\"--awb-border-top:0px;--awb-height:36px;--awb-alignment-medium:flex-start;--awb-alignment-small:flex-start;\"><span class=\"fusion-tb-published-date\">Published On: 28. Januar 2024<\/span><span class=\"fusion-meta-tb-sep\"><\/span><\/div><div class=\"fusion-title title fusion-title-139 fusion-sep-none fusion-title-text fusion-title-size-four\" style=\"--awb-margin-top:20px;--awb-margin-right:20px;--awb-margin-bottom:20px;--awb-margin-left:20px;--awb-margin-top-small:10px;--awb-margin-right-small:0px;--awb-margin-bottom-small:10px;--awb-margin-left-small:0px;--awb-font-size:24px;\"><h4 class=\"fusion-title-heading title-heading-left\" style=\"font-family:&quot;IBM Plex Sans Condensed&quot;;font-style:normal;font-weight:500;margin:0;font-size:1em;line-height:1.2;\"><a href=\"https:\/\/www.mundusmaris.org\/de\/aktivitaten\/mundus-maris-auf-der-boot-2024-ein-grosser-erfolg\/\" class=\"awb-custom-text-color awb-custom-text-hover-color\" target=\"_self\">Mundus maris at Boot 2024 &#8211; Great success!<\/a><\/h4><\/div><\/div><\/li>\n<li class=\"fusion-layout-column fusion_builder_column fusion-builder-column-141 fusion-flex-column post-card fusion-grid-column fusion-post-cards-grid-column\" style=\"--awb-bg-color:var(--awb-color1);--awb-bg-color-hover:var(--awb-color1);--awb-bg-blend:overlay;--awb-bg-size:cover;--awb-flex-grow:0;--awb-flex-shrink:0;--awb-flex-grow-medium:;--awb-flex-shrink-medium:;--awb-flex-grow-small:;--awb-flex-shrink-small:;\" data-scroll-devices=\"small-visibility,medium-visibility,large-visibility\"><div class=\"fusion-column-wrapper fusion-column-has-shadow fusion-flex-justify-content-space-around fusion-content-layout-column\"><div class=\"fusion-classic-product-image-wrapper fusion-woo-product-image fusion-post-card-image fusion-post-card-image-1 has-aspect-ratio\" data-layout=\"static\" style=\"--awb-aspect-ratio:3 \/ 2;\"><div  class=\"fusion-image-wrapper\" aria-haspopup=\"true\">\n\t\t\t\t\t\t\t<a href=\"https:\/\/www.mundusmaris.org\/de\/meeresfruechte-die-wir-essen\/un-sonderberichterstatter-fuer-das-recht-auf-nahrung\/\" aria-label=\"UN-Sonderberichterstatter f\u00fcr das Recht auf Nahrung\">\n\t\t\t\t\t\t\t<img decoding=\"async\" width=\"800\" height=\"500\" src=\"https:\/\/www.mundusmaris.org\/wp-content\/uploads\/2023\/12\/800x500.jpg\" class=\"attachment-full size-full wp-post-image\" alt=\"\" srcset=\"https:\/\/www.mundusmaris.org\/wp-content\/uploads\/2023\/12\/800x500-200x125.jpg 200w, https:\/\/www.mundusmaris.org\/wp-content\/uploads\/2023\/12\/800x500-400x250.jpg 400w, https:\/\/www.mundusmaris.org\/wp-content\/uploads\/2023\/12\/800x500-600x375.jpg 600w, https:\/\/www.mundusmaris.org\/wp-content\/uploads\/2023\/12\/800x500.jpg 800w\" sizes=\"(min-width: 2200px) 100vw, (min-width: 784px) 373px, (min-width: 712px) 560px, (min-width: 640px) 712px, \" \/>\t\t\t<\/a>\n\t\t\t\t\t\t\t<\/div>\n<\/div><div class=\"fusion-meta-tb fusion-meta-tb-140 floated\" style=\"--awb-border-top:0px;--awb-height:36px;--awb-alignment-medium:flex-start;--awb-alignment-small:flex-start;\"><span class=\"fusion-tb-published-date\">Published On: 30. Dezember 2023<\/span><span class=\"fusion-meta-tb-sep\"><\/span><\/div><div class=\"fusion-title title fusion-title-140 fusion-sep-none fusion-title-text fusion-title-size-four\" style=\"--awb-margin-top:20px;--awb-margin-right:20px;--awb-margin-bottom:20px;--awb-margin-left:20px;--awb-margin-top-small:10px;--awb-margin-right-small:0px;--awb-margin-bottom-small:10px;--awb-margin-left-small:0px;--awb-font-size:24px;\"><h4 class=\"fusion-title-heading title-heading-left\" style=\"font-family:&quot;IBM Plex Sans Condensed&quot;;font-style:normal;font-weight:500;margin:0;font-size:1em;line-height:1.2;\"><a href=\"https:\/\/www.mundusmaris.org\/de\/meeresfruechte-die-wir-essen\/un-sonderberichterstatter-fuer-das-recht-auf-nahrung\/\" class=\"awb-custom-text-color awb-custom-text-hover-color\" target=\"_self\">UN-Sonderberichterstatter f\u00fcr das Recht auf Nahrung<\/a><\/h4><\/div><\/div><\/li>\n<li class=\"fusion-layout-column fusion_builder_column fusion-builder-column-142 fusion-flex-column post-card fusion-grid-column fusion-post-cards-grid-column\" style=\"--awb-bg-color:var(--awb-color1);--awb-bg-color-hover:var(--awb-color1);--awb-bg-blend:overlay;--awb-bg-size:cover;--awb-flex-grow:0;--awb-flex-shrink:0;--awb-flex-grow-medium:;--awb-flex-shrink-medium:;--awb-flex-grow-small:;--awb-flex-shrink-small:;\" data-scroll-devices=\"small-visibility,medium-visibility,large-visibility\"><div class=\"fusion-column-wrapper fusion-column-has-shadow fusion-flex-justify-content-space-around fusion-content-layout-column\"><div class=\"fusion-classic-product-image-wrapper fusion-woo-product-image fusion-post-card-image fusion-post-card-image-1 has-aspect-ratio\" data-layout=\"static\" style=\"--awb-aspect-ratio:3 \/ 2;\"><div  class=\"fusion-image-wrapper\" aria-haspopup=\"true\">\n\t\t\t\t\t\t\t<a href=\"https:\/\/www.mundusmaris.org\/de\/aktivitaten\/wissenschaft-und-ihre-nutzung-in-einer-sich-veraendernden-welt\/\" aria-label=\"Wissenschaft und ihre Nutzung in einer sich ver\u00e4ndernden Welt\">\n\t\t\t\t\t\t\t<img decoding=\"async\" width=\"800\" height=\"500\" src=\"https:\/\/www.mundusmaris.org\/wp-content\/uploads\/2023\/12\/immagine-05-800x500-1.jpg\" class=\"attachment-full size-full wp-post-image\" alt=\"\" srcset=\"https:\/\/www.mundusmaris.org\/wp-content\/uploads\/2023\/12\/immagine-05-800x500-1-200x125.jpg 200w, https:\/\/www.mundusmaris.org\/wp-content\/uploads\/2023\/12\/immagine-05-800x500-1-400x250.jpg 400w, https:\/\/www.mundusmaris.org\/wp-content\/uploads\/2023\/12\/immagine-05-800x500-1-600x375.jpg 600w, https:\/\/www.mundusmaris.org\/wp-content\/uploads\/2023\/12\/immagine-05-800x500-1.jpg 800w\" sizes=\"(min-width: 2200px) 100vw, (min-width: 784px) 373px, (min-width: 712px) 560px, (min-width: 640px) 712px, \" \/>\t\t\t<\/a>\n\t\t\t\t\t\t\t<\/div>\n<\/div><div class=\"fusion-meta-tb fusion-meta-tb-141 floated\" style=\"--awb-border-top:0px;--awb-height:36px;--awb-alignment-medium:flex-start;--awb-alignment-small:flex-start;\"><span class=\"fusion-tb-published-date\">Published On: 30. Dezember 2023<\/span><span class=\"fusion-meta-tb-sep\"><\/span><\/div><div class=\"fusion-title title fusion-title-141 fusion-sep-none fusion-title-text fusion-title-size-four\" style=\"--awb-margin-top:20px;--awb-margin-right:20px;--awb-margin-bottom:20px;--awb-margin-left:20px;--awb-margin-top-small:10px;--awb-margin-right-small:0px;--awb-margin-bottom-small:10px;--awb-margin-left-small:0px;--awb-font-size:24px;\"><h4 class=\"fusion-title-heading title-heading-left\" style=\"font-family:&quot;IBM Plex Sans Condensed&quot;;font-style:normal;font-weight:500;margin:0;font-size:1em;line-height:1.2;\"><a href=\"https:\/\/www.mundusmaris.org\/de\/aktivitaten\/wissenschaft-und-ihre-nutzung-in-einer-sich-veraendernden-welt\/\" class=\"awb-custom-text-color awb-custom-text-hover-color\" target=\"_self\">Wissenschaft und ihre Nutzung in einer sich ver\u00e4ndernden Welt<\/a><\/h4><\/div><\/div><\/li>\n<li class=\"fusion-layout-column fusion_builder_column fusion-builder-column-143 fusion-flex-column post-card fusion-grid-column fusion-post-cards-grid-column\" style=\"--awb-bg-color:var(--awb-color1);--awb-bg-color-hover:var(--awb-color1);--awb-bg-blend:overlay;--awb-bg-size:cover;--awb-flex-grow:0;--awb-flex-shrink:0;--awb-flex-grow-medium:;--awb-flex-shrink-medium:;--awb-flex-grow-small:;--awb-flex-shrink-small:;\" data-scroll-devices=\"small-visibility,medium-visibility,large-visibility\"><div class=\"fusion-column-wrapper fusion-column-has-shadow fusion-flex-justify-content-space-around fusion-content-layout-column\"><div class=\"fusion-classic-product-image-wrapper fusion-woo-product-image fusion-post-card-image fusion-post-card-image-1 has-aspect-ratio\" data-layout=\"static\" style=\"--awb-aspect-ratio:3 \/ 2;\"><div  class=\"fusion-image-wrapper\" aria-haspopup=\"true\">\n\t\t\t\t\t\t\t<a href=\"https:\/\/www.mundusmaris.org\/de\/weltozeantag\/wod-2023-de\/the-book-of-the-marine-world-celebrating-world-ocean-day\/\" aria-label=\"The Book of the Marine World &#8211; celebrating World Ocean Day\">\n\t\t\t\t\t\t\t<img decoding=\"async\" width=\"1753\" height=\"1095\" src=\"https:\/\/www.mundusmaris.org\/wp-content\/uploads\/2023\/12\/Book_MarineWorld_A4_Cover-1.jpg\" class=\"attachment-full size-full wp-post-image\" alt=\"\" srcset=\"https:\/\/www.mundusmaris.org\/wp-content\/uploads\/2023\/12\/Book_MarineWorld_A4_Cover-1-200x125.jpg 200w, https:\/\/www.mundusmaris.org\/wp-content\/uploads\/2023\/12\/Book_MarineWorld_A4_Cover-1-400x250.jpg 400w, https:\/\/www.mundusmaris.org\/wp-content\/uploads\/2023\/12\/Book_MarineWorld_A4_Cover-1-600x375.jpg 600w, https:\/\/www.mundusmaris.org\/wp-content\/uploads\/2023\/12\/Book_MarineWorld_A4_Cover-1-800x500.jpg 800w, https:\/\/www.mundusmaris.org\/wp-content\/uploads\/2023\/12\/Book_MarineWorld_A4_Cover-1-1200x750.jpg 1200w, https:\/\/www.mundusmaris.org\/wp-content\/uploads\/2023\/12\/Book_MarineWorld_A4_Cover-1.jpg 1753w\" sizes=\"(min-width: 2200px) 100vw, (min-width: 784px) 373px, (min-width: 712px) 560px, (min-width: 640px) 712px, \" \/>\t\t\t<\/a>\n\t\t\t\t\t\t\t<\/div>\n<\/div><div class=\"fusion-meta-tb fusion-meta-tb-142 floated\" style=\"--awb-border-top:0px;--awb-height:36px;--awb-alignment-medium:flex-start;--awb-alignment-small:flex-start;\"><span class=\"fusion-tb-published-date\">Published On: 20. Dezember 2023<\/span><span class=\"fusion-meta-tb-sep\"><\/span><\/div><div class=\"fusion-title title fusion-title-142 fusion-sep-none fusion-title-text fusion-title-size-four\" style=\"--awb-margin-top:20px;--awb-margin-right:20px;--awb-margin-bottom:20px;--awb-margin-left:20px;--awb-margin-top-small:10px;--awb-margin-right-small:0px;--awb-margin-bottom-small:10px;--awb-margin-left-small:0px;--awb-font-size:24px;\"><h4 class=\"fusion-title-heading title-heading-left\" style=\"font-family:&quot;IBM Plex Sans Condensed&quot;;font-style:normal;font-weight:500;margin:0;font-size:1em;line-height:1.2;\"><a href=\"https:\/\/www.mundusmaris.org\/de\/weltozeantag\/wod-2023-de\/the-book-of-the-marine-world-celebrating-world-ocean-day\/\" class=\"awb-custom-text-color awb-custom-text-hover-color\" target=\"_self\">The Book of the Marine World &#8211; celebrating World Ocean Day<\/a><\/h4><\/div><\/div><\/li>\n<li class=\"fusion-layout-column fusion_builder_column fusion-builder-column-144 fusion-flex-column post-card fusion-grid-column fusion-post-cards-grid-column\" style=\"--awb-bg-color:var(--awb-color1);--awb-bg-color-hover:var(--awb-color1);--awb-bg-blend:overlay;--awb-bg-size:cover;--awb-flex-grow:0;--awb-flex-shrink:0;--awb-flex-grow-medium:;--awb-flex-shrink-medium:;--awb-flex-grow-small:;--awb-flex-shrink-small:;\" data-scroll-devices=\"small-visibility,medium-visibility,large-visibility\"><div class=\"fusion-column-wrapper fusion-column-has-shadow fusion-flex-justify-content-space-around fusion-content-layout-column\"><div class=\"fusion-classic-product-image-wrapper fusion-woo-product-image fusion-post-card-image fusion-post-card-image-1 has-aspect-ratio\" data-layout=\"static\" style=\"--awb-aspect-ratio:3 \/ 2;\"><div  class=\"fusion-image-wrapper\" aria-haspopup=\"true\">\n\t\t\t\t\t\t\t<a href=\"https:\/\/www.mundusmaris.org\/de\/unkategorisiert\/austausch-eigener-lebenserfahrung-mit-studenten\/\" aria-label=\"Austausch eigener Lebenserfahrung mit Studenten\">\n\t\t\t\t\t\t\t<img decoding=\"async\" width=\"1120\" height=\"641\" src=\"https:\/\/www.mundusmaris.org\/wp-content\/uploads\/2023\/12\/W-NEW_S_TXSTATE_RGB_Secondary_3color_V.jpg\" class=\"attachment-full size-full wp-post-image\" alt=\"\" srcset=\"https:\/\/www.mundusmaris.org\/wp-content\/uploads\/2023\/12\/W-NEW_S_TXSTATE_RGB_Secondary_3color_V-200x114.jpg 200w, https:\/\/www.mundusmaris.org\/wp-content\/uploads\/2023\/12\/W-NEW_S_TXSTATE_RGB_Secondary_3color_V-400x229.jpg 400w, https:\/\/www.mundusmaris.org\/wp-content\/uploads\/2023\/12\/W-NEW_S_TXSTATE_RGB_Secondary_3color_V-600x343.jpg 600w, https:\/\/www.mundusmaris.org\/wp-content\/uploads\/2023\/12\/W-NEW_S_TXSTATE_RGB_Secondary_3color_V-800x458.jpg 800w, https:\/\/www.mundusmaris.org\/wp-content\/uploads\/2023\/12\/W-NEW_S_TXSTATE_RGB_Secondary_3color_V.jpg 1120w\" sizes=\"(min-width: 2200px) 100vw, (min-width: 784px) 373px, (min-width: 712px) 560px, (min-width: 640px) 712px, \" \/>\t\t\t<\/a>\n\t\t\t\t\t\t\t<\/div>\n<\/div><div class=\"fusion-meta-tb fusion-meta-tb-143 floated\" style=\"--awb-border-top:0px;--awb-height:36px;--awb-alignment-medium:flex-start;--awb-alignment-small:flex-start;\"><span class=\"fusion-tb-published-date\">Published On: 20. Dezember 2023<\/span><span class=\"fusion-meta-tb-sep\"><\/span><\/div><div class=\"fusion-title title fusion-title-143 fusion-sep-none fusion-title-text fusion-title-size-four\" style=\"--awb-margin-top:20px;--awb-margin-right:20px;--awb-margin-bottom:20px;--awb-margin-left:20px;--awb-margin-top-small:10px;--awb-margin-right-small:0px;--awb-margin-bottom-small:10px;--awb-margin-left-small:0px;--awb-font-size:24px;\"><h4 class=\"fusion-title-heading title-heading-left\" style=\"font-family:&quot;IBM Plex Sans Condensed&quot;;font-style:normal;font-weight:500;margin:0;font-size:1em;line-height:1.2;\"><a href=\"https:\/\/www.mundusmaris.org\/de\/unkategorisiert\/austausch-eigener-lebenserfahrung-mit-studenten\/\" class=\"awb-custom-text-color awb-custom-text-hover-color\" target=\"_self\">Austausch eigener Lebenserfahrung mit Studenten<\/a><\/h4><\/div><\/div><\/li>\n<li class=\"fusion-layout-column fusion_builder_column fusion-builder-column-145 fusion-flex-column post-card fusion-grid-column fusion-post-cards-grid-column\" style=\"--awb-bg-color:var(--awb-color1);--awb-bg-color-hover:var(--awb-color1);--awb-bg-blend:overlay;--awb-bg-size:cover;--awb-flex-grow:0;--awb-flex-shrink:0;--awb-flex-grow-medium:;--awb-flex-shrink-medium:;--awb-flex-grow-small:;--awb-flex-shrink-small:;\" data-scroll-devices=\"small-visibility,medium-visibility,large-visibility\"><div class=\"fusion-column-wrapper fusion-column-has-shadow fusion-flex-justify-content-space-around fusion-content-layout-column\"><div class=\"fusion-classic-product-image-wrapper fusion-woo-product-image fusion-post-card-image fusion-post-card-image-1 has-aspect-ratio\" data-layout=\"static\" style=\"--awb-aspect-ratio:3 \/ 2;\"><div  class=\"fusion-image-wrapper\" aria-haspopup=\"true\">\n\t\t\t\t\t\t\t<a href=\"https:\/\/www.mundusmaris.org\/de\/aktivitaten\/das-belgische-ozean-dekade-komitee-ueberprueft-sein-programm\/\" aria-label=\"Das belgische Ozean-Dekade-Komitee \u00fcberpr\u00fcft sein Programm\">\n\t\t\t\t\t\t\t<img decoding=\"async\" width=\"800\" height=\"500\" src=\"https:\/\/www.mundusmaris.org\/wp-content\/uploads\/2023\/12\/belgian.jpg\" class=\"attachment-full size-full wp-post-image\" alt=\"\" srcset=\"https:\/\/www.mundusmaris.org\/wp-content\/uploads\/2023\/12\/belgian-200x125.jpg 200w, https:\/\/www.mundusmaris.org\/wp-content\/uploads\/2023\/12\/belgian-400x250.jpg 400w, https:\/\/www.mundusmaris.org\/wp-content\/uploads\/2023\/12\/belgian-600x375.jpg 600w, https:\/\/www.mundusmaris.org\/wp-content\/uploads\/2023\/12\/belgian.jpg 800w\" sizes=\"(min-width: 2200px) 100vw, (min-width: 784px) 373px, (min-width: 712px) 560px, (min-width: 640px) 712px, \" \/>\t\t\t<\/a>\n\t\t\t\t\t\t\t<\/div>\n<\/div><div class=\"fusion-meta-tb fusion-meta-tb-144 floated\" style=\"--awb-border-top:0px;--awb-height:36px;--awb-alignment-medium:flex-start;--awb-alignment-small:flex-start;\"><span class=\"fusion-tb-published-date\">Published On: 1. Dezember 2023<\/span><span class=\"fusion-meta-tb-sep\"><\/span><\/div><div class=\"fusion-title title fusion-title-144 fusion-sep-none fusion-title-text fusion-title-size-four\" style=\"--awb-margin-top:20px;--awb-margin-right:20px;--awb-margin-bottom:20px;--awb-margin-left:20px;--awb-margin-top-small:10px;--awb-margin-right-small:0px;--awb-margin-bottom-small:10px;--awb-margin-left-small:0px;--awb-font-size:24px;\"><h4 class=\"fusion-title-heading title-heading-left\" style=\"font-family:&quot;IBM Plex Sans Condensed&quot;;font-style:normal;font-weight:500;margin:0;font-size:1em;line-height:1.2;\"><a href=\"https:\/\/www.mundusmaris.org\/de\/aktivitaten\/das-belgische-ozean-dekade-komitee-ueberprueft-sein-programm\/\" class=\"awb-custom-text-color awb-custom-text-hover-color\" target=\"_self\">Das belgische Ozean-Dekade-Komitee \u00fcberpr\u00fcft sein Programm<\/a><\/h4><\/div><\/div><\/li>\n<li class=\"fusion-layout-column fusion_builder_column fusion-builder-column-146 fusion-flex-column post-card fusion-grid-column fusion-post-cards-grid-column\" style=\"--awb-bg-color:var(--awb-color1);--awb-bg-color-hover:var(--awb-color1);--awb-bg-blend:overlay;--awb-bg-size:cover;--awb-flex-grow:0;--awb-flex-shrink:0;--awb-flex-grow-medium:;--awb-flex-shrink-medium:;--awb-flex-grow-small:;--awb-flex-shrink-small:;\" data-scroll-devices=\"small-visibility,medium-visibility,large-visibility\"><div class=\"fusion-column-wrapper fusion-column-has-shadow fusion-flex-justify-content-space-around fusion-content-layout-column\"><div class=\"fusion-classic-product-image-wrapper fusion-woo-product-image fusion-post-card-image fusion-post-card-image-1 has-aspect-ratio\" data-layout=\"static\" style=\"--awb-aspect-ratio:3 \/ 2;\"><div  class=\"fusion-image-wrapper\" aria-haspopup=\"true\">\n\t\t\t\t\t\t\t<a href=\"https:\/\/www.mundusmaris.org\/de\/handwerklichen-fischerei-akademie\/world-fisheries-day-21-november-2023\/\" aria-label=\"World Fisheries Day, 21 November 2023\">\n\t\t\t\t\t\t\t<img decoding=\"async\" width=\"901\" height=\"600\" src=\"https:\/\/www.mundusmaris.org\/wp-content\/uploads\/2023\/12\/WorldFisheries2021-1.jpg\" class=\"attachment-full size-full wp-post-image\" alt=\"\" srcset=\"https:\/\/www.mundusmaris.org\/wp-content\/uploads\/2023\/12\/WorldFisheries2021-1-200x133.jpg 200w, https:\/\/www.mundusmaris.org\/wp-content\/uploads\/2023\/12\/WorldFisheries2021-1-400x266.jpg 400w, https:\/\/www.mundusmaris.org\/wp-content\/uploads\/2023\/12\/WorldFisheries2021-1-600x400.jpg 600w, https:\/\/www.mundusmaris.org\/wp-content\/uploads\/2023\/12\/WorldFisheries2021-1-800x533.jpg 800w, https:\/\/www.mundusmaris.org\/wp-content\/uploads\/2023\/12\/WorldFisheries2021-1.jpg 901w\" sizes=\"(min-width: 2200px) 100vw, (min-width: 784px) 373px, (min-width: 712px) 560px, (min-width: 640px) 712px, \" \/>\t\t\t<\/a>\n\t\t\t\t\t\t\t<\/div>\n<\/div><div class=\"fusion-meta-tb fusion-meta-tb-145 floated\" style=\"--awb-border-top:0px;--awb-height:36px;--awb-alignment-medium:flex-start;--awb-alignment-small:flex-start;\"><span class=\"fusion-tb-published-date\">Published On: 25. November 2023<\/span><span class=\"fusion-meta-tb-sep\"><\/span><\/div><div class=\"fusion-title title fusion-title-145 fusion-sep-none fusion-title-text fusion-title-size-four\" style=\"--awb-margin-top:20px;--awb-margin-right:20px;--awb-margin-bottom:20px;--awb-margin-left:20px;--awb-margin-top-small:10px;--awb-margin-right-small:0px;--awb-margin-bottom-small:10px;--awb-margin-left-small:0px;--awb-font-size:24px;\"><h4 class=\"fusion-title-heading title-heading-left\" style=\"font-family:&quot;IBM Plex Sans Condensed&quot;;font-style:normal;font-weight:500;margin:0;font-size:1em;line-height:1.2;\"><a href=\"https:\/\/www.mundusmaris.org\/de\/handwerklichen-fischerei-akademie\/world-fisheries-day-21-november-2023\/\" class=\"awb-custom-text-color awb-custom-text-hover-color\" target=\"_self\">World Fisheries Day, 21 November 2023<\/a><\/h4><\/div><\/div><\/li>\n<li class=\"fusion-layout-column fusion_builder_column fusion-builder-column-147 fusion-flex-column post-card fusion-grid-column fusion-post-cards-grid-column\" style=\"--awb-bg-color:var(--awb-color1);--awb-bg-color-hover:var(--awb-color1);--awb-bg-blend:overlay;--awb-bg-size:cover;--awb-flex-grow:0;--awb-flex-shrink:0;--awb-flex-grow-medium:;--awb-flex-shrink-medium:;--awb-flex-grow-small:;--awb-flex-shrink-small:;\" data-scroll-devices=\"small-visibility,medium-visibility,large-visibility\"><div class=\"fusion-column-wrapper fusion-column-has-shadow fusion-flex-justify-content-space-around fusion-content-layout-column\"><div class=\"fusion-classic-product-image-wrapper fusion-woo-product-image fusion-post-card-image fusion-post-card-image-1 has-aspect-ratio\" data-layout=\"static\" style=\"--awb-aspect-ratio:3 \/ 2;\"><div  class=\"fusion-image-wrapper\" aria-haspopup=\"true\">\n\t\t\t\t\t\t\t<a href=\"https:\/\/www.mundusmaris.org\/de\/aktivitaten\/okosystem-basierte-fischerei\/pampa-azul-argentina-looking-to-the-sea\/\" aria-label=\"Pampa Azul, Argentina looking to the sea\">\n\t\t\t\t\t\t\t<img decoding=\"async\" width=\"500\" height=\"335\" src=\"https:\/\/www.mundusmaris.org\/wp-content\/uploads\/2024\/09\/whale-1181395_FernandoSirniPixabay.jpg\" class=\"attachment-full size-full wp-post-image\" alt=\"\" srcset=\"https:\/\/www.mundusmaris.org\/wp-content\/uploads\/2024\/09\/whale-1181395_FernandoSirniPixabay-200x134.jpg 200w, https:\/\/www.mundusmaris.org\/wp-content\/uploads\/2024\/09\/whale-1181395_FernandoSirniPixabay-400x268.jpg 400w, https:\/\/www.mundusmaris.org\/wp-content\/uploads\/2024\/09\/whale-1181395_FernandoSirniPixabay.jpg 500w\" sizes=\"(min-width: 2200px) 100vw, (min-width: 784px) 373px, (min-width: 712px) 560px, (min-width: 640px) 712px, \" \/>\t\t\t<\/a>\n\t\t\t\t\t\t\t<\/div>\n<\/div><div class=\"fusion-meta-tb fusion-meta-tb-146 floated\" style=\"--awb-border-top:0px;--awb-height:36px;--awb-alignment-medium:flex-start;--awb-alignment-small:flex-start;\"><span class=\"fusion-tb-published-date\">Published On: 19. November 2023<\/span><span class=\"fusion-meta-tb-sep\"><\/span><\/div><div class=\"fusion-title title fusion-title-146 fusion-sep-none fusion-title-text fusion-title-size-four\" style=\"--awb-margin-top:20px;--awb-margin-right:20px;--awb-margin-bottom:20px;--awb-margin-left:20px;--awb-margin-top-small:10px;--awb-margin-right-small:0px;--awb-margin-bottom-small:10px;--awb-margin-left-small:0px;--awb-font-size:24px;\"><h4 class=\"fusion-title-heading title-heading-left\" style=\"font-family:&quot;IBM Plex Sans Condensed&quot;;font-style:normal;font-weight:500;margin:0;font-size:1em;line-height:1.2;\"><a href=\"https:\/\/www.mundusmaris.org\/de\/aktivitaten\/okosystem-basierte-fischerei\/pampa-azul-argentina-looking-to-the-sea\/\" class=\"awb-custom-text-color awb-custom-text-hover-color\" target=\"_self\">Pampa Azul, Argentina looking to the sea<\/a><\/h4><\/div><\/div><\/li>\n<li class=\"fusion-layout-column fusion_builder_column fusion-builder-column-148 fusion-flex-column post-card fusion-grid-column fusion-post-cards-grid-column\" style=\"--awb-bg-color:var(--awb-color1);--awb-bg-color-hover:var(--awb-color1);--awb-bg-blend:overlay;--awb-bg-size:cover;--awb-flex-grow:0;--awb-flex-shrink:0;--awb-flex-grow-medium:;--awb-flex-shrink-medium:;--awb-flex-grow-small:;--awb-flex-shrink-small:;\" data-scroll-devices=\"small-visibility,medium-visibility,large-visibility\"><div class=\"fusion-column-wrapper fusion-column-has-shadow fusion-flex-justify-content-space-around fusion-content-layout-column\"><div class=\"fusion-classic-product-image-wrapper fusion-woo-product-image fusion-post-card-image fusion-post-card-image-1 has-aspect-ratio\" data-layout=\"static\" style=\"--awb-aspect-ratio:3 \/ 2;\"><div  class=\"fusion-image-wrapper\" aria-haspopup=\"true\">\n\t\t\t\t\t\t\t<a href=\"https:\/\/www.mundusmaris.org\/de\/veranstaltung\/international-panel-for-ocean-sustainability-ipos\/\" aria-label=\"International Panel for Ocean Sustainability (IPOS)\">\n\t\t\t\t\t\t\t<img decoding=\"async\" width=\"500\" height=\"285\" src=\"https:\/\/www.mundusmaris.org\/wp-content\/uploads\/2024\/09\/PaulTreguerNeptuneInTrouble.jpg\" class=\"attachment-full size-full wp-post-image\" alt=\"\" srcset=\"https:\/\/www.mundusmaris.org\/wp-content\/uploads\/2024\/09\/PaulTreguerNeptuneInTrouble-200x114.jpg 200w, https:\/\/www.mundusmaris.org\/wp-content\/uploads\/2024\/09\/PaulTreguerNeptuneInTrouble-400x228.jpg 400w, https:\/\/www.mundusmaris.org\/wp-content\/uploads\/2024\/09\/PaulTreguerNeptuneInTrouble.jpg 500w\" sizes=\"(min-width: 2200px) 100vw, (min-width: 784px) 373px, (min-width: 712px) 560px, (min-width: 640px) 712px, \" \/>\t\t\t<\/a>\n\t\t\t\t\t\t\t<\/div>\n<\/div><div class=\"fusion-meta-tb fusion-meta-tb-147 floated\" style=\"--awb-border-top:0px;--awb-height:36px;--awb-alignment-medium:flex-start;--awb-alignment-small:flex-start;\"><span class=\"fusion-tb-published-date\">Published On: 15. November 2023<\/span><span class=\"fusion-meta-tb-sep\"><\/span><\/div><div class=\"fusion-title title fusion-title-147 fusion-sep-none fusion-title-text fusion-title-size-four\" style=\"--awb-margin-top:20px;--awb-margin-right:20px;--awb-margin-bottom:20px;--awb-margin-left:20px;--awb-margin-top-small:10px;--awb-margin-right-small:0px;--awb-margin-bottom-small:10px;--awb-margin-left-small:0px;--awb-font-size:24px;\"><h4 class=\"fusion-title-heading title-heading-left\" style=\"font-family:&quot;IBM Plex Sans Condensed&quot;;font-style:normal;font-weight:500;margin:0;font-size:1em;line-height:1.2;\"><a href=\"https:\/\/www.mundusmaris.org\/de\/veranstaltung\/international-panel-for-ocean-sustainability-ipos\/\" class=\"awb-custom-text-color awb-custom-text-hover-color\" target=\"_self\">International Panel for Ocean Sustainability (IPOS)<\/a><\/h4><\/div><\/div><\/li>\n<li class=\"fusion-layout-column fusion_builder_column fusion-builder-column-149 fusion-flex-column post-card fusion-grid-column fusion-post-cards-grid-column\" style=\"--awb-bg-color:var(--awb-color1);--awb-bg-color-hover:var(--awb-color1);--awb-bg-blend:overlay;--awb-bg-size:cover;--awb-flex-grow:0;--awb-flex-shrink:0;--awb-flex-grow-medium:;--awb-flex-shrink-medium:;--awb-flex-grow-small:;--awb-flex-shrink-small:;\" data-scroll-devices=\"small-visibility,medium-visibility,large-visibility\"><div class=\"fusion-column-wrapper fusion-column-has-shadow fusion-flex-justify-content-space-around fusion-content-layout-column\"><div class=\"fusion-classic-product-image-wrapper fusion-woo-product-image fusion-post-card-image fusion-post-card-image-1 has-aspect-ratio\" data-layout=\"static\" style=\"--awb-aspect-ratio:3 \/ 2;\"><div  class=\"fusion-image-wrapper\" aria-haspopup=\"true\">\n\t\t\t\t\t\t\t<a href=\"https:\/\/www.mundusmaris.org\/de\/veranstaltung\/towards-a-global-network-of-mpas-for-ocean-governance\/\" aria-label=\"Towards a global network of MPAs for ocean governance\">\n\t\t\t\t\t\t\t<img decoding=\"async\" width=\"500\" height=\"330\" src=\"https:\/\/www.mundusmaris.org\/wp-content\/uploads\/2023\/11\/OceanGovernanceLogo.jpg\" class=\"attachment-full size-full wp-post-image\" alt=\"\" srcset=\"https:\/\/www.mundusmaris.org\/wp-content\/uploads\/2023\/11\/OceanGovernanceLogo-200x132.jpg 200w, https:\/\/www.mundusmaris.org\/wp-content\/uploads\/2023\/11\/OceanGovernanceLogo-400x264.jpg 400w, https:\/\/www.mundusmaris.org\/wp-content\/uploads\/2023\/11\/OceanGovernanceLogo.jpg 500w\" sizes=\"(min-width: 2200px) 100vw, (min-width: 784px) 373px, (min-width: 712px) 560px, (min-width: 640px) 712px, \" \/>\t\t\t<\/a>\n\t\t\t\t\t\t\t<\/div>\n<\/div><div class=\"fusion-meta-tb fusion-meta-tb-148 floated\" style=\"--awb-border-top:0px;--awb-height:36px;--awb-alignment-medium:flex-start;--awb-alignment-small:flex-start;\"><span class=\"fusion-tb-published-date\">Published On: 8. November 2023<\/span><span class=\"fusion-meta-tb-sep\"><\/span><\/div><div class=\"fusion-title title fusion-title-148 fusion-sep-none fusion-title-text fusion-title-size-four\" style=\"--awb-margin-top:20px;--awb-margin-right:20px;--awb-margin-bottom:20px;--awb-margin-left:20px;--awb-margin-top-small:10px;--awb-margin-right-small:0px;--awb-margin-bottom-small:10px;--awb-margin-left-small:0px;--awb-font-size:24px;\"><h4 class=\"fusion-title-heading title-heading-left\" style=\"font-family:&quot;IBM Plex Sans Condensed&quot;;font-style:normal;font-weight:500;margin:0;font-size:1em;line-height:1.2;\"><a href=\"https:\/\/www.mundusmaris.org\/de\/veranstaltung\/towards-a-global-network-of-mpas-for-ocean-governance\/\" class=\"awb-custom-text-color awb-custom-text-hover-color\" target=\"_self\">Towards a global network of MPAs for ocean governance<\/a><\/h4><\/div><\/div><\/li>\n<li class=\"fusion-layout-column fusion_builder_column fusion-builder-column-150 fusion-flex-column post-card fusion-grid-column fusion-post-cards-grid-column\" style=\"--awb-bg-color:var(--awb-color1);--awb-bg-color-hover:var(--awb-color1);--awb-bg-blend:overlay;--awb-bg-size:cover;--awb-flex-grow:0;--awb-flex-shrink:0;--awb-flex-grow-medium:;--awb-flex-shrink-medium:;--awb-flex-grow-small:;--awb-flex-shrink-small:;\" data-scroll-devices=\"small-visibility,medium-visibility,large-visibility\"><div class=\"fusion-column-wrapper fusion-column-has-shadow fusion-flex-justify-content-space-around fusion-content-layout-column\"><div class=\"fusion-classic-product-image-wrapper fusion-woo-product-image fusion-post-card-image fusion-post-card-image-1 has-aspect-ratio\" data-layout=\"static\" style=\"--awb-aspect-ratio:3 \/ 2;\"><div  class=\"fusion-image-wrapper\" aria-haspopup=\"true\">\n\t\t\t\t\t\t\t<a href=\"https:\/\/www.mundusmaris.org\/de\/zwischen-tradition-und-modernitaet\/challenges-and-opportunities-in-the-sustainability-of-inland-open-water-fisheries-in-india\/\" aria-label=\"Challenges and Opportunities in the sustainability of Inland open water fisheries in India\">\n\t\t\t\t\t\t\t<img decoding=\"async\" width=\"800\" height=\"500\" src=\"https:\/\/www.mundusmaris.org\/wp-content\/uploads\/2023\/12\/immagine-02-800x500-1.jpg\" class=\"attachment-full size-full wp-post-image\" alt=\"\" srcset=\"https:\/\/www.mundusmaris.org\/wp-content\/uploads\/2023\/12\/immagine-02-800x500-1-200x125.jpg 200w, https:\/\/www.mundusmaris.org\/wp-content\/uploads\/2023\/12\/immagine-02-800x500-1-400x250.jpg 400w, https:\/\/www.mundusmaris.org\/wp-content\/uploads\/2023\/12\/immagine-02-800x500-1-600x375.jpg 600w, https:\/\/www.mundusmaris.org\/wp-content\/uploads\/2023\/12\/immagine-02-800x500-1.jpg 800w\" sizes=\"(min-width: 2200px) 100vw, (min-width: 784px) 373px, (min-width: 712px) 560px, (min-width: 640px) 712px, \" \/>\t\t\t<\/a>\n\t\t\t\t\t\t\t<\/div>\n<\/div><div class=\"fusion-meta-tb fusion-meta-tb-149 floated\" style=\"--awb-border-top:0px;--awb-height:36px;--awb-alignment-medium:flex-start;--awb-alignment-small:flex-start;\"><span class=\"fusion-tb-published-date\">Published On: 6. Oktober 2023<\/span><span class=\"fusion-meta-tb-sep\"><\/span><\/div><div class=\"fusion-title title fusion-title-149 fusion-sep-none fusion-title-text fusion-title-size-four\" style=\"--awb-margin-top:20px;--awb-margin-right:20px;--awb-margin-bottom:20px;--awb-margin-left:20px;--awb-margin-top-small:10px;--awb-margin-right-small:0px;--awb-margin-bottom-small:10px;--awb-margin-left-small:0px;--awb-font-size:24px;\"><h4 class=\"fusion-title-heading title-heading-left\" style=\"font-family:&quot;IBM Plex Sans Condensed&quot;;font-style:normal;font-weight:500;margin:0;font-size:1em;line-height:1.2;\"><a href=\"https:\/\/www.mundusmaris.org\/de\/zwischen-tradition-und-modernitaet\/challenges-and-opportunities-in-the-sustainability-of-inland-open-water-fisheries-in-india\/\" class=\"awb-custom-text-color awb-custom-text-hover-color\" target=\"_self\">Challenges and Opportunities in the sustainability of Inland open water fisheries in India<\/a><\/h4><\/div><\/div><\/li>\n<li class=\"fusion-layout-column fusion_builder_column fusion-builder-column-151 fusion-flex-column post-card fusion-grid-column fusion-post-cards-grid-column\" style=\"--awb-bg-color:var(--awb-color1);--awb-bg-color-hover:var(--awb-color1);--awb-bg-blend:overlay;--awb-bg-size:cover;--awb-flex-grow:0;--awb-flex-shrink:0;--awb-flex-grow-medium:;--awb-flex-shrink-medium:;--awb-flex-grow-small:;--awb-flex-shrink-small:;\" data-scroll-devices=\"small-visibility,medium-visibility,large-visibility\"><div class=\"fusion-column-wrapper fusion-column-has-shadow fusion-flex-justify-content-space-around fusion-content-layout-column\"><div class=\"fusion-classic-product-image-wrapper fusion-woo-product-image fusion-post-card-image fusion-post-card-image-1 has-aspect-ratio\" data-layout=\"static\" style=\"--awb-aspect-ratio:3 \/ 2;\"><div  class=\"fusion-image-wrapper\" aria-haspopup=\"true\">\n\t\t\t\t\t\t\t<a href=\"https:\/\/www.mundusmaris.org\/de\/handwerklichen-fischerei-akademie\/webinar-herausforderungen-und-chancen-der-fischerei-in-nigeria\/\" aria-label=\"Webinar: Herausforderungen und Chancen der Fischerei in Nigeria\">\n\t\t\t\t\t\t\t<img decoding=\"async\" width=\"500\" height=\"330\" src=\"https:\/\/www.mundusmaris.org\/wp-content\/uploads\/2023\/09\/YoungNigerian.jpg\" class=\"attachment-full size-full wp-post-image\" alt=\"\" srcset=\"https:\/\/www.mundusmaris.org\/wp-content\/uploads\/2023\/09\/YoungNigerian-200x132.jpg 200w, https:\/\/www.mundusmaris.org\/wp-content\/uploads\/2023\/09\/YoungNigerian-400x264.jpg 400w, https:\/\/www.mundusmaris.org\/wp-content\/uploads\/2023\/09\/YoungNigerian.jpg 500w\" sizes=\"(min-width: 2200px) 100vw, (min-width: 784px) 373px, (min-width: 712px) 560px, (min-width: 640px) 712px, \" \/>\t\t\t<\/a>\n\t\t\t\t\t\t\t<\/div>\n<\/div><div class=\"fusion-meta-tb fusion-meta-tb-150 floated\" style=\"--awb-border-top:0px;--awb-height:36px;--awb-alignment-medium:flex-start;--awb-alignment-small:flex-start;\"><span class=\"fusion-tb-published-date\">Published On: 30. September 2023<\/span><span class=\"fusion-meta-tb-sep\"><\/span><\/div><div class=\"fusion-title title fusion-title-150 fusion-sep-none fusion-title-text fusion-title-size-four\" style=\"--awb-margin-top:20px;--awb-margin-right:20px;--awb-margin-bottom:20px;--awb-margin-left:20px;--awb-margin-top-small:10px;--awb-margin-right-small:0px;--awb-margin-bottom-small:10px;--awb-margin-left-small:0px;--awb-font-size:24px;\"><h4 class=\"fusion-title-heading title-heading-left\" style=\"font-family:&quot;IBM Plex Sans Condensed&quot;;font-style:normal;font-weight:500;margin:0;font-size:1em;line-height:1.2;\"><a href=\"https:\/\/www.mundusmaris.org\/de\/handwerklichen-fischerei-akademie\/webinar-herausforderungen-und-chancen-der-fischerei-in-nigeria\/\" class=\"awb-custom-text-color awb-custom-text-hover-color\" target=\"_self\">Webinar: Herausforderungen und Chancen der Fischerei in Nigeria<\/a><\/h4><\/div><\/div><\/li>\n<li class=\"fusion-layout-column fusion_builder_column fusion-builder-column-152 fusion-flex-column post-card fusion-grid-column fusion-post-cards-grid-column\" style=\"--awb-bg-color:var(--awb-color1);--awb-bg-color-hover:var(--awb-color1);--awb-bg-blend:overlay;--awb-bg-size:cover;--awb-flex-grow:0;--awb-flex-shrink:0;--awb-flex-grow-medium:;--awb-flex-shrink-medium:;--awb-flex-grow-small:;--awb-flex-shrink-small:;\" data-scroll-devices=\"small-visibility,medium-visibility,large-visibility\"><div class=\"fusion-column-wrapper fusion-column-has-shadow fusion-flex-justify-content-space-around fusion-content-layout-column\"><div class=\"fusion-classic-product-image-wrapper fusion-woo-product-image fusion-post-card-image fusion-post-card-image-1 has-aspect-ratio\" data-layout=\"static\" style=\"--awb-aspect-ratio:3 \/ 2;\"><div  class=\"fusion-image-wrapper\" aria-haspopup=\"true\">\n\t\t\t\t\t\t\t<a href=\"https:\/\/www.mundusmaris.org\/de\/aktivitaten\/mundus-maris-supports-climate-marches-15-and-17-september-2023\/\" aria-label=\"Mundus maris supports Climate marches, 15 and 17 September 2023\">\n\t\t\t\t\t\t\t<img decoding=\"async\" width=\"735\" height=\"490\" src=\"https:\/\/www.mundusmaris.org\/wp-content\/uploads\/2023\/12\/CEN-MMclimatemarch.jpg\" class=\"attachment-full size-full wp-post-image\" alt=\"\" srcset=\"https:\/\/www.mundusmaris.org\/wp-content\/uploads\/2023\/12\/CEN-MMclimatemarch-200x133.jpg 200w, https:\/\/www.mundusmaris.org\/wp-content\/uploads\/2023\/12\/CEN-MMclimatemarch-400x267.jpg 400w, https:\/\/www.mundusmaris.org\/wp-content\/uploads\/2023\/12\/CEN-MMclimatemarch-600x400.jpg 600w, https:\/\/www.mundusmaris.org\/wp-content\/uploads\/2023\/12\/CEN-MMclimatemarch.jpg 735w\" sizes=\"(min-width: 2200px) 100vw, (min-width: 784px) 373px, (min-width: 712px) 560px, (min-width: 640px) 712px, \" \/>\t\t\t<\/a>\n\t\t\t\t\t\t\t<\/div>\n<\/div><div class=\"fusion-meta-tb fusion-meta-tb-151 floated\" style=\"--awb-border-top:0px;--awb-height:36px;--awb-alignment-medium:flex-start;--awb-alignment-small:flex-start;\"><span class=\"fusion-tb-published-date\">Published On: 15. September 2023<\/span><span class=\"fusion-meta-tb-sep\"><\/span><\/div><div class=\"fusion-title title fusion-title-151 fusion-sep-none fusion-title-text fusion-title-size-four\" style=\"--awb-margin-top:20px;--awb-margin-right:20px;--awb-margin-bottom:20px;--awb-margin-left:20px;--awb-margin-top-small:10px;--awb-margin-right-small:0px;--awb-margin-bottom-small:10px;--awb-margin-left-small:0px;--awb-font-size:24px;\"><h4 class=\"fusion-title-heading title-heading-left\" style=\"font-family:&quot;IBM Plex Sans Condensed&quot;;font-style:normal;font-weight:500;margin:0;font-size:1em;line-height:1.2;\"><a href=\"https:\/\/www.mundusmaris.org\/de\/aktivitaten\/mundus-maris-supports-climate-marches-15-and-17-september-2023\/\" class=\"awb-custom-text-color awb-custom-text-hover-color\" target=\"_self\">Mundus maris supports Climate marches, 15 and 17 September 2023<\/a><\/h4><\/div><\/div><\/li>\n<li class=\"fusion-layout-column fusion_builder_column fusion-builder-column-153 fusion-flex-column post-card fusion-grid-column fusion-post-cards-grid-column\" style=\"--awb-bg-color:var(--awb-color1);--awb-bg-color-hover:var(--awb-color1);--awb-bg-blend:overlay;--awb-bg-size:cover;--awb-flex-grow:0;--awb-flex-shrink:0;--awb-flex-grow-medium:;--awb-flex-shrink-medium:;--awb-flex-grow-small:;--awb-flex-shrink-small:;\" data-scroll-devices=\"small-visibility,medium-visibility,large-visibility\"><div class=\"fusion-column-wrapper fusion-column-has-shadow fusion-flex-justify-content-space-around fusion-content-layout-column\"><div class=\"fusion-classic-product-image-wrapper fusion-woo-product-image fusion-post-card-image fusion-post-card-image-1 has-aspect-ratio\" data-layout=\"static\" style=\"--awb-aspect-ratio:3 \/ 2;\"><div  class=\"fusion-image-wrapper\" aria-haspopup=\"true\">\n\t\t\t\t\t\t\t<a href=\"https:\/\/www.mundusmaris.org\/de\/aktivitaten\/praesentation-der-fishbase-app-auf-dem-symposium-in-tervuren\/\" aria-label=\"Pr\u00e4sentation der FishBase-App auf dem Symposium in Tervuren\">\n\t\t\t\t\t\t\t<img decoding=\"async\" width=\"300\" height=\"234\" src=\"https:\/\/www.mundusmaris.org\/wp-content\/uploads\/2023\/12\/JosSnoeksOpening.jpg\" class=\"attachment-full size-full wp-post-image\" alt=\"\" srcset=\"https:\/\/www.mundusmaris.org\/wp-content\/uploads\/2023\/12\/JosSnoeksOpening-200x156.jpg 200w, https:\/\/www.mundusmaris.org\/wp-content\/uploads\/2023\/12\/JosSnoeksOpening.jpg 300w\" sizes=\"(min-width: 2200px) 100vw, (min-width: 784px) 373px, (min-width: 712px) 560px, (min-width: 640px) 712px, \" \/>\t\t\t<\/a>\n\t\t\t\t\t\t\t<\/div>\n<\/div><div class=\"fusion-meta-tb fusion-meta-tb-152 floated\" style=\"--awb-border-top:0px;--awb-height:36px;--awb-alignment-medium:flex-start;--awb-alignment-small:flex-start;\"><span class=\"fusion-tb-published-date\">Published On: 15. September 2023<\/span><span class=\"fusion-meta-tb-sep\"><\/span><\/div><div class=\"fusion-title title fusion-title-152 fusion-sep-none fusion-title-text fusion-title-size-four\" style=\"--awb-margin-top:20px;--awb-margin-right:20px;--awb-margin-bottom:20px;--awb-margin-left:20px;--awb-margin-top-small:10px;--awb-margin-right-small:0px;--awb-margin-bottom-small:10px;--awb-margin-left-small:0px;--awb-font-size:24px;\"><h4 class=\"fusion-title-heading title-heading-left\" style=\"font-family:&quot;IBM Plex Sans Condensed&quot;;font-style:normal;font-weight:500;margin:0;font-size:1em;line-height:1.2;\"><a href=\"https:\/\/www.mundusmaris.org\/de\/aktivitaten\/praesentation-der-fishbase-app-auf-dem-symposium-in-tervuren\/\" class=\"awb-custom-text-color awb-custom-text-hover-color\" target=\"_self\">Pr\u00e4sentation der FishBase-App auf dem Symposium in Tervuren<\/a><\/h4><\/div><\/div><\/li>\n<li class=\"fusion-layout-column fusion_builder_column fusion-builder-column-154 fusion-flex-column post-card fusion-grid-column fusion-post-cards-grid-column\" style=\"--awb-bg-color:var(--awb-color1);--awb-bg-color-hover:var(--awb-color1);--awb-bg-blend:overlay;--awb-bg-size:cover;--awb-flex-grow:0;--awb-flex-shrink:0;--awb-flex-grow-medium:;--awb-flex-shrink-medium:;--awb-flex-grow-small:;--awb-flex-shrink-small:;\" data-scroll-devices=\"small-visibility,medium-visibility,large-visibility\"><div class=\"fusion-column-wrapper fusion-column-has-shadow fusion-flex-justify-content-space-around fusion-content-layout-column\"><div class=\"fusion-classic-product-image-wrapper fusion-woo-product-image fusion-post-card-image fusion-post-card-image-1 has-aspect-ratio\" data-layout=\"static\" style=\"--awb-aspect-ratio:3 \/ 2;\"><div  class=\"fusion-image-wrapper\" aria-haspopup=\"true\">\n\t\t\t\t\t\t\t<a href=\"https:\/\/www.mundusmaris.org\/de\/aktivitaten\/macht-mit-beim-globalen-klimastreik-am-15-september-2023\/\" aria-label=\"Macht mit beim globalen Klimastreik am 15. September 2023!\">\n\t\t\t\t\t\t\t<img decoding=\"async\" width=\"1280\" height=\"519\" src=\"https:\/\/www.mundusmaris.org\/wp-content\/uploads\/2023\/12\/climate-4600289_1280.jpg\" class=\"attachment-full size-full wp-post-image\" alt=\"\" srcset=\"https:\/\/www.mundusmaris.org\/wp-content\/uploads\/2023\/12\/climate-4600289_1280-200x81.jpg 200w, https:\/\/www.mundusmaris.org\/wp-content\/uploads\/2023\/12\/climate-4600289_1280-400x162.jpg 400w, https:\/\/www.mundusmaris.org\/wp-content\/uploads\/2023\/12\/climate-4600289_1280-600x243.jpg 600w, https:\/\/www.mundusmaris.org\/wp-content\/uploads\/2023\/12\/climate-4600289_1280-800x324.jpg 800w, https:\/\/www.mundusmaris.org\/wp-content\/uploads\/2023\/12\/climate-4600289_1280-1200x487.jpg 1200w, https:\/\/www.mundusmaris.org\/wp-content\/uploads\/2023\/12\/climate-4600289_1280.jpg 1280w\" sizes=\"(min-width: 2200px) 100vw, (min-width: 784px) 373px, (min-width: 712px) 560px, (min-width: 640px) 712px, \" \/>\t\t\t<\/a>\n\t\t\t\t\t\t\t<\/div>\n<\/div><div class=\"fusion-meta-tb fusion-meta-tb-153 floated\" style=\"--awb-border-top:0px;--awb-height:36px;--awb-alignment-medium:flex-start;--awb-alignment-small:flex-start;\"><span class=\"fusion-tb-published-date\">Published On: 15. September 2023<\/span><span class=\"fusion-meta-tb-sep\"><\/span><\/div><div class=\"fusion-title title fusion-title-153 fusion-sep-none fusion-title-text fusion-title-size-four\" style=\"--awb-margin-top:20px;--awb-margin-right:20px;--awb-margin-bottom:20px;--awb-margin-left:20px;--awb-margin-top-small:10px;--awb-margin-right-small:0px;--awb-margin-bottom-small:10px;--awb-margin-left-small:0px;--awb-font-size:24px;\"><h4 class=\"fusion-title-heading title-heading-left\" style=\"font-family:&quot;IBM Plex Sans Condensed&quot;;font-style:normal;font-weight:500;margin:0;font-size:1em;line-height:1.2;\"><a href=\"https:\/\/www.mundusmaris.org\/de\/aktivitaten\/macht-mit-beim-globalen-klimastreik-am-15-september-2023\/\" class=\"awb-custom-text-color awb-custom-text-hover-color\" target=\"_self\">Macht mit beim globalen Klimastreik am 15. September 2023!<\/a><\/h4><\/div><\/div><\/li>\n<li class=\"fusion-layout-column fusion_builder_column fusion-builder-column-155 fusion-flex-column post-card fusion-grid-column fusion-post-cards-grid-column\" style=\"--awb-bg-color:var(--awb-color1);--awb-bg-color-hover:var(--awb-color1);--awb-bg-blend:overlay;--awb-bg-size:cover;--awb-flex-grow:0;--awb-flex-shrink:0;--awb-flex-grow-medium:;--awb-flex-shrink-medium:;--awb-flex-grow-small:;--awb-flex-shrink-small:;\" data-scroll-devices=\"small-visibility,medium-visibility,large-visibility\"><div class=\"fusion-column-wrapper fusion-column-has-shadow fusion-flex-justify-content-space-around fusion-content-layout-column\"><div class=\"fusion-classic-product-image-wrapper fusion-woo-product-image fusion-post-card-image fusion-post-card-image-1 has-aspect-ratio\" data-layout=\"static\" style=\"--awb-aspect-ratio:3 \/ 2;\"><div  class=\"fusion-image-wrapper\" aria-haspopup=\"true\">\n\t\t\t\t\t\t\t<a href=\"https:\/\/www.mundusmaris.org\/de\/veranstaltung\/the-appropriation-by-modern-humans-of-the-earth-and-the-oceans\/\" aria-label=\"The appropriation by modern humans of the Earth and the Oceans\">\n\t\t\t\t\t\t\t<img decoding=\"async\" width=\"551\" height=\"346\" src=\"https:\/\/www.mundusmaris.org\/wp-content\/uploads\/2023\/09\/DanielPauly.jpg\" class=\"attachment-full size-full wp-post-image\" alt=\"\" srcset=\"https:\/\/www.mundusmaris.org\/wp-content\/uploads\/2023\/09\/DanielPauly-200x126.jpg 200w, https:\/\/www.mundusmaris.org\/wp-content\/uploads\/2023\/09\/DanielPauly-400x251.jpg 400w, https:\/\/www.mundusmaris.org\/wp-content\/uploads\/2023\/09\/DanielPauly.jpg 551w\" sizes=\"(min-width: 2200px) 100vw, (min-width: 784px) 373px, (min-width: 712px) 560px, (min-width: 640px) 712px, \" \/>\t\t\t<\/a>\n\t\t\t\t\t\t\t<\/div>\n<\/div><div class=\"fusion-meta-tb fusion-meta-tb-154 floated\" style=\"--awb-border-top:0px;--awb-height:36px;--awb-alignment-medium:flex-start;--awb-alignment-small:flex-start;\"><span class=\"fusion-tb-published-date\">Published On: 13. September 2023<\/span><span class=\"fusion-meta-tb-sep\"><\/span><\/div><div class=\"fusion-title title fusion-title-154 fusion-sep-none fusion-title-text fusion-title-size-four\" style=\"--awb-margin-top:20px;--awb-margin-right:20px;--awb-margin-bottom:20px;--awb-margin-left:20px;--awb-margin-top-small:10px;--awb-margin-right-small:0px;--awb-margin-bottom-small:10px;--awb-margin-left-small:0px;--awb-font-size:24px;\"><h4 class=\"fusion-title-heading title-heading-left\" style=\"font-family:&quot;IBM Plex Sans Condensed&quot;;font-style:normal;font-weight:500;margin:0;font-size:1em;line-height:1.2;\"><a href=\"https:\/\/www.mundusmaris.org\/de\/veranstaltung\/the-appropriation-by-modern-humans-of-the-earth-and-the-oceans\/\" class=\"awb-custom-text-color awb-custom-text-hover-color\" target=\"_self\">The appropriation by modern humans of the Earth and the Oceans<\/a><\/h4><\/div><\/div><\/li>\n<li class=\"fusion-layout-column fusion_builder_column fusion-builder-column-156 fusion-flex-column post-card fusion-grid-column fusion-post-cards-grid-column\" style=\"--awb-bg-color:var(--awb-color1);--awb-bg-color-hover:var(--awb-color1);--awb-bg-blend:overlay;--awb-bg-size:cover;--awb-flex-grow:0;--awb-flex-shrink:0;--awb-flex-grow-medium:;--awb-flex-shrink-medium:;--awb-flex-grow-small:;--awb-flex-shrink-small:;\" data-scroll-devices=\"small-visibility,medium-visibility,large-visibility\"><div class=\"fusion-column-wrapper fusion-column-has-shadow fusion-flex-justify-content-space-around fusion-content-layout-column\"><div class=\"fusion-classic-product-image-wrapper fusion-woo-product-image fusion-post-card-image fusion-post-card-image-1 has-aspect-ratio\" data-layout=\"static\" style=\"--awb-aspect-ratio:3 \/ 2;\"><div  class=\"fusion-image-wrapper\" aria-haspopup=\"true\">\n\t\t\t\t\t\t\t<a href=\"https:\/\/www.mundusmaris.org\/de\/aktivitaten\/ozean-und-klimaschutz\/maritime-security-awareness-in-africa-elevating-youth-voices\/\" aria-label=\"Maritime Security Awareness in Africa: Elevating Youth Voices\">\n\t\t\t\t\t\t\t<img decoding=\"async\" width=\"960\" height=\"559\" src=\"https:\/\/www.mundusmaris.org\/wp-content\/uploads\/2023\/09\/children-3319460_960_720.jpg\" class=\"attachment-full size-full wp-post-image\" alt=\"\" srcset=\"https:\/\/www.mundusmaris.org\/wp-content\/uploads\/2023\/09\/children-3319460_960_720-200x116.jpg 200w, https:\/\/www.mundusmaris.org\/wp-content\/uploads\/2023\/09\/children-3319460_960_720-400x233.jpg 400w, https:\/\/www.mundusmaris.org\/wp-content\/uploads\/2023\/09\/children-3319460_960_720-600x349.jpg 600w, https:\/\/www.mundusmaris.org\/wp-content\/uploads\/2023\/09\/children-3319460_960_720-800x466.jpg 800w, https:\/\/www.mundusmaris.org\/wp-content\/uploads\/2023\/09\/children-3319460_960_720.jpg 960w\" sizes=\"(min-width: 2200px) 100vw, (min-width: 784px) 373px, (min-width: 712px) 560px, (min-width: 640px) 712px, \" \/>\t\t\t<\/a>\n\t\t\t\t\t\t\t<\/div>\n<\/div><div class=\"fusion-meta-tb fusion-meta-tb-155 floated\" style=\"--awb-border-top:0px;--awb-height:36px;--awb-alignment-medium:flex-start;--awb-alignment-small:flex-start;\"><span class=\"fusion-tb-published-date\">Published On: 12. August 2023<\/span><span class=\"fusion-meta-tb-sep\"><\/span><\/div><div class=\"fusion-title title fusion-title-155 fusion-sep-none fusion-title-text fusion-title-size-four\" style=\"--awb-margin-top:20px;--awb-margin-right:20px;--awb-margin-bottom:20px;--awb-margin-left:20px;--awb-margin-top-small:10px;--awb-margin-right-small:0px;--awb-margin-bottom-small:10px;--awb-margin-left-small:0px;--awb-font-size:24px;\"><h4 class=\"fusion-title-heading title-heading-left\" style=\"font-family:&quot;IBM Plex Sans Condensed&quot;;font-style:normal;font-weight:500;margin:0;font-size:1em;line-height:1.2;\"><a href=\"https:\/\/www.mundusmaris.org\/de\/aktivitaten\/ozean-und-klimaschutz\/maritime-security-awareness-in-africa-elevating-youth-voices\/\" class=\"awb-custom-text-color awb-custom-text-hover-color\" target=\"_self\">Maritime Security Awareness in Africa: Elevating Youth Voices<\/a><\/h4><\/div><\/div><\/li>\n<li class=\"fusion-layout-column fusion_builder_column fusion-builder-column-157 fusion-flex-column post-card fusion-grid-column fusion-post-cards-grid-column\" style=\"--awb-bg-color:var(--awb-color1);--awb-bg-color-hover:var(--awb-color1);--awb-bg-blend:overlay;--awb-bg-size:cover;--awb-flex-grow:0;--awb-flex-shrink:0;--awb-flex-grow-medium:;--awb-flex-shrink-medium:;--awb-flex-grow-small:;--awb-flex-shrink-small:;\" data-scroll-devices=\"small-visibility,medium-visibility,large-visibility\"><div class=\"fusion-column-wrapper fusion-column-has-shadow fusion-flex-justify-content-space-around fusion-content-layout-column\"><div class=\"fusion-classic-product-image-wrapper fusion-woo-product-image fusion-post-card-image fusion-post-card-image-1 has-aspect-ratio\" data-layout=\"static\" style=\"--awb-aspect-ratio:3 \/ 2;\"><div  class=\"fusion-image-wrapper\" aria-haspopup=\"true\">\n\t\t\t\t\t\t\t<a href=\"https:\/\/www.mundusmaris.org\/de\/handwerklichen-fischerei-akademie\/mare-conference-on-blue-fear-mundus-maris-reflects\/\" aria-label=\"MARE Conference on Blue Fear &#8211; Mundus maris reflects\">\n\t\t\t\t\t\t\t<img decoding=\"async\" width=\"679\" height=\"508\" src=\"https:\/\/www.mundusmaris.org\/wp-content\/uploads\/2023\/12\/MARE-poster.jpg\" class=\"attachment-full size-full wp-post-image\" alt=\"\" srcset=\"https:\/\/www.mundusmaris.org\/wp-content\/uploads\/2023\/12\/MARE-poster-200x150.jpg 200w, https:\/\/www.mundusmaris.org\/wp-content\/uploads\/2023\/12\/MARE-poster-400x299.jpg 400w, https:\/\/www.mundusmaris.org\/wp-content\/uploads\/2023\/12\/MARE-poster-600x449.jpg 600w, https:\/\/www.mundusmaris.org\/wp-content\/uploads\/2023\/12\/MARE-poster.jpg 679w\" sizes=\"(min-width: 2200px) 100vw, (min-width: 784px) 373px, (min-width: 712px) 560px, (min-width: 640px) 712px, \" \/>\t\t\t<\/a>\n\t\t\t\t\t\t\t<\/div>\n<\/div><div class=\"fusion-meta-tb fusion-meta-tb-156 floated\" style=\"--awb-border-top:0px;--awb-height:36px;--awb-alignment-medium:flex-start;--awb-alignment-small:flex-start;\"><span class=\"fusion-tb-published-date\">Published On: 5. Juli 2023<\/span><span class=\"fusion-meta-tb-sep\"><\/span><\/div><div class=\"fusion-title title fusion-title-156 fusion-sep-none fusion-title-text fusion-title-size-four\" style=\"--awb-margin-top:20px;--awb-margin-right:20px;--awb-margin-bottom:20px;--awb-margin-left:20px;--awb-margin-top-small:10px;--awb-margin-right-small:0px;--awb-margin-bottom-small:10px;--awb-margin-left-small:0px;--awb-font-size:24px;\"><h4 class=\"fusion-title-heading title-heading-left\" style=\"font-family:&quot;IBM Plex Sans Condensed&quot;;font-style:normal;font-weight:500;margin:0;font-size:1em;line-height:1.2;\"><a href=\"https:\/\/www.mundusmaris.org\/de\/handwerklichen-fischerei-akademie\/mare-conference-on-blue-fear-mundus-maris-reflects\/\" class=\"awb-custom-text-color awb-custom-text-hover-color\" target=\"_self\">MARE Conference on Blue Fear &#8211; Mundus maris reflects<\/a><\/h4><\/div><\/div><\/li>\n<li class=\"fusion-layout-column fusion_builder_column fusion-builder-column-158 fusion-flex-column post-card fusion-grid-column fusion-post-cards-grid-column\" style=\"--awb-bg-color:var(--awb-color1);--awb-bg-color-hover:var(--awb-color1);--awb-bg-blend:overlay;--awb-bg-size:cover;--awb-flex-grow:0;--awb-flex-shrink:0;--awb-flex-grow-medium:;--awb-flex-shrink-medium:;--awb-flex-grow-small:;--awb-flex-shrink-small:;\" data-scroll-devices=\"small-visibility,medium-visibility,large-visibility\"><div class=\"fusion-column-wrapper fusion-column-has-shadow fusion-flex-justify-content-space-around fusion-content-layout-column\"><div class=\"fusion-classic-product-image-wrapper fusion-woo-product-image fusion-post-card-image fusion-post-card-image-1 has-aspect-ratio\" data-layout=\"static\" style=\"--awb-aspect-ratio:3 \/ 2;\"><div  class=\"fusion-image-wrapper\" aria-haspopup=\"true\">\n\t\t\t\t\t\t\t<a href=\"https:\/\/www.mundusmaris.org\/de\/veranstaltung\/eu-ocean-and-rivers-recovery-mission-mediterranean-lighthouse\/\" aria-label=\"EU Ocean and Rivers Recovery Mission &#8211; Mediterranean Lighthouse\">\n\t\t\t\t\t\t\t<img decoding=\"async\" width=\"1280\" height=\"853\" src=\"https:\/\/www.mundusmaris.org\/wp-content\/uploads\/2023\/06\/SalaDErcole_wiki.jpg\" class=\"attachment-full size-full wp-post-image\" alt=\"\" srcset=\"https:\/\/www.mundusmaris.org\/wp-content\/uploads\/2023\/06\/SalaDErcole_wiki-200x133.jpg 200w, https:\/\/www.mundusmaris.org\/wp-content\/uploads\/2023\/06\/SalaDErcole_wiki-400x267.jpg 400w, https:\/\/www.mundusmaris.org\/wp-content\/uploads\/2023\/06\/SalaDErcole_wiki-600x400.jpg 600w, https:\/\/www.mundusmaris.org\/wp-content\/uploads\/2023\/06\/SalaDErcole_wiki-800x533.jpg 800w, https:\/\/www.mundusmaris.org\/wp-content\/uploads\/2023\/06\/SalaDErcole_wiki-1200x800.jpg 1200w, https:\/\/www.mundusmaris.org\/wp-content\/uploads\/2023\/06\/SalaDErcole_wiki.jpg 1280w\" sizes=\"(min-width: 2200px) 100vw, (min-width: 784px) 373px, (min-width: 712px) 560px, (min-width: 640px) 712px, \" \/>\t\t\t<\/a>\n\t\t\t\t\t\t\t<\/div>\n<\/div><div class=\"fusion-meta-tb fusion-meta-tb-157 floated\" style=\"--awb-border-top:0px;--awb-height:36px;--awb-alignment-medium:flex-start;--awb-alignment-small:flex-start;\"><span class=\"fusion-tb-published-date\">Published On: 1. Juni 2023<\/span><span class=\"fusion-meta-tb-sep\"><\/span><\/div><div class=\"fusion-title title fusion-title-157 fusion-sep-none fusion-title-text fusion-title-size-four\" style=\"--awb-margin-top:20px;--awb-margin-right:20px;--awb-margin-bottom:20px;--awb-margin-left:20px;--awb-margin-top-small:10px;--awb-margin-right-small:0px;--awb-margin-bottom-small:10px;--awb-margin-left-small:0px;--awb-font-size:24px;\"><h4 class=\"fusion-title-heading title-heading-left\" style=\"font-family:&quot;IBM Plex Sans Condensed&quot;;font-style:normal;font-weight:500;margin:0;font-size:1em;line-height:1.2;\"><a href=\"https:\/\/www.mundusmaris.org\/de\/veranstaltung\/eu-ocean-and-rivers-recovery-mission-mediterranean-lighthouse\/\" class=\"awb-custom-text-color awb-custom-text-hover-color\" target=\"_self\">EU Ocean and Rivers Recovery Mission &#8211; Mediterranean Lighthouse<\/a><\/h4><\/div><\/div><\/li>\n<li class=\"fusion-layout-column fusion_builder_column fusion-builder-column-159 fusion-flex-column post-card fusion-grid-column fusion-post-cards-grid-column\" style=\"--awb-bg-color:var(--awb-color1);--awb-bg-color-hover:var(--awb-color1);--awb-bg-blend:overlay;--awb-bg-size:cover;--awb-flex-grow:0;--awb-flex-shrink:0;--awb-flex-grow-medium:;--awb-flex-shrink-medium:;--awb-flex-grow-small:;--awb-flex-shrink-small:;\" data-scroll-devices=\"small-visibility,medium-visibility,large-visibility\"><div class=\"fusion-column-wrapper fusion-column-has-shadow fusion-flex-justify-content-space-around fusion-content-layout-column\"><div class=\"fusion-classic-product-image-wrapper fusion-woo-product-image fusion-post-card-image fusion-post-card-image-1 has-aspect-ratio\" data-layout=\"static\" style=\"--awb-aspect-ratio:3 \/ 2;\"><div  class=\"fusion-image-wrapper\" aria-haspopup=\"true\">\n\t\t\t\t\t\t\t<a href=\"https:\/\/www.mundusmaris.org\/de\/handwerklichen-fischerei-akademie\/the-transition-from-vulnerability-to-viability-through-illuminating-hidden-harvests\/\" aria-label=\"The Transition From Vulnerability to Viability Through Illuminating Hidden Harvests, 26 May 2023\">\n\t\t\t\t\t\t\t<img decoding=\"async\" width=\"680\" height=\"425\" src=\"https:\/\/www.mundusmaris.org\/wp-content\/uploads\/2023\/12\/NicoleFranzFAO-2740601980.jpg\" class=\"attachment-full size-full wp-post-image\" alt=\"\" srcset=\"https:\/\/www.mundusmaris.org\/wp-content\/uploads\/2023\/12\/NicoleFranzFAO-2740601980-200x125.jpg 200w, https:\/\/www.mundusmaris.org\/wp-content\/uploads\/2023\/12\/NicoleFranzFAO-2740601980-400x250.jpg 400w, https:\/\/www.mundusmaris.org\/wp-content\/uploads\/2023\/12\/NicoleFranzFAO-2740601980-600x375.jpg 600w, https:\/\/www.mundusmaris.org\/wp-content\/uploads\/2023\/12\/NicoleFranzFAO-2740601980.jpg 680w\" sizes=\"(min-width: 2200px) 100vw, (min-width: 784px) 373px, (min-width: 712px) 560px, (min-width: 640px) 712px, \" \/>\t\t\t<\/a>\n\t\t\t\t\t\t\t<\/div>\n<\/div><div class=\"fusion-meta-tb fusion-meta-tb-158 floated\" style=\"--awb-border-top:0px;--awb-height:36px;--awb-alignment-medium:flex-start;--awb-alignment-small:flex-start;\"><span class=\"fusion-tb-published-date\">Published On: 28. Mai 2023<\/span><span class=\"fusion-meta-tb-sep\"><\/span><\/div><div class=\"fusion-title title fusion-title-158 fusion-sep-none fusion-title-text fusion-title-size-four\" style=\"--awb-margin-top:20px;--awb-margin-right:20px;--awb-margin-bottom:20px;--awb-margin-left:20px;--awb-margin-top-small:10px;--awb-margin-right-small:0px;--awb-margin-bottom-small:10px;--awb-margin-left-small:0px;--awb-font-size:24px;\"><h4 class=\"fusion-title-heading title-heading-left\" style=\"font-family:&quot;IBM Plex Sans Condensed&quot;;font-style:normal;font-weight:500;margin:0;font-size:1em;line-height:1.2;\"><a href=\"https:\/\/www.mundusmaris.org\/de\/handwerklichen-fischerei-akademie\/the-transition-from-vulnerability-to-viability-through-illuminating-hidden-harvests\/\" class=\"awb-custom-text-color awb-custom-text-hover-color\" target=\"_self\">The Transition From Vulnerability to Viability Through Illuminating Hidden Harvests, 26 May 2023<\/a><\/h4><\/div><\/div><\/li>\n<li class=\"fusion-layout-column fusion_builder_column fusion-builder-column-160 fusion-flex-column post-card fusion-grid-column fusion-post-cards-grid-column\" style=\"--awb-bg-color:var(--awb-color1);--awb-bg-color-hover:var(--awb-color1);--awb-bg-blend:overlay;--awb-bg-size:cover;--awb-flex-grow:0;--awb-flex-shrink:0;--awb-flex-grow-medium:;--awb-flex-shrink-medium:;--awb-flex-grow-small:;--awb-flex-shrink-small:;\" data-scroll-devices=\"small-visibility,medium-visibility,large-visibility\"><div class=\"fusion-column-wrapper fusion-column-has-shadow fusion-flex-justify-content-space-around fusion-content-layout-column\"><div class=\"fusion-classic-product-image-wrapper fusion-woo-product-image fusion-post-card-image fusion-post-card-image-1 has-aspect-ratio\" data-layout=\"static\" style=\"--awb-aspect-ratio:3 \/ 2;\"><div  class=\"fusion-image-wrapper\" aria-haspopup=\"true\">\n\t\t\t\t\t\t\t<a href=\"https:\/\/www.mundusmaris.org\/de\/aktivitaten\/ozean-und-klimaschutz\/jenseits-des-wachstums-ep-konferenz-15-bis-17-mai-2023\/\" aria-label=\"Jenseits des Wachstums &#8211; EP-Konferenz, 15. bis 17. Mai 2023\">\n\t\t\t\t\t\t\t<img decoding=\"async\" width=\"500\" height=\"330\" src=\"https:\/\/www.mundusmaris.org\/wp-content\/uploads\/2024\/12\/YaminaSaheb_IPCC-PanelLeadAuthorAR6Plenary3.jpg\" class=\"attachment-full size-full wp-post-image\" alt=\"\" srcset=\"https:\/\/www.mundusmaris.org\/wp-content\/uploads\/2024\/12\/YaminaSaheb_IPCC-PanelLeadAuthorAR6Plenary3-200x132.jpg 200w, https:\/\/www.mundusmaris.org\/wp-content\/uploads\/2024\/12\/YaminaSaheb_IPCC-PanelLeadAuthorAR6Plenary3-400x264.jpg 400w, https:\/\/www.mundusmaris.org\/wp-content\/uploads\/2024\/12\/YaminaSaheb_IPCC-PanelLeadAuthorAR6Plenary3.jpg 500w\" sizes=\"(min-width: 2200px) 100vw, (min-width: 784px) 373px, (min-width: 712px) 560px, (min-width: 640px) 712px, \" \/>\t\t\t<\/a>\n\t\t\t\t\t\t\t<\/div>\n<\/div><div class=\"fusion-meta-tb fusion-meta-tb-159 floated\" style=\"--awb-border-top:0px;--awb-height:36px;--awb-alignment-medium:flex-start;--awb-alignment-small:flex-start;\"><span class=\"fusion-tb-published-date\">Published On: 20. Mai 2023<\/span><span class=\"fusion-meta-tb-sep\"><\/span><\/div><div class=\"fusion-title title fusion-title-159 fusion-sep-none fusion-title-text fusion-title-size-four\" style=\"--awb-margin-top:20px;--awb-margin-right:20px;--awb-margin-bottom:20px;--awb-margin-left:20px;--awb-margin-top-small:10px;--awb-margin-right-small:0px;--awb-margin-bottom-small:10px;--awb-margin-left-small:0px;--awb-font-size:24px;\"><h4 class=\"fusion-title-heading title-heading-left\" style=\"font-family:&quot;IBM Plex Sans Condensed&quot;;font-style:normal;font-weight:500;margin:0;font-size:1em;line-height:1.2;\"><a href=\"https:\/\/www.mundusmaris.org\/de\/aktivitaten\/ozean-und-klimaschutz\/jenseits-des-wachstums-ep-konferenz-15-bis-17-mai-2023\/\" class=\"awb-custom-text-color awb-custom-text-hover-color\" target=\"_self\">Jenseits des Wachstums &#8211; EP-Konferenz, 15. bis 17. Mai 2023<\/a><\/h4><\/div><\/div><\/li>\n<li class=\"fusion-layout-column fusion_builder_column fusion-builder-column-161 fusion-flex-column post-card fusion-grid-column fusion-post-cards-grid-column\" style=\"--awb-bg-color:var(--awb-color1);--awb-bg-color-hover:var(--awb-color1);--awb-bg-blend:overlay;--awb-bg-size:cover;--awb-flex-grow:0;--awb-flex-shrink:0;--awb-flex-grow-medium:;--awb-flex-shrink-medium:;--awb-flex-grow-small:;--awb-flex-shrink-small:;\" data-scroll-devices=\"small-visibility,medium-visibility,large-visibility\"><div class=\"fusion-column-wrapper fusion-column-has-shadow fusion-flex-justify-content-space-around fusion-content-layout-column\"><div class=\"fusion-classic-product-image-wrapper fusion-woo-product-image fusion-post-card-image fusion-post-card-image-1 has-aspect-ratio\" data-layout=\"static\" style=\"--awb-aspect-ratio:3 \/ 2;\"><div  class=\"fusion-image-wrapper\" aria-haspopup=\"true\">\n\t\t\t\t\t\t\t<a href=\"https:\/\/www.mundusmaris.org\/de\/handwerklichen-fischerei-akademie\/egu-veranstaltungen-zum-thema-geoethik-und-gemeinsames-lernen\/\" aria-label=\"EGU-Veranstaltungen zum Thema Geoethik und gemeinsames Lernen\">\n\t\t\t\t\t\t\t<img decoding=\"async\" width=\"500\" height=\"388\" src=\"https:\/\/www.mundusmaris.org\/wp-content\/uploads\/2023\/12\/SilviaPeppoloni.jpg\" class=\"attachment-full size-full wp-post-image\" alt=\"\" srcset=\"https:\/\/www.mundusmaris.org\/wp-content\/uploads\/2023\/12\/SilviaPeppoloni-200x155.jpg 200w, https:\/\/www.mundusmaris.org\/wp-content\/uploads\/2023\/12\/SilviaPeppoloni-400x310.jpg 400w, https:\/\/www.mundusmaris.org\/wp-content\/uploads\/2023\/12\/SilviaPeppoloni.jpg 500w\" sizes=\"(min-width: 2200px) 100vw, (min-width: 784px) 373px, (min-width: 712px) 560px, (min-width: 640px) 712px, \" \/>\t\t\t<\/a>\n\t\t\t\t\t\t\t<\/div>\n<\/div><div class=\"fusion-meta-tb fusion-meta-tb-160 floated\" style=\"--awb-border-top:0px;--awb-height:36px;--awb-alignment-medium:flex-start;--awb-alignment-small:flex-start;\"><span class=\"fusion-tb-published-date\">Published On: 30. April 2023<\/span><span class=\"fusion-meta-tb-sep\"><\/span><\/div><div class=\"fusion-title title fusion-title-160 fusion-sep-none fusion-title-text fusion-title-size-four\" style=\"--awb-margin-top:20px;--awb-margin-right:20px;--awb-margin-bottom:20px;--awb-margin-left:20px;--awb-margin-top-small:10px;--awb-margin-right-small:0px;--awb-margin-bottom-small:10px;--awb-margin-left-small:0px;--awb-font-size:24px;\"><h4 class=\"fusion-title-heading title-heading-left\" style=\"font-family:&quot;IBM Plex Sans Condensed&quot;;font-style:normal;font-weight:500;margin:0;font-size:1em;line-height:1.2;\"><a href=\"https:\/\/www.mundusmaris.org\/de\/handwerklichen-fischerei-akademie\/egu-veranstaltungen-zum-thema-geoethik-und-gemeinsames-lernen\/\" class=\"awb-custom-text-color awb-custom-text-hover-color\" target=\"_self\">EGU-Veranstaltungen zum Thema Geoethik und gemeinsames Lernen<\/a><\/h4><\/div><\/div><\/li>\n<li class=\"fusion-layout-column fusion_builder_column fusion-builder-column-162 fusion-flex-column post-card fusion-grid-column fusion-post-cards-grid-column\" style=\"--awb-bg-color:var(--awb-color1);--awb-bg-color-hover:var(--awb-color1);--awb-bg-blend:overlay;--awb-bg-size:cover;--awb-flex-grow:0;--awb-flex-shrink:0;--awb-flex-grow-medium:;--awb-flex-shrink-medium:;--awb-flex-grow-small:;--awb-flex-shrink-small:;\" data-scroll-devices=\"small-visibility,medium-visibility,large-visibility\"><div class=\"fusion-column-wrapper fusion-column-has-shadow fusion-flex-justify-content-space-around fusion-content-layout-column\"><div class=\"fusion-classic-product-image-wrapper fusion-woo-product-image fusion-post-card-image fusion-post-card-image-1 has-aspect-ratio\" data-layout=\"static\" style=\"--awb-aspect-ratio:3 \/ 2;\"><div  class=\"fusion-image-wrapper\" aria-haspopup=\"true\">\n\t\t\t\t\t\t\t<a href=\"https:\/\/www.mundusmaris.org\/de\/zwischen-tradition-und-modernitaet\/april-v2v-lecture-vulnerability-to-viability-mind-matters\/\" aria-label=\"April V2V lecture &#8211; Vulnerability to Viability: Mind Matters\">\n\t\t\t\t\t\t\t<img decoding=\"async\" width=\"573\" height=\"295\" src=\"https:\/\/www.mundusmaris.org\/wp-content\/uploads\/2023\/12\/AnuradhaChoudry.jpg\" class=\"attachment-full size-full wp-post-image\" alt=\"\" srcset=\"https:\/\/www.mundusmaris.org\/wp-content\/uploads\/2023\/12\/AnuradhaChoudry-200x103.jpg 200w, https:\/\/www.mundusmaris.org\/wp-content\/uploads\/2023\/12\/AnuradhaChoudry-400x206.jpg 400w, https:\/\/www.mundusmaris.org\/wp-content\/uploads\/2023\/12\/AnuradhaChoudry.jpg 573w\" sizes=\"(min-width: 2200px) 100vw, (min-width: 784px) 373px, (min-width: 712px) 560px, (min-width: 640px) 712px, \" \/>\t\t\t<\/a>\n\t\t\t\t\t\t\t<\/div>\n<\/div><div class=\"fusion-meta-tb fusion-meta-tb-161 floated\" style=\"--awb-border-top:0px;--awb-height:36px;--awb-alignment-medium:flex-start;--awb-alignment-small:flex-start;\"><span class=\"fusion-tb-published-date\">Published On: 28. April 2023<\/span><span class=\"fusion-meta-tb-sep\"><\/span><\/div><div class=\"fusion-title title fusion-title-161 fusion-sep-none fusion-title-text fusion-title-size-four\" style=\"--awb-margin-top:20px;--awb-margin-right:20px;--awb-margin-bottom:20px;--awb-margin-left:20px;--awb-margin-top-small:10px;--awb-margin-right-small:0px;--awb-margin-bottom-small:10px;--awb-margin-left-small:0px;--awb-font-size:24px;\"><h4 class=\"fusion-title-heading title-heading-left\" style=\"font-family:&quot;IBM Plex Sans Condensed&quot;;font-style:normal;font-weight:500;margin:0;font-size:1em;line-height:1.2;\"><a href=\"https:\/\/www.mundusmaris.org\/de\/zwischen-tradition-und-modernitaet\/april-v2v-lecture-vulnerability-to-viability-mind-matters\/\" class=\"awb-custom-text-color awb-custom-text-hover-color\" target=\"_self\">April V2V lecture &#8211; Vulnerability to Viability: Mind Matters<\/a><\/h4><\/div><\/div><\/li>\n<li class=\"fusion-layout-column fusion_builder_column fusion-builder-column-163 fusion-flex-column post-card fusion-grid-column fusion-post-cards-grid-column\" style=\"--awb-bg-color:var(--awb-color1);--awb-bg-color-hover:var(--awb-color1);--awb-bg-blend:overlay;--awb-bg-size:cover;--awb-flex-grow:0;--awb-flex-shrink:0;--awb-flex-grow-medium:;--awb-flex-shrink-medium:;--awb-flex-grow-small:;--awb-flex-shrink-small:;\" data-scroll-devices=\"small-visibility,medium-visibility,large-visibility\"><div class=\"fusion-column-wrapper fusion-column-has-shadow fusion-flex-justify-content-space-around fusion-content-layout-column\"><div class=\"fusion-classic-product-image-wrapper fusion-woo-product-image fusion-post-card-image fusion-post-card-image-1 has-aspect-ratio\" data-layout=\"static\" style=\"--awb-aspect-ratio:3 \/ 2;\"><div  class=\"fusion-image-wrapper\" aria-haspopup=\"true\">\n\t\t\t\t\t\t\t<a href=\"https:\/\/www.mundusmaris.org\/de\/handwerklichen-fischerei-akademie\/solidaritaet-mit-den-handwerklichen-fischern-in-senegal-und-mauretanien\/\" aria-label=\"Solidarit\u00e4t mit den handwerklichen Fischern in Senegal und Mauretanien\">\n\t\t\t\t\t\t\t<img decoding=\"async\" width=\"225\" height=\"150\" src=\"https:\/\/www.mundusmaris.org\/wp-content\/uploads\/2023\/12\/OilRig-2191719.jpg\" class=\"attachment-full size-full wp-post-image\" alt=\"\" srcset=\"https:\/\/www.mundusmaris.org\/wp-content\/uploads\/2023\/12\/OilRig-2191719-200x133.jpg 200w, https:\/\/www.mundusmaris.org\/wp-content\/uploads\/2023\/12\/OilRig-2191719.jpg 225w\" sizes=\"(min-width: 2200px) 100vw, (min-width: 784px) 373px, (min-width: 712px) 560px, (min-width: 640px) 712px, \" \/>\t\t\t<\/a>\n\t\t\t\t\t\t\t<\/div>\n<\/div><div class=\"fusion-meta-tb fusion-meta-tb-162 floated\" style=\"--awb-border-top:0px;--awb-height:36px;--awb-alignment-medium:flex-start;--awb-alignment-small:flex-start;\"><span class=\"fusion-tb-published-date\">Published On: 18. April 2023<\/span><span class=\"fusion-meta-tb-sep\"><\/span><\/div><div class=\"fusion-title title fusion-title-162 fusion-sep-none fusion-title-text fusion-title-size-four\" style=\"--awb-margin-top:20px;--awb-margin-right:20px;--awb-margin-bottom:20px;--awb-margin-left:20px;--awb-margin-top-small:10px;--awb-margin-right-small:0px;--awb-margin-bottom-small:10px;--awb-margin-left-small:0px;--awb-font-size:24px;\"><h4 class=\"fusion-title-heading title-heading-left\" style=\"font-family:&quot;IBM Plex Sans Condensed&quot;;font-style:normal;font-weight:500;margin:0;font-size:1em;line-height:1.2;\"><a href=\"https:\/\/www.mundusmaris.org\/de\/handwerklichen-fischerei-akademie\/solidaritaet-mit-den-handwerklichen-fischern-in-senegal-und-mauretanien\/\" class=\"awb-custom-text-color awb-custom-text-hover-color\" target=\"_self\">Solidarit\u00e4t mit den handwerklichen Fischern in Senegal und Mauretanien<\/a><\/h4><\/div><\/div><\/li>\n<li class=\"fusion-layout-column fusion_builder_column fusion-builder-column-164 fusion-flex-column post-card fusion-grid-column fusion-post-cards-grid-column\" style=\"--awb-bg-color:var(--awb-color1);--awb-bg-color-hover:var(--awb-color1);--awb-bg-blend:overlay;--awb-bg-size:cover;--awb-flex-grow:0;--awb-flex-shrink:0;--awb-flex-grow-medium:;--awb-flex-shrink-medium:;--awb-flex-grow-small:;--awb-flex-shrink-small:;\" data-scroll-devices=\"small-visibility,medium-visibility,large-visibility\"><div class=\"fusion-column-wrapper fusion-column-has-shadow fusion-flex-justify-content-space-around fusion-content-layout-column\"><div class=\"fusion-classic-product-image-wrapper fusion-woo-product-image fusion-post-card-image fusion-post-card-image-1 has-aspect-ratio\" data-layout=\"static\" style=\"--awb-aspect-ratio:3 \/ 2;\"><div  class=\"fusion-image-wrapper\" aria-haspopup=\"true\">\n\t\t\t\t\t\t\t<a href=\"https:\/\/www.mundusmaris.org\/de\/aktivitaten\/messe-fuer-maritime-berufe-4-april-2023-accra-ghana\/\" aria-label=\"Messe f\u00fcr maritime Berufe, 4. April 2023, Accra, Ghana\">\n\t\t\t\t\t\t\t<img decoding=\"async\" width=\"500\" height=\"330\" src=\"https:\/\/www.mundusmaris.org\/wp-content\/uploads\/2023\/12\/LogoGogmi.jpg\" class=\"attachment-full size-full wp-post-image\" alt=\"\" srcset=\"https:\/\/www.mundusmaris.org\/wp-content\/uploads\/2023\/12\/LogoGogmi-200x132.jpg 200w, https:\/\/www.mundusmaris.org\/wp-content\/uploads\/2023\/12\/LogoGogmi-400x264.jpg 400w, https:\/\/www.mundusmaris.org\/wp-content\/uploads\/2023\/12\/LogoGogmi.jpg 500w\" sizes=\"(min-width: 2200px) 100vw, (min-width: 784px) 373px, (min-width: 712px) 560px, (min-width: 640px) 712px, \" \/>\t\t\t<\/a>\n\t\t\t\t\t\t\t<\/div>\n<\/div><div class=\"fusion-meta-tb fusion-meta-tb-163 floated\" style=\"--awb-border-top:0px;--awb-height:36px;--awb-alignment-medium:flex-start;--awb-alignment-small:flex-start;\"><span class=\"fusion-tb-published-date\">Published On: 10. April 2023<\/span><span class=\"fusion-meta-tb-sep\"><\/span><\/div><div class=\"fusion-title title fusion-title-163 fusion-sep-none fusion-title-text fusion-title-size-four\" style=\"--awb-margin-top:20px;--awb-margin-right:20px;--awb-margin-bottom:20px;--awb-margin-left:20px;--awb-margin-top-small:10px;--awb-margin-right-small:0px;--awb-margin-bottom-small:10px;--awb-margin-left-small:0px;--awb-font-size:24px;\"><h4 class=\"fusion-title-heading title-heading-left\" style=\"font-family:&quot;IBM Plex Sans Condensed&quot;;font-style:normal;font-weight:500;margin:0;font-size:1em;line-height:1.2;\"><a href=\"https:\/\/www.mundusmaris.org\/de\/aktivitaten\/messe-fuer-maritime-berufe-4-april-2023-accra-ghana\/\" class=\"awb-custom-text-color awb-custom-text-hover-color\" target=\"_self\">Messe f\u00fcr maritime Berufe, 4. April 2023, Accra, Ghana<\/a><\/h4><\/div><\/div><\/li>\n<li class=\"fusion-layout-column fusion_builder_column fusion-builder-column-165 fusion-flex-column post-card fusion-grid-column fusion-post-cards-grid-column\" style=\"--awb-bg-color:var(--awb-color1);--awb-bg-color-hover:var(--awb-color1);--awb-bg-blend:overlay;--awb-bg-size:cover;--awb-flex-grow:0;--awb-flex-shrink:0;--awb-flex-grow-medium:;--awb-flex-shrink-medium:;--awb-flex-grow-small:;--awb-flex-shrink-small:;\" data-scroll-devices=\"small-visibility,medium-visibility,large-visibility\"><div class=\"fusion-column-wrapper fusion-column-has-shadow fusion-flex-justify-content-space-around fusion-content-layout-column\"><div class=\"fusion-classic-product-image-wrapper fusion-woo-product-image fusion-post-card-image fusion-post-card-image-1 has-aspect-ratio\" data-layout=\"static\" style=\"--awb-aspect-ratio:3 \/ 2;\"><div  class=\"fusion-image-wrapper\" aria-haspopup=\"true\">\n\t\t\t\t\t\t\t<a href=\"https:\/\/www.mundusmaris.org\/de\/handwerklichen-fischerei-akademie\/the-legal-instruments-for-the-development-of-sustainable-small-scale-fisheries-governance-in-nigeria\/\" aria-label=\"The legal instruments for the development of sustainable small-scale fisheries governance in Nigeria, 31 March 2023\">\n\t\t\t\t\t\t\t<img decoding=\"async\" width=\"300\" height=\"229\" src=\"https:\/\/www.mundusmaris.org\/wp-content\/uploads\/2023\/12\/FolukeAreola1.jpg\" class=\"attachment-full size-full wp-post-image\" alt=\"\" srcset=\"https:\/\/www.mundusmaris.org\/wp-content\/uploads\/2023\/12\/FolukeAreola1-200x153.jpg 200w, https:\/\/www.mundusmaris.org\/wp-content\/uploads\/2023\/12\/FolukeAreola1.jpg 300w\" sizes=\"(min-width: 2200px) 100vw, (min-width: 784px) 373px, (min-width: 712px) 560px, (min-width: 640px) 712px, \" \/>\t\t\t<\/a>\n\t\t\t\t\t\t\t<\/div>\n<\/div><div class=\"fusion-meta-tb fusion-meta-tb-164 floated\" style=\"--awb-border-top:0px;--awb-height:36px;--awb-alignment-medium:flex-start;--awb-alignment-small:flex-start;\"><span class=\"fusion-tb-published-date\">Published On: 3. April 2023<\/span><span class=\"fusion-meta-tb-sep\"><\/span><\/div><div class=\"fusion-title title fusion-title-164 fusion-sep-none fusion-title-text fusion-title-size-four\" style=\"--awb-margin-top:20px;--awb-margin-right:20px;--awb-margin-bottom:20px;--awb-margin-left:20px;--awb-margin-top-small:10px;--awb-margin-right-small:0px;--awb-margin-bottom-small:10px;--awb-margin-left-small:0px;--awb-font-size:24px;\"><h4 class=\"fusion-title-heading title-heading-left\" style=\"font-family:&quot;IBM Plex Sans Condensed&quot;;font-style:normal;font-weight:500;margin:0;font-size:1em;line-height:1.2;\"><a href=\"https:\/\/www.mundusmaris.org\/de\/handwerklichen-fischerei-akademie\/the-legal-instruments-for-the-development-of-sustainable-small-scale-fisheries-governance-in-nigeria\/\" class=\"awb-custom-text-color awb-custom-text-hover-color\" target=\"_self\">The legal instruments for the development of sustainable small-scale fisheries governance in Nigeria, 31 March 2023<\/a><\/h4><\/div><\/div><\/li>\n<li class=\"fusion-layout-column fusion_builder_column fusion-builder-column-166 fusion-flex-column post-card fusion-grid-column fusion-post-cards-grid-column\" style=\"--awb-bg-color:var(--awb-color1);--awb-bg-color-hover:var(--awb-color1);--awb-bg-blend:overlay;--awb-bg-size:cover;--awb-flex-grow:0;--awb-flex-shrink:0;--awb-flex-grow-medium:;--awb-flex-shrink-medium:;--awb-flex-grow-small:;--awb-flex-shrink-small:;\" data-scroll-devices=\"small-visibility,medium-visibility,large-visibility\"><div class=\"fusion-column-wrapper fusion-column-has-shadow fusion-flex-justify-content-space-around fusion-content-layout-column\"><div class=\"fusion-classic-product-image-wrapper fusion-woo-product-image fusion-post-card-image fusion-post-card-image-1 has-aspect-ratio\" data-layout=\"static\" style=\"--awb-aspect-ratio:3 \/ 2;\"><div  class=\"fusion-image-wrapper\" aria-haspopup=\"true\">\n\t\t\t\t\t\t\t<a href=\"https:\/\/www.mundusmaris.org\/de\/meeresfruechte-die-wir-essen\/ep-hearing-on-eu-citizen-initiative-to-stop-shark-finning\/\" aria-label=\"EP Hearing on EU Citizen Initiative to stop shark finning\">\n\t\t\t\t\t\t\t<img decoding=\"async\" width=\"500\" height=\"362\" src=\"https:\/\/www.mundusmaris.org\/wp-content\/uploads\/2023\/04\/shark-finning.jpg\" class=\"attachment-full size-full wp-post-image\" alt=\"\" srcset=\"https:\/\/www.mundusmaris.org\/wp-content\/uploads\/2023\/04\/shark-finning-200x145.jpg 200w, https:\/\/www.mundusmaris.org\/wp-content\/uploads\/2023\/04\/shark-finning-400x290.jpg 400w, https:\/\/www.mundusmaris.org\/wp-content\/uploads\/2023\/04\/shark-finning.jpg 500w\" sizes=\"(min-width: 2200px) 100vw, (min-width: 784px) 373px, (min-width: 712px) 560px, (min-width: 640px) 712px, \" \/>\t\t\t<\/a>\n\t\t\t\t\t\t\t<\/div>\n<\/div><div class=\"fusion-meta-tb fusion-meta-tb-165 floated\" style=\"--awb-border-top:0px;--awb-height:36px;--awb-alignment-medium:flex-start;--awb-alignment-small:flex-start;\"><span class=\"fusion-tb-published-date\">Published On: 1. April 2023<\/span><span class=\"fusion-meta-tb-sep\"><\/span><\/div><div class=\"fusion-title title fusion-title-165 fusion-sep-none fusion-title-text fusion-title-size-four\" style=\"--awb-margin-top:20px;--awb-margin-right:20px;--awb-margin-bottom:20px;--awb-margin-left:20px;--awb-margin-top-small:10px;--awb-margin-right-small:0px;--awb-margin-bottom-small:10px;--awb-margin-left-small:0px;--awb-font-size:24px;\"><h4 class=\"fusion-title-heading title-heading-left\" style=\"font-family:&quot;IBM Plex Sans Condensed&quot;;font-style:normal;font-weight:500;margin:0;font-size:1em;line-height:1.2;\"><a href=\"https:\/\/www.mundusmaris.org\/de\/meeresfruechte-die-wir-essen\/ep-hearing-on-eu-citizen-initiative-to-stop-shark-finning\/\" class=\"awb-custom-text-color awb-custom-text-hover-color\" target=\"_self\">EP Hearing on EU Citizen Initiative to stop shark finning<\/a><\/h4><\/div><\/div><\/li>\n<li class=\"fusion-layout-column fusion_builder_column fusion-builder-column-167 fusion-flex-column post-card fusion-grid-column fusion-post-cards-grid-column\" style=\"--awb-bg-color:var(--awb-color1);--awb-bg-color-hover:var(--awb-color1);--awb-bg-blend:overlay;--awb-bg-size:cover;--awb-flex-grow:0;--awb-flex-shrink:0;--awb-flex-grow-medium:;--awb-flex-shrink-medium:;--awb-flex-grow-small:;--awb-flex-shrink-small:;\" data-scroll-devices=\"small-visibility,medium-visibility,large-visibility\"><div class=\"fusion-column-wrapper fusion-column-has-shadow fusion-flex-justify-content-space-around fusion-content-layout-column\"><div class=\"fusion-classic-product-image-wrapper fusion-woo-product-image fusion-post-card-image fusion-post-card-image-1 has-aspect-ratio\" data-layout=\"static\" style=\"--awb-aspect-ratio:3 \/ 2;\"><div  class=\"fusion-image-wrapper\" aria-haspopup=\"true\">\n\t\t\t\t\t\t\t<a href=\"\" aria-label=\"Agreement to protect the High Seas\">\n\t\t\t\t\t\t\t\t\t\t<div class=\"fusion-placeholder-image\" data-origheight=\"150\" data-origwidth=\"100%\" style=\"width:100%;aspect-ratio:3 \/ 2;\"><\/div>\n\t\t\t\t\t<\/a>\n\t\t\t\t\t\t\t<\/div>\n<\/div><div class=\"fusion-meta-tb fusion-meta-tb-166 floated\" style=\"--awb-border-top:0px;--awb-height:36px;--awb-alignment-medium:flex-start;--awb-alignment-small:flex-start;\"><span class=\"fusion-tb-published-date\">Published On: 29. M\u00e4rz 2023<\/span><span class=\"fusion-meta-tb-sep\"><\/span><\/div><div class=\"fusion-title title fusion-title-166 fusion-sep-none fusion-title-text fusion-title-size-four\" style=\"--awb-margin-top:20px;--awb-margin-right:20px;--awb-margin-bottom:20px;--awb-margin-left:20px;--awb-margin-top-small:10px;--awb-margin-right-small:0px;--awb-margin-bottom-small:10px;--awb-margin-left-small:0px;--awb-font-size:24px;\"><h4 class=\"fusion-title-heading title-heading-left\" style=\"font-family:&quot;IBM Plex Sans Condensed&quot;;font-style:normal;font-weight:500;margin:0;font-size:1em;line-height:1.2;\"><a href=\"https:\/\/www.mundusmaris.org\/de\/veranstaltung\/agreement-to-protect-the-high-seas\/\" class=\"awb-custom-text-color awb-custom-text-hover-color\" target=\"_self\">Agreement to protect the High Seas<\/a><\/h4><\/div><\/div><\/li>\n<li class=\"fusion-layout-column fusion_builder_column fusion-builder-column-168 fusion-flex-column post-card fusion-grid-column fusion-post-cards-grid-column\" style=\"--awb-bg-color:var(--awb-color1);--awb-bg-color-hover:var(--awb-color1);--awb-bg-blend:overlay;--awb-bg-size:cover;--awb-flex-grow:0;--awb-flex-shrink:0;--awb-flex-grow-medium:;--awb-flex-shrink-medium:;--awb-flex-grow-small:;--awb-flex-shrink-small:;\" data-scroll-devices=\"small-visibility,medium-visibility,large-visibility\"><div class=\"fusion-column-wrapper fusion-column-has-shadow fusion-flex-justify-content-space-around fusion-content-layout-column\"><div class=\"fusion-classic-product-image-wrapper fusion-woo-product-image fusion-post-card-image fusion-post-card-image-1 has-aspect-ratio\" data-layout=\"static\" style=\"--awb-aspect-ratio:3 \/ 2;\"><div  class=\"fusion-image-wrapper\" aria-haspopup=\"true\">\n\t\t\t\t\t\t\t<a href=\"https:\/\/www.mundusmaris.org\/de\/veranstaltung\/the-new-kunming-montreal-global-biodiversity-framework-webinar\/\" aria-label=\"The new Kunming-Montreal Global Biodiversity Framework webinar\">\n\t\t\t\t\t\t\t<img decoding=\"async\" width=\"300\" height=\"171\" src=\"https:\/\/www.mundusmaris.org\/wp-content\/uploads\/2024\/09\/BasileVanHavre01.jpg\" class=\"attachment-full size-full wp-post-image\" alt=\"\" srcset=\"https:\/\/www.mundusmaris.org\/wp-content\/uploads\/2024\/09\/BasileVanHavre01-200x114.jpg 200w, https:\/\/www.mundusmaris.org\/wp-content\/uploads\/2024\/09\/BasileVanHavre01.jpg 300w\" sizes=\"(min-width: 2200px) 100vw, (min-width: 784px) 373px, (min-width: 712px) 560px, (min-width: 640px) 712px, \" \/>\t\t\t<\/a>\n\t\t\t\t\t\t\t<\/div>\n<\/div><div class=\"fusion-meta-tb fusion-meta-tb-167 floated\" style=\"--awb-border-top:0px;--awb-height:36px;--awb-alignment-medium:flex-start;--awb-alignment-small:flex-start;\"><span class=\"fusion-tb-published-date\">Published On: 20. M\u00e4rz 2023<\/span><span class=\"fusion-meta-tb-sep\"><\/span><\/div><div class=\"fusion-title title fusion-title-167 fusion-sep-none fusion-title-text fusion-title-size-four\" style=\"--awb-margin-top:20px;--awb-margin-right:20px;--awb-margin-bottom:20px;--awb-margin-left:20px;--awb-margin-top-small:10px;--awb-margin-right-small:0px;--awb-margin-bottom-small:10px;--awb-margin-left-small:0px;--awb-font-size:24px;\"><h4 class=\"fusion-title-heading title-heading-left\" style=\"font-family:&quot;IBM Plex Sans Condensed&quot;;font-style:normal;font-weight:500;margin:0;font-size:1em;line-height:1.2;\"><a href=\"https:\/\/www.mundusmaris.org\/de\/veranstaltung\/the-new-kunming-montreal-global-biodiversity-framework-webinar\/\" class=\"awb-custom-text-color awb-custom-text-hover-color\" target=\"_self\">The new Kunming-Montreal Global Biodiversity Framework webinar<\/a><\/h4><\/div><\/div><\/li>\n<li class=\"fusion-layout-column fusion_builder_column fusion-builder-column-169 fusion-flex-column post-card fusion-grid-column fusion-post-cards-grid-column\" style=\"--awb-bg-color:var(--awb-color1);--awb-bg-color-hover:var(--awb-color1);--awb-bg-blend:overlay;--awb-bg-size:cover;--awb-flex-grow:0;--awb-flex-shrink:0;--awb-flex-grow-medium:;--awb-flex-shrink-medium:;--awb-flex-grow-small:;--awb-flex-shrink-small:;\" data-scroll-devices=\"small-visibility,medium-visibility,large-visibility\"><div class=\"fusion-column-wrapper fusion-column-has-shadow fusion-flex-justify-content-space-around fusion-content-layout-column\"><div class=\"fusion-classic-product-image-wrapper fusion-woo-product-image fusion-post-card-image fusion-post-card-image-1 has-aspect-ratio\" data-layout=\"static\" style=\"--awb-aspect-ratio:3 \/ 2;\"><div  class=\"fusion-image-wrapper\" aria-haspopup=\"true\">\n\t\t\t\t\t\t\t<a href=\"https:\/\/www.mundusmaris.org\/de\/meeresfruechte-die-wir-essen\/keynote-at-the-feed-the-future-innovation-lab-for-fish\/\" aria-label=\"Keynote at the &#8218;Feed the Future &#8211; Innovation Lab for Fish&#8216;\">\n\t\t\t\t\t\t\t<img decoding=\"async\" width=\"500\" height=\"435\" src=\"https:\/\/www.mundusmaris.org\/wp-content\/uploads\/2024\/09\/StellaWilliams2023NewOrleans.jpg\" class=\"attachment-full size-full wp-post-image\" alt=\"\" srcset=\"https:\/\/www.mundusmaris.org\/wp-content\/uploads\/2024\/09\/StellaWilliams2023NewOrleans-200x174.jpg 200w, https:\/\/www.mundusmaris.org\/wp-content\/uploads\/2024\/09\/StellaWilliams2023NewOrleans-400x348.jpg 400w, https:\/\/www.mundusmaris.org\/wp-content\/uploads\/2024\/09\/StellaWilliams2023NewOrleans.jpg 500w\" sizes=\"(min-width: 2200px) 100vw, (min-width: 784px) 373px, (min-width: 712px) 560px, (min-width: 640px) 712px, \" \/>\t\t\t<\/a>\n\t\t\t\t\t\t\t<\/div>\n<\/div><div class=\"fusion-meta-tb fusion-meta-tb-168 floated\" style=\"--awb-border-top:0px;--awb-height:36px;--awb-alignment-medium:flex-start;--awb-alignment-small:flex-start;\"><span class=\"fusion-tb-published-date\">Published On: 1. M\u00e4rz 2023<\/span><span class=\"fusion-meta-tb-sep\"><\/span><\/div><div class=\"fusion-title title fusion-title-168 fusion-sep-none fusion-title-text fusion-title-size-four\" style=\"--awb-margin-top:20px;--awb-margin-right:20px;--awb-margin-bottom:20px;--awb-margin-left:20px;--awb-margin-top-small:10px;--awb-margin-right-small:0px;--awb-margin-bottom-small:10px;--awb-margin-left-small:0px;--awb-font-size:24px;\"><h4 class=\"fusion-title-heading title-heading-left\" style=\"font-family:&quot;IBM Plex Sans Condensed&quot;;font-style:normal;font-weight:500;margin:0;font-size:1em;line-height:1.2;\"><a href=\"https:\/\/www.mundusmaris.org\/de\/meeresfruechte-die-wir-essen\/keynote-at-the-feed-the-future-innovation-lab-for-fish\/\" class=\"awb-custom-text-color awb-custom-text-hover-color\" target=\"_self\">Keynote at the &#8218;Feed the Future &#8211; Innovation Lab for Fish&#8216;<\/a><\/h4><\/div><\/div><\/li>\n<li class=\"fusion-layout-column fusion_builder_column fusion-builder-column-170 fusion-flex-column post-card fusion-grid-column fusion-post-cards-grid-column\" style=\"--awb-bg-color:var(--awb-color1);--awb-bg-color-hover:var(--awb-color1);--awb-bg-blend:overlay;--awb-bg-size:cover;--awb-flex-grow:0;--awb-flex-shrink:0;--awb-flex-grow-medium:;--awb-flex-shrink-medium:;--awb-flex-grow-small:;--awb-flex-shrink-small:;\" data-scroll-devices=\"small-visibility,medium-visibility,large-visibility\"><div class=\"fusion-column-wrapper fusion-column-has-shadow fusion-flex-justify-content-space-around fusion-content-layout-column\"><div class=\"fusion-classic-product-image-wrapper fusion-woo-product-image fusion-post-card-image fusion-post-card-image-1 has-aspect-ratio\" data-layout=\"static\" style=\"--awb-aspect-ratio:3 \/ 2;\"><div  class=\"fusion-image-wrapper\" aria-haspopup=\"true\">\n\t\t\t\t\t\t\t<a href=\"https:\/\/www.mundusmaris.org\/de\/handwerklichen-fischerei-akademie\/tools-for-gender-analysis-understanding-vulnerability-and-empowerment-2023\/\" aria-label=\"Tools for Gender Analysis: Understanding Vulnerability and Empowerment, 17 February 2023\">\n\t\t\t\t\t\t\t<img decoding=\"async\" width=\"400\" height=\"400\" src=\"https:\/\/www.mundusmaris.org\/wp-content\/uploads\/2023\/12\/AndreaMCollins.jpg\" class=\"attachment-full size-full wp-post-image\" alt=\"\" srcset=\"https:\/\/www.mundusmaris.org\/wp-content\/uploads\/2023\/12\/AndreaMCollins-200x200.jpg 200w, https:\/\/www.mundusmaris.org\/wp-content\/uploads\/2023\/12\/AndreaMCollins.jpg 400w\" sizes=\"(min-width: 2200px) 100vw, (min-width: 784px) 373px, (min-width: 712px) 560px, (min-width: 640px) 712px, \" \/>\t\t\t<\/a>\n\t\t\t\t\t\t\t<\/div>\n<\/div><div class=\"fusion-meta-tb fusion-meta-tb-169 floated\" style=\"--awb-border-top:0px;--awb-height:36px;--awb-alignment-medium:flex-start;--awb-alignment-small:flex-start;\"><span class=\"fusion-tb-published-date\">Published On: 20. Februar 2023<\/span><span class=\"fusion-meta-tb-sep\"><\/span><\/div><div class=\"fusion-title title fusion-title-169 fusion-sep-none fusion-title-text fusion-title-size-four\" style=\"--awb-margin-top:20px;--awb-margin-right:20px;--awb-margin-bottom:20px;--awb-margin-left:20px;--awb-margin-top-small:10px;--awb-margin-right-small:0px;--awb-margin-bottom-small:10px;--awb-margin-left-small:0px;--awb-font-size:24px;\"><h4 class=\"fusion-title-heading title-heading-left\" style=\"font-family:&quot;IBM Plex Sans Condensed&quot;;font-style:normal;font-weight:500;margin:0;font-size:1em;line-height:1.2;\"><a href=\"https:\/\/www.mundusmaris.org\/de\/handwerklichen-fischerei-akademie\/tools-for-gender-analysis-understanding-vulnerability-and-empowerment-2023\/\" class=\"awb-custom-text-color awb-custom-text-hover-color\" target=\"_self\">Tools for Gender Analysis: Understanding Vulnerability and Empowerment, 17 February 2023<\/a><\/h4><\/div><\/div><\/li>\n<li class=\"fusion-layout-column fusion_builder_column fusion-builder-column-171 fusion-flex-column post-card fusion-grid-column fusion-post-cards-grid-column\" style=\"--awb-bg-color:var(--awb-color1);--awb-bg-color-hover:var(--awb-color1);--awb-bg-blend:overlay;--awb-bg-size:cover;--awb-flex-grow:0;--awb-flex-shrink:0;--awb-flex-grow-medium:;--awb-flex-shrink-medium:;--awb-flex-grow-small:;--awb-flex-shrink-small:;\" data-scroll-devices=\"small-visibility,medium-visibility,large-visibility\"><div class=\"fusion-column-wrapper fusion-column-has-shadow fusion-flex-justify-content-space-around fusion-content-layout-column\"><div class=\"fusion-classic-product-image-wrapper fusion-woo-product-image fusion-post-card-image fusion-post-card-image-1 has-aspect-ratio\" data-layout=\"static\" style=\"--awb-aspect-ratio:3 \/ 2;\"><div  class=\"fusion-image-wrapper\" aria-haspopup=\"true\">\n\t\t\t\t\t\t\t<a href=\"https:\/\/www.mundusmaris.org\/de\/aktivitaten\/stop-der-uberfischung\/ep-committee-of-fisheries-discusses-the-role-of-china-in-fisheries\/\" aria-label=\"EP Committee of Fisheries discusses the role of China in fisheries\">\n\t\t\t\t\t\t\t<img decoding=\"async\" width=\"500\" height=\"345\" src=\"https:\/\/www.mundusmaris.org\/wp-content\/uploads\/2024\/09\/European_Parliament_logo.jpg\" class=\"attachment-full size-full wp-post-image\" alt=\"\" srcset=\"https:\/\/www.mundusmaris.org\/wp-content\/uploads\/2024\/09\/European_Parliament_logo-200x138.jpg 200w, https:\/\/www.mundusmaris.org\/wp-content\/uploads\/2024\/09\/European_Parliament_logo-400x276.jpg 400w, https:\/\/www.mundusmaris.org\/wp-content\/uploads\/2024\/09\/European_Parliament_logo.jpg 500w\" sizes=\"(min-width: 2200px) 100vw, (min-width: 784px) 373px, (min-width: 712px) 560px, (min-width: 640px) 712px, \" \/>\t\t\t<\/a>\n\t\t\t\t\t\t\t<\/div>\n<\/div><div class=\"fusion-meta-tb fusion-meta-tb-170 floated\" style=\"--awb-border-top:0px;--awb-height:36px;--awb-alignment-medium:flex-start;--awb-alignment-small:flex-start;\"><span class=\"fusion-tb-published-date\">Published On: 30. Januar 2023<\/span><span class=\"fusion-meta-tb-sep\"><\/span><\/div><div class=\"fusion-title title fusion-title-170 fusion-sep-none fusion-title-text fusion-title-size-four\" style=\"--awb-margin-top:20px;--awb-margin-right:20px;--awb-margin-bottom:20px;--awb-margin-left:20px;--awb-margin-top-small:10px;--awb-margin-right-small:0px;--awb-margin-bottom-small:10px;--awb-margin-left-small:0px;--awb-font-size:24px;\"><h4 class=\"fusion-title-heading title-heading-left\" style=\"font-family:&quot;IBM Plex Sans Condensed&quot;;font-style:normal;font-weight:500;margin:0;font-size:1em;line-height:1.2;\"><a href=\"https:\/\/www.mundusmaris.org\/de\/aktivitaten\/stop-der-uberfischung\/ep-committee-of-fisheries-discusses-the-role-of-china-in-fisheries\/\" class=\"awb-custom-text-color awb-custom-text-hover-color\" target=\"_self\">EP Committee of Fisheries discusses the role of China in fisheries<\/a><\/h4><\/div><\/div><\/li>\n<li class=\"fusion-layout-column fusion_builder_column fusion-builder-column-172 fusion-flex-column post-card fusion-grid-column fusion-post-cards-grid-column\" style=\"--awb-bg-color:var(--awb-color1);--awb-bg-color-hover:var(--awb-color1);--awb-bg-blend:overlay;--awb-bg-size:cover;--awb-flex-grow:0;--awb-flex-shrink:0;--awb-flex-grow-medium:;--awb-flex-shrink-medium:;--awb-flex-grow-small:;--awb-flex-shrink-small:;\" data-scroll-devices=\"small-visibility,medium-visibility,large-visibility\"><div class=\"fusion-column-wrapper fusion-column-has-shadow fusion-flex-justify-content-space-around fusion-content-layout-column\"><div class=\"fusion-classic-product-image-wrapper fusion-woo-product-image fusion-post-card-image fusion-post-card-image-1 has-aspect-ratio\" data-layout=\"static\" style=\"--awb-aspect-ratio:3 \/ 2;\"><div  class=\"fusion-image-wrapper\" aria-haspopup=\"true\">\n\t\t\t\t\t\t\t<a href=\"https:\/\/www.mundusmaris.org\/de\/handwerklichen-fischerei-akademie\/community-resilience-a-framework-for-non-traditional-field-research\/\" aria-label=\"Community resilience: A framework for non-traditional field research, 27 January 2023\">\n\t\t\t\t\t\t\t<img decoding=\"async\" width=\"260\" height=\"228\" src=\"https:\/\/www.mundusmaris.org\/wp-content\/uploads\/2023\/12\/ManasKumarMandal.jpg\" class=\"attachment-full size-full wp-post-image\" alt=\"\" srcset=\"https:\/\/www.mundusmaris.org\/wp-content\/uploads\/2023\/12\/ManasKumarMandal-200x175.jpg 200w, https:\/\/www.mundusmaris.org\/wp-content\/uploads\/2023\/12\/ManasKumarMandal.jpg 260w\" sizes=\"(min-width: 2200px) 100vw, (min-width: 784px) 373px, (min-width: 712px) 560px, (min-width: 640px) 712px, \" \/>\t\t\t<\/a>\n\t\t\t\t\t\t\t<\/div>\n<\/div><div class=\"fusion-meta-tb fusion-meta-tb-171 floated\" style=\"--awb-border-top:0px;--awb-height:36px;--awb-alignment-medium:flex-start;--awb-alignment-small:flex-start;\"><span class=\"fusion-tb-published-date\">Published On: 30. Januar 2023<\/span><span class=\"fusion-meta-tb-sep\"><\/span><\/div><div class=\"fusion-title title fusion-title-171 fusion-sep-none fusion-title-text fusion-title-size-four\" style=\"--awb-margin-top:20px;--awb-margin-right:20px;--awb-margin-bottom:20px;--awb-margin-left:20px;--awb-margin-top-small:10px;--awb-margin-right-small:0px;--awb-margin-bottom-small:10px;--awb-margin-left-small:0px;--awb-font-size:24px;\"><h4 class=\"fusion-title-heading title-heading-left\" style=\"font-family:&quot;IBM Plex Sans Condensed&quot;;font-style:normal;font-weight:500;margin:0;font-size:1em;line-height:1.2;\"><a href=\"https:\/\/www.mundusmaris.org\/de\/handwerklichen-fischerei-akademie\/community-resilience-a-framework-for-non-traditional-field-research\/\" class=\"awb-custom-text-color awb-custom-text-hover-color\" target=\"_self\">Community resilience: A framework for non-traditional field research, 27 January 2023<\/a><\/h4><\/div><\/div><\/li>\n<li class=\"fusion-layout-column fusion_builder_column fusion-builder-column-173 fusion-flex-column post-card fusion-grid-column fusion-post-cards-grid-column\" style=\"--awb-bg-color:var(--awb-color1);--awb-bg-color-hover:var(--awb-color1);--awb-bg-blend:overlay;--awb-bg-size:cover;--awb-flex-grow:0;--awb-flex-shrink:0;--awb-flex-grow-medium:;--awb-flex-shrink-medium:;--awb-flex-grow-small:;--awb-flex-shrink-small:;\" data-scroll-devices=\"small-visibility,medium-visibility,large-visibility\"><div class=\"fusion-column-wrapper fusion-column-has-shadow fusion-flex-justify-content-space-around fusion-content-layout-column\"><div class=\"fusion-classic-product-image-wrapper fusion-woo-product-image fusion-post-card-image fusion-post-card-image-1 has-aspect-ratio\" data-layout=\"static\" style=\"--awb-aspect-ratio:3 \/ 2;\"><div  class=\"fusion-image-wrapper\" aria-haspopup=\"true\">\n\t\t\t\t\t\t\t<a href=\"https:\/\/www.mundusmaris.org\/de\/aktivitaten\/ozean-und-klimaschutz\/mundus-maris-auf-der-boot-messe-2023-21-29-januar\/\" aria-label=\"Mundus maris auf der Boot Messe 2023, 21.-29. Januar\">\n\t\t\t\t\t\t\t<img decoding=\"async\" width=\"234\" height=\"167\" src=\"https:\/\/www.mundusmaris.org\/wp-content\/uploads\/2023\/12\/logo_decade_ocean_science_en.jpg\" class=\"attachment-full size-full wp-post-image\" alt=\"\" srcset=\"https:\/\/www.mundusmaris.org\/wp-content\/uploads\/2023\/12\/logo_decade_ocean_science_en-200x143.jpg 200w, https:\/\/www.mundusmaris.org\/wp-content\/uploads\/2023\/12\/logo_decade_ocean_science_en.jpg 234w\" sizes=\"(min-width: 2200px) 100vw, (min-width: 784px) 373px, (min-width: 712px) 560px, (min-width: 640px) 712px, \" \/>\t\t\t<\/a>\n\t\t\t\t\t\t\t<\/div>\n<\/div><div class=\"fusion-meta-tb fusion-meta-tb-172 floated\" style=\"--awb-border-top:0px;--awb-height:36px;--awb-alignment-medium:flex-start;--awb-alignment-small:flex-start;\"><span class=\"fusion-tb-published-date\">Published On: 20. Januar 2023<\/span><span class=\"fusion-meta-tb-sep\"><\/span><\/div><div class=\"fusion-title title fusion-title-172 fusion-sep-none fusion-title-text fusion-title-size-four\" style=\"--awb-margin-top:20px;--awb-margin-right:20px;--awb-margin-bottom:20px;--awb-margin-left:20px;--awb-margin-top-small:10px;--awb-margin-right-small:0px;--awb-margin-bottom-small:10px;--awb-margin-left-small:0px;--awb-font-size:24px;\"><h4 class=\"fusion-title-heading title-heading-left\" style=\"font-family:&quot;IBM Plex Sans Condensed&quot;;font-style:normal;font-weight:500;margin:0;font-size:1em;line-height:1.2;\"><a href=\"https:\/\/www.mundusmaris.org\/de\/aktivitaten\/ozean-und-klimaschutz\/mundus-maris-auf-der-boot-messe-2023-21-29-januar\/\" class=\"awb-custom-text-color awb-custom-text-hover-color\" target=\"_self\">Mundus maris auf der Boot Messe 2023, 21.-29. Januar<\/a><\/h4><\/div><\/div><\/li>\n<li class=\"fusion-layout-column fusion_builder_column fusion-builder-column-174 fusion-flex-column post-card fusion-grid-column fusion-post-cards-grid-column\" style=\"--awb-bg-color:var(--awb-color1);--awb-bg-color-hover:var(--awb-color1);--awb-bg-blend:overlay;--awb-bg-size:cover;--awb-flex-grow:0;--awb-flex-shrink:0;--awb-flex-grow-medium:;--awb-flex-shrink-medium:;--awb-flex-grow-small:;--awb-flex-shrink-small:;\" data-scroll-devices=\"small-visibility,medium-visibility,large-visibility\"><div class=\"fusion-column-wrapper fusion-column-has-shadow fusion-flex-justify-content-space-around fusion-content-layout-column\"><div class=\"fusion-classic-product-image-wrapper fusion-woo-product-image fusion-post-card-image fusion-post-card-image-1 has-aspect-ratio\" data-layout=\"static\" style=\"--awb-aspect-ratio:3 \/ 2;\"><div  class=\"fusion-image-wrapper\" aria-haspopup=\"true\">\n\t\t\t\t\t\t\t<a href=\"https:\/\/www.mundusmaris.org\/de\/aktivitaten\/g7-vollversammlung-in-abidjan-1-2-dezember-2022\/\" aria-label=\"G7++ Vollversammlung in Abidjan, 1.-2. Dezember 2022\">\n\t\t\t\t\t\t\t<img decoding=\"async\" width=\"400\" height=\"273\" src=\"https:\/\/www.mundusmaris.org\/wp-content\/uploads\/2023\/12\/StellaInConversation2.jpg\" class=\"attachment-full size-full wp-post-image\" alt=\"\" srcset=\"https:\/\/www.mundusmaris.org\/wp-content\/uploads\/2023\/12\/StellaInConversation2-200x137.jpg 200w, https:\/\/www.mundusmaris.org\/wp-content\/uploads\/2023\/12\/StellaInConversation2.jpg 400w\" sizes=\"(min-width: 2200px) 100vw, (min-width: 784px) 373px, (min-width: 712px) 560px, (min-width: 640px) 712px, \" \/>\t\t\t<\/a>\n\t\t\t\t\t\t\t<\/div>\n<\/div><div class=\"fusion-meta-tb fusion-meta-tb-173 floated\" style=\"--awb-border-top:0px;--awb-height:36px;--awb-alignment-medium:flex-start;--awb-alignment-small:flex-start;\"><span class=\"fusion-tb-published-date\">Published On: 20. Dezember 2022<\/span><span class=\"fusion-meta-tb-sep\"><\/span><\/div><div class=\"fusion-title title fusion-title-173 fusion-sep-none fusion-title-text fusion-title-size-four\" style=\"--awb-margin-top:20px;--awb-margin-right:20px;--awb-margin-bottom:20px;--awb-margin-left:20px;--awb-margin-top-small:10px;--awb-margin-right-small:0px;--awb-margin-bottom-small:10px;--awb-margin-left-small:0px;--awb-font-size:24px;\"><h4 class=\"fusion-title-heading title-heading-left\" style=\"font-family:&quot;IBM Plex Sans Condensed&quot;;font-style:normal;font-weight:500;margin:0;font-size:1em;line-height:1.2;\"><a href=\"https:\/\/www.mundusmaris.org\/de\/aktivitaten\/g7-vollversammlung-in-abidjan-1-2-dezember-2022\/\" class=\"awb-custom-text-color awb-custom-text-hover-color\" target=\"_self\">G7++ Vollversammlung in Abidjan, 1.-2. Dezember 2022<\/a><\/h4><\/div><\/div><\/li>\n<li class=\"fusion-layout-column fusion_builder_column fusion-builder-column-175 fusion-flex-column post-card fusion-grid-column fusion-post-cards-grid-column\" style=\"--awb-bg-color:var(--awb-color1);--awb-bg-color-hover:var(--awb-color1);--awb-bg-blend:overlay;--awb-bg-size:cover;--awb-flex-grow:0;--awb-flex-shrink:0;--awb-flex-grow-medium:;--awb-flex-shrink-medium:;--awb-flex-grow-small:;--awb-flex-shrink-small:;\" data-scroll-devices=\"small-visibility,medium-visibility,large-visibility\"><div class=\"fusion-column-wrapper fusion-column-has-shadow fusion-flex-justify-content-space-around fusion-content-layout-column\"><div class=\"fusion-classic-product-image-wrapper fusion-woo-product-image fusion-post-card-image fusion-post-card-image-1 has-aspect-ratio\" data-layout=\"static\" style=\"--awb-aspect-ratio:3 \/ 2;\"><div  class=\"fusion-image-wrapper\" aria-haspopup=\"true\">\n\t\t\t\t\t\t\t<a href=\"https:\/\/www.mundusmaris.org\/de\/aktivitaten\/madrid-12-11-22-klimagerechtigkeit\/\" aria-label=\"Madrid, 12\/11\/22: Klimagerechtigkeit\">\n\t\t\t\t\t\t\t<img decoding=\"async\" width=\"225\" height=\"169\" src=\"https:\/\/www.mundusmaris.org\/wp-content\/uploads\/2023\/12\/MadridJustice02.jpg\" class=\"attachment-full size-full wp-post-image\" alt=\"\" srcset=\"https:\/\/www.mundusmaris.org\/wp-content\/uploads\/2023\/12\/MadridJustice02-200x150.jpg 200w, https:\/\/www.mundusmaris.org\/wp-content\/uploads\/2023\/12\/MadridJustice02.jpg 225w\" sizes=\"(min-width: 2200px) 100vw, (min-width: 784px) 373px, (min-width: 712px) 560px, (min-width: 640px) 712px, \" \/>\t\t\t<\/a>\n\t\t\t\t\t\t\t<\/div>\n<\/div><div class=\"fusion-meta-tb fusion-meta-tb-174 floated\" style=\"--awb-border-top:0px;--awb-height:36px;--awb-alignment-medium:flex-start;--awb-alignment-small:flex-start;\"><span class=\"fusion-tb-published-date\">Published On: 20. Dezember 2022<\/span><span class=\"fusion-meta-tb-sep\"><\/span><\/div><div class=\"fusion-title title fusion-title-174 fusion-sep-none fusion-title-text fusion-title-size-four\" style=\"--awb-margin-top:20px;--awb-margin-right:20px;--awb-margin-bottom:20px;--awb-margin-left:20px;--awb-margin-top-small:10px;--awb-margin-right-small:0px;--awb-margin-bottom-small:10px;--awb-margin-left-small:0px;--awb-font-size:24px;\"><h4 class=\"fusion-title-heading title-heading-left\" style=\"font-family:&quot;IBM Plex Sans Condensed&quot;;font-style:normal;font-weight:500;margin:0;font-size:1em;line-height:1.2;\"><a href=\"https:\/\/www.mundusmaris.org\/de\/aktivitaten\/madrid-12-11-22-klimagerechtigkeit\/\" class=\"awb-custom-text-color awb-custom-text-hover-color\" target=\"_self\">Madrid, 12\/11\/22: Klimagerechtigkeit<\/a><\/h4><\/div><\/div><\/li>\n<li class=\"fusion-layout-column fusion_builder_column fusion-builder-column-176 fusion-flex-column post-card fusion-grid-column fusion-post-cards-grid-column\" style=\"--awb-bg-color:var(--awb-color1);--awb-bg-color-hover:var(--awb-color1);--awb-bg-blend:overlay;--awb-bg-size:cover;--awb-flex-grow:0;--awb-flex-shrink:0;--awb-flex-grow-medium:;--awb-flex-shrink-medium:;--awb-flex-grow-small:;--awb-flex-shrink-small:;\" data-scroll-devices=\"small-visibility,medium-visibility,large-visibility\"><div class=\"fusion-column-wrapper fusion-column-has-shadow fusion-flex-justify-content-space-around fusion-content-layout-column\"><div class=\"fusion-classic-product-image-wrapper fusion-woo-product-image fusion-post-card-image fusion-post-card-image-1 has-aspect-ratio\" data-layout=\"static\" style=\"--awb-aspect-ratio:3 \/ 2;\"><div  class=\"fusion-image-wrapper\" aria-haspopup=\"true\">\n\t\t\t\t\t\t\t<a href=\"https:\/\/www.mundusmaris.org\/de\/handwerklichen-fischerei-akademie\/sustainability-at-scale-v2v-november-webinar\/\" aria-label=\"Sustainability at scale &#8211; V2V November webinar\">\n\t\t\t\t\t\t\t<img decoding=\"async\" width=\"399\" height=\"239\" src=\"https:\/\/www.mundusmaris.org\/wp-content\/uploads\/2023\/12\/MariaJoseEspinosaRomero.jpg\" class=\"attachment-full size-full wp-post-image\" alt=\"\" srcset=\"https:\/\/www.mundusmaris.org\/wp-content\/uploads\/2023\/12\/MariaJoseEspinosaRomero-200x120.jpg 200w, https:\/\/www.mundusmaris.org\/wp-content\/uploads\/2023\/12\/MariaJoseEspinosaRomero.jpg 399w\" sizes=\"(min-width: 2200px) 100vw, (min-width: 784px) 373px, (min-width: 712px) 560px, (min-width: 640px) 712px, \" \/>\t\t\t<\/a>\n\t\t\t\t\t\t\t<\/div>\n<\/div><div class=\"fusion-meta-tb fusion-meta-tb-175 floated\" style=\"--awb-border-top:0px;--awb-height:36px;--awb-alignment-medium:flex-start;--awb-alignment-small:flex-start;\"><span class=\"fusion-tb-published-date\">Published On: 30. November 2022<\/span><span class=\"fusion-meta-tb-sep\"><\/span><\/div><div class=\"fusion-title title fusion-title-175 fusion-sep-none fusion-title-text fusion-title-size-four\" style=\"--awb-margin-top:20px;--awb-margin-right:20px;--awb-margin-bottom:20px;--awb-margin-left:20px;--awb-margin-top-small:10px;--awb-margin-right-small:0px;--awb-margin-bottom-small:10px;--awb-margin-left-small:0px;--awb-font-size:24px;\"><h4 class=\"fusion-title-heading title-heading-left\" style=\"font-family:&quot;IBM Plex Sans Condensed&quot;;font-style:normal;font-weight:500;margin:0;font-size:1em;line-height:1.2;\"><a href=\"https:\/\/www.mundusmaris.org\/de\/handwerklichen-fischerei-akademie\/sustainability-at-scale-v2v-november-webinar\/\" class=\"awb-custom-text-color awb-custom-text-hover-color\" target=\"_self\">Sustainability at scale &#8211; V2V November webinar<\/a><\/h4><\/div><\/div><\/li>\n<li class=\"fusion-layout-column fusion_builder_column fusion-builder-column-177 fusion-flex-column post-card fusion-grid-column fusion-post-cards-grid-column\" style=\"--awb-bg-color:var(--awb-color1);--awb-bg-color-hover:var(--awb-color1);--awb-bg-blend:overlay;--awb-bg-size:cover;--awb-flex-grow:0;--awb-flex-shrink:0;--awb-flex-grow-medium:;--awb-flex-shrink-medium:;--awb-flex-grow-small:;--awb-flex-shrink-small:;\" data-scroll-devices=\"small-visibility,medium-visibility,large-visibility\"><div class=\"fusion-column-wrapper fusion-column-has-shadow fusion-flex-justify-content-space-around fusion-content-layout-column\"><div class=\"fusion-classic-product-image-wrapper fusion-woo-product-image fusion-post-card-image fusion-post-card-image-1 has-aspect-ratio\" data-layout=\"static\" style=\"--awb-aspect-ratio:3 \/ 2;\"><div  class=\"fusion-image-wrapper\" aria-haspopup=\"true\">\n\t\t\t\t\t\t\t<a href=\"https:\/\/www.mundusmaris.org\/de\/handwerklichen-fischerei-akademie\/afrikanische-ausgabe-des-4wsfc-in-kapstadt-21-bis-23-november-2022\/\" aria-label=\"Afrikanische Ausgabe des 4WSFC in Kapstadt, 21. bis 23. November 2022\">\n\t\t\t\t\t\t\t<img decoding=\"async\" width=\"800\" height=\"500\" src=\"https:\/\/www.mundusmaris.org\/wp-content\/uploads\/2024\/03\/MoeniebaIsaacs_800x500.jpg\" class=\"attachment-full size-full wp-post-image\" alt=\"\" srcset=\"https:\/\/www.mundusmaris.org\/wp-content\/uploads\/2024\/03\/MoeniebaIsaacs_800x500-200x125.jpg 200w, https:\/\/www.mundusmaris.org\/wp-content\/uploads\/2024\/03\/MoeniebaIsaacs_800x500-400x250.jpg 400w, https:\/\/www.mundusmaris.org\/wp-content\/uploads\/2024\/03\/MoeniebaIsaacs_800x500-600x375.jpg 600w, https:\/\/www.mundusmaris.org\/wp-content\/uploads\/2024\/03\/MoeniebaIsaacs_800x500.jpg 800w\" sizes=\"(min-width: 2200px) 100vw, (min-width: 784px) 373px, (min-width: 712px) 560px, (min-width: 640px) 712px, \" \/>\t\t\t<\/a>\n\t\t\t\t\t\t\t<\/div>\n<\/div><div class=\"fusion-meta-tb fusion-meta-tb-176 floated\" style=\"--awb-border-top:0px;--awb-height:36px;--awb-alignment-medium:flex-start;--awb-alignment-small:flex-start;\"><span class=\"fusion-tb-published-date\">Published On: 30. November 2022<\/span><span class=\"fusion-meta-tb-sep\"><\/span><\/div><div class=\"fusion-title title fusion-title-176 fusion-sep-none fusion-title-text fusion-title-size-four\" style=\"--awb-margin-top:20px;--awb-margin-right:20px;--awb-margin-bottom:20px;--awb-margin-left:20px;--awb-margin-top-small:10px;--awb-margin-right-small:0px;--awb-margin-bottom-small:10px;--awb-margin-left-small:0px;--awb-font-size:24px;\"><h4 class=\"fusion-title-heading title-heading-left\" style=\"font-family:&quot;IBM Plex Sans Condensed&quot;;font-style:normal;font-weight:500;margin:0;font-size:1em;line-height:1.2;\"><a href=\"https:\/\/www.mundusmaris.org\/de\/handwerklichen-fischerei-akademie\/afrikanische-ausgabe-des-4wsfc-in-kapstadt-21-bis-23-november-2022\/\" class=\"awb-custom-text-color awb-custom-text-hover-color\" target=\"_self\">Afrikanische Ausgabe des 4WSFC in Kapstadt, 21. bis 23. November 2022<\/a><\/h4><\/div><\/div><\/li>\n<li class=\"fusion-layout-column fusion_builder_column fusion-builder-column-178 fusion-flex-column post-card fusion-grid-column fusion-post-cards-grid-column\" style=\"--awb-bg-color:var(--awb-color1);--awb-bg-color-hover:var(--awb-color1);--awb-bg-blend:overlay;--awb-bg-size:cover;--awb-flex-grow:0;--awb-flex-shrink:0;--awb-flex-grow-medium:;--awb-flex-shrink-medium:;--awb-flex-grow-small:;--awb-flex-shrink-small:;\" data-scroll-devices=\"small-visibility,medium-visibility,large-visibility\"><div class=\"fusion-column-wrapper fusion-column-has-shadow fusion-flex-justify-content-space-around fusion-content-layout-column\"><div class=\"fusion-classic-product-image-wrapper fusion-woo-product-image fusion-post-card-image fusion-post-card-image-1 has-aspect-ratio\" data-layout=\"static\" style=\"--awb-aspect-ratio:3 \/ 2;\"><div  class=\"fusion-image-wrapper\" aria-haspopup=\"true\">\n\t\t\t\t\t\t\t<a href=\"https:\/\/www.mundusmaris.org\/de\/bucher\/atlas-of-fisheries-and-fishers-in-west-africa\/\" aria-label=\"Atlas of fisheries and fishers in West Africa\">\n\t\t\t\t\t\t\t<img decoding=\"async\" width=\"972\" height=\"700\" src=\"https:\/\/www.mundusmaris.org\/wp-content\/uploads\/2024\/09\/CoverFacsimile.jpg\" class=\"attachment-full size-full wp-post-image\" alt=\"\" srcset=\"https:\/\/www.mundusmaris.org\/wp-content\/uploads\/2024\/09\/CoverFacsimile-200x144.jpg 200w, https:\/\/www.mundusmaris.org\/wp-content\/uploads\/2024\/09\/CoverFacsimile-400x288.jpg 400w, https:\/\/www.mundusmaris.org\/wp-content\/uploads\/2024\/09\/CoverFacsimile-600x432.jpg 600w, https:\/\/www.mundusmaris.org\/wp-content\/uploads\/2024\/09\/CoverFacsimile-800x576.jpg 800w, https:\/\/www.mundusmaris.org\/wp-content\/uploads\/2024\/09\/CoverFacsimile.jpg 972w\" sizes=\"(min-width: 2200px) 100vw, (min-width: 784px) 373px, (min-width: 712px) 560px, (min-width: 640px) 712px, \" \/>\t\t\t<\/a>\n\t\t\t\t\t\t\t<\/div>\n<\/div><div class=\"fusion-meta-tb fusion-meta-tb-177 floated\" style=\"--awb-border-top:0px;--awb-height:36px;--awb-alignment-medium:flex-start;--awb-alignment-small:flex-start;\"><span class=\"fusion-tb-published-date\">Published On: 21. Oktober 2022<\/span><span class=\"fusion-meta-tb-sep\"><\/span><\/div><div class=\"fusion-title title fusion-title-177 fusion-sep-none fusion-title-text fusion-title-size-four\" style=\"--awb-margin-top:20px;--awb-margin-right:20px;--awb-margin-bottom:20px;--awb-margin-left:20px;--awb-margin-top-small:10px;--awb-margin-right-small:0px;--awb-margin-bottom-small:10px;--awb-margin-left-small:0px;--awb-font-size:24px;\"><h4 class=\"fusion-title-heading title-heading-left\" style=\"font-family:&quot;IBM Plex Sans Condensed&quot;;font-style:normal;font-weight:500;margin:0;font-size:1em;line-height:1.2;\"><a href=\"https:\/\/www.mundusmaris.org\/de\/bucher\/atlas-of-fisheries-and-fishers-in-west-africa\/\" class=\"awb-custom-text-color awb-custom-text-hover-color\" target=\"_self\">Atlas of fisheries and fishers in West Africa<\/a><\/h4><\/div><\/div><\/li>\n<li class=\"fusion-layout-column fusion_builder_column fusion-builder-column-179 fusion-flex-column post-card fusion-grid-column fusion-post-cards-grid-column\" style=\"--awb-bg-color:var(--awb-color1);--awb-bg-color-hover:var(--awb-color1);--awb-bg-blend:overlay;--awb-bg-size:cover;--awb-flex-grow:0;--awb-flex-shrink:0;--awb-flex-grow-medium:;--awb-flex-shrink-medium:;--awb-flex-grow-small:;--awb-flex-shrink-small:;\" data-scroll-devices=\"small-visibility,medium-visibility,large-visibility\"><div class=\"fusion-column-wrapper fusion-column-has-shadow fusion-flex-justify-content-space-around fusion-content-layout-column\"><div class=\"fusion-classic-product-image-wrapper fusion-woo-product-image fusion-post-card-image fusion-post-card-image-1 has-aspect-ratio\" data-layout=\"static\" style=\"--awb-aspect-ratio:3 \/ 2;\"><div  class=\"fusion-image-wrapper\" aria-haspopup=\"true\">\n\t\t\t\t\t\t\t<a href=\"https:\/\/www.mundusmaris.org\/de\/handwerklichen-fischerei-akademie\/europaeische-ausgabe-des-4wsfc-in-malta-12-bis-14-september-2022\/\" aria-label=\"Europ\u00e4ische Ausgabe des 4WSFC in Malta, 12. bis 14. September 2022\">\n\t\t\t\t\t\t\t<img decoding=\"async\" width=\"800\" height=\"500\" src=\"https:\/\/www.mundusmaris.org\/wp-content\/uploads\/2024\/03\/GenderPanelDay_800x500.jpg\" class=\"attachment-full size-full wp-post-image\" alt=\"\" srcset=\"https:\/\/www.mundusmaris.org\/wp-content\/uploads\/2024\/03\/GenderPanelDay_800x500-200x125.jpg 200w, https:\/\/www.mundusmaris.org\/wp-content\/uploads\/2024\/03\/GenderPanelDay_800x500-400x250.jpg 400w, https:\/\/www.mundusmaris.org\/wp-content\/uploads\/2024\/03\/GenderPanelDay_800x500-600x375.jpg 600w, https:\/\/www.mundusmaris.org\/wp-content\/uploads\/2024\/03\/GenderPanelDay_800x500.jpg 800w\" sizes=\"(min-width: 2200px) 100vw, (min-width: 784px) 373px, (min-width: 712px) 560px, (min-width: 640px) 712px, \" \/>\t\t\t<\/a>\n\t\t\t\t\t\t\t<\/div>\n<\/div><div class=\"fusion-meta-tb fusion-meta-tb-178 floated\" style=\"--awb-border-top:0px;--awb-height:36px;--awb-alignment-medium:flex-start;--awb-alignment-small:flex-start;\"><span class=\"fusion-tb-published-date\">Published On: 22. September 2022<\/span><span class=\"fusion-meta-tb-sep\"><\/span><\/div><div class=\"fusion-title title fusion-title-178 fusion-sep-none fusion-title-text fusion-title-size-four\" style=\"--awb-margin-top:20px;--awb-margin-right:20px;--awb-margin-bottom:20px;--awb-margin-left:20px;--awb-margin-top-small:10px;--awb-margin-right-small:0px;--awb-margin-bottom-small:10px;--awb-margin-left-small:0px;--awb-font-size:24px;\"><h4 class=\"fusion-title-heading title-heading-left\" style=\"font-family:&quot;IBM Plex Sans Condensed&quot;;font-style:normal;font-weight:500;margin:0;font-size:1em;line-height:1.2;\"><a href=\"https:\/\/www.mundusmaris.org\/de\/handwerklichen-fischerei-akademie\/europaeische-ausgabe-des-4wsfc-in-malta-12-bis-14-september-2022\/\" class=\"awb-custom-text-color awb-custom-text-hover-color\" target=\"_self\">Europ\u00e4ische Ausgabe des 4WSFC in Malta, 12. bis 14. September 2022<\/a><\/h4><\/div><\/div><\/li>\n<li class=\"fusion-layout-column fusion_builder_column fusion-builder-column-180 fusion-flex-column post-card fusion-grid-column fusion-post-cards-grid-column\" style=\"--awb-bg-color:var(--awb-color1);--awb-bg-color-hover:var(--awb-color1);--awb-bg-blend:overlay;--awb-bg-size:cover;--awb-flex-grow:0;--awb-flex-shrink:0;--awb-flex-grow-medium:;--awb-flex-shrink-medium:;--awb-flex-grow-small:;--awb-flex-shrink-small:;\" data-scroll-devices=\"small-visibility,medium-visibility,large-visibility\"><div class=\"fusion-column-wrapper fusion-column-has-shadow fusion-flex-justify-content-space-around fusion-content-layout-column\"><div class=\"fusion-classic-product-image-wrapper fusion-woo-product-image fusion-post-card-image fusion-post-card-image-1 has-aspect-ratio\" data-layout=\"static\" style=\"--awb-aspect-ratio:3 \/ 2;\"><div  class=\"fusion-image-wrapper\" aria-haspopup=\"true\">\n\t\t\t\t\t\t\t<a href=\"https:\/\/www.mundusmaris.org\/de\/zwischen-tradition-und-modernitaet\/ein-blick-auf-marsaxlokk-den-traditionellen-fischereihafen-auf-malta\/\" aria-label=\"Ein Blick auf Marsaxlokk, den traditionellen Fischereihafen auf Malta\">\n\t\t\t\t\t\t\t<img decoding=\"async\" width=\"800\" height=\"500\" src=\"https:\/\/www.mundusmaris.org\/wp-content\/uploads\/2024\/04\/copertina_posts_marsaxlokk.jpg\" class=\"attachment-full size-full wp-post-image\" alt=\"\" srcset=\"https:\/\/www.mundusmaris.org\/wp-content\/uploads\/2024\/04\/copertina_posts_marsaxlokk-200x125.jpg 200w, https:\/\/www.mundusmaris.org\/wp-content\/uploads\/2024\/04\/copertina_posts_marsaxlokk-400x250.jpg 400w, https:\/\/www.mundusmaris.org\/wp-content\/uploads\/2024\/04\/copertina_posts_marsaxlokk-600x375.jpg 600w, https:\/\/www.mundusmaris.org\/wp-content\/uploads\/2024\/04\/copertina_posts_marsaxlokk.jpg 800w\" sizes=\"(min-width: 2200px) 100vw, (min-width: 784px) 373px, (min-width: 712px) 560px, (min-width: 640px) 712px, \" \/>\t\t\t<\/a>\n\t\t\t\t\t\t\t<\/div>\n<\/div><div class=\"fusion-meta-tb fusion-meta-tb-179 floated\" style=\"--awb-border-top:0px;--awb-height:36px;--awb-alignment-medium:flex-start;--awb-alignment-small:flex-start;\"><span class=\"fusion-tb-published-date\">Published On: 11. September 2022<\/span><span class=\"fusion-meta-tb-sep\"><\/span><\/div><div class=\"fusion-title title fusion-title-179 fusion-sep-none fusion-title-text fusion-title-size-four\" style=\"--awb-margin-top:20px;--awb-margin-right:20px;--awb-margin-bottom:20px;--awb-margin-left:20px;--awb-margin-top-small:10px;--awb-margin-right-small:0px;--awb-margin-bottom-small:10px;--awb-margin-left-small:0px;--awb-font-size:24px;\"><h4 class=\"fusion-title-heading title-heading-left\" style=\"font-family:&quot;IBM Plex Sans Condensed&quot;;font-style:normal;font-weight:500;margin:0;font-size:1em;line-height:1.2;\"><a href=\"https:\/\/www.mundusmaris.org\/de\/zwischen-tradition-und-modernitaet\/ein-blick-auf-marsaxlokk-den-traditionellen-fischereihafen-auf-malta\/\" class=\"awb-custom-text-color awb-custom-text-hover-color\" target=\"_self\">Ein Blick auf Marsaxlokk, den traditionellen Fischereihafen auf Malta<\/a><\/h4><\/div><\/div><\/li>\n<li class=\"fusion-layout-column fusion_builder_column fusion-builder-column-181 fusion-flex-column post-card fusion-grid-column fusion-post-cards-grid-column\" style=\"--awb-bg-color:var(--awb-color1);--awb-bg-color-hover:var(--awb-color1);--awb-bg-blend:overlay;--awb-bg-size:cover;--awb-flex-grow:0;--awb-flex-shrink:0;--awb-flex-grow-medium:;--awb-flex-shrink-medium:;--awb-flex-grow-small:;--awb-flex-shrink-small:;\" data-scroll-devices=\"small-visibility,medium-visibility,large-visibility\"><div class=\"fusion-column-wrapper fusion-column-has-shadow fusion-flex-justify-content-space-around fusion-content-layout-column\"><div class=\"fusion-classic-product-image-wrapper fusion-woo-product-image fusion-post-card-image fusion-post-card-image-1 has-aspect-ratio\" data-layout=\"static\" style=\"--awb-aspect-ratio:3 \/ 2;\"><div  class=\"fusion-image-wrapper\" aria-haspopup=\"true\">\n\t\t\t\t\t\t\t<a href=\"https:\/\/www.mundusmaris.org\/de\/handwerklichen-fischerei-akademie\/beitrag-von-mundus-maris-zum-ssf-gipfel-in-rom\/\" aria-label=\"Beitrag von Mundus maris zum SSF-Gipfel in Rom\">\n\t\t\t\t\t\t\t<img decoding=\"async\" width=\"800\" height=\"500\" src=\"https:\/\/www.mundusmaris.org\/wp-content\/uploads\/2024\/03\/GroupPhotoSSF-SummitChristianMantuano_800x500.jpg\" class=\"attachment-full size-full wp-post-image\" alt=\"\" srcset=\"https:\/\/www.mundusmaris.org\/wp-content\/uploads\/2024\/03\/GroupPhotoSSF-SummitChristianMantuano_800x500-200x125.jpg 200w, https:\/\/www.mundusmaris.org\/wp-content\/uploads\/2024\/03\/GroupPhotoSSF-SummitChristianMantuano_800x500-400x250.jpg 400w, https:\/\/www.mundusmaris.org\/wp-content\/uploads\/2024\/03\/GroupPhotoSSF-SummitChristianMantuano_800x500-600x375.jpg 600w, https:\/\/www.mundusmaris.org\/wp-content\/uploads\/2024\/03\/GroupPhotoSSF-SummitChristianMantuano_800x500.jpg 800w\" sizes=\"(min-width: 2200px) 100vw, (min-width: 784px) 373px, (min-width: 712px) 560px, (min-width: 640px) 712px, \" \/>\t\t\t<\/a>\n\t\t\t\t\t\t\t<\/div>\n<\/div><div class=\"fusion-meta-tb fusion-meta-tb-180 floated\" style=\"--awb-border-top:0px;--awb-height:36px;--awb-alignment-medium:flex-start;--awb-alignment-small:flex-start;\"><span class=\"fusion-tb-published-date\">Published On: 9. September 2022<\/span><span class=\"fusion-meta-tb-sep\"><\/span><\/div><div class=\"fusion-title title fusion-title-180 fusion-sep-none fusion-title-text fusion-title-size-four\" style=\"--awb-margin-top:20px;--awb-margin-right:20px;--awb-margin-bottom:20px;--awb-margin-left:20px;--awb-margin-top-small:10px;--awb-margin-right-small:0px;--awb-margin-bottom-small:10px;--awb-margin-left-small:0px;--awb-font-size:24px;\"><h4 class=\"fusion-title-heading title-heading-left\" style=\"font-family:&quot;IBM Plex Sans Condensed&quot;;font-style:normal;font-weight:500;margin:0;font-size:1em;line-height:1.2;\"><a href=\"https:\/\/www.mundusmaris.org\/de\/handwerklichen-fischerei-akademie\/beitrag-von-mundus-maris-zum-ssf-gipfel-in-rom\/\" class=\"awb-custom-text-color awb-custom-text-hover-color\" target=\"_self\">Beitrag von Mundus maris zum SSF-Gipfel in Rom<\/a><\/h4><\/div><\/div><\/li>\n<li class=\"fusion-layout-column fusion_builder_column fusion-builder-column-182 fusion-flex-column post-card fusion-grid-column fusion-post-cards-grid-column\" style=\"--awb-bg-color:var(--awb-color1);--awb-bg-color-hover:var(--awb-color1);--awb-bg-blend:overlay;--awb-bg-size:cover;--awb-flex-grow:0;--awb-flex-shrink:0;--awb-flex-grow-medium:;--awb-flex-shrink-medium:;--awb-flex-grow-small:;--awb-flex-shrink-small:;\" data-scroll-devices=\"small-visibility,medium-visibility,large-visibility\"><div class=\"fusion-column-wrapper fusion-column-has-shadow fusion-flex-justify-content-space-around fusion-content-layout-column\"><div class=\"fusion-classic-product-image-wrapper fusion-woo-product-image fusion-post-card-image fusion-post-card-image-1 has-aspect-ratio\" data-layout=\"static\" style=\"--awb-aspect-ratio:3 \/ 2;\"><div  class=\"fusion-image-wrapper\" aria-haspopup=\"true\">\n\t\t\t\t\t\t\t<a href=\"https:\/\/www.mundusmaris.org\/de\/handwerklichen-fischerei-akademie\/women-fish-traders-in-yoff-and-hann-senegal-victims-or-shapers-of-their-destiny\/\" aria-label=\"Women fish traders in Yoff and Hann, Senegal, victims or shapers of their destiny?\">\n\t\t\t\t\t\t\t<img decoding=\"async\" width=\"800\" height=\"500\" src=\"https:\/\/www.mundusmaris.org\/wp-content\/uploads\/2024\/03\/Yoff-BambaInterviewingDuringWaitingTime_800x500.jpg\" class=\"attachment-full size-full wp-post-image\" alt=\"\" srcset=\"https:\/\/www.mundusmaris.org\/wp-content\/uploads\/2024\/03\/Yoff-BambaInterviewingDuringWaitingTime_800x500-200x125.jpg 200w, https:\/\/www.mundusmaris.org\/wp-content\/uploads\/2024\/03\/Yoff-BambaInterviewingDuringWaitingTime_800x500-400x250.jpg 400w, https:\/\/www.mundusmaris.org\/wp-content\/uploads\/2024\/03\/Yoff-BambaInterviewingDuringWaitingTime_800x500-600x375.jpg 600w, https:\/\/www.mundusmaris.org\/wp-content\/uploads\/2024\/03\/Yoff-BambaInterviewingDuringWaitingTime_800x500.jpg 800w\" sizes=\"(min-width: 2200px) 100vw, (min-width: 784px) 373px, (min-width: 712px) 560px, (min-width: 640px) 712px, \" \/>\t\t\t<\/a>\n\t\t\t\t\t\t\t<\/div>\n<\/div><div class=\"fusion-meta-tb fusion-meta-tb-181 floated\" style=\"--awb-border-top:0px;--awb-height:36px;--awb-alignment-medium:flex-start;--awb-alignment-small:flex-start;\"><span class=\"fusion-tb-published-date\">Published On: 4. September 2022<\/span><span class=\"fusion-meta-tb-sep\"><\/span><\/div><div class=\"fusion-title title fusion-title-181 fusion-sep-none fusion-title-text fusion-title-size-four\" style=\"--awb-margin-top:20px;--awb-margin-right:20px;--awb-margin-bottom:20px;--awb-margin-left:20px;--awb-margin-top-small:10px;--awb-margin-right-small:0px;--awb-margin-bottom-small:10px;--awb-margin-left-small:0px;--awb-font-size:24px;\"><h4 class=\"fusion-title-heading title-heading-left\" style=\"font-family:&quot;IBM Plex Sans Condensed&quot;;font-style:normal;font-weight:500;margin:0;font-size:1em;line-height:1.2;\"><a href=\"https:\/\/www.mundusmaris.org\/de\/handwerklichen-fischerei-akademie\/women-fish-traders-in-yoff-and-hann-senegal-victims-or-shapers-of-their-destiny\/\" class=\"awb-custom-text-color awb-custom-text-hover-color\" target=\"_self\">Women fish traders in Yoff and Hann, Senegal, victims or shapers of their destiny?<\/a><\/h4><\/div><\/div><\/li>\n<li class=\"fusion-layout-column fusion_builder_column fusion-builder-column-183 fusion-flex-column post-card fusion-grid-column fusion-post-cards-grid-column\" style=\"--awb-bg-color:var(--awb-color1);--awb-bg-color-hover:var(--awb-color1);--awb-bg-blend:overlay;--awb-bg-size:cover;--awb-flex-grow:0;--awb-flex-shrink:0;--awb-flex-grow-medium:;--awb-flex-shrink-medium:;--awb-flex-grow-small:;--awb-flex-shrink-small:;\" data-scroll-devices=\"small-visibility,medium-visibility,large-visibility\"><div class=\"fusion-column-wrapper fusion-column-has-shadow fusion-flex-justify-content-space-around fusion-content-layout-column\"><div class=\"fusion-classic-product-image-wrapper fusion-woo-product-image fusion-post-card-image fusion-post-card-image-1 has-aspect-ratio\" data-layout=\"static\" style=\"--awb-aspect-ratio:3 \/ 2;\"><div  class=\"fusion-image-wrapper\" aria-haspopup=\"true\">\n\t\t\t\t\t\t\t<a href=\"https:\/\/www.mundusmaris.org\/de\/aktivitaten\/stop-der-uberfischung\/all-eyes-on-wto-in-hilden-germany\/\" aria-label=\"All eyes on WTO in Hilden, Germany\">\n\t\t\t\t\t\t\t<img decoding=\"async\" width=\"400\" height=\"267\" src=\"https:\/\/www.mundusmaris.org\/wp-content\/uploads\/2024\/09\/FinlayInHilden02.jpg\" class=\"attachment-full size-full wp-post-image\" alt=\"\" srcset=\"https:\/\/www.mundusmaris.org\/wp-content\/uploads\/2024\/09\/FinlayInHilden02-200x134.jpg 200w, https:\/\/www.mundusmaris.org\/wp-content\/uploads\/2024\/09\/FinlayInHilden02.jpg 400w\" sizes=\"(min-width: 2200px) 100vw, (min-width: 784px) 373px, (min-width: 712px) 560px, (min-width: 640px) 712px, \" \/>\t\t\t<\/a>\n\t\t\t\t\t\t\t<\/div>\n<\/div><div class=\"fusion-meta-tb fusion-meta-tb-182 floated\" style=\"--awb-border-top:0px;--awb-height:36px;--awb-alignment-medium:flex-start;--awb-alignment-small:flex-start;\"><span class=\"fusion-tb-published-date\">Published On: 7. Juni 2022<\/span><span class=\"fusion-meta-tb-sep\"><\/span><\/div><div class=\"fusion-title title fusion-title-182 fusion-sep-none fusion-title-text fusion-title-size-four\" style=\"--awb-margin-top:20px;--awb-margin-right:20px;--awb-margin-bottom:20px;--awb-margin-left:20px;--awb-margin-top-small:10px;--awb-margin-right-small:0px;--awb-margin-bottom-small:10px;--awb-margin-left-small:0px;--awb-font-size:24px;\"><h4 class=\"fusion-title-heading title-heading-left\" style=\"font-family:&quot;IBM Plex Sans Condensed&quot;;font-style:normal;font-weight:500;margin:0;font-size:1em;line-height:1.2;\"><a href=\"https:\/\/www.mundusmaris.org\/de\/aktivitaten\/stop-der-uberfischung\/all-eyes-on-wto-in-hilden-germany\/\" class=\"awb-custom-text-color awb-custom-text-hover-color\" target=\"_self\">All eyes on WTO in Hilden, Germany<\/a><\/h4><\/div><\/div><\/li>\n<li class=\"fusion-layout-column fusion_builder_column fusion-builder-column-184 fusion-flex-column post-card fusion-grid-column fusion-post-cards-grid-column\" style=\"--awb-bg-color:var(--awb-color1);--awb-bg-color-hover:var(--awb-color1);--awb-bg-blend:overlay;--awb-bg-size:cover;--awb-flex-grow:0;--awb-flex-shrink:0;--awb-flex-grow-medium:;--awb-flex-shrink-medium:;--awb-flex-grow-small:;--awb-flex-shrink-small:;\" data-scroll-devices=\"small-visibility,medium-visibility,large-visibility\"><div class=\"fusion-column-wrapper fusion-column-has-shadow fusion-flex-justify-content-space-around fusion-content-layout-column\"><div class=\"fusion-classic-product-image-wrapper fusion-woo-product-image fusion-post-card-image fusion-post-card-image-1 has-aspect-ratio\" data-layout=\"static\" style=\"--awb-aspect-ratio:3 \/ 2;\"><div  class=\"fusion-image-wrapper\" aria-haspopup=\"true\">\n\t\t\t\t\t\t\t<a href=\"https:\/\/www.mundusmaris.org\/de\/bucher\/a-life-by-the-sea-book-review\/\" aria-label=\"Daniel Pauly: a Life by the Sea\">\n\t\t\t\t\t\t\t<img decoding=\"async\" width=\"500\" height=\"357\" src=\"https:\/\/www.mundusmaris.org\/wp-content\/uploads\/2024\/09\/DP_partialCover.jpg\" class=\"attachment-full size-full wp-post-image\" alt=\"\" srcset=\"https:\/\/www.mundusmaris.org\/wp-content\/uploads\/2024\/09\/DP_partialCover-200x143.jpg 200w, https:\/\/www.mundusmaris.org\/wp-content\/uploads\/2024\/09\/DP_partialCover-400x286.jpg 400w, https:\/\/www.mundusmaris.org\/wp-content\/uploads\/2024\/09\/DP_partialCover.jpg 500w\" sizes=\"(min-width: 2200px) 100vw, (min-width: 784px) 373px, (min-width: 712px) 560px, (min-width: 640px) 712px, \" \/>\t\t\t<\/a>\n\t\t\t\t\t\t\t<\/div>\n<\/div><div class=\"fusion-meta-tb fusion-meta-tb-183 floated\" style=\"--awb-border-top:0px;--awb-height:36px;--awb-alignment-medium:flex-start;--awb-alignment-small:flex-start;\"><span class=\"fusion-tb-published-date\">Published On: 30. M\u00e4rz 2022<\/span><span class=\"fusion-meta-tb-sep\"><\/span><\/div><div class=\"fusion-title title fusion-title-183 fusion-sep-none fusion-title-text fusion-title-size-four\" style=\"--awb-margin-top:20px;--awb-margin-right:20px;--awb-margin-bottom:20px;--awb-margin-left:20px;--awb-margin-top-small:10px;--awb-margin-right-small:0px;--awb-margin-bottom-small:10px;--awb-margin-left-small:0px;--awb-font-size:24px;\"><h4 class=\"fusion-title-heading title-heading-left\" style=\"font-family:&quot;IBM Plex Sans Condensed&quot;;font-style:normal;font-weight:500;margin:0;font-size:1em;line-height:1.2;\"><a href=\"https:\/\/www.mundusmaris.org\/de\/bucher\/a-life-by-the-sea-book-review\/\" class=\"awb-custom-text-color awb-custom-text-hover-color\" target=\"_self\">Daniel Pauly: a Life by the Sea<\/a><\/h4><\/div><\/div><\/li>\n<li class=\"fusion-layout-column fusion_builder_column fusion-builder-column-185 fusion-flex-column post-card fusion-grid-column fusion-post-cards-grid-column\" style=\"--awb-bg-color:var(--awb-color1);--awb-bg-color-hover:var(--awb-color1);--awb-bg-blend:overlay;--awb-bg-size:cover;--awb-flex-grow:0;--awb-flex-shrink:0;--awb-flex-grow-medium:;--awb-flex-shrink-medium:;--awb-flex-grow-small:;--awb-flex-shrink-small:;\" data-scroll-devices=\"small-visibility,medium-visibility,large-visibility\"><div class=\"fusion-column-wrapper fusion-column-has-shadow fusion-flex-justify-content-space-around fusion-content-layout-column\"><div class=\"fusion-classic-product-image-wrapper fusion-woo-product-image fusion-post-card-image fusion-post-card-image-1 has-aspect-ratio\" data-layout=\"static\" style=\"--awb-aspect-ratio:3 \/ 2;\"><div  class=\"fusion-image-wrapper\" aria-haspopup=\"true\">\n\t\t\t\t\t\t\t<a href=\"https:\/\/www.mundusmaris.org\/de\/aktivitaten\/okosystem-basierte-fischerei\/wellbeing-small-scale-fishers-derive-from-ecosystem-services\/\" aria-label=\"Wellbeing small-scale fishers derive from ecosystem services\">\n\t\t\t\t\t\t\t<img decoding=\"async\" width=\"500\" height=\"330\" src=\"https:\/\/www.mundusmaris.org\/wp-content\/uploads\/2024\/10\/AnaCarolinaEstevesDias_UbatubaPullingUpNet.jpg\" class=\"attachment-full size-full wp-post-image\" alt=\"\" srcset=\"https:\/\/www.mundusmaris.org\/wp-content\/uploads\/2024\/10\/AnaCarolinaEstevesDias_UbatubaPullingUpNet-200x132.jpg 200w, https:\/\/www.mundusmaris.org\/wp-content\/uploads\/2024\/10\/AnaCarolinaEstevesDias_UbatubaPullingUpNet-400x264.jpg 400w, https:\/\/www.mundusmaris.org\/wp-content\/uploads\/2024\/10\/AnaCarolinaEstevesDias_UbatubaPullingUpNet.jpg 500w\" sizes=\"(min-width: 2200px) 100vw, (min-width: 784px) 373px, (min-width: 712px) 560px, (min-width: 640px) 712px, \" \/>\t\t\t<\/a>\n\t\t\t\t\t\t\t<\/div>\n<\/div><div class=\"fusion-meta-tb fusion-meta-tb-184 floated\" style=\"--awb-border-top:0px;--awb-height:36px;--awb-alignment-medium:flex-start;--awb-alignment-small:flex-start;\"><span class=\"fusion-tb-published-date\">Published On: 25. Dezember 2021<\/span><span class=\"fusion-meta-tb-sep\"><\/span><\/div><div class=\"fusion-title title fusion-title-184 fusion-sep-none fusion-title-text fusion-title-size-four\" style=\"--awb-margin-top:20px;--awb-margin-right:20px;--awb-margin-bottom:20px;--awb-margin-left:20px;--awb-margin-top-small:10px;--awb-margin-right-small:0px;--awb-margin-bottom-small:10px;--awb-margin-left-small:0px;--awb-font-size:24px;\"><h4 class=\"fusion-title-heading title-heading-left\" style=\"font-family:&quot;IBM Plex Sans Condensed&quot;;font-style:normal;font-weight:500;margin:0;font-size:1em;line-height:1.2;\"><a href=\"https:\/\/www.mundusmaris.org\/de\/aktivitaten\/okosystem-basierte-fischerei\/wellbeing-small-scale-fishers-derive-from-ecosystem-services\/\" class=\"awb-custom-text-color awb-custom-text-hover-color\" target=\"_self\">Wellbeing small-scale fishers derive from ecosystem services<\/a><\/h4><\/div><\/div><\/li>\n<li class=\"fusion-layout-column fusion_builder_column fusion-builder-column-186 fusion-flex-column post-card fusion-grid-column fusion-post-cards-grid-column\" style=\"--awb-bg-color:var(--awb-color1);--awb-bg-color-hover:var(--awb-color1);--awb-bg-blend:overlay;--awb-bg-size:cover;--awb-flex-grow:0;--awb-flex-shrink:0;--awb-flex-grow-medium:;--awb-flex-shrink-medium:;--awb-flex-grow-small:;--awb-flex-shrink-small:;\" data-scroll-devices=\"small-visibility,medium-visibility,large-visibility\"><div class=\"fusion-column-wrapper fusion-column-has-shadow fusion-flex-justify-content-space-around fusion-content-layout-column\"><div class=\"fusion-classic-product-image-wrapper fusion-woo-product-image fusion-post-card-image fusion-post-card-image-1 has-aspect-ratio\" data-layout=\"static\" style=\"--awb-aspect-ratio:3 \/ 2;\"><div  class=\"fusion-image-wrapper\" aria-haspopup=\"true\">\n\t\t\t\t\t\t\t<a href=\"https:\/\/www.mundusmaris.org\/de\/handwerklichen-fischerei-akademie\/die-akademie-setzt-ihre-arbeit-in-yoff-fort\/\" aria-label=\"Die Akademie setzt ihre Arbeit in Yoff fort\">\n\t\t\t\t\t\t\t<img decoding=\"async\" width=\"800\" height=\"500\" src=\"https:\/\/www.mundusmaris.org\/wp-content\/uploads\/2024\/03\/ParticipantesAvecDiplome_800x500.jpg\" class=\"attachment-full size-full wp-post-image\" alt=\"\" srcset=\"https:\/\/www.mundusmaris.org\/wp-content\/uploads\/2024\/03\/ParticipantesAvecDiplome_800x500-200x125.jpg 200w, https:\/\/www.mundusmaris.org\/wp-content\/uploads\/2024\/03\/ParticipantesAvecDiplome_800x500-400x250.jpg 400w, https:\/\/www.mundusmaris.org\/wp-content\/uploads\/2024\/03\/ParticipantesAvecDiplome_800x500-600x375.jpg 600w, https:\/\/www.mundusmaris.org\/wp-content\/uploads\/2024\/03\/ParticipantesAvecDiplome_800x500.jpg 800w\" sizes=\"(min-width: 2200px) 100vw, (min-width: 784px) 373px, (min-width: 712px) 560px, (min-width: 640px) 712px, \" \/>\t\t\t<\/a>\n\t\t\t\t\t\t\t<\/div>\n<\/div><div class=\"fusion-meta-tb fusion-meta-tb-185 floated\" style=\"--awb-border-top:0px;--awb-height:36px;--awb-alignment-medium:flex-start;--awb-alignment-small:flex-start;\"><span class=\"fusion-tb-published-date\">Published On: 30. November 2021<\/span><span class=\"fusion-meta-tb-sep\"><\/span><\/div><div class=\"fusion-title title fusion-title-185 fusion-sep-none fusion-title-text fusion-title-size-four\" style=\"--awb-margin-top:20px;--awb-margin-right:20px;--awb-margin-bottom:20px;--awb-margin-left:20px;--awb-margin-top-small:10px;--awb-margin-right-small:0px;--awb-margin-bottom-small:10px;--awb-margin-left-small:0px;--awb-font-size:24px;\"><h4 class=\"fusion-title-heading title-heading-left\" style=\"font-family:&quot;IBM Plex Sans Condensed&quot;;font-style:normal;font-weight:500;margin:0;font-size:1em;line-height:1.2;\"><a href=\"https:\/\/www.mundusmaris.org\/de\/handwerklichen-fischerei-akademie\/die-akademie-setzt-ihre-arbeit-in-yoff-fort\/\" class=\"awb-custom-text-color awb-custom-text-hover-color\" target=\"_self\">Die Akademie setzt ihre Arbeit in Yoff fort<\/a><\/h4><\/div><\/div><\/li>\n<li class=\"fusion-layout-column fusion_builder_column fusion-builder-column-187 fusion-flex-column post-card fusion-grid-column fusion-post-cards-grid-column\" style=\"--awb-bg-color:var(--awb-color1);--awb-bg-color-hover:var(--awb-color1);--awb-bg-blend:overlay;--awb-bg-size:cover;--awb-flex-grow:0;--awb-flex-shrink:0;--awb-flex-grow-medium:;--awb-flex-shrink-medium:;--awb-flex-grow-small:;--awb-flex-shrink-small:;\" data-scroll-devices=\"small-visibility,medium-visibility,large-visibility\"><div class=\"fusion-column-wrapper fusion-column-has-shadow fusion-flex-justify-content-space-around fusion-content-layout-column\"><div class=\"fusion-classic-product-image-wrapper fusion-woo-product-image fusion-post-card-image fusion-post-card-image-1 has-aspect-ratio\" data-layout=\"static\" style=\"--awb-aspect-ratio:3 \/ 2;\"><div  class=\"fusion-image-wrapper\" aria-haspopup=\"true\">\n\t\t\t\t\t\t\t<a href=\"https:\/\/www.mundusmaris.org\/de\/handwerklichen-fischerei-akademie\/illuminating-the-hidden-harvest-a-snapshot\/\" aria-label=\"Illuminating the Hidden Harvest \u2013 a snapshot\">\n\t\t\t\t\t\t\t<img decoding=\"async\" width=\"500\" height=\"330\" src=\"https:\/\/www.mundusmaris.org\/wp-content\/uploads\/2024\/10\/PerspectivesIHHoverview.jpg\" class=\"attachment-full size-full wp-post-image\" alt=\"\" srcset=\"https:\/\/www.mundusmaris.org\/wp-content\/uploads\/2024\/10\/PerspectivesIHHoverview-200x132.jpg 200w, https:\/\/www.mundusmaris.org\/wp-content\/uploads\/2024\/10\/PerspectivesIHHoverview-400x264.jpg 400w, https:\/\/www.mundusmaris.org\/wp-content\/uploads\/2024\/10\/PerspectivesIHHoverview.jpg 500w\" sizes=\"(min-width: 2200px) 100vw, (min-width: 784px) 373px, (min-width: 712px) 560px, (min-width: 640px) 712px, \" \/>\t\t\t<\/a>\n\t\t\t\t\t\t\t<\/div>\n<\/div><div class=\"fusion-meta-tb fusion-meta-tb-186 floated\" style=\"--awb-border-top:0px;--awb-height:36px;--awb-alignment-medium:flex-start;--awb-alignment-small:flex-start;\"><span class=\"fusion-tb-published-date\">Published On: 30. November 2021<\/span><span class=\"fusion-meta-tb-sep\"><\/span><\/div><div class=\"fusion-title title fusion-title-186 fusion-sep-none fusion-title-text fusion-title-size-four\" style=\"--awb-margin-top:20px;--awb-margin-right:20px;--awb-margin-bottom:20px;--awb-margin-left:20px;--awb-margin-top-small:10px;--awb-margin-right-small:0px;--awb-margin-bottom-small:10px;--awb-margin-left-small:0px;--awb-font-size:24px;\"><h4 class=\"fusion-title-heading title-heading-left\" style=\"font-family:&quot;IBM Plex Sans Condensed&quot;;font-style:normal;font-weight:500;margin:0;font-size:1em;line-height:1.2;\"><a href=\"https:\/\/www.mundusmaris.org\/de\/handwerklichen-fischerei-akademie\/illuminating-the-hidden-harvest-a-snapshot\/\" class=\"awb-custom-text-color awb-custom-text-hover-color\" target=\"_self\">Illuminating the Hidden Harvest \u2013 a snapshot<\/a><\/h4><\/div><\/div><\/li>\n<li class=\"fusion-layout-column fusion_builder_column fusion-builder-column-188 fusion-flex-column post-card fusion-grid-column fusion-post-cards-grid-column\" style=\"--awb-bg-color:var(--awb-color1);--awb-bg-color-hover:var(--awb-color1);--awb-bg-blend:overlay;--awb-bg-size:cover;--awb-flex-grow:0;--awb-flex-shrink:0;--awb-flex-grow-medium:;--awb-flex-shrink-medium:;--awb-flex-grow-small:;--awb-flex-shrink-small:;\" data-scroll-devices=\"small-visibility,medium-visibility,large-visibility\"><div class=\"fusion-column-wrapper fusion-column-has-shadow fusion-flex-justify-content-space-around fusion-content-layout-column\"><div class=\"fusion-classic-product-image-wrapper fusion-woo-product-image fusion-post-card-image fusion-post-card-image-1 has-aspect-ratio\" data-layout=\"static\" style=\"--awb-aspect-ratio:3 \/ 2;\"><div  class=\"fusion-image-wrapper\" aria-haspopup=\"true\">\n\t\t\t\t\t\t\t<a href=\"https:\/\/www.mundusmaris.org\/de\/handwerklichen-fischerei-akademie\/virtual-launch-event-fao-international-year-of-artisanal-fisheries-and-aquaculture\/\" aria-label=\"Virtual launch event FAO: International Year of Artisanal Fisheries and Aquaculture\">\n\t\t\t\t\t\t\t<img decoding=\"async\" width=\"500\" height=\"282\" src=\"https:\/\/www.mundusmaris.org\/wp-content\/uploads\/2024\/10\/QU-DongyuFAO-DG06a.jpg\" class=\"attachment-full size-full wp-post-image\" alt=\"\" srcset=\"https:\/\/www.mundusmaris.org\/wp-content\/uploads\/2024\/10\/QU-DongyuFAO-DG06a-200x113.jpg 200w, https:\/\/www.mundusmaris.org\/wp-content\/uploads\/2024\/10\/QU-DongyuFAO-DG06a-400x226.jpg 400w, https:\/\/www.mundusmaris.org\/wp-content\/uploads\/2024\/10\/QU-DongyuFAO-DG06a.jpg 500w\" sizes=\"(min-width: 2200px) 100vw, (min-width: 784px) 373px, (min-width: 712px) 560px, (min-width: 640px) 712px, \" \/>\t\t\t<\/a>\n\t\t\t\t\t\t\t<\/div>\n<\/div><div class=\"fusion-meta-tb fusion-meta-tb-187 floated\" style=\"--awb-border-top:0px;--awb-height:36px;--awb-alignment-medium:flex-start;--awb-alignment-small:flex-start;\"><span class=\"fusion-tb-published-date\">Published On: 20. November 2021<\/span><span class=\"fusion-meta-tb-sep\"><\/span><\/div><div class=\"fusion-title title fusion-title-187 fusion-sep-none fusion-title-text fusion-title-size-four\" style=\"--awb-margin-top:20px;--awb-margin-right:20px;--awb-margin-bottom:20px;--awb-margin-left:20px;--awb-margin-top-small:10px;--awb-margin-right-small:0px;--awb-margin-bottom-small:10px;--awb-margin-left-small:0px;--awb-font-size:24px;\"><h4 class=\"fusion-title-heading title-heading-left\" style=\"font-family:&quot;IBM Plex Sans Condensed&quot;;font-style:normal;font-weight:500;margin:0;font-size:1em;line-height:1.2;\"><a href=\"https:\/\/www.mundusmaris.org\/de\/handwerklichen-fischerei-akademie\/virtual-launch-event-fao-international-year-of-artisanal-fisheries-and-aquaculture\/\" class=\"awb-custom-text-color awb-custom-text-hover-color\" target=\"_self\">Virtual launch event FAO: International Year of Artisanal Fisheries and Aquaculture<\/a><\/h4><\/div><\/div><\/li>\n<li class=\"fusion-layout-column fusion_builder_column fusion-builder-column-189 fusion-flex-column post-card fusion-grid-column fusion-post-cards-grid-column\" style=\"--awb-bg-color:var(--awb-color1);--awb-bg-color-hover:var(--awb-color1);--awb-bg-blend:overlay;--awb-bg-size:cover;--awb-flex-grow:0;--awb-flex-shrink:0;--awb-flex-grow-medium:;--awb-flex-shrink-medium:;--awb-flex-grow-small:;--awb-flex-shrink-small:;\" data-scroll-devices=\"small-visibility,medium-visibility,large-visibility\"><div class=\"fusion-column-wrapper fusion-column-has-shadow fusion-flex-justify-content-space-around fusion-content-layout-column\"><div class=\"fusion-classic-product-image-wrapper fusion-woo-product-image fusion-post-card-image fusion-post-card-image-1 has-aspect-ratio\" data-layout=\"static\" style=\"--awb-aspect-ratio:3 \/ 2;\"><div  class=\"fusion-image-wrapper\" aria-haspopup=\"true\">\n\t\t\t\t\t\t\t<a href=\"https:\/\/www.mundusmaris.org\/de\/handwerklichen-fischerei-akademie\/the-small-scale-fisheries-academy-as-a-source-of-operational-support-to-pa-guidelines\/\" aria-label=\"The Small-Scale Fisheries Academy as a source of operational support to PA Guidelines\">\n\t\t\t\t\t\t\t<img decoding=\"async\" width=\"800\" height=\"500\" src=\"https:\/\/www.mundusmaris.org\/wp-content\/uploads\/2024\/03\/CorneliaNauen05_800x500.jpg\" class=\"attachment-full size-full wp-post-image\" alt=\"\" srcset=\"https:\/\/www.mundusmaris.org\/wp-content\/uploads\/2024\/03\/CorneliaNauen05_800x500-200x125.jpg 200w, https:\/\/www.mundusmaris.org\/wp-content\/uploads\/2024\/03\/CorneliaNauen05_800x500-400x250.jpg 400w, https:\/\/www.mundusmaris.org\/wp-content\/uploads\/2024\/03\/CorneliaNauen05_800x500-600x375.jpg 600w, https:\/\/www.mundusmaris.org\/wp-content\/uploads\/2024\/03\/CorneliaNauen05_800x500.jpg 800w\" sizes=\"(min-width: 2200px) 100vw, (min-width: 784px) 373px, (min-width: 712px) 560px, (min-width: 640px) 712px, \" \/>\t\t\t<\/a>\n\t\t\t\t\t\t\t<\/div>\n<\/div><div class=\"fusion-meta-tb fusion-meta-tb-188 floated\" style=\"--awb-border-top:0px;--awb-height:36px;--awb-alignment-medium:flex-start;--awb-alignment-small:flex-start;\"><span class=\"fusion-tb-published-date\">Published On: 31. Oktober 2021<\/span><span class=\"fusion-meta-tb-sep\"><\/span><\/div><div class=\"fusion-title title fusion-title-188 fusion-sep-none fusion-title-text fusion-title-size-four\" style=\"--awb-margin-top:20px;--awb-margin-right:20px;--awb-margin-bottom:20px;--awb-margin-left:20px;--awb-margin-top-small:10px;--awb-margin-right-small:0px;--awb-margin-bottom-small:10px;--awb-margin-left-small:0px;--awb-font-size:24px;\"><h4 class=\"fusion-title-heading title-heading-left\" style=\"font-family:&quot;IBM Plex Sans Condensed&quot;;font-style:normal;font-weight:500;margin:0;font-size:1em;line-height:1.2;\"><a href=\"https:\/\/www.mundusmaris.org\/de\/handwerklichen-fischerei-akademie\/the-small-scale-fisheries-academy-as-a-source-of-operational-support-to-pa-guidelines\/\" class=\"awb-custom-text-color awb-custom-text-hover-color\" target=\"_self\">The Small-Scale Fisheries Academy as a source of operational support to PA Guidelines<\/a><\/h4><\/div><\/div><\/li>\n<li class=\"fusion-layout-column fusion_builder_column fusion-builder-column-190 fusion-flex-column post-card fusion-grid-column fusion-post-cards-grid-column\" style=\"--awb-bg-color:var(--awb-color1);--awb-bg-color-hover:var(--awb-color1);--awb-bg-blend:overlay;--awb-bg-size:cover;--awb-flex-grow:0;--awb-flex-shrink:0;--awb-flex-grow-medium:;--awb-flex-shrink-medium:;--awb-flex-grow-small:;--awb-flex-shrink-small:;\" data-scroll-devices=\"small-visibility,medium-visibility,large-visibility\"><div class=\"fusion-column-wrapper fusion-column-has-shadow fusion-flex-justify-content-space-around fusion-content-layout-column\"><div class=\"fusion-classic-product-image-wrapper fusion-woo-product-image fusion-post-card-image fusion-post-card-image-1 has-aspect-ratio\" data-layout=\"static\" style=\"--awb-aspect-ratio:3 \/ 2;\"><div  class=\"fusion-image-wrapper\" aria-haspopup=\"true\">\n\t\t\t\t\t\t\t<a href=\"https:\/\/www.mundusmaris.org\/de\/handwerklichen-fischerei-akademie\/welt-fischereikongress-adelaide-20-24-september\/\" aria-label=\"Welt-Fischereikongress, Adelaide, 20.-24. September\">\n\t\t\t\t\t\t\t<img decoding=\"async\" width=\"800\" height=\"500\" src=\"https:\/\/www.mundusmaris.org\/wp-content\/uploads\/2024\/03\/Logo_800x500.jpg\" class=\"attachment-full size-full wp-post-image\" alt=\"\" srcset=\"https:\/\/www.mundusmaris.org\/wp-content\/uploads\/2024\/03\/Logo_800x500-200x125.jpg 200w, https:\/\/www.mundusmaris.org\/wp-content\/uploads\/2024\/03\/Logo_800x500-400x250.jpg 400w, https:\/\/www.mundusmaris.org\/wp-content\/uploads\/2024\/03\/Logo_800x500-600x375.jpg 600w, https:\/\/www.mundusmaris.org\/wp-content\/uploads\/2024\/03\/Logo_800x500.jpg 800w\" sizes=\"(min-width: 2200px) 100vw, (min-width: 784px) 373px, (min-width: 712px) 560px, (min-width: 640px) 712px, \" \/>\t\t\t<\/a>\n\t\t\t\t\t\t\t<\/div>\n<\/div><div class=\"fusion-meta-tb fusion-meta-tb-189 floated\" style=\"--awb-border-top:0px;--awb-height:36px;--awb-alignment-medium:flex-start;--awb-alignment-small:flex-start;\"><span class=\"fusion-tb-published-date\">Published On: 30. September 2021<\/span><span class=\"fusion-meta-tb-sep\"><\/span><\/div><div class=\"fusion-title title fusion-title-189 fusion-sep-none fusion-title-text fusion-title-size-four\" style=\"--awb-margin-top:20px;--awb-margin-right:20px;--awb-margin-bottom:20px;--awb-margin-left:20px;--awb-margin-top-small:10px;--awb-margin-right-small:0px;--awb-margin-bottom-small:10px;--awb-margin-left-small:0px;--awb-font-size:24px;\"><h4 class=\"fusion-title-heading title-heading-left\" style=\"font-family:&quot;IBM Plex Sans Condensed&quot;;font-style:normal;font-weight:500;margin:0;font-size:1em;line-height:1.2;\"><a href=\"https:\/\/www.mundusmaris.org\/de\/handwerklichen-fischerei-akademie\/welt-fischereikongress-adelaide-20-24-september\/\" class=\"awb-custom-text-color awb-custom-text-hover-color\" target=\"_self\">Welt-Fischereikongress, Adelaide, 20.-24. September<\/a><\/h4><\/div><\/div><\/li>\n<li class=\"fusion-layout-column fusion_builder_column fusion-builder-column-191 fusion-flex-column post-card fusion-grid-column fusion-post-cards-grid-column\" style=\"--awb-bg-color:var(--awb-color1);--awb-bg-color-hover:var(--awb-color1);--awb-bg-blend:overlay;--awb-bg-size:cover;--awb-flex-grow:0;--awb-flex-shrink:0;--awb-flex-grow-medium:;--awb-flex-shrink-medium:;--awb-flex-grow-small:;--awb-flex-shrink-small:;\" data-scroll-devices=\"small-visibility,medium-visibility,large-visibility\"><div class=\"fusion-column-wrapper fusion-column-has-shadow fusion-flex-justify-content-space-around fusion-content-layout-column\"><div class=\"fusion-classic-product-image-wrapper fusion-woo-product-image fusion-post-card-image fusion-post-card-image-1 has-aspect-ratio\" data-layout=\"static\" style=\"--awb-aspect-ratio:3 \/ 2;\"><div  class=\"fusion-image-wrapper\" aria-haspopup=\"true\">\n\t\t\t\t\t\t\t<a href=\"https:\/\/www.mundusmaris.org\/de\/handwerklichen-fischerei-akademie\/mundus-maris-unterstuetzt-den-kampf-von-paolo-dem-fischer-in-der-toskana-italien\/\" aria-label=\"Mundus maris unterst\u00fctzt den Kampf von Paolo, dem Fischer, in der Toskana, Italien\">\n\t\t\t\t\t\t\t<img decoding=\"async\" width=\"800\" height=\"500\" src=\"https:\/\/www.mundusmaris.org\/wp-content\/uploads\/2024\/03\/PaoloFanciulli_800x500.jpg\" class=\"attachment-full size-full wp-post-image\" alt=\"\" srcset=\"https:\/\/www.mundusmaris.org\/wp-content\/uploads\/2024\/03\/PaoloFanciulli_800x500-200x125.jpg 200w, https:\/\/www.mundusmaris.org\/wp-content\/uploads\/2024\/03\/PaoloFanciulli_800x500-400x250.jpg 400w, https:\/\/www.mundusmaris.org\/wp-content\/uploads\/2024\/03\/PaoloFanciulli_800x500-600x375.jpg 600w, https:\/\/www.mundusmaris.org\/wp-content\/uploads\/2024\/03\/PaoloFanciulli_800x500.jpg 800w\" sizes=\"(min-width: 2200px) 100vw, (min-width: 784px) 373px, (min-width: 712px) 560px, (min-width: 640px) 712px, \" \/>\t\t\t<\/a>\n\t\t\t\t\t\t\t<\/div>\n<\/div><div class=\"fusion-meta-tb fusion-meta-tb-190 floated\" style=\"--awb-border-top:0px;--awb-height:36px;--awb-alignment-medium:flex-start;--awb-alignment-small:flex-start;\"><span class=\"fusion-tb-published-date\">Published On: 15. August 2021<\/span><span class=\"fusion-meta-tb-sep\"><\/span><\/div><div class=\"fusion-title title fusion-title-190 fusion-sep-none fusion-title-text fusion-title-size-four\" style=\"--awb-margin-top:20px;--awb-margin-right:20px;--awb-margin-bottom:20px;--awb-margin-left:20px;--awb-margin-top-small:10px;--awb-margin-right-small:0px;--awb-margin-bottom-small:10px;--awb-margin-left-small:0px;--awb-font-size:24px;\"><h4 class=\"fusion-title-heading title-heading-left\" style=\"font-family:&quot;IBM Plex Sans Condensed&quot;;font-style:normal;font-weight:500;margin:0;font-size:1em;line-height:1.2;\"><a href=\"https:\/\/www.mundusmaris.org\/de\/handwerklichen-fischerei-akademie\/mundus-maris-unterstuetzt-den-kampf-von-paolo-dem-fischer-in-der-toskana-italien\/\" class=\"awb-custom-text-color awb-custom-text-hover-color\" target=\"_self\">Mundus maris unterst\u00fctzt den Kampf von Paolo, dem Fischer, in der Toskana, Italien<\/a><\/h4><\/div><\/div><\/li>\n<li class=\"fusion-layout-column fusion_builder_column fusion-builder-column-192 fusion-flex-column post-card fusion-grid-column fusion-post-cards-grid-column\" style=\"--awb-bg-color:var(--awb-color1);--awb-bg-color-hover:var(--awb-color1);--awb-bg-blend:overlay;--awb-bg-size:cover;--awb-flex-grow:0;--awb-flex-shrink:0;--awb-flex-grow-medium:;--awb-flex-shrink-medium:;--awb-flex-grow-small:;--awb-flex-shrink-small:;\" data-scroll-devices=\"small-visibility,medium-visibility,large-visibility\"><div class=\"fusion-column-wrapper fusion-column-has-shadow fusion-flex-justify-content-space-around fusion-content-layout-column\"><div class=\"fusion-classic-product-image-wrapper fusion-woo-product-image fusion-post-card-image fusion-post-card-image-1 has-aspect-ratio\" data-layout=\"static\" style=\"--awb-aspect-ratio:3 \/ 2;\"><div  class=\"fusion-image-wrapper\" aria-haspopup=\"true\">\n\t\t\t\t\t\t\t<a href=\"https:\/\/www.mundusmaris.org\/de\/handwerklichen-fischerei-akademie\/catching-up-ssf-academy-yoff-27-febr-2021\/\" aria-label=\"Catching-up &#8211; SSF Academy Yoff, 27 Febr. 2021\">\n\t\t\t\t\t\t\t<img decoding=\"async\" width=\"500\" height=\"375\" src=\"https:\/\/www.mundusmaris.org\/wp-content\/uploads\/2025\/02\/20210227Academie500.jpg\" class=\"attachment-full size-full wp-post-image\" alt=\"\" srcset=\"https:\/\/www.mundusmaris.org\/wp-content\/uploads\/2025\/02\/20210227Academie500-200x150.jpg 200w, https:\/\/www.mundusmaris.org\/wp-content\/uploads\/2025\/02\/20210227Academie500-400x300.jpg 400w, https:\/\/www.mundusmaris.org\/wp-content\/uploads\/2025\/02\/20210227Academie500.jpg 500w\" sizes=\"(min-width: 2200px) 100vw, (min-width: 784px) 373px, (min-width: 712px) 560px, (min-width: 640px) 712px, \" \/>\t\t\t<\/a>\n\t\t\t\t\t\t\t<\/div>\n<\/div><div class=\"fusion-meta-tb fusion-meta-tb-191 floated\" style=\"--awb-border-top:0px;--awb-height:36px;--awb-alignment-medium:flex-start;--awb-alignment-small:flex-start;\"><span class=\"fusion-tb-published-date\">Published On: 3. M\u00e4rz 2021<\/span><span class=\"fusion-meta-tb-sep\"><\/span><\/div><div class=\"fusion-title title fusion-title-191 fusion-sep-none fusion-title-text fusion-title-size-four\" style=\"--awb-margin-top:20px;--awb-margin-right:20px;--awb-margin-bottom:20px;--awb-margin-left:20px;--awb-margin-top-small:10px;--awb-margin-right-small:0px;--awb-margin-bottom-small:10px;--awb-margin-left-small:0px;--awb-font-size:24px;\"><h4 class=\"fusion-title-heading title-heading-left\" style=\"font-family:&quot;IBM Plex Sans Condensed&quot;;font-style:normal;font-weight:500;margin:0;font-size:1em;line-height:1.2;\"><a href=\"https:\/\/www.mundusmaris.org\/de\/handwerklichen-fischerei-akademie\/catching-up-ssf-academy-yoff-27-febr-2021\/\" class=\"awb-custom-text-color awb-custom-text-hover-color\" target=\"_self\">Catching-up &#8211; SSF Academy Yoff, 27 Febr. 2021<\/a><\/h4><\/div><\/div><\/li>\n<li class=\"fusion-layout-column fusion_builder_column fusion-builder-column-193 fusion-flex-column post-card fusion-grid-column fusion-post-cards-grid-column\" style=\"--awb-bg-color:var(--awb-color1);--awb-bg-color-hover:var(--awb-color1);--awb-bg-blend:overlay;--awb-bg-size:cover;--awb-flex-grow:0;--awb-flex-shrink:0;--awb-flex-grow-medium:;--awb-flex-shrink-medium:;--awb-flex-grow-small:;--awb-flex-shrink-small:;\" data-scroll-devices=\"small-visibility,medium-visibility,large-visibility\"><div class=\"fusion-column-wrapper fusion-column-has-shadow fusion-flex-justify-content-space-around fusion-content-layout-column\"><div class=\"fusion-classic-product-image-wrapper fusion-woo-product-image fusion-post-card-image fusion-post-card-image-1 has-aspect-ratio\" data-layout=\"static\" style=\"--awb-aspect-ratio:3 \/ 2;\"><div  class=\"fusion-image-wrapper\" aria-haspopup=\"true\">\n\t\t\t\t\t\t\t<a href=\"https:\/\/www.mundusmaris.org\/de\/meeresfruechte-die-wir-essen\/fao-webinar-small-low-cost-fish-from-bait-to-plate-15-16-02-2021\/\" aria-label=\"FAO Webinar \u201eKleiner, preisg\u00fcnstiger Fisch: Vom K\u00f6der zum Teller\u201c, 15-16\/02\/2021\">\n\t\t\t\t\t\t\t<img decoding=\"async\" width=\"500\" height=\"404\" src=\"https:\/\/www.mundusmaris.org\/wp-content\/uploads\/2025\/02\/WebBen03BangladeshMarine500.jpg\" class=\"attachment-full size-full wp-post-image\" alt=\"\" srcset=\"https:\/\/www.mundusmaris.org\/wp-content\/uploads\/2025\/02\/WebBen03BangladeshMarine500-200x162.jpg 200w, https:\/\/www.mundusmaris.org\/wp-content\/uploads\/2025\/02\/WebBen03BangladeshMarine500-400x323.jpg 400w, https:\/\/www.mundusmaris.org\/wp-content\/uploads\/2025\/02\/WebBen03BangladeshMarine500.jpg 500w\" sizes=\"(min-width: 2200px) 100vw, (min-width: 784px) 373px, (min-width: 712px) 560px, (min-width: 640px) 712px, \" \/>\t\t\t<\/a>\n\t\t\t\t\t\t\t<\/div>\n<\/div><div class=\"fusion-meta-tb fusion-meta-tb-192 floated\" style=\"--awb-border-top:0px;--awb-height:36px;--awb-alignment-medium:flex-start;--awb-alignment-small:flex-start;\"><span class=\"fusion-tb-published-date\">Published On: 18. Februar 2021<\/span><span class=\"fusion-meta-tb-sep\"><\/span><\/div><div class=\"fusion-title title fusion-title-192 fusion-sep-none fusion-title-text fusion-title-size-four\" style=\"--awb-margin-top:20px;--awb-margin-right:20px;--awb-margin-bottom:20px;--awb-margin-left:20px;--awb-margin-top-small:10px;--awb-margin-right-small:0px;--awb-margin-bottom-small:10px;--awb-margin-left-small:0px;--awb-font-size:24px;\"><h4 class=\"fusion-title-heading title-heading-left\" style=\"font-family:&quot;IBM Plex Sans Condensed&quot;;font-style:normal;font-weight:500;margin:0;font-size:1em;line-height:1.2;\"><a href=\"https:\/\/www.mundusmaris.org\/de\/meeresfruechte-die-wir-essen\/fao-webinar-small-low-cost-fish-from-bait-to-plate-15-16-02-2021\/\" class=\"awb-custom-text-color awb-custom-text-hover-color\" target=\"_self\">FAO Webinar \u201eKleiner, preisg\u00fcnstiger Fisch: Vom K\u00f6der zum Teller\u201c, 15-16\/02\/2021<\/a><\/h4><\/div><\/div><\/li>\n<li class=\"fusion-layout-column fusion_builder_column fusion-builder-column-194 fusion-flex-column post-card fusion-grid-column fusion-post-cards-grid-column\" style=\"--awb-bg-color:var(--awb-color1);--awb-bg-color-hover:var(--awb-color1);--awb-bg-blend:overlay;--awb-bg-size:cover;--awb-flex-grow:0;--awb-flex-shrink:0;--awb-flex-grow-medium:;--awb-flex-shrink-medium:;--awb-flex-grow-small:;--awb-flex-shrink-small:;\" data-scroll-devices=\"small-visibility,medium-visibility,large-visibility\"><div class=\"fusion-column-wrapper fusion-column-has-shadow fusion-flex-justify-content-space-around fusion-content-layout-column\"><div class=\"fusion-classic-product-image-wrapper fusion-woo-product-image fusion-post-card-image fusion-post-card-image-1 has-aspect-ratio\" data-layout=\"static\" style=\"--awb-aspect-ratio:3 \/ 2;\"><div  class=\"fusion-image-wrapper\" aria-haspopup=\"true\">\n\t\t\t\t\t\t\t<a href=\"https:\/\/www.mundusmaris.org\/de\/zwischen-tradition-und-modernitaet\/2000-years-ago-the-vivaria\/\" aria-label=\"2000 years ago: the &#8218;vivaria&#8216;\">\n\t\t\t\t\t\t\t<img decoding=\"async\" width=\"500\" height=\"312\" src=\"https:\/\/www.mundusmaris.org\/wp-content\/uploads\/2025\/01\/Portus00.jpg\" class=\"attachment-full size-full wp-post-image\" alt=\"\" srcset=\"https:\/\/www.mundusmaris.org\/wp-content\/uploads\/2025\/01\/Portus00-200x125.jpg 200w, https:\/\/www.mundusmaris.org\/wp-content\/uploads\/2025\/01\/Portus00-400x250.jpg 400w, https:\/\/www.mundusmaris.org\/wp-content\/uploads\/2025\/01\/Portus00.jpg 500w\" sizes=\"(min-width: 2200px) 100vw, (min-width: 784px) 373px, (min-width: 712px) 560px, (min-width: 640px) 712px, \" \/>\t\t\t<\/a>\n\t\t\t\t\t\t\t<\/div>\n<\/div><div class=\"fusion-meta-tb fusion-meta-tb-193 floated\" style=\"--awb-border-top:0px;--awb-height:36px;--awb-alignment-medium:flex-start;--awb-alignment-small:flex-start;\"><span class=\"fusion-tb-published-date\">Published On: 28. Mai 2020<\/span><span class=\"fusion-meta-tb-sep\"><\/span><\/div><div class=\"fusion-title title fusion-title-193 fusion-sep-none fusion-title-text fusion-title-size-four\" style=\"--awb-margin-top:20px;--awb-margin-right:20px;--awb-margin-bottom:20px;--awb-margin-left:20px;--awb-margin-top-small:10px;--awb-margin-right-small:0px;--awb-margin-bottom-small:10px;--awb-margin-left-small:0px;--awb-font-size:24px;\"><h4 class=\"fusion-title-heading title-heading-left\" style=\"font-family:&quot;IBM Plex Sans Condensed&quot;;font-style:normal;font-weight:500;margin:0;font-size:1em;line-height:1.2;\"><a href=\"https:\/\/www.mundusmaris.org\/de\/zwischen-tradition-und-modernitaet\/2000-years-ago-the-vivaria\/\" class=\"awb-custom-text-color awb-custom-text-hover-color\" target=\"_self\">2000 years ago: the &#8218;vivaria&#8216;<\/a><\/h4><\/div><\/div><\/li>\n<li class=\"fusion-layout-column fusion_builder_column fusion-builder-column-195 fusion-flex-column post-card fusion-grid-column fusion-post-cards-grid-column\" style=\"--awb-bg-color:var(--awb-color1);--awb-bg-color-hover:var(--awb-color1);--awb-bg-blend:overlay;--awb-bg-size:cover;--awb-flex-grow:0;--awb-flex-shrink:0;--awb-flex-grow-medium:;--awb-flex-shrink-medium:;--awb-flex-grow-small:;--awb-flex-shrink-small:;\" data-scroll-devices=\"small-visibility,medium-visibility,large-visibility\"><div class=\"fusion-column-wrapper fusion-column-has-shadow fusion-flex-justify-content-space-around fusion-content-layout-column\"><div class=\"fusion-classic-product-image-wrapper fusion-woo-product-image fusion-post-card-image fusion-post-card-image-1 has-aspect-ratio\" data-layout=\"static\" style=\"--awb-aspect-ratio:3 \/ 2;\"><div  class=\"fusion-image-wrapper\" aria-haspopup=\"true\">\n\t\t\t\t\t\t\t<a href=\"https:\/\/www.mundusmaris.org\/de\/zwischen-tradition-und-modernitaet\/la-storia-dello-storione\/\" aria-label=\"Die Geschichte des St\u00f6rs\">\n\t\t\t\t\t\t\t<img decoding=\"async\" width=\"500\" height=\"330\" src=\"https:\/\/www.mundusmaris.org\/wp-content\/uploads\/2025\/01\/Storione01.jpg\" class=\"attachment-full size-full wp-post-image\" alt=\"\" srcset=\"https:\/\/www.mundusmaris.org\/wp-content\/uploads\/2025\/01\/Storione01-200x132.jpg 200w, https:\/\/www.mundusmaris.org\/wp-content\/uploads\/2025\/01\/Storione01-400x264.jpg 400w, https:\/\/www.mundusmaris.org\/wp-content\/uploads\/2025\/01\/Storione01.jpg 500w\" sizes=\"(min-width: 2200px) 100vw, (min-width: 784px) 373px, (min-width: 712px) 560px, (min-width: 640px) 712px, \" \/>\t\t\t<\/a>\n\t\t\t\t\t\t\t<\/div>\n<\/div><div class=\"fusion-meta-tb fusion-meta-tb-194 floated\" style=\"--awb-border-top:0px;--awb-height:36px;--awb-alignment-medium:flex-start;--awb-alignment-small:flex-start;\"><span class=\"fusion-tb-published-date\">Published On: 27. April 2020<\/span><span class=\"fusion-meta-tb-sep\"><\/span><\/div><div class=\"fusion-title title fusion-title-194 fusion-sep-none fusion-title-text fusion-title-size-four\" style=\"--awb-margin-top:20px;--awb-margin-right:20px;--awb-margin-bottom:20px;--awb-margin-left:20px;--awb-margin-top-small:10px;--awb-margin-right-small:0px;--awb-margin-bottom-small:10px;--awb-margin-left-small:0px;--awb-font-size:24px;\"><h4 class=\"fusion-title-heading title-heading-left\" style=\"font-family:&quot;IBM Plex Sans Condensed&quot;;font-style:normal;font-weight:500;margin:0;font-size:1em;line-height:1.2;\"><a href=\"https:\/\/www.mundusmaris.org\/de\/zwischen-tradition-und-modernitaet\/la-storia-dello-storione\/\" class=\"awb-custom-text-color awb-custom-text-hover-color\" target=\"_self\">Die Geschichte des St\u00f6rs<\/a><\/h4><\/div><\/div><\/li>\n<li class=\"fusion-layout-column fusion_builder_column fusion-builder-column-196 fusion-flex-column post-card fusion-grid-column fusion-post-cards-grid-column\" style=\"--awb-bg-color:var(--awb-color1);--awb-bg-color-hover:var(--awb-color1);--awb-bg-blend:overlay;--awb-bg-size:cover;--awb-flex-grow:0;--awb-flex-shrink:0;--awb-flex-grow-medium:;--awb-flex-shrink-medium:;--awb-flex-grow-small:;--awb-flex-shrink-small:;\" data-scroll-devices=\"small-visibility,medium-visibility,large-visibility\"><div class=\"fusion-column-wrapper fusion-column-has-shadow fusion-flex-justify-content-space-around fusion-content-layout-column\"><div class=\"fusion-classic-product-image-wrapper fusion-woo-product-image fusion-post-card-image fusion-post-card-image-1 has-aspect-ratio\" data-layout=\"static\" style=\"--awb-aspect-ratio:3 \/ 2;\"><div  class=\"fusion-image-wrapper\" aria-haspopup=\"true\">\n\t\t\t\t\t\t\t<a href=\"https:\/\/www.mundusmaris.org\/de\/handwerklichen-fischerei-akademie\/ausbau-der-faehigkeiten-der-akteure-fuer-eine-nachhaltige-handwerkliche-fischerei\/\" aria-label=\"Ausbau der F\u00e4higkeiten der Akteure f\u00fcr eine nachhaltige handwerkliche Fischerei\">\n\t\t\t\t\t\t\t<img decoding=\"async\" width=\"800\" height=\"500\" src=\"https:\/\/www.mundusmaris.org\/wp-content\/uploads\/2024\/03\/VieHeureuse_02_800x500.jpg\" class=\"attachment-full size-full wp-post-image\" alt=\"\" srcset=\"https:\/\/www.mundusmaris.org\/wp-content\/uploads\/2024\/03\/VieHeureuse_02_800x500-200x125.jpg 200w, https:\/\/www.mundusmaris.org\/wp-content\/uploads\/2024\/03\/VieHeureuse_02_800x500-400x250.jpg 400w, https:\/\/www.mundusmaris.org\/wp-content\/uploads\/2024\/03\/VieHeureuse_02_800x500-600x375.jpg 600w, https:\/\/www.mundusmaris.org\/wp-content\/uploads\/2024\/03\/VieHeureuse_02_800x500.jpg 800w\" sizes=\"(min-width: 2200px) 100vw, (min-width: 784px) 373px, (min-width: 712px) 560px, (min-width: 640px) 712px, \" \/>\t\t\t<\/a>\n\t\t\t\t\t\t\t<\/div>\n<\/div><div class=\"fusion-meta-tb fusion-meta-tb-195 floated\" style=\"--awb-border-top:0px;--awb-height:36px;--awb-alignment-medium:flex-start;--awb-alignment-small:flex-start;\"><span class=\"fusion-tb-published-date\">Published On: 1. November 2019<\/span><span class=\"fusion-meta-tb-sep\"><\/span><\/div><div class=\"fusion-title title fusion-title-195 fusion-sep-none fusion-title-text fusion-title-size-four\" style=\"--awb-margin-top:20px;--awb-margin-right:20px;--awb-margin-bottom:20px;--awb-margin-left:20px;--awb-margin-top-small:10px;--awb-margin-right-small:0px;--awb-margin-bottom-small:10px;--awb-margin-left-small:0px;--awb-font-size:24px;\"><h4 class=\"fusion-title-heading title-heading-left\" style=\"font-family:&quot;IBM Plex Sans Condensed&quot;;font-style:normal;font-weight:500;margin:0;font-size:1em;line-height:1.2;\"><a href=\"https:\/\/www.mundusmaris.org\/de\/handwerklichen-fischerei-akademie\/ausbau-der-faehigkeiten-der-akteure-fuer-eine-nachhaltige-handwerkliche-fischerei\/\" class=\"awb-custom-text-color awb-custom-text-hover-color\" target=\"_self\">Ausbau der F\u00e4higkeiten der Akteure f\u00fcr eine nachhaltige handwerkliche Fischerei<\/a><\/h4><\/div><\/div><\/li>\n<li class=\"fusion-layout-column fusion_builder_column fusion-builder-column-197 fusion-flex-column post-card fusion-grid-column fusion-post-cards-grid-column\" style=\"--awb-bg-color:var(--awb-color1);--awb-bg-color-hover:var(--awb-color1);--awb-bg-blend:overlay;--awb-bg-size:cover;--awb-flex-grow:0;--awb-flex-shrink:0;--awb-flex-grow-medium:;--awb-flex-shrink-medium:;--awb-flex-grow-small:;--awb-flex-shrink-small:;\" data-scroll-devices=\"small-visibility,medium-visibility,large-visibility\"><div class=\"fusion-column-wrapper fusion-column-has-shadow fusion-flex-justify-content-space-around fusion-content-layout-column\"><div class=\"fusion-classic-product-image-wrapper fusion-woo-product-image fusion-post-card-image fusion-post-card-image-1 has-aspect-ratio\" data-layout=\"static\" style=\"--awb-aspect-ratio:3 \/ 2;\"><div  class=\"fusion-image-wrapper\" aria-haspopup=\"true\">\n\t\t\t\t\t\t\t<a href=\"https:\/\/www.mundusmaris.org\/de\/aktivitaten\/okosystem-basierte-fischerei\/mundus-maris-supports-wiomsas-push-for-greater-gender-awareness\/\" aria-label=\"Mundus maris supports WIOMSA&#8217;s push for greater gender awareness\">\n\t\t\t\t\t\t\t<img decoding=\"async\" width=\"500\" height=\"419\" src=\"https:\/\/www.mundusmaris.org\/wp-content\/uploads\/2019\/07\/SymposiumAnnouncement500.jpg\" class=\"attachment-full size-full wp-post-image\" alt=\"\" srcset=\"https:\/\/www.mundusmaris.org\/wp-content\/uploads\/2019\/07\/SymposiumAnnouncement500-200x168.jpg 200w, https:\/\/www.mundusmaris.org\/wp-content\/uploads\/2019\/07\/SymposiumAnnouncement500-400x335.jpg 400w, https:\/\/www.mundusmaris.org\/wp-content\/uploads\/2019\/07\/SymposiumAnnouncement500.jpg 500w\" sizes=\"(min-width: 2200px) 100vw, (min-width: 784px) 373px, (min-width: 712px) 560px, (min-width: 640px) 712px, \" \/>\t\t\t<\/a>\n\t\t\t\t\t\t\t<\/div>\n<\/div><div class=\"fusion-meta-tb fusion-meta-tb-196 floated\" style=\"--awb-border-top:0px;--awb-height:36px;--awb-alignment-medium:flex-start;--awb-alignment-small:flex-start;\"><span class=\"fusion-tb-published-date\">Published On: 13. Juli 2019<\/span><span class=\"fusion-meta-tb-sep\"><\/span><\/div><div class=\"fusion-title title fusion-title-196 fusion-sep-none fusion-title-text fusion-title-size-four\" style=\"--awb-margin-top:20px;--awb-margin-right:20px;--awb-margin-bottom:20px;--awb-margin-left:20px;--awb-margin-top-small:10px;--awb-margin-right-small:0px;--awb-margin-bottom-small:10px;--awb-margin-left-small:0px;--awb-font-size:24px;\"><h4 class=\"fusion-title-heading title-heading-left\" style=\"font-family:&quot;IBM Plex Sans Condensed&quot;;font-style:normal;font-weight:500;margin:0;font-size:1em;line-height:1.2;\"><a href=\"https:\/\/www.mundusmaris.org\/de\/aktivitaten\/okosystem-basierte-fischerei\/mundus-maris-supports-wiomsas-push-for-greater-gender-awareness\/\" class=\"awb-custom-text-color awb-custom-text-hover-color\" target=\"_self\">Mundus maris supports WIOMSA&#8217;s push for greater gender awareness<\/a><\/h4><\/div><\/div><\/li>\n<li class=\"fusion-layout-column fusion_builder_column fusion-builder-column-198 fusion-flex-column post-card fusion-grid-column fusion-post-cards-grid-column\" style=\"--awb-bg-color:var(--awb-color1);--awb-bg-color-hover:var(--awb-color1);--awb-bg-blend:overlay;--awb-bg-size:cover;--awb-flex-grow:0;--awb-flex-shrink:0;--awb-flex-grow-medium:;--awb-flex-shrink-medium:;--awb-flex-grow-small:;--awb-flex-shrink-small:;\" data-scroll-devices=\"small-visibility,medium-visibility,large-visibility\"><div class=\"fusion-column-wrapper fusion-column-has-shadow fusion-flex-justify-content-space-around fusion-content-layout-column\"><div class=\"fusion-classic-product-image-wrapper fusion-woo-product-image fusion-post-card-image fusion-post-card-image-1 has-aspect-ratio\" data-layout=\"static\" style=\"--awb-aspect-ratio:3 \/ 2;\"><div  class=\"fusion-image-wrapper\" aria-haspopup=\"true\">\n\t\t\t\t\t\t\t<a href=\"https:\/\/www.mundusmaris.org\/de\/aktivitaten\/okosystem-basierte-fischerei\/pre-symposium-workshop-on-gender\/\" aria-label=\"Pre-Symposium Workshop on gender\">\n\t\t\t\t\t\t\t<img decoding=\"async\" width=\"500\" height=\"333\" src=\"https:\/\/www.mundusmaris.org\/wp-content\/uploads\/2025\/11\/WorkshopFeature500.jpg\" class=\"attachment-full size-full wp-post-image\" alt=\"\" srcset=\"https:\/\/www.mundusmaris.org\/wp-content\/uploads\/2025\/11\/WorkshopFeature500-200x133.jpg 200w, https:\/\/www.mundusmaris.org\/wp-content\/uploads\/2025\/11\/WorkshopFeature500-400x266.jpg 400w, https:\/\/www.mundusmaris.org\/wp-content\/uploads\/2025\/11\/WorkshopFeature500.jpg 500w\" sizes=\"(min-width: 2200px) 100vw, (min-width: 784px) 373px, (min-width: 712px) 560px, (min-width: 640px) 712px, \" \/>\t\t\t<\/a>\n\t\t\t\t\t\t\t<\/div>\n<\/div><div class=\"fusion-meta-tb fusion-meta-tb-197 floated\" style=\"--awb-border-top:0px;--awb-height:36px;--awb-alignment-medium:flex-start;--awb-alignment-small:flex-start;\"><span class=\"fusion-tb-published-date\">Published On: 5. Juli 2019<\/span><span class=\"fusion-meta-tb-sep\"><\/span><\/div><div class=\"fusion-title title fusion-title-197 fusion-sep-none fusion-title-text fusion-title-size-four\" style=\"--awb-margin-top:20px;--awb-margin-right:20px;--awb-margin-bottom:20px;--awb-margin-left:20px;--awb-margin-top-small:10px;--awb-margin-right-small:0px;--awb-margin-bottom-small:10px;--awb-margin-left-small:0px;--awb-font-size:24px;\"><h4 class=\"fusion-title-heading title-heading-left\" style=\"font-family:&quot;IBM Plex Sans Condensed&quot;;font-style:normal;font-weight:500;margin:0;font-size:1em;line-height:1.2;\"><a href=\"https:\/\/www.mundusmaris.org\/de\/aktivitaten\/okosystem-basierte-fischerei\/pre-symposium-workshop-on-gender\/\" class=\"awb-custom-text-color awb-custom-text-hover-color\" target=\"_self\">Pre-Symposium Workshop on gender<\/a><\/h4><\/div><\/div><\/li>\n<li class=\"fusion-layout-column fusion_builder_column fusion-builder-column-199 fusion-flex-column post-card fusion-grid-column fusion-post-cards-grid-column\" style=\"--awb-bg-color:var(--awb-color1);--awb-bg-color-hover:var(--awb-color1);--awb-bg-blend:overlay;--awb-bg-size:cover;--awb-flex-grow:0;--awb-flex-shrink:0;--awb-flex-grow-medium:;--awb-flex-shrink-medium:;--awb-flex-grow-small:;--awb-flex-shrink-small:;\" data-scroll-devices=\"small-visibility,medium-visibility,large-visibility\"><div class=\"fusion-column-wrapper fusion-column-has-shadow fusion-flex-justify-content-space-around fusion-content-layout-column\"><div class=\"fusion-classic-product-image-wrapper fusion-woo-product-image fusion-post-card-image fusion-post-card-image-1 has-aspect-ratio\" data-layout=\"static\" style=\"--awb-aspect-ratio:3 \/ 2;\"><div  class=\"fusion-image-wrapper\" aria-haspopup=\"true\">\n\t\t\t\t\t\t\t<a href=\"https:\/\/www.mundusmaris.org\/de\/handwerklichen-fischerei-akademie\/testen-von-trainingsmethoden-waehrend-der-pilotphase-der-akademie-der-handwerklichen-fischerei-im-senegal\/\" aria-label=\"Testen von Trainingsmethoden w\u00e4hrend der Pilotphase der Akademie der handwerklichen Fischerei im Senegal\">\n\t\t\t\t\t\t\t<img decoding=\"async\" width=\"800\" height=\"500\" src=\"https:\/\/www.mundusmaris.org\/wp-content\/uploads\/2024\/03\/CafeMonde_3eTour_800x500.jpg\" class=\"attachment-full size-full wp-post-image\" alt=\"\" srcset=\"https:\/\/www.mundusmaris.org\/wp-content\/uploads\/2024\/03\/CafeMonde_3eTour_800x500-200x125.jpg 200w, https:\/\/www.mundusmaris.org\/wp-content\/uploads\/2024\/03\/CafeMonde_3eTour_800x500-400x250.jpg 400w, https:\/\/www.mundusmaris.org\/wp-content\/uploads\/2024\/03\/CafeMonde_3eTour_800x500-600x375.jpg 600w, https:\/\/www.mundusmaris.org\/wp-content\/uploads\/2024\/03\/CafeMonde_3eTour_800x500.jpg 800w\" sizes=\"(min-width: 2200px) 100vw, (min-width: 784px) 373px, (min-width: 712px) 560px, (min-width: 640px) 712px, \" \/>\t\t\t<\/a>\n\t\t\t\t\t\t\t<\/div>\n<\/div><div class=\"fusion-meta-tb fusion-meta-tb-198 floated\" style=\"--awb-border-top:0px;--awb-height:36px;--awb-alignment-medium:flex-start;--awb-alignment-small:flex-start;\"><span class=\"fusion-tb-published-date\">Published On: 20. Juni 2019<\/span><span class=\"fusion-meta-tb-sep\"><\/span><\/div><div class=\"fusion-title title fusion-title-198 fusion-sep-none fusion-title-text fusion-title-size-four\" style=\"--awb-margin-top:20px;--awb-margin-right:20px;--awb-margin-bottom:20px;--awb-margin-left:20px;--awb-margin-top-small:10px;--awb-margin-right-small:0px;--awb-margin-bottom-small:10px;--awb-margin-left-small:0px;--awb-font-size:24px;\"><h4 class=\"fusion-title-heading title-heading-left\" style=\"font-family:&quot;IBM Plex Sans Condensed&quot;;font-style:normal;font-weight:500;margin:0;font-size:1em;line-height:1.2;\"><a href=\"https:\/\/www.mundusmaris.org\/de\/handwerklichen-fischerei-akademie\/testen-von-trainingsmethoden-waehrend-der-pilotphase-der-akademie-der-handwerklichen-fischerei-im-senegal\/\" class=\"awb-custom-text-color awb-custom-text-hover-color\" target=\"_self\">Testen von Trainingsmethoden w\u00e4hrend der Pilotphase der Akademie der handwerklichen Fischerei im Senegal<\/a><\/h4><\/div><\/div><\/li>\n<li class=\"fusion-layout-column fusion_builder_column fusion-builder-column-200 fusion-flex-column post-card fusion-grid-column fusion-post-cards-grid-column\" style=\"--awb-bg-color:var(--awb-color1);--awb-bg-color-hover:var(--awb-color1);--awb-bg-blend:overlay;--awb-bg-size:cover;--awb-flex-grow:0;--awb-flex-shrink:0;--awb-flex-grow-medium:;--awb-flex-shrink-medium:;--awb-flex-grow-small:;--awb-flex-shrink-small:;\" data-scroll-devices=\"small-visibility,medium-visibility,large-visibility\"><div class=\"fusion-column-wrapper fusion-column-has-shadow fusion-flex-justify-content-space-around fusion-content-layout-column\"><div class=\"fusion-classic-product-image-wrapper fusion-woo-product-image fusion-post-card-image fusion-post-card-image-1 has-aspect-ratio\" data-layout=\"static\" style=\"--awb-aspect-ratio:3 \/ 2;\"><div  class=\"fusion-image-wrapper\" aria-haspopup=\"true\">\n\t\t\t\t\t\t\t<a href=\"https:\/\/www.mundusmaris.org\/de\/handwerklichen-fischerei-akademie\/eine-premiere-einweihung-der-akademie-der-handwerklichen-fischerei-in-senegal\/\" aria-label=\"Eine Premiere &#8211; Einweihung der Akademie der handwerklichen Fischerei in Senegal\">\n\t\t\t\t\t\t\t<img decoding=\"async\" width=\"800\" height=\"500\" src=\"https:\/\/www.mundusmaris.org\/wp-content\/uploads\/2024\/03\/PhotoGroupeAcad_800x500.jpg\" class=\"attachment-full size-full wp-post-image\" alt=\"\" srcset=\"https:\/\/www.mundusmaris.org\/wp-content\/uploads\/2024\/03\/PhotoGroupeAcad_800x500-200x125.jpg 200w, https:\/\/www.mundusmaris.org\/wp-content\/uploads\/2024\/03\/PhotoGroupeAcad_800x500-400x250.jpg 400w, https:\/\/www.mundusmaris.org\/wp-content\/uploads\/2024\/03\/PhotoGroupeAcad_800x500-600x375.jpg 600w, https:\/\/www.mundusmaris.org\/wp-content\/uploads\/2024\/03\/PhotoGroupeAcad_800x500.jpg 800w\" sizes=\"(min-width: 2200px) 100vw, (min-width: 784px) 373px, (min-width: 712px) 560px, (min-width: 640px) 712px, \" \/>\t\t\t<\/a>\n\t\t\t\t\t\t\t<\/div>\n<\/div><div class=\"fusion-meta-tb fusion-meta-tb-199 floated\" style=\"--awb-border-top:0px;--awb-height:36px;--awb-alignment-medium:flex-start;--awb-alignment-small:flex-start;\"><span class=\"fusion-tb-published-date\">Published On: 20. November 2018<\/span><span class=\"fusion-meta-tb-sep\"><\/span><\/div><div class=\"fusion-title title fusion-title-199 fusion-sep-none fusion-title-text fusion-title-size-four\" style=\"--awb-margin-top:20px;--awb-margin-right:20px;--awb-margin-bottom:20px;--awb-margin-left:20px;--awb-margin-top-small:10px;--awb-margin-right-small:0px;--awb-margin-bottom-small:10px;--awb-margin-left-small:0px;--awb-font-size:24px;\"><h4 class=\"fusion-title-heading title-heading-left\" style=\"font-family:&quot;IBM Plex Sans Condensed&quot;;font-style:normal;font-weight:500;margin:0;font-size:1em;line-height:1.2;\"><a href=\"https:\/\/www.mundusmaris.org\/de\/handwerklichen-fischerei-akademie\/eine-premiere-einweihung-der-akademie-der-handwerklichen-fischerei-in-senegal\/\" class=\"awb-custom-text-color awb-custom-text-hover-color\" target=\"_self\">Eine Premiere &#8211; Einweihung der Akademie der handwerklichen Fischerei in Senegal<\/a><\/h4><\/div><\/div><\/li>\n<li class=\"fusion-layout-column fusion_builder_column fusion-builder-column-201 fusion-flex-column post-card fusion-grid-column fusion-post-cards-grid-column\" style=\"--awb-bg-color:var(--awb-color1);--awb-bg-color-hover:var(--awb-color1);--awb-bg-blend:overlay;--awb-bg-size:cover;--awb-flex-grow:0;--awb-flex-shrink:0;--awb-flex-grow-medium:;--awb-flex-shrink-medium:;--awb-flex-grow-small:;--awb-flex-shrink-small:;\" data-scroll-devices=\"small-visibility,medium-visibility,large-visibility\"><div class=\"fusion-column-wrapper fusion-column-has-shadow fusion-flex-justify-content-space-around fusion-content-layout-column\"><div class=\"fusion-classic-product-image-wrapper fusion-woo-product-image fusion-post-card-image fusion-post-card-image-1 has-aspect-ratio\" data-layout=\"static\" style=\"--awb-aspect-ratio:3 \/ 2;\"><div  class=\"fusion-image-wrapper\" aria-haspopup=\"true\">\n\t\t\t\t\t\t\t<a href=\"https:\/\/www.mundusmaris.org\/de\/meeresfruechte-die-wir-essen\/geniessen-sie-koestliche-und-nachhaltige-meeresfruechte-mit-mundus-maris-workshops\/\" aria-label=\"Genie\u00dfen Sie k\u00f6stliche und nachhaltige Meeresfr\u00fcchte mit Mundus Maris Workshops\">\n\t\t\t\t\t\t\t<img decoding=\"async\" width=\"800\" height=\"500\" src=\"https:\/\/www.mundusmaris.org\/wp-content\/uploads\/2024\/04\/copertina_posts_scale.jpg\" class=\"attachment-full size-full wp-post-image\" alt=\"\" srcset=\"https:\/\/www.mundusmaris.org\/wp-content\/uploads\/2024\/04\/copertina_posts_scale-200x125.jpg 200w, https:\/\/www.mundusmaris.org\/wp-content\/uploads\/2024\/04\/copertina_posts_scale-400x250.jpg 400w, https:\/\/www.mundusmaris.org\/wp-content\/uploads\/2024\/04\/copertina_posts_scale-600x375.jpg 600w, https:\/\/www.mundusmaris.org\/wp-content\/uploads\/2024\/04\/copertina_posts_scale.jpg 800w\" sizes=\"(min-width: 2200px) 100vw, (min-width: 784px) 373px, (min-width: 712px) 560px, (min-width: 640px) 712px, \" \/>\t\t\t<\/a>\n\t\t\t\t\t\t\t<\/div>\n<\/div><div class=\"fusion-meta-tb fusion-meta-tb-200 floated\" style=\"--awb-border-top:0px;--awb-height:36px;--awb-alignment-medium:flex-start;--awb-alignment-small:flex-start;\"><span class=\"fusion-tb-published-date\">Published On: 25. Oktober 2018<\/span><span class=\"fusion-meta-tb-sep\"><\/span><\/div><div class=\"fusion-title title fusion-title-200 fusion-sep-none fusion-title-text fusion-title-size-four\" style=\"--awb-margin-top:20px;--awb-margin-right:20px;--awb-margin-bottom:20px;--awb-margin-left:20px;--awb-margin-top-small:10px;--awb-margin-right-small:0px;--awb-margin-bottom-small:10px;--awb-margin-left-small:0px;--awb-font-size:24px;\"><h4 class=\"fusion-title-heading title-heading-left\" style=\"font-family:&quot;IBM Plex Sans Condensed&quot;;font-style:normal;font-weight:500;margin:0;font-size:1em;line-height:1.2;\"><a href=\"https:\/\/www.mundusmaris.org\/de\/meeresfruechte-die-wir-essen\/geniessen-sie-koestliche-und-nachhaltige-meeresfruechte-mit-mundus-maris-workshops\/\" class=\"awb-custom-text-color awb-custom-text-hover-color\" target=\"_self\">Genie\u00dfen Sie k\u00f6stliche und nachhaltige Meeresfr\u00fcchte mit Mundus Maris Workshops<\/a><\/h4><\/div><\/div><\/li>\n<li class=\"fusion-layout-column fusion_builder_column fusion-builder-column-202 fusion-flex-column post-card fusion-grid-column fusion-post-cards-grid-column\" style=\"--awb-bg-color:var(--awb-color1);--awb-bg-color-hover:var(--awb-color1);--awb-bg-blend:overlay;--awb-bg-size:cover;--awb-flex-grow:0;--awb-flex-shrink:0;--awb-flex-grow-medium:;--awb-flex-shrink-medium:;--awb-flex-grow-small:;--awb-flex-shrink-small:;\" data-scroll-devices=\"small-visibility,medium-visibility,large-visibility\"><div class=\"fusion-column-wrapper fusion-column-has-shadow fusion-flex-justify-content-space-around fusion-content-layout-column\"><div class=\"fusion-classic-product-image-wrapper fusion-woo-product-image fusion-post-card-image fusion-post-card-image-1 has-aspect-ratio\" data-layout=\"static\" style=\"--awb-aspect-ratio:3 \/ 2;\"><div  class=\"fusion-image-wrapper\" aria-haspopup=\"true\">\n\t\t\t\t\t\t\t<a href=\"https:\/\/www.mundusmaris.org\/de\/zwischen-tradition-und-modernitaet\/interview-mit-frau-khady-sarr-im-kleinfischereihafen-von-hann\/\" aria-label=\"Interview mit Frau Khady Sarr im Kleinfischereihafen von Hann\">\n\t\t\t\t\t\t\t<img decoding=\"async\" width=\"800\" height=\"500\" src=\"https:\/\/www.mundusmaris.org\/wp-content\/uploads\/2024\/04\/KhadySARR_03_800x500.jpg\" class=\"attachment-full size-full wp-post-image\" alt=\"\" srcset=\"https:\/\/www.mundusmaris.org\/wp-content\/uploads\/2024\/04\/KhadySARR_03_800x500-200x125.jpg 200w, https:\/\/www.mundusmaris.org\/wp-content\/uploads\/2024\/04\/KhadySARR_03_800x500-400x250.jpg 400w, https:\/\/www.mundusmaris.org\/wp-content\/uploads\/2024\/04\/KhadySARR_03_800x500-600x375.jpg 600w, https:\/\/www.mundusmaris.org\/wp-content\/uploads\/2024\/04\/KhadySARR_03_800x500.jpg 800w\" sizes=\"(min-width: 2200px) 100vw, (min-width: 784px) 373px, (min-width: 712px) 560px, (min-width: 640px) 712px, \" \/>\t\t\t<\/a>\n\t\t\t\t\t\t\t<\/div>\n<\/div><div class=\"fusion-meta-tb fusion-meta-tb-201 floated\" style=\"--awb-border-top:0px;--awb-height:36px;--awb-alignment-medium:flex-start;--awb-alignment-small:flex-start;\"><span class=\"fusion-tb-published-date\">Published On: 1. April 2018<\/span><span class=\"fusion-meta-tb-sep\"><\/span><\/div><div class=\"fusion-title title fusion-title-201 fusion-sep-none fusion-title-text fusion-title-size-four\" style=\"--awb-margin-top:20px;--awb-margin-right:20px;--awb-margin-bottom:20px;--awb-margin-left:20px;--awb-margin-top-small:10px;--awb-margin-right-small:0px;--awb-margin-bottom-small:10px;--awb-margin-left-small:0px;--awb-font-size:24px;\"><h4 class=\"fusion-title-heading title-heading-left\" style=\"font-family:&quot;IBM Plex Sans Condensed&quot;;font-style:normal;font-weight:500;margin:0;font-size:1em;line-height:1.2;\"><a href=\"https:\/\/www.mundusmaris.org\/de\/zwischen-tradition-und-modernitaet\/interview-mit-frau-khady-sarr-im-kleinfischereihafen-von-hann\/\" class=\"awb-custom-text-color awb-custom-text-hover-color\" target=\"_self\">Interview mit Frau Khady Sarr im Kleinfischereihafen von Hann<\/a><\/h4><\/div><\/div><\/li>\n<li class=\"fusion-layout-column fusion_builder_column fusion-builder-column-203 fusion-flex-column post-card fusion-grid-column fusion-post-cards-grid-column\" style=\"--awb-bg-color:var(--awb-color1);--awb-bg-color-hover:var(--awb-color1);--awb-bg-blend:overlay;--awb-bg-size:cover;--awb-flex-grow:0;--awb-flex-shrink:0;--awb-flex-grow-medium:;--awb-flex-shrink-medium:;--awb-flex-grow-small:;--awb-flex-shrink-small:;\" data-scroll-devices=\"small-visibility,medium-visibility,large-visibility\"><div class=\"fusion-column-wrapper fusion-column-has-shadow fusion-flex-justify-content-space-around fusion-content-layout-column\"><div class=\"fusion-classic-product-image-wrapper fusion-woo-product-image fusion-post-card-image fusion-post-card-image-1 has-aspect-ratio\" data-layout=\"static\" style=\"--awb-aspect-ratio:3 \/ 2;\"><div  class=\"fusion-image-wrapper\" aria-haspopup=\"true\">\n\t\t\t\t\t\t\t<a href=\"https:\/\/www.mundusmaris.org\/de\/zwischen-tradition-und-modernitaet\/what-the-women-in-fisheries-in-hann-are-saying\/\" aria-label=\"What the women in fisheries in Hann are saying\">\n\t\t\t\t\t\t\t<img decoding=\"async\" width=\"800\" height=\"500\" src=\"https:\/\/www.mundusmaris.org\/wp-content\/uploads\/2024\/04\/GIE_PARASE01_800x500.jpg\" class=\"attachment-full size-full wp-post-image\" alt=\"\" srcset=\"https:\/\/www.mundusmaris.org\/wp-content\/uploads\/2024\/04\/GIE_PARASE01_800x500-200x125.jpg 200w, https:\/\/www.mundusmaris.org\/wp-content\/uploads\/2024\/04\/GIE_PARASE01_800x500-400x250.jpg 400w, https:\/\/www.mundusmaris.org\/wp-content\/uploads\/2024\/04\/GIE_PARASE01_800x500-600x375.jpg 600w, https:\/\/www.mundusmaris.org\/wp-content\/uploads\/2024\/04\/GIE_PARASE01_800x500.jpg 800w\" sizes=\"(min-width: 2200px) 100vw, (min-width: 784px) 373px, (min-width: 712px) 560px, (min-width: 640px) 712px, \" \/>\t\t\t<\/a>\n\t\t\t\t\t\t\t<\/div>\n<\/div><div class=\"fusion-meta-tb fusion-meta-tb-202 floated\" style=\"--awb-border-top:0px;--awb-height:36px;--awb-alignment-medium:flex-start;--awb-alignment-small:flex-start;\"><span class=\"fusion-tb-published-date\">Published On: 1. April 2018<\/span><span class=\"fusion-meta-tb-sep\"><\/span><\/div><div class=\"fusion-title title fusion-title-202 fusion-sep-none fusion-title-text fusion-title-size-four\" style=\"--awb-margin-top:20px;--awb-margin-right:20px;--awb-margin-bottom:20px;--awb-margin-left:20px;--awb-margin-top-small:10px;--awb-margin-right-small:0px;--awb-margin-bottom-small:10px;--awb-margin-left-small:0px;--awb-font-size:24px;\"><h4 class=\"fusion-title-heading title-heading-left\" style=\"font-family:&quot;IBM Plex Sans Condensed&quot;;font-style:normal;font-weight:500;margin:0;font-size:1em;line-height:1.2;\"><a href=\"https:\/\/www.mundusmaris.org\/de\/zwischen-tradition-und-modernitaet\/what-the-women-in-fisheries-in-hann-are-saying\/\" class=\"awb-custom-text-color awb-custom-text-hover-color\" target=\"_self\">What the women in fisheries in Hann are saying<\/a><\/h4><\/div><\/div><\/li>\n<li class=\"fusion-layout-column fusion_builder_column fusion-builder-column-204 fusion-flex-column post-card fusion-grid-column fusion-post-cards-grid-column\" style=\"--awb-bg-color:var(--awb-color1);--awb-bg-color-hover:var(--awb-color1);--awb-bg-blend:overlay;--awb-bg-size:cover;--awb-flex-grow:0;--awb-flex-shrink:0;--awb-flex-grow-medium:;--awb-flex-shrink-medium:;--awb-flex-grow-small:;--awb-flex-shrink-small:;\" data-scroll-devices=\"small-visibility,medium-visibility,large-visibility\"><div class=\"fusion-column-wrapper fusion-column-has-shadow fusion-flex-justify-content-space-around fusion-content-layout-column\"><div class=\"fusion-classic-product-image-wrapper fusion-woo-product-image fusion-post-card-image fusion-post-card-image-1 has-aspect-ratio\" data-layout=\"static\" style=\"--awb-aspect-ratio:3 \/ 2;\"><div  class=\"fusion-image-wrapper\" aria-haspopup=\"true\">\n\t\t\t\t\t\t\t<a href=\"https:\/\/www.mundusmaris.org\/de\/filme\/film-screening-poisson-dor-son-africain\/\" aria-label=\"Filmvorf\u00fchrung: Poisson d&#8217;or, Poisson africain, von Thomas Grand und Moussa Diop\">\n\t\t\t\t\t\t\t<img decoding=\"async\" width=\"400\" height=\"300\" src=\"https:\/\/www.mundusmaris.org\/wp-content\/uploads\/2024\/09\/Debarquement01-1.jpg\" class=\"attachment-full size-full wp-post-image\" alt=\"\" srcset=\"https:\/\/www.mundusmaris.org\/wp-content\/uploads\/2024\/09\/Debarquement01-1-200x150.jpg 200w, https:\/\/www.mundusmaris.org\/wp-content\/uploads\/2024\/09\/Debarquement01-1.jpg 400w\" sizes=\"(min-width: 2200px) 100vw, (min-width: 784px) 373px, (min-width: 712px) 560px, (min-width: 640px) 712px, \" \/>\t\t\t<\/a>\n\t\t\t\t\t\t\t<\/div>\n<\/div><div class=\"fusion-meta-tb fusion-meta-tb-203 floated\" style=\"--awb-border-top:0px;--awb-height:36px;--awb-alignment-medium:flex-start;--awb-alignment-small:flex-start;\"><span class=\"fusion-tb-published-date\">Published On: 20. M\u00e4rz 2018<\/span><span class=\"fusion-meta-tb-sep\"><\/span><\/div><div class=\"fusion-title title fusion-title-203 fusion-sep-none fusion-title-text fusion-title-size-four\" style=\"--awb-margin-top:20px;--awb-margin-right:20px;--awb-margin-bottom:20px;--awb-margin-left:20px;--awb-margin-top-small:10px;--awb-margin-right-small:0px;--awb-margin-bottom-small:10px;--awb-margin-left-small:0px;--awb-font-size:24px;\"><h4 class=\"fusion-title-heading title-heading-left\" style=\"font-family:&quot;IBM Plex Sans Condensed&quot;;font-style:normal;font-weight:500;margin:0;font-size:1em;line-height:1.2;\"><a href=\"https:\/\/www.mundusmaris.org\/de\/filme\/film-screening-poisson-dor-son-africain\/\" class=\"awb-custom-text-color awb-custom-text-hover-color\" target=\"_self\">Filmvorf\u00fchrung: Poisson d&#8217;or, Poisson africain, von Thomas Grand und Moussa Diop<\/a><\/h4><\/div><\/div><\/li>\n<li class=\"fusion-layout-column fusion_builder_column fusion-builder-column-205 fusion-flex-column post-card fusion-grid-column fusion-post-cards-grid-column\" style=\"--awb-bg-color:var(--awb-color1);--awb-bg-color-hover:var(--awb-color1);--awb-bg-blend:overlay;--awb-bg-size:cover;--awb-flex-grow:0;--awb-flex-shrink:0;--awb-flex-grow-medium:;--awb-flex-shrink-medium:;--awb-flex-grow-small:;--awb-flex-shrink-small:;\" data-scroll-devices=\"small-visibility,medium-visibility,large-visibility\"><div class=\"fusion-column-wrapper fusion-column-has-shadow fusion-flex-justify-content-space-around fusion-content-layout-column\"><div class=\"fusion-classic-product-image-wrapper fusion-woo-product-image fusion-post-card-image fusion-post-card-image-1 has-aspect-ratio\" data-layout=\"static\" style=\"--awb-aspect-ratio:3 \/ 2;\"><div  class=\"fusion-image-wrapper\" aria-haspopup=\"true\">\n\t\t\t\t\t\t\t<a href=\"https:\/\/www.mundusmaris.org\/de\/aktivitaten\/okosystem-basierte-fischerei\/the-role-of-marine-ecosystems-in-the-lives-of-fishing-communities\/\" aria-label=\"The role of marine ecosystems in the lives of fishing communities\">\n\t\t\t\t\t\t\t<img decoding=\"async\" width=\"400\" height=\"300\" src=\"https:\/\/www.mundusmaris.org\/wp-content\/uploads\/2024\/10\/AliouOuverture.jpg\" class=\"attachment-full size-full wp-post-image\" alt=\"\" srcset=\"https:\/\/www.mundusmaris.org\/wp-content\/uploads\/2024\/10\/AliouOuverture-200x150.jpg 200w, https:\/\/www.mundusmaris.org\/wp-content\/uploads\/2024\/10\/AliouOuverture.jpg 400w\" sizes=\"(min-width: 2200px) 100vw, (min-width: 784px) 373px, (min-width: 712px) 560px, (min-width: 640px) 712px, \" \/>\t\t\t<\/a>\n\t\t\t\t\t\t\t<\/div>\n<\/div><div class=\"fusion-meta-tb fusion-meta-tb-204 floated\" style=\"--awb-border-top:0px;--awb-height:36px;--awb-alignment-medium:flex-start;--awb-alignment-small:flex-start;\"><span class=\"fusion-tb-published-date\">Published On: 18. M\u00e4rz 2018<\/span><span class=\"fusion-meta-tb-sep\"><\/span><\/div><div class=\"fusion-title title fusion-title-204 fusion-sep-none fusion-title-text fusion-title-size-four\" style=\"--awb-margin-top:20px;--awb-margin-right:20px;--awb-margin-bottom:20px;--awb-margin-left:20px;--awb-margin-top-small:10px;--awb-margin-right-small:0px;--awb-margin-bottom-small:10px;--awb-margin-left-small:0px;--awb-font-size:24px;\"><h4 class=\"fusion-title-heading title-heading-left\" style=\"font-family:&quot;IBM Plex Sans Condensed&quot;;font-style:normal;font-weight:500;margin:0;font-size:1em;line-height:1.2;\"><a href=\"https:\/\/www.mundusmaris.org\/de\/aktivitaten\/okosystem-basierte-fischerei\/the-role-of-marine-ecosystems-in-the-lives-of-fishing-communities\/\" class=\"awb-custom-text-color awb-custom-text-hover-color\" target=\"_self\">The role of marine ecosystems in the lives of fishing communities<\/a><\/h4><\/div><\/div><\/li>\n<li class=\"fusion-layout-column fusion_builder_column fusion-builder-column-206 fusion-flex-column post-card fusion-grid-column fusion-post-cards-grid-column\" style=\"--awb-bg-color:var(--awb-color1);--awb-bg-color-hover:var(--awb-color1);--awb-bg-blend:overlay;--awb-bg-size:cover;--awb-flex-grow:0;--awb-flex-shrink:0;--awb-flex-grow-medium:;--awb-flex-shrink-medium:;--awb-flex-grow-small:;--awb-flex-shrink-small:;\" data-scroll-devices=\"small-visibility,medium-visibility,large-visibility\"><div class=\"fusion-column-wrapper fusion-column-has-shadow fusion-flex-justify-content-space-around fusion-content-layout-column\"><div class=\"fusion-classic-product-image-wrapper fusion-woo-product-image fusion-post-card-image fusion-post-card-image-1 has-aspect-ratio\" data-layout=\"static\" style=\"--awb-aspect-ratio:3 \/ 2;\"><div  class=\"fusion-image-wrapper\" aria-haspopup=\"true\">\n\t\t\t\t\t\t\t<a href=\"https:\/\/www.mundusmaris.org\/de\/zwischen-tradition-und-modernitaet\/women-in-fisheries-interview-with-ms-ramatoulaye-barry-leader-of-a-group-of-women-fish-mongers-in-conakry\/\" aria-label=\"Women in fisheries: Interview with Ms Ramatoulaye Barry, leader of a group of women fish mongers in Conakry\">\n\t\t\t\t\t\t\t<img decoding=\"async\" width=\"800\" height=\"500\" src=\"https:\/\/www.mundusmaris.org\/wp-content\/uploads\/2024\/04\/Ramatoulaye_BarryCKY_800x500.jpg\" class=\"attachment-full size-full wp-post-image\" alt=\"\" srcset=\"https:\/\/www.mundusmaris.org\/wp-content\/uploads\/2024\/04\/Ramatoulaye_BarryCKY_800x500-200x125.jpg 200w, https:\/\/www.mundusmaris.org\/wp-content\/uploads\/2024\/04\/Ramatoulaye_BarryCKY_800x500-400x250.jpg 400w, https:\/\/www.mundusmaris.org\/wp-content\/uploads\/2024\/04\/Ramatoulaye_BarryCKY_800x500-600x375.jpg 600w, https:\/\/www.mundusmaris.org\/wp-content\/uploads\/2024\/04\/Ramatoulaye_BarryCKY_800x500.jpg 800w\" sizes=\"(min-width: 2200px) 100vw, (min-width: 784px) 373px, (min-width: 712px) 560px, (min-width: 640px) 712px, \" \/>\t\t\t<\/a>\n\t\t\t\t\t\t\t<\/div>\n<\/div><div class=\"fusion-meta-tb fusion-meta-tb-205 floated\" style=\"--awb-border-top:0px;--awb-height:36px;--awb-alignment-medium:flex-start;--awb-alignment-small:flex-start;\"><span class=\"fusion-tb-published-date\">Published On: 15. Februar 2018<\/span><span class=\"fusion-meta-tb-sep\"><\/span><\/div><div class=\"fusion-title title fusion-title-205 fusion-sep-none fusion-title-text fusion-title-size-four\" style=\"--awb-margin-top:20px;--awb-margin-right:20px;--awb-margin-bottom:20px;--awb-margin-left:20px;--awb-margin-top-small:10px;--awb-margin-right-small:0px;--awb-margin-bottom-small:10px;--awb-margin-left-small:0px;--awb-font-size:24px;\"><h4 class=\"fusion-title-heading title-heading-left\" style=\"font-family:&quot;IBM Plex Sans Condensed&quot;;font-style:normal;font-weight:500;margin:0;font-size:1em;line-height:1.2;\"><a href=\"https:\/\/www.mundusmaris.org\/de\/zwischen-tradition-und-modernitaet\/women-in-fisheries-interview-with-ms-ramatoulaye-barry-leader-of-a-group-of-women-fish-mongers-in-conakry\/\" class=\"awb-custom-text-color awb-custom-text-hover-color\" target=\"_self\">Women in fisheries: Interview with Ms Ramatoulaye Barry, leader of a group of women fish mongers in Conakry<\/a><\/h4><\/div><\/div><\/li>\n<li class=\"fusion-layout-column fusion_builder_column fusion-builder-column-207 fusion-flex-column post-card fusion-grid-column fusion-post-cards-grid-column\" style=\"--awb-bg-color:var(--awb-color1);--awb-bg-color-hover:var(--awb-color1);--awb-bg-blend:overlay;--awb-bg-size:cover;--awb-flex-grow:0;--awb-flex-shrink:0;--awb-flex-grow-medium:;--awb-flex-shrink-medium:;--awb-flex-grow-small:;--awb-flex-shrink-small:;\" data-scroll-devices=\"small-visibility,medium-visibility,large-visibility\"><div class=\"fusion-column-wrapper fusion-column-has-shadow fusion-flex-justify-content-space-around fusion-content-layout-column\"><div class=\"fusion-classic-product-image-wrapper fusion-woo-product-image fusion-post-card-image fusion-post-card-image-1 has-aspect-ratio\" data-layout=\"static\" style=\"--awb-aspect-ratio:3 \/ 2;\"><div  class=\"fusion-image-wrapper\" aria-haspopup=\"true\">\n\t\t\t\t\t\t\t<a href=\"https:\/\/www.mundusmaris.org\/de\/zwischen-tradition-und-modernitaet\/interview-mit-f-soumah-anfuehrer-von-kleinfischern\/\" aria-label=\"Interview mit F. Soumah, Anf\u00fchrer von Kleinfischern\">\n\t\t\t\t\t\t\t<img decoding=\"async\" width=\"800\" height=\"500\" src=\"https:\/\/www.mundusmaris.org\/wp-content\/uploads\/2024\/04\/FaneyawaSoumah_800x500.jpg\" class=\"attachment-full size-full wp-post-image\" alt=\"\" srcset=\"https:\/\/www.mundusmaris.org\/wp-content\/uploads\/2024\/04\/FaneyawaSoumah_800x500-200x125.jpg 200w, https:\/\/www.mundusmaris.org\/wp-content\/uploads\/2024\/04\/FaneyawaSoumah_800x500-400x250.jpg 400w, https:\/\/www.mundusmaris.org\/wp-content\/uploads\/2024\/04\/FaneyawaSoumah_800x500-600x375.jpg 600w, https:\/\/www.mundusmaris.org\/wp-content\/uploads\/2024\/04\/FaneyawaSoumah_800x500.jpg 800w\" sizes=\"(min-width: 2200px) 100vw, (min-width: 784px) 373px, (min-width: 712px) 560px, (min-width: 640px) 712px, \" \/>\t\t\t<\/a>\n\t\t\t\t\t\t\t<\/div>\n<\/div><div class=\"fusion-meta-tb fusion-meta-tb-206 floated\" style=\"--awb-border-top:0px;--awb-height:36px;--awb-alignment-medium:flex-start;--awb-alignment-small:flex-start;\"><span class=\"fusion-tb-published-date\">Published On: 14. Februar 2018<\/span><span class=\"fusion-meta-tb-sep\"><\/span><\/div><div class=\"fusion-title title fusion-title-206 fusion-sep-none fusion-title-text fusion-title-size-four\" style=\"--awb-margin-top:20px;--awb-margin-right:20px;--awb-margin-bottom:20px;--awb-margin-left:20px;--awb-margin-top-small:10px;--awb-margin-right-small:0px;--awb-margin-bottom-small:10px;--awb-margin-left-small:0px;--awb-font-size:24px;\"><h4 class=\"fusion-title-heading title-heading-left\" style=\"font-family:&quot;IBM Plex Sans Condensed&quot;;font-style:normal;font-weight:500;margin:0;font-size:1em;line-height:1.2;\"><a href=\"https:\/\/www.mundusmaris.org\/de\/zwischen-tradition-und-modernitaet\/interview-mit-f-soumah-anfuehrer-von-kleinfischern\/\" class=\"awb-custom-text-color awb-custom-text-hover-color\" target=\"_self\">Interview mit F. Soumah, Anf\u00fchrer von Kleinfischern<\/a><\/h4><\/div><\/div><\/li>\n<li class=\"fusion-layout-column fusion_builder_column fusion-builder-column-208 fusion-flex-column post-card fusion-grid-column fusion-post-cards-grid-column\" style=\"--awb-bg-color:var(--awb-color1);--awb-bg-color-hover:var(--awb-color1);--awb-bg-blend:overlay;--awb-bg-size:cover;--awb-flex-grow:0;--awb-flex-shrink:0;--awb-flex-grow-medium:;--awb-flex-shrink-medium:;--awb-flex-grow-small:;--awb-flex-shrink-small:;\" data-scroll-devices=\"small-visibility,medium-visibility,large-visibility\"><div class=\"fusion-column-wrapper fusion-column-has-shadow fusion-flex-justify-content-space-around fusion-content-layout-column\"><div class=\"fusion-classic-product-image-wrapper fusion-woo-product-image fusion-post-card-image fusion-post-card-image-1 has-aspect-ratio\" data-layout=\"static\" style=\"--awb-aspect-ratio:3 \/ 2;\"><div  class=\"fusion-image-wrapper\" aria-haspopup=\"true\">\n\t\t\t\t\t\t\t<a href=\"https:\/\/www.mundusmaris.org\/de\/zwischen-tradition-und-modernitaet\/a-detour-in-the-boulbinet-artisanal-fishing-port-in-conakry-guinea\/\" aria-label=\"A detour in the Boulbinet artisanal fishing port in Conakry, Guinea\">\n\t\t\t\t\t\t\t<img decoding=\"async\" width=\"800\" height=\"500\" src=\"https:\/\/www.mundusmaris.org\/wp-content\/uploads\/2024\/04\/copertina_posts_boulbinet_800x500.jpg\" class=\"attachment-full size-full wp-post-image\" alt=\"\" srcset=\"https:\/\/www.mundusmaris.org\/wp-content\/uploads\/2024\/04\/copertina_posts_boulbinet_800x500-200x125.jpg 200w, https:\/\/www.mundusmaris.org\/wp-content\/uploads\/2024\/04\/copertina_posts_boulbinet_800x500-400x250.jpg 400w, https:\/\/www.mundusmaris.org\/wp-content\/uploads\/2024\/04\/copertina_posts_boulbinet_800x500-600x375.jpg 600w, https:\/\/www.mundusmaris.org\/wp-content\/uploads\/2024\/04\/copertina_posts_boulbinet_800x500.jpg 800w\" sizes=\"(min-width: 2200px) 100vw, (min-width: 784px) 373px, (min-width: 712px) 560px, (min-width: 640px) 712px, \" \/>\t\t\t<\/a>\n\t\t\t\t\t\t\t<\/div>\n<\/div><div class=\"fusion-meta-tb fusion-meta-tb-207 floated\" style=\"--awb-border-top:0px;--awb-height:36px;--awb-alignment-medium:flex-start;--awb-alignment-small:flex-start;\"><span class=\"fusion-tb-published-date\">Published On: 14. Februar 2018<\/span><span class=\"fusion-meta-tb-sep\"><\/span><\/div><div class=\"fusion-title title fusion-title-207 fusion-sep-none fusion-title-text fusion-title-size-four\" style=\"--awb-margin-top:20px;--awb-margin-right:20px;--awb-margin-bottom:20px;--awb-margin-left:20px;--awb-margin-top-small:10px;--awb-margin-right-small:0px;--awb-margin-bottom-small:10px;--awb-margin-left-small:0px;--awb-font-size:24px;\"><h4 class=\"fusion-title-heading title-heading-left\" style=\"font-family:&quot;IBM Plex Sans Condensed&quot;;font-style:normal;font-weight:500;margin:0;font-size:1em;line-height:1.2;\"><a href=\"https:\/\/www.mundusmaris.org\/de\/zwischen-tradition-und-modernitaet\/a-detour-in-the-boulbinet-artisanal-fishing-port-in-conakry-guinea\/\" class=\"awb-custom-text-color awb-custom-text-hover-color\" target=\"_self\">A detour in the Boulbinet artisanal fishing port in Conakry, Guinea<\/a><\/h4><\/div><\/div><\/li>\n<li class=\"fusion-layout-column fusion_builder_column fusion-builder-column-209 fusion-flex-column post-card fusion-grid-column fusion-post-cards-grid-column\" style=\"--awb-bg-color:var(--awb-color1);--awb-bg-color-hover:var(--awb-color1);--awb-bg-blend:overlay;--awb-bg-size:cover;--awb-flex-grow:0;--awb-flex-shrink:0;--awb-flex-grow-medium:;--awb-flex-shrink-medium:;--awb-flex-grow-small:;--awb-flex-shrink-small:;\" data-scroll-devices=\"small-visibility,medium-visibility,large-visibility\"><div class=\"fusion-column-wrapper fusion-column-has-shadow fusion-flex-justify-content-space-around fusion-content-layout-column\"><div class=\"fusion-classic-product-image-wrapper fusion-woo-product-image fusion-post-card-image fusion-post-card-image-1 has-aspect-ratio\" data-layout=\"static\" style=\"--awb-aspect-ratio:3 \/ 2;\"><div  class=\"fusion-image-wrapper\" aria-haspopup=\"true\">\n\t\t\t\t\t\t\t<a href=\"https:\/\/www.mundusmaris.org\/de\/ausstellungen\/kunstobjekte-geschaffen-von-kriegsgefangenen-waehrend-der-napoleonischen-kriege\/\" aria-label=\"Kunstobjekte geschaffen von Kriegsgefangenen w\u00e4hrend der Napoleonischen Kriege\">\n\t\t\t\t\t\t\t<img decoding=\"async\" width=\"800\" height=\"500\" src=\"https:\/\/www.mundusmaris.org\/wp-content\/uploads\/2024\/03\/05_BritWarship_800x500.jpg\" class=\"attachment-full size-full wp-post-image\" alt=\"\" srcset=\"https:\/\/www.mundusmaris.org\/wp-content\/uploads\/2024\/03\/05_BritWarship_800x500-200x125.jpg 200w, https:\/\/www.mundusmaris.org\/wp-content\/uploads\/2024\/03\/05_BritWarship_800x500-400x250.jpg 400w, https:\/\/www.mundusmaris.org\/wp-content\/uploads\/2024\/03\/05_BritWarship_800x500-600x375.jpg 600w, https:\/\/www.mundusmaris.org\/wp-content\/uploads\/2024\/03\/05_BritWarship_800x500.jpg 800w\" sizes=\"(min-width: 2200px) 100vw, (min-width: 784px) 373px, (min-width: 712px) 560px, (min-width: 640px) 712px, \" \/>\t\t\t<\/a>\n\t\t\t\t\t\t\t<\/div>\n<\/div><div class=\"fusion-meta-tb fusion-meta-tb-208 floated\" style=\"--awb-border-top:0px;--awb-height:36px;--awb-alignment-medium:flex-start;--awb-alignment-small:flex-start;\"><span class=\"fusion-tb-published-date\">Published On: 25. Oktober 2017<\/span><span class=\"fusion-meta-tb-sep\"><\/span><\/div><div class=\"fusion-title title fusion-title-208 fusion-sep-none fusion-title-text fusion-title-size-four\" style=\"--awb-margin-top:20px;--awb-margin-right:20px;--awb-margin-bottom:20px;--awb-margin-left:20px;--awb-margin-top-small:10px;--awb-margin-right-small:0px;--awb-margin-bottom-small:10px;--awb-margin-left-small:0px;--awb-font-size:24px;\"><h4 class=\"fusion-title-heading title-heading-left\" style=\"font-family:&quot;IBM Plex Sans Condensed&quot;;font-style:normal;font-weight:500;margin:0;font-size:1em;line-height:1.2;\"><a href=\"https:\/\/www.mundusmaris.org\/de\/ausstellungen\/kunstobjekte-geschaffen-von-kriegsgefangenen-waehrend-der-napoleonischen-kriege\/\" class=\"awb-custom-text-color awb-custom-text-hover-color\" target=\"_self\">Kunstobjekte geschaffen von Kriegsgefangenen w\u00e4hrend der Napoleonischen Kriege<\/a><\/h4><\/div><\/div><\/li>\n<li class=\"fusion-layout-column fusion_builder_column fusion-builder-column-210 fusion-flex-column post-card fusion-grid-column fusion-post-cards-grid-column\" style=\"--awb-bg-color:var(--awb-color1);--awb-bg-color-hover:var(--awb-color1);--awb-bg-blend:overlay;--awb-bg-size:cover;--awb-flex-grow:0;--awb-flex-shrink:0;--awb-flex-grow-medium:;--awb-flex-shrink-medium:;--awb-flex-grow-small:;--awb-flex-shrink-small:;\" data-scroll-devices=\"small-visibility,medium-visibility,large-visibility\"><div class=\"fusion-column-wrapper fusion-column-has-shadow fusion-flex-justify-content-space-around fusion-content-layout-column\"><div class=\"fusion-classic-product-image-wrapper fusion-woo-product-image fusion-post-card-image fusion-post-card-image-1 has-aspect-ratio\" data-layout=\"static\" style=\"--awb-aspect-ratio:3 \/ 2;\"><div  class=\"fusion-image-wrapper\" aria-haspopup=\"true\">\n\t\t\t\t\t\t\t<a href=\"https:\/\/www.mundusmaris.org\/de\/ausstellungen\/bryggens-wharf-and-warehouses-a-unesco-world-heritage-centre\/\" aria-label=\"Bryggen&#8217;s wharf and warehouses, a UNESCO World Heritage Centre\">\n\t\t\t\t\t\t\t<img decoding=\"async\" width=\"800\" height=\"500\" src=\"https:\/\/www.mundusmaris.org\/wp-content\/uploads\/2024\/03\/Bryggen_World-HeritageSite_800x500.jpg\" class=\"attachment-full size-full wp-post-image\" alt=\"\" srcset=\"https:\/\/www.mundusmaris.org\/wp-content\/uploads\/2024\/03\/Bryggen_World-HeritageSite_800x500-200x125.jpg 200w, https:\/\/www.mundusmaris.org\/wp-content\/uploads\/2024\/03\/Bryggen_World-HeritageSite_800x500-400x250.jpg 400w, https:\/\/www.mundusmaris.org\/wp-content\/uploads\/2024\/03\/Bryggen_World-HeritageSite_800x500-600x375.jpg 600w, https:\/\/www.mundusmaris.org\/wp-content\/uploads\/2024\/03\/Bryggen_World-HeritageSite_800x500.jpg 800w\" sizes=\"(min-width: 2200px) 100vw, (min-width: 784px) 373px, (min-width: 712px) 560px, (min-width: 640px) 712px, \" \/>\t\t\t<\/a>\n\t\t\t\t\t\t\t<\/div>\n<\/div><div class=\"fusion-meta-tb fusion-meta-tb-209 floated\" style=\"--awb-border-top:0px;--awb-height:36px;--awb-alignment-medium:flex-start;--awb-alignment-small:flex-start;\"><span class=\"fusion-tb-published-date\">Published On: 27. August 2017<\/span><span class=\"fusion-meta-tb-sep\"><\/span><\/div><div class=\"fusion-title title fusion-title-209 fusion-sep-none fusion-title-text fusion-title-size-four\" style=\"--awb-margin-top:20px;--awb-margin-right:20px;--awb-margin-bottom:20px;--awb-margin-left:20px;--awb-margin-top-small:10px;--awb-margin-right-small:0px;--awb-margin-bottom-small:10px;--awb-margin-left-small:0px;--awb-font-size:24px;\"><h4 class=\"fusion-title-heading title-heading-left\" style=\"font-family:&quot;IBM Plex Sans Condensed&quot;;font-style:normal;font-weight:500;margin:0;font-size:1em;line-height:1.2;\"><a href=\"https:\/\/www.mundusmaris.org\/de\/ausstellungen\/bryggens-wharf-and-warehouses-a-unesco-world-heritage-centre\/\" class=\"awb-custom-text-color awb-custom-text-hover-color\" target=\"_self\">Bryggen&#8217;s wharf and warehouses, a UNESCO World Heritage Centre<\/a><\/h4><\/div><\/div><\/li>\n<li class=\"fusion-layout-column fusion_builder_column fusion-builder-column-211 fusion-flex-column post-card fusion-grid-column fusion-post-cards-grid-column\" style=\"--awb-bg-color:var(--awb-color1);--awb-bg-color-hover:var(--awb-color1);--awb-bg-blend:overlay;--awb-bg-size:cover;--awb-flex-grow:0;--awb-flex-shrink:0;--awb-flex-grow-medium:;--awb-flex-shrink-medium:;--awb-flex-grow-small:;--awb-flex-shrink-small:;\" data-scroll-devices=\"small-visibility,medium-visibility,large-visibility\"><div class=\"fusion-column-wrapper fusion-column-has-shadow fusion-flex-justify-content-space-around fusion-content-layout-column\"><div class=\"fusion-classic-product-image-wrapper fusion-woo-product-image fusion-post-card-image fusion-post-card-image-1 has-aspect-ratio\" data-layout=\"static\" style=\"--awb-aspect-ratio:3 \/ 2;\"><div  class=\"fusion-image-wrapper\" aria-haspopup=\"true\">\n\t\t\t\t\t\t\t<a href=\"\" aria-label=\"documenta 14 &#8211; die planetarische Tragweite der zeitgen\u00f6ssischen Kunst\">\n\t\t\t\t\t\t\t\t\t\t<div class=\"fusion-placeholder-image\" data-origheight=\"150\" data-origwidth=\"100%\" style=\"width:100%;aspect-ratio:3 \/ 2;\"><\/div>\n\t\t\t\t\t<\/a>\n\t\t\t\t\t\t\t<\/div>\n<\/div><div class=\"fusion-meta-tb fusion-meta-tb-210 floated\" style=\"--awb-border-top:0px;--awb-height:36px;--awb-alignment-medium:flex-start;--awb-alignment-small:flex-start;\"><span class=\"fusion-tb-published-date\">Published On: 27. Juli 2017<\/span><span class=\"fusion-meta-tb-sep\"><\/span><\/div><div class=\"fusion-title title fusion-title-210 fusion-sep-none fusion-title-text fusion-title-size-four\" style=\"--awb-margin-top:20px;--awb-margin-right:20px;--awb-margin-bottom:20px;--awb-margin-left:20px;--awb-margin-top-small:10px;--awb-margin-right-small:0px;--awb-margin-bottom-small:10px;--awb-margin-left-small:0px;--awb-font-size:24px;\"><h4 class=\"fusion-title-heading title-heading-left\" style=\"font-family:&quot;IBM Plex Sans Condensed&quot;;font-style:normal;font-weight:500;margin:0;font-size:1em;line-height:1.2;\"><a href=\"https:\/\/www.mundusmaris.org\/de\/ausstellungen\/documenta-14-die-planetarische-tragweite-der-zeitgenoessischen-kunst\/\" class=\"awb-custom-text-color awb-custom-text-hover-color\" target=\"_self\">documenta 14 &#8211; die planetarische Tragweite der zeitgen\u00f6ssischen Kunst<\/a><\/h4><\/div><\/div><\/li>\n<li class=\"fusion-layout-column fusion_builder_column fusion-builder-column-212 fusion-flex-column post-card fusion-grid-column fusion-post-cards-grid-column\" style=\"--awb-bg-color:var(--awb-color1);--awb-bg-color-hover:var(--awb-color1);--awb-bg-blend:overlay;--awb-bg-size:cover;--awb-flex-grow:0;--awb-flex-shrink:0;--awb-flex-grow-medium:;--awb-flex-shrink-medium:;--awb-flex-grow-small:;--awb-flex-shrink-small:;\" data-scroll-devices=\"small-visibility,medium-visibility,large-visibility\"><div class=\"fusion-column-wrapper fusion-column-has-shadow fusion-flex-justify-content-space-around fusion-content-layout-column\"><div class=\"fusion-classic-product-image-wrapper fusion-woo-product-image fusion-post-card-image fusion-post-card-image-1 has-aspect-ratio\" data-layout=\"static\" style=\"--awb-aspect-ratio:3 \/ 2;\"><div  class=\"fusion-image-wrapper\" aria-haspopup=\"true\">\n\t\t\t\t\t\t\t<a href=\"https:\/\/www.mundusmaris.org\/de\/filme\/cry-sea-the-way-senegalese-fishermen-are-loosing-their-livelihoods\/\" aria-label=\"Cry Sea: The way Senegalese fishermen are loosing their livelihoods\">\n\t\t\t\t\t\t\t<img decoding=\"async\" width=\"500\" height=\"284\" src=\"https:\/\/www.mundusmaris.org\/wp-content\/uploads\/2017\/02\/crysea_pic1.jpg\" class=\"attachment-full size-full wp-post-image\" alt=\"\" srcset=\"https:\/\/www.mundusmaris.org\/wp-content\/uploads\/2017\/02\/crysea_pic1-200x114.jpg 200w, https:\/\/www.mundusmaris.org\/wp-content\/uploads\/2017\/02\/crysea_pic1-400x227.jpg 400w, https:\/\/www.mundusmaris.org\/wp-content\/uploads\/2017\/02\/crysea_pic1.jpg 500w\" sizes=\"(min-width: 2200px) 100vw, (min-width: 784px) 373px, (min-width: 712px) 560px, (min-width: 640px) 712px, \" \/>\t\t\t<\/a>\n\t\t\t\t\t\t\t<\/div>\n<\/div><div class=\"fusion-meta-tb fusion-meta-tb-211 floated\" style=\"--awb-border-top:0px;--awb-height:36px;--awb-alignment-medium:flex-start;--awb-alignment-small:flex-start;\"><span class=\"fusion-tb-published-date\">Published On: 28. Februar 2017<\/span><span class=\"fusion-meta-tb-sep\"><\/span><\/div><div class=\"fusion-title title fusion-title-211 fusion-sep-none fusion-title-text fusion-title-size-four\" style=\"--awb-margin-top:20px;--awb-margin-right:20px;--awb-margin-bottom:20px;--awb-margin-left:20px;--awb-margin-top-small:10px;--awb-margin-right-small:0px;--awb-margin-bottom-small:10px;--awb-margin-left-small:0px;--awb-font-size:24px;\"><h4 class=\"fusion-title-heading title-heading-left\" style=\"font-family:&quot;IBM Plex Sans Condensed&quot;;font-style:normal;font-weight:500;margin:0;font-size:1em;line-height:1.2;\"><a href=\"https:\/\/www.mundusmaris.org\/de\/filme\/cry-sea-the-way-senegalese-fishermen-are-loosing-their-livelihoods\/\" class=\"awb-custom-text-color awb-custom-text-hover-color\" target=\"_self\">Cry Sea: The way Senegalese fishermen are loosing their livelihoods<\/a><\/h4><\/div><\/div><\/li>\n<li class=\"fusion-layout-column fusion_builder_column fusion-builder-column-213 fusion-flex-column post-card fusion-grid-column fusion-post-cards-grid-column\" style=\"--awb-bg-color:var(--awb-color1);--awb-bg-color-hover:var(--awb-color1);--awb-bg-blend:overlay;--awb-bg-size:cover;--awb-flex-grow:0;--awb-flex-shrink:0;--awb-flex-grow-medium:;--awb-flex-shrink-medium:;--awb-flex-grow-small:;--awb-flex-shrink-small:;\" data-scroll-devices=\"small-visibility,medium-visibility,large-visibility\"><div class=\"fusion-column-wrapper fusion-column-has-shadow fusion-flex-justify-content-space-around fusion-content-layout-column\"><div class=\"fusion-classic-product-image-wrapper fusion-woo-product-image fusion-post-card-image fusion-post-card-image-1 has-aspect-ratio\" data-layout=\"static\" style=\"--awb-aspect-ratio:3 \/ 2;\"><div  class=\"fusion-image-wrapper\" aria-haspopup=\"true\">\n\t\t\t\t\t\t\t<a href=\"https:\/\/www.mundusmaris.org\/de\/ausstellungen\/blown-glass-models-of-marine-organisms-blaschka-father-and-son\/\" aria-label=\"Blown glass models of marine organisms &#8211; Blaschka father and son\">\n\t\t\t\t\t\t\t<img decoding=\"async\" width=\"800\" height=\"500\" src=\"https:\/\/www.mundusmaris.org\/wp-content\/uploads\/2024\/03\/blaschka-octopus_copertina.jpg\" class=\"attachment-full size-full wp-post-image\" alt=\"\" srcset=\"https:\/\/www.mundusmaris.org\/wp-content\/uploads\/2024\/03\/blaschka-octopus_copertina-200x125.jpg 200w, https:\/\/www.mundusmaris.org\/wp-content\/uploads\/2024\/03\/blaschka-octopus_copertina-400x250.jpg 400w, https:\/\/www.mundusmaris.org\/wp-content\/uploads\/2024\/03\/blaschka-octopus_copertina-600x375.jpg 600w, https:\/\/www.mundusmaris.org\/wp-content\/uploads\/2024\/03\/blaschka-octopus_copertina.jpg 800w\" sizes=\"(min-width: 2200px) 100vw, (min-width: 784px) 373px, (min-width: 712px) 560px, (min-width: 640px) 712px, \" \/>\t\t\t<\/a>\n\t\t\t\t\t\t\t<\/div>\n<\/div><div class=\"fusion-meta-tb fusion-meta-tb-212 floated\" style=\"--awb-border-top:0px;--awb-height:36px;--awb-alignment-medium:flex-start;--awb-alignment-small:flex-start;\"><span class=\"fusion-tb-published-date\">Published On: 25. Februar 2017<\/span><span class=\"fusion-meta-tb-sep\"><\/span><\/div><div class=\"fusion-title title fusion-title-212 fusion-sep-none fusion-title-text fusion-title-size-four\" style=\"--awb-margin-top:20px;--awb-margin-right:20px;--awb-margin-bottom:20px;--awb-margin-left:20px;--awb-margin-top-small:10px;--awb-margin-right-small:0px;--awb-margin-bottom-small:10px;--awb-margin-left-small:0px;--awb-font-size:24px;\"><h4 class=\"fusion-title-heading title-heading-left\" style=\"font-family:&quot;IBM Plex Sans Condensed&quot;;font-style:normal;font-weight:500;margin:0;font-size:1em;line-height:1.2;\"><a href=\"https:\/\/www.mundusmaris.org\/de\/ausstellungen\/blown-glass-models-of-marine-organisms-blaschka-father-and-son\/\" class=\"awb-custom-text-color awb-custom-text-hover-color\" target=\"_self\">Blown glass models of marine organisms &#8211; Blaschka father and son<\/a><\/h4><\/div><\/div><\/li>\n<li class=\"fusion-layout-column fusion_builder_column fusion-builder-column-214 fusion-flex-column post-card fusion-grid-column fusion-post-cards-grid-column\" style=\"--awb-bg-color:var(--awb-color1);--awb-bg-color-hover:var(--awb-color1);--awb-bg-blend:overlay;--awb-bg-size:cover;--awb-flex-grow:0;--awb-flex-shrink:0;--awb-flex-grow-medium:;--awb-flex-shrink-medium:;--awb-flex-grow-small:;--awb-flex-shrink-small:;\" data-scroll-devices=\"small-visibility,medium-visibility,large-visibility\"><div class=\"fusion-column-wrapper fusion-column-has-shadow fusion-flex-justify-content-space-around fusion-content-layout-column\"><div class=\"fusion-classic-product-image-wrapper fusion-woo-product-image fusion-post-card-image fusion-post-card-image-1 has-aspect-ratio\" data-layout=\"static\" style=\"--awb-aspect-ratio:3 \/ 2;\"><div  class=\"fusion-image-wrapper\" aria-haspopup=\"true\">\n\t\t\t\t\t\t\t<a href=\"https:\/\/www.mundusmaris.org\/de\/ausstellungen\/jason-decaires-taylor-underwater-sculptures-to-draw-attention-to-the-relationship-with-nature-through-art\/\" aria-label=\"Jason deCaires Taylor: underwater sculptures to draw attention to the relationship with nature through art.\">\n\t\t\t\t\t\t\t<img decoding=\"async\" width=\"800\" height=\"500\" src=\"https:\/\/www.mundusmaris.org\/wp-content\/uploads\/2024\/03\/environment-1jdecaires_blog.jpg\" class=\"attachment-full size-full wp-post-image\" alt=\"\" srcset=\"https:\/\/www.mundusmaris.org\/wp-content\/uploads\/2024\/03\/environment-1jdecaires_blog-200x125.jpg 200w, https:\/\/www.mundusmaris.org\/wp-content\/uploads\/2024\/03\/environment-1jdecaires_blog-400x250.jpg 400w, https:\/\/www.mundusmaris.org\/wp-content\/uploads\/2024\/03\/environment-1jdecaires_blog-600x375.jpg 600w, https:\/\/www.mundusmaris.org\/wp-content\/uploads\/2024\/03\/environment-1jdecaires_blog.jpg 800w\" sizes=\"(min-width: 2200px) 100vw, (min-width: 784px) 373px, (min-width: 712px) 560px, (min-width: 640px) 712px, \" \/>\t\t\t<\/a>\n\t\t\t\t\t\t\t<\/div>\n<\/div><div class=\"fusion-meta-tb fusion-meta-tb-213 floated\" style=\"--awb-border-top:0px;--awb-height:36px;--awb-alignment-medium:flex-start;--awb-alignment-small:flex-start;\"><span class=\"fusion-tb-published-date\">Published On: 20. Februar 2017<\/span><span class=\"fusion-meta-tb-sep\"><\/span><\/div><div class=\"fusion-title title fusion-title-213 fusion-sep-none fusion-title-text fusion-title-size-four\" style=\"--awb-margin-top:20px;--awb-margin-right:20px;--awb-margin-bottom:20px;--awb-margin-left:20px;--awb-margin-top-small:10px;--awb-margin-right-small:0px;--awb-margin-bottom-small:10px;--awb-margin-left-small:0px;--awb-font-size:24px;\"><h4 class=\"fusion-title-heading title-heading-left\" style=\"font-family:&quot;IBM Plex Sans Condensed&quot;;font-style:normal;font-weight:500;margin:0;font-size:1em;line-height:1.2;\"><a href=\"https:\/\/www.mundusmaris.org\/de\/ausstellungen\/jason-decaires-taylor-underwater-sculptures-to-draw-attention-to-the-relationship-with-nature-through-art\/\" class=\"awb-custom-text-color awb-custom-text-hover-color\" target=\"_self\">Jason deCaires Taylor: underwater sculptures to draw attention to the relationship with nature through art.<\/a><\/h4><\/div><\/div><\/li>\n<li class=\"fusion-layout-column fusion_builder_column fusion-builder-column-215 fusion-flex-column post-card fusion-grid-column fusion-post-cards-grid-column\" style=\"--awb-bg-color:var(--awb-color1);--awb-bg-color-hover:var(--awb-color1);--awb-bg-blend:overlay;--awb-bg-size:cover;--awb-flex-grow:0;--awb-flex-shrink:0;--awb-flex-grow-medium:;--awb-flex-shrink-medium:;--awb-flex-grow-small:;--awb-flex-shrink-small:;\" data-scroll-devices=\"small-visibility,medium-visibility,large-visibility\"><div class=\"fusion-column-wrapper fusion-column-has-shadow fusion-flex-justify-content-space-around fusion-content-layout-column\"><div class=\"fusion-classic-product-image-wrapper fusion-woo-product-image fusion-post-card-image fusion-post-card-image-1 has-aspect-ratio\" data-layout=\"static\" style=\"--awb-aspect-ratio:3 \/ 2;\"><div  class=\"fusion-image-wrapper\" aria-haspopup=\"true\">\n\t\t\t\t\t\t\t<a href=\"https:\/\/www.mundusmaris.org\/de\/ausstellungen\/zur-nachahmung-empfohlen\/\" aria-label=\"Zur Nachahmung empfohlen!\">\n\t\t\t\t\t\t\t<img decoding=\"async\" width=\"800\" height=\"500\" src=\"https:\/\/www.mundusmaris.org\/wp-content\/uploads\/2022\/03\/examplescover1.jpg\" class=\"attachment-full size-full wp-post-image\" alt=\"\" srcset=\"https:\/\/www.mundusmaris.org\/wp-content\/uploads\/2022\/03\/examplescover1-200x125.jpg 200w, https:\/\/www.mundusmaris.org\/wp-content\/uploads\/2022\/03\/examplescover1-400x250.jpg 400w, https:\/\/www.mundusmaris.org\/wp-content\/uploads\/2022\/03\/examplescover1-600x375.jpg 600w, https:\/\/www.mundusmaris.org\/wp-content\/uploads\/2022\/03\/examplescover1.jpg 800w\" sizes=\"(min-width: 2200px) 100vw, (min-width: 784px) 373px, (min-width: 712px) 560px, (min-width: 640px) 712px, \" \/>\t\t\t<\/a>\n\t\t\t\t\t\t\t<\/div>\n<\/div><div class=\"fusion-meta-tb fusion-meta-tb-214 floated\" style=\"--awb-border-top:0px;--awb-height:36px;--awb-alignment-medium:flex-start;--awb-alignment-small:flex-start;\"><span class=\"fusion-tb-published-date\">Published On: 19. Februar 2017<\/span><span class=\"fusion-meta-tb-sep\"><\/span><\/div><div class=\"fusion-title title fusion-title-214 fusion-sep-none fusion-title-text fusion-title-size-four\" style=\"--awb-margin-top:20px;--awb-margin-right:20px;--awb-margin-bottom:20px;--awb-margin-left:20px;--awb-margin-top-small:10px;--awb-margin-right-small:0px;--awb-margin-bottom-small:10px;--awb-margin-left-small:0px;--awb-font-size:24px;\"><h4 class=\"fusion-title-heading title-heading-left\" style=\"font-family:&quot;IBM Plex Sans Condensed&quot;;font-style:normal;font-weight:500;margin:0;font-size:1em;line-height:1.2;\"><a href=\"https:\/\/www.mundusmaris.org\/de\/ausstellungen\/zur-nachahmung-empfohlen\/\" class=\"awb-custom-text-color awb-custom-text-hover-color\" target=\"_self\">Zur Nachahmung empfohlen!<\/a><\/h4><\/div><\/div><\/li>\n<li class=\"fusion-layout-column fusion_builder_column fusion-builder-column-216 fusion-flex-column post-card fusion-grid-column fusion-post-cards-grid-column\" style=\"--awb-bg-color:var(--awb-color1);--awb-bg-color-hover:var(--awb-color1);--awb-bg-blend:overlay;--awb-bg-size:cover;--awb-flex-grow:0;--awb-flex-shrink:0;--awb-flex-grow-medium:;--awb-flex-shrink-medium:;--awb-flex-grow-small:;--awb-flex-shrink-small:;\" data-scroll-devices=\"small-visibility,medium-visibility,large-visibility\"><div class=\"fusion-column-wrapper fusion-column-has-shadow fusion-flex-justify-content-space-around fusion-content-layout-column\"><div class=\"fusion-classic-product-image-wrapper fusion-woo-product-image fusion-post-card-image fusion-post-card-image-1 has-aspect-ratio\" data-layout=\"static\" style=\"--awb-aspect-ratio:3 \/ 2;\"><div  class=\"fusion-image-wrapper\" aria-haspopup=\"true\">\n\t\t\t\t\t\t\t<a href=\"https:\/\/www.mundusmaris.org\/de\/filme\/fishermens-film-festival-in-lorient-france\/\" aria-label=\"Fishermen&#8217;s film festival in Lorient, France\">\n\t\t\t\t\t\t\t<img decoding=\"async\" width=\"500\" height=\"324\" src=\"https:\/\/www.mundusmaris.org\/wp-content\/uploads\/2016\/03\/PecheursMondePreview.jpg\" class=\"attachment-full size-full wp-post-image\" alt=\"\" srcset=\"https:\/\/www.mundusmaris.org\/wp-content\/uploads\/2016\/03\/PecheursMondePreview-200x130.jpg 200w, https:\/\/www.mundusmaris.org\/wp-content\/uploads\/2016\/03\/PecheursMondePreview-400x259.jpg 400w, https:\/\/www.mundusmaris.org\/wp-content\/uploads\/2016\/03\/PecheursMondePreview.jpg 500w\" sizes=\"(min-width: 2200px) 100vw, (min-width: 784px) 373px, (min-width: 712px) 560px, (min-width: 640px) 712px, \" \/>\t\t\t<\/a>\n\t\t\t\t\t\t\t<\/div>\n<\/div><div class=\"fusion-meta-tb fusion-meta-tb-215 floated\" style=\"--awb-border-top:0px;--awb-height:36px;--awb-alignment-medium:flex-start;--awb-alignment-small:flex-start;\"><span class=\"fusion-tb-published-date\">Published On: 22. M\u00e4rz 2016<\/span><span class=\"fusion-meta-tb-sep\"><\/span><\/div><div class=\"fusion-title title fusion-title-215 fusion-sep-none fusion-title-text fusion-title-size-four\" style=\"--awb-margin-top:20px;--awb-margin-right:20px;--awb-margin-bottom:20px;--awb-margin-left:20px;--awb-margin-top-small:10px;--awb-margin-right-small:0px;--awb-margin-bottom-small:10px;--awb-margin-left-small:0px;--awb-font-size:24px;\"><h4 class=\"fusion-title-heading title-heading-left\" style=\"font-family:&quot;IBM Plex Sans Condensed&quot;;font-style:normal;font-weight:500;margin:0;font-size:1em;line-height:1.2;\"><a href=\"https:\/\/www.mundusmaris.org\/de\/filme\/fishermens-film-festival-in-lorient-france\/\" class=\"awb-custom-text-color awb-custom-text-hover-color\" target=\"_self\">Fishermen&#8217;s film festival in Lorient, France<\/a><\/h4><\/div><\/div><\/li>\n<li class=\"fusion-layout-column fusion_builder_column fusion-builder-column-217 fusion-flex-column post-card fusion-grid-column fusion-post-cards-grid-column\" style=\"--awb-bg-color:var(--awb-color1);--awb-bg-color-hover:var(--awb-color1);--awb-bg-blend:overlay;--awb-bg-size:cover;--awb-flex-grow:0;--awb-flex-shrink:0;--awb-flex-grow-medium:;--awb-flex-shrink-medium:;--awb-flex-grow-small:;--awb-flex-shrink-small:;\" data-scroll-devices=\"small-visibility,medium-visibility,large-visibility\"><div class=\"fusion-column-wrapper fusion-column-has-shadow fusion-flex-justify-content-space-around fusion-content-layout-column\"><div class=\"fusion-classic-product-image-wrapper fusion-woo-product-image fusion-post-card-image fusion-post-card-image-1 has-aspect-ratio\" data-layout=\"static\" style=\"--awb-aspect-ratio:3 \/ 2;\"><div  class=\"fusion-image-wrapper\" aria-haspopup=\"true\">\n\t\t\t\t\t\t\t<a href=\"https:\/\/www.mundusmaris.org\/de\/meeresfruechte-die-wir-essen\/chiloe-oder-die-katastrophen-von-salmonopoly\/\" aria-label=\"Chilo\u00e9, oder: Die Katastrophen von Salmonopoly\">\n\t\t\t\t\t\t\t<img decoding=\"async\" width=\"800\" height=\"500\" src=\"https:\/\/www.mundusmaris.org\/wp-content\/uploads\/2024\/04\/copertina_posts_chiloe.jpg\" class=\"attachment-full size-full wp-post-image\" alt=\"\" srcset=\"https:\/\/www.mundusmaris.org\/wp-content\/uploads\/2024\/04\/copertina_posts_chiloe-200x125.jpg 200w, https:\/\/www.mundusmaris.org\/wp-content\/uploads\/2024\/04\/copertina_posts_chiloe-400x250.jpg 400w, https:\/\/www.mundusmaris.org\/wp-content\/uploads\/2024\/04\/copertina_posts_chiloe-600x375.jpg 600w, https:\/\/www.mundusmaris.org\/wp-content\/uploads\/2024\/04\/copertina_posts_chiloe.jpg 800w\" sizes=\"(min-width: 2200px) 100vw, (min-width: 784px) 373px, (min-width: 712px) 560px, (min-width: 640px) 712px, \" \/>\t\t\t<\/a>\n\t\t\t\t\t\t\t<\/div>\n<\/div><div class=\"fusion-meta-tb fusion-meta-tb-216 floated\" style=\"--awb-border-top:0px;--awb-height:36px;--awb-alignment-medium:flex-start;--awb-alignment-small:flex-start;\"><span class=\"fusion-tb-published-date\">Published On: 5. November 2015<\/span><span class=\"fusion-meta-tb-sep\"><\/span><\/div><div class=\"fusion-title title fusion-title-216 fusion-sep-none fusion-title-text fusion-title-size-four\" style=\"--awb-margin-top:20px;--awb-margin-right:20px;--awb-margin-bottom:20px;--awb-margin-left:20px;--awb-margin-top-small:10px;--awb-margin-right-small:0px;--awb-margin-bottom-small:10px;--awb-margin-left-small:0px;--awb-font-size:24px;\"><h4 class=\"fusion-title-heading title-heading-left\" style=\"font-family:&quot;IBM Plex Sans Condensed&quot;;font-style:normal;font-weight:500;margin:0;font-size:1em;line-height:1.2;\"><a href=\"https:\/\/www.mundusmaris.org\/de\/meeresfruechte-die-wir-essen\/chiloe-oder-die-katastrophen-von-salmonopoly\/\" class=\"awb-custom-text-color awb-custom-text-hover-color\" target=\"_self\">Chilo\u00e9, oder: Die Katastrophen von Salmonopoly<\/a><\/h4><\/div><\/div><\/li>\n<li class=\"fusion-layout-column fusion_builder_column fusion-builder-column-218 fusion-flex-column post-card fusion-grid-column fusion-post-cards-grid-column\" style=\"--awb-bg-color:var(--awb-color1);--awb-bg-color-hover:var(--awb-color1);--awb-bg-blend:overlay;--awb-bg-size:cover;--awb-flex-grow:0;--awb-flex-shrink:0;--awb-flex-grow-medium:;--awb-flex-shrink-medium:;--awb-flex-grow-small:;--awb-flex-shrink-small:;\" data-scroll-devices=\"small-visibility,medium-visibility,large-visibility\"><div class=\"fusion-column-wrapper fusion-column-has-shadow fusion-flex-justify-content-space-around fusion-content-layout-column\"><div class=\"fusion-classic-product-image-wrapper fusion-woo-product-image fusion-post-card-image fusion-post-card-image-1 has-aspect-ratio\" data-layout=\"static\" style=\"--awb-aspect-ratio:3 \/ 2;\"><div  class=\"fusion-image-wrapper\" aria-haspopup=\"true\">\n\t\t\t\t\t\t\t<a href=\"https:\/\/www.mundusmaris.org\/de\/ausstellungen\/ubc-morris-and-helen-belkin-art-gallery-offers-topical-new-exhibition\/\" aria-label=\"UBC Morris and Helen Belkin Art Gallery offers topical new exhibition\">\n\t\t\t\t\t\t\t<img decoding=\"async\" width=\"800\" height=\"500\" src=\"https:\/\/www.mundusmaris.org\/wp-content\/uploads\/2024\/03\/BG1270_IreneHoffard_Reid_800x500.jpg\" class=\"attachment-full size-full wp-post-image\" alt=\"\" srcset=\"https:\/\/www.mundusmaris.org\/wp-content\/uploads\/2024\/03\/BG1270_IreneHoffard_Reid_800x500-200x125.jpg 200w, https:\/\/www.mundusmaris.org\/wp-content\/uploads\/2024\/03\/BG1270_IreneHoffard_Reid_800x500-400x250.jpg 400w, https:\/\/www.mundusmaris.org\/wp-content\/uploads\/2024\/03\/BG1270_IreneHoffard_Reid_800x500-600x375.jpg 600w, https:\/\/www.mundusmaris.org\/wp-content\/uploads\/2024\/03\/BG1270_IreneHoffard_Reid_800x500.jpg 800w\" sizes=\"(min-width: 2200px) 100vw, (min-width: 784px) 373px, (min-width: 712px) 560px, (min-width: 640px) 712px, \" \/>\t\t\t<\/a>\n\t\t\t\t\t\t\t<\/div>\n<\/div><div class=\"fusion-meta-tb fusion-meta-tb-217 floated\" style=\"--awb-border-top:0px;--awb-height:36px;--awb-alignment-medium:flex-start;--awb-alignment-small:flex-start;\"><span class=\"fusion-tb-published-date\">Published On: 27. August 2015<\/span><span class=\"fusion-meta-tb-sep\"><\/span><\/div><div class=\"fusion-title title fusion-title-217 fusion-sep-none fusion-title-text fusion-title-size-four\" style=\"--awb-margin-top:20px;--awb-margin-right:20px;--awb-margin-bottom:20px;--awb-margin-left:20px;--awb-margin-top-small:10px;--awb-margin-right-small:0px;--awb-margin-bottom-small:10px;--awb-margin-left-small:0px;--awb-font-size:24px;\"><h4 class=\"fusion-title-heading title-heading-left\" style=\"font-family:&quot;IBM Plex Sans Condensed&quot;;font-style:normal;font-weight:500;margin:0;font-size:1em;line-height:1.2;\"><a href=\"https:\/\/www.mundusmaris.org\/de\/ausstellungen\/ubc-morris-and-helen-belkin-art-gallery-offers-topical-new-exhibition\/\" class=\"awb-custom-text-color awb-custom-text-hover-color\" target=\"_self\">UBC Morris and Helen Belkin Art Gallery offers topical new exhibition<\/a><\/h4><\/div><\/div><\/li>\n<li class=\"fusion-layout-column fusion_builder_column fusion-builder-column-219 fusion-flex-column post-card fusion-grid-column fusion-post-cards-grid-column\" style=\"--awb-bg-color:var(--awb-color1);--awb-bg-color-hover:var(--awb-color1);--awb-bg-blend:overlay;--awb-bg-size:cover;--awb-flex-grow:0;--awb-flex-shrink:0;--awb-flex-grow-medium:;--awb-flex-shrink-medium:;--awb-flex-grow-small:;--awb-flex-shrink-small:;\" data-scroll-devices=\"small-visibility,medium-visibility,large-visibility\"><div class=\"fusion-column-wrapper fusion-column-has-shadow fusion-flex-justify-content-space-around fusion-content-layout-column\"><div class=\"fusion-classic-product-image-wrapper fusion-woo-product-image fusion-post-card-image fusion-post-card-image-1 has-aspect-ratio\" data-layout=\"static\" style=\"--awb-aspect-ratio:3 \/ 2;\"><div  class=\"fusion-image-wrapper\" aria-haspopup=\"true\">\n\t\t\t\t\t\t\t<a href=\"https:\/\/www.mundusmaris.org\/de\/meeresfruechte-die-wir-essen\/seafood-symposium-from-fisheries-to-foodies-27-april-2015\/\" aria-label=\"Seafood Symposium &#8211; From Fisheries to Foodies, 27 April 2015\">\n\t\t\t\t\t\t\t<img decoding=\"async\" width=\"800\" height=\"500\" src=\"https:\/\/www.mundusmaris.org\/wp-content\/uploads\/2024\/04\/copertina_posts_seafoodsymposium.jpg\" class=\"attachment-full size-full wp-post-image\" alt=\"\" srcset=\"https:\/\/www.mundusmaris.org\/wp-content\/uploads\/2024\/04\/copertina_posts_seafoodsymposium-200x125.jpg 200w, https:\/\/www.mundusmaris.org\/wp-content\/uploads\/2024\/04\/copertina_posts_seafoodsymposium-400x250.jpg 400w, https:\/\/www.mundusmaris.org\/wp-content\/uploads\/2024\/04\/copertina_posts_seafoodsymposium-600x375.jpg 600w, https:\/\/www.mundusmaris.org\/wp-content\/uploads\/2024\/04\/copertina_posts_seafoodsymposium.jpg 800w\" sizes=\"(min-width: 2200px) 100vw, (min-width: 784px) 373px, (min-width: 712px) 560px, (min-width: 640px) 712px, \" \/>\t\t\t<\/a>\n\t\t\t\t\t\t\t<\/div>\n<\/div><div class=\"fusion-meta-tb fusion-meta-tb-218 floated\" style=\"--awb-border-top:0px;--awb-height:36px;--awb-alignment-medium:flex-start;--awb-alignment-small:flex-start;\"><span class=\"fusion-tb-published-date\">Published On: 30. April 2015<\/span><span class=\"fusion-meta-tb-sep\"><\/span><\/div><div class=\"fusion-title title fusion-title-218 fusion-sep-none fusion-title-text fusion-title-size-four\" style=\"--awb-margin-top:20px;--awb-margin-right:20px;--awb-margin-bottom:20px;--awb-margin-left:20px;--awb-margin-top-small:10px;--awb-margin-right-small:0px;--awb-margin-bottom-small:10px;--awb-margin-left-small:0px;--awb-font-size:24px;\"><h4 class=\"fusion-title-heading title-heading-left\" style=\"font-family:&quot;IBM Plex Sans Condensed&quot;;font-style:normal;font-weight:500;margin:0;font-size:1em;line-height:1.2;\"><a href=\"https:\/\/www.mundusmaris.org\/de\/meeresfruechte-die-wir-essen\/seafood-symposium-from-fisheries-to-foodies-27-april-2015\/\" class=\"awb-custom-text-color awb-custom-text-hover-color\" target=\"_self\">Seafood Symposium &#8211; From Fisheries to Foodies, 27 April 2015<\/a><\/h4><\/div><\/div><\/li>\n<li class=\"fusion-layout-column fusion_builder_column fusion-builder-column-220 fusion-flex-column post-card fusion-grid-column fusion-post-cards-grid-column\" style=\"--awb-bg-color:var(--awb-color1);--awb-bg-color-hover:var(--awb-color1);--awb-bg-blend:overlay;--awb-bg-size:cover;--awb-flex-grow:0;--awb-flex-shrink:0;--awb-flex-grow-medium:;--awb-flex-shrink-medium:;--awb-flex-grow-small:;--awb-flex-shrink-small:;\" data-scroll-devices=\"small-visibility,medium-visibility,large-visibility\"><div class=\"fusion-column-wrapper fusion-column-has-shadow fusion-flex-justify-content-space-around fusion-content-layout-column\"><div class=\"fusion-classic-product-image-wrapper fusion-woo-product-image fusion-post-card-image fusion-post-card-image-1 has-aspect-ratio\" data-layout=\"static\" style=\"--awb-aspect-ratio:3 \/ 2;\"><div  class=\"fusion-image-wrapper\" aria-haspopup=\"true\">\n\t\t\t\t\t\t\t<a href=\"https:\/\/www.mundusmaris.org\/de\/meeresfruechte-die-wir-essen\/baltic-students-concerned-about-sustainable-foods-rogow-poland-15-19-april-2015\/\" aria-label=\"Baltic students concerned about sustainable foods, Rogow, Poland, 15-19 April 2015\">\n\t\t\t\t\t\t\t<img decoding=\"async\" width=\"800\" height=\"500\" src=\"https:\/\/www.mundusmaris.org\/wp-content\/uploads\/2024\/04\/copertina_posts_balticfisheries.jpg\" class=\"attachment-full size-full wp-post-image\" alt=\"\" srcset=\"https:\/\/www.mundusmaris.org\/wp-content\/uploads\/2024\/04\/copertina_posts_balticfisheries-200x125.jpg 200w, https:\/\/www.mundusmaris.org\/wp-content\/uploads\/2024\/04\/copertina_posts_balticfisheries-400x250.jpg 400w, https:\/\/www.mundusmaris.org\/wp-content\/uploads\/2024\/04\/copertina_posts_balticfisheries-600x375.jpg 600w, https:\/\/www.mundusmaris.org\/wp-content\/uploads\/2024\/04\/copertina_posts_balticfisheries.jpg 800w\" sizes=\"(min-width: 2200px) 100vw, (min-width: 784px) 373px, (min-width: 712px) 560px, (min-width: 640px) 712px, \" \/>\t\t\t<\/a>\n\t\t\t\t\t\t\t<\/div>\n<\/div><div class=\"fusion-meta-tb fusion-meta-tb-219 floated\" style=\"--awb-border-top:0px;--awb-height:36px;--awb-alignment-medium:flex-start;--awb-alignment-small:flex-start;\"><span class=\"fusion-tb-published-date\">Published On: 23. April 2015<\/span><span class=\"fusion-meta-tb-sep\"><\/span><\/div><div class=\"fusion-title title fusion-title-219 fusion-sep-none fusion-title-text fusion-title-size-four\" style=\"--awb-margin-top:20px;--awb-margin-right:20px;--awb-margin-bottom:20px;--awb-margin-left:20px;--awb-margin-top-small:10px;--awb-margin-right-small:0px;--awb-margin-bottom-small:10px;--awb-margin-left-small:0px;--awb-font-size:24px;\"><h4 class=\"fusion-title-heading title-heading-left\" style=\"font-family:&quot;IBM Plex Sans Condensed&quot;;font-style:normal;font-weight:500;margin:0;font-size:1em;line-height:1.2;\"><a href=\"https:\/\/www.mundusmaris.org\/de\/meeresfruechte-die-wir-essen\/baltic-students-concerned-about-sustainable-foods-rogow-poland-15-19-april-2015\/\" class=\"awb-custom-text-color awb-custom-text-hover-color\" target=\"_self\">Baltic students concerned about sustainable foods, Rogow, Poland, 15-19 April 2015<\/a><\/h4><\/div><\/div><\/li>\n<li class=\"fusion-layout-column fusion_builder_column fusion-builder-column-221 fusion-flex-column post-card fusion-grid-column fusion-post-cards-grid-column\" style=\"--awb-bg-color:var(--awb-color1);--awb-bg-color-hover:var(--awb-color1);--awb-bg-blend:overlay;--awb-bg-size:cover;--awb-flex-grow:0;--awb-flex-shrink:0;--awb-flex-grow-medium:;--awb-flex-shrink-medium:;--awb-flex-grow-small:;--awb-flex-shrink-small:;\" data-scroll-devices=\"small-visibility,medium-visibility,large-visibility\"><div class=\"fusion-column-wrapper fusion-column-has-shadow fusion-flex-justify-content-space-around fusion-content-layout-column\"><div class=\"fusion-classic-product-image-wrapper fusion-woo-product-image fusion-post-card-image fusion-post-card-image-1 has-aspect-ratio\" data-layout=\"static\" style=\"--awb-aspect-ratio:3 \/ 2;\"><div  class=\"fusion-image-wrapper\" aria-haspopup=\"true\">\n\t\t\t\t\t\t\t<a href=\"https:\/\/www.mundusmaris.org\/de\/meeresfruechte-die-wir-essen\/vom-teller-zum-sprit-der-umstrittene-algenboom-in-chile\/\" aria-label=\"Vom Teller zum Sprit &#8211; der umstrittene Algenboom in Chile\">\n\t\t\t\t\t\t\t<img decoding=\"async\" width=\"800\" height=\"500\" src=\"https:\/\/www.mundusmaris.org\/wp-content\/uploads\/2024\/04\/copertina_posts_plates-fuel.jpg\" class=\"attachment-full size-full wp-post-image\" alt=\"\" srcset=\"https:\/\/www.mundusmaris.org\/wp-content\/uploads\/2024\/04\/copertina_posts_plates-fuel-200x125.jpg 200w, https:\/\/www.mundusmaris.org\/wp-content\/uploads\/2024\/04\/copertina_posts_plates-fuel-400x250.jpg 400w, https:\/\/www.mundusmaris.org\/wp-content\/uploads\/2024\/04\/copertina_posts_plates-fuel-600x375.jpg 600w, https:\/\/www.mundusmaris.org\/wp-content\/uploads\/2024\/04\/copertina_posts_plates-fuel.jpg 800w\" sizes=\"(min-width: 2200px) 100vw, (min-width: 784px) 373px, (min-width: 712px) 560px, (min-width: 640px) 712px, \" \/>\t\t\t<\/a>\n\t\t\t\t\t\t\t<\/div>\n<\/div><div class=\"fusion-meta-tb fusion-meta-tb-220 floated\" style=\"--awb-border-top:0px;--awb-height:36px;--awb-alignment-medium:flex-start;--awb-alignment-small:flex-start;\"><span class=\"fusion-tb-published-date\">Published On: 2. April 2015<\/span><span class=\"fusion-meta-tb-sep\"><\/span><\/div><div class=\"fusion-title title fusion-title-220 fusion-sep-none fusion-title-text fusion-title-size-four\" style=\"--awb-margin-top:20px;--awb-margin-right:20px;--awb-margin-bottom:20px;--awb-margin-left:20px;--awb-margin-top-small:10px;--awb-margin-right-small:0px;--awb-margin-bottom-small:10px;--awb-margin-left-small:0px;--awb-font-size:24px;\"><h4 class=\"fusion-title-heading title-heading-left\" style=\"font-family:&quot;IBM Plex Sans Condensed&quot;;font-style:normal;font-weight:500;margin:0;font-size:1em;line-height:1.2;\"><a href=\"https:\/\/www.mundusmaris.org\/de\/meeresfruechte-die-wir-essen\/vom-teller-zum-sprit-der-umstrittene-algenboom-in-chile\/\" class=\"awb-custom-text-color awb-custom-text-hover-color\" target=\"_self\">Vom Teller zum Sprit &#8211; der umstrittene Algenboom in Chile<\/a><\/h4><\/div><\/div><\/li>\n<li class=\"fusion-layout-column fusion_builder_column fusion-builder-column-222 fusion-flex-column post-card fusion-grid-column fusion-post-cards-grid-column\" style=\"--awb-bg-color:var(--awb-color1);--awb-bg-color-hover:var(--awb-color1);--awb-bg-blend:overlay;--awb-bg-size:cover;--awb-flex-grow:0;--awb-flex-shrink:0;--awb-flex-grow-medium:;--awb-flex-shrink-medium:;--awb-flex-grow-small:;--awb-flex-shrink-small:;\" data-scroll-devices=\"small-visibility,medium-visibility,large-visibility\"><div class=\"fusion-column-wrapper fusion-column-has-shadow fusion-flex-justify-content-space-around fusion-content-layout-column\"><div class=\"fusion-classic-product-image-wrapper fusion-woo-product-image fusion-post-card-image fusion-post-card-image-1 has-aspect-ratio\" data-layout=\"static\" style=\"--awb-aspect-ratio:3 \/ 2;\"><div  class=\"fusion-image-wrapper\" aria-haspopup=\"true\">\n\t\t\t\t\t\t\t<a href=\"https:\/\/www.mundusmaris.org\/de\/meeresfruechte-die-wir-essen\/khazan-traditionelle-bewirtschaftung-der-kuestengebiete-in-goa-indien\/\" aria-label=\"Khazan &#8211; traditionelle Bewirtschaftung der K\u00fcstengebiete in Goa, Indien\">\n\t\t\t\t\t\t\t<img decoding=\"async\" width=\"800\" height=\"500\" src=\"https:\/\/www.mundusmaris.org\/wp-content\/uploads\/2024\/04\/copertina_posts_khazans.jpg\" class=\"attachment-full size-full wp-post-image\" alt=\"\" srcset=\"https:\/\/www.mundusmaris.org\/wp-content\/uploads\/2024\/04\/copertina_posts_khazans-200x125.jpg 200w, https:\/\/www.mundusmaris.org\/wp-content\/uploads\/2024\/04\/copertina_posts_khazans-400x250.jpg 400w, https:\/\/www.mundusmaris.org\/wp-content\/uploads\/2024\/04\/copertina_posts_khazans-600x375.jpg 600w, https:\/\/www.mundusmaris.org\/wp-content\/uploads\/2024\/04\/copertina_posts_khazans.jpg 800w\" sizes=\"(min-width: 2200px) 100vw, (min-width: 784px) 373px, (min-width: 712px) 560px, (min-width: 640px) 712px, \" \/>\t\t\t<\/a>\n\t\t\t\t\t\t\t<\/div>\n<\/div><div class=\"fusion-meta-tb fusion-meta-tb-221 floated\" style=\"--awb-border-top:0px;--awb-height:36px;--awb-alignment-medium:flex-start;--awb-alignment-small:flex-start;\"><span class=\"fusion-tb-published-date\">Published On: 2. April 2015<\/span><span class=\"fusion-meta-tb-sep\"><\/span><\/div><div class=\"fusion-title title fusion-title-221 fusion-sep-none fusion-title-text fusion-title-size-four\" style=\"--awb-margin-top:20px;--awb-margin-right:20px;--awb-margin-bottom:20px;--awb-margin-left:20px;--awb-margin-top-small:10px;--awb-margin-right-small:0px;--awb-margin-bottom-small:10px;--awb-margin-left-small:0px;--awb-font-size:24px;\"><h4 class=\"fusion-title-heading title-heading-left\" style=\"font-family:&quot;IBM Plex Sans Condensed&quot;;font-style:normal;font-weight:500;margin:0;font-size:1em;line-height:1.2;\"><a href=\"https:\/\/www.mundusmaris.org\/de\/meeresfruechte-die-wir-essen\/khazan-traditionelle-bewirtschaftung-der-kuestengebiete-in-goa-indien\/\" class=\"awb-custom-text-color awb-custom-text-hover-color\" target=\"_self\">Khazan &#8211; traditionelle Bewirtschaftung der K\u00fcstengebiete in Goa, Indien<\/a><\/h4><\/div><\/div><\/li>\n<li class=\"fusion-layout-column fusion_builder_column fusion-builder-column-223 fusion-flex-column post-card fusion-grid-column fusion-post-cards-grid-column\" style=\"--awb-bg-color:var(--awb-color1);--awb-bg-color-hover:var(--awb-color1);--awb-bg-blend:overlay;--awb-bg-size:cover;--awb-flex-grow:0;--awb-flex-shrink:0;--awb-flex-grow-medium:;--awb-flex-shrink-medium:;--awb-flex-grow-small:;--awb-flex-shrink-small:;\" data-scroll-devices=\"small-visibility,medium-visibility,large-visibility\"><div class=\"fusion-column-wrapper fusion-column-has-shadow fusion-flex-justify-content-space-around fusion-content-layout-column\"><div class=\"fusion-classic-product-image-wrapper fusion-woo-product-image fusion-post-card-image fusion-post-card-image-1 has-aspect-ratio\" data-layout=\"static\" style=\"--awb-aspect-ratio:3 \/ 2;\"><div  class=\"fusion-image-wrapper\" aria-haspopup=\"true\">\n\t\t\t\t\t\t\t<a href=\"https:\/\/www.mundusmaris.org\/de\/meeresfruechte-die-wir-essen\/umweltbewusstes-konsumverhalten-bei-lebensmitteln-was-kann-ich-tun\/\" aria-label=\"Umweltbewusstes Konsumverhalten bei Lebensmitteln \u2013 was kann ich tun?\">\n\t\t\t\t\t\t\t<img decoding=\"async\" width=\"800\" height=\"500\" src=\"https:\/\/www.mundusmaris.org\/wp-content\/uploads\/2024\/04\/copertina_posts_cornelia.jpg\" class=\"attachment-full size-full wp-post-image\" alt=\"\" srcset=\"https:\/\/www.mundusmaris.org\/wp-content\/uploads\/2024\/04\/copertina_posts_cornelia-200x125.jpg 200w, https:\/\/www.mundusmaris.org\/wp-content\/uploads\/2024\/04\/copertina_posts_cornelia-400x250.jpg 400w, https:\/\/www.mundusmaris.org\/wp-content\/uploads\/2024\/04\/copertina_posts_cornelia-600x375.jpg 600w, https:\/\/www.mundusmaris.org\/wp-content\/uploads\/2024\/04\/copertina_posts_cornelia.jpg 800w\" sizes=\"(min-width: 2200px) 100vw, (min-width: 784px) 373px, (min-width: 712px) 560px, (min-width: 640px) 712px, \" \/>\t\t\t<\/a>\n\t\t\t\t\t\t\t<\/div>\n<\/div><div class=\"fusion-meta-tb fusion-meta-tb-222 floated\" style=\"--awb-border-top:0px;--awb-height:36px;--awb-alignment-medium:flex-start;--awb-alignment-small:flex-start;\"><span class=\"fusion-tb-published-date\">Published On: 26. September 2014<\/span><span class=\"fusion-meta-tb-sep\"><\/span><\/div><div class=\"fusion-title title fusion-title-222 fusion-sep-none fusion-title-text fusion-title-size-four\" style=\"--awb-margin-top:20px;--awb-margin-right:20px;--awb-margin-bottom:20px;--awb-margin-left:20px;--awb-margin-top-small:10px;--awb-margin-right-small:0px;--awb-margin-bottom-small:10px;--awb-margin-left-small:0px;--awb-font-size:24px;\"><h4 class=\"fusion-title-heading title-heading-left\" style=\"font-family:&quot;IBM Plex Sans Condensed&quot;;font-style:normal;font-weight:500;margin:0;font-size:1em;line-height:1.2;\"><a href=\"https:\/\/www.mundusmaris.org\/de\/meeresfruechte-die-wir-essen\/umweltbewusstes-konsumverhalten-bei-lebensmitteln-was-kann-ich-tun\/\" class=\"awb-custom-text-color awb-custom-text-hover-color\" target=\"_self\">Umweltbewusstes Konsumverhalten bei Lebensmitteln \u2013 was kann ich tun?<\/a><\/h4><\/div><\/div><\/li>\n<li class=\"fusion-layout-column fusion_builder_column fusion-builder-column-224 fusion-flex-column post-card fusion-grid-column fusion-post-cards-grid-column\" style=\"--awb-bg-color:var(--awb-color1);--awb-bg-color-hover:var(--awb-color1);--awb-bg-blend:overlay;--awb-bg-size:cover;--awb-flex-grow:0;--awb-flex-shrink:0;--awb-flex-grow-medium:;--awb-flex-shrink-medium:;--awb-flex-grow-small:;--awb-flex-shrink-small:;\" data-scroll-devices=\"small-visibility,medium-visibility,large-visibility\"><div class=\"fusion-column-wrapper fusion-column-has-shadow fusion-flex-justify-content-space-around fusion-content-layout-column\"><div class=\"fusion-classic-product-image-wrapper fusion-woo-product-image fusion-post-card-image fusion-post-card-image-1 has-aspect-ratio\" data-layout=\"static\" style=\"--awb-aspect-ratio:3 \/ 2;\"><div  class=\"fusion-image-wrapper\" aria-haspopup=\"true\">\n\t\t\t\t\t\t\t<a href=\"https:\/\/www.mundusmaris.org\/de\/ausstellungen\/a-visit-in-the-musee-oceanographique-in-monaco\/\" aria-label=\"A Visit in the Mus\u00e9e Oc\u00e9anographique in Monaco\">\n\t\t\t\t\t\t\t<img decoding=\"async\" width=\"800\" height=\"500\" src=\"https:\/\/www.mundusmaris.org\/wp-content\/uploads\/2024\/03\/MonacoAquarium_800x500.jpg\" class=\"attachment-full size-full wp-post-image\" alt=\"\" srcset=\"https:\/\/www.mundusmaris.org\/wp-content\/uploads\/2024\/03\/MonacoAquarium_800x500-200x125.jpg 200w, https:\/\/www.mundusmaris.org\/wp-content\/uploads\/2024\/03\/MonacoAquarium_800x500-400x250.jpg 400w, https:\/\/www.mundusmaris.org\/wp-content\/uploads\/2024\/03\/MonacoAquarium_800x500-600x375.jpg 600w, https:\/\/www.mundusmaris.org\/wp-content\/uploads\/2024\/03\/MonacoAquarium_800x500.jpg 800w\" sizes=\"(min-width: 2200px) 100vw, (min-width: 784px) 373px, (min-width: 712px) 560px, (min-width: 640px) 712px, \" \/>\t\t\t<\/a>\n\t\t\t\t\t\t\t<\/div>\n<\/div><div class=\"fusion-meta-tb fusion-meta-tb-223 floated\" style=\"--awb-border-top:0px;--awb-height:36px;--awb-alignment-medium:flex-start;--awb-alignment-small:flex-start;\"><span class=\"fusion-tb-published-date\">Published On: 18. April 2014<\/span><span class=\"fusion-meta-tb-sep\"><\/span><\/div><div class=\"fusion-title title fusion-title-223 fusion-sep-none fusion-title-text fusion-title-size-four\" style=\"--awb-margin-top:20px;--awb-margin-right:20px;--awb-margin-bottom:20px;--awb-margin-left:20px;--awb-margin-top-small:10px;--awb-margin-right-small:0px;--awb-margin-bottom-small:10px;--awb-margin-left-small:0px;--awb-font-size:24px;\"><h4 class=\"fusion-title-heading title-heading-left\" style=\"font-family:&quot;IBM Plex Sans Condensed&quot;;font-style:normal;font-weight:500;margin:0;font-size:1em;line-height:1.2;\"><a href=\"https:\/\/www.mundusmaris.org\/de\/ausstellungen\/a-visit-in-the-musee-oceanographique-in-monaco\/\" class=\"awb-custom-text-color awb-custom-text-hover-color\" target=\"_self\">A Visit in the Mus\u00e9e Oc\u00e9anographique in Monaco<\/a><\/h4><\/div><\/div><\/li>\n<li class=\"fusion-layout-column fusion_builder_column fusion-builder-column-225 fusion-flex-column post-card fusion-grid-column fusion-post-cards-grid-column\" style=\"--awb-bg-color:var(--awb-color1);--awb-bg-color-hover:var(--awb-color1);--awb-bg-blend:overlay;--awb-bg-size:cover;--awb-flex-grow:0;--awb-flex-shrink:0;--awb-flex-grow-medium:;--awb-flex-shrink-medium:;--awb-flex-grow-small:;--awb-flex-shrink-small:;\" data-scroll-devices=\"small-visibility,medium-visibility,large-visibility\"><div class=\"fusion-column-wrapper fusion-column-has-shadow fusion-flex-justify-content-space-around fusion-content-layout-column\"><div class=\"fusion-classic-product-image-wrapper fusion-woo-product-image fusion-post-card-image fusion-post-card-image-1 has-aspect-ratio\" data-layout=\"static\" style=\"--awb-aspect-ratio:3 \/ 2;\"><div  class=\"fusion-image-wrapper\" aria-haspopup=\"true\">\n\t\t\t\t\t\t\t<a href=\"https:\/\/www.mundusmaris.org\/de\/meeresfruechte-die-wir-essen\/save-baby-fish-or-point-n-kill\/\" aria-label=\"Save baby fish or Point &#8217;n&#8216; kill?\">\n\t\t\t\t\t\t\t<img decoding=\"async\" width=\"800\" height=\"500\" src=\"https:\/\/www.mundusmaris.org\/wp-content\/uploads\/2024\/04\/copertina_posts_fishmarket.jpg\" class=\"attachment-full size-full wp-post-image\" alt=\"\" srcset=\"https:\/\/www.mundusmaris.org\/wp-content\/uploads\/2024\/04\/copertina_posts_fishmarket-200x125.jpg 200w, https:\/\/www.mundusmaris.org\/wp-content\/uploads\/2024\/04\/copertina_posts_fishmarket-400x250.jpg 400w, https:\/\/www.mundusmaris.org\/wp-content\/uploads\/2024\/04\/copertina_posts_fishmarket-600x375.jpg 600w, https:\/\/www.mundusmaris.org\/wp-content\/uploads\/2024\/04\/copertina_posts_fishmarket.jpg 800w\" sizes=\"(min-width: 2200px) 100vw, (min-width: 784px) 373px, (min-width: 712px) 560px, (min-width: 640px) 712px, \" \/>\t\t\t<\/a>\n\t\t\t\t\t\t\t<\/div>\n<\/div><div class=\"fusion-meta-tb fusion-meta-tb-224 floated\" style=\"--awb-border-top:0px;--awb-height:36px;--awb-alignment-medium:flex-start;--awb-alignment-small:flex-start;\"><span class=\"fusion-tb-published-date\">Published On: 2. April 2014<\/span><span class=\"fusion-meta-tb-sep\"><\/span><\/div><div class=\"fusion-title title fusion-title-224 fusion-sep-none fusion-title-text fusion-title-size-four\" style=\"--awb-margin-top:20px;--awb-margin-right:20px;--awb-margin-bottom:20px;--awb-margin-left:20px;--awb-margin-top-small:10px;--awb-margin-right-small:0px;--awb-margin-bottom-small:10px;--awb-margin-left-small:0px;--awb-font-size:24px;\"><h4 class=\"fusion-title-heading title-heading-left\" style=\"font-family:&quot;IBM Plex Sans Condensed&quot;;font-style:normal;font-weight:500;margin:0;font-size:1em;line-height:1.2;\"><a href=\"https:\/\/www.mundusmaris.org\/de\/meeresfruechte-die-wir-essen\/save-baby-fish-or-point-n-kill\/\" class=\"awb-custom-text-color awb-custom-text-hover-color\" target=\"_self\">Save baby fish or Point &#8217;n&#8216; kill?<\/a><\/h4><\/div><\/div><\/li>\n<li class=\"fusion-layout-column fusion_builder_column fusion-builder-column-226 fusion-flex-column post-card fusion-grid-column fusion-post-cards-grid-column\" style=\"--awb-bg-color:var(--awb-color1);--awb-bg-color-hover:var(--awb-color1);--awb-bg-blend:overlay;--awb-bg-size:cover;--awb-flex-grow:0;--awb-flex-shrink:0;--awb-flex-grow-medium:;--awb-flex-shrink-medium:;--awb-flex-grow-small:;--awb-flex-shrink-small:;\" data-scroll-devices=\"small-visibility,medium-visibility,large-visibility\"><div class=\"fusion-column-wrapper fusion-column-has-shadow fusion-flex-justify-content-space-around fusion-content-layout-column\"><div class=\"fusion-classic-product-image-wrapper fusion-woo-product-image fusion-post-card-image fusion-post-card-image-1 has-aspect-ratio\" data-layout=\"static\" style=\"--awb-aspect-ratio:3 \/ 2;\"><div  class=\"fusion-image-wrapper\" aria-haspopup=\"true\">\n\t\t\t\t\t\t\t<a href=\"https:\/\/www.mundusmaris.org\/de\/bucher\/isabella-loevin-silent-seas\/\" aria-label=\"Isabella L\u00f6vin: &#8222;Silent Seas&#8220;\">\n\t\t\t\t\t\t\t<img decoding=\"async\" width=\"500\" height=\"357\" src=\"https:\/\/www.mundusmaris.org\/wp-content\/uploads\/2017\/02\/SilentSeas.jpg\" class=\"attachment-full size-full wp-post-image\" alt=\"\" srcset=\"https:\/\/www.mundusmaris.org\/wp-content\/uploads\/2017\/02\/SilentSeas-200x143.jpg 200w, https:\/\/www.mundusmaris.org\/wp-content\/uploads\/2017\/02\/SilentSeas-400x286.jpg 400w, https:\/\/www.mundusmaris.org\/wp-content\/uploads\/2017\/02\/SilentSeas.jpg 500w\" sizes=\"(min-width: 2200px) 100vw, (min-width: 784px) 373px, (min-width: 712px) 560px, (min-width: 640px) 712px, \" \/>\t\t\t<\/a>\n\t\t\t\t\t\t\t<\/div>\n<\/div><div class=\"fusion-meta-tb fusion-meta-tb-225 floated\" style=\"--awb-border-top:0px;--awb-height:36px;--awb-alignment-medium:flex-start;--awb-alignment-small:flex-start;\"><span class=\"fusion-tb-published-date\">Published On: 24. M\u00e4rz 2014<\/span><span class=\"fusion-meta-tb-sep\"><\/span><\/div><div class=\"fusion-title title fusion-title-225 fusion-sep-none fusion-title-text fusion-title-size-four\" style=\"--awb-margin-top:20px;--awb-margin-right:20px;--awb-margin-bottom:20px;--awb-margin-left:20px;--awb-margin-top-small:10px;--awb-margin-right-small:0px;--awb-margin-bottom-small:10px;--awb-margin-left-small:0px;--awb-font-size:24px;\"><h4 class=\"fusion-title-heading title-heading-left\" style=\"font-family:&quot;IBM Plex Sans Condensed&quot;;font-style:normal;font-weight:500;margin:0;font-size:1em;line-height:1.2;\"><a href=\"https:\/\/www.mundusmaris.org\/de\/bucher\/isabella-loevin-silent-seas\/\" class=\"awb-custom-text-color awb-custom-text-hover-color\" target=\"_self\">Isabella L\u00f6vin: &#8222;Silent Seas&#8220;<\/a><\/h4><\/div><\/div><\/li>\n<li class=\"fusion-layout-column fusion_builder_column fusion-builder-column-227 fusion-flex-column post-card fusion-grid-column fusion-post-cards-grid-column\" style=\"--awb-bg-color:var(--awb-color1);--awb-bg-color-hover:var(--awb-color1);--awb-bg-blend:overlay;--awb-bg-size:cover;--awb-flex-grow:0;--awb-flex-shrink:0;--awb-flex-grow-medium:;--awb-flex-shrink-medium:;--awb-flex-grow-small:;--awb-flex-shrink-small:;\" data-scroll-devices=\"small-visibility,medium-visibility,large-visibility\"><div class=\"fusion-column-wrapper fusion-column-has-shadow fusion-flex-justify-content-space-around fusion-content-layout-column\"><div class=\"fusion-classic-product-image-wrapper fusion-woo-product-image fusion-post-card-image fusion-post-card-image-1 has-aspect-ratio\" data-layout=\"static\" style=\"--awb-aspect-ratio:3 \/ 2;\"><div  class=\"fusion-image-wrapper\" aria-haspopup=\"true\">\n\t\t\t\t\t\t\t<a href=\"https:\/\/www.mundusmaris.org\/de\/meeresfruechte-die-wir-essen\/unzertrennlich-die-kampagne-zur-nachhaltigkeit-der-fischproduktion-und-des-konsums-organisiert-einen-event-in-athen\/\" aria-label=\"\u201eUnzertrennlich\u201c &#8211; Die Kampagne zur Nachhaltigkeit der Fischproduktion und des Konsums organisiert einen Event in Athen\">\n\t\t\t\t\t\t\t<img decoding=\"async\" width=\"800\" height=\"500\" src=\"https:\/\/www.mundusmaris.org\/wp-content\/uploads\/2024\/04\/copertina_posts_fish_sustainability.jpg\" class=\"attachment-full size-full wp-post-image\" alt=\"\" srcset=\"https:\/\/www.mundusmaris.org\/wp-content\/uploads\/2024\/04\/copertina_posts_fish_sustainability-200x125.jpg 200w, https:\/\/www.mundusmaris.org\/wp-content\/uploads\/2024\/04\/copertina_posts_fish_sustainability-400x250.jpg 400w, https:\/\/www.mundusmaris.org\/wp-content\/uploads\/2024\/04\/copertina_posts_fish_sustainability-600x375.jpg 600w, https:\/\/www.mundusmaris.org\/wp-content\/uploads\/2024\/04\/copertina_posts_fish_sustainability.jpg 800w\" sizes=\"(min-width: 2200px) 100vw, (min-width: 784px) 373px, (min-width: 712px) 560px, (min-width: 640px) 712px, \" \/>\t\t\t<\/a>\n\t\t\t\t\t\t\t<\/div>\n<\/div><div class=\"fusion-meta-tb fusion-meta-tb-226 floated\" style=\"--awb-border-top:0px;--awb-height:36px;--awb-alignment-medium:flex-start;--awb-alignment-small:flex-start;\"><span class=\"fusion-tb-published-date\">Published On: 20. M\u00e4rz 2014<\/span><span class=\"fusion-meta-tb-sep\"><\/span><\/div><div class=\"fusion-title title fusion-title-226 fusion-sep-none fusion-title-text fusion-title-size-four\" style=\"--awb-margin-top:20px;--awb-margin-right:20px;--awb-margin-bottom:20px;--awb-margin-left:20px;--awb-margin-top-small:10px;--awb-margin-right-small:0px;--awb-margin-bottom-small:10px;--awb-margin-left-small:0px;--awb-font-size:24px;\"><h4 class=\"fusion-title-heading title-heading-left\" style=\"font-family:&quot;IBM Plex Sans Condensed&quot;;font-style:normal;font-weight:500;margin:0;font-size:1em;line-height:1.2;\"><a href=\"https:\/\/www.mundusmaris.org\/de\/meeresfruechte-die-wir-essen\/unzertrennlich-die-kampagne-zur-nachhaltigkeit-der-fischproduktion-und-des-konsums-organisiert-einen-event-in-athen\/\" class=\"awb-custom-text-color awb-custom-text-hover-color\" target=\"_self\">\u201eUnzertrennlich\u201c &#8211; Die Kampagne zur Nachhaltigkeit der Fischproduktion und des Konsums organisiert einen Event in Athen<\/a><\/h4><\/div><\/div><\/li>\n<li class=\"fusion-layout-column fusion_builder_column fusion-builder-column-228 fusion-flex-column post-card fusion-grid-column fusion-post-cards-grid-column\" style=\"--awb-bg-color:var(--awb-color1);--awb-bg-color-hover:var(--awb-color1);--awb-bg-blend:overlay;--awb-bg-size:cover;--awb-flex-grow:0;--awb-flex-shrink:0;--awb-flex-grow-medium:;--awb-flex-shrink-medium:;--awb-flex-grow-small:;--awb-flex-shrink-small:;\" data-scroll-devices=\"small-visibility,medium-visibility,large-visibility\"><div class=\"fusion-column-wrapper fusion-column-has-shadow fusion-flex-justify-content-space-around fusion-content-layout-column\"><div class=\"fusion-classic-product-image-wrapper fusion-woo-product-image fusion-post-card-image fusion-post-card-image-1 has-aspect-ratio\" data-layout=\"static\" style=\"--awb-aspect-ratio:3 \/ 2;\"><div  class=\"fusion-image-wrapper\" aria-haspopup=\"true\">\n\t\t\t\t\t\t\t<a href=\"https:\/\/www.mundusmaris.org\/de\/ausstellungen\/mediterraneum-from-the-sea-to-the-stars\/\" aria-label=\"Mediterraneum: From the Sea to the Stars\">\n\t\t\t\t\t\t\t<img decoding=\"async\" width=\"800\" height=\"500\" src=\"https:\/\/www.mundusmaris.org\/wp-content\/uploads\/2024\/03\/Mediterraneum01_800x500.jpg\" class=\"attachment-full size-full wp-post-image\" alt=\"\" srcset=\"https:\/\/www.mundusmaris.org\/wp-content\/uploads\/2024\/03\/Mediterraneum01_800x500-200x125.jpg 200w, https:\/\/www.mundusmaris.org\/wp-content\/uploads\/2024\/03\/Mediterraneum01_800x500-400x250.jpg 400w, https:\/\/www.mundusmaris.org\/wp-content\/uploads\/2024\/03\/Mediterraneum01_800x500-600x375.jpg 600w, https:\/\/www.mundusmaris.org\/wp-content\/uploads\/2024\/03\/Mediterraneum01_800x500.jpg 800w\" sizes=\"(min-width: 2200px) 100vw, (min-width: 784px) 373px, (min-width: 712px) 560px, (min-width: 640px) 712px, \" \/>\t\t\t<\/a>\n\t\t\t\t\t\t\t<\/div>\n<\/div><div class=\"fusion-meta-tb fusion-meta-tb-227 floated\" style=\"--awb-border-top:0px;--awb-height:36px;--awb-alignment-medium:flex-start;--awb-alignment-small:flex-start;\"><span class=\"fusion-tb-published-date\">Published On: 15. Dezember 2013<\/span><span class=\"fusion-meta-tb-sep\"><\/span><\/div><div class=\"fusion-title title fusion-title-227 fusion-sep-none fusion-title-text fusion-title-size-four\" style=\"--awb-margin-top:20px;--awb-margin-right:20px;--awb-margin-bottom:20px;--awb-margin-left:20px;--awb-margin-top-small:10px;--awb-margin-right-small:0px;--awb-margin-bottom-small:10px;--awb-margin-left-small:0px;--awb-font-size:24px;\"><h4 class=\"fusion-title-heading title-heading-left\" style=\"font-family:&quot;IBM Plex Sans Condensed&quot;;font-style:normal;font-weight:500;margin:0;font-size:1em;line-height:1.2;\"><a href=\"https:\/\/www.mundusmaris.org\/de\/ausstellungen\/mediterraneum-from-the-sea-to-the-stars\/\" class=\"awb-custom-text-color awb-custom-text-hover-color\" target=\"_self\">Mediterraneum: From the Sea to the Stars<\/a><\/h4><\/div><\/div><\/li>\n<li class=\"fusion-layout-column fusion_builder_column fusion-builder-column-229 fusion-flex-column post-card fusion-grid-column fusion-post-cards-grid-column\" style=\"--awb-bg-color:var(--awb-color1);--awb-bg-color-hover:var(--awb-color1);--awb-bg-blend:overlay;--awb-bg-size:cover;--awb-flex-grow:0;--awb-flex-shrink:0;--awb-flex-grow-medium:;--awb-flex-shrink-medium:;--awb-flex-grow-small:;--awb-flex-shrink-small:;\" data-scroll-devices=\"small-visibility,medium-visibility,large-visibility\"><div class=\"fusion-column-wrapper fusion-column-has-shadow fusion-flex-justify-content-space-around fusion-content-layout-column\"><div class=\"fusion-classic-product-image-wrapper fusion-woo-product-image fusion-post-card-image fusion-post-card-image-1 has-aspect-ratio\" data-layout=\"static\" style=\"--awb-aspect-ratio:3 \/ 2;\"><div  class=\"fusion-image-wrapper\" aria-haspopup=\"true\">\n\t\t\t\t\t\t\t<a href=\"https:\/\/www.mundusmaris.org\/de\/meeresfruechte-die-wir-essen\/achtung-der-mindestgroesse-der-fische-was-sagen-die-fischhaendler-im-senegal\/\" aria-label=\"Respect for minimum fish size. What do Senegalese fish mongers have to say?\">\n\t\t\t\t\t\t\t<img decoding=\"async\" width=\"800\" height=\"500\" src=\"https:\/\/www.mundusmaris.org\/wp-content\/uploads\/2024\/04\/copertina_posts_senegalesefish.jpg\" class=\"attachment-full size-full wp-post-image\" alt=\"\" srcset=\"https:\/\/www.mundusmaris.org\/wp-content\/uploads\/2024\/04\/copertina_posts_senegalesefish-200x125.jpg 200w, https:\/\/www.mundusmaris.org\/wp-content\/uploads\/2024\/04\/copertina_posts_senegalesefish-400x250.jpg 400w, https:\/\/www.mundusmaris.org\/wp-content\/uploads\/2024\/04\/copertina_posts_senegalesefish-600x375.jpg 600w, https:\/\/www.mundusmaris.org\/wp-content\/uploads\/2024\/04\/copertina_posts_senegalesefish.jpg 800w\" sizes=\"(min-width: 2200px) 100vw, (min-width: 784px) 373px, (min-width: 712px) 560px, (min-width: 640px) 712px, \" \/>\t\t\t<\/a>\n\t\t\t\t\t\t\t<\/div>\n<\/div><div class=\"fusion-meta-tb fusion-meta-tb-228 floated\" style=\"--awb-border-top:0px;--awb-height:36px;--awb-alignment-medium:flex-start;--awb-alignment-small:flex-start;\"><span class=\"fusion-tb-published-date\">Published On: 30. Oktober 2013<\/span><span class=\"fusion-meta-tb-sep\"><\/span><\/div><div class=\"fusion-title title fusion-title-228 fusion-sep-none fusion-title-text fusion-title-size-four\" style=\"--awb-margin-top:20px;--awb-margin-right:20px;--awb-margin-bottom:20px;--awb-margin-left:20px;--awb-margin-top-small:10px;--awb-margin-right-small:0px;--awb-margin-bottom-small:10px;--awb-margin-left-small:0px;--awb-font-size:24px;\"><h4 class=\"fusion-title-heading title-heading-left\" style=\"font-family:&quot;IBM Plex Sans Condensed&quot;;font-style:normal;font-weight:500;margin:0;font-size:1em;line-height:1.2;\"><a href=\"https:\/\/www.mundusmaris.org\/de\/meeresfruechte-die-wir-essen\/achtung-der-mindestgroesse-der-fische-was-sagen-die-fischhaendler-im-senegal\/\" class=\"awb-custom-text-color awb-custom-text-hover-color\" target=\"_self\">Respect for minimum fish size. What do Senegalese fish mongers have to say?<\/a><\/h4><\/div><\/div><\/li>\n<li class=\"fusion-layout-column fusion_builder_column fusion-builder-column-230 fusion-flex-column post-card fusion-grid-column fusion-post-cards-grid-column\" style=\"--awb-bg-color:var(--awb-color1);--awb-bg-color-hover:var(--awb-color1);--awb-bg-blend:overlay;--awb-bg-size:cover;--awb-flex-grow:0;--awb-flex-shrink:0;--awb-flex-grow-medium:;--awb-flex-shrink-medium:;--awb-flex-grow-small:;--awb-flex-shrink-small:;\" data-scroll-devices=\"small-visibility,medium-visibility,large-visibility\"><div class=\"fusion-column-wrapper fusion-column-has-shadow fusion-flex-justify-content-space-around fusion-content-layout-column\"><div class=\"fusion-classic-product-image-wrapper fusion-woo-product-image fusion-post-card-image fusion-post-card-image-1 has-aspect-ratio\" data-layout=\"static\" style=\"--awb-aspect-ratio:3 \/ 2;\"><div  class=\"fusion-image-wrapper\" aria-haspopup=\"true\">\n\t\t\t\t\t\t\t<a href=\"https:\/\/www.mundusmaris.org\/de\/ausstellungen\/fishlove-exhibition-brussels\/\" aria-label=\"Fishlove exhibition, Brussels\">\n\t\t\t\t\t\t\t<img decoding=\"async\" width=\"800\" height=\"500\" src=\"https:\/\/www.mundusmaris.org\/wp-content\/uploads\/2024\/03\/brusselsmain-800x500-1.jpg\" class=\"attachment-full size-full wp-post-image\" alt=\"\" srcset=\"https:\/\/www.mundusmaris.org\/wp-content\/uploads\/2024\/03\/brusselsmain-800x500-1-200x125.jpg 200w, https:\/\/www.mundusmaris.org\/wp-content\/uploads\/2024\/03\/brusselsmain-800x500-1-400x250.jpg 400w, https:\/\/www.mundusmaris.org\/wp-content\/uploads\/2024\/03\/brusselsmain-800x500-1-600x375.jpg 600w, https:\/\/www.mundusmaris.org\/wp-content\/uploads\/2024\/03\/brusselsmain-800x500-1.jpg 800w\" sizes=\"(min-width: 2200px) 100vw, (min-width: 784px) 373px, (min-width: 712px) 560px, (min-width: 640px) 712px, \" \/>\t\t\t<\/a>\n\t\t\t\t\t\t\t<\/div>\n<\/div><div class=\"fusion-meta-tb fusion-meta-tb-229 floated\" style=\"--awb-border-top:0px;--awb-height:36px;--awb-alignment-medium:flex-start;--awb-alignment-small:flex-start;\"><span class=\"fusion-tb-published-date\">Published On: 14. Oktober 2013<\/span><span class=\"fusion-meta-tb-sep\"><\/span><\/div><div class=\"fusion-title title fusion-title-229 fusion-sep-none fusion-title-text fusion-title-size-four\" style=\"--awb-margin-top:20px;--awb-margin-right:20px;--awb-margin-bottom:20px;--awb-margin-left:20px;--awb-margin-top-small:10px;--awb-margin-right-small:0px;--awb-margin-bottom-small:10px;--awb-margin-left-small:0px;--awb-font-size:24px;\"><h4 class=\"fusion-title-heading title-heading-left\" style=\"font-family:&quot;IBM Plex Sans Condensed&quot;;font-style:normal;font-weight:500;margin:0;font-size:1em;line-height:1.2;\"><a href=\"https:\/\/www.mundusmaris.org\/de\/ausstellungen\/fishlove-exhibition-brussels\/\" class=\"awb-custom-text-color awb-custom-text-hover-color\" target=\"_self\">Fishlove exhibition, Brussels<\/a><\/h4><\/div><\/div><\/li>\n<li class=\"fusion-layout-column fusion_builder_column fusion-builder-column-231 fusion-flex-column post-card fusion-grid-column fusion-post-cards-grid-column\" style=\"--awb-bg-color:var(--awb-color1);--awb-bg-color-hover:var(--awb-color1);--awb-bg-blend:overlay;--awb-bg-size:cover;--awb-flex-grow:0;--awb-flex-shrink:0;--awb-flex-grow-medium:;--awb-flex-shrink-medium:;--awb-flex-grow-small:;--awb-flex-shrink-small:;\" data-scroll-devices=\"small-visibility,medium-visibility,large-visibility\"><div class=\"fusion-column-wrapper fusion-column-has-shadow fusion-flex-justify-content-space-around fusion-content-layout-column\"><div class=\"fusion-classic-product-image-wrapper fusion-woo-product-image fusion-post-card-image fusion-post-card-image-1 has-aspect-ratio\" data-layout=\"static\" style=\"--awb-aspect-ratio:3 \/ 2;\"><div  class=\"fusion-image-wrapper\" aria-haspopup=\"true\">\n\t\t\t\t\t\t\t<a href=\"https:\/\/www.mundusmaris.org\/de\/bucher\/sarah-keene-meltzoff-2013-listening-to-sea-lions\/\" aria-label=\"Sarah Keene Meltzoff, 2013. Listening to Sea Lions\">\n\t\t\t\t\t\t\t<img decoding=\"async\" width=\"500\" height=\"322\" src=\"https:\/\/www.mundusmaris.org\/wp-content\/uploads\/2024\/09\/Meltzoff00.jpg\" class=\"attachment-full size-full wp-post-image\" alt=\"\" srcset=\"https:\/\/www.mundusmaris.org\/wp-content\/uploads\/2024\/09\/Meltzoff00-200x129.jpg 200w, https:\/\/www.mundusmaris.org\/wp-content\/uploads\/2024\/09\/Meltzoff00-400x258.jpg 400w, https:\/\/www.mundusmaris.org\/wp-content\/uploads\/2024\/09\/Meltzoff00.jpg 500w\" sizes=\"(min-width: 2200px) 100vw, (min-width: 784px) 373px, (min-width: 712px) 560px, (min-width: 640px) 712px, \" \/>\t\t\t<\/a>\n\t\t\t\t\t\t\t<\/div>\n<\/div><div class=\"fusion-meta-tb fusion-meta-tb-230 floated\" style=\"--awb-border-top:0px;--awb-height:36px;--awb-alignment-medium:flex-start;--awb-alignment-small:flex-start;\"><span class=\"fusion-tb-published-date\">Published On: 1. September 2013<\/span><span class=\"fusion-meta-tb-sep\"><\/span><\/div><div class=\"fusion-title title fusion-title-230 fusion-sep-none fusion-title-text fusion-title-size-four\" style=\"--awb-margin-top:20px;--awb-margin-right:20px;--awb-margin-bottom:20px;--awb-margin-left:20px;--awb-margin-top-small:10px;--awb-margin-right-small:0px;--awb-margin-bottom-small:10px;--awb-margin-left-small:0px;--awb-font-size:24px;\"><h4 class=\"fusion-title-heading title-heading-left\" style=\"font-family:&quot;IBM Plex Sans Condensed&quot;;font-style:normal;font-weight:500;margin:0;font-size:1em;line-height:1.2;\"><a href=\"https:\/\/www.mundusmaris.org\/de\/bucher\/sarah-keene-meltzoff-2013-listening-to-sea-lions\/\" class=\"awb-custom-text-color awb-custom-text-hover-color\" target=\"_self\">Sarah Keene Meltzoff, 2013. Listening to Sea Lions<\/a><\/h4><\/div><\/div><\/li>\n<li class=\"fusion-layout-column fusion_builder_column fusion-builder-column-232 fusion-flex-column post-card fusion-grid-column fusion-post-cards-grid-column\" style=\"--awb-bg-color:var(--awb-color1);--awb-bg-color-hover:var(--awb-color1);--awb-bg-blend:overlay;--awb-bg-size:cover;--awb-flex-grow:0;--awb-flex-shrink:0;--awb-flex-grow-medium:;--awb-flex-shrink-medium:;--awb-flex-grow-small:;--awb-flex-shrink-small:;\" data-scroll-devices=\"small-visibility,medium-visibility,large-visibility\"><div class=\"fusion-column-wrapper fusion-column-has-shadow fusion-flex-justify-content-space-around fusion-content-layout-column\"><div class=\"fusion-classic-product-image-wrapper fusion-woo-product-image fusion-post-card-image fusion-post-card-image-1 has-aspect-ratio\" data-layout=\"static\" style=\"--awb-aspect-ratio:3 \/ 2;\"><div  class=\"fusion-image-wrapper\" aria-haspopup=\"true\">\n\t\t\t\t\t\t\t<a href=\"https:\/\/www.mundusmaris.org\/de\/ausstellungen\/der-welttag-der-kulturellen-vielfalt-2013-wurde-in-louvain-gefeiert\/\" aria-label=\"Der Welttag der kulturellen Vielfalt 2013 wurde in Louvain gefeiert\">\n\t\t\t\t\t\t\t<img decoding=\"async\" width=\"800\" height=\"500\" src=\"https:\/\/www.mundusmaris.org\/wp-content\/uploads\/2024\/03\/GretaPintelon_copertina.jpg\" class=\"attachment-full size-full wp-post-image\" alt=\"\" srcset=\"https:\/\/www.mundusmaris.org\/wp-content\/uploads\/2024\/03\/GretaPintelon_copertina-200x125.jpg 200w, https:\/\/www.mundusmaris.org\/wp-content\/uploads\/2024\/03\/GretaPintelon_copertina-400x250.jpg 400w, https:\/\/www.mundusmaris.org\/wp-content\/uploads\/2024\/03\/GretaPintelon_copertina-600x375.jpg 600w, https:\/\/www.mundusmaris.org\/wp-content\/uploads\/2024\/03\/GretaPintelon_copertina.jpg 800w\" sizes=\"(min-width: 2200px) 100vw, (min-width: 784px) 373px, (min-width: 712px) 560px, (min-width: 640px) 712px, \" \/>\t\t\t<\/a>\n\t\t\t\t\t\t\t<\/div>\n<\/div><div class=\"fusion-meta-tb fusion-meta-tb-231 floated\" style=\"--awb-border-top:0px;--awb-height:36px;--awb-alignment-medium:flex-start;--awb-alignment-small:flex-start;\"><span class=\"fusion-tb-published-date\">Published On: 20. Mai 2013<\/span><span class=\"fusion-meta-tb-sep\"><\/span><\/div><div class=\"fusion-title title fusion-title-231 fusion-sep-none fusion-title-text fusion-title-size-four\" style=\"--awb-margin-top:20px;--awb-margin-right:20px;--awb-margin-bottom:20px;--awb-margin-left:20px;--awb-margin-top-small:10px;--awb-margin-right-small:0px;--awb-margin-bottom-small:10px;--awb-margin-left-small:0px;--awb-font-size:24px;\"><h4 class=\"fusion-title-heading title-heading-left\" style=\"font-family:&quot;IBM Plex Sans Condensed&quot;;font-style:normal;font-weight:500;margin:0;font-size:1em;line-height:1.2;\"><a href=\"https:\/\/www.mundusmaris.org\/de\/ausstellungen\/der-welttag-der-kulturellen-vielfalt-2013-wurde-in-louvain-gefeiert\/\" class=\"awb-custom-text-color awb-custom-text-hover-color\" target=\"_self\">Der Welttag der kulturellen Vielfalt 2013 wurde in Louvain gefeiert<\/a><\/h4><\/div><\/div><\/li>\n<li class=\"fusion-layout-column fusion_builder_column fusion-builder-column-233 fusion-flex-column post-card fusion-grid-column fusion-post-cards-grid-column\" style=\"--awb-bg-color:var(--awb-color1);--awb-bg-color-hover:var(--awb-color1);--awb-bg-blend:overlay;--awb-bg-size:cover;--awb-flex-grow:0;--awb-flex-shrink:0;--awb-flex-grow-medium:;--awb-flex-shrink-medium:;--awb-flex-grow-small:;--awb-flex-shrink-small:;\" data-scroll-devices=\"small-visibility,medium-visibility,large-visibility\"><div class=\"fusion-column-wrapper fusion-column-has-shadow fusion-flex-justify-content-space-around fusion-content-layout-column\"><div class=\"fusion-classic-product-image-wrapper fusion-woo-product-image fusion-post-card-image fusion-post-card-image-1 has-aspect-ratio\" data-layout=\"static\" style=\"--awb-aspect-ratio:3 \/ 2;\"><div  class=\"fusion-image-wrapper\" aria-haspopup=\"true\">\n\t\t\t\t\t\t\t<a href=\"https:\/\/www.mundusmaris.org\/de\/meeresfruechte-die-wir-essen\/the-mundus-maris-campaign-in-the-urban-markets-in-dakar\/\" aria-label=\"The Mundus maris campaign in the urban markets in Dakar\">\n\t\t\t\t\t\t\t<img decoding=\"async\" width=\"800\" height=\"500\" src=\"https:\/\/www.mundusmaris.org\/wp-content\/uploads\/2024\/04\/copertina_posts_campaign.jpg\" class=\"attachment-full size-full wp-post-image\" alt=\"\" srcset=\"https:\/\/www.mundusmaris.org\/wp-content\/uploads\/2024\/04\/copertina_posts_campaign-200x125.jpg 200w, https:\/\/www.mundusmaris.org\/wp-content\/uploads\/2024\/04\/copertina_posts_campaign-400x250.jpg 400w, https:\/\/www.mundusmaris.org\/wp-content\/uploads\/2024\/04\/copertina_posts_campaign-600x375.jpg 600w, https:\/\/www.mundusmaris.org\/wp-content\/uploads\/2024\/04\/copertina_posts_campaign.jpg 800w\" sizes=\"(min-width: 2200px) 100vw, (min-width: 784px) 373px, (min-width: 712px) 560px, (min-width: 640px) 712px, \" \/>\t\t\t<\/a>\n\t\t\t\t\t\t\t<\/div>\n<\/div><div class=\"fusion-meta-tb fusion-meta-tb-232 floated\" style=\"--awb-border-top:0px;--awb-height:36px;--awb-alignment-medium:flex-start;--awb-alignment-small:flex-start;\"><span class=\"fusion-tb-published-date\">Published On: 28. Februar 2013<\/span><span class=\"fusion-meta-tb-sep\"><\/span><\/div><div class=\"fusion-title title fusion-title-232 fusion-sep-none fusion-title-text fusion-title-size-four\" style=\"--awb-margin-top:20px;--awb-margin-right:20px;--awb-margin-bottom:20px;--awb-margin-left:20px;--awb-margin-top-small:10px;--awb-margin-right-small:0px;--awb-margin-bottom-small:10px;--awb-margin-left-small:0px;--awb-font-size:24px;\"><h4 class=\"fusion-title-heading title-heading-left\" style=\"font-family:&quot;IBM Plex Sans Condensed&quot;;font-style:normal;font-weight:500;margin:0;font-size:1em;line-height:1.2;\"><a href=\"https:\/\/www.mundusmaris.org\/de\/meeresfruechte-die-wir-essen\/the-mundus-maris-campaign-in-the-urban-markets-in-dakar\/\" class=\"awb-custom-text-color awb-custom-text-hover-color\" target=\"_self\">The Mundus maris campaign in the urban markets in Dakar<\/a><\/h4><\/div><\/div><\/li>\n<li class=\"fusion-layout-column fusion_builder_column fusion-builder-column-234 fusion-flex-column post-card fusion-grid-column fusion-post-cards-grid-column\" style=\"--awb-bg-color:var(--awb-color1);--awb-bg-color-hover:var(--awb-color1);--awb-bg-blend:overlay;--awb-bg-size:cover;--awb-flex-grow:0;--awb-flex-shrink:0;--awb-flex-grow-medium:;--awb-flex-shrink-medium:;--awb-flex-grow-small:;--awb-flex-shrink-small:;\" data-scroll-devices=\"small-visibility,medium-visibility,large-visibility\"><div class=\"fusion-column-wrapper fusion-column-has-shadow fusion-flex-justify-content-space-around fusion-content-layout-column\"><div class=\"fusion-classic-product-image-wrapper fusion-woo-product-image fusion-post-card-image fusion-post-card-image-1 has-aspect-ratio\" data-layout=\"static\" style=\"--awb-aspect-ratio:3 \/ 2;\"><div  class=\"fusion-image-wrapper\" aria-haspopup=\"true\">\n\t\t\t\t\t\t\t<a href=\"https:\/\/www.mundusmaris.org\/de\/meeresfruechte-die-wir-essen\/lets-save-the-oceans-cercle-europa-invites\/\" aria-label=\"Let&#8217;s save the Oceans! &#8211; Cercle Europa invites\">\n\t\t\t\t\t\t\t<img decoding=\"async\" width=\"800\" height=\"500\" src=\"https:\/\/www.mundusmaris.org\/wp-content\/uploads\/2024\/04\/copertina_posts_cercle.jpg\" class=\"attachment-full size-full wp-post-image\" alt=\"\" srcset=\"https:\/\/www.mundusmaris.org\/wp-content\/uploads\/2024\/04\/copertina_posts_cercle-200x125.jpg 200w, https:\/\/www.mundusmaris.org\/wp-content\/uploads\/2024\/04\/copertina_posts_cercle-400x250.jpg 400w, https:\/\/www.mundusmaris.org\/wp-content\/uploads\/2024\/04\/copertina_posts_cercle-600x375.jpg 600w, https:\/\/www.mundusmaris.org\/wp-content\/uploads\/2024\/04\/copertina_posts_cercle.jpg 800w\" sizes=\"(min-width: 2200px) 100vw, (min-width: 784px) 373px, (min-width: 712px) 560px, (min-width: 640px) 712px, \" \/>\t\t\t<\/a>\n\t\t\t\t\t\t\t<\/div>\n<\/div><div class=\"fusion-meta-tb fusion-meta-tb-233 floated\" style=\"--awb-border-top:0px;--awb-height:36px;--awb-alignment-medium:flex-start;--awb-alignment-small:flex-start;\"><span class=\"fusion-tb-published-date\">Published On: 25. Januar 2013<\/span><span class=\"fusion-meta-tb-sep\"><\/span><\/div><div class=\"fusion-title title fusion-title-233 fusion-sep-none fusion-title-text fusion-title-size-four\" style=\"--awb-margin-top:20px;--awb-margin-right:20px;--awb-margin-bottom:20px;--awb-margin-left:20px;--awb-margin-top-small:10px;--awb-margin-right-small:0px;--awb-margin-bottom-small:10px;--awb-margin-left-small:0px;--awb-font-size:24px;\"><h4 class=\"fusion-title-heading title-heading-left\" style=\"font-family:&quot;IBM Plex Sans Condensed&quot;;font-style:normal;font-weight:500;margin:0;font-size:1em;line-height:1.2;\"><a href=\"https:\/\/www.mundusmaris.org\/de\/meeresfruechte-die-wir-essen\/lets-save-the-oceans-cercle-europa-invites\/\" class=\"awb-custom-text-color awb-custom-text-hover-color\" target=\"_self\">Let&#8217;s save the Oceans! &#8211; Cercle Europa invites<\/a><\/h4><\/div><\/div><\/li>\n<li class=\"fusion-layout-column fusion_builder_column fusion-builder-column-235 fusion-flex-column post-card fusion-grid-column fusion-post-cards-grid-column\" style=\"--awb-bg-color:var(--awb-color1);--awb-bg-color-hover:var(--awb-color1);--awb-bg-blend:overlay;--awb-bg-size:cover;--awb-flex-grow:0;--awb-flex-shrink:0;--awb-flex-grow-medium:;--awb-flex-shrink-medium:;--awb-flex-grow-small:;--awb-flex-shrink-small:;\" data-scroll-devices=\"small-visibility,medium-visibility,large-visibility\"><div class=\"fusion-column-wrapper fusion-column-has-shadow fusion-flex-justify-content-space-around fusion-content-layout-column\"><div class=\"fusion-classic-product-image-wrapper fusion-woo-product-image fusion-post-card-image fusion-post-card-image-1 has-aspect-ratio\" data-layout=\"static\" style=\"--awb-aspect-ratio:3 \/ 2;\"><div  class=\"fusion-image-wrapper\" aria-haspopup=\"true\">\n\t\t\t\t\t\t\t<a href=\"https:\/\/www.mundusmaris.org\/de\/meeresfruechte-die-wir-essen\/international-study-group-brussels-save-the-seas\/\" aria-label=\"International Study Group Brussels: Save the Seas!\">\n\t\t\t\t\t\t\t<img decoding=\"async\" width=\"800\" height=\"500\" src=\"https:\/\/www.mundusmaris.org\/wp-content\/uploads\/2024\/04\/copertina_posts_international.jpg\" class=\"attachment-full size-full wp-post-image\" alt=\"\" srcset=\"https:\/\/www.mundusmaris.org\/wp-content\/uploads\/2024\/04\/copertina_posts_international-200x125.jpg 200w, https:\/\/www.mundusmaris.org\/wp-content\/uploads\/2024\/04\/copertina_posts_international-400x250.jpg 400w, https:\/\/www.mundusmaris.org\/wp-content\/uploads\/2024\/04\/copertina_posts_international-600x375.jpg 600w, https:\/\/www.mundusmaris.org\/wp-content\/uploads\/2024\/04\/copertina_posts_international.jpg 800w\" sizes=\"(min-width: 2200px) 100vw, (min-width: 784px) 373px, (min-width: 712px) 560px, (min-width: 640px) 712px, \" \/>\t\t\t<\/a>\n\t\t\t\t\t\t\t<\/div>\n<\/div><div class=\"fusion-meta-tb fusion-meta-tb-234 floated\" style=\"--awb-border-top:0px;--awb-height:36px;--awb-alignment-medium:flex-start;--awb-alignment-small:flex-start;\"><span class=\"fusion-tb-published-date\">Published On: 15. November 2012<\/span><span class=\"fusion-meta-tb-sep\"><\/span><\/div><div class=\"fusion-title title fusion-title-234 fusion-sep-none fusion-title-text fusion-title-size-four\" style=\"--awb-margin-top:20px;--awb-margin-right:20px;--awb-margin-bottom:20px;--awb-margin-left:20px;--awb-margin-top-small:10px;--awb-margin-right-small:0px;--awb-margin-bottom-small:10px;--awb-margin-left-small:0px;--awb-font-size:24px;\"><h4 class=\"fusion-title-heading title-heading-left\" style=\"font-family:&quot;IBM Plex Sans Condensed&quot;;font-style:normal;font-weight:500;margin:0;font-size:1em;line-height:1.2;\"><a href=\"https:\/\/www.mundusmaris.org\/de\/meeresfruechte-die-wir-essen\/international-study-group-brussels-save-the-seas\/\" class=\"awb-custom-text-color awb-custom-text-hover-color\" target=\"_self\">International Study Group Brussels: Save the Seas!<\/a><\/h4><\/div><\/div><\/li>\n<li class=\"fusion-layout-column fusion_builder_column fusion-builder-column-236 fusion-flex-column post-card fusion-grid-column fusion-post-cards-grid-column\" style=\"--awb-bg-color:var(--awb-color1);--awb-bg-color-hover:var(--awb-color1);--awb-bg-blend:overlay;--awb-bg-size:cover;--awb-flex-grow:0;--awb-flex-shrink:0;--awb-flex-grow-medium:;--awb-flex-shrink-medium:;--awb-flex-grow-small:;--awb-flex-shrink-small:;\" data-scroll-devices=\"small-visibility,medium-visibility,large-visibility\"><div class=\"fusion-column-wrapper fusion-column-has-shadow fusion-flex-justify-content-space-around fusion-content-layout-column\"><div class=\"fusion-classic-product-image-wrapper fusion-woo-product-image fusion-post-card-image fusion-post-card-image-1 has-aspect-ratio\" data-layout=\"static\" style=\"--awb-aspect-ratio:3 \/ 2;\"><div  class=\"fusion-image-wrapper\" aria-haspopup=\"true\">\n\t\t\t\t\t\t\t<a href=\"https:\/\/www.mundusmaris.org\/de\/bucher\/tonnare-indietro-nel-tempo-italian\/\" aria-label=\"Tonnare indietro nel tempo (italian)\">\n\t\t\t\t\t\t\t<img decoding=\"async\" width=\"300\" height=\"469\" src=\"https:\/\/www.mundusmaris.org\/wp-content\/uploads\/2012\/09\/tonnare-1.jpg\" class=\"attachment-full size-full wp-post-image\" alt=\"\" srcset=\"https:\/\/www.mundusmaris.org\/wp-content\/uploads\/2012\/09\/tonnare-1-200x313.jpg 200w, https:\/\/www.mundusmaris.org\/wp-content\/uploads\/2012\/09\/tonnare-1.jpg 300w\" sizes=\"(min-width: 2200px) 100vw, (min-width: 784px) 373px, (min-width: 712px) 560px, (min-width: 640px) 712px, \" \/>\t\t\t<\/a>\n\t\t\t\t\t\t\t<\/div>\n<\/div><div class=\"fusion-meta-tb fusion-meta-tb-235 floated\" style=\"--awb-border-top:0px;--awb-height:36px;--awb-alignment-medium:flex-start;--awb-alignment-small:flex-start;\"><span class=\"fusion-tb-published-date\">Published On: 26. September 2012<\/span><span class=\"fusion-meta-tb-sep\"><\/span><\/div><div class=\"fusion-title title fusion-title-235 fusion-sep-none fusion-title-text fusion-title-size-four\" style=\"--awb-margin-top:20px;--awb-margin-right:20px;--awb-margin-bottom:20px;--awb-margin-left:20px;--awb-margin-top-small:10px;--awb-margin-right-small:0px;--awb-margin-bottom-small:10px;--awb-margin-left-small:0px;--awb-font-size:24px;\"><h4 class=\"fusion-title-heading title-heading-left\" style=\"font-family:&quot;IBM Plex Sans Condensed&quot;;font-style:normal;font-weight:500;margin:0;font-size:1em;line-height:1.2;\"><a href=\"https:\/\/www.mundusmaris.org\/de\/bucher\/tonnare-indietro-nel-tempo-italian\/\" class=\"awb-custom-text-color awb-custom-text-hover-color\" target=\"_self\">Tonnare indietro nel tempo (italian)<\/a><\/h4><\/div><\/div><\/li>\n<li class=\"fusion-layout-column fusion_builder_column fusion-builder-column-237 fusion-flex-column post-card fusion-grid-column fusion-post-cards-grid-column\" style=\"--awb-bg-color:var(--awb-color1);--awb-bg-color-hover:var(--awb-color1);--awb-bg-blend:overlay;--awb-bg-size:cover;--awb-flex-grow:0;--awb-flex-shrink:0;--awb-flex-grow-medium:;--awb-flex-shrink-medium:;--awb-flex-grow-small:;--awb-flex-shrink-small:;\" data-scroll-devices=\"small-visibility,medium-visibility,large-visibility\"><div class=\"fusion-column-wrapper fusion-column-has-shadow fusion-flex-justify-content-space-around fusion-content-layout-column\"><div class=\"fusion-classic-product-image-wrapper fusion-woo-product-image fusion-post-card-image fusion-post-card-image-1 has-aspect-ratio\" data-layout=\"static\" style=\"--awb-aspect-ratio:3 \/ 2;\"><div  class=\"fusion-image-wrapper\" aria-haspopup=\"true\">\n\t\t\t\t\t\t\t<a href=\"https:\/\/www.mundusmaris.org\/de\/ausstellungen\/erinnerung-an-den-penc-und-die-doerfer-in-dakar\/\" aria-label=\"Erinnerung an den Penc und die D\u00f6rfer in Dakar\">\n\t\t\t\t\t\t\t<img decoding=\"async\" width=\"800\" height=\"500\" src=\"https:\/\/www.mundusmaris.org\/wp-content\/uploads\/2024\/03\/Thia_Consensus_copertina.jpg\" class=\"attachment-full size-full wp-post-image\" alt=\"\" srcset=\"https:\/\/www.mundusmaris.org\/wp-content\/uploads\/2024\/03\/Thia_Consensus_copertina-200x125.jpg 200w, https:\/\/www.mundusmaris.org\/wp-content\/uploads\/2024\/03\/Thia_Consensus_copertina-400x250.jpg 400w, https:\/\/www.mundusmaris.org\/wp-content\/uploads\/2024\/03\/Thia_Consensus_copertina-600x375.jpg 600w, https:\/\/www.mundusmaris.org\/wp-content\/uploads\/2024\/03\/Thia_Consensus_copertina.jpg 800w\" sizes=\"(min-width: 2200px) 100vw, (min-width: 784px) 373px, (min-width: 712px) 560px, (min-width: 640px) 712px, \" \/>\t\t\t<\/a>\n\t\t\t\t\t\t\t<\/div>\n<\/div><div class=\"fusion-meta-tb fusion-meta-tb-236 floated\" style=\"--awb-border-top:0px;--awb-height:36px;--awb-alignment-medium:flex-start;--awb-alignment-small:flex-start;\"><span class=\"fusion-tb-published-date\">Published On: 20. Juli 2012<\/span><span class=\"fusion-meta-tb-sep\"><\/span><\/div><div class=\"fusion-title title fusion-title-236 fusion-sep-none fusion-title-text fusion-title-size-four\" style=\"--awb-margin-top:20px;--awb-margin-right:20px;--awb-margin-bottom:20px;--awb-margin-left:20px;--awb-margin-top-small:10px;--awb-margin-right-small:0px;--awb-margin-bottom-small:10px;--awb-margin-left-small:0px;--awb-font-size:24px;\"><h4 class=\"fusion-title-heading title-heading-left\" style=\"font-family:&quot;IBM Plex Sans Condensed&quot;;font-style:normal;font-weight:500;margin:0;font-size:1em;line-height:1.2;\"><a href=\"https:\/\/www.mundusmaris.org\/de\/ausstellungen\/erinnerung-an-den-penc-und-die-doerfer-in-dakar\/\" class=\"awb-custom-text-color awb-custom-text-hover-color\" target=\"_self\">Erinnerung an den Penc und die D\u00f6rfer in Dakar<\/a><\/h4><\/div><\/div><\/li>\n<li class=\"fusion-layout-column fusion_builder_column fusion-builder-column-238 fusion-flex-column post-card fusion-grid-column fusion-post-cards-grid-column\" style=\"--awb-bg-color:var(--awb-color1);--awb-bg-color-hover:var(--awb-color1);--awb-bg-blend:overlay;--awb-bg-size:cover;--awb-flex-grow:0;--awb-flex-shrink:0;--awb-flex-grow-medium:;--awb-flex-shrink-medium:;--awb-flex-grow-small:;--awb-flex-shrink-small:;\" data-scroll-devices=\"small-visibility,medium-visibility,large-visibility\"><div class=\"fusion-column-wrapper fusion-column-has-shadow fusion-flex-justify-content-space-around fusion-content-layout-column\"><div class=\"fusion-classic-product-image-wrapper fusion-woo-product-image fusion-post-card-image fusion-post-card-image-1 has-aspect-ratio\" data-layout=\"static\" style=\"--awb-aspect-ratio:3 \/ 2;\"><div  class=\"fusion-image-wrapper\" aria-haspopup=\"true\">\n\t\t\t\t\t\t\t<a href=\"https:\/\/www.mundusmaris.org\/de\/bucher\/5-easy-pieces-by-daniel-pauly\/\" aria-label=\"5 Easy Pieces by Daniel Pauly\">\n\t\t\t\t\t\t\t<img decoding=\"async\" width=\"300\" height=\"300\" src=\"https:\/\/www.mundusmaris.org\/wp-content\/uploads\/2011\/08\/5easypieces.jpg\" class=\"attachment-full size-full wp-post-image\" alt=\"\" srcset=\"https:\/\/www.mundusmaris.org\/wp-content\/uploads\/2011\/08\/5easypieces-200x200.jpg 200w, https:\/\/www.mundusmaris.org\/wp-content\/uploads\/2011\/08\/5easypieces.jpg 300w\" sizes=\"(min-width: 2200px) 100vw, (min-width: 784px) 373px, (min-width: 712px) 560px, (min-width: 640px) 712px, \" \/>\t\t\t<\/a>\n\t\t\t\t\t\t\t<\/div>\n<\/div><div class=\"fusion-meta-tb fusion-meta-tb-237 floated\" style=\"--awb-border-top:0px;--awb-height:36px;--awb-alignment-medium:flex-start;--awb-alignment-small:flex-start;\"><span class=\"fusion-tb-published-date\">Published On: 18. August 2011<\/span><span class=\"fusion-meta-tb-sep\"><\/span><\/div><div class=\"fusion-title title fusion-title-237 fusion-sep-none fusion-title-text fusion-title-size-four\" style=\"--awb-margin-top:20px;--awb-margin-right:20px;--awb-margin-bottom:20px;--awb-margin-left:20px;--awb-margin-top-small:10px;--awb-margin-right-small:0px;--awb-margin-bottom-small:10px;--awb-margin-left-small:0px;--awb-font-size:24px;\"><h4 class=\"fusion-title-heading title-heading-left\" style=\"font-family:&quot;IBM Plex Sans Condensed&quot;;font-style:normal;font-weight:500;margin:0;font-size:1em;line-height:1.2;\"><a href=\"https:\/\/www.mundusmaris.org\/de\/bucher\/5-easy-pieces-by-daniel-pauly\/\" class=\"awb-custom-text-color awb-custom-text-hover-color\" target=\"_self\">5 Easy Pieces by Daniel Pauly<\/a><\/h4><\/div><\/div><\/li>\n<li class=\"fusion-layout-column fusion_builder_column fusion-builder-column-239 fusion-flex-column post-card fusion-grid-column fusion-post-cards-grid-column\" style=\"--awb-bg-color:var(--awb-color1);--awb-bg-color-hover:var(--awb-color1);--awb-bg-blend:overlay;--awb-bg-size:cover;--awb-flex-grow:0;--awb-flex-shrink:0;--awb-flex-grow-medium:;--awb-flex-shrink-medium:;--awb-flex-grow-small:;--awb-flex-shrink-small:;\" data-scroll-devices=\"small-visibility,medium-visibility,large-visibility\"><div class=\"fusion-column-wrapper fusion-column-has-shadow fusion-flex-justify-content-space-around fusion-content-layout-column\"><div class=\"fusion-classic-product-image-wrapper fusion-woo-product-image fusion-post-card-image fusion-post-card-image-1 has-aspect-ratio\" data-layout=\"static\" style=\"--awb-aspect-ratio:3 \/ 2;\"><div  class=\"fusion-image-wrapper\" aria-haspopup=\"true\">\n\t\t\t\t\t\t\t<a href=\"https:\/\/www.mundusmaris.org\/de\/meeresfruechte-die-wir-essen\/san-miguel-markt-im-zentrum-von-madrid\/\" aria-label=\"San Miguel Markt im Zentrum von Madrid\">\n\t\t\t\t\t\t\t<img decoding=\"async\" width=\"800\" height=\"500\" src=\"https:\/\/www.mundusmaris.org\/wp-content\/uploads\/2024\/04\/copertina_posts_miguelmercado.jpg\" class=\"attachment-full size-full wp-post-image\" alt=\"\" srcset=\"https:\/\/www.mundusmaris.org\/wp-content\/uploads\/2024\/04\/copertina_posts_miguelmercado-200x125.jpg 200w, https:\/\/www.mundusmaris.org\/wp-content\/uploads\/2024\/04\/copertina_posts_miguelmercado-400x250.jpg 400w, https:\/\/www.mundusmaris.org\/wp-content\/uploads\/2024\/04\/copertina_posts_miguelmercado-600x375.jpg 600w, https:\/\/www.mundusmaris.org\/wp-content\/uploads\/2024\/04\/copertina_posts_miguelmercado.jpg 800w\" sizes=\"(min-width: 2200px) 100vw, (min-width: 784px) 373px, (min-width: 712px) 560px, (min-width: 640px) 712px, \" \/>\t\t\t<\/a>\n\t\t\t\t\t\t\t<\/div>\n<\/div><div class=\"fusion-meta-tb fusion-meta-tb-238 floated\" style=\"--awb-border-top:0px;--awb-height:36px;--awb-alignment-medium:flex-start;--awb-alignment-small:flex-start;\"><span class=\"fusion-tb-published-date\">Published On: 30. Mai 2010<\/span><span class=\"fusion-meta-tb-sep\"><\/span><\/div><div class=\"fusion-title title fusion-title-238 fusion-sep-none fusion-title-text fusion-title-size-four\" style=\"--awb-margin-top:20px;--awb-margin-right:20px;--awb-margin-bottom:20px;--awb-margin-left:20px;--awb-margin-top-small:10px;--awb-margin-right-small:0px;--awb-margin-bottom-small:10px;--awb-margin-left-small:0px;--awb-font-size:24px;\"><h4 class=\"fusion-title-heading title-heading-left\" style=\"font-family:&quot;IBM Plex Sans Condensed&quot;;font-style:normal;font-weight:500;margin:0;font-size:1em;line-height:1.2;\"><a href=\"https:\/\/www.mundusmaris.org\/de\/meeresfruechte-die-wir-essen\/san-miguel-markt-im-zentrum-von-madrid\/\" class=\"awb-custom-text-color awb-custom-text-hover-color\" target=\"_self\">San Miguel Markt im Zentrum von Madrid<\/a><\/h4><\/div><\/div><\/li>\n<li class=\"fusion-layout-column fusion_builder_column fusion-builder-column-240 fusion-flex-column post-card fusion-grid-column fusion-post-cards-grid-column\" style=\"--awb-bg-color:var(--awb-color1);--awb-bg-color-hover:var(--awb-color1);--awb-bg-blend:overlay;--awb-bg-size:cover;--awb-flex-grow:0;--awb-flex-shrink:0;--awb-flex-grow-medium:;--awb-flex-shrink-medium:;--awb-flex-grow-small:;--awb-flex-shrink-small:;\" data-scroll-devices=\"small-visibility,medium-visibility,large-visibility\"><div class=\"fusion-column-wrapper fusion-column-has-shadow fusion-flex-justify-content-space-around fusion-content-layout-column\"><div class=\"fusion-classic-product-image-wrapper fusion-woo-product-image fusion-post-card-image fusion-post-card-image-1 has-aspect-ratio\" data-layout=\"static\" style=\"--awb-aspect-ratio:3 \/ 2;\"><div  class=\"fusion-image-wrapper\" aria-haspopup=\"true\">\n\t\t\t\t\t\t\t<a href=\"https:\/\/www.mundusmaris.org\/de\/ausstellungen\/darwins-200th-anniversary\/\" aria-label=\"Darwin&#8217;s 200th Anniversary\">\n\t\t\t\t\t\t\t<img decoding=\"async\" width=\"800\" height=\"500\" src=\"https:\/\/www.mundusmaris.org\/wp-content\/uploads\/2024\/03\/darwon_copertina.jpg\" class=\"attachment-full size-full wp-post-image\" alt=\"\" srcset=\"https:\/\/www.mundusmaris.org\/wp-content\/uploads\/2024\/03\/darwon_copertina-200x125.jpg 200w, https:\/\/www.mundusmaris.org\/wp-content\/uploads\/2024\/03\/darwon_copertina-400x250.jpg 400w, https:\/\/www.mundusmaris.org\/wp-content\/uploads\/2024\/03\/darwon_copertina-600x375.jpg 600w, https:\/\/www.mundusmaris.org\/wp-content\/uploads\/2024\/03\/darwon_copertina.jpg 800w\" sizes=\"(min-width: 2200px) 100vw, (min-width: 784px) 373px, (min-width: 712px) 560px, (min-width: 640px) 712px, \" \/>\t\t\t<\/a>\n\t\t\t\t\t\t\t<\/div>\n<\/div><div class=\"fusion-meta-tb fusion-meta-tb-239 floated\" style=\"--awb-border-top:0px;--awb-height:36px;--awb-alignment-medium:flex-start;--awb-alignment-small:flex-start;\"><span class=\"fusion-tb-published-date\">Published On: 20. Mai 2009<\/span><span class=\"fusion-meta-tb-sep\"><\/span><\/div><div class=\"fusion-title title fusion-title-239 fusion-sep-none fusion-title-text fusion-title-size-four\" style=\"--awb-margin-top:20px;--awb-margin-right:20px;--awb-margin-bottom:20px;--awb-margin-left:20px;--awb-margin-top-small:10px;--awb-margin-right-small:0px;--awb-margin-bottom-small:10px;--awb-margin-left-small:0px;--awb-font-size:24px;\"><h4 class=\"fusion-title-heading title-heading-left\" style=\"font-family:&quot;IBM Plex Sans Condensed&quot;;font-style:normal;font-weight:500;margin:0;font-size:1em;line-height:1.2;\"><a href=\"https:\/\/www.mundusmaris.org\/de\/ausstellungen\/darwins-200th-anniversary\/\" class=\"awb-custom-text-color awb-custom-text-hover-color\" target=\"_self\">Darwin&#8217;s 200th Anniversary<\/a><\/h4><\/div><\/div><\/li>\n<li class=\"fusion-layout-column fusion_builder_column fusion-builder-column-241 fusion-flex-column post-card fusion-grid-column fusion-post-cards-grid-column\" style=\"--awb-bg-color:var(--awb-color1);--awb-bg-color-hover:var(--awb-color1);--awb-bg-blend:overlay;--awb-bg-size:cover;--awb-flex-grow:0;--awb-flex-shrink:0;--awb-flex-grow-medium:;--awb-flex-shrink-medium:;--awb-flex-grow-small:;--awb-flex-shrink-small:;\" data-scroll-devices=\"small-visibility,medium-visibility,large-visibility\"><div class=\"fusion-column-wrapper fusion-column-has-shadow fusion-flex-justify-content-space-around fusion-content-layout-column\"><div class=\"fusion-classic-product-image-wrapper fusion-woo-product-image fusion-post-card-image fusion-post-card-image-1 has-aspect-ratio\" data-layout=\"static\" style=\"--awb-aspect-ratio:3 \/ 2;\"><div  class=\"fusion-image-wrapper\" aria-haspopup=\"true\">\n\t\t\t\t\t\t\t<a href=\"https:\/\/www.mundusmaris.org\/de\/bucher\/common-wealth-economics-for-a-crowded-planet-by-jeffrey-sachs\/\" aria-label=\"Common Wealth. Economics for a crowded planet by Jeffrey Sachs.\">\n\t\t\t\t\t\t\t<img decoding=\"async\" width=\"327\" height=\"327\" src=\"https:\/\/www.mundusmaris.org\/wp-content\/uploads\/2024\/09\/FacsimileCommonWealthSachsPenguin.jpg\" class=\"attachment-full size-full wp-post-image\" alt=\"\" srcset=\"https:\/\/www.mundusmaris.org\/wp-content\/uploads\/2024\/09\/FacsimileCommonWealthSachsPenguin-200x200.jpg 200w, https:\/\/www.mundusmaris.org\/wp-content\/uploads\/2024\/09\/FacsimileCommonWealthSachsPenguin.jpg 327w\" sizes=\"(min-width: 2200px) 100vw, (min-width: 784px) 373px, (min-width: 712px) 560px, (min-width: 640px) 712px, \" \/>\t\t\t<\/a>\n\t\t\t\t\t\t\t<\/div>\n<\/div><div class=\"fusion-meta-tb fusion-meta-tb-240 floated\" style=\"--awb-border-top:0px;--awb-height:36px;--awb-alignment-medium:flex-start;--awb-alignment-small:flex-start;\"><span class=\"fusion-tb-published-date\">Published On: 28. Mai 2008<\/span><span class=\"fusion-meta-tb-sep\"><\/span><\/div><div class=\"fusion-title title fusion-title-240 fusion-sep-none fusion-title-text fusion-title-size-four\" style=\"--awb-margin-top:20px;--awb-margin-right:20px;--awb-margin-bottom:20px;--awb-margin-left:20px;--awb-margin-top-small:10px;--awb-margin-right-small:0px;--awb-margin-bottom-small:10px;--awb-margin-left-small:0px;--awb-font-size:24px;\"><h4 class=\"fusion-title-heading title-heading-left\" style=\"font-family:&quot;IBM Plex Sans Condensed&quot;;font-style:normal;font-weight:500;margin:0;font-size:1em;line-height:1.2;\"><a href=\"https:\/\/www.mundusmaris.org\/de\/bucher\/common-wealth-economics-for-a-crowded-planet-by-jeffrey-sachs\/\" class=\"awb-custom-text-color awb-custom-text-hover-color\" target=\"_self\">Common Wealth. Economics for a crowded planet by Jeffrey Sachs.<\/a><\/h4><\/div><\/div><\/li>\n<\/ul><\/div><\/div><\/div><\/div><\/div><\/p>\n","protected":false},"excerpt":{"rendered":"","protected":false},"author":2,"featured_media":0,"parent":5139,"menu_order":0,"comment_status":"closed","ping_status":"closed","template":"","meta":{"_acf_changed":false,"footnotes":""},"categoria-pagina":[],"class_list":["post-10115","page","type-page","status-publish","hentry"],"acf":[],"_links":{"self":[{"href":"https:\/\/www.mundusmaris.org\/de\/wp-json\/wp\/v2\/pages\/10115","targetHints":{"allow":["GET"]}}],"collection":[{"href":"https:\/\/www.mundusmaris.org\/de\/wp-json\/wp\/v2\/pages"}],"about":[{"href":"https:\/\/www.mundusmaris.org\/de\/wp-json\/wp\/v2\/types\/page"}],"author":[{"embeddable":true,"href":"https:\/\/www.mundusmaris.org\/de\/wp-json\/wp\/v2\/users\/2"}],"replies":[{"embeddable":true,"href":"https:\/\/www.mundusmaris.org\/de\/wp-json\/wp\/v2\/comments?post=10115"}],"version-history":[{"count":5,"href":"https:\/\/www.mundusmaris.org\/de\/wp-json\/wp\/v2\/pages\/10115\/revisions"}],"predecessor-version":[{"id":10429,"href":"https:\/\/www.mundusmaris.org\/de\/wp-json\/wp\/v2\/pages\/10115\/revisions\/10429"}],"up":[{"embeddable":true,"href":"https:\/\/www.mundusmaris.org\/de\/wp-json\/wp\/v2\/pages\/5139"}],"wp:attachment":[{"href":"https:\/\/www.mundusmaris.org\/de\/wp-json\/wp\/v2\/media?parent=10115"}],"wp:term":[{"taxonomy":"categoria-pagina","embeddable":true,"href":"https:\/\/www.mundusmaris.org\/de\/wp-json\/wp\/v2\/categoria-pagina?post=10115"}],"curies":[{"name":"wp","href":"https:\/\/api.w.org\/{rel}","templated":true}]}}